{"id":18964,"date":"2021-04-14T18:40:40","date_gmt":"2021-04-14T16:40:40","guid":{"rendered":"http:\/\/neu2020.feucht-obsttechnik.de\/processamento-de-nozes\/"},"modified":"2021-04-16T18:41:35","modified_gmt":"2021-04-16T16:41:35","slug":"processamento-de-nozes","status":"publish","type":"page","link":"https:\/\/feucht-obsttechnik.de\/pt-pt\/processamento-de-nozes\/","title":{"rendered":"Processamento de nozes"},"content":{"rendered":"<p><div class=\"fusion-bg-parallax\" data-bg-align=\"left center\" data-direction=\"up\" data-mute=\"false\" data-opacity=\"100\" data-velocity=\"-0.3\" data-mobile-enabled=\"false\" data-break_parents=\"0\" data-bg-image=\"https:\/\/feucht-obsttechnik.de\/wp-content\/uploads\/bg-header-nussverarbeitung.jpg\" data-bg-repeat=\"false\" ><\/div><div class=\"fusion-fullwidth fullwidth-box fusion-builder-row-1 fusion-parallax-up nonhundred-percent-fullwidth non-hundred-percent-height-scrolling\" style=\"--awb-background-position:left center;--awb-border-sizes-top:0px;--awb-border-sizes-bottom:0px;--awb-border-sizes-left:0px;--awb-border-sizes-right:0px;--awb-border-radius-top-left:0px;--awb-border-radius-top-right:0px;--awb-border-radius-bottom-right:0px;--awb-border-radius-bottom-left:0px;--awb-padding-top:130px;--awb-padding-bottom:120px;--awb-background-image:url(&quot;https:\/\/feucht-obsttechnik.de\/wp-content\/uploads\/bg-header-nussverarbeitung.jpg&quot;);--awb-background-size:cover;--awb-flex-wrap:wrap;\" ><div class=\"fusion-builder-row fusion-row\"><div class=\"fusion-layout-column fusion_builder_column fusion-builder-column-0 fusion_builder_column_1_2 1_2 fusion-one-half fusion-column-first\" style=\"--awb-bg-size:cover;width:48%; margin-right: 4%;\"><div class=\"fusion-column-wrapper fusion-flex-column-wrapper-legacy\"><div class=\"fusion-text fusion-text-1\"><h1><span style=\"color: #ffffff;\">Processamento de nozes<\/span><\/h1>\n<p><span style=\"color: #ffffff;\">Aproveite o nosso know-how no processamento de nozes e aumente a sua produtividade em todos os processos.<\/span><\/p>\n<\/div><div class=\"fusion-clearfix\"><\/div><\/div><\/div><div class=\"fusion-layout-column fusion_builder_column fusion-builder-column-1 fusion_builder_column_1_2 1_2 fusion-one-half fusion-column-last\" style=\"--awb-bg-size:cover;width:48%;\"><div class=\"fusion-column-wrapper fusion-flex-column-wrapper-legacy\"><div class=\"fusion-clearfix\"><\/div><\/div><\/div><\/div><\/div><div class=\"fusion-fullwidth fullwidth-box fusion-builder-row-2 nonhundred-percent-fullwidth non-hundred-percent-height-scrolling\" style=\"--awb-background-position:left top;--awb-border-sizes-top:0px;--awb-border-sizes-bottom:0px;--awb-border-sizes-left:0px;--awb-border-sizes-right:0px;--awb-border-radius-top-left:0px;--awb-border-radius-top-right:0px;--awb-border-radius-bottom-right:0px;--awb-border-radius-bottom-left:0px;--awb-padding-top:130px;--awb-padding-bottom:30px;--awb-flex-wrap:wrap;\" ><div class=\"fusion-builder-row fusion-row\"><div class=\"fusion-layout-column fusion_builder_column fusion-builder-column-2 fusion_builder_column_1_1 1_1 fusion-one-full fusion-column-first fusion-column-last\" style=\"--awb-bg-size:cover;\"><div class=\"fusion-column-wrapper fusion-column-has-shadow fusion-flex-column-wrapper-legacy\"><div class=\"fusion-text fusion-text-2\"><h2>Utilize a nossa experi\u00eancia em todos os processos de processamento de nozes.<\/h2>\n<\/div><div class=\"fusion-text fusion-text-3\"><h3><span class=\"\">Sistemas completos de processamento de nozes, a incluir lavagem, secagem, calibra\u00e7\u00e3o e at\u00e9 mesmo a quebra e a triagem. Eficiente em todas as etapas de produ\u00e7\u00e3o.<\/span><\/h3>\n<\/div><div class=\"fusion-clearfix\"><\/div><\/div><\/div><div class=\"fusion-layout-column fusion_builder_column fusion-builder-column-3 fusion_builder_column_1_2 1_2 fusion-one-half fusion-column-first\" style=\"--awb-bg-size:cover;width:48%; margin-right: 4%;\"><div class=\"fusion-column-wrapper fusion-flex-column-wrapper-legacy\"><div class=\"fusion-text fusion-text-4\"><h2><\/h2>\n<p>A consci\u00eancia da sa\u00fade est\u00e1 a crescer a n\u00edvel mundial, a tornar as nozes num componente cada vez mais importante de muitas dietas. Assim, a automatiza\u00e7\u00e3o dos processos de processamento de nozes, a incluir a manuten\u00e7\u00e3o dos mais elevados padr\u00f5es de qualidade na colheita de nozes, est\u00e1 a tornar-se cada vez mais importante. <\/p>\n<p>O <strong>processamento de nozes<\/strong> consiste em v\u00e1rios processos: a incluir a <strong>colheita<\/strong>, <strong>lavagem<\/strong>, <strong>secagem<\/strong> de nozes e a incluir a <strong>quebra da colheita<\/strong> de nozes. Para tal, oferecemos solu\u00e7\u00f5es comprovadas, automatizadas completas ou m\u00e1quinas individuais para cada etapa do processo. Gra\u00e7as ao nosso vasto know-how como fornecedor completo para o processamento de nozes, podemos criar linhas de produ\u00e7\u00e3o de quebra de nozes para cada quantidade de colheita.  <\/p>\n<p>As nossas m\u00e1quinas processam as nozes com extrema suavidade e cuidado. Em todas as fases, incluindo a <g id=\"gid_0\">lavagem<\/g> e <g id=\"gid_1\">calibra\u00e7\u00e3o<\/g> das nozes e a <g id=\"gid_2\">secagem<\/g>, oferecemos m\u00e9todos de processamento suaves. O resultado \u00e9 uma excelente qualidade das nozes processadas, com a manuten\u00e7\u00e3o dos mais elevados padr\u00f5es nas \u00e1reas de seguran\u00e7a, higiene e efici\u00eancia.<\/p>\n<\/div><div class=\"fusion-clearfix\"><\/div><\/div><\/div><div class=\"fusion-layout-column fusion_builder_column fusion-builder-column-4 fusion_builder_column_1_2 1_2 fusion-one-half fusion-column-last\" style=\"--awb-bg-size:cover;width:48%;\"><div class=\"fusion-column-wrapper fusion-flex-column-wrapper-legacy\"><div class=\"fusion-image-element in-legacy-container\" style=\"--awb-caption-title-font-family:var(--h2_typography-font-family);--awb-caption-title-font-weight:var(--h2_typography-font-weight);--awb-caption-title-font-style:var(--h2_typography-font-style);--awb-caption-title-size:var(--h2_typography-font-size);--awb-caption-title-transform:var(--h2_typography-text-transform);--awb-caption-title-line-height:var(--h2_typography-line-height);--awb-caption-title-letter-spacing:var(--h2_typography-letter-spacing);\"><span class=\" fusion-imageframe imageframe-none imageframe-1 hover-type-zoomin fusion-animated\" data-animationType=\"fadeInDown\" data-animationDuration=\"1.0\" data-animationOffset=\"bottom-in-view\"><a class=\"fusion-no-lightbox\" href=\"https:\/\/feucht-obsttechnik.de\/pt-pt\/processamento-de-nozes\/processamento-de-nozes-pequenas-quantidades\/calibracao-de-nozes\/\" target=\"_self\" aria-label=\"Secagem de nozes com o Secador Mini\"><img decoding=\"async\" width=\"1600\" height=\"1200\" src=\"https:\/\/feucht-obsttechnik.de\/wp-content\/uploads\/nussverarbeitung-klein-trocknen-trockner-mini-3.jpg\" alt class=\"img-responsive wp-image-19280\" srcset=\"https:\/\/feucht-obsttechnik.de\/wp-content\/uploads\/nussverarbeitung-klein-trocknen-trockner-mini-3-200x150.jpg 200w, https:\/\/feucht-obsttechnik.de\/wp-content\/uploads\/nussverarbeitung-klein-trocknen-trockner-mini-3-400x300.jpg 400w, https:\/\/feucht-obsttechnik.de\/wp-content\/uploads\/nussverarbeitung-klein-trocknen-trockner-mini-3-600x450.jpg 600w, https:\/\/feucht-obsttechnik.de\/wp-content\/uploads\/nussverarbeitung-klein-trocknen-trockner-mini-3-800x600.jpg 800w, https:\/\/feucht-obsttechnik.de\/wp-content\/uploads\/nussverarbeitung-klein-trocknen-trockner-mini-3-1200x900.jpg 1200w, https:\/\/feucht-obsttechnik.de\/wp-content\/uploads\/nussverarbeitung-klein-trocknen-trockner-mini-3.jpg 1600w\" sizes=\"(max-width: 835px) 100vw, 600px\" \/><\/a><\/span><\/div><div class=\"fusion-sep-clear\"><\/div><div class=\"fusion-separator fusion-full-width-sep\" style=\"margin-left: auto;margin-right: auto;margin-bottom:30px;width:100%;\"><\/div><div class=\"fusion-sep-clear\"><\/div><div class=\"fusion-image-element in-legacy-container\" style=\"--awb-caption-title-font-family:var(--h2_typography-font-family);--awb-caption-title-font-weight:var(--h2_typography-font-weight);--awb-caption-title-font-style:var(--h2_typography-font-style);--awb-caption-title-size:var(--h2_typography-font-size);--awb-caption-title-transform:var(--h2_typography-text-transform);--awb-caption-title-line-height:var(--h2_typography-line-height);--awb-caption-title-letter-spacing:var(--h2_typography-letter-spacing);\"><span class=\" fusion-imageframe imageframe-none imageframe-2 hover-type-zoomin fusion-animated\" data-animationType=\"fadeInDown\" data-animationDuration=\"1.0\" data-animationOffset=\"bottom-in-view\"><a class=\"fusion-no-lightbox\" href=\"https:\/\/feucht-obsttechnik.de\/pt-pt\/wal-man\/\" target=\"_self\" aria-label=\"Quebra-nozes manual WAL MAN noz\"><img decoding=\"async\" width=\"1600\" height=\"1200\" src=\"https:\/\/feucht-obsttechnik.de\/wp-content\/uploads\/handknacker-wal-man-klein-2-1.jpg\" alt class=\"img-responsive wp-image-19383\" srcset=\"https:\/\/feucht-obsttechnik.de\/wp-content\/uploads\/handknacker-wal-man-klein-2-1-200x150.jpg 200w, https:\/\/feucht-obsttechnik.de\/wp-content\/uploads\/handknacker-wal-man-klein-2-1-400x300.jpg 400w, https:\/\/feucht-obsttechnik.de\/wp-content\/uploads\/handknacker-wal-man-klein-2-1-600x450.jpg 600w, https:\/\/feucht-obsttechnik.de\/wp-content\/uploads\/handknacker-wal-man-klein-2-1-800x600.jpg 800w, https:\/\/feucht-obsttechnik.de\/wp-content\/uploads\/handknacker-wal-man-klein-2-1-1200x900.jpg 1200w, https:\/\/feucht-obsttechnik.de\/wp-content\/uploads\/handknacker-wal-man-klein-2-1.jpg 1600w\" sizes=\"(max-width: 835px) 100vw, 600px\" \/><\/a><\/span><\/div><div class=\"fusion-clearfix\"><\/div><\/div><\/div><\/div><\/div><div class=\"fusion-fullwidth fullwidth-box fusion-builder-row-3 nonhundred-percent-fullwidth non-hundred-percent-height-scrolling\" style=\"--awb-background-position:left top;--awb-border-sizes-top:0px;--awb-border-sizes-bottom:0px;--awb-border-sizes-left:0px;--awb-border-sizes-right:0px;--awb-border-radius-top-left:0px;--awb-border-radius-top-right:0px;--awb-border-radius-bottom-right:0px;--awb-border-radius-bottom-left:0px;--awb-padding-top:1px;--awb-padding-bottom:0px;--awb-background-color:#cc0000;--awb-flex-wrap:wrap;\" ><div class=\"fusion-builder-row fusion-row\"><div class=\"fusion-layout-column fusion_builder_column fusion-builder-column-5 fusion_builder_column_1_1 1_1 fusion-one-full fusion-column-first fusion-column-last\" style=\"--awb-padding-top:50px;--awb-padding-bottom:50px;--awb-padding-left:0px;--awb-bg-size:cover;--awb-margin-bottom:0px;\"><div class=\"fusion-column-wrapper fusion-column-has-shadow fusion-flex-column-wrapper-legacy\"><div class=\"fusion-column-content-centered\"><div class=\"fusion-column-content\"><div class=\"fusion-text fusion-text-5\"><h2 style=\"text-align: center; margin-bottom: 0px;\"><span style=\"color: #ffffff;\">Processamento de nozes (\u2265 5 t) | Processamento de avel\u00e3s (\u2264 5 t) I Colheita e processamento de avel\u00e3s<\/span><\/h2>\n<\/div><\/div><\/div><div class=\"fusion-clearfix\"><\/div><\/div><\/div><\/div><\/div><div class=\"fusion-fullwidth fullwidth-box fusion-builder-row-4 nonhundred-percent-fullwidth non-hundred-percent-height-scrolling fusion-equal-height-columns\" style=\"--awb-background-position:left top;--awb-border-sizes-top:0px;--awb-border-sizes-bottom:0px;--awb-border-sizes-left:0px;--awb-border-sizes-right:0px;--awb-border-radius-top-left:0px;--awb-border-radius-top-right:0px;--awb-border-radius-bottom-right:0px;--awb-border-radius-bottom-left:0px;--awb-padding-top:45px;--awb-padding-bottom:5px;--awb-flex-wrap:wrap;\" ><div class=\"fusion-builder-row fusion-row\"><div class=\"fusion-layout-column fusion_builder_column fusion-builder-column-6 fusion_builder_column_1_2 1_2 fusion-one-half fusion-column-first\" style=\"--awb-bg-color:#f8f8f8;--awb-bg-color-hover:#f8f8f8;--awb-bg-size:cover;--awb-margin-bottom:40px;width:48%; margin-right: 4%;\"><div class=\"fusion-column-wrapper fusion-flex-column-wrapper-legacy\"><div class=\"fusion-image-element fusion-image-align-center in-legacy-container\" style=\"text-align:center;--awb-caption-title-font-family:var(--h2_typography-font-family);--awb-caption-title-font-weight:var(--h2_typography-font-weight);--awb-caption-title-font-style:var(--h2_typography-font-style);--awb-caption-title-size:var(--h2_typography-font-size);--awb-caption-title-transform:var(--h2_typography-text-transform);--awb-caption-title-line-height:var(--h2_typography-line-height);--awb-caption-title-letter-spacing:var(--h2_typography-letter-spacing);\"><div class=\"imageframe-align-center\"><span class=\" fusion-imageframe imageframe-none imageframe-3 hover-type-zoomin\"><a class=\"fusion-no-lightbox\" href=\"https:\/\/feucht-obsttechnik.de\/pt-pt\/processamento-de-nozes\/processamento-de-nozes-grandes-quantidades\/\" target=\"_self\" aria-label=\"Processamento de nozes &#8211; M\u00e1quinas para processamento de nozes\"><img decoding=\"async\" width=\"2048\" height=\"956\" src=\"https:\/\/feucht-obsttechnik.de\/wp-content\/uploads\/bg-header-nussernte-gross.jpg\" alt class=\"img-responsive wp-image-19086\" srcset=\"https:\/\/feucht-obsttechnik.de\/wp-content\/uploads\/\/bg-header-nussernte-gross-200x93.jpg 200w, https:\/\/feucht-obsttechnik.de\/wp-content\/uploads\/\/bg-header-nussernte-gross-400x187.jpg 400w, https:\/\/feucht-obsttechnik.de\/wp-content\/uploads\/\/bg-header-nussernte-gross-600x280.jpg 600w, https:\/\/feucht-obsttechnik.de\/wp-content\/uploads\/\/bg-header-nussernte-gross-800x373.jpg 800w, https:\/\/feucht-obsttechnik.de\/wp-content\/uploads\/\/bg-header-nussernte-gross-1200x560.jpg 1200w, https:\/\/feucht-obsttechnik.de\/wp-content\/uploads\/\/bg-header-nussernte-gross.jpg 2048w\" sizes=\"(max-width: 835px) 100vw, 600px\" \/><\/a><\/span><\/div><\/div><div class=\"fusion-text fusion-text-6\"><div style=\"padding: 25px;\">\n<h3>Processamento de nozes (\u2265 5 t)<\/h3>\n<p>O processamento de grandes quantidades de colheita pode ser particularmente demorado e dispendioso.<\/p>\n<p>Com as nossas m\u00e1quinas para a colheita de nozes em grandes quantidades (a partir de 5 toneladas por ano), oferecemos sistemas especiais de produtos e de baixo custo para opera\u00e7\u00f5es de refinamento de nozes. Desta forma, as nossas linhas de produ\u00e7\u00e3o de quebra cobrem todo o espectro do refinamento de nozes. <\/p>\n<\/div>\n<\/div><div class=\"fusion-aligncenter\"><a class=\"fusion-button button-flat fusion-button-default-size button-custom fusion-button-default button-1 fusion-button-default-span fusion-button-default-type\" style=\"--button_accent_color:#ffffff;--button_border_color:#ffffff;--button_accent_hover_color:#ffffff;--button_border_hover_color:#ffffff;--button_gradient_top_color:#cc0000;--button_gradient_bottom_color:#cc0000;--button_gradient_top_color_hover:#ef0000;--button_gradient_bottom_color_hover:#ef0000;\" target=\"_self\" title=\"Mais sobre o processamento de nozes (\u2265 5 t)\" aria-label=\"Mais sobre o processamento de nozes (\u2265 5 t)\" href=\"https:\/\/feucht-obsttechnik.de\/pt-pt\/processamento-de-nozes\/processamento-de-nozes-grandes-quantidades\/\"><span class=\"fusion-button-text awb-button__text awb-button__text--default\">Processamento de nozes (\u2265 5 t)<\/span><\/a><\/div><div class=\"fusion-clearfix\"><\/div><\/div><\/div><div class=\"fusion-layout-column fusion_builder_column fusion-builder-column-7 fusion_builder_column_1_2 1_2 fusion-one-half fusion-column-last\" style=\"--awb-bg-color:#f8f8f8;--awb-bg-color-hover:#f8f8f8;--awb-bg-size:cover;width:48%;\"><div class=\"fusion-column-wrapper fusion-flex-column-wrapper-legacy\"><div class=\"fusion-image-element fusion-image-align-center in-legacy-container\" style=\"text-align:center;--awb-caption-title-font-family:var(--h2_typography-font-family);--awb-caption-title-font-weight:var(--h2_typography-font-weight);--awb-caption-title-font-style:var(--h2_typography-font-style);--awb-caption-title-size:var(--h2_typography-font-size);--awb-caption-title-transform:var(--h2_typography-text-transform);--awb-caption-title-line-height:var(--h2_typography-line-height);--awb-caption-title-letter-spacing:var(--h2_typography-letter-spacing);\"><div class=\"imageframe-align-center\"><span class=\" fusion-imageframe imageframe-none imageframe-4 hover-type-zoomin\"><a class=\"fusion-no-lightbox\" href=\"https:\/\/feucht-obsttechnik.de\/pt-pt\/processamento-de-nozes\/processamento-de-nozes-pequenas-quantidades\/\" target=\"_self\" aria-label=\"Processamento de nozes (pequeno) &#8211; M\u00e1quinas para processar nozes com menos de 5 toneladas\"><img decoding=\"async\" width=\"2048\" height=\"956\" src=\"https:\/\/feucht-obsttechnik.de\/wp-content\/uploads\/bg-header-nussernte-klein.jpg\" alt class=\"img-responsive wp-image-18965\" srcset=\"https:\/\/feucht-obsttechnik.de\/wp-content\/uploads\/\/bg-header-nussernte-klein-200x93.jpg 200w, https:\/\/feucht-obsttechnik.de\/wp-content\/uploads\/\/bg-header-nussernte-klein-400x187.jpg 400w, https:\/\/feucht-obsttechnik.de\/wp-content\/uploads\/\/bg-header-nussernte-klein-600x280.jpg 600w, https:\/\/feucht-obsttechnik.de\/wp-content\/uploads\/\/bg-header-nussernte-klein-800x373.jpg 800w, https:\/\/feucht-obsttechnik.de\/wp-content\/uploads\/\/bg-header-nussernte-klein-1200x560.jpg 1200w, https:\/\/feucht-obsttechnik.de\/wp-content\/uploads\/\/bg-header-nussernte-klein.jpg 2048w\" sizes=\"(max-width: 835px) 100vw, 600px\" \/><\/a><\/span><\/div><\/div><div class=\"fusion-text fusion-text-7\"><div style=\"padding: 25px;\">\n<h3>Processamento de nozes (\u2264 5 t)<\/h3>\n<p>At\u00e9 mesmo a produ\u00e7\u00e3o de nozes em pequenas quantidades requer um grande esfor\u00e7o e paci\u00eancia no trabalho manual.<\/p>\n<p>Para tornar o processamento de nozes t\u00e3o eficiente e cuidadoso quanto poss\u00edvel, oferecemos solu\u00e7\u00f5es combinadas e m\u00e1quinas para cada etapa da cadeia de processo. Estas linhas de produ\u00e7\u00e3o e m\u00e1quinas de quebra s\u00e3o particularmente adequadas para pequenas quantidades de colheita inferiores a 5 toneladas por ano. <\/p>\n<\/div>\n<\/div><div class=\"fusion-aligncenter\"><a class=\"fusion-button button-flat fusion-button-default-size button-custom fusion-button-default button-2 fusion-button-default-span fusion-button-default-type\" style=\"--button_accent_color:#ffffff;--button_border_color:#ffffff;--button_accent_hover_color:#ffffff;--button_border_hover_color:#ffffff;--button_gradient_top_color:#cc0000;--button_gradient_bottom_color:#cc0000;--button_gradient_top_color_hover:#ef0000;--button_gradient_bottom_color_hover:#ef0000;\" target=\"_self\" title=\"Mais sobre o processamento de nozes (\u2264 5 t)\" aria-label=\"Mais sobre o processamento de nozes (\u2264 5 t)\" href=\"https:\/\/feucht-obsttechnik.de\/pt-pt\/processamento-de-nozes\/processamento-de-nozes-pequenas-quantidades\/\"><span class=\"fusion-button-text awb-button__text awb-button__text--default\">Processamento de nozes (\u2264 5 t)<\/span><\/a><\/div><div class=\"fusion-clearfix\"><\/div><\/div><\/div><div class=\"fusion-layout-column fusion_builder_column fusion-builder-column-8 fusion_builder_column_1_1 1_1 fusion-one-full fusion-column-first fusion-column-last\" style=\"--awb-bg-color:#f8f8f8;--awb-bg-color-hover:#f8f8f8;--awb-bg-size:cover;\"><div class=\"fusion-column-wrapper fusion-flex-column-wrapper-legacy\"><div class=\"fusion-image-element fusion-image-align-center in-legacy-container\" style=\"text-align:center;--awb-caption-title-font-family:var(--h2_typography-font-family);--awb-caption-title-font-weight:var(--h2_typography-font-weight);--awb-caption-title-font-style:var(--h2_typography-font-style);--awb-caption-title-size:var(--h2_typography-font-size);--awb-caption-title-transform:var(--h2_typography-text-transform);--awb-caption-title-line-height:var(--h2_typography-line-height);--awb-caption-title-letter-spacing:var(--h2_typography-letter-spacing);\"><div class=\"imageframe-align-center\"><span class=\" fusion-imageframe imageframe-none imageframe-5 hover-type-zoomin\"><a class=\"fusion-no-lightbox\" href=\"https:\/\/feucht-obsttechnik.de\/pt-pt\/processamento-de-nozes\/avelas\/\" target=\"_self\" aria-label=\"Colheita de avel\u00e3s &#8211; M\u00e1quinas de colheita de avel\u00e3s\"><img decoding=\"async\" width=\"2048\" height=\"956\" src=\"https:\/\/feucht-obsttechnik.de\/wp-content\/uploads\/bg-header-haselnussernte.jpg\" alt class=\"img-responsive wp-image-18975\" srcset=\"https:\/\/feucht-obsttechnik.de\/wp-content\/uploads\/\/bg-header-haselnussernte-200x93.jpg 200w, https:\/\/feucht-obsttechnik.de\/wp-content\/uploads\/\/bg-header-haselnussernte-400x187.jpg 400w, https:\/\/feucht-obsttechnik.de\/wp-content\/uploads\/\/bg-header-haselnussernte-600x280.jpg 600w, https:\/\/feucht-obsttechnik.de\/wp-content\/uploads\/\/bg-header-haselnussernte-800x373.jpg 800w, https:\/\/feucht-obsttechnik.de\/wp-content\/uploads\/\/bg-header-haselnussernte-1200x560.jpg 1200w, https:\/\/feucht-obsttechnik.de\/wp-content\/uploads\/\/bg-header-haselnussernte.jpg 2048w\" sizes=\"(max-width: 835px) 100vw, 1200px\" \/><\/a><\/span><\/div><\/div><div class=\"fusion-text fusion-text-8\"><div style=\"padding: 25px;\">\n<h3>Colheita e processamento de avel\u00e3s<\/h3>\n<p>O cultivo da avel\u00e3 \u00e9 uma alternativa hort\u00edcola e econ\u00f3mica ao cultivo de nozes que vale a pena. A colheita e processamento de avel\u00e3s, no entanto, apresenta certos requisitos ao produtor de avel\u00e3s. <\/p>\n<p>A come\u00e7ar pela localiza\u00e7\u00e3o, manuten\u00e7\u00e3o de estoques at\u00e9 a mecaniza\u00e7\u00e3o da colheita e processamento p\u00f3s-colheita \u2013 tudo deve estar certo. Com as nossas tecnologias inovadoras de colheita de avel\u00e3s, torn\u00e1mo-nos sin\u00f3nimo de sucesso em todos os aspectos da colheita e processamento de avel\u00e3s. <\/p>\n<\/div>\n<\/div><div class=\"fusion-aligncenter\"><a class=\"fusion-button button-flat fusion-button-default-size button-custom fusion-button-default button-3 fusion-button-default-span fusion-button-default-type\" style=\"--button_accent_color:#ffffff;--button_border_color:#ffffff;--button_accent_hover_color:#ffffff;--button_border_hover_color:#ffffff;--button_gradient_top_color:#cc0000;--button_gradient_bottom_color:#cc0000;--button_gradient_top_color_hover:#ef0000;--button_gradient_bottom_color_hover:#ef0000;\" target=\"_self\" title=\"Mais sobre a colheita e processamento de avel\u00e3s\" aria-label=\"Mais sobre a colheita e processamento de avel\u00e3s\" href=\"https:\/\/feucht-obsttechnik.de\/pt-pt\/processamento-de-nozes\/avelas\/\"><span class=\"fusion-button-text awb-button__text awb-button__text--default\">Colheita e processamento de avel\u00e3s<\/span><\/a><\/div><div class=\"fusion-sep-clear\"><\/div><div class=\"fusion-separator fusion-full-width-sep\" style=\"margin-left: auto;margin-right: auto;margin-bottom:30px;width:100%;\"><\/div><div class=\"fusion-sep-clear\"><\/div><div class=\"fusion-clearfix\"><\/div><\/div><\/div><\/div><\/div><div class=\"fusion-fullwidth fullwidth-box fusion-builder-row-5 nonhundred-percent-fullwidth non-hundred-percent-height-scrolling fusion-equal-height-columns fusion-no-small-visibility schlagwoerter\" style=\"--awb-background-position:center top;--awb-border-sizes-top:0px;--awb-border-sizes-bottom:0px;--awb-border-sizes-left:0px;--awb-border-sizes-right:0px;--awb-border-radius-top-left:0px;--awb-border-radius-top-right:0px;--awb-border-radius-bottom-right:0px;--awb-border-radius-bottom-left:0px;--awb-padding-top:0px;--awb-padding-right:15%;--awb-padding-bottom:0px;--awb-padding-left:15%;--awb-background-color:#a0ce4e;--awb-flex-wrap:wrap;\" ><div class=\"fusion-builder-row fusion-row\"><div class=\"fusion-layout-column fusion_builder_column fusion-builder-column-9 fusion_builder_column_1_5 1_5 fusion-one-fifth fusion-column-first\" style=\"--awb-padding-top:10px;--awb-padding-bottom:10px;--awb-bg-size:cover;--awb-margin-top:10px;--awb-margin-bottom:0px;width:20%;width:calc(20% - ( ( 4% ) * 0.2 ) );margin-right: 4%;\"><div class=\"fusion-column-wrapper fusion-column-has-shadow fusion-flex-column-wrapper-legacy\"><div class=\"fusion-column-content-centered\"><div class=\"fusion-column-content\"><div class=\"fusion-title title fusion-title-1 fusion-sep-none fusion-title-text fusion-title-size-two\" style=\"--awb-text-color:#ffffff;--awb-margin-bottom:0px;--awb-margin-right-small:0px;--awb-margin-bottom-small:0px;--awb-margin-left-small:0px;\"><h2 class=\"fusion-title-heading title-heading-left fusion-responsive-typography-calculated\" style=\"margin:0;--fontSize:26;--minFontSize:26;line-height:1.25;\">Palavras-chave:<\/h2><\/div><\/div><\/div><div class=\"fusion-clearfix\"><\/div><\/div><\/div><div class=\"fusion-layout-column fusion_builder_column fusion-builder-column-10 fusion_builder_column_4_5 4_5 fusion-four-fifth fusion-column-last fusion-column-no-min-height\" style=\"--awb-padding-top:10px;--awb-padding-bottom:10px;--awb-bg-size:cover;--awb-margin-top:20px;--awb-margin-bottom:0px;width:80%;width:calc(80% - ( ( 4% ) * 0.8 ) );\"><div class=\"fusion-column-wrapper fusion-column-has-shadow fusion-flex-column-wrapper-legacy\"><div class=\"fusion-text fusion-text-9\"><p><span style=\"color: #ffffff;\"> <a href=\"https:\/\/feucht-obsttechnik.de\/pt-pt\/processamento-de-nozes\/processamento-de-nozes-grandes-quantidades\/\">Processamento de nozes (\u2265 5 t)<\/a>, <a href=\"https:\/\/feucht-obsttechnik.de\/pt-pt\/processamento-de-nozes\/processamento-de-nozes-pequenas-quantidades\/\">Processamento de nozes (\u2264 5 t)<\/a> <a href=\"https:\/\/feucht-obsttechnik.de\/pt-pt\/processamento-de-nozes\/avelas\/colheita-de-avelas\/\">Colheita e processamento de avel\u00e3s<\/a><\/span><\/p>\n<\/div><div class=\"fusion-clearfix\"><\/div><\/div><\/div><\/div><\/div><\/p>\n","protected":false},"excerpt":{"rendered":"","protected":false},"author":4,"featured_media":0,"parent":0,"menu_order":0,"comment_status":"closed","ping_status":"closed","template":"100-width.php","meta":{"footnotes":"","_wp_rev_ctl_limit":""},"class_list":["post-18964","page","type-page","status-publish","hentry"],"yoast_head":"<!-- This site is optimized with the Yoast SEO plugin v27.2 - https:\/\/yoast.com\/product\/yoast-seo-wordpress\/ -->\n<title>Processamento de nozes - Feucht Obsttechnik<\/title>\n<meta name=\"description\" content=\"Aproveite a nossa experi\u00eancia no processamento de nozes e aumente a sua produtividade em todos os processos, desde a colheita at\u00e9 a quebra das nozes.\" \/>\n<meta name=\"robots\" content=\"index, follow, max-snippet:-1, max-image-preview:large, max-video-preview:-1\" \/>\n<link rel=\"canonical\" href=\"https:\/\/feucht-obsttechnik.de\/pt-pt\/processamento-de-nozes\/\" \/>\n<meta property=\"og:locale\" content=\"pt_PT\" \/>\n<meta property=\"og:type\" content=\"article\" \/>\n<meta property=\"og:title\" content=\"Processamento de nozes - Feucht Obsttechnik\" \/>\n<meta property=\"og:description\" content=\"Aproveite a nossa experi\u00eancia no processamento de nozes e aumente a sua produtividade em todos os processos, desde a colheita at\u00e9 a quebra das nozes.\" \/>\n<meta property=\"og:url\" content=\"https:\/\/feucht-obsttechnik.de\/pt-pt\/processamento-de-nozes\/\" \/>\n<meta property=\"og:site_name\" content=\"Feucht Obsttechnik\" \/>\n<meta property=\"article:modified_time\" content=\"2021-04-16T16:41:35+00:00\" \/>\n<meta name=\"twitter:card\" content=\"summary_large_image\" \/>\n<meta name=\"twitter:label1\" content=\"Tempo estimado de leitura\" \/>\n\t<meta name=\"twitter:data1\" content=\"16 minutos\" \/>\n<script type=\"application\/ld+json\" class=\"yoast-schema-graph\">{\"@context\":\"https:\/\/schema.org\",\"@graph\":[{\"@type\":\"WebPage\",\"@id\":\"https:\/\/feucht-obsttechnik.de\/pt-pt\/processamento-de-nozes\/\",\"url\":\"https:\/\/feucht-obsttechnik.de\/pt-pt\/processamento-de-nozes\/\",\"name\":\"Processamento de nozes - Feucht Obsttechnik\",\"isPartOf\":{\"@id\":\"https:\/\/feucht-obsttechnik.de\/pt-pt\/#website\"},\"datePublished\":\"2021-04-14T16:40:40+00:00\",\"dateModified\":\"2021-04-16T16:41:35+00:00\",\"description\":\"Aproveite a nossa experi\u00eancia no processamento de nozes e aumente a sua produtividade em todos os processos, desde a colheita at\u00e9 a quebra das nozes.\",\"breadcrumb\":{\"@id\":\"https:\/\/feucht-obsttechnik.de\/pt-pt\/processamento-de-nozes\/#breadcrumb\"},\"inLanguage\":\"pt-PT\",\"potentialAction\":[{\"@type\":\"ReadAction\",\"target\":[\"https:\/\/feucht-obsttechnik.de\/pt-pt\/processamento-de-nozes\/\"]}]},{\"@type\":\"BreadcrumbList\",\"@id\":\"https:\/\/feucht-obsttechnik.de\/pt-pt\/processamento-de-nozes\/#breadcrumb\",\"itemListElement\":[{\"@type\":\"ListItem\",\"position\":1,\"name\":\"Startseite\",\"item\":\"https:\/\/feucht-obsttechnik.de\/pt-pt\/\"},{\"@type\":\"ListItem\",\"position\":2,\"name\":\"Processamento de nozes\"}]},{\"@type\":\"WebSite\",\"@id\":\"https:\/\/feucht-obsttechnik.de\/pt-pt\/#website\",\"url\":\"https:\/\/feucht-obsttechnik.de\/pt-pt\/\",\"name\":\"Feucht Obsttechnik\",\"description\":\"\",\"publisher\":{\"@id\":\"https:\/\/feucht-obsttechnik.de\/pt-pt\/#organization\"},\"potentialAction\":[{\"@type\":\"SearchAction\",\"target\":{\"@type\":\"EntryPoint\",\"urlTemplate\":\"https:\/\/feucht-obsttechnik.de\/pt-pt\/?s={search_term_string}\"},\"query-input\":{\"@type\":\"PropertyValueSpecification\",\"valueRequired\":true,\"valueName\":\"search_term_string\"}}],\"inLanguage\":\"pt-PT\"},{\"@type\":\"Organization\",\"@id\":\"https:\/\/feucht-obsttechnik.de\/pt-pt\/#organization\",\"name\":\"Feucht Obsttechnik GmbH\",\"url\":\"https:\/\/feucht-obsttechnik.de\/pt-pt\/\",\"logo\":{\"@type\":\"ImageObject\",\"inLanguage\":\"pt-PT\",\"@id\":\"https:\/\/feucht-obsttechnik.de\/pt-pt\/#\/schema\/logo\/image\/\",\"url\":\"https:\/\/feucht-obsttechnik.de\/wp-content\/uploads\/logo-feucht@2x-1.png\",\"contentUrl\":\"https:\/\/feucht-obsttechnik.de\/wp-content\/uploads\/logo-feucht@2x-1.png\",\"width\":640,\"height\":123,\"caption\":\"Feucht Obsttechnik GmbH\"},\"image\":{\"@id\":\"https:\/\/feucht-obsttechnik.de\/pt-pt\/#\/schema\/logo\/image\/\"}}]}<\/script>\n<!-- \/ Yoast SEO plugin. -->","yoast_head_json":{"title":"Processamento de nozes - Feucht Obsttechnik","description":"Aproveite a nossa experi\u00eancia no processamento de nozes e aumente a sua produtividade em todos os processos, desde a colheita at\u00e9 a quebra das nozes.","robots":{"index":"index","follow":"follow","max-snippet":"max-snippet:-1","max-image-preview":"max-image-preview:large","max-video-preview":"max-video-preview:-1"},"canonical":"https:\/\/feucht-obsttechnik.de\/pt-pt\/processamento-de-nozes\/","og_locale":"pt_PT","og_type":"article","og_title":"Processamento de nozes - Feucht Obsttechnik","og_description":"Aproveite a nossa experi\u00eancia no processamento de nozes e aumente a sua produtividade em todos os processos, desde a colheita at\u00e9 a quebra das nozes.","og_url":"https:\/\/feucht-obsttechnik.de\/pt-pt\/processamento-de-nozes\/","og_site_name":"Feucht Obsttechnik","article_modified_time":"2021-04-16T16:41:35+00:00","twitter_card":"summary_large_image","twitter_misc":{"Tempo estimado de leitura":"16 minutos"},"schema":{"@context":"https:\/\/schema.org","@graph":[{"@type":"WebPage","@id":"https:\/\/feucht-obsttechnik.de\/pt-pt\/processamento-de-nozes\/","url":"https:\/\/feucht-obsttechnik.de\/pt-pt\/processamento-de-nozes\/","name":"Processamento de nozes - Feucht Obsttechnik","isPartOf":{"@id":"https:\/\/feucht-obsttechnik.de\/pt-pt\/#website"},"datePublished":"2021-04-14T16:40:40+00:00","dateModified":"2021-04-16T16:41:35+00:00","description":"Aproveite a nossa experi\u00eancia no processamento de nozes e aumente a sua produtividade em todos os processos, desde a colheita at\u00e9 a quebra das nozes.","breadcrumb":{"@id":"https:\/\/feucht-obsttechnik.de\/pt-pt\/processamento-de-nozes\/#breadcrumb"},"inLanguage":"pt-PT","potentialAction":[{"@type":"ReadAction","target":["https:\/\/feucht-obsttechnik.de\/pt-pt\/processamento-de-nozes\/"]}]},{"@type":"BreadcrumbList","@id":"https:\/\/feucht-obsttechnik.de\/pt-pt\/processamento-de-nozes\/#breadcrumb","itemListElement":[{"@type":"ListItem","position":1,"name":"Startseite","item":"https:\/\/feucht-obsttechnik.de\/pt-pt\/"},{"@type":"ListItem","position":2,"name":"Processamento de nozes"}]},{"@type":"WebSite","@id":"https:\/\/feucht-obsttechnik.de\/pt-pt\/#website","url":"https:\/\/feucht-obsttechnik.de\/pt-pt\/","name":"Feucht Obsttechnik","description":"","publisher":{"@id":"https:\/\/feucht-obsttechnik.de\/pt-pt\/#organization"},"potentialAction":[{"@type":"SearchAction","target":{"@type":"EntryPoint","urlTemplate":"https:\/\/feucht-obsttechnik.de\/pt-pt\/?s={search_term_string}"},"query-input":{"@type":"PropertyValueSpecification","valueRequired":true,"valueName":"search_term_string"}}],"inLanguage":"pt-PT"},{"@type":"Organization","@id":"https:\/\/feucht-obsttechnik.de\/pt-pt\/#organization","name":"Feucht Obsttechnik GmbH","url":"https:\/\/feucht-obsttechnik.de\/pt-pt\/","logo":{"@type":"ImageObject","inLanguage":"pt-PT","@id":"https:\/\/feucht-obsttechnik.de\/pt-pt\/#\/schema\/logo\/image\/","url":"https:\/\/feucht-obsttechnik.de\/wp-content\/uploads\/logo-feucht@2x-1.png","contentUrl":"https:\/\/feucht-obsttechnik.de\/wp-content\/uploads\/logo-feucht@2x-1.png","width":640,"height":123,"caption":"Feucht Obsttechnik GmbH"},"image":{"@id":"https:\/\/feucht-obsttechnik.de\/pt-pt\/#\/schema\/logo\/image\/"}}]}},"_links":{"self":[{"href":"https:\/\/feucht-obsttechnik.de\/pt-pt\/wp-json\/wp\/v2\/pages\/18964","targetHints":{"allow":["GET"]}}],"collection":[{"href":"https:\/\/feucht-obsttechnik.de\/pt-pt\/wp-json\/wp\/v2\/pages"}],"about":[{"href":"https:\/\/feucht-obsttechnik.de\/pt-pt\/wp-json\/wp\/v2\/types\/page"}],"author":[{"embeddable":true,"href":"https:\/\/feucht-obsttechnik.de\/pt-pt\/wp-json\/wp\/v2\/users\/4"}],"replies":[{"embeddable":true,"href":"https:\/\/feucht-obsttechnik.de\/pt-pt\/wp-json\/wp\/v2\/comments?post=18964"}],"version-history":[{"count":0,"href":"https:\/\/feucht-obsttechnik.de\/pt-pt\/wp-json\/wp\/v2\/pages\/18964\/revisions"}],"wp:attachment":[{"href":"https:\/\/feucht-obsttechnik.de\/pt-pt\/wp-json\/wp\/v2\/media?parent=18964"}],"curies":[{"name":"wp","href":"https:\/\/api.w.org\/{rel}","templated":true}]}}