{"id":18921,"date":"2021-04-14T18:15:04","date_gmt":"2021-04-14T16:15:04","guid":{"rendered":"http:\/\/neu2020.feucht-obsttechnik.de\/tecnologia-de-rocada\/tecnologia-de-rocada-de-relva-alta\/plataforma-de-rocada-de-relva-alta-entre-os-eixos\/"},"modified":"2021-04-16T18:36:31","modified_gmt":"2021-04-16T16:36:31","slug":"plataforma-de-rocada-de-relva-alta-entre-os-eixos","status":"publish","type":"page","link":"https:\/\/feucht-obsttechnik.de\/pt-pt\/tecnologia-de-rocada\/tecnologia-de-rocada-de-relva-alta\/plataforma-de-rocada-de-relva-alta-entre-os-eixos\/","title":{"rendered":"Plataforma de ro\u00e7ada de relva alta entre os eixos"},"content":{"rendered":"<p><div class=\"fusion-bg-parallax\" data-bg-align=\"left center\" data-direction=\"up\" data-mute=\"false\" data-opacity=\"100\" data-velocity=\"-0.3\" data-mobile-enabled=\"false\" data-break_parents=\"0\" data-bg-image=\"https:\/\/feucht-obsttechnik.de\/wp-content\/uploads\/bg-header-hochgrasm\u00e4htechnik-1.jpg\" data-bg-repeat=\"false\" ><\/div><div class=\"fusion-fullwidth fullwidth-box fusion-builder-row-1 fusion-parallax-up nonhundred-percent-fullwidth non-hundred-percent-height-scrolling\" style=\"--awb-background-position:left center;--awb-border-sizes-top:0px;--awb-border-sizes-bottom:0px;--awb-border-sizes-left:0px;--awb-border-sizes-right:0px;--awb-border-radius-top-left:0px;--awb-border-radius-top-right:0px;--awb-border-radius-bottom-right:0px;--awb-border-radius-bottom-left:0px;--awb-padding-top:130px;--awb-padding-bottom:120px;--awb-background-image:url(&quot;https:\/\/feucht-obsttechnik.de\/wp-content\/uploads\/bg-header-hochgrasm\u00e4htechnik-1.jpg&quot;);--awb-background-size:cover;--awb-flex-wrap:wrap;\" ><div class=\"fusion-builder-row fusion-row\"><div class=\"fusion-layout-column fusion_builder_column fusion-builder-column-0 fusion_builder_column_1_2 1_2 fusion-one-half fusion-column-first\" style=\"--awb-bg-size:cover;width:48%; margin-right: 4%;\"><div class=\"fusion-column-wrapper fusion-flex-column-wrapper-legacy\"><div class=\"fusion-text fusion-text-1\"><h1><span style=\"color: #ffffff\">Plataforma de ro\u00e7ada de relva alta entre os eixos<\/span><\/h1>\n<p><span style=\"color: #ffffff\">Alta velocidade de ro\u00e7ada e um corte perfeito<\/span><\/p>\n<\/div><div class=\"fusion-clearfix\"><\/div><\/div><\/div><div class=\"fusion-layout-column fusion_builder_column fusion-builder-column-1 fusion_builder_column_1_2 1_2 fusion-one-half fusion-column-last\" style=\"--awb-bg-size:cover;width:48%;\"><div class=\"fusion-column-wrapper fusion-flex-column-wrapper-legacy\"><div class=\"fusion-clearfix\"><\/div><\/div><\/div><\/div><\/div><div class=\"fusion-fullwidth fullwidth-box fusion-builder-row-2 nonhundred-percent-fullwidth non-hundred-percent-height-scrolling\" style=\"--awb-background-position:left top;--awb-border-sizes-top:0px;--awb-border-sizes-bottom:0px;--awb-border-sizes-left:0px;--awb-border-sizes-right:0px;--awb-border-radius-top-left:0px;--awb-border-radius-top-right:0px;--awb-border-radius-bottom-right:0px;--awb-border-radius-bottom-left:0px;--awb-padding-top:130px;--awb-padding-bottom:30px;--awb-flex-wrap:wrap;\" ><div class=\"fusion-builder-row fusion-row\"><div class=\"fusion-layout-column fusion_builder_column fusion-builder-column-2 fusion_builder_column_1_1 1_1 fusion-one-full fusion-column-first fusion-column-last\" style=\"--awb-bg-size:cover;\"><div class=\"fusion-column-wrapper fusion-column-has-shadow fusion-flex-column-wrapper-legacy\"><div class=\"fusion-text fusion-text-2\"><h2>Plataforma de ro\u00e7ada de relva alta entre os eixos<\/h2>\n<\/div><div class=\"fusion-text fusion-text-3\"><h3><span class=\"\">Com a nova plataforma de ro\u00e7ada de relva alta entre os eixos da Feucht, podem ser ro\u00e7adas condi\u00e7\u00f5es de relva de at\u00e9 100 cm de altura.<\/span><\/h3>\n<\/div><div class=\"fusion-clearfix\"><\/div><\/div><\/div><div class=\"fusion-layout-column fusion_builder_column fusion-builder-column-3 fusion_builder_column_1_2 1_2 fusion-one-half fusion-column-first\" style=\"--awb-bg-size:cover;width:48%; margin-right: 4%;\"><div class=\"fusion-column-wrapper fusion-flex-column-wrapper-legacy\"><div class=\"fusion-text fusion-text-4\"><p>Este cortador de relva alta \u00e9 fixado entre os eixos dos tratores de relva John Deere. Isto significa que o cortador de relva \u00e9 transportado pelo trator de relva. A plataforma de ro\u00e7ada de relva alta entre os eixos corta relva fiavelmente, em condi\u00e7\u00f5es de at\u00e9 100 cm de altura, a criar assim um padr\u00e3o de corte limpo. A tritura\u00e7\u00e3o muito boa das aparas de relva promove uma r\u00e1pida decomposi\u00e7\u00e3o.   <\/p>\n<p>Para isso, a plataformas de ro\u00e7ada funciona com l\u00e2minas de palhagem dupla.<\/p>\n<\/div><div class=\"fusion-clearfix\"><\/div><\/div><\/div><div class=\"fusion-layout-column fusion_builder_column fusion-builder-column-4 fusion_builder_column_1_2 1_2 fusion-one-half fusion-column-last\" style=\"--awb-bg-size:cover;width:48%;\"><div class=\"fusion-column-wrapper fusion-flex-column-wrapper-legacy\"><div class=\"fusion-image-element in-legacy-container\" style=\"--awb-caption-title-font-family:var(--h2_typography-font-family);--awb-caption-title-font-weight:var(--h2_typography-font-weight);--awb-caption-title-font-style:var(--h2_typography-font-style);--awb-caption-title-size:var(--h2_typography-font-size);--awb-caption-title-transform:var(--h2_typography-text-transform);--awb-caption-title-line-height:var(--h2_typography-line-height);--awb-caption-title-letter-spacing:var(--h2_typography-letter-spacing);\"><span class=\" fusion-imageframe imageframe-none imageframe-1 hover-type-zoomin fusion-animated\" data-animationType=\"fadeInDown\" data-animationDuration=\"1.0\" data-animationOffset=\"bottom-in-view\"><a href=\"https:\/\/feucht-obsttechnik.de\/wp-content\/uploads\/hochgrasm\u00e4htechnik-john-deere-1.jpg\" class=\"fusion-lightbox\" data-rel=\"iLightbox[Plataforma de ro\u00e7ada de relva alta entre os eixos]\" data-title=\"Ro\u00e7ada de relva alta com John Deere\" title=\"Ro\u00e7ada de relva alta com John Deere\"><img decoding=\"async\" width=\"1600\" height=\"1200\" src=\"https:\/\/feucht-obsttechnik.de\/wp-content\/uploads\/hochgrasm\u00e4htechnik-john-deere-1.jpg\" alt class=\"img-responsive wp-image-18911\" srcset=\"https:\/\/feucht-obsttechnik.de\/wp-content\/uploads\/hochgrasm\u00e4htechnik-john-deere-1-200x150.jpg 200w, https:\/\/feucht-obsttechnik.de\/wp-content\/uploads\/hochgrasm\u00e4htechnik-john-deere-1-400x300.jpg 400w, https:\/\/feucht-obsttechnik.de\/wp-content\/uploads\/hochgrasm\u00e4htechnik-john-deere-1-600x450.jpg 600w, https:\/\/feucht-obsttechnik.de\/wp-content\/uploads\/hochgrasm\u00e4htechnik-john-deere-1-800x600.jpg 800w, https:\/\/feucht-obsttechnik.de\/wp-content\/uploads\/hochgrasm\u00e4htechnik-john-deere-1-1200x900.jpg 1200w, https:\/\/feucht-obsttechnik.de\/wp-content\/uploads\/hochgrasm\u00e4htechnik-john-deere-1.jpg 1600w\" sizes=\"(max-width: 835px) 100vw, 600px\" \/><\/a><\/span><\/div><div class=\"fusion-clearfix\"><\/div><\/div><\/div><\/div><\/div><div class=\"fusion-fullwidth fullwidth-box fusion-builder-row-3 nonhundred-percent-fullwidth non-hundred-percent-height-scrolling\" style=\"--awb-background-position:left top;--awb-border-sizes-top:0px;--awb-border-sizes-bottom:0px;--awb-border-sizes-left:0px;--awb-border-sizes-right:0px;--awb-border-radius-top-left:0px;--awb-border-radius-top-right:0px;--awb-border-radius-bottom-right:0px;--awb-border-radius-bottom-left:0px;--awb-padding-top:1px;--awb-padding-bottom:0px;--awb-background-color:#cc0000;--awb-flex-wrap:wrap;\" ><div class=\"fusion-builder-row fusion-row\"><div class=\"fusion-layout-column fusion_builder_column fusion-builder-column-5 fusion_builder_column_1_1 1_1 fusion-one-full fusion-column-first fusion-column-last\" style=\"--awb-padding-top:50px;--awb-padding-bottom:50px;--awb-padding-left:0px;--awb-bg-size:cover;--awb-margin-bottom:0px;\"><div class=\"fusion-column-wrapper fusion-column-has-shadow fusion-flex-column-wrapper-legacy\"><div class=\"fusion-column-content-centered\"><div class=\"fusion-column-content\"><div class=\"fusion-text fusion-text-5\"><h2 style=\"text-align: center;margin-bottom: 0px\"><span style=\"color: #ffffff\">Plataforma de ro\u00e7ada de relva alta entre os eixos da Feucht Obsttechnik<\/span><\/h2>\n<\/div><\/div><\/div><div class=\"fusion-clearfix\"><\/div><\/div><\/div><\/div><\/div><div class=\"fusion-fullwidth fullwidth-box fusion-builder-row-4 fusion-parallax-none nonhundred-percent-fullwidth non-hundred-percent-height-scrolling\" style=\"--awb-border-radius-top-left:0px;--awb-border-radius-top-right:0px;--awb-border-radius-bottom-right:0px;--awb-border-radius-bottom-left:0px;--awb-padding-top:200px;--awb-background-image:url(&quot;https:\/\/feucht-obsttechnik.de\/wp-content\/uploads\/hochgrasm\u00e4htechnik-divider-john-deere.jpg&quot;);--awb-background-size:cover;--awb-flex-wrap:wrap;\" ><div class=\"fusion-builder-row fusion-row\"><div class=\"fusion-layout-column fusion_builder_column fusion-builder-column-6 fusion_builder_column_1_6 1_6 fusion-one-sixth fusion-column-first\" style=\"--awb-bg-size:cover;width:16.666666666667%;width:calc(16.666666666667% - ( ( 4% + 4% ) * 0.16666666666667 ) );margin-right: 4%;\"><div class=\"fusion-column-wrapper fusion-flex-column-wrapper-legacy\"><div class=\"fusion-clearfix\"><\/div><\/div><\/div><div class=\"fusion-layout-column fusion_builder_column fusion-builder-column-7 fusion_builder_column_2_3 2_3 fusion-two-third\" style=\"--awb-padding-top:50px;--awb-padding-right:50px;--awb-padding-bottom:50px;--awb-padding-left:50px;--awb-bg-color:rgba(255,255,255,0.9);--awb-bg-color-hover:rgba(255,255,255,0.9);--awb-bg-size:cover;--awb-margin-bottom:-100px;width:66.666666666667%;width:calc(66.666666666667% - ( ( 4% + 4% ) * 0.66666666666667 ) );margin-right: 4%;\"><div class=\"fusion-column-wrapper fusion-column-has-shadow fusion-flex-column-wrapper-legacy\"><div class=\"fusion-text fusion-text-6\"><h2 style=\"text-align: center\">Plataforma de ro\u00e7ada de relva alta entre os eixos<\/h2>\n<p style=\"text-align: center\"><strong>As plataformas de ro\u00e7ada entre os eixos da Feucht para John Deere combinam quatro for\u00e7as numa s\u00f3 m\u00e1quina.<\/strong><\/p>\n<ul>\n<li>tritura\u00e7\u00e3o muito boa de aparas<\/li>\n<li>baixa necessidade de energia<\/li>\n<li>melhor padr\u00e3o de corte<\/li>\n<li>alta velocidade de ro\u00e7ada<\/li>\n<\/ul>\n<\/div><div class=\"fusion-clearfix\"><\/div><\/div><\/div><div class=\"fusion-layout-column fusion_builder_column fusion-builder-column-8 fusion_builder_column_1_6 1_6 fusion-one-sixth fusion-column-last\" style=\"--awb-bg-size:cover;width:16.666666666667%;width:calc(16.666666666667% - ( ( 4% + 4% ) * 0.16666666666667 ) );\"><div class=\"fusion-column-wrapper fusion-flex-column-wrapper-legacy\"><div class=\"fusion-clearfix\"><\/div><\/div><\/div><\/div><\/div><div class=\"fusion-fullwidth fullwidth-box fusion-builder-row-5 nonhundred-percent-fullwidth non-hundred-percent-height-scrolling fusion-equal-height-columns\" style=\"--awb-border-radius-top-left:0px;--awb-border-radius-top-right:0px;--awb-border-radius-bottom-right:0px;--awb-border-radius-bottom-left:0px;--awb-padding-top:200px;--awb-background-color:#f2f2f2;--awb-flex-wrap:wrap;\" ><div class=\"fusion-builder-row fusion-row\"><div class=\"fusion-layout-column fusion_builder_column fusion-builder-column-9 fusion_builder_column_1_1 1_1 fusion-one-full fusion-column-first fusion-column-last\" style=\"--awb-bg-size:cover;\"><div class=\"fusion-column-wrapper fusion-flex-column-wrapper-legacy\"><div class=\"fusion-title title fusion-title-1 fusion-sep-none fusion-title-text fusion-title-size-one\" style=\"--awb-margin-top-small:0px;--awb-margin-right-small:0px;--awb-margin-bottom-small:20px;--awb-margin-left-small:0px;\"><h1 class=\"fusion-title-heading title-heading-left fusion-responsive-typography-calculated\" style=\"margin:0;--fontSize:38;line-height:1.33;\">Detalhes sobre as plataformas de ro\u00e7ada de relva alta entre os eixos<\/h1><\/div><div class=\"fusion-clearfix\"><\/div><\/div><\/div><\/div><\/div><div class=\"fusion-fullwidth fullwidth-box fusion-builder-row-6 nonhundred-percent-fullwidth non-hundred-percent-height-scrolling fusion-equal-height-columns\" style=\"--awb-border-radius-top-left:0px;--awb-border-radius-top-right:0px;--awb-border-radius-bottom-right:0px;--awb-border-radius-bottom-left:0px;--awb-padding-bottom:100px;--awb-background-color:#f2f2f2;--awb-flex-wrap:wrap;\" ><div class=\"fusion-builder-row fusion-row\"><div class=\"fusion-layout-column fusion_builder_column fusion-builder-column-10 fusion_builder_column_1_3 1_3 fusion-one-third fusion-column-first\" style=\"--awb-bg-color:#ffffff;--awb-bg-color-hover:#ffffff;--awb-bg-size:cover;--awb-margin-bottom:40px;width:30.6666%; margin-right: 4%;\"><div class=\"fusion-column-wrapper fusion-flex-column-wrapper-legacy\"><div class=\"fusion-image-element fusion-image-align-center in-legacy-container\" style=\"text-align:center;--awb-caption-title-font-family:var(--h2_typography-font-family);--awb-caption-title-font-weight:var(--h2_typography-font-weight);--awb-caption-title-font-style:var(--h2_typography-font-style);--awb-caption-title-size:var(--h2_typography-font-size);--awb-caption-title-transform:var(--h2_typography-text-transform);--awb-caption-title-line-height:var(--h2_typography-line-height);--awb-caption-title-letter-spacing:var(--h2_typography-letter-spacing);\"><div class=\"imageframe-align-center\"><span class=\" fusion-imageframe imageframe-none imageframe-2 hover-type-zoomin\"><a href=\"https:\/\/feucht-obsttechnik.de\/wp-content\/uploads\/hochgrasm\u00e4htechnik-john-deere-3.jpg\" class=\"fusion-lightbox\" data-rel=\"iLightbox[Plataforma de ro\u00e7ada de relva alta entre os eixos]\" data-title=\"Ro\u00e7ada de relva alta com John Deere\" title=\"Ro\u00e7ada de relva alta com John Deere\"><img decoding=\"async\" width=\"1600\" height=\"1200\" src=\"https:\/\/feucht-obsttechnik.de\/wp-content\/uploads\/hochgrasm\u00e4htechnik-john-deere-3.jpg\" alt class=\"img-responsive wp-image-18909\" srcset=\"https:\/\/feucht-obsttechnik.de\/wp-content\/uploads\/hochgrasm\u00e4htechnik-john-deere-3-200x150.jpg 200w, https:\/\/feucht-obsttechnik.de\/wp-content\/uploads\/hochgrasm\u00e4htechnik-john-deere-3-400x300.jpg 400w, https:\/\/feucht-obsttechnik.de\/wp-content\/uploads\/hochgrasm\u00e4htechnik-john-deere-3-600x450.jpg 600w, https:\/\/feucht-obsttechnik.de\/wp-content\/uploads\/hochgrasm\u00e4htechnik-john-deere-3-800x600.jpg 800w, https:\/\/feucht-obsttechnik.de\/wp-content\/uploads\/hochgrasm\u00e4htechnik-john-deere-3-1200x900.jpg 1200w, https:\/\/feucht-obsttechnik.de\/wp-content\/uploads\/hochgrasm\u00e4htechnik-john-deere-3.jpg 1600w\" sizes=\"(max-width: 835px) 100vw, 400px\" \/><\/a><\/span><\/div><\/div><div class=\"fusion-clearfix\"><\/div><\/div><\/div><div class=\"fusion-layout-column fusion_builder_column fusion-builder-column-11 fusion_builder_column_1_3 1_3 fusion-one-third\" style=\"--awb-bg-color:#ffffff;--awb-bg-color-hover:#ffffff;--awb-bg-size:cover;width:30.6666%; margin-right: 4%;\"><div class=\"fusion-column-wrapper fusion-flex-column-wrapper-legacy\"><div class=\"fusion-image-element fusion-image-align-center in-legacy-container\" style=\"text-align:center;--awb-caption-title-font-family:var(--h2_typography-font-family);--awb-caption-title-font-weight:var(--h2_typography-font-weight);--awb-caption-title-font-style:var(--h2_typography-font-style);--awb-caption-title-size:var(--h2_typography-font-size);--awb-caption-title-transform:var(--h2_typography-text-transform);--awb-caption-title-line-height:var(--h2_typography-line-height);--awb-caption-title-letter-spacing:var(--h2_typography-letter-spacing);\"><div class=\"imageframe-align-center\"><span class=\" fusion-imageframe imageframe-none imageframe-3 hover-type-zoomin\"><a href=\"https:\/\/feucht-obsttechnik.de\/wp-content\/uploads\/hochgrasm\u00e4htechnik-john-deere-4.jpg\" class=\"fusion-lightbox\" data-rel=\"iLightbox[Plataforma de ro\u00e7ada de relva alta entre os eixos]\" data-title=\"Ro\u00e7ada de relva alta com John Deere\" title=\"Ro\u00e7ada de relva alta com John Deere\"><img decoding=\"async\" width=\"1600\" height=\"1200\" src=\"https:\/\/feucht-obsttechnik.de\/wp-content\/uploads\/hochgrasm\u00e4htechnik-john-deere-4.jpg\" alt class=\"img-responsive wp-image-18908\" srcset=\"https:\/\/feucht-obsttechnik.de\/wp-content\/uploads\/hochgrasm\u00e4htechnik-john-deere-4-200x150.jpg 200w, https:\/\/feucht-obsttechnik.de\/wp-content\/uploads\/hochgrasm\u00e4htechnik-john-deere-4-400x300.jpg 400w, https:\/\/feucht-obsttechnik.de\/wp-content\/uploads\/hochgrasm\u00e4htechnik-john-deere-4-600x450.jpg 600w, https:\/\/feucht-obsttechnik.de\/wp-content\/uploads\/hochgrasm\u00e4htechnik-john-deere-4-800x600.jpg 800w, https:\/\/feucht-obsttechnik.de\/wp-content\/uploads\/hochgrasm\u00e4htechnik-john-deere-4-1200x900.jpg 1200w, https:\/\/feucht-obsttechnik.de\/wp-content\/uploads\/hochgrasm\u00e4htechnik-john-deere-4.jpg 1600w\" sizes=\"(max-width: 835px) 100vw, 400px\" \/><\/a><\/span><\/div><\/div><div class=\"fusion-clearfix\"><\/div><\/div><\/div><div class=\"fusion-layout-column fusion_builder_column fusion-builder-column-12 fusion_builder_column_1_3 1_3 fusion-one-third fusion-column-last\" style=\"--awb-bg-color:#ffffff;--awb-bg-color-hover:#ffffff;--awb-bg-size:cover;width:30.6666%;\"><div class=\"fusion-column-wrapper fusion-flex-column-wrapper-legacy\"><div class=\"fusion-image-element fusion-image-align-center in-legacy-container\" style=\"text-align:center;--awb-caption-title-font-family:var(--h2_typography-font-family);--awb-caption-title-font-weight:var(--h2_typography-font-weight);--awb-caption-title-font-style:var(--h2_typography-font-style);--awb-caption-title-size:var(--h2_typography-font-size);--awb-caption-title-transform:var(--h2_typography-text-transform);--awb-caption-title-line-height:var(--h2_typography-line-height);--awb-caption-title-letter-spacing:var(--h2_typography-letter-spacing);\"><div class=\"imageframe-align-center\"><span class=\" fusion-imageframe imageframe-none imageframe-4 hover-type-zoomin\"><a href=\"https:\/\/feucht-obsttechnik.de\/wp-content\/uploads\/hochgrasm\u00e4htechnik-john-deere-2.jpg\" class=\"fusion-lightbox\" data-rel=\"iLightbox[Plataforma de ro\u00e7ada de relva alta entre os eixos]\" data-title=\"Ro\u00e7ada de relva alta com John Deere\" title=\"Ro\u00e7ada de relva alta com John Deere\"><img decoding=\"async\" width=\"1600\" height=\"1200\" src=\"https:\/\/feucht-obsttechnik.de\/wp-content\/uploads\/hochgrasm\u00e4htechnik-john-deere-2.jpg\" alt class=\"img-responsive wp-image-18910\" srcset=\"https:\/\/feucht-obsttechnik.de\/wp-content\/uploads\/hochgrasm\u00e4htechnik-john-deere-2-200x150.jpg 200w, https:\/\/feucht-obsttechnik.de\/wp-content\/uploads\/hochgrasm\u00e4htechnik-john-deere-2-400x300.jpg 400w, https:\/\/feucht-obsttechnik.de\/wp-content\/uploads\/hochgrasm\u00e4htechnik-john-deere-2-600x450.jpg 600w, https:\/\/feucht-obsttechnik.de\/wp-content\/uploads\/hochgrasm\u00e4htechnik-john-deere-2-800x600.jpg 800w, https:\/\/feucht-obsttechnik.de\/wp-content\/uploads\/hochgrasm\u00e4htechnik-john-deere-2-1200x900.jpg 1200w, https:\/\/feucht-obsttechnik.de\/wp-content\/uploads\/hochgrasm\u00e4htechnik-john-deere-2.jpg 1600w\" sizes=\"(max-width: 835px) 100vw, 400px\" \/><\/a><\/span><\/div><\/div><div class=\"fusion-clearfix\"><\/div><\/div><\/div><\/div><\/div><div class=\"fusion-fullwidth fullwidth-box fusion-builder-row-7 nonhundred-percent-fullwidth non-hundred-percent-height-scrolling fusion-equal-height-columns\" style=\"--awb-border-radius-top-left:0px;--awb-border-radius-top-right:0px;--awb-border-radius-bottom-right:0px;--awb-border-radius-bottom-left:0px;--awb-padding-bottom:100px;--awb-background-color:#f2f2f2;--awb-flex-wrap:wrap;\" ><div class=\"fusion-builder-row fusion-row\"><div class=\"fusion-layout-column fusion_builder_column fusion-builder-column-13 fusion_builder_column_1_2 1_2 fusion-one-half fusion-column-first\" style=\"--awb-bg-color:#ffffff;--awb-bg-color-hover:#ffffff;--awb-bg-size:cover;--awb-margin-bottom:40px;width:48%; margin-right: 4%;\"><div class=\"fusion-column-wrapper fusion-flex-column-wrapper-legacy\"><div class=\"fusion-text fusion-text-7\"><div style=\"padding: 25px\">\n<h2>Benef\u00edcios<\/h2>\n<ul>\n<li>baixa necessidade de energia<\/li>\n<li>plataforma de ro\u00e7ada adequada para muitos tratores de relva John Deere<\/li>\n<li>melhor qualidade de processamento<\/li>\n<\/ul>\n<\/div>\n<\/div><div class=\"fusion-clearfix\"><\/div><\/div><\/div><div class=\"fusion-layout-column fusion_builder_column fusion-builder-column-14 fusion_builder_column_1_2 1_2 fusion-one-half fusion-column-last\" style=\"--awb-bg-color:#ffffff;--awb-bg-color-hover:#ffffff;--awb-bg-size:cover;width:48%;\"><div class=\"fusion-column-wrapper fusion-flex-column-wrapper-legacy\"><div class=\"fusion-text fusion-text-8\"><div style=\"padding: 25px\">\n<h2>Dados t\u00e9cnicos<\/h2>\n<\/div>\n<\/div>\n<div class=\"table-2\">\n<table width=\"100%\">\n<tbody>\n<tr>\n<td align=\"left\">Largura de trabalho:<\/td>\n<td align=\"left\">100 cm \/ 125 cm \/ 140 cm<\/td>\n<\/tr>\n<tr>\n<td align=\"left\">L\u00e2mina de ro\u00e7ada:<\/td>\n<td align=\"left\">6 l\u00e2minas de palhagem (especialmente fabricadas)<\/td>\n<\/tr>\n<tr>\n<td align=\"left\">Largura total:<\/td>\n<td align=\"left\">104 cm \/ 129 cm \/ 145 cm<\/td>\n<\/tr>\n<\/tbody>\n<\/table>\n<\/div>\n<div class=\"fusion-clearfix\"><\/div><\/div><\/div><\/div><\/div><div class=\"fusion-fullwidth fullwidth-box fusion-builder-row-8 nonhundred-percent-fullwidth non-hundred-percent-height-scrolling fusion-equal-height-columns fusion-no-small-visibility schlagwoerter\" style=\"--awb-background-position:center top;--awb-border-sizes-top:0px;--awb-border-sizes-bottom:0px;--awb-border-sizes-left:0px;--awb-border-sizes-right:0px;--awb-border-radius-top-left:0px;--awb-border-radius-top-right:0px;--awb-border-radius-bottom-right:0px;--awb-border-radius-bottom-left:0px;--awb-padding-top:0px;--awb-padding-right:15%;--awb-padding-bottom:0px;--awb-padding-left:15%;--awb-background-color:#a0ce4e;--awb-flex-wrap:wrap;\" ><div class=\"fusion-builder-row fusion-row\"><div class=\"fusion-layout-column fusion_builder_column fusion-builder-column-15 fusion_builder_column_1_5 1_5 fusion-one-fifth fusion-column-first\" style=\"--awb-padding-top:10px;--awb-padding-bottom:10px;--awb-bg-size:cover;--awb-margin-top:10px;--awb-margin-bottom:0px;width:20%;width:calc(20% - ( ( 4% ) * 0.2 ) );margin-right: 4%;\"><div class=\"fusion-column-wrapper fusion-column-has-shadow fusion-flex-column-wrapper-legacy\"><div class=\"fusion-column-content-centered\"><div class=\"fusion-column-content\"><div class=\"fusion-title title fusion-title-2 fusion-sep-none fusion-title-text fusion-title-size-two\" style=\"--awb-text-color:#ffffff;--awb-margin-bottom:0px;--awb-margin-right-small:0px;--awb-margin-bottom-small:0px;--awb-margin-left-small:0px;\"><h2 class=\"fusion-title-heading title-heading-left fusion-responsive-typography-calculated\" style=\"margin:0;--fontSize:26;--minFontSize:26;line-height:1.25;\">Palavras-chave:<\/h2><\/div><\/div><\/div><div class=\"fusion-clearfix\"><\/div><\/div><\/div><div class=\"fusion-layout-column fusion_builder_column fusion-builder-column-16 fusion_builder_column_4_5 4_5 fusion-four-fifth fusion-column-last fusion-column-no-min-height\" style=\"--awb-padding-top:10px;--awb-padding-bottom:10px;--awb-bg-size:cover;--awb-margin-top:20px;--awb-margin-bottom:0px;width:80%;width:calc(80% - ( ( 4% ) * 0.8 ) );\"><div class=\"fusion-column-wrapper fusion-column-has-shadow fusion-flex-column-wrapper-legacy\"><div class=\"fusion-text fusion-text-9\"><p><span style=\"color: #ffffff\"><a href=\"https:\/\/feucht-obsttechnik.de\/pt-pt\/tecnologia-de-rocada\/\">Tecnologia de ro\u00e7ada<\/a>, <a href=\"https:\/\/feucht-obsttechnik.de\/pt-pt\/tecnologia-de-rocada\/acessorios-para-robos-de-rocada\/\">Acess\u00f3rios para rob\u00f4s de ro\u00e7ada<\/a>, <a href=\"https:\/\/feucht-obsttechnik.de\/pt-pt\/tecnologia-de-rocada\/tecnologia-de-rocada-de-relva-alta\/plataforma-de-rocada-de-relva-alta-entre-os-eixos\/\">Plataforma de ro\u00e7ada de relva alta entre os eixos<\/a>, <a href=\"https:\/\/feucht-obsttechnik.de\/pt-pt\/tecnologia-de-rocada\/tecnologia-de-rocada-de-relva-alta\/cortador-de-relva-de-montagem-frontal-cat-0\/\">Ro\u00e7ada com montagem frontal<\/a>, <a href=\"https:\/\/feucht-obsttechnik.de\/pt-pt\/tecnologia-de-rocada\/tecnologia-de-rocada-de-relva-alta\/plataformas-de-rocada-para-john-deere\/\">Plataformas de ro\u00e7ada<\/a><\/span><\/p>\n<\/div><div class=\"fusion-clearfix\"><\/div><\/div><\/div><\/div><\/div><\/p>\n","protected":false},"excerpt":{"rendered":"","protected":false},"author":4,"featured_media":0,"parent":18895,"menu_order":0,"comment_status":"closed","ping_status":"closed","template":"100-width.php","meta":{"footnotes":"","_wp_rev_ctl_limit":""},"class_list":["post-18921","page","type-page","status-publish","hentry"],"yoast_head":"<!-- This site is optimized with the Yoast SEO plugin v27.2 - https:\/\/yoast.com\/product\/yoast-seo-wordpress\/ -->\n<title>Plataforma de ro\u00e7ada de relva alta entre os eixos - Feucht Obsttechnik<\/title>\n<meta name=\"description\" content=\"Este cortador de relva alta \u00e9 fixado entre os eixos dos tratores de relva John Deere. Isto significa que o cortador de relva \u00e9 transportado pelo trator. Mais informa\u00e7\u00f5es sobre os cortadores de relva.\" \/>\n<meta name=\"robots\" content=\"index, follow, max-snippet:-1, max-image-preview:large, max-video-preview:-1\" \/>\n<link rel=\"canonical\" href=\"https:\/\/feucht-obsttechnik.de\/pt-pt\/tecnologia-de-rocada\/tecnologia-de-rocada-de-relva-alta\/plataforma-de-rocada-de-relva-alta-entre-os-eixos\/\" \/>\n<meta property=\"og:locale\" content=\"pt_PT\" \/>\n<meta property=\"og:type\" content=\"article\" \/>\n<meta property=\"og:title\" content=\"Plataforma de ro\u00e7ada de relva alta entre os eixos - Feucht Obsttechnik\" \/>\n<meta property=\"og:description\" content=\"Este cortador de relva alta \u00e9 fixado entre os eixos dos tratores de relva John Deere. Isto significa que o cortador de relva \u00e9 transportado pelo trator. Mais informa\u00e7\u00f5es sobre os cortadores de relva.\" \/>\n<meta property=\"og:url\" content=\"https:\/\/feucht-obsttechnik.de\/pt-pt\/tecnologia-de-rocada\/tecnologia-de-rocada-de-relva-alta\/plataforma-de-rocada-de-relva-alta-entre-os-eixos\/\" \/>\n<meta property=\"og:site_name\" content=\"Feucht Obsttechnik\" \/>\n<meta property=\"article:modified_time\" content=\"2021-04-16T16:36:31+00:00\" \/>\n<meta name=\"twitter:card\" content=\"summary_large_image\" \/>\n<meta name=\"twitter:label1\" content=\"Tempo estimado de leitura\" \/>\n\t<meta name=\"twitter:data1\" content=\"19 minutos\" \/>\n<script type=\"application\/ld+json\" class=\"yoast-schema-graph\">{\"@context\":\"https:\/\/schema.org\",\"@graph\":[{\"@type\":\"WebPage\",\"@id\":\"https:\/\/feucht-obsttechnik.de\/pt-pt\/tecnologia-de-rocada\/tecnologia-de-rocada-de-relva-alta\/plataforma-de-rocada-de-relva-alta-entre-os-eixos\/\",\"url\":\"https:\/\/feucht-obsttechnik.de\/pt-pt\/tecnologia-de-rocada\/tecnologia-de-rocada-de-relva-alta\/plataforma-de-rocada-de-relva-alta-entre-os-eixos\/\",\"name\":\"Plataforma de ro\u00e7ada de relva alta entre os eixos - Feucht Obsttechnik\",\"isPartOf\":{\"@id\":\"https:\/\/feucht-obsttechnik.de\/pt-pt\/#website\"},\"datePublished\":\"2021-04-14T16:15:04+00:00\",\"dateModified\":\"2021-04-16T16:36:31+00:00\",\"description\":\"Este cortador de relva alta \u00e9 fixado entre os eixos dos tratores de relva John Deere. Isto significa que o cortador de relva \u00e9 transportado pelo trator. Mais informa\u00e7\u00f5es sobre os cortadores de relva.\",\"breadcrumb\":{\"@id\":\"https:\/\/feucht-obsttechnik.de\/pt-pt\/tecnologia-de-rocada\/tecnologia-de-rocada-de-relva-alta\/plataforma-de-rocada-de-relva-alta-entre-os-eixos\/#breadcrumb\"},\"inLanguage\":\"pt-PT\",\"potentialAction\":[{\"@type\":\"ReadAction\",\"target\":[\"https:\/\/feucht-obsttechnik.de\/pt-pt\/tecnologia-de-rocada\/tecnologia-de-rocada-de-relva-alta\/plataforma-de-rocada-de-relva-alta-entre-os-eixos\/\"]}]},{\"@type\":\"BreadcrumbList\",\"@id\":\"https:\/\/feucht-obsttechnik.de\/pt-pt\/tecnologia-de-rocada\/tecnologia-de-rocada-de-relva-alta\/plataforma-de-rocada-de-relva-alta-entre-os-eixos\/#breadcrumb\",\"itemListElement\":[{\"@type\":\"ListItem\",\"position\":1,\"name\":\"Startseite\",\"item\":\"https:\/\/feucht-obsttechnik.de\/pt-pt\/\"},{\"@type\":\"ListItem\",\"position\":2,\"name\":\"Tecnologia de ro\u00e7ada\",\"item\":\"https:\/\/feucht-obsttechnik.de\/pt-pt\/tecnologia-de-rocada\/\"},{\"@type\":\"ListItem\",\"position\":3,\"name\":\"Tecnologia de ro\u00e7ada de relva alta\",\"item\":\"https:\/\/feucht-obsttechnik.de\/pt-pt\/tecnologia-de-rocada\/tecnologia-de-rocada-de-relva-alta\/\"},{\"@type\":\"ListItem\",\"position\":4,\"name\":\"Plataforma de ro\u00e7ada de relva alta entre os eixos\"}]},{\"@type\":\"WebSite\",\"@id\":\"https:\/\/feucht-obsttechnik.de\/pt-pt\/#website\",\"url\":\"https:\/\/feucht-obsttechnik.de\/pt-pt\/\",\"name\":\"Feucht Obsttechnik\",\"description\":\"\",\"publisher\":{\"@id\":\"https:\/\/feucht-obsttechnik.de\/pt-pt\/#organization\"},\"potentialAction\":[{\"@type\":\"SearchAction\",\"target\":{\"@type\":\"EntryPoint\",\"urlTemplate\":\"https:\/\/feucht-obsttechnik.de\/pt-pt\/?s={search_term_string}\"},\"query-input\":{\"@type\":\"PropertyValueSpecification\",\"valueRequired\":true,\"valueName\":\"search_term_string\"}}],\"inLanguage\":\"pt-PT\"},{\"@type\":\"Organization\",\"@id\":\"https:\/\/feucht-obsttechnik.de\/pt-pt\/#organization\",\"name\":\"Feucht Obsttechnik GmbH\",\"url\":\"https:\/\/feucht-obsttechnik.de\/pt-pt\/\",\"logo\":{\"@type\":\"ImageObject\",\"inLanguage\":\"pt-PT\",\"@id\":\"https:\/\/feucht-obsttechnik.de\/pt-pt\/#\/schema\/logo\/image\/\",\"url\":\"https:\/\/feucht-obsttechnik.de\/wp-content\/uploads\/logo-feucht@2x-1.png\",\"contentUrl\":\"https:\/\/feucht-obsttechnik.de\/wp-content\/uploads\/logo-feucht@2x-1.png\",\"width\":640,\"height\":123,\"caption\":\"Feucht Obsttechnik GmbH\"},\"image\":{\"@id\":\"https:\/\/feucht-obsttechnik.de\/pt-pt\/#\/schema\/logo\/image\/\"}}]}<\/script>\n<!-- \/ Yoast SEO plugin. -->","yoast_head_json":{"title":"Plataforma de ro\u00e7ada de relva alta entre os eixos - Feucht Obsttechnik","description":"Este cortador de relva alta \u00e9 fixado entre os eixos dos tratores de relva John Deere. Isto significa que o cortador de relva \u00e9 transportado pelo trator. Mais informa\u00e7\u00f5es sobre os cortadores de relva.","robots":{"index":"index","follow":"follow","max-snippet":"max-snippet:-1","max-image-preview":"max-image-preview:large","max-video-preview":"max-video-preview:-1"},"canonical":"https:\/\/feucht-obsttechnik.de\/pt-pt\/tecnologia-de-rocada\/tecnologia-de-rocada-de-relva-alta\/plataforma-de-rocada-de-relva-alta-entre-os-eixos\/","og_locale":"pt_PT","og_type":"article","og_title":"Plataforma de ro\u00e7ada de relva alta entre os eixos - Feucht Obsttechnik","og_description":"Este cortador de relva alta \u00e9 fixado entre os eixos dos tratores de relva John Deere. Isto significa que o cortador de relva \u00e9 transportado pelo trator. Mais informa\u00e7\u00f5es sobre os cortadores de relva.","og_url":"https:\/\/feucht-obsttechnik.de\/pt-pt\/tecnologia-de-rocada\/tecnologia-de-rocada-de-relva-alta\/plataforma-de-rocada-de-relva-alta-entre-os-eixos\/","og_site_name":"Feucht Obsttechnik","article_modified_time":"2021-04-16T16:36:31+00:00","twitter_card":"summary_large_image","twitter_misc":{"Tempo estimado de leitura":"19 minutos"},"schema":{"@context":"https:\/\/schema.org","@graph":[{"@type":"WebPage","@id":"https:\/\/feucht-obsttechnik.de\/pt-pt\/tecnologia-de-rocada\/tecnologia-de-rocada-de-relva-alta\/plataforma-de-rocada-de-relva-alta-entre-os-eixos\/","url":"https:\/\/feucht-obsttechnik.de\/pt-pt\/tecnologia-de-rocada\/tecnologia-de-rocada-de-relva-alta\/plataforma-de-rocada-de-relva-alta-entre-os-eixos\/","name":"Plataforma de ro\u00e7ada de relva alta entre os eixos - Feucht Obsttechnik","isPartOf":{"@id":"https:\/\/feucht-obsttechnik.de\/pt-pt\/#website"},"datePublished":"2021-04-14T16:15:04+00:00","dateModified":"2021-04-16T16:36:31+00:00","description":"Este cortador de relva alta \u00e9 fixado entre os eixos dos tratores de relva John Deere. Isto significa que o cortador de relva \u00e9 transportado pelo trator. Mais informa\u00e7\u00f5es sobre os cortadores de relva.","breadcrumb":{"@id":"https:\/\/feucht-obsttechnik.de\/pt-pt\/tecnologia-de-rocada\/tecnologia-de-rocada-de-relva-alta\/plataforma-de-rocada-de-relva-alta-entre-os-eixos\/#breadcrumb"},"inLanguage":"pt-PT","potentialAction":[{"@type":"ReadAction","target":["https:\/\/feucht-obsttechnik.de\/pt-pt\/tecnologia-de-rocada\/tecnologia-de-rocada-de-relva-alta\/plataforma-de-rocada-de-relva-alta-entre-os-eixos\/"]}]},{"@type":"BreadcrumbList","@id":"https:\/\/feucht-obsttechnik.de\/pt-pt\/tecnologia-de-rocada\/tecnologia-de-rocada-de-relva-alta\/plataforma-de-rocada-de-relva-alta-entre-os-eixos\/#breadcrumb","itemListElement":[{"@type":"ListItem","position":1,"name":"Startseite","item":"https:\/\/feucht-obsttechnik.de\/pt-pt\/"},{"@type":"ListItem","position":2,"name":"Tecnologia de ro\u00e7ada","item":"https:\/\/feucht-obsttechnik.de\/pt-pt\/tecnologia-de-rocada\/"},{"@type":"ListItem","position":3,"name":"Tecnologia de ro\u00e7ada de relva alta","item":"https:\/\/feucht-obsttechnik.de\/pt-pt\/tecnologia-de-rocada\/tecnologia-de-rocada-de-relva-alta\/"},{"@type":"ListItem","position":4,"name":"Plataforma de ro\u00e7ada de relva alta entre os eixos"}]},{"@type":"WebSite","@id":"https:\/\/feucht-obsttechnik.de\/pt-pt\/#website","url":"https:\/\/feucht-obsttechnik.de\/pt-pt\/","name":"Feucht Obsttechnik","description":"","publisher":{"@id":"https:\/\/feucht-obsttechnik.de\/pt-pt\/#organization"},"potentialAction":[{"@type":"SearchAction","target":{"@type":"EntryPoint","urlTemplate":"https:\/\/feucht-obsttechnik.de\/pt-pt\/?s={search_term_string}"},"query-input":{"@type":"PropertyValueSpecification","valueRequired":true,"valueName":"search_term_string"}}],"inLanguage":"pt-PT"},{"@type":"Organization","@id":"https:\/\/feucht-obsttechnik.de\/pt-pt\/#organization","name":"Feucht Obsttechnik GmbH","url":"https:\/\/feucht-obsttechnik.de\/pt-pt\/","logo":{"@type":"ImageObject","inLanguage":"pt-PT","@id":"https:\/\/feucht-obsttechnik.de\/pt-pt\/#\/schema\/logo\/image\/","url":"https:\/\/feucht-obsttechnik.de\/wp-content\/uploads\/logo-feucht@2x-1.png","contentUrl":"https:\/\/feucht-obsttechnik.de\/wp-content\/uploads\/logo-feucht@2x-1.png","width":640,"height":123,"caption":"Feucht Obsttechnik GmbH"},"image":{"@id":"https:\/\/feucht-obsttechnik.de\/pt-pt\/#\/schema\/logo\/image\/"}}]}},"_links":{"self":[{"href":"https:\/\/feucht-obsttechnik.de\/pt-pt\/wp-json\/wp\/v2\/pages\/18921","targetHints":{"allow":["GET"]}}],"collection":[{"href":"https:\/\/feucht-obsttechnik.de\/pt-pt\/wp-json\/wp\/v2\/pages"}],"about":[{"href":"https:\/\/feucht-obsttechnik.de\/pt-pt\/wp-json\/wp\/v2\/types\/page"}],"author":[{"embeddable":true,"href":"https:\/\/feucht-obsttechnik.de\/pt-pt\/wp-json\/wp\/v2\/users\/4"}],"replies":[{"embeddable":true,"href":"https:\/\/feucht-obsttechnik.de\/pt-pt\/wp-json\/wp\/v2\/comments?post=18921"}],"version-history":[{"count":0,"href":"https:\/\/feucht-obsttechnik.de\/pt-pt\/wp-json\/wp\/v2\/pages\/18921\/revisions"}],"up":[{"embeddable":true,"href":"https:\/\/feucht-obsttechnik.de\/pt-pt\/wp-json\/wp\/v2\/pages\/18895"}],"wp:attachment":[{"href":"https:\/\/feucht-obsttechnik.de\/pt-pt\/wp-json\/wp\/v2\/media?parent=18921"}],"curies":[{"name":"wp","href":"https:\/\/api.w.org\/{rel}","templated":true}]}}