{"id":18007,"date":"2021-04-14T12:17:10","date_gmt":"2021-04-14T10:17:10","guid":{"rendered":"http:\/\/neu2020.feucht-obsttechnik.de\/obrobka-orzechow\/pbrobki-orzechow-male-ilosci\/suszenie-orzechy\/"},"modified":"2021-04-19T10:25:56","modified_gmt":"2021-04-19T08:25:56","slug":"suszenie-orzechy","status":"publish","type":"page","link":"https:\/\/feucht-obsttechnik.de\/pl\/obrobka-orzechow\/pbrobki-orzechow-male-ilosci\/suszenie-orzechy\/","title":{"rendered":"Suszenie orzechy"},"content":{"rendered":"<p><div class=\"fusion-bg-parallax\" data-bg-align=\"left center\" data-direction=\"up\" data-mute=\"false\" data-opacity=\"100\" data-velocity=\"-0.3\" data-mobile-enabled=\"false\" data-break_parents=\"0\" data-bg-image=\"https:\/\/feucht-obsttechnik.de\/wp-content\/uploads\/bg-header-nussernte-klein.jpg\" data-bg-repeat=\"false\" ><\/div><div class=\"fusion-fullwidth fullwidth-box fusion-builder-row-1 fusion-parallax-up nonhundred-percent-fullwidth non-hundred-percent-height-scrolling\" style=\"--awb-background-position:left center;--awb-border-sizes-top:0px;--awb-border-sizes-bottom:0px;--awb-border-sizes-left:0px;--awb-border-sizes-right:0px;--awb-border-radius-top-left:0px;--awb-border-radius-top-right:0px;--awb-border-radius-bottom-right:0px;--awb-border-radius-bottom-left:0px;--awb-padding-top:130px;--awb-padding-bottom:120px;--awb-background-image:url(&quot;https:\/\/feucht-obsttechnik.de\/wp-content\/uploads\/bg-header-nussernte-klein.jpg&quot;);--awb-background-size:cover;--awb-flex-wrap:wrap;\" ><div class=\"fusion-builder-row fusion-row\"><div class=\"fusion-layout-column fusion_builder_column fusion-builder-column-0 fusion_builder_column_1_2 1_2 fusion-one-half fusion-column-first\" style=\"--awb-bg-size:cover;width:48%; margin-right: 4%;\"><div class=\"fusion-column-wrapper fusion-flex-column-wrapper-legacy\"><div class=\"fusion-text fusion-text-1\"><h1><span style=\"color: #ffffff;\"> Suszenie orzechy <\/span><\/h1>\n<p><span style=\"color: #ffffff;\">Skorzystaj z naszego know-how w zakresie obr\u00f3bki orzech\u00f3w i zwi\u0119ksz swoj\u0105 produktywno\u015b\u0107 na wszystkich etapach obr\u00f3bki.<\/span><\/p>\n<\/div><div class=\"fusion-clearfix\"><\/div><\/div><\/div><div class=\"fusion-layout-column fusion_builder_column fusion-builder-column-1 fusion_builder_column_1_2 1_2 fusion-one-half fusion-column-last\" style=\"--awb-bg-size:cover;width:48%;\"><div class=\"fusion-column-wrapper fusion-flex-column-wrapper-legacy\"><div class=\"fusion-clearfix\"><\/div><\/div><\/div><\/div><\/div><div class=\"fusion-fullwidth fullwidth-box fusion-builder-row-2 nonhundred-percent-fullwidth non-hundred-percent-height-scrolling\" style=\"--awb-background-position:left top;--awb-border-sizes-top:0px;--awb-border-sizes-bottom:0px;--awb-border-sizes-left:0px;--awb-border-sizes-right:0px;--awb-border-radius-top-left:0px;--awb-border-radius-top-right:0px;--awb-border-radius-bottom-right:0px;--awb-border-radius-bottom-left:0px;--awb-padding-top:130px;--awb-padding-bottom:30px;--awb-flex-wrap:wrap;\" ><div class=\"fusion-builder-row fusion-row\"><div class=\"fusion-layout-column fusion_builder_column fusion-builder-column-2 fusion_builder_column_1_1 1_1 fusion-one-full fusion-column-first fusion-column-last\" style=\"--awb-bg-size:cover;\"><div class=\"fusion-column-wrapper fusion-column-has-shadow fusion-flex-column-wrapper-legacy\"><div class=\"fusion-text fusion-text-2\"><h2>Ostro\u017cnie osusz orzechy.<\/h2>\n<\/div><div class=\"fusion-text fusion-text-3\"><h3><span class=\"\">Twarde orzechy w\u0142oskie dzi\u0119ki urz\u0105dzeniom susz\u0105cym.<\/span><\/h3>\n<\/div><div class=\"fusion-clearfix\"><\/div><\/div><\/div><div class=\"fusion-layout-column fusion_builder_column fusion-builder-column-3 fusion_builder_column_1_2 1_2 fusion-one-half fusion-column-first\" style=\"--awb-bg-size:cover;width:48%; margin-right: 4%;\"><div class=\"fusion-column-wrapper fusion-flex-column-wrapper-legacy\"><div class=\"fusion-text fusion-text-4\"><p>Suszenie jest wa\u017cnym procesem i musi by\u0107 wykonywane bardzo precyzyjnie. <g id=\"gid_0\">Proces suszenia<\/g> okre\u015bla, jak d\u0142ugo mo\u017cna przechowywa\u0107 orzechy w\u0142oskie. W ten spos\u00f3b szybkie suszenie zapobiega czernieniu, a nawet ple\u015bnieniu orzech\u00f3w. Podczas suszenia w ciep\u0142ej suszarni z nawiewem suchego powietrza orzechy staj\u0105 si\u0119 twarde.   <\/p>\n<p>Do procesu suszenia oferujemy r\u00f3\u017cne suszarnie, w zale\u017cno\u015bci od zakresu zbioru orzech\u00f3w. W ten spos\u00f3b orzechy s\u0105 starannie i szybko suszone.<\/p>\n<\/div><div class=\"fusion-clearfix\"><\/div><\/div><\/div><div class=\"fusion-layout-column fusion_builder_column fusion-builder-column-4 fusion_builder_column_1_2 1_2 fusion-one-half fusion-column-last\" style=\"--awb-bg-size:cover;width:48%;\"><div class=\"fusion-column-wrapper fusion-flex-column-wrapper-legacy\"><div class=\"fusion-image-element in-legacy-container\" style=\"--awb-caption-title-font-family:var(--h2_typography-font-family);--awb-caption-title-font-weight:var(--h2_typography-font-weight);--awb-caption-title-font-style:var(--h2_typography-font-style);--awb-caption-title-size:var(--h2_typography-font-size);--awb-caption-title-transform:var(--h2_typography-text-transform);--awb-caption-title-line-height:var(--h2_typography-line-height);--awb-caption-title-letter-spacing:var(--h2_typography-letter-spacing);\"><span class=\" fusion-imageframe imageframe-none imageframe-1 hover-type-zoomin fusion-animated\" data-animationType=\"fadeInDown\" data-animationDuration=\"1.0\" data-animationOffset=\"bottom-in-view\"><a href=\"https:\/\/feucht-obsttechnik.de\/wp-content\/uploads\/nussverarbeitung-klein-trocknen-trockner-mini-1.jpg\" class=\"fusion-lightbox\" data-rel=\"iLightbox[dd26693ba0feab13b7f]\" data-title=\"Suszenie orzech\u00f3w z suszark\u0105 Mini\" title=\"Suszenie orzech\u00f3w z suszark\u0105 Mini\"><img decoding=\"async\" width=\"1600\" height=\"1200\" src=\"https:\/\/feucht-obsttechnik.de\/wp-content\/uploads\/nussverarbeitung-klein-trocknen-trockner-mini-1.jpg\" alt class=\"img-responsive wp-image-17871\" srcset=\"https:\/\/feucht-obsttechnik.de\/wp-content\/uploads\/nussverarbeitung-klein-trocknen-trockner-mini-1-200x150.jpg 200w, https:\/\/feucht-obsttechnik.de\/wp-content\/uploads\/nussverarbeitung-klein-trocknen-trockner-mini-1-400x300.jpg 400w, https:\/\/feucht-obsttechnik.de\/wp-content\/uploads\/nussverarbeitung-klein-trocknen-trockner-mini-1-600x450.jpg 600w, https:\/\/feucht-obsttechnik.de\/wp-content\/uploads\/nussverarbeitung-klein-trocknen-trockner-mini-1-800x600.jpg 800w, https:\/\/feucht-obsttechnik.de\/wp-content\/uploads\/nussverarbeitung-klein-trocknen-trockner-mini-1-1200x900.jpg 1200w, https:\/\/feucht-obsttechnik.de\/wp-content\/uploads\/nussverarbeitung-klein-trocknen-trockner-mini-1.jpg 1600w\" sizes=\"(max-width: 835px) 100vw, 600px\" \/><\/a><\/span><\/div><div class=\"fusion-clearfix\"><\/div><\/div><\/div><\/div><\/div><div class=\"fusion-fullwidth fullwidth-box fusion-builder-row-3 nonhundred-percent-fullwidth non-hundred-percent-height-scrolling\" style=\"--awb-background-position:left top;--awb-border-sizes-top:0px;--awb-border-sizes-bottom:0px;--awb-border-sizes-left:0px;--awb-border-sizes-right:0px;--awb-border-radius-top-left:0px;--awb-border-radius-top-right:0px;--awb-border-radius-bottom-right:0px;--awb-border-radius-bottom-left:0px;--awb-padding-top:1px;--awb-padding-bottom:0px;--awb-background-color:#cc0000;--awb-flex-wrap:wrap;\" ><div class=\"fusion-builder-row fusion-row\"><div class=\"fusion-layout-column fusion_builder_column fusion-builder-column-5 fusion_builder_column_1_1 1_1 fusion-one-full fusion-column-first fusion-column-last\" style=\"--awb-padding-top:50px;--awb-padding-bottom:50px;--awb-padding-left:0px;--awb-bg-size:cover;--awb-margin-bottom:0px;\"><div class=\"fusion-column-wrapper fusion-column-has-shadow fusion-flex-column-wrapper-legacy\"><div class=\"fusion-column-content-centered\"><div class=\"fusion-column-content\"><div class=\"fusion-text fusion-text-5\"><h2 style=\"text-align: center; margin-bottom: 0px;\"><span style=\"color: #ffffff;\">Maszyny do suszenia orzech\u00f3w firmy Feucht Obsttechnik<\/span><\/h2>\n<\/div><\/div><\/div><div class=\"fusion-clearfix\"><\/div><\/div><\/div><\/div><\/div><div class=\"fusion-fullwidth fullwidth-box fusion-builder-row-4 nonhundred-percent-fullwidth non-hundred-percent-height-scrolling\" style=\"--awb-border-radius-top-left:0px;--awb-border-radius-top-right:0px;--awb-border-radius-bottom-right:0px;--awb-border-radius-bottom-left:0px;--awb-flex-wrap:wrap;\" ><div class=\"fusion-builder-row fusion-row\"><div class=\"fusion-layout-column fusion_builder_column fusion-builder-column-6 fusion_builder_column_1_1 1_1 fusion-one-full fusion-column-first fusion-column-last\" style=\"--awb-padding-top:0px;--awb-padding-right:0px;--awb-padding-bottom:0px;--awb-padding-left:0px;--awb-bg-size:cover;--awb-margin-bottom:0px;\"><div class=\"fusion-column-wrapper fusion-column-has-shadow fusion-flex-column-wrapper-legacy\"><div class=\"fusion-menu-anchor\" id=\"nusstrockner-mini\"><\/div><div class=\"fusion-clearfix\"><\/div><\/div><\/div><\/div><\/div><div class=\"fusion-fullwidth fullwidth-box fusion-builder-row-5 fusion-parallax-none nonhundred-percent-fullwidth non-hundred-percent-height-scrolling\" style=\"--awb-border-radius-top-left:0px;--awb-border-radius-top-right:0px;--awb-border-radius-bottom-right:0px;--awb-border-radius-bottom-left:0px;--awb-padding-top:200px;--awb-margin-top:-1px;--awb-background-image:url(&quot;https:\/\/feucht-obsttechnik.de\/wp-content\/uploads\/nussverarbeitung-klein-trocknen-divider-trockner-mini-neu.jpg&quot;);--awb-background-size:cover;--awb-flex-wrap:wrap;\" ><div class=\"fusion-builder-row fusion-row\"><div class=\"fusion-layout-column fusion_builder_column fusion-builder-column-7 fusion_builder_column_1_6 1_6 fusion-one-sixth fusion-column-first\" style=\"--awb-bg-size:cover;width:16.666666666667%;width:calc(16.666666666667% - ( ( 4% + 4% ) * 0.16666666666667 ) );margin-right: 4%;\"><div class=\"fusion-column-wrapper fusion-flex-column-wrapper-legacy\"><div class=\"fusion-clearfix\"><\/div><\/div><\/div><div class=\"fusion-layout-column fusion_builder_column fusion-builder-column-8 fusion_builder_column_2_3 2_3 fusion-two-third\" style=\"--awb-padding-top:50px;--awb-padding-right:50px;--awb-padding-bottom:50px;--awb-padding-left:50px;--awb-bg-color:rgba(255,255,255,0.9);--awb-bg-color-hover:rgba(255,255,255,0.9);--awb-bg-size:cover;--awb-margin-bottom:-100px;width:66.666666666667%;width:calc(66.666666666667% - ( ( 4% + 4% ) * 0.66666666666667 ) );margin-right: 4%;\"><div class=\"fusion-column-wrapper fusion-column-has-shadow fusion-flex-column-wrapper-legacy\"><div class=\"fusion-text fusion-text-6\"><h2 style=\"text-align: center;\">Suszarka Mini<\/h2>\n<p style=\"text-align: center;\"><strong>Staranne suszenie z mo\u017cliwo\u015bci\u0105 rozbudowy.<\/strong><\/p>\n<p style=\"text-align: center;\">Za pomoc\u0105 minisuszarki mo\u017cna suszy\u0107 do 40 litr\u00f3w orzech\u00f3w. W tym celu regulowany termowentylator wytwarza ciep\u0142y, r\u00f3wnomierny strumie\u0144 powietrza (36 \u00b0). <g id=\"gid_0\">Termowentylator<\/g> jest bezpo\u015brednio pod\u0142\u0105czony do suszarni. Poprzez zaw\u00f3r mo\u017cna kontrolowa\u0107 wilgotno\u015b\u0107 orzech\u00f3w podczas ca\u0142ego procesu. W ten spos\u00f3b dzi\u0119ki minisuszarce mo\u017cna osi\u0105gn\u0105\u0107 bardzo dobry wynik suszenia.    <\/p>\n<p style=\"text-align: center;\">Suszone orzechy s\u0105 nast\u0119pnie opr\u00f3\u017cniane przez du\u017cy wylot. Mini suszarka pracuje w 2 fazach. Pojemno\u015b\u0107 suszarni mo\u017cna zwi\u0119kszy\u0107 poprzez rozbudow\u0119 (zawiera 2 poziomy).  <\/p>\n<\/div><div class=\"fusion-clearfix\"><\/div><\/div><\/div><div class=\"fusion-layout-column fusion_builder_column fusion-builder-column-9 fusion_builder_column_1_6 1_6 fusion-one-sixth fusion-column-last\" style=\"--awb-bg-size:cover;width:16.666666666667%;width:calc(16.666666666667% - ( ( 4% + 4% ) * 0.16666666666667 ) );\"><div class=\"fusion-column-wrapper fusion-flex-column-wrapper-legacy\"><div class=\"fusion-clearfix\"><\/div><\/div><\/div><\/div><\/div><div class=\"fusion-fullwidth fullwidth-box fusion-builder-row-6 nonhundred-percent-fullwidth non-hundred-percent-height-scrolling fusion-equal-height-columns\" style=\"--awb-border-radius-top-left:0px;--awb-border-radius-top-right:0px;--awb-border-radius-bottom-right:0px;--awb-border-radius-bottom-left:0px;--awb-padding-top:200px;--awb-background-color:#f2f2f2;--awb-flex-wrap:wrap;\" ><div class=\"fusion-builder-row fusion-row\"><div class=\"fusion-layout-column fusion_builder_column fusion-builder-column-10 fusion_builder_column_1_1 1_1 fusion-one-full fusion-column-first fusion-column-last\" style=\"--awb-bg-size:cover;\"><div class=\"fusion-column-wrapper fusion-flex-column-wrapper-legacy\"><div class=\"fusion-title title fusion-title-1 fusion-sep-none fusion-title-text fusion-title-size-one\" style=\"--awb-margin-top-small:0px;--awb-margin-right-small:0px;--awb-margin-bottom-small:20px;--awb-margin-left-small:0px;\"><h1 class=\"fusion-title-heading title-heading-left fusion-responsive-typography-calculated\" style=\"margin:0;--fontSize:38;line-height:1.33;\">Szczeg\u00f3\u0142y dot. Mini suszarki<\/h1><\/div><div class=\"fusion-clearfix\"><\/div><\/div><\/div><\/div><\/div><div class=\"fusion-fullwidth fullwidth-box fusion-builder-row-7 nonhundred-percent-fullwidth non-hundred-percent-height-scrolling fusion-equal-height-columns\" style=\"--awb-border-radius-top-left:0px;--awb-border-radius-top-right:0px;--awb-border-radius-bottom-right:0px;--awb-border-radius-bottom-left:0px;--awb-padding-bottom:100px;--awb-background-color:#f2f2f2;--awb-flex-wrap:wrap;\" ><div class=\"fusion-builder-row fusion-row\"><div class=\"fusion-layout-column fusion_builder_column fusion-builder-column-11 fusion_builder_column_1_3 1_3 fusion-one-third fusion-column-first\" style=\"--awb-bg-color:#ffffff;--awb-bg-color-hover:#ffffff;--awb-bg-size:cover;--awb-margin-bottom:40px;width:30.6666%; margin-right: 4%;\"><div class=\"fusion-column-wrapper fusion-flex-column-wrapper-legacy\"><div class=\"fusion-image-element fusion-image-align-center in-legacy-container\" style=\"text-align:center;--awb-caption-title-font-family:var(--h2_typography-font-family);--awb-caption-title-font-weight:var(--h2_typography-font-weight);--awb-caption-title-font-style:var(--h2_typography-font-style);--awb-caption-title-size:var(--h2_typography-font-size);--awb-caption-title-transform:var(--h2_typography-text-transform);--awb-caption-title-line-height:var(--h2_typography-line-height);--awb-caption-title-letter-spacing:var(--h2_typography-letter-spacing);\"><div class=\"imageframe-align-center\"><span class=\" fusion-imageframe imageframe-none imageframe-2 hover-type-zoomin\"><a href=\"https:\/\/feucht-obsttechnik.de\/wp-content\/uploads\/nussverarbeitung-klein-trocknen-trockner-mini-1.jpg\" class=\"fusion-lightbox\" data-rel=\"iLightbox[Suszarka Mini]\" data-title=\"Suszenie orzech\u00f3w z suszark\u0105 Mini\" title=\"Suszenie orzech\u00f3w z suszark\u0105 Mini\"><img decoding=\"async\" width=\"1600\" height=\"1200\" src=\"https:\/\/feucht-obsttechnik.de\/wp-content\/uploads\/nussverarbeitung-klein-trocknen-trockner-mini-1.jpg\" alt class=\"img-responsive wp-image-17871\" srcset=\"https:\/\/feucht-obsttechnik.de\/wp-content\/uploads\/nussverarbeitung-klein-trocknen-trockner-mini-1-200x150.jpg 200w, https:\/\/feucht-obsttechnik.de\/wp-content\/uploads\/nussverarbeitung-klein-trocknen-trockner-mini-1-400x300.jpg 400w, https:\/\/feucht-obsttechnik.de\/wp-content\/uploads\/nussverarbeitung-klein-trocknen-trockner-mini-1-600x450.jpg 600w, https:\/\/feucht-obsttechnik.de\/wp-content\/uploads\/nussverarbeitung-klein-trocknen-trockner-mini-1-800x600.jpg 800w, https:\/\/feucht-obsttechnik.de\/wp-content\/uploads\/nussverarbeitung-klein-trocknen-trockner-mini-1-1200x900.jpg 1200w, https:\/\/feucht-obsttechnik.de\/wp-content\/uploads\/nussverarbeitung-klein-trocknen-trockner-mini-1.jpg 1600w\" sizes=\"(max-width: 835px) 100vw, 400px\" \/><\/a><\/span><\/div><\/div><div class=\"fusion-clearfix\"><\/div><\/div><\/div><div class=\"fusion-layout-column fusion_builder_column fusion-builder-column-12 fusion_builder_column_1_3 1_3 fusion-one-third\" style=\"--awb-bg-color:#ffffff;--awb-bg-color-hover:#ffffff;--awb-bg-size:cover;--awb-margin-bottom:40px;width:30.6666%; margin-right: 4%;\"><div class=\"fusion-column-wrapper fusion-flex-column-wrapper-legacy\"><div class=\"fusion-image-element fusion-image-align-center in-legacy-container\" style=\"text-align:center;--awb-caption-title-font-family:var(--h2_typography-font-family);--awb-caption-title-font-weight:var(--h2_typography-font-weight);--awb-caption-title-font-style:var(--h2_typography-font-style);--awb-caption-title-size:var(--h2_typography-font-size);--awb-caption-title-transform:var(--h2_typography-text-transform);--awb-caption-title-line-height:var(--h2_typography-line-height);--awb-caption-title-letter-spacing:var(--h2_typography-letter-spacing);\"><div class=\"imageframe-align-center\"><span class=\" fusion-imageframe imageframe-none imageframe-3 hover-type-zoomin\"><a href=\"https:\/\/feucht-obsttechnik.de\/wp-content\/uploads\/nussverarbeitung-klein-trocknen-trockner-mini-2.jpg\" class=\"fusion-lightbox\" data-rel=\"iLightbox[Suszarka Mini]\" data-title=\"Suszenie orzech\u00f3w z suszark\u0105 Mini\" title=\"Suszenie orzech\u00f3w z suszark\u0105 Mini\"><img decoding=\"async\" width=\"1600\" height=\"1200\" src=\"https:\/\/feucht-obsttechnik.de\/wp-content\/uploads\/nussverarbeitung-klein-trocknen-trockner-mini-2.jpg\" alt class=\"img-responsive wp-image-17870\" srcset=\"https:\/\/feucht-obsttechnik.de\/wp-content\/uploads\/nussverarbeitung-klein-trocknen-trockner-mini-2-200x150.jpg 200w, https:\/\/feucht-obsttechnik.de\/wp-content\/uploads\/nussverarbeitung-klein-trocknen-trockner-mini-2-400x300.jpg 400w, https:\/\/feucht-obsttechnik.de\/wp-content\/uploads\/nussverarbeitung-klein-trocknen-trockner-mini-2-600x450.jpg 600w, https:\/\/feucht-obsttechnik.de\/wp-content\/uploads\/nussverarbeitung-klein-trocknen-trockner-mini-2-800x600.jpg 800w, https:\/\/feucht-obsttechnik.de\/wp-content\/uploads\/nussverarbeitung-klein-trocknen-trockner-mini-2-1200x900.jpg 1200w, https:\/\/feucht-obsttechnik.de\/wp-content\/uploads\/nussverarbeitung-klein-trocknen-trockner-mini-2.jpg 1600w\" sizes=\"(max-width: 835px) 100vw, 400px\" \/><\/a><\/span><\/div><\/div><div class=\"fusion-clearfix\"><\/div><\/div><\/div><div class=\"fusion-layout-column fusion_builder_column fusion-builder-column-13 fusion_builder_column_1_3 1_3 fusion-one-third fusion-column-last\" style=\"--awb-bg-color:#ffffff;--awb-bg-color-hover:#ffffff;--awb-bg-size:cover;--awb-margin-bottom:40px;width:30.6666%;\"><div class=\"fusion-column-wrapper fusion-flex-column-wrapper-legacy\"><div class=\"fusion-image-element fusion-image-align-center in-legacy-container\" style=\"text-align:center;--awb-caption-title-font-family:var(--h2_typography-font-family);--awb-caption-title-font-weight:var(--h2_typography-font-weight);--awb-caption-title-font-style:var(--h2_typography-font-style);--awb-caption-title-size:var(--h2_typography-font-size);--awb-caption-title-transform:var(--h2_typography-text-transform);--awb-caption-title-line-height:var(--h2_typography-line-height);--awb-caption-title-letter-spacing:var(--h2_typography-letter-spacing);\"><div class=\"imageframe-align-center\"><span class=\" fusion-imageframe imageframe-none imageframe-4 hover-type-zoomin\"><a href=\"https:\/\/feucht-obsttechnik.de\/wp-content\/uploads\/nussverarbeitung-klein-trocknen-trockner-mini-3.jpg\" class=\"fusion-lightbox\" data-rel=\"iLightbox[Suszarka Mini]\" data-title=\"Suszenie orzech\u00f3w z suszark\u0105 Mini\" title=\"Suszenie orzech\u00f3w z suszark\u0105 Mini\"><img decoding=\"async\" width=\"1600\" height=\"1200\" src=\"https:\/\/feucht-obsttechnik.de\/wp-content\/uploads\/nussverarbeitung-klein-trocknen-trockner-mini-3.jpg\" alt class=\"img-responsive wp-image-17869\" srcset=\"https:\/\/feucht-obsttechnik.de\/wp-content\/uploads\/nussverarbeitung-klein-trocknen-trockner-mini-3-200x150.jpg 200w, https:\/\/feucht-obsttechnik.de\/wp-content\/uploads\/nussverarbeitung-klein-trocknen-trockner-mini-3-400x300.jpg 400w, https:\/\/feucht-obsttechnik.de\/wp-content\/uploads\/nussverarbeitung-klein-trocknen-trockner-mini-3-600x450.jpg 600w, https:\/\/feucht-obsttechnik.de\/wp-content\/uploads\/nussverarbeitung-klein-trocknen-trockner-mini-3-800x600.jpg 800w, https:\/\/feucht-obsttechnik.de\/wp-content\/uploads\/nussverarbeitung-klein-trocknen-trockner-mini-3-1200x900.jpg 1200w, https:\/\/feucht-obsttechnik.de\/wp-content\/uploads\/nussverarbeitung-klein-trocknen-trockner-mini-3.jpg 1600w\" sizes=\"(max-width: 835px) 100vw, 400px\" \/><\/a><\/span><\/div><\/div><div class=\"fusion-clearfix\"><\/div><\/div><\/div><\/div><\/div><div class=\"fusion-fullwidth fullwidth-box fusion-builder-row-8 nonhundred-percent-fullwidth non-hundred-percent-height-scrolling fusion-equal-height-columns\" style=\"--awb-border-radius-top-left:0px;--awb-border-radius-top-right:0px;--awb-border-radius-bottom-right:0px;--awb-border-radius-bottom-left:0px;--awb-padding-bottom:100px;--awb-background-color:#f2f2f2;--awb-flex-wrap:wrap;\" ><div class=\"fusion-builder-row fusion-row\"><div class=\"fusion-layout-column fusion_builder_column fusion-builder-column-14 fusion_builder_column_1_2 1_2 fusion-one-half fusion-column-first\" style=\"--awb-bg-color:#ffffff;--awb-bg-color-hover:#ffffff;--awb-bg-size:cover;--awb-margin-bottom:40px;width:48%; margin-right: 4%;\"><div class=\"fusion-column-wrapper fusion-flex-column-wrapper-legacy\"><div class=\"fusion-text fusion-text-7\"><div style=\"padding: 25px;\">\n<h2>Korzy\u015bci<\/h2>\n<ul>\n<li>regulowana temperatura<\/li>\n<li>mo\u017cliwa sta\u0142a kontrola wilgotno\u015bci<\/li>\n<li>do 40 l suszonych orzech\u00f3w co 24 godziny<\/li>\n<li>zwi\u0119kszana wydajno\u015b\u0107 suszenia (dodatkowe 80 l \/ 24 h z mo\u017cliwo\u015bci\u0105 rozszerzenia za pomoc\u0105 nasadki)<\/li>\n<li>prosta obs\u0142uga<\/li>\n<li>prosty transport dzi\u0119ki niewielkiej wadze<\/li>\n<\/ul>\n<\/div>\n<\/div><div class=\"fusion-clearfix\"><\/div><\/div><\/div><div class=\"fusion-layout-column fusion_builder_column fusion-builder-column-15 fusion_builder_column_1_2 1_2 fusion-one-half fusion-column-last\" style=\"--awb-bg-color:#ffffff;--awb-bg-color-hover:#ffffff;--awb-bg-size:cover;width:48%;\"><div class=\"fusion-column-wrapper fusion-flex-column-wrapper-legacy\"><div class=\"fusion-text fusion-text-8\"><div style=\"padding: 25px;\">\n<h2>Dane techniczne<\/h2>\n<\/div>\n<\/div>\n<div class=\"table-2\">\n<table width=\"100%\">\n<tbody>\n<tr>\n<td align=\"left\" width=\"30%\"><\/td>\n<td align=\"left\" width=\"30%\">Suszarka Mini<\/td>\n<td align=\"left\" width=\"40%\">Rozszerzenie do minisuszarki<\/td>\n<\/tr>\n<tr>\n<td style=\"text-align: left;\" align=\"left\">D\u0142ugo\u015b\u0107:<\/td>\n<td style=\"text-align: left;\" align=\"left\">45 cm<\/td>\n<td style=\"text-align: left;\" align=\"left\">45 cm<\/td>\n<\/tr>\n<tr>\n<td style=\"text-align: left;\" align=\"left\">Szeroko\u015b\u0107:<\/td>\n<td style=\"text-align: left;\" align=\"left\">48 cm<\/td>\n<td style=\"text-align: left;\" align=\"left\">48 cm<\/td>\n<\/tr>\n<tr>\n<td style=\"text-align: left;\" align=\"left\">Wysoko\u015b\u0107:<\/td>\n<td style=\"text-align: left;\" align=\"left\">110 cm<\/td>\n<td style=\"text-align: left;\" align=\"left\">70 cm<\/td>\n<\/tr>\n<tr>\n<td style=\"text-align: left;\" align=\"left\">Waga:<\/td>\n<td style=\"text-align: left;\" align=\"left\">28.5 kg<\/td>\n<td style=\"text-align: left;\" align=\"left\">20 kg<\/td>\n<\/tr>\n<tr>\n<td style=\"text-align: left;\" align=\"left\">Wydajno\u015b\u0107:<\/td>\n<td style=\"text-align: left;\" align=\"left\">&gt;&gt;1 kW \/ 2.5 kW<\/td>\n<td style=\"text-align: left;\" align=\"left\">&gt;&gt;1 kW \/ 2.5 kW<\/td>\n<\/tr>\n<tr>\n<td style=\"text-align: left;\" align=\"left\">Pojemno\u015b\u0107:<\/td>\n<td style=\"text-align: left;\" align=\"left\">1x 40 l\/24h<\/td>\n<td style=\"text-align: left;\" align=\"left\">2x 40 l\/24h<\/td>\n<\/tr>\n<tr>\n<td style=\"text-align: left;\" align=\"left\">Przep\u0142yw:<\/td>\n<td style=\"text-align: left;\" align=\"left\">40 l\/24h<\/td>\n<td style=\"text-align: left;\" align=\"left\">80 l\/24h<\/td>\n<\/tr>\n<tr>\n<td style=\"text-align: left;\" align=\"left\">Zakres dostawy:<\/td>\n<td style=\"text-align: left;\" align=\"left\">1x suszarka (zestaw do z\u0142o\u017cenia)<br \/>\n1x termowentylator<br \/>\n1x pude\u0142ko 40 ltr.<\/td>\n<td style=\"text-align: left;\" align=\"left\">Dostawa zestawu do z\u0142o\u017cenia<\/td>\n<\/tr>\n<\/tbody>\n<\/table>\n<\/div>\n<div class=\"fusion-clearfix\"><\/div><\/div><\/div><\/div><\/div><div class=\"fusion-fullwidth fullwidth-box fusion-builder-row-9 nonhundred-percent-fullwidth non-hundred-percent-height-scrolling\" style=\"--awb-border-radius-top-left:0px;--awb-border-radius-top-right:0px;--awb-border-radius-bottom-right:0px;--awb-border-radius-bottom-left:0px;--awb-flex-wrap:wrap;\" ><div class=\"fusion-builder-row fusion-row\"><div class=\"fusion-layout-column fusion_builder_column fusion-builder-column-16 fusion_builder_column_1_1 1_1 fusion-one-full fusion-column-first fusion-column-last\" style=\"--awb-padding-top:0px;--awb-padding-right:0px;--awb-padding-bottom:0px;--awb-padding-left:0px;--awb-bg-size:cover;--awb-margin-bottom:0px;\"><div class=\"fusion-column-wrapper fusion-column-has-shadow fusion-flex-column-wrapper-legacy\"><div class=\"fusion-menu-anchor\" id=\"nusstrockner-maxi\"><\/div><div class=\"fusion-clearfix\"><\/div><\/div><\/div><\/div><\/div><div class=\"fusion-fullwidth fullwidth-box fusion-builder-row-10 fusion-parallax-none nonhundred-percent-fullwidth non-hundred-percent-height-scrolling\" style=\"--awb-border-radius-top-left:0px;--awb-border-radius-top-right:0px;--awb-border-radius-bottom-right:0px;--awb-border-radius-bottom-left:0px;--awb-padding-top:200px;--awb-background-image:url(&quot;https:\/\/feucht-obsttechnik.de\/wp-content\/uploads\/nussverarbeitung-klein-trocknen-divider-trockner-maxi.jpg&quot;);--awb-background-size:cover;--awb-flex-wrap:wrap;\" ><div class=\"fusion-builder-row fusion-row\"><div class=\"fusion-layout-column fusion_builder_column fusion-builder-column-17 fusion_builder_column_1_6 1_6 fusion-one-sixth fusion-column-first\" style=\"--awb-bg-size:cover;width:16.666666666667%;width:calc(16.666666666667% - ( ( 4% + 4% ) * 0.16666666666667 ) );margin-right: 4%;\"><div class=\"fusion-column-wrapper fusion-flex-column-wrapper-legacy\"><div class=\"fusion-clearfix\"><\/div><\/div><\/div><div class=\"fusion-layout-column fusion_builder_column fusion-builder-column-18 fusion_builder_column_2_3 2_3 fusion-two-third\" style=\"--awb-padding-top:50px;--awb-padding-right:50px;--awb-padding-bottom:50px;--awb-padding-left:50px;--awb-bg-color:rgba(255,255,255,0.9);--awb-bg-color-hover:rgba(255,255,255,0.9);--awb-bg-size:cover;--awb-margin-bottom:-100px;width:66.666666666667%;width:calc(66.666666666667% - ( ( 4% + 4% ) * 0.66666666666667 ) );margin-right: 4%;\"><div class=\"fusion-column-wrapper fusion-column-has-shadow fusion-flex-column-wrapper-legacy\"><div class=\"fusion-text fusion-text-9\"><h2 style=\"text-align: center;\">Suszarka Maxi<\/h2>\n<p style=\"text-align: center;\"><strong>Wydajne i zautomatyzowane suszarnie.<\/strong><\/p>\n<p style=\"text-align: center;\">Dzi\u0119ki suszarce Maxi du\u017ce ilo\u015bci orzech\u00f3w mo\u017cna suszy\u0107 w kr\u00f3tkim czasie i z bardzo dobr\u0105 jako\u015bci\u0105. W przybli\u017ceniu co 24 godziny mo\u017cna obrobi\u0107 do 1000 litr\u00f3w suszonych orzech\u00f3w. Wraz z <g id=\"gid_0\">procesem suszenia<\/g> orzechy s\u0105 przechowywane na 3 r\u00f3\u017cnych poziomach.  <\/p>\n<p style=\"text-align: center;\">Na dolnym poziomie znajduje si\u0119 wylot, przez kt\u00f3ry opr\u00f3\u017cniane s\u0105 suszone orzechy. Nast\u0119pnie oba g\u00f3rne poziomy s\u0105 otwierane tak, \u017ce orzechy spadaj\u0105 o jeden poziom ni\u017cej. G\u00f3rny poziom mo\u017cna wype\u0142ni\u0107 \u015bwie\u017cymi orzechami. Strumie\u0144 powietrza jest generowany za pomoc\u0105 nagrzewnicy gazowej i dmuchawy z ty\u0142u suszarni. Wilgotno\u015b\u0107 orzech\u00f3w mo\u017cna kontrolowa\u0107 przy pomocy naszego opcjonalnego <g id=\"gid_0\"><g id=\"gid_1\">miernika wilgotno\u015bci<\/g><\/g>.    <\/p>\n<\/div><div class=\"fusion-clearfix\"><\/div><\/div><\/div><div class=\"fusion-layout-column fusion_builder_column fusion-builder-column-19 fusion_builder_column_1_6 1_6 fusion-one-sixth fusion-column-last\" style=\"--awb-bg-size:cover;width:16.666666666667%;width:calc(16.666666666667% - ( ( 4% + 4% ) * 0.16666666666667 ) );\"><div class=\"fusion-column-wrapper fusion-flex-column-wrapper-legacy\"><div class=\"fusion-clearfix\"><\/div><\/div><\/div><\/div><\/div><div class=\"fusion-fullwidth fullwidth-box fusion-builder-row-11 nonhundred-percent-fullwidth non-hundred-percent-height-scrolling fusion-equal-height-columns\" style=\"--awb-border-radius-top-left:0px;--awb-border-radius-top-right:0px;--awb-border-radius-bottom-right:0px;--awb-border-radius-bottom-left:0px;--awb-padding-top:200px;--awb-background-color:#f2f2f2;--awb-flex-wrap:wrap;\" ><div class=\"fusion-builder-row fusion-row\"><div class=\"fusion-layout-column fusion_builder_column fusion-builder-column-20 fusion_builder_column_1_1 1_1 fusion-one-full fusion-column-first fusion-column-last\" style=\"--awb-bg-size:cover;\"><div class=\"fusion-column-wrapper fusion-flex-column-wrapper-legacy\"><div class=\"fusion-title title fusion-title-2 fusion-sep-none fusion-title-text fusion-title-size-one\" style=\"--awb-margin-top-small:0px;--awb-margin-right-small:0px;--awb-margin-bottom-small:20px;--awb-margin-left-small:0px;\"><h1 class=\"fusion-title-heading title-heading-left fusion-responsive-typography-calculated\" style=\"margin:0;--fontSize:38;line-height:1.33;\">Szczeg\u00f3\u0142y dot. Suszarki Maxi<\/h1><\/div><div class=\"fusion-clearfix\"><\/div><\/div><\/div><\/div><\/div><div class=\"fusion-fullwidth fullwidth-box fusion-builder-row-12 nonhundred-percent-fullwidth non-hundred-percent-height-scrolling fusion-equal-height-columns\" style=\"--awb-border-radius-top-left:0px;--awb-border-radius-top-right:0px;--awb-border-radius-bottom-right:0px;--awb-border-radius-bottom-left:0px;--awb-padding-bottom:100px;--awb-background-color:#f2f2f2;--awb-flex-wrap:wrap;\" ><div class=\"fusion-builder-row fusion-row\"><div class=\"fusion-layout-column fusion_builder_column fusion-builder-column-21 fusion_builder_column_1_3 1_3 fusion-one-third fusion-column-first\" style=\"--awb-bg-color:#ffffff;--awb-bg-color-hover:#ffffff;--awb-bg-size:cover;--awb-margin-bottom:40px;width:30.6666%; margin-right: 4%;\"><div class=\"fusion-column-wrapper fusion-flex-column-wrapper-legacy\"><div class=\"fusion-image-element fusion-image-align-center in-legacy-container\" style=\"text-align:center;--awb-caption-title-font-family:var(--h2_typography-font-family);--awb-caption-title-font-weight:var(--h2_typography-font-weight);--awb-caption-title-font-style:var(--h2_typography-font-style);--awb-caption-title-size:var(--h2_typography-font-size);--awb-caption-title-transform:var(--h2_typography-text-transform);--awb-caption-title-line-height:var(--h2_typography-line-height);--awb-caption-title-letter-spacing:var(--h2_typography-letter-spacing);\"><div class=\"imageframe-align-center\"><span class=\" fusion-imageframe imageframe-none imageframe-5 hover-type-zoomin\"><a href=\"https:\/\/feucht-obsttechnik.de\/wp-content\/uploads\/nussverarbeitung-klein-trocknen-trockner-maxi-2.jpg\" class=\"fusion-lightbox\" data-rel=\"iLightbox[Suszarka Maxi]\" data-title=\"Suszenie orzech\u00f3w z suszark\u0105 Maxi\" title=\"Suszenie orzech\u00f3w z suszark\u0105 Maxi\"><img decoding=\"async\" width=\"1600\" height=\"1200\" src=\"https:\/\/feucht-obsttechnik.de\/wp-content\/uploads\/nussverarbeitung-klein-trocknen-trockner-maxi-2.jpg\" alt class=\"img-responsive wp-image-17866\" srcset=\"https:\/\/feucht-obsttechnik.de\/wp-content\/uploads\/nussverarbeitung-klein-trocknen-trockner-maxi-2-200x150.jpg 200w, https:\/\/feucht-obsttechnik.de\/wp-content\/uploads\/nussverarbeitung-klein-trocknen-trockner-maxi-2-400x300.jpg 400w, https:\/\/feucht-obsttechnik.de\/wp-content\/uploads\/nussverarbeitung-klein-trocknen-trockner-maxi-2-600x450.jpg 600w, https:\/\/feucht-obsttechnik.de\/wp-content\/uploads\/nussverarbeitung-klein-trocknen-trockner-maxi-2-800x600.jpg 800w, https:\/\/feucht-obsttechnik.de\/wp-content\/uploads\/nussverarbeitung-klein-trocknen-trockner-maxi-2-1200x900.jpg 1200w, https:\/\/feucht-obsttechnik.de\/wp-content\/uploads\/nussverarbeitung-klein-trocknen-trockner-maxi-2.jpg 1600w\" sizes=\"(max-width: 835px) 100vw, 400px\" \/><\/a><\/span><\/div><\/div><div class=\"fusion-clearfix\"><\/div><\/div><\/div><div class=\"fusion-layout-column fusion_builder_column fusion-builder-column-22 fusion_builder_column_1_3 1_3 fusion-one-third\" style=\"--awb-bg-color:#ffffff;--awb-bg-color-hover:#ffffff;--awb-bg-size:cover;--awb-margin-bottom:40px;width:30.6666%; margin-right: 4%;\"><div class=\"fusion-column-wrapper fusion-flex-column-wrapper-legacy\"><div class=\"fusion-image-element fusion-image-align-center in-legacy-container\" style=\"text-align:center;--awb-caption-title-font-family:var(--h2_typography-font-family);--awb-caption-title-font-weight:var(--h2_typography-font-weight);--awb-caption-title-font-style:var(--h2_typography-font-style);--awb-caption-title-size:var(--h2_typography-font-size);--awb-caption-title-transform:var(--h2_typography-text-transform);--awb-caption-title-line-height:var(--h2_typography-line-height);--awb-caption-title-letter-spacing:var(--h2_typography-letter-spacing);\"><div class=\"imageframe-align-center\"><span class=\" fusion-imageframe imageframe-none imageframe-6 hover-type-zoomin\"><a href=\"https:\/\/feucht-obsttechnik.de\/wp-content\/uploads\/nussverarbeitung-klein-trocknen-trockner-maxi-3.jpg\" class=\"fusion-lightbox\" data-rel=\"iLightbox[Suszarka Maxi]\" data-title=\"Suszenie orzech\u00f3w z suszark\u0105 Maxi\" title=\"Suszenie orzech\u00f3w z suszark\u0105 Maxi\"><img decoding=\"async\" width=\"1600\" height=\"1200\" src=\"https:\/\/feucht-obsttechnik.de\/wp-content\/uploads\/nussverarbeitung-klein-trocknen-trockner-maxi-3.jpg\" alt class=\"img-responsive wp-image-17865\" srcset=\"https:\/\/feucht-obsttechnik.de\/wp-content\/uploads\/nussverarbeitung-klein-trocknen-trockner-maxi-3-200x150.jpg 200w, https:\/\/feucht-obsttechnik.de\/wp-content\/uploads\/nussverarbeitung-klein-trocknen-trockner-maxi-3-400x300.jpg 400w, https:\/\/feucht-obsttechnik.de\/wp-content\/uploads\/nussverarbeitung-klein-trocknen-trockner-maxi-3-600x450.jpg 600w, https:\/\/feucht-obsttechnik.de\/wp-content\/uploads\/nussverarbeitung-klein-trocknen-trockner-maxi-3-800x600.jpg 800w, https:\/\/feucht-obsttechnik.de\/wp-content\/uploads\/nussverarbeitung-klein-trocknen-trockner-maxi-3-1200x900.jpg 1200w, https:\/\/feucht-obsttechnik.de\/wp-content\/uploads\/nussverarbeitung-klein-trocknen-trockner-maxi-3.jpg 1600w\" sizes=\"(max-width: 835px) 100vw, 400px\" \/><\/a><\/span><\/div><\/div><div class=\"fusion-clearfix\"><\/div><\/div><\/div><div class=\"fusion-layout-column fusion_builder_column fusion-builder-column-23 fusion_builder_column_1_3 1_3 fusion-one-third fusion-column-last\" style=\"--awb-bg-color:#ffffff;--awb-bg-color-hover:#ffffff;--awb-bg-size:cover;--awb-margin-bottom:40px;width:30.6666%;\"><div class=\"fusion-column-wrapper fusion-flex-column-wrapper-legacy\"><div class=\"fusion-image-element fusion-image-align-center in-legacy-container\" style=\"text-align:center;--awb-caption-title-font-family:var(--h2_typography-font-family);--awb-caption-title-font-weight:var(--h2_typography-font-weight);--awb-caption-title-font-style:var(--h2_typography-font-style);--awb-caption-title-size:var(--h2_typography-font-size);--awb-caption-title-transform:var(--h2_typography-text-transform);--awb-caption-title-line-height:var(--h2_typography-line-height);--awb-caption-title-letter-spacing:var(--h2_typography-letter-spacing);\"><div class=\"imageframe-align-center\"><span class=\" fusion-imageframe imageframe-none imageframe-7 hover-type-zoomin\"><a href=\"https:\/\/feucht-obsttechnik.de\/wp-content\/uploads\/nussverarbeitung-klein-trocknen-trockner-maxi-1.jpg\" class=\"fusion-lightbox\" data-rel=\"iLightbox[Suszarka Maxi]\" data-title=\"Suszenie orzech\u00f3w z suszark\u0105 Maxi\" title=\"Suszenie orzech\u00f3w z suszark\u0105 Maxi\"><img decoding=\"async\" width=\"1600\" height=\"1200\" src=\"https:\/\/feucht-obsttechnik.de\/wp-content\/uploads\/nussverarbeitung-klein-trocknen-trockner-maxi-1.jpg\" alt class=\"img-responsive wp-image-17867\" srcset=\"https:\/\/feucht-obsttechnik.de\/wp-content\/uploads\/nussverarbeitung-klein-trocknen-trockner-maxi-1-200x150.jpg 200w, https:\/\/feucht-obsttechnik.de\/wp-content\/uploads\/nussverarbeitung-klein-trocknen-trockner-maxi-1-400x300.jpg 400w, https:\/\/feucht-obsttechnik.de\/wp-content\/uploads\/nussverarbeitung-klein-trocknen-trockner-maxi-1-600x450.jpg 600w, https:\/\/feucht-obsttechnik.de\/wp-content\/uploads\/nussverarbeitung-klein-trocknen-trockner-maxi-1-800x600.jpg 800w, https:\/\/feucht-obsttechnik.de\/wp-content\/uploads\/nussverarbeitung-klein-trocknen-trockner-maxi-1-1200x900.jpg 1200w, https:\/\/feucht-obsttechnik.de\/wp-content\/uploads\/nussverarbeitung-klein-trocknen-trockner-maxi-1.jpg 1600w\" sizes=\"(max-width: 835px) 100vw, 400px\" \/><\/a><\/span><\/div><\/div><div class=\"fusion-clearfix\"><\/div><\/div><\/div><\/div><\/div><div class=\"fusion-fullwidth fullwidth-box fusion-builder-row-13 nonhundred-percent-fullwidth non-hundred-percent-height-scrolling fusion-equal-height-columns\" style=\"--awb-border-radius-top-left:0px;--awb-border-radius-top-right:0px;--awb-border-radius-bottom-right:0px;--awb-border-radius-bottom-left:0px;--awb-padding-bottom:100px;--awb-background-color:#f2f2f2;--awb-flex-wrap:wrap;\" ><div class=\"fusion-builder-row fusion-row\"><div class=\"fusion-layout-column fusion_builder_column fusion-builder-column-24 fusion_builder_column_1_2 1_2 fusion-one-half fusion-column-first\" style=\"--awb-bg-color:#ffffff;--awb-bg-color-hover:#ffffff;--awb-bg-size:cover;--awb-margin-bottom:40px;width:48%; margin-right: 4%;\"><div class=\"fusion-column-wrapper fusion-flex-column-wrapper-legacy\"><div class=\"fusion-text fusion-text-10\"><div style=\"padding: 25px;\">\n<h2>Korzy\u015bci<\/h2>\n<ul>\n<li>r\u00f3wnomierne suszenie na r\u00f3\u017cnych etapach<\/li>\n<li>termostat do automatycznego w\u0142\u0105czania nagrzewnicy gazowej<\/li>\n<li>kontrola temperatury<\/li>\n<li>r\u00f3wnomierna wentylacja<\/li>\n<li>Du\u017ca pojemno\u015b\u0107<\/li>\n<li>Wydajny podgrzewacz na gaz propanowy<\/li>\n<\/ul>\n<\/div>\n<\/div><div class=\"fusion-clearfix\"><\/div><\/div><\/div><div class=\"fusion-layout-column fusion_builder_column fusion-builder-column-25 fusion_builder_column_1_2 1_2 fusion-one-half fusion-column-last\" style=\"--awb-bg-color:#ffffff;--awb-bg-color-hover:#ffffff;--awb-bg-size:cover;width:48%;\"><div class=\"fusion-column-wrapper fusion-flex-column-wrapper-legacy\"><div class=\"fusion-text fusion-text-11\"><div style=\"padding: 25px;\">\n<h2>Dane techniczne<\/h2>\n<\/div>\n<\/div>\n<div class=\"table-2\">\n<table width=\"100%\">\n<tbody>\n<tr>\n<td align=\"left\">D\u0142ugo\u015b\u0107:<\/td>\n<td align=\"left\">120 cm<\/td>\n<\/tr>\n<tr>\n<td align=\"left\">Szeroko\u015b\u0107:<\/td>\n<td align=\"left\">120 cm<\/td>\n<\/tr>\n<tr>\n<td align=\"left\">Wysoko\u015b\u0107:<\/td>\n<td align=\"left\">272 cm<\/td>\n<\/tr>\n<tr>\n<td align=\"left\">Waga:<\/td>\n<td align=\"left\">200 kg<\/td>\n<\/tr>\n<tr>\n<td align=\"left\">Wydajno\u015b\u0107:<\/td>\n<td align=\"left\">15-30 kW z grzejnikiem na gaz propanowy<\/td>\n<\/tr>\n<tr>\n<td align=\"left\">Pojemno\u015b\u0107:<\/td>\n<td align=\"left\">2100 l<\/td>\n<\/tr>\n<tr>\n<td align=\"left\">Przep\u0142yw:<\/td>\n<td align=\"left\">Do 1000 l\/24h<\/td>\n<\/tr>\n<tr>\n<td align=\"left\">Zakres dostawy:<\/td>\n<td align=\"left\">1x suszarka do z\u0142o\u017cenia<br \/>\n1x grzejnik na gaz propanowy<\/td>\n<\/tr>\n<tr>\n<td align=\"left\">Opcjonalnie:<\/td>\n<td align=\"left\"><a href=\"https:\/\/feucht-obsttechnik.de\/pl\/obrobka-orzechow\/obrobka-orzechow-duze-ilosci\/pomiar-wilgotnosci\/\"><strong>Miernik wilgotno\u015bci orzech\u00f3w<\/strong><\/a><\/td>\n<\/tr>\n<\/tbody>\n<\/table>\n<\/div>\n<div class=\"fusion-clearfix\"><\/div><\/div><\/div><\/div><\/div><div class=\"fusion-fullwidth fullwidth-box fusion-builder-row-14 nonhundred-percent-fullwidth non-hundred-percent-height-scrolling fusion-equal-height-columns fusion-no-small-visibility schlagwoerter\" style=\"--awb-background-position:center top;--awb-border-sizes-top:0px;--awb-border-sizes-bottom:0px;--awb-border-sizes-left:0px;--awb-border-sizes-right:0px;--awb-border-radius-top-left:0px;--awb-border-radius-top-right:0px;--awb-border-radius-bottom-right:0px;--awb-border-radius-bottom-left:0px;--awb-padding-top:0px;--awb-padding-right:15%;--awb-padding-bottom:0px;--awb-padding-left:15%;--awb-background-color:#a0ce4e;--awb-flex-wrap:wrap;\" ><div class=\"fusion-builder-row fusion-row\"><div class=\"fusion-layout-column fusion_builder_column fusion-builder-column-26 fusion_builder_column_1_5 1_5 fusion-one-fifth fusion-column-first\" style=\"--awb-padding-top:10px;--awb-padding-bottom:10px;--awb-bg-size:cover;--awb-margin-top:10px;--awb-margin-bottom:0px;width:20%;width:calc(20% - ( ( 4% ) * 0.2 ) );margin-right: 4%;\"><div class=\"fusion-column-wrapper fusion-column-has-shadow fusion-flex-column-wrapper-legacy\"><div class=\"fusion-column-content-centered\"><div class=\"fusion-column-content\"><div class=\"fusion-title title fusion-title-3 fusion-sep-none fusion-title-text fusion-title-size-two\" style=\"--awb-text-color:#ffffff;--awb-margin-bottom:0px;--awb-margin-right-small:0px;--awb-margin-bottom-small:0px;--awb-margin-left-small:0px;\"><h2 class=\"fusion-title-heading title-heading-left fusion-responsive-typography-calculated\" style=\"margin:0;--fontSize:26;--minFontSize:26;line-height:1.25;\">S\u0142owa klucze:<\/h2><\/div><\/div><\/div><div class=\"fusion-clearfix\"><\/div><\/div><\/div><div class=\"fusion-layout-column fusion_builder_column fusion-builder-column-27 fusion_builder_column_4_5 4_5 fusion-four-fifth fusion-column-last fusion-column-no-min-height\" style=\"--awb-padding-top:10px;--awb-padding-bottom:10px;--awb-bg-size:cover;--awb-margin-top:20px;--awb-margin-bottom:0px;width:80%;width:calc(80% - ( ( 4% ) * 0.8 ) );\"><div class=\"fusion-column-wrapper fusion-column-has-shadow fusion-flex-column-wrapper-legacy\"><div class=\"fusion-text fusion-text-12\"><p><span style=\"color: #ffffff;\"><a href=\"https:\/\/feucht-obsttechnik.de\/pl\/obrobka-orzechow\/pbrobki-orzechow-male-ilosci\/mycie-orzechow\/\">Mycie orzech\u00f3w<\/a>, <a href=\"https:\/\/feucht-obsttechnik.de\/pl\/obrobka-orzechow\/pbrobki-orzechow-male-ilosci\/\">obr\u00f3bka orzech\u00f3w (ma\u0142e ilo\u015bci)<\/a>, <a href=\"https:\/\/feucht-obsttechnik.de\/pl\/obrobka-orzechow\/pbrobki-orzechow-male-ilosci\/kalibracja-orzechow\/\">Kalibracja orzech\u00f3w<\/a>, <a href=\"https:\/\/feucht-obsttechnik.de\/pl\/obrobka-orzechow\/pbrobki-orzechow-male-ilosci\/lupanie-orzechow\/\">\u0141upanie orzech\u00f3w<\/a>, <a href=\"https:\/\/feucht-obsttechnik.de\/pl\/obrobka-orzechow\/pbrobki-orzechow-male-ilosci\/lupanie-orzechow\/\">Usuwanie \u0142upin<\/a><\/span><\/p>\n<\/div><div class=\"fusion-clearfix\"><\/div><\/div><\/div><\/div><\/div><\/p>\n","protected":false},"excerpt":{"rendered":"","protected":false},"author":4,"featured_media":0,"parent":17966,"menu_order":0,"comment_status":"closed","ping_status":"closed","template":"100-width.php","meta":{"footnotes":"","_wp_rev_ctl_limit":""},"class_list":["post-18007","page","type-page","status-publish","hentry"],"yoast_head":"<!-- This site is optimized with the Yoast SEO plugin v27.2 - https:\/\/yoast.com\/product\/yoast-seo-wordpress\/ -->\n<title>Suszenie orzechy - Feucht Obsttechnik<\/title>\n<meta name=\"description\" content=\"Optymalny i zwyczajny proces suszenia w suszarni zapobiega ple\u015bnieniu orzech\u00f3w. Dowiedz si\u0119 wi\u0119cej o wilgoci z suszarni.\" \/>\n<meta name=\"robots\" content=\"index, follow, max-snippet:-1, max-image-preview:large, max-video-preview:-1\" \/>\n<link rel=\"canonical\" href=\"https:\/\/feucht-obsttechnik.de\/pl\/obrobka-orzechow\/pbrobki-orzechow-male-ilosci\/suszenie-orzechy\/\" \/>\n<meta property=\"og:locale\" content=\"pl_PL\" \/>\n<meta property=\"og:type\" content=\"article\" \/>\n<meta property=\"og:title\" content=\"Suszenie orzechy - Feucht Obsttechnik\" \/>\n<meta property=\"og:description\" content=\"Optymalny i zwyczajny proces suszenia w suszarni zapobiega ple\u015bnieniu orzech\u00f3w. Dowiedz si\u0119 wi\u0119cej o wilgoci z suszarni.\" \/>\n<meta property=\"og:url\" content=\"https:\/\/feucht-obsttechnik.de\/pl\/obrobka-orzechow\/pbrobki-orzechow-male-ilosci\/suszenie-orzechy\/\" \/>\n<meta property=\"og:site_name\" content=\"Feucht Obsttechnik\" \/>\n<meta property=\"article:modified_time\" content=\"2021-04-19T08:25:56+00:00\" \/>\n<meta name=\"twitter:card\" content=\"summary_large_image\" \/>\n<meta name=\"twitter:label1\" content=\"Szacowany czas czytania\" \/>\n\t<meta name=\"twitter:data1\" content=\"31 minut\" \/>\n<script type=\"application\/ld+json\" class=\"yoast-schema-graph\">{\"@context\":\"https:\/\/schema.org\",\"@graph\":[{\"@type\":\"WebPage\",\"@id\":\"https:\/\/feucht-obsttechnik.de\/pl\/obrobka-orzechow\/pbrobki-orzechow-male-ilosci\/suszenie-orzechy\/\",\"url\":\"https:\/\/feucht-obsttechnik.de\/pl\/obrobka-orzechow\/pbrobki-orzechow-male-ilosci\/suszenie-orzechy\/\",\"name\":\"Suszenie orzechy - Feucht Obsttechnik\",\"isPartOf\":{\"@id\":\"https:\/\/feucht-obsttechnik.de\/pl\/#website\"},\"datePublished\":\"2021-04-14T10:17:10+00:00\",\"dateModified\":\"2021-04-19T08:25:56+00:00\",\"description\":\"Optymalny i zwyczajny proces suszenia w suszarni zapobiega ple\u015bnieniu orzech\u00f3w. Dowiedz si\u0119 wi\u0119cej o wilgoci z suszarni.\",\"breadcrumb\":{\"@id\":\"https:\/\/feucht-obsttechnik.de\/pl\/obrobka-orzechow\/pbrobki-orzechow-male-ilosci\/suszenie-orzechy\/#breadcrumb\"},\"inLanguage\":\"pl-PL\",\"potentialAction\":[{\"@type\":\"ReadAction\",\"target\":[\"https:\/\/feucht-obsttechnik.de\/pl\/obrobka-orzechow\/pbrobki-orzechow-male-ilosci\/suszenie-orzechy\/\"]}]},{\"@type\":\"BreadcrumbList\",\"@id\":\"https:\/\/feucht-obsttechnik.de\/pl\/obrobka-orzechow\/pbrobki-orzechow-male-ilosci\/suszenie-orzechy\/#breadcrumb\",\"itemListElement\":[{\"@type\":\"ListItem\",\"position\":1,\"name\":\"Startseite\",\"item\":\"https:\/\/feucht-obsttechnik.de\/pl\/\"},{\"@type\":\"ListItem\",\"position\":2,\"name\":\"Obr\u00f3bka orzech\u00f3w\",\"item\":\"https:\/\/feucht-obsttechnik.de\/pl\/obrobka-orzechow\/\"},{\"@type\":\"ListItem\",\"position\":3,\"name\":\"Pbr\u00f3bki orzech\u00f3w (ma\u0142e ilo\u015bci)\",\"item\":\"https:\/\/feucht-obsttechnik.de\/pl\/obrobka-orzechow\/pbrobki-orzechow-male-ilosci\/\"},{\"@type\":\"ListItem\",\"position\":4,\"name\":\"Suszenie orzechy\"}]},{\"@type\":\"WebSite\",\"@id\":\"https:\/\/feucht-obsttechnik.de\/pl\/#website\",\"url\":\"https:\/\/feucht-obsttechnik.de\/pl\/\",\"name\":\"Feucht Obsttechnik\",\"description\":\"\",\"publisher\":{\"@id\":\"https:\/\/feucht-obsttechnik.de\/pl\/#organization\"},\"potentialAction\":[{\"@type\":\"SearchAction\",\"target\":{\"@type\":\"EntryPoint\",\"urlTemplate\":\"https:\/\/feucht-obsttechnik.de\/pl\/?s={search_term_string}\"},\"query-input\":{\"@type\":\"PropertyValueSpecification\",\"valueRequired\":true,\"valueName\":\"search_term_string\"}}],\"inLanguage\":\"pl-PL\"},{\"@type\":\"Organization\",\"@id\":\"https:\/\/feucht-obsttechnik.de\/pl\/#organization\",\"name\":\"Feucht Obsttechnik GmbH\",\"url\":\"https:\/\/feucht-obsttechnik.de\/pl\/\",\"logo\":{\"@type\":\"ImageObject\",\"inLanguage\":\"pl-PL\",\"@id\":\"https:\/\/feucht-obsttechnik.de\/pl\/#\/schema\/logo\/image\/\",\"url\":\"https:\/\/feucht-obsttechnik.de\/wp-content\/uploads\/logo-feucht@2x-1.png\",\"contentUrl\":\"https:\/\/feucht-obsttechnik.de\/wp-content\/uploads\/logo-feucht@2x-1.png\",\"width\":640,\"height\":123,\"caption\":\"Feucht Obsttechnik GmbH\"},\"image\":{\"@id\":\"https:\/\/feucht-obsttechnik.de\/pl\/#\/schema\/logo\/image\/\"}}]}<\/script>\n<!-- \/ Yoast SEO plugin. -->","yoast_head_json":{"title":"Suszenie orzechy - Feucht Obsttechnik","description":"Optymalny i zwyczajny proces suszenia w suszarni zapobiega ple\u015bnieniu orzech\u00f3w. Dowiedz si\u0119 wi\u0119cej o wilgoci z suszarni.","robots":{"index":"index","follow":"follow","max-snippet":"max-snippet:-1","max-image-preview":"max-image-preview:large","max-video-preview":"max-video-preview:-1"},"canonical":"https:\/\/feucht-obsttechnik.de\/pl\/obrobka-orzechow\/pbrobki-orzechow-male-ilosci\/suszenie-orzechy\/","og_locale":"pl_PL","og_type":"article","og_title":"Suszenie orzechy - Feucht Obsttechnik","og_description":"Optymalny i zwyczajny proces suszenia w suszarni zapobiega ple\u015bnieniu orzech\u00f3w. Dowiedz si\u0119 wi\u0119cej o wilgoci z suszarni.","og_url":"https:\/\/feucht-obsttechnik.de\/pl\/obrobka-orzechow\/pbrobki-orzechow-male-ilosci\/suszenie-orzechy\/","og_site_name":"Feucht Obsttechnik","article_modified_time":"2021-04-19T08:25:56+00:00","twitter_card":"summary_large_image","twitter_misc":{"Szacowany czas czytania":"31 minut"},"schema":{"@context":"https:\/\/schema.org","@graph":[{"@type":"WebPage","@id":"https:\/\/feucht-obsttechnik.de\/pl\/obrobka-orzechow\/pbrobki-orzechow-male-ilosci\/suszenie-orzechy\/","url":"https:\/\/feucht-obsttechnik.de\/pl\/obrobka-orzechow\/pbrobki-orzechow-male-ilosci\/suszenie-orzechy\/","name":"Suszenie orzechy - Feucht Obsttechnik","isPartOf":{"@id":"https:\/\/feucht-obsttechnik.de\/pl\/#website"},"datePublished":"2021-04-14T10:17:10+00:00","dateModified":"2021-04-19T08:25:56+00:00","description":"Optymalny i zwyczajny proces suszenia w suszarni zapobiega ple\u015bnieniu orzech\u00f3w. Dowiedz si\u0119 wi\u0119cej o wilgoci z suszarni.","breadcrumb":{"@id":"https:\/\/feucht-obsttechnik.de\/pl\/obrobka-orzechow\/pbrobki-orzechow-male-ilosci\/suszenie-orzechy\/#breadcrumb"},"inLanguage":"pl-PL","potentialAction":[{"@type":"ReadAction","target":["https:\/\/feucht-obsttechnik.de\/pl\/obrobka-orzechow\/pbrobki-orzechow-male-ilosci\/suszenie-orzechy\/"]}]},{"@type":"BreadcrumbList","@id":"https:\/\/feucht-obsttechnik.de\/pl\/obrobka-orzechow\/pbrobki-orzechow-male-ilosci\/suszenie-orzechy\/#breadcrumb","itemListElement":[{"@type":"ListItem","position":1,"name":"Startseite","item":"https:\/\/feucht-obsttechnik.de\/pl\/"},{"@type":"ListItem","position":2,"name":"Obr\u00f3bka orzech\u00f3w","item":"https:\/\/feucht-obsttechnik.de\/pl\/obrobka-orzechow\/"},{"@type":"ListItem","position":3,"name":"Pbr\u00f3bki orzech\u00f3w (ma\u0142e ilo\u015bci)","item":"https:\/\/feucht-obsttechnik.de\/pl\/obrobka-orzechow\/pbrobki-orzechow-male-ilosci\/"},{"@type":"ListItem","position":4,"name":"Suszenie orzechy"}]},{"@type":"WebSite","@id":"https:\/\/feucht-obsttechnik.de\/pl\/#website","url":"https:\/\/feucht-obsttechnik.de\/pl\/","name":"Feucht Obsttechnik","description":"","publisher":{"@id":"https:\/\/feucht-obsttechnik.de\/pl\/#organization"},"potentialAction":[{"@type":"SearchAction","target":{"@type":"EntryPoint","urlTemplate":"https:\/\/feucht-obsttechnik.de\/pl\/?s={search_term_string}"},"query-input":{"@type":"PropertyValueSpecification","valueRequired":true,"valueName":"search_term_string"}}],"inLanguage":"pl-PL"},{"@type":"Organization","@id":"https:\/\/feucht-obsttechnik.de\/pl\/#organization","name":"Feucht Obsttechnik GmbH","url":"https:\/\/feucht-obsttechnik.de\/pl\/","logo":{"@type":"ImageObject","inLanguage":"pl-PL","@id":"https:\/\/feucht-obsttechnik.de\/pl\/#\/schema\/logo\/image\/","url":"https:\/\/feucht-obsttechnik.de\/wp-content\/uploads\/logo-feucht@2x-1.png","contentUrl":"https:\/\/feucht-obsttechnik.de\/wp-content\/uploads\/logo-feucht@2x-1.png","width":640,"height":123,"caption":"Feucht Obsttechnik GmbH"},"image":{"@id":"https:\/\/feucht-obsttechnik.de\/pl\/#\/schema\/logo\/image\/"}}]}},"_links":{"self":[{"href":"https:\/\/feucht-obsttechnik.de\/pl\/wp-json\/wp\/v2\/pages\/18007","targetHints":{"allow":["GET"]}}],"collection":[{"href":"https:\/\/feucht-obsttechnik.de\/pl\/wp-json\/wp\/v2\/pages"}],"about":[{"href":"https:\/\/feucht-obsttechnik.de\/pl\/wp-json\/wp\/v2\/types\/page"}],"author":[{"embeddable":true,"href":"https:\/\/feucht-obsttechnik.de\/pl\/wp-json\/wp\/v2\/users\/4"}],"replies":[{"embeddable":true,"href":"https:\/\/feucht-obsttechnik.de\/pl\/wp-json\/wp\/v2\/comments?post=18007"}],"version-history":[{"count":0,"href":"https:\/\/feucht-obsttechnik.de\/pl\/wp-json\/wp\/v2\/pages\/18007\/revisions"}],"up":[{"embeddable":true,"href":"https:\/\/feucht-obsttechnik.de\/pl\/wp-json\/wp\/v2\/pages\/17966"}],"wp:attachment":[{"href":"https:\/\/feucht-obsttechnik.de\/pl\/wp-json\/wp\/v2\/media?parent=18007"}],"curies":[{"name":"wp","href":"https:\/\/api.w.org\/{rel}","templated":true}]}}