{"id":16460,"date":"2021-04-12T18:03:29","date_gmt":"2021-04-12T16:03:29","guid":{"rendered":"http:\/\/neu2020.feucht-obsttechnik.de\/obrobka-orzechow\/orzech-laskowy\/suszenie-orzechow-laskowych\/"},"modified":"2021-04-19T10:07:49","modified_gmt":"2021-04-19T08:07:49","slug":"suszenie-orzechow-laskowych","status":"publish","type":"page","link":"https:\/\/feucht-obsttechnik.de\/pl\/obrobka-orzechow\/orzech-laskowy\/suszenie-orzechow-laskowych\/","title":{"rendered":"Suszenie orzech\u00f3w laskowych"},"content":{"rendered":"<p><div class=\"fusion-bg-parallax\" data-bg-align=\"left center\" data-direction=\"up\" data-mute=\"false\" data-opacity=\"100\" data-velocity=\"-0.3\" data-mobile-enabled=\"false\" data-break_parents=\"0\" data-bg-image=\"https:\/\/feucht-obsttechnik.de\/wp-content\/uploads\/bg-header-haselnussernte.jpg\" data-bg-repeat=\"false\" ><\/div><div class=\"fusion-fullwidth fullwidth-box fusion-builder-row-1 fusion-parallax-up nonhundred-percent-fullwidth non-hundred-percent-height-scrolling\" style=\"--awb-background-position:left center;--awb-border-sizes-top:0px;--awb-border-sizes-bottom:0px;--awb-border-sizes-left:0px;--awb-border-sizes-right:0px;--awb-border-radius-top-left:0px;--awb-border-radius-top-right:0px;--awb-border-radius-bottom-right:0px;--awb-border-radius-bottom-left:0px;--awb-padding-top:130px;--awb-padding-bottom:120px;--awb-background-image:url(&quot;https:\/\/feucht-obsttechnik.de\/wp-content\/uploads\/bg-header-haselnussernte.jpg&quot;);--awb-background-size:cover;--awb-flex-wrap:wrap;\" ><div class=\"fusion-builder-row fusion-row\"><div class=\"fusion-layout-column fusion_builder_column fusion-builder-column-0 fusion_builder_column_1_2 1_2 fusion-one-half fusion-column-first\" style=\"--awb-bg-size:cover;width:48%; margin-right: 4%;\"><div class=\"fusion-column-wrapper fusion-flex-column-wrapper-legacy\"><div class=\"fusion-text fusion-text-1\"><h1><span style=\"color: #ffffff;\">Suszenie orzech\u00f3w laskowych<\/span><\/h1>\n<p><span style=\"color: #ffffff;\">Skorzystaj z naszego know-how w zakresie obr\u00f3bki orzech\u00f3w i zwi\u0119ksz produktywno\u015b\u0107 we wszystkich procesach.<\/span><\/p>\n<\/div><div class=\"fusion-clearfix\"><\/div><\/div><\/div><div class=\"fusion-layout-column fusion_builder_column fusion-builder-column-1 fusion_builder_column_1_2 1_2 fusion-one-half fusion-column-last\" style=\"--awb-bg-size:cover;width:48%;\"><div class=\"fusion-column-wrapper fusion-flex-column-wrapper-legacy\"><div class=\"fusion-clearfix\"><\/div><\/div><\/div><\/div><\/div><div class=\"fusion-fullwidth fullwidth-box fusion-builder-row-2 nonhundred-percent-fullwidth non-hundred-percent-height-scrolling\" style=\"--awb-background-position:left top;--awb-border-sizes-top:0px;--awb-border-sizes-bottom:0px;--awb-border-sizes-left:0px;--awb-border-sizes-right:0px;--awb-border-radius-top-left:0px;--awb-border-radius-top-right:0px;--awb-border-radius-bottom-right:0px;--awb-border-radius-bottom-left:0px;--awb-padding-top:130px;--awb-padding-bottom:30px;--awb-flex-wrap:wrap;\" ><div class=\"fusion-builder-row fusion-row\"><div class=\"fusion-layout-column fusion_builder_column fusion-builder-column-2 fusion_builder_column_1_1 1_1 fusion-one-full fusion-column-first fusion-column-last\" style=\"--awb-bg-size:cover;\"><div class=\"fusion-column-wrapper fusion-column-has-shadow fusion-flex-column-wrapper-legacy\"><div class=\"fusion-text fusion-text-2\"><h2>Suszone orzechy laskowe.<\/h2>\n<\/div><div class=\"fusion-text fusion-text-3\"><h3><span class=\"\">Uczy\u0144 orzechy twardymi i nadaj\u0105cymi si\u0119 do przechowywania przy pomocy urz\u0105dze\u0144 do suszenia.<\/span><\/h3>\n<\/div><div class=\"fusion-clearfix\"><\/div><\/div><\/div><div class=\"fusion-layout-column fusion_builder_column fusion-builder-column-3 fusion_builder_column_1_2 1_2 fusion-one-half fusion-column-first\" style=\"--awb-bg-size:cover;width:48%; margin-right: 4%;\"><div class=\"fusion-column-wrapper fusion-flex-column-wrapper-legacy\"><div class=\"fusion-text fusion-text-4\"><p>Po oczyszczeniu orzech\u00f3w laskowych nale\u017cy je wysuszy\u0107 w piecu do uzyskania 6\u201312% wilgotno\u015bci \u015brodka. W ten spos\u00f3b orzechy pozostaj\u0105 twarde przez d\u0142ugi czas i zapobiega si\u0119 powstawaniu ple\u015bni i czernienia. Do suszenia orzech\u00f3w laskowych u\u017cywa si\u0119 specjalnych <g id=\"gid_0\">urz\u0105dze\u0144 do suszenia<\/g> lub <g id=\"gid_1\">suszarni<\/g>. Nasze suszenie orzech\u00f3w laskowych dzia\u0142a w tym niezwykle ostro\u017cnie, a tak\u017ce wydajnie przy u\u017cyciu cylindra z przep\u0142ywem powietrza.<\/p>\n<\/div><div class=\"fusion-clearfix\"><\/div><\/div><\/div><div class=\"fusion-layout-column fusion_builder_column fusion-builder-column-4 fusion_builder_column_1_2 1_2 fusion-one-half fusion-column-last\" style=\"--awb-bg-size:cover;width:48%;\"><div class=\"fusion-column-wrapper fusion-flex-column-wrapper-legacy\"><div class=\"fusion-image-element in-legacy-container\" style=\"--awb-caption-title-font-family:var(--h2_typography-font-family);--awb-caption-title-font-weight:var(--h2_typography-font-weight);--awb-caption-title-font-style:var(--h2_typography-font-style);--awb-caption-title-size:var(--h2_typography-font-size);--awb-caption-title-transform:var(--h2_typography-text-transform);--awb-caption-title-line-height:var(--h2_typography-line-height);--awb-caption-title-letter-spacing:var(--h2_typography-letter-spacing);\"><span class=\" fusion-imageframe imageframe-none imageframe-1 hover-type-zoomin fusion-animated\" data-animationType=\"fadeInDown\" data-animationDuration=\"1.0\" data-animationOffset=\"bottom-in-view\"><a href=\"https:\/\/feucht-obsttechnik.de\/wp-content\/uploads\/nussverarbeitung-haselnuss-trocknen-haselnusstrockner-1.jpg\" class=\"fusion-lightbox\" data-rel=\"iLightbox[Suszarka do orzech\u00f3w laskowych ]\" data-title=\"Konserwuj orzechy do przechowywania dzi\u0119ki suszarce do orzech\u00f3w laskowych\" title=\"Konserwuj orzechy do przechowywania dzi\u0119ki suszarce do orzech\u00f3w laskowych\"><img decoding=\"async\" width=\"1600\" height=\"1200\" src=\"https:\/\/feucht-obsttechnik.de\/wp-content\/uploads\/nussverarbeitung-haselnuss-trocknen-haselnusstrockner-1.jpg\" alt class=\"img-responsive wp-image-7949\" srcset=\"https:\/\/feucht-obsttechnik.de\/wp-content\/uploads\/nussverarbeitung-haselnuss-trocknen-haselnusstrockner-1-200x150.jpg 200w, https:\/\/feucht-obsttechnik.de\/wp-content\/uploads\/nussverarbeitung-haselnuss-trocknen-haselnusstrockner-1-400x300.jpg 400w, https:\/\/feucht-obsttechnik.de\/wp-content\/uploads\/nussverarbeitung-haselnuss-trocknen-haselnusstrockner-1-600x450.jpg 600w, https:\/\/feucht-obsttechnik.de\/wp-content\/uploads\/nussverarbeitung-haselnuss-trocknen-haselnusstrockner-1-800x600.jpg 800w, https:\/\/feucht-obsttechnik.de\/wp-content\/uploads\/nussverarbeitung-haselnuss-trocknen-haselnusstrockner-1-1200x900.jpg 1200w, https:\/\/feucht-obsttechnik.de\/wp-content\/uploads\/nussverarbeitung-haselnuss-trocknen-haselnusstrockner-1.jpg 1600w\" sizes=\"(max-width: 835px) 100vw, 600px\" \/><\/a><\/span><\/div><div class=\"fusion-clearfix\"><\/div><\/div><\/div><\/div><\/div><div class=\"fusion-fullwidth fullwidth-box fusion-builder-row-3 nonhundred-percent-fullwidth non-hundred-percent-height-scrolling\" style=\"--awb-background-position:left top;--awb-border-sizes-top:0px;--awb-border-sizes-bottom:0px;--awb-border-sizes-left:0px;--awb-border-sizes-right:0px;--awb-border-radius-top-left:0px;--awb-border-radius-top-right:0px;--awb-border-radius-bottom-right:0px;--awb-border-radius-bottom-left:0px;--awb-padding-top:1px;--awb-padding-bottom:0px;--awb-background-color:#cc0000;--awb-flex-wrap:wrap;\" ><div class=\"fusion-builder-row fusion-row\"><div class=\"fusion-layout-column fusion_builder_column fusion-builder-column-5 fusion_builder_column_1_1 1_1 fusion-one-full fusion-column-first fusion-column-last\" style=\"--awb-padding-top:50px;--awb-padding-bottom:50px;--awb-padding-left:0px;--awb-bg-size:cover;--awb-margin-bottom:0px;\"><div class=\"fusion-column-wrapper fusion-column-has-shadow fusion-flex-column-wrapper-legacy\"><div class=\"fusion-column-content-centered\"><div class=\"fusion-column-content\"><div class=\"fusion-text fusion-text-5\"><h2 style=\"text-align: center; margin-bottom: 0px;\"><span style=\"color: #ffffff;\">Maszyny do suszenia orzech\u00f3w laskowych firmy Feucht Obsttechnik<\/span><\/h2>\n<\/div><\/div><\/div><div class=\"fusion-clearfix\"><\/div><\/div><\/div><\/div><\/div><div class=\"fusion-fullwidth fullwidth-box fusion-builder-row-4 nonhundred-percent-fullwidth non-hundred-percent-height-scrolling\" style=\"--awb-border-radius-top-left:0px;--awb-border-radius-top-right:0px;--awb-border-radius-bottom-right:0px;--awb-border-radius-bottom-left:0px;--awb-flex-wrap:wrap;\" ><div class=\"fusion-builder-row fusion-row\"><div class=\"fusion-layout-column fusion_builder_column fusion-builder-column-6 fusion_builder_column_1_1 1_1 fusion-one-full fusion-column-first fusion-column-last\" style=\"--awb-padding-top:0px;--awb-padding-right:0px;--awb-padding-bottom:0px;--awb-padding-left:0px;--awb-bg-size:cover;--awb-margin-bottom:0px;\"><div class=\"fusion-column-wrapper fusion-column-has-shadow fusion-flex-column-wrapper-legacy\"><div class=\"fusion-menu-anchor\" id=\"haselnusstrocknung\"><\/div><div class=\"fusion-clearfix\"><\/div><\/div><\/div><\/div><\/div><div class=\"fusion-fullwidth fullwidth-box fusion-builder-row-5 fusion-parallax-none nonhundred-percent-fullwidth non-hundred-percent-height-scrolling\" style=\"--awb-border-radius-top-left:0px;--awb-border-radius-top-right:0px;--awb-border-radius-bottom-right:0px;--awb-border-radius-bottom-left:0px;--awb-padding-top:200px;--awb-margin-top:-1px;--awb-background-image:url(&quot;https:\/\/feucht-obsttechnik.de\/wp-content\/uploads\/nussverarbeitung-haselnuss-trocknen-divider-haselnusstrockner.jpg&quot;);--awb-background-size:cover;--awb-flex-wrap:wrap;\" ><div class=\"fusion-builder-row fusion-row\"><div class=\"fusion-layout-column fusion_builder_column fusion-builder-column-7 fusion_builder_column_1_6 1_6 fusion-one-sixth fusion-column-first\" style=\"--awb-bg-size:cover;width:16.666666666667%;width:calc(16.666666666667% - ( ( 4% + 4% ) * 0.16666666666667 ) );margin-right: 4%;\"><div class=\"fusion-column-wrapper fusion-flex-column-wrapper-legacy\"><div class=\"fusion-clearfix\"><\/div><\/div><\/div><div class=\"fusion-layout-column fusion_builder_column fusion-builder-column-8 fusion_builder_column_2_3 2_3 fusion-two-third\" style=\"--awb-padding-top:50px;--awb-padding-right:50px;--awb-padding-bottom:50px;--awb-padding-left:50px;--awb-bg-color:rgba(255,255,255,0.9);--awb-bg-color-hover:rgba(255,255,255,0.9);--awb-bg-size:cover;--awb-margin-bottom:-100px;width:66.666666666667%;width:calc(66.666666666667% - ( ( 4% + 4% ) * 0.66666666666667 ) );margin-right: 4%;\"><div class=\"fusion-column-wrapper fusion-column-has-shadow fusion-flex-column-wrapper-legacy\"><div class=\"fusion-text fusion-text-6\"><h2 style=\"text-align: center;\">Suszarka do orzech\u00f3w laskowych<\/h2>\n<p style=\"text-align: center;\"><strong>Susz orzechy laskowe wydajnie i tanio.<\/strong><\/p>\n<p style=\"text-align: center;\"><strong>Urz\u0105dzenie do suszenia<\/strong> nadaje si\u0119 szczeg\u00f3lnie do suszenia orzech\u00f3w w\u0142oskich i laskowych. Suszenie orzech\u00f3w odbywa si\u0119 przy pomocy dwu\u015bciennego cylindra z przep\u0142ywem powietrza. Po nape\u0142nieniu suszarki dostosowuje si\u0119 temperatur\u0119 do orzecha (rodzaj i wilgotno\u015b\u0107).  <\/p>\n<p style=\"text-align: center;\">Staranne i szybkie suszenie orzech\u00f3w zapewnia wysok\u0105 efektywno\u015b\u0107 energetyczn\u0105. Dzi\u0119ki niewielkiemu rozmiarowi i niewielkiej wysoko\u015bci suszarka mo\u017ce by\u0107 u\u017cywana r\u00f3wnie\u017c w szczeg\u00f3lnie w\u0105skich i ma\u0142ych pomieszczeniach. Suszark\u0119 do orzech\u00f3w laskowych mo\u017cna nape\u0142nia\u0107 przy pomocy przeno\u015bnika ta\u015bmowego lub dmuchawy przeno\u015bnikowej. Suszarnia jest dost\u0119pna w r\u00f3\u017cnych rozmiarach.   <\/p>\n<\/div><div class=\"fusion-clearfix\"><\/div><\/div><\/div><div class=\"fusion-layout-column fusion_builder_column fusion-builder-column-9 fusion_builder_column_1_6 1_6 fusion-one-sixth fusion-column-last\" style=\"--awb-bg-size:cover;width:16.666666666667%;width:calc(16.666666666667% - ( ( 4% + 4% ) * 0.16666666666667 ) );\"><div class=\"fusion-column-wrapper fusion-flex-column-wrapper-legacy\"><div class=\"fusion-clearfix\"><\/div><\/div><\/div><\/div><\/div><div class=\"fusion-fullwidth fullwidth-box fusion-builder-row-6 nonhundred-percent-fullwidth non-hundred-percent-height-scrolling fusion-equal-height-columns\" style=\"--awb-border-radius-top-left:0px;--awb-border-radius-top-right:0px;--awb-border-radius-bottom-right:0px;--awb-border-radius-bottom-left:0px;--awb-padding-top:200px;--awb-background-color:#f2f2f2;--awb-flex-wrap:wrap;\" ><div class=\"fusion-builder-row fusion-row\"><div class=\"fusion-layout-column fusion_builder_column fusion-builder-column-10 fusion_builder_column_1_1 1_1 fusion-one-full fusion-column-first fusion-column-last\" style=\"--awb-bg-size:cover;\"><div class=\"fusion-column-wrapper fusion-flex-column-wrapper-legacy\"><div class=\"fusion-title title fusion-title-1 fusion-sep-none fusion-title-text fusion-title-size-one\" style=\"--awb-margin-top-small:0px;--awb-margin-right-small:0px;--awb-margin-bottom-small:20px;--awb-margin-left-small:0px;\"><h1 class=\"fusion-title-heading title-heading-left fusion-responsive-typography-calculated\" style=\"margin:0;--fontSize:38;line-height:1.33;\">Szczeg\u00f3\u0142y dot. Suszarki do orzech\u00f3w laskowych<\/h1><\/div><div class=\"fusion-clearfix\"><\/div><\/div><\/div><\/div><\/div><div class=\"fusion-fullwidth fullwidth-box fusion-builder-row-7 nonhundred-percent-fullwidth non-hundred-percent-height-scrolling fusion-equal-height-columns\" style=\"--awb-border-radius-top-left:0px;--awb-border-radius-top-right:0px;--awb-border-radius-bottom-right:0px;--awb-border-radius-bottom-left:0px;--awb-padding-bottom:100px;--awb-background-color:#f2f2f2;--awb-flex-wrap:wrap;\" ><div class=\"fusion-builder-row fusion-row\"><div class=\"fusion-layout-column fusion_builder_column fusion-builder-column-11 fusion_builder_column_1_2 1_2 fusion-one-half fusion-column-first\" style=\"--awb-bg-color:#ffffff;--awb-bg-color-hover:#ffffff;--awb-bg-size:cover;--awb-margin-bottom:40px;width:48%; margin-right: 4%;\"><div class=\"fusion-column-wrapper fusion-flex-column-wrapper-legacy\"><div class=\"fusion-image-element fusion-image-align-center in-legacy-container\" style=\"text-align:center;--awb-caption-title-font-family:var(--h2_typography-font-family);--awb-caption-title-font-weight:var(--h2_typography-font-weight);--awb-caption-title-font-style:var(--h2_typography-font-style);--awb-caption-title-size:var(--h2_typography-font-size);--awb-caption-title-transform:var(--h2_typography-text-transform);--awb-caption-title-line-height:var(--h2_typography-line-height);--awb-caption-title-letter-spacing:var(--h2_typography-letter-spacing);\"><div class=\"imageframe-align-center\"><span class=\" fusion-imageframe imageframe-none imageframe-2 hover-type-zoomin\"><a href=\"https:\/\/feucht-obsttechnik.de\/wp-content\/uploads\/nussverarbeitung-haselnuss-trocknen-haselnusstrockner-3.jpg\" class=\"fusion-lightbox\" data-rel=\"iLightbox[Suszarka do orzech\u00f3w laskowych ]\" data-title=\"Konserwuj orzechy do przechowywania dzi\u0119ki suszarce do orzech\u00f3w laskowych\" title=\"Konserwuj orzechy do przechowywania dzi\u0119ki suszarce do orzech\u00f3w laskowych\"><img decoding=\"async\" width=\"1600\" height=\"1200\" src=\"https:\/\/feucht-obsttechnik.de\/wp-content\/uploads\/nussverarbeitung-haselnuss-trocknen-haselnusstrockner-3.jpg\" alt class=\"img-responsive wp-image-7954\" srcset=\"https:\/\/feucht-obsttechnik.de\/wp-content\/uploads\/nussverarbeitung-haselnuss-trocknen-haselnusstrockner-3-200x150.jpg 200w, https:\/\/feucht-obsttechnik.de\/wp-content\/uploads\/nussverarbeitung-haselnuss-trocknen-haselnusstrockner-3-400x300.jpg 400w, https:\/\/feucht-obsttechnik.de\/wp-content\/uploads\/nussverarbeitung-haselnuss-trocknen-haselnusstrockner-3-600x450.jpg 600w, https:\/\/feucht-obsttechnik.de\/wp-content\/uploads\/nussverarbeitung-haselnuss-trocknen-haselnusstrockner-3-800x600.jpg 800w, https:\/\/feucht-obsttechnik.de\/wp-content\/uploads\/nussverarbeitung-haselnuss-trocknen-haselnusstrockner-3-1200x900.jpg 1200w, https:\/\/feucht-obsttechnik.de\/wp-content\/uploads\/nussverarbeitung-haselnuss-trocknen-haselnusstrockner-3.jpg 1600w\" sizes=\"(max-width: 835px) 100vw, 600px\" \/><\/a><\/span><\/div><\/div><div class=\"fusion-clearfix\"><\/div><\/div><\/div><div class=\"fusion-layout-column fusion_builder_column fusion-builder-column-12 fusion_builder_column_1_2 1_2 fusion-one-half fusion-column-last\" style=\"--awb-bg-color:#ffffff;--awb-bg-color-hover:#ffffff;--awb-bg-size:cover;width:48%;\"><div class=\"fusion-column-wrapper fusion-flex-column-wrapper-legacy\"><div class=\"fusion-image-element fusion-image-align-center in-legacy-container\" style=\"text-align:center;--awb-caption-title-font-family:var(--h2_typography-font-family);--awb-caption-title-font-weight:var(--h2_typography-font-weight);--awb-caption-title-font-style:var(--h2_typography-font-style);--awb-caption-title-size:var(--h2_typography-font-size);--awb-caption-title-transform:var(--h2_typography-text-transform);--awb-caption-title-line-height:var(--h2_typography-line-height);--awb-caption-title-letter-spacing:var(--h2_typography-letter-spacing);\"><div class=\"imageframe-align-center\"><span class=\" fusion-imageframe imageframe-none imageframe-3 hover-type-zoomin\"><a href=\"https:\/\/feucht-obsttechnik.de\/wp-content\/uploads\/nussverarbeitung-haselnuss-trocknen-haselnusstrockner-2.jpg\" class=\"fusion-lightbox\" data-rel=\"iLightbox[Suszarka do orzech\u00f3w laskowych ]\" data-title=\"Konserwuj orzechy do przechowywania dzi\u0119ki suszarce do orzech\u00f3w laskowych\" title=\"Konserwuj orzechy do przechowywania dzi\u0119ki suszarce do orzech\u00f3w laskowych\"><img decoding=\"async\" width=\"1600\" height=\"1200\" src=\"https:\/\/feucht-obsttechnik.de\/wp-content\/uploads\/nussverarbeitung-haselnuss-trocknen-haselnusstrockner-2.jpg\" alt class=\"img-responsive wp-image-7959\" srcset=\"https:\/\/feucht-obsttechnik.de\/wp-content\/uploads\/nussverarbeitung-haselnuss-trocknen-haselnusstrockner-2-200x150.jpg 200w, https:\/\/feucht-obsttechnik.de\/wp-content\/uploads\/nussverarbeitung-haselnuss-trocknen-haselnusstrockner-2-400x300.jpg 400w, https:\/\/feucht-obsttechnik.de\/wp-content\/uploads\/nussverarbeitung-haselnuss-trocknen-haselnusstrockner-2-600x450.jpg 600w, https:\/\/feucht-obsttechnik.de\/wp-content\/uploads\/nussverarbeitung-haselnuss-trocknen-haselnusstrockner-2-800x600.jpg 800w, https:\/\/feucht-obsttechnik.de\/wp-content\/uploads\/nussverarbeitung-haselnuss-trocknen-haselnusstrockner-2-1200x900.jpg 1200w, https:\/\/feucht-obsttechnik.de\/wp-content\/uploads\/nussverarbeitung-haselnuss-trocknen-haselnusstrockner-2.jpg 1600w\" sizes=\"(max-width: 835px) 100vw, 600px\" \/><\/a><\/span><\/div><\/div><div class=\"fusion-clearfix\"><\/div><\/div><\/div><\/div><\/div><div class=\"fusion-fullwidth fullwidth-box fusion-builder-row-8 nonhundred-percent-fullwidth non-hundred-percent-height-scrolling fusion-equal-height-columns\" style=\"--awb-border-radius-top-left:0px;--awb-border-radius-top-right:0px;--awb-border-radius-bottom-right:0px;--awb-border-radius-bottom-left:0px;--awb-padding-bottom:100px;--awb-background-color:#f2f2f2;--awb-flex-wrap:wrap;\" ><div class=\"fusion-builder-row fusion-row\"><div class=\"fusion-layout-column fusion_builder_column fusion-builder-column-13 fusion_builder_column_1_2 1_2 fusion-one-half fusion-column-first\" style=\"--awb-bg-color:#ffffff;--awb-bg-color-hover:#ffffff;--awb-bg-size:cover;--awb-margin-bottom:40px;width:48%; margin-right: 4%;\"><div class=\"fusion-column-wrapper fusion-flex-column-wrapper-legacy\"><div class=\"fusion-text fusion-text-7\"><div style=\"padding: 25px;\">\n<h2>Korzy\u015bci<\/h2>\n<ul>\n<li>idealna do orzech\u00f3w laskowych i w\u0142oskich<\/li>\n<li>dost\u0119pna o r\u00f3\u017cnych pojemno\u015bciach<\/li>\n<li>nawet niewielkie ilo\u015bci mo\u017cna suszy\u0107 bez problemu<\/li>\n<li>nadaje si\u0119 do ziaren organicznych (z szybk\u0105 konwersj\u0105)<\/li>\n<li>wysoka efektywno\u015b\u0107 energetyczna<\/li>\n<li>nape\u0142nianie przy pomocy przeno\u015bnika ta\u015bmowego lub dmuchawy<\/li>\n<li>jednoczesne suszenie dzi\u0119ki dwu\u015bciennemu cylindrowi z dobr\u0105 cyrkulacj\u0105 gor\u0105cego powietrza<\/li>\n<li>regulowana temperatura<\/li>\n<\/ul>\n<\/div>\n<\/div><div class=\"fusion-clearfix\"><\/div><\/div><\/div><div class=\"fusion-layout-column fusion_builder_column fusion-builder-column-14 fusion_builder_column_1_2 1_2 fusion-one-half fusion-column-last\" style=\"--awb-bg-color:#ffffff;--awb-bg-color-hover:#ffffff;--awb-bg-size:cover;width:48%;\"><div class=\"fusion-column-wrapper fusion-flex-column-wrapper-legacy\"><div class=\"fusion-text fusion-text-8\"><div style=\"padding: 25px;\">\n<h2>Dane techniczne<\/h2>\n<p>* w zale\u017cno\u015bci od modelu i wilgotno\u015bci<\/p>\n<\/div>\n<\/div>\n<div class=\"table-2\">\n<table width=\"100%\">\n<tbody>\n<tr>\n<td align=\"left\">D\u0142ugo\u015b\u0107:<\/td>\n<td align=\"left\">160 cm &#8211; 330 cm *<\/td>\n<\/tr>\n<tr>\n<td align=\"left\">Wysoko\u015b\u0107:<\/td>\n<td align=\"left\">220 cm &#8211; 400 cm *<\/td>\n<\/tr>\n<tr>\n<td align=\"left\">Waga:<\/td>\n<td align=\"left\">ca. 350 &#8211; 860 kg *<\/td>\n<\/tr>\n<tr>\n<td align=\"left\">Napi\u0119cie:<\/td>\n<td align=\"left\">220 V (mniejsze wersje); 380 V (du\u017ca wersja)<\/td>\n<\/tr>\n<tr>\n<td align=\"left\">Niezb\u0119dne kW:<\/td>\n<td align=\"left\">3 &#8211; 5 kW *<\/td>\n<\/tr>\n<tr>\n<td align=\"left\">Przep\u0142yw:<\/td>\n<td align=\"left\">1000 \u2013 2000 \u2013 3000 \u2013 4000 kg * dziennie<\/td>\n<\/tr>\n<tr>\n<td align=\"left\">Rodzaje owoc\u00f3w:<\/td>\n<td align=\"left\">Orzechy w\u0142oskie, laskowe<\/td>\n<\/tr>\n<\/tbody>\n<\/table>\n<\/div>\n<div class=\"fusion-clearfix\"><\/div><\/div><\/div><\/div><\/div><div class=\"fusion-fullwidth fullwidth-box fusion-builder-row-9 nonhundred-percent-fullwidth non-hundred-percent-height-scrolling fusion-equal-height-columns fusion-no-small-visibility schlagwoerter\" style=\"--awb-background-position:center top;--awb-border-sizes-top:0px;--awb-border-sizes-bottom:0px;--awb-border-sizes-left:0px;--awb-border-sizes-right:0px;--awb-border-radius-top-left:0px;--awb-border-radius-top-right:0px;--awb-border-radius-bottom-right:0px;--awb-border-radius-bottom-left:0px;--awb-padding-top:0px;--awb-padding-right:15%;--awb-padding-bottom:0px;--awb-padding-left:15%;--awb-background-color:#a0ce4e;--awb-flex-wrap:wrap;\" ><div class=\"fusion-builder-row fusion-row\"><div class=\"fusion-layout-column fusion_builder_column fusion-builder-column-15 fusion_builder_column_1_5 1_5 fusion-one-fifth fusion-column-first\" style=\"--awb-padding-top:10px;--awb-padding-bottom:10px;--awb-bg-size:cover;--awb-margin-top:10px;--awb-margin-bottom:0px;width:20%;width:calc(20% - ( ( 4% ) * 0.2 ) );margin-right: 4%;\"><div class=\"fusion-column-wrapper fusion-column-has-shadow fusion-flex-column-wrapper-legacy\"><div class=\"fusion-column-content-centered\"><div class=\"fusion-column-content\"><div class=\"fusion-title title fusion-title-2 fusion-sep-none fusion-title-text fusion-title-size-two\" style=\"--awb-text-color:#ffffff;--awb-margin-bottom:0px;--awb-margin-right-small:0px;--awb-margin-bottom-small:0px;--awb-margin-left-small:0px;\"><h2 class=\"fusion-title-heading title-heading-left fusion-responsive-typography-calculated\" style=\"margin:0;--fontSize:26;--minFontSize:26;line-height:1.25;\">S\u0142owa klucze:<\/h2><\/div><\/div><\/div><div class=\"fusion-clearfix\"><\/div><\/div><\/div><div class=\"fusion-layout-column fusion_builder_column fusion-builder-column-16 fusion_builder_column_4_5 4_5 fusion-four-fifth fusion-column-last fusion-column-no-min-height\" style=\"--awb-padding-top:10px;--awb-padding-bottom:10px;--awb-bg-size:cover;--awb-margin-top:20px;--awb-margin-bottom:0px;width:80%;width:calc(80% - ( ( 4% ) * 0.8 ) );\"><div class=\"fusion-column-wrapper fusion-column-has-shadow fusion-flex-column-wrapper-legacy\"><div class=\"fusion-text fusion-text-9\"><p><span style=\"color: #ffffff;\"><a href=\"https:\/\/feucht-obsttechnik.de\/pl\/obrobka-orzechow\/orzech-laskowy\/\">Uprawa orzech\u00f3w laskowych<\/a>, <a href=\"https:\/\/feucht-obsttechnik.de\/pl\/obrobka-orzechow\/orzech-laskowy\/czyszczenie-orzechow-laskowych\/\">Czyszczenie orzech\u00f3w<\/a>, <a href=\"https:\/\/feucht-obsttechnik.de\/pl\/obrobka-orzechow\/orzech-laskowy\/suszenie-orzechow-laskowych\/\">Suszenie orzech\u00f3w<\/a>, <a href=\"https:\/\/feucht-obsttechnik.de\/pl\/obrobka-orzechow\/orzech-laskowy\/kalibracja-i-lupanie-orzechow-laskowych\/\">Kalibracja orzech\u00f3w<\/a>, <a href=\"https:\/\/feucht-obsttechnik.de\/pl\/obrobka-orzechow\/orzech-laskowy\/kalibracja-i-lupanie-orzechow-laskowych\/\">\u0141upanie orzech\u00f3w<\/a><\/span><\/p>\n<\/div><div class=\"fusion-clearfix\"><\/div><\/div><\/div><\/div><\/div><\/p>\n","protected":false},"excerpt":{"rendered":"","protected":false},"author":4,"featured_media":0,"parent":16422,"menu_order":0,"comment_status":"closed","ping_status":"closed","template":"100-width.php","meta":{"footnotes":"","_wp_rev_ctl_limit":""},"class_list":["post-16460","page","type-page","status-publish","hentry"],"yoast_head":"<!-- This site is optimized with the Yoast SEO plugin v27.2 - https:\/\/yoast.com\/product\/yoast-seo-wordpress\/ -->\n<title>Suszenie orzech\u00f3w laskowych - Feucht Obsttechnik<\/title>\n<meta name=\"description\" content=\"Orzechy laskowe s\u0105 twarde i nadaj\u0105 si\u0119 do przechowywania przy u\u017cyciu urz\u0105dze\u0144 do suszenia lub suszarni. Wi\u0119cej informacji o rozwi\u0105zaniach susz\u0105cych Feucht Obsttechnik.\" \/>\n<meta name=\"robots\" content=\"index, follow, max-snippet:-1, max-image-preview:large, max-video-preview:-1\" \/>\n<link rel=\"canonical\" href=\"https:\/\/feucht-obsttechnik.de\/pl\/obrobka-orzechow\/orzech-laskowy\/suszenie-orzechow-laskowych\/\" \/>\n<meta property=\"og:locale\" content=\"pl_PL\" \/>\n<meta property=\"og:type\" content=\"article\" \/>\n<meta property=\"og:title\" content=\"Suszenie orzech\u00f3w laskowych - Feucht Obsttechnik\" \/>\n<meta property=\"og:description\" content=\"Orzechy laskowe s\u0105 twarde i nadaj\u0105 si\u0119 do przechowywania przy u\u017cyciu urz\u0105dze\u0144 do suszenia lub suszarni. Wi\u0119cej informacji o rozwi\u0105zaniach susz\u0105cych Feucht Obsttechnik.\" \/>\n<meta property=\"og:url\" content=\"https:\/\/feucht-obsttechnik.de\/pl\/obrobka-orzechow\/orzech-laskowy\/suszenie-orzechow-laskowych\/\" \/>\n<meta property=\"og:site_name\" content=\"Feucht Obsttechnik\" \/>\n<meta property=\"article:modified_time\" content=\"2021-04-19T08:07:49+00:00\" \/>\n<meta name=\"twitter:card\" content=\"summary_large_image\" \/>\n<meta name=\"twitter:label1\" content=\"Szacowany czas czytania\" \/>\n\t<meta name=\"twitter:data1\" content=\"20 minut\" \/>\n<script type=\"application\/ld+json\" class=\"yoast-schema-graph\">{\"@context\":\"https:\/\/schema.org\",\"@graph\":[{\"@type\":\"WebPage\",\"@id\":\"https:\/\/feucht-obsttechnik.de\/pl\/obrobka-orzechow\/orzech-laskowy\/suszenie-orzechow-laskowych\/\",\"url\":\"https:\/\/feucht-obsttechnik.de\/pl\/obrobka-orzechow\/orzech-laskowy\/suszenie-orzechow-laskowych\/\",\"name\":\"Suszenie orzech\u00f3w laskowych - Feucht Obsttechnik\",\"isPartOf\":{\"@id\":\"https:\/\/feucht-obsttechnik.de\/pl\/#website\"},\"datePublished\":\"2021-04-12T16:03:29+00:00\",\"dateModified\":\"2021-04-19T08:07:49+00:00\",\"description\":\"Orzechy laskowe s\u0105 twarde i nadaj\u0105 si\u0119 do przechowywania przy u\u017cyciu urz\u0105dze\u0144 do suszenia lub suszarni. Wi\u0119cej informacji o rozwi\u0105zaniach susz\u0105cych Feucht Obsttechnik.\",\"breadcrumb\":{\"@id\":\"https:\/\/feucht-obsttechnik.de\/pl\/obrobka-orzechow\/orzech-laskowy\/suszenie-orzechow-laskowych\/#breadcrumb\"},\"inLanguage\":\"pl-PL\",\"potentialAction\":[{\"@type\":\"ReadAction\",\"target\":[\"https:\/\/feucht-obsttechnik.de\/pl\/obrobka-orzechow\/orzech-laskowy\/suszenie-orzechow-laskowych\/\"]}]},{\"@type\":\"BreadcrumbList\",\"@id\":\"https:\/\/feucht-obsttechnik.de\/pl\/obrobka-orzechow\/orzech-laskowy\/suszenie-orzechow-laskowych\/#breadcrumb\",\"itemListElement\":[{\"@type\":\"ListItem\",\"position\":1,\"name\":\"Startseite\",\"item\":\"https:\/\/feucht-obsttechnik.de\/pl\/\"},{\"@type\":\"ListItem\",\"position\":2,\"name\":\"Obr\u00f3bka orzech\u00f3w\",\"item\":\"https:\/\/feucht-obsttechnik.de\/pl\/obrobka-orzechow\/\"},{\"@type\":\"ListItem\",\"position\":3,\"name\":\"Orzech laskowy\",\"item\":\"https:\/\/feucht-obsttechnik.de\/pl\/obrobka-orzechow\/orzech-laskowy\/\"},{\"@type\":\"ListItem\",\"position\":4,\"name\":\"Suszenie orzech\u00f3w laskowych\"}]},{\"@type\":\"WebSite\",\"@id\":\"https:\/\/feucht-obsttechnik.de\/pl\/#website\",\"url\":\"https:\/\/feucht-obsttechnik.de\/pl\/\",\"name\":\"Feucht Obsttechnik\",\"description\":\"\",\"publisher\":{\"@id\":\"https:\/\/feucht-obsttechnik.de\/pl\/#organization\"},\"potentialAction\":[{\"@type\":\"SearchAction\",\"target\":{\"@type\":\"EntryPoint\",\"urlTemplate\":\"https:\/\/feucht-obsttechnik.de\/pl\/?s={search_term_string}\"},\"query-input\":{\"@type\":\"PropertyValueSpecification\",\"valueRequired\":true,\"valueName\":\"search_term_string\"}}],\"inLanguage\":\"pl-PL\"},{\"@type\":\"Organization\",\"@id\":\"https:\/\/feucht-obsttechnik.de\/pl\/#organization\",\"name\":\"Feucht Obsttechnik GmbH\",\"url\":\"https:\/\/feucht-obsttechnik.de\/pl\/\",\"logo\":{\"@type\":\"ImageObject\",\"inLanguage\":\"pl-PL\",\"@id\":\"https:\/\/feucht-obsttechnik.de\/pl\/#\/schema\/logo\/image\/\",\"url\":\"https:\/\/feucht-obsttechnik.de\/wp-content\/uploads\/logo-feucht@2x-1.png\",\"contentUrl\":\"https:\/\/feucht-obsttechnik.de\/wp-content\/uploads\/logo-feucht@2x-1.png\",\"width\":640,\"height\":123,\"caption\":\"Feucht Obsttechnik GmbH\"},\"image\":{\"@id\":\"https:\/\/feucht-obsttechnik.de\/pl\/#\/schema\/logo\/image\/\"}}]}<\/script>\n<!-- \/ Yoast SEO plugin. -->","yoast_head_json":{"title":"Suszenie orzech\u00f3w laskowych - Feucht Obsttechnik","description":"Orzechy laskowe s\u0105 twarde i nadaj\u0105 si\u0119 do przechowywania przy u\u017cyciu urz\u0105dze\u0144 do suszenia lub suszarni. Wi\u0119cej informacji o rozwi\u0105zaniach susz\u0105cych Feucht Obsttechnik.","robots":{"index":"index","follow":"follow","max-snippet":"max-snippet:-1","max-image-preview":"max-image-preview:large","max-video-preview":"max-video-preview:-1"},"canonical":"https:\/\/feucht-obsttechnik.de\/pl\/obrobka-orzechow\/orzech-laskowy\/suszenie-orzechow-laskowych\/","og_locale":"pl_PL","og_type":"article","og_title":"Suszenie orzech\u00f3w laskowych - Feucht Obsttechnik","og_description":"Orzechy laskowe s\u0105 twarde i nadaj\u0105 si\u0119 do przechowywania przy u\u017cyciu urz\u0105dze\u0144 do suszenia lub suszarni. Wi\u0119cej informacji o rozwi\u0105zaniach susz\u0105cych Feucht Obsttechnik.","og_url":"https:\/\/feucht-obsttechnik.de\/pl\/obrobka-orzechow\/orzech-laskowy\/suszenie-orzechow-laskowych\/","og_site_name":"Feucht Obsttechnik","article_modified_time":"2021-04-19T08:07:49+00:00","twitter_card":"summary_large_image","twitter_misc":{"Szacowany czas czytania":"20 minut"},"schema":{"@context":"https:\/\/schema.org","@graph":[{"@type":"WebPage","@id":"https:\/\/feucht-obsttechnik.de\/pl\/obrobka-orzechow\/orzech-laskowy\/suszenie-orzechow-laskowych\/","url":"https:\/\/feucht-obsttechnik.de\/pl\/obrobka-orzechow\/orzech-laskowy\/suszenie-orzechow-laskowych\/","name":"Suszenie orzech\u00f3w laskowych - Feucht Obsttechnik","isPartOf":{"@id":"https:\/\/feucht-obsttechnik.de\/pl\/#website"},"datePublished":"2021-04-12T16:03:29+00:00","dateModified":"2021-04-19T08:07:49+00:00","description":"Orzechy laskowe s\u0105 twarde i nadaj\u0105 si\u0119 do przechowywania przy u\u017cyciu urz\u0105dze\u0144 do suszenia lub suszarni. Wi\u0119cej informacji o rozwi\u0105zaniach susz\u0105cych Feucht Obsttechnik.","breadcrumb":{"@id":"https:\/\/feucht-obsttechnik.de\/pl\/obrobka-orzechow\/orzech-laskowy\/suszenie-orzechow-laskowych\/#breadcrumb"},"inLanguage":"pl-PL","potentialAction":[{"@type":"ReadAction","target":["https:\/\/feucht-obsttechnik.de\/pl\/obrobka-orzechow\/orzech-laskowy\/suszenie-orzechow-laskowych\/"]}]},{"@type":"BreadcrumbList","@id":"https:\/\/feucht-obsttechnik.de\/pl\/obrobka-orzechow\/orzech-laskowy\/suszenie-orzechow-laskowych\/#breadcrumb","itemListElement":[{"@type":"ListItem","position":1,"name":"Startseite","item":"https:\/\/feucht-obsttechnik.de\/pl\/"},{"@type":"ListItem","position":2,"name":"Obr\u00f3bka orzech\u00f3w","item":"https:\/\/feucht-obsttechnik.de\/pl\/obrobka-orzechow\/"},{"@type":"ListItem","position":3,"name":"Orzech laskowy","item":"https:\/\/feucht-obsttechnik.de\/pl\/obrobka-orzechow\/orzech-laskowy\/"},{"@type":"ListItem","position":4,"name":"Suszenie orzech\u00f3w laskowych"}]},{"@type":"WebSite","@id":"https:\/\/feucht-obsttechnik.de\/pl\/#website","url":"https:\/\/feucht-obsttechnik.de\/pl\/","name":"Feucht Obsttechnik","description":"","publisher":{"@id":"https:\/\/feucht-obsttechnik.de\/pl\/#organization"},"potentialAction":[{"@type":"SearchAction","target":{"@type":"EntryPoint","urlTemplate":"https:\/\/feucht-obsttechnik.de\/pl\/?s={search_term_string}"},"query-input":{"@type":"PropertyValueSpecification","valueRequired":true,"valueName":"search_term_string"}}],"inLanguage":"pl-PL"},{"@type":"Organization","@id":"https:\/\/feucht-obsttechnik.de\/pl\/#organization","name":"Feucht Obsttechnik GmbH","url":"https:\/\/feucht-obsttechnik.de\/pl\/","logo":{"@type":"ImageObject","inLanguage":"pl-PL","@id":"https:\/\/feucht-obsttechnik.de\/pl\/#\/schema\/logo\/image\/","url":"https:\/\/feucht-obsttechnik.de\/wp-content\/uploads\/logo-feucht@2x-1.png","contentUrl":"https:\/\/feucht-obsttechnik.de\/wp-content\/uploads\/logo-feucht@2x-1.png","width":640,"height":123,"caption":"Feucht Obsttechnik GmbH"},"image":{"@id":"https:\/\/feucht-obsttechnik.de\/pl\/#\/schema\/logo\/image\/"}}]}},"_links":{"self":[{"href":"https:\/\/feucht-obsttechnik.de\/pl\/wp-json\/wp\/v2\/pages\/16460","targetHints":{"allow":["GET"]}}],"collection":[{"href":"https:\/\/feucht-obsttechnik.de\/pl\/wp-json\/wp\/v2\/pages"}],"about":[{"href":"https:\/\/feucht-obsttechnik.de\/pl\/wp-json\/wp\/v2\/types\/page"}],"author":[{"embeddable":true,"href":"https:\/\/feucht-obsttechnik.de\/pl\/wp-json\/wp\/v2\/users\/4"}],"replies":[{"embeddable":true,"href":"https:\/\/feucht-obsttechnik.de\/pl\/wp-json\/wp\/v2\/comments?post=16460"}],"version-history":[{"count":0,"href":"https:\/\/feucht-obsttechnik.de\/pl\/wp-json\/wp\/v2\/pages\/16460\/revisions"}],"up":[{"embeddable":true,"href":"https:\/\/feucht-obsttechnik.de\/pl\/wp-json\/wp\/v2\/pages\/16422"}],"wp:attachment":[{"href":"https:\/\/feucht-obsttechnik.de\/pl\/wp-json\/wp\/v2\/media?parent=16460"}],"curies":[{"name":"wp","href":"https:\/\/api.w.org\/{rel}","templated":true}]}}