{"id":15621,"date":"2021-04-12T15:03:17","date_gmt":"2021-04-12T13:03:17","guid":{"rendered":"http:\/\/neu2020.feucht-obsttechnik.de\/lp-seilschuettler\/"},"modified":"2021-04-18T20:52:45","modified_gmt":"2021-04-18T18:52:45","slug":"lp-seilschuettler","status":"publish","type":"page","link":"https:\/\/feucht-obsttechnik.de\/pl\/lp-seilschuettler\/","title":{"rendered":"LP Seilsch\u00fcttler"},"content":{"rendered":"<p><div class=\"fusion-bg-parallax\" data-bg-align=\"left center\" data-direction=\"up\" data-mute=\"false\" data-opacity=\"100\" data-velocity=\"-0.3\" data-mobile-enabled=\"false\" data-break_parents=\"0\" data-bg-image=\"https:\/\/feucht-obsttechnik.de\/wp-content\/uploads\/bg-header-obsterntetechnik.jpg\" data-bg-repeat=\"false\" ><\/div><div class=\"fusion-fullwidth fullwidth-box fusion-builder-row-1 fusion-parallax-up nonhundred-percent-fullwidth non-hundred-percent-height-scrolling\" style=\"--awb-background-position:left center;--awb-border-sizes-top:0px;--awb-border-sizes-bottom:0px;--awb-border-sizes-left:0px;--awb-border-sizes-right:0px;--awb-border-radius-top-left:0px;--awb-border-radius-top-right:0px;--awb-border-radius-bottom-right:0px;--awb-border-radius-bottom-left:0px;--awb-padding-top:130px;--awb-padding-bottom:120px;--awb-background-image:url(&quot;https:\/\/feucht-obsttechnik.de\/wp-content\/uploads\/bg-header-obsterntetechnik.jpg&quot;);--awb-background-size:cover;--awb-flex-wrap:wrap;\" ><div class=\"fusion-builder-row fusion-row\"><div class=\"fusion-layout-column fusion_builder_column fusion-builder-column-0 fusion_builder_column_1_2 1_2 fusion-one-half fusion-column-first\" style=\"--awb-bg-size:cover;width:48%; margin-right: 4%;\"><div class=\"fusion-column-wrapper fusion-flex-column-wrapper-legacy\"><div class=\"fusion-text fusion-text-1\"><h1><span style=\"color: #ffffff\"> Otrz\u0105sarka przewodowa<\/span><\/h1>\n<p><span style=\"color: #ffffff\">Nasza otrz\u0105sarka przewodowa osi\u0105ga zauwa\u017calny wzrost wydajno\u015bci otrz\u0105sania, a to z kolei oznacza znaczn\u0105 redukcj\u0119 koszt\u00f3w zbioru.<\/span><\/p>\n<\/div><div class=\"fusion-clearfix\"><\/div><\/div><\/div><div class=\"fusion-layout-column fusion_builder_column fusion-builder-column-1 fusion_builder_column_1_2 1_2 fusion-one-half fusion-column-last\" style=\"--awb-bg-size:cover;width:48%;\"><div class=\"fusion-column-wrapper fusion-flex-column-wrapper-legacy\"><div class=\"fusion-clearfix\"><\/div><\/div><\/div><\/div><\/div><div class=\"fusion-fullwidth fullwidth-box fusion-builder-row-2 nonhundred-percent-fullwidth non-hundred-percent-height-scrolling\" style=\"--awb-background-position:left top;--awb-border-sizes-top:0px;--awb-border-sizes-bottom:0px;--awb-border-sizes-left:0px;--awb-border-sizes-right:0px;--awb-border-radius-top-left:0px;--awb-border-radius-top-right:0px;--awb-border-radius-bottom-right:0px;--awb-border-radius-bottom-left:0px;--awb-padding-top:130px;--awb-padding-bottom:30px;--awb-flex-wrap:wrap;\" ><div class=\"fusion-builder-row fusion-row\"><div class=\"fusion-layout-column fusion_builder_column fusion-builder-column-2 fusion_builder_column_1_1 1_1 fusion-one-full fusion-column-first fusion-column-last\" style=\"--awb-bg-size:cover;\"><div class=\"fusion-column-wrapper fusion-column-has-shadow fusion-flex-column-wrapper-legacy\"><div class=\"fusion-text fusion-text-2\"><h2>Otrz\u0105sarka przewodowa \/ Otrz\u0105sarka firmy Feucht Obsttechnik<\/h2>\n<\/div><div class=\"fusion-text fusion-text-3\"><h3><span class=\"\">U\u017cywaj\u0105c otrz\u0105sarki przewodowej mo\u017cesz skr\u00f3ci\u0107 cenny czas o 30%.<\/span><\/h3>\n<\/div><div class=\"fusion-clearfix\"><\/div><\/div><\/div><div class=\"fusion-layout-column fusion_builder_column fusion-builder-column-3 fusion_builder_column_1_2 1_2 fusion-one-half fusion-column-first\" style=\"--awb-bg-size:cover;width:48%; margin-right: 4%;\"><div class=\"fusion-column-wrapper fusion-flex-column-wrapper-legacy\"><div class=\"fusion-text fusion-text-4\"><p>Aby zebra\u0107 owoc przy pomocy maszyny do zbierania owoc\u00f3w, drzewa\/krzewy nale\u017cy otrz\u0105sn\u0105\u0107. Ta czynno\u015b\u0107 jest szczeg\u00f3lnie czasoch\u0142onna i m\u0119cz\u0105ca, gdy jest wykonywana r\u0119cznie. Aby dostosowa\u0107 otrz\u0105sanie drzew do wydajno\u015bci zbioru maszyn do zbierania, jab\u0142ka, gruszki, \u015bliwki, wi\u015bnie, orzechy w\u0142oskie i inne opad\u0142e owoce mo\u017cna szybko i bez wysi\u0142ku strz\u0105sa\u0107 z drzewa dzi\u0119ki naszej otrz\u0105sarce przewodowej. Zakup bardzo ekonomicznej i solidnej otrz\u0105sarki do drzew owocowych jest szczeg\u00f3lnie przydatny dla rolnik\u00f3w, kt\u00f3rzy maj\u0105 tylko kilka drzew owocowych. Otrz\u0105sarka do owoc\u00f3w istnieje na rynku od ponad 20 lat i do tej pory zosta\u0142a sprzedana w ponad 5500 egzemplarzach.    <\/p>\n<p>Otrz\u0105sarka OS to 3-punktowa otrz\u0105sarka przewodowa Jest mocowana z przodu lub z ty\u0142u ci\u0105gnika i nap\u0119dzana przez wa\u0142 przekazu mocy. Urz\u0105dzenie o masie 54 kg jest standardowo wyposa\u017cone w 10-metrowy stalowy kabel, kt\u00f3ry zawiesza si\u0119 na g\u0142\u00f3wnych ga\u0142\u0119ziach korony. Kabel jest nast\u0119pnie napinany i mozna rozpocz\u0105\u0107 proces otrz\u0105sania. Obs\u0142uga otrz\u0105sarki przewodowej jest \u0142atwa do nauczenia.<\/p>\n<\/div><div class=\"fusion-clearfix\"><\/div><\/div><\/div><div class=\"fusion-layout-column fusion_builder_column fusion-builder-column-4 fusion_builder_column_1_2 1_2 fusion-one-half fusion-column-last\" style=\"--awb-bg-size:cover;width:48%;\"><div class=\"fusion-column-wrapper fusion-flex-column-wrapper-legacy\"><div class=\"fusion-image-element in-legacy-container\" style=\"--awb-caption-title-font-family:var(--h2_typography-font-family);--awb-caption-title-font-weight:var(--h2_typography-font-weight);--awb-caption-title-font-style:var(--h2_typography-font-style);--awb-caption-title-size:var(--h2_typography-font-size);--awb-caption-title-transform:var(--h2_typography-text-transform);--awb-caption-title-line-height:var(--h2_typography-line-height);--awb-caption-title-letter-spacing:var(--h2_typography-letter-spacing);\"><span class=\" fusion-imageframe imageframe-none imageframe-1 hover-type-zoomin fusion-animated\" data-animationType=\"fadeInDown\" data-animationDuration=\"1.0\" data-animationOffset=\"bottom-in-view\"><a href=\"https:\/\/feucht-obsttechnik.de\/wp-content\/uploads\/obstsch\u00fcttler-os-seilschuettler-3.jpg\" class=\"fusion-lightbox\" data-rel=\"iLightbox[Otrz\u0105sarka przewodowa]\" data-title=\"Otrz\u0105sarka OS to 3-punktowa otrz\u0105sarka przewodowa\" title=\"Otrz\u0105sarka OS to 3-punktowa otrz\u0105sarka przewodowa\"><img decoding=\"async\" width=\"1600\" height=\"1200\" src=\"https:\/\/feucht-obsttechnik.de\/wp-content\/uploads\/obstsch\u00fcttler-os-seilschuettler-3.jpg\" alt class=\"img-responsive wp-image-8373\" srcset=\"https:\/\/feucht-obsttechnik.de\/wp-content\/uploads\/obstsch\u00fcttler-os-seilschuettler-3-200x150.jpg 200w, https:\/\/feucht-obsttechnik.de\/wp-content\/uploads\/obstsch\u00fcttler-os-seilschuettler-3-400x300.jpg 400w, https:\/\/feucht-obsttechnik.de\/wp-content\/uploads\/obstsch\u00fcttler-os-seilschuettler-3-600x450.jpg 600w, https:\/\/feucht-obsttechnik.de\/wp-content\/uploads\/obstsch\u00fcttler-os-seilschuettler-3-800x600.jpg 800w, https:\/\/feucht-obsttechnik.de\/wp-content\/uploads\/obstsch\u00fcttler-os-seilschuettler-3-1200x900.jpg 1200w, https:\/\/feucht-obsttechnik.de\/wp-content\/uploads\/obstsch\u00fcttler-os-seilschuettler-3.jpg 1600w\" sizes=\"(max-width: 835px) 100vw, 600px\" \/><\/a><\/span><\/div><div class=\"fusion-clearfix\"><\/div><\/div><\/div><\/div><\/div><div class=\"fusion-fullwidth fullwidth-box fusion-builder-row-3 nonhundred-percent-fullwidth non-hundred-percent-height-scrolling\" style=\"--awb-background-position:left top;--awb-border-sizes-top:0px;--awb-border-sizes-bottom:0px;--awb-border-sizes-left:0px;--awb-border-sizes-right:0px;--awb-border-radius-top-left:0px;--awb-border-radius-top-right:0px;--awb-border-radius-bottom-right:0px;--awb-border-radius-bottom-left:0px;--awb-padding-top:1px;--awb-padding-bottom:0px;--awb-background-color:#cc0000;--awb-flex-wrap:wrap;\" ><div class=\"fusion-builder-row fusion-row\"><div class=\"fusion-layout-column fusion_builder_column fusion-builder-column-5 fusion_builder_column_1_1 1_1 fusion-one-full fusion-column-first fusion-column-last\" style=\"--awb-padding-top:50px;--awb-padding-bottom:50px;--awb-padding-left:0px;--awb-bg-size:cover;--awb-margin-bottom:0px;\"><div class=\"fusion-column-wrapper fusion-column-has-shadow fusion-flex-column-wrapper-legacy\"><div class=\"fusion-column-content-centered\"><div class=\"fusion-column-content\"><div class=\"fusion-text fusion-text-5\"><h2 style=\"text-align: center;margin-bottom: 0px\"><span style=\"color: #ffffff\"> Otrz\u0105sarka przewodowa \/ Otrz\u0105sarka firmy Feucht Obsttechnik<\/span><\/h2>\n<\/div><\/div><\/div><div class=\"fusion-clearfix\"><\/div><\/div><\/div><\/div><\/div><div class=\"fusion-fullwidth fullwidth-box fusion-builder-row-4 nonhundred-percent-fullwidth non-hundred-percent-height-scrolling\" style=\"--awb-border-radius-top-left:0px;--awb-border-radius-top-right:0px;--awb-border-radius-bottom-right:0px;--awb-border-radius-bottom-left:0px;--awb-padding-top:100px;--awb-padding-bottom:50px;--awb-background-color:#f2f2f2;--awb-flex-wrap:wrap;\" ><div class=\"fusion-builder-row fusion-row\"><div class=\"fusion-layout-column fusion_builder_column fusion-builder-column-6 fusion_builder_column_1_1 1_1 fusion-one-full fusion-column-first fusion-column-last\" style=\"--awb-bg-color:#ffffff;--awb-bg-color-hover:#ffffff;--awb-bg-size:cover;\"><div class=\"fusion-column-wrapper fusion-flex-column-wrapper-legacy\"><div class=\"fusion-text fusion-text-6\"><div style=\"padding: 25px\">\n<h2>Nasza otrz\u0105sarka przewodowa \/ otrz\u0105sarka:<\/h2>\n<\/div>\n<\/div>\n<div class=\"table-2\">\n<table width=\"100%\">\n<tbody>\n<tr>\n<td align=\"left\"><strong>Otrz\u0105sarka przewodowa do wysokich drzew (do owoc\u00f3w)<\/strong><br \/>\n<span class=\"table_description\"> Otrz\u0105sarka przewodowa <\/span><\/td>\n<td align=\"left\">Prosta obs\u0142uga, zmienno\u015b\u0107 i wydajno\u015b\u0107 \u0142\u0105cz\u0105 si\u0119 ze sob\u0105. Otrz\u0105sarka do owoc\u00f3w OS nie tylko trz\u0119sie si\u0119 wyj\u0105tkowo wydajnie podczas ci\u0105gni\u0119cia kabla, ale jest r\u00f3wnie\u017c bardzo delikatna dla pnia dzi\u0119ki paskowi mocuj\u0105cemu. Opcjonalny dr\u0105\u017cek teleskopowy umo\u017cliwia otrzasanie ga\u0142\u0119zi o d\u0142ugo\u015bci do 6 m, do kt\u00f3rych w przeciwnym razie mo\u017cna by\u0142o dosta\u0107 si\u0119 tylko przy u\u017cyciu drabiny. Opcjonalny wyci\u0105g linowy mo\u017ce by\u0107 u\u017cywany do otrz\u0105sania do 2 drzew jednocze\u015bnie w intensywnych sadach owocowych. Ci\u0105gnik musi mie\u0107 co najmniej 15 PS.    <\/td>\n<\/tr>\n<\/tbody>\n<\/table>\n<\/div>\n<div class=\"fusion-clearfix\"><\/div><\/div><\/div><div class=\"fusion-layout-column fusion_builder_column fusion-builder-column-7 fusion_builder_column_1_1 1_1 fusion-one-full fusion-column-first fusion-column-last\" style=\"--awb-bg-size:cover;--awb-margin-bottom:0px;\"><div class=\"fusion-column-wrapper fusion-column-has-shadow fusion-flex-column-wrapper-legacy\"><div class=\"fusion-column-content-centered\"><div class=\"fusion-column-content\"><div class=\"fusion-button-wrapper\"><a class=\"fusion-button button-flat fusion-button-default-size button-custom fusion-button-default button-1 fusion-button-default-span fusion-button-default-type\" style=\"--button_accent_color:#ffffff;--button_border_color:#ffffff;--button_accent_hover_color:#ffffff;--button_border_hover_color:#ffffff;--button_gradient_top_color:#cc0000;--button_gradient_bottom_color:#cc0000;--button_gradient_top_color_hover:#ef0000;--button_gradient_bottom_color_hover:#ef0000;\" target=\"_self\" title=\"WI\u0118CEJ INFORMACJI O NASZEJ OTRZ\u0104SARCE KABLOWEJ\" aria-label=\"WI\u0118CEJ INFORMACJI O NASZEJ OTRZ\u0104SARCE KABLOWEJ\" href=\"https:\/\/feucht-obsttechnik.de\/pl\/technologia-zbierania-owocow\/otrzasarki\/otrzasarka-os\/\"><span class=\"fusion-button-text awb-button__text awb-button__text--default\">WI\u0118CEJ INFORMACJI O NASZEJ OTRZ\u0104SARCE KABLOWEJ<\/span><\/a><\/div><\/div><\/div><div class=\"fusion-clearfix\"><\/div><\/div><\/div><\/div><\/div><div class=\"fusion-fullwidth fullwidth-box fusion-builder-row-5 nonhundred-percent-fullwidth non-hundred-percent-height-scrolling fusion-equal-height-columns fusion-no-small-visibility schlagwoerter\" style=\"--awb-background-position:center top;--awb-border-sizes-top:0px;--awb-border-sizes-bottom:0px;--awb-border-sizes-left:0px;--awb-border-sizes-right:0px;--awb-border-radius-top-left:0px;--awb-border-radius-top-right:0px;--awb-border-radius-bottom-right:0px;--awb-border-radius-bottom-left:0px;--awb-padding-top:0px;--awb-padding-right:15%;--awb-padding-bottom:0px;--awb-padding-left:15%;--awb-background-color:#a0ce4e;--awb-flex-wrap:wrap;\" ><div class=\"fusion-builder-row fusion-row\"><div class=\"fusion-layout-column fusion_builder_column fusion-builder-column-8 fusion_builder_column_1_5 1_5 fusion-one-fifth fusion-column-first\" style=\"--awb-padding-top:10px;--awb-padding-bottom:10px;--awb-bg-size:cover;--awb-margin-top:10px;--awb-margin-bottom:0px;width:20%;width:calc(20% - ( ( 4% ) * 0.2 ) );margin-right: 4%;\"><div class=\"fusion-column-wrapper fusion-column-has-shadow fusion-flex-column-wrapper-legacy\"><div class=\"fusion-column-content-centered\"><div class=\"fusion-column-content\"><div class=\"fusion-title title fusion-title-1 fusion-sep-none fusion-title-text fusion-title-size-two\" style=\"--awb-text-color:#ffffff;--awb-margin-bottom:0px;--awb-margin-right-small:0px;--awb-margin-bottom-small:0px;--awb-margin-left-small:0px;\"><h2 class=\"fusion-title-heading title-heading-left fusion-responsive-typography-calculated\" style=\"margin:0;--fontSize:26;--minFontSize:26;line-height:1.25;\">S\u0142owa klucze:<\/h2><\/div><\/div><\/div><div class=\"fusion-clearfix\"><\/div><\/div><\/div><div class=\"fusion-layout-column fusion_builder_column fusion-builder-column-9 fusion_builder_column_4_5 4_5 fusion-four-fifth fusion-column-last fusion-column-no-min-height\" style=\"--awb-padding-top:10px;--awb-padding-bottom:10px;--awb-bg-size:cover;--awb-margin-top:20px;--awb-margin-bottom:0px;width:80%;width:calc(80% - ( ( 4% ) * 0.8 ) );\"><div class=\"fusion-column-wrapper fusion-column-has-shadow fusion-flex-column-wrapper-legacy\"><div class=\"fusion-text fusion-text-7\"><p><span style=\"color: #ffffff\"><a href=\"https:\/\/feucht-obsttechnik.de\/pl\/technologia-zbierania-owocow\/otrzasarki\/\">Otrz\u0105sarki<\/a>, <a href=\"https:\/\/feucht-obsttechnik.de\/pl\/technologia-zbierania-owocow\/otrzasarki\/otrzasarka-os\/\">Otrz\u0105sarka do owoc\u00f3w<\/a>, <a href=\"https:\/\/feucht-obsttechnik.de\/pl\/technologia-zbierania-owocow\/otrzasarki\/drazek-teleskopowy\/\">Dr\u0105\u017cek teleskopowy<\/a>, <a href=\"https:\/\/feucht-obsttechnik.de\/pl\/technologia-zbierania-owocow\/otrzasarki\/otrzasarka-mechaniczna\/\">Otrz\u0105sarka mechaniczna<\/a>, <a href=\"https:\/\/feucht-obsttechnik.de\/pl\/technologia-zbierania-owocow\/otrzasarki\/otrzasarka-hydrauliczna\/\">Otrz\u0105sarka hydrauliczna<\/a>,<a href=\"https:\/\/feucht-obsttechnik.de\/pl\/technologia-zbierania-owocow\/\">Technologia zbierania owoc\u00f3w<\/a>, <a href=\"https:\/\/feucht-obsttechnik.de\/pl\/technologia-zbierania-owocow\/\">Urz\u0105dzenia do zbierania owoc\u00f3w<\/a>, <a href=\"https:\/\/feucht-obsttechnik.de\/pl\/technologia-zbierania-owocow\/otrzasarki\/otrzasarka-hydrauliczna\/\">Otrz\u0105sarka<\/a>, <a href=\"https:\/\/feucht-obsttechnik.de\/pl\/technologia-zbierania-owocow\/otrzasarki\/otrzasarka-os\/\">Otrz\u0105sarka przewodowa<\/a><\/span><\/p>\n<\/div><div class=\"fusion-clearfix\"><\/div><\/div><\/div><\/div><\/div><\/p>\n","protected":false},"excerpt":{"rendered":"","protected":false},"author":4,"featured_media":0,"parent":0,"menu_order":0,"comment_status":"closed","ping_status":"closed","template":"100-width.php","meta":{"footnotes":"","_wp_rev_ctl_limit":""},"class_list":["post-15621","page","type-page","status-publish","hentry"],"yoast_head":"<!-- This site is optimized with the Yoast SEO plugin v27.5 - https:\/\/yoast.com\/product\/yoast-seo-wordpress\/ -->\n<title>Otrz\u0105sarka przewodowa \/ Otrz\u0105sarka - Feucht Obsttechnik<\/title>\n<meta name=\"description\" content=\"Otrz\u0105sarki przewodowe firmy Feucht Obsttechnik zmniejszaj\u0105 koszty zbioru i znacznie zwi\u0119kszaj\u0105 wydajno\u015b\u0107 otrz\u0105sania. Wi\u0119cej informacji o naszej popularnej otrz\u0105sarce.\" \/>\n<meta name=\"robots\" content=\"index, follow, max-snippet:-1, max-image-preview:large, max-video-preview:-1\" \/>\n<link rel=\"canonical\" href=\"https:\/\/feucht-obsttechnik.de\/pl\/lp-seilschuettler\/\" \/>\n<meta property=\"og:locale\" content=\"pl_PL\" \/>\n<meta property=\"og:type\" content=\"article\" \/>\n<meta property=\"og:title\" content=\"Otrz\u0105sarka przewodowa \/ Otrz\u0105sarka - Feucht Obsttechnik\" \/>\n<meta property=\"og:description\" content=\"Otrz\u0105sarki przewodowe firmy Feucht Obsttechnik zmniejszaj\u0105 koszty zbioru i znacznie zwi\u0119kszaj\u0105 wydajno\u015b\u0107 otrz\u0105sania. Wi\u0119cej informacji o naszej popularnej otrz\u0105sarce.\" \/>\n<meta property=\"og:url\" content=\"https:\/\/feucht-obsttechnik.de\/pl\/lp-seilschuettler\/\" \/>\n<meta property=\"og:site_name\" content=\"Feucht Obsttechnik\" \/>\n<meta property=\"article:modified_time\" content=\"2021-04-18T18:52:45+00:00\" \/>\n<meta name=\"twitter:card\" content=\"summary_large_image\" \/>\n<meta name=\"twitter:label1\" content=\"Szacowany czas czytania\" \/>\n\t<meta name=\"twitter:data1\" content=\"13 minut\" \/>\n<script type=\"application\/ld+json\" class=\"yoast-schema-graph\">{\"@context\":\"https:\\\/\\\/schema.org\",\"@graph\":[{\"@type\":\"WebPage\",\"@id\":\"https:\\\/\\\/feucht-obsttechnik.de\\\/pl\\\/lp-seilschuettler\\\/\",\"url\":\"https:\\\/\\\/feucht-obsttechnik.de\\\/pl\\\/lp-seilschuettler\\\/\",\"name\":\"Otrz\u0105sarka przewodowa \\\/ Otrz\u0105sarka - Feucht Obsttechnik\",\"isPartOf\":{\"@id\":\"https:\\\/\\\/feucht-obsttechnik.de\\\/pl\\\/#website\"},\"datePublished\":\"2021-04-12T13:03:17+00:00\",\"dateModified\":\"2021-04-18T18:52:45+00:00\",\"description\":\"Otrz\u0105sarki przewodowe firmy Feucht Obsttechnik zmniejszaj\u0105 koszty zbioru i znacznie zwi\u0119kszaj\u0105 wydajno\u015b\u0107 otrz\u0105sania. Wi\u0119cej informacji o naszej popularnej otrz\u0105sarce.\",\"breadcrumb\":{\"@id\":\"https:\\\/\\\/feucht-obsttechnik.de\\\/pl\\\/lp-seilschuettler\\\/#breadcrumb\"},\"inLanguage\":\"pl-PL\",\"potentialAction\":[{\"@type\":\"ReadAction\",\"target\":[\"https:\\\/\\\/feucht-obsttechnik.de\\\/pl\\\/lp-seilschuettler\\\/\"]}]},{\"@type\":\"BreadcrumbList\",\"@id\":\"https:\\\/\\\/feucht-obsttechnik.de\\\/pl\\\/lp-seilschuettler\\\/#breadcrumb\",\"itemListElement\":[{\"@type\":\"ListItem\",\"position\":1,\"name\":\"Startseite\",\"item\":\"https:\\\/\\\/feucht-obsttechnik.de\\\/pl\\\/\"},{\"@type\":\"ListItem\",\"position\":2,\"name\":\"LP Seilsch\u00fcttler\"}]},{\"@type\":\"WebSite\",\"@id\":\"https:\\\/\\\/feucht-obsttechnik.de\\\/pl\\\/#website\",\"url\":\"https:\\\/\\\/feucht-obsttechnik.de\\\/pl\\\/\",\"name\":\"Feucht Obsttechnik\",\"description\":\"\",\"publisher\":{\"@id\":\"https:\\\/\\\/feucht-obsttechnik.de\\\/pl\\\/#organization\"},\"potentialAction\":[{\"@type\":\"SearchAction\",\"target\":{\"@type\":\"EntryPoint\",\"urlTemplate\":\"https:\\\/\\\/feucht-obsttechnik.de\\\/pl\\\/?s={search_term_string}\"},\"query-input\":{\"@type\":\"PropertyValueSpecification\",\"valueRequired\":true,\"valueName\":\"search_term_string\"}}],\"inLanguage\":\"pl-PL\"},{\"@type\":\"Organization\",\"@id\":\"https:\\\/\\\/feucht-obsttechnik.de\\\/pl\\\/#organization\",\"name\":\"Feucht Obsttechnik GmbH\",\"url\":\"https:\\\/\\\/feucht-obsttechnik.de\\\/pl\\\/\",\"logo\":{\"@type\":\"ImageObject\",\"inLanguage\":\"pl-PL\",\"@id\":\"https:\\\/\\\/feucht-obsttechnik.de\\\/pl\\\/#\\\/schema\\\/logo\\\/image\\\/\",\"url\":\"https:\\\/\\\/feucht-obsttechnik.de\\\/wp-content\\\/uploads\\\/logo-feucht@2x-1.png\",\"contentUrl\":\"https:\\\/\\\/feucht-obsttechnik.de\\\/wp-content\\\/uploads\\\/logo-feucht@2x-1.png\",\"width\":640,\"height\":123,\"caption\":\"Feucht Obsttechnik GmbH\"},\"image\":{\"@id\":\"https:\\\/\\\/feucht-obsttechnik.de\\\/pl\\\/#\\\/schema\\\/logo\\\/image\\\/\"}}]}<\/script>\n<!-- \/ Yoast SEO plugin. -->","yoast_head_json":{"title":"Otrz\u0105sarka przewodowa \/ Otrz\u0105sarka - Feucht Obsttechnik","description":"Otrz\u0105sarki przewodowe firmy Feucht Obsttechnik zmniejszaj\u0105 koszty zbioru i znacznie zwi\u0119kszaj\u0105 wydajno\u015b\u0107 otrz\u0105sania. Wi\u0119cej informacji o naszej popularnej otrz\u0105sarce.","robots":{"index":"index","follow":"follow","max-snippet":"max-snippet:-1","max-image-preview":"max-image-preview:large","max-video-preview":"max-video-preview:-1"},"canonical":"https:\/\/feucht-obsttechnik.de\/pl\/lp-seilschuettler\/","og_locale":"pl_PL","og_type":"article","og_title":"Otrz\u0105sarka przewodowa \/ Otrz\u0105sarka - Feucht Obsttechnik","og_description":"Otrz\u0105sarki przewodowe firmy Feucht Obsttechnik zmniejszaj\u0105 koszty zbioru i znacznie zwi\u0119kszaj\u0105 wydajno\u015b\u0107 otrz\u0105sania. Wi\u0119cej informacji o naszej popularnej otrz\u0105sarce.","og_url":"https:\/\/feucht-obsttechnik.de\/pl\/lp-seilschuettler\/","og_site_name":"Feucht Obsttechnik","article_modified_time":"2021-04-18T18:52:45+00:00","twitter_card":"summary_large_image","twitter_misc":{"Szacowany czas czytania":"13 minut"},"schema":{"@context":"https:\/\/schema.org","@graph":[{"@type":"WebPage","@id":"https:\/\/feucht-obsttechnik.de\/pl\/lp-seilschuettler\/","url":"https:\/\/feucht-obsttechnik.de\/pl\/lp-seilschuettler\/","name":"Otrz\u0105sarka przewodowa \/ Otrz\u0105sarka - Feucht Obsttechnik","isPartOf":{"@id":"https:\/\/feucht-obsttechnik.de\/pl\/#website"},"datePublished":"2021-04-12T13:03:17+00:00","dateModified":"2021-04-18T18:52:45+00:00","description":"Otrz\u0105sarki przewodowe firmy Feucht Obsttechnik zmniejszaj\u0105 koszty zbioru i znacznie zwi\u0119kszaj\u0105 wydajno\u015b\u0107 otrz\u0105sania. Wi\u0119cej informacji o naszej popularnej otrz\u0105sarce.","breadcrumb":{"@id":"https:\/\/feucht-obsttechnik.de\/pl\/lp-seilschuettler\/#breadcrumb"},"inLanguage":"pl-PL","potentialAction":[{"@type":"ReadAction","target":["https:\/\/feucht-obsttechnik.de\/pl\/lp-seilschuettler\/"]}]},{"@type":"BreadcrumbList","@id":"https:\/\/feucht-obsttechnik.de\/pl\/lp-seilschuettler\/#breadcrumb","itemListElement":[{"@type":"ListItem","position":1,"name":"Startseite","item":"https:\/\/feucht-obsttechnik.de\/pl\/"},{"@type":"ListItem","position":2,"name":"LP Seilsch\u00fcttler"}]},{"@type":"WebSite","@id":"https:\/\/feucht-obsttechnik.de\/pl\/#website","url":"https:\/\/feucht-obsttechnik.de\/pl\/","name":"Feucht Obsttechnik","description":"","publisher":{"@id":"https:\/\/feucht-obsttechnik.de\/pl\/#organization"},"potentialAction":[{"@type":"SearchAction","target":{"@type":"EntryPoint","urlTemplate":"https:\/\/feucht-obsttechnik.de\/pl\/?s={search_term_string}"},"query-input":{"@type":"PropertyValueSpecification","valueRequired":true,"valueName":"search_term_string"}}],"inLanguage":"pl-PL"},{"@type":"Organization","@id":"https:\/\/feucht-obsttechnik.de\/pl\/#organization","name":"Feucht Obsttechnik GmbH","url":"https:\/\/feucht-obsttechnik.de\/pl\/","logo":{"@type":"ImageObject","inLanguage":"pl-PL","@id":"https:\/\/feucht-obsttechnik.de\/pl\/#\/schema\/logo\/image\/","url":"https:\/\/feucht-obsttechnik.de\/wp-content\/uploads\/logo-feucht@2x-1.png","contentUrl":"https:\/\/feucht-obsttechnik.de\/wp-content\/uploads\/logo-feucht@2x-1.png","width":640,"height":123,"caption":"Feucht Obsttechnik GmbH"},"image":{"@id":"https:\/\/feucht-obsttechnik.de\/pl\/#\/schema\/logo\/image\/"}}]}},"_links":{"self":[{"href":"https:\/\/feucht-obsttechnik.de\/pl\/wp-json\/wp\/v2\/pages\/15621","targetHints":{"allow":["GET"]}}],"collection":[{"href":"https:\/\/feucht-obsttechnik.de\/pl\/wp-json\/wp\/v2\/pages"}],"about":[{"href":"https:\/\/feucht-obsttechnik.de\/pl\/wp-json\/wp\/v2\/types\/page"}],"author":[{"embeddable":true,"href":"https:\/\/feucht-obsttechnik.de\/pl\/wp-json\/wp\/v2\/users\/4"}],"replies":[{"embeddable":true,"href":"https:\/\/feucht-obsttechnik.de\/pl\/wp-json\/wp\/v2\/comments?post=15621"}],"version-history":[{"count":0,"href":"https:\/\/feucht-obsttechnik.de\/pl\/wp-json\/wp\/v2\/pages\/15621\/revisions"}],"wp:attachment":[{"href":"https:\/\/feucht-obsttechnik.de\/pl\/wp-json\/wp\/v2\/media?parent=15621"}],"curies":[{"name":"wp","href":"https:\/\/api.w.org\/{rel}","templated":true}]}}