{"id":14243,"date":"2021-04-11T21:41:55","date_gmt":"2021-04-11T19:41:55","guid":{"rendered":"http:\/\/neu2020.feucht-obsttechnik.de\/farazo\/"},"modified":"2021-04-11T21:41:59","modified_gmt":"2021-04-11T19:41:59","slug":"farazo","status":"publish","type":"page","link":"https:\/\/feucht-obsttechnik.de\/hu\/farazo\/","title":{"rendered":"Far\u00e1z\u00f3"},"content":{"rendered":"<p><div class=\"fusion-bg-parallax\" data-bg-align=\"left center\" data-direction=\"up\" data-mute=\"false\" data-opacity=\"100\" data-velocity=\"-0.3\" data-mobile-enabled=\"false\" data-break_parents=\"0\" data-bg-image=\"https:\/\/feucht-obsttechnik.de\/wp-content\/uploads\/bg-header-obsterntetechnik.jpg\" data-bg-repeat=\"false\" ><\/div><div class=\"fusion-fullwidth fullwidth-box fusion-builder-row-1 fusion-parallax-up nonhundred-percent-fullwidth non-hundred-percent-height-scrolling\" style=\"--awb-background-position:left center;--awb-border-sizes-top:0px;--awb-border-sizes-bottom:0px;--awb-border-sizes-left:0px;--awb-border-sizes-right:0px;--awb-border-radius-top-left:0px;--awb-border-radius-top-right:0px;--awb-border-radius-bottom-right:0px;--awb-border-radius-bottom-left:0px;--awb-padding-top:130px;--awb-padding-bottom:120px;--awb-background-image:url(&quot;https:\/\/feucht-obsttechnik.de\/wp-content\/uploads\/bg-header-obsterntetechnik.jpg&quot;);--awb-background-size:cover;--awb-flex-wrap:wrap;\" ><div class=\"fusion-builder-row fusion-row\"><div class=\"fusion-layout-column fusion_builder_column fusion-builder-column-0 fusion_builder_column_1_2 1_2 fusion-one-half fusion-column-first\" style=\"--awb-bg-size:cover;width:48%; margin-right: 4%;\"><div class=\"fusion-column-wrapper fusion-flex-column-wrapper-legacy\"><div class=\"fusion-text fusion-text-1\"><h1><span style=\"color: #ffffff;\">Far\u00e1z\u00f3<\/span><\/h1>\n<p><span style=\"color: #ffffff;\">Far\u00e1z\u00f3ink seg\u00edts\u00e9g\u00e9vel nagyon hat\u00e9konyan \u00e9s gyorsan v\u00e9gezheti nagyobb gy\u00fcm\u00f6lcsf\u00e1k r\u00e1z\u00e1s\u00e1t.<\/span><\/p>\n<\/div><div class=\"fusion-clearfix\"><\/div><\/div><\/div><div class=\"fusion-layout-column fusion_builder_column fusion-builder-column-1 fusion_builder_column_1_2 1_2 fusion-one-half fusion-column-last\" style=\"--awb-bg-size:cover;width:48%;\"><div class=\"fusion-column-wrapper fusion-flex-column-wrapper-legacy\"><div class=\"fusion-clearfix\"><\/div><\/div><\/div><\/div><\/div><div class=\"fusion-fullwidth fullwidth-box fusion-builder-row-2 nonhundred-percent-fullwidth non-hundred-percent-height-scrolling\" style=\"--awb-background-position:left top;--awb-border-sizes-top:0px;--awb-border-sizes-bottom:0px;--awb-border-sizes-left:0px;--awb-border-sizes-right:0px;--awb-border-radius-top-left:0px;--awb-border-radius-top-right:0px;--awb-border-radius-bottom-right:0px;--awb-border-radius-bottom-left:0px;--awb-padding-top:130px;--awb-padding-bottom:30px;--awb-flex-wrap:wrap;\" ><div class=\"fusion-builder-row fusion-row\"><div class=\"fusion-layout-column fusion_builder_column fusion-builder-column-2 fusion_builder_column_1_1 1_1 fusion-one-full fusion-column-first fusion-column-last\" style=\"--awb-bg-size:cover;\"><div class=\"fusion-column-wrapper fusion-column-has-shadow fusion-flex-column-wrapper-legacy\"><div class=\"fusion-text fusion-text-2\"><h2>Far\u00e1z\u00f3 a Feucht Obsttechnik v\u00e1llalatt\u00f3l<\/h2>\n<\/div><div class=\"fusion-text fusion-text-3\"><h3><span class=\"\">Ezekkel a g\u00e9pekkel \u00e9szrevehet\u0151en megn\u00f6velt r\u00e1z\u00e1si teljes\u00edtm\u00e9nyt \u00e9r el, ez pedig a betakar\u00edt\u00e1si k\u00f6lts\u00e9gek jelent\u0151s cs\u00f6kken\u00e9s\u00e9t jelenti.<\/span><\/h3>\n<\/div><div class=\"fusion-clearfix\"><\/div><\/div><\/div><div class=\"fusion-layout-column fusion_builder_column fusion-builder-column-3 fusion_builder_column_1_2 1_2 fusion-one-half fusion-column-first\" style=\"--awb-bg-size:cover;width:48%; margin-right: 4%;\"><div class=\"fusion-column-wrapper fusion-flex-column-wrapper-legacy\"><div class=\"fusion-text fusion-text-4\"><p>A l\u00e9gy\u00fcm\u00f6lcs\u00f6t a gy\u00fcm\u00f6lcsszed\u0151 g\u00e9p n\u00e9lk\u00fcli felszed\u00e9s\u00e9hez le kell r\u00e1zni. Ez a tev\u00e9kenys\u00e9g k\u00fcl\u00f6n\u00f6sen id\u0151rabl\u00f3 \u00e9s kimer\u00edt\u0151, ha k\u00e9zzel kell v\u00e9gezni. Annak \u00e9rdek\u00e9ben, hogy a far\u00e1z\u00e1s a gy\u00fcm\u00f6lcsszed\u0151 g\u00e9pek betakar\u00edt\u00e1si teljes\u00edtm\u00e9ny\u00e9hez igazodjon, far\u00e1z\u00f3ink gyorsan \u00e9s er\u0151fesz\u00edt\u00e9s n\u00e9lk\u00fcl le lehet r\u00e1zni a f\u00e1r\u00f3l az alm\u00e1t, k\u00f6rt\u00e9t, szilv\u00e1t, csereszny\u00e9t, di\u00f3t \u00e9s m\u00e1s lehullott gy\u00fcm\u00f6lcs\u00f6ket.<\/p>\n<p>A mechanikus far\u00e1z\u00f3k kb. 5\u201325 cm-es r\u00f6gz\u00edt\u00e9si ter\u00fclet\u00fckkel t\u0171nnek ki. A r\u00e1z\u00e1si technol\u00f3gia a fa tol\u00e1s\u00e1n \u00e9s nyom\u00e1s\u00e1n alapszik. Nagyobb r\u00e1z\u00e1si utat hoz l\u00e9tre \u00e9s alacsonyabb a frekvenci\u00e1ja a hidraulikus far\u00e1z\u00f3khoz k\u00e9pest. A technol\u00f3gia el\u0151nye, hogy a f\u00e1k r\u00e1z\u00e1sa gyorsabb, a f\u00e1kon l\u00e9v\u0151 nyom\u00e1spontok pedig lecs\u00f6kkennek.<\/p>\n<p>A hidraulikus far\u00e1z\u00f3k kb. 5\u201365 cm-es r\u00f6gz\u00edt\u00e9si ter\u00fclet\u00fckkel t\u0171nnek ki. Rendk\u00edv\u00fcl nagy t\u00f6rzs\u00e1tm\u00e9r\u0151n\u00e9l el\u00e9g csak egyszer megr\u00e1zni a f\u00e1t. A r\u00e1z\u00e1si technol\u00f3gia a r\u00e1z\u00f3fejben l\u00e9v\u0151 kiegyenl\u00edtetlens\u00e9g r\u00e9v\u00e9n m\u0171k\u00f6dik, r\u00f6vid r\u00e1z\u00e1si utat \u00e9s a mechanikus far\u00e1z\u00f3hoz k\u00e9pest viszonylag magas frekvenci\u00e1t gener\u00e1lva.<\/p>\n<p>T\u00f6bb gener\u00e1ci\u00f3 \u00f3ta dolgozunk a gy\u00fcm\u00f6lcsbetakar\u00edt\u00e1si technol\u00f3gia ter\u00fclet\u00e9n. A gy\u00fcm\u00f6lcsbetakar\u00edt\u00f3 berendez\u00e9seink mellett sz\u00f3l\u00f3 \u00e9rt\u00e9kes\u00edt\u00e9si \u00e9rv a gy\u00fcm\u00f6lcsbetakar\u00edt\u00e1s \u00e1ramvonalas\u00edt\u00e1sa a betakar\u00edtott gy\u00fcm\u00f6lcs\u00f6t illet\u0151 legmagasabb min\u0151s\u00e9gi k\u00edv\u00e1nalmak teljes\u00edt\u00e9s\u00e9vel a tisztas\u00e1g \u00e9s a gy\u00fcm\u00f6lcsszed\u00e9s sebess\u00e9ge ter\u00e9n. Az innovat\u00edv term\u00e9kek folyamatos fejleszt\u00e9s\u00e9vel piacvezet\u0151k\u00e9nt mutatkoztunk meg Eur\u00f3p\u00e1ban a gy\u00fcm\u00f6lcsbetakar\u00edt\u00e1si technol\u00f3gia ter\u00e9n.<\/p>\n<\/div><div class=\"fusion-clearfix\"><\/div><\/div><\/div><div class=\"fusion-layout-column fusion_builder_column fusion-builder-column-4 fusion_builder_column_1_2 1_2 fusion-one-half fusion-column-last\" style=\"--awb-bg-size:cover;width:48%;\"><div class=\"fusion-column-wrapper fusion-flex-column-wrapper-legacy\"><div class=\"fusion-image-element in-legacy-container\" style=\"--awb-caption-title-font-family:var(--h2_typography-font-family);--awb-caption-title-font-weight:var(--h2_typography-font-weight);--awb-caption-title-font-style:var(--h2_typography-font-style);--awb-caption-title-size:var(--h2_typography-font-size);--awb-caption-title-transform:var(--h2_typography-text-transform);--awb-caption-title-line-height:var(--h2_typography-line-height);--awb-caption-title-letter-spacing:var(--h2_typography-letter-spacing);\"><span class=\" fusion-imageframe imageframe-none imageframe-1 hover-type-zoomin fusion-animated\" data-animationType=\"fadeInDown\" data-animationDuration=\"1.0\" data-animationOffset=\"bottom-in-view\"><a href=\"https:\/\/feucht-obsttechnik.de\/wp-content\/uploads\/obstsch\u00fcttler-mechanischer-stammschuettler-vhm-5.jpg\" class=\"fusion-lightbox\" data-rel=\"iLightbox[stammsch\u00fcttler]\" data-title=\"A VHM far\u00e1z\u00f3 a legjobb \u00e1r\u00fa v\u00e1ltozat kisebb gy\u00fcm\u00f6lcs\u00f6s\u00f6kbe\" title=\"A VHM far\u00e1z\u00f3 a legjobb \u00e1r\u00fa v\u00e1ltozat kisebb gy\u00fcm\u00f6lcs\u00f6s\u00f6kbe\"><img decoding=\"async\" width=\"1600\" height=\"1200\" src=\"https:\/\/feucht-obsttechnik.de\/wp-content\/uploads\/obstsch\u00fcttler-mechanischer-stammschuettler-vhm-5.jpg\" alt class=\"img-responsive wp-image-10342\" srcset=\"https:\/\/feucht-obsttechnik.de\/wp-content\/uploads\/obstsch\u00fcttler-mechanischer-stammschuettler-vhm-5-200x150.jpg 200w, https:\/\/feucht-obsttechnik.de\/wp-content\/uploads\/obstsch\u00fcttler-mechanischer-stammschuettler-vhm-5-400x300.jpg 400w, https:\/\/feucht-obsttechnik.de\/wp-content\/uploads\/obstsch\u00fcttler-mechanischer-stammschuettler-vhm-5-600x450.jpg 600w, https:\/\/feucht-obsttechnik.de\/wp-content\/uploads\/obstsch\u00fcttler-mechanischer-stammschuettler-vhm-5-800x600.jpg 800w, https:\/\/feucht-obsttechnik.de\/wp-content\/uploads\/obstsch\u00fcttler-mechanischer-stammschuettler-vhm-5-1200x900.jpg 1200w, https:\/\/feucht-obsttechnik.de\/wp-content\/uploads\/obstsch\u00fcttler-mechanischer-stammschuettler-vhm-5.jpg 1600w\" sizes=\"(max-width: 835px) 100vw, 600px\" \/><\/a><\/span><\/div><div class=\"fusion-sep-clear\"><\/div><div class=\"fusion-separator fusion-full-width-sep\" style=\"margin-left: auto;margin-right: auto;margin-bottom:30px;width:100%;\"><\/div><div class=\"fusion-sep-clear\"><\/div><div class=\"fusion-image-element in-legacy-container\" style=\"--awb-caption-title-font-family:var(--h2_typography-font-family);--awb-caption-title-font-weight:var(--h2_typography-font-weight);--awb-caption-title-font-style:var(--h2_typography-font-style);--awb-caption-title-size:var(--h2_typography-font-size);--awb-caption-title-transform:var(--h2_typography-text-transform);--awb-caption-title-line-height:var(--h2_typography-line-height);--awb-caption-title-letter-spacing:var(--h2_typography-letter-spacing);\"><span class=\" fusion-imageframe imageframe-none imageframe-2 hover-type-zoomin fusion-animated\" data-animationType=\"fadeInDown\" data-animationDuration=\"1.0\" data-animationOffset=\"bottom-in-view\"><a href=\"https:\/\/feucht-obsttechnik.de\/wp-content\/uploads\/obstsch\u00fcttler-hydraulischer-stammschuettler-vhy-3.jpg\" class=\"fusion-lightbox\" data-rel=\"iLightbox[stammsch\u00fcttler]\" data-title=\"VHY hidraulikus far\u00e1z\u00f3 a Feucht Obsttechnik v\u00e1llalatt\u00f3l\" title=\"VHY hidraulikus far\u00e1z\u00f3 a Feucht Obsttechnik v\u00e1llalatt\u00f3l\"><img decoding=\"async\" width=\"1600\" height=\"1200\" src=\"https:\/\/feucht-obsttechnik.de\/wp-content\/uploads\/obstsch\u00fcttler-hydraulischer-stammschuettler-vhy-3.jpg\" alt class=\"img-responsive wp-image-10580\" srcset=\"https:\/\/feucht-obsttechnik.de\/wp-content\/uploads\/obstsch\u00fcttler-hydraulischer-stammschuettler-vhy-3-200x150.jpg 200w, https:\/\/feucht-obsttechnik.de\/wp-content\/uploads\/obstsch\u00fcttler-hydraulischer-stammschuettler-vhy-3-400x300.jpg 400w, https:\/\/feucht-obsttechnik.de\/wp-content\/uploads\/obstsch\u00fcttler-hydraulischer-stammschuettler-vhy-3-600x450.jpg 600w, https:\/\/feucht-obsttechnik.de\/wp-content\/uploads\/obstsch\u00fcttler-hydraulischer-stammschuettler-vhy-3-800x600.jpg 800w, https:\/\/feucht-obsttechnik.de\/wp-content\/uploads\/obstsch\u00fcttler-hydraulischer-stammschuettler-vhy-3-1200x900.jpg 1200w, https:\/\/feucht-obsttechnik.de\/wp-content\/uploads\/obstsch\u00fcttler-hydraulischer-stammschuettler-vhy-3.jpg 1600w\" sizes=\"(max-width: 835px) 100vw, 600px\" \/><\/a><\/span><\/div><div class=\"fusion-clearfix\"><\/div><\/div><\/div><\/div><\/div><div class=\"fusion-fullwidth fullwidth-box fusion-builder-row-3 nonhundred-percent-fullwidth non-hundred-percent-height-scrolling\" style=\"--awb-background-position:left top;--awb-border-sizes-top:0px;--awb-border-sizes-bottom:0px;--awb-border-sizes-left:0px;--awb-border-sizes-right:0px;--awb-border-radius-top-left:0px;--awb-border-radius-top-right:0px;--awb-border-radius-bottom-right:0px;--awb-border-radius-bottom-left:0px;--awb-padding-top:1px;--awb-padding-bottom:0px;--awb-background-color:#cc0000;--awb-flex-wrap:wrap;\" ><div class=\"fusion-builder-row fusion-row\"><div class=\"fusion-layout-column fusion_builder_column fusion-builder-column-5 fusion_builder_column_1_1 1_1 fusion-one-full fusion-column-first fusion-column-last\" style=\"--awb-padding-top:50px;--awb-padding-bottom:50px;--awb-padding-left:0px;--awb-bg-size:cover;--awb-margin-bottom:0px;\"><div class=\"fusion-column-wrapper fusion-column-has-shadow fusion-flex-column-wrapper-legacy\"><div class=\"fusion-column-content-centered\"><div class=\"fusion-column-content\"><div class=\"fusion-text fusion-text-5\"><h2 style=\"text-align: center; margin-bottom: 0px;\"><span style=\"color: #ffffff;\"> Far\u00e1z\u00f3 a Feucht Obsttechnik v\u00e1llalatt\u00f3l<\/span><\/h2>\n<\/div><\/div><\/div><div class=\"fusion-clearfix\"><\/div><\/div><\/div><\/div><\/div><div class=\"fusion-fullwidth fullwidth-box fusion-builder-row-4 nonhundred-percent-fullwidth non-hundred-percent-height-scrolling\" style=\"--awb-border-radius-top-left:0px;--awb-border-radius-top-right:0px;--awb-border-radius-bottom-right:0px;--awb-border-radius-bottom-left:0px;--awb-padding-top:100px;--awb-padding-bottom:50px;--awb-background-color:#f2f2f2;--awb-flex-wrap:wrap;\" ><div class=\"fusion-builder-row fusion-row\"><div class=\"fusion-layout-column fusion_builder_column fusion-builder-column-6 fusion_builder_column_1_1 1_1 fusion-one-full fusion-column-first fusion-column-last\" style=\"--awb-bg-color:#ffffff;--awb-bg-color-hover:#ffffff;--awb-bg-size:cover;\"><div class=\"fusion-column-wrapper fusion-flex-column-wrapper-legacy\"><div class=\"fusion-text fusion-text-6\"><div style=\"padding: 25px;\">\n<h2>Magas t\u00f6rzs\u0171 f\u00e1khoz, \u00fcltetv\u00e9nyek f\u00e1ihoz \u00e9s intenz\u00edv gazd\u00e1lkod\u00e1st folytat\u00f3 l\u00e9gy\u00fcm\u00f6lcs\u00f6s\u00f6kh\u00f6z val\u00f3 gy\u00fcm\u00f6lcsr\u00e1z\u00f3 rendszer\u00fcnk (far\u00e1z\u00f3):<\/h2>\n<\/div>\n<\/div>\n<div class=\"table-2\">\n<table width=\"100%\">\n<tbody>\n<tr>\n<td align=\"left\"><strong>VHM<\/strong><br \/>\n<span class=\"table_description\"> Mechanikus far\u00e1z\u00f3 <\/span><\/td>\n<td align=\"left\">A legjobb \u00e1r\u00fa v\u00e1ltozat kisebb gy\u00fcm\u00f6lcs\u00f6s\u00f6kbe. A r\u00e1z\u00f3t a traktor hajt\u00f3tengelye hajtja. Ennek legal\u00e1bb 30 LE teljes\u00edtm\u00e9ny\u0171nek kell lennie. A VHM far\u00e1z\u00f3 ide\u00e1lis alm\u00e1t, k\u00f6rt\u00e9t, csereszny\u00e9t stb. termeszt\u0151 l\u00e9gy\u00fcm\u00f6lcs\u00f6s\u00f6kbe.<\/td>\n<\/tr>\n<tr>\n<td align=\"left\"><strong>FSI<\/strong><br \/>\n<span class=\"table_description\"> Hidraulikus far\u00e1z\u00f3 <\/span><\/td>\n<td align=\"left\">Az \u00fcltetv\u00e9nyekre val\u00f3 FSI r\u00e1z\u00f3 p\u00e9ld\u00e1ul kisebb f\u00e1k, p\u00e9ld\u00e1ul cseresznye, mirabella, szilva, alma vagy di\u00f3f\u00e9l\u00e9k, illetve alacsony t\u00f6rzs\u0171 gy\u00fcm\u00f6lcs\u00f6s\u00f6k betakar\u00edt\u00e1s\u00e1ra alkalmas. A hidraulikus r\u00f6gz\u00edt\u0151ket a r\u00e1z\u00f3fejre r\u00f6gz\u00edtve sokkal k\u00f6nnyebb\u00e9 v\u00e1lik a r\u00e1z\u00f3 f\u00e1ra r\u00f6gz\u00edt\u00e9se. Ez nagyfok\u00fa energia- \u00e9s id\u0151megtakar\u00edt\u00e1st eredm\u00e9nyez, k\u00fcl\u00f6n\u00f6sen a f\u0151 \u00e1gak r\u00e1z\u00e1sakor. Az 1 x 100 cm l\u00f6ket\u0171 teleszk\u00f3pos ny\u00e9l viszi a far\u00e1z\u00f3 r\u00e1z\u00f3fej\u00e9t a megr\u00e1zand\u00f3 f\u00e1hoz. Ez kell\u0151 t\u00e1vols\u00e1got biztos\u00edt a traktort\u00f3l.<\/td>\n<\/tr>\n<tr>\n<td align=\"left\"><strong>VHP<\/strong><br \/>\n<span class=\"table_description\"> Hidraulikus far\u00e1z\u00f3 <\/span><\/td>\n<td align=\"left\">A rezg\u0151egys\u00e9geket 2 hidraulikus motor vez\u00e9rli, amivel dinamikus ind\u00edt\u00e1st lehet el\u00e9rni. A r\u00f6gz\u00edt\u0151 nyit\u00e1s\u00e1t \u00e9s z\u00e1r\u00e1s\u00e1t, valamint rezg\u00e9s\u00e9t \u00e9s ir\u00e1ny\u00e1t is botkorm\u00e1nnyal lehet vez\u00e9relni a vezet\u0151f\u00fclk\u00e9b\u0151l. A traktornak legal\u00e1bb 80 LE teljes\u00edtm\u00e9ny\u0171nek kell lennie.<\/td>\n<\/tr>\n<tr>\n<td align=\"left\"><strong>FSC<\/strong><br \/>\n<span class=\"table_description\"> Hidraulikus far\u00e1z\u00f3 <\/span><\/td>\n<td align=\"left\">Az FSC far\u00e1z\u00f3 ide\u00e1lis a magas t\u00f6rzs\u0171 gy\u00fcm\u00f6lcs\u00f6s\u00f6kbe. A far\u00e1z\u00f3 seg\u00edts\u00e9g\u00e9vel ak\u00e1r 50 cm \u00e1tm\u00e9r\u0151j\u0171 fat\u00f6rzsekb\u0151l \u00f3r\u00e1nk\u00e9nt ak\u00e1r 75 fa r\u00e1z\u00e1s\u00e1ra van lehet\u0151s\u00e9g. A r\u00e1z\u00f3 teleszk\u00f3pja 150 cm-ig \u00e9r. A magas t\u00f6rzsh\u00f6z val\u00f3 r\u00e1z\u00f3t h\u00e1rom kett\u0151s hat\u00e1s\u00fa hidraulikus vez\u00e9rl\u0151eszk\u00f6z \u00e9s egy egyszer\u0171 m\u0171k\u00f6d\u00e9s\u0171 hidraulikus vez\u00e9rl\u0151eszk\u00f6z \u00fczemelteti, melynek a traktoron kell rendelkez\u00e9sre \u00e1llnia. A traktornak legal\u00e1bb 35 l\/perc olajell\u00e1t\u00e1ssal kell rendelkeznie.<\/td>\n<\/tr>\n<tr>\n<td align=\"left\"><strong>FS3<\/strong><br \/>\n<span class=\"table_description\"> Hidraulikus far\u00e1z\u00f3 <\/span><\/td>\n<td align=\"left\">A magas t\u00f6rzsh\u00f6z val\u00f3 FS3 far\u00e1z\u00f3 ak\u00e1r 50 cm t\u00f6rzs\u00e1tm\u00e9r\u0151j\u0171 f\u00e1k, p\u00e9ld\u00e1ul cseresznye, mirabella, di\u00f3f\u00e9l\u00e9k, szilva vagy alma r\u00e1z\u00e1s\u00e1ra alkalmas k\u00f6zvetlen\u00fcl a t\u00f6rzs\u00f6n. A hossz\u00fa teleszk\u00f3pos ny\u00e9l (3 x 100 cm) ak\u00e1r 600 cm t\u00e1vols\u00e1got tesz lehet\u0151v\u00e9 a fat\u00f6rzs \u00e9s a fedez\u00e9k sz\u00e9le k\u00f6z\u00f6tt. Ez azt jelenti, hogy m\u00e9g a lejt\u0151s ter\u00fcleteken l\u00e9v\u0151 f\u00e1k is k\u00f6nnyen el\u00e9rhet\u0151k, \u00e9s az \u00f6reg, nagyon nagy f\u00e1k f\u0151 \u00e1gait is k\u00f6nnyed\u00e9n \u00e9s finoman lehet megr\u00e1zni. Kompakt kivitel\u00e9nek k\u00f6sz\u00f6nhet\u0151en a r\u00e1z\u00f3fej rugalmas \u00e9s k\u00f6nnyen r\u00f6gz\u00edthet\u0151 b\u00e1rmely f\u00e1ra.<\/td>\n<\/tr>\n<tr>\n<td align=\"left\"><strong>FSI3<\/strong><br \/>\n<span class=\"table_description\"> Hidraulikus far\u00e1z\u00f3 <\/span><\/td>\n<td align=\"left\">Az FS13 r\u00e1z\u00f3 egyed\u00fcl\u00e1ll\u00f3 abban, hogy mind magas t\u00f6rzs\u0171, mind intenz\u00edv gazd\u00e1lkod\u00e1s\u00fa \u00fcltetv\u00e9nyeken haszn\u00e1lhat\u00f3. Az FSI3 ak\u00e1r 50 cm t\u00f6rzs\u00e1tm\u00e9r\u0151j\u0171 f\u00e1k, p\u00e9ld\u00e1ul cseresznye, mirabella, di\u00f3f\u00e9l\u00e9k, szilva vagy alma r\u00e1z\u00e1s\u00e1ra alkalmas k\u00f6zvetlen\u00fcl a t\u00f6rzs\u00f6n. A hossz\u00fa teleszk\u00f3pos kar (3 x 100 cm) ak\u00e1r 550 cm t\u00e1vols\u00e1got tesz lehet\u0151v\u00e9 a fat\u00f6rzs \u00e9s a fedez\u00e9k sz\u00e9le k\u00f6z\u00f6tt. Az FSI3 r\u00e1z\u00f3feje nagyon kompakt, ami azt jelenti, hogy rugalmas \u00e9s k\u00f6nnyen r\u00f6gz\u00edthet\u0151 b\u00e1rmely f\u00e1ra.<\/td>\n<\/tr>\n<tr>\n<td align=\"left\"><strong>VHD \/ B \/ E<\/strong><br \/>\n<span class=\"table_description\"> Hidraulikus far\u00e1z\u00f3 <\/span><\/td>\n<td align=\"left\">A far\u00e1z\u00f3k vez\u00e9rl\u00e9s\u00fck m\u00f3dj\u00e1ban t\u00e9rnek el. Ez vagy a traktor vez\u00e9rl\u0151eszk\u00f6z\u00e9vel, vagy a r\u00e1z\u00f3kba beszerelt hidraulikus (mechanikus \/ elektromos) vez\u00e9rl\u0151eszk\u00f6z\u00f6kkel t\u00f6rt\u00e9nik. Ez vagy a traktor vez\u00e9rl\u0151eszk\u00f6z\u00e9vel, vagy a r\u00e1z\u00f3kba beszerelt hidraulikus (mechanikus \/ elektromos) A VHB far\u00e1z\u00f3 lesz\u00e1ll\u00edt\u00e1sa hidraulikus vez\u00e9rl\u0151eszk\u00f6z n\u00e9lk\u00fcl t\u00f6rt\u00e9nik. A VHD far\u00e1z\u00f3 mechanikus vez\u00e9rl\u0151eszk\u00f6zzel van felszerelve. A VHE far\u00e1z\u00f3 elektromos vez\u00e9rl\u0151eszk\u00f6zzel rendelkezik. A far\u00e1z\u00f3k l\u00e9nyegi fel\u00e9p\u00edt\u00e9se egy\u00e9bk\u00e9nt azonos.<\/td>\n<\/tr>\n<tr>\n<td align=\"left\"><strong>VHY<\/strong><br \/>\n<span class=\"table_description\"> Hidraulikus far\u00e1z\u00f3 <\/span><\/td>\n<td align=\"left\">A VHY far\u00e1z\u00f3 \u00f3r\u00e1nk\u00e9nt ak\u00e1r 75 fa r\u00e1z\u00e1s\u00e1ra k\u00e9pes forgathat\u00f3 r\u00e1z\u00f3fej\u00e9nek k\u00f6sz\u00f6nhet\u0151en. A hidraulikus r\u00e1z\u00f3fej ir\u00e1nya megk\u00f6nny\u00edti a kezel\u0151 munk\u00e1j\u00e1t \u00e9s n\u00f6veli a far\u00e1z\u00f3 hat\u00e9konys\u00e1g\u00e1t. A teljes\u00edt\u0151k\u00e9pes far\u00e1z\u00f3 cs\u00f6kkenti tov\u00e1bb\u00e1 a f\u00e1kon l\u00e9v\u0151 nyom\u00e1spontokat. A r\u00e1z\u00f3 elektromos vez\u00e9rl\u0151vel \u00e9s olajh\u0171t\u0151vel van felszerelve.<\/td>\n<\/tr>\n<\/tbody>\n<\/table>\n<\/div>\n<div class=\"fusion-clearfix\"><\/div><\/div><\/div><div class=\"fusion-layout-column fusion_builder_column fusion-builder-column-7 fusion_builder_column_1_1 1_1 fusion-one-full fusion-column-first fusion-column-last\" style=\"--awb-bg-size:cover;--awb-margin-bottom:0px;\"><div class=\"fusion-column-wrapper fusion-column-has-shadow fusion-flex-column-wrapper-legacy\"><div class=\"fusion-column-content-centered\"><div class=\"fusion-column-content\"><div class=\"fusion-button-wrapper\"><a class=\"fusion-button button-flat fusion-button-default-size button-custom fusion-button-default button-1 fusion-button-default-span fusion-button-default-type\" style=\"--button_accent_color:#ffffff;--button_border_color:#ffffff;--button_accent_hover_color:#ffffff;--button_border_hover_color:#ffffff;--button_gradient_top_color:#cc0000;--button_gradient_bottom_color:#cc0000;--button_gradient_top_color_hover:#ef0000;--button_gradient_bottom_color_hover:#ef0000;\" target=\"_self\" title=\"Tov\u00e1bbi inform\u00e1ci\u00f3k far\u00e1z\u00f3inkr\u00f3l\" aria-label=\"Tov\u00e1bbi inform\u00e1ci\u00f3k far\u00e1z\u00f3inkr\u00f3l\" href=\"https:\/\/feucht-obsttechnik.de\/hu\/gyuemoelcsbetakaritasi-technologia\/gyuemoelcsrazok\/hidraulikus-farazo\/\"><span class=\"fusion-button-text awb-button__text awb-button__text--default\">Tov\u00e1bbi inform\u00e1ci\u00f3k far\u00e1z\u00f3inkr\u00f3l<\/span><\/a><\/div><\/div><\/div><div class=\"fusion-clearfix\"><\/div><\/div><\/div><\/div><\/div><div class=\"fusion-fullwidth fullwidth-box fusion-builder-row-5 nonhundred-percent-fullwidth non-hundred-percent-height-scrolling fusion-equal-height-columns fusion-no-small-visibility schlagwoerter\" style=\"--awb-background-position:center top;--awb-border-sizes-top:0px;--awb-border-sizes-bottom:0px;--awb-border-sizes-left:0px;--awb-border-sizes-right:0px;--awb-border-radius-top-left:0px;--awb-border-radius-top-right:0px;--awb-border-radius-bottom-right:0px;--awb-border-radius-bottom-left:0px;--awb-padding-top:0px;--awb-padding-right:15%;--awb-padding-bottom:0px;--awb-padding-left:15%;--awb-background-color:#a0ce4e;--awb-flex-wrap:wrap;\" ><div class=\"fusion-builder-row fusion-row\"><div class=\"fusion-layout-column fusion_builder_column fusion-builder-column-8 fusion_builder_column_1_5 1_5 fusion-one-fifth fusion-column-first\" style=\"--awb-padding-top:10px;--awb-padding-bottom:10px;--awb-bg-size:cover;--awb-margin-top:10px;--awb-margin-bottom:0px;width:20%;width:calc(20% - ( ( 4% ) * 0.2 ) );margin-right: 4%;\"><div class=\"fusion-column-wrapper fusion-column-has-shadow fusion-flex-column-wrapper-legacy\"><div class=\"fusion-column-content-centered\"><div class=\"fusion-column-content\"><div class=\"fusion-title title fusion-title-1 fusion-sep-none fusion-title-text fusion-title-size-two\" style=\"--awb-text-color:#ffffff;--awb-margin-bottom:0px;--awb-margin-right-small:0px;--awb-margin-bottom-small:0px;--awb-margin-left-small:0px;\"><h2 class=\"fusion-title-heading title-heading-left fusion-responsive-typography-calculated\" style=\"margin:0;--fontSize:26;--minFontSize:26;line-height:1.25;\">Kulcsszavak:<\/h2><\/div><\/div><\/div><div class=\"fusion-clearfix\"><\/div><\/div><\/div><div class=\"fusion-layout-column fusion_builder_column fusion-builder-column-9 fusion_builder_column_4_5 4_5 fusion-four-fifth fusion-column-last fusion-column-no-min-height\" style=\"--awb-padding-top:10px;--awb-padding-bottom:10px;--awb-bg-size:cover;--awb-margin-top:20px;--awb-margin-bottom:0px;width:80%;width:calc(80% - ( ( 4% ) * 0.8 ) );\"><div class=\"fusion-column-wrapper fusion-column-has-shadow fusion-flex-column-wrapper-legacy\"><div class=\"fusion-text fusion-text-7\"><p><span style=\"color: #ffffff;\"><a href=\"https:\/\/feucht-obsttechnik.de\/hu\/gyuemoelcsbetakaritasi-technologia\/gyuemoelcsrazok\/\">R\u00e1z\u00f3k<\/a>, <a href=\"https:\/\/feucht-obsttechnik.de\/hu\/gyuemoelcsbetakaritasi-technologia\/gyuemoelcsrazok\/os-gyuemoelcsrazo\/\">Gy\u00fcm\u00f6lcsr\u00e1z\u00f3<\/a>, <a href=\"https:\/\/feucht-obsttechnik.de\/hu\/gyuemoelcsbetakaritasi-technologia\/gyuemoelcsrazok\/teleszkopos-nyel\/\">Teleszk\u00f3pos ny\u00e9l<\/a>, <a href=\"https:\/\/feucht-obsttechnik.de\/hu\/gyuemoelcsbetakaritasi-technologia\/gyuemoelcsrazok\/mechanikus-farazo\/\">Mechanikus far\u00e1z\u00f3<\/a>, <a href=\"https:\/\/feucht-obsttechnik.de\/hu\/gyuemoelcsbetakaritasi-technologia\/gyuemoelcsrazok\/hidraulikus-farazo\/\">Hidraulikus far\u00e1z\u00f3<\/a>, <a href=\"https:\/\/feucht-obsttechnik.de\/hu\/gyuemoelcsbetakaritasi-technologia\/\">Gy\u00fcm\u00f6lcsbetakar\u00edt\u00e1si technol\u00f3gia<\/a>, <a href=\"https:\/\/feucht-obsttechnik.de\/hu\/gyuemoelcsbetakaritasi-technologia\/\">Gy\u00fcm\u00f6lcsbetakar\u00edt\u00f3 eszk\u00f6z\u00f6k<\/a>, <a href=\"https:\/\/feucht-obsttechnik.de\/hu\/gyuemoelcsbetakaritasi-technologia\/gyuemoelcsrazok\/hidraulikus-farazo\/\">Far\u00e1z\u00f3<\/a>, <a href=\"https:\/\/feucht-obsttechnik.de\/hu\/gyuemoelcsbetakaritasi-technologia\/gyuemoelcsrazok\/os-gyuemoelcsrazo\/\">K\u00f6teles gy\u00fcm\u00f6lcsr\u00e1z\u00f3<\/a><\/span><\/p>\n<\/div><div class=\"fusion-clearfix\"><\/div><\/div><\/div><\/div><\/div><\/p>\n","protected":false},"excerpt":{"rendered":"","protected":false},"author":4,"featured_media":0,"parent":0,"menu_order":0,"comment_status":"closed","ping_status":"closed","template":"100-width.php","meta":{"footnotes":"","_wp_rev_ctl_limit":""},"class_list":["post-14243","page","type-page","status-publish","hentry"],"yoast_head":"<!-- This site is optimized with the Yoast SEO plugin v27.5 - https:\/\/yoast.com\/product\/yoast-seo-wordpress\/ -->\n<title>Far\u00e1z\u00f3 - Feucht Obsttechnik<\/title>\n<meta name=\"description\" content=\"A Feucht Obsttechnik k\u00f6teles gy\u00fcm\u00f6lcsr\u00e1z\u00f3ja cs\u00f6kkenti a betakar\u00edt\u00e1si k\u00f6lts\u00e9geket \u00e9s l\u00e9nyegesen megn\u00f6veli a r\u00e1z\u00f3 teljes\u00edtm\u00e9ny\u00e9t. Tov\u00e1bbi inform\u00e1ci\u00f3k hidraulikus \u00e9s mechanikus gy\u00fcm\u00f6lcsr\u00e1z\u00f3inkr\u00f3l.\" \/>\n<meta name=\"robots\" content=\"index, follow, max-snippet:-1, max-image-preview:large, max-video-preview:-1\" \/>\n<link rel=\"canonical\" href=\"https:\/\/feucht-obsttechnik.de\/hu\/farazo\/\" \/>\n<meta property=\"og:locale\" content=\"hu_HU\" \/>\n<meta property=\"og:type\" content=\"article\" \/>\n<meta property=\"og:title\" content=\"Far\u00e1z\u00f3 - Feucht Obsttechnik\" \/>\n<meta property=\"og:description\" content=\"A Feucht Obsttechnik k\u00f6teles gy\u00fcm\u00f6lcsr\u00e1z\u00f3ja cs\u00f6kkenti a betakar\u00edt\u00e1si k\u00f6lts\u00e9geket \u00e9s l\u00e9nyegesen megn\u00f6veli a r\u00e1z\u00f3 teljes\u00edtm\u00e9ny\u00e9t. Tov\u00e1bbi inform\u00e1ci\u00f3k hidraulikus \u00e9s mechanikus gy\u00fcm\u00f6lcsr\u00e1z\u00f3inkr\u00f3l.\" \/>\n<meta property=\"og:url\" content=\"https:\/\/feucht-obsttechnik.de\/hu\/farazo\/\" \/>\n<meta property=\"og:site_name\" content=\"Feucht Obsttechnik\" \/>\n<meta property=\"article:modified_time\" content=\"2021-04-11T19:41:59+00:00\" \/>\n<meta name=\"twitter:card\" content=\"summary_large_image\" \/>\n<meta name=\"twitter:label1\" content=\"Becs\u00fclt olvas\u00e1si id\u0151\" \/>\n\t<meta name=\"twitter:data1\" content=\"18 perc\" \/>\n<script type=\"application\/ld+json\" class=\"yoast-schema-graph\">{\"@context\":\"https:\\\/\\\/schema.org\",\"@graph\":[{\"@type\":\"WebPage\",\"@id\":\"https:\\\/\\\/feucht-obsttechnik.de\\\/hu\\\/farazo\\\/\",\"url\":\"https:\\\/\\\/feucht-obsttechnik.de\\\/hu\\\/farazo\\\/\",\"name\":\"Far\u00e1z\u00f3 - Feucht Obsttechnik\",\"isPartOf\":{\"@id\":\"https:\\\/\\\/feucht-obsttechnik.de\\\/hu\\\/#website\"},\"datePublished\":\"2021-04-11T19:41:55+00:00\",\"dateModified\":\"2021-04-11T19:41:59+00:00\",\"description\":\"A Feucht Obsttechnik k\u00f6teles gy\u00fcm\u00f6lcsr\u00e1z\u00f3ja cs\u00f6kkenti a betakar\u00edt\u00e1si k\u00f6lts\u00e9geket \u00e9s l\u00e9nyegesen megn\u00f6veli a r\u00e1z\u00f3 teljes\u00edtm\u00e9ny\u00e9t. Tov\u00e1bbi inform\u00e1ci\u00f3k hidraulikus \u00e9s mechanikus gy\u00fcm\u00f6lcsr\u00e1z\u00f3inkr\u00f3l.\",\"breadcrumb\":{\"@id\":\"https:\\\/\\\/feucht-obsttechnik.de\\\/hu\\\/farazo\\\/#breadcrumb\"},\"inLanguage\":\"hu\",\"potentialAction\":[{\"@type\":\"ReadAction\",\"target\":[\"https:\\\/\\\/feucht-obsttechnik.de\\\/hu\\\/farazo\\\/\"]}]},{\"@type\":\"BreadcrumbList\",\"@id\":\"https:\\\/\\\/feucht-obsttechnik.de\\\/hu\\\/farazo\\\/#breadcrumb\",\"itemListElement\":[{\"@type\":\"ListItem\",\"position\":1,\"name\":\"Startseite\",\"item\":\"https:\\\/\\\/feucht-obsttechnik.de\\\/hu\\\/\"},{\"@type\":\"ListItem\",\"position\":2,\"name\":\"Far\u00e1z\u00f3\"}]},{\"@type\":\"WebSite\",\"@id\":\"https:\\\/\\\/feucht-obsttechnik.de\\\/hu\\\/#website\",\"url\":\"https:\\\/\\\/feucht-obsttechnik.de\\\/hu\\\/\",\"name\":\"Feucht Obsttechnik\",\"description\":\"\",\"publisher\":{\"@id\":\"https:\\\/\\\/feucht-obsttechnik.de\\\/hu\\\/#organization\"},\"potentialAction\":[{\"@type\":\"SearchAction\",\"target\":{\"@type\":\"EntryPoint\",\"urlTemplate\":\"https:\\\/\\\/feucht-obsttechnik.de\\\/hu\\\/?s={search_term_string}\"},\"query-input\":{\"@type\":\"PropertyValueSpecification\",\"valueRequired\":true,\"valueName\":\"search_term_string\"}}],\"inLanguage\":\"hu\"},{\"@type\":\"Organization\",\"@id\":\"https:\\\/\\\/feucht-obsttechnik.de\\\/hu\\\/#organization\",\"name\":\"Feucht Obsttechnik GmbH\",\"url\":\"https:\\\/\\\/feucht-obsttechnik.de\\\/hu\\\/\",\"logo\":{\"@type\":\"ImageObject\",\"inLanguage\":\"hu\",\"@id\":\"https:\\\/\\\/feucht-obsttechnik.de\\\/hu\\\/#\\\/schema\\\/logo\\\/image\\\/\",\"url\":\"https:\\\/\\\/feucht-obsttechnik.de\\\/wp-content\\\/uploads\\\/logo-feucht@2x-1.png\",\"contentUrl\":\"https:\\\/\\\/feucht-obsttechnik.de\\\/wp-content\\\/uploads\\\/logo-feucht@2x-1.png\",\"width\":640,\"height\":123,\"caption\":\"Feucht Obsttechnik GmbH\"},\"image\":{\"@id\":\"https:\\\/\\\/feucht-obsttechnik.de\\\/hu\\\/#\\\/schema\\\/logo\\\/image\\\/\"}}]}<\/script>\n<!-- \/ Yoast SEO plugin. -->","yoast_head_json":{"title":"Far\u00e1z\u00f3 - Feucht Obsttechnik","description":"A Feucht Obsttechnik k\u00f6teles gy\u00fcm\u00f6lcsr\u00e1z\u00f3ja cs\u00f6kkenti a betakar\u00edt\u00e1si k\u00f6lts\u00e9geket \u00e9s l\u00e9nyegesen megn\u00f6veli a r\u00e1z\u00f3 teljes\u00edtm\u00e9ny\u00e9t. Tov\u00e1bbi inform\u00e1ci\u00f3k hidraulikus \u00e9s mechanikus gy\u00fcm\u00f6lcsr\u00e1z\u00f3inkr\u00f3l.","robots":{"index":"index","follow":"follow","max-snippet":"max-snippet:-1","max-image-preview":"max-image-preview:large","max-video-preview":"max-video-preview:-1"},"canonical":"https:\/\/feucht-obsttechnik.de\/hu\/farazo\/","og_locale":"hu_HU","og_type":"article","og_title":"Far\u00e1z\u00f3 - Feucht Obsttechnik","og_description":"A Feucht Obsttechnik k\u00f6teles gy\u00fcm\u00f6lcsr\u00e1z\u00f3ja cs\u00f6kkenti a betakar\u00edt\u00e1si k\u00f6lts\u00e9geket \u00e9s l\u00e9nyegesen megn\u00f6veli a r\u00e1z\u00f3 teljes\u00edtm\u00e9ny\u00e9t. Tov\u00e1bbi inform\u00e1ci\u00f3k hidraulikus \u00e9s mechanikus gy\u00fcm\u00f6lcsr\u00e1z\u00f3inkr\u00f3l.","og_url":"https:\/\/feucht-obsttechnik.de\/hu\/farazo\/","og_site_name":"Feucht Obsttechnik","article_modified_time":"2021-04-11T19:41:59+00:00","twitter_card":"summary_large_image","twitter_misc":{"Becs\u00fclt olvas\u00e1si id\u0151":"18 perc"},"schema":{"@context":"https:\/\/schema.org","@graph":[{"@type":"WebPage","@id":"https:\/\/feucht-obsttechnik.de\/hu\/farazo\/","url":"https:\/\/feucht-obsttechnik.de\/hu\/farazo\/","name":"Far\u00e1z\u00f3 - Feucht Obsttechnik","isPartOf":{"@id":"https:\/\/feucht-obsttechnik.de\/hu\/#website"},"datePublished":"2021-04-11T19:41:55+00:00","dateModified":"2021-04-11T19:41:59+00:00","description":"A Feucht Obsttechnik k\u00f6teles gy\u00fcm\u00f6lcsr\u00e1z\u00f3ja cs\u00f6kkenti a betakar\u00edt\u00e1si k\u00f6lts\u00e9geket \u00e9s l\u00e9nyegesen megn\u00f6veli a r\u00e1z\u00f3 teljes\u00edtm\u00e9ny\u00e9t. Tov\u00e1bbi inform\u00e1ci\u00f3k hidraulikus \u00e9s mechanikus gy\u00fcm\u00f6lcsr\u00e1z\u00f3inkr\u00f3l.","breadcrumb":{"@id":"https:\/\/feucht-obsttechnik.de\/hu\/farazo\/#breadcrumb"},"inLanguage":"hu","potentialAction":[{"@type":"ReadAction","target":["https:\/\/feucht-obsttechnik.de\/hu\/farazo\/"]}]},{"@type":"BreadcrumbList","@id":"https:\/\/feucht-obsttechnik.de\/hu\/farazo\/#breadcrumb","itemListElement":[{"@type":"ListItem","position":1,"name":"Startseite","item":"https:\/\/feucht-obsttechnik.de\/hu\/"},{"@type":"ListItem","position":2,"name":"Far\u00e1z\u00f3"}]},{"@type":"WebSite","@id":"https:\/\/feucht-obsttechnik.de\/hu\/#website","url":"https:\/\/feucht-obsttechnik.de\/hu\/","name":"Feucht Obsttechnik","description":"","publisher":{"@id":"https:\/\/feucht-obsttechnik.de\/hu\/#organization"},"potentialAction":[{"@type":"SearchAction","target":{"@type":"EntryPoint","urlTemplate":"https:\/\/feucht-obsttechnik.de\/hu\/?s={search_term_string}"},"query-input":{"@type":"PropertyValueSpecification","valueRequired":true,"valueName":"search_term_string"}}],"inLanguage":"hu"},{"@type":"Organization","@id":"https:\/\/feucht-obsttechnik.de\/hu\/#organization","name":"Feucht Obsttechnik GmbH","url":"https:\/\/feucht-obsttechnik.de\/hu\/","logo":{"@type":"ImageObject","inLanguage":"hu","@id":"https:\/\/feucht-obsttechnik.de\/hu\/#\/schema\/logo\/image\/","url":"https:\/\/feucht-obsttechnik.de\/wp-content\/uploads\/logo-feucht@2x-1.png","contentUrl":"https:\/\/feucht-obsttechnik.de\/wp-content\/uploads\/logo-feucht@2x-1.png","width":640,"height":123,"caption":"Feucht Obsttechnik GmbH"},"image":{"@id":"https:\/\/feucht-obsttechnik.de\/hu\/#\/schema\/logo\/image\/"}}]}},"_links":{"self":[{"href":"https:\/\/feucht-obsttechnik.de\/hu\/wp-json\/wp\/v2\/pages\/14243","targetHints":{"allow":["GET"]}}],"collection":[{"href":"https:\/\/feucht-obsttechnik.de\/hu\/wp-json\/wp\/v2\/pages"}],"about":[{"href":"https:\/\/feucht-obsttechnik.de\/hu\/wp-json\/wp\/v2\/types\/page"}],"author":[{"embeddable":true,"href":"https:\/\/feucht-obsttechnik.de\/hu\/wp-json\/wp\/v2\/users\/4"}],"replies":[{"embeddable":true,"href":"https:\/\/feucht-obsttechnik.de\/hu\/wp-json\/wp\/v2\/comments?post=14243"}],"version-history":[{"count":0,"href":"https:\/\/feucht-obsttechnik.de\/hu\/wp-json\/wp\/v2\/pages\/14243\/revisions"}],"wp:attachment":[{"href":"https:\/\/feucht-obsttechnik.de\/hu\/wp-json\/wp\/v2\/media?parent=14243"}],"curies":[{"name":"wp","href":"https:\/\/api.w.org\/{rel}","templated":true}]}}