{"id":14239,"date":"2021-04-11T21:31:49","date_gmt":"2021-04-11T19:31:49","guid":{"rendered":"http:\/\/neu2020.feucht-obsttechnik.de\/koeteles-gyuemoelcsrazo\/"},"modified":"2021-04-11T21:31:51","modified_gmt":"2021-04-11T19:31:51","slug":"koeteles-gyuemoelcsrazo","status":"publish","type":"page","link":"https:\/\/feucht-obsttechnik.de\/hu\/koeteles-gyuemoelcsrazo\/","title":{"rendered":"K\u00f6teles gy\u00fcm\u00f6lcsr\u00e1z\u00f3"},"content":{"rendered":"<p><div class=\"fusion-bg-parallax\" data-bg-align=\"left center\" data-direction=\"up\" data-mute=\"false\" data-opacity=\"100\" data-velocity=\"-0.3\" data-mobile-enabled=\"false\" data-break_parents=\"0\" data-bg-image=\"https:\/\/feucht-obsttechnik.de\/wp-content\/uploads\/bg-header-obsterntetechnik.jpg\" data-bg-repeat=\"false\" ><\/div><div class=\"fusion-fullwidth fullwidth-box fusion-builder-row-1 fusion-parallax-up nonhundred-percent-fullwidth non-hundred-percent-height-scrolling\" style=\"--awb-background-position:left center;--awb-border-sizes-top:0px;--awb-border-sizes-bottom:0px;--awb-border-sizes-left:0px;--awb-border-sizes-right:0px;--awb-border-radius-top-left:0px;--awb-border-radius-top-right:0px;--awb-border-radius-bottom-right:0px;--awb-border-radius-bottom-left:0px;--awb-padding-top:130px;--awb-padding-bottom:120px;--awb-background-image:url(&quot;https:\/\/feucht-obsttechnik.de\/wp-content\/uploads\/bg-header-obsterntetechnik.jpg&quot;);--awb-background-size:cover;--awb-flex-wrap:wrap;\" ><div class=\"fusion-builder-row fusion-row\"><div class=\"fusion-layout-column fusion_builder_column fusion-builder-column-0 fusion_builder_column_1_2 1_2 fusion-one-half fusion-column-first\" style=\"--awb-bg-size:cover;width:48%; margin-right: 4%;\"><div class=\"fusion-column-wrapper fusion-flex-column-wrapper-legacy\"><div class=\"fusion-text fusion-text-1\"><h1><span style=\"color: #ffffff\"> K\u00f6teles gy\u00fcm\u00f6lcsr\u00e1z\u00f3<\/span><\/h1>\n<p><span style=\"color: #ffffff\">K\u00f6teles gy\u00fcm\u00f6lcsr\u00e1z\u00f3nk \u00e9szrevehet\u0151en megn\u00f6veli a r\u00e1z\u00e1si teljes\u00edtm\u00e9nyt, ez pedig a betakar\u00edt\u00e1si k\u00f6lts\u00e9gek jelent\u0151s cs\u00f6kken\u00e9s\u00e9hez vezet.<\/span><\/p>\n<\/div><div class=\"fusion-clearfix\"><\/div><\/div><\/div><div class=\"fusion-layout-column fusion_builder_column fusion-builder-column-1 fusion_builder_column_1_2 1_2 fusion-one-half fusion-column-last\" style=\"--awb-bg-size:cover;width:48%;\"><div class=\"fusion-column-wrapper fusion-flex-column-wrapper-legacy\"><div class=\"fusion-clearfix\"><\/div><\/div><\/div><\/div><\/div><div class=\"fusion-fullwidth fullwidth-box fusion-builder-row-2 nonhundred-percent-fullwidth non-hundred-percent-height-scrolling\" style=\"--awb-background-position:left top;--awb-border-sizes-top:0px;--awb-border-sizes-bottom:0px;--awb-border-sizes-left:0px;--awb-border-sizes-right:0px;--awb-border-radius-top-left:0px;--awb-border-radius-top-right:0px;--awb-border-radius-bottom-right:0px;--awb-border-radius-bottom-left:0px;--awb-padding-top:130px;--awb-padding-bottom:30px;--awb-flex-wrap:wrap;\" ><div class=\"fusion-builder-row fusion-row\"><div class=\"fusion-layout-column fusion_builder_column fusion-builder-column-2 fusion_builder_column_1_1 1_1 fusion-one-full fusion-column-first fusion-column-last\" style=\"--awb-bg-size:cover;\"><div class=\"fusion-column-wrapper fusion-column-has-shadow fusion-flex-column-wrapper-legacy\"><div class=\"fusion-text fusion-text-2\"><h2>K\u00f6teles gy\u00fcm\u00f6lcsr\u00e1z\u00f3 \/ Gy\u00fcm\u00f6lcsr\u00e1z\u00f3 a Feucht Obsttechnik v\u00e1llalatt\u00f3l<\/h2>\n<\/div><div class=\"fusion-text fusion-text-3\"><h3><span class=\"\">A k\u00f6teles gy\u00fcm\u00f6lcsr\u00e1z\u00f3 \/ gy\u00fcm\u00f6lcsr\u00e1z\u00f3 seg\u00edts\u00e9g\u00e9vel 30%-kal cs\u00f6kkentheti a sz\u00fcks\u00e9ges id\u0151t.<\/span><\/h3>\n<\/div><div class=\"fusion-clearfix\"><\/div><\/div><\/div><div class=\"fusion-layout-column fusion_builder_column fusion-builder-column-3 fusion_builder_column_1_2 1_2 fusion-one-half fusion-column-first\" style=\"--awb-bg-size:cover;width:48%; margin-right: 4%;\"><div class=\"fusion-column-wrapper fusion-flex-column-wrapper-legacy\"><div class=\"fusion-text fusion-text-4\"><p>A l\u00e9gy\u00fcm\u00f6lcs\u00f6t a gy\u00fcm\u00f6lcsszed\u0151 g\u00e9p n\u00e9lk\u00fcli felszed\u00e9s\u00e9hez le kell r\u00e1zni. Ez a tev\u00e9kenys\u00e9g k\u00fcl\u00f6n\u00f6sen id\u0151rabl\u00f3 \u00e9s kimer\u00edt\u0151, ha k\u00e9zzel kell v\u00e9gezni. Annak \u00e9rdek\u00e9ben, hogy a far\u00e1z\u00e1s a gy\u00fcm\u00f6lcsszed\u0151 g\u00e9pek betakar\u00edt\u00e1si teljes\u00edtm\u00e9ny\u00e9hez igazodjon, k\u00f6teles gy\u00fcm\u00f6lcsr\u00e1z\u00f3nkkal gyorsan \u00e9s er\u0151fesz\u00edt\u00e9s n\u00e9lk\u00fcl le lehet r\u00e1zni a f\u00e1r\u00f3l az alm\u00e1t, k\u00f6rt\u00e9t, szilv\u00e1t, csereszny\u00e9t, di\u00f3t \u00e9s m\u00e1s lehullott gy\u00fcm\u00f6lcs\u00f6ket. M\u00e1r azoknak a termeszt\u0151knek is biztosan \u00e9rdemes beszerezni a nagyon olcs\u00f3 \u00e9s strapab\u00edr\u00f3 k\u00f6teles gy\u00fcm\u00f6lcsr\u00e1z\u00f3t, akiknek csak n\u00e9h\u00e1ny gy\u00fcm\u00f6lcsf\u00e1juk van. A k\u00f6teles gy\u00fcm\u00f6lcsr\u00e1z\u00f3 20 \u00e9ve \u00e9rhet\u0151 el a piacon, \u00e9s az\u00f3ta t\u00f6bb mint 5500 darab kelt el.<\/p>\n<p>Az OS gy\u00fcm\u00f6lcsr\u00e1z\u00f3 3 pontos k\u00f6teles gy\u00fcm\u00f6lcsr\u00e1z\u00f3. A traktor elej\u00e9re vagy h\u00e1tulj\u00e1ra csatlakozik, \u00e9s a teljes\u00edtm\u00e9nylead\u00f3 tengely hajtja. Az 54 kg-os k\u00f6teles gy\u00fcm\u00f6lcsr\u00e1z\u00f3 \u00e1ltal\u00e1ban egy 10 m\u00e9teres ac\u00e9lk\u00f6t\u00e9llel van felszerelve, amelyet a fakorona f\u0151 \u00e1gaira hurkolnak. A k\u00f6telet ut\u00e1na megfesz\u00edtik, \u00e9s kezd\u0151dhet a r\u00e1z\u00e1si folyamat a k\u00f6teles gy\u00fcm\u00f6lcsr\u00e1z\u00f3val. A k\u00f6teles gy\u00fcm\u00f6lcsr\u00e1z\u00f3 kezel\u00e9s\u00e9t k\u00f6nny\u0171 megtanulni.<\/p>\n<\/div><div class=\"fusion-clearfix\"><\/div><\/div><\/div><div class=\"fusion-layout-column fusion_builder_column fusion-builder-column-4 fusion_builder_column_1_2 1_2 fusion-one-half fusion-column-last\" style=\"--awb-bg-size:cover;width:48%;\"><div class=\"fusion-column-wrapper fusion-flex-column-wrapper-legacy\"><div class=\"fusion-image-element in-legacy-container\" style=\"--awb-caption-title-font-family:var(--h2_typography-font-family);--awb-caption-title-font-weight:var(--h2_typography-font-weight);--awb-caption-title-font-style:var(--h2_typography-font-style);--awb-caption-title-size:var(--h2_typography-font-size);--awb-caption-title-transform:var(--h2_typography-text-transform);--awb-caption-title-line-height:var(--h2_typography-line-height);--awb-caption-title-letter-spacing:var(--h2_typography-letter-spacing);\"><span class=\" fusion-imageframe imageframe-none imageframe-1 hover-type-zoomin fusion-animated\" data-animationType=\"fadeInDown\" data-animationDuration=\"1.0\" data-animationOffset=\"bottom-in-view\"><a href=\"https:\/\/feucht-obsttechnik.de\/wp-content\/uploads\/obstsch\u00fcttler-os-seilschuettler-3.jpg\" class=\"fusion-lightbox\" data-rel=\"iLightbox[seilsch\u00fcttler]\" data-title=\"Az OS gy\u00fcm\u00f6lcsr\u00e1z\u00f3 3 pontos k\u00f6teles gy\u00fcm\u00f6lcsr\u00e1z\u00f3\" title=\"Az OS gy\u00fcm\u00f6lcsr\u00e1z\u00f3 3 pontos k\u00f6teles gy\u00fcm\u00f6lcsr\u00e1z\u00f3\"><img decoding=\"async\" width=\"1600\" height=\"1200\" src=\"https:\/\/feucht-obsttechnik.de\/wp-content\/uploads\/obstsch\u00fcttler-os-seilschuettler-3.jpg\" alt class=\"img-responsive wp-image-10324\" srcset=\"https:\/\/feucht-obsttechnik.de\/wp-content\/uploads\/obstsch\u00fcttler-os-seilschuettler-3-200x150.jpg 200w, https:\/\/feucht-obsttechnik.de\/wp-content\/uploads\/obstsch\u00fcttler-os-seilschuettler-3-400x300.jpg 400w, https:\/\/feucht-obsttechnik.de\/wp-content\/uploads\/obstsch\u00fcttler-os-seilschuettler-3-600x450.jpg 600w, https:\/\/feucht-obsttechnik.de\/wp-content\/uploads\/obstsch\u00fcttler-os-seilschuettler-3-800x600.jpg 800w, https:\/\/feucht-obsttechnik.de\/wp-content\/uploads\/obstsch\u00fcttler-os-seilschuettler-3-1200x900.jpg 1200w, https:\/\/feucht-obsttechnik.de\/wp-content\/uploads\/obstsch\u00fcttler-os-seilschuettler-3.jpg 1600w\" sizes=\"(max-width: 835px) 100vw, 600px\" \/><\/a><\/span><\/div><div class=\"fusion-clearfix\"><\/div><\/div><\/div><\/div><\/div><div class=\"fusion-fullwidth fullwidth-box fusion-builder-row-3 nonhundred-percent-fullwidth non-hundred-percent-height-scrolling\" style=\"--awb-background-position:left top;--awb-border-sizes-top:0px;--awb-border-sizes-bottom:0px;--awb-border-sizes-left:0px;--awb-border-sizes-right:0px;--awb-border-radius-top-left:0px;--awb-border-radius-top-right:0px;--awb-border-radius-bottom-right:0px;--awb-border-radius-bottom-left:0px;--awb-padding-top:1px;--awb-padding-bottom:0px;--awb-background-color:#cc0000;--awb-flex-wrap:wrap;\" ><div class=\"fusion-builder-row fusion-row\"><div class=\"fusion-layout-column fusion_builder_column fusion-builder-column-5 fusion_builder_column_1_1 1_1 fusion-one-full fusion-column-first fusion-column-last\" style=\"--awb-padding-top:50px;--awb-padding-bottom:50px;--awb-padding-left:0px;--awb-bg-size:cover;--awb-margin-bottom:0px;\"><div class=\"fusion-column-wrapper fusion-column-has-shadow fusion-flex-column-wrapper-legacy\"><div class=\"fusion-column-content-centered\"><div class=\"fusion-column-content\"><div class=\"fusion-text fusion-text-5\"><h2 style=\"text-align: center;margin-bottom: 0px\"><span style=\"color: #ffffff\"> K\u00f6teles gy\u00fcm\u00f6lcsr\u00e1z\u00f3 \/ gy\u00fcm\u00f6lcsr\u00e1z\u00f3 a Feucht Obsttechnik v\u00e1llalatt\u00f3l<\/span><\/h2>\n<\/div><\/div><\/div><div class=\"fusion-clearfix\"><\/div><\/div><\/div><\/div><\/div><div class=\"fusion-fullwidth fullwidth-box fusion-builder-row-4 nonhundred-percent-fullwidth non-hundred-percent-height-scrolling\" style=\"--awb-border-radius-top-left:0px;--awb-border-radius-top-right:0px;--awb-border-radius-bottom-right:0px;--awb-border-radius-bottom-left:0px;--awb-padding-top:100px;--awb-padding-bottom:50px;--awb-background-color:#f2f2f2;--awb-flex-wrap:wrap;\" ><div class=\"fusion-builder-row fusion-row\"><div class=\"fusion-layout-column fusion_builder_column fusion-builder-column-6 fusion_builder_column_1_1 1_1 fusion-one-full fusion-column-first fusion-column-last\" style=\"--awb-bg-color:#ffffff;--awb-bg-color-hover:#ffffff;--awb-bg-size:cover;\"><div class=\"fusion-column-wrapper fusion-flex-column-wrapper-legacy\"><div class=\"fusion-text fusion-text-6\"><div style=\"padding: 25px\">\n<h2>K\u00f6teles gy\u00fcm\u00f6lcsr\u00e1z\u00f3nk \/ gy\u00fcm\u00f6lcsr\u00e1z\u00f3nk:<\/h2>\n<\/div>\n<\/div>\n<div class=\"table-2\">\n<table width=\"100%\">\n<tbody>\n<tr>\n<td align=\"left\"><strong>K\u00f6teles gy\u00fcm\u00f6lcsr\u00e1z\u00f3 (gy\u00fcm\u00f6lcsr\u00e1z\u00f3)<\/strong><br \/>\n<span class=\"table_description\"> magas t\u00f6rzs\u0171 f\u00e1khoz <\/span><\/td>\n<td align=\"left\">Egyszer\u0171 \u00fczemel\u00e9s, sokf\u00e9les\u00e9g \u00e9s \u00e1r-\u00e9rt\u00e9k ar\u00e1ny egy\u00fctt\u00e1ll\u00e1sa. . Az OS gy\u00fcm\u00f6lcsr\u00e1z\u00f3 nem csup\u00e1n nagyon hat\u00e9konyan r\u00e1z a k\u00f6t\u00e9l h\u00faz\u00f3 mozdulata k\u00f6vetkezt\u00e9ben, hanem a r\u00f6gz\u00edt\u0151hevedernek k\u00f6sz\u00f6nhet\u0151en a t\u00f6rzsh\u00f6z is nagyon k\u00edm\u00e9letes. Az opcion\u00e1lis teleszk\u00f3pos ny\u00e9llel ak\u00e1r 6 m-es \u00e1gak is r\u00e1zhat\u00f3k, melyeket egy\u00e9bk\u00e9nt csak l\u00e9tr\u00e1val lehetne el\u00e9rni. Az opcion\u00e1lis k\u00f6t\u00e9lcsiga haszn\u00e1lhat\u00f3 2 fa egyidej\u0171 r\u00e1z\u00e1s\u00e1ra az intenz\u00edv gazd\u00e1lkod\u00e1s\u00fa l\u00e9gy\u00fcm\u00f6lcs\u00f6s\u00f6kben. A traktornak legal\u00e1bb 15 LE teljes\u00edtm\u00e9ny\u0171nek kell lennie.<\/td>\n<\/tr>\n<\/tbody>\n<\/table>\n<\/div>\n<div class=\"fusion-clearfix\"><\/div><\/div><\/div><div class=\"fusion-layout-column fusion_builder_column fusion-builder-column-7 fusion_builder_column_1_1 1_1 fusion-one-full fusion-column-first fusion-column-last\" style=\"--awb-bg-size:cover;--awb-margin-bottom:0px;\"><div class=\"fusion-column-wrapper fusion-column-has-shadow fusion-flex-column-wrapper-legacy\"><div class=\"fusion-column-content-centered\"><div class=\"fusion-column-content\"><div class=\"fusion-button-wrapper\"><a class=\"fusion-button button-flat fusion-button-default-size button-custom fusion-button-default button-1 fusion-button-default-span fusion-button-default-type\" style=\"--button_accent_color:#ffffff;--button_border_color:#ffffff;--button_accent_hover_color:#ffffff;--button_border_hover_color:#ffffff;--button_gradient_top_color:#cc0000;--button_gradient_bottom_color:#cc0000;--button_gradient_top_color_hover:#ef0000;--button_gradient_bottom_color_hover:#ef0000;\" target=\"_self\" title=\"Tov\u00e1bbi inform\u00e1ci\u00f3k k\u00f6teles gy\u00fcm\u00f6lcsr\u00e1z\u00f3nkr\u00f3l\" aria-label=\"Tov\u00e1bbi inform\u00e1ci\u00f3k k\u00f6teles gy\u00fcm\u00f6lcsr\u00e1z\u00f3nkr\u00f3l\" href=\"https:\/\/feucht-obsttechnik.de\/hu\/gyuemoelcsbetakaritasi-technologia\/gyuemoelcsrazok\/os-gyuemoelcsrazo\/\"><span class=\"fusion-button-text awb-button__text awb-button__text--default\">Tov\u00e1bbi inform\u00e1ci\u00f3k k\u00f6teles gy\u00fcm\u00f6lcsr\u00e1z\u00f3nkr\u00f3l<\/span><\/a><\/div><\/div><\/div><div class=\"fusion-clearfix\"><\/div><\/div><\/div><\/div><\/div><div class=\"fusion-fullwidth fullwidth-box fusion-builder-row-5 nonhundred-percent-fullwidth non-hundred-percent-height-scrolling fusion-equal-height-columns fusion-no-small-visibility schlagwoerter\" style=\"--awb-background-position:center top;--awb-border-sizes-top:0px;--awb-border-sizes-bottom:0px;--awb-border-sizes-left:0px;--awb-border-sizes-right:0px;--awb-border-radius-top-left:0px;--awb-border-radius-top-right:0px;--awb-border-radius-bottom-right:0px;--awb-border-radius-bottom-left:0px;--awb-padding-top:0px;--awb-padding-right:15%;--awb-padding-bottom:0px;--awb-padding-left:15%;--awb-background-color:#a0ce4e;--awb-flex-wrap:wrap;\" ><div class=\"fusion-builder-row fusion-row\"><div class=\"fusion-layout-column fusion_builder_column fusion-builder-column-8 fusion_builder_column_1_5 1_5 fusion-one-fifth fusion-column-first\" style=\"--awb-padding-top:10px;--awb-padding-bottom:10px;--awb-bg-size:cover;--awb-margin-top:10px;--awb-margin-bottom:0px;width:20%;width:calc(20% - ( ( 4% ) * 0.2 ) );margin-right: 4%;\"><div class=\"fusion-column-wrapper fusion-column-has-shadow fusion-flex-column-wrapper-legacy\"><div class=\"fusion-column-content-centered\"><div class=\"fusion-column-content\"><div class=\"fusion-title title fusion-title-1 fusion-sep-none fusion-title-text fusion-title-size-two\" style=\"--awb-text-color:#ffffff;--awb-margin-bottom:0px;--awb-margin-right-small:0px;--awb-margin-bottom-small:0px;--awb-margin-left-small:0px;\"><h2 class=\"fusion-title-heading title-heading-left fusion-responsive-typography-calculated\" style=\"margin:0;--fontSize:26;--minFontSize:26;line-height:1.25;\">Kulcsszavak:<\/h2><\/div><\/div><\/div><div class=\"fusion-clearfix\"><\/div><\/div><\/div><div class=\"fusion-layout-column fusion_builder_column fusion-builder-column-9 fusion_builder_column_4_5 4_5 fusion-four-fifth fusion-column-last fusion-column-no-min-height\" style=\"--awb-padding-top:10px;--awb-padding-bottom:10px;--awb-bg-size:cover;--awb-margin-top:20px;--awb-margin-bottom:0px;width:80%;width:calc(80% - ( ( 4% ) * 0.8 ) );\"><div class=\"fusion-column-wrapper fusion-column-has-shadow fusion-flex-column-wrapper-legacy\"><div class=\"fusion-text fusion-text-7\"><p><span style=\"color: #ffffff\"><a href=\"https:\/\/feucht-obsttechnik.de\/hu\/gyuemoelcsbetakaritasi-technologia\/gyuemoelcsrazok\/\">R\u00e1z\u00f3k<\/a>, <a href=\"https:\/\/feucht-obsttechnik.de\/hu\/gyuemoelcsbetakaritasi-technologia\/gyuemoelcsrazok\/os-gyuemoelcsrazo\/\">Gy\u00fcm\u00f6lcsr\u00e1z\u00f3<\/a>, T<a href=\"https:\/\/feucht-obsttechnik.de\/hu\/gyuemoelcsbetakaritasi-technologia\/gyuemoelcsrazok\/teleszkopos-nyel\/\">eleszk\u00f3pos ny\u00e9l<\/a>, <a href=\"https:\/\/feucht-obsttechnik.de\/hu\/gyuemoelcsbetakaritasi-technologia\/gyuemoelcsrazok\/mechanikus-farazo\/\">Mechanikus far\u00e1z\u00f3<\/a>, <a href=\"https:\/\/feucht-obsttechnik.de\/hu\/gyuemoelcsbetakaritasi-technologia\/gyuemoelcsrazok\/hidraulikus-farazo\/\">Hidraulikus far\u00e1z\u00f3<\/a>, <a href=\"https:\/\/feucht-obsttechnik.de\/hu\/gyuemoelcsbetakaritasi-technologia\/\">Gy\u00fcm\u00f6lcsbetakar\u00edt\u00e1si technol\u00f3gia<\/a>, <a href=\"https:\/\/feucht-obsttechnik.de\/hu\/gyuemoelcsbetakaritasi-technologia\/\">Gy\u00fcm\u00f6lcsbetakar\u00edt\u00f3 eszk\u00f6z\u00f6k<\/a>, <a href=\"https:\/\/feucht-obsttechnik.de\/hu\/gyuemoelcsbetakaritasi-technologia\/gyuemoelcsrazok\/hidraulikus-farazo\/\">Far\u00e1z\u00f3<\/a>, <a href=\"https:\/\/feucht-obsttechnik.de\/hu\/gyuemoelcsbetakaritasi-technologia\/gyuemoelcsrazok\/os-gyuemoelcsrazo\/\">K\u00f6teles gy\u00fcm\u00f6lcsr\u00e1z\u00f3<\/a><\/span><\/p>\n<\/div><div class=\"fusion-clearfix\"><\/div><\/div><\/div><\/div><\/div><\/p>\n","protected":false},"excerpt":{"rendered":"","protected":false},"author":4,"featured_media":0,"parent":0,"menu_order":0,"comment_status":"closed","ping_status":"closed","template":"100-width.php","meta":{"footnotes":"","_wp_rev_ctl_limit":""},"class_list":["post-14239","page","type-page","status-publish","hentry"],"yoast_head":"<!-- This site is optimized with the Yoast SEO plugin v27.5 - https:\/\/yoast.com\/product\/yoast-seo-wordpress\/ -->\n<title>K\u00f6teles gy\u00fcm\u00f6lcsr\u00e1z\u00f3 - Feucht Obsttechnik<\/title>\n<meta name=\"description\" content=\"A Feucht Obsttechnik k\u00f6teles gy\u00fcm\u00f6lcsr\u00e1z\u00f3i cs\u00f6kkentik a betakar\u00edt\u00e1si k\u00f6lts\u00e9geket \u00e9s jelent\u0151sen n\u00f6velik a r\u00e1z\u00e1si teljes\u00edtm\u00e9nyt. Tov\u00e1bbi inform\u00e1ci\u00f3k n\u00e9pszer\u0171 k\u00f6teles gy\u00fcm\u00f6lcsr\u00e1z\u00f3nkr\u00f3l.\" \/>\n<meta name=\"robots\" content=\"index, follow, max-snippet:-1, max-image-preview:large, max-video-preview:-1\" \/>\n<link rel=\"canonical\" href=\"https:\/\/feucht-obsttechnik.de\/hu\/koeteles-gyuemoelcsrazo\/\" \/>\n<meta property=\"og:locale\" content=\"hu_HU\" \/>\n<meta property=\"og:type\" content=\"article\" \/>\n<meta property=\"og:title\" content=\"K\u00f6teles gy\u00fcm\u00f6lcsr\u00e1z\u00f3 - Feucht Obsttechnik\" \/>\n<meta property=\"og:description\" content=\"A Feucht Obsttechnik k\u00f6teles gy\u00fcm\u00f6lcsr\u00e1z\u00f3i cs\u00f6kkentik a betakar\u00edt\u00e1si k\u00f6lts\u00e9geket \u00e9s jelent\u0151sen n\u00f6velik a r\u00e1z\u00e1si teljes\u00edtm\u00e9nyt. Tov\u00e1bbi inform\u00e1ci\u00f3k n\u00e9pszer\u0171 k\u00f6teles gy\u00fcm\u00f6lcsr\u00e1z\u00f3nkr\u00f3l.\" \/>\n<meta property=\"og:url\" content=\"https:\/\/feucht-obsttechnik.de\/hu\/koeteles-gyuemoelcsrazo\/\" \/>\n<meta property=\"og:site_name\" content=\"Feucht Obsttechnik\" \/>\n<meta property=\"article:modified_time\" content=\"2021-04-11T19:31:51+00:00\" \/>\n<meta name=\"twitter:card\" content=\"summary_large_image\" \/>\n<meta name=\"twitter:label1\" content=\"Becs\u00fclt olvas\u00e1si id\u0151\" \/>\n\t<meta name=\"twitter:data1\" content=\"13 perc\" \/>\n<script type=\"application\/ld+json\" class=\"yoast-schema-graph\">{\"@context\":\"https:\\\/\\\/schema.org\",\"@graph\":[{\"@type\":\"WebPage\",\"@id\":\"https:\\\/\\\/feucht-obsttechnik.de\\\/hu\\\/koeteles-gyuemoelcsrazo\\\/\",\"url\":\"https:\\\/\\\/feucht-obsttechnik.de\\\/hu\\\/koeteles-gyuemoelcsrazo\\\/\",\"name\":\"K\u00f6teles gy\u00fcm\u00f6lcsr\u00e1z\u00f3 - Feucht Obsttechnik\",\"isPartOf\":{\"@id\":\"https:\\\/\\\/feucht-obsttechnik.de\\\/hu\\\/#website\"},\"datePublished\":\"2021-04-11T19:31:49+00:00\",\"dateModified\":\"2021-04-11T19:31:51+00:00\",\"description\":\"A Feucht Obsttechnik k\u00f6teles gy\u00fcm\u00f6lcsr\u00e1z\u00f3i cs\u00f6kkentik a betakar\u00edt\u00e1si k\u00f6lts\u00e9geket \u00e9s jelent\u0151sen n\u00f6velik a r\u00e1z\u00e1si teljes\u00edtm\u00e9nyt. Tov\u00e1bbi inform\u00e1ci\u00f3k n\u00e9pszer\u0171 k\u00f6teles gy\u00fcm\u00f6lcsr\u00e1z\u00f3nkr\u00f3l.\",\"breadcrumb\":{\"@id\":\"https:\\\/\\\/feucht-obsttechnik.de\\\/hu\\\/koeteles-gyuemoelcsrazo\\\/#breadcrumb\"},\"inLanguage\":\"hu\",\"potentialAction\":[{\"@type\":\"ReadAction\",\"target\":[\"https:\\\/\\\/feucht-obsttechnik.de\\\/hu\\\/koeteles-gyuemoelcsrazo\\\/\"]}]},{\"@type\":\"BreadcrumbList\",\"@id\":\"https:\\\/\\\/feucht-obsttechnik.de\\\/hu\\\/koeteles-gyuemoelcsrazo\\\/#breadcrumb\",\"itemListElement\":[{\"@type\":\"ListItem\",\"position\":1,\"name\":\"Startseite\",\"item\":\"https:\\\/\\\/feucht-obsttechnik.de\\\/hu\\\/\"},{\"@type\":\"ListItem\",\"position\":2,\"name\":\"K\u00f6teles gy\u00fcm\u00f6lcsr\u00e1z\u00f3\"}]},{\"@type\":\"WebSite\",\"@id\":\"https:\\\/\\\/feucht-obsttechnik.de\\\/hu\\\/#website\",\"url\":\"https:\\\/\\\/feucht-obsttechnik.de\\\/hu\\\/\",\"name\":\"Feucht Obsttechnik\",\"description\":\"\",\"publisher\":{\"@id\":\"https:\\\/\\\/feucht-obsttechnik.de\\\/hu\\\/#organization\"},\"potentialAction\":[{\"@type\":\"SearchAction\",\"target\":{\"@type\":\"EntryPoint\",\"urlTemplate\":\"https:\\\/\\\/feucht-obsttechnik.de\\\/hu\\\/?s={search_term_string}\"},\"query-input\":{\"@type\":\"PropertyValueSpecification\",\"valueRequired\":true,\"valueName\":\"search_term_string\"}}],\"inLanguage\":\"hu\"},{\"@type\":\"Organization\",\"@id\":\"https:\\\/\\\/feucht-obsttechnik.de\\\/hu\\\/#organization\",\"name\":\"Feucht Obsttechnik GmbH\",\"url\":\"https:\\\/\\\/feucht-obsttechnik.de\\\/hu\\\/\",\"logo\":{\"@type\":\"ImageObject\",\"inLanguage\":\"hu\",\"@id\":\"https:\\\/\\\/feucht-obsttechnik.de\\\/hu\\\/#\\\/schema\\\/logo\\\/image\\\/\",\"url\":\"https:\\\/\\\/feucht-obsttechnik.de\\\/wp-content\\\/uploads\\\/logo-feucht@2x-1.png\",\"contentUrl\":\"https:\\\/\\\/feucht-obsttechnik.de\\\/wp-content\\\/uploads\\\/logo-feucht@2x-1.png\",\"width\":640,\"height\":123,\"caption\":\"Feucht Obsttechnik GmbH\"},\"image\":{\"@id\":\"https:\\\/\\\/feucht-obsttechnik.de\\\/hu\\\/#\\\/schema\\\/logo\\\/image\\\/\"}}]}<\/script>\n<!-- \/ Yoast SEO plugin. -->","yoast_head_json":{"title":"K\u00f6teles gy\u00fcm\u00f6lcsr\u00e1z\u00f3 - Feucht Obsttechnik","description":"A Feucht Obsttechnik k\u00f6teles gy\u00fcm\u00f6lcsr\u00e1z\u00f3i cs\u00f6kkentik a betakar\u00edt\u00e1si k\u00f6lts\u00e9geket \u00e9s jelent\u0151sen n\u00f6velik a r\u00e1z\u00e1si teljes\u00edtm\u00e9nyt. Tov\u00e1bbi inform\u00e1ci\u00f3k n\u00e9pszer\u0171 k\u00f6teles gy\u00fcm\u00f6lcsr\u00e1z\u00f3nkr\u00f3l.","robots":{"index":"index","follow":"follow","max-snippet":"max-snippet:-1","max-image-preview":"max-image-preview:large","max-video-preview":"max-video-preview:-1"},"canonical":"https:\/\/feucht-obsttechnik.de\/hu\/koeteles-gyuemoelcsrazo\/","og_locale":"hu_HU","og_type":"article","og_title":"K\u00f6teles gy\u00fcm\u00f6lcsr\u00e1z\u00f3 - Feucht Obsttechnik","og_description":"A Feucht Obsttechnik k\u00f6teles gy\u00fcm\u00f6lcsr\u00e1z\u00f3i cs\u00f6kkentik a betakar\u00edt\u00e1si k\u00f6lts\u00e9geket \u00e9s jelent\u0151sen n\u00f6velik a r\u00e1z\u00e1si teljes\u00edtm\u00e9nyt. Tov\u00e1bbi inform\u00e1ci\u00f3k n\u00e9pszer\u0171 k\u00f6teles gy\u00fcm\u00f6lcsr\u00e1z\u00f3nkr\u00f3l.","og_url":"https:\/\/feucht-obsttechnik.de\/hu\/koeteles-gyuemoelcsrazo\/","og_site_name":"Feucht Obsttechnik","article_modified_time":"2021-04-11T19:31:51+00:00","twitter_card":"summary_large_image","twitter_misc":{"Becs\u00fclt olvas\u00e1si id\u0151":"13 perc"},"schema":{"@context":"https:\/\/schema.org","@graph":[{"@type":"WebPage","@id":"https:\/\/feucht-obsttechnik.de\/hu\/koeteles-gyuemoelcsrazo\/","url":"https:\/\/feucht-obsttechnik.de\/hu\/koeteles-gyuemoelcsrazo\/","name":"K\u00f6teles gy\u00fcm\u00f6lcsr\u00e1z\u00f3 - Feucht Obsttechnik","isPartOf":{"@id":"https:\/\/feucht-obsttechnik.de\/hu\/#website"},"datePublished":"2021-04-11T19:31:49+00:00","dateModified":"2021-04-11T19:31:51+00:00","description":"A Feucht Obsttechnik k\u00f6teles gy\u00fcm\u00f6lcsr\u00e1z\u00f3i cs\u00f6kkentik a betakar\u00edt\u00e1si k\u00f6lts\u00e9geket \u00e9s jelent\u0151sen n\u00f6velik a r\u00e1z\u00e1si teljes\u00edtm\u00e9nyt. Tov\u00e1bbi inform\u00e1ci\u00f3k n\u00e9pszer\u0171 k\u00f6teles gy\u00fcm\u00f6lcsr\u00e1z\u00f3nkr\u00f3l.","breadcrumb":{"@id":"https:\/\/feucht-obsttechnik.de\/hu\/koeteles-gyuemoelcsrazo\/#breadcrumb"},"inLanguage":"hu","potentialAction":[{"@type":"ReadAction","target":["https:\/\/feucht-obsttechnik.de\/hu\/koeteles-gyuemoelcsrazo\/"]}]},{"@type":"BreadcrumbList","@id":"https:\/\/feucht-obsttechnik.de\/hu\/koeteles-gyuemoelcsrazo\/#breadcrumb","itemListElement":[{"@type":"ListItem","position":1,"name":"Startseite","item":"https:\/\/feucht-obsttechnik.de\/hu\/"},{"@type":"ListItem","position":2,"name":"K\u00f6teles gy\u00fcm\u00f6lcsr\u00e1z\u00f3"}]},{"@type":"WebSite","@id":"https:\/\/feucht-obsttechnik.de\/hu\/#website","url":"https:\/\/feucht-obsttechnik.de\/hu\/","name":"Feucht Obsttechnik","description":"","publisher":{"@id":"https:\/\/feucht-obsttechnik.de\/hu\/#organization"},"potentialAction":[{"@type":"SearchAction","target":{"@type":"EntryPoint","urlTemplate":"https:\/\/feucht-obsttechnik.de\/hu\/?s={search_term_string}"},"query-input":{"@type":"PropertyValueSpecification","valueRequired":true,"valueName":"search_term_string"}}],"inLanguage":"hu"},{"@type":"Organization","@id":"https:\/\/feucht-obsttechnik.de\/hu\/#organization","name":"Feucht Obsttechnik GmbH","url":"https:\/\/feucht-obsttechnik.de\/hu\/","logo":{"@type":"ImageObject","inLanguage":"hu","@id":"https:\/\/feucht-obsttechnik.de\/hu\/#\/schema\/logo\/image\/","url":"https:\/\/feucht-obsttechnik.de\/wp-content\/uploads\/logo-feucht@2x-1.png","contentUrl":"https:\/\/feucht-obsttechnik.de\/wp-content\/uploads\/logo-feucht@2x-1.png","width":640,"height":123,"caption":"Feucht Obsttechnik GmbH"},"image":{"@id":"https:\/\/feucht-obsttechnik.de\/hu\/#\/schema\/logo\/image\/"}}]}},"_links":{"self":[{"href":"https:\/\/feucht-obsttechnik.de\/hu\/wp-json\/wp\/v2\/pages\/14239","targetHints":{"allow":["GET"]}}],"collection":[{"href":"https:\/\/feucht-obsttechnik.de\/hu\/wp-json\/wp\/v2\/pages"}],"about":[{"href":"https:\/\/feucht-obsttechnik.de\/hu\/wp-json\/wp\/v2\/types\/page"}],"author":[{"embeddable":true,"href":"https:\/\/feucht-obsttechnik.de\/hu\/wp-json\/wp\/v2\/users\/4"}],"replies":[{"embeddable":true,"href":"https:\/\/feucht-obsttechnik.de\/hu\/wp-json\/wp\/v2\/comments?post=14239"}],"version-history":[{"count":0,"href":"https:\/\/feucht-obsttechnik.de\/hu\/wp-json\/wp\/v2\/pages\/14239\/revisions"}],"wp:attachment":[{"href":"https:\/\/feucht-obsttechnik.de\/hu\/wp-json\/wp\/v2\/media?parent=14239"}],"curies":[{"name":"wp","href":"https:\/\/api.w.org\/{rel}","templated":true}]}}