{"id":13805,"date":"2021-04-09T16:33:57","date_gmt":"2021-04-09T14:33:57","guid":{"rendered":"http:\/\/neu2020.feucht-obsttechnik.de\/diofelek-feldolgozasa\/mogyoro\/mogyorotisztitas\/"},"modified":"2021-04-15T18:18:45","modified_gmt":"2021-04-15T16:18:45","slug":"mogyorotisztitas","status":"publish","type":"page","link":"https:\/\/feucht-obsttechnik.de\/hu\/diofelek-feldolgozasa\/mogyoro\/mogyorotisztitas\/","title":{"rendered":"Mogyor\u00f3tiszt\u00edt\u00e1s"},"content":{"rendered":"<p><div class=\"fusion-bg-parallax\" data-bg-align=\"left center\" data-direction=\"up\" data-mute=\"false\" data-opacity=\"100\" data-velocity=\"-0.3\" data-mobile-enabled=\"false\" data-break_parents=\"0\" data-bg-image=\"https:\/\/feucht-obsttechnik.de\/wp-content\/uploads\/bg-header-haselnussernte.jpg\" data-bg-repeat=\"false\" ><\/div><div class=\"fusion-fullwidth fullwidth-box fusion-builder-row-1 fusion-parallax-up nonhundred-percent-fullwidth non-hundred-percent-height-scrolling\" style=\"--awb-background-position:left center;--awb-border-sizes-top:0px;--awb-border-sizes-bottom:0px;--awb-border-sizes-left:0px;--awb-border-sizes-right:0px;--awb-border-radius-top-left:0px;--awb-border-radius-top-right:0px;--awb-border-radius-bottom-right:0px;--awb-border-radius-bottom-left:0px;--awb-padding-top:130px;--awb-padding-bottom:120px;--awb-background-image:url(&quot;https:\/\/feucht-obsttechnik.de\/wp-content\/uploads\/bg-header-haselnussernte.jpg&quot;);--awb-background-size:cover;--awb-flex-wrap:wrap;\" ><div class=\"fusion-builder-row fusion-row\"><div class=\"fusion-layout-column fusion_builder_column fusion-builder-column-0 fusion_builder_column_1_2 1_2 fusion-one-half fusion-column-first\" style=\"--awb-bg-size:cover;width:48%; margin-right: 4%;\"><div class=\"fusion-column-wrapper fusion-flex-column-wrapper-legacy\"><div class=\"fusion-text fusion-text-1\"><h1><span style=\"color: #ffffff;\">Mogyor\u00f3tiszt\u00edt\u00e1s <\/span><\/h1>\n<p><span style=\"color: #ffffff;\">\u00c9lvezze mogyor\u00f3feldolgoz\u00e1si szak\u00e9rtelm\u00fcnk el\u0151nyeit, \u00e9s n\u00f6velje termel\u00e9kenys\u00e9g\u00e9t minden folyamat sor\u00e1n.<\/span><\/p>\n<\/div><div class=\"fusion-clearfix\"><\/div><\/div><\/div><div class=\"fusion-layout-column fusion_builder_column fusion-builder-column-1 fusion_builder_column_1_2 1_2 fusion-one-half fusion-column-last\" style=\"--awb-bg-size:cover;width:48%;\"><div class=\"fusion-column-wrapper fusion-flex-column-wrapper-legacy\"><div class=\"fusion-clearfix\"><\/div><\/div><\/div><\/div><\/div><div class=\"fusion-fullwidth fullwidth-box fusion-builder-row-2 nonhundred-percent-fullwidth non-hundred-percent-height-scrolling\" style=\"--awb-background-position:left top;--awb-border-sizes-top:0px;--awb-border-sizes-bottom:0px;--awb-border-sizes-left:0px;--awb-border-sizes-right:0px;--awb-border-radius-top-left:0px;--awb-border-radius-top-right:0px;--awb-border-radius-bottom-right:0px;--awb-border-radius-bottom-left:0px;--awb-padding-top:130px;--awb-padding-bottom:30px;--awb-flex-wrap:wrap;\" ><div class=\"fusion-builder-row fusion-row\"><div class=\"fusion-layout-column fusion_builder_column fusion-builder-column-2 fusion_builder_column_1_1 1_1 fusion-one-full fusion-column-first fusion-column-last\" style=\"--awb-bg-size:cover;\"><div class=\"fusion-column-wrapper fusion-column-has-shadow fusion-flex-column-wrapper-legacy\"><div class=\"fusion-text fusion-text-2\"><h2>A di\u00f3f\u00e9l\u00e9k megtiszt\u00edt\u00e1sa a betakar\u00edt\u00e1si maradv\u00e1nyokt\u00f3l.<\/h2>\n<\/div><div class=\"fusion-text fusion-text-3\"><h3><span class=\"\">A kisebb gallyakt\u00f3l, levelekt\u0151l, f\u00f6ldt\u0151l \u00e9s \u00fcres h\u00e9jakt\u00f3l mentes, tiszta di\u00f3f\u00e9l\u00e9k\u00e9rt.<\/span><\/h3>\n<\/div><div class=\"fusion-clearfix\"><\/div><\/div><\/div><div class=\"fusion-layout-column fusion_builder_column fusion-builder-column-3 fusion_builder_column_1_2 1_2 fusion-one-half fusion-column-first\" style=\"--awb-bg-size:cover;width:48%; margin-right: 4%;\"><div class=\"fusion-column-wrapper fusion-flex-column-wrapper-legacy\"><div class=\"fusion-text fusion-text-4\"><p>A mogyor\u00f3 vagy a gesztenye nagyobb mennyis\u00e9g\u00e9n\u00e9l a k\u00e9zi mos\u00e1s sz\u00f3ba sem j\u00f6het. A betakar\u00edt\u00e1s ut\u00e1n azonban a tov\u00e1bbi feldolgoz\u00e1s magas szint\u0171 min\u0151s\u00e9g\u00e9nek biztos\u00edt\u00e1s\u00e1hoz meg kell tiszt\u00edtani a di\u00f3f\u00e9l\u00e9ket a betakar\u00edt\u00e1si maradv\u00e1nyokt\u00f3l.<\/p>\n<p>A levelek, f\u00f6ld, gallyak, illetve \u00fcres h\u00e9jak elk\u00fcl\u00f6n\u00edt\u00e9s\u00e9re speci\u00e1lis <strong>mogyor\u00f3tiszt\u00edt\u00f3kat<\/strong> k\u00edn\u00e1lunk. A mogyor\u00f3tiszt\u00edt\u00f3 leegyszer\u0171s\u00edti a di\u00f3f\u00e9l\u00e9k tiszt\u00edt\u00e1s\u00e1t, \u00e9s nagyfok\u00fa gazdas\u00e1goss\u00e1got biztos\u00edt. A tiszt\u00edt\u00f3eszk\u00f6z\u00f6k k\u00fcl\u00f6nb\u00f6z\u0151 v\u00e1ltozatokban kaphat\u00f3k, \u00e9s els\u0151sorban kapacit\u00e1sban \u00e9s m\u00e9retben t\u00e9rnek el. an. Die Reiniger f\u00fcr N\u00fcsse erleichtern das S\u00e4ubern der N\u00fcsse und sorgen zus\u00e4tzlich f\u00fcr eine hohe Wirtschaftlichkeit. Die Reinigungsger\u00e4te sind in verschiedenen Ausf\u00fchrungen erh\u00e4ltlich und unterscheiden sich haupts\u00e4chlich in ihrer Kapazit\u00e4t und Gr\u00f6\u00dfe.<\/p>\n<\/div><div class=\"fusion-clearfix\"><\/div><\/div><\/div><div class=\"fusion-layout-column fusion_builder_column fusion-builder-column-4 fusion_builder_column_1_2 1_2 fusion-one-half fusion-column-last\" style=\"--awb-bg-size:cover;width:48%;\"><div class=\"fusion-column-wrapper fusion-flex-column-wrapper-legacy\"><div class=\"fusion-image-element in-legacy-container\" style=\"--awb-caption-title-font-family:var(--h2_typography-font-family);--awb-caption-title-font-weight:var(--h2_typography-font-weight);--awb-caption-title-font-style:var(--h2_typography-font-style);--awb-caption-title-size:var(--h2_typography-font-size);--awb-caption-title-transform:var(--h2_typography-text-transform);--awb-caption-title-line-height:var(--h2_typography-line-height);--awb-caption-title-letter-spacing:var(--h2_typography-letter-spacing);\"><span class=\" fusion-imageframe imageframe-none imageframe-1 hover-type-zoomin fusion-animated\" data-animationType=\"fadeInDown\" data-animationDuration=\"1.0\" data-animationOffset=\"bottom-in-view\"><a href=\"https:\/\/feucht-obsttechnik.de\/wp-content\/uploads\/nussverarbeitung-haselnuss-reinigen-reiniger-chp98120dv-2.jpg\" class=\"fusion-lightbox\" data-rel=\"iLightbox[f06d63711b8abe1589b]\" data-title=\"A CH P98\/120 DV tiszt\u00edt\u00f3 gyorsan \u00e9s pontosan tiszt\u00edtja meg a mogyor\u00f3t\" title=\"A CH P98\/120 DV tiszt\u00edt\u00f3 gyorsan \u00e9s pontosan tiszt\u00edtja meg a mogyor\u00f3t\"><img decoding=\"async\" width=\"1600\" height=\"1200\" src=\"https:\/\/feucht-obsttechnik.de\/wp-content\/uploads\/nussverarbeitung-haselnuss-reinigen-reiniger-chp98120dv-2.jpg\" alt class=\"img-responsive wp-image-13813\" srcset=\"https:\/\/feucht-obsttechnik.de\/wp-content\/uploads\/nussverarbeitung-haselnuss-reinigen-reiniger-chp98120dv-2-200x150.jpg 200w, https:\/\/feucht-obsttechnik.de\/wp-content\/uploads\/nussverarbeitung-haselnuss-reinigen-reiniger-chp98120dv-2-400x300.jpg 400w, https:\/\/feucht-obsttechnik.de\/wp-content\/uploads\/nussverarbeitung-haselnuss-reinigen-reiniger-chp98120dv-2-600x450.jpg 600w, https:\/\/feucht-obsttechnik.de\/wp-content\/uploads\/nussverarbeitung-haselnuss-reinigen-reiniger-chp98120dv-2-800x600.jpg 800w, https:\/\/feucht-obsttechnik.de\/wp-content\/uploads\/nussverarbeitung-haselnuss-reinigen-reiniger-chp98120dv-2-1200x900.jpg 1200w, https:\/\/feucht-obsttechnik.de\/wp-content\/uploads\/nussverarbeitung-haselnuss-reinigen-reiniger-chp98120dv-2.jpg 1600w\" sizes=\"(max-width: 835px) 100vw, 600px\" \/><\/a><\/span><\/div><div class=\"fusion-clearfix\"><\/div><\/div><\/div><\/div><\/div><div class=\"fusion-fullwidth fullwidth-box fusion-builder-row-3 nonhundred-percent-fullwidth non-hundred-percent-height-scrolling\" style=\"--awb-background-position:left top;--awb-border-sizes-top:0px;--awb-border-sizes-bottom:0px;--awb-border-sizes-left:0px;--awb-border-sizes-right:0px;--awb-border-radius-top-left:0px;--awb-border-radius-top-right:0px;--awb-border-radius-bottom-right:0px;--awb-border-radius-bottom-left:0px;--awb-padding-top:1px;--awb-padding-bottom:0px;--awb-background-color:#cc0000;--awb-flex-wrap:wrap;\" ><div class=\"fusion-builder-row fusion-row\"><div class=\"fusion-layout-column fusion_builder_column fusion-builder-column-5 fusion_builder_column_1_1 1_1 fusion-one-full fusion-column-first fusion-column-last\" style=\"--awb-padding-top:50px;--awb-padding-bottom:50px;--awb-padding-left:0px;--awb-bg-size:cover;--awb-margin-bottom:0px;\"><div class=\"fusion-column-wrapper fusion-column-has-shadow fusion-flex-column-wrapper-legacy\"><div class=\"fusion-column-content-centered\"><div class=\"fusion-column-content\"><div class=\"fusion-text fusion-text-5\"><h2 style=\"text-align: center; margin-bottom: 0px;\"><span style=\"color: #ffffff;\">A Feucht Obsttechnik mogyor\u00f3tiszt\u00edt\u00e1sra szolg\u00e1l\u00f3 g\u00e9pei<\/span><\/h2>\n<\/div><\/div><\/div><div class=\"fusion-clearfix\"><\/div><\/div><\/div><\/div><\/div><div class=\"fusion-fullwidth fullwidth-box fusion-builder-row-4 nonhundred-percent-fullwidth non-hundred-percent-height-scrolling\" style=\"--awb-border-radius-top-left:0px;--awb-border-radius-top-right:0px;--awb-border-radius-bottom-right:0px;--awb-border-radius-bottom-left:0px;--awb-flex-wrap:wrap;\" ><div class=\"fusion-builder-row fusion-row\"><div class=\"fusion-layout-column fusion_builder_column fusion-builder-column-6 fusion_builder_column_1_1 1_1 fusion-one-full fusion-column-first fusion-column-last\" style=\"--awb-padding-top:0px;--awb-padding-right:0px;--awb-padding-bottom:0px;--awb-padding-left:0px;--awb-bg-size:cover;--awb-margin-bottom:0px;\"><div class=\"fusion-column-wrapper fusion-column-has-shadow fusion-flex-column-wrapper-legacy\"><div class=\"fusion-menu-anchor\" id=\"wasch-und-kalibriermaschine\"><\/div><div class=\"fusion-clearfix\"><\/div><\/div><\/div><\/div><\/div><div class=\"fusion-fullwidth fullwidth-box fusion-builder-row-5 fusion-parallax-none nonhundred-percent-fullwidth non-hundred-percent-height-scrolling\" style=\"--awb-border-radius-top-left:0px;--awb-border-radius-top-right:0px;--awb-border-radius-bottom-right:0px;--awb-border-radius-bottom-left:0px;--awb-padding-top:200px;--awb-margin-top:-1px;--awb-background-image:url(&quot;https:\/\/feucht-obsttechnik.de\/wp-content\/uploads\/nussverarbeitung-gro\u00df-divider-waschen-wasch-und-kalibriermaschine-1.jpg&quot;);--awb-background-size:cover;--awb-flex-wrap:wrap;\" ><div class=\"fusion-builder-row fusion-row\"><div class=\"fusion-layout-column fusion_builder_column fusion-builder-column-7 fusion_builder_column_1_6 1_6 fusion-one-sixth fusion-column-first\" style=\"--awb-bg-size:cover;width:16.666666666667%;width:calc(16.666666666667% - ( ( 4% + 4% ) * 0.16666666666667 ) );margin-right: 4%;\"><div class=\"fusion-column-wrapper fusion-flex-column-wrapper-legacy\"><div class=\"fusion-clearfix\"><\/div><\/div><\/div><div class=\"fusion-layout-column fusion_builder_column fusion-builder-column-8 fusion_builder_column_2_3 2_3 fusion-two-third\" style=\"--awb-padding-top:50px;--awb-padding-right:50px;--awb-padding-bottom:50px;--awb-padding-left:50px;--awb-bg-color:rgba(255,255,255,0.9);--awb-bg-color-hover:rgba(255,255,255,0.9);--awb-bg-size:cover;--awb-margin-bottom:-100px;width:66.666666666667%;width:calc(66.666666666667% - ( ( 4% + 4% ) * 0.66666666666667 ) );margin-right: 4%;\"><div class=\"fusion-column-wrapper fusion-column-has-shadow fusion-flex-column-wrapper-legacy\"><div class=\"fusion-text fusion-text-6\"><h2 style=\"text-align: center;\">Mos\u00f3- \u00e9s kalibr\u00e1l\u00f3 g\u00e9p<\/h2>\n<p style=\"text-align: center;\"><strong>Tiszt\u00edt\u00e1s, kalibr\u00e1l\u00e1s \u00e9s a h\u00e9jak elk\u00fcl\u00f6n\u00edt\u00e9se a di\u00f3t\u00f3l.<\/strong><\/p>\n<p style=\"text-align: center;\">Ez a <strong>mos\u00f3g\u00e9p<\/strong> megtiszt\u00edtja \u00e9s kalibr\u00e1lja a di\u00f3f\u00e9l\u00e9ket, valamint elk\u00fcl\u00f6n\u00edti a nyers h\u00e9jakat a di\u00f3f\u00e9l\u00e9kt\u0151l. A g\u00e9p \u00edgy a nyers h\u00e9jak ak\u00e1r 95%-\u00e1t elt\u00e1vol\u00edtja. A di\u00f3f\u00e9l\u00e9k tiszt\u00edt\u00e1s\u00e1hoz speci\u00e1lis (ov\u00e1lis kivitel\u0171) mos\u00f3dob haszn\u00e1latos. A di\u00f3f\u00e9l\u00e9k kalibr\u00e1l\u00e1s\u00e1hoz a henger\/dob cser\u00e9j\u00e9re ker\u00fcl sor, \u00e9s kerek furatos szita ker\u00fcl a hely\u00e9re.<\/p>\n<p style=\"text-align: center;\">K\u00e9t kalibr\u00e1l\u00e1si m\u00e9ret k\u00f6z\u00fcl v\u00e1laszthat. A mos\u00f3- \u00e9s kalibr\u00e1l\u00f3 g\u00e9pet szabv\u00e1nyos f\u00far\u00f3 hajtja. Opcion\u00e1lisan el\u00e9rhet\u0151 adagol\u00f3 vagy 230 V-os elektromos motor.<\/p>\n<\/div><div class=\"fusion-clearfix\"><\/div><\/div><\/div><div class=\"fusion-layout-column fusion_builder_column fusion-builder-column-9 fusion_builder_column_1_6 1_6 fusion-one-sixth fusion-column-last\" style=\"--awb-bg-size:cover;width:16.666666666667%;width:calc(16.666666666667% - ( ( 4% + 4% ) * 0.16666666666667 ) );\"><div class=\"fusion-column-wrapper fusion-flex-column-wrapper-legacy\"><div class=\"fusion-clearfix\"><\/div><\/div><\/div><\/div><\/div><div class=\"fusion-fullwidth fullwidth-box fusion-builder-row-6 nonhundred-percent-fullwidth non-hundred-percent-height-scrolling fusion-equal-height-columns\" style=\"--awb-border-radius-top-left:0px;--awb-border-radius-top-right:0px;--awb-border-radius-bottom-right:0px;--awb-border-radius-bottom-left:0px;--awb-padding-top:200px;--awb-background-color:#f2f2f2;--awb-flex-wrap:wrap;\" ><div class=\"fusion-builder-row fusion-row\"><div class=\"fusion-layout-column fusion_builder_column fusion-builder-column-10 fusion_builder_column_1_1 1_1 fusion-one-full fusion-column-first fusion-column-last\" style=\"--awb-bg-size:cover;\"><div class=\"fusion-column-wrapper fusion-flex-column-wrapper-legacy\"><div class=\"fusion-title title fusion-title-1 fusion-sep-none fusion-title-text fusion-title-size-one\" style=\"--awb-margin-top-small:0px;--awb-margin-right-small:0px;--awb-margin-bottom-small:20px;--awb-margin-left-small:0px;\"><h1 class=\"fusion-title-heading title-heading-left fusion-responsive-typography-calculated\" style=\"margin:0;--fontSize:38;line-height:1.33;\">A mos\u00f3- \u00e9s kalibr\u00e1l\u00f3 g\u00e9pre vonatkoz\u00f3 r\u00e9szletek<\/h1><\/div><div class=\"fusion-clearfix\"><\/div><\/div><\/div><\/div><\/div><div class=\"fusion-fullwidth fullwidth-box fusion-builder-row-7 nonhundred-percent-fullwidth non-hundred-percent-height-scrolling fusion-equal-height-columns\" style=\"--awb-border-radius-top-left:0px;--awb-border-radius-top-right:0px;--awb-border-radius-bottom-right:0px;--awb-border-radius-bottom-left:0px;--awb-padding-bottom:100px;--awb-background-color:#f2f2f2;--awb-flex-wrap:wrap;\" ><div class=\"fusion-builder-row fusion-row\"><div class=\"fusion-layout-column fusion_builder_column fusion-builder-column-11 fusion_builder_column_1_3 1_3 fusion-one-third fusion-column-first\" style=\"--awb-bg-color:#ffffff;--awb-bg-color-hover:#ffffff;--awb-bg-size:cover;--awb-margin-bottom:40px;width:30.6666%; margin-right: 4%;\"><div class=\"fusion-column-wrapper fusion-flex-column-wrapper-legacy\"><div class=\"fusion-image-element fusion-image-align-center in-legacy-container\" style=\"text-align:center;--awb-caption-title-font-family:var(--h2_typography-font-family);--awb-caption-title-font-weight:var(--h2_typography-font-weight);--awb-caption-title-font-style:var(--h2_typography-font-style);--awb-caption-title-size:var(--h2_typography-font-size);--awb-caption-title-transform:var(--h2_typography-text-transform);--awb-caption-title-line-height:var(--h2_typography-line-height);--awb-caption-title-letter-spacing:var(--h2_typography-letter-spacing);\"><div class=\"imageframe-align-center\"><span class=\" fusion-imageframe imageframe-none imageframe-2 hover-type-zoomin\"><a href=\"https:\/\/feucht-obsttechnik.de\/wp-content\/uploads\/nussverarbeitung-gro\u00df-waschen-wasch-und-kalibriermaschine-1-1.jpg\" class=\"fusion-lightbox\" data-rel=\"iLightbox[Mos\u00f3- \u00e9s kalibr\u00e1l\u00f3 g\u00e9p]\" data-title=\"A mos\u00f3 \u00e9s kalibr\u00e1l\u00f3 g\u00e9p megtiszt\u00edtja \u00e9s oszt\u00e1lyozza a di\u00f3f\u00e9l\u00e9ket\" title=\"A mos\u00f3 \u00e9s kalibr\u00e1l\u00f3 g\u00e9p megtiszt\u00edtja \u00e9s oszt\u00e1lyozza a di\u00f3f\u00e9l\u00e9ket\"><img decoding=\"async\" width=\"1600\" height=\"1200\" src=\"https:\/\/feucht-obsttechnik.de\/wp-content\/uploads\/nussverarbeitung-gro\u00df-waschen-wasch-und-kalibriermaschine-1-1.jpg\" alt class=\"img-responsive wp-image-13034\" srcset=\"https:\/\/feucht-obsttechnik.de\/wp-content\/uploads\/nussverarbeitung-gro\u00df-waschen-wasch-und-kalibriermaschine-1-1-200x150.jpg 200w, https:\/\/feucht-obsttechnik.de\/wp-content\/uploads\/nussverarbeitung-gro\u00df-waschen-wasch-und-kalibriermaschine-1-1-400x300.jpg 400w, https:\/\/feucht-obsttechnik.de\/wp-content\/uploads\/nussverarbeitung-gro\u00df-waschen-wasch-und-kalibriermaschine-1-1-600x450.jpg 600w, https:\/\/feucht-obsttechnik.de\/wp-content\/uploads\/nussverarbeitung-gro\u00df-waschen-wasch-und-kalibriermaschine-1-1-800x600.jpg 800w, https:\/\/feucht-obsttechnik.de\/wp-content\/uploads\/nussverarbeitung-gro\u00df-waschen-wasch-und-kalibriermaschine-1-1-1200x900.jpg 1200w, https:\/\/feucht-obsttechnik.de\/wp-content\/uploads\/nussverarbeitung-gro\u00df-waschen-wasch-und-kalibriermaschine-1-1.jpg 1600w\" sizes=\"(max-width: 835px) 100vw, 400px\" \/><\/a><\/span><\/div><\/div><div class=\"fusion-clearfix\"><\/div><\/div><\/div><div class=\"fusion-layout-column fusion_builder_column fusion-builder-column-12 fusion_builder_column_1_3 1_3 fusion-one-third\" style=\"--awb-bg-color:#ffffff;--awb-bg-color-hover:#ffffff;--awb-bg-size:cover;width:30.6666%; margin-right: 4%;\"><div class=\"fusion-column-wrapper fusion-flex-column-wrapper-legacy\"><div class=\"fusion-image-element fusion-image-align-center in-legacy-container\" style=\"text-align:center;--awb-caption-title-font-family:var(--h2_typography-font-family);--awb-caption-title-font-weight:var(--h2_typography-font-weight);--awb-caption-title-font-style:var(--h2_typography-font-style);--awb-caption-title-size:var(--h2_typography-font-size);--awb-caption-title-transform:var(--h2_typography-text-transform);--awb-caption-title-line-height:var(--h2_typography-line-height);--awb-caption-title-letter-spacing:var(--h2_typography-letter-spacing);\"><div class=\"imageframe-align-center\"><span class=\" fusion-imageframe imageframe-none imageframe-3 hover-type-zoomin\"><a href=\"https:\/\/feucht-obsttechnik.de\/wp-content\/uploads\/nussverarbeitung-gro\u00df-waschen-wasch-und-kalibriermaschine-2-1.jpg\" class=\"fusion-lightbox\" data-rel=\"iLightbox[Mos\u00f3- \u00e9s kalibr\u00e1l\u00f3 g\u00e9p]\" data-title=\"A mos\u00f3 \u00e9s kalibr\u00e1l\u00f3 g\u00e9p megtiszt\u00edtja \u00e9s oszt\u00e1lyozza a di\u00f3f\u00e9l\u00e9ket\" title=\"A mos\u00f3 \u00e9s kalibr\u00e1l\u00f3 g\u00e9p megtiszt\u00edtja \u00e9s oszt\u00e1lyozza a di\u00f3f\u00e9l\u00e9ket\"><img decoding=\"async\" width=\"1600\" height=\"1200\" src=\"https:\/\/feucht-obsttechnik.de\/wp-content\/uploads\/nussverarbeitung-gro\u00df-waschen-wasch-und-kalibriermaschine-2-1.jpg\" alt class=\"img-responsive wp-image-13033\" srcset=\"https:\/\/feucht-obsttechnik.de\/wp-content\/uploads\/nussverarbeitung-gro\u00df-waschen-wasch-und-kalibriermaschine-2-1-200x150.jpg 200w, https:\/\/feucht-obsttechnik.de\/wp-content\/uploads\/nussverarbeitung-gro\u00df-waschen-wasch-und-kalibriermaschine-2-1-400x300.jpg 400w, https:\/\/feucht-obsttechnik.de\/wp-content\/uploads\/nussverarbeitung-gro\u00df-waschen-wasch-und-kalibriermaschine-2-1-600x450.jpg 600w, https:\/\/feucht-obsttechnik.de\/wp-content\/uploads\/nussverarbeitung-gro\u00df-waschen-wasch-und-kalibriermaschine-2-1-800x600.jpg 800w, https:\/\/feucht-obsttechnik.de\/wp-content\/uploads\/nussverarbeitung-gro\u00df-waschen-wasch-und-kalibriermaschine-2-1-1200x900.jpg 1200w, https:\/\/feucht-obsttechnik.de\/wp-content\/uploads\/nussverarbeitung-gro\u00df-waschen-wasch-und-kalibriermaschine-2-1.jpg 1600w\" sizes=\"(max-width: 835px) 100vw, 400px\" \/><\/a><\/span><\/div><\/div><div class=\"fusion-clearfix\"><\/div><\/div><\/div><div class=\"fusion-layout-column fusion_builder_column fusion-builder-column-13 fusion_builder_column_1_3 1_3 fusion-one-third fusion-column-last\" style=\"--awb-bg-color:#ffffff;--awb-bg-color-hover:#ffffff;--awb-bg-size:cover;width:30.6666%;\"><div class=\"fusion-column-wrapper fusion-flex-column-wrapper-legacy\"><div class=\"fusion-image-element fusion-image-align-center in-legacy-container\" style=\"text-align:center;--awb-caption-title-font-family:var(--h2_typography-font-family);--awb-caption-title-font-weight:var(--h2_typography-font-weight);--awb-caption-title-font-style:var(--h2_typography-font-style);--awb-caption-title-size:var(--h2_typography-font-size);--awb-caption-title-transform:var(--h2_typography-text-transform);--awb-caption-title-line-height:var(--h2_typography-line-height);--awb-caption-title-letter-spacing:var(--h2_typography-letter-spacing);\"><div class=\"imageframe-align-center\"><span class=\" fusion-imageframe imageframe-none imageframe-4 hover-type-zoomin\"><a href=\"https:\/\/feucht-obsttechnik.de\/wp-content\/uploads\/nussverarbeitung-gro\u00df-waschen-wasch-und-kalibriermaschine-3-1.jpg\" class=\"fusion-lightbox\" data-rel=\"iLightbox[Mos\u00f3- \u00e9s kalibr\u00e1l\u00f3 g\u00e9p]\" data-title=\"A mos\u00f3 \u00e9s kalibr\u00e1l\u00f3 g\u00e9p megtiszt\u00edtja \u00e9s oszt\u00e1lyozza a di\u00f3f\u00e9l\u00e9ket\" title=\"A mos\u00f3 \u00e9s kalibr\u00e1l\u00f3 g\u00e9p megtiszt\u00edtja \u00e9s oszt\u00e1lyozza a di\u00f3f\u00e9l\u00e9ket\"><img decoding=\"async\" width=\"1600\" height=\"1200\" src=\"https:\/\/feucht-obsttechnik.de\/wp-content\/uploads\/nussverarbeitung-gro\u00df-waschen-wasch-und-kalibriermaschine-3-1.jpg\" alt class=\"img-responsive wp-image-13032\" srcset=\"https:\/\/feucht-obsttechnik.de\/wp-content\/uploads\/nussverarbeitung-gro\u00df-waschen-wasch-und-kalibriermaschine-3-1-200x150.jpg 200w, https:\/\/feucht-obsttechnik.de\/wp-content\/uploads\/nussverarbeitung-gro\u00df-waschen-wasch-und-kalibriermaschine-3-1-400x300.jpg 400w, https:\/\/feucht-obsttechnik.de\/wp-content\/uploads\/nussverarbeitung-gro\u00df-waschen-wasch-und-kalibriermaschine-3-1-600x450.jpg 600w, https:\/\/feucht-obsttechnik.de\/wp-content\/uploads\/nussverarbeitung-gro\u00df-waschen-wasch-und-kalibriermaschine-3-1-800x600.jpg 800w, https:\/\/feucht-obsttechnik.de\/wp-content\/uploads\/nussverarbeitung-gro\u00df-waschen-wasch-und-kalibriermaschine-3-1-1200x900.jpg 1200w, https:\/\/feucht-obsttechnik.de\/wp-content\/uploads\/nussverarbeitung-gro\u00df-waschen-wasch-und-kalibriermaschine-3-1.jpg 1600w\" sizes=\"(max-width: 835px) 100vw, 400px\" \/><\/a><\/span><\/div><\/div><div class=\"fusion-clearfix\"><\/div><\/div><\/div><\/div><\/div><div class=\"fusion-fullwidth fullwidth-box fusion-builder-row-8 nonhundred-percent-fullwidth non-hundred-percent-height-scrolling fusion-equal-height-columns\" style=\"--awb-border-radius-top-left:0px;--awb-border-radius-top-right:0px;--awb-border-radius-bottom-right:0px;--awb-border-radius-bottom-left:0px;--awb-padding-bottom:100px;--awb-background-color:#f2f2f2;--awb-flex-wrap:wrap;\" ><div class=\"fusion-builder-row fusion-row\"><div class=\"fusion-layout-column fusion_builder_column fusion-builder-column-14 fusion_builder_column_1_2 1_2 fusion-one-half fusion-column-first\" style=\"--awb-bg-color:#ffffff;--awb-bg-color-hover:#ffffff;--awb-bg-size:cover;--awb-margin-bottom:40px;width:48%; margin-right: 4%;\"><div class=\"fusion-column-wrapper fusion-flex-column-wrapper-legacy\"><div class=\"fusion-text fusion-text-7\"><div style=\"padding: 25px;\">\n<h2>El\u0151ny\u00f6k<\/h2>\n<ul>\n<li>T\u00f6bbfunkci\u00f3s kombin\u00e1lt eszk\u00f6z mos\u00e1sra, kalibr\u00e1l\u00e1sra \u00e9s v\u00e1logat\u00e1sra<\/li>\n<li>K\u00f6nny\u0171 s\u00faly\u00e1nak k\u00f6sz\u00f6nhet\u0151en egyszer\u0171 sz\u00e1ll\u00edt\u00e1s<\/li>\n<li>K\u00fcl\u00f6nb\u00f6z\u0151 kalibr\u00e1l\u00e1si m\u00e9retekre van lehet\u0151s\u00e9g<\/li>\n<li>K\u00e9r\u00e9sre speci\u00e1lis kalibr\u00e1l\u00e1si m\u00e9retekre van lehet\u0151s\u00e9g<\/li>\n<li>Opcion\u00e1lisan: di\u00f3f\u00e9l\u00e9k adagol\u00e1sa vagy 230 v-os elektromos motor<\/li>\n<\/ul>\n<\/div>\n<\/div><div class=\"fusion-clearfix\"><\/div><\/div><\/div><div class=\"fusion-layout-column fusion_builder_column fusion-builder-column-15 fusion_builder_column_1_2 1_2 fusion-one-half fusion-column-last\" style=\"--awb-bg-color:#ffffff;--awb-bg-color-hover:#ffffff;--awb-bg-size:cover;width:48%;\"><div class=\"fusion-column-wrapper fusion-flex-column-wrapper-legacy\"><div class=\"fusion-text fusion-text-8\"><div style=\"padding: 25px;\">\n<h2>M\u0171szaki adatok<\/h2>\n<\/div>\n<\/div>\n<div class=\"table-2\">\n<table width=\"100%\">\n<tbody>\n<tr>\n<td align=\"left\">Hossz\u00fas\u00e1g:<\/td>\n<td align=\"left\">160 cm<\/td>\n<\/tr>\n<tr>\n<td align=\"left\">Sz\u00e9less\u00e9g:<\/td>\n<td align=\"left\">65 cm<\/td>\n<\/tr>\n<tr>\n<td align=\"left\">Magass\u00e1g:<\/td>\n<td align=\"left\">105 cm<\/td>\n<\/tr>\n<tr>\n<td align=\"left\">S\u00faly:<\/td>\n<td align=\"left\">65 kg<\/td>\n<\/tr>\n<tr>\n<td align=\"left\">Teljes\u00edtm\u00e9ny:<\/td>\n<td align=\"left\">Mos\u00e1s \u2013 kb. 100\u2013120 kg\/h (20 kg\/dob 10 percenk\u00e9nt)<br \/>\nkalibr\u00e1l\u00e1s \u2013 kb. 150 kg\/h (k\u00e9t m\u00e9retben)<\/td>\n<\/tr>\n<tr>\n<td rowspan=\"6\">A csomag tartalma:<\/td>\n<td align=\"left\">1 db mos\u00f3- \u00e9s kalibr\u00e1l\u00f3 g\u00e9p<\/td>\n<\/tr>\n<tr>\n<td align=\"left\">1 db mos\u00f3dob<\/td>\n<\/tr>\n<tr>\n<td align=\"left\">1 db kalibr\u00e1l\u00f3 szita (\u00e1tm\u00e9r\u0151 &#8211; 28\/30)<\/td>\n<\/tr>\n<tr>\n<td align=\"left\">1 db kalibr\u00e1l\u00f3 szita (\u00e1tm\u00e9r\u0151 &#8211; 30\/32)<\/td>\n<\/tr>\n<tr>\n<td align=\"left\">K\u00e9r\u00e9sre el\u00e9rhet\u0151k m\u00e1s szitam\u00e9retek, pl. 14\/16 vagy 18\/20<\/td>\n<\/tr>\n<tr>\n<td align=\"left\">A f\u00far\u00f3t a csomag nem tartalmazza<\/td>\n<\/tr>\n<\/tbody>\n<\/table>\n<\/div>\n<div class=\"fusion-clearfix\"><\/div><\/div><\/div><\/div><\/div><div class=\"fusion-fullwidth fullwidth-box fusion-builder-row-9 nonhundred-percent-fullwidth non-hundred-percent-height-scrolling\" style=\"--awb-border-radius-top-left:0px;--awb-border-radius-top-right:0px;--awb-border-radius-bottom-right:0px;--awb-border-radius-bottom-left:0px;--awb-flex-wrap:wrap;\" ><div class=\"fusion-builder-row fusion-row\"><div class=\"fusion-layout-column fusion_builder_column fusion-builder-column-16 fusion_builder_column_1_1 1_1 fusion-one-full fusion-column-first fusion-column-last\" style=\"--awb-padding-top:0px;--awb-padding-right:0px;--awb-padding-bottom:0px;--awb-padding-left:0px;--awb-bg-size:cover;--awb-margin-bottom:0px;\"><div class=\"fusion-column-wrapper fusion-column-has-shadow fusion-flex-column-wrapper-legacy\"><div class=\"fusion-menu-anchor\" id=\"haselnussreiniger-p98-120-dv\"><\/div><div class=\"fusion-clearfix\"><\/div><\/div><\/div><\/div><\/div><div class=\"fusion-fullwidth fullwidth-box fusion-builder-row-10 fusion-parallax-none nonhundred-percent-fullwidth non-hundred-percent-height-scrolling\" style=\"--awb-border-radius-top-left:0px;--awb-border-radius-top-right:0px;--awb-border-radius-bottom-right:0px;--awb-border-radius-bottom-left:0px;--awb-padding-top:200px;--awb-background-image:url(&quot;https:\/\/feucht-obsttechnik.de\/wp-content\/uploads\/nussverarbeitung-haselnuss-reinigen-divider-reiniger-chp98120dv.jpg&quot;);--awb-background-size:cover;--awb-flex-wrap:wrap;\" ><div class=\"fusion-builder-row fusion-row\"><div class=\"fusion-layout-column fusion_builder_column fusion-builder-column-17 fusion_builder_column_1_6 1_6 fusion-one-sixth fusion-column-first\" style=\"--awb-bg-size:cover;width:16.666666666667%;width:calc(16.666666666667% - ( ( 4% + 4% ) * 0.16666666666667 ) );margin-right: 4%;\"><div class=\"fusion-column-wrapper fusion-flex-column-wrapper-legacy\"><div class=\"fusion-clearfix\"><\/div><\/div><\/div><div class=\"fusion-layout-column fusion_builder_column fusion-builder-column-18 fusion_builder_column_2_3 2_3 fusion-two-third\" style=\"--awb-padding-top:50px;--awb-padding-right:50px;--awb-padding-bottom:50px;--awb-padding-left:50px;--awb-bg-color:rgba(255,255,255,0.9);--awb-bg-color-hover:rgba(255,255,255,0.9);--awb-bg-size:cover;--awb-margin-bottom:-100px;width:66.666666666667%;width:calc(66.666666666667% - ( ( 4% + 4% ) * 0.66666666666667 ) );margin-right: 4%;\"><div class=\"fusion-column-wrapper fusion-column-has-shadow fusion-flex-column-wrapper-legacy\"><div class=\"fusion-text fusion-text-9\"><h2 style=\"text-align: center;\">CH P98\/120 DV tiszt\u00edt\u00f3<\/h2>\n<p style=\"text-align: center;\"><strong>Mogyor\u00f3 \u00e9s gesztenye gyors \u00e9s pontos elk\u00fcl\u00f6n\u00edt\u00e9se a f\u00f6ldt\u0151l, levelekt\u0151l \u00e9s \u00fcres h\u00e9jakt\u00f3l. <\/strong><\/p>\n<p style=\"text-align: center;\">A <strong>CH P98\/120 DV tiszt\u00edt\u00f3val <\/strong>a mogyor\u00f3 \u00e9s a gesztenye gyorsan \u00e9s egyszer\u0171en elk\u00fcl\u00f6n\u00edthet\u0151 az olyan maradv\u00e1nyokt\u00f3l, mint a f\u00f6ld, a k\u00f6vek, a levelek, illetve az \u00fcres h\u00e9jak.<\/p>\n<p style=\"text-align: center;\">400\u2013600 kg \u00f3r\u00e1nk\u00e9nti kapacit\u00e1s\u00e1val ez a tiszt\u00edt\u00f3 ide\u00e1lis a di\u00f3f\u00e9l\u00e9k kisebb vagy k\u00f6zepes m\u00e9ret\u0171 termeszt\u0151inek. A tiszt\u00edt\u00f3 fogyaszt\u00e1sa 220 volton 2,2 kW\/h. A tiszt\u00edt\u00f3 k\u00e9r\u00e9sre 380 voltos v\u00e1ltozatban is lesz\u00e1ll\u00edthat\u00f3.<\/p>\n<\/div><div class=\"fusion-clearfix\"><\/div><\/div><\/div><div class=\"fusion-layout-column fusion_builder_column fusion-builder-column-19 fusion_builder_column_1_6 1_6 fusion-one-sixth fusion-column-last\" style=\"--awb-bg-size:cover;width:16.666666666667%;width:calc(16.666666666667% - ( ( 4% + 4% ) * 0.16666666666667 ) );\"><div class=\"fusion-column-wrapper fusion-flex-column-wrapper-legacy\"><div class=\"fusion-clearfix\"><\/div><\/div><\/div><\/div><\/div><div class=\"fusion-fullwidth fullwidth-box fusion-builder-row-11 nonhundred-percent-fullwidth non-hundred-percent-height-scrolling fusion-equal-height-columns\" style=\"--awb-border-radius-top-left:0px;--awb-border-radius-top-right:0px;--awb-border-radius-bottom-right:0px;--awb-border-radius-bottom-left:0px;--awb-padding-top:200px;--awb-background-color:#f2f2f2;--awb-flex-wrap:wrap;\" ><div class=\"fusion-builder-row fusion-row\"><div class=\"fusion-layout-column fusion_builder_column fusion-builder-column-20 fusion_builder_column_1_1 1_1 fusion-one-full fusion-column-first fusion-column-last\" style=\"--awb-bg-size:cover;\"><div class=\"fusion-column-wrapper fusion-flex-column-wrapper-legacy\"><div class=\"fusion-title title fusion-title-2 fusion-sep-none fusion-title-text fusion-title-size-one\" style=\"--awb-margin-top-small:0px;--awb-margin-right-small:0px;--awb-margin-bottom-small:20px;--awb-margin-left-small:0px;\"><h1 class=\"fusion-title-heading title-heading-left fusion-responsive-typography-calculated\" style=\"margin:0;--fontSize:38;line-height:1.33;\">A P98\/120 DV tiszt\u00edt\u00f3ra vonatkoz\u00f3 r\u00e9szletek<\/h1><\/div><div class=\"fusion-clearfix\"><\/div><\/div><\/div><\/div><\/div><div class=\"fusion-fullwidth fullwidth-box fusion-builder-row-12 nonhundred-percent-fullwidth non-hundred-percent-height-scrolling fusion-equal-height-columns\" style=\"--awb-border-radius-top-left:0px;--awb-border-radius-top-right:0px;--awb-border-radius-bottom-right:0px;--awb-border-radius-bottom-left:0px;--awb-padding-bottom:100px;--awb-background-color:#f2f2f2;--awb-flex-wrap:wrap;\" ><div class=\"fusion-builder-row fusion-row\"><div class=\"fusion-layout-column fusion_builder_column fusion-builder-column-21 fusion_builder_column_1_3 1_3 fusion-one-third fusion-column-first\" style=\"--awb-bg-color:#ffffff;--awb-bg-color-hover:#ffffff;--awb-bg-size:cover;--awb-margin-bottom:40px;width:30.6666%; margin-right: 4%;\"><div class=\"fusion-column-wrapper fusion-flex-column-wrapper-legacy\"><div class=\"fusion-image-element fusion-image-align-center in-legacy-container\" style=\"text-align:center;--awb-caption-title-font-family:var(--h2_typography-font-family);--awb-caption-title-font-weight:var(--h2_typography-font-weight);--awb-caption-title-font-style:var(--h2_typography-font-style);--awb-caption-title-size:var(--h2_typography-font-size);--awb-caption-title-transform:var(--h2_typography-text-transform);--awb-caption-title-line-height:var(--h2_typography-line-height);--awb-caption-title-letter-spacing:var(--h2_typography-letter-spacing);\"><div class=\"imageframe-align-center\"><span class=\" fusion-imageframe imageframe-none imageframe-5 hover-type-zoomin\"><a href=\"https:\/\/feucht-obsttechnik.de\/wp-content\/uploads\/nussverarbeitung-haselnuss-reinigen-reiniger-chp98120dv-3.jpg\" class=\"fusion-lightbox\" data-rel=\"iLightbox[CH P98\/120 DV tiszt\u00edt\u00f3]\" data-title=\"A CH P98\/120 DV tiszt\u00edt\u00f3 gyorsan \u00e9s pontosan tiszt\u00edtja meg a mogyor\u00f3t\" title=\"A CH P98\/120 DV tiszt\u00edt\u00f3 gyorsan \u00e9s pontosan tiszt\u00edtja meg a mogyor\u00f3t\"><img decoding=\"async\" width=\"1600\" height=\"1200\" src=\"https:\/\/feucht-obsttechnik.de\/wp-content\/uploads\/nussverarbeitung-haselnuss-reinigen-reiniger-chp98120dv-3.jpg\" alt class=\"img-responsive wp-image-13812\" srcset=\"https:\/\/feucht-obsttechnik.de\/wp-content\/uploads\/nussverarbeitung-haselnuss-reinigen-reiniger-chp98120dv-3-200x150.jpg 200w, https:\/\/feucht-obsttechnik.de\/wp-content\/uploads\/nussverarbeitung-haselnuss-reinigen-reiniger-chp98120dv-3-400x300.jpg 400w, https:\/\/feucht-obsttechnik.de\/wp-content\/uploads\/nussverarbeitung-haselnuss-reinigen-reiniger-chp98120dv-3-600x450.jpg 600w, https:\/\/feucht-obsttechnik.de\/wp-content\/uploads\/nussverarbeitung-haselnuss-reinigen-reiniger-chp98120dv-3-800x600.jpg 800w, https:\/\/feucht-obsttechnik.de\/wp-content\/uploads\/nussverarbeitung-haselnuss-reinigen-reiniger-chp98120dv-3-1200x900.jpg 1200w, https:\/\/feucht-obsttechnik.de\/wp-content\/uploads\/nussverarbeitung-haselnuss-reinigen-reiniger-chp98120dv-3.jpg 1600w\" sizes=\"(max-width: 835px) 100vw, 400px\" \/><\/a><\/span><\/div><\/div><div class=\"fusion-clearfix\"><\/div><\/div><\/div><div class=\"fusion-layout-column fusion_builder_column fusion-builder-column-22 fusion_builder_column_1_3 1_3 fusion-one-third\" style=\"--awb-bg-color:#ffffff;--awb-bg-color-hover:#ffffff;--awb-bg-size:cover;width:30.6666%; margin-right: 4%;\"><div class=\"fusion-column-wrapper fusion-flex-column-wrapper-legacy\"><div class=\"fusion-image-element fusion-image-align-center in-legacy-container\" style=\"text-align:center;--awb-caption-title-font-family:var(--h2_typography-font-family);--awb-caption-title-font-weight:var(--h2_typography-font-weight);--awb-caption-title-font-style:var(--h2_typography-font-style);--awb-caption-title-size:var(--h2_typography-font-size);--awb-caption-title-transform:var(--h2_typography-text-transform);--awb-caption-title-line-height:var(--h2_typography-line-height);--awb-caption-title-letter-spacing:var(--h2_typography-letter-spacing);\"><div class=\"imageframe-align-center\"><span class=\" fusion-imageframe imageframe-none imageframe-6 hover-type-zoomin\"><a href=\"https:\/\/feucht-obsttechnik.de\/wp-content\/uploads\/nussverarbeitung-haselnuss-reinigen-reiniger-chp98120dv-1.jpg\" class=\"fusion-lightbox\" data-rel=\"iLightbox[CH P98\/120 DV tiszt\u00edt\u00f3]\" data-title=\"A CH P98\/120 DV tiszt\u00edt\u00f3 gyorsan \u00e9s pontosan tiszt\u00edtja meg a mogyor\u00f3t\" title=\"A CH P98\/120 DV tiszt\u00edt\u00f3 gyorsan \u00e9s pontosan tiszt\u00edtja meg a mogyor\u00f3t\"><img decoding=\"async\" width=\"1600\" height=\"1200\" src=\"https:\/\/feucht-obsttechnik.de\/wp-content\/uploads\/nussverarbeitung-haselnuss-reinigen-reiniger-chp98120dv-1.jpg\" alt class=\"img-responsive wp-image-13814\" srcset=\"https:\/\/feucht-obsttechnik.de\/wp-content\/uploads\/nussverarbeitung-haselnuss-reinigen-reiniger-chp98120dv-1-200x150.jpg 200w, https:\/\/feucht-obsttechnik.de\/wp-content\/uploads\/nussverarbeitung-haselnuss-reinigen-reiniger-chp98120dv-1-400x300.jpg 400w, https:\/\/feucht-obsttechnik.de\/wp-content\/uploads\/nussverarbeitung-haselnuss-reinigen-reiniger-chp98120dv-1-600x450.jpg 600w, https:\/\/feucht-obsttechnik.de\/wp-content\/uploads\/nussverarbeitung-haselnuss-reinigen-reiniger-chp98120dv-1-800x600.jpg 800w, https:\/\/feucht-obsttechnik.de\/wp-content\/uploads\/nussverarbeitung-haselnuss-reinigen-reiniger-chp98120dv-1-1200x900.jpg 1200w, https:\/\/feucht-obsttechnik.de\/wp-content\/uploads\/nussverarbeitung-haselnuss-reinigen-reiniger-chp98120dv-1.jpg 1600w\" sizes=\"(max-width: 835px) 100vw, 400px\" \/><\/a><\/span><\/div><\/div><div class=\"fusion-clearfix\"><\/div><\/div><\/div><div class=\"fusion-layout-column fusion_builder_column fusion-builder-column-23 fusion_builder_column_1_3 1_3 fusion-one-third fusion-column-last\" style=\"--awb-bg-color:#ffffff;--awb-bg-color-hover:#ffffff;--awb-bg-size:cover;width:30.6666%;\"><div class=\"fusion-column-wrapper fusion-flex-column-wrapper-legacy\"><div class=\"fusion-image-element fusion-image-align-center in-legacy-container\" style=\"text-align:center;--awb-caption-title-font-family:var(--h2_typography-font-family);--awb-caption-title-font-weight:var(--h2_typography-font-weight);--awb-caption-title-font-style:var(--h2_typography-font-style);--awb-caption-title-size:var(--h2_typography-font-size);--awb-caption-title-transform:var(--h2_typography-text-transform);--awb-caption-title-line-height:var(--h2_typography-line-height);--awb-caption-title-letter-spacing:var(--h2_typography-letter-spacing);\"><div class=\"imageframe-align-center\"><span class=\" fusion-imageframe imageframe-none imageframe-7 hover-type-zoomin\"><a href=\"https:\/\/feucht-obsttechnik.de\/wp-content\/uploads\/nussverarbeitung-haselnuss-reinigen-reiniger-chp98120dv-2.jpg\" class=\"fusion-lightbox\" data-rel=\"iLightbox[CH P98\/120 DV tiszt\u00edt\u00f3]\" data-title=\"A CH P98\/120 DV tiszt\u00edt\u00f3 gyorsan \u00e9s pontosan tiszt\u00edtja meg a mogyor\u00f3t\" title=\"A CH P98\/120 DV tiszt\u00edt\u00f3 gyorsan \u00e9s pontosan tiszt\u00edtja meg a mogyor\u00f3t\"><img decoding=\"async\" width=\"1600\" height=\"1200\" src=\"https:\/\/feucht-obsttechnik.de\/wp-content\/uploads\/nussverarbeitung-haselnuss-reinigen-reiniger-chp98120dv-2.jpg\" alt class=\"img-responsive wp-image-13813\" srcset=\"https:\/\/feucht-obsttechnik.de\/wp-content\/uploads\/nussverarbeitung-haselnuss-reinigen-reiniger-chp98120dv-2-200x150.jpg 200w, https:\/\/feucht-obsttechnik.de\/wp-content\/uploads\/nussverarbeitung-haselnuss-reinigen-reiniger-chp98120dv-2-400x300.jpg 400w, https:\/\/feucht-obsttechnik.de\/wp-content\/uploads\/nussverarbeitung-haselnuss-reinigen-reiniger-chp98120dv-2-600x450.jpg 600w, https:\/\/feucht-obsttechnik.de\/wp-content\/uploads\/nussverarbeitung-haselnuss-reinigen-reiniger-chp98120dv-2-800x600.jpg 800w, https:\/\/feucht-obsttechnik.de\/wp-content\/uploads\/nussverarbeitung-haselnuss-reinigen-reiniger-chp98120dv-2-1200x900.jpg 1200w, https:\/\/feucht-obsttechnik.de\/wp-content\/uploads\/nussverarbeitung-haselnuss-reinigen-reiniger-chp98120dv-2.jpg 1600w\" sizes=\"(max-width: 835px) 100vw, 400px\" \/><\/a><\/span><\/div><\/div><div class=\"fusion-clearfix\"><\/div><\/div><\/div><\/div><\/div><div class=\"fusion-fullwidth fullwidth-box fusion-builder-row-13 nonhundred-percent-fullwidth non-hundred-percent-height-scrolling fusion-equal-height-columns\" style=\"--awb-border-radius-top-left:0px;--awb-border-radius-top-right:0px;--awb-border-radius-bottom-right:0px;--awb-border-radius-bottom-left:0px;--awb-padding-bottom:100px;--awb-background-color:#f2f2f2;--awb-flex-wrap:wrap;\" ><div class=\"fusion-builder-row fusion-row\"><div class=\"fusion-layout-column fusion_builder_column fusion-builder-column-24 fusion_builder_column_1_2 1_2 fusion-one-half fusion-column-first\" style=\"--awb-bg-color:#ffffff;--awb-bg-color-hover:#ffffff;--awb-bg-size:cover;--awb-margin-bottom:40px;width:48%; margin-right: 4%;\"><div class=\"fusion-column-wrapper fusion-flex-column-wrapper-legacy\"><div class=\"fusion-text fusion-text-10\"><div style=\"padding: 25px;\">\n<h2>El\u0151ny\u00f6k<\/h2>\n<ul>\n<li>\u00d3r\u00e1nk\u00e9nt 400\u2013600 kg di\u00f3f\u00e9le feldolgoz\u00e1sa<\/li>\n<li>ide\u00e1lis a di\u00f3f\u00e9l\u00e9k kis \u00e9s k\u00f6zepes m\u00e9ret\u0171 \u00fcltetv\u00e9nyein<\/li>\n<li>mogyor\u00f3hoz \u00e9s geszteny\u00e9hez<\/li>\n<li>az \u00e9rt\u00e9kes di\u00f3f\u00e9le tiszta elk\u00fcl\u00f6n\u00edt\u00e9se a betakar\u00edt\u00e1si maradv\u00e1nyokt\u00f3l<\/li>\n<li>nagy kerekek meger\u0151s\u00edtett tengellyel az egyszer\u0171 sz\u00e1ll\u00edt\u00e1shoz<\/li>\n<li>h\u00e1rom pontos felf\u00fcggeszt\u00e9s a sz\u00e1ll\u00edt\u00e1shoz<\/li>\n<\/ul>\n<\/div>\n<\/div><div class=\"fusion-clearfix\"><\/div><\/div><\/div><div class=\"fusion-layout-column fusion_builder_column fusion-builder-column-25 fusion_builder_column_1_2 1_2 fusion-one-half fusion-column-last\" style=\"--awb-bg-color:#ffffff;--awb-bg-color-hover:#ffffff;--awb-bg-size:cover;width:48%;\"><div class=\"fusion-column-wrapper fusion-flex-column-wrapper-legacy\"><div class=\"fusion-text fusion-text-11\"><div style=\"padding: 25px;\">\n<h2>M\u0171szaki adatok<\/h2>\n<\/div>\n<\/div>\n<div class=\"table-2\">\n<table width=\"100%\">\n<tbody>\n<tr>\n<td align=\"left\">Hossz\u00fas\u00e1g:<\/td>\n<td align=\"left\">140 cm<\/td>\n<\/tr>\n<tr>\n<td align=\"left\">Sz\u00e9less\u00e9g:<\/td>\n<td align=\"left\">180 cm<\/td>\n<\/tr>\n<tr>\n<td align=\"left\">Magass\u00e1g:<\/td>\n<td align=\"left\">230 cm<\/td>\n<\/tr>\n<tr>\n<td align=\"left\">S\u00faly:<\/td>\n<td align=\"left\">320 kg<\/td>\n<\/tr>\n<tr>\n<td align=\"left\">Elektromos motor:<\/td>\n<td align=\"left\">2,2 kW<\/td>\n<\/tr>\n<tr>\n<td align=\"left\">Fesz\u00fclts\u00e9g:<\/td>\n<td align=\"left\">220\/380 volt<\/td>\n<\/tr>\n<tr>\n<td align=\"left\">Motorok sz\u00e1ma:<\/td>\n<td align=\"left\">3<\/td>\n<\/tr>\n<tr>\n<td align=\"left\">\u00c1raml\u00e1si mennyis\u00e9g:<\/td>\n<td align=\"left\">400-600 kg\/h<\/td>\n<\/tr>\n<\/tbody>\n<\/table>\n<\/div>\n<div class=\"fusion-clearfix\"><\/div><\/div><\/div><\/div><\/div><div class=\"fusion-fullwidth fullwidth-box fusion-builder-row-14 nonhundred-percent-fullwidth non-hundred-percent-height-scrolling\" style=\"--awb-border-radius-top-left:0px;--awb-border-radius-top-right:0px;--awb-border-radius-bottom-right:0px;--awb-border-radius-bottom-left:0px;--awb-flex-wrap:wrap;\" ><div class=\"fusion-builder-row fusion-row\"><div class=\"fusion-layout-column fusion_builder_column fusion-builder-column-26 fusion_builder_column_1_1 1_1 fusion-one-full fusion-column-first fusion-column-last\" style=\"--awb-padding-top:0px;--awb-padding-right:0px;--awb-padding-bottom:0px;--awb-padding-left:0px;--awb-bg-size:cover;--awb-margin-bottom:0px;\"><div class=\"fusion-column-wrapper fusion-column-has-shadow fusion-flex-column-wrapper-legacy\"><div class=\"fusion-menu-anchor\" id=\"haselnussreiniger-p98-120-da\"><\/div><div class=\"fusion-clearfix\"><\/div><\/div><\/div><\/div><\/div><div class=\"fusion-fullwidth fullwidth-box fusion-builder-row-15 fusion-parallax-none nonhundred-percent-fullwidth non-hundred-percent-height-scrolling\" style=\"--awb-border-radius-top-left:0px;--awb-border-radius-top-right:0px;--awb-border-radius-bottom-right:0px;--awb-border-radius-bottom-left:0px;--awb-padding-top:200px;--awb-background-image:url(&quot;https:\/\/feucht-obsttechnik.de\/wp-content\/uploads\/nussverarbeitung-haselnuss-reinigen-divider-reiniger-chp98120da.jpg&quot;);--awb-background-size:cover;--awb-flex-wrap:wrap;\" ><div class=\"fusion-builder-row fusion-row\"><div class=\"fusion-layout-column fusion_builder_column fusion-builder-column-27 fusion_builder_column_1_6 1_6 fusion-one-sixth fusion-column-first\" style=\"--awb-bg-size:cover;width:16.666666666667%;width:calc(16.666666666667% - ( ( 4% + 4% ) * 0.16666666666667 ) );margin-right: 4%;\"><div class=\"fusion-column-wrapper fusion-flex-column-wrapper-legacy\"><div class=\"fusion-clearfix\"><\/div><\/div><\/div><div class=\"fusion-layout-column fusion_builder_column fusion-builder-column-28 fusion_builder_column_2_3 2_3 fusion-two-third\" style=\"--awb-padding-top:50px;--awb-padding-right:50px;--awb-padding-bottom:50px;--awb-padding-left:50px;--awb-bg-color:rgba(255,255,255,0.9);--awb-bg-color-hover:rgba(255,255,255,0.9);--awb-bg-size:cover;--awb-margin-bottom:-100px;width:66.666666666667%;width:calc(66.666666666667% - ( ( 4% + 4% ) * 0.66666666666667 ) );margin-right: 4%;\"><div class=\"fusion-column-wrapper fusion-column-has-shadow fusion-flex-column-wrapper-legacy\"><div class=\"fusion-text fusion-text-12\"><h2 style=\"text-align: center;\">CH P98\/120 DA tiszt\u00edt\u00f3<\/h2>\n<p style=\"text-align: center;\"><strong>\u00d3r\u00e1nk\u00e9nt 1000\u20131200 kg di\u00f3f\u00e9l\u00e9k tiszt\u00edt meg hat\u00e9konyan \u00e9s \u00f3vatosan.<\/strong><\/p>\n<p style=\"text-align: center;\">A <strong>CH P98\/120 DA tiszt\u00edt\u00f3<\/strong> mogyor\u00f3 \u00e9s gesztenye levelekt\u0151l, k\u00f6vekt\u0151l, kisebb gallyakt\u00f3l \u00e9s \u00fcres h\u00e9jakt\u00f3l val\u00f3 megtiszt\u00edt\u00e1s\u00e1ra alkalmas. \u00d3r\u00e1nk\u00e9nt ak\u00e1r 1200 kg di\u00f3f\u00e9le feldolgozhat\u00f3. Ez ide\u00e1liss\u00e1 teszi a tiszt\u00edt\u00f3t a di\u00f3f\u00e9l\u00e9k k\u00f6z\u00e9pm\u00e9ret\u0171 termeszt\u0151i sz\u00e1m\u00e1ra<\/p>\n<p style=\"text-align: center;\">A tiszt\u00edt\u00f3 f\u00fajtat\u00f3 \u00f3r\u00e1nk\u00e9nti fogyaszt\u00e1sa 220 V t\u00e1pell\u00e1t\u00e1sn\u00e1l 3,2 kW. A tiszt\u00edt\u00f3 380 voltos v\u00e1ltozatban is kaphat\u00f3.<\/p>\n<\/div><div class=\"fusion-clearfix\"><\/div><\/div><\/div><div class=\"fusion-layout-column fusion_builder_column fusion-builder-column-29 fusion_builder_column_1_6 1_6 fusion-one-sixth fusion-column-last\" style=\"--awb-bg-size:cover;width:16.666666666667%;width:calc(16.666666666667% - ( ( 4% + 4% ) * 0.16666666666667 ) );\"><div class=\"fusion-column-wrapper fusion-flex-column-wrapper-legacy\"><div class=\"fusion-clearfix\"><\/div><\/div><\/div><\/div><\/div><div class=\"fusion-fullwidth fullwidth-box fusion-builder-row-16 nonhundred-percent-fullwidth non-hundred-percent-height-scrolling fusion-equal-height-columns\" style=\"--awb-border-radius-top-left:0px;--awb-border-radius-top-right:0px;--awb-border-radius-bottom-right:0px;--awb-border-radius-bottom-left:0px;--awb-padding-top:200px;--awb-background-color:#f2f2f2;--awb-flex-wrap:wrap;\" ><div class=\"fusion-builder-row fusion-row\"><div class=\"fusion-layout-column fusion_builder_column fusion-builder-column-30 fusion_builder_column_1_1 1_1 fusion-one-full fusion-column-first fusion-column-last\" style=\"--awb-bg-size:cover;\"><div class=\"fusion-column-wrapper fusion-flex-column-wrapper-legacy\"><div class=\"fusion-title title fusion-title-3 fusion-sep-none fusion-title-text fusion-title-size-one\" style=\"--awb-margin-top-small:0px;--awb-margin-right-small:0px;--awb-margin-bottom-small:20px;--awb-margin-left-small:0px;\"><h1 class=\"fusion-title-heading title-heading-left fusion-responsive-typography-calculated\" style=\"margin:0;--fontSize:38;line-height:1.33;\">A P98\/120 DA tiszt\u00edt\u00f3ra vonatkoz\u00f3 r\u00e9szletek<\/h1><\/div><div class=\"fusion-clearfix\"><\/div><\/div><\/div><\/div><\/div><div class=\"fusion-fullwidth fullwidth-box fusion-builder-row-17 nonhundred-percent-fullwidth non-hundred-percent-height-scrolling fusion-equal-height-columns\" style=\"--awb-border-radius-top-left:0px;--awb-border-radius-top-right:0px;--awb-border-radius-bottom-right:0px;--awb-border-radius-bottom-left:0px;--awb-padding-bottom:100px;--awb-background-color:#f2f2f2;--awb-flex-wrap:wrap;\" ><div class=\"fusion-builder-row fusion-row\"><div class=\"fusion-layout-column fusion_builder_column fusion-builder-column-31 fusion_builder_column_1_3 1_3 fusion-one-third fusion-column-first\" style=\"--awb-bg-color:#ffffff;--awb-bg-color-hover:#ffffff;--awb-bg-size:cover;--awb-margin-bottom:40px;width:30.6666%; margin-right: 4%;\"><div class=\"fusion-column-wrapper fusion-flex-column-wrapper-legacy\"><div class=\"fusion-image-element fusion-image-align-center in-legacy-container\" style=\"text-align:center;--awb-caption-title-font-family:var(--h2_typography-font-family);--awb-caption-title-font-weight:var(--h2_typography-font-weight);--awb-caption-title-font-style:var(--h2_typography-font-style);--awb-caption-title-size:var(--h2_typography-font-size);--awb-caption-title-transform:var(--h2_typography-text-transform);--awb-caption-title-line-height:var(--h2_typography-line-height);--awb-caption-title-letter-spacing:var(--h2_typography-letter-spacing);\"><div class=\"imageframe-align-center\"><span class=\" fusion-imageframe imageframe-none imageframe-8 hover-type-zoomin\"><a href=\"https:\/\/feucht-obsttechnik.de\/wp-content\/uploads\/nussverarbeitung-haselnuss-reinigen-reiniger-chp98120da-3.jpg\" class=\"fusion-lightbox\" data-rel=\"iLightbox[CH P98\/120 DA tiszt\u00edt\u00f3]\" data-title=\"A CH P98\/120 DA tiszt\u00edt\u00f3 mogyor\u00f3 tiszt\u00edt\u00e1s\u00e1ra alkalmas\" title=\"A CH P98\/120 DA tiszt\u00edt\u00f3 mogyor\u00f3 tiszt\u00edt\u00e1s\u00e1ra alkalmas\"><img decoding=\"async\" width=\"1600\" height=\"1200\" src=\"https:\/\/feucht-obsttechnik.de\/wp-content\/uploads\/nussverarbeitung-haselnuss-reinigen-reiniger-chp98120da-3.jpg\" alt class=\"img-responsive wp-image-13808\" srcset=\"https:\/\/feucht-obsttechnik.de\/wp-content\/uploads\/nussverarbeitung-haselnuss-reinigen-reiniger-chp98120da-3-200x150.jpg 200w, https:\/\/feucht-obsttechnik.de\/wp-content\/uploads\/nussverarbeitung-haselnuss-reinigen-reiniger-chp98120da-3-400x300.jpg 400w, https:\/\/feucht-obsttechnik.de\/wp-content\/uploads\/nussverarbeitung-haselnuss-reinigen-reiniger-chp98120da-3-600x450.jpg 600w, https:\/\/feucht-obsttechnik.de\/wp-content\/uploads\/nussverarbeitung-haselnuss-reinigen-reiniger-chp98120da-3-800x600.jpg 800w, https:\/\/feucht-obsttechnik.de\/wp-content\/uploads\/nussverarbeitung-haselnuss-reinigen-reiniger-chp98120da-3-1200x900.jpg 1200w, https:\/\/feucht-obsttechnik.de\/wp-content\/uploads\/nussverarbeitung-haselnuss-reinigen-reiniger-chp98120da-3.jpg 1600w\" sizes=\"(max-width: 835px) 100vw, 400px\" \/><\/a><\/span><\/div><\/div><div class=\"fusion-clearfix\"><\/div><\/div><\/div><div class=\"fusion-layout-column fusion_builder_column fusion-builder-column-32 fusion_builder_column_1_3 1_3 fusion-one-third\" style=\"--awb-bg-color:#ffffff;--awb-bg-color-hover:#ffffff;--awb-bg-size:cover;width:30.6666%; margin-right: 4%;\"><div class=\"fusion-column-wrapper fusion-flex-column-wrapper-legacy\"><div class=\"fusion-image-element fusion-image-align-center in-legacy-container\" style=\"text-align:center;--awb-caption-title-font-family:var(--h2_typography-font-family);--awb-caption-title-font-weight:var(--h2_typography-font-weight);--awb-caption-title-font-style:var(--h2_typography-font-style);--awb-caption-title-size:var(--h2_typography-font-size);--awb-caption-title-transform:var(--h2_typography-text-transform);--awb-caption-title-line-height:var(--h2_typography-line-height);--awb-caption-title-letter-spacing:var(--h2_typography-letter-spacing);\"><div class=\"imageframe-align-center\"><span class=\" fusion-imageframe imageframe-none imageframe-9 hover-type-zoomin\"><a href=\"https:\/\/feucht-obsttechnik.de\/wp-content\/uploads\/nussverarbeitung-haselnuss-reinigen-reiniger-chp98120da-1.jpg\" class=\"fusion-lightbox\" data-rel=\"iLightbox[CH P98\/120 DA tiszt\u00edt\u00f3]\" data-title=\"A CH P98\/120 DA tiszt\u00edt\u00f3 mogyor\u00f3 tiszt\u00edt\u00e1s\u00e1ra alkalmas\" title=\"A CH P98\/120 DA tiszt\u00edt\u00f3 mogyor\u00f3 tiszt\u00edt\u00e1s\u00e1ra alkalmas\"><img decoding=\"async\" width=\"1600\" height=\"1200\" src=\"https:\/\/feucht-obsttechnik.de\/wp-content\/uploads\/nussverarbeitung-haselnuss-reinigen-reiniger-chp98120da-1.jpg\" alt class=\"img-responsive wp-image-13810\" srcset=\"https:\/\/feucht-obsttechnik.de\/wp-content\/uploads\/nussverarbeitung-haselnuss-reinigen-reiniger-chp98120da-1-200x150.jpg 200w, https:\/\/feucht-obsttechnik.de\/wp-content\/uploads\/nussverarbeitung-haselnuss-reinigen-reiniger-chp98120da-1-400x300.jpg 400w, https:\/\/feucht-obsttechnik.de\/wp-content\/uploads\/nussverarbeitung-haselnuss-reinigen-reiniger-chp98120da-1-600x450.jpg 600w, https:\/\/feucht-obsttechnik.de\/wp-content\/uploads\/nussverarbeitung-haselnuss-reinigen-reiniger-chp98120da-1-800x600.jpg 800w, https:\/\/feucht-obsttechnik.de\/wp-content\/uploads\/nussverarbeitung-haselnuss-reinigen-reiniger-chp98120da-1-1200x900.jpg 1200w, https:\/\/feucht-obsttechnik.de\/wp-content\/uploads\/nussverarbeitung-haselnuss-reinigen-reiniger-chp98120da-1.jpg 1600w\" sizes=\"(max-width: 835px) 100vw, 400px\" \/><\/a><\/span><\/div><\/div><div class=\"fusion-clearfix\"><\/div><\/div><\/div><div class=\"fusion-layout-column fusion_builder_column fusion-builder-column-33 fusion_builder_column_1_3 1_3 fusion-one-third fusion-column-last\" style=\"--awb-bg-color:#ffffff;--awb-bg-color-hover:#ffffff;--awb-bg-size:cover;width:30.6666%;\"><div class=\"fusion-column-wrapper fusion-flex-column-wrapper-legacy\"><div class=\"fusion-image-element fusion-image-align-center in-legacy-container\" style=\"text-align:center;--awb-caption-title-font-family:var(--h2_typography-font-family);--awb-caption-title-font-weight:var(--h2_typography-font-weight);--awb-caption-title-font-style:var(--h2_typography-font-style);--awb-caption-title-size:var(--h2_typography-font-size);--awb-caption-title-transform:var(--h2_typography-text-transform);--awb-caption-title-line-height:var(--h2_typography-line-height);--awb-caption-title-letter-spacing:var(--h2_typography-letter-spacing);\"><div class=\"imageframe-align-center\"><span class=\" fusion-imageframe imageframe-none imageframe-10 hover-type-zoomin\"><a href=\"https:\/\/feucht-obsttechnik.de\/wp-content\/uploads\/nussverarbeitung-haselnuss-reinigen-reiniger-chp98120da-2.jpg\" class=\"fusion-lightbox\" data-rel=\"iLightbox[CH P98\/120 DA tiszt\u00edt\u00f3]\" data-title=\"A CH P98\/120 DA tiszt\u00edt\u00f3 mogyor\u00f3 tiszt\u00edt\u00e1s\u00e1ra alkalmas\" title=\"A CH P98\/120 DA tiszt\u00edt\u00f3 mogyor\u00f3 tiszt\u00edt\u00e1s\u00e1ra alkalmas\"><img decoding=\"async\" width=\"1600\" height=\"1200\" src=\"https:\/\/feucht-obsttechnik.de\/wp-content\/uploads\/nussverarbeitung-haselnuss-reinigen-reiniger-chp98120da-2.jpg\" alt class=\"img-responsive wp-image-13809\" srcset=\"https:\/\/feucht-obsttechnik.de\/wp-content\/uploads\/nussverarbeitung-haselnuss-reinigen-reiniger-chp98120da-2-200x150.jpg 200w, https:\/\/feucht-obsttechnik.de\/wp-content\/uploads\/nussverarbeitung-haselnuss-reinigen-reiniger-chp98120da-2-400x300.jpg 400w, https:\/\/feucht-obsttechnik.de\/wp-content\/uploads\/nussverarbeitung-haselnuss-reinigen-reiniger-chp98120da-2-600x450.jpg 600w, https:\/\/feucht-obsttechnik.de\/wp-content\/uploads\/nussverarbeitung-haselnuss-reinigen-reiniger-chp98120da-2-800x600.jpg 800w, https:\/\/feucht-obsttechnik.de\/wp-content\/uploads\/nussverarbeitung-haselnuss-reinigen-reiniger-chp98120da-2-1200x900.jpg 1200w, https:\/\/feucht-obsttechnik.de\/wp-content\/uploads\/nussverarbeitung-haselnuss-reinigen-reiniger-chp98120da-2.jpg 1600w\" sizes=\"(max-width: 835px) 100vw, 400px\" \/><\/a><\/span><\/div><\/div><div class=\"fusion-clearfix\"><\/div><\/div><\/div><\/div><\/div><div class=\"fusion-fullwidth fullwidth-box fusion-builder-row-18 nonhundred-percent-fullwidth non-hundred-percent-height-scrolling fusion-equal-height-columns\" style=\"--awb-border-radius-top-left:0px;--awb-border-radius-top-right:0px;--awb-border-radius-bottom-right:0px;--awb-border-radius-bottom-left:0px;--awb-padding-bottom:100px;--awb-background-color:#f2f2f2;--awb-flex-wrap:wrap;\" ><div class=\"fusion-builder-row fusion-row\"><div class=\"fusion-layout-column fusion_builder_column fusion-builder-column-34 fusion_builder_column_1_2 1_2 fusion-one-half fusion-column-first\" style=\"--awb-bg-color:#ffffff;--awb-bg-color-hover:#ffffff;--awb-bg-size:cover;--awb-margin-bottom:40px;width:48%; margin-right: 4%;\"><div class=\"fusion-column-wrapper fusion-flex-column-wrapper-legacy\"><div class=\"fusion-text fusion-text-13\"><div style=\"padding: 25px;\">\n<h2>El\u0151ny\u00f6k<\/h2>\n<ul>\n<li>ide\u00e1lis a di\u00f3f\u00e9l\u00e9k k\u00f6zepes m\u00e9ret\u0171 \u00fcltetv\u00e9nyein<\/li>\n<li>220 V-os vagy 380 V-os v\u00e1ltozatban is kaphat\u00f3<\/li>\n<li>\u00f3r\u00e1nk\u00e9nt ak\u00e1r 1200 kg di\u00f3f\u00e9l\u00e9t feldolgoz<\/li>\n<li>t\u00f6k\u00e9letes tiszt\u00edt\u00e1si eredm\u00e9ny<\/li>\n<li>mogyor\u00f3hoz \u00e9s geszteny\u00e9hez haszn\u00e1lhat\u00f3<\/li>\n<li>nagy kerekek meger\u0151s\u00edtett tengellyel az egyszer\u0171 sz\u00e1ll\u00edt\u00e1shoz<\/li>\n<li>h\u00e1rom pontos felf\u00fcggeszt\u00e9s a sz\u00e1ll\u00edt\u00e1shoz<\/li>\n<\/ul>\n<\/div>\n<\/div><div class=\"fusion-clearfix\"><\/div><\/div><\/div><div class=\"fusion-layout-column fusion_builder_column fusion-builder-column-35 fusion_builder_column_1_2 1_2 fusion-one-half fusion-column-last\" style=\"--awb-bg-color:#ffffff;--awb-bg-color-hover:#ffffff;--awb-bg-size:cover;width:48%;\"><div class=\"fusion-column-wrapper fusion-flex-column-wrapper-legacy\"><div class=\"fusion-text fusion-text-14\"><div style=\"padding: 25px;\">\n<h2>M\u0171szaki adatok<\/h2>\n<\/div>\n<\/div>\n<div class=\"table-2\">\n<table width=\"100%\">\n<tbody>\n<tr>\n<td align=\"left\">Hossz\u00fas\u00e1g:<\/td>\n<td align=\"left\">140 cm<\/td>\n<\/tr>\n<tr>\n<td align=\"left\">Sz\u00e9less\u00e9g:<\/td>\n<td align=\"left\">180 cm<\/td>\n<\/tr>\n<tr>\n<td align=\"left\">Magass\u00e1g:<\/td>\n<td align=\"left\">240 cm<\/td>\n<\/tr>\n<tr>\n<td align=\"left\">S\u00faly:<\/td>\n<td align=\"left\">420 kg<\/td>\n<\/tr>\n<tr>\n<td align=\"left\">Motor:<\/td>\n<td align=\"left\">3,5 kW<\/td>\n<\/tr>\n<tr>\n<td align=\"left\">Fesz\u00fclts\u00e9g:<\/td>\n<td align=\"left\">220 \/ 380V<\/td>\n<\/tr>\n<tr>\n<td align=\"left\">Motorok sz\u00e1ma:<\/td>\n<td align=\"left\">3<\/td>\n<\/tr>\n<tr>\n<td align=\"left\">\u00c1raml\u00e1si mennyis\u00e9g:<\/td>\n<td align=\"left\">ak\u00e1r kb. 1200 kg\/h<\/td>\n<\/tr>\n<\/tbody>\n<\/table>\n<\/div>\n<div class=\"fusion-clearfix\"><\/div><\/div><\/div><\/div><\/div><div class=\"fusion-fullwidth fullwidth-box fusion-builder-row-19 nonhundred-percent-fullwidth non-hundred-percent-height-scrolling\" style=\"--awb-border-radius-top-left:0px;--awb-border-radius-top-right:0px;--awb-border-radius-bottom-right:0px;--awb-border-radius-bottom-left:0px;--awb-flex-wrap:wrap;\" ><div class=\"fusion-builder-row fusion-row\"><div class=\"fusion-layout-column fusion_builder_column fusion-builder-column-36 fusion_builder_column_1_1 1_1 fusion-one-full fusion-column-first fusion-column-last\" style=\"--awb-padding-top:0px;--awb-padding-right:0px;--awb-padding-bottom:0px;--awb-padding-left:0px;--awb-bg-size:cover;--awb-margin-bottom:0px;\"><div class=\"fusion-column-wrapper fusion-column-has-shadow fusion-flex-column-wrapper-legacy\"><div class=\"fusion-menu-anchor\" id=\"haselnussreiniger-p98-200-pi\"><\/div><div class=\"fusion-clearfix\"><\/div><\/div><\/div><\/div><\/div><div class=\"fusion-fullwidth fullwidth-box fusion-builder-row-20 fusion-parallax-none nonhundred-percent-fullwidth non-hundred-percent-height-scrolling\" style=\"--awb-border-radius-top-left:0px;--awb-border-radius-top-right:0px;--awb-border-radius-bottom-right:0px;--awb-border-radius-bottom-left:0px;--awb-padding-top:200px;--awb-background-image:url(&quot;https:\/\/feucht-obsttechnik.de\/wp-content\/uploads\/nussverarbeitung-haselnuss-reinigen-divider-reiniger-chp98200pi.jpg&quot;);--awb-background-size:cover;--awb-flex-wrap:wrap;\" ><div class=\"fusion-builder-row fusion-row\"><div class=\"fusion-layout-column fusion_builder_column fusion-builder-column-37 fusion_builder_column_1_6 1_6 fusion-one-sixth fusion-column-first\" style=\"--awb-bg-size:cover;width:16.666666666667%;width:calc(16.666666666667% - ( ( 4% + 4% ) * 0.16666666666667 ) );margin-right: 4%;\"><div class=\"fusion-column-wrapper fusion-flex-column-wrapper-legacy\"><div class=\"fusion-clearfix\"><\/div><\/div><\/div><div class=\"fusion-layout-column fusion_builder_column fusion-builder-column-38 fusion_builder_column_2_3 2_3 fusion-two-third\" style=\"--awb-padding-top:50px;--awb-padding-right:50px;--awb-padding-bottom:50px;--awb-padding-left:50px;--awb-bg-color:rgba(255,255,255,0.9);--awb-bg-color-hover:rgba(255,255,255,0.9);--awb-bg-size:cover;--awb-margin-bottom:-100px;width:66.666666666667%;width:calc(66.666666666667% - ( ( 4% + 4% ) * 0.66666666666667 ) );margin-right: 4%;\"><div class=\"fusion-column-wrapper fusion-column-has-shadow fusion-flex-column-wrapper-legacy\"><div class=\"fusion-text fusion-text-15\"><h2 style=\"text-align: center;\">CH P98\/200 PI tiszt\u00edt\u00f3<\/h2>\n<p style=\"text-align: center;\"><strong>\u00d3r\u00e1nk\u00e9nt ak\u00e1r 2500 kg mogyor\u00f3 \u00e9s gesztenye megtiszt\u00edt\u00e1sa.<\/strong><\/p>\n<p style=\"text-align: center;\">A <strong>CH P98\/200 PI tiszt\u00edt\u00f3<\/strong> ide\u00e1lis a di\u00f3f\u00e9l\u00e9k k\u00f6zepes m\u00e9ret\u0171 \u00fcltetv\u00e9nyein.<\/p>\n<p style=\"text-align: center;\">2500 kg \u00f3r\u00e1nk\u00e9nti kapacit\u00e1ssal a mogyor\u00f3 \u00e9s a gesztenye tiszt\u00e1n elk\u00fcl\u00f6n\u00edthet\u0151 az olyan maradv\u00e1nyokt\u00f3l, mint a levelek, k\u00f6vek, f\u00f6ld, illetve \u00fcres h\u00e9jak. A tiszt\u00edt\u00f3 fogyaszt\u00e1sa 380 volton 5,5 kW\/h. A tiszt\u00edt\u00f3 k\u00e9r\u00e9sre el\u0151tiszt\u00edt\u00f3val is kaphat\u00f3. Ez lehet\u0151v\u00e9 teszi az \u00e1raml\u00e1si mennyis\u00e9g kb. 3500 kg\/h-ra n\u00f6vel\u00e9s\u00e9t<\/p>\n<\/div><div class=\"fusion-clearfix\"><\/div><\/div><\/div><div class=\"fusion-layout-column fusion_builder_column fusion-builder-column-39 fusion_builder_column_1_6 1_6 fusion-one-sixth fusion-column-last\" style=\"--awb-bg-size:cover;width:16.666666666667%;width:calc(16.666666666667% - ( ( 4% + 4% ) * 0.16666666666667 ) );\"><div class=\"fusion-column-wrapper fusion-flex-column-wrapper-legacy\"><div class=\"fusion-clearfix\"><\/div><\/div><\/div><\/div><\/div><div class=\"fusion-fullwidth fullwidth-box fusion-builder-row-21 nonhundred-percent-fullwidth non-hundred-percent-height-scrolling fusion-equal-height-columns\" style=\"--awb-border-radius-top-left:0px;--awb-border-radius-top-right:0px;--awb-border-radius-bottom-right:0px;--awb-border-radius-bottom-left:0px;--awb-padding-top:200px;--awb-background-color:#f2f2f2;--awb-flex-wrap:wrap;\" ><div class=\"fusion-builder-row fusion-row\"><div class=\"fusion-layout-column fusion_builder_column fusion-builder-column-40 fusion_builder_column_1_1 1_1 fusion-one-full fusion-column-first fusion-column-last\" style=\"--awb-bg-size:cover;\"><div class=\"fusion-column-wrapper fusion-flex-column-wrapper-legacy\"><div class=\"fusion-title title fusion-title-4 fusion-sep-none fusion-title-text fusion-title-size-one\" style=\"--awb-margin-top-small:0px;--awb-margin-right-small:0px;--awb-margin-bottom-small:20px;--awb-margin-left-small:0px;\"><h1 class=\"fusion-title-heading title-heading-left fusion-responsive-typography-calculated\" style=\"margin:0;--fontSize:38;line-height:1.33;\">A CH P98\/200 PI tiszt\u00edt\u00f3ra vonatkoz\u00f3 r\u00e9szletek<\/h1><\/div><div class=\"fusion-clearfix\"><\/div><\/div><\/div><\/div><\/div><div class=\"fusion-fullwidth fullwidth-box fusion-builder-row-22 nonhundred-percent-fullwidth non-hundred-percent-height-scrolling fusion-equal-height-columns\" style=\"--awb-border-radius-top-left:0px;--awb-border-radius-top-right:0px;--awb-border-radius-bottom-right:0px;--awb-border-radius-bottom-left:0px;--awb-padding-bottom:100px;--awb-background-color:#f2f2f2;--awb-flex-wrap:wrap;\" ><div class=\"fusion-builder-row fusion-row\"><div class=\"fusion-layout-column fusion_builder_column fusion-builder-column-41 fusion_builder_column_1_3 1_3 fusion-one-third fusion-column-first\" style=\"--awb-bg-color:#ffffff;--awb-bg-color-hover:#ffffff;--awb-bg-size:cover;--awb-margin-bottom:40px;width:30.6666%; margin-right: 4%;\"><div class=\"fusion-column-wrapper fusion-flex-column-wrapper-legacy\"><div class=\"fusion-image-element fusion-image-align-center in-legacy-container\" style=\"text-align:center;--awb-caption-title-font-family:var(--h2_typography-font-family);--awb-caption-title-font-weight:var(--h2_typography-font-weight);--awb-caption-title-font-style:var(--h2_typography-font-style);--awb-caption-title-size:var(--h2_typography-font-size);--awb-caption-title-transform:var(--h2_typography-text-transform);--awb-caption-title-line-height:var(--h2_typography-line-height);--awb-caption-title-letter-spacing:var(--h2_typography-letter-spacing);\"><div class=\"imageframe-align-center\"><span class=\" fusion-imageframe imageframe-none imageframe-11 hover-type-zoomin\"><a href=\"https:\/\/feucht-obsttechnik.de\/wp-content\/uploads\/nussverarbeitung-haselnuss-reinigen-reiniger-chp98200pi-3.jpg\" class=\"fusion-lightbox\" data-rel=\"iLightbox[CH P98\/200 PI tiszt\u00edt\u00f3]\" data-title=\"A CH P98\/200 tiszt\u00edt\u00f3 ide\u00e1lis a k\u00f6zepes m\u00e9ret\u0171 mogyor\u00f3\u00fcltetv\u00e9nyeken\" title=\"A CH P98\/200 tiszt\u00edt\u00f3 ide\u00e1lis a k\u00f6zepes m\u00e9ret\u0171 mogyor\u00f3\u00fcltetv\u00e9nyeken\"><img decoding=\"async\" width=\"1600\" height=\"1200\" src=\"https:\/\/feucht-obsttechnik.de\/wp-content\/uploads\/nussverarbeitung-haselnuss-reinigen-reiniger-chp98200pi-3.jpg\" alt class=\"img-responsive wp-image-13816\" srcset=\"https:\/\/feucht-obsttechnik.de\/wp-content\/uploads\/nussverarbeitung-haselnuss-reinigen-reiniger-chp98200pi-3-200x150.jpg 200w, https:\/\/feucht-obsttechnik.de\/wp-content\/uploads\/nussverarbeitung-haselnuss-reinigen-reiniger-chp98200pi-3-400x300.jpg 400w, https:\/\/feucht-obsttechnik.de\/wp-content\/uploads\/nussverarbeitung-haselnuss-reinigen-reiniger-chp98200pi-3-600x450.jpg 600w, https:\/\/feucht-obsttechnik.de\/wp-content\/uploads\/nussverarbeitung-haselnuss-reinigen-reiniger-chp98200pi-3-800x600.jpg 800w, https:\/\/feucht-obsttechnik.de\/wp-content\/uploads\/nussverarbeitung-haselnuss-reinigen-reiniger-chp98200pi-3-1200x900.jpg 1200w, https:\/\/feucht-obsttechnik.de\/wp-content\/uploads\/nussverarbeitung-haselnuss-reinigen-reiniger-chp98200pi-3.jpg 1600w\" sizes=\"(max-width: 835px) 100vw, 400px\" \/><\/a><\/span><\/div><\/div><div class=\"fusion-clearfix\"><\/div><\/div><\/div><div class=\"fusion-layout-column fusion_builder_column fusion-builder-column-42 fusion_builder_column_1_3 1_3 fusion-one-third\" style=\"--awb-bg-color:#ffffff;--awb-bg-color-hover:#ffffff;--awb-bg-size:cover;width:30.6666%; margin-right: 4%;\"><div class=\"fusion-column-wrapper fusion-flex-column-wrapper-legacy\"><div class=\"fusion-image-element fusion-image-align-center in-legacy-container\" style=\"text-align:center;--awb-caption-title-font-family:var(--h2_typography-font-family);--awb-caption-title-font-weight:var(--h2_typography-font-weight);--awb-caption-title-font-style:var(--h2_typography-font-style);--awb-caption-title-size:var(--h2_typography-font-size);--awb-caption-title-transform:var(--h2_typography-text-transform);--awb-caption-title-line-height:var(--h2_typography-line-height);--awb-caption-title-letter-spacing:var(--h2_typography-letter-spacing);\"><div class=\"imageframe-align-center\"><span class=\" fusion-imageframe imageframe-none imageframe-12 hover-type-zoomin\"><a href=\"https:\/\/feucht-obsttechnik.de\/wp-content\/uploads\/nussverarbeitung-haselnuss-reinigen-reiniger-chp98200pi-2.jpg\" class=\"fusion-lightbox\" data-rel=\"iLightbox[CH P98\/200 PI tiszt\u00edt\u00f3]\" data-title=\"A CH P98\/200 tiszt\u00edt\u00f3 ide\u00e1lis a k\u00f6zepes m\u00e9ret\u0171 mogyor\u00f3\u00fcltetv\u00e9nyeken\" title=\"A CH P98\/200 tiszt\u00edt\u00f3 ide\u00e1lis a k\u00f6zepes m\u00e9ret\u0171 mogyor\u00f3\u00fcltetv\u00e9nyeken\"><img decoding=\"async\" width=\"1600\" height=\"1200\" src=\"https:\/\/feucht-obsttechnik.de\/wp-content\/uploads\/nussverarbeitung-haselnuss-reinigen-reiniger-chp98200pi-2.jpg\" alt class=\"img-responsive wp-image-13817\" srcset=\"https:\/\/feucht-obsttechnik.de\/wp-content\/uploads\/nussverarbeitung-haselnuss-reinigen-reiniger-chp98200pi-2-200x150.jpg 200w, https:\/\/feucht-obsttechnik.de\/wp-content\/uploads\/nussverarbeitung-haselnuss-reinigen-reiniger-chp98200pi-2-400x300.jpg 400w, https:\/\/feucht-obsttechnik.de\/wp-content\/uploads\/nussverarbeitung-haselnuss-reinigen-reiniger-chp98200pi-2-600x450.jpg 600w, https:\/\/feucht-obsttechnik.de\/wp-content\/uploads\/nussverarbeitung-haselnuss-reinigen-reiniger-chp98200pi-2-800x600.jpg 800w, https:\/\/feucht-obsttechnik.de\/wp-content\/uploads\/nussverarbeitung-haselnuss-reinigen-reiniger-chp98200pi-2-1200x900.jpg 1200w, https:\/\/feucht-obsttechnik.de\/wp-content\/uploads\/nussverarbeitung-haselnuss-reinigen-reiniger-chp98200pi-2.jpg 1600w\" sizes=\"(max-width: 835px) 100vw, 400px\" \/><\/a><\/span><\/div><\/div><div class=\"fusion-clearfix\"><\/div><\/div><\/div><div class=\"fusion-layout-column fusion_builder_column fusion-builder-column-43 fusion_builder_column_1_3 1_3 fusion-one-third fusion-column-last\" style=\"--awb-bg-color:#ffffff;--awb-bg-color-hover:#ffffff;--awb-bg-size:cover;width:30.6666%;\"><div class=\"fusion-column-wrapper fusion-flex-column-wrapper-legacy\"><div class=\"fusion-image-element fusion-image-align-center in-legacy-container\" style=\"text-align:center;--awb-caption-title-font-family:var(--h2_typography-font-family);--awb-caption-title-font-weight:var(--h2_typography-font-weight);--awb-caption-title-font-style:var(--h2_typography-font-style);--awb-caption-title-size:var(--h2_typography-font-size);--awb-caption-title-transform:var(--h2_typography-text-transform);--awb-caption-title-line-height:var(--h2_typography-line-height);--awb-caption-title-letter-spacing:var(--h2_typography-letter-spacing);\"><div class=\"imageframe-align-center\"><span class=\" fusion-imageframe imageframe-none imageframe-13 hover-type-zoomin\"><a href=\"https:\/\/feucht-obsttechnik.de\/wp-content\/uploads\/nussverarbeitung-haselnuss-reinigen-reiniger-chp98200pi-1.jpg\" class=\"fusion-lightbox\" data-rel=\"iLightbox[CH P98\/200 PI tiszt\u00edt\u00f3]\" data-title=\"A CH P98\/200 tiszt\u00edt\u00f3 ide\u00e1lis a k\u00f6zepes m\u00e9ret\u0171 mogyor\u00f3\u00fcltetv\u00e9nyeken\" title=\"A CH P98\/200 tiszt\u00edt\u00f3 ide\u00e1lis a k\u00f6zepes m\u00e9ret\u0171 mogyor\u00f3\u00fcltetv\u00e9nyeken\"><img decoding=\"async\" width=\"1600\" height=\"1200\" src=\"https:\/\/feucht-obsttechnik.de\/wp-content\/uploads\/nussverarbeitung-haselnuss-reinigen-reiniger-chp98200pi-1.jpg\" alt class=\"img-responsive wp-image-13818\" srcset=\"https:\/\/feucht-obsttechnik.de\/wp-content\/uploads\/nussverarbeitung-haselnuss-reinigen-reiniger-chp98200pi-1-200x150.jpg 200w, https:\/\/feucht-obsttechnik.de\/wp-content\/uploads\/nussverarbeitung-haselnuss-reinigen-reiniger-chp98200pi-1-400x300.jpg 400w, https:\/\/feucht-obsttechnik.de\/wp-content\/uploads\/nussverarbeitung-haselnuss-reinigen-reiniger-chp98200pi-1-600x450.jpg 600w, https:\/\/feucht-obsttechnik.de\/wp-content\/uploads\/nussverarbeitung-haselnuss-reinigen-reiniger-chp98200pi-1-800x600.jpg 800w, https:\/\/feucht-obsttechnik.de\/wp-content\/uploads\/nussverarbeitung-haselnuss-reinigen-reiniger-chp98200pi-1-1200x900.jpg 1200w, https:\/\/feucht-obsttechnik.de\/wp-content\/uploads\/nussverarbeitung-haselnuss-reinigen-reiniger-chp98200pi-1.jpg 1600w\" sizes=\"(max-width: 835px) 100vw, 400px\" \/><\/a><\/span><\/div><\/div><div class=\"fusion-clearfix\"><\/div><\/div><\/div><\/div><\/div><div class=\"fusion-fullwidth fullwidth-box fusion-builder-row-23 nonhundred-percent-fullwidth non-hundred-percent-height-scrolling fusion-equal-height-columns\" style=\"--awb-border-radius-top-left:0px;--awb-border-radius-top-right:0px;--awb-border-radius-bottom-right:0px;--awb-border-radius-bottom-left:0px;--awb-padding-bottom:100px;--awb-background-color:#f2f2f2;--awb-flex-wrap:wrap;\" ><div class=\"fusion-builder-row fusion-row\"><div class=\"fusion-layout-column fusion_builder_column fusion-builder-column-44 fusion_builder_column_1_2 1_2 fusion-one-half fusion-column-first\" style=\"--awb-bg-color:#ffffff;--awb-bg-color-hover:#ffffff;--awb-bg-size:cover;--awb-margin-bottom:40px;width:48%; margin-right: 4%;\"><div class=\"fusion-column-wrapper fusion-flex-column-wrapper-legacy\"><div class=\"fusion-text fusion-text-16\"><div style=\"padding: 25px;\">\n<h2>El\u0151ny\u00f6k<\/h2>\n<ul>\n<li>di\u00f3f\u00e9l\u00e9k nagyobb mennyis\u00e9geinek hat\u00e9kony tiszt\u00edt\u00e1sa<\/li>\n<li>\u00f3r\u00e1nk\u00e9nt ak\u00e1r 3500 kg di\u00f3f\u00e9l\u00e9t feldolgoz<\/li>\n<li>opcion\u00e1lis kapacit\u00e1sn\u00f6vel\u00e9s el\u0151tiszt\u00edt\u00f3k haszn\u00e1lat\u00e1val<\/li>\n<li>geszteny\u00e9hez \u00e9s mogyor\u00f3hoz alkalmas<\/li>\n<li>k\u00e9r\u00e9sre t\u00falm\u00e9retes garattal<\/li>\n<\/ul>\n<\/div>\n<\/div><div class=\"fusion-clearfix\"><\/div><\/div><\/div><div class=\"fusion-layout-column fusion_builder_column fusion-builder-column-45 fusion_builder_column_1_2 1_2 fusion-one-half fusion-column-last\" style=\"--awb-bg-color:#ffffff;--awb-bg-color-hover:#ffffff;--awb-bg-size:cover;width:48%;\"><div class=\"fusion-column-wrapper fusion-flex-column-wrapper-legacy\"><div class=\"fusion-text fusion-text-17\"><div style=\"padding: 25px;\">\n<h2>M\u0171szaki adatok<\/h2>\n<\/div>\n<\/div>\n<div class=\"table-2\">\n<table width=\"100%\">\n<tbody>\n<tr>\n<td align=\"left\">Hossz\u00fas\u00e1g:<\/td>\n<td align=\"left\">170 cm<\/td>\n<\/tr>\n<tr>\n<td align=\"left\">Sz\u00e9less\u00e9g:<\/td>\n<td align=\"left\">120 cm<\/td>\n<\/tr>\n<tr>\n<td align=\"left\">Magass\u00e1g:<\/td>\n<td align=\"left\">270 cm<\/td>\n<\/tr>\n<tr>\n<td align=\"left\">S\u00faly:<\/td>\n<td align=\"left\">480 Kg<\/td>\n<\/tr>\n<tr>\n<td align=\"left\">Motor:<\/td>\n<td align=\"left\">5,5 Kw<\/td>\n<\/tr>\n<tr>\n<td align=\"left\">Fesz\u00fclts\u00e9g:<\/td>\n<td align=\"left\">380 volt<\/td>\n<\/tr>\n<tr>\n<td align=\"left\">Motorok sz\u00e1ma:<\/td>\n<td align=\"left\">4<\/td>\n<\/tr>\n<tr>\n<td align=\"left\">\u00c1raml\u00e1si mennyis\u00e9g:<\/td>\n<td align=\"left\">2500 kg\/h<\/td>\n<\/tr>\n<\/tbody>\n<\/table>\n<\/div>\n<div class=\"fusion-clearfix\"><\/div><\/div><\/div><\/div><\/div><div class=\"fusion-fullwidth fullwidth-box fusion-builder-row-24 nonhundred-percent-fullwidth non-hundred-percent-height-scrolling fusion-equal-height-columns fusion-no-small-visibility schlagwoerter\" style=\"--awb-background-position:center top;--awb-border-sizes-top:0px;--awb-border-sizes-bottom:0px;--awb-border-sizes-left:0px;--awb-border-sizes-right:0px;--awb-border-radius-top-left:0px;--awb-border-radius-top-right:0px;--awb-border-radius-bottom-right:0px;--awb-border-radius-bottom-left:0px;--awb-padding-top:0px;--awb-padding-right:15%;--awb-padding-bottom:0px;--awb-padding-left:15%;--awb-background-color:#a0ce4e;--awb-flex-wrap:wrap;\" ><div class=\"fusion-builder-row fusion-row\"><div class=\"fusion-layout-column fusion_builder_column fusion-builder-column-46 fusion_builder_column_1_5 1_5 fusion-one-fifth fusion-column-first\" style=\"--awb-padding-top:10px;--awb-padding-bottom:10px;--awb-bg-size:cover;--awb-margin-top:10px;--awb-margin-bottom:0px;width:20%;width:calc(20% - ( ( 4% ) * 0.2 ) );margin-right: 4%;\"><div class=\"fusion-column-wrapper fusion-column-has-shadow fusion-flex-column-wrapper-legacy\"><div class=\"fusion-column-content-centered\"><div class=\"fusion-column-content\"><div class=\"fusion-title title fusion-title-5 fusion-sep-none fusion-title-text fusion-title-size-two\" style=\"--awb-text-color:#ffffff;--awb-margin-bottom:0px;--awb-margin-right-small:0px;--awb-margin-bottom-small:0px;--awb-margin-left-small:0px;\"><h2 class=\"fusion-title-heading title-heading-left fusion-responsive-typography-calculated\" style=\"margin:0;--fontSize:26;--minFontSize:26;line-height:1.25;\">Kulcsszavak:<\/h2><\/div><\/div><\/div><div class=\"fusion-clearfix\"><\/div><\/div><\/div><div class=\"fusion-layout-column fusion_builder_column fusion-builder-column-47 fusion_builder_column_4_5 4_5 fusion-four-fifth fusion-column-last fusion-column-no-min-height\" style=\"--awb-padding-top:10px;--awb-padding-bottom:10px;--awb-bg-size:cover;--awb-margin-top:20px;--awb-margin-bottom:0px;width:80%;width:calc(80% - ( ( 4% ) * 0.8 ) );\"><div class=\"fusion-column-wrapper fusion-column-has-shadow fusion-flex-column-wrapper-legacy\"><div class=\"fusion-text fusion-text-18\"><p><span style=\"color: #ffffff;\"><a href=\"https:\/\/feucht-obsttechnik.de\/hu\/diofelek-feldolgozasa\/mogyoro\/mogyorobetakaritas\/\">Mogyor\u00f3betakar\u00edt\u00e1s Di\u00f3f\u00e9l\u00e9k mos\u00e1sa<\/a>, <a href=\"https:\/\/feucht-obsttechnik.de\/hu\/diofelek-feldolgozasa\/mogyoro\/mogyorotisztitas\/\">Di\u00f3f\u00e9l\u00e9k sz\u00e1r\u00edt\u00e1sa<\/a>, <a href=\"https:\/\/feucht-obsttechnik.de\/hu\/diofelek-feldolgozasa\/mogyoro\/mogyoroszaritas\/\">Di\u00f3f\u00e9l\u00e9k kalibr\u00e1l\u00e1sa<\/a>, <a href=\"https:\/\/feucht-obsttechnik.de\/hu\/diofelek-feldolgozasa\/mogyoro\/mogyoro-kalibralasa-es-megtoerese\/\">Di\u00f3f\u00e9l\u00e9k megt\u00f6r\u00e9se<\/a>, <a href=\"https:\/\/feucht-obsttechnik.de\/hu\/diofelek-feldolgozasa\/mogyoro\/mogyoro-kalibralasa-es-megtoerese\/\">Di\u00f3f\u00e9l\u00e9k h\u00e9j\u00e1nak elt\u00e1vol\u00edt\u00e1sa<\/a><\/span><\/p>\n<\/div><div class=\"fusion-clearfix\"><\/div><\/div><\/div><\/div><\/div><\/p>\n","protected":false},"excerpt":{"rendered":"","protected":false},"author":4,"featured_media":0,"parent":13647,"menu_order":0,"comment_status":"closed","ping_status":"closed","template":"100-width.php","meta":{"footnotes":"","_wp_rev_ctl_limit":""},"class_list":["post-13805","page","type-page","status-publish","hentry"],"yoast_head":"<!-- This site is optimized with the Yoast SEO plugin v27.2 - https:\/\/yoast.com\/product\/yoast-seo-wordpress\/ -->\n<title>Mogyor\u00f3tiszt\u00edt\u00e1s - Feucht Obsttechnik<\/title>\n<meta name=\"description\" content=\"A mogyor\u00f3 megtiszt\u00edt\u00e1sa a betakar\u00edt\u00e1si maradv\u00e1nyokt\u00f3l. A levelek, f\u00f6ld, gallyak, illetve \u00fcres h\u00e9jak elk\u00fcl\u00f6n\u00edt\u00e9s\u00e9re speci\u00e1lis mogyor\u00f3tiszt\u00edt\u00f3kat k\u00edn\u00e1lunk.\" \/>\n<meta name=\"robots\" content=\"index, follow, max-snippet:-1, max-image-preview:large, max-video-preview:-1\" \/>\n<link rel=\"canonical\" href=\"https:\/\/feucht-obsttechnik.de\/hu\/diofelek-feldolgozasa\/mogyoro\/mogyorotisztitas\/\" \/>\n<meta property=\"og:locale\" content=\"hu_HU\" \/>\n<meta property=\"og:type\" content=\"article\" \/>\n<meta property=\"og:title\" content=\"Mogyor\u00f3tiszt\u00edt\u00e1s - Feucht Obsttechnik\" \/>\n<meta property=\"og:description\" content=\"A mogyor\u00f3 megtiszt\u00edt\u00e1sa a betakar\u00edt\u00e1si maradv\u00e1nyokt\u00f3l. A levelek, f\u00f6ld, gallyak, illetve \u00fcres h\u00e9jak elk\u00fcl\u00f6n\u00edt\u00e9s\u00e9re speci\u00e1lis mogyor\u00f3tiszt\u00edt\u00f3kat k\u00edn\u00e1lunk.\" \/>\n<meta property=\"og:url\" content=\"https:\/\/feucht-obsttechnik.de\/hu\/diofelek-feldolgozasa\/mogyoro\/mogyorotisztitas\/\" \/>\n<meta property=\"og:site_name\" content=\"Feucht Obsttechnik\" \/>\n<meta property=\"article:modified_time\" content=\"2021-04-15T16:18:45+00:00\" \/>\n<meta name=\"twitter:card\" content=\"summary_large_image\" \/>\n<meta name=\"twitter:label1\" content=\"Becs\u00fclt olvas\u00e1si id\u0151\" \/>\n\t<meta name=\"twitter:data1\" content=\"56 perc\" \/>\n<script type=\"application\/ld+json\" class=\"yoast-schema-graph\">{\"@context\":\"https:\/\/schema.org\",\"@graph\":[{\"@type\":\"WebPage\",\"@id\":\"https:\/\/feucht-obsttechnik.de\/hu\/diofelek-feldolgozasa\/mogyoro\/mogyorotisztitas\/\",\"url\":\"https:\/\/feucht-obsttechnik.de\/hu\/diofelek-feldolgozasa\/mogyoro\/mogyorotisztitas\/\",\"name\":\"Mogyor\u00f3tiszt\u00edt\u00e1s - Feucht Obsttechnik\",\"isPartOf\":{\"@id\":\"https:\/\/feucht-obsttechnik.de\/hu\/#website\"},\"datePublished\":\"2021-04-09T14:33:57+00:00\",\"dateModified\":\"2021-04-15T16:18:45+00:00\",\"description\":\"A mogyor\u00f3 megtiszt\u00edt\u00e1sa a betakar\u00edt\u00e1si maradv\u00e1nyokt\u00f3l. A levelek, f\u00f6ld, gallyak, illetve \u00fcres h\u00e9jak elk\u00fcl\u00f6n\u00edt\u00e9s\u00e9re speci\u00e1lis mogyor\u00f3tiszt\u00edt\u00f3kat k\u00edn\u00e1lunk.\",\"breadcrumb\":{\"@id\":\"https:\/\/feucht-obsttechnik.de\/hu\/diofelek-feldolgozasa\/mogyoro\/mogyorotisztitas\/#breadcrumb\"},\"inLanguage\":\"hu\",\"potentialAction\":[{\"@type\":\"ReadAction\",\"target\":[\"https:\/\/feucht-obsttechnik.de\/hu\/diofelek-feldolgozasa\/mogyoro\/mogyorotisztitas\/\"]}]},{\"@type\":\"BreadcrumbList\",\"@id\":\"https:\/\/feucht-obsttechnik.de\/hu\/diofelek-feldolgozasa\/mogyoro\/mogyorotisztitas\/#breadcrumb\",\"itemListElement\":[{\"@type\":\"ListItem\",\"position\":1,\"name\":\"Startseite\",\"item\":\"https:\/\/feucht-obsttechnik.de\/hu\/\"},{\"@type\":\"ListItem\",\"position\":2,\"name\":\"Di\u00f3f\u00e9l\u00e9k feldolgoz\u00e1sa\",\"item\":\"https:\/\/feucht-obsttechnik.de\/hu\/diofelek-feldolgozasa\/\"},{\"@type\":\"ListItem\",\"position\":3,\"name\":\"Mogyor\u00f3\",\"item\":\"https:\/\/feucht-obsttechnik.de\/hu\/diofelek-feldolgozasa\/mogyoro\/\"},{\"@type\":\"ListItem\",\"position\":4,\"name\":\"Mogyor\u00f3tiszt\u00edt\u00e1s\"}]},{\"@type\":\"WebSite\",\"@id\":\"https:\/\/feucht-obsttechnik.de\/hu\/#website\",\"url\":\"https:\/\/feucht-obsttechnik.de\/hu\/\",\"name\":\"Feucht Obsttechnik\",\"description\":\"\",\"publisher\":{\"@id\":\"https:\/\/feucht-obsttechnik.de\/hu\/#organization\"},\"potentialAction\":[{\"@type\":\"SearchAction\",\"target\":{\"@type\":\"EntryPoint\",\"urlTemplate\":\"https:\/\/feucht-obsttechnik.de\/hu\/?s={search_term_string}\"},\"query-input\":{\"@type\":\"PropertyValueSpecification\",\"valueRequired\":true,\"valueName\":\"search_term_string\"}}],\"inLanguage\":\"hu\"},{\"@type\":\"Organization\",\"@id\":\"https:\/\/feucht-obsttechnik.de\/hu\/#organization\",\"name\":\"Feucht Obsttechnik GmbH\",\"url\":\"https:\/\/feucht-obsttechnik.de\/hu\/\",\"logo\":{\"@type\":\"ImageObject\",\"inLanguage\":\"hu\",\"@id\":\"https:\/\/feucht-obsttechnik.de\/hu\/#\/schema\/logo\/image\/\",\"url\":\"https:\/\/feucht-obsttechnik.de\/wp-content\/uploads\/logo-feucht@2x-1.png\",\"contentUrl\":\"https:\/\/feucht-obsttechnik.de\/wp-content\/uploads\/logo-feucht@2x-1.png\",\"width\":640,\"height\":123,\"caption\":\"Feucht Obsttechnik GmbH\"},\"image\":{\"@id\":\"https:\/\/feucht-obsttechnik.de\/hu\/#\/schema\/logo\/image\/\"}}]}<\/script>\n<!-- \/ Yoast SEO plugin. -->","yoast_head_json":{"title":"Mogyor\u00f3tiszt\u00edt\u00e1s - Feucht Obsttechnik","description":"A mogyor\u00f3 megtiszt\u00edt\u00e1sa a betakar\u00edt\u00e1si maradv\u00e1nyokt\u00f3l. A levelek, f\u00f6ld, gallyak, illetve \u00fcres h\u00e9jak elk\u00fcl\u00f6n\u00edt\u00e9s\u00e9re speci\u00e1lis mogyor\u00f3tiszt\u00edt\u00f3kat k\u00edn\u00e1lunk.","robots":{"index":"index","follow":"follow","max-snippet":"max-snippet:-1","max-image-preview":"max-image-preview:large","max-video-preview":"max-video-preview:-1"},"canonical":"https:\/\/feucht-obsttechnik.de\/hu\/diofelek-feldolgozasa\/mogyoro\/mogyorotisztitas\/","og_locale":"hu_HU","og_type":"article","og_title":"Mogyor\u00f3tiszt\u00edt\u00e1s - Feucht Obsttechnik","og_description":"A mogyor\u00f3 megtiszt\u00edt\u00e1sa a betakar\u00edt\u00e1si maradv\u00e1nyokt\u00f3l. A levelek, f\u00f6ld, gallyak, illetve \u00fcres h\u00e9jak elk\u00fcl\u00f6n\u00edt\u00e9s\u00e9re speci\u00e1lis mogyor\u00f3tiszt\u00edt\u00f3kat k\u00edn\u00e1lunk.","og_url":"https:\/\/feucht-obsttechnik.de\/hu\/diofelek-feldolgozasa\/mogyoro\/mogyorotisztitas\/","og_site_name":"Feucht Obsttechnik","article_modified_time":"2021-04-15T16:18:45+00:00","twitter_card":"summary_large_image","twitter_misc":{"Becs\u00fclt olvas\u00e1si id\u0151":"56 perc"},"schema":{"@context":"https:\/\/schema.org","@graph":[{"@type":"WebPage","@id":"https:\/\/feucht-obsttechnik.de\/hu\/diofelek-feldolgozasa\/mogyoro\/mogyorotisztitas\/","url":"https:\/\/feucht-obsttechnik.de\/hu\/diofelek-feldolgozasa\/mogyoro\/mogyorotisztitas\/","name":"Mogyor\u00f3tiszt\u00edt\u00e1s - Feucht Obsttechnik","isPartOf":{"@id":"https:\/\/feucht-obsttechnik.de\/hu\/#website"},"datePublished":"2021-04-09T14:33:57+00:00","dateModified":"2021-04-15T16:18:45+00:00","description":"A mogyor\u00f3 megtiszt\u00edt\u00e1sa a betakar\u00edt\u00e1si maradv\u00e1nyokt\u00f3l. A levelek, f\u00f6ld, gallyak, illetve \u00fcres h\u00e9jak elk\u00fcl\u00f6n\u00edt\u00e9s\u00e9re speci\u00e1lis mogyor\u00f3tiszt\u00edt\u00f3kat k\u00edn\u00e1lunk.","breadcrumb":{"@id":"https:\/\/feucht-obsttechnik.de\/hu\/diofelek-feldolgozasa\/mogyoro\/mogyorotisztitas\/#breadcrumb"},"inLanguage":"hu","potentialAction":[{"@type":"ReadAction","target":["https:\/\/feucht-obsttechnik.de\/hu\/diofelek-feldolgozasa\/mogyoro\/mogyorotisztitas\/"]}]},{"@type":"BreadcrumbList","@id":"https:\/\/feucht-obsttechnik.de\/hu\/diofelek-feldolgozasa\/mogyoro\/mogyorotisztitas\/#breadcrumb","itemListElement":[{"@type":"ListItem","position":1,"name":"Startseite","item":"https:\/\/feucht-obsttechnik.de\/hu\/"},{"@type":"ListItem","position":2,"name":"Di\u00f3f\u00e9l\u00e9k feldolgoz\u00e1sa","item":"https:\/\/feucht-obsttechnik.de\/hu\/diofelek-feldolgozasa\/"},{"@type":"ListItem","position":3,"name":"Mogyor\u00f3","item":"https:\/\/feucht-obsttechnik.de\/hu\/diofelek-feldolgozasa\/mogyoro\/"},{"@type":"ListItem","position":4,"name":"Mogyor\u00f3tiszt\u00edt\u00e1s"}]},{"@type":"WebSite","@id":"https:\/\/feucht-obsttechnik.de\/hu\/#website","url":"https:\/\/feucht-obsttechnik.de\/hu\/","name":"Feucht Obsttechnik","description":"","publisher":{"@id":"https:\/\/feucht-obsttechnik.de\/hu\/#organization"},"potentialAction":[{"@type":"SearchAction","target":{"@type":"EntryPoint","urlTemplate":"https:\/\/feucht-obsttechnik.de\/hu\/?s={search_term_string}"},"query-input":{"@type":"PropertyValueSpecification","valueRequired":true,"valueName":"search_term_string"}}],"inLanguage":"hu"},{"@type":"Organization","@id":"https:\/\/feucht-obsttechnik.de\/hu\/#organization","name":"Feucht Obsttechnik GmbH","url":"https:\/\/feucht-obsttechnik.de\/hu\/","logo":{"@type":"ImageObject","inLanguage":"hu","@id":"https:\/\/feucht-obsttechnik.de\/hu\/#\/schema\/logo\/image\/","url":"https:\/\/feucht-obsttechnik.de\/wp-content\/uploads\/logo-feucht@2x-1.png","contentUrl":"https:\/\/feucht-obsttechnik.de\/wp-content\/uploads\/logo-feucht@2x-1.png","width":640,"height":123,"caption":"Feucht Obsttechnik GmbH"},"image":{"@id":"https:\/\/feucht-obsttechnik.de\/hu\/#\/schema\/logo\/image\/"}}]}},"_links":{"self":[{"href":"https:\/\/feucht-obsttechnik.de\/hu\/wp-json\/wp\/v2\/pages\/13805","targetHints":{"allow":["GET"]}}],"collection":[{"href":"https:\/\/feucht-obsttechnik.de\/hu\/wp-json\/wp\/v2\/pages"}],"about":[{"href":"https:\/\/feucht-obsttechnik.de\/hu\/wp-json\/wp\/v2\/types\/page"}],"author":[{"embeddable":true,"href":"https:\/\/feucht-obsttechnik.de\/hu\/wp-json\/wp\/v2\/users\/4"}],"replies":[{"embeddable":true,"href":"https:\/\/feucht-obsttechnik.de\/hu\/wp-json\/wp\/v2\/comments?post=13805"}],"version-history":[{"count":0,"href":"https:\/\/feucht-obsttechnik.de\/hu\/wp-json\/wp\/v2\/pages\/13805\/revisions"}],"up":[{"embeddable":true,"href":"https:\/\/feucht-obsttechnik.de\/hu\/wp-json\/wp\/v2\/pages\/13647"}],"wp:attachment":[{"href":"https:\/\/feucht-obsttechnik.de\/hu\/wp-json\/wp\/v2\/media?parent=13805"}],"curies":[{"name":"wp","href":"https:\/\/api.w.org\/{rel}","templated":true}]}}