{"id":13702,"date":"2021-04-09T16:04:46","date_gmt":"2021-04-09T14:04:46","guid":{"rendered":"http:\/\/neu2020.feucht-obsttechnik.de\/diofelek-feldolgozasa\/mogyoro\/mogyorobetakaritas\/"},"modified":"2026-02-14T21:00:18","modified_gmt":"2026-02-14T20:00:18","slug":"mogyorobetakaritas","status":"publish","type":"page","link":"https:\/\/feucht-obsttechnik.de\/hu\/diofelek-feldolgozasa\/mogyoro\/mogyorobetakaritas\/","title":{"rendered":"Mogyor\u00f3betakar\u00edt\u00e1s"},"content":{"rendered":"<p><div class=\"fusion-bg-parallax\" data-bg-align=\"left center\" data-direction=\"up\" data-mute=\"false\" data-opacity=\"100\" data-velocity=\"-0.3\" data-mobile-enabled=\"false\" data-break_parents=\"0\" data-bg-image=\"https:\/\/feucht-obsttechnik.de\/wp-content\/uploads\/bg-header-haselnussernte.jpg\" data-bg-repeat=\"false\" ><\/div><div class=\"fusion-fullwidth fullwidth-box fusion-builder-row-1 fusion-parallax-up nonhundred-percent-fullwidth non-hundred-percent-height-scrolling\" style=\"--awb-background-position:left center;--awb-border-sizes-top:0px;--awb-border-sizes-bottom:0px;--awb-border-sizes-left:0px;--awb-border-sizes-right:0px;--awb-border-radius-top-left:0px;--awb-border-radius-top-right:0px;--awb-border-radius-bottom-right:0px;--awb-border-radius-bottom-left:0px;--awb-padding-top:130px;--awb-padding-bottom:120px;--awb-background-image:url(&quot;https:\/\/feucht-obsttechnik.de\/wp-content\/uploads\/bg-header-haselnussernte.jpg&quot;);--awb-background-size:cover;--awb-flex-wrap:wrap;\" ><div class=\"fusion-builder-row fusion-row\"><div class=\"fusion-layout-column fusion_builder_column fusion-builder-column-0 fusion_builder_column_1_2 1_2 fusion-one-half fusion-column-first\" style=\"--awb-bg-size:cover;width:48%; margin-right: 4%;\"><div class=\"fusion-column-wrapper fusion-flex-column-wrapper-legacy\"><div class=\"fusion-text fusion-text-1\"><h1><span style=\"color: #ffffff;\">Mogyor\u00f3betakar\u00edt\u00e1s <\/span><\/h1>\n<p><span style=\"color: #ffffff;\">\u00c9lvezze mogyor\u00f3feldolgoz\u00e1si szak\u00e9rtelm\u00fcnk el\u0151nyeit, \u00e9s n\u00f6velje termel\u00e9kenys\u00e9g\u00e9t minden folyamat sor\u00e1n.<\/span><\/p>\n<\/div><div class=\"fusion-clearfix\"><\/div><\/div><\/div><div class=\"fusion-layout-column fusion_builder_column fusion-builder-column-1 fusion_builder_column_1_2 1_2 fusion-one-half fusion-column-last\" style=\"--awb-bg-size:cover;width:48%;\"><div class=\"fusion-column-wrapper fusion-flex-column-wrapper-legacy\"><div class=\"fusion-clearfix\"><\/div><\/div><\/div><\/div><\/div><div class=\"fusion-fullwidth fullwidth-box fusion-builder-row-2 nonhundred-percent-fullwidth non-hundred-percent-height-scrolling\" style=\"--awb-background-position:left top;--awb-border-sizes-top:0px;--awb-border-sizes-bottom:0px;--awb-border-sizes-left:0px;--awb-border-sizes-right:0px;--awb-border-radius-top-left:0px;--awb-border-radius-top-right:0px;--awb-border-radius-bottom-right:0px;--awb-border-radius-bottom-left:0px;--awb-padding-top:130px;--awb-padding-bottom:30px;--awb-flex-wrap:wrap;\" ><div class=\"fusion-builder-row fusion-row\"><div class=\"fusion-layout-column fusion_builder_column fusion-builder-column-2 fusion_builder_column_1_1 1_1 fusion-one-full fusion-column-first fusion-column-last\" style=\"--awb-bg-size:cover;\"><div class=\"fusion-column-wrapper fusion-column-has-shadow fusion-flex-column-wrapper-legacy\"><div class=\"fusion-text fusion-text-2\"><h2>Mogyor\u00f3 hat\u00e9kony \u00e9s \u00f3vatos betakar\u00edt\u00e1sa.<\/h2>\n<\/div><div class=\"fusion-text fusion-text-3\"><h3><span class=\"\">A talajon hever\u0151 di\u00f3f\u00e9l\u00e9k betakar\u00edt\u00e1sa.<\/span><\/h3>\n<\/div><div class=\"fusion-clearfix\"><\/div><\/div><\/div><div class=\"fusion-layout-column fusion_builder_column fusion-builder-column-3 fusion_builder_column_1_2 1_2 fusion-one-half fusion-column-first\" style=\"--awb-bg-size:cover;width:48%; margin-right: 4%;\"><div class=\"fusion-column-wrapper fusion-flex-column-wrapper-legacy\"><div class=\"fusion-text fusion-text-4\"><p>\u0150sszel j\u00f6n el a di\u00f3f\u00e9l\u00e9k ideje. A talajon hever\u0151 di\u00f3f\u00e9l\u00e9k betakar\u00edt\u00e1sa azonban gyakran munkaig\u00e9nyes \u00e9s id\u0151rabl\u00f3 feladat. Egyre s\u00fcrget\u0151bb\u00e9 v\u00e1lik ez\u00e9rt a megfelel\u0151 betakar\u00edt\u00e1si megold\u00e1sok felkutat\u00e1sa.  <\/p>\n<p>A speci\u00e1lis <strong>mogyor\u00f3betakar\u00edt\u00f3 g\u00e9pek<\/strong> hat\u00e9konyan v\u00e9gzik el a betakar\u00edt\u00e1si munk\u00e1t. V\u00e1kuumos mogyor\u00f3begy\u0171jt\u0151ink, mogyor\u00f3gerebly\u00e9ink \u00e9s a Harvey Pro betakar\u00edt\u00f3g\u00e9p hat\u00e9kony mechanikus megold\u00e1sokat k\u00edn\u00e1lnak a professzion\u00e1lis betakar\u00edt\u00e1shoz. A betakar\u00edt\u00e1si folyamat automatiz\u00e1lt, \u00edgy nagyon gazdas\u00e1gos.  <\/p>\n<p>A <strong>mogyor\u00f3betakar\u00edt\u00f3 g\u00e9pek<\/strong> k\u00fcl\u00f6nb\u00f6z\u0151 v\u00e1ltozatait k\u00edn\u00e1ljuk a betakar\u00edtand\u00f3 mennyis\u00e9gnek \u00e9s az \u00fcgyf\u00e9l ig\u00e9nyeinek megfelel\u0151en.<\/p>\n<\/div><div class=\"fusion-clearfix\"><\/div><\/div><\/div><div class=\"fusion-layout-column fusion_builder_column fusion-builder-column-4 fusion_builder_column_1_2 1_2 fusion-one-half fusion-column-last\" style=\"--awb-bg-size:cover;width:48%;\"><div class=\"fusion-column-wrapper fusion-flex-column-wrapper-legacy\"><div class=\"fusion-image-element in-legacy-container\" style=\"--awb-caption-title-font-family:var(--h2_typography-font-family);--awb-caption-title-font-weight:var(--h2_typography-font-weight);--awb-caption-title-font-style:var(--h2_typography-font-style);--awb-caption-title-size:var(--h2_typography-font-size);--awb-caption-title-transform:var(--h2_typography-text-transform);--awb-caption-title-line-height:var(--h2_typography-line-height);--awb-caption-title-letter-spacing:var(--h2_typography-letter-spacing);\"><span class=\" fusion-imageframe imageframe-none imageframe-1 hover-type-zoomin fusion-animated\" data-animationType=\"fadeInDown\" data-animationDuration=\"1.0\" data-animationOffset=\"bottom-in-view\"><a href=\"https:\/\/feucht-obsttechnik.de\/wp-content\/uploads\/nussverarbeitung-haselnuss-ernten-schwader-1.jpg\" class=\"fusion-lightbox\" data-rel=\"iLightbox[4a88389784aa482ada4]\" data-title=\"Mogyor\u00f3gerebly\u00e9vel tiszt\u00edtsuk meg a nyomt\u00e1vokat \u00e9s gerebly\u00e9zz\u00fck sorokba a di\u00f3t.\" title=\"Mogyor\u00f3gerebly\u00e9vel tiszt\u00edtsuk meg a nyomt\u00e1vokat \u00e9s gerebly\u00e9zz\u00fck sorokba a di\u00f3t.\"><img decoding=\"async\" width=\"1600\" height=\"1200\" src=\"https:\/\/feucht-obsttechnik.de\/wp-content\/uploads\/nussverarbeitung-haselnuss-ernten-schwader-1.jpg\" alt class=\"img-responsive wp-image-13715\" srcset=\"https:\/\/feucht-obsttechnik.de\/wp-content\/uploads\/nussverarbeitung-haselnuss-ernten-schwader-1-200x150.jpg 200w, https:\/\/feucht-obsttechnik.de\/wp-content\/uploads\/nussverarbeitung-haselnuss-ernten-schwader-1-400x300.jpg 400w, https:\/\/feucht-obsttechnik.de\/wp-content\/uploads\/nussverarbeitung-haselnuss-ernten-schwader-1-600x450.jpg 600w, https:\/\/feucht-obsttechnik.de\/wp-content\/uploads\/nussverarbeitung-haselnuss-ernten-schwader-1-800x600.jpg 800w, https:\/\/feucht-obsttechnik.de\/wp-content\/uploads\/nussverarbeitung-haselnuss-ernten-schwader-1-1200x900.jpg 1200w, https:\/\/feucht-obsttechnik.de\/wp-content\/uploads\/nussverarbeitung-haselnuss-ernten-schwader-1.jpg 1600w\" sizes=\"(max-width: 835px) 100vw, 600px\" \/><\/a><\/span><\/div><div class=\"fusion-clearfix\"><\/div><\/div><\/div><\/div><\/div><div class=\"fusion-fullwidth fullwidth-box fusion-builder-row-3 nonhundred-percent-fullwidth non-hundred-percent-height-scrolling\" style=\"--awb-background-position:left top;--awb-border-sizes-top:0px;--awb-border-sizes-bottom:0px;--awb-border-sizes-left:0px;--awb-border-sizes-right:0px;--awb-border-radius-top-left:0px;--awb-border-radius-top-right:0px;--awb-border-radius-bottom-right:0px;--awb-border-radius-bottom-left:0px;--awb-padding-top:1px;--awb-padding-bottom:0px;--awb-background-color:#cc0000;--awb-flex-wrap:wrap;\" ><div class=\"fusion-builder-row fusion-row\"><div class=\"fusion-layout-column fusion_builder_column fusion-builder-column-5 fusion_builder_column_1_1 1_1 fusion-one-full fusion-column-first fusion-column-last\" style=\"--awb-padding-top:50px;--awb-padding-bottom:50px;--awb-padding-left:0px;--awb-bg-size:cover;--awb-margin-bottom:0px;\"><div class=\"fusion-column-wrapper fusion-column-has-shadow fusion-flex-column-wrapper-legacy\"><div class=\"fusion-column-content-centered\"><div class=\"fusion-column-content\"><div class=\"fusion-text fusion-text-5\"><h2 style=\"text-align: center; margin-bottom: 0px;\"><span style=\"color: #ffffff;\">A Feucht Obsttechnik mogyor\u00f3betakar\u00edt\u00e1sra szolg\u00e1l\u00f3 g\u00e9pei<\/span><\/h2>\n<\/div><\/div><\/div><div class=\"fusion-clearfix\"><\/div><\/div><\/div><\/div><\/div><div class=\"fusion-fullwidth fullwidth-box fusion-builder-row-4 nonhundred-percent-fullwidth non-hundred-percent-height-scrolling\" style=\"--awb-border-radius-top-left:0px;--awb-border-radius-top-right:0px;--awb-border-radius-bottom-right:0px;--awb-border-radius-bottom-left:0px;--awb-flex-wrap:wrap;\" ><div class=\"fusion-builder-row fusion-row\"><div class=\"fusion-layout-column fusion_builder_column fusion-builder-column-6 fusion_builder_column_1_1 1_1 fusion-one-full fusion-column-first fusion-column-last\" style=\"--awb-padding-top:0px;--awb-padding-right:0px;--awb-padding-bottom:0px;--awb-padding-left:0px;--awb-bg-size:cover;--awb-margin-bottom:0px;\"><div class=\"fusion-column-wrapper fusion-column-has-shadow fusion-flex-column-wrapper-legacy\"><div class=\"fusion-menu-anchor\" id=\"haselnusssauger-ch-eu-2000\"><\/div><div class=\"fusion-clearfix\"><\/div><\/div><\/div><\/div><\/div><div class=\"fusion-fullwidth fullwidth-box fusion-builder-row-5 fusion-parallax-none nonhundred-percent-fullwidth non-hundred-percent-height-scrolling\" style=\"--awb-border-radius-top-left:0px;--awb-border-radius-top-right:0px;--awb-border-radius-bottom-right:0px;--awb-border-radius-bottom-left:0px;--awb-padding-top:200px;--awb-background-image:url(&quot;https:\/\/feucht-obsttechnik.de\/wp-content\/uploads\/nussverarbeitung-haselnuss-ernten-divider-haselnusssauger-cheu2000.jpg&quot;);--awb-background-size:cover;--awb-flex-wrap:wrap;\" ><div class=\"fusion-builder-row fusion-row\"><div class=\"fusion-layout-column fusion_builder_column fusion-builder-column-7 fusion_builder_column_1_6 1_6 fusion-one-sixth fusion-column-first\" style=\"--awb-bg-size:cover;width:16.666666666667%;width:calc(16.666666666667% - ( ( 4% + 4% ) * 0.16666666666667 ) );margin-right: 4%;\"><div class=\"fusion-column-wrapper fusion-flex-column-wrapper-legacy\"><div class=\"fusion-clearfix\"><\/div><\/div><\/div><div class=\"fusion-layout-column fusion_builder_column fusion-builder-column-8 fusion_builder_column_2_3 2_3 fusion-two-third\" style=\"--awb-padding-top:50px;--awb-padding-right:50px;--awb-padding-bottom:50px;--awb-padding-left:50px;--awb-bg-color:rgba(255,255,255,0.9);--awb-bg-color-hover:rgba(255,255,255,0.9);--awb-bg-size:cover;--awb-margin-bottom:-100px;width:66.666666666667%;width:calc(66.666666666667% - ( ( 4% + 4% ) * 0.66666666666667 ) );margin-right: 4%;\"><div class=\"fusion-column-wrapper fusion-column-has-shadow fusion-flex-column-wrapper-legacy\"><div class=\"fusion-text fusion-text-6\"><h2 style=\"text-align: center;\">CH EU 2000 v\u00e1kuumos mogyor\u00f3begy\u0171jt\u0151<\/h2>\n<p style=\"text-align: center;\"><strong>A di\u00f3f\u00e9l\u00e9k nagy\u00fczemi termeszt\u0151inek val\u00f3 betakar\u00edt\u00f3g\u00e9p mogyor\u00f3hoz \u00e9s di\u00f3f\u00e9l\u00e9khez.<\/strong><\/p>\n<p style=\"text-align: center;\">A <strong>begy\u0171jt\u0151g\u00e9p<\/strong> ide\u00e1lisan alkalmas a nagyobb gesztenye-, mogyor\u00f3-, mandula-, di\u00f3-, ol\u00edva- stb. \u00fcltetv\u00e9nyekre. A di\u00f3f\u00e9l\u00e9k betakar\u00edt\u00e1sa v\u00e1kuum seg\u00edts\u00e9g\u00e9vel t\u00f6rt\u00e9nik. A v\u00e1kuumos mogyor\u00f3begy\u0171jt\u0151nek k\u00e9t elt\u00e9r\u0151 \u00e1tm\u00e9r\u0151j\u0171 v\u00e1kuumt\u00f6ml\u0151je van. Ezeket k\u00e9t felhaszn\u00e1l\u00f3 \u00fczemelteti, \u00edgy nagy kapacit\u00e1st lehet el\u00e9rni. A begy\u0171jt\u00f6tt di\u00f3f\u00e9l\u00e9ket leveg\u0151\u00e1rammal szabad\u00edtja meg a levelekt\u0151l, a f\u0171t\u0151l \u00e9s a szennyez\u0151d\u00e9st\u0151l. Az \u00f6sszegy\u0171jt\u00f6tt di\u00f3f\u00e9l\u00e9k ut\u00e1na zs\u00e1kokba vagy kartondobozokba ker\u00fclnek.    <\/p>\n<\/div><div class=\"fusion-clearfix\"><\/div><\/div><\/div><div class=\"fusion-layout-column fusion_builder_column fusion-builder-column-9 fusion_builder_column_1_6 1_6 fusion-one-sixth fusion-column-last\" style=\"--awb-bg-size:cover;width:16.666666666667%;width:calc(16.666666666667% - ( ( 4% + 4% ) * 0.16666666666667 ) );\"><div class=\"fusion-column-wrapper fusion-flex-column-wrapper-legacy\"><div class=\"fusion-clearfix\"><\/div><\/div><\/div><\/div><\/div><div class=\"fusion-fullwidth fullwidth-box fusion-builder-row-6 nonhundred-percent-fullwidth non-hundred-percent-height-scrolling fusion-equal-height-columns\" style=\"--awb-border-radius-top-left:0px;--awb-border-radius-top-right:0px;--awb-border-radius-bottom-right:0px;--awb-border-radius-bottom-left:0px;--awb-padding-top:200px;--awb-background-color:#f2f2f2;--awb-flex-wrap:wrap;\" ><div class=\"fusion-builder-row fusion-row\"><div class=\"fusion-layout-column fusion_builder_column fusion-builder-column-10 fusion_builder_column_1_1 1_1 fusion-one-full fusion-column-first fusion-column-last\" style=\"--awb-bg-size:cover;\"><div class=\"fusion-column-wrapper fusion-flex-column-wrapper-legacy\"><div class=\"fusion-title title fusion-title-1 fusion-sep-none fusion-title-text fusion-title-size-one\" style=\"--awb-margin-top-small:0px;--awb-margin-right-small:0px;--awb-margin-bottom-small:20px;--awb-margin-left-small:0px;\"><h1 class=\"fusion-title-heading title-heading-left fusion-responsive-typography-calculated\" style=\"margin:0;--fontSize:38;line-height:1.33;\">CH EU 2000 v\u00e1kuumos mogyor\u00f3begy\u0171jt\u0151re vonatkoz\u00f3 r\u00e9szletek<\/h1><\/div><div class=\"fusion-clearfix\"><\/div><\/div><\/div><\/div><\/div><div class=\"fusion-fullwidth fullwidth-box fusion-builder-row-7 nonhundred-percent-fullwidth non-hundred-percent-height-scrolling fusion-equal-height-columns\" style=\"--awb-border-radius-top-left:0px;--awb-border-radius-top-right:0px;--awb-border-radius-bottom-right:0px;--awb-border-radius-bottom-left:0px;--awb-padding-bottom:100px;--awb-background-color:#f2f2f2;--awb-flex-wrap:wrap;\" ><div class=\"fusion-builder-row fusion-row\"><div class=\"fusion-layout-column fusion_builder_column fusion-builder-column-11 fusion_builder_column_1_3 1_3 fusion-one-third fusion-column-first\" style=\"--awb-bg-color:#ffffff;--awb-bg-color-hover:#ffffff;--awb-bg-size:cover;--awb-margin-bottom:40px;width:30.6666%; margin-right: 4%;\"><div class=\"fusion-column-wrapper fusion-flex-column-wrapper-legacy\"><div class=\"fusion-image-element fusion-image-align-center in-legacy-container\" style=\"text-align:center;--awb-caption-title-font-family:var(--h2_typography-font-family);--awb-caption-title-font-weight:var(--h2_typography-font-weight);--awb-caption-title-font-style:var(--h2_typography-font-style);--awb-caption-title-size:var(--h2_typography-font-size);--awb-caption-title-transform:var(--h2_typography-text-transform);--awb-caption-title-line-height:var(--h2_typography-line-height);--awb-caption-title-letter-spacing:var(--h2_typography-letter-spacing);\"><div class=\"imageframe-align-center\"><span class=\" fusion-imageframe imageframe-none imageframe-2 hover-type-zoomin\"><a href=\"https:\/\/feucht-obsttechnik.de\/wp-content\/uploads\/nussverarbeitung-haselnuss-ernten-haselnusssauger-cheu2000-2.jpg\" class=\"fusion-lightbox\" data-rel=\"iLightbox[Haselnusssauger CH EU 2000 ]\" data-title=\"A CH EU 2000 v\u00e1kuumos mogyor\u00f3begy\u0171jt\u0151vel a mogyor\u00f3 \u00f6sszegy\u0171jt\u00e9se v\u00e1kuum seg\u00edts\u00e9g\u00e9vel t\u00f6rt\u00e9nik\" title=\"A CH EU 2000 v\u00e1kuumos mogyor\u00f3begy\u0171jt\u0151vel a mogyor\u00f3 \u00f6sszegy\u0171jt\u00e9se v\u00e1kuum seg\u00edts\u00e9g\u00e9vel t\u00f6rt\u00e9nik\"><img decoding=\"async\" width=\"1600\" height=\"1200\" src=\"https:\/\/feucht-obsttechnik.de\/wp-content\/uploads\/nussverarbeitung-haselnuss-ernten-haselnusssauger-cheu2000-2.jpg\" alt class=\"img-responsive wp-image-13707\" srcset=\"https:\/\/feucht-obsttechnik.de\/wp-content\/uploads\/nussverarbeitung-haselnuss-ernten-haselnusssauger-cheu2000-2-200x150.jpg 200w, https:\/\/feucht-obsttechnik.de\/wp-content\/uploads\/nussverarbeitung-haselnuss-ernten-haselnusssauger-cheu2000-2-400x300.jpg 400w, https:\/\/feucht-obsttechnik.de\/wp-content\/uploads\/nussverarbeitung-haselnuss-ernten-haselnusssauger-cheu2000-2-600x450.jpg 600w, https:\/\/feucht-obsttechnik.de\/wp-content\/uploads\/nussverarbeitung-haselnuss-ernten-haselnusssauger-cheu2000-2-800x600.jpg 800w, https:\/\/feucht-obsttechnik.de\/wp-content\/uploads\/nussverarbeitung-haselnuss-ernten-haselnusssauger-cheu2000-2-1200x900.jpg 1200w, https:\/\/feucht-obsttechnik.de\/wp-content\/uploads\/nussverarbeitung-haselnuss-ernten-haselnusssauger-cheu2000-2.jpg 1600w\" sizes=\"(max-width: 835px) 100vw, 400px\" \/><\/a><\/span><\/div><\/div><div class=\"fusion-clearfix\"><\/div><\/div><\/div><div class=\"fusion-layout-column fusion_builder_column fusion-builder-column-12 fusion_builder_column_1_3 1_3 fusion-one-third\" style=\"--awb-bg-color:#ffffff;--awb-bg-color-hover:#ffffff;--awb-bg-size:cover;width:30.6666%; margin-right: 4%;\"><div class=\"fusion-column-wrapper fusion-flex-column-wrapper-legacy\"><div class=\"fusion-image-element fusion-image-align-center in-legacy-container\" style=\"text-align:center;--awb-caption-title-font-family:var(--h2_typography-font-family);--awb-caption-title-font-weight:var(--h2_typography-font-weight);--awb-caption-title-font-style:var(--h2_typography-font-style);--awb-caption-title-size:var(--h2_typography-font-size);--awb-caption-title-transform:var(--h2_typography-text-transform);--awb-caption-title-line-height:var(--h2_typography-line-height);--awb-caption-title-letter-spacing:var(--h2_typography-letter-spacing);\"><div class=\"imageframe-align-center\"><span class=\" fusion-imageframe imageframe-none imageframe-3 hover-type-zoomin\"><a href=\"https:\/\/feucht-obsttechnik.de\/wp-content\/uploads\/nussverarbeitung-haselnuss-ernten-haselnusssauger-cheu2000-3.jpg\" class=\"fusion-lightbox\" data-rel=\"iLightbox[Haselnusssauger CH EU 2000 ]\" data-title=\"A CH EU 2000 v\u00e1kuumos mogyor\u00f3begy\u0171jt\u0151vel a mogyor\u00f3 \u00f6sszegy\u0171jt\u00e9se v\u00e1kuum seg\u00edts\u00e9g\u00e9vel t\u00f6rt\u00e9nik\" title=\"A CH EU 2000 v\u00e1kuumos mogyor\u00f3begy\u0171jt\u0151vel a mogyor\u00f3 \u00f6sszegy\u0171jt\u00e9se v\u00e1kuum seg\u00edts\u00e9g\u00e9vel t\u00f6rt\u00e9nik\"><img decoding=\"async\" width=\"1600\" height=\"1200\" src=\"https:\/\/feucht-obsttechnik.de\/wp-content\/uploads\/nussverarbeitung-haselnuss-ernten-haselnusssauger-cheu2000-3.jpg\" alt class=\"img-responsive wp-image-13706\" srcset=\"https:\/\/feucht-obsttechnik.de\/wp-content\/uploads\/nussverarbeitung-haselnuss-ernten-haselnusssauger-cheu2000-3-200x150.jpg 200w, https:\/\/feucht-obsttechnik.de\/wp-content\/uploads\/nussverarbeitung-haselnuss-ernten-haselnusssauger-cheu2000-3-400x300.jpg 400w, https:\/\/feucht-obsttechnik.de\/wp-content\/uploads\/nussverarbeitung-haselnuss-ernten-haselnusssauger-cheu2000-3-600x450.jpg 600w, https:\/\/feucht-obsttechnik.de\/wp-content\/uploads\/nussverarbeitung-haselnuss-ernten-haselnusssauger-cheu2000-3-800x600.jpg 800w, https:\/\/feucht-obsttechnik.de\/wp-content\/uploads\/nussverarbeitung-haselnuss-ernten-haselnusssauger-cheu2000-3-1200x900.jpg 1200w, https:\/\/feucht-obsttechnik.de\/wp-content\/uploads\/nussverarbeitung-haselnuss-ernten-haselnusssauger-cheu2000-3.jpg 1600w\" sizes=\"(max-width: 835px) 100vw, 400px\" \/><\/a><\/span><\/div><\/div><div class=\"fusion-clearfix\"><\/div><\/div><\/div><div class=\"fusion-layout-column fusion_builder_column fusion-builder-column-13 fusion_builder_column_1_3 1_3 fusion-one-third fusion-column-last\" style=\"--awb-bg-color:#ffffff;--awb-bg-color-hover:#ffffff;--awb-bg-size:cover;width:30.6666%;\"><div class=\"fusion-column-wrapper fusion-flex-column-wrapper-legacy\"><div class=\"fusion-image-element fusion-image-align-center in-legacy-container\" style=\"text-align:center;--awb-caption-title-font-family:var(--h2_typography-font-family);--awb-caption-title-font-weight:var(--h2_typography-font-weight);--awb-caption-title-font-style:var(--h2_typography-font-style);--awb-caption-title-size:var(--h2_typography-font-size);--awb-caption-title-transform:var(--h2_typography-text-transform);--awb-caption-title-line-height:var(--h2_typography-line-height);--awb-caption-title-letter-spacing:var(--h2_typography-letter-spacing);\"><div class=\"imageframe-align-center\"><span class=\" fusion-imageframe imageframe-none imageframe-4 hover-type-zoomin\"><a href=\"https:\/\/feucht-obsttechnik.de\/wp-content\/uploads\/nussverarbeitung-haselnuss-ernten-haselnusssauger-cheu2000-1.jpg\" class=\"fusion-lightbox\" data-rel=\"iLightbox[Haselnusssauger CH EU 2000 ]\" data-title=\"A CH EU 2000 v\u00e1kuumos mogyor\u00f3begy\u0171jt\u0151vel a mogyor\u00f3 \u00f6sszegy\u0171jt\u00e9se v\u00e1kuum seg\u00edts\u00e9g\u00e9vel t\u00f6rt\u00e9nik\" title=\"A CH EU 2000 v\u00e1kuumos mogyor\u00f3begy\u0171jt\u0151vel a mogyor\u00f3 \u00f6sszegy\u0171jt\u00e9se v\u00e1kuum seg\u00edts\u00e9g\u00e9vel t\u00f6rt\u00e9nik\"><img decoding=\"async\" width=\"1600\" height=\"1200\" src=\"https:\/\/feucht-obsttechnik.de\/wp-content\/uploads\/nussverarbeitung-haselnuss-ernten-haselnusssauger-cheu2000-1.jpg\" alt class=\"img-responsive wp-image-13708\" srcset=\"https:\/\/feucht-obsttechnik.de\/wp-content\/uploads\/nussverarbeitung-haselnuss-ernten-haselnusssauger-cheu2000-1-200x150.jpg 200w, https:\/\/feucht-obsttechnik.de\/wp-content\/uploads\/nussverarbeitung-haselnuss-ernten-haselnusssauger-cheu2000-1-400x300.jpg 400w, https:\/\/feucht-obsttechnik.de\/wp-content\/uploads\/nussverarbeitung-haselnuss-ernten-haselnusssauger-cheu2000-1-600x450.jpg 600w, https:\/\/feucht-obsttechnik.de\/wp-content\/uploads\/nussverarbeitung-haselnuss-ernten-haselnusssauger-cheu2000-1-800x600.jpg 800w, https:\/\/feucht-obsttechnik.de\/wp-content\/uploads\/nussverarbeitung-haselnuss-ernten-haselnusssauger-cheu2000-1-1200x900.jpg 1200w, https:\/\/feucht-obsttechnik.de\/wp-content\/uploads\/nussverarbeitung-haselnuss-ernten-haselnusssauger-cheu2000-1.jpg 1600w\" sizes=\"(max-width: 835px) 100vw, 400px\" \/><\/a><\/span><\/div><\/div><div class=\"fusion-clearfix\"><\/div><\/div><\/div><\/div><\/div><div class=\"fusion-fullwidth fullwidth-box fusion-builder-row-8 nonhundred-percent-fullwidth non-hundred-percent-height-scrolling fusion-equal-height-columns\" style=\"--awb-border-radius-top-left:0px;--awb-border-radius-top-right:0px;--awb-border-radius-bottom-right:0px;--awb-border-radius-bottom-left:0px;--awb-padding-bottom:100px;--awb-background-color:#f2f2f2;--awb-flex-wrap:wrap;\" ><div class=\"fusion-builder-row fusion-row\"><div class=\"fusion-layout-column fusion_builder_column fusion-builder-column-14 fusion_builder_column_1_2 1_2 fusion-one-half fusion-column-first\" style=\"--awb-bg-color:#ffffff;--awb-bg-color-hover:#ffffff;--awb-bg-size:cover;--awb-margin-bottom:40px;width:48%; margin-right: 4%;\"><div class=\"fusion-column-wrapper fusion-flex-column-wrapper-legacy\"><div class=\"fusion-text fusion-text-7\"><div style=\"padding: 25px;\">\n<h2>El\u0151ny\u00f6k<\/h2>\n<ul>\n<li>nagy betakar\u00edt\u00e1si kapacit\u00e1s<\/li>\n<li>a hossz\u00fa v\u00e1kuumt\u00f6ml\u0151 seg\u00edts\u00e9g\u00e9vel k\u00f6nnyen el\u00e9rhet\u0151k a nehezen hozz\u00e1f\u00e9rhet\u0151 helyek<\/li>\n<li>a di\u00f3f\u00e9l\u00e9k sok t\u00edpus\u00e1hoz haszn\u00e1lhat\u00f3<\/li>\n<li>kis s\u00faly\u00e1nak k\u00f6sz\u00f6nhet\u0151en kis \u00e9s k\u00f6zepes m\u00e9ret\u0171 traktorokkal is kombin\u00e1lhat\u00f3<\/li>\n<li>k\u00e9t emberre tervezett vez\u00e9rl\u00e9s \u00e9s \u00fczemeltet\u00e9s<\/li>\n<li>flexibilis hossz\u00fas\u00e1g\u00fa v\u00e1kuumt\u00f6ml\u0151<\/li>\n<li>elt\u00e1vol\u00edtja a szennyez\u0151d\u00e9st<\/li>\n<\/ul>\n<\/div>\n<\/div><div class=\"fusion-clearfix\"><\/div><\/div><\/div><div class=\"fusion-layout-column fusion_builder_column fusion-builder-column-15 fusion_builder_column_1_2 1_2 fusion-one-half fusion-column-last\" style=\"--awb-bg-color:#ffffff;--awb-bg-color-hover:#ffffff;--awb-bg-size:cover;width:48%;\"><div class=\"fusion-column-wrapper fusion-flex-column-wrapper-legacy\"><div class=\"fusion-text fusion-text-8\"><div style=\"padding: 25px;\">\n<h2>M\u0171szaki adatok<\/h2>\n<\/div>\n<\/div>\n<div class=\"table-2\">\n<table width=\"100%\">\n<tbody>\n<tr>\n<td align=\"left\">Hossz\u00fas\u00e1g:<\/td>\n<td align=\"left\">110 cm<\/td>\n<\/tr>\n<tr>\n<td align=\"left\">Sz\u00e9less\u00e9g:<\/td>\n<td align=\"left\">170 cm<\/td>\n<\/tr>\n<tr>\n<td align=\"left\">Magass\u00e1g:<\/td>\n<td align=\"left\">165 cm<\/td>\n<\/tr>\n<tr>\n<td align=\"left\">S\u00faly:<\/td>\n<td align=\"left\">400 kg<\/td>\n<\/tr>\n<tr>\n<td align=\"left\">A flexibilis v\u00e1kuumt\u00f6ml\u0151 hossza:<\/td>\n<td align=\"left\">12 &#8211; 25 m<\/td>\n<\/tr>\n<tr>\n<td align=\"left\">A teljes\u00edtm\u00e9nylead\u00f3 tengely aj\u00e1nlott teljes\u00edtm\u00e9nye:<\/td>\n<td align=\"left\">35 LE<\/td>\n<\/tr>\n<tr>\n<td align=\"left\">Aj\u00e1nlott minim\u00e1lis traktorteljes\u00edtm\u00e9ny:<\/td>\n<td align=\"left\">30 LE<\/td>\n<\/tr>\n<tr>\n<td align=\"left\">Jellemz\u0151k (szita\u00e1tm\u00e9r\u0151):<\/td>\n<td align=\"left\">mogyor\u00f3hoz 26 mm,<br \/>\ngeszteny\u00e9hez 41 mm<\/td>\n<\/tr>\n<tr>\n<td align=\"left\">A v\u00e1kuumt\u00f6ml\u0151 \u00e1tm\u00e9r\u0151j\u00e9nek tulajdons\u00e1gai:<\/td>\n<td align=\"left\">\n<ul>\n<li>1. t\u00f6ml\u0151: 120 mm \u00e1tm\u00e9r\u0151, 15 m hossz\u00fas\u00e1ggal<\/li>\n<li>Opcion\u00e1lisan: 2 t\u00f6ml\u0151 100 mm \u00e1tm\u00e9r\u0151vel \u00e9s egyenk\u00e9nt 12,5 m hossz\u00fas\u00e1ggal<\/li>\n<\/ul>\n<\/td>\n<\/tr>\n<\/tbody>\n<\/table>\n<\/div>\n<div class=\"fusion-clearfix\"><\/div><\/div><\/div><\/div><\/div><div class=\"fusion-fullwidth fullwidth-box fusion-builder-row-9 nonhundred-percent-fullwidth non-hundred-percent-height-scrolling\" style=\"--awb-border-radius-top-left:0px;--awb-border-radius-top-right:0px;--awb-border-radius-bottom-right:0px;--awb-border-radius-bottom-left:0px;--awb-flex-wrap:wrap;\" ><div class=\"fusion-builder-row fusion-row\"><div class=\"fusion-layout-column fusion_builder_column fusion-builder-column-16 fusion_builder_column_1_1 1_1 fusion-one-full fusion-column-first fusion-column-last\" style=\"--awb-padding-top:0px;--awb-padding-right:0px;--awb-padding-bottom:0px;--awb-padding-left:0px;--awb-bg-size:cover;--awb-margin-bottom:0px;\"><div class=\"fusion-column-wrapper fusion-column-has-shadow fusion-flex-column-wrapper-legacy\"><div class=\"fusion-menu-anchor\" id=\"Haselnuss-Schwader\"><\/div><div class=\"fusion-clearfix\"><\/div><\/div><\/div><\/div><\/div><div class=\"fusion-fullwidth fullwidth-box fusion-builder-row-10 fusion-parallax-none nonhundred-percent-fullwidth non-hundred-percent-height-scrolling\" style=\"--awb-border-radius-top-left:0px;--awb-border-radius-top-right:0px;--awb-border-radius-bottom-right:0px;--awb-border-radius-bottom-left:0px;--awb-padding-top:200px;--awb-margin-top:-1px;--awb-background-image:url(&quot;https:\/\/feucht-obsttechnik.de\/wp-content\/uploads\/nussverarbeitung-haselnuss-ernten-divider-schwader.jpg&quot;);--awb-background-size:cover;--awb-flex-wrap:wrap;\" ><div class=\"fusion-builder-row fusion-row\"><div class=\"fusion-layout-column fusion_builder_column fusion-builder-column-17 fusion_builder_column_1_6 1_6 fusion-one-sixth fusion-column-first\" style=\"--awb-bg-size:cover;width:16.666666666667%;width:calc(16.666666666667% - ( ( 4% + 4% ) * 0.16666666666667 ) );margin-right: 4%;\"><div class=\"fusion-column-wrapper fusion-flex-column-wrapper-legacy\"><div class=\"fusion-clearfix\"><\/div><\/div><\/div><div class=\"fusion-layout-column fusion_builder_column fusion-builder-column-18 fusion_builder_column_2_3 2_3 fusion-two-third\" style=\"--awb-padding-top:50px;--awb-padding-right:50px;--awb-padding-bottom:50px;--awb-padding-left:50px;--awb-bg-color:rgba(255,255,255,0.9);--awb-bg-color-hover:rgba(255,255,255,0.9);--awb-bg-size:cover;--awb-margin-bottom:-100px;width:66.666666666667%;width:calc(66.666666666667% - ( ( 4% + 4% ) * 0.66666666666667 ) );margin-right: 4%;\"><div class=\"fusion-column-wrapper fusion-column-has-shadow fusion-flex-column-wrapper-legacy\"><div class=\"fusion-text fusion-text-9\"><h2 style=\"text-align: center;\">Mogyor\u00f3gereblye<\/h2>\n<p style=\"text-align: center;\"><strong>A j\u00e1ratok megtiszt\u00edt\u00e1sa \u00e9s a di\u00f3f\u00e9l\u00e9k sorokba gerebly\u00e9z\u00e9se.<\/strong><\/p>\n<p style=\"text-align: center;\">A <strong>mogyor\u00f3gerebly\u00e9vel<\/strong> a j\u00e1ratokban vagy a f\u00e1k k\u00f6z\u00f6tt a talajon hever\u0151 di\u00f3f\u00e9l\u00e9k sorokba gerebly\u00e9zhet\u0151k. A gerebly\u00e9k k\u00fcl\u00f6nb\u00f6z\u0151 di\u00f3f\u00e9l\u00e9khez haszn\u00e1lhat\u00f3k, p\u00e9ld\u00e1ul mogyor\u00f3hoz, di\u00f3hoz, geszteny\u00e9hez, mandul\u00e1hoz, illetve makad\u00e1mdi\u00f3hoz. <\/p>\n<p style=\"text-align: center;\">A gereblye jelent\u0151sen jav\u00edtja a betakar\u00edt\u00e1s hat\u00e9konys\u00e1g\u00e1t, megk\u00f6nny\u00edtve a Harvey Pro g\u00e9ppel v\u00e9gzett betakar\u00edt\u00e1st. A mogyor\u00f3gereblye a traktor elej\u00e9re csatlakozik. A gereblye munkasz\u00e9less\u00e9ge rugalmasan, hidraulikus dugatty\u00fak seg\u00edts\u00e9g\u00e9vel \u00e1ll\u00edthat\u00f3 be.  <\/p>\n<\/div><div class=\"fusion-clearfix\"><\/div><\/div><\/div><div class=\"fusion-layout-column fusion_builder_column fusion-builder-column-19 fusion_builder_column_1_6 1_6 fusion-one-sixth fusion-column-last\" style=\"--awb-bg-size:cover;width:16.666666666667%;width:calc(16.666666666667% - ( ( 4% + 4% ) * 0.16666666666667 ) );\"><div class=\"fusion-column-wrapper fusion-flex-column-wrapper-legacy\"><div class=\"fusion-clearfix\"><\/div><\/div><\/div><\/div><\/div><div class=\"fusion-fullwidth fullwidth-box fusion-builder-row-11 nonhundred-percent-fullwidth non-hundred-percent-height-scrolling fusion-equal-height-columns\" style=\"--awb-border-radius-top-left:0px;--awb-border-radius-top-right:0px;--awb-border-radius-bottom-right:0px;--awb-border-radius-bottom-left:0px;--awb-padding-top:200px;--awb-background-color:#f2f2f2;--awb-flex-wrap:wrap;\" ><div class=\"fusion-builder-row fusion-row\"><div class=\"fusion-layout-column fusion_builder_column fusion-builder-column-20 fusion_builder_column_1_1 1_1 fusion-one-full fusion-column-first fusion-column-last\" style=\"--awb-bg-size:cover;\"><div class=\"fusion-column-wrapper fusion-flex-column-wrapper-legacy\"><div class=\"fusion-title title fusion-title-2 fusion-sep-none fusion-title-text fusion-title-size-one\" style=\"--awb-margin-top-small:0px;--awb-margin-right-small:0px;--awb-margin-bottom-small:20px;--awb-margin-left-small:0px;\"><h1 class=\"fusion-title-heading title-heading-left fusion-responsive-typography-calculated\" style=\"margin:0;--fontSize:38;line-height:1.33;\">A mogyor\u00f3gerebly\u00e9re vonatkoz\u00f3 r\u00e9szletek<\/h1><\/div><div class=\"fusion-clearfix\"><\/div><\/div><\/div><\/div><\/div><div class=\"fusion-fullwidth fullwidth-box fusion-builder-row-12 nonhundred-percent-fullwidth non-hundred-percent-height-scrolling fusion-equal-height-columns\" style=\"--awb-border-radius-top-left:0px;--awb-border-radius-top-right:0px;--awb-border-radius-bottom-right:0px;--awb-border-radius-bottom-left:0px;--awb-padding-bottom:100px;--awb-background-color:#f2f2f2;--awb-flex-wrap:wrap;\" ><div class=\"fusion-builder-row fusion-row\"><div class=\"fusion-layout-column fusion_builder_column fusion-builder-column-21 fusion_builder_column_1_2 1_2 fusion-one-half fusion-column-first\" style=\"--awb-bg-color:#ffffff;--awb-bg-color-hover:#ffffff;--awb-bg-size:cover;--awb-margin-bottom:40px;width:48%; margin-right: 4%;\"><div class=\"fusion-column-wrapper fusion-flex-column-wrapper-legacy\"><div class=\"fusion-image-element fusion-image-align-center in-legacy-container\" style=\"text-align:center;--awb-caption-title-font-family:var(--h2_typography-font-family);--awb-caption-title-font-weight:var(--h2_typography-font-weight);--awb-caption-title-font-style:var(--h2_typography-font-style);--awb-caption-title-size:var(--h2_typography-font-size);--awb-caption-title-transform:var(--h2_typography-text-transform);--awb-caption-title-line-height:var(--h2_typography-line-height);--awb-caption-title-letter-spacing:var(--h2_typography-letter-spacing);\"><div class=\"imageframe-align-center\"><span class=\" fusion-imageframe imageframe-none imageframe-5 hover-type-zoomin\"><a href=\"https:\/\/feucht-obsttechnik.de\/wp-content\/uploads\/nussverarbeitung-haselnuss-ernten-schwader-1.jpg\" class=\"fusion-lightbox\" data-rel=\"iLightbox[Haselnuss-Schwader ]\" data-title=\"Mogyor\u00f3gerebly\u00e9vel tiszt\u00edtsuk meg a nyomt\u00e1vokat \u00e9s gerebly\u00e9zz\u00fck sorokba a di\u00f3t.\" title=\"Mogyor\u00f3gerebly\u00e9vel tiszt\u00edtsuk meg a nyomt\u00e1vokat \u00e9s gerebly\u00e9zz\u00fck sorokba a di\u00f3t.\"><img decoding=\"async\" width=\"1600\" height=\"1200\" src=\"https:\/\/feucht-obsttechnik.de\/wp-content\/uploads\/nussverarbeitung-haselnuss-ernten-schwader-1.jpg\" alt class=\"img-responsive wp-image-13715\" srcset=\"https:\/\/feucht-obsttechnik.de\/wp-content\/uploads\/nussverarbeitung-haselnuss-ernten-schwader-1-200x150.jpg 200w, https:\/\/feucht-obsttechnik.de\/wp-content\/uploads\/nussverarbeitung-haselnuss-ernten-schwader-1-400x300.jpg 400w, https:\/\/feucht-obsttechnik.de\/wp-content\/uploads\/nussverarbeitung-haselnuss-ernten-schwader-1-600x450.jpg 600w, https:\/\/feucht-obsttechnik.de\/wp-content\/uploads\/nussverarbeitung-haselnuss-ernten-schwader-1-800x600.jpg 800w, https:\/\/feucht-obsttechnik.de\/wp-content\/uploads\/nussverarbeitung-haselnuss-ernten-schwader-1-1200x900.jpg 1200w, https:\/\/feucht-obsttechnik.de\/wp-content\/uploads\/nussverarbeitung-haselnuss-ernten-schwader-1.jpg 1600w\" sizes=\"(max-width: 835px) 100vw, 600px\" \/><\/a><\/span><\/div><\/div><div class=\"fusion-clearfix\"><\/div><\/div><\/div><div class=\"fusion-layout-column fusion_builder_column fusion-builder-column-22 fusion_builder_column_1_2 1_2 fusion-one-half fusion-column-last\" style=\"--awb-bg-color:#ffffff;--awb-bg-color-hover:#ffffff;--awb-bg-size:cover;--awb-margin-bottom:40px;width:48%;\"><div class=\"fusion-column-wrapper fusion-flex-column-wrapper-legacy\"><div class=\"fusion-image-element fusion-image-align-center in-legacy-container\" style=\"text-align:center;--awb-caption-title-font-family:var(--h2_typography-font-family);--awb-caption-title-font-weight:var(--h2_typography-font-weight);--awb-caption-title-font-style:var(--h2_typography-font-style);--awb-caption-title-size:var(--h2_typography-font-size);--awb-caption-title-transform:var(--h2_typography-text-transform);--awb-caption-title-line-height:var(--h2_typography-line-height);--awb-caption-title-letter-spacing:var(--h2_typography-letter-spacing);\"><div class=\"imageframe-align-center\"><span class=\" fusion-imageframe imageframe-none imageframe-6 hover-type-zoomin\"><a href=\"https:\/\/feucht-obsttechnik.de\/wp-content\/uploads\/nussverarbeitung-haselnuss-ernten-schwader-2.jpg\" class=\"fusion-lightbox\" data-rel=\"iLightbox[Haselnuss-Schwader ]\" data-title=\"Mogyor\u00f3gerebly\u00e9vel tiszt\u00edtsuk meg a nyomt\u00e1vokat \u00e9s gerebly\u00e9zz\u00fck sorokba a di\u00f3t.\" title=\"Mogyor\u00f3gerebly\u00e9vel tiszt\u00edtsuk meg a nyomt\u00e1vokat \u00e9s gerebly\u00e9zz\u00fck sorokba a di\u00f3t.\"><img decoding=\"async\" width=\"1600\" height=\"1200\" src=\"https:\/\/feucht-obsttechnik.de\/wp-content\/uploads\/nussverarbeitung-haselnuss-ernten-schwader-2.jpg\" alt class=\"img-responsive wp-image-13714\" srcset=\"https:\/\/feucht-obsttechnik.de\/wp-content\/uploads\/nussverarbeitung-haselnuss-ernten-schwader-2-200x150.jpg 200w, https:\/\/feucht-obsttechnik.de\/wp-content\/uploads\/nussverarbeitung-haselnuss-ernten-schwader-2-400x300.jpg 400w, https:\/\/feucht-obsttechnik.de\/wp-content\/uploads\/nussverarbeitung-haselnuss-ernten-schwader-2-600x450.jpg 600w, https:\/\/feucht-obsttechnik.de\/wp-content\/uploads\/nussverarbeitung-haselnuss-ernten-schwader-2-800x600.jpg 800w, https:\/\/feucht-obsttechnik.de\/wp-content\/uploads\/nussverarbeitung-haselnuss-ernten-schwader-2-1200x900.jpg 1200w, https:\/\/feucht-obsttechnik.de\/wp-content\/uploads\/nussverarbeitung-haselnuss-ernten-schwader-2.jpg 1600w\" sizes=\"(max-width: 835px) 100vw, 600px\" \/><\/a><\/span><\/div><\/div><div class=\"fusion-clearfix\"><\/div><\/div><\/div><\/div><\/div><div class=\"fusion-fullwidth fullwidth-box fusion-builder-row-13 nonhundred-percent-fullwidth non-hundred-percent-height-scrolling fusion-equal-height-columns\" style=\"--awb-border-radius-top-left:0px;--awb-border-radius-top-right:0px;--awb-border-radius-bottom-right:0px;--awb-border-radius-bottom-left:0px;--awb-padding-bottom:100px;--awb-background-color:#f2f2f2;--awb-flex-wrap:wrap;\" ><div class=\"fusion-builder-row fusion-row\"><div class=\"fusion-layout-column fusion_builder_column fusion-builder-column-23 fusion_builder_column_1_2 1_2 fusion-one-half fusion-column-first\" style=\"--awb-bg-color:#ffffff;--awb-bg-color-hover:#ffffff;--awb-bg-size:cover;--awb-margin-bottom:40px;width:48%; margin-right: 4%;\"><div class=\"fusion-column-wrapper fusion-flex-column-wrapper-legacy\"><div class=\"fusion-text fusion-text-10\"><div style=\"padding: 25px;\">\n<h2>El\u0151ny\u00f6k<\/h2>\n<ul>\n<li>a betakar\u00edt\u00e1s hat\u00e9konys\u00e1g\u00e1nak jav\u00edt\u00e1sa<\/li>\n<li>a betakar\u00edt\u00e1s hat\u00e9konys\u00e1g\u00e1nak jav\u00edt\u00e1sa<\/li>\n<li>gerebly\u00e9z\u00e9s a j\u00e1ratokban \u00e9s a f\u00e1k k\u00f6z\u00f6tt<\/li>\n<li>kombin\u00e1lhat\u00f3 a Harvey Pro mogyor\u00f3szed\u0151 g\u00e9ppel<\/li>\n<li>csatlakoztat\u00e1s a traktor elej\u00e9re<\/li>\n<li>rugalmasan be\u00e1ll\u00edthat\u00f3 munkasz\u00e9less\u00e9g<\/li>\n<\/ul>\n<\/div>\n<\/div><div class=\"fusion-clearfix\"><\/div><\/div><\/div><div class=\"fusion-layout-column fusion_builder_column fusion-builder-column-24 fusion_builder_column_1_2 1_2 fusion-one-half fusion-column-last\" style=\"--awb-bg-color:#ffffff;--awb-bg-color-hover:#ffffff;--awb-bg-size:cover;width:48%;\"><div class=\"fusion-column-wrapper fusion-flex-column-wrapper-legacy\"><div class=\"fusion-text fusion-text-11\"><div style=\"padding: 25px;\">\n<h2>M\u0171szaki adatok<\/h2>\n<\/div>\n<\/div>\n<div class=\"table-2\">\n<table width=\"100%\">\n<tbody>\n<tr>\n<td align=\"left\">Hossz\u00fas\u00e1g:<\/td>\n<td align=\"left\">135 cm<\/td>\n<\/tr>\n<tr>\n<td align=\"left\">Sz\u00e9less\u00e9g:<\/td>\n<td align=\"left\">270 cm<\/td>\n<\/tr>\n<tr>\n<td align=\"left\">Magass\u00e1g:<\/td>\n<td align=\"left\">105 cm<\/td>\n<\/tr>\n<tr>\n<td align=\"left\">Maxim\u00e1lis munkasz\u00e9less\u00e9g:<\/td>\n<td align=\"left\">500 cm<\/td>\n<\/tr>\n<tr>\n<td align=\"left\">Minim\u00e1lis munkasz\u00e9less\u00e9g:<\/td>\n<td align=\"left\">300 cm<\/td>\n<\/tr>\n<tr>\n<td align=\"left\">S\u00faly:<\/td>\n<td align=\"left\">265 kg<\/td>\n<\/tr>\n<tr>\n<td align=\"left\">Hidraulikus motorok sz\u00e1ma:<\/td>\n<td align=\"left\">2<\/td>\n<\/tr>\n<\/tbody>\n<\/table>\n<\/div>\n<div class=\"fusion-clearfix\"><\/div><\/div><\/div><\/div><\/div><div class=\"fusion-fullwidth fullwidth-box fusion-builder-row-14 nonhundred-percent-fullwidth non-hundred-percent-height-scrolling fusion-equal-height-columns fusion-no-small-visibility schlagwoerter\" style=\"--awb-background-position:center top;--awb-border-sizes-top:0px;--awb-border-sizes-bottom:0px;--awb-border-sizes-left:0px;--awb-border-sizes-right:0px;--awb-border-radius-top-left:0px;--awb-border-radius-top-right:0px;--awb-border-radius-bottom-right:0px;--awb-border-radius-bottom-left:0px;--awb-padding-top:0px;--awb-padding-right:15%;--awb-padding-bottom:0px;--awb-padding-left:15%;--awb-background-color:#a0ce4e;--awb-flex-wrap:wrap;\" ><div class=\"fusion-builder-row fusion-row\"><div class=\"fusion-layout-column fusion_builder_column fusion-builder-column-25 fusion_builder_column_1_5 1_5 fusion-one-fifth fusion-column-first\" style=\"--awb-padding-top:10px;--awb-padding-bottom:10px;--awb-bg-size:cover;--awb-margin-top:10px;--awb-margin-bottom:0px;width:20%;width:calc(20% - ( ( 4% ) * 0.2 ) );margin-right: 4%;\"><div class=\"fusion-column-wrapper fusion-column-has-shadow fusion-flex-column-wrapper-legacy\"><div class=\"fusion-column-content-centered\"><div class=\"fusion-column-content\"><div class=\"fusion-title title fusion-title-3 fusion-sep-none fusion-title-text fusion-title-size-two\" style=\"--awb-text-color:#ffffff;--awb-margin-bottom:0px;--awb-margin-right-small:0px;--awb-margin-bottom-small:0px;--awb-margin-left-small:0px;\"><h2 class=\"fusion-title-heading title-heading-left fusion-responsive-typography-calculated\" style=\"margin:0;--fontSize:26;--minFontSize:26;line-height:1.25;\">Kulcsszavak:<\/h2><\/div><\/div><\/div><div class=\"fusion-clearfix\"><\/div><\/div><\/div><div class=\"fusion-layout-column fusion_builder_column fusion-builder-column-26 fusion_builder_column_4_5 4_5 fusion-four-fifth fusion-column-last fusion-column-no-min-height\" style=\"--awb-padding-top:10px;--awb-padding-bottom:10px;--awb-bg-size:cover;--awb-margin-top:20px;--awb-margin-bottom:0px;width:80%;width:calc(80% - ( ( 4% ) * 0.8 ) );\"><div class=\"fusion-column-wrapper fusion-column-has-shadow fusion-flex-column-wrapper-legacy\"><div class=\"fusion-text fusion-text-12\"><p><span style=\"color: #ffffff;\"><a href=\"https:\/\/feucht-obsttechnik.de\/hu\/diofelek-feldolgozasa\/mogyoro\/mogyorobetakaritas\/\">Mogyor\u00f3betakar\u00edt\u00e1s Di\u00f3f\u00e9l\u00e9k mos\u00e1sa<\/a>, <a href=\"https:\/\/feucht-obsttechnik.de\/hu\/diofelek-feldolgozasa\/mogyoro\/mogyorotisztitas\/\">Di\u00f3f\u00e9l\u00e9k sz\u00e1r\u00edt\u00e1sa<\/a>, <a href=\"https:\/\/feucht-obsttechnik.de\/hu\/diofelek-feldolgozasa\/mogyoro\/mogyoroszaritas\/\">Di\u00f3f\u00e9l\u00e9k kalibr\u00e1l\u00e1sa<\/a>, <a href=\"https:\/\/feucht-obsttechnik.de\/hu\/diofelek-feldolgozasa\/mogyoro\/mogyoro-kalibralasa-es-megtoerese\/\">Di\u00f3f\u00e9l\u00e9k megt\u00f6r\u00e9se<\/a>, <a href=\"https:\/\/feucht-obsttechnik.de\/hu\/diofelek-feldolgozasa\/mogyoro\/mogyoro-kalibralasa-es-megtoerese\/\">Di\u00f3f\u00e9l\u00e9k h\u00e9j\u00e1nak elt\u00e1vol\u00edt\u00e1sa<\/a><\/span><\/p>\n<\/div><div class=\"fusion-clearfix\"><\/div><\/div><\/div><\/div><\/div><\/p>\n","protected":false},"excerpt":{"rendered":"","protected":false},"author":4,"featured_media":0,"parent":13647,"menu_order":0,"comment_status":"closed","ping_status":"closed","template":"100-width.php","meta":{"footnotes":"","_wp_rev_ctl_limit":""},"class_list":["post-13702","page","type-page","status-publish","hentry"],"yoast_head":"<!-- This site is optimized with the Yoast SEO plugin v27.5 - https:\/\/yoast.com\/product\/yoast-seo-wordpress\/ -->\n<title>Mogyor\u00f3betakar\u00edt\u00e1s - Feucht Obsttechnik<\/title>\n<meta name=\"description\" content=\"A speci\u00e1lis mogyor\u00f3betakar\u00edt\u00f3 g\u00e9pek hat\u00e9konyan v\u00e9gzik el a betakar\u00edt\u00e1si munk\u00e1t. Tov\u00e1bbi inform\u00e1ci\u00f3k a professzion\u00e1lis mogyor\u00f3betakar\u00edt\u00e1shoz k\u00edn\u00e1lt mechanikus megold\u00e1sainkr\u00f3l.\" \/>\n<meta name=\"robots\" content=\"index, follow, max-snippet:-1, max-image-preview:large, max-video-preview:-1\" \/>\n<link rel=\"canonical\" href=\"https:\/\/feucht-obsttechnik.de\/hu\/diofelek-feldolgozasa\/mogyoro\/mogyorobetakaritas\/\" \/>\n<meta property=\"og:locale\" content=\"hu_HU\" \/>\n<meta property=\"og:type\" content=\"article\" \/>\n<meta property=\"og:title\" content=\"Mogyor\u00f3betakar\u00edt\u00e1s - Feucht Obsttechnik\" \/>\n<meta property=\"og:description\" content=\"A speci\u00e1lis mogyor\u00f3betakar\u00edt\u00f3 g\u00e9pek hat\u00e9konyan v\u00e9gzik el a betakar\u00edt\u00e1si munk\u00e1t. Tov\u00e1bbi inform\u00e1ci\u00f3k a professzion\u00e1lis mogyor\u00f3betakar\u00edt\u00e1shoz k\u00edn\u00e1lt mechanikus megold\u00e1sainkr\u00f3l.\" \/>\n<meta property=\"og:url\" content=\"https:\/\/feucht-obsttechnik.de\/hu\/diofelek-feldolgozasa\/mogyoro\/mogyorobetakaritas\/\" \/>\n<meta property=\"og:site_name\" content=\"Feucht Obsttechnik\" \/>\n<meta property=\"article:modified_time\" content=\"2026-02-14T20:00:18+00:00\" \/>\n<meta name=\"twitter:card\" content=\"summary_large_image\" \/>\n<meta name=\"twitter:label1\" content=\"Becs\u00fclt olvas\u00e1si id\u0151\" \/>\n\t<meta name=\"twitter:data1\" content=\"60 perc\" \/>\n<script type=\"application\/ld+json\" class=\"yoast-schema-graph\">{\"@context\":\"https:\\\/\\\/schema.org\",\"@graph\":[{\"@type\":\"WebPage\",\"@id\":\"https:\\\/\\\/feucht-obsttechnik.de\\\/hu\\\/diofelek-feldolgozasa\\\/mogyoro\\\/mogyorobetakaritas\\\/\",\"url\":\"https:\\\/\\\/feucht-obsttechnik.de\\\/hu\\\/diofelek-feldolgozasa\\\/mogyoro\\\/mogyorobetakaritas\\\/\",\"name\":\"Mogyor\u00f3betakar\u00edt\u00e1s - Feucht Obsttechnik\",\"isPartOf\":{\"@id\":\"https:\\\/\\\/feucht-obsttechnik.de\\\/hu\\\/#website\"},\"datePublished\":\"2021-04-09T14:04:46+00:00\",\"dateModified\":\"2026-02-14T20:00:18+00:00\",\"description\":\"A speci\u00e1lis mogyor\u00f3betakar\u00edt\u00f3 g\u00e9pek hat\u00e9konyan v\u00e9gzik el a betakar\u00edt\u00e1si munk\u00e1t. Tov\u00e1bbi inform\u00e1ci\u00f3k a professzion\u00e1lis mogyor\u00f3betakar\u00edt\u00e1shoz k\u00edn\u00e1lt mechanikus megold\u00e1sainkr\u00f3l.\",\"breadcrumb\":{\"@id\":\"https:\\\/\\\/feucht-obsttechnik.de\\\/hu\\\/diofelek-feldolgozasa\\\/mogyoro\\\/mogyorobetakaritas\\\/#breadcrumb\"},\"inLanguage\":\"hu\",\"potentialAction\":[{\"@type\":\"ReadAction\",\"target\":[\"https:\\\/\\\/feucht-obsttechnik.de\\\/hu\\\/diofelek-feldolgozasa\\\/mogyoro\\\/mogyorobetakaritas\\\/\"]}]},{\"@type\":\"BreadcrumbList\",\"@id\":\"https:\\\/\\\/feucht-obsttechnik.de\\\/hu\\\/diofelek-feldolgozasa\\\/mogyoro\\\/mogyorobetakaritas\\\/#breadcrumb\",\"itemListElement\":[{\"@type\":\"ListItem\",\"position\":1,\"name\":\"Startseite\",\"item\":\"https:\\\/\\\/feucht-obsttechnik.de\\\/hu\\\/\"},{\"@type\":\"ListItem\",\"position\":2,\"name\":\"Di\u00f3f\u00e9l\u00e9k feldolgoz\u00e1sa\",\"item\":\"https:\\\/\\\/feucht-obsttechnik.de\\\/hu\\\/diofelek-feldolgozasa\\\/\"},{\"@type\":\"ListItem\",\"position\":3,\"name\":\"Mogyor\u00f3\",\"item\":\"https:\\\/\\\/feucht-obsttechnik.de\\\/hu\\\/diofelek-feldolgozasa\\\/mogyoro\\\/\"},{\"@type\":\"ListItem\",\"position\":4,\"name\":\"Mogyor\u00f3betakar\u00edt\u00e1s\"}]},{\"@type\":\"WebSite\",\"@id\":\"https:\\\/\\\/feucht-obsttechnik.de\\\/hu\\\/#website\",\"url\":\"https:\\\/\\\/feucht-obsttechnik.de\\\/hu\\\/\",\"name\":\"Feucht Obsttechnik\",\"description\":\"\",\"publisher\":{\"@id\":\"https:\\\/\\\/feucht-obsttechnik.de\\\/hu\\\/#organization\"},\"potentialAction\":[{\"@type\":\"SearchAction\",\"target\":{\"@type\":\"EntryPoint\",\"urlTemplate\":\"https:\\\/\\\/feucht-obsttechnik.de\\\/hu\\\/?s={search_term_string}\"},\"query-input\":{\"@type\":\"PropertyValueSpecification\",\"valueRequired\":true,\"valueName\":\"search_term_string\"}}],\"inLanguage\":\"hu\"},{\"@type\":\"Organization\",\"@id\":\"https:\\\/\\\/feucht-obsttechnik.de\\\/hu\\\/#organization\",\"name\":\"Feucht Obsttechnik GmbH\",\"url\":\"https:\\\/\\\/feucht-obsttechnik.de\\\/hu\\\/\",\"logo\":{\"@type\":\"ImageObject\",\"inLanguage\":\"hu\",\"@id\":\"https:\\\/\\\/feucht-obsttechnik.de\\\/hu\\\/#\\\/schema\\\/logo\\\/image\\\/\",\"url\":\"https:\\\/\\\/feucht-obsttechnik.de\\\/wp-content\\\/uploads\\\/logo-feucht@2x-1.png\",\"contentUrl\":\"https:\\\/\\\/feucht-obsttechnik.de\\\/wp-content\\\/uploads\\\/logo-feucht@2x-1.png\",\"width\":640,\"height\":123,\"caption\":\"Feucht Obsttechnik GmbH\"},\"image\":{\"@id\":\"https:\\\/\\\/feucht-obsttechnik.de\\\/hu\\\/#\\\/schema\\\/logo\\\/image\\\/\"}}]}<\/script>\n<!-- \/ Yoast SEO plugin. -->","yoast_head_json":{"title":"Mogyor\u00f3betakar\u00edt\u00e1s - Feucht Obsttechnik","description":"A speci\u00e1lis mogyor\u00f3betakar\u00edt\u00f3 g\u00e9pek hat\u00e9konyan v\u00e9gzik el a betakar\u00edt\u00e1si munk\u00e1t. Tov\u00e1bbi inform\u00e1ci\u00f3k a professzion\u00e1lis mogyor\u00f3betakar\u00edt\u00e1shoz k\u00edn\u00e1lt mechanikus megold\u00e1sainkr\u00f3l.","robots":{"index":"index","follow":"follow","max-snippet":"max-snippet:-1","max-image-preview":"max-image-preview:large","max-video-preview":"max-video-preview:-1"},"canonical":"https:\/\/feucht-obsttechnik.de\/hu\/diofelek-feldolgozasa\/mogyoro\/mogyorobetakaritas\/","og_locale":"hu_HU","og_type":"article","og_title":"Mogyor\u00f3betakar\u00edt\u00e1s - Feucht Obsttechnik","og_description":"A speci\u00e1lis mogyor\u00f3betakar\u00edt\u00f3 g\u00e9pek hat\u00e9konyan v\u00e9gzik el a betakar\u00edt\u00e1si munk\u00e1t. Tov\u00e1bbi inform\u00e1ci\u00f3k a professzion\u00e1lis mogyor\u00f3betakar\u00edt\u00e1shoz k\u00edn\u00e1lt mechanikus megold\u00e1sainkr\u00f3l.","og_url":"https:\/\/feucht-obsttechnik.de\/hu\/diofelek-feldolgozasa\/mogyoro\/mogyorobetakaritas\/","og_site_name":"Feucht Obsttechnik","article_modified_time":"2026-02-14T20:00:18+00:00","twitter_card":"summary_large_image","twitter_misc":{"Becs\u00fclt olvas\u00e1si id\u0151":"60 perc"},"schema":{"@context":"https:\/\/schema.org","@graph":[{"@type":"WebPage","@id":"https:\/\/feucht-obsttechnik.de\/hu\/diofelek-feldolgozasa\/mogyoro\/mogyorobetakaritas\/","url":"https:\/\/feucht-obsttechnik.de\/hu\/diofelek-feldolgozasa\/mogyoro\/mogyorobetakaritas\/","name":"Mogyor\u00f3betakar\u00edt\u00e1s - Feucht Obsttechnik","isPartOf":{"@id":"https:\/\/feucht-obsttechnik.de\/hu\/#website"},"datePublished":"2021-04-09T14:04:46+00:00","dateModified":"2026-02-14T20:00:18+00:00","description":"A speci\u00e1lis mogyor\u00f3betakar\u00edt\u00f3 g\u00e9pek hat\u00e9konyan v\u00e9gzik el a betakar\u00edt\u00e1si munk\u00e1t. Tov\u00e1bbi inform\u00e1ci\u00f3k a professzion\u00e1lis mogyor\u00f3betakar\u00edt\u00e1shoz k\u00edn\u00e1lt mechanikus megold\u00e1sainkr\u00f3l.","breadcrumb":{"@id":"https:\/\/feucht-obsttechnik.de\/hu\/diofelek-feldolgozasa\/mogyoro\/mogyorobetakaritas\/#breadcrumb"},"inLanguage":"hu","potentialAction":[{"@type":"ReadAction","target":["https:\/\/feucht-obsttechnik.de\/hu\/diofelek-feldolgozasa\/mogyoro\/mogyorobetakaritas\/"]}]},{"@type":"BreadcrumbList","@id":"https:\/\/feucht-obsttechnik.de\/hu\/diofelek-feldolgozasa\/mogyoro\/mogyorobetakaritas\/#breadcrumb","itemListElement":[{"@type":"ListItem","position":1,"name":"Startseite","item":"https:\/\/feucht-obsttechnik.de\/hu\/"},{"@type":"ListItem","position":2,"name":"Di\u00f3f\u00e9l\u00e9k feldolgoz\u00e1sa","item":"https:\/\/feucht-obsttechnik.de\/hu\/diofelek-feldolgozasa\/"},{"@type":"ListItem","position":3,"name":"Mogyor\u00f3","item":"https:\/\/feucht-obsttechnik.de\/hu\/diofelek-feldolgozasa\/mogyoro\/"},{"@type":"ListItem","position":4,"name":"Mogyor\u00f3betakar\u00edt\u00e1s"}]},{"@type":"WebSite","@id":"https:\/\/feucht-obsttechnik.de\/hu\/#website","url":"https:\/\/feucht-obsttechnik.de\/hu\/","name":"Feucht Obsttechnik","description":"","publisher":{"@id":"https:\/\/feucht-obsttechnik.de\/hu\/#organization"},"potentialAction":[{"@type":"SearchAction","target":{"@type":"EntryPoint","urlTemplate":"https:\/\/feucht-obsttechnik.de\/hu\/?s={search_term_string}"},"query-input":{"@type":"PropertyValueSpecification","valueRequired":true,"valueName":"search_term_string"}}],"inLanguage":"hu"},{"@type":"Organization","@id":"https:\/\/feucht-obsttechnik.de\/hu\/#organization","name":"Feucht Obsttechnik GmbH","url":"https:\/\/feucht-obsttechnik.de\/hu\/","logo":{"@type":"ImageObject","inLanguage":"hu","@id":"https:\/\/feucht-obsttechnik.de\/hu\/#\/schema\/logo\/image\/","url":"https:\/\/feucht-obsttechnik.de\/wp-content\/uploads\/logo-feucht@2x-1.png","contentUrl":"https:\/\/feucht-obsttechnik.de\/wp-content\/uploads\/logo-feucht@2x-1.png","width":640,"height":123,"caption":"Feucht Obsttechnik GmbH"},"image":{"@id":"https:\/\/feucht-obsttechnik.de\/hu\/#\/schema\/logo\/image\/"}}]}},"_links":{"self":[{"href":"https:\/\/feucht-obsttechnik.de\/hu\/wp-json\/wp\/v2\/pages\/13702","targetHints":{"allow":["GET"]}}],"collection":[{"href":"https:\/\/feucht-obsttechnik.de\/hu\/wp-json\/wp\/v2\/pages"}],"about":[{"href":"https:\/\/feucht-obsttechnik.de\/hu\/wp-json\/wp\/v2\/types\/page"}],"author":[{"embeddable":true,"href":"https:\/\/feucht-obsttechnik.de\/hu\/wp-json\/wp\/v2\/users\/4"}],"replies":[{"embeddable":true,"href":"https:\/\/feucht-obsttechnik.de\/hu\/wp-json\/wp\/v2\/comments?post=13702"}],"version-history":[{"count":1,"href":"https:\/\/feucht-obsttechnik.de\/hu\/wp-json\/wp\/v2\/pages\/13702\/revisions"}],"predecessor-version":[{"id":54659,"href":"https:\/\/feucht-obsttechnik.de\/hu\/wp-json\/wp\/v2\/pages\/13702\/revisions\/54659"}],"up":[{"embeddable":true,"href":"https:\/\/feucht-obsttechnik.de\/hu\/wp-json\/wp\/v2\/pages\/13647"}],"wp:attachment":[{"href":"https:\/\/feucht-obsttechnik.de\/hu\/wp-json\/wp\/v2\/media?parent=13702"}],"curies":[{"name":"wp","href":"https:\/\/api.w.org\/{rel}","templated":true}]}}