{"id":13356,"date":"2021-04-09T14:28:24","date_gmt":"2021-04-09T12:28:24","guid":{"rendered":"http:\/\/neu2020.feucht-obsttechnik.de\/diofelek-feldolgozasa\/diofeldolgozas-kis\/diofelek-mosasa\/"},"modified":"2021-04-09T14:28:30","modified_gmt":"2021-04-09T12:28:30","slug":"diofelek-mosasa","status":"publish","type":"page","link":"https:\/\/feucht-obsttechnik.de\/hu\/diofelek-feldolgozasa\/diofeldolgozas-kis\/diofelek-mosasa\/","title":{"rendered":"Di\u00f3f\u00e9l\u00e9k mos\u00e1sa"},"content":{"rendered":"<p><div class=\"fusion-bg-parallax\" data-bg-align=\"left center\" data-direction=\"up\" data-mute=\"false\" data-opacity=\"100\" data-velocity=\"-0.3\" data-mobile-enabled=\"false\" data-break_parents=\"0\" data-bg-image=\"https:\/\/feucht-obsttechnik.de\/wp-content\/uploads\/bg-header-nussernte-klein.jpg\" data-bg-repeat=\"false\" ><\/div><div class=\"fusion-fullwidth fullwidth-box fusion-builder-row-1 fusion-parallax-up nonhundred-percent-fullwidth non-hundred-percent-height-scrolling\" style=\"--awb-background-position:left center;--awb-border-sizes-top:0px;--awb-border-sizes-bottom:0px;--awb-border-sizes-left:0px;--awb-border-sizes-right:0px;--awb-border-radius-top-left:0px;--awb-border-radius-top-right:0px;--awb-border-radius-bottom-right:0px;--awb-border-radius-bottom-left:0px;--awb-padding-top:130px;--awb-padding-bottom:120px;--awb-background-image:url(&quot;https:\/\/feucht-obsttechnik.de\/wp-content\/uploads\/bg-header-nussernte-klein.jpg&quot;);--awb-background-size:cover;--awb-flex-wrap:wrap;\" ><div class=\"fusion-builder-row fusion-row\"><div class=\"fusion-layout-column fusion_builder_column fusion-builder-column-0 fusion_builder_column_1_2 1_2 fusion-one-half fusion-column-first\" style=\"--awb-bg-size:cover;width:48%; margin-right: 4%;\"><div class=\"fusion-column-wrapper fusion-flex-column-wrapper-legacy\"><div class=\"fusion-text fusion-text-1\"><h1><span style=\"color: #ffffff\">Di\u00f3f\u00e9l\u00e9k mos\u00e1sa<\/span><\/h1>\n<p><span style=\"color: #ffffff\">\u00c9lvezze szak\u00e9rtelm\u00fcnk el\u0151nyeit a di\u00f3f\u00e9l\u00e9k feldolgoz\u00e1sa ter\u00e9n, \u00e9s n\u00f6velje termel\u00e9kenys\u00e9g\u00e9t minden folyamat sor\u00e1n.<\/span><\/p>\n<\/div><div class=\"fusion-clearfix\"><\/div><\/div><\/div><div class=\"fusion-layout-column fusion_builder_column fusion-builder-column-1 fusion_builder_column_1_2 1_2 fusion-one-half fusion-column-last\" style=\"--awb-bg-size:cover;width:48%;\"><div class=\"fusion-column-wrapper fusion-flex-column-wrapper-legacy\"><div class=\"fusion-clearfix\"><\/div><\/div><\/div><\/div><\/div><div class=\"fusion-fullwidth fullwidth-box fusion-builder-row-2 nonhundred-percent-fullwidth non-hundred-percent-height-scrolling\" style=\"--awb-background-position:left top;--awb-border-sizes-top:0px;--awb-border-sizes-bottom:0px;--awb-border-sizes-left:0px;--awb-border-sizes-right:0px;--awb-border-radius-top-left:0px;--awb-border-radius-top-right:0px;--awb-border-radius-bottom-right:0px;--awb-border-radius-bottom-left:0px;--awb-padding-top:130px;--awb-padding-bottom:30px;--awb-flex-wrap:wrap;\" ><div class=\"fusion-builder-row fusion-row\"><div class=\"fusion-layout-column fusion_builder_column fusion-builder-column-2 fusion_builder_column_1_1 1_1 fusion-one-full fusion-column-first fusion-column-last\" style=\"--awb-bg-size:cover;\"><div class=\"fusion-column-wrapper fusion-column-has-shadow fusion-flex-column-wrapper-legacy\"><div class=\"fusion-text fusion-text-2\"><h2>Tiszt\u00edtsa meg a di\u00f3t a koszmaradv\u00e1nyokt\u00f3l.<\/h2>\n<\/div><div class=\"fusion-text fusion-text-3\"><h3><span class=\"\">A mos\u00e1s elt\u00e1vol\u00edtja a di\u00f3n l\u00e9v\u0151 koszr\u00e9teget.<\/span><\/h3>\n<\/div><div class=\"fusion-clearfix\"><\/div><\/div><\/div><div class=\"fusion-layout-column fusion_builder_column fusion-builder-column-3 fusion_builder_column_1_2 1_2 fusion-one-half fusion-column-first\" style=\"--awb-bg-size:cover;width:48%; margin-right: 4%;\"><div class=\"fusion-column-wrapper fusion-flex-column-wrapper-legacy\"><div class=\"fusion-text fusion-text-4\"><p>Ahhoz, hogy a di\u00f3 meg lehessen sz\u00e1r\u00edtani, el\u0151sz\u00f6r meg kell tiszt\u00edtani a di\u00f3f\u00e9l\u00e9ket a koszt\u00f3l. Ez elt\u00e1vol\u00edtja a koszr\u00e9teget a di\u00f3f\u00e9l\u00e9kr\u0151l. <\/p>\n<p>Kisebb mennyis\u00e9gek megtiszt\u00edthat\u00f3k a <strong>mos\u00f3szit\u00e1val felszerelt mos\u00f3l\u00e1d\u00e1nk<\/strong> seg\u00edts\u00e9g\u00e9vel. Ebb\u0151l a c\u00e9lb\u00f3l el\u0151bb el kell k\u00fcl\u00f6n\u00edteni a di\u00f3t a nyers h\u00e9jt\u00f3l. Nagyobb mennyis\u00e9gekhez mos\u00f3- \u00e9s kalibr\u00e1l\u00f3 g\u00e9p\u00fcnket k\u00edn\u00e1ljuk. Ez t\u00f6bbfunkci\u00f3s kombin\u00e1lt eszk\u00f6z, amely megmossa \u00e9s kalibr\u00e1lja a di\u00f3f\u00e9l\u00e9ket, valamint elk\u00fcl\u00f6n\u00edti \u0151ket a nyers h\u00e9jukt\u00f3l.<\/p>\n<\/div><div class=\"fusion-clearfix\"><\/div><\/div><\/div><div class=\"fusion-layout-column fusion_builder_column fusion-builder-column-4 fusion_builder_column_1_2 1_2 fusion-one-half fusion-column-last\" style=\"--awb-bg-size:cover;width:48%;\"><div class=\"fusion-column-wrapper fusion-flex-column-wrapper-legacy\"><div class=\"fusion-image-element in-legacy-container\" style=\"--awb-caption-title-font-family:var(--h2_typography-font-family);--awb-caption-title-font-weight:var(--h2_typography-font-weight);--awb-caption-title-font-style:var(--h2_typography-font-style);--awb-caption-title-size:var(--h2_typography-font-size);--awb-caption-title-transform:var(--h2_typography-text-transform);--awb-caption-title-line-height:var(--h2_typography-line-height);--awb-caption-title-letter-spacing:var(--h2_typography-letter-spacing);\"><span class=\" fusion-imageframe imageframe-none imageframe-1 hover-type-zoomin fusion-animated\" data-animationType=\"fadeInDown\" data-animationDuration=\"1.0\" data-animationOffset=\"bottom-in-view\"><a href=\"https:\/\/feucht-obsttechnik.de\/wp-content\/uploads\/nussverarbeitung-gro\u00df-waschen-wasch-und-kalibriermaschine-4-2.jpg\" class=\"fusion-lightbox\" data-rel=\"iLightbox[ad7fba2a47085126df8]\" data-title=\"N\u00fcsse reinigen, kalibrieren und Schalen trennen mit der Wasch- und Kalibriermaschine\" title=\"N\u00fcsse reinigen, kalibrieren und Schalen trennen mit der Wasch- und Kalibriermaschine\"><img decoding=\"async\" width=\"1600\" height=\"1200\" src=\"https:\/\/feucht-obsttechnik.de\/wp-content\/uploads\/nussverarbeitung-gro\u00df-waschen-wasch-und-kalibriermaschine-4-2.jpg\" alt class=\"img-responsive wp-image-13362\" srcset=\"https:\/\/feucht-obsttechnik.de\/wp-content\/uploads\/nussverarbeitung-gro\u00df-waschen-wasch-und-kalibriermaschine-4-2-200x150.jpg 200w, https:\/\/feucht-obsttechnik.de\/wp-content\/uploads\/nussverarbeitung-gro\u00df-waschen-wasch-und-kalibriermaschine-4-2-400x300.jpg 400w, https:\/\/feucht-obsttechnik.de\/wp-content\/uploads\/nussverarbeitung-gro\u00df-waschen-wasch-und-kalibriermaschine-4-2-600x450.jpg 600w, https:\/\/feucht-obsttechnik.de\/wp-content\/uploads\/nussverarbeitung-gro\u00df-waschen-wasch-und-kalibriermaschine-4-2-800x600.jpg 800w, https:\/\/feucht-obsttechnik.de\/wp-content\/uploads\/nussverarbeitung-gro\u00df-waschen-wasch-und-kalibriermaschine-4-2-1200x900.jpg 1200w, https:\/\/feucht-obsttechnik.de\/wp-content\/uploads\/nussverarbeitung-gro\u00df-waschen-wasch-und-kalibriermaschine-4-2.jpg 1600w\" sizes=\"(max-width: 835px) 100vw, 600px\" \/><\/a><\/span><\/div><div class=\"fusion-clearfix\"><\/div><\/div><\/div><\/div><\/div><div class=\"fusion-fullwidth fullwidth-box fusion-builder-row-3 nonhundred-percent-fullwidth non-hundred-percent-height-scrolling\" style=\"--awb-background-position:left top;--awb-border-sizes-top:0px;--awb-border-sizes-bottom:0px;--awb-border-sizes-left:0px;--awb-border-sizes-right:0px;--awb-border-radius-top-left:0px;--awb-border-radius-top-right:0px;--awb-border-radius-bottom-right:0px;--awb-border-radius-bottom-left:0px;--awb-padding-top:1px;--awb-padding-bottom:0px;--awb-background-color:#cc0000;--awb-flex-wrap:wrap;\" ><div class=\"fusion-builder-row fusion-row\"><div class=\"fusion-layout-column fusion_builder_column fusion-builder-column-5 fusion_builder_column_1_1 1_1 fusion-one-full fusion-column-first fusion-column-last\" style=\"--awb-padding-top:50px;--awb-padding-bottom:50px;--awb-padding-left:0px;--awb-bg-size:cover;--awb-margin-bottom:0px;\"><div class=\"fusion-column-wrapper fusion-column-has-shadow fusion-flex-column-wrapper-legacy\"><div class=\"fusion-column-content-centered\"><div class=\"fusion-column-content\"><div class=\"fusion-text fusion-text-5\"><h2 style=\"text-align: center;margin-bottom: 0px\"><span style=\"color: #ffffff\">A Feucht Obsttechnik di\u00f3f\u00e9l\u00e9k mos\u00e1s\u00e1ra szolg\u00e1l\u00f3 g\u00e9pei<\/span><\/h2>\n<\/div><\/div><\/div><div class=\"fusion-clearfix\"><\/div><\/div><\/div><\/div><\/div><div class=\"fusion-fullwidth fullwidth-box fusion-builder-row-4 nonhundred-percent-fullwidth non-hundred-percent-height-scrolling\" style=\"--awb-border-radius-top-left:0px;--awb-border-radius-top-right:0px;--awb-border-radius-bottom-right:0px;--awb-border-radius-bottom-left:0px;--awb-flex-wrap:wrap;\" ><div class=\"fusion-builder-row fusion-row\"><div class=\"fusion-layout-column fusion_builder_column fusion-builder-column-6 fusion_builder_column_1_1 1_1 fusion-one-full fusion-column-first fusion-column-last\" style=\"--awb-padding-top:0px;--awb-padding-right:0px;--awb-padding-bottom:0px;--awb-padding-left:0px;--awb-bg-size:cover;--awb-margin-bottom:0px;\"><div class=\"fusion-column-wrapper fusion-column-has-shadow fusion-flex-column-wrapper-legacy\"><div class=\"fusion-menu-anchor\" id=\"waschkiste\"><\/div><div class=\"fusion-clearfix\"><\/div><\/div><\/div><\/div><\/div><div class=\"fusion-fullwidth fullwidth-box fusion-builder-row-5 fusion-parallax-none nonhundred-percent-fullwidth non-hundred-percent-height-scrolling\" style=\"--awb-border-radius-top-left:0px;--awb-border-radius-top-right:0px;--awb-border-radius-bottom-right:0px;--awb-border-radius-bottom-left:0px;--awb-padding-top:200px;--awb-margin-top:-1px;--awb-background-image:url(&quot;https:\/\/feucht-obsttechnik.de\/wp-content\/uploads\/nussverarbeitung-klein-waschen-divider-waschkiste.jpg&quot;);--awb-background-size:cover;--awb-flex-wrap:wrap;\" ><div class=\"fusion-builder-row fusion-row\"><div class=\"fusion-layout-column fusion_builder_column fusion-builder-column-7 fusion_builder_column_1_6 1_6 fusion-one-sixth fusion-column-first\" style=\"--awb-bg-size:cover;width:16.666666666667%;width:calc(16.666666666667% - ( ( 4% + 4% ) * 0.16666666666667 ) );margin-right: 4%;\"><div class=\"fusion-column-wrapper fusion-flex-column-wrapper-legacy\"><div class=\"fusion-clearfix\"><\/div><\/div><\/div><div class=\"fusion-layout-column fusion_builder_column fusion-builder-column-8 fusion_builder_column_2_3 2_3 fusion-two-third\" style=\"--awb-padding-top:50px;--awb-padding-right:50px;--awb-padding-bottom:50px;--awb-padding-left:50px;--awb-bg-color:rgba(255,255,255,0.9);--awb-bg-color-hover:rgba(255,255,255,0.9);--awb-bg-size:cover;--awb-margin-bottom:-100px;width:66.666666666667%;width:calc(66.666666666667% - ( ( 4% + 4% ) * 0.66666666666667 ) );margin-right: 4%;\"><div class=\"fusion-column-wrapper fusion-column-has-shadow fusion-flex-column-wrapper-legacy\"><div class=\"fusion-text fusion-text-6\"><h2 style=\"text-align: center\">Mos\u00f3l\u00e1da<\/h2>\n<p style=\"text-align: center\"><strong>Tiszt\u00edtsa a di\u00f3f\u00e9l\u00e9ket k\u00f6nnyed\u00e9n \u00e9s egyszer\u0171en a mos\u00f3r\u00e1cs seg\u00edts\u00e9g\u00e9vel.<\/strong><\/p>\n<p style=\"text-align: center\">Kisebb mennyis\u00e9g\u0171 di\u00f3 nagyon egyszer\u0171en megtiszt\u00edthat\u00f3 egy mos\u00f3l\u00e1d\u00e1ban. Egy gy\u00fcm\u00f6lcsl\u00e1d\u00e1ra mos\u00f3r\u00e1csot r\u00f6gz\u00edtenek, \u00e9s a di\u00f3kat a tetej\u00e9re r\u00e9tegezik. A szitaszer\u0171 tartoz\u00e9kot ut\u00e1na nagynyom\u00e1s\u00fa tiszt\u00edt\u00f3val vagy hasonl\u00f3 eszk\u00f6zzel lehet lepermetezni. A di\u00f3f\u00e9l\u00e9ket ut\u00e1na gyorsan le kell sz\u0171rni \u00e9s sz\u00e1raz tart\u00e1lyba bor\u00edtani   <\/p>\n<\/div><div class=\"fusion-aligncenter\"><a class=\"fusion-button button-flat fusion-button-default-size button-custom fusion-button-default button-1 fusion-button-default-span fusion-button-default-type\" style=\"--button_accent_color:#ffffff;--button_border_color:#ffffff;--button_accent_hover_color:#ffffff;--button_border_hover_color:#ffffff;--button_gradient_top_color:#cc0000;--button_gradient_bottom_color:#cc0000;--button_gradient_top_color_hover:#ef0000;--button_gradient_bottom_color_hover:#ef0000;\" target=\"_self\" title=\"V\u00e1s\u00e1rolja meg a mos\u00f3l\u00e1d\u00e1t\" aria-label=\"V\u00e1s\u00e1rolja meg a mos\u00f3l\u00e1d\u00e1t\" href=\"https:\/\/shop.rollblitz.eu\/de\/nussprozesstechnik\/waschen\/\"><span class=\"fusion-button-text awb-button__text awb-button__text--default\">V\u00e1s\u00e1rolja meg a mos\u00f3l\u00e1d\u00e1t<\/span><\/a><\/div><div class=\"fusion-clearfix\"><\/div><\/div><\/div><div class=\"fusion-layout-column fusion_builder_column fusion-builder-column-9 fusion_builder_column_1_6 1_6 fusion-one-sixth fusion-column-last\" style=\"--awb-bg-size:cover;width:16.666666666667%;width:calc(16.666666666667% - ( ( 4% + 4% ) * 0.16666666666667 ) );\"><div class=\"fusion-column-wrapper fusion-flex-column-wrapper-legacy\"><div class=\"fusion-clearfix\"><\/div><\/div><\/div><\/div><\/div><div class=\"fusion-fullwidth fullwidth-box fusion-builder-row-6 nonhundred-percent-fullwidth non-hundred-percent-height-scrolling fusion-equal-height-columns\" style=\"--awb-border-radius-top-left:0px;--awb-border-radius-top-right:0px;--awb-border-radius-bottom-right:0px;--awb-border-radius-bottom-left:0px;--awb-padding-top:200px;--awb-background-color:#f2f2f2;--awb-flex-wrap:wrap;\" ><div class=\"fusion-builder-row fusion-row\"><div class=\"fusion-layout-column fusion_builder_column fusion-builder-column-10 fusion_builder_column_1_1 1_1 fusion-one-full fusion-column-first fusion-column-last\" style=\"--awb-bg-size:cover;\"><div class=\"fusion-column-wrapper fusion-flex-column-wrapper-legacy\"><div class=\"fusion-title title fusion-title-1 fusion-sep-none fusion-title-text fusion-title-size-one\" style=\"--awb-margin-top-small:0px;--awb-margin-right-small:0px;--awb-margin-bottom-small:20px;--awb-margin-left-small:0px;\"><h1 class=\"fusion-title-heading title-heading-left fusion-responsive-typography-calculated\" style=\"margin:0;--fontSize:38;line-height:1.33;\">A mos\u00f3l\u00e1da r\u00e9szletei<\/h1><\/div><div class=\"fusion-clearfix\"><\/div><\/div><\/div><\/div><\/div><div class=\"fusion-fullwidth fullwidth-box fusion-builder-row-7 nonhundred-percent-fullwidth non-hundred-percent-height-scrolling fusion-equal-height-columns\" style=\"--awb-border-radius-top-left:0px;--awb-border-radius-top-right:0px;--awb-border-radius-bottom-right:0px;--awb-border-radius-bottom-left:0px;--awb-padding-bottom:100px;--awb-background-color:#f2f2f2;--awb-flex-wrap:wrap;\" ><div class=\"fusion-builder-row fusion-row\"><div class=\"fusion-layout-column fusion_builder_column fusion-builder-column-11 fusion_builder_column_1_3 1_3 fusion-one-third fusion-column-first\" style=\"--awb-bg-color:#ffffff;--awb-bg-color-hover:#ffffff;--awb-bg-size:cover;--awb-margin-bottom:40px;width:30.6666%; margin-right: 4%;\"><div class=\"fusion-column-wrapper fusion-flex-column-wrapper-legacy\"><div class=\"fusion-image-element fusion-image-align-center in-legacy-container\" style=\"text-align:center;--awb-caption-title-font-family:var(--h2_typography-font-family);--awb-caption-title-font-weight:var(--h2_typography-font-weight);--awb-caption-title-font-style:var(--h2_typography-font-style);--awb-caption-title-size:var(--h2_typography-font-size);--awb-caption-title-transform:var(--h2_typography-text-transform);--awb-caption-title-line-height:var(--h2_typography-line-height);--awb-caption-title-letter-spacing:var(--h2_typography-letter-spacing);\"><div class=\"imageframe-align-center\"><span class=\" fusion-imageframe imageframe-none imageframe-2 hover-type-zoomin\"><a href=\"https:\/\/feucht-obsttechnik.de\/wp-content\/uploads\/nussverarbeitung-klein-waschen-waschkiste-3.jpg\" class=\"fusion-lightbox\" data-rel=\"iLightbox[Mos\u00f3l\u00e1da]\" data-title=\"di\u00f3f\u00e9l\u00e9k egyszer\u0171en tiszt\u00edtsa meg az any\u00e1kat a mos\u00f3doboz seg\u00edts\u00e9g\u00e9vel\" title=\"di\u00f3f\u00e9l\u00e9k egyszer\u0171en tiszt\u00edtsa meg az any\u00e1kat a mos\u00f3doboz seg\u00edts\u00e9g\u00e9vel\"><img decoding=\"async\" width=\"1600\" height=\"1200\" src=\"https:\/\/feucht-obsttechnik.de\/wp-content\/uploads\/nussverarbeitung-klein-waschen-waschkiste-3.jpg\" alt class=\"img-responsive wp-image-13358\" srcset=\"https:\/\/feucht-obsttechnik.de\/wp-content\/uploads\/nussverarbeitung-klein-waschen-waschkiste-3-200x150.jpg 200w, https:\/\/feucht-obsttechnik.de\/wp-content\/uploads\/nussverarbeitung-klein-waschen-waschkiste-3-400x300.jpg 400w, https:\/\/feucht-obsttechnik.de\/wp-content\/uploads\/nussverarbeitung-klein-waschen-waschkiste-3-600x450.jpg 600w, https:\/\/feucht-obsttechnik.de\/wp-content\/uploads\/nussverarbeitung-klein-waschen-waschkiste-3-800x600.jpg 800w, https:\/\/feucht-obsttechnik.de\/wp-content\/uploads\/nussverarbeitung-klein-waschen-waschkiste-3-1200x900.jpg 1200w, https:\/\/feucht-obsttechnik.de\/wp-content\/uploads\/nussverarbeitung-klein-waschen-waschkiste-3.jpg 1600w\" sizes=\"(max-width: 835px) 100vw, 400px\" \/><\/a><\/span><\/div><\/div><div class=\"fusion-clearfix\"><\/div><\/div><\/div><div class=\"fusion-layout-column fusion_builder_column fusion-builder-column-12 fusion_builder_column_1_3 1_3 fusion-one-third\" style=\"--awb-bg-color:#ffffff;--awb-bg-color-hover:#ffffff;--awb-bg-size:cover;--awb-margin-bottom:40px;width:30.6666%; margin-right: 4%;\"><div class=\"fusion-column-wrapper fusion-flex-column-wrapper-legacy\"><div class=\"fusion-image-element fusion-image-align-center in-legacy-container\" style=\"text-align:center;--awb-caption-title-font-family:var(--h2_typography-font-family);--awb-caption-title-font-weight:var(--h2_typography-font-weight);--awb-caption-title-font-style:var(--h2_typography-font-style);--awb-caption-title-size:var(--h2_typography-font-size);--awb-caption-title-transform:var(--h2_typography-text-transform);--awb-caption-title-line-height:var(--h2_typography-line-height);--awb-caption-title-letter-spacing:var(--h2_typography-letter-spacing);\"><div class=\"imageframe-align-center\"><span class=\" fusion-imageframe imageframe-none imageframe-3 hover-type-zoomin\"><a href=\"https:\/\/feucht-obsttechnik.de\/wp-content\/uploads\/nussverarbeitung-klein-waschen-waschkiste-2.jpg\" class=\"fusion-lightbox\" data-rel=\"iLightbox[Mos\u00f3l\u00e1da]\" data-title=\"di\u00f3f\u00e9l\u00e9k egyszer\u0171en tiszt\u00edtsa meg az any\u00e1kat a mos\u00f3doboz seg\u00edts\u00e9g\u00e9vel\" title=\"di\u00f3f\u00e9l\u00e9k egyszer\u0171en tiszt\u00edtsa meg az any\u00e1kat a mos\u00f3doboz seg\u00edts\u00e9g\u00e9vel\"><img decoding=\"async\" width=\"1600\" height=\"1200\" src=\"https:\/\/feucht-obsttechnik.de\/wp-content\/uploads\/nussverarbeitung-klein-waschen-waschkiste-2.jpg\" alt class=\"img-responsive wp-image-13359\" srcset=\"https:\/\/feucht-obsttechnik.de\/wp-content\/uploads\/nussverarbeitung-klein-waschen-waschkiste-2-200x150.jpg 200w, https:\/\/feucht-obsttechnik.de\/wp-content\/uploads\/nussverarbeitung-klein-waschen-waschkiste-2-400x300.jpg 400w, https:\/\/feucht-obsttechnik.de\/wp-content\/uploads\/nussverarbeitung-klein-waschen-waschkiste-2-600x450.jpg 600w, https:\/\/feucht-obsttechnik.de\/wp-content\/uploads\/nussverarbeitung-klein-waschen-waschkiste-2-800x600.jpg 800w, https:\/\/feucht-obsttechnik.de\/wp-content\/uploads\/nussverarbeitung-klein-waschen-waschkiste-2-1200x900.jpg 1200w, https:\/\/feucht-obsttechnik.de\/wp-content\/uploads\/nussverarbeitung-klein-waschen-waschkiste-2.jpg 1600w\" sizes=\"(max-width: 835px) 100vw, 400px\" \/><\/a><\/span><\/div><\/div><div class=\"fusion-clearfix\"><\/div><\/div><\/div><div class=\"fusion-layout-column fusion_builder_column fusion-builder-column-13 fusion_builder_column_1_3 1_3 fusion-one-third fusion-column-last\" style=\"--awb-bg-color:#ffffff;--awb-bg-color-hover:#ffffff;--awb-bg-size:cover;--awb-margin-bottom:40px;width:30.6666%;\"><div class=\"fusion-column-wrapper fusion-flex-column-wrapper-legacy\"><div class=\"fusion-image-element fusion-image-align-center in-legacy-container\" style=\"text-align:center;--awb-caption-title-font-family:var(--h2_typography-font-family);--awb-caption-title-font-weight:var(--h2_typography-font-weight);--awb-caption-title-font-style:var(--h2_typography-font-style);--awb-caption-title-size:var(--h2_typography-font-size);--awb-caption-title-transform:var(--h2_typography-text-transform);--awb-caption-title-line-height:var(--h2_typography-line-height);--awb-caption-title-letter-spacing:var(--h2_typography-letter-spacing);\"><div class=\"imageframe-align-center\"><span class=\" fusion-imageframe imageframe-none imageframe-4 hover-type-zoomin\"><a href=\"https:\/\/feucht-obsttechnik.de\/wp-content\/uploads\/nussverarbeitung-klein-waschen-waschkiste-1.jpg\" class=\"fusion-lightbox\" data-rel=\"iLightbox[Mos\u00f3l\u00e1da]\" data-title=\"di\u00f3f\u00e9l\u00e9k egyszer\u0171en tiszt\u00edtsa meg az any\u00e1kat a mos\u00f3doboz seg\u00edts\u00e9g\u00e9vel\" title=\"di\u00f3f\u00e9l\u00e9k egyszer\u0171en tiszt\u00edtsa meg az any\u00e1kat a mos\u00f3doboz seg\u00edts\u00e9g\u00e9vel\"><img decoding=\"async\" width=\"1600\" height=\"1200\" src=\"https:\/\/feucht-obsttechnik.de\/wp-content\/uploads\/nussverarbeitung-klein-waschen-waschkiste-1.jpg\" alt class=\"img-responsive wp-image-13360\" srcset=\"https:\/\/feucht-obsttechnik.de\/wp-content\/uploads\/nussverarbeitung-klein-waschen-waschkiste-1-200x150.jpg 200w, https:\/\/feucht-obsttechnik.de\/wp-content\/uploads\/nussverarbeitung-klein-waschen-waschkiste-1-400x300.jpg 400w, https:\/\/feucht-obsttechnik.de\/wp-content\/uploads\/nussverarbeitung-klein-waschen-waschkiste-1-600x450.jpg 600w, https:\/\/feucht-obsttechnik.de\/wp-content\/uploads\/nussverarbeitung-klein-waschen-waschkiste-1-800x600.jpg 800w, https:\/\/feucht-obsttechnik.de\/wp-content\/uploads\/nussverarbeitung-klein-waschen-waschkiste-1-1200x900.jpg 1200w, https:\/\/feucht-obsttechnik.de\/wp-content\/uploads\/nussverarbeitung-klein-waschen-waschkiste-1.jpg 1600w\" sizes=\"(max-width: 835px) 100vw, 400px\" \/><\/a><\/span><\/div><\/div><div class=\"fusion-clearfix\"><\/div><\/div><\/div><\/div><\/div><div class=\"fusion-fullwidth fullwidth-box fusion-builder-row-8 nonhundred-percent-fullwidth non-hundred-percent-height-scrolling fusion-equal-height-columns\" style=\"--awb-border-radius-top-left:0px;--awb-border-radius-top-right:0px;--awb-border-radius-bottom-right:0px;--awb-border-radius-bottom-left:0px;--awb-padding-bottom:100px;--awb-background-color:#f2f2f2;--awb-flex-wrap:wrap;\" ><div class=\"fusion-builder-row fusion-row\"><div class=\"fusion-layout-column fusion_builder_column fusion-builder-column-14 fusion_builder_column_1_2 1_2 fusion-one-half fusion-column-first\" style=\"--awb-bg-color:#ffffff;--awb-bg-color-hover:#ffffff;--awb-bg-size:cover;--awb-margin-bottom:40px;width:48%; margin-right: 4%;\"><div class=\"fusion-column-wrapper fusion-flex-column-wrapper-legacy\"><div class=\"fusion-text fusion-text-7\"><div style=\"padding: 25px\">\n<h2>El\u0151ny\u00f6k<\/h2>\n<ul>\n<li>Gazdas\u00e1gos \u00e9s hat\u00e9kony<\/li>\n<li>K\u00f6nnyen sz\u00e1ll\u00edthat\u00f3<\/li>\n<li>Egyszer\u0171 kezel\u00e9s<\/li>\n<li>Kev\u00e9s nedvess\u00e9g hatol a di\u00f3ba<\/li>\n<li>M\u00e1s di\u00f3f\u00e9l\u00e9khez is haszn\u00e1lhat\u00f3<\/li>\n<\/ul>\n<\/div>\n<\/div><div class=\"fusion-clearfix\"><\/div><\/div><\/div><div class=\"fusion-layout-column fusion_builder_column fusion-builder-column-15 fusion_builder_column_1_2 1_2 fusion-one-half fusion-column-last\" style=\"--awb-bg-color:#ffffff;--awb-bg-color-hover:#ffffff;--awb-bg-size:cover;width:48%;\"><div class=\"fusion-column-wrapper fusion-flex-column-wrapper-legacy\"><div class=\"fusion-text fusion-text-8\"><div style=\"padding: 25px\">\n<h2>M\u0171szaki adatok<\/h2>\n<\/div>\n<\/div>\n<div class=\"table-2\">\n<table width=\"100%\">\n<tbody>\n<tr>\n<td align=\"left\">Hossz\u00fas\u00e1g:<\/td>\n<td align=\"left\">40 cm<\/td>\n<\/tr>\n<tr>\n<td align=\"left\">Sz\u00e9less\u00e9g:<\/td>\n<td align=\"left\">50 cm<\/td>\n<\/tr>\n<tr>\n<td align=\"left\">Magass\u00e1g:<\/td>\n<td align=\"left\">30 cm<\/td>\n<\/tr>\n<tr>\n<td align=\"left\">S\u00faly:<\/td>\n<td align=\"left\">2,5 kg<\/td>\n<\/tr>\n<tr>\n<td align=\"left\">A csomag tartalma:<\/td>\n<td align=\"left\">1 db 40 l-es l\u00e1da \u00e9s 1 db mos\u00f3r\u00e1cs<\/td>\n<\/tr>\n<\/tbody>\n<\/table>\n<\/div>\n<div class=\"fusion-clearfix\"><\/div><\/div><\/div><\/div><\/div><div class=\"fusion-fullwidth fullwidth-box fusion-builder-row-9 nonhundred-percent-fullwidth non-hundred-percent-height-scrolling\" style=\"--awb-border-radius-top-left:0px;--awb-border-radius-top-right:0px;--awb-border-radius-bottom-right:0px;--awb-border-radius-bottom-left:0px;--awb-flex-wrap:wrap;\" ><div class=\"fusion-builder-row fusion-row\"><div class=\"fusion-layout-column fusion_builder_column fusion-builder-column-16 fusion_builder_column_1_1 1_1 fusion-one-full fusion-column-first fusion-column-last\" style=\"--awb-padding-top:0px;--awb-padding-right:0px;--awb-padding-bottom:0px;--awb-padding-left:0px;--awb-bg-size:cover;--awb-margin-bottom:0px;\"><div class=\"fusion-column-wrapper fusion-column-has-shadow fusion-flex-column-wrapper-legacy\"><div class=\"fusion-menu-anchor\" id=\"wasch-und-kalibriermaschine\"><\/div><div class=\"fusion-clearfix\"><\/div><\/div><\/div><\/div><\/div><div class=\"fusion-fullwidth fullwidth-box fusion-builder-row-10 fusion-parallax-none nonhundred-percent-fullwidth non-hundred-percent-height-scrolling\" style=\"--awb-border-radius-top-left:0px;--awb-border-radius-top-right:0px;--awb-border-radius-bottom-right:0px;--awb-border-radius-bottom-left:0px;--awb-padding-top:200px;--awb-background-image:url(&quot;https:\/\/feucht-obsttechnik.de\/wp-content\/uploads\/nussverarbeitung-gro\u00df-divider-waschen-wasch-und-kalibriermaschine-2.jpg&quot;);--awb-background-size:cover;--awb-flex-wrap:wrap;\" ><div class=\"fusion-builder-row fusion-row\"><div class=\"fusion-layout-column fusion_builder_column fusion-builder-column-17 fusion_builder_column_1_6 1_6 fusion-one-sixth fusion-column-first\" style=\"--awb-bg-size:cover;width:16.666666666667%;width:calc(16.666666666667% - ( ( 4% + 4% ) * 0.16666666666667 ) );margin-right: 4%;\"><div class=\"fusion-column-wrapper fusion-flex-column-wrapper-legacy\"><div class=\"fusion-clearfix\"><\/div><\/div><\/div><div class=\"fusion-layout-column fusion_builder_column fusion-builder-column-18 fusion_builder_column_2_3 2_3 fusion-two-third\" style=\"--awb-padding-top:50px;--awb-padding-right:50px;--awb-padding-bottom:50px;--awb-padding-left:50px;--awb-bg-color:rgba(255,255,255,0.9);--awb-bg-color-hover:rgba(255,255,255,0.9);--awb-bg-size:cover;--awb-margin-bottom:-100px;width:66.666666666667%;width:calc(66.666666666667% - ( ( 4% + 4% ) * 0.66666666666667 ) );margin-right: 4%;\"><div class=\"fusion-column-wrapper fusion-column-has-shadow fusion-flex-column-wrapper-legacy\"><div class=\"fusion-text fusion-text-9\"><h2 style=\"text-align: center\">Mos\u00f3- \u00e9s kalibr\u00e1l\u00f3 g\u00e9p<\/h2>\n<p style=\"text-align: center\"><strong>Tiszt\u00edt\u00e1s, kalibr\u00e1l\u00e1s \u00e9s a h\u00e9jak elk\u00fcl\u00f6n\u00edt\u00e9se a di\u00f3t\u00f3l.<\/strong><\/p>\n<p style=\"text-align: center\">Ez a <strong>mos\u00f3g\u00e9p<\/strong> megtiszt\u00edtja \u00e9s kalibr\u00e1lja a di\u00f3f\u00e9l\u00e9ket, valamint elk\u00fcl\u00f6n\u00edti a nyers h\u00e9jakat a di\u00f3f\u00e9l\u00e9kt\u0151l. A g\u00e9p \u00edgy a nyers h\u00e9jak ak\u00e1r 95%-\u00e1t elt\u00e1vol\u00edtja. A di\u00f3f\u00e9l\u00e9k tiszt\u00edt\u00e1s\u00e1hoz speci\u00e1lis (ov\u00e1lis kivitel\u0171) mos\u00f3dob haszn\u00e1latos. A di\u00f3f\u00e9l\u00e9k kalibr\u00e1l\u00e1s\u00e1hoz a henger\/dob cser\u00e9j\u00e9re ker\u00fcl sor, \u00e9s kerek furatos szita ker\u00fcl a hely\u00e9re.   <\/p>\n<p style=\"text-align: center\">K\u00e9t kalibr\u00e1l\u00e1si m\u00e9ret k\u00f6z\u00fcl v\u00e1laszthat. A mos\u00f3- \u00e9s kalibr\u00e1l\u00f3 g\u00e9pet szabv\u00e1nyos f\u00far\u00f3 hajtja. Opcion\u00e1lisan el\u00e9rhet\u0151 adagol\u00f3 vagy 230 V-os elektromos motor.  <\/p>\n<\/div><div class=\"fusion-clearfix\"><\/div><\/div><\/div><div class=\"fusion-layout-column fusion_builder_column fusion-builder-column-19 fusion_builder_column_1_6 1_6 fusion-one-sixth fusion-column-last\" style=\"--awb-bg-size:cover;width:16.666666666667%;width:calc(16.666666666667% - ( ( 4% + 4% ) * 0.16666666666667 ) );\"><div class=\"fusion-column-wrapper fusion-flex-column-wrapper-legacy\"><div class=\"fusion-clearfix\"><\/div><\/div><\/div><\/div><\/div><div class=\"fusion-fullwidth fullwidth-box fusion-builder-row-11 nonhundred-percent-fullwidth non-hundred-percent-height-scrolling fusion-equal-height-columns\" style=\"--awb-border-radius-top-left:0px;--awb-border-radius-top-right:0px;--awb-border-radius-bottom-right:0px;--awb-border-radius-bottom-left:0px;--awb-padding-top:200px;--awb-background-color:#f2f2f2;--awb-flex-wrap:wrap;\" ><div class=\"fusion-builder-row fusion-row\"><div class=\"fusion-layout-column fusion_builder_column fusion-builder-column-20 fusion_builder_column_1_1 1_1 fusion-one-full fusion-column-first fusion-column-last\" style=\"--awb-bg-size:cover;\"><div class=\"fusion-column-wrapper fusion-flex-column-wrapper-legacy\"><div class=\"fusion-title title fusion-title-2 fusion-sep-none fusion-title-text fusion-title-size-one\" style=\"--awb-margin-top-small:0px;--awb-margin-right-small:0px;--awb-margin-bottom-small:20px;--awb-margin-left-small:0px;\"><h1 class=\"fusion-title-heading title-heading-left fusion-responsive-typography-calculated\" style=\"margin:0;--fontSize:38;line-height:1.33;\">A mos\u00f3- \u00e9s kalibr\u00e1l\u00f3 g\u00e9pre vonatkoz\u00f3 r\u00e9szletek<\/h1><\/div><div class=\"fusion-clearfix\"><\/div><\/div><\/div><\/div><\/div><div class=\"fusion-fullwidth fullwidth-box fusion-builder-row-12 nonhundred-percent-fullwidth non-hundred-percent-height-scrolling fusion-equal-height-columns\" style=\"--awb-border-radius-top-left:0px;--awb-border-radius-top-right:0px;--awb-border-radius-bottom-right:0px;--awb-border-radius-bottom-left:0px;--awb-padding-bottom:100px;--awb-background-color:#f2f2f2;--awb-flex-wrap:wrap;\" ><div class=\"fusion-builder-row fusion-row\"><div class=\"fusion-layout-column fusion_builder_column fusion-builder-column-21 fusion_builder_column_1_3 1_3 fusion-one-third fusion-column-first\" style=\"--awb-bg-color:#ffffff;--awb-bg-color-hover:#ffffff;--awb-bg-size:cover;--awb-margin-bottom:40px;width:30.6666%; margin-right: 4%;\"><div class=\"fusion-column-wrapper fusion-flex-column-wrapper-legacy\"><div class=\"fusion-image-element fusion-image-align-center in-legacy-container\" style=\"text-align:center;--awb-caption-title-font-family:var(--h2_typography-font-family);--awb-caption-title-font-weight:var(--h2_typography-font-weight);--awb-caption-title-font-style:var(--h2_typography-font-style);--awb-caption-title-size:var(--h2_typography-font-size);--awb-caption-title-transform:var(--h2_typography-text-transform);--awb-caption-title-line-height:var(--h2_typography-line-height);--awb-caption-title-letter-spacing:var(--h2_typography-letter-spacing);\"><div class=\"imageframe-align-center\"><span class=\" fusion-imageframe imageframe-none imageframe-5 hover-type-zoomin\"><a href=\"https:\/\/feucht-obsttechnik.de\/wp-content\/uploads\/nussverarbeitung-gro\u00df-waschen-wasch-und-kalibriermaschine-3-2.jpg\" class=\"fusion-lightbox\" data-rel=\"iLightbox[Mos\u00f3- \u00e9s kalibr\u00e1l\u00f3 g\u00e9p]\" data-title=\"Di\u00f3 tiszt\u00edt\u00e1sa \u00e9s kalibr\u00e1l\u00e1sa, valamint a h\u00e9jak k\u00fcl\u00f6nv\u00e1laszt\u00e1sa a mos\u00f3 \u00e9s kalibr\u00e1l\u00f3 g\u00e9ppel\" title=\"Di\u00f3 tiszt\u00edt\u00e1sa \u00e9s kalibr\u00e1l\u00e1sa, valamint a h\u00e9jak k\u00fcl\u00f6nv\u00e1laszt\u00e1sa a mos\u00f3 \u00e9s kalibr\u00e1l\u00f3 g\u00e9ppel\"><img decoding=\"async\" width=\"1600\" height=\"1200\" src=\"https:\/\/feucht-obsttechnik.de\/wp-content\/uploads\/nussverarbeitung-gro\u00df-waschen-wasch-und-kalibriermaschine-3-2.jpg\" alt class=\"img-responsive wp-image-13363\" srcset=\"https:\/\/feucht-obsttechnik.de\/wp-content\/uploads\/nussverarbeitung-gro\u00df-waschen-wasch-und-kalibriermaschine-3-2-200x150.jpg 200w, https:\/\/feucht-obsttechnik.de\/wp-content\/uploads\/nussverarbeitung-gro\u00df-waschen-wasch-und-kalibriermaschine-3-2-400x300.jpg 400w, https:\/\/feucht-obsttechnik.de\/wp-content\/uploads\/nussverarbeitung-gro\u00df-waschen-wasch-und-kalibriermaschine-3-2-600x450.jpg 600w, https:\/\/feucht-obsttechnik.de\/wp-content\/uploads\/nussverarbeitung-gro\u00df-waschen-wasch-und-kalibriermaschine-3-2-800x600.jpg 800w, https:\/\/feucht-obsttechnik.de\/wp-content\/uploads\/nussverarbeitung-gro\u00df-waschen-wasch-und-kalibriermaschine-3-2-1200x900.jpg 1200w, https:\/\/feucht-obsttechnik.de\/wp-content\/uploads\/nussverarbeitung-gro\u00df-waschen-wasch-und-kalibriermaschine-3-2.jpg 1600w\" sizes=\"(max-width: 835px) 100vw, 400px\" \/><\/a><\/span><\/div><\/div><div class=\"fusion-clearfix\"><\/div><\/div><\/div><div class=\"fusion-layout-column fusion_builder_column fusion-builder-column-22 fusion_builder_column_1_3 1_3 fusion-one-third\" style=\"--awb-bg-color:#ffffff;--awb-bg-color-hover:#ffffff;--awb-bg-size:cover;width:30.6666%; margin-right: 4%;\"><div class=\"fusion-column-wrapper fusion-flex-column-wrapper-legacy\"><div class=\"fusion-image-element fusion-image-align-center in-legacy-container\" style=\"text-align:center;--awb-caption-title-font-family:var(--h2_typography-font-family);--awb-caption-title-font-weight:var(--h2_typography-font-weight);--awb-caption-title-font-style:var(--h2_typography-font-style);--awb-caption-title-size:var(--h2_typography-font-size);--awb-caption-title-transform:var(--h2_typography-text-transform);--awb-caption-title-line-height:var(--h2_typography-line-height);--awb-caption-title-letter-spacing:var(--h2_typography-letter-spacing);\"><div class=\"imageframe-align-center\"><span class=\" fusion-imageframe imageframe-none imageframe-6 hover-type-zoomin\"><a href=\"https:\/\/feucht-obsttechnik.de\/wp-content\/uploads\/nussverarbeitung-gro\u00df-waschen-wasch-und-kalibriermaschine-2-2.jpg\" class=\"fusion-lightbox\" data-rel=\"iLightbox[Mos\u00f3- \u00e9s kalibr\u00e1l\u00f3 g\u00e9p]\" data-title=\"Di\u00f3 tiszt\u00edt\u00e1sa \u00e9s kalibr\u00e1l\u00e1sa, valamint a h\u00e9jak k\u00fcl\u00f6nv\u00e1laszt\u00e1sa a mos\u00f3 \u00e9s kalibr\u00e1l\u00f3 g\u00e9ppel\" title=\"Di\u00f3 tiszt\u00edt\u00e1sa \u00e9s kalibr\u00e1l\u00e1sa, valamint a h\u00e9jak k\u00fcl\u00f6nv\u00e1laszt\u00e1sa a mos\u00f3 \u00e9s kalibr\u00e1l\u00f3 g\u00e9ppel\"><img decoding=\"async\" width=\"1600\" height=\"1200\" src=\"https:\/\/feucht-obsttechnik.de\/wp-content\/uploads\/nussverarbeitung-gro\u00df-waschen-wasch-und-kalibriermaschine-2-2.jpg\" alt class=\"img-responsive wp-image-13366\" srcset=\"https:\/\/feucht-obsttechnik.de\/wp-content\/uploads\/nussverarbeitung-gro\u00df-waschen-wasch-und-kalibriermaschine-2-2-200x150.jpg 200w, https:\/\/feucht-obsttechnik.de\/wp-content\/uploads\/nussverarbeitung-gro\u00df-waschen-wasch-und-kalibriermaschine-2-2-400x300.jpg 400w, https:\/\/feucht-obsttechnik.de\/wp-content\/uploads\/nussverarbeitung-gro\u00df-waschen-wasch-und-kalibriermaschine-2-2-600x450.jpg 600w, https:\/\/feucht-obsttechnik.de\/wp-content\/uploads\/nussverarbeitung-gro\u00df-waschen-wasch-und-kalibriermaschine-2-2-800x600.jpg 800w, https:\/\/feucht-obsttechnik.de\/wp-content\/uploads\/nussverarbeitung-gro\u00df-waschen-wasch-und-kalibriermaschine-2-2-1200x900.jpg 1200w, https:\/\/feucht-obsttechnik.de\/wp-content\/uploads\/nussverarbeitung-gro\u00df-waschen-wasch-und-kalibriermaschine-2-2.jpg 1600w\" sizes=\"(max-width: 835px) 100vw, 400px\" \/><\/a><\/span><\/div><\/div><div class=\"fusion-clearfix\"><\/div><\/div><\/div><div class=\"fusion-layout-column fusion_builder_column fusion-builder-column-23 fusion_builder_column_1_3 1_3 fusion-one-third fusion-column-last\" style=\"--awb-bg-color:#ffffff;--awb-bg-color-hover:#ffffff;--awb-bg-size:cover;width:30.6666%;\"><div class=\"fusion-column-wrapper fusion-flex-column-wrapper-legacy\"><div class=\"fusion-image-element fusion-image-align-center in-legacy-container\" style=\"text-align:center;--awb-caption-title-font-family:var(--h2_typography-font-family);--awb-caption-title-font-weight:var(--h2_typography-font-weight);--awb-caption-title-font-style:var(--h2_typography-font-style);--awb-caption-title-size:var(--h2_typography-font-size);--awb-caption-title-transform:var(--h2_typography-text-transform);--awb-caption-title-line-height:var(--h2_typography-line-height);--awb-caption-title-letter-spacing:var(--h2_typography-letter-spacing);\"><div class=\"imageframe-align-center\"><span class=\" fusion-imageframe imageframe-none imageframe-7 hover-type-zoomin\"><a href=\"https:\/\/feucht-obsttechnik.de\/wp-content\/uploads\/nussverarbeitung-gro\u00df-waschen-wasch-und-kalibriermaschine-1-2.jpg\" class=\"fusion-lightbox\" data-rel=\"iLightbox[Mos\u00f3- \u00e9s kalibr\u00e1l\u00f3 g\u00e9p]\" data-title=\"Di\u00f3 tiszt\u00edt\u00e1sa \u00e9s kalibr\u00e1l\u00e1sa, valamint a h\u00e9jak k\u00fcl\u00f6nv\u00e1laszt\u00e1sa a mos\u00f3 \u00e9s kalibr\u00e1l\u00f3 g\u00e9ppel\" title=\"Di\u00f3 tiszt\u00edt\u00e1sa \u00e9s kalibr\u00e1l\u00e1sa, valamint a h\u00e9jak k\u00fcl\u00f6nv\u00e1laszt\u00e1sa a mos\u00f3 \u00e9s kalibr\u00e1l\u00f3 g\u00e9ppel\"><img decoding=\"async\" width=\"1600\" height=\"1200\" src=\"https:\/\/feucht-obsttechnik.de\/wp-content\/uploads\/nussverarbeitung-gro\u00df-waschen-wasch-und-kalibriermaschine-1-2.jpg\" alt class=\"img-responsive wp-image-13367\" srcset=\"https:\/\/feucht-obsttechnik.de\/wp-content\/uploads\/nussverarbeitung-gro\u00df-waschen-wasch-und-kalibriermaschine-1-2-200x150.jpg 200w, https:\/\/feucht-obsttechnik.de\/wp-content\/uploads\/nussverarbeitung-gro\u00df-waschen-wasch-und-kalibriermaschine-1-2-400x300.jpg 400w, https:\/\/feucht-obsttechnik.de\/wp-content\/uploads\/nussverarbeitung-gro\u00df-waschen-wasch-und-kalibriermaschine-1-2-600x450.jpg 600w, https:\/\/feucht-obsttechnik.de\/wp-content\/uploads\/nussverarbeitung-gro\u00df-waschen-wasch-und-kalibriermaschine-1-2-800x600.jpg 800w, https:\/\/feucht-obsttechnik.de\/wp-content\/uploads\/nussverarbeitung-gro\u00df-waschen-wasch-und-kalibriermaschine-1-2-1200x900.jpg 1200w, https:\/\/feucht-obsttechnik.de\/wp-content\/uploads\/nussverarbeitung-gro\u00df-waschen-wasch-und-kalibriermaschine-1-2.jpg 1600w\" sizes=\"(max-width: 835px) 100vw, 400px\" \/><\/a><\/span><\/div><\/div><div class=\"fusion-clearfix\"><\/div><\/div><\/div><\/div><\/div><div class=\"fusion-fullwidth fullwidth-box fusion-builder-row-13 nonhundred-percent-fullwidth non-hundred-percent-height-scrolling fusion-equal-height-columns\" style=\"--awb-border-radius-top-left:0px;--awb-border-radius-top-right:0px;--awb-border-radius-bottom-right:0px;--awb-border-radius-bottom-left:0px;--awb-padding-bottom:100px;--awb-background-color:#f2f2f2;--awb-flex-wrap:wrap;\" ><div class=\"fusion-builder-row fusion-row\"><div class=\"fusion-layout-column fusion_builder_column fusion-builder-column-24 fusion_builder_column_1_2 1_2 fusion-one-half fusion-column-first\" style=\"--awb-bg-color:#ffffff;--awb-bg-color-hover:#ffffff;--awb-bg-size:cover;--awb-margin-bottom:40px;width:48%; margin-right: 4%;\"><div class=\"fusion-column-wrapper fusion-flex-column-wrapper-legacy\"><div class=\"fusion-text fusion-text-10\"><div style=\"padding: 25px\">\n<h2>El\u0151ny\u00f6k<\/h2>\n<ul>\n<li>T\u00f6bbfunkci\u00f3s kombin\u00e1lt eszk\u00f6z mos\u00e1sra, kalibr\u00e1l\u00e1sra \u00e9s v\u00e1logat\u00e1sra<\/li>\n<li>K\u00f6nny\u0171 s\u00faly\u00e1nak k\u00f6sz\u00f6nhet\u0151en egyszer\u0171 sz\u00e1ll\u00edt\u00e1s<\/li>\n<li>K\u00fcl\u00f6nb\u00f6z\u0151 kalibr\u00e1l\u00e1si m\u00e9retekre van lehet\u0151s\u00e9g<\/li>\n<li>K\u00e9r\u00e9sre speci\u00e1lis kalibr\u00e1l\u00e1si m\u00e9retekre van lehet\u0151s\u00e9g<\/li>\n<li>Opcion\u00e1lisan: di\u00f3f\u00e9l\u00e9k adagol\u00e1sa vagy 230 v-os elektromos motor<\/li>\n<\/ul>\n<\/div>\n<\/div><div class=\"fusion-clearfix\"><\/div><\/div><\/div><div class=\"fusion-layout-column fusion_builder_column fusion-builder-column-25 fusion_builder_column_1_2 1_2 fusion-one-half fusion-column-last\" style=\"--awb-bg-color:#ffffff;--awb-bg-color-hover:#ffffff;--awb-bg-size:cover;width:48%;\"><div class=\"fusion-column-wrapper fusion-flex-column-wrapper-legacy\"><div class=\"fusion-text fusion-text-11\"><div style=\"padding: 25px\">\n<h2>M\u0171szaki adatok<\/h2>\n<\/div>\n<\/div>\n<div class=\"table-2\">\n<table width=\"100%\">\n<tbody>\n<tr>\n<td align=\"left\">Hossz\u00fas\u00e1g:<\/td>\n<td align=\"left\">160 cm<\/td>\n<\/tr>\n<tr>\n<td align=\"left\">Sz\u00e9less\u00e9g:<\/td>\n<td align=\"left\">65 cm<\/td>\n<\/tr>\n<tr>\n<td align=\"left\">Magass\u00e1g:<\/td>\n<td align=\"left\">105 cm<\/td>\n<\/tr>\n<tr>\n<td align=\"left\">S\u00faly:<\/td>\n<td align=\"left\">65 kg<\/td>\n<\/tr>\n<tr>\n<td align=\"left\">Teljes\u00edtm\u00e9ny:<\/td>\n<td align=\"left\">Mos\u00e1s \u2013 kb. 100\u2013120 kg\/h (20 kg\/dob 10 percenk\u00e9nt)<br \/>\nkalibr\u00e1l\u00e1s \u2013 kb. 150 kg\/h (k\u00e9t m\u00e9retben)<\/td>\n<\/tr>\n<tr>\n<td rowspan=\"6\">A csomag tartalma:<\/td>\n<td align=\"left\">1 db mos\u00f3- \u00e9s kalibr\u00e1l\u00f3 g\u00e9p<\/td>\n<\/tr>\n<tr>\n<td align=\"left\">1 db mos\u00f3dob<\/td>\n<\/tr>\n<tr>\n<td align=\"left\">1 db kalibr\u00e1l\u00f3 szita (\u00e1tm\u00e9r\u0151 &#8211; 28\/30)<\/td>\n<\/tr>\n<tr>\n<td align=\"left\">1 db kalibr\u00e1l\u00f3 szita (\u00e1tm\u00e9r\u0151 &#8211; 30\/32)<\/td>\n<\/tr>\n<tr>\n<td align=\"left\">K\u00e9r\u00e9sre el\u00e9rhet\u0151k m\u00e1s szitam\u00e9retek, pl. 14\/16 vagy 18\/20<\/td>\n<\/tr>\n<tr>\n<td align=\"left\">A f\u00far\u00f3t a csomag nem tartalmazza<\/td>\n<\/tr>\n<\/tbody>\n<\/table>\n<\/div>\n<div class=\"fusion-clearfix\"><\/div><\/div><\/div><\/div><\/div><div class=\"fusion-fullwidth fullwidth-box fusion-builder-row-14 nonhundred-percent-fullwidth non-hundred-percent-height-scrolling fusion-equal-height-columns fusion-no-small-visibility schlagwoerter\" style=\"--awb-background-position:center top;--awb-border-sizes-top:0px;--awb-border-sizes-bottom:0px;--awb-border-sizes-left:0px;--awb-border-sizes-right:0px;--awb-border-radius-top-left:0px;--awb-border-radius-top-right:0px;--awb-border-radius-bottom-right:0px;--awb-border-radius-bottom-left:0px;--awb-padding-top:0px;--awb-padding-right:15%;--awb-padding-bottom:0px;--awb-padding-left:15%;--awb-background-color:#a0ce4e;--awb-flex-wrap:wrap;\" ><div class=\"fusion-builder-row fusion-row\"><div class=\"fusion-layout-column fusion_builder_column fusion-builder-column-26 fusion_builder_column_1_5 1_5 fusion-one-fifth fusion-column-first\" style=\"--awb-padding-top:10px;--awb-padding-bottom:10px;--awb-bg-size:cover;--awb-margin-top:10px;--awb-margin-bottom:0px;width:20%;width:calc(20% - ( ( 4% ) * 0.2 ) );margin-right: 4%;\"><div class=\"fusion-column-wrapper fusion-column-has-shadow fusion-flex-column-wrapper-legacy\"><div class=\"fusion-column-content-centered\"><div class=\"fusion-column-content\"><div class=\"fusion-title title fusion-title-3 fusion-sep-none fusion-title-text fusion-title-size-two\" style=\"--awb-text-color:#ffffff;--awb-margin-bottom:0px;--awb-margin-right-small:0px;--awb-margin-bottom-small:0px;--awb-margin-left-small:0px;\"><h2 class=\"fusion-title-heading title-heading-left fusion-responsive-typography-calculated\" style=\"margin:0;--fontSize:26;--minFontSize:26;line-height:1.25;\">Kulcsszavak:<\/h2><\/div><\/div><\/div><div class=\"fusion-clearfix\"><\/div><\/div><\/div><div class=\"fusion-layout-column fusion_builder_column fusion-builder-column-27 fusion_builder_column_4_5 4_5 fusion-four-fifth fusion-column-last fusion-column-no-min-height\" style=\"--awb-padding-top:10px;--awb-padding-bottom:10px;--awb-bg-size:cover;--awb-margin-top:20px;--awb-margin-bottom:0px;width:80%;width:calc(80% - ( ( 4% ) * 0.8 ) );\"><div class=\"fusion-column-wrapper fusion-column-has-shadow fusion-flex-column-wrapper-legacy\"><div class=\"fusion-text fusion-text-12\"><p><span style=\"color: #ffffff\"><a href=\"https:\/\/feucht-obsttechnik.de\/de\/nussverarbeitung\/nussverarbeitung-klein\/\">Di\u00f3f\u00e9l\u00e9k feldolgoz\u00e1sa (kicsi)<\/a>, <a href=\"https:\/\/feucht-obsttechnik.de\/de\/nussverarbeitung\/nussverarbeitung-klein\/nusstrocknung\/\">Di\u00f3f\u00e9l\u00e9k sz\u00e1r\u00edt\u00e1sa<\/a>, <a href=\"https:\/\/feucht-obsttechnik.de\/de\/nussverarbeitung\/nussverarbeitung-klein\/nusskalibrierung\/\">Di\u00f3f\u00e9l\u00e9k kalibr\u00e1l\u00e1sa<\/a>, <a href=\"https:\/\/feucht-obsttechnik.de\/de\/nussverarbeitung\/nussverarbeitung-klein\/nuesse-knacken\/\">Di\u00f3f\u00e9l\u00e9k megt\u00f6r\u00e9se<\/a>, <a href=\"https:\/\/feucht-obsttechnik.de\/de\/nussverarbeitung\/nussverarbeitung-klein\/nuesse-knacken\/\">Di\u00f3f\u00e9l\u00e9k h\u00e9j\u00e1nak elt\u00e1vol\u00edt\u00e1sa<\/a><\/span><\/p>\n<\/div><div class=\"fusion-clearfix\"><\/div><\/div><\/div><\/div><\/div><\/p>\n","protected":false},"excerpt":{"rendered":"","protected":false},"author":4,"featured_media":0,"parent":13313,"menu_order":0,"comment_status":"closed","ping_status":"closed","template":"100-width.php","meta":{"footnotes":"","_wp_rev_ctl_limit":""},"class_list":["post-13356","page","type-page","status-publish","hentry"],"yoast_head":"<!-- This site is optimized with the Yoast SEO plugin v27.2 - https:\/\/yoast.com\/product\/yoast-seo-wordpress\/ -->\n<title>Di\u00f3f\u00e9l\u00e9k mos\u00e1sa - Feucht Obsttechnik<\/title>\n<meta name=\"description\" content=\"A sz\u00e1r\u00edt\u00e1si folyamat el\u0151tt sor ker\u00fcl a koszr\u00e9teg elt\u00e1vol\u00edt\u00e1s\u00e1ra a di\u00f3f\u00e9l\u00e9kr\u0151l, mos\u00f3szit\u00e1val felszerelt mos\u00f3l\u00e1d\u00e1nk vagy a mos\u00f3- \u00e9s kalibr\u00e1l\u00f3 g\u00e9p seg\u00edts\u00e9g\u00e9vel.\" \/>\n<meta name=\"robots\" content=\"index, follow, max-snippet:-1, max-image-preview:large, max-video-preview:-1\" \/>\n<link rel=\"canonical\" href=\"https:\/\/feucht-obsttechnik.de\/hu\/diofelek-feldolgozasa\/diofeldolgozas-kis\/diofelek-mosasa\/\" \/>\n<meta property=\"og:locale\" content=\"hu_HU\" \/>\n<meta property=\"og:type\" content=\"article\" \/>\n<meta property=\"og:title\" content=\"Di\u00f3f\u00e9l\u00e9k mos\u00e1sa - Feucht Obsttechnik\" \/>\n<meta property=\"og:description\" content=\"A sz\u00e1r\u00edt\u00e1si folyamat el\u0151tt sor ker\u00fcl a koszr\u00e9teg elt\u00e1vol\u00edt\u00e1s\u00e1ra a di\u00f3f\u00e9l\u00e9kr\u0151l, mos\u00f3szit\u00e1val felszerelt mos\u00f3l\u00e1d\u00e1nk vagy a mos\u00f3- \u00e9s kalibr\u00e1l\u00f3 g\u00e9p seg\u00edts\u00e9g\u00e9vel.\" \/>\n<meta property=\"og:url\" content=\"https:\/\/feucht-obsttechnik.de\/hu\/diofelek-feldolgozasa\/diofeldolgozas-kis\/diofelek-mosasa\/\" \/>\n<meta property=\"og:site_name\" content=\"Feucht Obsttechnik\" \/>\n<meta property=\"article:modified_time\" content=\"2021-04-09T12:28:30+00:00\" \/>\n<meta name=\"twitter:card\" content=\"summary_large_image\" \/>\n<meta name=\"twitter:label1\" content=\"Becs\u00fclt olvas\u00e1si id\u0151\" \/>\n\t<meta name=\"twitter:data1\" content=\"33 perc\" \/>\n<script type=\"application\/ld+json\" class=\"yoast-schema-graph\">{\"@context\":\"https:\/\/schema.org\",\"@graph\":[{\"@type\":\"WebPage\",\"@id\":\"https:\/\/feucht-obsttechnik.de\/hu\/diofelek-feldolgozasa\/diofeldolgozas-kis\/diofelek-mosasa\/\",\"url\":\"https:\/\/feucht-obsttechnik.de\/hu\/diofelek-feldolgozasa\/diofeldolgozas-kis\/diofelek-mosasa\/\",\"name\":\"Di\u00f3f\u00e9l\u00e9k mos\u00e1sa - Feucht Obsttechnik\",\"isPartOf\":{\"@id\":\"https:\/\/feucht-obsttechnik.de\/hu\/#website\"},\"datePublished\":\"2021-04-09T12:28:24+00:00\",\"dateModified\":\"2021-04-09T12:28:30+00:00\",\"description\":\"A sz\u00e1r\u00edt\u00e1si folyamat el\u0151tt sor ker\u00fcl a koszr\u00e9teg elt\u00e1vol\u00edt\u00e1s\u00e1ra a di\u00f3f\u00e9l\u00e9kr\u0151l, mos\u00f3szit\u00e1val felszerelt mos\u00f3l\u00e1d\u00e1nk vagy a mos\u00f3- \u00e9s kalibr\u00e1l\u00f3 g\u00e9p seg\u00edts\u00e9g\u00e9vel.\",\"breadcrumb\":{\"@id\":\"https:\/\/feucht-obsttechnik.de\/hu\/diofelek-feldolgozasa\/diofeldolgozas-kis\/diofelek-mosasa\/#breadcrumb\"},\"inLanguage\":\"hu\",\"potentialAction\":[{\"@type\":\"ReadAction\",\"target\":[\"https:\/\/feucht-obsttechnik.de\/hu\/diofelek-feldolgozasa\/diofeldolgozas-kis\/diofelek-mosasa\/\"]}]},{\"@type\":\"BreadcrumbList\",\"@id\":\"https:\/\/feucht-obsttechnik.de\/hu\/diofelek-feldolgozasa\/diofeldolgozas-kis\/diofelek-mosasa\/#breadcrumb\",\"itemListElement\":[{\"@type\":\"ListItem\",\"position\":1,\"name\":\"Startseite\",\"item\":\"https:\/\/feucht-obsttechnik.de\/hu\/\"},{\"@type\":\"ListItem\",\"position\":2,\"name\":\"Di\u00f3f\u00e9l\u00e9k feldolgoz\u00e1sa\",\"item\":\"https:\/\/feucht-obsttechnik.de\/hu\/diofelek-feldolgozasa\/\"},{\"@type\":\"ListItem\",\"position\":3,\"name\":\"Di\u00f3feldolgoz\u00e1s kis\",\"item\":\"https:\/\/feucht-obsttechnik.de\/hu\/diofelek-feldolgozasa\/diofeldolgozas-kis\/\"},{\"@type\":\"ListItem\",\"position\":4,\"name\":\"Di\u00f3f\u00e9l\u00e9k mos\u00e1sa\"}]},{\"@type\":\"WebSite\",\"@id\":\"https:\/\/feucht-obsttechnik.de\/hu\/#website\",\"url\":\"https:\/\/feucht-obsttechnik.de\/hu\/\",\"name\":\"Feucht Obsttechnik\",\"description\":\"\",\"publisher\":{\"@id\":\"https:\/\/feucht-obsttechnik.de\/hu\/#organization\"},\"potentialAction\":[{\"@type\":\"SearchAction\",\"target\":{\"@type\":\"EntryPoint\",\"urlTemplate\":\"https:\/\/feucht-obsttechnik.de\/hu\/?s={search_term_string}\"},\"query-input\":{\"@type\":\"PropertyValueSpecification\",\"valueRequired\":true,\"valueName\":\"search_term_string\"}}],\"inLanguage\":\"hu\"},{\"@type\":\"Organization\",\"@id\":\"https:\/\/feucht-obsttechnik.de\/hu\/#organization\",\"name\":\"Feucht Obsttechnik GmbH\",\"url\":\"https:\/\/feucht-obsttechnik.de\/hu\/\",\"logo\":{\"@type\":\"ImageObject\",\"inLanguage\":\"hu\",\"@id\":\"https:\/\/feucht-obsttechnik.de\/hu\/#\/schema\/logo\/image\/\",\"url\":\"https:\/\/feucht-obsttechnik.de\/wp-content\/uploads\/logo-feucht@2x-1.png\",\"contentUrl\":\"https:\/\/feucht-obsttechnik.de\/wp-content\/uploads\/logo-feucht@2x-1.png\",\"width\":640,\"height\":123,\"caption\":\"Feucht Obsttechnik GmbH\"},\"image\":{\"@id\":\"https:\/\/feucht-obsttechnik.de\/hu\/#\/schema\/logo\/image\/\"}}]}<\/script>\n<!-- \/ Yoast SEO plugin. -->","yoast_head_json":{"title":"Di\u00f3f\u00e9l\u00e9k mos\u00e1sa - Feucht Obsttechnik","description":"A sz\u00e1r\u00edt\u00e1si folyamat el\u0151tt sor ker\u00fcl a koszr\u00e9teg elt\u00e1vol\u00edt\u00e1s\u00e1ra a di\u00f3f\u00e9l\u00e9kr\u0151l, mos\u00f3szit\u00e1val felszerelt mos\u00f3l\u00e1d\u00e1nk vagy a mos\u00f3- \u00e9s kalibr\u00e1l\u00f3 g\u00e9p seg\u00edts\u00e9g\u00e9vel.","robots":{"index":"index","follow":"follow","max-snippet":"max-snippet:-1","max-image-preview":"max-image-preview:large","max-video-preview":"max-video-preview:-1"},"canonical":"https:\/\/feucht-obsttechnik.de\/hu\/diofelek-feldolgozasa\/diofeldolgozas-kis\/diofelek-mosasa\/","og_locale":"hu_HU","og_type":"article","og_title":"Di\u00f3f\u00e9l\u00e9k mos\u00e1sa - Feucht Obsttechnik","og_description":"A sz\u00e1r\u00edt\u00e1si folyamat el\u0151tt sor ker\u00fcl a koszr\u00e9teg elt\u00e1vol\u00edt\u00e1s\u00e1ra a di\u00f3f\u00e9l\u00e9kr\u0151l, mos\u00f3szit\u00e1val felszerelt mos\u00f3l\u00e1d\u00e1nk vagy a mos\u00f3- \u00e9s kalibr\u00e1l\u00f3 g\u00e9p seg\u00edts\u00e9g\u00e9vel.","og_url":"https:\/\/feucht-obsttechnik.de\/hu\/diofelek-feldolgozasa\/diofeldolgozas-kis\/diofelek-mosasa\/","og_site_name":"Feucht Obsttechnik","article_modified_time":"2021-04-09T12:28:30+00:00","twitter_card":"summary_large_image","twitter_misc":{"Becs\u00fclt olvas\u00e1si id\u0151":"33 perc"},"schema":{"@context":"https:\/\/schema.org","@graph":[{"@type":"WebPage","@id":"https:\/\/feucht-obsttechnik.de\/hu\/diofelek-feldolgozasa\/diofeldolgozas-kis\/diofelek-mosasa\/","url":"https:\/\/feucht-obsttechnik.de\/hu\/diofelek-feldolgozasa\/diofeldolgozas-kis\/diofelek-mosasa\/","name":"Di\u00f3f\u00e9l\u00e9k mos\u00e1sa - Feucht Obsttechnik","isPartOf":{"@id":"https:\/\/feucht-obsttechnik.de\/hu\/#website"},"datePublished":"2021-04-09T12:28:24+00:00","dateModified":"2021-04-09T12:28:30+00:00","description":"A sz\u00e1r\u00edt\u00e1si folyamat el\u0151tt sor ker\u00fcl a koszr\u00e9teg elt\u00e1vol\u00edt\u00e1s\u00e1ra a di\u00f3f\u00e9l\u00e9kr\u0151l, mos\u00f3szit\u00e1val felszerelt mos\u00f3l\u00e1d\u00e1nk vagy a mos\u00f3- \u00e9s kalibr\u00e1l\u00f3 g\u00e9p seg\u00edts\u00e9g\u00e9vel.","breadcrumb":{"@id":"https:\/\/feucht-obsttechnik.de\/hu\/diofelek-feldolgozasa\/diofeldolgozas-kis\/diofelek-mosasa\/#breadcrumb"},"inLanguage":"hu","potentialAction":[{"@type":"ReadAction","target":["https:\/\/feucht-obsttechnik.de\/hu\/diofelek-feldolgozasa\/diofeldolgozas-kis\/diofelek-mosasa\/"]}]},{"@type":"BreadcrumbList","@id":"https:\/\/feucht-obsttechnik.de\/hu\/diofelek-feldolgozasa\/diofeldolgozas-kis\/diofelek-mosasa\/#breadcrumb","itemListElement":[{"@type":"ListItem","position":1,"name":"Startseite","item":"https:\/\/feucht-obsttechnik.de\/hu\/"},{"@type":"ListItem","position":2,"name":"Di\u00f3f\u00e9l\u00e9k feldolgoz\u00e1sa","item":"https:\/\/feucht-obsttechnik.de\/hu\/diofelek-feldolgozasa\/"},{"@type":"ListItem","position":3,"name":"Di\u00f3feldolgoz\u00e1s kis","item":"https:\/\/feucht-obsttechnik.de\/hu\/diofelek-feldolgozasa\/diofeldolgozas-kis\/"},{"@type":"ListItem","position":4,"name":"Di\u00f3f\u00e9l\u00e9k mos\u00e1sa"}]},{"@type":"WebSite","@id":"https:\/\/feucht-obsttechnik.de\/hu\/#website","url":"https:\/\/feucht-obsttechnik.de\/hu\/","name":"Feucht Obsttechnik","description":"","publisher":{"@id":"https:\/\/feucht-obsttechnik.de\/hu\/#organization"},"potentialAction":[{"@type":"SearchAction","target":{"@type":"EntryPoint","urlTemplate":"https:\/\/feucht-obsttechnik.de\/hu\/?s={search_term_string}"},"query-input":{"@type":"PropertyValueSpecification","valueRequired":true,"valueName":"search_term_string"}}],"inLanguage":"hu"},{"@type":"Organization","@id":"https:\/\/feucht-obsttechnik.de\/hu\/#organization","name":"Feucht Obsttechnik GmbH","url":"https:\/\/feucht-obsttechnik.de\/hu\/","logo":{"@type":"ImageObject","inLanguage":"hu","@id":"https:\/\/feucht-obsttechnik.de\/hu\/#\/schema\/logo\/image\/","url":"https:\/\/feucht-obsttechnik.de\/wp-content\/uploads\/logo-feucht@2x-1.png","contentUrl":"https:\/\/feucht-obsttechnik.de\/wp-content\/uploads\/logo-feucht@2x-1.png","width":640,"height":123,"caption":"Feucht Obsttechnik GmbH"},"image":{"@id":"https:\/\/feucht-obsttechnik.de\/hu\/#\/schema\/logo\/image\/"}}]}},"_links":{"self":[{"href":"https:\/\/feucht-obsttechnik.de\/hu\/wp-json\/wp\/v2\/pages\/13356","targetHints":{"allow":["GET"]}}],"collection":[{"href":"https:\/\/feucht-obsttechnik.de\/hu\/wp-json\/wp\/v2\/pages"}],"about":[{"href":"https:\/\/feucht-obsttechnik.de\/hu\/wp-json\/wp\/v2\/types\/page"}],"author":[{"embeddable":true,"href":"https:\/\/feucht-obsttechnik.de\/hu\/wp-json\/wp\/v2\/users\/4"}],"replies":[{"embeddable":true,"href":"https:\/\/feucht-obsttechnik.de\/hu\/wp-json\/wp\/v2\/comments?post=13356"}],"version-history":[{"count":0,"href":"https:\/\/feucht-obsttechnik.de\/hu\/wp-json\/wp\/v2\/pages\/13356\/revisions"}],"up":[{"embeddable":true,"href":"https:\/\/feucht-obsttechnik.de\/hu\/wp-json\/wp\/v2\/pages\/13313"}],"wp:attachment":[{"href":"https:\/\/feucht-obsttechnik.de\/hu\/wp-json\/wp\/v2\/media?parent=13356"}],"curies":[{"name":"wp","href":"https:\/\/api.w.org\/{rel}","templated":true}]}}