{"id":13022,"date":"2021-04-09T11:17:45","date_gmt":"2021-04-09T09:17:45","guid":{"rendered":"http:\/\/neu2020.feucht-obsttechnik.de\/diofelek-feldolgozasa\/diofeldolgozas-nagy\/diofelek-kalibralasa\/"},"modified":"2021-04-15T18:14:51","modified_gmt":"2021-04-15T16:14:51","slug":"diofelek-kalibralasa","status":"publish","type":"page","link":"https:\/\/feucht-obsttechnik.de\/hu\/diofelek-feldolgozasa\/diofeldolgozas-nagy\/diofelek-kalibralasa\/","title":{"rendered":"Di\u00f3f\u00e9l\u00e9k kalibr\u00e1l\u00e1sa"},"content":{"rendered":"<p><div class=\"fusion-bg-parallax\" data-bg-align=\"left center\" data-direction=\"up\" data-mute=\"false\" data-opacity=\"100\" data-velocity=\"-0.3\" data-mobile-enabled=\"false\" data-break_parents=\"0\" data-bg-image=\"https:\/\/feucht-obsttechnik.de\/wp-content\/uploads\/bg-header-nussverarbeitung.jpg\" data-bg-repeat=\"false\" ><\/div><div class=\"fusion-fullwidth fullwidth-box fusion-builder-row-1 fusion-parallax-up nonhundred-percent-fullwidth non-hundred-percent-height-scrolling\" style=\"--awb-background-position:left center;--awb-border-sizes-top:0px;--awb-border-sizes-bottom:0px;--awb-border-sizes-left:0px;--awb-border-sizes-right:0px;--awb-border-radius-top-left:0px;--awb-border-radius-top-right:0px;--awb-border-radius-bottom-right:0px;--awb-border-radius-bottom-left:0px;--awb-padding-top:130px;--awb-padding-bottom:120px;--awb-background-image:url(&quot;https:\/\/feucht-obsttechnik.de\/wp-content\/uploads\/bg-header-nussverarbeitung.jpg&quot;);--awb-background-size:cover;--awb-flex-wrap:wrap;\" ><div class=\"fusion-builder-row fusion-row\"><div class=\"fusion-layout-column fusion_builder_column fusion-builder-column-0 fusion_builder_column_1_2 1_2 fusion-one-half fusion-column-first\" style=\"--awb-bg-size:cover;width:48%; margin-right: 4%;\"><div class=\"fusion-column-wrapper fusion-flex-column-wrapper-legacy\"><div class=\"fusion-text fusion-text-1\"><h1><span style=\"color: #ffffff;\">Di\u00f3f\u00e9l\u00e9k kalibr\u00e1l\u00e1sa<\/span><\/h1>\n<p><span style=\"color: #ffffff;\">\u00c9lvezze szak\u00e9rtelm\u00fcnk el\u0151nyeit a di\u00f3f\u00e9l\u00e9k feldolgoz\u00e1sa ter\u00e9n, \u00e9s n\u00f6velje termel\u00e9kenys\u00e9g\u00e9t minden folyamat sor\u00e1n.<\/span><\/p>\n<\/div><div class=\"fusion-clearfix\"><\/div><\/div><\/div><div class=\"fusion-layout-column fusion_builder_column fusion-builder-column-1 fusion_builder_column_1_2 1_2 fusion-one-half fusion-column-last\" style=\"--awb-bg-size:cover;width:48%;\"><div class=\"fusion-column-wrapper fusion-flex-column-wrapper-legacy\"><div class=\"fusion-clearfix\"><\/div><\/div><\/div><\/div><\/div><div class=\"fusion-fullwidth fullwidth-box fusion-builder-row-2 nonhundred-percent-fullwidth non-hundred-percent-height-scrolling\" style=\"--awb-background-position:left top;--awb-border-sizes-top:0px;--awb-border-sizes-bottom:0px;--awb-border-sizes-left:0px;--awb-border-sizes-right:0px;--awb-border-radius-top-left:0px;--awb-border-radius-top-right:0px;--awb-border-radius-bottom-right:0px;--awb-border-radius-bottom-left:0px;--awb-padding-top:130px;--awb-padding-bottom:30px;--awb-flex-wrap:wrap;\" ><div class=\"fusion-builder-row fusion-row\"><div class=\"fusion-layout-column fusion_builder_column fusion-builder-column-2 fusion_builder_column_1_1 1_1 fusion-one-full fusion-column-first fusion-column-last\" style=\"--awb-bg-size:cover;\"><div class=\"fusion-column-wrapper fusion-column-has-shadow fusion-flex-column-wrapper-legacy\"><div class=\"fusion-text fusion-text-2\"><h2>Di\u00f3f\u00e9l\u00e9k kalibr\u00e1l\u00e1sa m\u00e9ret szerint.<\/h2>\n<\/div><div class=\"fusion-text fusion-text-3\"><h3><span class=\"\">Ossza a di\u00f3kat k\u00fcl\u00f6nb\u00f6z\u0151 m\u00e9retoszt\u00e1lyokba.<\/span><\/h3>\n<\/div><div class=\"fusion-clearfix\"><\/div><\/div><\/div><div class=\"fusion-layout-column fusion_builder_column fusion-builder-column-3 fusion_builder_column_1_2 1_2 fusion-one-half fusion-column-first\" style=\"--awb-bg-size:cover;width:48%; margin-right: 4%;\"><div class=\"fusion-column-wrapper fusion-flex-column-wrapper-legacy\"><div class=\"fusion-text fusion-text-4\"><p>A di\u00f3f\u00e9l\u00e9k kalibr\u00e1l\u00e1sa d\u00f6nt\u0151 l\u00e9p\u00e9s a di\u00f3 tov\u00e1bbi feldolgoz\u00e1s\u00e1ra n\u00e9zve. A di\u00f3kat k\u00fcl\u00f6nb\u00f6z\u0151 m\u00e9retekre kell v\u00e1logatni, hogy nagyon j\u00f3 sz\u00e1r\u00edt\u00e1si \u00e9s t\u00f6r\u00e9si eredm\u00e9nyt \u00e9rhessen el. Nagyobb mennyis\u00e9gek eset\u00e9n automatikus kalibr\u00e1l\u00f3 g\u00e9peket haszn\u00e1lnak.<\/p>\n<p>Ezek a g\u00e9pek k\u00fcl\u00f6nb\u00f6z\u0151 m\u00e9ret\u0171 furatokkal rendelkez\u0151 kalibr\u00e1l\u00f3dobokkal m\u0171k\u00f6dnek. A forg\u00f3 kalibr\u00e1l\u00f3 szit\u00e1k seg\u00edts\u00e9g\u00e9vel a di\u00f3k m\u00e9retoszt\u00e1lyokra lesznek kalibr\u00e1lva.<\/p>\n<\/div><div class=\"fusion-clearfix\"><\/div><\/div><\/div><div class=\"fusion-layout-column fusion_builder_column fusion-builder-column-4 fusion_builder_column_1_2 1_2 fusion-one-half fusion-column-last\" style=\"--awb-bg-size:cover;width:48%;\"><div class=\"fusion-column-wrapper fusion-flex-column-wrapper-legacy\"><div class=\"fusion-image-element in-legacy-container\" style=\"--awb-caption-title-font-family:var(--h2_typography-font-family);--awb-caption-title-font-weight:var(--h2_typography-font-weight);--awb-caption-title-font-style:var(--h2_typography-font-style);--awb-caption-title-size:var(--h2_typography-font-size);--awb-caption-title-transform:var(--h2_typography-text-transform);--awb-caption-title-line-height:var(--h2_typography-line-height);--awb-caption-title-letter-spacing:var(--h2_typography-letter-spacing);\"><span class=\" fusion-imageframe imageframe-none imageframe-1 hover-type-zoomin fusion-animated\" data-animationType=\"fadeInDown\" data-animationDuration=\"1.0\" data-animationOffset=\"bottom-in-view\"><a href=\"https:\/\/feucht-obsttechnik.de\/wp-content\/uploads\/nussverarbeitung-gro\u00df-waschen-wasch-und-kalibriermaschine-4-1.jpg\" class=\"fusion-lightbox\" data-rel=\"iLightbox[Wasch- und Kalibriermaschine ]\" data-title=\"A mos\u00f3 \u00e9s kalibr\u00e1l\u00f3 g\u00e9p megtiszt\u00edtja \u00e9s oszt\u00e1lyozza a di\u00f3f\u00e9l\u00e9ket\" title=\"A mos\u00f3 \u00e9s kalibr\u00e1l\u00f3 g\u00e9p megtiszt\u00edtja \u00e9s oszt\u00e1lyozza a di\u00f3f\u00e9l\u00e9ket\"><img decoding=\"async\" width=\"1600\" height=\"1200\" src=\"https:\/\/feucht-obsttechnik.de\/wp-content\/uploads\/nussverarbeitung-gro\u00df-waschen-wasch-und-kalibriermaschine-4-1.jpg\" alt class=\"img-responsive wp-image-13031\" srcset=\"https:\/\/feucht-obsttechnik.de\/wp-content\/uploads\/nussverarbeitung-gro\u00df-waschen-wasch-und-kalibriermaschine-4-1-200x150.jpg 200w, https:\/\/feucht-obsttechnik.de\/wp-content\/uploads\/nussverarbeitung-gro\u00df-waschen-wasch-und-kalibriermaschine-4-1-400x300.jpg 400w, https:\/\/feucht-obsttechnik.de\/wp-content\/uploads\/nussverarbeitung-gro\u00df-waschen-wasch-und-kalibriermaschine-4-1-600x450.jpg 600w, https:\/\/feucht-obsttechnik.de\/wp-content\/uploads\/nussverarbeitung-gro\u00df-waschen-wasch-und-kalibriermaschine-4-1-800x600.jpg 800w, https:\/\/feucht-obsttechnik.de\/wp-content\/uploads\/nussverarbeitung-gro\u00df-waschen-wasch-und-kalibriermaschine-4-1-1200x900.jpg 1200w, https:\/\/feucht-obsttechnik.de\/wp-content\/uploads\/nussverarbeitung-gro\u00df-waschen-wasch-und-kalibriermaschine-4-1.jpg 1600w\" sizes=\"(max-width: 835px) 100vw, 600px\" \/><\/a><\/span><\/div><div class=\"fusion-clearfix\"><\/div><\/div><\/div><\/div><\/div><div class=\"fusion-fullwidth fullwidth-box fusion-builder-row-3 nonhundred-percent-fullwidth non-hundred-percent-height-scrolling\" style=\"--awb-background-position:left top;--awb-border-sizes-top:0px;--awb-border-sizes-bottom:0px;--awb-border-sizes-left:0px;--awb-border-sizes-right:0px;--awb-border-radius-top-left:0px;--awb-border-radius-top-right:0px;--awb-border-radius-bottom-right:0px;--awb-border-radius-bottom-left:0px;--awb-padding-top:1px;--awb-padding-bottom:0px;--awb-background-color:#cc0000;--awb-flex-wrap:wrap;\" ><div class=\"fusion-builder-row fusion-row\"><div class=\"fusion-layout-column fusion_builder_column fusion-builder-column-5 fusion_builder_column_1_1 1_1 fusion-one-full fusion-column-first fusion-column-last\" style=\"--awb-padding-top:50px;--awb-padding-bottom:50px;--awb-padding-left:0px;--awb-bg-size:cover;--awb-margin-bottom:0px;\"><div class=\"fusion-column-wrapper fusion-column-has-shadow fusion-flex-column-wrapper-legacy\"><div class=\"fusion-column-content-centered\"><div class=\"fusion-column-content\"><div class=\"fusion-text fusion-text-5\"><h2 style=\"text-align: center; margin-bottom: 0px;\"><span style=\"color: #ffffff;\">A feucht obsttechnik di\u00f3f\u00e9l\u00e9k kalibr\u00e1l\u00e1s\u00e1ra szolg\u00e1l\u00f3 g\u00e9pei<\/span><\/h2>\n<\/div><\/div><\/div><div class=\"fusion-clearfix\"><\/div><\/div><\/div><\/div><\/div><div class=\"fusion-fullwidth fullwidth-box fusion-builder-row-4 nonhundred-percent-fullwidth non-hundred-percent-height-scrolling\" style=\"--awb-border-radius-top-left:0px;--awb-border-radius-top-right:0px;--awb-border-radius-bottom-right:0px;--awb-border-radius-bottom-left:0px;--awb-flex-wrap:wrap;\" ><div class=\"fusion-builder-row fusion-row\"><div class=\"fusion-layout-column fusion_builder_column fusion-builder-column-6 fusion_builder_column_1_1 1_1 fusion-one-full fusion-column-first fusion-column-last\" style=\"--awb-padding-top:0px;--awb-padding-right:0px;--awb-padding-bottom:0px;--awb-padding-left:0px;--awb-bg-size:cover;--awb-margin-bottom:0px;\"><div class=\"fusion-column-wrapper fusion-column-has-shadow fusion-flex-column-wrapper-legacy\"><div class=\"fusion-menu-anchor\" id=\"handschablone\"><\/div><div class=\"fusion-clearfix\"><\/div><\/div><\/div><\/div><\/div><div class=\"fusion-fullwidth fullwidth-box fusion-builder-row-5 fusion-parallax-none nonhundred-percent-fullwidth non-hundred-percent-height-scrolling\" style=\"--awb-border-radius-top-left:0px;--awb-border-radius-top-right:0px;--awb-border-radius-bottom-right:0px;--awb-border-radius-bottom-left:0px;--awb-padding-top:200px;--awb-margin-top:-1px;--awb-background-image:url(&quot;https:\/\/feucht-obsttechnik.de\/wp-content\/uploads\/nussverarbeitung-gro\u00df-kalibrieren-divider-handschablone.jpg&quot;);--awb-background-size:cover;--awb-flex-wrap:wrap;\" ><div class=\"fusion-builder-row fusion-row\"><div class=\"fusion-layout-column fusion_builder_column fusion-builder-column-7 fusion_builder_column_1_6 1_6 fusion-one-sixth fusion-column-first\" style=\"--awb-bg-size:cover;width:16.666666666667%;width:calc(16.666666666667% - ( ( 4% + 4% ) * 0.16666666666667 ) );margin-right: 4%;\"><div class=\"fusion-column-wrapper fusion-flex-column-wrapper-legacy\"><div class=\"fusion-clearfix\"><\/div><\/div><\/div><div class=\"fusion-layout-column fusion_builder_column fusion-builder-column-8 fusion_builder_column_2_3 2_3 fusion-two-third\" style=\"--awb-padding-top:50px;--awb-padding-right:50px;--awb-padding-bottom:50px;--awb-padding-left:50px;--awb-bg-color:rgba(255,255,255,0.9);--awb-bg-color-hover:rgba(255,255,255,0.9);--awb-bg-size:cover;--awb-margin-bottom:-100px;width:66.666666666667%;width:calc(66.666666666667% - ( ( 4% + 4% ) * 0.66666666666667 ) );margin-right: 4%;\"><div class=\"fusion-column-wrapper fusion-column-has-shadow fusion-flex-column-wrapper-legacy\"><div class=\"fusion-text fusion-text-6\"><h2 style=\"text-align: center;\">K\u00e9zi sablon<\/h2>\n<p style=\"text-align: center;\"><strong>A k\u00e9zi sablonnal a kalibr\u00e1l\u00f3 szita meghat\u00e1roz\u00e1s\u00e1hoz lehet m\u00e9retet v\u00e1lasztani.<\/strong><\/p>\n<p style=\"text-align: center;\">A k\u00e9zi sablont lehet a di\u00f3f\u00e9le \u00e1tm\u00e9r\u0151j\u00e9nek \u00e9s m\u00e9ret\u00e9nek meghat\u00e1roz\u00e1s\u00e1ra haszn\u00e1lni. Ez lehet\u0151v\u00e9 teszi a mechanikus kalibr\u00e1l\u00e1shoz val\u00f3 minta kiv\u00e1laszt\u00e1s\u00e1t. A k\u00e9zi sablon minden gyakori m\u00e9rettel rendelkezik (8 kalibr\u00e1l\u00e1s).<\/p>\n<\/div><div class=\"fusion-clearfix\"><\/div><\/div><\/div><div class=\"fusion-layout-column fusion_builder_column fusion-builder-column-9 fusion_builder_column_1_6 1_6 fusion-one-sixth fusion-column-last\" style=\"--awb-bg-size:cover;width:16.666666666667%;width:calc(16.666666666667% - ( ( 4% + 4% ) * 0.16666666666667 ) );\"><div class=\"fusion-column-wrapper fusion-flex-column-wrapper-legacy\"><div class=\"fusion-clearfix\"><\/div><\/div><\/div><\/div><\/div><div class=\"fusion-fullwidth fullwidth-box fusion-builder-row-6 nonhundred-percent-fullwidth non-hundred-percent-height-scrolling fusion-equal-height-columns\" style=\"--awb-border-radius-top-left:0px;--awb-border-radius-top-right:0px;--awb-border-radius-bottom-right:0px;--awb-border-radius-bottom-left:0px;--awb-padding-top:200px;--awb-background-color:#f2f2f2;--awb-flex-wrap:wrap;\" ><div class=\"fusion-builder-row fusion-row\"><div class=\"fusion-layout-column fusion_builder_column fusion-builder-column-10 fusion_builder_column_1_1 1_1 fusion-one-full fusion-column-first fusion-column-last\" style=\"--awb-bg-size:cover;\"><div class=\"fusion-column-wrapper fusion-flex-column-wrapper-legacy\"><div class=\"fusion-title title fusion-title-1 fusion-sep-none fusion-title-text fusion-title-size-one\" style=\"--awb-margin-top-small:0px;--awb-margin-right-small:0px;--awb-margin-bottom-small:20px;--awb-margin-left-small:0px;\"><h1 class=\"fusion-title-heading title-heading-left fusion-responsive-typography-calculated\" style=\"margin:0;--fontSize:38;line-height:1.33;\">A k\u00e9zi sablon r\u00e9szletei<\/h1><\/div><div class=\"fusion-clearfix\"><\/div><\/div><\/div><\/div><\/div><div class=\"fusion-fullwidth fullwidth-box fusion-builder-row-7 nonhundred-percent-fullwidth non-hundred-percent-height-scrolling fusion-equal-height-columns\" style=\"--awb-border-radius-top-left:0px;--awb-border-radius-top-right:0px;--awb-border-radius-bottom-right:0px;--awb-border-radius-bottom-left:0px;--awb-padding-bottom:100px;--awb-background-color:#f2f2f2;--awb-flex-wrap:wrap;\" ><div class=\"fusion-builder-row fusion-row\"><div class=\"fusion-layout-column fusion_builder_column fusion-builder-column-11 fusion_builder_column_1_2 1_2 fusion-one-half fusion-column-first\" style=\"--awb-bg-color:#ffffff;--awb-bg-color-hover:#ffffff;--awb-bg-size:cover;--awb-margin-bottom:40px;width:48%; margin-right: 4%;\"><div class=\"fusion-column-wrapper fusion-flex-column-wrapper-legacy\"><div class=\"fusion-image-element fusion-image-align-center in-legacy-container\" style=\"text-align:center;--awb-caption-title-font-family:var(--h2_typography-font-family);--awb-caption-title-font-weight:var(--h2_typography-font-weight);--awb-caption-title-font-style:var(--h2_typography-font-style);--awb-caption-title-size:var(--h2_typography-font-size);--awb-caption-title-transform:var(--h2_typography-text-transform);--awb-caption-title-line-height:var(--h2_typography-line-height);--awb-caption-title-letter-spacing:var(--h2_typography-letter-spacing);\"><div class=\"imageframe-align-center\"><span class=\" fusion-imageframe imageframe-none imageframe-2 hover-type-zoomin\"><a href=\"https:\/\/feucht-obsttechnik.de\/wp-content\/uploads\/nussverarbeitung-gro\u00df-kalibrieren-handschablone-1.jpg\" class=\"fusion-lightbox\" data-rel=\"iLightbox[K\u00e9zi sablon]\" data-title=\"Anyam\u00e9retek meghat\u00e1roz\u00e1sa a k\u00e9zi sablonnal\" title=\"Anyam\u00e9retek meghat\u00e1roz\u00e1sa a k\u00e9zi sablonnal\"><img decoding=\"async\" width=\"1600\" height=\"1200\" src=\"https:\/\/feucht-obsttechnik.de\/wp-content\/uploads\/nussverarbeitung-gro\u00df-kalibrieren-handschablone-1.jpg\" alt class=\"img-responsive wp-image-13026\" srcset=\"https:\/\/feucht-obsttechnik.de\/wp-content\/uploads\/nussverarbeitung-gro\u00df-kalibrieren-handschablone-1-200x150.jpg 200w, https:\/\/feucht-obsttechnik.de\/wp-content\/uploads\/nussverarbeitung-gro\u00df-kalibrieren-handschablone-1-400x300.jpg 400w, https:\/\/feucht-obsttechnik.de\/wp-content\/uploads\/nussverarbeitung-gro\u00df-kalibrieren-handschablone-1-600x450.jpg 600w, https:\/\/feucht-obsttechnik.de\/wp-content\/uploads\/nussverarbeitung-gro\u00df-kalibrieren-handschablone-1-800x600.jpg 800w, https:\/\/feucht-obsttechnik.de\/wp-content\/uploads\/nussverarbeitung-gro\u00df-kalibrieren-handschablone-1-1200x900.jpg 1200w, https:\/\/feucht-obsttechnik.de\/wp-content\/uploads\/nussverarbeitung-gro\u00df-kalibrieren-handschablone-1.jpg 1600w\" sizes=\"(max-width: 835px) 100vw, 600px\" \/><\/a><\/span><\/div><\/div><div class=\"fusion-clearfix\"><\/div><\/div><\/div><div class=\"fusion-layout-column fusion_builder_column fusion-builder-column-12 fusion_builder_column_1_2 1_2 fusion-one-half fusion-column-last\" style=\"--awb-bg-color:#ffffff;--awb-bg-color-hover:#ffffff;--awb-bg-size:cover;width:48%;\"><div class=\"fusion-column-wrapper fusion-flex-column-wrapper-legacy\"><div class=\"fusion-image-element fusion-image-align-center in-legacy-container\" style=\"text-align:center;--awb-caption-title-font-family:var(--h2_typography-font-family);--awb-caption-title-font-weight:var(--h2_typography-font-weight);--awb-caption-title-font-style:var(--h2_typography-font-style);--awb-caption-title-size:var(--h2_typography-font-size);--awb-caption-title-transform:var(--h2_typography-text-transform);--awb-caption-title-line-height:var(--h2_typography-line-height);--awb-caption-title-letter-spacing:var(--h2_typography-letter-spacing);\"><div class=\"imageframe-align-center\"><span class=\" fusion-imageframe imageframe-none imageframe-3 hover-type-zoomin\"><a href=\"https:\/\/feucht-obsttechnik.de\/wp-content\/uploads\/nussverarbeitung-gro\u00df-kalibrieren-handschablone-2.jpg\" class=\"fusion-lightbox\" data-rel=\"iLightbox[K\u00e9zi sablon]\" data-title=\"Anyam\u00e9retek meghat\u00e1roz\u00e1sa a k\u00e9zi sablonnal\" title=\"Anyam\u00e9retek meghat\u00e1roz\u00e1sa a k\u00e9zi sablonnal\"><img decoding=\"async\" width=\"1600\" height=\"1200\" src=\"https:\/\/feucht-obsttechnik.de\/wp-content\/uploads\/nussverarbeitung-gro\u00df-kalibrieren-handschablone-2.jpg\" alt class=\"img-responsive wp-image-13027\" srcset=\"https:\/\/feucht-obsttechnik.de\/wp-content\/uploads\/nussverarbeitung-gro\u00df-kalibrieren-handschablone-2-200x150.jpg 200w, https:\/\/feucht-obsttechnik.de\/wp-content\/uploads\/nussverarbeitung-gro\u00df-kalibrieren-handschablone-2-400x300.jpg 400w, https:\/\/feucht-obsttechnik.de\/wp-content\/uploads\/nussverarbeitung-gro\u00df-kalibrieren-handschablone-2-600x450.jpg 600w, https:\/\/feucht-obsttechnik.de\/wp-content\/uploads\/nussverarbeitung-gro\u00df-kalibrieren-handschablone-2-800x600.jpg 800w, https:\/\/feucht-obsttechnik.de\/wp-content\/uploads\/nussverarbeitung-gro\u00df-kalibrieren-handschablone-2-1200x900.jpg 1200w, https:\/\/feucht-obsttechnik.de\/wp-content\/uploads\/nussverarbeitung-gro\u00df-kalibrieren-handschablone-2.jpg 1600w\" sizes=\"(max-width: 835px) 100vw, 600px\" \/><\/a><\/span><\/div><\/div><div class=\"fusion-clearfix\"><\/div><\/div><\/div><\/div><\/div><div class=\"fusion-fullwidth fullwidth-box fusion-builder-row-8 nonhundred-percent-fullwidth non-hundred-percent-height-scrolling fusion-equal-height-columns\" style=\"--awb-border-radius-top-left:0px;--awb-border-radius-top-right:0px;--awb-border-radius-bottom-right:0px;--awb-border-radius-bottom-left:0px;--awb-padding-bottom:100px;--awb-background-color:#f2f2f2;--awb-flex-wrap:wrap;\" ><div class=\"fusion-builder-row fusion-row\"><div class=\"fusion-layout-column fusion_builder_column fusion-builder-column-13 fusion_builder_column_1_2 1_2 fusion-one-half fusion-column-first\" style=\"--awb-bg-color:#ffffff;--awb-bg-color-hover:#ffffff;--awb-bg-size:cover;--awb-margin-bottom:40px;width:48%; margin-right: 4%;\"><div class=\"fusion-column-wrapper fusion-flex-column-wrapper-legacy\"><div class=\"fusion-text fusion-text-7\"><div style=\"padding: 25px;\">\n<h2>El\u0151ny\u00f6k<\/h2>\n<ul>\n<li>A di\u00f3f\u00e9le m\u00e9ret\u00e9nek pontos meghat\u00e1roz\u00e1sa a mechanikus kalibr\u00e1l\u00e1shoz<\/li>\n<li>A kalibr\u00e1l\u00e1si m\u00e9retek teljes k\u00f6re<\/li>\n<li>M\u00e1s kalibr\u00e1l\u00e1si m\u00e9retekre is lehet\u0151s\u00e9g van<\/li>\n<\/ul>\n<\/div>\n<\/div><div class=\"fusion-clearfix\"><\/div><\/div><\/div><div class=\"fusion-layout-column fusion_builder_column fusion-builder-column-14 fusion_builder_column_1_2 1_2 fusion-one-half fusion-column-last\" style=\"--awb-bg-color:#ffffff;--awb-bg-color-hover:#ffffff;--awb-bg-size:cover;width:48%;\"><div class=\"fusion-column-wrapper fusion-flex-column-wrapper-legacy\"><div class=\"fusion-text fusion-text-8\"><div style=\"padding: 25px;\">\n<h2>M\u0171szaki adatok<\/h2>\n<\/div>\n<\/div>\n<div class=\"table-2\">\n<table width=\"100%\">\n<tbody>\n<tr>\n<td align=\"left\">Hossz\u00fas\u00e1g:<\/td>\n<td align=\"left\">25 cm<\/td>\n<\/tr>\n<tr>\n<td align=\"left\">Sz\u00e9less\u00e9g:<\/td>\n<td align=\"left\">19 cm<\/td>\n<\/tr>\n<tr>\n<td align=\"left\">Vastags\u00e1g:<\/td>\n<td align=\"left\">0,2 cm<\/td>\n<\/tr>\n<tr>\n<td align=\"left\">S\u00faly:<\/td>\n<td align=\"left\">0,366 kg<\/td>\n<\/tr>\n<\/tbody>\n<\/table>\n<\/div>\n<div class=\"fusion-clearfix\"><\/div><\/div><\/div><\/div><\/div><div class=\"fusion-fullwidth fullwidth-box fusion-builder-row-9 nonhundred-percent-fullwidth non-hundred-percent-height-scrolling\" style=\"--awb-border-radius-top-left:0px;--awb-border-radius-top-right:0px;--awb-border-radius-bottom-right:0px;--awb-border-radius-bottom-left:0px;--awb-flex-wrap:wrap;\" ><div class=\"fusion-builder-row fusion-row\"><div class=\"fusion-layout-column fusion_builder_column fusion-builder-column-15 fusion_builder_column_1_1 1_1 fusion-one-full fusion-column-first fusion-column-last\" style=\"--awb-padding-top:0px;--awb-padding-right:0px;--awb-padding-bottom:0px;--awb-padding-left:0px;--awb-bg-size:cover;--awb-margin-bottom:0px;\"><div class=\"fusion-column-wrapper fusion-column-has-shadow fusion-flex-column-wrapper-legacy\"><div class=\"fusion-menu-anchor\" id=\"nusskalibriermaschine\"><\/div><div class=\"fusion-clearfix\"><\/div><\/div><\/div><\/div><\/div><div class=\"fusion-fullwidth fullwidth-box fusion-builder-row-10 fusion-parallax-none nonhundred-percent-fullwidth non-hundred-percent-height-scrolling\" style=\"--awb-border-radius-top-left:0px;--awb-border-radius-top-right:0px;--awb-border-radius-bottom-right:0px;--awb-border-radius-bottom-left:0px;--awb-padding-top:200px;--awb-background-image:url(&quot;https:\/\/feucht-obsttechnik.de\/wp-content\/uploads\/nussverarbeitung-gro\u00df-kalibrieren-divider-nusskalibriermaschine-3.jpg&quot;);--awb-background-size:cover;--awb-flex-wrap:wrap;\" ><div class=\"fusion-builder-row fusion-row\"><div class=\"fusion-layout-column fusion_builder_column fusion-builder-column-16 fusion_builder_column_1_6 1_6 fusion-one-sixth fusion-column-first\" style=\"--awb-bg-size:cover;width:16.666666666667%;width:calc(16.666666666667% - ( ( 4% + 4% ) * 0.16666666666667 ) );margin-right: 4%;\"><div class=\"fusion-column-wrapper fusion-flex-column-wrapper-legacy\"><div class=\"fusion-clearfix\"><\/div><\/div><\/div><div class=\"fusion-layout-column fusion_builder_column fusion-builder-column-17 fusion_builder_column_2_3 2_3 fusion-two-third\" style=\"--awb-padding-top:50px;--awb-padding-right:50px;--awb-padding-bottom:50px;--awb-padding-left:50px;--awb-bg-color:rgba(255,255,255,0.9);--awb-bg-color-hover:rgba(255,255,255,0.9);--awb-bg-size:cover;--awb-margin-bottom:-100px;width:66.666666666667%;width:calc(66.666666666667% - ( ( 4% + 4% ) * 0.66666666666667 ) );margin-right: 4%;\"><div class=\"fusion-column-wrapper fusion-column-has-shadow fusion-flex-column-wrapper-legacy\"><div class=\"fusion-text fusion-text-9\"><h2 style=\"text-align: center;\">Hengeres kalibr\u00e1l\u00f3 g\u00e9p<\/h2>\n<p style=\"text-align: center;\"><strong>\u00d3r\u00e1nk\u00e9nt ak\u00e1r 100 kb \u00e9s 1000 kg k\u00f6z\u00f6tti di\u00f3f\u00e9le kalibr\u00e1l\u00e1sa.<\/strong><\/p>\n<p style=\"text-align: center;\">A <strong>kalibr\u00e1l\u00f3 g\u00e9p<\/strong> kalibr\u00e1l\u00f3 dobbal rendelkezik. Ez egyetlen m\u0171veletben kiv\u00e1logatja a di\u00f3f\u00e9l\u00e9ket ugyanazon vagy 2 k\u00fcl\u00f6nb\u00f6z\u0151 m\u00e9ret szerint (opcion\u00e1lisan ak\u00e1r 4 m\u00e9ret szerint is). A v\u00e1logat\u00f3 szita r\u00e1ad\u00e1sul k\u00f6nnyen \u00e9s gyorsan cser\u00e9lhet\u0151.<\/p>\n<p style=\"text-align: center;\">A kalibr\u00e1l\u00f3 szit\u00e1k minden \u00e1tm\u00e9r\u0151ben kaphat\u00f3k. A munka- \u00e9s a teljes magass\u00e1g fokozatmentesen \u00e1ll\u00edthat\u00f3. A hengeres kalibr\u00e1l\u00f3 g\u00e9p hajt\u00e1sa csigahajt\u00f3m\u0171vel vagy elasztikus tengelykapcsol\u00f3val t\u00f6rt\u00e9nik. Opcion\u00e1lisan m\u0171anyag szita haszn\u00e1lat\u00e1val geszteny\u00e9t is lehet finoman kalibr\u00e1lni.<\/p>\n<\/div><div class=\"fusion-clearfix\"><\/div><\/div><\/div><div class=\"fusion-layout-column fusion_builder_column fusion-builder-column-18 fusion_builder_column_1_6 1_6 fusion-one-sixth fusion-column-last\" style=\"--awb-bg-size:cover;width:16.666666666667%;width:calc(16.666666666667% - ( ( 4% + 4% ) * 0.16666666666667 ) );\"><div class=\"fusion-column-wrapper fusion-flex-column-wrapper-legacy\"><div class=\"fusion-clearfix\"><\/div><\/div><\/div><\/div><\/div><div class=\"fusion-fullwidth fullwidth-box fusion-builder-row-11 nonhundred-percent-fullwidth non-hundred-percent-height-scrolling fusion-equal-height-columns\" style=\"--awb-border-radius-top-left:0px;--awb-border-radius-top-right:0px;--awb-border-radius-bottom-right:0px;--awb-border-radius-bottom-left:0px;--awb-padding-top:200px;--awb-background-color:#f2f2f2;--awb-flex-wrap:wrap;\" ><div class=\"fusion-builder-row fusion-row\"><div class=\"fusion-layout-column fusion_builder_column fusion-builder-column-19 fusion_builder_column_1_1 1_1 fusion-one-full fusion-column-first fusion-column-last\" style=\"--awb-bg-size:cover;\"><div class=\"fusion-column-wrapper fusion-flex-column-wrapper-legacy\"><div class=\"fusion-title title fusion-title-2 fusion-sep-none fusion-title-text fusion-title-size-one\" style=\"--awb-margin-top-small:0px;--awb-margin-right-small:0px;--awb-margin-bottom-small:20px;--awb-margin-left-small:0px;\"><h1 class=\"fusion-title-heading title-heading-left fusion-responsive-typography-calculated\" style=\"margin:0;--fontSize:38;line-height:1.33;\">A kalibr\u00e1l\u00f3 g\u00e9pre vonatkoz\u00f3 r\u00e9szletek<\/h1><\/div><div class=\"fusion-clearfix\"><\/div><\/div><\/div><\/div><\/div><div class=\"fusion-fullwidth fullwidth-box fusion-builder-row-12 nonhundred-percent-fullwidth non-hundred-percent-height-scrolling fusion-equal-height-columns\" style=\"--awb-border-radius-top-left:0px;--awb-border-radius-top-right:0px;--awb-border-radius-bottom-right:0px;--awb-border-radius-bottom-left:0px;--awb-padding-bottom:100px;--awb-background-color:#f2f2f2;--awb-flex-wrap:wrap;\" ><div class=\"fusion-builder-row fusion-row\"><div class=\"fusion-layout-column fusion_builder_column fusion-builder-column-20 fusion_builder_column_1_2 1_2 fusion-one-half fusion-column-first\" style=\"--awb-bg-color:#ffffff;--awb-bg-color-hover:#ffffff;--awb-bg-size:cover;--awb-margin-bottom:40px;width:48%; margin-right: 4%;\"><div class=\"fusion-column-wrapper fusion-flex-column-wrapper-legacy\"><div class=\"fusion-image-element fusion-image-align-center in-legacy-container\" style=\"text-align:center;--awb-caption-title-font-family:var(--h2_typography-font-family);--awb-caption-title-font-weight:var(--h2_typography-font-weight);--awb-caption-title-font-style:var(--h2_typography-font-style);--awb-caption-title-size:var(--h2_typography-font-size);--awb-caption-title-transform:var(--h2_typography-text-transform);--awb-caption-title-line-height:var(--h2_typography-line-height);--awb-caption-title-letter-spacing:var(--h2_typography-letter-spacing);\"><div class=\"imageframe-align-center\"><span class=\" fusion-imageframe imageframe-none imageframe-4 hover-type-zoomin\"><a href=\"https:\/\/feucht-obsttechnik.de\/wp-content\/uploads\/nussverarbeitung-gro\u00df-kalibrieren-nusskalibriermaschine-3.jpg\" class=\"fusion-lightbox\" data-rel=\"iLightbox[Nusskalibriermaschine ]\" data-title=\"Di\u00f3v\u00e1logat\u00e1s a di\u00f3 kalibr\u00e1l\u00f3 g\u00e9ppel\" title=\"Di\u00f3v\u00e1logat\u00e1s a di\u00f3 kalibr\u00e1l\u00f3 g\u00e9ppel\"><img decoding=\"async\" width=\"1600\" height=\"1200\" src=\"https:\/\/feucht-obsttechnik.de\/wp-content\/uploads\/nussverarbeitung-gro\u00df-kalibrieren-nusskalibriermaschine-3.jpg\" alt class=\"img-responsive wp-image-13024\" srcset=\"https:\/\/feucht-obsttechnik.de\/wp-content\/uploads\/nussverarbeitung-gro\u00df-kalibrieren-nusskalibriermaschine-3-200x150.jpg 200w, https:\/\/feucht-obsttechnik.de\/wp-content\/uploads\/nussverarbeitung-gro\u00df-kalibrieren-nusskalibriermaschine-3-400x300.jpg 400w, https:\/\/feucht-obsttechnik.de\/wp-content\/uploads\/nussverarbeitung-gro\u00df-kalibrieren-nusskalibriermaschine-3-600x450.jpg 600w, https:\/\/feucht-obsttechnik.de\/wp-content\/uploads\/nussverarbeitung-gro\u00df-kalibrieren-nusskalibriermaschine-3-800x600.jpg 800w, https:\/\/feucht-obsttechnik.de\/wp-content\/uploads\/nussverarbeitung-gro\u00df-kalibrieren-nusskalibriermaschine-3-1200x900.jpg 1200w, https:\/\/feucht-obsttechnik.de\/wp-content\/uploads\/nussverarbeitung-gro\u00df-kalibrieren-nusskalibriermaschine-3.jpg 1600w\" sizes=\"(max-width: 835px) 100vw, 600px\" \/><\/a><\/span><\/div><\/div><div class=\"fusion-clearfix\"><\/div><\/div><\/div><div class=\"fusion-layout-column fusion_builder_column fusion-builder-column-21 fusion_builder_column_1_2 1_2 fusion-one-half fusion-column-last\" style=\"--awb-bg-color:#ffffff;--awb-bg-color-hover:#ffffff;--awb-bg-size:cover;--awb-margin-bottom:40px;width:48%;\"><div class=\"fusion-column-wrapper fusion-flex-column-wrapper-legacy\"><div class=\"fusion-image-element fusion-image-align-center in-legacy-container\" style=\"text-align:center;--awb-caption-title-font-family:var(--h2_typography-font-family);--awb-caption-title-font-weight:var(--h2_typography-font-weight);--awb-caption-title-font-style:var(--h2_typography-font-style);--awb-caption-title-size:var(--h2_typography-font-size);--awb-caption-title-transform:var(--h2_typography-text-transform);--awb-caption-title-line-height:var(--h2_typography-line-height);--awb-caption-title-letter-spacing:var(--h2_typography-letter-spacing);\"><div class=\"imageframe-align-center\"><span class=\" fusion-imageframe imageframe-none imageframe-5 hover-type-zoomin\"><a href=\"https:\/\/feucht-obsttechnik.de\/wp-content\/uploads\/nussverarbeitung-gro\u00df-kalibrieren-nusskalibriermaschine-2.jpg\" class=\"fusion-lightbox\" data-rel=\"iLightbox[Nusskalibriermaschine ]\" data-title=\"Di\u00f3v\u00e1logat\u00e1s a di\u00f3 kalibr\u00e1l\u00f3 g\u00e9ppel\" title=\"Di\u00f3v\u00e1logat\u00e1s a di\u00f3 kalibr\u00e1l\u00f3 g\u00e9ppel\"><img decoding=\"async\" width=\"1600\" height=\"1200\" src=\"https:\/\/feucht-obsttechnik.de\/wp-content\/uploads\/nussverarbeitung-gro\u00df-kalibrieren-nusskalibriermaschine-2.jpg\" alt class=\"img-responsive wp-image-13028\" srcset=\"https:\/\/feucht-obsttechnik.de\/wp-content\/uploads\/nussverarbeitung-gro\u00df-kalibrieren-nusskalibriermaschine-2-200x150.jpg 200w, https:\/\/feucht-obsttechnik.de\/wp-content\/uploads\/nussverarbeitung-gro\u00df-kalibrieren-nusskalibriermaschine-2-400x300.jpg 400w, https:\/\/feucht-obsttechnik.de\/wp-content\/uploads\/nussverarbeitung-gro\u00df-kalibrieren-nusskalibriermaschine-2-600x450.jpg 600w, https:\/\/feucht-obsttechnik.de\/wp-content\/uploads\/nussverarbeitung-gro\u00df-kalibrieren-nusskalibriermaschine-2-800x600.jpg 800w, https:\/\/feucht-obsttechnik.de\/wp-content\/uploads\/nussverarbeitung-gro\u00df-kalibrieren-nusskalibriermaschine-2-1200x900.jpg 1200w, https:\/\/feucht-obsttechnik.de\/wp-content\/uploads\/nussverarbeitung-gro\u00df-kalibrieren-nusskalibriermaschine-2.jpg 1600w\" sizes=\"(max-width: 835px) 100vw, 600px\" \/><\/a><\/span><\/div><\/div><div class=\"fusion-clearfix\"><\/div><\/div><\/div><\/div><\/div><div class=\"fusion-fullwidth fullwidth-box fusion-builder-row-13 nonhundred-percent-fullwidth non-hundred-percent-height-scrolling fusion-equal-height-columns\" style=\"--awb-border-radius-top-left:0px;--awb-border-radius-top-right:0px;--awb-border-radius-bottom-right:0px;--awb-border-radius-bottom-left:0px;--awb-padding-bottom:100px;--awb-background-color:#f2f2f2;--awb-flex-wrap:wrap;\" ><div class=\"fusion-builder-row fusion-row\"><div class=\"fusion-layout-column fusion_builder_column fusion-builder-column-22 fusion_builder_column_1_2 1_2 fusion-one-half fusion-column-first\" style=\"--awb-bg-color:#ffffff;--awb-bg-color-hover:#ffffff;--awb-bg-size:cover;--awb-margin-bottom:40px;width:48%; margin-right: 4%;\"><div class=\"fusion-column-wrapper fusion-flex-column-wrapper-legacy\"><div class=\"fusion-text fusion-text-10\"><div style=\"padding: 25px;\">\n<h2>El\u0151ny\u00f6k<\/h2>\n<ul>\n<li>\u00c1ll\u00edthat\u00f3 teljes magass\u00e1g<\/li>\n<li>Alkalmas di\u00f3hoz, mogyor\u00f3hoz \u00e9s geszteny\u00e9hez<\/li>\n<li>Galvaniz\u00e1lt ac\u00e9lv\u00e1z<\/li>\n<li>K\u00fcl\u00f6nb\u00f6z\u0151 kalibr\u00e1l\u00e1si m\u00e9retekre van lehet\u0151s\u00e9g (1 cm-t\u0151l ak\u00e1r 3,6 cm-ig)<\/li>\n<li>Csigahajt\u00f3m\u0171 hajtja<\/li>\n<\/ul>\n<\/div>\n<\/div><div class=\"fusion-clearfix\"><\/div><\/div><\/div><div class=\"fusion-layout-column fusion_builder_column fusion-builder-column-23 fusion_builder_column_1_2 1_2 fusion-one-half fusion-column-last\" style=\"--awb-bg-color:#ffffff;--awb-bg-color-hover:#ffffff;--awb-bg-size:cover;width:48%;\"><div class=\"fusion-column-wrapper fusion-flex-column-wrapper-legacy\"><div class=\"fusion-image-element fusion-image-align-center in-legacy-container\" style=\"text-align:center;--awb-caption-title-font-family:var(--h2_typography-font-family);--awb-caption-title-font-weight:var(--h2_typography-font-weight);--awb-caption-title-font-style:var(--h2_typography-font-style);--awb-caption-title-size:var(--h2_typography-font-size);--awb-caption-title-transform:var(--h2_typography-text-transform);--awb-caption-title-line-height:var(--h2_typography-line-height);--awb-caption-title-letter-spacing:var(--h2_typography-letter-spacing);\"><div class=\"imageframe-align-center\"><span class=\" fusion-imageframe imageframe-none imageframe-6 hover-type-zoomin\"><a href=\"https:\/\/feucht-obsttechnik.de\/wp-content\/uploads\/nussverarbeitung-gro\u00df-kalibrieren-nusskalibriermaschine-1.jpg\" class=\"fusion-lightbox\" data-rel=\"iLightbox[Nusskalibriermaschine ]\" data-title=\"Di\u00f3v\u00e1logat\u00e1s a di\u00f3 kalibr\u00e1l\u00f3 g\u00e9ppel\" title=\"Di\u00f3v\u00e1logat\u00e1s a di\u00f3 kalibr\u00e1l\u00f3 g\u00e9ppel\"><img decoding=\"async\" width=\"1600\" height=\"1200\" src=\"https:\/\/feucht-obsttechnik.de\/wp-content\/uploads\/nussverarbeitung-gro\u00df-kalibrieren-nusskalibriermaschine-1.jpg\" alt class=\"img-responsive wp-image-13029\" srcset=\"https:\/\/feucht-obsttechnik.de\/wp-content\/uploads\/nussverarbeitung-gro\u00df-kalibrieren-nusskalibriermaschine-1-200x150.jpg 200w, https:\/\/feucht-obsttechnik.de\/wp-content\/uploads\/nussverarbeitung-gro\u00df-kalibrieren-nusskalibriermaschine-1-400x300.jpg 400w, https:\/\/feucht-obsttechnik.de\/wp-content\/uploads\/nussverarbeitung-gro\u00df-kalibrieren-nusskalibriermaschine-1-600x450.jpg 600w, https:\/\/feucht-obsttechnik.de\/wp-content\/uploads\/nussverarbeitung-gro\u00df-kalibrieren-nusskalibriermaschine-1-800x600.jpg 800w, https:\/\/feucht-obsttechnik.de\/wp-content\/uploads\/nussverarbeitung-gro\u00df-kalibrieren-nusskalibriermaschine-1-1200x900.jpg 1200w, https:\/\/feucht-obsttechnik.de\/wp-content\/uploads\/nussverarbeitung-gro\u00df-kalibrieren-nusskalibriermaschine-1.jpg 1600w\" sizes=\"(max-width: 835px) 100vw, 600px\" \/><\/a><\/span><\/div><\/div><div class=\"fusion-clearfix\"><\/div><\/div><\/div><\/div><\/div><div class=\"fusion-fullwidth fullwidth-box fusion-builder-row-14 nonhundred-percent-fullwidth non-hundred-percent-height-scrolling fusion-equal-height-columns\" style=\"--awb-border-radius-top-left:0px;--awb-border-radius-top-right:0px;--awb-border-radius-bottom-right:0px;--awb-border-radius-bottom-left:0px;--awb-padding-bottom:100px;--awb-background-color:#f2f2f2;--awb-flex-wrap:wrap;\" ><div class=\"fusion-builder-row fusion-row\"><div class=\"fusion-layout-column fusion_builder_column fusion-builder-column-24 fusion_builder_column_1_1 1_1 fusion-one-full fusion-column-first fusion-column-last\" style=\"--awb-bg-color:#ffffff;--awb-bg-color-hover:#ffffff;--awb-bg-size:cover;\"><div class=\"fusion-column-wrapper fusion-column-has-shadow fusion-flex-column-wrapper-legacy\"><div class=\"fusion-text fusion-text-11\"><div style=\"padding: 25px;\">\n<h2>M\u0171szaki adatok<\/h2>\n<\/div>\n<\/div>\n<div class=\"table-2\">\n<table width=\"100%\">\n<thead>\n<tr>\n<th align=\"left\">T\u00edpusok:<\/th>\n<th align=\"left\">C10 (1m)<\/th>\n<th align=\"left\">C10 (2m)<\/th>\n<th align=\"left\">C25<\/th>\n<th align=\"left\">C37<\/th>\n<\/tr>\n<\/thead>\n<tbody>\n<tr>\n<td align=\"left\">Hossz\u00fas\u00e1g:<\/td>\n<td align=\"left\">250 cm<\/td>\n<td align=\"left\">290 cm<\/td>\n<td align=\"left\">300 cm<\/td>\n<td align=\"left\">440 cm<\/td>\n<\/tr>\n<tr>\n<td align=\"left\">Sz\u00e9less\u00e9g:<\/td>\n<td align=\"left\">87 cm<\/td>\n<td align=\"left\">87 cm<\/td>\n<td align=\"left\">87,5 cm<\/td>\n<td align=\"left\">87,5 cm<\/td>\n<\/tr>\n<tr>\n<td align=\"left\">Magass\u00e1g:<\/td>\n<td align=\"left\">90-170 cm<\/td>\n<td align=\"left\">90-170 cm<\/td>\n<td align=\"left\">200 cm<\/td>\n<td align=\"left\">120 cm<\/td>\n<\/tr>\n<tr>\n<td align=\"left\">Dob hossz\u00fas\u00e1ga:<\/td>\n<td align=\"left\">100 cm<\/td>\n<td align=\"left\">200 cm<\/td>\n<td align=\"left\">2250 cm<\/td>\n<td align=\"left\">375 cm<\/td>\n<\/tr>\n<tr>\n<td align=\"left\">Dob \u00e1tm\u00e9r\u0151je:<\/td>\n<td align=\"left\">63,5 cm<\/td>\n<td align=\"left\">63,5 cm<\/td>\n<td align=\"left\">78,5 cm<\/td>\n<td align=\"left\">Kb. 100 cm<\/td>\n<\/tr>\n<tr>\n<td align=\"left\">S\u00faly:<\/td>\n<td align=\"left\">119 kg<\/td>\n<td align=\"left\">182 kg<\/td>\n<td align=\"left\">365 kg<\/td>\n<td align=\"left\">640 kg<\/td>\n<\/tr>\n<tr>\n<td align=\"left\">\u00c1raml\u00e1si mennyis\u00e9g:<\/td>\n<td align=\"left\">120 kg\/h<\/td>\n<td align=\"left\">350 kg\/h (egy kalibr\u00e1l\u00e1s)<br \/>\n350 kg\/h (egy kalibr\u00e1l\u00e1s)<br \/>\n250 kg\/h (k\u00e9t kalibr\u00e1l\u00e1s<\/td>\n<td align=\"left\">1000 kg\/h (egy kalibr\u00e1l\u00e1s)<br \/>\n300 kg\/h (k\u00e9t kalibr\u00e1l\u00e1s)<\/td>\n<td align=\"left\">1125 kg\/h (egy kalibr\u00e1l\u00e1s)<br \/>\n1000 kg\/h (k\u00e9t kalibr\u00e1l\u00e1s)<\/td>\n<\/tr>\n<tr>\n<td align=\"left\">Motor:<\/td>\n<td align=\"left\">0,18 kw csigahajt\u00f3m\u0171 \/ 380 v<\/td>\n<td align=\"left\">0,18 kw csigahajt\u00f3m\u0171 \/ 380 v<\/td>\n<td align=\"left\">Csigahajt\u00f3m\u0171ves hajt\u00f3motor \/ 380 v<\/td>\n<td align=\"left\">0,55 kw csigahajt\u00f3m\u0171ves hajt\u00f3motor \/ 380 v<\/td>\n<\/tr>\n<tr>\n<td style=\"text-align: left;\" align=\"left\">A di\u00f3f\u00e9l\u00e9k k\u00f6vetkez\u0151 \u00e1tm\u00e9r\u0151j\u00e9hez alkalmas:<\/td>\n<td style=\"text-align: center;\" colspan=\"4\" align=\"left\">1,0 \u2013 3,6 cm (az \u00fcgyf\u00e9l v\u00e1lasztja ki)<\/td>\n<\/tr>\n<\/tbody>\n<\/table>\n<\/div>\n<div class=\"fusion-clearfix\"><\/div><\/div><\/div><\/div><\/div><div class=\"fusion-fullwidth fullwidth-box fusion-builder-row-15 nonhundred-percent-fullwidth non-hundred-percent-height-scrolling\" style=\"--awb-border-radius-top-left:0px;--awb-border-radius-top-right:0px;--awb-border-radius-bottom-right:0px;--awb-border-radius-bottom-left:0px;--awb-flex-wrap:wrap;\" ><div class=\"fusion-builder-row fusion-row\"><div class=\"fusion-layout-column fusion_builder_column fusion-builder-column-25 fusion_builder_column_1_1 1_1 fusion-one-full fusion-column-first fusion-column-last\" style=\"--awb-padding-top:0px;--awb-padding-right:0px;--awb-padding-bottom:0px;--awb-padding-left:0px;--awb-bg-size:cover;--awb-margin-bottom:0px;\"><div class=\"fusion-column-wrapper fusion-column-has-shadow fusion-flex-column-wrapper-legacy\"><div class=\"fusion-menu-anchor\" id=\"wasch-und-kalibriermaschine\"><\/div><div class=\"fusion-clearfix\"><\/div><\/div><\/div><\/div><\/div><div class=\"fusion-fullwidth fullwidth-box fusion-builder-row-16 fusion-parallax-none nonhundred-percent-fullwidth non-hundred-percent-height-scrolling\" style=\"--awb-border-radius-top-left:0px;--awb-border-radius-top-right:0px;--awb-border-radius-bottom-right:0px;--awb-border-radius-bottom-left:0px;--awb-padding-top:200px;--awb-background-image:url(&quot;https:\/\/feucht-obsttechnik.de\/wp-content\/uploads\/nussverarbeitung-gro\u00df-divider-waschen-wasch-und-kalibriermaschine-1.jpg&quot;);--awb-background-size:cover;--awb-flex-wrap:wrap;\" ><div class=\"fusion-builder-row fusion-row\"><div class=\"fusion-layout-column fusion_builder_column fusion-builder-column-26 fusion_builder_column_1_6 1_6 fusion-one-sixth fusion-column-first\" style=\"--awb-bg-size:cover;width:16.666666666667%;width:calc(16.666666666667% - ( ( 4% + 4% ) * 0.16666666666667 ) );margin-right: 4%;\"><div class=\"fusion-column-wrapper fusion-flex-column-wrapper-legacy\"><div class=\"fusion-clearfix\"><\/div><\/div><\/div><div class=\"fusion-layout-column fusion_builder_column fusion-builder-column-27 fusion_builder_column_2_3 2_3 fusion-two-third\" style=\"--awb-padding-top:50px;--awb-padding-right:50px;--awb-padding-bottom:50px;--awb-padding-left:50px;--awb-bg-color:rgba(255,255,255,0.9);--awb-bg-color-hover:rgba(255,255,255,0.9);--awb-bg-size:cover;--awb-margin-bottom:-100px;width:66.666666666667%;width:calc(66.666666666667% - ( ( 4% + 4% ) * 0.66666666666667 ) );margin-right: 4%;\"><div class=\"fusion-column-wrapper fusion-column-has-shadow fusion-flex-column-wrapper-legacy\"><div class=\"fusion-text fusion-text-12\"><h2 style=\"text-align: center;\">Mos\u00f3- \u00e9s kalibr\u00e1l\u00f3 g\u00e9p<\/h2>\n<p style=\"text-align: center;\"><strong>Di\u00f3 tiszt\u00edt\u00e1s\u00e1ra, kalibr\u00e1l\u00e1s\u00e1ra \u00e9s feloszt\u00e1s\u00e1ra szolg\u00e1l\u00f3 univerz\u00e1lis g\u00e9p.<\/strong><\/p>\n<p style=\"text-align: center;\">A <strong>mos\u00f3 \u00e9s kalibr\u00e1l\u00f3 g\u00e9p<\/strong> megtiszt\u00edtja \u00e9s m\u00e9ret szerint oszt\u00e1lyozza a di\u00f3f\u00e9l\u00e9ket. Ezzel a nyers h\u00e9jak ak\u00e1r 95%-\u00e1t elk\u00fcl\u00f6n\u00edti a di\u00f3f\u00e9l\u00e9kt\u0151l. A tiszt\u00edt\u00e1shoz mos\u00f3dob (ov\u00e1lis kivitel) haszn\u00e1latos. A hengert \/ dobot ut\u00e1na kerek furatos szit\u00e1ra cser\u00e9lik a di\u00f3f\u00e9l\u00e9k kalibr\u00e1l\u00e1s\u00e1hoz.<\/p>\n<p style=\"text-align: center;\">K\u00e9t kalibr\u00e1l\u00e1si \u00e9rt\u00e9k k\u00f6z\u00fcl v\u00e1laszthat. Szabv\u00e1nyos f\u00far\u00f3 hajtja. Opcion\u00e1lisan a di\u00f3f\u00e9l\u00e9k adagol\u00e1s\u00e1val vagy 230 v-os elektromos motorral.<\/p>\n<\/div><div class=\"fusion-clearfix\"><\/div><\/div><\/div><div class=\"fusion-layout-column fusion_builder_column fusion-builder-column-28 fusion_builder_column_1_6 1_6 fusion-one-sixth fusion-column-last\" style=\"--awb-bg-size:cover;width:16.666666666667%;width:calc(16.666666666667% - ( ( 4% + 4% ) * 0.16666666666667 ) );\"><div class=\"fusion-column-wrapper fusion-flex-column-wrapper-legacy\"><div class=\"fusion-clearfix\"><\/div><\/div><\/div><\/div><\/div><div class=\"fusion-fullwidth fullwidth-box fusion-builder-row-17 nonhundred-percent-fullwidth non-hundred-percent-height-scrolling fusion-equal-height-columns\" style=\"--awb-border-radius-top-left:0px;--awb-border-radius-top-right:0px;--awb-border-radius-bottom-right:0px;--awb-border-radius-bottom-left:0px;--awb-padding-top:200px;--awb-background-color:#f2f2f2;--awb-flex-wrap:wrap;\" ><div class=\"fusion-builder-row fusion-row\"><div class=\"fusion-layout-column fusion_builder_column fusion-builder-column-29 fusion_builder_column_1_1 1_1 fusion-one-full fusion-column-first fusion-column-last\" style=\"--awb-bg-size:cover;\"><div class=\"fusion-column-wrapper fusion-flex-column-wrapper-legacy\"><div class=\"fusion-title title fusion-title-3 fusion-sep-none fusion-title-text fusion-title-size-one\" style=\"--awb-margin-top-small:0px;--awb-margin-right-small:0px;--awb-margin-bottom-small:20px;--awb-margin-left-small:0px;\"><h1 class=\"fusion-title-heading title-heading-left fusion-responsive-typography-calculated\" style=\"margin:0;--fontSize:38;line-height:1.33;\">A mos\u00f3- \u00e9s kalibr\u00e1l\u00f3 g\u00e9pre vonatkoz\u00f3 r\u00e9szletek<\/h1><\/div><div class=\"fusion-clearfix\"><\/div><\/div><\/div><\/div><\/div><div class=\"fusion-fullwidth fullwidth-box fusion-builder-row-18 nonhundred-percent-fullwidth non-hundred-percent-height-scrolling fusion-equal-height-columns\" style=\"--awb-border-radius-top-left:0px;--awb-border-radius-top-right:0px;--awb-border-radius-bottom-right:0px;--awb-border-radius-bottom-left:0px;--awb-padding-bottom:100px;--awb-background-color:#f2f2f2;--awb-flex-wrap:wrap;\" ><div class=\"fusion-builder-row fusion-row\"><div class=\"fusion-layout-column fusion_builder_column fusion-builder-column-30 fusion_builder_column_1_3 1_3 fusion-one-third fusion-column-first\" style=\"--awb-bg-color:#ffffff;--awb-bg-color-hover:#ffffff;--awb-bg-size:cover;--awb-margin-bottom:40px;width:30.6666%; margin-right: 4%;\"><div class=\"fusion-column-wrapper fusion-flex-column-wrapper-legacy\"><div class=\"fusion-image-element fusion-image-align-center in-legacy-container\" style=\"text-align:center;--awb-caption-title-font-family:var(--h2_typography-font-family);--awb-caption-title-font-weight:var(--h2_typography-font-weight);--awb-caption-title-font-style:var(--h2_typography-font-style);--awb-caption-title-size:var(--h2_typography-font-size);--awb-caption-title-transform:var(--h2_typography-text-transform);--awb-caption-title-line-height:var(--h2_typography-line-height);--awb-caption-title-letter-spacing:var(--h2_typography-letter-spacing);\"><div class=\"imageframe-align-center\"><span class=\" fusion-imageframe imageframe-none imageframe-7 hover-type-zoomin\"><a href=\"https:\/\/feucht-obsttechnik.de\/wp-content\/uploads\/nussverarbeitung-gro\u00df-waschen-wasch-und-kalibriermaschine-3-1.jpg\" class=\"fusion-lightbox\" data-rel=\"iLightbox[Wasch- und Kalibriermaschine ]\" data-title=\"A mos\u00f3 \u00e9s kalibr\u00e1l\u00f3 g\u00e9p megtiszt\u00edtja \u00e9s oszt\u00e1lyozza a di\u00f3f\u00e9l\u00e9ket\" title=\"A mos\u00f3 \u00e9s kalibr\u00e1l\u00f3 g\u00e9p megtiszt\u00edtja \u00e9s oszt\u00e1lyozza a di\u00f3f\u00e9l\u00e9ket\"><img decoding=\"async\" width=\"1600\" height=\"1200\" src=\"https:\/\/feucht-obsttechnik.de\/wp-content\/uploads\/nussverarbeitung-gro\u00df-waschen-wasch-und-kalibriermaschine-3-1.jpg\" alt class=\"img-responsive wp-image-13032\" srcset=\"https:\/\/feucht-obsttechnik.de\/wp-content\/uploads\/nussverarbeitung-gro\u00df-waschen-wasch-und-kalibriermaschine-3-1-200x150.jpg 200w, https:\/\/feucht-obsttechnik.de\/wp-content\/uploads\/nussverarbeitung-gro\u00df-waschen-wasch-und-kalibriermaschine-3-1-400x300.jpg 400w, https:\/\/feucht-obsttechnik.de\/wp-content\/uploads\/nussverarbeitung-gro\u00df-waschen-wasch-und-kalibriermaschine-3-1-600x450.jpg 600w, https:\/\/feucht-obsttechnik.de\/wp-content\/uploads\/nussverarbeitung-gro\u00df-waschen-wasch-und-kalibriermaschine-3-1-800x600.jpg 800w, https:\/\/feucht-obsttechnik.de\/wp-content\/uploads\/nussverarbeitung-gro\u00df-waschen-wasch-und-kalibriermaschine-3-1-1200x900.jpg 1200w, https:\/\/feucht-obsttechnik.de\/wp-content\/uploads\/nussverarbeitung-gro\u00df-waschen-wasch-und-kalibriermaschine-3-1.jpg 1600w\" sizes=\"(max-width: 835px) 100vw, 400px\" \/><\/a><\/span><\/div><\/div><div class=\"fusion-clearfix\"><\/div><\/div><\/div><div class=\"fusion-layout-column fusion_builder_column fusion-builder-column-31 fusion_builder_column_1_3 1_3 fusion-one-third\" style=\"--awb-bg-color:#ffffff;--awb-bg-color-hover:#ffffff;--awb-bg-size:cover;width:30.6666%; margin-right: 4%;\"><div class=\"fusion-column-wrapper fusion-flex-column-wrapper-legacy\"><div class=\"fusion-image-element fusion-image-align-center in-legacy-container\" style=\"text-align:center;--awb-caption-title-font-family:var(--h2_typography-font-family);--awb-caption-title-font-weight:var(--h2_typography-font-weight);--awb-caption-title-font-style:var(--h2_typography-font-style);--awb-caption-title-size:var(--h2_typography-font-size);--awb-caption-title-transform:var(--h2_typography-text-transform);--awb-caption-title-line-height:var(--h2_typography-line-height);--awb-caption-title-letter-spacing:var(--h2_typography-letter-spacing);\"><div class=\"imageframe-align-center\"><span class=\" fusion-imageframe imageframe-none imageframe-8 hover-type-zoomin\"><a href=\"https:\/\/feucht-obsttechnik.de\/wp-content\/uploads\/nussverarbeitung-gro\u00df-waschen-wasch-und-kalibriermaschine-2-1.jpg\" class=\"fusion-lightbox\" data-rel=\"iLightbox[Wasch- und Kalibriermaschine ]\" data-title=\"A mos\u00f3 \u00e9s kalibr\u00e1l\u00f3 g\u00e9p megtiszt\u00edtja \u00e9s oszt\u00e1lyozza a di\u00f3f\u00e9l\u00e9ket\" title=\"A mos\u00f3 \u00e9s kalibr\u00e1l\u00f3 g\u00e9p megtiszt\u00edtja \u00e9s oszt\u00e1lyozza a di\u00f3f\u00e9l\u00e9ket\"><img decoding=\"async\" width=\"1600\" height=\"1200\" src=\"https:\/\/feucht-obsttechnik.de\/wp-content\/uploads\/nussverarbeitung-gro\u00df-waschen-wasch-und-kalibriermaschine-2-1.jpg\" alt class=\"img-responsive wp-image-13033\" srcset=\"https:\/\/feucht-obsttechnik.de\/wp-content\/uploads\/nussverarbeitung-gro\u00df-waschen-wasch-und-kalibriermaschine-2-1-200x150.jpg 200w, https:\/\/feucht-obsttechnik.de\/wp-content\/uploads\/nussverarbeitung-gro\u00df-waschen-wasch-und-kalibriermaschine-2-1-400x300.jpg 400w, https:\/\/feucht-obsttechnik.de\/wp-content\/uploads\/nussverarbeitung-gro\u00df-waschen-wasch-und-kalibriermaschine-2-1-600x450.jpg 600w, https:\/\/feucht-obsttechnik.de\/wp-content\/uploads\/nussverarbeitung-gro\u00df-waschen-wasch-und-kalibriermaschine-2-1-800x600.jpg 800w, https:\/\/feucht-obsttechnik.de\/wp-content\/uploads\/nussverarbeitung-gro\u00df-waschen-wasch-und-kalibriermaschine-2-1-1200x900.jpg 1200w, https:\/\/feucht-obsttechnik.de\/wp-content\/uploads\/nussverarbeitung-gro\u00df-waschen-wasch-und-kalibriermaschine-2-1.jpg 1600w\" sizes=\"(max-width: 835px) 100vw, 400px\" \/><\/a><\/span><\/div><\/div><div class=\"fusion-clearfix\"><\/div><\/div><\/div><div class=\"fusion-layout-column fusion_builder_column fusion-builder-column-32 fusion_builder_column_1_3 1_3 fusion-one-third fusion-column-last\" style=\"--awb-bg-color:#ffffff;--awb-bg-color-hover:#ffffff;--awb-bg-size:cover;width:30.6666%;\"><div class=\"fusion-column-wrapper fusion-flex-column-wrapper-legacy\"><div class=\"fusion-image-element fusion-image-align-center in-legacy-container\" style=\"text-align:center;--awb-caption-title-font-family:var(--h2_typography-font-family);--awb-caption-title-font-weight:var(--h2_typography-font-weight);--awb-caption-title-font-style:var(--h2_typography-font-style);--awb-caption-title-size:var(--h2_typography-font-size);--awb-caption-title-transform:var(--h2_typography-text-transform);--awb-caption-title-line-height:var(--h2_typography-line-height);--awb-caption-title-letter-spacing:var(--h2_typography-letter-spacing);\"><div class=\"imageframe-align-center\"><span class=\" fusion-imageframe imageframe-none imageframe-9 hover-type-zoomin\"><a href=\"https:\/\/feucht-obsttechnik.de\/wp-content\/uploads\/nussverarbeitung-gro\u00df-waschen-wasch-und-kalibriermaschine-1-1.jpg\" class=\"fusion-lightbox\" data-rel=\"iLightbox[Wasch- und Kalibriermaschine ]\" data-title=\"A mos\u00f3 \u00e9s kalibr\u00e1l\u00f3 g\u00e9p megtiszt\u00edtja \u00e9s oszt\u00e1lyozza a di\u00f3f\u00e9l\u00e9ket\" title=\"A mos\u00f3 \u00e9s kalibr\u00e1l\u00f3 g\u00e9p megtiszt\u00edtja \u00e9s oszt\u00e1lyozza a di\u00f3f\u00e9l\u00e9ket\"><img decoding=\"async\" width=\"1600\" height=\"1200\" src=\"https:\/\/feucht-obsttechnik.de\/wp-content\/uploads\/nussverarbeitung-gro\u00df-waschen-wasch-und-kalibriermaschine-1-1.jpg\" alt class=\"img-responsive wp-image-13034\" srcset=\"https:\/\/feucht-obsttechnik.de\/wp-content\/uploads\/nussverarbeitung-gro\u00df-waschen-wasch-und-kalibriermaschine-1-1-200x150.jpg 200w, https:\/\/feucht-obsttechnik.de\/wp-content\/uploads\/nussverarbeitung-gro\u00df-waschen-wasch-und-kalibriermaschine-1-1-400x300.jpg 400w, https:\/\/feucht-obsttechnik.de\/wp-content\/uploads\/nussverarbeitung-gro\u00df-waschen-wasch-und-kalibriermaschine-1-1-600x450.jpg 600w, https:\/\/feucht-obsttechnik.de\/wp-content\/uploads\/nussverarbeitung-gro\u00df-waschen-wasch-und-kalibriermaschine-1-1-800x600.jpg 800w, https:\/\/feucht-obsttechnik.de\/wp-content\/uploads\/nussverarbeitung-gro\u00df-waschen-wasch-und-kalibriermaschine-1-1-1200x900.jpg 1200w, https:\/\/feucht-obsttechnik.de\/wp-content\/uploads\/nussverarbeitung-gro\u00df-waschen-wasch-und-kalibriermaschine-1-1.jpg 1600w\" sizes=\"(max-width: 835px) 100vw, 400px\" \/><\/a><\/span><\/div><\/div><div class=\"fusion-clearfix\"><\/div><\/div><\/div><\/div><\/div><div class=\"fusion-fullwidth fullwidth-box fusion-builder-row-19 nonhundred-percent-fullwidth non-hundred-percent-height-scrolling fusion-equal-height-columns\" style=\"--awb-border-radius-top-left:0px;--awb-border-radius-top-right:0px;--awb-border-radius-bottom-right:0px;--awb-border-radius-bottom-left:0px;--awb-padding-bottom:100px;--awb-background-color:#f2f2f2;--awb-flex-wrap:wrap;\" ><div class=\"fusion-builder-row fusion-row\"><div class=\"fusion-layout-column fusion_builder_column fusion-builder-column-33 fusion_builder_column_1_2 1_2 fusion-one-half fusion-column-first\" style=\"--awb-bg-color:#ffffff;--awb-bg-color-hover:#ffffff;--awb-bg-size:cover;--awb-margin-bottom:40px;width:48%; margin-right: 4%;\"><div class=\"fusion-column-wrapper fusion-flex-column-wrapper-legacy\"><div class=\"fusion-text fusion-text-13\"><div style=\"padding: 25px;\">\n<h2>El\u0151ny\u00f6k<\/h2>\n<ul>\n<li>T\u00f6bbfunkci\u00f3s kombin\u00e1lt eszk\u00f6z mos\u00e1sra, kalibr\u00e1l\u00e1sra \u00e9s v\u00e1logat\u00e1sra<\/li>\n<li>K\u00f6nny\u0171 s\u00faly\u00e1nak k\u00f6sz\u00f6nhet\u0151en egyszer\u0171 sz\u00e1ll\u00edt\u00e1s<\/li>\n<li>K\u00fcl\u00f6nb\u00f6z\u0151 kalibr\u00e1l\u00e1si m\u00e9retekre van lehet\u0151s\u00e9g<\/li>\n<li>K\u00e9r\u00e9sre speci\u00e1lis kalibr\u00e1l\u00e1si m\u00e9retekre van lehet\u0151s\u00e9g<\/li>\n<li>Opcion\u00e1lisan: di\u00f3f\u00e9l\u00e9k adagol\u00e1sa vagy 230 v-os elektromos motor<\/li>\n<\/ul>\n<\/div>\n<\/div><div class=\"fusion-clearfix\"><\/div><\/div><\/div><div class=\"fusion-layout-column fusion_builder_column fusion-builder-column-34 fusion_builder_column_1_2 1_2 fusion-one-half fusion-column-last\" style=\"--awb-bg-color:#ffffff;--awb-bg-color-hover:#ffffff;--awb-bg-size:cover;width:48%;\"><div class=\"fusion-column-wrapper fusion-flex-column-wrapper-legacy\"><div class=\"fusion-text fusion-text-14\"><div style=\"padding: 25px;\">\n<h2>M\u0171szaki adatok<\/h2>\n<\/div>\n<\/div>\n<div class=\"table-2\">\n<table width=\"100%\">\n<tbody>\n<tr>\n<td align=\"left\">Hossz\u00fas\u00e1g:<\/td>\n<td align=\"left\">160 cm<\/td>\n<\/tr>\n<tr>\n<td align=\"left\">Sz\u00e9less\u00e9g:<\/td>\n<td align=\"left\">65 cm<\/td>\n<\/tr>\n<tr>\n<td align=\"left\">Magass\u00e1g:<\/td>\n<td align=\"left\">105 cm<\/td>\n<\/tr>\n<tr>\n<td align=\"left\">S\u00faly:<\/td>\n<td align=\"left\">65 kg<\/td>\n<\/tr>\n<tr>\n<td align=\"left\">Teljes\u00edtm\u00e9ny:<\/td>\n<td align=\"left\">Mos\u00e1s \u2013 kb. 100\u2013120 kg\/h (20 kg\/dob 10 percenk\u00e9nt<br \/>\nkalibr\u00e1l\u00e1s \u2013 kb. 150 kg\/h (k\u00e9t m\u00e9retben)<\/td>\n<\/tr>\n<tr>\n<td rowspan=\"6\">A csomag tartalma:<\/td>\n<td align=\"left\">1 db mos\u00f3- \u00e9s kalibr\u00e1l\u00f3 g\u00e9p<\/td>\n<\/tr>\n<tr>\n<td align=\"left\">1 db mos\u00f3dob<\/td>\n<\/tr>\n<tr>\n<td align=\"left\">1 db kalibr\u00e1l\u00f3 szita (\u00e1tm\u00e9r\u0151 &#8211; 28\/30)<\/td>\n<\/tr>\n<tr>\n<td align=\"left\">1 db kalibr\u00e1l\u00f3 szita (\u00e1tm\u00e9r\u0151 &#8211; 30\/32)<\/td>\n<\/tr>\n<tr>\n<td align=\"left\">K\u00e9r\u00e9sre el\u00e9rhet\u0151k m\u00e1s szitam\u00e9retek, pl. 14\/16 vagy 18\/20<\/td>\n<\/tr>\n<tr>\n<td align=\"left\">A f\u00far\u00f3t a csomag nem tartalmazza<\/td>\n<\/tr>\n<\/tbody>\n<\/table>\n<\/div>\n<div class=\"fusion-clearfix\"><\/div><\/div><\/div><\/div><\/div><div class=\"fusion-fullwidth fullwidth-box fusion-builder-row-20 nonhundred-percent-fullwidth non-hundred-percent-height-scrolling fusion-equal-height-columns fusion-no-small-visibility schlagwoerter\" style=\"--awb-background-position:center top;--awb-border-sizes-top:0px;--awb-border-sizes-bottom:0px;--awb-border-sizes-left:0px;--awb-border-sizes-right:0px;--awb-border-radius-top-left:0px;--awb-border-radius-top-right:0px;--awb-border-radius-bottom-right:0px;--awb-border-radius-bottom-left:0px;--awb-padding-top:0px;--awb-padding-right:15%;--awb-padding-bottom:0px;--awb-padding-left:15%;--awb-background-color:#a0ce4e;--awb-flex-wrap:wrap;\" ><div class=\"fusion-builder-row fusion-row\"><div class=\"fusion-layout-column fusion_builder_column fusion-builder-column-35 fusion_builder_column_1_5 1_5 fusion-one-fifth fusion-column-first\" style=\"--awb-padding-top:10px;--awb-padding-bottom:10px;--awb-bg-size:cover;--awb-margin-top:10px;--awb-margin-bottom:0px;width:20%;width:calc(20% - ( ( 4% ) * 0.2 ) );margin-right: 4%;\"><div class=\"fusion-column-wrapper fusion-column-has-shadow fusion-flex-column-wrapper-legacy\"><div class=\"fusion-column-content-centered\"><div class=\"fusion-column-content\"><div class=\"fusion-title title fusion-title-4 fusion-sep-none fusion-title-text fusion-title-size-two\" style=\"--awb-text-color:#ffffff;--awb-margin-bottom:0px;--awb-margin-right-small:0px;--awb-margin-bottom-small:0px;--awb-margin-left-small:0px;\"><h2 class=\"fusion-title-heading title-heading-left fusion-responsive-typography-calculated\" style=\"margin:0;--fontSize:26;--minFontSize:26;line-height:1.25;\">Kulcsszavak:<\/h2><\/div><\/div><\/div><div class=\"fusion-clearfix\"><\/div><\/div><\/div><div class=\"fusion-layout-column fusion_builder_column fusion-builder-column-36 fusion_builder_column_4_5 4_5 fusion-four-fifth fusion-column-last fusion-column-no-min-height\" style=\"--awb-padding-top:10px;--awb-padding-bottom:10px;--awb-bg-size:cover;--awb-margin-top:20px;--awb-margin-bottom:0px;width:80%;width:calc(80% - ( ( 4% ) * 0.8 ) );\"><div class=\"fusion-column-wrapper fusion-column-has-shadow fusion-flex-column-wrapper-legacy\"><div class=\"fusion-text fusion-text-15\"><p><span style=\"color: #ffffff;\"> <a href=\"https:\/\/feucht-obsttechnik.de\/hu\/diofelek-feldolgozasa\/diofeldolgozas-nagy\/diofelek-szaritasa\/\">Di\u00f3f\u00e9l\u00e9k sz\u00e1r\u00edt\u00e1sa<\/a>, <a href=\"https:\/\/feucht-obsttechnik.de\/hu\/diofelek-feldolgozasa\/diofeldolgozas-nagy\/diofelek-kalibralasa\/\">Di\u00f3f\u00e9l\u00e9k kalibr\u00e1l\u00e1sa<\/a>, <a href=\"https:\/\/feucht-obsttechnik.de\/hu\/diofelek-feldolgozasa\/diofeldolgozas-nagy\/diofelek-szallitasa\/\">Di\u00f3f\u00e9l\u00e9k sz\u00e1ll\u00edt\u00e1sa<\/a>, <a href=\"https:\/\/feucht-obsttechnik.de\/hu\/diofelek-feldolgozasa\/diofeldolgozas-nagy\/diofelek-szaritasa\/\">Di\u00f3f\u00e9l\u00e9k t\u00e1rol\u00e1sa<\/a>, <a href=\"https:\/\/feucht-obsttechnik.de\/hu\/diofelek-feldolgozasa\/diofeldolgozas-nagy\/\">Di\u00f3f\u00e9l\u00e9k feldolgoz\u00e1sa (nagy)<\/a>, <a href=\"https:\/\/feucht-obsttechnik.de\/hu\/diofelek-feldolgozasa\/diofeldolgozas-nagy\/diofelek-megtoerese\/\">Di\u00f3f\u00e9l\u00e9k megt\u00f6r\u00e9se<\/a>, <a href=\"https:\/\/feucht-obsttechnik.de\/hu\/gyuemoelcsbetakaritasi-technologia\/gyuemoelcsszedo-gepek\/\">Di\u00f3f\u00e9l\u00e9k betakar\u00edt\u00e1sa<\/a><\/span><\/p>\n<\/div><div class=\"fusion-clearfix\"><\/div><\/div><\/div><\/div><\/div><\/p>\n","protected":false},"excerpt":{"rendered":"","protected":false},"author":4,"featured_media":0,"parent":12483,"menu_order":0,"comment_status":"closed","ping_status":"closed","template":"100-width.php","meta":{"footnotes":"","_wp_rev_ctl_limit":""},"class_list":["post-13022","page","type-page","status-publish","hentry"],"yoast_head":"<!-- This site is optimized with the Yoast SEO plugin v27.5 - https:\/\/yoast.com\/product\/yoast-seo-wordpress\/ -->\n<title>Di\u00f3f\u00e9l\u00e9k kalibr\u00e1l\u00e1sa - Feucht Obsttechnik<\/title>\n<meta name=\"description\" content=\"A di\u00f3f\u00e9l\u00e9k kalibr\u00e1l\u00e1sa alapvet\u0151 a di\u00f3 tov\u00e1bbi feldolgoz\u00e1s\u00e1ra n\u00e9zve. A di\u00f3f\u00e9l\u00e9ket kalibr\u00e1l\u00f3 g\u00e9pek seg\u00edts\u00e9g\u00e9vel k\u00fcl\u00f6nb\u00f6z\u0151 m\u00e9retekre v\u00e1logatj\u00e1k.\" \/>\n<meta name=\"robots\" content=\"index, follow, max-snippet:-1, max-image-preview:large, max-video-preview:-1\" \/>\n<link rel=\"canonical\" href=\"https:\/\/feucht-obsttechnik.de\/hu\/diofelek-feldolgozasa\/diofeldolgozas-nagy\/diofelek-kalibralasa\/\" \/>\n<meta property=\"og:locale\" content=\"hu_HU\" \/>\n<meta property=\"og:type\" content=\"article\" \/>\n<meta property=\"og:title\" content=\"Di\u00f3f\u00e9l\u00e9k kalibr\u00e1l\u00e1sa - Feucht Obsttechnik\" \/>\n<meta property=\"og:description\" content=\"A di\u00f3f\u00e9l\u00e9k kalibr\u00e1l\u00e1sa alapvet\u0151 a di\u00f3 tov\u00e1bbi feldolgoz\u00e1s\u00e1ra n\u00e9zve. A di\u00f3f\u00e9l\u00e9ket kalibr\u00e1l\u00f3 g\u00e9pek seg\u00edts\u00e9g\u00e9vel k\u00fcl\u00f6nb\u00f6z\u0151 m\u00e9retekre v\u00e1logatj\u00e1k.\" \/>\n<meta property=\"og:url\" content=\"https:\/\/feucht-obsttechnik.de\/hu\/diofelek-feldolgozasa\/diofeldolgozas-nagy\/diofelek-kalibralasa\/\" \/>\n<meta property=\"og:site_name\" content=\"Feucht Obsttechnik\" \/>\n<meta property=\"article:modified_time\" content=\"2021-04-15T16:14:51+00:00\" \/>\n<meta name=\"twitter:card\" content=\"summary_large_image\" \/>\n<meta name=\"twitter:label1\" content=\"Becs\u00fclt olvas\u00e1si id\u0151\" \/>\n\t<meta name=\"twitter:data1\" content=\"44 perc\" \/>\n<script type=\"application\/ld+json\" class=\"yoast-schema-graph\">{\"@context\":\"https:\\\/\\\/schema.org\",\"@graph\":[{\"@type\":\"WebPage\",\"@id\":\"https:\\\/\\\/feucht-obsttechnik.de\\\/hu\\\/diofelek-feldolgozasa\\\/diofeldolgozas-nagy\\\/diofelek-kalibralasa\\\/\",\"url\":\"https:\\\/\\\/feucht-obsttechnik.de\\\/hu\\\/diofelek-feldolgozasa\\\/diofeldolgozas-nagy\\\/diofelek-kalibralasa\\\/\",\"name\":\"Di\u00f3f\u00e9l\u00e9k kalibr\u00e1l\u00e1sa - Feucht Obsttechnik\",\"isPartOf\":{\"@id\":\"https:\\\/\\\/feucht-obsttechnik.de\\\/hu\\\/#website\"},\"datePublished\":\"2021-04-09T09:17:45+00:00\",\"dateModified\":\"2021-04-15T16:14:51+00:00\",\"description\":\"A di\u00f3f\u00e9l\u00e9k kalibr\u00e1l\u00e1sa alapvet\u0151 a di\u00f3 tov\u00e1bbi feldolgoz\u00e1s\u00e1ra n\u00e9zve. A di\u00f3f\u00e9l\u00e9ket kalibr\u00e1l\u00f3 g\u00e9pek seg\u00edts\u00e9g\u00e9vel k\u00fcl\u00f6nb\u00f6z\u0151 m\u00e9retekre v\u00e1logatj\u00e1k.\",\"breadcrumb\":{\"@id\":\"https:\\\/\\\/feucht-obsttechnik.de\\\/hu\\\/diofelek-feldolgozasa\\\/diofeldolgozas-nagy\\\/diofelek-kalibralasa\\\/#breadcrumb\"},\"inLanguage\":\"hu\",\"potentialAction\":[{\"@type\":\"ReadAction\",\"target\":[\"https:\\\/\\\/feucht-obsttechnik.de\\\/hu\\\/diofelek-feldolgozasa\\\/diofeldolgozas-nagy\\\/diofelek-kalibralasa\\\/\"]}]},{\"@type\":\"BreadcrumbList\",\"@id\":\"https:\\\/\\\/feucht-obsttechnik.de\\\/hu\\\/diofelek-feldolgozasa\\\/diofeldolgozas-nagy\\\/diofelek-kalibralasa\\\/#breadcrumb\",\"itemListElement\":[{\"@type\":\"ListItem\",\"position\":1,\"name\":\"Startseite\",\"item\":\"https:\\\/\\\/feucht-obsttechnik.de\\\/hu\\\/\"},{\"@type\":\"ListItem\",\"position\":2,\"name\":\"Di\u00f3f\u00e9l\u00e9k feldolgoz\u00e1sa\",\"item\":\"https:\\\/\\\/feucht-obsttechnik.de\\\/hu\\\/diofelek-feldolgozasa\\\/\"},{\"@type\":\"ListItem\",\"position\":3,\"name\":\"Di\u00f3feldolgoz\u00e1s nagy\",\"item\":\"https:\\\/\\\/feucht-obsttechnik.de\\\/hu\\\/diofelek-feldolgozasa\\\/diofeldolgozas-nagy\\\/\"},{\"@type\":\"ListItem\",\"position\":4,\"name\":\"Di\u00f3f\u00e9l\u00e9k kalibr\u00e1l\u00e1sa\"}]},{\"@type\":\"WebSite\",\"@id\":\"https:\\\/\\\/feucht-obsttechnik.de\\\/hu\\\/#website\",\"url\":\"https:\\\/\\\/feucht-obsttechnik.de\\\/hu\\\/\",\"name\":\"Feucht Obsttechnik\",\"description\":\"\",\"publisher\":{\"@id\":\"https:\\\/\\\/feucht-obsttechnik.de\\\/hu\\\/#organization\"},\"potentialAction\":[{\"@type\":\"SearchAction\",\"target\":{\"@type\":\"EntryPoint\",\"urlTemplate\":\"https:\\\/\\\/feucht-obsttechnik.de\\\/hu\\\/?s={search_term_string}\"},\"query-input\":{\"@type\":\"PropertyValueSpecification\",\"valueRequired\":true,\"valueName\":\"search_term_string\"}}],\"inLanguage\":\"hu\"},{\"@type\":\"Organization\",\"@id\":\"https:\\\/\\\/feucht-obsttechnik.de\\\/hu\\\/#organization\",\"name\":\"Feucht Obsttechnik GmbH\",\"url\":\"https:\\\/\\\/feucht-obsttechnik.de\\\/hu\\\/\",\"logo\":{\"@type\":\"ImageObject\",\"inLanguage\":\"hu\",\"@id\":\"https:\\\/\\\/feucht-obsttechnik.de\\\/hu\\\/#\\\/schema\\\/logo\\\/image\\\/\",\"url\":\"https:\\\/\\\/feucht-obsttechnik.de\\\/wp-content\\\/uploads\\\/logo-feucht@2x-1.png\",\"contentUrl\":\"https:\\\/\\\/feucht-obsttechnik.de\\\/wp-content\\\/uploads\\\/logo-feucht@2x-1.png\",\"width\":640,\"height\":123,\"caption\":\"Feucht Obsttechnik GmbH\"},\"image\":{\"@id\":\"https:\\\/\\\/feucht-obsttechnik.de\\\/hu\\\/#\\\/schema\\\/logo\\\/image\\\/\"}}]}<\/script>\n<!-- \/ Yoast SEO plugin. -->","yoast_head_json":{"title":"Di\u00f3f\u00e9l\u00e9k kalibr\u00e1l\u00e1sa - Feucht Obsttechnik","description":"A di\u00f3f\u00e9l\u00e9k kalibr\u00e1l\u00e1sa alapvet\u0151 a di\u00f3 tov\u00e1bbi feldolgoz\u00e1s\u00e1ra n\u00e9zve. A di\u00f3f\u00e9l\u00e9ket kalibr\u00e1l\u00f3 g\u00e9pek seg\u00edts\u00e9g\u00e9vel k\u00fcl\u00f6nb\u00f6z\u0151 m\u00e9retekre v\u00e1logatj\u00e1k.","robots":{"index":"index","follow":"follow","max-snippet":"max-snippet:-1","max-image-preview":"max-image-preview:large","max-video-preview":"max-video-preview:-1"},"canonical":"https:\/\/feucht-obsttechnik.de\/hu\/diofelek-feldolgozasa\/diofeldolgozas-nagy\/diofelek-kalibralasa\/","og_locale":"hu_HU","og_type":"article","og_title":"Di\u00f3f\u00e9l\u00e9k kalibr\u00e1l\u00e1sa - Feucht Obsttechnik","og_description":"A di\u00f3f\u00e9l\u00e9k kalibr\u00e1l\u00e1sa alapvet\u0151 a di\u00f3 tov\u00e1bbi feldolgoz\u00e1s\u00e1ra n\u00e9zve. A di\u00f3f\u00e9l\u00e9ket kalibr\u00e1l\u00f3 g\u00e9pek seg\u00edts\u00e9g\u00e9vel k\u00fcl\u00f6nb\u00f6z\u0151 m\u00e9retekre v\u00e1logatj\u00e1k.","og_url":"https:\/\/feucht-obsttechnik.de\/hu\/diofelek-feldolgozasa\/diofeldolgozas-nagy\/diofelek-kalibralasa\/","og_site_name":"Feucht Obsttechnik","article_modified_time":"2021-04-15T16:14:51+00:00","twitter_card":"summary_large_image","twitter_misc":{"Becs\u00fclt olvas\u00e1si id\u0151":"44 perc"},"schema":{"@context":"https:\/\/schema.org","@graph":[{"@type":"WebPage","@id":"https:\/\/feucht-obsttechnik.de\/hu\/diofelek-feldolgozasa\/diofeldolgozas-nagy\/diofelek-kalibralasa\/","url":"https:\/\/feucht-obsttechnik.de\/hu\/diofelek-feldolgozasa\/diofeldolgozas-nagy\/diofelek-kalibralasa\/","name":"Di\u00f3f\u00e9l\u00e9k kalibr\u00e1l\u00e1sa - Feucht Obsttechnik","isPartOf":{"@id":"https:\/\/feucht-obsttechnik.de\/hu\/#website"},"datePublished":"2021-04-09T09:17:45+00:00","dateModified":"2021-04-15T16:14:51+00:00","description":"A di\u00f3f\u00e9l\u00e9k kalibr\u00e1l\u00e1sa alapvet\u0151 a di\u00f3 tov\u00e1bbi feldolgoz\u00e1s\u00e1ra n\u00e9zve. A di\u00f3f\u00e9l\u00e9ket kalibr\u00e1l\u00f3 g\u00e9pek seg\u00edts\u00e9g\u00e9vel k\u00fcl\u00f6nb\u00f6z\u0151 m\u00e9retekre v\u00e1logatj\u00e1k.","breadcrumb":{"@id":"https:\/\/feucht-obsttechnik.de\/hu\/diofelek-feldolgozasa\/diofeldolgozas-nagy\/diofelek-kalibralasa\/#breadcrumb"},"inLanguage":"hu","potentialAction":[{"@type":"ReadAction","target":["https:\/\/feucht-obsttechnik.de\/hu\/diofelek-feldolgozasa\/diofeldolgozas-nagy\/diofelek-kalibralasa\/"]}]},{"@type":"BreadcrumbList","@id":"https:\/\/feucht-obsttechnik.de\/hu\/diofelek-feldolgozasa\/diofeldolgozas-nagy\/diofelek-kalibralasa\/#breadcrumb","itemListElement":[{"@type":"ListItem","position":1,"name":"Startseite","item":"https:\/\/feucht-obsttechnik.de\/hu\/"},{"@type":"ListItem","position":2,"name":"Di\u00f3f\u00e9l\u00e9k feldolgoz\u00e1sa","item":"https:\/\/feucht-obsttechnik.de\/hu\/diofelek-feldolgozasa\/"},{"@type":"ListItem","position":3,"name":"Di\u00f3feldolgoz\u00e1s nagy","item":"https:\/\/feucht-obsttechnik.de\/hu\/diofelek-feldolgozasa\/diofeldolgozas-nagy\/"},{"@type":"ListItem","position":4,"name":"Di\u00f3f\u00e9l\u00e9k kalibr\u00e1l\u00e1sa"}]},{"@type":"WebSite","@id":"https:\/\/feucht-obsttechnik.de\/hu\/#website","url":"https:\/\/feucht-obsttechnik.de\/hu\/","name":"Feucht Obsttechnik","description":"","publisher":{"@id":"https:\/\/feucht-obsttechnik.de\/hu\/#organization"},"potentialAction":[{"@type":"SearchAction","target":{"@type":"EntryPoint","urlTemplate":"https:\/\/feucht-obsttechnik.de\/hu\/?s={search_term_string}"},"query-input":{"@type":"PropertyValueSpecification","valueRequired":true,"valueName":"search_term_string"}}],"inLanguage":"hu"},{"@type":"Organization","@id":"https:\/\/feucht-obsttechnik.de\/hu\/#organization","name":"Feucht Obsttechnik GmbH","url":"https:\/\/feucht-obsttechnik.de\/hu\/","logo":{"@type":"ImageObject","inLanguage":"hu","@id":"https:\/\/feucht-obsttechnik.de\/hu\/#\/schema\/logo\/image\/","url":"https:\/\/feucht-obsttechnik.de\/wp-content\/uploads\/logo-feucht@2x-1.png","contentUrl":"https:\/\/feucht-obsttechnik.de\/wp-content\/uploads\/logo-feucht@2x-1.png","width":640,"height":123,"caption":"Feucht Obsttechnik GmbH"},"image":{"@id":"https:\/\/feucht-obsttechnik.de\/hu\/#\/schema\/logo\/image\/"}}]}},"_links":{"self":[{"href":"https:\/\/feucht-obsttechnik.de\/hu\/wp-json\/wp\/v2\/pages\/13022","targetHints":{"allow":["GET"]}}],"collection":[{"href":"https:\/\/feucht-obsttechnik.de\/hu\/wp-json\/wp\/v2\/pages"}],"about":[{"href":"https:\/\/feucht-obsttechnik.de\/hu\/wp-json\/wp\/v2\/types\/page"}],"author":[{"embeddable":true,"href":"https:\/\/feucht-obsttechnik.de\/hu\/wp-json\/wp\/v2\/users\/4"}],"replies":[{"embeddable":true,"href":"https:\/\/feucht-obsttechnik.de\/hu\/wp-json\/wp\/v2\/comments?post=13022"}],"version-history":[{"count":0,"href":"https:\/\/feucht-obsttechnik.de\/hu\/wp-json\/wp\/v2\/pages\/13022\/revisions"}],"up":[{"embeddable":true,"href":"https:\/\/feucht-obsttechnik.de\/hu\/wp-json\/wp\/v2\/pages\/12483"}],"wp:attachment":[{"href":"https:\/\/feucht-obsttechnik.de\/hu\/wp-json\/wp\/v2\/media?parent=13022"}],"curies":[{"name":"wp","href":"https:\/\/api.w.org\/{rel}","templated":true}]}}