{"id":12446,"date":"2021-04-08T16:03:33","date_gmt":"2021-04-08T14:03:33","guid":{"rendered":"http:\/\/neu2020.feucht-obsttechnik.de\/diofelek-feldolgozasa\/"},"modified":"2021-04-09T17:37:34","modified_gmt":"2021-04-09T15:37:34","slug":"diofelek-feldolgozasa","status":"publish","type":"page","link":"https:\/\/feucht-obsttechnik.de\/hu\/diofelek-feldolgozasa\/","title":{"rendered":"Di\u00f3f\u00e9l\u00e9k feldolgoz\u00e1sa"},"content":{"rendered":"<p><div class=\"fusion-bg-parallax\" data-bg-align=\"left center\" data-direction=\"up\" data-mute=\"false\" data-opacity=\"100\" data-velocity=\"-0.3\" data-mobile-enabled=\"false\" data-break_parents=\"0\" data-bg-image=\"https:\/\/feucht-obsttechnik.de\/wp-content\/uploads\/bg-header-nussverarbeitung.jpg\" data-bg-repeat=\"false\" ><\/div><div class=\"fusion-fullwidth fullwidth-box fusion-builder-row-1 fusion-parallax-up nonhundred-percent-fullwidth non-hundred-percent-height-scrolling\" style=\"--awb-background-position:left center;--awb-border-sizes-top:0px;--awb-border-sizes-bottom:0px;--awb-border-sizes-left:0px;--awb-border-sizes-right:0px;--awb-border-radius-top-left:0px;--awb-border-radius-top-right:0px;--awb-border-radius-bottom-right:0px;--awb-border-radius-bottom-left:0px;--awb-padding-top:130px;--awb-padding-bottom:120px;--awb-background-image:url(&quot;https:\/\/feucht-obsttechnik.de\/wp-content\/uploads\/bg-header-nussverarbeitung.jpg&quot;);--awb-background-size:cover;--awb-flex-wrap:wrap;\" ><div class=\"fusion-builder-row fusion-row\"><div class=\"fusion-layout-column fusion_builder_column fusion-builder-column-0 fusion_builder_column_1_2 1_2 fusion-one-half fusion-column-first\" style=\"--awb-bg-size:cover;width:48%; margin-right: 4%;\"><div class=\"fusion-column-wrapper fusion-flex-column-wrapper-legacy\"><div class=\"fusion-text fusion-text-1\"><h1><span style=\"color: #ffffff\">Di\u00f3f\u00e9l\u00e9k feldolgoz\u00e1sa<\/span><\/h1>\n<p><span style=\"color: #ffffff\">\u00c9lvezze szak\u00e9rtelm\u00fcnk el\u0151nyeit a di\u00f3f\u00e9l\u00e9k feldolgoz\u00e1sa ter\u00e9n, \u00e9s n\u00f6velje termel\u00e9kenys\u00e9g\u00e9t minden folyamat sor\u00e1n.<\/span><\/p>\n<\/div><div class=\"fusion-clearfix\"><\/div><\/div><\/div><div class=\"fusion-layout-column fusion_builder_column fusion-builder-column-1 fusion_builder_column_1_2 1_2 fusion-one-half fusion-column-last\" style=\"--awb-bg-size:cover;width:48%;\"><div class=\"fusion-column-wrapper fusion-flex-column-wrapper-legacy\"><div class=\"fusion-clearfix\"><\/div><\/div><\/div><\/div><\/div><div class=\"fusion-fullwidth fullwidth-box fusion-builder-row-2 nonhundred-percent-fullwidth non-hundred-percent-height-scrolling\" style=\"--awb-background-position:left top;--awb-border-sizes-top:0px;--awb-border-sizes-bottom:0px;--awb-border-sizes-left:0px;--awb-border-sizes-right:0px;--awb-border-radius-top-left:0px;--awb-border-radius-top-right:0px;--awb-border-radius-bottom-right:0px;--awb-border-radius-bottom-left:0px;--awb-padding-top:130px;--awb-padding-bottom:30px;--awb-flex-wrap:wrap;\" ><div class=\"fusion-builder-row fusion-row\"><div class=\"fusion-layout-column fusion_builder_column fusion-builder-column-2 fusion_builder_column_1_1 1_1 fusion-one-full fusion-column-first fusion-column-last\" style=\"--awb-bg-size:cover;\"><div class=\"fusion-column-wrapper fusion-column-has-shadow fusion-flex-column-wrapper-legacy\"><div class=\"fusion-text fusion-text-2\"><h2>Haszn\u00e1lja fel tapasztalatunkat a di\u00f3f\u00e9l\u00e9k feldolgoz\u00e1s\u00e1nak minden folyamat\u00e1ban.<\/h2>\n<\/div><div class=\"fusion-text fusion-text-3\"><h3><span class=\"\">Teljes rendszerek a di\u00f3f\u00e9l\u00e9k feldolgoz\u00e1s\u00e1ra, bele\u00e9rtve a mos\u00e1st, sz\u00e1r\u00edt\u00e1st, kalibr\u00e1l\u00e1st, megt\u00f6r\u00e9st \u00e9s v\u00e1logat\u00e1st. A termel\u00e9s minden l\u00e9p\u00e9sben hat\u00e9kony. <\/span><\/h3>\n<\/div><div class=\"fusion-clearfix\"><\/div><\/div><\/div><div class=\"fusion-layout-column fusion_builder_column fusion-builder-column-3 fusion_builder_column_1_2 1_2 fusion-one-half fusion-column-first\" style=\"--awb-bg-size:cover;width:48%; margin-right: 4%;\"><div class=\"fusion-column-wrapper fusion-flex-column-wrapper-legacy\"><div class=\"fusion-text fusion-text-4\"><h2><\/h2>\n<p>Vil\u00e1gszerte fejl\u0151dik az eg\u00e9szs\u00e9gtudatoss\u00e1g, ami sz\u00e1mos \u00e9trend m\u00e9g fontosabb \u00f6sszetev\u0151j\u00e9v\u00e9 teszi a di\u00f3f\u00e9l\u00e9ket. \u00cdgy egyre fontosabb\u00e1 v\u00e1lik a di\u00f3f\u00e9l\u00e9k feldolgoz\u00e1si folyamatainak automatiz\u00e1l\u00e1sa, bele\u00e9rtve a di\u00f3f\u00e9l\u00e9k betakar\u00edt\u00e1s\u00e1t illet\u0151 legmagasabb min\u0151s\u00e9gi szabv\u00e1nyok betart\u00e1s\u00e1t. <\/p>\n<p>A <strong>di\u00f3f\u00e9l\u00e9k feldolgoz\u00e1sa<\/strong> t\u00f6bb folyamatb\u00f3l \u00e1ll: r\u00e9sze a <strong>di\u00f3f\u00e9l\u00e9k betakar\u00edt\u00e1sa<\/strong>, <strong>mos\u00e1sa<\/strong>, <strong>sz\u00e1r\u00edt\u00e1sa<\/strong>, bele\u00e9rtve a betakar\u00edtott di\u00f3f\u00e9l\u00e9k <strong>megt\u00f6r\u00e9s\u00e9t<\/strong> is. Ehhez \u00e1tfog\u00f3, bev\u00e1lt automatiz\u00e1lt megold\u00e1sokat, illetve a folyamat egyes l\u00e9p\u00e9seihez k\u00fcl\u00f6n g\u00e9peket k\u00edn\u00e1lunk. A di\u00f3f\u00e9l\u00e9k feldolgoz\u00e1s\u00e1nak \u00e1tfog\u00f3 besz\u00e1ll\u00edt\u00f3jak\u00e9nt szerzett teljes k\u00f6r\u0171 szak\u00e9rtelm\u00fcnknek k\u00f6sz\u00f6nhet\u0151en minden betakar\u00edt\u00e1si mennyis\u00e9ghez l\u00e9tre tudunk hozni a di\u00f3f\u00e9l\u00e9k megt\u00f6r\u00e9s\u00e9re szolg\u00e1l\u00f3 gy\u00e1rt\u00f3sorokat.  <\/p>\n<p>G\u00e9peink rendk\u00edv\u00fcl finoman \u00e9s \u00f3vatosan dolgozz\u00e1k fel a di\u00f3f\u00e9l\u00e9ket. Minden f\u00e1zisban finom feldolgoz\u00e1si m\u00f3dszereket k\u00edn\u00e1lunk, bele\u00e9rtve a di\u00f3f\u00e9l\u00e9k mos\u00e1s\u00e1nak \u00e9s kalibr\u00e1l\u00e1s\u00e1nak, valamint sz\u00e1r\u00edt\u00e1s\u00e1nak f\u00e1zis\u00e1t is. Az eredm\u00e9ny: kiv\u00e1l\u00f3 min\u0151s\u00e9g\u0171 feldolgozott di\u00f3f\u00e9l\u00e9k, a legmagasabb biztons\u00e1gi, higi\u00e9n\u00e9s \u00e9s hat\u00e9konys\u00e1gi szabv\u00e1nyok betart\u00e1sa mellett.<\/p>\n<\/div><div class=\"fusion-clearfix\"><\/div><\/div><\/div><div class=\"fusion-layout-column fusion_builder_column fusion-builder-column-4 fusion_builder_column_1_2 1_2 fusion-one-half fusion-column-last\" style=\"--awb-bg-size:cover;width:48%;\"><div class=\"fusion-column-wrapper fusion-flex-column-wrapper-legacy\"><div class=\"fusion-image-element in-legacy-container\" style=\"--awb-caption-title-font-family:var(--h2_typography-font-family);--awb-caption-title-font-weight:var(--h2_typography-font-weight);--awb-caption-title-font-style:var(--h2_typography-font-style);--awb-caption-title-size:var(--h2_typography-font-size);--awb-caption-title-transform:var(--h2_typography-text-transform);--awb-caption-title-line-height:var(--h2_typography-line-height);--awb-caption-title-letter-spacing:var(--h2_typography-letter-spacing);\"><span class=\" fusion-imageframe imageframe-none imageframe-1 hover-type-zoomin fusion-animated\" data-animationType=\"fadeInDown\" data-animationDuration=\"1.0\" data-animationOffset=\"bottom-in-view\"><a class=\"fusion-no-lightbox\" href=\"https:\/\/feucht-obsttechnik.de\/hu\/diofelek-feldolgozasa\/diofeldolgozas-kis\/diofelek-kalibralasa\/\" target=\"_self\" aria-label=\"Di\u00f3f\u00e9l\u00e9k sz\u00e1r\u00edt\u00e1sa a Mini Dryer seg\u00edts\u00e9g\u00e9vel\"><img decoding=\"async\" width=\"1600\" height=\"1200\" src=\"https:\/\/feucht-obsttechnik.de\/wp-content\/uploads\/nussverarbeitung-klein-trocknen-trockner-mini-3.jpg\" alt class=\"img-responsive wp-image-12729\" srcset=\"https:\/\/feucht-obsttechnik.de\/wp-content\/uploads\/nussverarbeitung-klein-trocknen-trockner-mini-3-200x150.jpg 200w, https:\/\/feucht-obsttechnik.de\/wp-content\/uploads\/nussverarbeitung-klein-trocknen-trockner-mini-3-400x300.jpg 400w, https:\/\/feucht-obsttechnik.de\/wp-content\/uploads\/nussverarbeitung-klein-trocknen-trockner-mini-3-600x450.jpg 600w, https:\/\/feucht-obsttechnik.de\/wp-content\/uploads\/nussverarbeitung-klein-trocknen-trockner-mini-3-800x600.jpg 800w, https:\/\/feucht-obsttechnik.de\/wp-content\/uploads\/nussverarbeitung-klein-trocknen-trockner-mini-3-1200x900.jpg 1200w, https:\/\/feucht-obsttechnik.de\/wp-content\/uploads\/nussverarbeitung-klein-trocknen-trockner-mini-3.jpg 1600w\" sizes=\"(max-width: 835px) 100vw, 600px\" \/><\/a><\/span><\/div><div class=\"fusion-sep-clear\"><\/div><div class=\"fusion-separator fusion-full-width-sep\" style=\"margin-left: auto;margin-right: auto;margin-bottom:30px;width:100%;\"><\/div><div class=\"fusion-sep-clear\"><\/div><div class=\"fusion-image-element in-legacy-container\" style=\"--awb-caption-title-font-family:var(--h2_typography-font-family);--awb-caption-title-font-weight:var(--h2_typography-font-weight);--awb-caption-title-font-style:var(--h2_typography-font-style);--awb-caption-title-size:var(--h2_typography-font-size);--awb-caption-title-transform:var(--h2_typography-text-transform);--awb-caption-title-line-height:var(--h2_typography-line-height);--awb-caption-title-letter-spacing:var(--h2_typography-letter-spacing);\"><span class=\" fusion-imageframe imageframe-none imageframe-2 hover-type-zoomin fusion-animated\" data-animationType=\"fadeInDown\" data-animationDuration=\"1.0\" data-animationOffset=\"bottom-in-view\"><a class=\"fusion-no-lightbox\" href=\"https:\/\/feucht-obsttechnik.de\/hu\/wal-man\/\" target=\"_self\" aria-label=\"Di\u00f3t\u00f6r\u00e9s a WAL MAN-nel\"><img decoding=\"async\" width=\"1600\" height=\"1200\" src=\"https:\/\/feucht-obsttechnik.de\/wp-content\/uploads\/handknacker-wal-man-klein-2-1.jpg\" alt class=\"img-responsive wp-image-13128\" srcset=\"https:\/\/feucht-obsttechnik.de\/wp-content\/uploads\/handknacker-wal-man-klein-2-1-200x150.jpg 200w, https:\/\/feucht-obsttechnik.de\/wp-content\/uploads\/handknacker-wal-man-klein-2-1-400x300.jpg 400w, https:\/\/feucht-obsttechnik.de\/wp-content\/uploads\/handknacker-wal-man-klein-2-1-600x450.jpg 600w, https:\/\/feucht-obsttechnik.de\/wp-content\/uploads\/handknacker-wal-man-klein-2-1-800x600.jpg 800w, https:\/\/feucht-obsttechnik.de\/wp-content\/uploads\/handknacker-wal-man-klein-2-1-1200x900.jpg 1200w, https:\/\/feucht-obsttechnik.de\/wp-content\/uploads\/handknacker-wal-man-klein-2-1.jpg 1600w\" sizes=\"(max-width: 835px) 100vw, 600px\" \/><\/a><\/span><\/div><div class=\"fusion-clearfix\"><\/div><\/div><\/div><\/div><\/div><div class=\"fusion-fullwidth fullwidth-box fusion-builder-row-3 nonhundred-percent-fullwidth non-hundred-percent-height-scrolling\" style=\"--awb-background-position:left top;--awb-border-sizes-top:0px;--awb-border-sizes-bottom:0px;--awb-border-sizes-left:0px;--awb-border-sizes-right:0px;--awb-border-radius-top-left:0px;--awb-border-radius-top-right:0px;--awb-border-radius-bottom-right:0px;--awb-border-radius-bottom-left:0px;--awb-padding-top:1px;--awb-padding-bottom:0px;--awb-background-color:#cc0000;--awb-flex-wrap:wrap;\" ><div class=\"fusion-builder-row fusion-row\"><div class=\"fusion-layout-column fusion_builder_column fusion-builder-column-5 fusion_builder_column_1_1 1_1 fusion-one-full fusion-column-first fusion-column-last\" style=\"--awb-padding-top:50px;--awb-padding-bottom:50px;--awb-padding-left:0px;--awb-bg-size:cover;--awb-margin-bottom:0px;\"><div class=\"fusion-column-wrapper fusion-column-has-shadow fusion-flex-column-wrapper-legacy\"><div class=\"fusion-column-content-centered\"><div class=\"fusion-column-content\"><div class=\"fusion-text fusion-text-5\"><h2 style=\"text-align: center;margin-bottom: 0px\"><span style=\"color: #ffffff\">Di\u00f3f\u00e9l\u00e9k feldolgoz\u00e1sa (\u2265 5 t) | Di\u00f3f\u00e9l\u00e9k feldolgoz\u00e1sa (\u2264 5 t) I Mogyor\u00f3betakar\u00edt\u00e1s \u00e9s mogyor\u00f3feldolgoz\u00e1s<\/span><\/h2>\n<\/div><\/div><\/div><div class=\"fusion-clearfix\"><\/div><\/div><\/div><\/div><\/div><div class=\"fusion-fullwidth fullwidth-box fusion-builder-row-4 nonhundred-percent-fullwidth non-hundred-percent-height-scrolling fusion-equal-height-columns\" style=\"--awb-background-position:left top;--awb-border-sizes-top:0px;--awb-border-sizes-bottom:0px;--awb-border-sizes-left:0px;--awb-border-sizes-right:0px;--awb-border-radius-top-left:0px;--awb-border-radius-top-right:0px;--awb-border-radius-bottom-right:0px;--awb-border-radius-bottom-left:0px;--awb-padding-top:45px;--awb-padding-bottom:5px;--awb-flex-wrap:wrap;\" ><div class=\"fusion-builder-row fusion-row\"><div class=\"fusion-layout-column fusion_builder_column fusion-builder-column-6 fusion_builder_column_1_2 1_2 fusion-one-half fusion-column-first\" style=\"--awb-bg-color:#f8f8f8;--awb-bg-color-hover:#f8f8f8;--awb-bg-size:cover;--awb-margin-bottom:40px;width:48%; margin-right: 4%;\"><div class=\"fusion-column-wrapper fusion-flex-column-wrapper-legacy\"><div class=\"fusion-image-element fusion-image-align-center in-legacy-container\" style=\"text-align:center;--awb-caption-title-font-family:var(--h2_typography-font-family);--awb-caption-title-font-weight:var(--h2_typography-font-weight);--awb-caption-title-font-style:var(--h2_typography-font-style);--awb-caption-title-size:var(--h2_typography-font-size);--awb-caption-title-transform:var(--h2_typography-text-transform);--awb-caption-title-line-height:var(--h2_typography-line-height);--awb-caption-title-letter-spacing:var(--h2_typography-letter-spacing);\"><div class=\"imageframe-align-center\"><span class=\" fusion-imageframe imageframe-none imageframe-3 hover-type-zoomin\"><a class=\"fusion-no-lightbox\" href=\"https:\/\/feucht-obsttechnik.de\/hu\/diofelek-feldolgozasa\/diofeldolgozas-nagy\/\" target=\"_self\" aria-label=\"Di\u00f3f\u00e9l\u00e9k feldolgoz\u00e1sa &#8211; Di\u00f3feldolgoz\u00f3 g\u00e9pek\"><img decoding=\"async\" width=\"2048\" height=\"956\" src=\"https:\/\/feucht-obsttechnik.de\/wp-content\/uploads\/bg-header-nussernte-gross.jpg\" alt class=\"img-responsive wp-image-12484\" srcset=\"https:\/\/feucht-obsttechnik.de\/wp-content\/uploads\/bg-header-nussernte-gross-200x93.jpg 200w, https:\/\/feucht-obsttechnik.de\/wp-content\/uploads\/bg-header-nussernte-gross-400x187.jpg 400w, https:\/\/feucht-obsttechnik.de\/wp-content\/uploads\/bg-header-nussernte-gross-600x280.jpg 600w, https:\/\/feucht-obsttechnik.de\/wp-content\/uploads\/bg-header-nussernte-gross-800x373.jpg 800w, https:\/\/feucht-obsttechnik.de\/wp-content\/uploads\/bg-header-nussernte-gross-1200x560.jpg 1200w, https:\/\/feucht-obsttechnik.de\/wp-content\/uploads\/bg-header-nussernte-gross.jpg 2048w\" sizes=\"(max-width: 835px) 100vw, 600px\" \/><\/a><\/span><\/div><\/div><div class=\"fusion-text fusion-text-6\"><div style=\"padding: 25px\">\n<h3>Di\u00f3f\u00e9l\u00e9k feldolgoz\u00e1sa (\u2265 5 t)<\/h3>\n<p>A nagy betakar\u00edtott mennyis\u00e9gek feldolgoz\u00e1sa k\u00fcl\u00f6n\u00f6sen id\u0151ig\u00e9nyes \u00e9s k\u00f6lts\u00e9ges lehet.<\/p>\n<p>Nagy mennyis\u00e9g\u0171 di\u00f3 (\u00e9vente 5 tonn\u00e1t\u00f3l) betakar\u00edt\u00e1s\u00e1ra szolg\u00e1l\u00f3 g\u00e9peinkkel speci\u00e1lis term\u00e9k- \u00e9s k\u00f6lts\u00e9ggazdas\u00e1gos rendszereket k\u00edn\u00e1lunk a di\u00f3feldolgoz\u00e1si m\u0171veletekhez. Di\u00f3t\u00f6r\u0151 gy\u00e1rt\u00f3soraink a di\u00f3feldolgoz\u00e1s teljes spektrum\u00e1t lefedik. <\/p>\n<\/div>\n<\/div><div class=\"fusion-button-wrapper fusion-aligncenter\"><a class=\"fusion-button button-flat fusion-button-default-size button-custom fusion-button-default button-1 fusion-button-default-span fusion-button-default-type\" style=\"--button_accent_color:#ffffff;--button_border_color:#ffffff;--button_accent_hover_color:#ffffff;--button_border_hover_color:#ffffff;--button_gradient_top_color:#cc0000;--button_gradient_bottom_color:#cc0000;--button_gradient_top_color_hover:#ef0000;--button_gradient_bottom_color_hover:#ef0000;\" target=\"_self\" title=\"B\u0151vebben a di\u00f3f\u00e9l\u00e9k feldolgoz\u00e1s\u00e1r\u00f3l (\u2265 5 t)\" aria-label=\"B\u0151vebben a di\u00f3f\u00e9l\u00e9k feldolgoz\u00e1s\u00e1r\u00f3l (\u2265 5 t)\" href=\"https:\/\/feucht-obsttechnik.de\/hu\/diofelek-feldolgozasa\/diofeldolgozas-nagy\/\"><span class=\"fusion-button-text awb-button__text awb-button__text--default\">Di\u00f3f\u00e9l\u00e9k feldolgoz\u00e1sa (\u2265 5 t)<\/span><\/a><\/div><div class=\"fusion-clearfix\"><\/div><\/div><\/div><div class=\"fusion-layout-column fusion_builder_column fusion-builder-column-7 fusion_builder_column_1_2 1_2 fusion-one-half fusion-column-last\" style=\"--awb-bg-color:#f8f8f8;--awb-bg-color-hover:#f8f8f8;--awb-bg-size:cover;width:48%;\"><div class=\"fusion-column-wrapper fusion-flex-column-wrapper-legacy\"><div class=\"fusion-image-element fusion-image-align-center in-legacy-container\" style=\"text-align:center;--awb-caption-title-font-family:var(--h2_typography-font-family);--awb-caption-title-font-weight:var(--h2_typography-font-weight);--awb-caption-title-font-style:var(--h2_typography-font-style);--awb-caption-title-size:var(--h2_typography-font-size);--awb-caption-title-transform:var(--h2_typography-text-transform);--awb-caption-title-line-height:var(--h2_typography-line-height);--awb-caption-title-letter-spacing:var(--h2_typography-letter-spacing);\"><div class=\"imageframe-align-center\"><span class=\" fusion-imageframe imageframe-none imageframe-4 hover-type-zoomin\"><a class=\"fusion-no-lightbox\" href=\"https:\/\/feucht-obsttechnik.de\/hu\/diofelek-feldolgozasa\/diofeldolgozas-kis\/\" target=\"_self\" aria-label=\"Di\u00f3f\u00e9l\u00e9k feldolgoz\u00e1sa (\u2265 5 t) &#8211; G\u00e9pek di\u00f3f\u00e9l\u00e9k feldolgoz\u00e1s\u00e1ra &lt; 5 tonna mennyis\u00e9gben\"><img decoding=\"async\" width=\"2048\" height=\"956\" src=\"https:\/\/feucht-obsttechnik.de\/wp-content\/uploads\/bg-header-nussernte-klein.jpg\" alt class=\"img-responsive wp-image-12447\" srcset=\"https:\/\/feucht-obsttechnik.de\/wp-content\/uploads\/bg-header-nussernte-klein-200x93.jpg 200w, https:\/\/feucht-obsttechnik.de\/wp-content\/uploads\/bg-header-nussernte-klein-400x187.jpg 400w, https:\/\/feucht-obsttechnik.de\/wp-content\/uploads\/bg-header-nussernte-klein-600x280.jpg 600w, https:\/\/feucht-obsttechnik.de\/wp-content\/uploads\/bg-header-nussernte-klein-800x373.jpg 800w, https:\/\/feucht-obsttechnik.de\/wp-content\/uploads\/bg-header-nussernte-klein-1200x560.jpg 1200w, https:\/\/feucht-obsttechnik.de\/wp-content\/uploads\/bg-header-nussernte-klein.jpg 2048w\" sizes=\"(max-width: 835px) 100vw, 600px\" \/><\/a><\/span><\/div><\/div><div class=\"fusion-text fusion-text-7\"><div style=\"padding: 25px\">\n<h3>Di\u00f3f\u00e9l\u00e9k feldolgoz\u00e1sa (\u2264 5 t)<\/h3>\n<p>M\u00e9g kis mennyis\u00e9g\u0171 di\u00f3 feldolgoz\u00e1sa is sok er\u0151fesz\u00edt\u00e9st \u00e9s a k\u00e9zi munka ir\u00e1nti t\u00fcrelmet ig\u00e9nyel.<\/p>\n<p>Annak \u00e9rdek\u00e9ben, hogy a di\u00f3f\u00e9l\u00e9k feldolgoz\u00e1sa olyan hat\u00e9kony \u00e9s \u00f3vatos legyen, amilyen csak lehet, kombin\u00e1lt megold\u00e1sokat \u00e9s g\u00e9peket k\u00edn\u00e1lunk a feldolgoz\u00e1si l\u00e1nc minden egyes l\u00e9p\u00e9s\u00e9hez. Ezek a di\u00f3t\u00f6r\u0151 gy\u00e1rt\u00f3sorok \u00e9s g\u00e9pek k\u00fcl\u00f6n\u00f6sen alkalmasak a kisebb, \u00e9vente 5 tonn\u00e1n\u00e1l kevesebb betakar\u00edt\u00e1si mennyis\u00e9gekhez. <\/p>\n<\/div>\n<\/div><div class=\"fusion-button-wrapper fusion-aligncenter\"><a class=\"fusion-button button-flat fusion-button-default-size button-custom fusion-button-default button-2 fusion-button-default-span fusion-button-default-type\" style=\"--button_accent_color:#ffffff;--button_border_color:#ffffff;--button_accent_hover_color:#ffffff;--button_border_hover_color:#ffffff;--button_gradient_top_color:#cc0000;--button_gradient_bottom_color:#cc0000;--button_gradient_top_color_hover:#ef0000;--button_gradient_bottom_color_hover:#ef0000;\" target=\"_self\" title=\"B\u0151vebben a di\u00f3f\u00e9l\u00e9k feldolgoz\u00e1s\u00e1r\u00f3l (\u2264 5 t)\" aria-label=\"B\u0151vebben a di\u00f3f\u00e9l\u00e9k feldolgoz\u00e1s\u00e1r\u00f3l (\u2264 5 t)\" href=\"https:\/\/feucht-obsttechnik.de\/hu\/diofelek-feldolgozasa\/diofeldolgozas-kis\/\"><span class=\"fusion-button-text awb-button__text awb-button__text--default\">Di\u00f3f\u00e9l\u00e9k feldolgoz\u00e1sa (\u2264 5 t)<\/span><\/a><\/div><div class=\"fusion-clearfix\"><\/div><\/div><\/div><div class=\"fusion-layout-column fusion_builder_column fusion-builder-column-8 fusion_builder_column_1_1 1_1 fusion-one-full fusion-column-first fusion-column-last\" style=\"--awb-bg-color:#f8f8f8;--awb-bg-color-hover:#f8f8f8;--awb-bg-size:cover;\"><div class=\"fusion-column-wrapper fusion-flex-column-wrapper-legacy\"><div class=\"fusion-image-element fusion-image-align-center in-legacy-container\" style=\"text-align:center;--awb-caption-title-font-family:var(--h2_typography-font-family);--awb-caption-title-font-weight:var(--h2_typography-font-weight);--awb-caption-title-font-style:var(--h2_typography-font-style);--awb-caption-title-size:var(--h2_typography-font-size);--awb-caption-title-transform:var(--h2_typography-text-transform);--awb-caption-title-line-height:var(--h2_typography-line-height);--awb-caption-title-letter-spacing:var(--h2_typography-letter-spacing);\"><div class=\"imageframe-align-center\"><span class=\" fusion-imageframe imageframe-none imageframe-5 hover-type-zoomin\"><a class=\"fusion-no-lightbox\" href=\"https:\/\/feucht-obsttechnik.de\/hu\/diofelek-feldolgozasa\/mogyoro\/\" target=\"_self\" aria-label=\"Mogyor\u00f3 betakar\u00edt\u00e1s &#8211; Mogyor\u00f3 betakar\u00edt\u00f3 g\u00e9pek\"><img decoding=\"async\" width=\"2048\" height=\"956\" src=\"https:\/\/feucht-obsttechnik.de\/wp-content\/uploads\/bg-header-haselnussernte.jpg\" alt class=\"img-responsive wp-image-13648\" srcset=\"https:\/\/feucht-obsttechnik.de\/wp-content\/uploads\/bg-header-haselnussernte-200x93.jpg 200w, https:\/\/feucht-obsttechnik.de\/wp-content\/uploads\/bg-header-haselnussernte-400x187.jpg 400w, https:\/\/feucht-obsttechnik.de\/wp-content\/uploads\/bg-header-haselnussernte-600x280.jpg 600w, https:\/\/feucht-obsttechnik.de\/wp-content\/uploads\/bg-header-haselnussernte-800x373.jpg 800w, https:\/\/feucht-obsttechnik.de\/wp-content\/uploads\/bg-header-haselnussernte-1200x560.jpg 1200w, https:\/\/feucht-obsttechnik.de\/wp-content\/uploads\/bg-header-haselnussernte.jpg 2048w\" sizes=\"(max-width: 835px) 100vw, 1200px\" \/><\/a><\/span><\/div><\/div><div class=\"fusion-text fusion-text-8\"><div style=\"padding: 25px\">\n<h3>Mogyor\u00f3betakar\u00edt\u00e1s \u00e9s mogyor\u00f3feldolgoz\u00e1s<\/h3>\n<p>A mogyor\u00f3termeszt\u00e9s a di\u00f3termeszt\u00e9s figyelemre m\u00e9lt\u00f3 kert\u00e9szeti \u00e9s gazdas\u00e1gi alternat\u00edv\u00e1ja. A mogyor\u00f3termeszt\u0151t azonban bizonyos k\u00f6vetelm\u00e9nyek el\u00e9 \u00e1ll\u00edtja a mogyor\u00f3betakar\u00edt\u00e1s \u00e9s -feldolgoz\u00e1s. <\/p>\n<p>Mindennek rendben kell lennie, a helysz\u00ednt\u0151l kezdve a k\u00e9szlet karbantart\u00e1s\u00e1n kereszt\u00fcl a betakar\u00edt\u00e1s g\u00e9pes\u00edt\u00e9s\u00e9ig \u00e9s a betakar\u00edt\u00e1s ut\u00e1ni feldolgoz\u00e1sig. Innovat\u00edv mogyor\u00f3betakar\u00edt\u00e1si technol\u00f3gi\u00e1inkkal a siker z\u00e1log\u00e1v\u00e1 v\u00e1ltunk a mogyor\u00f3betakar\u00edt\u00e1s \u00e9s -feldolgoz\u00e1s minden aspektus\u00e1t tekintve. <\/p>\n<\/div>\n<\/div><div class=\"fusion-button-wrapper fusion-aligncenter\"><a class=\"fusion-button button-flat fusion-button-default-size button-custom fusion-button-default button-3 fusion-button-default-span fusion-button-default-type\" style=\"--button_accent_color:#ffffff;--button_border_color:#ffffff;--button_accent_hover_color:#ffffff;--button_border_hover_color:#ffffff;--button_gradient_top_color:#cc0000;--button_gradient_bottom_color:#cc0000;--button_gradient_top_color_hover:#ef0000;--button_gradient_bottom_color_hover:#ef0000;\" target=\"_self\" title=\"B\u0151vebben a Mogyor\u00f3 betakar\u00edt\u00e1s \u00e9s di\u00f3feldolgoz\u00e1s\" aria-label=\"B\u0151vebben a Mogyor\u00f3 betakar\u00edt\u00e1s \u00e9s di\u00f3feldolgoz\u00e1s\" href=\"https:\/\/feucht-obsttechnik.de\/hu\/diofelek-feldolgozasa\/mogyoro\/\"><span class=\"fusion-button-text awb-button__text awb-button__text--default\">Mogyor\u00f3 betakar\u00edt\u00e1s \u00e9s di\u00f3feldolgoz\u00e1s<\/span><\/a><\/div><div class=\"fusion-sep-clear\"><\/div><div class=\"fusion-separator fusion-full-width-sep\" style=\"margin-left: auto;margin-right: auto;margin-bottom:30px;width:100%;\"><\/div><div class=\"fusion-sep-clear\"><\/div><div class=\"fusion-clearfix\"><\/div><\/div><\/div><\/div><\/div><div class=\"fusion-fullwidth fullwidth-box fusion-builder-row-5 nonhundred-percent-fullwidth non-hundred-percent-height-scrolling fusion-equal-height-columns fusion-no-small-visibility schlagwoerter\" style=\"--awb-background-position:center top;--awb-border-sizes-top:0px;--awb-border-sizes-bottom:0px;--awb-border-sizes-left:0px;--awb-border-sizes-right:0px;--awb-border-radius-top-left:0px;--awb-border-radius-top-right:0px;--awb-border-radius-bottom-right:0px;--awb-border-radius-bottom-left:0px;--awb-padding-top:0px;--awb-padding-right:15%;--awb-padding-bottom:0px;--awb-padding-left:15%;--awb-background-color:#a0ce4e;--awb-flex-wrap:wrap;\" ><div class=\"fusion-builder-row fusion-row\"><div class=\"fusion-layout-column fusion_builder_column fusion-builder-column-9 fusion_builder_column_1_5 1_5 fusion-one-fifth fusion-column-first\" style=\"--awb-padding-top:10px;--awb-padding-bottom:10px;--awb-bg-size:cover;--awb-margin-top:10px;--awb-margin-bottom:0px;width:20%;width:calc(20% - ( ( 4% ) * 0.2 ) );margin-right: 4%;\"><div class=\"fusion-column-wrapper fusion-column-has-shadow fusion-flex-column-wrapper-legacy\"><div class=\"fusion-column-content-centered\"><div class=\"fusion-column-content\"><div class=\"fusion-title title fusion-title-1 fusion-sep-none fusion-title-text fusion-title-size-two\" style=\"--awb-text-color:#ffffff;--awb-margin-bottom:0px;--awb-margin-right-small:0px;--awb-margin-bottom-small:0px;--awb-margin-left-small:0px;\"><h2 class=\"fusion-title-heading title-heading-left fusion-responsive-typography-calculated\" style=\"margin:0;--fontSize:26;--minFontSize:26;line-height:1.25;\">Kulcsszavak:<\/h2><\/div><\/div><\/div><div class=\"fusion-clearfix\"><\/div><\/div><\/div><div class=\"fusion-layout-column fusion_builder_column fusion-builder-column-10 fusion_builder_column_4_5 4_5 fusion-four-fifth fusion-column-last fusion-column-no-min-height\" style=\"--awb-padding-top:10px;--awb-padding-bottom:10px;--awb-bg-size:cover;--awb-margin-top:20px;--awb-margin-bottom:0px;width:80%;width:calc(80% - ( ( 4% ) * 0.8 ) );\"><div class=\"fusion-column-wrapper fusion-column-has-shadow fusion-flex-column-wrapper-legacy\"><div class=\"fusion-text fusion-text-9\"><p><span style=\"color: #ffffff\"> <a href=\"https:\/\/feucht-obsttechnik.de\/hu\/diofelek-feldolgozasa\/diofeldolgozas-nagy\/\">Di\u00f3f\u00e9l\u00e9k feldolgoz\u00e1sa (\u2265 5 t)<\/a>, <a href=\"https:\/\/feucht-obsttechnik.de\/hu\/diofelek-feldolgozasa\/diofeldolgozas-kis\/\">Di\u00f3f\u00e9l\u00e9k feldolgoz\u00e1sa (\u2264 5 t)<\/a>, <a href=\"https:\/\/feucht-obsttechnik.de\/hu\/diofelek-feldolgozasa\/mogyoro\/\">Mogyor\u00f3betakar\u00edt\u00e1s \u00e9s mogyor\u00f3feldolgoz\u00e1s<\/a><\/span><\/p>\n<\/div><div class=\"fusion-clearfix\"><\/div><\/div><\/div><\/div><\/div><\/p>\n","protected":false},"excerpt":{"rendered":"","protected":false},"author":4,"featured_media":0,"parent":0,"menu_order":0,"comment_status":"closed","ping_status":"closed","template":"100-width.php","meta":{"footnotes":"","_wp_rev_ctl_limit":""},"class_list":["post-12446","page","type-page","status-publish","hentry"],"yoast_head":"<!-- This site is optimized with the Yoast SEO plugin v27.5 - https:\/\/yoast.com\/product\/yoast-seo-wordpress\/ -->\n<title>Di\u00f3f\u00e9l\u00e9k feldolgoz\u00e1sa - Feucht Obsttechnik<\/title>\n<meta name=\"description\" content=\"\u00c9lvezze szak\u00e9rtelm\u00fcnk el\u0151nyeit a di\u00f3f\u00e9l\u00e9k feldolgoz\u00e1sa ter\u00e9n, \u00e9s n\u00f6velje termel\u00e9kenys\u00e9g\u00e9t minden folyamat sor\u00e1n, a betakar\u00edt\u00e1st\u00f3l a di\u00f3f\u00e9l\u00e9k megt\u00f6r\u00e9s\u00e9ig\" \/>\n<meta name=\"robots\" content=\"index, follow, max-snippet:-1, max-image-preview:large, max-video-preview:-1\" \/>\n<link rel=\"canonical\" href=\"https:\/\/feucht-obsttechnik.de\/hu\/diofelek-feldolgozasa\/\" \/>\n<meta property=\"og:locale\" content=\"hu_HU\" \/>\n<meta property=\"og:type\" content=\"article\" \/>\n<meta property=\"og:title\" content=\"Di\u00f3f\u00e9l\u00e9k feldolgoz\u00e1sa - Feucht Obsttechnik\" \/>\n<meta property=\"og:description\" content=\"\u00c9lvezze szak\u00e9rtelm\u00fcnk el\u0151nyeit a di\u00f3f\u00e9l\u00e9k feldolgoz\u00e1sa ter\u00e9n, \u00e9s n\u00f6velje termel\u00e9kenys\u00e9g\u00e9t minden folyamat sor\u00e1n, a betakar\u00edt\u00e1st\u00f3l a di\u00f3f\u00e9l\u00e9k megt\u00f6r\u00e9s\u00e9ig\" \/>\n<meta property=\"og:url\" content=\"https:\/\/feucht-obsttechnik.de\/hu\/diofelek-feldolgozasa\/\" \/>\n<meta property=\"og:site_name\" content=\"Feucht Obsttechnik\" \/>\n<meta property=\"article:modified_time\" content=\"2021-04-09T15:37:34+00:00\" \/>\n<meta name=\"twitter:card\" content=\"summary_large_image\" \/>\n<meta name=\"twitter:label1\" content=\"Becs\u00fclt olvas\u00e1si id\u0151\" \/>\n\t<meta name=\"twitter:data1\" content=\"17 perc\" \/>\n<script type=\"application\/ld+json\" class=\"yoast-schema-graph\">{\"@context\":\"https:\\\/\\\/schema.org\",\"@graph\":[{\"@type\":\"WebPage\",\"@id\":\"https:\\\/\\\/feucht-obsttechnik.de\\\/hu\\\/diofelek-feldolgozasa\\\/\",\"url\":\"https:\\\/\\\/feucht-obsttechnik.de\\\/hu\\\/diofelek-feldolgozasa\\\/\",\"name\":\"Di\u00f3f\u00e9l\u00e9k feldolgoz\u00e1sa - Feucht Obsttechnik\",\"isPartOf\":{\"@id\":\"https:\\\/\\\/feucht-obsttechnik.de\\\/hu\\\/#website\"},\"datePublished\":\"2021-04-08T14:03:33+00:00\",\"dateModified\":\"2021-04-09T15:37:34+00:00\",\"description\":\"\u00c9lvezze szak\u00e9rtelm\u00fcnk el\u0151nyeit a di\u00f3f\u00e9l\u00e9k feldolgoz\u00e1sa ter\u00e9n, \u00e9s n\u00f6velje termel\u00e9kenys\u00e9g\u00e9t minden folyamat sor\u00e1n, a betakar\u00edt\u00e1st\u00f3l a di\u00f3f\u00e9l\u00e9k megt\u00f6r\u00e9s\u00e9ig\",\"breadcrumb\":{\"@id\":\"https:\\\/\\\/feucht-obsttechnik.de\\\/hu\\\/diofelek-feldolgozasa\\\/#breadcrumb\"},\"inLanguage\":\"hu\",\"potentialAction\":[{\"@type\":\"ReadAction\",\"target\":[\"https:\\\/\\\/feucht-obsttechnik.de\\\/hu\\\/diofelek-feldolgozasa\\\/\"]}]},{\"@type\":\"BreadcrumbList\",\"@id\":\"https:\\\/\\\/feucht-obsttechnik.de\\\/hu\\\/diofelek-feldolgozasa\\\/#breadcrumb\",\"itemListElement\":[{\"@type\":\"ListItem\",\"position\":1,\"name\":\"Startseite\",\"item\":\"https:\\\/\\\/feucht-obsttechnik.de\\\/hu\\\/\"},{\"@type\":\"ListItem\",\"position\":2,\"name\":\"Di\u00f3f\u00e9l\u00e9k feldolgoz\u00e1sa\"}]},{\"@type\":\"WebSite\",\"@id\":\"https:\\\/\\\/feucht-obsttechnik.de\\\/hu\\\/#website\",\"url\":\"https:\\\/\\\/feucht-obsttechnik.de\\\/hu\\\/\",\"name\":\"Feucht Obsttechnik\",\"description\":\"\",\"publisher\":{\"@id\":\"https:\\\/\\\/feucht-obsttechnik.de\\\/hu\\\/#organization\"},\"potentialAction\":[{\"@type\":\"SearchAction\",\"target\":{\"@type\":\"EntryPoint\",\"urlTemplate\":\"https:\\\/\\\/feucht-obsttechnik.de\\\/hu\\\/?s={search_term_string}\"},\"query-input\":{\"@type\":\"PropertyValueSpecification\",\"valueRequired\":true,\"valueName\":\"search_term_string\"}}],\"inLanguage\":\"hu\"},{\"@type\":\"Organization\",\"@id\":\"https:\\\/\\\/feucht-obsttechnik.de\\\/hu\\\/#organization\",\"name\":\"Feucht Obsttechnik GmbH\",\"url\":\"https:\\\/\\\/feucht-obsttechnik.de\\\/hu\\\/\",\"logo\":{\"@type\":\"ImageObject\",\"inLanguage\":\"hu\",\"@id\":\"https:\\\/\\\/feucht-obsttechnik.de\\\/hu\\\/#\\\/schema\\\/logo\\\/image\\\/\",\"url\":\"https:\\\/\\\/feucht-obsttechnik.de\\\/wp-content\\\/uploads\\\/logo-feucht@2x-1.png\",\"contentUrl\":\"https:\\\/\\\/feucht-obsttechnik.de\\\/wp-content\\\/uploads\\\/logo-feucht@2x-1.png\",\"width\":640,\"height\":123,\"caption\":\"Feucht Obsttechnik GmbH\"},\"image\":{\"@id\":\"https:\\\/\\\/feucht-obsttechnik.de\\\/hu\\\/#\\\/schema\\\/logo\\\/image\\\/\"}}]}<\/script>\n<!-- \/ Yoast SEO plugin. -->","yoast_head_json":{"title":"Di\u00f3f\u00e9l\u00e9k feldolgoz\u00e1sa - Feucht Obsttechnik","description":"\u00c9lvezze szak\u00e9rtelm\u00fcnk el\u0151nyeit a di\u00f3f\u00e9l\u00e9k feldolgoz\u00e1sa ter\u00e9n, \u00e9s n\u00f6velje termel\u00e9kenys\u00e9g\u00e9t minden folyamat sor\u00e1n, a betakar\u00edt\u00e1st\u00f3l a di\u00f3f\u00e9l\u00e9k megt\u00f6r\u00e9s\u00e9ig","robots":{"index":"index","follow":"follow","max-snippet":"max-snippet:-1","max-image-preview":"max-image-preview:large","max-video-preview":"max-video-preview:-1"},"canonical":"https:\/\/feucht-obsttechnik.de\/hu\/diofelek-feldolgozasa\/","og_locale":"hu_HU","og_type":"article","og_title":"Di\u00f3f\u00e9l\u00e9k feldolgoz\u00e1sa - Feucht Obsttechnik","og_description":"\u00c9lvezze szak\u00e9rtelm\u00fcnk el\u0151nyeit a di\u00f3f\u00e9l\u00e9k feldolgoz\u00e1sa ter\u00e9n, \u00e9s n\u00f6velje termel\u00e9kenys\u00e9g\u00e9t minden folyamat sor\u00e1n, a betakar\u00edt\u00e1st\u00f3l a di\u00f3f\u00e9l\u00e9k megt\u00f6r\u00e9s\u00e9ig","og_url":"https:\/\/feucht-obsttechnik.de\/hu\/diofelek-feldolgozasa\/","og_site_name":"Feucht Obsttechnik","article_modified_time":"2021-04-09T15:37:34+00:00","twitter_card":"summary_large_image","twitter_misc":{"Becs\u00fclt olvas\u00e1si id\u0151":"17 perc"},"schema":{"@context":"https:\/\/schema.org","@graph":[{"@type":"WebPage","@id":"https:\/\/feucht-obsttechnik.de\/hu\/diofelek-feldolgozasa\/","url":"https:\/\/feucht-obsttechnik.de\/hu\/diofelek-feldolgozasa\/","name":"Di\u00f3f\u00e9l\u00e9k feldolgoz\u00e1sa - Feucht Obsttechnik","isPartOf":{"@id":"https:\/\/feucht-obsttechnik.de\/hu\/#website"},"datePublished":"2021-04-08T14:03:33+00:00","dateModified":"2021-04-09T15:37:34+00:00","description":"\u00c9lvezze szak\u00e9rtelm\u00fcnk el\u0151nyeit a di\u00f3f\u00e9l\u00e9k feldolgoz\u00e1sa ter\u00e9n, \u00e9s n\u00f6velje termel\u00e9kenys\u00e9g\u00e9t minden folyamat sor\u00e1n, a betakar\u00edt\u00e1st\u00f3l a di\u00f3f\u00e9l\u00e9k megt\u00f6r\u00e9s\u00e9ig","breadcrumb":{"@id":"https:\/\/feucht-obsttechnik.de\/hu\/diofelek-feldolgozasa\/#breadcrumb"},"inLanguage":"hu","potentialAction":[{"@type":"ReadAction","target":["https:\/\/feucht-obsttechnik.de\/hu\/diofelek-feldolgozasa\/"]}]},{"@type":"BreadcrumbList","@id":"https:\/\/feucht-obsttechnik.de\/hu\/diofelek-feldolgozasa\/#breadcrumb","itemListElement":[{"@type":"ListItem","position":1,"name":"Startseite","item":"https:\/\/feucht-obsttechnik.de\/hu\/"},{"@type":"ListItem","position":2,"name":"Di\u00f3f\u00e9l\u00e9k feldolgoz\u00e1sa"}]},{"@type":"WebSite","@id":"https:\/\/feucht-obsttechnik.de\/hu\/#website","url":"https:\/\/feucht-obsttechnik.de\/hu\/","name":"Feucht Obsttechnik","description":"","publisher":{"@id":"https:\/\/feucht-obsttechnik.de\/hu\/#organization"},"potentialAction":[{"@type":"SearchAction","target":{"@type":"EntryPoint","urlTemplate":"https:\/\/feucht-obsttechnik.de\/hu\/?s={search_term_string}"},"query-input":{"@type":"PropertyValueSpecification","valueRequired":true,"valueName":"search_term_string"}}],"inLanguage":"hu"},{"@type":"Organization","@id":"https:\/\/feucht-obsttechnik.de\/hu\/#organization","name":"Feucht Obsttechnik GmbH","url":"https:\/\/feucht-obsttechnik.de\/hu\/","logo":{"@type":"ImageObject","inLanguage":"hu","@id":"https:\/\/feucht-obsttechnik.de\/hu\/#\/schema\/logo\/image\/","url":"https:\/\/feucht-obsttechnik.de\/wp-content\/uploads\/logo-feucht@2x-1.png","contentUrl":"https:\/\/feucht-obsttechnik.de\/wp-content\/uploads\/logo-feucht@2x-1.png","width":640,"height":123,"caption":"Feucht Obsttechnik GmbH"},"image":{"@id":"https:\/\/feucht-obsttechnik.de\/hu\/#\/schema\/logo\/image\/"}}]}},"_links":{"self":[{"href":"https:\/\/feucht-obsttechnik.de\/hu\/wp-json\/wp\/v2\/pages\/12446","targetHints":{"allow":["GET"]}}],"collection":[{"href":"https:\/\/feucht-obsttechnik.de\/hu\/wp-json\/wp\/v2\/pages"}],"about":[{"href":"https:\/\/feucht-obsttechnik.de\/hu\/wp-json\/wp\/v2\/types\/page"}],"author":[{"embeddable":true,"href":"https:\/\/feucht-obsttechnik.de\/hu\/wp-json\/wp\/v2\/users\/4"}],"replies":[{"embeddable":true,"href":"https:\/\/feucht-obsttechnik.de\/hu\/wp-json\/wp\/v2\/comments?post=12446"}],"version-history":[{"count":0,"href":"https:\/\/feucht-obsttechnik.de\/hu\/wp-json\/wp\/v2\/pages\/12446\/revisions"}],"wp:attachment":[{"href":"https:\/\/feucht-obsttechnik.de\/hu\/wp-json\/wp\/v2\/media?parent=12446"}],"curies":[{"name":"wp","href":"https:\/\/api.w.org\/{rel}","templated":true}]}}