{"id":12058,"date":"2021-04-08T12:21:13","date_gmt":"2021-04-08T10:21:13","guid":{"rendered":"http:\/\/neu2020.feucht-obsttechnik.de\/lp-kezi-mogyorotoero\/"},"modified":"2021-04-10T22:35:01","modified_gmt":"2021-04-10T20:35:01","slug":"kezi-mogyorotoero","status":"publish","type":"page","link":"https:\/\/feucht-obsttechnik.de\/hu\/kezi-mogyorotoero\/","title":{"rendered":"LP K\u00e9zi mogyor\u00f3t\u00f6r\u0151"},"content":{"rendered":"<p><div class=\"fusion-bg-parallax\" data-bg-align=\"left center\" data-direction=\"up\" data-mute=\"false\" data-opacity=\"100\" data-velocity=\"-0.3\" data-mobile-enabled=\"false\" data-break_parents=\"0\" data-bg-image=\"https:\/\/feucht-obsttechnik.de\/wp-content\/uploads\/bg-header-haselnussernte.jpg\" data-bg-repeat=\"false\" ><\/div><div class=\"fusion-fullwidth fullwidth-box fusion-builder-row-1 fusion-parallax-up nonhundred-percent-fullwidth non-hundred-percent-height-scrolling\" style=\"--awb-background-position:left center;--awb-border-sizes-top:0px;--awb-border-sizes-bottom:0px;--awb-border-sizes-left:0px;--awb-border-sizes-right:0px;--awb-border-radius-top-left:0px;--awb-border-radius-top-right:0px;--awb-border-radius-bottom-right:0px;--awb-border-radius-bottom-left:0px;--awb-padding-top:130px;--awb-padding-bottom:120px;--awb-background-image:url(&quot;https:\/\/feucht-obsttechnik.de\/wp-content\/uploads\/bg-header-haselnussernte.jpg&quot;);--awb-background-size:cover;--awb-flex-wrap:wrap;\" ><div class=\"fusion-builder-row fusion-row\"><div class=\"fusion-layout-column fusion_builder_column fusion-builder-column-0 fusion_builder_column_1_2 1_2 fusion-one-half fusion-column-first\" style=\"--awb-bg-size:cover;width:48%; margin-right: 4%;\"><div class=\"fusion-column-wrapper fusion-flex-column-wrapper-legacy\"><div class=\"fusion-text fusion-text-1\"><h1><span style=\"color: #ffffff\">K\u00e9zi mogyor\u00f3t\u00f6r\u0151<\/span><\/h1>\n<p><span style=\"color: #ffffff\">Sikeres feldolgoz\u00e1s a legjobb technol\u00f3gi\u00e1val: K\u00e9zi mogyor\u00f3t\u00f6r\u0151nkkel egyszer\u0171en \u00e9s gyorsan \u00e9ri el a legjobb t\u00f6r\u00e9si eredm\u00e9nyeket.<\/span><\/p>\n<\/div><div class=\"fusion-clearfix\"><\/div><\/div><\/div><div class=\"fusion-layout-column fusion_builder_column fusion-builder-column-1 fusion_builder_column_1_2 1_2 fusion-one-half fusion-column-last\" style=\"--awb-bg-size:cover;width:48%;\"><div class=\"fusion-column-wrapper fusion-flex-column-wrapper-legacy\"><div class=\"fusion-clearfix\"><\/div><\/div><\/div><\/div><\/div><div class=\"fusion-fullwidth fullwidth-box fusion-builder-row-2 nonhundred-percent-fullwidth non-hundred-percent-height-scrolling\" style=\"--awb-background-position:left top;--awb-border-sizes-top:0px;--awb-border-sizes-bottom:0px;--awb-border-sizes-left:0px;--awb-border-sizes-right:0px;--awb-border-radius-top-left:0px;--awb-border-radius-top-right:0px;--awb-border-radius-bottom-right:0px;--awb-border-radius-bottom-left:0px;--awb-padding-top:130px;--awb-padding-bottom:30px;--awb-flex-wrap:wrap;\" ><div class=\"fusion-builder-row fusion-row\"><div class=\"fusion-layout-column fusion_builder_column fusion-builder-column-2 fusion_builder_column_1_1 1_1 fusion-one-full fusion-column-first fusion-column-last\" style=\"--awb-bg-size:cover;\"><div class=\"fusion-column-wrapper fusion-column-has-shadow fusion-flex-column-wrapper-legacy\"><div class=\"fusion-text fusion-text-2\"><h2>K\u00e9zi mogyor\u00f3t\u00f6r\u0151 a Feucht Obsttechnik v\u00e1llalatt\u00f3l<\/h2>\n<\/div><div class=\"fusion-text fusion-text-3\"><h3><span class=\"\">Mogyor\u00f3termeszt\u00e9s: Siker a tud\u00e1snak, tapasztalatnak \u00e9s g\u00e9pes\u00edt\u00e9snek k\u00f6sz\u00f6nhet\u0151en.<\/span><\/h3>\n<\/div><div class=\"fusion-clearfix\"><\/div><\/div><\/div><div class=\"fusion-layout-column fusion_builder_column fusion-builder-column-3 fusion_builder_column_1_2 1_2 fusion-one-half fusion-column-first\" style=\"--awb-bg-size:cover;width:48%; margin-right: 4%;\"><div class=\"fusion-column-wrapper fusion-flex-column-wrapper-legacy\"><div class=\"fusion-text fusion-text-4\"><p>A di\u00f3f\u00e9l\u00e9k eg\u00e9szs\u00e9gre gyakorolt j\u00f3t\u00e9kony hat\u00e1sait mindig is ismert\u00e9k. Egy ilyen massz\u00edv energiabomba k\u00fcl\u00f6n el\u0151nye, hogy b\u00e1rmely \u00e9tkez\u00e9sbe belefoglalhat\u00f3, illetve nassolnival\u00f3k\u00e9nt is fogyaszthat\u00f3. A (di\u00f3hoz is alkalmas) k\u00e9zi mogyor\u00f3t\u00f6r\u0151 seg\u00edts\u00e9g\u00e9vel a di\u00f3f\u00e9l\u00e9ket egyszer\u0171en \u00e9s gyorsan meg lehet t\u00f6rni a k\u00e9zi t\u00f6r\u0151g\u00e9ppel.<\/p>\n<p>A \u201eWALMAN\u201d k\u00e9zi mogyor\u00f3t\u00f6r\u0151 k\u00e9zzel \u00fczemeltetett, egyszer\u0171, gazdas\u00e1gos \u00e9s folytonosan, automatikusan m\u0171k\u00f6d\u0151 k\u00e9zi mogyor\u00f3t\u00f6r\u0151 g\u00e9p (mely di\u00f3hoz is alkalmas), ami a di\u00f3f\u00e9l\u00e9k megt\u00f6r\u00e9s\u00e9nek kiv\u00e1l\u00f3 szintj\u00e9t ny\u00fajtja. Az eredm\u00e9ny nagyj\u00e1b\u00f3l 80% megt\u00f6rt \u00e9s 20% f\u00e9l di\u00f3, a di\u00f3f\u00e9le t\u00edpus\u00e1t\u00f3l \u00e9s m\u00e9ret\u00e9t\u0151l f\u00fcgg\u0151en. A di\u00f3f\u00e9l\u00e9ket el\u0151zetesen kalibr\u00e1lni kell nagy\u2013k\u00f6zepes\u2013kis m\u00e9retre, hogy j\u00f3 eredm\u00e9nyt \u00e9rjen el. Ez \u00f3r\u00e1nk\u00e9nt ak\u00e1r 20\u201330 kg megt\u00f6r\u00e9s\u00e9t teszi lehet\u0151v\u00e9 a k\u00e9zi mogyor\u00f3t\u00f6r\u0151vel. A k\u00e9zi mogyor\u00f3t\u00f6r\u0151 m\u0171k\u00f6d\u00e9si elve egyszer\u0171: Miut\u00e1n a bemen\u0151 ny\u00edl\u00e1st felt\u00f6lt\u00f6tte di\u00f3f\u00e9l\u00e9kkel, forgassa a kart jobbra \u00e9s balra, mintha egy cs\u00f3nakot ringatna. A m\u0171velet ut\u00e1n a megt\u00f6rt di\u00f3f\u00e9l\u00e9k (belek, h\u00e9jak \u00e9s a f\u00e9lig megt\u00f6rt di\u00f3f\u00e9l\u00e9k) \u00f6sszegy\u0171jthet\u0151k, a kibocs\u00e1t\u00e1si pontra egy tart\u00e1lyt helyezve.<br \/>\nT\u00f6bb gener\u00e1ci\u00f3 \u00f3ta dolgozunk akt\u00edvan a gy\u00fcm\u00f6lcsbetakar\u00edt\u00e1si technol\u00f3gia ter\u00fclet\u00e9n, \u00e9s \u00fcgyfeleink kompetens partnere vagyunk a di\u00f3f\u00e9l\u00e9k feldolgoz\u00e1si technol\u00f3gi\u00e1ja \u00e9s a kasz\u00e1l\u00e1si technol\u00f3gia ter\u00e9n is. Az innovat\u00edv term\u00e9kek \u00e1lland\u00f3 fejleszt\u00e9s\u00e9vel piacvezet\u0151v\u00e9 v\u00e1ltunk Eur\u00f3p\u00e1ban a gy\u00fcm\u00f6lcsbetakar\u00edt\u00e1si technol\u00f3gia \/ kasz\u00e1l\u00e1si technol\u00f3gia, illetve a di\u00f3f\u00e9l\u00e9k feldolgoz\u00e1si technol\u00f3gi\u00e1ja ter\u00e9n.<\/p>\n<p>K\u00e9zi mogyor\u00f3t\u00f6r\u0151nk\u00f6n k\u00edv\u00fcl mechanikus di\u00f3t\u00f6r\u0151ket is k\u00edn\u00e1lunk, \u00e9s teljes k\u00f6r\u0171 besz\u00e1ll\u00edt\u00f3k\u00e9nt m\u0171k\u00f6d\u00fcnk a di\u00f3f\u00e9l\u00e9k feldolgoz\u00e1s\u00e1nak minden ter\u00fclet\u00e9n: mos\u00e1s, sz\u00e1r\u00edt\u00e1s, kalibr\u00e1l\u00e1s \u00e9s megt\u00f6r\u00e9s (el\u0151t\u00f6r\u00e9s, h\u00e9jak elt\u00e1vol\u00edt\u00e1sa, ut\u00f3t\u00f6r\u00e9s, v\u00e1logat\u00e1s \u00e9s di\u00f3b\u00e9l-kalibr\u00e1l\u00e1s).<\/p>\n<\/div><div class=\"fusion-button-wrapper\"><a class=\"fusion-button button-flat fusion-button-default-size button-custom fusion-button-default button-1 fusion-button-default-span fusion-button-default-type\" style=\"--button_accent_color:#ffffff;--button_border_color:#ffffff;--button_accent_hover_color:#ffffff;--button_border_hover_color:#ffffff;--button_gradient_top_color:#cc0000;--button_gradient_bottom_color:#cc0000;--button_gradient_top_color_hover:#ef0000;--button_gradient_bottom_color_hover:#ef0000;\" target=\"_self\" title=\"Tov\u00e1bbi inform\u00e1ci\u00f3k k\u00e9zi mogyor\u00f3t\u00f6r\u0151nkr\u0151l\" aria-label=\"Tov\u00e1bbi inform\u00e1ci\u00f3k k\u00e9zi mogyor\u00f3t\u00f6r\u0151nkr\u0151l\" href=\"https:\/\/feucht-obsttechnik.de\/hu\/diofelek-feldolgozasa\/mogyoro\/mogyoro-kalibralasa-es-megtoerese\/\"><span class=\"fusion-button-text awb-button__text awb-button__text--default\">Tov\u00e1bbi inform\u00e1ci\u00f3k k\u00e9zi mogyor\u00f3t\u00f6r\u0151nkr\u0151l<\/span><\/a><\/div><div class=\"fusion-clearfix\"><\/div><\/div><\/div><div class=\"fusion-layout-column fusion_builder_column fusion-builder-column-4 fusion_builder_column_1_2 1_2 fusion-one-half fusion-column-last\" style=\"--awb-bg-size:cover;width:48%;\"><div class=\"fusion-column-wrapper fusion-flex-column-wrapper-legacy\"><div class=\"fusion-image-element in-legacy-container\" style=\"--awb-caption-title-font-family:var(--h2_typography-font-family);--awb-caption-title-font-weight:var(--h2_typography-font-weight);--awb-caption-title-font-style:var(--h2_typography-font-style);--awb-caption-title-size:var(--h2_typography-font-size);--awb-caption-title-transform:var(--h2_typography-text-transform);--awb-caption-title-line-height:var(--h2_typography-line-height);--awb-caption-title-letter-spacing:var(--h2_typography-letter-spacing);\"><span class=\" fusion-imageframe imageframe-none imageframe-1 hover-type-zoomin fusion-animated\" data-animationType=\"fadeInDown\" data-animationDuration=\"1.0\" data-animationOffset=\"bottom-in-view\"><a href=\"https:\/\/feucht-obsttechnik.de\/wp-content\/uploads\/handknacker-divider-wal-man-1.jpg\" class=\"fusion-lightbox\" data-rel=\"iLightbox[K\u00e9zi mogyor\u00f3t\u00f6r\u0151]\" data-title=\"WAL MAN k\u00e9zi t\u00f6r\u0151g\u00e9p mogyor\u00f3\" title=\"WAL MAN k\u00e9zi t\u00f6r\u0151g\u00e9p mogyor\u00f3\"><img decoding=\"async\" width=\"1900\" height=\"1267\" src=\"https:\/\/feucht-obsttechnik.de\/wp-content\/uploads\/handknacker-divider-wal-man-1.jpg\" alt class=\"img-responsive wp-image-12239\" srcset=\"https:\/\/feucht-obsttechnik.de\/wp-content\/uploads\/handknacker-divider-wal-man-1-200x133.jpg 200w, https:\/\/feucht-obsttechnik.de\/wp-content\/uploads\/handknacker-divider-wal-man-1-400x267.jpg 400w, https:\/\/feucht-obsttechnik.de\/wp-content\/uploads\/handknacker-divider-wal-man-1-600x400.jpg 600w, https:\/\/feucht-obsttechnik.de\/wp-content\/uploads\/handknacker-divider-wal-man-1-800x533.jpg 800w, https:\/\/feucht-obsttechnik.de\/wp-content\/uploads\/handknacker-divider-wal-man-1-1200x800.jpg 1200w, https:\/\/feucht-obsttechnik.de\/wp-content\/uploads\/handknacker-divider-wal-man-1.jpg 1900w\" sizes=\"(max-width: 835px) 100vw, 600px\" \/><\/a><\/span><\/div><div class=\"fusion-sep-clear\"><\/div><div class=\"fusion-separator fusion-full-width-sep\" style=\"margin-left: auto;margin-right: auto;margin-bottom:30px;width:100%;\"><\/div><div class=\"fusion-sep-clear\"><\/div><div class=\"fusion-sep-clear\"><\/div><div class=\"fusion-separator fusion-full-width-sep\" style=\"margin-left: auto;margin-right: auto;margin-bottom:30px;width:100%;\"><\/div><div class=\"fusion-sep-clear\"><\/div><div class=\"fusion-image-element in-legacy-container\" style=\"--awb-caption-title-font-family:var(--h2_typography-font-family);--awb-caption-title-font-weight:var(--h2_typography-font-weight);--awb-caption-title-font-style:var(--h2_typography-font-style);--awb-caption-title-size:var(--h2_typography-font-size);--awb-caption-title-transform:var(--h2_typography-text-transform);--awb-caption-title-line-height:var(--h2_typography-line-height);--awb-caption-title-letter-spacing:var(--h2_typography-letter-spacing);\"><span class=\" fusion-imageframe imageframe-none imageframe-2 hover-type-zoomin fusion-animated\" data-animationType=\"fadeInDown\" data-animationDuration=\"1.0\" data-animationOffset=\"bottom-in-view\"><a href=\"https:\/\/feucht-obsttechnik.de\/wp-content\/uploads\/handknacker-divider-wal-man-klein-2.jpg\" class=\"fusion-lightbox\" data-rel=\"iLightbox[K\u00e9zi mogyor\u00f3t\u00f6r\u0151]\" data-title=\"Di\u00f3t\u00f6r\u00e9s a WAL MAN-nel\" title=\"Di\u00f3t\u00f6r\u00e9s a WAL MAN-nel\"><img decoding=\"async\" width=\"1600\" height=\"1200\" src=\"https:\/\/feucht-obsttechnik.de\/wp-content\/uploads\/handknacker-divider-wal-man-klein-2.jpg\" alt class=\"img-responsive wp-image-12243\" srcset=\"https:\/\/feucht-obsttechnik.de\/wp-content\/uploads\/handknacker-divider-wal-man-klein-2-200x150.jpg 200w, https:\/\/feucht-obsttechnik.de\/wp-content\/uploads\/handknacker-divider-wal-man-klein-2-400x300.jpg 400w, https:\/\/feucht-obsttechnik.de\/wp-content\/uploads\/handknacker-divider-wal-man-klein-2-600x450.jpg 600w, https:\/\/feucht-obsttechnik.de\/wp-content\/uploads\/handknacker-divider-wal-man-klein-2-800x600.jpg 800w, https:\/\/feucht-obsttechnik.de\/wp-content\/uploads\/handknacker-divider-wal-man-klein-2-1200x900.jpg 1200w, https:\/\/feucht-obsttechnik.de\/wp-content\/uploads\/handknacker-divider-wal-man-klein-2.jpg 1600w\" sizes=\"(max-width: 835px) 100vw, 600px\" \/><\/a><\/span><\/div><div class=\"fusion-clearfix\"><\/div><\/div><\/div><\/div><\/div><div class=\"fusion-fullwidth fullwidth-box fusion-builder-row-3 nonhundred-percent-fullwidth non-hundred-percent-height-scrolling fusion-equal-height-columns fusion-no-small-visibility schlagwoerter\" style=\"--awb-background-position:center top;--awb-border-sizes-top:0px;--awb-border-sizes-bottom:0px;--awb-border-sizes-left:0px;--awb-border-sizes-right:0px;--awb-border-radius-top-left:0px;--awb-border-radius-top-right:0px;--awb-border-radius-bottom-right:0px;--awb-border-radius-bottom-left:0px;--awb-padding-top:0px;--awb-padding-right:15%;--awb-padding-bottom:0px;--awb-padding-left:15%;--awb-background-color:#a0ce4e;--awb-flex-wrap:wrap;\" ><div class=\"fusion-builder-row fusion-row\"><div class=\"fusion-layout-column fusion_builder_column fusion-builder-column-5 fusion_builder_column_1_5 1_5 fusion-one-fifth fusion-column-first\" style=\"--awb-padding-top:10px;--awb-padding-bottom:10px;--awb-bg-size:cover;--awb-margin-top:10px;--awb-margin-bottom:0px;width:20%;width:calc(20% - ( ( 4% ) * 0.2 ) );margin-right: 4%;\"><div class=\"fusion-column-wrapper fusion-column-has-shadow fusion-flex-column-wrapper-legacy\"><div class=\"fusion-column-content-centered\"><div class=\"fusion-column-content\"><div class=\"fusion-title title fusion-title-1 fusion-sep-none fusion-title-text fusion-title-size-two\" style=\"--awb-text-color:#ffffff;--awb-margin-bottom:0px;--awb-margin-right-small:0px;--awb-margin-bottom-small:0px;--awb-margin-left-small:0px;\"><h2 class=\"fusion-title-heading title-heading-left fusion-responsive-typography-calculated\" style=\"margin:0;--fontSize:26;--minFontSize:26;line-height:1.25;\">Kulcsszavak:<\/h2><\/div><\/div><\/div><div class=\"fusion-clearfix\"><\/div><\/div><\/div><div class=\"fusion-layout-column fusion_builder_column fusion-builder-column-6 fusion_builder_column_4_5 4_5 fusion-four-fifth fusion-column-last fusion-column-no-min-height\" style=\"--awb-padding-top:10px;--awb-padding-bottom:10px;--awb-bg-size:cover;--awb-margin-top:20px;--awb-margin-bottom:0px;width:80%;width:calc(80% - ( ( 4% ) * 0.8 ) );\"><div class=\"fusion-column-wrapper fusion-column-has-shadow fusion-flex-column-wrapper-legacy\"><div class=\"fusion-text fusion-text-5\"><p><span style=\"color: #ffffff\"><a href=\"https:\/\/feucht-obsttechnik.de\/hu\/diofelek-feldolgozasa\/diofeldolgozas-kis\/diofelek-megtoerese\/\">K\u00e9zi mogyor\u00f3t\u00f6r\u0151<\/a>, <a href=\"https:\/\/feucht-obsttechnik.de\/de\/nussverarbeitung\/nussverarbeitung-gross\/nuesse-knacken#micro\">Micro di\u00f3t\u00f6r\u0151<\/a>, <a href=\"https:\/\/feucht-obsttechnik.de\/de\/wal-man\/\">WAL MAN<\/a><\/span><\/p>\n<\/div><div class=\"fusion-clearfix\"><\/div><\/div><\/div><\/div><\/div><\/p>\n","protected":false},"excerpt":{"rendered":"","protected":false},"author":4,"featured_media":0,"parent":0,"menu_order":0,"comment_status":"closed","ping_status":"closed","template":"100-width.php","meta":{"footnotes":"","_wp_rev_ctl_limit":""},"class_list":["post-12058","page","type-page","status-publish","hentry"],"yoast_head":"<!-- This site is optimized with the Yoast SEO plugin v27.5 - https:\/\/yoast.com\/product\/yoast-seo-wordpress\/ -->\n<title>K\u00e9zi mogyor\u00f3t\u00f6r\u0151 - Feucht Obsttechnik<\/title>\n<meta name=\"description\" content=\"A Feucht Obsttechnik k\u00e9zi mogyor\u00f3t\u00f6r\u0151je gyorsan \u00e9s egyszer\u0171en \u00e9ri el a legjobb t\u00f6r\u00e9si eredm\u00e9nyeket. Tov\u00e1bbi inform\u00e1ci\u00f3k k\u00e9zi mogyor\u00f3t\u00f6r\u0151nkr\u0151l!\" \/>\n<meta name=\"robots\" content=\"index, follow, max-snippet:-1, max-image-preview:large, max-video-preview:-1\" \/>\n<link rel=\"canonical\" href=\"https:\/\/feucht-obsttechnik.de\/hu\/kezi-mogyorotoero\/\" \/>\n<meta property=\"og:locale\" content=\"hu_HU\" \/>\n<meta property=\"og:type\" content=\"article\" \/>\n<meta property=\"og:title\" content=\"K\u00e9zi mogyor\u00f3t\u00f6r\u0151 - Feucht Obsttechnik\" \/>\n<meta property=\"og:description\" content=\"A Feucht Obsttechnik k\u00e9zi mogyor\u00f3t\u00f6r\u0151je gyorsan \u00e9s egyszer\u0171en \u00e9ri el a legjobb t\u00f6r\u00e9si eredm\u00e9nyeket. Tov\u00e1bbi inform\u00e1ci\u00f3k k\u00e9zi mogyor\u00f3t\u00f6r\u0151nkr\u0151l!\" \/>\n<meta property=\"og:url\" content=\"https:\/\/feucht-obsttechnik.de\/hu\/kezi-mogyorotoero\/\" \/>\n<meta property=\"og:site_name\" content=\"Feucht Obsttechnik\" \/>\n<meta property=\"article:modified_time\" content=\"2021-04-10T20:35:01+00:00\" \/>\n<meta name=\"twitter:card\" content=\"summary_large_image\" \/>\n<meta name=\"twitter:label1\" content=\"Becs\u00fclt olvas\u00e1si id\u0151\" \/>\n\t<meta name=\"twitter:data1\" content=\"10 perc\" \/>\n<script type=\"application\/ld+json\" class=\"yoast-schema-graph\">{\"@context\":\"https:\\\/\\\/schema.org\",\"@graph\":[{\"@type\":\"WebPage\",\"@id\":\"https:\\\/\\\/feucht-obsttechnik.de\\\/hu\\\/kezi-mogyorotoero\\\/\",\"url\":\"https:\\\/\\\/feucht-obsttechnik.de\\\/hu\\\/kezi-mogyorotoero\\\/\",\"name\":\"K\u00e9zi mogyor\u00f3t\u00f6r\u0151 - Feucht Obsttechnik\",\"isPartOf\":{\"@id\":\"https:\\\/\\\/feucht-obsttechnik.de\\\/hu\\\/#website\"},\"datePublished\":\"2021-04-08T10:21:13+00:00\",\"dateModified\":\"2021-04-10T20:35:01+00:00\",\"description\":\"A Feucht Obsttechnik k\u00e9zi mogyor\u00f3t\u00f6r\u0151je gyorsan \u00e9s egyszer\u0171en \u00e9ri el a legjobb t\u00f6r\u00e9si eredm\u00e9nyeket. Tov\u00e1bbi inform\u00e1ci\u00f3k k\u00e9zi mogyor\u00f3t\u00f6r\u0151nkr\u0151l!\",\"breadcrumb\":{\"@id\":\"https:\\\/\\\/feucht-obsttechnik.de\\\/hu\\\/kezi-mogyorotoero\\\/#breadcrumb\"},\"inLanguage\":\"hu\",\"potentialAction\":[{\"@type\":\"ReadAction\",\"target\":[\"https:\\\/\\\/feucht-obsttechnik.de\\\/hu\\\/kezi-mogyorotoero\\\/\"]}]},{\"@type\":\"BreadcrumbList\",\"@id\":\"https:\\\/\\\/feucht-obsttechnik.de\\\/hu\\\/kezi-mogyorotoero\\\/#breadcrumb\",\"itemListElement\":[{\"@type\":\"ListItem\",\"position\":1,\"name\":\"Startseite\",\"item\":\"https:\\\/\\\/feucht-obsttechnik.de\\\/hu\\\/\"},{\"@type\":\"ListItem\",\"position\":2,\"name\":\"LP K\u00e9zi mogyor\u00f3t\u00f6r\u0151\"}]},{\"@type\":\"WebSite\",\"@id\":\"https:\\\/\\\/feucht-obsttechnik.de\\\/hu\\\/#website\",\"url\":\"https:\\\/\\\/feucht-obsttechnik.de\\\/hu\\\/\",\"name\":\"Feucht Obsttechnik\",\"description\":\"\",\"publisher\":{\"@id\":\"https:\\\/\\\/feucht-obsttechnik.de\\\/hu\\\/#organization\"},\"potentialAction\":[{\"@type\":\"SearchAction\",\"target\":{\"@type\":\"EntryPoint\",\"urlTemplate\":\"https:\\\/\\\/feucht-obsttechnik.de\\\/hu\\\/?s={search_term_string}\"},\"query-input\":{\"@type\":\"PropertyValueSpecification\",\"valueRequired\":true,\"valueName\":\"search_term_string\"}}],\"inLanguage\":\"hu\"},{\"@type\":\"Organization\",\"@id\":\"https:\\\/\\\/feucht-obsttechnik.de\\\/hu\\\/#organization\",\"name\":\"Feucht Obsttechnik GmbH\",\"url\":\"https:\\\/\\\/feucht-obsttechnik.de\\\/hu\\\/\",\"logo\":{\"@type\":\"ImageObject\",\"inLanguage\":\"hu\",\"@id\":\"https:\\\/\\\/feucht-obsttechnik.de\\\/hu\\\/#\\\/schema\\\/logo\\\/image\\\/\",\"url\":\"https:\\\/\\\/feucht-obsttechnik.de\\\/wp-content\\\/uploads\\\/logo-feucht@2x-1.png\",\"contentUrl\":\"https:\\\/\\\/feucht-obsttechnik.de\\\/wp-content\\\/uploads\\\/logo-feucht@2x-1.png\",\"width\":640,\"height\":123,\"caption\":\"Feucht Obsttechnik GmbH\"},\"image\":{\"@id\":\"https:\\\/\\\/feucht-obsttechnik.de\\\/hu\\\/#\\\/schema\\\/logo\\\/image\\\/\"}}]}<\/script>\n<!-- \/ Yoast SEO plugin. -->","yoast_head_json":{"title":"K\u00e9zi mogyor\u00f3t\u00f6r\u0151 - Feucht Obsttechnik","description":"A Feucht Obsttechnik k\u00e9zi mogyor\u00f3t\u00f6r\u0151je gyorsan \u00e9s egyszer\u0171en \u00e9ri el a legjobb t\u00f6r\u00e9si eredm\u00e9nyeket. Tov\u00e1bbi inform\u00e1ci\u00f3k k\u00e9zi mogyor\u00f3t\u00f6r\u0151nkr\u0151l!","robots":{"index":"index","follow":"follow","max-snippet":"max-snippet:-1","max-image-preview":"max-image-preview:large","max-video-preview":"max-video-preview:-1"},"canonical":"https:\/\/feucht-obsttechnik.de\/hu\/kezi-mogyorotoero\/","og_locale":"hu_HU","og_type":"article","og_title":"K\u00e9zi mogyor\u00f3t\u00f6r\u0151 - Feucht Obsttechnik","og_description":"A Feucht Obsttechnik k\u00e9zi mogyor\u00f3t\u00f6r\u0151je gyorsan \u00e9s egyszer\u0171en \u00e9ri el a legjobb t\u00f6r\u00e9si eredm\u00e9nyeket. Tov\u00e1bbi inform\u00e1ci\u00f3k k\u00e9zi mogyor\u00f3t\u00f6r\u0151nkr\u0151l!","og_url":"https:\/\/feucht-obsttechnik.de\/hu\/kezi-mogyorotoero\/","og_site_name":"Feucht Obsttechnik","article_modified_time":"2021-04-10T20:35:01+00:00","twitter_card":"summary_large_image","twitter_misc":{"Becs\u00fclt olvas\u00e1si id\u0151":"10 perc"},"schema":{"@context":"https:\/\/schema.org","@graph":[{"@type":"WebPage","@id":"https:\/\/feucht-obsttechnik.de\/hu\/kezi-mogyorotoero\/","url":"https:\/\/feucht-obsttechnik.de\/hu\/kezi-mogyorotoero\/","name":"K\u00e9zi mogyor\u00f3t\u00f6r\u0151 - Feucht Obsttechnik","isPartOf":{"@id":"https:\/\/feucht-obsttechnik.de\/hu\/#website"},"datePublished":"2021-04-08T10:21:13+00:00","dateModified":"2021-04-10T20:35:01+00:00","description":"A Feucht Obsttechnik k\u00e9zi mogyor\u00f3t\u00f6r\u0151je gyorsan \u00e9s egyszer\u0171en \u00e9ri el a legjobb t\u00f6r\u00e9si eredm\u00e9nyeket. Tov\u00e1bbi inform\u00e1ci\u00f3k k\u00e9zi mogyor\u00f3t\u00f6r\u0151nkr\u0151l!","breadcrumb":{"@id":"https:\/\/feucht-obsttechnik.de\/hu\/kezi-mogyorotoero\/#breadcrumb"},"inLanguage":"hu","potentialAction":[{"@type":"ReadAction","target":["https:\/\/feucht-obsttechnik.de\/hu\/kezi-mogyorotoero\/"]}]},{"@type":"BreadcrumbList","@id":"https:\/\/feucht-obsttechnik.de\/hu\/kezi-mogyorotoero\/#breadcrumb","itemListElement":[{"@type":"ListItem","position":1,"name":"Startseite","item":"https:\/\/feucht-obsttechnik.de\/hu\/"},{"@type":"ListItem","position":2,"name":"LP K\u00e9zi mogyor\u00f3t\u00f6r\u0151"}]},{"@type":"WebSite","@id":"https:\/\/feucht-obsttechnik.de\/hu\/#website","url":"https:\/\/feucht-obsttechnik.de\/hu\/","name":"Feucht Obsttechnik","description":"","publisher":{"@id":"https:\/\/feucht-obsttechnik.de\/hu\/#organization"},"potentialAction":[{"@type":"SearchAction","target":{"@type":"EntryPoint","urlTemplate":"https:\/\/feucht-obsttechnik.de\/hu\/?s={search_term_string}"},"query-input":{"@type":"PropertyValueSpecification","valueRequired":true,"valueName":"search_term_string"}}],"inLanguage":"hu"},{"@type":"Organization","@id":"https:\/\/feucht-obsttechnik.de\/hu\/#organization","name":"Feucht Obsttechnik GmbH","url":"https:\/\/feucht-obsttechnik.de\/hu\/","logo":{"@type":"ImageObject","inLanguage":"hu","@id":"https:\/\/feucht-obsttechnik.de\/hu\/#\/schema\/logo\/image\/","url":"https:\/\/feucht-obsttechnik.de\/wp-content\/uploads\/logo-feucht@2x-1.png","contentUrl":"https:\/\/feucht-obsttechnik.de\/wp-content\/uploads\/logo-feucht@2x-1.png","width":640,"height":123,"caption":"Feucht Obsttechnik GmbH"},"image":{"@id":"https:\/\/feucht-obsttechnik.de\/hu\/#\/schema\/logo\/image\/"}}]}},"_links":{"self":[{"href":"https:\/\/feucht-obsttechnik.de\/hu\/wp-json\/wp\/v2\/pages\/12058","targetHints":{"allow":["GET"]}}],"collection":[{"href":"https:\/\/feucht-obsttechnik.de\/hu\/wp-json\/wp\/v2\/pages"}],"about":[{"href":"https:\/\/feucht-obsttechnik.de\/hu\/wp-json\/wp\/v2\/types\/page"}],"author":[{"embeddable":true,"href":"https:\/\/feucht-obsttechnik.de\/hu\/wp-json\/wp\/v2\/users\/4"}],"replies":[{"embeddable":true,"href":"https:\/\/feucht-obsttechnik.de\/hu\/wp-json\/wp\/v2\/comments?post=12058"}],"version-history":[{"count":0,"href":"https:\/\/feucht-obsttechnik.de\/hu\/wp-json\/wp\/v2\/pages\/12058\/revisions"}],"wp:attachment":[{"href":"https:\/\/feucht-obsttechnik.de\/hu\/wp-json\/wp\/v2\/media?parent=12058"}],"curies":[{"name":"wp","href":"https:\/\/api.w.org\/{rel}","templated":true}]}}