{"id":10655,"date":"2021-04-06T15:43:42","date_gmt":"2021-04-06T13:43:42","guid":{"rendered":"http:\/\/neu2020.feucht-obsttechnik.de\/gyuemoelcsbetakaritasi-technologia\/gyuemoelcssepro-gyuemoelcsfujtato\/"},"modified":"2021-04-06T15:43:47","modified_gmt":"2021-04-06T13:43:47","slug":"gyuemoelcssepro-gyuemoelcsfujtato","status":"publish","type":"page","link":"https:\/\/feucht-obsttechnik.de\/hu\/gyuemoelcsbetakaritasi-technologia\/gyuemoelcssepro-gyuemoelcsfujtato\/","title":{"rendered":"Gy\u00fcm\u00f6lcssepr\u0151 \/ Gy\u00fcm\u00f6lcsf\u00fajtat\u00f3"},"content":{"rendered":"<p><div class=\"fusion-fullwidth fullwidth-box fusion-builder-row-1 fusion-parallax-none nonhundred-percent-fullwidth non-hundred-percent-height-scrolling\" style=\"--awb-background-blend-mode:overlay;--awb-border-sizes-top:0px;--awb-border-sizes-bottom:0px;--awb-border-sizes-left:0px;--awb-border-sizes-right:0px;--awb-border-radius-top-left:0px;--awb-border-radius-top-right:0px;--awb-border-radius-bottom-right:0px;--awb-border-radius-bottom-left:0px;--awb-padding-top:72px;--awb-padding-bottom:0px;--awb-margin-bottom:20px;--awb-background-color:rgba(10,19,35,0.15);--awb-background-image:url(&quot;https:\/\/feucht-obsttechnik.de\/wp-content\/uploads\/bg-header-obsterntetechnik.jpg&quot;);--awb-background-size:cover;--awb-flex-wrap:wrap;\" ><div class=\"fusion-builder-row fusion-row\"><div class=\"fusion-layout-column fusion_builder_column fusion-builder-column-0 fusion_builder_column_1_1 1_1 fusion-one-full fusion-column-first fusion-column-last fusion-column-no-min-height\" style=\"--awb-bg-blend:overlay;--awb-bg-size:cover;--awb-margin-bottom:0px;\"><div class=\"fusion-column-wrapper fusion-flex-column-wrapper-legacy\"><div class=\"fusion-sep-clear\"><\/div><div class=\"fusion-separator fusion-no-small-visibility fusion-no-medium-visibility fusion-full-width-sep\" style=\"margin-left: auto;margin-right: auto;margin-top:120px;width:100%;\"><\/div><div class=\"fusion-sep-clear\"><\/div><div class=\"fusion-title title fusion-title-1 fusion-sep-none fusion-title-center fusion-title-text fusion-title-size-one\" style=\"--awb-text-color:#ffffff;--awb-margin-top-small:0px;--awb-margin-right-small:0px;--awb-margin-bottom-small:20px;--awb-margin-left-small:0px;\"><h1 class=\"fusion-title-heading title-heading-center fusion-responsive-typography-calculated\" style=\"margin:0;--fontSize:38;line-height:1.33;\">Gy\u00fcm\u00f6lcssepr\u0151 \/ Gy\u00fcm\u00f6lcsf\u00fajtat\u00f3<\/h1><\/div><div class=\"fusion-text fusion-text-1\"><p class=\"title-category\"><span data-fusion-font=\"true\">Tiszt\u00edtsa meg a j\u00e1ratokat, \u00e9s n\u00f6velje a betakar\u00edt\u00e1si teljes\u00edtm\u00e9nyt.<\/span><\/p>\n<\/div><div class=\"fusion-sep-clear\"><\/div><div class=\"fusion-separator fusion-full-width-sep\" style=\"margin-left: auto;margin-right: auto;margin-top:15px;width:100%;\"><\/div><div class=\"fusion-sep-clear\"><\/div><div class=\"fusion-sep-clear\"><\/div><div class=\"fusion-separator fusion-no-medium-visibility fusion-no-large-visibility fusion-full-width-sep\" style=\"margin-left: auto;margin-right: auto;margin-top:40px;width:100%;\"><\/div><div class=\"fusion-sep-clear\"><\/div><div class=\"fusion-section-separator section-separator waves-opacity fusion-section-separator-1\" style=\"--awb-spacer-padding-top:21.09375%;--awb-svg-margin-left:0;--awb-svg-margin-right:0;--awb-sep-font-size:0;--awb-sep-line-height:0;\"><div class=\"fusion-section-separator-svg\"><svg class=\"fusion-waves-opacity-candy\" xmlns=\"http:\/\/www.w3.org\/2000\/svg\" version=\"1.1\" width=\"100%\" viewBox=\"0 0 1024 216\" preserveAspectRatio=\"none\" fill=\"rgba(255,255,255,1)\"><path class=\"st0\" d=\"M0 216.068h1024l.1-105.2c-14.6-3.2-30.2-5.8-47.1-7.6-178.6-19.6-279.5 56.8-464.3 41.3-206.5-17.2-248.4-128.8-455-143.8-19-1.3-38.3-.2-57.7.3v215z\"\/>\n\t\t\t\t\t\t\t\t\t\t<path class=\"st1\" d=\"M0 20.068v196.144h1024v-79.744c-22.7-6.4-47.9-11.4-76.2-14.6-178.6-19.8-272.2 53.9-457.1 38.4-206.6-17.2-197.3-124.7-403.9-139.8-27.2-2-56.6-2-86.8-.4z\"\/>\n\t\t\t\t\t\t\t\t\t\t<path class=\"st2\" d=\"M0 216.212h1024v-35.744c-45.1-15.4-95.2-27.7-150-33.7-178.6-19.8-220.6 46.8-405.4 31.3-206.6-17.2-197.8-114.7-404.4-129.7-20.4-1.5-42-2-64.2-1.7v169.544z\"\/>\n\t\t\t\t\t\t\t\t\t\t<path class=\"st3\" d=\"M0 216.312h1024v-3.044c-50.8-17.1-108.7-30.7-172.7-37.9-178.6-19.8-220 36.8-404.9 21.3-206.6-17.2-228-126.5-434.5-141.6-3.9-.3-7.9-.5-11.9-.7v161.944z\"\/>\n\t\t\t\t\t\t\t\t\t<\/svg><\/div><div class=\"fusion-section-separator-spacer\"><div class=\"fusion-section-separator-spacer-height\"><\/div><\/div><\/div><div class=\"fusion-clearfix\"><\/div><\/div><\/div><\/div><\/div><div class=\"fusion-fullwidth fullwidth-box fusion-builder-row-2 nonhundred-percent-fullwidth non-hundred-percent-height-scrolling\" style=\"--awb-background-position:left top;--awb-border-sizes-top:0px;--awb-border-sizes-bottom:0px;--awb-border-sizes-left:0px;--awb-border-sizes-right:0px;--awb-border-radius-top-left:0px;--awb-border-radius-top-right:0px;--awb-border-radius-bottom-right:0px;--awb-border-radius-bottom-left:0px;--awb-padding-top:60px;--awb-padding-bottom:30px;--awb-background-color:#ffffff;--awb-flex-wrap:wrap;\" ><div class=\"fusion-builder-row fusion-row\"><div class=\"fusion-layout-column fusion_builder_column fusion-builder-column-1 fusion_builder_column_1_6 1_6 fusion-one-sixth fusion-column-first fusion-no-small-visibility\" style=\"--awb-bg-size:cover;width:16.666666666667%;width:calc(16.666666666667% - ( ( 4% + 4% ) * 0.16666666666667 ) );margin-right: 4%;\"><div class=\"fusion-column-wrapper fusion-column-has-shadow fusion-flex-column-wrapper-legacy\"><div class=\"fusion-clearfix\"><\/div><\/div><\/div><div class=\"fusion-layout-column fusion_builder_column fusion-builder-column-2 fusion_builder_column_2_3 2_3 fusion-two-third fusion-column-no-min-height\" style=\"--awb-padding-bottom:20px;--awb-bg-size:cover;width:66.666666666667%;width:calc(66.666666666667% - ( ( 4% + 4% ) * 0.66666666666667 ) );margin-right: 4%;\"><div class=\"fusion-column-wrapper fusion-flex-column-wrapper-legacy\"><div class=\"fusion-title title fusion-title-2 fusion-sep-none fusion-title-center fusion-title-text fusion-title-size-two\" style=\"--awb-margin-top-small:0px;--awb-margin-right-small:0px;--awb-margin-bottom-small:20px;--awb-margin-left-small:0px;\"><h2 class=\"fusion-title-heading title-heading-center fusion-responsive-typography-calculated\" style=\"margin:0;--fontSize:26;--minFontSize:26;line-height:1.25;\">A gy\u00fcm\u00f6lcsf\u00fajtat\u00f3k \u00e9s el\u00fcls\u0151 gy\u00fcm\u00f6lcssepr\u0151k seg\u00edts\u00e9g\u00e9vel takar\u00edtsa el a gy\u00fcm\u00f6lcs\u00f6t a fasorok k\u00f6z\u00fcl.<\/h2><\/div><div class=\"fusion-text fusion-text-2\"><p style=\"text-align: center;\">k\u00f6z\u00fcl. Gy\u00fcm\u00f6lcssepr\u0151t vagy gy\u00fcm\u00f6lcsf\u00fajtat\u00f3t lehet arra haszn\u00e1lni, hogy a talajon hever\u0151 vagy ler\u00e1zott gy\u00fcm\u00f6lcs\u00f6t eltakar\u00edtj\u00e1k a j\u00e1ratokb\u00f3l.<\/p>\n<p style=\"text-align: center;\">Az <strong>er\u0151teljes gy\u00fcm\u00f6lcsf\u00fajtat\u00f3val<\/strong> a gy\u00fcm\u00f6lcs\u00f6t elf\u00fajhatja a fasorok k\u00f6z\u00fcl. Az er\u0151teljes leveg\u0151\u00e1raml\u00e1snak k\u00f6sz\u00f6nhet\u0151en m\u00e9g nagy mennyis\u00e9g\u0171 gy\u00fcm\u00f6lcs\u00f6t is el lehet f\u00fajni. A gy\u00fcm\u00f6lcsf\u00fajtat\u00f3 a traktor h\u00e1tulj\u00e1n a teljes\u00edtm\u00e9nylead\u00f3 tengelyre csatlakozik.  <\/p>\n<p style=\"text-align: center;\">A professzion\u00e1lis <strong>el\u00fcls\u0151 gy\u00fcm\u00f6lcssepr\u0151vel<\/strong> a gy\u00fcm\u00f6lcs eltakar\u00edthat\u00f3 a l\u00e9gy\u00fcm\u00f6lcs\u00f6s\u00f6kben a traktor el\u0151l a j\u00e1ratokb\u00f3l. A folyamat sor\u00e1n a gy\u00fcm\u00f6lcs\u00f6t a rotorok seg\u00edts\u00e9g\u00e9vel jobbra vagy balra sepri a g\u00e9p. A gy\u00fcm\u00f6lcssepr\u0151 haszn\u00e1lhat\u00f3 far\u00e1z\u00f3val vagy vontat\u00f3val.  <\/p>\n<\/div><div class=\"fusion-sep-clear\"><\/div><div class=\"fusion-separator fusion-full-width-sep\" style=\"margin-left: auto;margin-right: auto;margin-top:15px;width:100%;\"><\/div><div class=\"fusion-sep-clear\"><\/div><div class=\"fusion-clearfix\"><\/div><\/div><\/div><div class=\"fusion-layout-column fusion_builder_column fusion-builder-column-3 fusion_builder_column_1_6 1_6 fusion-one-sixth fusion-column-last fusion-no-small-visibility\" style=\"--awb-bg-size:cover;width:16.666666666667%;width:calc(16.666666666667% - ( ( 4% + 4% ) * 0.16666666666667 ) );\"><div class=\"fusion-column-wrapper fusion-column-has-shadow fusion-flex-column-wrapper-legacy\"><div class=\"fusion-clearfix\"><\/div><\/div><\/div><\/div><\/div><div class=\"fusion-fullwidth fullwidth-box fusion-builder-row-3 nonhundred-percent-fullwidth non-hundred-percent-height-scrolling\" style=\"--awb-background-position:left top;--awb-border-sizes-top:0px;--awb-border-sizes-bottom:0px;--awb-border-sizes-left:0px;--awb-border-sizes-right:0px;--awb-border-radius-top-left:0px;--awb-border-radius-top-right:0px;--awb-border-radius-bottom-right:0px;--awb-border-radius-bottom-left:0px;--awb-padding-top:1px;--awb-padding-bottom:0px;--awb-background-color:#cc0000;--awb-flex-wrap:wrap;\" ><div class=\"fusion-builder-row fusion-row\"><div class=\"fusion-layout-column fusion_builder_column fusion-builder-column-4 fusion_builder_column_1_1 1_1 fusion-one-full fusion-column-first fusion-column-last\" style=\"--awb-padding-top:50px;--awb-padding-bottom:50px;--awb-padding-left:0px;--awb-bg-size:cover;--awb-margin-bottom:0px;\"><div class=\"fusion-column-wrapper fusion-column-has-shadow fusion-flex-column-wrapper-legacy\"><div class=\"fusion-column-content-centered\"><div class=\"fusion-column-content\"><div class=\"fusion-text fusion-text-3\"><h2 style=\"text-align: center; margin-bottom: 0px;\"><span style=\"color: #ffffff;\">Gy\u00fcm\u00f6lcssepr\u0151 | Gy\u00fcm\u00f6lcsf\u00fajtat\u00f3<\/span><\/h2>\n<\/div><\/div><\/div><div class=\"fusion-clearfix\"><\/div><\/div><\/div><\/div><\/div><div class=\"fusion-fullwidth fullwidth-box fusion-builder-row-4 nonhundred-percent-fullwidth non-hundred-percent-height-scrolling\" style=\"--awb-border-radius-top-left:0px;--awb-border-radius-top-right:0px;--awb-border-radius-bottom-right:0px;--awb-border-radius-bottom-left:0px;--awb-flex-wrap:wrap;\" ><div class=\"fusion-builder-row fusion-row\"><div class=\"fusion-layout-column fusion_builder_column fusion-builder-column-5 fusion_builder_column_1_1 1_1 fusion-one-full fusion-column-first fusion-column-last\" style=\"--awb-padding-top:0px;--awb-padding-right:0px;--awb-padding-bottom:0px;--awb-padding-left:0px;--awb-bg-size:cover;--awb-margin-bottom:0px;\"><div class=\"fusion-column-wrapper fusion-column-has-shadow fusion-flex-column-wrapper-legacy\"><div class=\"fusion-menu-anchor\" id=\"obstgeblaese-1201\"><\/div><div class=\"fusion-clearfix\"><\/div><\/div><\/div><\/div><\/div><div class=\"fusion-fullwidth fullwidth-box fusion-builder-row-5 fusion-parallax-none nonhundred-percent-fullwidth non-hundred-percent-height-scrolling\" style=\"--awb-border-radius-top-left:0px;--awb-border-radius-top-right:0px;--awb-border-radius-bottom-right:0px;--awb-border-radius-bottom-left:0px;--awb-padding-top:200px;--awb-margin-top:-1px;--awb-background-image:url(&quot;https:\/\/feucht-obsttechnik.de\/wp-content\/uploads\/obstgebl\u00e4se-divider-1201.jpg&quot;);--awb-background-size:cover;--awb-flex-wrap:wrap;\" ><div class=\"fusion-builder-row fusion-row\"><div class=\"fusion-layout-column fusion_builder_column fusion-builder-column-6 fusion_builder_column_1_6 1_6 fusion-one-sixth fusion-column-first\" style=\"--awb-bg-size:cover;width:16.666666666667%;width:calc(16.666666666667% - ( ( 4% + 4% ) * 0.16666666666667 ) );margin-right: 4%;\"><div class=\"fusion-column-wrapper fusion-flex-column-wrapper-legacy\"><div class=\"fusion-clearfix\"><\/div><\/div><\/div><div class=\"fusion-layout-column fusion_builder_column fusion-builder-column-7 fusion_builder_column_2_3 2_3 fusion-two-third\" style=\"--awb-padding-top:50px;--awb-padding-right:50px;--awb-padding-bottom:50px;--awb-padding-left:50px;--awb-bg-color:rgba(255,255,255,0.9);--awb-bg-color-hover:rgba(255,255,255,0.9);--awb-bg-size:cover;--awb-margin-bottom:-100px;width:66.666666666667%;width:calc(66.666666666667% - ( ( 4% + 4% ) * 0.66666666666667 ) );margin-right: 4%;\"><div class=\"fusion-column-wrapper fusion-column-has-shadow fusion-flex-column-wrapper-legacy\"><div class=\"fusion-text fusion-text-4\"><h2 style=\"text-align: center;\">Gy\u00fcm\u00f6lcsf\u00fajtat\u00f3 1201<\/h2>\n<p style=\"text-align: center;\"><strong>Takar\u00edtsa el a gy\u00fcm\u00f6lcs\u00f6t a fasorok k\u00f6z\u00fcl.<\/strong><\/p>\n<p style=\"text-align: center;\">A gy\u00fcm\u00f6lcsf\u00fajtat\u00f3 els\u0151sorban intenz\u00edv gazd\u00e1lkod\u00e1s\u00fa gy\u00fcm\u00f6lcs\u00f6s\u00f6kben haszn\u00e1latos, \u00e9s a traktor h\u00e1tulj\u00e1n a teljes\u00edtm\u00e9nylead\u00f3 tengelyre csatlakozik. A f\u00fajtat\u00f3 elf\u00fajja a gy\u00fcm\u00f6lcs\u00f6t a fasorok k\u00f6z\u00fcl, \u00e9s a j\u00e1ratokba f\u00fajja a betakar\u00edt\u00e1shoz. A f\u00fajtat\u00f3 nagyon er\u0151teljes leveg\u0151\u00e1raml\u00e1ssal rendelkezik, \u00edgy sok gy\u00fcm\u00f6lcs elf\u00faj\u00e1s\u00e1ra k\u00e9pes. A gy\u00fcm\u00f6lcsf\u00fajtat\u00f3 1201 k\u00e9tf\u00e9le v\u00e1ltozatban kaphat\u00f3: bal vagy jobb oldali <g id=\"gid_0\">f\u00fav\u00f3 kimenettel<\/g>. A <g id=\"gid_1\">f\u00fajtat\u00f3 f\u00fav\u00f3ka<\/g> hat\u00f3t\u00e1vols\u00e1g\u00e1nak n\u00f6vel\u00e9s\u00e9hez meghosszabb\u00edthat\u00f3.    <\/p>\n<\/div><div class=\"fusion-clearfix\"><\/div><\/div><\/div><div class=\"fusion-layout-column fusion_builder_column fusion-builder-column-8 fusion_builder_column_1_6 1_6 fusion-one-sixth fusion-column-last\" style=\"--awb-bg-size:cover;width:16.666666666667%;width:calc(16.666666666667% - ( ( 4% + 4% ) * 0.16666666666667 ) );\"><div class=\"fusion-column-wrapper fusion-flex-column-wrapper-legacy\"><div class=\"fusion-clearfix\"><\/div><\/div><\/div><\/div><\/div><div class=\"fusion-fullwidth fullwidth-box fusion-builder-row-6 nonhundred-percent-fullwidth non-hundred-percent-height-scrolling fusion-equal-height-columns\" style=\"--awb-border-radius-top-left:0px;--awb-border-radius-top-right:0px;--awb-border-radius-bottom-right:0px;--awb-border-radius-bottom-left:0px;--awb-padding-top:200px;--awb-background-color:#f2f2f2;--awb-flex-wrap:wrap;\" ><div class=\"fusion-builder-row fusion-row\"><div class=\"fusion-layout-column fusion_builder_column fusion-builder-column-9 fusion_builder_column_1_1 1_1 fusion-one-full fusion-column-first fusion-column-last\" style=\"--awb-bg-size:cover;\"><div class=\"fusion-column-wrapper fusion-flex-column-wrapper-legacy\"><div class=\"fusion-title title fusion-title-3 fusion-sep-none fusion-title-text fusion-title-size-one\" style=\"--awb-margin-top-small:0px;--awb-margin-right-small:0px;--awb-margin-bottom-small:20px;--awb-margin-left-small:0px;\"><h1 class=\"fusion-title-heading title-heading-left fusion-responsive-typography-calculated\" style=\"margin:0;--fontSize:38;line-height:1.33;\">A gy\u00fcm\u00f6lcsf\u00fajtat\u00f3 1201 r\u00e9szletei<\/h1><\/div><div class=\"fusion-clearfix\"><\/div><\/div><\/div><\/div><\/div><div class=\"fusion-fullwidth fullwidth-box fusion-builder-row-7 nonhundred-percent-fullwidth non-hundred-percent-height-scrolling fusion-equal-height-columns\" style=\"--awb-border-radius-top-left:0px;--awb-border-radius-top-right:0px;--awb-border-radius-bottom-right:0px;--awb-border-radius-bottom-left:0px;--awb-padding-bottom:100px;--awb-background-color:#f2f2f2;--awb-flex-wrap:wrap;\" ><div class=\"fusion-builder-row fusion-row\"><div class=\"fusion-layout-column fusion_builder_column fusion-builder-column-10 fusion_builder_column_1_4 1_4 fusion-one-fourth fusion-column-first\" style=\"--awb-bg-color:#ffffff;--awb-bg-color-hover:#ffffff;--awb-bg-size:cover;--awb-margin-bottom:40px;width:22%; margin-right: 4%;\"><div class=\"fusion-column-wrapper fusion-flex-column-wrapper-legacy\"><div class=\"fusion-image-element fusion-image-align-center in-legacy-container\" style=\"text-align:center;--awb-caption-title-font-family:var(--h2_typography-font-family);--awb-caption-title-font-weight:var(--h2_typography-font-weight);--awb-caption-title-font-style:var(--h2_typography-font-style);--awb-caption-title-size:var(--h2_typography-font-size);--awb-caption-title-transform:var(--h2_typography-text-transform);--awb-caption-title-line-height:var(--h2_typography-line-height);--awb-caption-title-letter-spacing:var(--h2_typography-letter-spacing);\"><div class=\"imageframe-align-center\"><span class=\" fusion-imageframe imageframe-none imageframe-1 hover-type-zoomin\"><a href=\"https:\/\/feucht-obsttechnik.de\/wp-content\/uploads\/obstgebl\u00e4se-1201-2.jpg\" class=\"fusion-lightbox\" data-rel=\"iLightbox[obstgebl\u00e4se-1201]\" data-title=\"A gy\u00fcm\u00f6lcsf\u00fajtat\u00f3 1201 els\u0151sorban l\u00e9gy\u00fcm\u00f6lcs\u00f6kh\u00f6z haszn\u00e1latos\" title=\"A gy\u00fcm\u00f6lcsf\u00fajtat\u00f3 1201 els\u0151sorban l\u00e9gy\u00fcm\u00f6lcs\u00f6kh\u00f6z haszn\u00e1latos\"><img decoding=\"async\" width=\"1600\" height=\"1200\" src=\"https:\/\/feucht-obsttechnik.de\/wp-content\/uploads\/obstgebl\u00e4se-1201-2.jpg\" alt class=\"img-responsive wp-image-10657\" srcset=\"https:\/\/feucht-obsttechnik.de\/wp-content\/uploads\/obstgebl\u00e4se-1201-2-200x150.jpg 200w, https:\/\/feucht-obsttechnik.de\/wp-content\/uploads\/obstgebl\u00e4se-1201-2-400x300.jpg 400w, https:\/\/feucht-obsttechnik.de\/wp-content\/uploads\/obstgebl\u00e4se-1201-2-600x450.jpg 600w, https:\/\/feucht-obsttechnik.de\/wp-content\/uploads\/obstgebl\u00e4se-1201-2-800x600.jpg 800w, https:\/\/feucht-obsttechnik.de\/wp-content\/uploads\/obstgebl\u00e4se-1201-2-1200x900.jpg 1200w, https:\/\/feucht-obsttechnik.de\/wp-content\/uploads\/obstgebl\u00e4se-1201-2.jpg 1600w\" sizes=\"(max-width: 835px) 100vw, 400px\" \/><\/a><\/span><\/div><\/div><div class=\"fusion-clearfix\"><\/div><\/div><\/div><div class=\"fusion-layout-column fusion_builder_column fusion-builder-column-11 fusion_builder_column_1_4 1_4 fusion-one-fourth\" style=\"--awb-bg-color:#ffffff;--awb-bg-color-hover:#ffffff;--awb-bg-size:cover;--awb-margin-bottom:40px;width:22%; margin-right: 4%;\"><div class=\"fusion-column-wrapper fusion-flex-column-wrapper-legacy\"><div class=\"fusion-image-element fusion-image-align-center in-legacy-container\" style=\"text-align:center;--awb-caption-title-font-family:var(--h2_typography-font-family);--awb-caption-title-font-weight:var(--h2_typography-font-weight);--awb-caption-title-font-style:var(--h2_typography-font-style);--awb-caption-title-size:var(--h2_typography-font-size);--awb-caption-title-transform:var(--h2_typography-text-transform);--awb-caption-title-line-height:var(--h2_typography-line-height);--awb-caption-title-letter-spacing:var(--h2_typography-letter-spacing);\"><div class=\"imageframe-align-center\"><span class=\" fusion-imageframe imageframe-none imageframe-2 hover-type-zoomin\"><a href=\"https:\/\/feucht-obsttechnik.de\/wp-content\/uploads\/obstgebl\u00e4se-1201-3.jpg\" class=\"fusion-lightbox\" data-rel=\"iLightbox[obstgebl\u00e4se-1201]\" data-title=\"A gy\u00fcm\u00f6lcsf\u00fajtat\u00f3 1201 els\u0151sorban l\u00e9gy\u00fcm\u00f6lcs\u00f6kh\u00f6z haszn\u00e1latos\" title=\"A gy\u00fcm\u00f6lcsf\u00fajtat\u00f3 1201 els\u0151sorban l\u00e9gy\u00fcm\u00f6lcs\u00f6kh\u00f6z haszn\u00e1latos\"><img decoding=\"async\" width=\"1600\" height=\"1200\" src=\"https:\/\/feucht-obsttechnik.de\/wp-content\/uploads\/obstgebl\u00e4se-1201-3.jpg\" alt class=\"img-responsive wp-image-10658\" srcset=\"https:\/\/feucht-obsttechnik.de\/wp-content\/uploads\/obstgebl\u00e4se-1201-3-200x150.jpg 200w, https:\/\/feucht-obsttechnik.de\/wp-content\/uploads\/obstgebl\u00e4se-1201-3-400x300.jpg 400w, https:\/\/feucht-obsttechnik.de\/wp-content\/uploads\/obstgebl\u00e4se-1201-3-600x450.jpg 600w, https:\/\/feucht-obsttechnik.de\/wp-content\/uploads\/obstgebl\u00e4se-1201-3-800x600.jpg 800w, https:\/\/feucht-obsttechnik.de\/wp-content\/uploads\/obstgebl\u00e4se-1201-3-1200x900.jpg 1200w, https:\/\/feucht-obsttechnik.de\/wp-content\/uploads\/obstgebl\u00e4se-1201-3.jpg 1600w\" sizes=\"(max-width: 835px) 100vw, 400px\" \/><\/a><\/span><\/div><\/div><div class=\"fusion-clearfix\"><\/div><\/div><\/div><div class=\"fusion-layout-column fusion_builder_column fusion-builder-column-12 fusion_builder_column_1_4 1_4 fusion-one-fourth\" style=\"--awb-bg-color:#ffffff;--awb-bg-color-hover:#ffffff;--awb-bg-size:cover;width:22%; margin-right: 4%;\"><div class=\"fusion-column-wrapper fusion-flex-column-wrapper-legacy\"><div class=\"fusion-image-element fusion-image-align-center in-legacy-container\" style=\"text-align:center;--awb-caption-title-font-family:var(--h2_typography-font-family);--awb-caption-title-font-weight:var(--h2_typography-font-weight);--awb-caption-title-font-style:var(--h2_typography-font-style);--awb-caption-title-size:var(--h2_typography-font-size);--awb-caption-title-transform:var(--h2_typography-text-transform);--awb-caption-title-line-height:var(--h2_typography-line-height);--awb-caption-title-letter-spacing:var(--h2_typography-letter-spacing);\"><div class=\"imageframe-align-center\"><span class=\" fusion-imageframe imageframe-none imageframe-3 hover-type-zoomin\"><a href=\"https:\/\/feucht-obsttechnik.de\/wp-content\/uploads\/obstgebl\u00e4se-1201-4.jpg\" class=\"fusion-lightbox\" data-rel=\"iLightbox[obstgebl\u00e4se-1201]\" data-title=\"A gy\u00fcm\u00f6lcsf\u00fajtat\u00f3 1201 els\u0151sorban l\u00e9gy\u00fcm\u00f6lcs\u00f6kh\u00f6z haszn\u00e1latos\" title=\"A gy\u00fcm\u00f6lcsf\u00fajtat\u00f3 1201 els\u0151sorban l\u00e9gy\u00fcm\u00f6lcs\u00f6kh\u00f6z haszn\u00e1latos\"><img decoding=\"async\" width=\"1600\" height=\"1200\" src=\"https:\/\/feucht-obsttechnik.de\/wp-content\/uploads\/obstgebl\u00e4se-1201-4.jpg\" alt class=\"img-responsive wp-image-10659\" srcset=\"https:\/\/feucht-obsttechnik.de\/wp-content\/uploads\/obstgebl\u00e4se-1201-4-200x150.jpg 200w, https:\/\/feucht-obsttechnik.de\/wp-content\/uploads\/obstgebl\u00e4se-1201-4-400x300.jpg 400w, https:\/\/feucht-obsttechnik.de\/wp-content\/uploads\/obstgebl\u00e4se-1201-4-600x450.jpg 600w, https:\/\/feucht-obsttechnik.de\/wp-content\/uploads\/obstgebl\u00e4se-1201-4-800x600.jpg 800w, https:\/\/feucht-obsttechnik.de\/wp-content\/uploads\/obstgebl\u00e4se-1201-4-1200x900.jpg 1200w, https:\/\/feucht-obsttechnik.de\/wp-content\/uploads\/obstgebl\u00e4se-1201-4.jpg 1600w\" sizes=\"(max-width: 835px) 100vw, 400px\" \/><\/a><\/span><\/div><\/div><div class=\"fusion-clearfix\"><\/div><\/div><\/div><div class=\"fusion-layout-column fusion_builder_column fusion-builder-column-13 fusion_builder_column_1_4 1_4 fusion-one-fourth fusion-column-last\" style=\"--awb-bg-color:#ffffff;--awb-bg-color-hover:#ffffff;--awb-bg-size:cover;width:22%;\"><div class=\"fusion-column-wrapper fusion-flex-column-wrapper-legacy\"><div class=\"fusion-image-element fusion-image-align-center in-legacy-container\" style=\"text-align:center;--awb-caption-title-font-family:var(--h2_typography-font-family);--awb-caption-title-font-weight:var(--h2_typography-font-weight);--awb-caption-title-font-style:var(--h2_typography-font-style);--awb-caption-title-size:var(--h2_typography-font-size);--awb-caption-title-transform:var(--h2_typography-text-transform);--awb-caption-title-line-height:var(--h2_typography-line-height);--awb-caption-title-letter-spacing:var(--h2_typography-letter-spacing);\"><div class=\"imageframe-align-center\"><span class=\" fusion-imageframe imageframe-none imageframe-4 hover-type-zoomin\"><a href=\"https:\/\/feucht-obsttechnik.de\/wp-content\/uploads\/obstgebl\u00e4se-1201-5.jpg\" class=\"fusion-lightbox\" data-rel=\"iLightbox[obstgebl\u00e4se-1201]\" data-title=\"A gy\u00fcm\u00f6lcsf\u00fajtat\u00f3 1201 els\u0151sorban l\u00e9gy\u00fcm\u00f6lcs\u00f6kh\u00f6z haszn\u00e1latos\" title=\"A gy\u00fcm\u00f6lcsf\u00fajtat\u00f3 1201 els\u0151sorban l\u00e9gy\u00fcm\u00f6lcs\u00f6kh\u00f6z haszn\u00e1latos\"><img decoding=\"async\" width=\"1600\" height=\"1200\" src=\"https:\/\/feucht-obsttechnik.de\/wp-content\/uploads\/obstgebl\u00e4se-1201-5.jpg\" alt class=\"img-responsive wp-image-10660\" srcset=\"https:\/\/feucht-obsttechnik.de\/wp-content\/uploads\/obstgebl\u00e4se-1201-5-200x150.jpg 200w, https:\/\/feucht-obsttechnik.de\/wp-content\/uploads\/obstgebl\u00e4se-1201-5-400x300.jpg 400w, https:\/\/feucht-obsttechnik.de\/wp-content\/uploads\/obstgebl\u00e4se-1201-5-600x450.jpg 600w, https:\/\/feucht-obsttechnik.de\/wp-content\/uploads\/obstgebl\u00e4se-1201-5-800x600.jpg 800w, https:\/\/feucht-obsttechnik.de\/wp-content\/uploads\/obstgebl\u00e4se-1201-5-1200x900.jpg 1200w, https:\/\/feucht-obsttechnik.de\/wp-content\/uploads\/obstgebl\u00e4se-1201-5.jpg 1600w\" sizes=\"(max-width: 835px) 100vw, 400px\" \/><\/a><\/span><\/div><\/div><div class=\"fusion-clearfix\"><\/div><\/div><\/div><\/div><\/div><div class=\"fusion-fullwidth fullwidth-box fusion-builder-row-8 nonhundred-percent-fullwidth non-hundred-percent-height-scrolling fusion-equal-height-columns\" style=\"--awb-border-radius-top-left:0px;--awb-border-radius-top-right:0px;--awb-border-radius-bottom-right:0px;--awb-border-radius-bottom-left:0px;--awb-padding-bottom:100px;--awb-background-color:#f2f2f2;--awb-flex-wrap:wrap;\" ><div class=\"fusion-builder-row fusion-row\"><div class=\"fusion-layout-column fusion_builder_column fusion-builder-column-14 fusion_builder_column_1_2 1_2 fusion-one-half fusion-column-first\" style=\"--awb-bg-color:#ffffff;--awb-bg-color-hover:#ffffff;--awb-bg-size:cover;--awb-margin-bottom:40px;width:48%; margin-right: 4%;\"><div class=\"fusion-column-wrapper fusion-flex-column-wrapper-legacy\"><div class=\"fusion-text fusion-text-5\"><div style=\"padding: 25px;\">\n<h2>El\u0151ny\u00f6k<\/h2>\n<ul>\n<li>a betakar\u00edt\u00e1s hat\u00e9konys\u00e1g\u00e1nak jav\u00edt\u00e1sa<\/li>\n<li>ide\u00e1lis intenz\u00edv gazd\u00e1lkod\u00e1s\u00fa l\u00e9gy\u00fcm\u00f6lcs\u00f6s\u00f6kbe<\/li>\n<li>a j\u00e1ratok megtiszt\u00edt\u00e1sa<\/li>\n<li>er\u0151teljes leveg\u0151\u00e1raml\u00e1s<\/li>\n<li>kaphat\u00f3 bal vagy jobb oldali f\u00fav\u00f3 kimenettel<\/li>\n<li>a f\u00fajtat\u00f3 f\u00fav\u00f3ka opcion\u00e1lisan meghosszabb\u00edthat\u00f3, illetve kaphat\u00f3 r\u00f6videbb<\/li>\n<li>k\u00e9r\u00e9sre a f\u00fajtat\u00f3 f\u00fav\u00f3ka hidraulikus emel\u00e9se<\/li>\n<\/ul>\n<\/div>\n<\/div><div class=\"fusion-clearfix\"><\/div><\/div><\/div><div class=\"fusion-layout-column fusion_builder_column fusion-builder-column-15 fusion_builder_column_1_2 1_2 fusion-one-half fusion-column-last\" style=\"--awb-bg-color:#ffffff;--awb-bg-color-hover:#ffffff;--awb-bg-size:cover;width:48%;\"><div class=\"fusion-column-wrapper fusion-flex-column-wrapper-legacy\"><div class=\"fusion-text fusion-text-6\"><div style=\"padding: 25px;\">\n<h2>M\u0171szaki adatok<\/h2>\n<\/div>\n<\/div>\n<div class=\"table-2\">\n<table width=\"100%\">\n<tbody>\n<tr>\n<td align=\"left\">Hossz\u00fas\u00e1g:<\/td>\n<td align=\"left\">150 cm<\/td>\n<\/tr>\n<tr>\n<td align=\"left\">A leveg\u0151\u00e1raml\u00e1s hat\u00f3t\u00e1vols\u00e1ga:<\/td>\n<td align=\"left\">140 &#8211; 200 cm<\/td>\n<\/tr>\n<tr>\n<td align=\"left\">S\u00faly:<\/td>\n<td align=\"left\">1280 kg<\/td>\n<\/tr>\n<tr>\n<td align=\"left\">A traktor minim\u00e1lis teljes\u00edtm\u00e9nye:<\/td>\n<td align=\"left\">70 LE<\/td>\n<\/tr>\n<tr>\n<td align=\"left\">Opcion\u00e1lisan:<\/td>\n<td align=\"left\">\n<ul>\n<li>meghosszabb\u00edthat\u00f3 \/ r\u00f6videbb f\u00fajtat\u00f3 f\u00fav\u00f3ka<\/li>\n<li>a f\u00fajtat\u00f3 f\u00fav\u00f3ka hidraulikus emel\u00e9se<\/li>\n<\/ul>\n<\/td>\n<\/tr>\n<\/tbody>\n<\/table>\n<\/div>\n<div class=\"fusion-clearfix\"><\/div><\/div><\/div><\/div><\/div><div class=\"fusion-fullwidth fullwidth-box fusion-builder-row-9 nonhundred-percent-fullwidth non-hundred-percent-height-scrolling\" style=\"--awb-border-radius-top-left:0px;--awb-border-radius-top-right:0px;--awb-border-radius-bottom-right:0px;--awb-border-radius-bottom-left:0px;--awb-flex-wrap:wrap;\" ><div class=\"fusion-builder-row fusion-row\"><div class=\"fusion-layout-column fusion_builder_column fusion-builder-column-16 fusion_builder_column_1_1 1_1 fusion-one-full fusion-column-first fusion-column-last\" style=\"--awb-padding-top:0px;--awb-padding-right:0px;--awb-padding-bottom:0px;--awb-padding-left:0px;--awb-bg-size:cover;--awb-margin-bottom:0px;\"><div class=\"fusion-column-wrapper fusion-column-has-shadow fusion-flex-column-wrapper-legacy\"><div class=\"fusion-menu-anchor\" id=\"frontraeumer-professional\"><\/div><div class=\"fusion-clearfix\"><\/div><\/div><\/div><\/div><\/div><div class=\"fusion-fullwidth fullwidth-box fusion-builder-row-10 fusion-parallax-none nonhundred-percent-fullwidth non-hundred-percent-height-scrolling\" style=\"--awb-border-radius-top-left:0px;--awb-border-radius-top-right:0px;--awb-border-radius-bottom-right:0px;--awb-border-radius-bottom-left:0px;--awb-padding-top:200px;--awb-margin-top:-1px;--awb-background-image:url(&quot;https:\/\/feucht-obsttechnik.de\/wp-content\/uploads\/frontr\u00e4umer-divider-professional.jpg&quot;);--awb-background-size:cover;--awb-flex-wrap:wrap;\" ><div class=\"fusion-builder-row fusion-row\"><div class=\"fusion-layout-column fusion_builder_column fusion-builder-column-17 fusion_builder_column_1_6 1_6 fusion-one-sixth fusion-column-first\" style=\"--awb-bg-size:cover;width:16.666666666667%;width:calc(16.666666666667% - ( ( 4% + 4% ) * 0.16666666666667 ) );margin-right: 4%;\"><div class=\"fusion-column-wrapper fusion-flex-column-wrapper-legacy\"><div class=\"fusion-clearfix\"><\/div><\/div><\/div><div class=\"fusion-layout-column fusion_builder_column fusion-builder-column-18 fusion_builder_column_2_3 2_3 fusion-two-third\" style=\"--awb-padding-top:50px;--awb-padding-right:50px;--awb-padding-bottom:50px;--awb-padding-left:50px;--awb-bg-color:rgba(255,255,255,0.9);--awb-bg-color-hover:rgba(255,255,255,0.9);--awb-bg-size:cover;--awb-margin-bottom:-100px;width:66.666666666667%;width:calc(66.666666666667% - ( ( 4% + 4% ) * 0.66666666666667 ) );margin-right: 4%;\"><div class=\"fusion-column-wrapper fusion-column-has-shadow fusion-flex-column-wrapper-legacy\"><div class=\"fusion-text fusion-text-7\"><h2 style=\"text-align: center;\">Professzion\u00e1lis el\u00fcls\u0151 gy\u00fcm\u00f6lcssepr\u0151<\/h2>\n<p style=\"text-align: center;\"><strong>A gy\u00fcm\u00f6lcs eltakar\u00edt\u00e1sa a j\u00e1ratokb\u00f3l.<\/strong><\/p>\n<p style=\"text-align: center;\">A <strong>professzion\u00e1lis el\u00fcls\u0151<\/strong> <strong>gy\u00fcm\u00f6lcssepr\u0151 traktortartoz\u00e9k<\/strong>, mellyel a j\u00e1ratokat lehet megtiszt\u00edtani. A folyamat sor\u00e1n a gy\u00fcm\u00f6lcs\u00f6t balra vagy jobbra sepri a g\u00e9p. Ut\u00e1na haszn\u00e1lhat\u00f3k m\u00e1s seg\u00e9deszk\u00f6z\u00f6k, p\u00e9ld\u00e1ul far\u00e1z\u00f3k a gy\u00fcm\u00f6lcs ler\u00e1z\u00e1s\u00e1ra, illetve vontat\u00f3val felszerelt traktorok a betakar\u00edtott gy\u00fcm\u00f6lcs \u00f6sszegy\u0171jt\u00e9s\u00e9re.  <\/p>\n<\/div><div class=\"fusion-clearfix\"><\/div><\/div><\/div><div class=\"fusion-layout-column fusion_builder_column fusion-builder-column-19 fusion_builder_column_1_6 1_6 fusion-one-sixth fusion-column-last\" style=\"--awb-bg-size:cover;width:16.666666666667%;width:calc(16.666666666667% - ( ( 4% + 4% ) * 0.16666666666667 ) );\"><div class=\"fusion-column-wrapper fusion-flex-column-wrapper-legacy\"><div class=\"fusion-clearfix\"><\/div><\/div><\/div><\/div><\/div><div class=\"fusion-fullwidth fullwidth-box fusion-builder-row-11 nonhundred-percent-fullwidth non-hundred-percent-height-scrolling fusion-equal-height-columns\" style=\"--awb-border-radius-top-left:0px;--awb-border-radius-top-right:0px;--awb-border-radius-bottom-right:0px;--awb-border-radius-bottom-left:0px;--awb-padding-top:200px;--awb-background-color:#f2f2f2;--awb-flex-wrap:wrap;\" ><div class=\"fusion-builder-row fusion-row\"><div class=\"fusion-layout-column fusion_builder_column fusion-builder-column-20 fusion_builder_column_1_1 1_1 fusion-one-full fusion-column-first fusion-column-last\" style=\"--awb-bg-size:cover;\"><div class=\"fusion-column-wrapper fusion-flex-column-wrapper-legacy\"><div class=\"fusion-title title fusion-title-4 fusion-sep-none fusion-title-text fusion-title-size-one\" style=\"--awb-margin-top-small:0px;--awb-margin-right-small:0px;--awb-margin-bottom-small:20px;--awb-margin-left-small:0px;\"><h1 class=\"fusion-title-heading title-heading-left fusion-responsive-typography-calculated\" style=\"margin:0;--fontSize:38;line-height:1.33;\">A professzion\u00e1lis el\u00fcls\u0151 gy\u00fcm\u00f6lcssepr\u0151 r\u00e9szletei<\/h1><\/div><div class=\"fusion-clearfix\"><\/div><\/div><\/div><\/div><\/div><div class=\"fusion-fullwidth fullwidth-box fusion-builder-row-12 nonhundred-percent-fullwidth non-hundred-percent-height-scrolling fusion-equal-height-columns\" style=\"--awb-border-radius-top-left:0px;--awb-border-radius-top-right:0px;--awb-border-radius-bottom-right:0px;--awb-border-radius-bottom-left:0px;--awb-padding-bottom:100px;--awb-background-color:#f2f2f2;--awb-flex-wrap:wrap;\" ><div class=\"fusion-builder-row fusion-row\"><div class=\"fusion-layout-column fusion_builder_column fusion-builder-column-21 fusion_builder_column_1_4 1_4 fusion-one-fourth fusion-column-first\" style=\"--awb-bg-color:#ffffff;--awb-bg-color-hover:#ffffff;--awb-bg-size:cover;--awb-margin-bottom:40px;width:22%; margin-right: 4%;\"><div class=\"fusion-column-wrapper fusion-flex-column-wrapper-legacy\"><div class=\"fusion-image-element fusion-image-align-center in-legacy-container\" style=\"text-align:center;--awb-caption-title-font-family:var(--h2_typography-font-family);--awb-caption-title-font-weight:var(--h2_typography-font-weight);--awb-caption-title-font-style:var(--h2_typography-font-style);--awb-caption-title-size:var(--h2_typography-font-size);--awb-caption-title-transform:var(--h2_typography-text-transform);--awb-caption-title-line-height:var(--h2_typography-line-height);--awb-caption-title-letter-spacing:var(--h2_typography-letter-spacing);\"><div class=\"imageframe-align-center\"><span class=\" fusion-imageframe imageframe-none imageframe-5 hover-type-zoomin\"><a href=\"https:\/\/feucht-obsttechnik.de\/wp-content\/uploads\/frontr\u00e4umer-professional-1.jpg\" class=\"fusion-lightbox\" data-rel=\"iLightbox[frontr\u00e4umer-professional]\" data-title=\"A professzion\u00e1lis el\u00fcls\u0151 gy\u00fcm\u00f6lcssepr\u0151 traktortartoz\u00e9k\" title=\"A professzion\u00e1lis el\u00fcls\u0151 gy\u00fcm\u00f6lcssepr\u0151 traktortartoz\u00e9k\"><img decoding=\"async\" width=\"1600\" height=\"1200\" src=\"https:\/\/feucht-obsttechnik.de\/wp-content\/uploads\/frontr\u00e4umer-professional-1.jpg\" alt class=\"img-responsive wp-image-10663\" srcset=\"https:\/\/feucht-obsttechnik.de\/wp-content\/uploads\/frontr\u00e4umer-professional-1-200x150.jpg 200w, https:\/\/feucht-obsttechnik.de\/wp-content\/uploads\/frontr\u00e4umer-professional-1-400x300.jpg 400w, https:\/\/feucht-obsttechnik.de\/wp-content\/uploads\/frontr\u00e4umer-professional-1-600x450.jpg 600w, https:\/\/feucht-obsttechnik.de\/wp-content\/uploads\/frontr\u00e4umer-professional-1-800x600.jpg 800w, https:\/\/feucht-obsttechnik.de\/wp-content\/uploads\/frontr\u00e4umer-professional-1-1200x900.jpg 1200w, https:\/\/feucht-obsttechnik.de\/wp-content\/uploads\/frontr\u00e4umer-professional-1.jpg 1600w\" sizes=\"(max-width: 835px) 100vw, 400px\" \/><\/a><\/span><\/div><\/div><div class=\"fusion-clearfix\"><\/div><\/div><\/div><div class=\"fusion-layout-column fusion_builder_column fusion-builder-column-22 fusion_builder_column_1_4 1_4 fusion-one-fourth\" style=\"--awb-bg-color:#ffffff;--awb-bg-color-hover:#ffffff;--awb-bg-size:cover;--awb-margin-bottom:40px;width:22%; margin-right: 4%;\"><div class=\"fusion-column-wrapper fusion-flex-column-wrapper-legacy\"><div class=\"fusion-image-element fusion-image-align-center in-legacy-container\" style=\"text-align:center;--awb-caption-title-font-family:var(--h2_typography-font-family);--awb-caption-title-font-weight:var(--h2_typography-font-weight);--awb-caption-title-font-style:var(--h2_typography-font-style);--awb-caption-title-size:var(--h2_typography-font-size);--awb-caption-title-transform:var(--h2_typography-text-transform);--awb-caption-title-line-height:var(--h2_typography-line-height);--awb-caption-title-letter-spacing:var(--h2_typography-letter-spacing);\"><div class=\"imageframe-align-center\"><span class=\" fusion-imageframe imageframe-none imageframe-6 hover-type-zoomin\"><a href=\"https:\/\/feucht-obsttechnik.de\/wp-content\/uploads\/frontr\u00e4umer-professional-2.jpg\" class=\"fusion-lightbox\" data-rel=\"iLightbox[frontr\u00e4umer-professional]\" data-title=\"A professzion\u00e1lis el\u00fcls\u0151 gy\u00fcm\u00f6lcssepr\u0151 traktortartoz\u00e9k\" title=\"A professzion\u00e1lis el\u00fcls\u0151 gy\u00fcm\u00f6lcssepr\u0151 traktortartoz\u00e9k\"><img decoding=\"async\" width=\"1600\" height=\"1200\" src=\"https:\/\/feucht-obsttechnik.de\/wp-content\/uploads\/frontr\u00e4umer-professional-2.jpg\" alt class=\"img-responsive wp-image-10664\" srcset=\"https:\/\/feucht-obsttechnik.de\/wp-content\/uploads\/frontr\u00e4umer-professional-2-200x150.jpg 200w, https:\/\/feucht-obsttechnik.de\/wp-content\/uploads\/frontr\u00e4umer-professional-2-400x300.jpg 400w, https:\/\/feucht-obsttechnik.de\/wp-content\/uploads\/frontr\u00e4umer-professional-2-600x450.jpg 600w, https:\/\/feucht-obsttechnik.de\/wp-content\/uploads\/frontr\u00e4umer-professional-2-800x600.jpg 800w, https:\/\/feucht-obsttechnik.de\/wp-content\/uploads\/frontr\u00e4umer-professional-2-1200x900.jpg 1200w, https:\/\/feucht-obsttechnik.de\/wp-content\/uploads\/frontr\u00e4umer-professional-2.jpg 1600w\" sizes=\"(max-width: 835px) 100vw, 400px\" \/><\/a><\/span><\/div><\/div><div class=\"fusion-clearfix\"><\/div><\/div><\/div><div class=\"fusion-layout-column fusion_builder_column fusion-builder-column-23 fusion_builder_column_1_4 1_4 fusion-one-fourth\" style=\"--awb-bg-color:#ffffff;--awb-bg-color-hover:#ffffff;--awb-bg-size:cover;width:22%; margin-right: 4%;\"><div class=\"fusion-column-wrapper fusion-flex-column-wrapper-legacy\"><div class=\"fusion-image-element fusion-image-align-center in-legacy-container\" style=\"text-align:center;--awb-caption-title-font-family:var(--h2_typography-font-family);--awb-caption-title-font-weight:var(--h2_typography-font-weight);--awb-caption-title-font-style:var(--h2_typography-font-style);--awb-caption-title-size:var(--h2_typography-font-size);--awb-caption-title-transform:var(--h2_typography-text-transform);--awb-caption-title-line-height:var(--h2_typography-line-height);--awb-caption-title-letter-spacing:var(--h2_typography-letter-spacing);\"><div class=\"imageframe-align-center\"><span class=\" fusion-imageframe imageframe-none imageframe-7 hover-type-zoomin\"><a href=\"https:\/\/feucht-obsttechnik.de\/wp-content\/uploads\/frontr\u00e4umer-professional-3.jpg\" class=\"fusion-lightbox\" data-rel=\"iLightbox[frontr\u00e4umer-professional]\" data-title=\"A professzion\u00e1lis el\u00fcls\u0151 gy\u00fcm\u00f6lcssepr\u0151 traktortartoz\u00e9k\" title=\"A professzion\u00e1lis el\u00fcls\u0151 gy\u00fcm\u00f6lcssepr\u0151 traktortartoz\u00e9k\"><img decoding=\"async\" width=\"1600\" height=\"1200\" src=\"https:\/\/feucht-obsttechnik.de\/wp-content\/uploads\/frontr\u00e4umer-professional-3.jpg\" alt class=\"img-responsive wp-image-10665\" srcset=\"https:\/\/feucht-obsttechnik.de\/wp-content\/uploads\/frontr\u00e4umer-professional-3-200x150.jpg 200w, https:\/\/feucht-obsttechnik.de\/wp-content\/uploads\/frontr\u00e4umer-professional-3-400x300.jpg 400w, https:\/\/feucht-obsttechnik.de\/wp-content\/uploads\/frontr\u00e4umer-professional-3-600x450.jpg 600w, https:\/\/feucht-obsttechnik.de\/wp-content\/uploads\/frontr\u00e4umer-professional-3-800x600.jpg 800w, https:\/\/feucht-obsttechnik.de\/wp-content\/uploads\/frontr\u00e4umer-professional-3-1200x900.jpg 1200w, https:\/\/feucht-obsttechnik.de\/wp-content\/uploads\/frontr\u00e4umer-professional-3.jpg 1600w\" sizes=\"(max-width: 835px) 100vw, 400px\" \/><\/a><\/span><\/div><\/div><div class=\"fusion-clearfix\"><\/div><\/div><\/div><div class=\"fusion-layout-column fusion_builder_column fusion-builder-column-24 fusion_builder_column_1_4 1_4 fusion-one-fourth fusion-column-last\" style=\"--awb-bg-color:#ffffff;--awb-bg-color-hover:#ffffff;--awb-bg-size:cover;width:22%;\"><div class=\"fusion-column-wrapper fusion-flex-column-wrapper-legacy\"><div class=\"fusion-image-element fusion-image-align-center in-legacy-container\" style=\"text-align:center;--awb-caption-title-font-family:var(--h2_typography-font-family);--awb-caption-title-font-weight:var(--h2_typography-font-weight);--awb-caption-title-font-style:var(--h2_typography-font-style);--awb-caption-title-size:var(--h2_typography-font-size);--awb-caption-title-transform:var(--h2_typography-text-transform);--awb-caption-title-line-height:var(--h2_typography-line-height);--awb-caption-title-letter-spacing:var(--h2_typography-letter-spacing);\"><div class=\"imageframe-align-center\"><span class=\" fusion-imageframe imageframe-none imageframe-8 hover-type-zoomin\"><a href=\"https:\/\/feucht-obsttechnik.de\/wp-content\/uploads\/frontr\u00e4umer-professional-4.jpg\" class=\"fusion-lightbox\" data-rel=\"iLightbox[frontr\u00e4umer-professional]\" data-title=\"A professzion\u00e1lis el\u00fcls\u0151 gy\u00fcm\u00f6lcssepr\u0151 traktortartoz\u00e9k\" title=\"A professzion\u00e1lis el\u00fcls\u0151 gy\u00fcm\u00f6lcssepr\u0151 traktortartoz\u00e9k\"><img decoding=\"async\" width=\"1600\" height=\"1200\" src=\"https:\/\/feucht-obsttechnik.de\/wp-content\/uploads\/frontr\u00e4umer-professional-4.jpg\" alt class=\"img-responsive wp-image-10666\" srcset=\"https:\/\/feucht-obsttechnik.de\/wp-content\/uploads\/frontr\u00e4umer-professional-4-200x150.jpg 200w, https:\/\/feucht-obsttechnik.de\/wp-content\/uploads\/frontr\u00e4umer-professional-4-400x300.jpg 400w, https:\/\/feucht-obsttechnik.de\/wp-content\/uploads\/frontr\u00e4umer-professional-4-600x450.jpg 600w, https:\/\/feucht-obsttechnik.de\/wp-content\/uploads\/frontr\u00e4umer-professional-4-800x600.jpg 800w, https:\/\/feucht-obsttechnik.de\/wp-content\/uploads\/frontr\u00e4umer-professional-4-1200x900.jpg 1200w, https:\/\/feucht-obsttechnik.de\/wp-content\/uploads\/frontr\u00e4umer-professional-4.jpg 1600w\" sizes=\"(max-width: 835px) 100vw, 400px\" \/><\/a><\/span><\/div><\/div><div class=\"fusion-clearfix\"><\/div><\/div><\/div><\/div><\/div><div class=\"fusion-fullwidth fullwidth-box fusion-builder-row-13 nonhundred-percent-fullwidth non-hundred-percent-height-scrolling fusion-equal-height-columns\" style=\"--awb-border-radius-top-left:0px;--awb-border-radius-top-right:0px;--awb-border-radius-bottom-right:0px;--awb-border-radius-bottom-left:0px;--awb-padding-bottom:100px;--awb-background-color:#f2f2f2;--awb-flex-wrap:wrap;\" ><div class=\"fusion-builder-row fusion-row\"><div class=\"fusion-layout-column fusion_builder_column fusion-builder-column-25 fusion_builder_column_1_2 1_2 fusion-one-half fusion-column-first\" style=\"--awb-bg-color:#ffffff;--awb-bg-color-hover:#ffffff;--awb-bg-size:cover;--awb-margin-bottom:40px;width:48%; margin-right: 4%;\"><div class=\"fusion-column-wrapper fusion-flex-column-wrapper-legacy\"><div class=\"fusion-text fusion-text-8\"><div style=\"padding: 25px;\">\n<h2>El\u0151ny\u00f6k<\/h2>\n<ul>\n<li>tiszta a j\u00e1ratok<\/li>\n<li>sokoldal\u00fa felhaszn\u00e1l\u00e1s, p\u00e9ld\u00e1ul far\u00e1z\u00f3val, sz\u00e1ll\u00edt\u00f3 vontat\u00f3val<\/li>\n<li>alacsony, minim\u00e1lis traktorteljes\u00edtm\u00e9nyt ig\u00e9nyel<\/li>\n<li>a betakar\u00edt\u00e1s hat\u00e9konys\u00e1g\u00e1nak jav\u00edt\u00e1sa<\/li>\n<li>nagyobb betakar\u00edt\u00e1si mennyis\u00e9g<\/li>\n<li>alkalmas intenz\u00edv gazd\u00e1lkod\u00e1s\u00fa l\u00e9gy\u00fcm\u00f6lcs\u00f6sbe<\/li>\n<\/ul>\n<\/div>\n<\/div><div class=\"fusion-clearfix\"><\/div><\/div><\/div><div class=\"fusion-layout-column fusion_builder_column fusion-builder-column-26 fusion_builder_column_1_2 1_2 fusion-one-half fusion-column-last\" style=\"--awb-bg-color:#ffffff;--awb-bg-color-hover:#ffffff;--awb-bg-size:cover;width:48%;\"><div class=\"fusion-column-wrapper fusion-flex-column-wrapper-legacy\"><div class=\"fusion-text fusion-text-9\"><div style=\"padding: 25px;\">\n<h2>M\u0171szaki adatok<\/h2>\n<\/div>\n<\/div>\n<div class=\"table-2\">\n<table width=\"100%\">\n<tbody>\n<tr>\n<td align=\"left\">Felszed\u00e9si sz\u00e9less\u00e9g:<\/td>\n<td align=\"left\">230 &#8211; 300 cm<\/td>\n<\/tr>\n<tr>\n<td align=\"left\">S\u00faly:<\/td>\n<td align=\"left\">ca. 450 kg<\/td>\n<\/tr>\n<tr>\n<td align=\"left\">Traktorteljes\u00edtm\u00e9ny:<\/td>\n<td align=\"left\">30 LE<\/td>\n<\/tr>\n<tr>\n<td align=\"left\">Olajmennyis\u00e9g:<\/td>\n<td align=\"left\">18 &#8211; 80 l<\/td>\n<\/tr>\n<tr>\n<td align=\"left\">Gy\u00fcm\u00f6lcst\u00edpusok:<\/td>\n<td align=\"left\">Alma, di\u00f3, mogyor\u00f3, k\u00f6rte, citrusf\u00e9l\u00e9k stb.<\/td>\n<\/tr>\n<tr>\n<td style=\"text-align: center;\" colspan=\"2\" align=\"left\"><strong>Szabv\u00e1nyos a CAT 1 vagy 2 eset\u00e9ben, az el\u00fcls\u0151 hidraulik\u00e1n<\/strong><\/td>\n<\/tr>\n<\/tbody>\n<\/table>\n<\/div>\n<div class=\"fusion-clearfix\"><\/div><\/div><\/div><\/div><\/div><div class=\"fusion-fullwidth fullwidth-box fusion-builder-row-14 nonhundred-percent-fullwidth non-hundred-percent-height-scrolling fusion-equal-height-columns fusion-no-small-visibility schlagwoerter\" style=\"--awb-background-position:center top;--awb-border-sizes-top:0px;--awb-border-sizes-bottom:0px;--awb-border-sizes-left:0px;--awb-border-sizes-right:0px;--awb-border-radius-top-left:0px;--awb-border-radius-top-right:0px;--awb-border-radius-bottom-right:0px;--awb-border-radius-bottom-left:0px;--awb-padding-top:0px;--awb-padding-right:15%;--awb-padding-bottom:0px;--awb-padding-left:15%;--awb-background-color:#a0ce4e;--awb-flex-wrap:wrap;\" ><div class=\"fusion-builder-row fusion-row\"><div class=\"fusion-layout-column fusion_builder_column fusion-builder-column-27 fusion_builder_column_1_5 1_5 fusion-one-fifth fusion-column-first\" style=\"--awb-padding-top:10px;--awb-padding-bottom:10px;--awb-bg-size:cover;--awb-margin-top:10px;--awb-margin-bottom:0px;width:20%;width:calc(20% - ( ( 4% ) * 0.2 ) );margin-right: 4%;\"><div class=\"fusion-column-wrapper fusion-column-has-shadow fusion-flex-column-wrapper-legacy\"><div class=\"fusion-column-content-centered\"><div class=\"fusion-column-content\"><div class=\"fusion-title title fusion-title-5 fusion-sep-none fusion-title-text fusion-title-size-two\" style=\"--awb-text-color:#ffffff;--awb-margin-bottom:0px;--awb-margin-right-small:0px;--awb-margin-bottom-small:0px;--awb-margin-left-small:0px;\"><h2 class=\"fusion-title-heading title-heading-left fusion-responsive-typography-calculated\" style=\"margin:0;--fontSize:26;--minFontSize:26;line-height:1.25;\">Kulcsszavak:<\/h2><\/div><\/div><\/div><div class=\"fusion-clearfix\"><\/div><\/div><\/div><div class=\"fusion-layout-column fusion_builder_column fusion-builder-column-28 fusion_builder_column_4_5 4_5 fusion-four-fifth fusion-column-last fusion-column-no-min-height\" style=\"--awb-padding-top:10px;--awb-padding-bottom:10px;--awb-bg-size:cover;--awb-margin-top:20px;--awb-margin-bottom:0px;width:80%;width:calc(80% - ( ( 4% ) * 0.8 ) );\"><div class=\"fusion-column-wrapper fusion-column-has-shadow fusion-flex-column-wrapper-legacy\"><div class=\"fusion-text fusion-text-10\"><p><span style=\"color: #ffffff;\"><a href=\"https:\/\/feucht-obsttechnik.de\/de\/obsterntetechnik\/\">Gy\u00fcm\u00f6lcsbetakar\u00edt\u00e1si technol\u00f3gia<\/a>, <a href=\"https:\/\/feucht-obsttechnik.de\/de\/obsterntetechnik\/\">Gy\u00fcm\u00f6lcsbetakar\u00edt\u00f3 eszk\u00f6z\u00f6k<\/a><\/span><\/p>\n<\/div><div class=\"fusion-clearfix\"><\/div><\/div><\/div><\/div><\/div><\/p>\n","protected":false},"excerpt":{"rendered":"","protected":false},"author":4,"featured_media":0,"parent":10253,"menu_order":0,"comment_status":"closed","ping_status":"closed","template":"100-width.php","meta":{"footnotes":"","_wp_rev_ctl_limit":""},"class_list":["post-10655","page","type-page","status-publish","hentry"],"yoast_head":"<!-- This site is optimized with the Yoast SEO plugin v27.5 - https:\/\/yoast.com\/product\/yoast-seo-wordpress\/ -->\n<title>Gy\u00fcm\u00f6lcssepr\u0151 \/ Gy\u00fcm\u00f6lcsf\u00fajtat\u00f3 - Feucht Obsttechnik<\/title>\n<meta name=\"description\" content=\"A gy\u00fcm\u00f6lcs fasorok k\u00f6z\u00fcli eltakar\u00edt\u00e1s\u00e1hoz gy\u00fcm\u00f6lcsf\u00fajtat\u00f3t vagy el\u00fcls\u0151 gy\u00fcm\u00f6lcssepr\u0151t lehet haszn\u00e1lni a traktoron. Tov\u00e1bbi inform\u00e1ci\u00f3k a funkci\u00f3r\u00f3l \u00e9s a haszn\u00e1latr\u00f3l!\" \/>\n<meta name=\"robots\" content=\"index, follow, max-snippet:-1, max-image-preview:large, max-video-preview:-1\" \/>\n<link rel=\"canonical\" href=\"https:\/\/feucht-obsttechnik.de\/hu\/gyuemoelcsbetakaritasi-technologia\/gyuemoelcssepro-gyuemoelcsfujtato\/\" \/>\n<meta property=\"og:locale\" content=\"hu_HU\" \/>\n<meta property=\"og:type\" content=\"article\" \/>\n<meta property=\"og:title\" content=\"Gy\u00fcm\u00f6lcssepr\u0151 \/ Gy\u00fcm\u00f6lcsf\u00fajtat\u00f3 - Feucht Obsttechnik\" \/>\n<meta property=\"og:description\" content=\"A gy\u00fcm\u00f6lcs fasorok k\u00f6z\u00fcli eltakar\u00edt\u00e1s\u00e1hoz gy\u00fcm\u00f6lcsf\u00fajtat\u00f3t vagy el\u00fcls\u0151 gy\u00fcm\u00f6lcssepr\u0151t lehet haszn\u00e1lni a traktoron. Tov\u00e1bbi inform\u00e1ci\u00f3k a funkci\u00f3r\u00f3l \u00e9s a haszn\u00e1latr\u00f3l!\" \/>\n<meta property=\"og:url\" content=\"https:\/\/feucht-obsttechnik.de\/hu\/gyuemoelcsbetakaritasi-technologia\/gyuemoelcssepro-gyuemoelcsfujtato\/\" \/>\n<meta property=\"og:site_name\" content=\"Feucht Obsttechnik\" \/>\n<meta property=\"article:modified_time\" content=\"2021-04-06T13:43:47+00:00\" \/>\n<meta name=\"twitter:card\" content=\"summary_large_image\" \/>\n<meta name=\"twitter:label1\" content=\"Becs\u00fclt olvas\u00e1si id\u0151\" \/>\n\t<meta name=\"twitter:data1\" content=\"34 perc\" \/>\n<script type=\"application\/ld+json\" class=\"yoast-schema-graph\">{\"@context\":\"https:\\\/\\\/schema.org\",\"@graph\":[{\"@type\":\"WebPage\",\"@id\":\"https:\\\/\\\/feucht-obsttechnik.de\\\/hu\\\/gyuemoelcsbetakaritasi-technologia\\\/gyuemoelcssepro-gyuemoelcsfujtato\\\/\",\"url\":\"https:\\\/\\\/feucht-obsttechnik.de\\\/hu\\\/gyuemoelcsbetakaritasi-technologia\\\/gyuemoelcssepro-gyuemoelcsfujtato\\\/\",\"name\":\"Gy\u00fcm\u00f6lcssepr\u0151 \\\/ Gy\u00fcm\u00f6lcsf\u00fajtat\u00f3 - Feucht Obsttechnik\",\"isPartOf\":{\"@id\":\"https:\\\/\\\/feucht-obsttechnik.de\\\/hu\\\/#website\"},\"datePublished\":\"2021-04-06T13:43:42+00:00\",\"dateModified\":\"2021-04-06T13:43:47+00:00\",\"description\":\"A gy\u00fcm\u00f6lcs fasorok k\u00f6z\u00fcli eltakar\u00edt\u00e1s\u00e1hoz gy\u00fcm\u00f6lcsf\u00fajtat\u00f3t vagy el\u00fcls\u0151 gy\u00fcm\u00f6lcssepr\u0151t lehet haszn\u00e1lni a traktoron. Tov\u00e1bbi inform\u00e1ci\u00f3k a funkci\u00f3r\u00f3l \u00e9s a haszn\u00e1latr\u00f3l!\",\"breadcrumb\":{\"@id\":\"https:\\\/\\\/feucht-obsttechnik.de\\\/hu\\\/gyuemoelcsbetakaritasi-technologia\\\/gyuemoelcssepro-gyuemoelcsfujtato\\\/#breadcrumb\"},\"inLanguage\":\"hu\",\"potentialAction\":[{\"@type\":\"ReadAction\",\"target\":[\"https:\\\/\\\/feucht-obsttechnik.de\\\/hu\\\/gyuemoelcsbetakaritasi-technologia\\\/gyuemoelcssepro-gyuemoelcsfujtato\\\/\"]}]},{\"@type\":\"BreadcrumbList\",\"@id\":\"https:\\\/\\\/feucht-obsttechnik.de\\\/hu\\\/gyuemoelcsbetakaritasi-technologia\\\/gyuemoelcssepro-gyuemoelcsfujtato\\\/#breadcrumb\",\"itemListElement\":[{\"@type\":\"ListItem\",\"position\":1,\"name\":\"Startseite\",\"item\":\"https:\\\/\\\/feucht-obsttechnik.de\\\/hu\\\/\"},{\"@type\":\"ListItem\",\"position\":2,\"name\":\"Gy\u00fcm\u00f6lcsbetakar\u00edt\u00e1si technol\u00f3gia\",\"item\":\"https:\\\/\\\/feucht-obsttechnik.de\\\/hu\\\/gyuemoelcsbetakaritasi-technologia\\\/\"},{\"@type\":\"ListItem\",\"position\":3,\"name\":\"Gy\u00fcm\u00f6lcssepr\u0151 \\\/ Gy\u00fcm\u00f6lcsf\u00fajtat\u00f3\"}]},{\"@type\":\"WebSite\",\"@id\":\"https:\\\/\\\/feucht-obsttechnik.de\\\/hu\\\/#website\",\"url\":\"https:\\\/\\\/feucht-obsttechnik.de\\\/hu\\\/\",\"name\":\"Feucht Obsttechnik\",\"description\":\"\",\"publisher\":{\"@id\":\"https:\\\/\\\/feucht-obsttechnik.de\\\/hu\\\/#organization\"},\"potentialAction\":[{\"@type\":\"SearchAction\",\"target\":{\"@type\":\"EntryPoint\",\"urlTemplate\":\"https:\\\/\\\/feucht-obsttechnik.de\\\/hu\\\/?s={search_term_string}\"},\"query-input\":{\"@type\":\"PropertyValueSpecification\",\"valueRequired\":true,\"valueName\":\"search_term_string\"}}],\"inLanguage\":\"hu\"},{\"@type\":\"Organization\",\"@id\":\"https:\\\/\\\/feucht-obsttechnik.de\\\/hu\\\/#organization\",\"name\":\"Feucht Obsttechnik GmbH\",\"url\":\"https:\\\/\\\/feucht-obsttechnik.de\\\/hu\\\/\",\"logo\":{\"@type\":\"ImageObject\",\"inLanguage\":\"hu\",\"@id\":\"https:\\\/\\\/feucht-obsttechnik.de\\\/hu\\\/#\\\/schema\\\/logo\\\/image\\\/\",\"url\":\"https:\\\/\\\/feucht-obsttechnik.de\\\/wp-content\\\/uploads\\\/logo-feucht@2x-1.png\",\"contentUrl\":\"https:\\\/\\\/feucht-obsttechnik.de\\\/wp-content\\\/uploads\\\/logo-feucht@2x-1.png\",\"width\":640,\"height\":123,\"caption\":\"Feucht Obsttechnik GmbH\"},\"image\":{\"@id\":\"https:\\\/\\\/feucht-obsttechnik.de\\\/hu\\\/#\\\/schema\\\/logo\\\/image\\\/\"}}]}<\/script>\n<!-- \/ Yoast SEO plugin. -->","yoast_head_json":{"title":"Gy\u00fcm\u00f6lcssepr\u0151 \/ Gy\u00fcm\u00f6lcsf\u00fajtat\u00f3 - Feucht Obsttechnik","description":"A gy\u00fcm\u00f6lcs fasorok k\u00f6z\u00fcli eltakar\u00edt\u00e1s\u00e1hoz gy\u00fcm\u00f6lcsf\u00fajtat\u00f3t vagy el\u00fcls\u0151 gy\u00fcm\u00f6lcssepr\u0151t lehet haszn\u00e1lni a traktoron. Tov\u00e1bbi inform\u00e1ci\u00f3k a funkci\u00f3r\u00f3l \u00e9s a haszn\u00e1latr\u00f3l!","robots":{"index":"index","follow":"follow","max-snippet":"max-snippet:-1","max-image-preview":"max-image-preview:large","max-video-preview":"max-video-preview:-1"},"canonical":"https:\/\/feucht-obsttechnik.de\/hu\/gyuemoelcsbetakaritasi-technologia\/gyuemoelcssepro-gyuemoelcsfujtato\/","og_locale":"hu_HU","og_type":"article","og_title":"Gy\u00fcm\u00f6lcssepr\u0151 \/ Gy\u00fcm\u00f6lcsf\u00fajtat\u00f3 - Feucht Obsttechnik","og_description":"A gy\u00fcm\u00f6lcs fasorok k\u00f6z\u00fcli eltakar\u00edt\u00e1s\u00e1hoz gy\u00fcm\u00f6lcsf\u00fajtat\u00f3t vagy el\u00fcls\u0151 gy\u00fcm\u00f6lcssepr\u0151t lehet haszn\u00e1lni a traktoron. Tov\u00e1bbi inform\u00e1ci\u00f3k a funkci\u00f3r\u00f3l \u00e9s a haszn\u00e1latr\u00f3l!","og_url":"https:\/\/feucht-obsttechnik.de\/hu\/gyuemoelcsbetakaritasi-technologia\/gyuemoelcssepro-gyuemoelcsfujtato\/","og_site_name":"Feucht Obsttechnik","article_modified_time":"2021-04-06T13:43:47+00:00","twitter_card":"summary_large_image","twitter_misc":{"Becs\u00fclt olvas\u00e1si id\u0151":"34 perc"},"schema":{"@context":"https:\/\/schema.org","@graph":[{"@type":"WebPage","@id":"https:\/\/feucht-obsttechnik.de\/hu\/gyuemoelcsbetakaritasi-technologia\/gyuemoelcssepro-gyuemoelcsfujtato\/","url":"https:\/\/feucht-obsttechnik.de\/hu\/gyuemoelcsbetakaritasi-technologia\/gyuemoelcssepro-gyuemoelcsfujtato\/","name":"Gy\u00fcm\u00f6lcssepr\u0151 \/ Gy\u00fcm\u00f6lcsf\u00fajtat\u00f3 - Feucht Obsttechnik","isPartOf":{"@id":"https:\/\/feucht-obsttechnik.de\/hu\/#website"},"datePublished":"2021-04-06T13:43:42+00:00","dateModified":"2021-04-06T13:43:47+00:00","description":"A gy\u00fcm\u00f6lcs fasorok k\u00f6z\u00fcli eltakar\u00edt\u00e1s\u00e1hoz gy\u00fcm\u00f6lcsf\u00fajtat\u00f3t vagy el\u00fcls\u0151 gy\u00fcm\u00f6lcssepr\u0151t lehet haszn\u00e1lni a traktoron. Tov\u00e1bbi inform\u00e1ci\u00f3k a funkci\u00f3r\u00f3l \u00e9s a haszn\u00e1latr\u00f3l!","breadcrumb":{"@id":"https:\/\/feucht-obsttechnik.de\/hu\/gyuemoelcsbetakaritasi-technologia\/gyuemoelcssepro-gyuemoelcsfujtato\/#breadcrumb"},"inLanguage":"hu","potentialAction":[{"@type":"ReadAction","target":["https:\/\/feucht-obsttechnik.de\/hu\/gyuemoelcsbetakaritasi-technologia\/gyuemoelcssepro-gyuemoelcsfujtato\/"]}]},{"@type":"BreadcrumbList","@id":"https:\/\/feucht-obsttechnik.de\/hu\/gyuemoelcsbetakaritasi-technologia\/gyuemoelcssepro-gyuemoelcsfujtato\/#breadcrumb","itemListElement":[{"@type":"ListItem","position":1,"name":"Startseite","item":"https:\/\/feucht-obsttechnik.de\/hu\/"},{"@type":"ListItem","position":2,"name":"Gy\u00fcm\u00f6lcsbetakar\u00edt\u00e1si technol\u00f3gia","item":"https:\/\/feucht-obsttechnik.de\/hu\/gyuemoelcsbetakaritasi-technologia\/"},{"@type":"ListItem","position":3,"name":"Gy\u00fcm\u00f6lcssepr\u0151 \/ Gy\u00fcm\u00f6lcsf\u00fajtat\u00f3"}]},{"@type":"WebSite","@id":"https:\/\/feucht-obsttechnik.de\/hu\/#website","url":"https:\/\/feucht-obsttechnik.de\/hu\/","name":"Feucht Obsttechnik","description":"","publisher":{"@id":"https:\/\/feucht-obsttechnik.de\/hu\/#organization"},"potentialAction":[{"@type":"SearchAction","target":{"@type":"EntryPoint","urlTemplate":"https:\/\/feucht-obsttechnik.de\/hu\/?s={search_term_string}"},"query-input":{"@type":"PropertyValueSpecification","valueRequired":true,"valueName":"search_term_string"}}],"inLanguage":"hu"},{"@type":"Organization","@id":"https:\/\/feucht-obsttechnik.de\/hu\/#organization","name":"Feucht Obsttechnik GmbH","url":"https:\/\/feucht-obsttechnik.de\/hu\/","logo":{"@type":"ImageObject","inLanguage":"hu","@id":"https:\/\/feucht-obsttechnik.de\/hu\/#\/schema\/logo\/image\/","url":"https:\/\/feucht-obsttechnik.de\/wp-content\/uploads\/logo-feucht@2x-1.png","contentUrl":"https:\/\/feucht-obsttechnik.de\/wp-content\/uploads\/logo-feucht@2x-1.png","width":640,"height":123,"caption":"Feucht Obsttechnik GmbH"},"image":{"@id":"https:\/\/feucht-obsttechnik.de\/hu\/#\/schema\/logo\/image\/"}}]}},"_links":{"self":[{"href":"https:\/\/feucht-obsttechnik.de\/hu\/wp-json\/wp\/v2\/pages\/10655","targetHints":{"allow":["GET"]}}],"collection":[{"href":"https:\/\/feucht-obsttechnik.de\/hu\/wp-json\/wp\/v2\/pages"}],"about":[{"href":"https:\/\/feucht-obsttechnik.de\/hu\/wp-json\/wp\/v2\/types\/page"}],"author":[{"embeddable":true,"href":"https:\/\/feucht-obsttechnik.de\/hu\/wp-json\/wp\/v2\/users\/4"}],"replies":[{"embeddable":true,"href":"https:\/\/feucht-obsttechnik.de\/hu\/wp-json\/wp\/v2\/comments?post=10655"}],"version-history":[{"count":0,"href":"https:\/\/feucht-obsttechnik.de\/hu\/wp-json\/wp\/v2\/pages\/10655\/revisions"}],"up":[{"embeddable":true,"href":"https:\/\/feucht-obsttechnik.de\/hu\/wp-json\/wp\/v2\/pages\/10253"}],"wp:attachment":[{"href":"https:\/\/feucht-obsttechnik.de\/hu\/wp-json\/wp\/v2\/media?parent=10655"}],"curies":[{"name":"wp","href":"https:\/\/api.w.org\/{rel}","templated":true}]}}