{"id":10542,"date":"2021-04-06T14:42:16","date_gmt":"2021-04-06T12:42:16","guid":{"rendered":"http:\/\/neu2020.feucht-obsttechnik.de\/gyuemoelcsbetakaritasi-technologia\/gyuemoelcsrazok\/hidraulikus-farazo\/"},"modified":"2021-04-06T14:42:23","modified_gmt":"2021-04-06T12:42:23","slug":"hidraulikus-farazo","status":"publish","type":"page","link":"https:\/\/feucht-obsttechnik.de\/hu\/gyuemoelcsbetakaritasi-technologia\/gyuemoelcsrazok\/hidraulikus-farazo\/","title":{"rendered":"Hidraulikus far\u00e1z\u00f3"},"content":{"rendered":"<p><div class=\"fusion-bg-parallax\" data-bg-align=\"left center\" data-direction=\"up\" data-mute=\"false\" data-opacity=\"100\" data-velocity=\"-0.3\" data-mobile-enabled=\"false\" data-break_parents=\"0\" data-bg-image=\"https:\/\/feucht-obsttechnik.de\/wp-content\/uploads\/bg-header-obsterntetechnik.jpg\" data-bg-repeat=\"false\" ><\/div><div class=\"fusion-fullwidth fullwidth-box fusion-builder-row-1 fusion-parallax-up nonhundred-percent-fullwidth non-hundred-percent-height-scrolling\" style=\"--awb-background-position:left center;--awb-border-sizes-top:0px;--awb-border-sizes-bottom:0px;--awb-border-sizes-left:0px;--awb-border-sizes-right:0px;--awb-border-radius-top-left:0px;--awb-border-radius-top-right:0px;--awb-border-radius-bottom-right:0px;--awb-border-radius-bottom-left:0px;--awb-padding-top:130px;--awb-padding-bottom:120px;--awb-background-image:url(&quot;https:\/\/feucht-obsttechnik.de\/wp-content\/uploads\/bg-header-obsterntetechnik.jpg&quot;);--awb-background-size:cover;--awb-flex-wrap:wrap;\" ><div class=\"fusion-builder-row fusion-row\"><div class=\"fusion-layout-column fusion_builder_column fusion-builder-column-0 fusion_builder_column_1_2 1_2 fusion-one-half fusion-column-first\" style=\"--awb-bg-size:cover;width:48%; margin-right: 4%;\"><div class=\"fusion-column-wrapper fusion-flex-column-wrapper-legacy\"><div class=\"fusion-text fusion-text-1\"><h1><span style=\"color: #ffffff\">Hidraulikus far\u00e1z\u00f3<\/span><\/h1>\n<p><span style=\"color: #ffffff\">Ezekkel a g\u00e9pekkel \u00e9szrevehet\u0151en megn\u00f6velt r\u00e1z\u00e1si teljes\u00edtm\u00e9nyt \u00e9r el, ez pedig a betakar\u00edt\u00e1si k\u00f6lts\u00e9gek jelent\u0151s cs\u00f6kken\u00e9s\u00e9t jelenti.<\/span><\/p>\n<\/div><div class=\"fusion-clearfix\"><\/div><\/div><\/div><div class=\"fusion-layout-column fusion_builder_column fusion-builder-column-1 fusion_builder_column_1_2 1_2 fusion-one-half fusion-column-last\" style=\"--awb-bg-size:cover;width:48%;\"><div class=\"fusion-column-wrapper fusion-flex-column-wrapper-legacy\"><div class=\"fusion-clearfix\"><\/div><\/div><\/div><\/div><\/div><div class=\"fusion-fullwidth fullwidth-box fusion-builder-row-2 nonhundred-percent-fullwidth non-hundred-percent-height-scrolling\" style=\"--awb-background-position:left top;--awb-border-sizes-top:0px;--awb-border-sizes-bottom:0px;--awb-border-sizes-left:0px;--awb-border-sizes-right:0px;--awb-border-radius-top-left:0px;--awb-border-radius-top-right:0px;--awb-border-radius-bottom-right:0px;--awb-border-radius-bottom-left:0px;--awb-padding-top:130px;--awb-padding-bottom:30px;--awb-flex-wrap:wrap;\" ><div class=\"fusion-builder-row fusion-row\"><div class=\"fusion-layout-column fusion_builder_column fusion-builder-column-2 fusion_builder_column_1_1 1_1 fusion-one-full fusion-column-first fusion-column-last\" style=\"--awb-bg-size:cover;\"><div class=\"fusion-column-wrapper fusion-column-has-shadow fusion-flex-column-wrapper-legacy\"><div class=\"fusion-text fusion-text-2\"><h2>A hidraulikus far\u00e1z\u00f3kkal \u00f3r\u00e1nk\u00e9nt ak\u00e1r 220 f\u00e1t megr\u00e1zhat.<\/h2>\n<\/div><div class=\"fusion-text fusion-text-3\"><h3><span class=\"\">Hidraulikus far\u00e1z\u00f3ink sokoldal\u00faak, er\u0151teljesek \u00e9s k\u00fcl\u00f6n\u00f6sen r\u00fcgybar\u00e1t megfog\u00f3jukkal t\u0171nnek ki.<\/span><\/h3>\n<\/div><div class=\"fusion-clearfix\"><\/div><\/div><\/div><div class=\"fusion-layout-column fusion_builder_column fusion-builder-column-3 fusion_builder_column_1_2 1_2 fusion-one-half fusion-column-first\" style=\"--awb-bg-size:cover;width:48%; margin-right: 4%;\"><div class=\"fusion-column-wrapper fusion-flex-column-wrapper-legacy\"><div class=\"fusion-text fusion-text-4\"><p><strong>A far\u00e1z\u00f3val dolgozni<\/strong> rendk\u00edv\u00fcl egyszer\u0171. A traktor h\u00e1rom pontos csatlakoz\u00e1s\u00e1ra r\u00f6gz\u00edtett megfog\u00f3 k\u00f6r\u00fclfogja a megr\u00e1zand\u00f3 fa t\u00f6rzs\u00e9t. A megfog\u00f3ra r\u00f6gz\u00edtett gumipof\u00e1k nyom\u00e1sa fokozatmentesen \u00e1ll\u00edthat\u00f3. Egy hidraulikusan hajtott kiegyenl\u00edtetlen t\u00f6meg r\u00e1zza meg az eg\u00e9sz f\u00e1t. \u00cdgy k\u00fcl\u00f6n\u00f6sen hat\u00e9konyan \u00e9s gyorsan betakar\u00edthat\u00f3 a cseresznye, szilva, mirabella, alma, k\u00f6rte, ol\u00edva, illetve a di\u00f3f\u00e9l\u00e9k.    <\/p>\n<p>A r\u00e1z\u00f3khoz ak\u00e1r 60 cm \u00e1tm\u00e9r\u0151j\u0171 t\u00f6rzsekhez val\u00f3 megfog\u00f3k kaphat\u00f3k.<\/p>\n<\/div><div class=\"fusion-clearfix\"><\/div><\/div><\/div><div class=\"fusion-layout-column fusion_builder_column fusion-builder-column-4 fusion_builder_column_1_2 1_2 fusion-one-half fusion-column-last\" style=\"--awb-bg-size:cover;width:48%;\"><div class=\"fusion-column-wrapper fusion-flex-column-wrapper-legacy\"><div class=\"fusion-image-element in-legacy-container\" style=\"--awb-caption-title-font-family:var(--h2_typography-font-family);--awb-caption-title-font-weight:var(--h2_typography-font-weight);--awb-caption-title-font-style:var(--h2_typography-font-style);--awb-caption-title-size:var(--h2_typography-font-size);--awb-caption-title-transform:var(--h2_typography-text-transform);--awb-caption-title-line-height:var(--h2_typography-line-height);--awb-caption-title-letter-spacing:var(--h2_typography-letter-spacing);\"><span class=\" fusion-imageframe imageframe-none imageframe-1 hover-type-zoomin fusion-animated\" data-animationType=\"fadeInDown\" data-animationDuration=\"1.0\" data-animationOffset=\"bottom-in-view\"><a href=\"https:\/\/feucht-obsttechnik.de\/wp-content\/uploads\/obstsch\u00fcttler-hydraulischer-stammschuettler-fsi-1-1.jpg\" class=\"fusion-lightbox\" data-rel=\"iLightbox[obstsch\u00fcttler-hydraulischer-stammschuettler-fsi]\" data-title=\"FSI hidraulikus far\u00e1z\u00f3 a Feucht Obsttechnik v\u00e1llalatt\u00f3l\" title=\"FSI hidraulikus far\u00e1z\u00f3 a Feucht Obsttechnik v\u00e1llalatt\u00f3l\"><img decoding=\"async\" width=\"1600\" height=\"1200\" src=\"https:\/\/feucht-obsttechnik.de\/wp-content\/uploads\/obstsch\u00fcttler-hydraulischer-stammschuettler-fsi-1-1.jpg\" alt class=\"img-responsive wp-image-10543\" srcset=\"https:\/\/feucht-obsttechnik.de\/wp-content\/uploads\/obstsch\u00fcttler-hydraulischer-stammschuettler-fsi-1-1-200x150.jpg 200w, https:\/\/feucht-obsttechnik.de\/wp-content\/uploads\/obstsch\u00fcttler-hydraulischer-stammschuettler-fsi-1-1-400x300.jpg 400w, https:\/\/feucht-obsttechnik.de\/wp-content\/uploads\/obstsch\u00fcttler-hydraulischer-stammschuettler-fsi-1-1-600x450.jpg 600w, https:\/\/feucht-obsttechnik.de\/wp-content\/uploads\/obstsch\u00fcttler-hydraulischer-stammschuettler-fsi-1-1-800x600.jpg 800w, https:\/\/feucht-obsttechnik.de\/wp-content\/uploads\/obstsch\u00fcttler-hydraulischer-stammschuettler-fsi-1-1-1200x900.jpg 1200w, https:\/\/feucht-obsttechnik.de\/wp-content\/uploads\/obstsch\u00fcttler-hydraulischer-stammschuettler-fsi-1-1.jpg 1600w\" sizes=\"(max-width: 835px) 100vw, 600px\" \/><\/a><\/span><\/div><div class=\"fusion-clearfix\"><\/div><\/div><\/div><\/div><\/div><div class=\"fusion-fullwidth fullwidth-box fusion-builder-row-3 nonhundred-percent-fullwidth non-hundred-percent-height-scrolling\" style=\"--awb-background-position:left top;--awb-border-sizes-top:0px;--awb-border-sizes-bottom:0px;--awb-border-sizes-left:0px;--awb-border-sizes-right:0px;--awb-border-radius-top-left:0px;--awb-border-radius-top-right:0px;--awb-border-radius-bottom-right:0px;--awb-border-radius-bottom-left:0px;--awb-padding-top:1px;--awb-padding-bottom:0px;--awb-background-color:#cc0000;--awb-flex-wrap:wrap;\" ><div class=\"fusion-builder-row fusion-row\"><div class=\"fusion-layout-column fusion_builder_column fusion-builder-column-5 fusion_builder_column_1_1 1_1 fusion-one-full fusion-column-first fusion-column-last\" style=\"--awb-padding-top:50px;--awb-padding-bottom:50px;--awb-padding-left:0px;--awb-bg-size:cover;--awb-margin-bottom:0px;\"><div class=\"fusion-column-wrapper fusion-column-has-shadow fusion-flex-column-wrapper-legacy\"><div class=\"fusion-column-content-centered\"><div class=\"fusion-column-content\"><div class=\"fusion-text fusion-text-5\"><h2 style=\"text-align: center;margin-bottom: 0px\"><span style=\"color: #ffffff\">Hidraulikus far\u00e1z\u00f3 a Feucht Obsttechnik v\u00e1llalatt\u00f3l<\/span><\/h2>\n<\/div><\/div><\/div><div class=\"fusion-clearfix\"><\/div><\/div><\/div><\/div><\/div><div class=\"fusion-fullwidth fullwidth-box fusion-builder-row-4 nonhundred-percent-fullwidth non-hundred-percent-height-scrolling\" style=\"--awb-border-radius-top-left:0px;--awb-border-radius-top-right:0px;--awb-border-radius-bottom-right:0px;--awb-border-radius-bottom-left:0px;--awb-flex-wrap:wrap;\" ><div class=\"fusion-builder-row fusion-row\"><div class=\"fusion-layout-column fusion_builder_column fusion-builder-column-6 fusion_builder_column_1_1 1_1 fusion-one-full fusion-column-first fusion-column-last\" style=\"--awb-padding-top:0px;--awb-padding-right:0px;--awb-padding-bottom:0px;--awb-padding-left:0px;--awb-bg-size:cover;--awb-margin-bottom:0px;\"><div class=\"fusion-column-wrapper fusion-column-has-shadow fusion-flex-column-wrapper-legacy\"><div class=\"fusion-menu-anchor\" id=\"stammschuettler-hydraulisch-fsi\"><\/div><div class=\"fusion-clearfix\"><\/div><\/div><\/div><\/div><\/div><div class=\"fusion-fullwidth fullwidth-box fusion-builder-row-5 fusion-parallax-none nonhundred-percent-fullwidth non-hundred-percent-height-scrolling\" style=\"--awb-border-radius-top-left:0px;--awb-border-radius-top-right:0px;--awb-border-radius-bottom-right:0px;--awb-border-radius-bottom-left:0px;--awb-padding-top:200px;--awb-margin-top:-1px;--awb-background-image:url(&quot;https:\/\/feucht-obsttechnik.de\/wp-content\/uploads\/obstsch\u00fcttler-divider-hydraulischer-stammschuettler-fsi.jpg&quot;);--awb-background-size:cover;--awb-flex-wrap:wrap;\" ><div class=\"fusion-builder-row fusion-row\"><div class=\"fusion-layout-column fusion_builder_column fusion-builder-column-7 fusion_builder_column_1_6 1_6 fusion-one-sixth fusion-column-first\" style=\"--awb-bg-size:cover;width:16.666666666667%;width:calc(16.666666666667% - ( ( 4% + 4% ) * 0.16666666666667 ) );margin-right: 4%;\"><div class=\"fusion-column-wrapper fusion-flex-column-wrapper-legacy\"><div class=\"fusion-clearfix\"><\/div><\/div><\/div><div class=\"fusion-layout-column fusion_builder_column fusion-builder-column-8 fusion_builder_column_2_3 2_3 fusion-two-third\" style=\"--awb-padding-top:50px;--awb-padding-right:50px;--awb-padding-bottom:50px;--awb-padding-left:50px;--awb-bg-color:rgba(255,255,255,0.9);--awb-bg-color-hover:rgba(255,255,255,0.9);--awb-bg-size:cover;--awb-margin-bottom:-100px;width:66.666666666667%;width:calc(66.666666666667% - ( ( 4% + 4% ) * 0.66666666666667 ) );margin-right: 4%;\"><div class=\"fusion-column-wrapper fusion-column-has-shadow fusion-flex-column-wrapper-legacy\"><div class=\"fusion-text fusion-text-6\"><h2 style=\"text-align: center\">FSI \u2013 \u00dcltetv\u00e9nyre val\u00f3 r\u00e1z\u00f3<\/h2>\n<p style=\"text-align: center\"><strong>Alacsony t\u00f6rzs\u0171 gy\u00fcm\u00f6lcs\u00f6s\u00f6kbe \u00e9s kisebb, legfeljebb 30 cm t\u00f6rzs\u00e1tm\u00e9r\u0151j\u0171 f\u00e1khoz.<\/strong><\/p>\n<p style=\"text-align: center\">Az \u00fcltetv\u00e9nyekre val\u00f3 FSI r\u00e1z\u00f3 p\u00e9ld\u00e1ul kisebb f\u00e1k, p\u00e9ld\u00e1ul cseresznye, szilva, mirabella, alma vagy di\u00f3f\u00e9l\u00e9k, illetve alacsony t\u00f6rzs\u0171 gy\u00fcm\u00f6lcs\u00f6s\u00f6k betakar\u00edt\u00e1s\u00e1ra alkalmas. A far\u00e1z\u00f3 befog\u00f3 persellyel m\u0171k\u00f6dik. <\/p>\n<p style=\"text-align: center\">A hidraulikus r\u00f6gz\u00edt\u0151ket a r\u00e1z\u00f3fejre r\u00f6gz\u00edtve sokkal k\u00f6nnyebb\u00e9 v\u00e1lik a r\u00e1z\u00f3 f\u00e1ra r\u00f6gz\u00edt\u00e9se. Ez nagyfok\u00fa energia- \u00e9s id\u0151megtakar\u00edt\u00e1st eredm\u00e9nyez, k\u00fcl\u00f6n\u00f6sen a f\u0151 \u00e1gak r\u00e1z\u00e1sakor. A 2 x 100 cm l\u00f6ket\u0171 teleszk\u00f3pos ny\u00e9l viszi a far\u00e1z\u00f3 r\u00e1z\u00f3fej\u00e9t a megr\u00e1zand\u00f3 f\u00e1hoz. Ez kell\u0151 t\u00e1vols\u00e1got biztos\u00edt a traktort\u00f3l.   <\/p>\n<\/div><div class=\"fusion-clearfix\"><\/div><\/div><\/div><div class=\"fusion-layout-column fusion_builder_column fusion-builder-column-9 fusion_builder_column_1_6 1_6 fusion-one-sixth fusion-column-last\" style=\"--awb-bg-size:cover;width:16.666666666667%;width:calc(16.666666666667% - ( ( 4% + 4% ) * 0.16666666666667 ) );\"><div class=\"fusion-column-wrapper fusion-flex-column-wrapper-legacy\"><div class=\"fusion-clearfix\"><\/div><\/div><\/div><\/div><\/div><div class=\"fusion-fullwidth fullwidth-box fusion-builder-row-6 nonhundred-percent-fullwidth non-hundred-percent-height-scrolling fusion-equal-height-columns\" style=\"--awb-border-radius-top-left:0px;--awb-border-radius-top-right:0px;--awb-border-radius-bottom-right:0px;--awb-border-radius-bottom-left:0px;--awb-padding-top:200px;--awb-background-color:#f2f2f2;--awb-flex-wrap:wrap;\" ><div class=\"fusion-builder-row fusion-row\"><div class=\"fusion-layout-column fusion_builder_column fusion-builder-column-10 fusion_builder_column_1_1 1_1 fusion-one-full fusion-column-first fusion-column-last\" style=\"--awb-bg-size:cover;\"><div class=\"fusion-column-wrapper fusion-flex-column-wrapper-legacy\"><div class=\"fusion-title title fusion-title-1 fusion-sep-none fusion-title-text fusion-title-size-one\" style=\"--awb-margin-top-small:0px;--awb-margin-right-small:0px;--awb-margin-bottom-small:20px;--awb-margin-left-small:0px;\"><h1 class=\"fusion-title-heading title-heading-left fusion-responsive-typography-calculated\" style=\"margin:0;--fontSize:38;line-height:1.33;\">Az FSI \u2013 \u00dcltetv\u00e9nyre val\u00f3 r\u00e1z\u00f3 r\u00e9szletei<\/h1><\/div><div class=\"fusion-clearfix\"><\/div><\/div><\/div><\/div><\/div><div class=\"fusion-fullwidth fullwidth-box fusion-builder-row-7 nonhundred-percent-fullwidth non-hundred-percent-height-scrolling fusion-equal-height-columns\" style=\"--awb-border-radius-top-left:0px;--awb-border-radius-top-right:0px;--awb-border-radius-bottom-right:0px;--awb-border-radius-bottom-left:0px;--awb-padding-bottom:100px;--awb-background-color:#f2f2f2;--awb-flex-wrap:wrap;\" ><div class=\"fusion-builder-row fusion-row\"><div class=\"fusion-layout-column fusion_builder_column fusion-builder-column-11 fusion_builder_column_1_4 1_4 fusion-one-fourth fusion-column-first\" style=\"--awb-bg-color:#ffffff;--awb-bg-color-hover:#ffffff;--awb-bg-size:cover;--awb-margin-bottom:40px;width:22%; margin-right: 4%;\"><div class=\"fusion-column-wrapper fusion-flex-column-wrapper-legacy\"><div class=\"fusion-image-element fusion-image-align-center in-legacy-container\" style=\"text-align:center;--awb-caption-title-font-family:var(--h2_typography-font-family);--awb-caption-title-font-weight:var(--h2_typography-font-weight);--awb-caption-title-font-style:var(--h2_typography-font-style);--awb-caption-title-size:var(--h2_typography-font-size);--awb-caption-title-transform:var(--h2_typography-text-transform);--awb-caption-title-line-height:var(--h2_typography-line-height);--awb-caption-title-letter-spacing:var(--h2_typography-letter-spacing);\"><div class=\"imageframe-align-center\"><span class=\" fusion-imageframe imageframe-none imageframe-2 hover-type-zoomin\"><a href=\"https:\/\/feucht-obsttechnik.de\/wp-content\/uploads\/obstsch\u00fcttler-hydraulischer-stammschuettler-fsi-2.jpg\" class=\"fusion-lightbox\" data-rel=\"iLightbox[obstsch\u00fcttler-hydraulischer-stammschuettler-fsi]\" data-title=\"FSI hidraulikus far\u00e1z\u00f3 a Feucht Obsttechnik v\u00e1llalatt\u00f3l\" title=\"FSI hidraulikus far\u00e1z\u00f3 a Feucht Obsttechnik v\u00e1llalatt\u00f3l\"><img decoding=\"async\" width=\"1600\" height=\"1200\" src=\"https:\/\/feucht-obsttechnik.de\/wp-content\/uploads\/obstsch\u00fcttler-hydraulischer-stammschuettler-fsi-2.jpg\" alt class=\"img-responsive wp-image-10544\" srcset=\"https:\/\/feucht-obsttechnik.de\/wp-content\/uploads\/obstsch\u00fcttler-hydraulischer-stammschuettler-fsi-2-200x150.jpg 200w, https:\/\/feucht-obsttechnik.de\/wp-content\/uploads\/obstsch\u00fcttler-hydraulischer-stammschuettler-fsi-2-400x300.jpg 400w, https:\/\/feucht-obsttechnik.de\/wp-content\/uploads\/obstsch\u00fcttler-hydraulischer-stammschuettler-fsi-2-600x450.jpg 600w, https:\/\/feucht-obsttechnik.de\/wp-content\/uploads\/obstsch\u00fcttler-hydraulischer-stammschuettler-fsi-2-800x600.jpg 800w, https:\/\/feucht-obsttechnik.de\/wp-content\/uploads\/obstsch\u00fcttler-hydraulischer-stammschuettler-fsi-2-1200x900.jpg 1200w, https:\/\/feucht-obsttechnik.de\/wp-content\/uploads\/obstsch\u00fcttler-hydraulischer-stammschuettler-fsi-2.jpg 1600w\" sizes=\"(max-width: 835px) 100vw, 400px\" \/><\/a><\/span><\/div><\/div><div class=\"fusion-clearfix\"><\/div><\/div><\/div><div class=\"fusion-layout-column fusion_builder_column fusion-builder-column-12 fusion_builder_column_1_4 1_4 fusion-one-fourth\" style=\"--awb-bg-color:#ffffff;--awb-bg-color-hover:#ffffff;--awb-bg-size:cover;width:22%; margin-right: 4%;\"><div class=\"fusion-column-wrapper fusion-flex-column-wrapper-legacy\"><div class=\"fusion-image-element fusion-image-align-center in-legacy-container\" style=\"text-align:center;--awb-caption-title-font-family:var(--h2_typography-font-family);--awb-caption-title-font-weight:var(--h2_typography-font-weight);--awb-caption-title-font-style:var(--h2_typography-font-style);--awb-caption-title-size:var(--h2_typography-font-size);--awb-caption-title-transform:var(--h2_typography-text-transform);--awb-caption-title-line-height:var(--h2_typography-line-height);--awb-caption-title-letter-spacing:var(--h2_typography-letter-spacing);\"><div class=\"imageframe-align-center\"><span class=\" fusion-imageframe imageframe-none imageframe-3 hover-type-zoomin\"><a href=\"https:\/\/feucht-obsttechnik.de\/wp-content\/uploads\/obstsch\u00fcttler-hydraulischer-stammschuettler-fsi-3.jpg\" class=\"fusion-lightbox\" data-rel=\"iLightbox[obstsch\u00fcttler-hydraulischer-stammschuettler-fsi]\" data-title=\"FSI hidraulikus far\u00e1z\u00f3 a Feucht Obsttechnik v\u00e1llalatt\u00f3l\" title=\"FSI hidraulikus far\u00e1z\u00f3 a Feucht Obsttechnik v\u00e1llalatt\u00f3l\"><img decoding=\"async\" width=\"1600\" height=\"1200\" src=\"https:\/\/feucht-obsttechnik.de\/wp-content\/uploads\/obstsch\u00fcttler-hydraulischer-stammschuettler-fsi-3.jpg\" alt class=\"img-responsive wp-image-10545\" srcset=\"https:\/\/feucht-obsttechnik.de\/wp-content\/uploads\/obstsch\u00fcttler-hydraulischer-stammschuettler-fsi-3-200x150.jpg 200w, https:\/\/feucht-obsttechnik.de\/wp-content\/uploads\/obstsch\u00fcttler-hydraulischer-stammschuettler-fsi-3-400x300.jpg 400w, https:\/\/feucht-obsttechnik.de\/wp-content\/uploads\/obstsch\u00fcttler-hydraulischer-stammschuettler-fsi-3-600x450.jpg 600w, https:\/\/feucht-obsttechnik.de\/wp-content\/uploads\/obstsch\u00fcttler-hydraulischer-stammschuettler-fsi-3-800x600.jpg 800w, https:\/\/feucht-obsttechnik.de\/wp-content\/uploads\/obstsch\u00fcttler-hydraulischer-stammschuettler-fsi-3-1200x900.jpg 1200w, https:\/\/feucht-obsttechnik.de\/wp-content\/uploads\/obstsch\u00fcttler-hydraulischer-stammschuettler-fsi-3.jpg 1600w\" sizes=\"(max-width: 835px) 100vw, 400px\" \/><\/a><\/span><\/div><\/div><div class=\"fusion-clearfix\"><\/div><\/div><\/div><div class=\"fusion-layout-column fusion_builder_column fusion-builder-column-13 fusion_builder_column_1_4 1_4 fusion-one-fourth\" style=\"--awb-bg-color:#ffffff;--awb-bg-color-hover:#ffffff;--awb-bg-size:cover;width:22%; margin-right: 4%;\"><div class=\"fusion-column-wrapper fusion-flex-column-wrapper-legacy\"><div class=\"fusion-image-element fusion-image-align-center in-legacy-container\" style=\"text-align:center;--awb-caption-title-font-family:var(--h2_typography-font-family);--awb-caption-title-font-weight:var(--h2_typography-font-weight);--awb-caption-title-font-style:var(--h2_typography-font-style);--awb-caption-title-size:var(--h2_typography-font-size);--awb-caption-title-transform:var(--h2_typography-text-transform);--awb-caption-title-line-height:var(--h2_typography-line-height);--awb-caption-title-letter-spacing:var(--h2_typography-letter-spacing);\"><div class=\"imageframe-align-center\"><span class=\" fusion-imageframe imageframe-none imageframe-4 hover-type-zoomin\"><a href=\"https:\/\/feucht-obsttechnik.de\/wp-content\/uploads\/obstsch\u00fcttler-hydraulischer-stammschuettler-fsi-4.jpg\" class=\"fusion-lightbox\" data-rel=\"iLightbox[obstsch\u00fcttler-hydraulischer-stammschuettler-fsi]\" data-title=\"FSI hidraulikus far\u00e1z\u00f3 a Feucht Obsttechnik v\u00e1llalatt\u00f3l\" title=\"FSI hidraulikus far\u00e1z\u00f3 a Feucht Obsttechnik v\u00e1llalatt\u00f3l\"><img decoding=\"async\" width=\"1600\" height=\"1200\" src=\"https:\/\/feucht-obsttechnik.de\/wp-content\/uploads\/obstsch\u00fcttler-hydraulischer-stammschuettler-fsi-4.jpg\" alt class=\"img-responsive wp-image-10547\" srcset=\"https:\/\/feucht-obsttechnik.de\/wp-content\/uploads\/obstsch\u00fcttler-hydraulischer-stammschuettler-fsi-4-200x150.jpg 200w, https:\/\/feucht-obsttechnik.de\/wp-content\/uploads\/obstsch\u00fcttler-hydraulischer-stammschuettler-fsi-4-400x300.jpg 400w, https:\/\/feucht-obsttechnik.de\/wp-content\/uploads\/obstsch\u00fcttler-hydraulischer-stammschuettler-fsi-4-600x450.jpg 600w, https:\/\/feucht-obsttechnik.de\/wp-content\/uploads\/obstsch\u00fcttler-hydraulischer-stammschuettler-fsi-4-800x600.jpg 800w, https:\/\/feucht-obsttechnik.de\/wp-content\/uploads\/obstsch\u00fcttler-hydraulischer-stammschuettler-fsi-4-1200x900.jpg 1200w, https:\/\/feucht-obsttechnik.de\/wp-content\/uploads\/obstsch\u00fcttler-hydraulischer-stammschuettler-fsi-4.jpg 1600w\" sizes=\"(max-width: 835px) 100vw, 400px\" \/><\/a><\/span><\/div><\/div><div class=\"fusion-clearfix\"><\/div><\/div><\/div><div class=\"fusion-layout-column fusion_builder_column fusion-builder-column-14 fusion_builder_column_1_4 1_4 fusion-one-fourth fusion-column-last\" style=\"--awb-bg-color:#ffffff;--awb-bg-color-hover:#ffffff;--awb-bg-size:cover;width:22%;\"><div class=\"fusion-column-wrapper fusion-flex-column-wrapper-legacy\"><div class=\"fusion-image-element fusion-image-align-center in-legacy-container\" style=\"text-align:center;--awb-caption-title-font-family:var(--h2_typography-font-family);--awb-caption-title-font-weight:var(--h2_typography-font-weight);--awb-caption-title-font-style:var(--h2_typography-font-style);--awb-caption-title-size:var(--h2_typography-font-size);--awb-caption-title-transform:var(--h2_typography-text-transform);--awb-caption-title-line-height:var(--h2_typography-line-height);--awb-caption-title-letter-spacing:var(--h2_typography-letter-spacing);\"><div class=\"imageframe-align-center\"><span class=\" fusion-imageframe imageframe-none imageframe-5 hover-type-zoomin\"><a href=\"https:\/\/feucht-obsttechnik.de\/wp-content\/uploads\/obstsch\u00fcttler-hydraulischer-stammschuettler-fsi-5.jpg\" class=\"fusion-lightbox\" data-rel=\"iLightbox[obstsch\u00fcttler-hydraulischer-stammschuettler-fsi]\" data-title=\"FSI hidraulikus far\u00e1z\u00f3 a Feucht Obsttechnik v\u00e1llalatt\u00f3l\" title=\"FSI hidraulikus far\u00e1z\u00f3 a Feucht Obsttechnik v\u00e1llalatt\u00f3l\"><img decoding=\"async\" width=\"1600\" height=\"1200\" src=\"https:\/\/feucht-obsttechnik.de\/wp-content\/uploads\/obstsch\u00fcttler-hydraulischer-stammschuettler-fsi-5.jpg\" alt class=\"img-responsive wp-image-10548\" srcset=\"https:\/\/feucht-obsttechnik.de\/wp-content\/uploads\/obstsch\u00fcttler-hydraulischer-stammschuettler-fsi-5-200x150.jpg 200w, https:\/\/feucht-obsttechnik.de\/wp-content\/uploads\/obstsch\u00fcttler-hydraulischer-stammschuettler-fsi-5-400x300.jpg 400w, https:\/\/feucht-obsttechnik.de\/wp-content\/uploads\/obstsch\u00fcttler-hydraulischer-stammschuettler-fsi-5-600x450.jpg 600w, https:\/\/feucht-obsttechnik.de\/wp-content\/uploads\/obstsch\u00fcttler-hydraulischer-stammschuettler-fsi-5-800x600.jpg 800w, https:\/\/feucht-obsttechnik.de\/wp-content\/uploads\/obstsch\u00fcttler-hydraulischer-stammschuettler-fsi-5-1200x900.jpg 1200w, https:\/\/feucht-obsttechnik.de\/wp-content\/uploads\/obstsch\u00fcttler-hydraulischer-stammschuettler-fsi-5.jpg 1600w\" sizes=\"(max-width: 835px) 100vw, 400px\" \/><\/a><\/span><\/div><\/div><div class=\"fusion-clearfix\"><\/div><\/div><\/div><\/div><\/div><div class=\"fusion-fullwidth fullwidth-box fusion-builder-row-8 nonhundred-percent-fullwidth non-hundred-percent-height-scrolling fusion-equal-height-columns\" style=\"--awb-border-radius-top-left:0px;--awb-border-radius-top-right:0px;--awb-border-radius-bottom-right:0px;--awb-border-radius-bottom-left:0px;--awb-padding-bottom:100px;--awb-background-color:#f2f2f2;--awb-flex-wrap:wrap;\" ><div class=\"fusion-builder-row fusion-row\"><div class=\"fusion-layout-column fusion_builder_column fusion-builder-column-15 fusion_builder_column_1_2 1_2 fusion-one-half fusion-column-first\" style=\"--awb-bg-color:#ffffff;--awb-bg-color-hover:#ffffff;--awb-bg-size:cover;--awb-margin-bottom:40px;width:48%; margin-right: 4%;\"><div class=\"fusion-column-wrapper fusion-flex-column-wrapper-legacy\"><div class=\"fusion-text fusion-text-7\"><div style=\"padding: 25px\">\n<h2>El\u0151ny\u00f6k<\/h2>\n<ul>\n<li>teleszk\u00f3pos kar hossz\u00fa l\u00f6kettel: 2 x 100 cm<\/li>\n<li>opcion\u00e1lisan kaphat\u00f3 3 x 100 cm l\u00f6kettel rendelkez\u0151 teleszk\u00f3pos kar<\/li>\n<li>40\u00b0 forgat\u00e1si sz\u00f6g jobbra \u00e9s balra<\/li>\n<li>a r\u00e1z\u00f3 k\u00fcl\u00f6n olajell\u00e1t\u00e1ssal rendelkezik<\/li>\n<li>a traktoron nincs sz\u00fcks\u00e9g vez\u00e9rl\u0151eszk\u00f6zre; a korm\u00e1nyz\u00e1s a botkorm\u00e1nnyal t\u00f6rt\u00e9nik<\/li>\n<li>a traktor kell\u0151 hidraulikus teljes\u00edtm\u00e9ny\u00e9vel k\u00f6zvetlen\u00fcl a traktor hidraulikus rendszer\u00e9vel \u00fczemeltethet\u0151 a far\u00e1z\u00f3<\/li>\n<li>az \u00f6sszes hidraulikus funkci\u00f3 vez\u00e9rl\u00e9se elektromos t\u00e1v\u00fczemeltet\u00e9ssel<\/li>\n<li>felfel\u00e9 \u00e9s lefel\u00e9 mozg\u00e1s a hidraulikus fels\u0151 kapcsol\u00f3d\u00e1s r\u00e9v\u00e9n<\/li>\n<\/ul>\n<\/div>\n<\/div><div class=\"fusion-clearfix\"><\/div><\/div><\/div><div class=\"fusion-layout-column fusion_builder_column fusion-builder-column-16 fusion_builder_column_1_2 1_2 fusion-one-half fusion-column-last\" style=\"--awb-bg-color:#ffffff;--awb-bg-color-hover:#ffffff;--awb-bg-size:cover;width:48%;\"><div class=\"fusion-column-wrapper fusion-flex-column-wrapper-legacy\"><div class=\"fusion-text fusion-text-8\"><div style=\"padding: 25px\">\n<h2>M\u0171szaki adatok<\/h2>\n<\/div>\n<\/div>\n<div class=\"table-2\">\n<table width=\"100%\">\n<tbody>\n<tr>\n<td align=\"left\">Hossz\u00fas\u00e1g:<\/td>\n<td align=\"left\">140 cm<\/td>\n<\/tr>\n<tr>\n<td align=\"left\">Sz\u00e9less\u00e9g:<\/td>\n<td align=\"left\">90 cm<\/td>\n<\/tr>\n<tr>\n<td align=\"left\">Magass\u00e1g:<\/td>\n<td align=\"left\">110 cm<\/td>\n<\/tr>\n<tr>\n<td align=\"left\">Helysz\u00edn t\u00edpusa:<\/td>\n<td align=\"left\">Intenz\u00edv gy\u00fcm\u00f6lcstermeszt\u00e9s<\/td>\n<\/tr>\n<tr>\n<td align=\"left\">Max. r\u00f6gz\u00edt\u00e9si ter\u00fclet <\/td>\n<td align=\"left\">30 cm (50 cm az opcion\u00e1lis nagy r\u00e1z\u00f3fejjel)<\/td>\n<\/tr>\n<tr>\n<td align=\"left\">R\u00e1z\u00e1si teljes\u00edtm\u00e9ny:<\/td>\n<td align=\"left\">150\u2013200 fa\/h<\/td>\n<\/tr>\n<tr>\n<td align=\"left\">S\u00faly:<\/td>\n<td align=\"left\">490 kg<\/td>\n<\/tr>\n<tr>\n<td align=\"left\">teleszk\u00f3p:<\/td>\n<td align=\"left\">2 x 100 cm<br \/>\n(Opci\u00f3: 3 x 100 cm)<\/td>\n<\/tr>\n<tr>\n<td align=\"left\">traktor min. teljes\u00edtm\u00e9nye:<\/td>\n<td align=\"left\">40 LE<\/td>\n<\/tr>\n<tr>\n<td align=\"left\">Szivatty\u00fateljes\u00edtm\u00e9ny:<\/td>\n<td align=\"left\">kb. 40 l\/perc<\/td>\n<\/tr>\n<tr>\n<td rowspan=\"3\">Saj\u00e1toss\u00e1gok:<\/td>\n<td align=\"left\">Vez\u00e9rl\u0151pult<\/td>\n<\/tr>\n<tr>\n<td align=\"left\">Hajt\u00e1s teljes\u00edtm\u00e9nylead\u00f3 tengellyel, 540 ford\/perc<\/td>\n<\/tr>\n<tr>\n<td align=\"left\">Fed\u00e9lzeti hidraulika<\/td>\n<\/tr>\n<tr>\n<td rowspan=\"3\">Opcion\u00e1lisan:<\/td>\n<td align=\"left\">3 x 100 cm-es hossz\u00fa l\u00f6ket<\/td>\n<\/tr>\n<tr>\n<td align=\"left\">Botkorm\u00e1ny<\/td>\n<\/tr>\n<tr>\n<td align=\"left\">50 cm r\u00f6gz\u00edt\u00e9si ter\u00fclet<\/td>\n<\/tr>\n<\/tbody>\n<\/table>\n<\/div>\n<div class=\"fusion-clearfix\"><\/div><\/div><\/div><\/div><\/div><div class=\"fusion-fullwidth fullwidth-box fusion-builder-row-9 nonhundred-percent-fullwidth non-hundred-percent-height-scrolling\" style=\"--awb-border-radius-top-left:0px;--awb-border-radius-top-right:0px;--awb-border-radius-bottom-right:0px;--awb-border-radius-bottom-left:0px;--awb-flex-wrap:wrap;\" ><div class=\"fusion-builder-row fusion-row\"><div class=\"fusion-layout-column fusion_builder_column fusion-builder-column-17 fusion_builder_column_1_1 1_1 fusion-one-full fusion-column-first fusion-column-last\" style=\"--awb-padding-top:0px;--awb-padding-right:0px;--awb-padding-bottom:0px;--awb-padding-left:0px;--awb-bg-size:cover;--awb-margin-bottom:0px;\"><div class=\"fusion-column-wrapper fusion-column-has-shadow fusion-flex-column-wrapper-legacy\"><div class=\"fusion-menu-anchor\" id=\"stammschuettler-hydraulisch-vhp\"><\/div><div class=\"fusion-clearfix\"><\/div><\/div><\/div><\/div><\/div><div class=\"fusion-fullwidth fullwidth-box fusion-builder-row-10 fusion-parallax-none nonhundred-percent-fullwidth non-hundred-percent-height-scrolling\" style=\"--awb-border-radius-top-left:0px;--awb-border-radius-top-right:0px;--awb-border-radius-bottom-right:0px;--awb-border-radius-bottom-left:0px;--awb-padding-top:200px;--awb-background-image:url(&quot;https:\/\/feucht-obsttechnik.de\/wp-content\/uploads\/obstsch\u00fcttler-divider-hydraulischer-stammschuettler-vhp.jpg&quot;);--awb-background-size:cover;--awb-flex-wrap:wrap;\" ><div class=\"fusion-builder-row fusion-row\"><div class=\"fusion-layout-column fusion_builder_column fusion-builder-column-18 fusion_builder_column_1_6 1_6 fusion-one-sixth fusion-column-first\" style=\"--awb-bg-size:cover;width:16.666666666667%;width:calc(16.666666666667% - ( ( 4% + 4% ) * 0.16666666666667 ) );margin-right: 4%;\"><div class=\"fusion-column-wrapper fusion-flex-column-wrapper-legacy\"><div class=\"fusion-clearfix\"><\/div><\/div><\/div><div class=\"fusion-layout-column fusion_builder_column fusion-builder-column-19 fusion_builder_column_2_3 2_3 fusion-two-third\" style=\"--awb-padding-top:50px;--awb-padding-right:50px;--awb-padding-bottom:50px;--awb-padding-left:50px;--awb-bg-color:rgba(255,255,255,0.9);--awb-bg-color-hover:rgba(255,255,255,0.9);--awb-bg-size:cover;--awb-margin-bottom:-100px;width:66.666666666667%;width:calc(66.666666666667% - ( ( 4% + 4% ) * 0.66666666666667 ) );margin-right: 4%;\"><div class=\"fusion-column-wrapper fusion-column-has-shadow fusion-flex-column-wrapper-legacy\"><div class=\"fusion-text fusion-text-9\"><h2 style=\"text-align: center\">VHP \u2013 Far\u00e1z\u00f3<\/h2>\n<p style=\"text-align: center\"><strong>Ak\u00e1r 40 cm t\u00f6rzs\u00e1tm\u00e9r\u0151h\u00f6z <\/strong><\/p>\n<p style=\"text-align: center\">A rezg\u0151egys\u00e9geket 2 hidraulikus motor vez\u00e9rli, amivel dinamikus ind\u00edt\u00e1st lehet el\u00e9rni. A r\u00f6gz\u00edt\u0151 nyit\u00e1s\u00e1t \u00e9s z\u00e1r\u00e1s\u00e1t, valamint rezg\u00e9s\u00e9t \u00e9s ir\u00e1ny\u00e1t is botkorm\u00e1nnyal lehet vez\u00e9relni a vezet\u0151f\u00fclk\u00e9b\u0151l. A traktornak legal\u00e1bb 80 LE teljes\u00edtm\u00e9ny\u0171nek kell lennie.  <\/p>\n<\/div><div class=\"fusion-clearfix\"><\/div><\/div><\/div><div class=\"fusion-layout-column fusion_builder_column fusion-builder-column-20 fusion_builder_column_1_6 1_6 fusion-one-sixth fusion-column-last\" style=\"--awb-bg-size:cover;width:16.666666666667%;width:calc(16.666666666667% - ( ( 4% + 4% ) * 0.16666666666667 ) );\"><div class=\"fusion-column-wrapper fusion-flex-column-wrapper-legacy\"><div class=\"fusion-clearfix\"><\/div><\/div><\/div><\/div><\/div><div class=\"fusion-fullwidth fullwidth-box fusion-builder-row-11 nonhundred-percent-fullwidth non-hundred-percent-height-scrolling fusion-equal-height-columns\" style=\"--awb-border-radius-top-left:0px;--awb-border-radius-top-right:0px;--awb-border-radius-bottom-right:0px;--awb-border-radius-bottom-left:0px;--awb-padding-top:200px;--awb-background-color:#f2f2f2;--awb-flex-wrap:wrap;\" ><div class=\"fusion-builder-row fusion-row\"><div class=\"fusion-layout-column fusion_builder_column fusion-builder-column-21 fusion_builder_column_1_1 1_1 fusion-one-full fusion-column-first fusion-column-last\" style=\"--awb-bg-size:cover;\"><div class=\"fusion-column-wrapper fusion-flex-column-wrapper-legacy\"><div class=\"fusion-title title fusion-title-2 fusion-sep-none fusion-title-text fusion-title-size-one\" style=\"--awb-margin-top-small:0px;--awb-margin-right-small:0px;--awb-margin-bottom-small:20px;--awb-margin-left-small:0px;\"><h1 class=\"fusion-title-heading title-heading-left fusion-responsive-typography-calculated\" style=\"margin:0;--fontSize:38;line-height:1.33;\">A VHP \u2013 Far\u00e1z\u00f3 r\u00e9szletei<\/h1><\/div><div class=\"fusion-clearfix\"><\/div><\/div><\/div><\/div><\/div><div class=\"fusion-fullwidth fullwidth-box fusion-builder-row-12 nonhundred-percent-fullwidth non-hundred-percent-height-scrolling fusion-equal-height-columns\" style=\"--awb-border-radius-top-left:0px;--awb-border-radius-top-right:0px;--awb-border-radius-bottom-right:0px;--awb-border-radius-bottom-left:0px;--awb-padding-bottom:100px;--awb-background-color:#f2f2f2;--awb-flex-wrap:wrap;\" ><div class=\"fusion-builder-row fusion-row\"><div class=\"fusion-layout-column fusion_builder_column fusion-builder-column-22 fusion_builder_column_1_3 1_3 fusion-one-third fusion-column-first\" style=\"--awb-bg-color:#ffffff;--awb-bg-color-hover:#ffffff;--awb-bg-size:cover;--awb-margin-bottom:40px;width:30.6666%; margin-right: 4%;\"><div class=\"fusion-column-wrapper fusion-flex-column-wrapper-legacy\"><div class=\"fusion-image-element fusion-image-align-center in-legacy-container\" style=\"text-align:center;--awb-caption-title-font-family:var(--h2_typography-font-family);--awb-caption-title-font-weight:var(--h2_typography-font-weight);--awb-caption-title-font-style:var(--h2_typography-font-style);--awb-caption-title-size:var(--h2_typography-font-size);--awb-caption-title-transform:var(--h2_typography-text-transform);--awb-caption-title-line-height:var(--h2_typography-line-height);--awb-caption-title-letter-spacing:var(--h2_typography-letter-spacing);\"><div class=\"imageframe-align-center\"><span class=\" fusion-imageframe imageframe-none imageframe-6 hover-type-zoomin\"><a href=\"https:\/\/feucht-obsttechnik.de\/wp-content\/uploads\/obstsch\u00fcttler-hydraulischer-stammschuettler-vhp-1.jpg\" class=\"fusion-lightbox\" data-rel=\"iLightbox[obstsch\u00fcttler-hydraulischer-stammschuettler-vhp]\" data-title=\"VHP hidraulikus far\u00e1z\u00f3 a Feucht Obsttechnik v\u00e1llalatt\u00f3l\" title=\"VHP hidraulikus far\u00e1z\u00f3 a Feucht Obsttechnik v\u00e1llalatt\u00f3l\"><img decoding=\"async\" width=\"1600\" height=\"1200\" src=\"https:\/\/feucht-obsttechnik.de\/wp-content\/uploads\/obstsch\u00fcttler-hydraulischer-stammschuettler-vhp-1.jpg\" alt class=\"img-responsive wp-image-10551\" srcset=\"https:\/\/feucht-obsttechnik.de\/wp-content\/uploads\/obstsch\u00fcttler-hydraulischer-stammschuettler-vhp-1-200x150.jpg 200w, https:\/\/feucht-obsttechnik.de\/wp-content\/uploads\/obstsch\u00fcttler-hydraulischer-stammschuettler-vhp-1-400x300.jpg 400w, https:\/\/feucht-obsttechnik.de\/wp-content\/uploads\/obstsch\u00fcttler-hydraulischer-stammschuettler-vhp-1-600x450.jpg 600w, https:\/\/feucht-obsttechnik.de\/wp-content\/uploads\/obstsch\u00fcttler-hydraulischer-stammschuettler-vhp-1-800x600.jpg 800w, https:\/\/feucht-obsttechnik.de\/wp-content\/uploads\/obstsch\u00fcttler-hydraulischer-stammschuettler-vhp-1-1200x900.jpg 1200w, https:\/\/feucht-obsttechnik.de\/wp-content\/uploads\/obstsch\u00fcttler-hydraulischer-stammschuettler-vhp-1.jpg 1600w\" sizes=\"(max-width: 835px) 100vw, 400px\" \/><\/a><\/span><\/div><\/div><div class=\"fusion-clearfix\"><\/div><\/div><\/div><div class=\"fusion-layout-column fusion_builder_column fusion-builder-column-23 fusion_builder_column_1_3 1_3 fusion-one-third\" style=\"--awb-bg-color:#ffffff;--awb-bg-color-hover:#ffffff;--awb-bg-size:cover;width:30.6666%; margin-right: 4%;\"><div class=\"fusion-column-wrapper fusion-flex-column-wrapper-legacy\"><div class=\"fusion-image-element fusion-image-align-center in-legacy-container\" style=\"text-align:center;--awb-caption-title-font-family:var(--h2_typography-font-family);--awb-caption-title-font-weight:var(--h2_typography-font-weight);--awb-caption-title-font-style:var(--h2_typography-font-style);--awb-caption-title-size:var(--h2_typography-font-size);--awb-caption-title-transform:var(--h2_typography-text-transform);--awb-caption-title-line-height:var(--h2_typography-line-height);--awb-caption-title-letter-spacing:var(--h2_typography-letter-spacing);\"><div class=\"imageframe-align-center\"><span class=\" fusion-imageframe imageframe-none imageframe-7 hover-type-zoomin\"><a href=\"https:\/\/feucht-obsttechnik.de\/wp-content\/uploads\/obstsch\u00fcttler-hydraulischer-stammschuettler-vhp-2.jpg\" class=\"fusion-lightbox\" data-rel=\"iLightbox[obstsch\u00fcttler-hydraulischer-stammschuettler-vhp]\" data-title=\"VHP hidraulikus far\u00e1z\u00f3 a Feucht Obsttechnik v\u00e1llalatt\u00f3l\" title=\"VHP hidraulikus far\u00e1z\u00f3 a Feucht Obsttechnik v\u00e1llalatt\u00f3l\"><img decoding=\"async\" width=\"1600\" height=\"1200\" src=\"https:\/\/feucht-obsttechnik.de\/wp-content\/uploads\/obstsch\u00fcttler-hydraulischer-stammschuettler-vhp-2.jpg\" alt class=\"img-responsive wp-image-10552\" srcset=\"https:\/\/feucht-obsttechnik.de\/wp-content\/uploads\/obstsch\u00fcttler-hydraulischer-stammschuettler-vhp-2-200x150.jpg 200w, https:\/\/feucht-obsttechnik.de\/wp-content\/uploads\/obstsch\u00fcttler-hydraulischer-stammschuettler-vhp-2-400x300.jpg 400w, https:\/\/feucht-obsttechnik.de\/wp-content\/uploads\/obstsch\u00fcttler-hydraulischer-stammschuettler-vhp-2-600x450.jpg 600w, https:\/\/feucht-obsttechnik.de\/wp-content\/uploads\/obstsch\u00fcttler-hydraulischer-stammschuettler-vhp-2-800x600.jpg 800w, https:\/\/feucht-obsttechnik.de\/wp-content\/uploads\/obstsch\u00fcttler-hydraulischer-stammschuettler-vhp-2-1200x900.jpg 1200w, https:\/\/feucht-obsttechnik.de\/wp-content\/uploads\/obstsch\u00fcttler-hydraulischer-stammschuettler-vhp-2.jpg 1600w\" sizes=\"(max-width: 835px) 100vw, 400px\" \/><\/a><\/span><\/div><\/div><div class=\"fusion-clearfix\"><\/div><\/div><\/div><div class=\"fusion-layout-column fusion_builder_column fusion-builder-column-24 fusion_builder_column_1_3 1_3 fusion-one-third fusion-column-last\" style=\"--awb-bg-color:#ffffff;--awb-bg-color-hover:#ffffff;--awb-bg-size:cover;width:30.6666%;\"><div class=\"fusion-column-wrapper fusion-flex-column-wrapper-legacy\"><div class=\"fusion-image-element fusion-image-align-center in-legacy-container\" style=\"text-align:center;--awb-caption-title-font-family:var(--h2_typography-font-family);--awb-caption-title-font-weight:var(--h2_typography-font-weight);--awb-caption-title-font-style:var(--h2_typography-font-style);--awb-caption-title-size:var(--h2_typography-font-size);--awb-caption-title-transform:var(--h2_typography-text-transform);--awb-caption-title-line-height:var(--h2_typography-line-height);--awb-caption-title-letter-spacing:var(--h2_typography-letter-spacing);\"><div class=\"imageframe-align-center\"><span class=\" fusion-imageframe imageframe-none imageframe-8 hover-type-zoomin\"><a href=\"https:\/\/feucht-obsttechnik.de\/wp-content\/uploads\/obstsch\u00fcttler-hydraulischer-stammschuettler-vhp-3.jpg\" class=\"fusion-lightbox\" data-rel=\"iLightbox[obstsch\u00fcttler-hydraulischer-stammschuettler-vhp]\" data-title=\"VHP hidraulikus far\u00e1z\u00f3 a Feucht Obsttechnik v\u00e1llalatt\u00f3l\" title=\"VHP hidraulikus far\u00e1z\u00f3 a Feucht Obsttechnik v\u00e1llalatt\u00f3l\"><img decoding=\"async\" width=\"1600\" height=\"1200\" src=\"https:\/\/feucht-obsttechnik.de\/wp-content\/uploads\/obstsch\u00fcttler-hydraulischer-stammschuettler-vhp-3.jpg\" alt class=\"img-responsive wp-image-10553\" srcset=\"https:\/\/feucht-obsttechnik.de\/wp-content\/uploads\/obstsch\u00fcttler-hydraulischer-stammschuettler-vhp-3-200x150.jpg 200w, https:\/\/feucht-obsttechnik.de\/wp-content\/uploads\/obstsch\u00fcttler-hydraulischer-stammschuettler-vhp-3-400x300.jpg 400w, https:\/\/feucht-obsttechnik.de\/wp-content\/uploads\/obstsch\u00fcttler-hydraulischer-stammschuettler-vhp-3-600x450.jpg 600w, https:\/\/feucht-obsttechnik.de\/wp-content\/uploads\/obstsch\u00fcttler-hydraulischer-stammschuettler-vhp-3-800x600.jpg 800w, https:\/\/feucht-obsttechnik.de\/wp-content\/uploads\/obstsch\u00fcttler-hydraulischer-stammschuettler-vhp-3-1200x900.jpg 1200w, https:\/\/feucht-obsttechnik.de\/wp-content\/uploads\/obstsch\u00fcttler-hydraulischer-stammschuettler-vhp-3.jpg 1600w\" sizes=\"(max-width: 835px) 100vw, 400px\" \/><\/a><\/span><\/div><\/div><div class=\"fusion-clearfix\"><\/div><\/div><\/div><\/div><\/div><div class=\"fusion-fullwidth fullwidth-box fusion-builder-row-13 nonhundred-percent-fullwidth non-hundred-percent-height-scrolling fusion-equal-height-columns\" style=\"--awb-border-radius-top-left:0px;--awb-border-radius-top-right:0px;--awb-border-radius-bottom-right:0px;--awb-border-radius-bottom-left:0px;--awb-padding-bottom:100px;--awb-background-color:#f2f2f2;--awb-flex-wrap:wrap;\" ><div class=\"fusion-builder-row fusion-row\"><div class=\"fusion-layout-column fusion_builder_column fusion-builder-column-25 fusion_builder_column_1_2 1_2 fusion-one-half fusion-column-first\" style=\"--awb-bg-color:#ffffff;--awb-bg-color-hover:#ffffff;--awb-bg-size:cover;--awb-margin-bottom:40px;width:48%; margin-right: 4%;\"><div class=\"fusion-column-wrapper fusion-flex-column-wrapper-legacy\"><div class=\"fusion-text fusion-text-10\"><div style=\"padding: 25px\">\n<h2>El\u0151ny\u00f6k<\/h2>\n<ul>\n<li>a fat\u00f6rzs megszor\u00edt\u00e1sa 0,3 \u00e9s 1,3 m k\u00f6z\u00f6tt v\u00e9gezhet\u0151 el, \u00edgy k\u00fcl\u00f6nb\u00f6z\u0151 \u00e1tm\u00e9r\u0151j\u0171 f\u00e1k is megr\u00e1zhat\u00f3k<\/li>\n<li>fa- \u00e9s gy\u00f6k\u00e9rbar\u00e1t r\u00e1z\u00e1s; fiatal \u00e9s id\u0151s f\u00e1khoz is alkalmas <\/li>\n<li>\u00f3r\u00e1nk\u00e9nt ak\u00e1r 220 f\u00e1t megr\u00e1z<\/li>\n<li>minden funkci\u00f3 hidraulikus<\/li>\n<li>teljes k\u00f6r\u0171 rezg\u00e9s az egyszeres sz\u00edjhajt\u00e1snak k\u00f6sz\u00f6nhet\u0151en<\/li>\n<li>ak\u00e1r 25 cm t\u00f6rzs\u00e1tm\u00e9r\u0151h\u00f6z, kis kiigaz\u00edt\u00e1ssal pedig ak\u00e1r 40 cm-eshez<\/li>\n<li>a m\u00e9reteket k\u00e9t hidraulikus motor vez\u00e9rli, ami dinamikus ind\u00edt\u00e1st biztos\u00edt<\/li>\n<li>csillag alak\u00fa rezg\u00e9s az egyszeres sz\u00edjhajt\u00e1snak k\u00f6sz\u00f6nhet\u0151en<\/li>\n<li>a r\u00f6gz\u00edt\u0151 nyit\u00e1s\u00e1t \u00e9s z\u00e1r\u00e1s\u00e1t, valamint rezg\u00e9s\u00e9t \u00e9s ir\u00e1ny\u00e1t is botkorm\u00e1ny (elektronikus vez\u00e9rl\u0151) vez\u00e9rli, ami a vezet\u0151f\u00fclk\u00e9be van r\u00f6gz\u00edtve<\/li>\n<li>kis ker\u00fcleti rezg\u0151 mozg\u00e1s\u00e1nak k\u00f6sz\u00f6nhet\u0151en a r\u00e1z\u00f3fej finoman b\u00e1nik a f\u00e1kkal \u00e9s a gy\u00f6kerekkel<\/li>\n<li>\u00edgy fiatal f\u00e1k r\u00e1z\u00e1s\u00e1t is lehet\u0151v\u00e9 teszi<\/li>\n<\/ul>\n<\/div>\n<\/div><div class=\"fusion-clearfix\"><\/div><\/div><\/div><div class=\"fusion-layout-column fusion_builder_column fusion-builder-column-26 fusion_builder_column_1_2 1_2 fusion-one-half fusion-column-last\" style=\"--awb-bg-color:#ffffff;--awb-bg-color-hover:#ffffff;--awb-bg-size:cover;width:48%;\"><div class=\"fusion-column-wrapper fusion-flex-column-wrapper-legacy\"><div class=\"fusion-text fusion-text-11\"><div style=\"padding: 25px\">\n<h2>M\u0171szaki adatok<\/h2>\n<\/div>\n<\/div>\n<div class=\"table-2\">\n<table width=\"100%\">\n<tbody>\n<tr>\n<td align=\"left\">Hossz\u00fas\u00e1g:<\/td>\n<td align=\"left\">280 cm<\/td>\n<\/tr>\n<tr>\n<td align=\"left\">Sz\u00e9less\u00e9g:<\/td>\n<td align=\"left\">127 cm<\/td>\n<\/tr>\n<tr>\n<td align=\"left\">Magass\u00e1g:<\/td>\n<td align=\"left\">115 cm<\/td>\n<\/tr>\n<tr>\n<td align=\"left\">Helysz\u00edn t\u00edpusa:<\/td>\n<td align=\"left\">Intenz\u00edv gy\u00fcm\u00f6lcstermeszt\u00e9s<\/td>\n<\/tr>\n<tr>\n<td align=\"left\">Max. r\u00f6gz\u00edt\u00e9si ter\u00fclet <\/td>\n<td align=\"left\">5 &#8211; 25 cm<br \/>\n25\u201340 cm (kis \u00e1talak\u00edt\u00e1ssal)<\/td>\n<\/tr>\n<tr>\n<td align=\"left\">R\u00e1z\u00e1si teljes\u00edtm\u00e9ny:<\/td>\n<td align=\"left\">180\u2013220 fa\/h<\/td>\n<\/tr>\n<tr>\n<td align=\"left\">S\u00faly:<\/td>\n<td align=\"left\">812 kg (ellens\u00faly n\u00e9lk\u00fcl),<br \/>\n1190 kg (ellens\u00fallyal)<\/td>\n<\/tr>\n<tr>\n<td align=\"left\">teleszk\u00f3p:<\/td>\n<td align=\"left\">250 cm<\/td>\n<\/tr>\n<tr>\n<td align=\"left\">traktor min. teljes\u00edtm\u00e9nye:<\/td>\n<td align=\"left\">80 LE<\/td>\n<\/tr>\n<tr>\n<td align=\"left\">Hidraulikaolaj-tart\u00e1ly:<\/td>\n<td align=\"left\">140 l<\/td>\n<\/tr>\n<tr>\n<td rowspan=\"5\">Saj\u00e1toss\u00e1gok:<\/td>\n<td align=\"left\">Mechanikusan hegesztett v\u00e1zak<\/td>\n<\/tr>\n<tr>\n<td align=\"left\">A v\u00e1zt\u00f3l f\u00fcggetlen, 2 l\u00e1nccal tartott r\u00e1z\u00f3fej<\/td>\n<\/tr>\n<tr>\n<td align=\"left\">A r\u00e1z\u00f3fej k\u00e9t tart\u00f3pontja p\u00e1rhuzamosan van be\u00e9p\u00edtve, hogy 250 cm sz\u00e9less\u00e9get el\u00e9rjen<\/td>\n<\/tr>\n<tr>\n<td align=\"left\">Hidraulikus fogasker\u00e9k-szivatty\u00fa<\/td>\n<\/tr>\n<tr>\n<td align=\"left\">Minden funkci\u00f3 hidraulikusan \u00fczemeltethet\u0151 a botkorm\u00e1nnyal<\/td>\n<\/tr>\n<\/tbody>\n<\/table>\n<\/div>\n<div class=\"fusion-clearfix\"><\/div><\/div><\/div><\/div><\/div><div class=\"fusion-fullwidth fullwidth-box fusion-builder-row-14 nonhundred-percent-fullwidth non-hundred-percent-height-scrolling\" style=\"--awb-border-radius-top-left:0px;--awb-border-radius-top-right:0px;--awb-border-radius-bottom-right:0px;--awb-border-radius-bottom-left:0px;--awb-flex-wrap:wrap;\" ><div class=\"fusion-builder-row fusion-row\"><div class=\"fusion-layout-column fusion_builder_column fusion-builder-column-27 fusion_builder_column_1_1 1_1 fusion-one-full fusion-column-first fusion-column-last\" style=\"--awb-padding-top:0px;--awb-padding-right:0px;--awb-padding-bottom:0px;--awb-padding-left:0px;--awb-bg-size:cover;--awb-margin-bottom:0px;\"><div class=\"fusion-column-wrapper fusion-column-has-shadow fusion-flex-column-wrapper-legacy\"><div class=\"fusion-menu-anchor\" id=\"stammschuettler-hydraulisch-fsc\"><\/div><div class=\"fusion-clearfix\"><\/div><\/div><\/div><\/div><\/div><div class=\"fusion-fullwidth fullwidth-box fusion-builder-row-15 fusion-parallax-none nonhundred-percent-fullwidth non-hundred-percent-height-scrolling\" style=\"--awb-border-radius-top-left:0px;--awb-border-radius-top-right:0px;--awb-border-radius-bottom-right:0px;--awb-border-radius-bottom-left:0px;--awb-padding-top:200px;--awb-background-image:url(&quot;https:\/\/feucht-obsttechnik.de\/wp-content\/uploads\/obstsch\u00fcttler-divider-hydraulischer-stammschuettler-fsc.jpg&quot;);--awb-background-size:cover;--awb-flex-wrap:wrap;\" ><div class=\"fusion-builder-row fusion-row\"><div class=\"fusion-layout-column fusion_builder_column fusion-builder-column-28 fusion_builder_column_1_6 1_6 fusion-one-sixth fusion-column-first\" style=\"--awb-bg-size:cover;width:16.666666666667%;width:calc(16.666666666667% - ( ( 4% + 4% ) * 0.16666666666667 ) );margin-right: 4%;\"><div class=\"fusion-column-wrapper fusion-flex-column-wrapper-legacy\"><div class=\"fusion-clearfix\"><\/div><\/div><\/div><div class=\"fusion-layout-column fusion_builder_column fusion-builder-column-29 fusion_builder_column_2_3 2_3 fusion-two-third\" style=\"--awb-padding-top:50px;--awb-padding-right:50px;--awb-padding-bottom:50px;--awb-padding-left:50px;--awb-bg-color:rgba(255,255,255,0.9);--awb-bg-color-hover:rgba(255,255,255,0.9);--awb-bg-size:cover;--awb-margin-bottom:-100px;width:66.666666666667%;width:calc(66.666666666667% - ( ( 4% + 4% ) * 0.66666666666667 ) );margin-right: 4%;\"><div class=\"fusion-column-wrapper fusion-column-has-shadow fusion-flex-column-wrapper-legacy\"><div class=\"fusion-text fusion-text-12\"><h2 style=\"text-align: center\">FSC \u2013 Magas t\u00f6rzsh\u00f6z val\u00f3 far\u00e1z\u00f3<\/h2>\n<p style=\"text-align: center\"><strong>\u00d3r\u00e1nk\u00e9nt ak\u00e1r 75 darab, ak\u00e1r 50 cm \u00e1tm\u00e9r\u0151j\u0171 fa megr\u00e1z\u00e1sa<\/strong><\/p>\n<p style=\"text-align: center\">Az FSC far\u00e1z\u00f3 ide\u00e1lis a magas t\u00f6rzs\u0171 gy\u00fcm\u00f6lcs\u00f6s\u00f6kbe. A far\u00e1z\u00f3 seg\u00edts\u00e9g\u00e9vel ak\u00e1r 50 cm \u00e1tm\u00e9r\u0151j\u0171 fat\u00f6rzsekb\u0151l \u00f3r\u00e1nk\u00e9nt ak\u00e1r 75 fa r\u00e1z\u00e1s\u00e1ra van lehet\u0151s\u00e9g. A r\u00e1z\u00f3 teleszk\u00f3pja 150 cm-ig \u00e9r.  <\/p>\n<p style=\"text-align: center\">A magas t\u00f6rzsh\u00f6z val\u00f3 far\u00e1z\u00f3t h\u00e1rom kett\u0151s hat\u00e1s\u00fa hidraulikus vez\u00e9rl\u0151eszk\u00f6z \u00fczemelteti, melynek a traktoron kell rendelkez\u00e9sre \u00e1llnia. A traktornak legal\u00e1bb 40 l\/perc olajell\u00e1t\u00e1ssal kell rendelkeznie. <\/p>\n<\/div><div class=\"fusion-clearfix\"><\/div><\/div><\/div><div class=\"fusion-layout-column fusion_builder_column fusion-builder-column-30 fusion_builder_column_1_6 1_6 fusion-one-sixth fusion-column-last\" style=\"--awb-bg-size:cover;width:16.666666666667%;width:calc(16.666666666667% - ( ( 4% + 4% ) * 0.16666666666667 ) );\"><div class=\"fusion-column-wrapper fusion-flex-column-wrapper-legacy\"><div class=\"fusion-clearfix\"><\/div><\/div><\/div><\/div><\/div><div class=\"fusion-fullwidth fullwidth-box fusion-builder-row-16 nonhundred-percent-fullwidth non-hundred-percent-height-scrolling fusion-equal-height-columns\" style=\"--awb-border-radius-top-left:0px;--awb-border-radius-top-right:0px;--awb-border-radius-bottom-right:0px;--awb-border-radius-bottom-left:0px;--awb-padding-top:200px;--awb-background-color:#f2f2f2;--awb-flex-wrap:wrap;\" ><div class=\"fusion-builder-row fusion-row\"><div class=\"fusion-layout-column fusion_builder_column fusion-builder-column-31 fusion_builder_column_1_1 1_1 fusion-one-full fusion-column-first fusion-column-last\" style=\"--awb-bg-size:cover;\"><div class=\"fusion-column-wrapper fusion-flex-column-wrapper-legacy\"><div class=\"fusion-title title fusion-title-3 fusion-sep-none fusion-title-text fusion-title-size-one\" style=\"--awb-margin-top-small:0px;--awb-margin-right-small:0px;--awb-margin-bottom-small:20px;--awb-margin-left-small:0px;\"><h1 class=\"fusion-title-heading title-heading-left fusion-responsive-typography-calculated\" style=\"margin:0;--fontSize:38;line-height:1.33;\">FSC \u2013 Magas t\u00f6rzsh\u00f6z val\u00f3 far\u00e1z\u00f3<\/h1><\/div><div class=\"fusion-clearfix\"><\/div><\/div><\/div><\/div><\/div><div class=\"fusion-fullwidth fullwidth-box fusion-builder-row-17 nonhundred-percent-fullwidth non-hundred-percent-height-scrolling fusion-equal-height-columns\" style=\"--awb-border-radius-top-left:0px;--awb-border-radius-top-right:0px;--awb-border-radius-bottom-right:0px;--awb-border-radius-bottom-left:0px;--awb-padding-bottom:100px;--awb-background-color:#f2f2f2;--awb-flex-wrap:wrap;\" ><div class=\"fusion-builder-row fusion-row\"><div class=\"fusion-layout-column fusion_builder_column fusion-builder-column-32 fusion_builder_column_1_4 1_4 fusion-one-fourth fusion-column-first\" style=\"--awb-bg-color:#ffffff;--awb-bg-color-hover:#ffffff;--awb-bg-size:cover;--awb-margin-bottom:40px;width:22%; margin-right: 4%;\"><div class=\"fusion-column-wrapper fusion-flex-column-wrapper-legacy\"><div class=\"fusion-image-element fusion-image-align-center in-legacy-container\" style=\"text-align:center;--awb-caption-title-font-family:var(--h2_typography-font-family);--awb-caption-title-font-weight:var(--h2_typography-font-weight);--awb-caption-title-font-style:var(--h2_typography-font-style);--awb-caption-title-size:var(--h2_typography-font-size);--awb-caption-title-transform:var(--h2_typography-text-transform);--awb-caption-title-line-height:var(--h2_typography-line-height);--awb-caption-title-letter-spacing:var(--h2_typography-letter-spacing);\"><div class=\"imageframe-align-center\"><span class=\" fusion-imageframe imageframe-none imageframe-9 hover-type-zoomin\"><a href=\"https:\/\/feucht-obsttechnik.de\/wp-content\/uploads\/obstsch\u00fcttler-hydraulischer-stammschuettler-fsc-1.jpg\" class=\"fusion-lightbox\" data-rel=\"iLightbox[fsc]\" data-title=\"FSC hidraulikus far\u00e1z\u00f3 a Feucht Obsttechnik v\u00e1llalatt\u00f3l\" title=\"FSC hidraulikus far\u00e1z\u00f3 a Feucht Obsttechnik v\u00e1llalatt\u00f3l\"><img decoding=\"async\" width=\"1600\" height=\"1200\" src=\"https:\/\/feucht-obsttechnik.de\/wp-content\/uploads\/obstsch\u00fcttler-hydraulischer-stammschuettler-fsc-1.jpg\" alt class=\"img-responsive wp-image-10278\" srcset=\"https:\/\/feucht-obsttechnik.de\/wp-content\/uploads\/obstsch\u00fcttler-hydraulischer-stammschuettler-fsc-1-200x150.jpg 200w, https:\/\/feucht-obsttechnik.de\/wp-content\/uploads\/obstsch\u00fcttler-hydraulischer-stammschuettler-fsc-1-400x300.jpg 400w, https:\/\/feucht-obsttechnik.de\/wp-content\/uploads\/obstsch\u00fcttler-hydraulischer-stammschuettler-fsc-1-600x450.jpg 600w, https:\/\/feucht-obsttechnik.de\/wp-content\/uploads\/obstsch\u00fcttler-hydraulischer-stammschuettler-fsc-1-800x600.jpg 800w, https:\/\/feucht-obsttechnik.de\/wp-content\/uploads\/obstsch\u00fcttler-hydraulischer-stammschuettler-fsc-1-1200x900.jpg 1200w, https:\/\/feucht-obsttechnik.de\/wp-content\/uploads\/obstsch\u00fcttler-hydraulischer-stammschuettler-fsc-1.jpg 1600w\" sizes=\"(max-width: 835px) 100vw, 400px\" \/><\/a><\/span><\/div><\/div><div class=\"fusion-clearfix\"><\/div><\/div><\/div><div class=\"fusion-layout-column fusion_builder_column fusion-builder-column-33 fusion_builder_column_1_4 1_4 fusion-one-fourth\" style=\"--awb-bg-color:#ffffff;--awb-bg-color-hover:#ffffff;--awb-bg-size:cover;--awb-margin-bottom:40px;width:22%; margin-right: 4%;\"><div class=\"fusion-column-wrapper fusion-flex-column-wrapper-legacy\"><div class=\"fusion-image-element fusion-image-align-center in-legacy-container\" style=\"text-align:center;--awb-caption-title-font-family:var(--h2_typography-font-family);--awb-caption-title-font-weight:var(--h2_typography-font-weight);--awb-caption-title-font-style:var(--h2_typography-font-style);--awb-caption-title-size:var(--h2_typography-font-size);--awb-caption-title-transform:var(--h2_typography-text-transform);--awb-caption-title-line-height:var(--h2_typography-line-height);--awb-caption-title-letter-spacing:var(--h2_typography-letter-spacing);\"><div class=\"imageframe-align-center\"><span class=\" fusion-imageframe imageframe-none imageframe-10 hover-type-zoomin\"><a href=\"https:\/\/feucht-obsttechnik.de\/wp-content\/uploads\/obstsch\u00fcttler-hydraulischer-stammschuettler-fsc-3.jpg\" class=\"fusion-lightbox\" data-rel=\"iLightbox[fsc]\" data-title=\"FSC hidraulikus far\u00e1z\u00f3 a Feucht Obsttechnik v\u00e1llalatt\u00f3l\" title=\"FSC hidraulikus far\u00e1z\u00f3 a Feucht Obsttechnik v\u00e1llalatt\u00f3l\"><img decoding=\"async\" width=\"1600\" height=\"1200\" src=\"https:\/\/feucht-obsttechnik.de\/wp-content\/uploads\/obstsch\u00fcttler-hydraulischer-stammschuettler-fsc-3.jpg\" alt class=\"img-responsive wp-image-10280\" srcset=\"https:\/\/feucht-obsttechnik.de\/wp-content\/uploads\/obstsch\u00fcttler-hydraulischer-stammschuettler-fsc-3-200x150.jpg 200w, https:\/\/feucht-obsttechnik.de\/wp-content\/uploads\/obstsch\u00fcttler-hydraulischer-stammschuettler-fsc-3-400x300.jpg 400w, https:\/\/feucht-obsttechnik.de\/wp-content\/uploads\/obstsch\u00fcttler-hydraulischer-stammschuettler-fsc-3-600x450.jpg 600w, https:\/\/feucht-obsttechnik.de\/wp-content\/uploads\/obstsch\u00fcttler-hydraulischer-stammschuettler-fsc-3-800x600.jpg 800w, https:\/\/feucht-obsttechnik.de\/wp-content\/uploads\/obstsch\u00fcttler-hydraulischer-stammschuettler-fsc-3-1200x900.jpg 1200w, https:\/\/feucht-obsttechnik.de\/wp-content\/uploads\/obstsch\u00fcttler-hydraulischer-stammschuettler-fsc-3.jpg 1600w\" sizes=\"(max-width: 835px) 100vw, 400px\" \/><\/a><\/span><\/div><\/div><div class=\"fusion-clearfix\"><\/div><\/div><\/div><div class=\"fusion-layout-column fusion_builder_column fusion-builder-column-34 fusion_builder_column_1_4 1_4 fusion-one-fourth\" style=\"--awb-bg-color:#ffffff;--awb-bg-color-hover:#ffffff;--awb-bg-size:cover;--awb-margin-bottom:40px;width:22%; margin-right: 4%;\"><div class=\"fusion-column-wrapper fusion-flex-column-wrapper-legacy\"><div class=\"fusion-image-element fusion-image-align-center in-legacy-container\" style=\"text-align:center;--awb-caption-title-font-family:var(--h2_typography-font-family);--awb-caption-title-font-weight:var(--h2_typography-font-weight);--awb-caption-title-font-style:var(--h2_typography-font-style);--awb-caption-title-size:var(--h2_typography-font-size);--awb-caption-title-transform:var(--h2_typography-text-transform);--awb-caption-title-line-height:var(--h2_typography-line-height);--awb-caption-title-letter-spacing:var(--h2_typography-letter-spacing);\"><div class=\"imageframe-align-center\"><span class=\" fusion-imageframe imageframe-none imageframe-11 hover-type-zoomin\"><a href=\"https:\/\/feucht-obsttechnik.de\/wp-content\/uploads\/obstsch\u00fcttler-hydraulischer-stammschuettler-fsc-2.jpg\" class=\"fusion-lightbox\" data-rel=\"iLightbox[fsc]\" data-title=\"FSC hidraulikus far\u00e1z\u00f3 a Feucht Obsttechnik v\u00e1llalatt\u00f3l\" title=\"FSC hidraulikus far\u00e1z\u00f3 a Feucht Obsttechnik v\u00e1llalatt\u00f3l\"><img decoding=\"async\" width=\"1600\" height=\"1200\" src=\"https:\/\/feucht-obsttechnik.de\/wp-content\/uploads\/obstsch\u00fcttler-hydraulischer-stammschuettler-fsc-2.jpg\" alt class=\"img-responsive wp-image-10279\" srcset=\"https:\/\/feucht-obsttechnik.de\/wp-content\/uploads\/obstsch\u00fcttler-hydraulischer-stammschuettler-fsc-2-200x150.jpg 200w, https:\/\/feucht-obsttechnik.de\/wp-content\/uploads\/obstsch\u00fcttler-hydraulischer-stammschuettler-fsc-2-400x300.jpg 400w, https:\/\/feucht-obsttechnik.de\/wp-content\/uploads\/obstsch\u00fcttler-hydraulischer-stammschuettler-fsc-2-600x450.jpg 600w, https:\/\/feucht-obsttechnik.de\/wp-content\/uploads\/obstsch\u00fcttler-hydraulischer-stammschuettler-fsc-2-800x600.jpg 800w, https:\/\/feucht-obsttechnik.de\/wp-content\/uploads\/obstsch\u00fcttler-hydraulischer-stammschuettler-fsc-2-1200x900.jpg 1200w, https:\/\/feucht-obsttechnik.de\/wp-content\/uploads\/obstsch\u00fcttler-hydraulischer-stammschuettler-fsc-2.jpg 1600w\" sizes=\"(max-width: 835px) 100vw, 400px\" \/><\/a><\/span><\/div><\/div><div class=\"fusion-clearfix\"><\/div><\/div><\/div><div class=\"fusion-layout-column fusion_builder_column fusion-builder-column-35 fusion_builder_column_1_4 1_4 fusion-one-fourth fusion-column-last\" style=\"--awb-bg-color:#ffffff;--awb-bg-color-hover:#ffffff;--awb-bg-size:cover;--awb-margin-bottom:40px;width:22%;\"><div class=\"fusion-column-wrapper fusion-flex-column-wrapper-legacy\"><div class=\"fusion-image-element fusion-image-align-center in-legacy-container\" style=\"text-align:center;--awb-caption-title-font-family:var(--h2_typography-font-family);--awb-caption-title-font-weight:var(--h2_typography-font-weight);--awb-caption-title-font-style:var(--h2_typography-font-style);--awb-caption-title-size:var(--h2_typography-font-size);--awb-caption-title-transform:var(--h2_typography-text-transform);--awb-caption-title-line-height:var(--h2_typography-line-height);--awb-caption-title-letter-spacing:var(--h2_typography-letter-spacing);\"><div class=\"imageframe-align-center\"><span class=\" fusion-imageframe imageframe-none imageframe-12 hover-type-zoomin\"><a href=\"https:\/\/feucht-obsttechnik.de\/wp-content\/uploads\/obstsch\u00fcttler-hydraulischer-stammschuettler-fsc-4.jpg\" class=\"fusion-lightbox\" data-rel=\"iLightbox[fsc]\" data-title=\"FSC hidraulikus far\u00e1z\u00f3 a Feucht Obsttechnik v\u00e1llalatt\u00f3l\" title=\"FSC hidraulikus far\u00e1z\u00f3 a Feucht Obsttechnik v\u00e1llalatt\u00f3l\"><img decoding=\"async\" width=\"1600\" height=\"1200\" src=\"https:\/\/feucht-obsttechnik.de\/wp-content\/uploads\/obstsch\u00fcttler-hydraulischer-stammschuettler-fsc-4.jpg\" alt class=\"img-responsive wp-image-10281\" srcset=\"https:\/\/feucht-obsttechnik.de\/wp-content\/uploads\/obstsch\u00fcttler-hydraulischer-stammschuettler-fsc-4-200x150.jpg 200w, https:\/\/feucht-obsttechnik.de\/wp-content\/uploads\/obstsch\u00fcttler-hydraulischer-stammschuettler-fsc-4-400x300.jpg 400w, https:\/\/feucht-obsttechnik.de\/wp-content\/uploads\/obstsch\u00fcttler-hydraulischer-stammschuettler-fsc-4-600x450.jpg 600w, https:\/\/feucht-obsttechnik.de\/wp-content\/uploads\/obstsch\u00fcttler-hydraulischer-stammschuettler-fsc-4-800x600.jpg 800w, https:\/\/feucht-obsttechnik.de\/wp-content\/uploads\/obstsch\u00fcttler-hydraulischer-stammschuettler-fsc-4-1200x900.jpg 1200w, https:\/\/feucht-obsttechnik.de\/wp-content\/uploads\/obstsch\u00fcttler-hydraulischer-stammschuettler-fsc-4.jpg 1600w\" sizes=\"(max-width: 835px) 100vw, 400px\" \/><\/a><\/span><\/div><\/div><div class=\"fusion-clearfix\"><\/div><\/div><\/div><\/div><\/div><div class=\"fusion-fullwidth fullwidth-box fusion-builder-row-18 nonhundred-percent-fullwidth non-hundred-percent-height-scrolling fusion-equal-height-columns\" style=\"--awb-border-radius-top-left:0px;--awb-border-radius-top-right:0px;--awb-border-radius-bottom-right:0px;--awb-border-radius-bottom-left:0px;--awb-padding-bottom:100px;--awb-background-color:#f2f2f2;--awb-flex-wrap:wrap;\" ><div class=\"fusion-builder-row fusion-row\"><div class=\"fusion-layout-column fusion_builder_column fusion-builder-column-36 fusion_builder_column_1_2 1_2 fusion-one-half fusion-column-first\" style=\"--awb-bg-color:#ffffff;--awb-bg-color-hover:#ffffff;--awb-bg-size:cover;--awb-margin-bottom:40px;width:48%; margin-right: 4%;\"><div class=\"fusion-column-wrapper fusion-flex-column-wrapper-legacy\"><div class=\"fusion-text fusion-text-13\"><div style=\"padding: 25px\">\n<h2>El\u0151ny\u00f6k<\/h2>\n<ul>\n<li>ak\u00e1r 50 cm t\u00f6rzs\u00e1tm\u00e9r\u0151j\u0171 f\u00e1k megr\u00e1z\u00e1sa<\/li>\n<li>alkalmas magas t\u00f6rzs\u0171 gy\u00fcm\u00f6lcs\u00f6s\u00f6kbe<\/li>\n<li>n\u00f6velje a betakar\u00edt\u00e1si teljes\u00edtm\u00e9nyt \u00f3r\u00e1nk\u00e9nt ak\u00e1r 75 magas t\u00f6rzs\u0171 fa megr\u00e1z\u00e1s\u00e1val<\/li>\n<li>vez\u00e9rl\u00e9s h\u00e1rom kett\u0151s hat\u00e1s\u00fa hidraulikus vez\u00e9rl\u0151eszk\u00f6zzel, melynek a traktoron kell rendelkez\u00e9sre \u00e1llnia<\/li>\n<li>a traktornak legal\u00e1bb 40 l\/perc olajell\u00e1t\u00e1ssal kell rendelkeznie<\/li>\n<li>teleszk\u00f3p 1,50 m l\u00f6kettel<\/li>\n<li>keresztir\u00e1nyban felszerelt r\u00e1z\u00f3fej lapos gumipof\u00e1kkal<\/li>\n<\/ul>\n<\/div>\n<\/div><div class=\"fusion-clearfix\"><\/div><\/div><\/div><div class=\"fusion-layout-column fusion_builder_column fusion-builder-column-37 fusion_builder_column_1_2 1_2 fusion-one-half fusion-column-last\" style=\"--awb-bg-color:#ffffff;--awb-bg-color-hover:#ffffff;--awb-bg-size:cover;width:48%;\"><div class=\"fusion-column-wrapper fusion-flex-column-wrapper-legacy\"><div class=\"fusion-text fusion-text-14\"><div style=\"padding: 25px\">\n<h2>M\u0171szaki adatok<\/h2>\n<\/div>\n<\/div>\n<div class=\"table-2\">\n<table width=\"100%\">\n<tbody>\n<tr>\n<td align=\"left\">Hossz\u00fas\u00e1g:<\/td>\n<td align=\"left\">300 cm<\/td>\n<\/tr>\n<tr>\n<td align=\"left\">Sz\u00e9less\u00e9g:<\/td>\n<td align=\"left\">210 cm<\/td>\n<\/tr>\n<tr>\n<td align=\"left\">Magass\u00e1g:<\/td>\n<td align=\"left\">100 cm<\/td>\n<\/tr>\n<tr>\n<td align=\"left\">Helysz\u00edn t\u00edpusa:<\/td>\n<td align=\"left\">Magas t\u00f6rzs<\/td>\n<\/tr>\n<tr>\n<td align=\"left\">Max. r\u00f6gz\u00edt\u00e9si ter\u00fclet <\/td>\n<td align=\"left\">50 cm<\/td>\n<\/tr>\n<tr>\n<td align=\"left\">R\u00e1z\u00e1si teljes\u00edtm\u00e9ny:<\/td>\n<td align=\"left\">ak\u00e1r 75 fa\/h<\/td>\n<\/tr>\n<tr>\n<td align=\"left\">S\u00faly:<\/td>\n<td align=\"left\">kb. 500 kg<\/td>\n<\/tr>\n<tr>\n<td align=\"left\">teleszk\u00f3p:<\/td>\n<td align=\"left\">150 cm<\/td>\n<\/tr>\n<tr>\n<td align=\"left\">traktor min. teljes\u00edtm\u00e9nye:<\/td>\n<td align=\"left\">60 LE<\/td>\n<\/tr>\n<tr>\n<td align=\"left\">Szivatty\u00fateljes\u00edtm\u00e9ny:<\/td>\n<td align=\"left\">percenk\u00e9nt 40 l olajkapacit\u00e1st\u00f3l; el\u00e9rhet\u0151nek kell lennie a traktoron<\/td>\n<\/tr>\n<tr>\n<td rowspan=\"3\">Saj\u00e1toss\u00e1gok:<\/td>\n<td align=\"left\">R\u00e1z\u00f3fej elforgat\u00e1sa 50\u00b0-ban<\/td>\n<\/tr>\n<tr>\n<td align=\"left\">A traktoron l\u00e9v\u0151 vez\u00e9rl\u0151pult n\u00e9lk\u00fcl<\/td>\n<\/tr>\n<tr>\n<td align=\"left\">Olajell\u00e1t\u00e1s n\u00e9lk\u00fcl<\/td>\n<\/tr>\n<tr>\n<td rowspan=\"4\">Opcion\u00e1lisan:<\/td>\n<td align=\"left\">Vez\u00e9rl\u0151eszk\u00f6z\u00f6k<\/td>\n<\/tr>\n<tr>\n<td align=\"left\">Vez\u00e9rl\u0151pult vez\u00e9rl\u0151eszk\u00f6z\u00f6kkel<\/td>\n<\/tr>\n<tr>\n<td align=\"left\">Botkorm\u00e1ny vez\u00e9rl\u0151eszk\u00f6z\u00f6kkel<\/td>\n<\/tr>\n<tr>\n<td align=\"left\">Hidraulikus szivatty\u00fa vez\u00e9rl\u0151eszk\u00f6z\u00f6kkel \u00e9s olajh\u0171t\u0151vel<\/td>\n<\/tr>\n<\/tbody>\n<\/table>\n<\/div>\n<div class=\"fusion-clearfix\"><\/div><\/div><\/div><\/div><\/div><div class=\"fusion-fullwidth fullwidth-box fusion-builder-row-19 nonhundred-percent-fullwidth non-hundred-percent-height-scrolling\" style=\"--awb-border-radius-top-left:0px;--awb-border-radius-top-right:0px;--awb-border-radius-bottom-right:0px;--awb-border-radius-bottom-left:0px;--awb-flex-wrap:wrap;\" ><div class=\"fusion-builder-row fusion-row\"><div class=\"fusion-layout-column fusion_builder_column fusion-builder-column-38 fusion_builder_column_1_1 1_1 fusion-one-full fusion-column-first fusion-column-last\" style=\"--awb-padding-top:0px;--awb-padding-right:0px;--awb-padding-bottom:0px;--awb-padding-left:0px;--awb-bg-size:cover;--awb-margin-bottom:0px;\"><div class=\"fusion-column-wrapper fusion-column-has-shadow fusion-flex-column-wrapper-legacy\"><div class=\"fusion-menu-anchor\" id=\"stammschuettler-hydraulisch-fs3\"><\/div><div class=\"fusion-clearfix\"><\/div><\/div><\/div><\/div><\/div><div class=\"fusion-fullwidth fullwidth-box fusion-builder-row-20 fusion-parallax-none nonhundred-percent-fullwidth non-hundred-percent-height-scrolling\" style=\"--awb-border-radius-top-left:0px;--awb-border-radius-top-right:0px;--awb-border-radius-bottom-right:0px;--awb-border-radius-bottom-left:0px;--awb-padding-top:200px;--awb-background-image:url(&quot;https:\/\/feucht-obsttechnik.de\/wp-content\/uploads\/obstsch\u00fcttler-divider-hydraulischer-hochstammschuettler-plantagenschuettler-fsi3.jpg&quot;);--awb-background-size:cover;--awb-flex-wrap:wrap;\" ><div class=\"fusion-builder-row fusion-row\"><div class=\"fusion-layout-column fusion_builder_column fusion-builder-column-39 fusion_builder_column_1_6 1_6 fusion-one-sixth fusion-column-first\" style=\"--awb-bg-size:cover;width:16.666666666667%;width:calc(16.666666666667% - ( ( 4% + 4% ) * 0.16666666666667 ) );margin-right: 4%;\"><div class=\"fusion-column-wrapper fusion-flex-column-wrapper-legacy\"><div class=\"fusion-clearfix\"><\/div><\/div><\/div><div class=\"fusion-layout-column fusion_builder_column fusion-builder-column-40 fusion_builder_column_2_3 2_3 fusion-two-third\" style=\"--awb-padding-top:50px;--awb-padding-right:50px;--awb-padding-bottom:50px;--awb-padding-left:50px;--awb-bg-color:rgba(255,255,255,0.9);--awb-bg-color-hover:rgba(255,255,255,0.9);--awb-bg-size:cover;--awb-margin-bottom:-100px;width:66.666666666667%;width:calc(66.666666666667% - ( ( 4% + 4% ) * 0.66666666666667 ) );margin-right: 4%;\"><div class=\"fusion-column-wrapper fusion-column-has-shadow fusion-flex-column-wrapper-legacy\"><div class=\"fusion-text fusion-text-15\"><h2 style=\"text-align: center\">FS3 \u2013 Magas t\u00f6rzsh\u00f6z val\u00f3 far\u00e1z\u00f3<\/h2>\n<p style=\"text-align: center\"><strong>Ak\u00e1r 50 cm t\u00f6rzs\u00e1tm\u00e9r\u0151j\u0171 kisebb f\u00e1k megr\u00e1z\u00e1sa.<\/strong><\/p>\n<p style=\"text-align: center\">A magas t\u00f6rzsh\u00f6z val\u00f3 FS3 far\u00e1z\u00f3 ak\u00e1r 50 cm t\u00f6rzs\u00e1tm\u00e9r\u0151j\u0171 f\u00e1k, p\u00e9ld\u00e1ul cseresznye, mirabella, di\u00f3f\u00e9l\u00e9k, szilva vagy alma r\u00e1z\u00e1s\u00e1ra alkalmas k\u00f6zvetlen\u00fcl a t\u00f6rzs\u00f6n. A hossz\u00fa teleszk\u00f3pos ny\u00e9l (3 x 100 cm) ak\u00e1r 600 cm t\u00e1vols\u00e1got tesz lehet\u0151v\u00e9 a fat\u00f6rzs \u00e9s a fedez\u00e9k sz\u00e9le k\u00f6z\u00f6tt. Ez azt jelenti, hogy m\u00e9g a lejt\u0151s ter\u00fcleteken l\u00e9v\u0151 f\u00e1k is k\u00f6nnyen el\u00e9rhet\u0151k, \u00e9s az \u00f6reg, nagyon nagy f\u00e1k f\u0151 \u00e1gait is k\u00f6nnyed\u00e9n \u00e9s finoman lehet megr\u00e1zni. Kompakt kivitel\u00e9nek k\u00f6sz\u00f6nhet\u0151en a r\u00e1z\u00f3fej rugalmas \u00e9s k\u00f6nnyen r\u00f6gz\u00edthet\u0151 b\u00e1rmely f\u00e1ra. A magas t\u00f6rzsh\u00f6z val\u00f3 FS3 far\u00e1z\u00f3 kompakt, strapab\u00edr\u00f3, rugalmas \u00e9s er\u0151teljes.   <\/p>\n<\/div><div class=\"fusion-clearfix\"><\/div><\/div><\/div><div class=\"fusion-layout-column fusion_builder_column fusion-builder-column-41 fusion_builder_column_1_6 1_6 fusion-one-sixth fusion-column-last\" style=\"--awb-bg-size:cover;width:16.666666666667%;width:calc(16.666666666667% - ( ( 4% + 4% ) * 0.16666666666667 ) );\"><div class=\"fusion-column-wrapper fusion-flex-column-wrapper-legacy\"><div class=\"fusion-clearfix\"><\/div><\/div><\/div><\/div><\/div><div class=\"fusion-fullwidth fullwidth-box fusion-builder-row-21 nonhundred-percent-fullwidth non-hundred-percent-height-scrolling fusion-equal-height-columns\" style=\"--awb-border-radius-top-left:0px;--awb-border-radius-top-right:0px;--awb-border-radius-bottom-right:0px;--awb-border-radius-bottom-left:0px;--awb-padding-top:200px;--awb-background-color:#f2f2f2;--awb-flex-wrap:wrap;\" ><div class=\"fusion-builder-row fusion-row\"><div class=\"fusion-layout-column fusion_builder_column fusion-builder-column-42 fusion_builder_column_1_1 1_1 fusion-one-full fusion-column-first fusion-column-last\" style=\"--awb-bg-size:cover;\"><div class=\"fusion-column-wrapper fusion-flex-column-wrapper-legacy\"><div class=\"fusion-title title fusion-title-4 fusion-sep-none fusion-title-text fusion-title-size-one\" style=\"--awb-margin-top-small:0px;--awb-margin-right-small:0px;--awb-margin-bottom-small:20px;--awb-margin-left-small:0px;\"><h1 class=\"fusion-title-heading title-heading-left fusion-responsive-typography-calculated\" style=\"margin:0;--fontSize:38;line-height:1.33;\">Az FS3 \u2013 Magas t\u00f6rzsh\u00f6z val\u00f3 far\u00e1z\u00f3 r\u00e9szletei<\/h1><\/div><div class=\"fusion-clearfix\"><\/div><\/div><\/div><\/div><\/div><div class=\"fusion-fullwidth fullwidth-box fusion-builder-row-22 nonhundred-percent-fullwidth non-hundred-percent-height-scrolling fusion-equal-height-columns\" style=\"--awb-border-radius-top-left:0px;--awb-border-radius-top-right:0px;--awb-border-radius-bottom-right:0px;--awb-border-radius-bottom-left:0px;--awb-padding-bottom:100px;--awb-background-color:#f2f2f2;--awb-flex-wrap:wrap;\" ><div class=\"fusion-builder-row fusion-row\"><div class=\"fusion-layout-column fusion_builder_column fusion-builder-column-43 fusion_builder_column_1_3 1_3 fusion-one-third fusion-column-first\" style=\"--awb-bg-color:#ffffff;--awb-bg-color-hover:#ffffff;--awb-bg-size:cover;--awb-margin-bottom:40px;width:30.6666%; margin-right: 4%;\"><div class=\"fusion-column-wrapper fusion-flex-column-wrapper-legacy\"><div class=\"fusion-image-element fusion-image-align-center in-legacy-container\" style=\"text-align:center;--awb-caption-title-font-family:var(--h2_typography-font-family);--awb-caption-title-font-weight:var(--h2_typography-font-weight);--awb-caption-title-font-style:var(--h2_typography-font-style);--awb-caption-title-size:var(--h2_typography-font-size);--awb-caption-title-transform:var(--h2_typography-text-transform);--awb-caption-title-line-height:var(--h2_typography-line-height);--awb-caption-title-letter-spacing:var(--h2_typography-letter-spacing);\"><div class=\"imageframe-align-center\"><span class=\" fusion-imageframe imageframe-none imageframe-13 hover-type-zoomin\"><a href=\"https:\/\/feucht-obsttechnik.de\/wp-content\/uploads\/obstsch\u00fcttler-hydraulischer-hochstammschuettler-plantagenschuettler-fsi3-1.jpg\" class=\"fusion-lightbox\" data-rel=\"iLightbox[obstsch\u00fcttler-hydraulischer-hochstammschuettler-fs3]\" data-title=\"FS3 hidraulikus far\u00e1z\u00f3 a Feucht Obsttechnik v\u00e1llalatt\u00f3l\" title=\"FS3 hidraulikus far\u00e1z\u00f3 a Feucht Obsttechnik v\u00e1llalatt\u00f3l\"><img decoding=\"async\" width=\"1600\" height=\"1200\" src=\"https:\/\/feucht-obsttechnik.de\/wp-content\/uploads\/obstsch\u00fcttler-hydraulischer-hochstammschuettler-plantagenschuettler-fsi3-1.jpg\" alt class=\"img-responsive wp-image-10554\" srcset=\"https:\/\/feucht-obsttechnik.de\/wp-content\/uploads\/obstsch\u00fcttler-hydraulischer-hochstammschuettler-plantagenschuettler-fsi3-1-200x150.jpg 200w, https:\/\/feucht-obsttechnik.de\/wp-content\/uploads\/obstsch\u00fcttler-hydraulischer-hochstammschuettler-plantagenschuettler-fsi3-1-400x300.jpg 400w, https:\/\/feucht-obsttechnik.de\/wp-content\/uploads\/obstsch\u00fcttler-hydraulischer-hochstammschuettler-plantagenschuettler-fsi3-1-600x450.jpg 600w, https:\/\/feucht-obsttechnik.de\/wp-content\/uploads\/obstsch\u00fcttler-hydraulischer-hochstammschuettler-plantagenschuettler-fsi3-1-800x600.jpg 800w, https:\/\/feucht-obsttechnik.de\/wp-content\/uploads\/obstsch\u00fcttler-hydraulischer-hochstammschuettler-plantagenschuettler-fsi3-1-1200x900.jpg 1200w, https:\/\/feucht-obsttechnik.de\/wp-content\/uploads\/obstsch\u00fcttler-hydraulischer-hochstammschuettler-plantagenschuettler-fsi3-1.jpg 1600w\" sizes=\"(max-width: 835px) 100vw, 400px\" \/><\/a><\/span><\/div><\/div><div class=\"fusion-clearfix\"><\/div><\/div><\/div><div class=\"fusion-layout-column fusion_builder_column fusion-builder-column-44 fusion_builder_column_1_3 1_3 fusion-one-third\" style=\"--awb-bg-color:#ffffff;--awb-bg-color-hover:#ffffff;--awb-bg-size:cover;width:30.6666%; margin-right: 4%;\"><div class=\"fusion-column-wrapper fusion-flex-column-wrapper-legacy\"><div class=\"fusion-image-element fusion-image-align-center in-legacy-container\" style=\"text-align:center;--awb-caption-title-font-family:var(--h2_typography-font-family);--awb-caption-title-font-weight:var(--h2_typography-font-weight);--awb-caption-title-font-style:var(--h2_typography-font-style);--awb-caption-title-size:var(--h2_typography-font-size);--awb-caption-title-transform:var(--h2_typography-text-transform);--awb-caption-title-line-height:var(--h2_typography-line-height);--awb-caption-title-letter-spacing:var(--h2_typography-letter-spacing);\"><div class=\"imageframe-align-center\"><span class=\" fusion-imageframe imageframe-none imageframe-14 hover-type-zoomin\"><a href=\"https:\/\/feucht-obsttechnik.de\/wp-content\/uploads\/obstsch\u00fcttler-hydraulischer-hochstammschuettler-plantagenschuettler-fsi3-3.jpg\" class=\"fusion-lightbox\" data-rel=\"iLightbox[obstsch\u00fcttler-hydraulischer-hochstammschuettler-fs3]\" data-title=\"FS3 hidraulikus far\u00e1z\u00f3 a Feucht Obsttechnik v\u00e1llalatt\u00f3l\" title=\"FS3 hidraulikus far\u00e1z\u00f3 a Feucht Obsttechnik v\u00e1llalatt\u00f3l\"><img decoding=\"async\" width=\"1600\" height=\"1200\" src=\"https:\/\/feucht-obsttechnik.de\/wp-content\/uploads\/obstsch\u00fcttler-hydraulischer-hochstammschuettler-plantagenschuettler-fsi3-3.jpg\" alt class=\"img-responsive wp-image-10556\" srcset=\"https:\/\/feucht-obsttechnik.de\/wp-content\/uploads\/obstsch\u00fcttler-hydraulischer-hochstammschuettler-plantagenschuettler-fsi3-3-200x150.jpg 200w, https:\/\/feucht-obsttechnik.de\/wp-content\/uploads\/obstsch\u00fcttler-hydraulischer-hochstammschuettler-plantagenschuettler-fsi3-3-400x300.jpg 400w, https:\/\/feucht-obsttechnik.de\/wp-content\/uploads\/obstsch\u00fcttler-hydraulischer-hochstammschuettler-plantagenschuettler-fsi3-3-600x450.jpg 600w, https:\/\/feucht-obsttechnik.de\/wp-content\/uploads\/obstsch\u00fcttler-hydraulischer-hochstammschuettler-plantagenschuettler-fsi3-3-800x600.jpg 800w, https:\/\/feucht-obsttechnik.de\/wp-content\/uploads\/obstsch\u00fcttler-hydraulischer-hochstammschuettler-plantagenschuettler-fsi3-3-1200x900.jpg 1200w, https:\/\/feucht-obsttechnik.de\/wp-content\/uploads\/obstsch\u00fcttler-hydraulischer-hochstammschuettler-plantagenschuettler-fsi3-3.jpg 1600w\" sizes=\"(max-width: 835px) 100vw, 400px\" \/><\/a><\/span><\/div><\/div><div class=\"fusion-clearfix\"><\/div><\/div><\/div><div class=\"fusion-layout-column fusion_builder_column fusion-builder-column-45 fusion_builder_column_1_3 1_3 fusion-one-third fusion-column-last\" style=\"--awb-bg-color:#ffffff;--awb-bg-color-hover:#ffffff;--awb-bg-size:cover;width:30.6666%;\"><div class=\"fusion-column-wrapper fusion-flex-column-wrapper-legacy\"><div class=\"fusion-image-element fusion-image-align-center in-legacy-container\" style=\"text-align:center;--awb-caption-title-font-family:var(--h2_typography-font-family);--awb-caption-title-font-weight:var(--h2_typography-font-weight);--awb-caption-title-font-style:var(--h2_typography-font-style);--awb-caption-title-size:var(--h2_typography-font-size);--awb-caption-title-transform:var(--h2_typography-text-transform);--awb-caption-title-line-height:var(--h2_typography-line-height);--awb-caption-title-letter-spacing:var(--h2_typography-letter-spacing);\"><div class=\"imageframe-align-center\"><span class=\" fusion-imageframe imageframe-none imageframe-15 hover-type-zoomin\"><a href=\"https:\/\/feucht-obsttechnik.de\/wp-content\/uploads\/obstsch\u00fcttler-hydraulischer-hochstammschuettler-plantagenschuettler-fsi3-2.jpg\" class=\"fusion-lightbox\" data-rel=\"iLightbox[obstsch\u00fcttler-hydraulischer-hochstammschuettler-fs3]\" data-title=\"FS3 hidraulikus far\u00e1z\u00f3 a Feucht Obsttechnik v\u00e1llalatt\u00f3l\" title=\"FS3 hidraulikus far\u00e1z\u00f3 a Feucht Obsttechnik v\u00e1llalatt\u00f3l\"><img decoding=\"async\" width=\"1600\" height=\"1200\" src=\"https:\/\/feucht-obsttechnik.de\/wp-content\/uploads\/obstsch\u00fcttler-hydraulischer-hochstammschuettler-plantagenschuettler-fsi3-2.jpg\" alt class=\"img-responsive wp-image-10555\" srcset=\"https:\/\/feucht-obsttechnik.de\/wp-content\/uploads\/obstsch\u00fcttler-hydraulischer-hochstammschuettler-plantagenschuettler-fsi3-2-200x150.jpg 200w, https:\/\/feucht-obsttechnik.de\/wp-content\/uploads\/obstsch\u00fcttler-hydraulischer-hochstammschuettler-plantagenschuettler-fsi3-2-400x300.jpg 400w, https:\/\/feucht-obsttechnik.de\/wp-content\/uploads\/obstsch\u00fcttler-hydraulischer-hochstammschuettler-plantagenschuettler-fsi3-2-600x450.jpg 600w, https:\/\/feucht-obsttechnik.de\/wp-content\/uploads\/obstsch\u00fcttler-hydraulischer-hochstammschuettler-plantagenschuettler-fsi3-2-800x600.jpg 800w, https:\/\/feucht-obsttechnik.de\/wp-content\/uploads\/obstsch\u00fcttler-hydraulischer-hochstammschuettler-plantagenschuettler-fsi3-2-1200x900.jpg 1200w, https:\/\/feucht-obsttechnik.de\/wp-content\/uploads\/obstsch\u00fcttler-hydraulischer-hochstammschuettler-plantagenschuettler-fsi3-2.jpg 1600w\" sizes=\"(max-width: 835px) 100vw, 400px\" \/><\/a><\/span><\/div><\/div><div class=\"fusion-clearfix\"><\/div><\/div><\/div><\/div><\/div><div class=\"fusion-fullwidth fullwidth-box fusion-builder-row-23 nonhundred-percent-fullwidth non-hundred-percent-height-scrolling fusion-equal-height-columns\" style=\"--awb-border-radius-top-left:0px;--awb-border-radius-top-right:0px;--awb-border-radius-bottom-right:0px;--awb-border-radius-bottom-left:0px;--awb-padding-bottom:100px;--awb-background-color:#f2f2f2;--awb-flex-wrap:wrap;\" ><div class=\"fusion-builder-row fusion-row\"><div class=\"fusion-layout-column fusion_builder_column fusion-builder-column-46 fusion_builder_column_1_2 1_2 fusion-one-half fusion-column-first\" style=\"--awb-bg-color:#ffffff;--awb-bg-color-hover:#ffffff;--awb-bg-size:cover;--awb-margin-bottom:40px;width:48%; margin-right: 4%;\"><div class=\"fusion-column-wrapper fusion-flex-column-wrapper-legacy\"><div class=\"fusion-text fusion-text-16\"><div style=\"padding: 25px\">\n<h2>El\u0151ny\u00f6k<\/h2>\n<ul>\n<li>saj\u00e1t olajell\u00e1t\u00e1sa van<\/li>\n<li>a traktoron nincs sz\u00fcks\u00e9g vez\u00e9rl\u0151eszk\u00f6zre<\/li>\n<li>felfel\u00e9 \u00e9s lefel\u00e9 mozg\u00e1s a hidraulikus fels\u0151 kapcsol\u00f3d\u00e1s r\u00e9v\u00e9n<\/li>\n<li>mindk\u00e9t oldalra 40\u00b0-ban elford\u00edthat\u00f3 r\u00e1z\u00f3fej<\/li>\n<li>az \u00f6sszes hidraulikus funkci\u00f3 vez\u00e9rl\u00e9se egyetlen kezel\u0151panellel, a traktorb\u00f3l vagy a r\u00e1z\u00f3fejr\u0151l<\/li>\n<li>rugalmas, kompakt, strapab\u00edr\u00f3, sokoldal\u00fa \u00e9s er\u0151teljes<\/li>\n<li>sokf\u00e9le gy\u00fcm\u00f6lcst\u00edpus betakar\u00edt\u00e1sa, p\u00e9ld\u00e1ul alma, cseresznye, szilva, mirabella stb., ak\u00e1r 50 cm t\u00f6rzs\u00e1tm\u00e9r\u0151ig<\/li>\n<li>nagyobb t\u00f6rzs\u00e1tm\u00e9r\u0151k eset\u00e9n m\u00e9g a magas \u00e1gak is probl\u00e9mamentesen megr\u00e1zhat\u00f3k<\/li>\n<li>a hidraulikus r\u00f6gz\u00edt\u0151t a r\u00e1z\u00f3fejre r\u00f6gz\u00edtve sokkal k\u00f6nnyebb\u00e9 v\u00e1lik a r\u00e1z\u00f3 f\u00e1ra r\u00f6gz\u00edt\u00e9se<\/li>\n<\/ul>\n<\/div>\n<\/div><div class=\"fusion-clearfix\"><\/div><\/div><\/div><div class=\"fusion-layout-column fusion_builder_column fusion-builder-column-47 fusion_builder_column_1_2 1_2 fusion-one-half fusion-column-last\" style=\"--awb-bg-color:#ffffff;--awb-bg-color-hover:#ffffff;--awb-bg-size:cover;width:48%;\"><div class=\"fusion-column-wrapper fusion-flex-column-wrapper-legacy\"><div class=\"fusion-text fusion-text-17\"><div style=\"padding: 25px\">\n<h2>M\u0171szaki adatok<\/h2>\n<\/div>\n<\/div>\n<div class=\"table-2\">\n<table width=\"100%\">\n<tbody>\n<tr>\n<td align=\"left\">Hossz\u00fas\u00e1g:<\/td>\n<td align=\"left\">320 cm<\/td>\n<\/tr>\n<tr>\n<td align=\"left\">Sz\u00e9less\u00e9g:<\/td>\n<td align=\"left\">110 cm<\/td>\n<\/tr>\n<tr>\n<td align=\"left\">Magass\u00e1g:<\/td>\n<td align=\"left\">120 cm<\/td>\n<\/tr>\n<tr>\n<td align=\"left\">Helysz\u00edn t\u00edpusa:<\/td>\n<td align=\"left\">Magas t\u00f6rzs<\/td>\n<\/tr>\n<tr>\n<td align=\"left\">Max. r\u00f6gz\u00edt\u00e9si ter\u00fclet: <\/td>\n<td align=\"left\">50 cm<\/td>\n<\/tr>\n<tr>\n<td align=\"left\">R\u00e1z\u00e1si teljes\u00edtm\u00e9ny:<\/td>\n<td align=\"left\">ak\u00e1r 75 fa\/h<\/td>\n<\/tr>\n<tr>\n<td align=\"left\">S\u00faly:<\/td>\n<td align=\"left\">550 kg<\/td>\n<\/tr>\n<tr>\n<td align=\"left\">teleszk\u00f3p:<\/td>\n<td align=\"left\">3 x 100 cm<br \/>\n(opcion\u00e1lisan 2 x 100 cm)<\/td>\n<\/tr>\n<tr>\n<td align=\"left\">traktor min. teljes\u00edtm\u00e9nye:<\/td>\n<td align=\"left\">80 LE<\/td>\n<\/tr>\n<tr>\n<td align=\"left\">Szivatty\u00fateljes\u00edtm\u00e9ny:<\/td>\n<td align=\"left\">kb. 40 l\/perc<\/td>\n<\/tr>\n<tr>\n<td rowspan=\"3\">Saj\u00e1toss\u00e1gok:<\/td>\n<td align=\"left\">Jobbra \u00e9s balra kb. 40\u00b0-ban fordul el<\/td>\n<\/tr>\n<tr>\n<td align=\"left\">K\u00fcl\u00f6n olajell\u00e1t\u00e1s<\/td>\n<\/tr>\n<tr>\n<td align=\"left\">A traktor kell\u0151 hidraulikus teljes\u00edtm\u00e9ny\u00e9vel k\u00f6zvetlen\u00fcl a traktor hidraulikus rendszer\u00e9vel \u00fczemeltethet\u0151 a far\u00e1z\u00f3<\/td>\n<\/tr>\n<tr>\n<td rowspan=\"2\">Opcion\u00e1lisan:<\/td>\n<td align=\"left\">Botkorm\u00e1ny<\/td>\n<\/tr>\n<tr>\n<td align=\"left\">2 x 100 cm l\u00f6ket<\/td>\n<\/tr>\n<\/tbody>\n<\/table>\n<\/div>\n<div class=\"fusion-clearfix\"><\/div><\/div><\/div><\/div><\/div><div class=\"fusion-fullwidth fullwidth-box fusion-builder-row-24 nonhundred-percent-fullwidth non-hundred-percent-height-scrolling\" style=\"--awb-border-radius-top-left:0px;--awb-border-radius-top-right:0px;--awb-border-radius-bottom-right:0px;--awb-border-radius-bottom-left:0px;--awb-flex-wrap:wrap;\" ><div class=\"fusion-builder-row fusion-row\"><div class=\"fusion-layout-column fusion_builder_column fusion-builder-column-48 fusion_builder_column_1_1 1_1 fusion-one-full fusion-column-first fusion-column-last\" style=\"--awb-padding-top:0px;--awb-padding-right:0px;--awb-padding-bottom:0px;--awb-padding-left:0px;--awb-bg-size:cover;--awb-margin-bottom:0px;\"><div class=\"fusion-column-wrapper fusion-column-has-shadow fusion-flex-column-wrapper-legacy\"><div class=\"fusion-menu-anchor\" id=\"stammschuettler-hydraulisch-fsI3\"><\/div><div class=\"fusion-clearfix\"><\/div><\/div><\/div><\/div><\/div><div class=\"fusion-fullwidth fullwidth-box fusion-builder-row-25 fusion-parallax-none nonhundred-percent-fullwidth non-hundred-percent-height-scrolling\" style=\"--awb-border-radius-top-left:0px;--awb-border-radius-top-right:0px;--awb-border-radius-bottom-right:0px;--awb-border-radius-bottom-left:0px;--awb-padding-top:200px;--awb-background-image:url(&quot;https:\/\/feucht-obsttechnik.de\/wp-content\/uploads\/obstsch\u00fcttler-divider-hydraulischer-hochstammschuettler-fsi3.jpg&quot;);--awb-background-size:cover;--awb-flex-wrap:wrap;\" ><div class=\"fusion-builder-row fusion-row\"><div class=\"fusion-layout-column fusion_builder_column fusion-builder-column-49 fusion_builder_column_1_6 1_6 fusion-one-sixth fusion-column-first\" style=\"--awb-bg-size:cover;width:16.666666666667%;width:calc(16.666666666667% - ( ( 4% + 4% ) * 0.16666666666667 ) );margin-right: 4%;\"><div class=\"fusion-column-wrapper fusion-flex-column-wrapper-legacy\"><div class=\"fusion-clearfix\"><\/div><\/div><\/div><div class=\"fusion-layout-column fusion_builder_column fusion-builder-column-50 fusion_builder_column_2_3 2_3 fusion-two-third\" style=\"--awb-padding-top:50px;--awb-padding-right:50px;--awb-padding-bottom:50px;--awb-padding-left:50px;--awb-bg-color:rgba(255,255,255,0.9);--awb-bg-color-hover:rgba(255,255,255,0.9);--awb-bg-size:cover;--awb-margin-bottom:-100px;width:66.666666666667%;width:calc(66.666666666667% - ( ( 4% + 4% ) * 0.66666666666667 ) );margin-right: 4%;\"><div class=\"fusion-column-wrapper fusion-column-has-shadow fusion-flex-column-wrapper-legacy\"><div class=\"fusion-text fusion-text-18\"><h2 style=\"text-align: center\">FSI3 \u2013 Magas t\u00f6rzsh\u00f6z \u00e9s \u00fcltetv\u00e9nyre val\u00f3 far\u00e1z\u00f3<\/h2>\n<p style=\"text-align: center\"><strong>A magas t\u00f6rzs\u0171 gy\u00fcm\u00f6lcs\u00f6s\u00f6k \u00e9s \u00fcltetv\u00e9nyek far\u00e1z\u00f3ja.<\/strong><\/p>\n<p style=\"text-align: center\">Az FS13 r\u00e1z\u00f3 egyed\u00fcl\u00e1ll\u00f3 abban, hogy mind magas t\u00f6rzs\u0171, mind intenz\u00edv gazd\u00e1lkod\u00e1s\u00fa \u00fcltetv\u00e9nyeken haszn\u00e1lhat\u00f3. Az FSI3 ak\u00e1r 50 cm t\u00f6rzs\u00e1tm\u00e9r\u0151j\u0171 f\u00e1k, p\u00e9ld\u00e1ul cseresznye, mirabella, di\u00f3f\u00e9l\u00e9k, szilva vagy alma r\u00e1z\u00e1s\u00e1ra alkalmas k\u00f6zvetlen\u00fcl a t\u00f6rzs\u00f6n. <\/p>\n<p style=\"text-align: center\">A hossz\u00fa teleszk\u00f3pos kar (3 x 100 cm) ak\u00e1r 550 cm t\u00e1vols\u00e1got tesz lehet\u0151v\u00e9 a fat\u00f6rzs \u00e9s a fedez\u00e9k sz\u00e9le k\u00f6z\u00f6tt. Ez azt jelenti, hogy m\u00e9g a lejt\u0151s ter\u00fcleteken l\u00e9v\u0151 f\u00e1k is k\u00f6nnyen el\u00e9rhet\u0151k, \u00e9s az \u00f6reg, nagyon magas f\u00e1k f\u0151 \u00e1gait is gyorsan \u00e9s k\u00f6nnyed\u00e9n lehet megr\u00e1zni. <\/p>\n<p style=\"text-align: center\">Az FSI3 r\u00e1z\u00f3feje nagyon kompakt, ami azt jelenti, hogy rugalmas \u00e9s k\u00f6nnyen r\u00f6gz\u00edthet\u0151 b\u00e1rmely f\u00e1ra. Opci\u00f3k\u00e9nt botkorm\u00e1ny kaphat\u00f3 az \u00fczemeltet\u00e9shez. A magas t\u00f6rzsh\u00f6z \u00e9s \u00fcltetv\u00e9nyre val\u00f3 FSI3 far\u00e1z\u00f3 nagyon sokoldal\u00fa, hat\u00e9kony \u00e9s rugalmas.  <\/p>\n<\/div><div class=\"fusion-clearfix\"><\/div><\/div><\/div><div class=\"fusion-layout-column fusion_builder_column fusion-builder-column-51 fusion_builder_column_1_6 1_6 fusion-one-sixth fusion-column-last\" style=\"--awb-bg-size:cover;width:16.666666666667%;width:calc(16.666666666667% - ( ( 4% + 4% ) * 0.16666666666667 ) );\"><div class=\"fusion-column-wrapper fusion-flex-column-wrapper-legacy\"><div class=\"fusion-clearfix\"><\/div><\/div><\/div><\/div><\/div><div class=\"fusion-fullwidth fullwidth-box fusion-builder-row-26 nonhundred-percent-fullwidth non-hundred-percent-height-scrolling fusion-equal-height-columns\" style=\"--awb-border-radius-top-left:0px;--awb-border-radius-top-right:0px;--awb-border-radius-bottom-right:0px;--awb-border-radius-bottom-left:0px;--awb-padding-top:200px;--awb-background-color:#f2f2f2;--awb-flex-wrap:wrap;\" ><div class=\"fusion-builder-row fusion-row\"><div class=\"fusion-layout-column fusion_builder_column fusion-builder-column-52 fusion_builder_column_1_1 1_1 fusion-one-full fusion-column-first fusion-column-last\" style=\"--awb-bg-size:cover;\"><div class=\"fusion-column-wrapper fusion-flex-column-wrapper-legacy\"><div class=\"fusion-title title fusion-title-5 fusion-sep-none fusion-title-text fusion-title-size-one\" style=\"--awb-margin-top-small:0px;--awb-margin-right-small:0px;--awb-margin-bottom-small:20px;--awb-margin-left-small:0px;\"><h1 class=\"fusion-title-heading title-heading-left fusion-responsive-typography-calculated\" style=\"margin:0;--fontSize:38;line-height:1.33;\">Az FS13 \u2013 Magas t\u00f6rzsh\u00f6z \u00e9s \u00fcltetv\u00e9nyre val\u00f3 far\u00e1z\u00f3 r\u00e9szletei<\/h1><\/div><div class=\"fusion-clearfix\"><\/div><\/div><\/div><\/div><\/div><div class=\"fusion-fullwidth fullwidth-box fusion-builder-row-27 nonhundred-percent-fullwidth non-hundred-percent-height-scrolling fusion-equal-height-columns\" style=\"--awb-border-radius-top-left:0px;--awb-border-radius-top-right:0px;--awb-border-radius-bottom-right:0px;--awb-border-radius-bottom-left:0px;--awb-padding-bottom:100px;--awb-background-color:#f2f2f2;--awb-flex-wrap:wrap;\" ><div class=\"fusion-builder-row fusion-row\"><div class=\"fusion-layout-column fusion_builder_column fusion-builder-column-53 fusion_builder_column_1_4 1_4 fusion-one-fourth fusion-column-first\" style=\"--awb-bg-color:#ffffff;--awb-bg-color-hover:#ffffff;--awb-bg-size:cover;--awb-margin-bottom:40px;width:22%; margin-right: 4%;\"><div class=\"fusion-column-wrapper fusion-flex-column-wrapper-legacy\"><div class=\"fusion-image-element fusion-image-align-center in-legacy-container\" style=\"text-align:center;--awb-caption-title-font-family:var(--h2_typography-font-family);--awb-caption-title-font-weight:var(--h2_typography-font-weight);--awb-caption-title-font-style:var(--h2_typography-font-style);--awb-caption-title-size:var(--h2_typography-font-size);--awb-caption-title-transform:var(--h2_typography-text-transform);--awb-caption-title-line-height:var(--h2_typography-line-height);--awb-caption-title-letter-spacing:var(--h2_typography-letter-spacing);\"><div class=\"imageframe-align-center\"><span class=\" fusion-imageframe imageframe-none imageframe-16 hover-type-zoomin\"><a href=\"https:\/\/feucht-obsttechnik.de\/wp-content\/uploads\/obstsch\u00fcttler-hydraulischer-hochstammschuettler-fsi3-4.jpg\" class=\"fusion-lightbox\" data-rel=\"iLightbox[fsi3]\" data-title=\"FS3 hidraulikus far\u00e1z\u00f3 a Feucht Obsttechnik v\u00e1llalatt\u00f3l\" title=\"FS3 hidraulikus far\u00e1z\u00f3 a Feucht Obsttechnik v\u00e1llalatt\u00f3l\"><img decoding=\"async\" width=\"1600\" height=\"1200\" src=\"https:\/\/feucht-obsttechnik.de\/wp-content\/uploads\/obstsch\u00fcttler-hydraulischer-hochstammschuettler-fsi3-4.jpg\" alt class=\"img-responsive wp-image-10591\" srcset=\"https:\/\/feucht-obsttechnik.de\/wp-content\/uploads\/obstsch\u00fcttler-hydraulischer-hochstammschuettler-fsi3-4-200x150.jpg 200w, https:\/\/feucht-obsttechnik.de\/wp-content\/uploads\/obstsch\u00fcttler-hydraulischer-hochstammschuettler-fsi3-4-400x300.jpg 400w, https:\/\/feucht-obsttechnik.de\/wp-content\/uploads\/obstsch\u00fcttler-hydraulischer-hochstammschuettler-fsi3-4-600x450.jpg 600w, https:\/\/feucht-obsttechnik.de\/wp-content\/uploads\/obstsch\u00fcttler-hydraulischer-hochstammschuettler-fsi3-4-800x600.jpg 800w, https:\/\/feucht-obsttechnik.de\/wp-content\/uploads\/obstsch\u00fcttler-hydraulischer-hochstammschuettler-fsi3-4-1200x900.jpg 1200w, https:\/\/feucht-obsttechnik.de\/wp-content\/uploads\/obstsch\u00fcttler-hydraulischer-hochstammschuettler-fsi3-4.jpg 1600w\" sizes=\"(max-width: 835px) 100vw, 400px\" \/><\/a><\/span><\/div><\/div><div class=\"fusion-clearfix\"><\/div><\/div><\/div><div class=\"fusion-layout-column fusion_builder_column fusion-builder-column-54 fusion_builder_column_1_4 1_4 fusion-one-fourth\" style=\"--awb-bg-color:#ffffff;--awb-bg-color-hover:#ffffff;--awb-bg-size:cover;--awb-margin-bottom:40px;width:22%; margin-right: 4%;\"><div class=\"fusion-column-wrapper fusion-flex-column-wrapper-legacy\"><div class=\"fusion-image-element fusion-image-align-center in-legacy-container\" style=\"text-align:center;--awb-caption-title-font-family:var(--h2_typography-font-family);--awb-caption-title-font-weight:var(--h2_typography-font-weight);--awb-caption-title-font-style:var(--h2_typography-font-style);--awb-caption-title-size:var(--h2_typography-font-size);--awb-caption-title-transform:var(--h2_typography-text-transform);--awb-caption-title-line-height:var(--h2_typography-line-height);--awb-caption-title-letter-spacing:var(--h2_typography-letter-spacing);\"><div class=\"imageframe-align-center\"><span class=\" fusion-imageframe imageframe-none imageframe-17 hover-type-zoomin\"><a href=\"https:\/\/feucht-obsttechnik.de\/wp-content\/uploads\/obstsch\u00fcttler-hydraulischer-hochstammschuettler-fsi3-3.jpg\" class=\"fusion-lightbox\" data-rel=\"iLightbox[fsi3]\" data-title=\"FS3 hidraulikus far\u00e1z\u00f3 a Feucht Obsttechnik v\u00e1llalatt\u00f3l\" title=\"FS3 hidraulikus far\u00e1z\u00f3 a Feucht Obsttechnik v\u00e1llalatt\u00f3l\"><img decoding=\"async\" width=\"1600\" height=\"1200\" src=\"https:\/\/feucht-obsttechnik.de\/wp-content\/uploads\/obstsch\u00fcttler-hydraulischer-hochstammschuettler-fsi3-3.jpg\" alt class=\"img-responsive wp-image-10592\" srcset=\"https:\/\/feucht-obsttechnik.de\/wp-content\/uploads\/obstsch\u00fcttler-hydraulischer-hochstammschuettler-fsi3-3-200x150.jpg 200w, https:\/\/feucht-obsttechnik.de\/wp-content\/uploads\/obstsch\u00fcttler-hydraulischer-hochstammschuettler-fsi3-3-400x300.jpg 400w, https:\/\/feucht-obsttechnik.de\/wp-content\/uploads\/obstsch\u00fcttler-hydraulischer-hochstammschuettler-fsi3-3-600x450.jpg 600w, https:\/\/feucht-obsttechnik.de\/wp-content\/uploads\/obstsch\u00fcttler-hydraulischer-hochstammschuettler-fsi3-3-800x600.jpg 800w, https:\/\/feucht-obsttechnik.de\/wp-content\/uploads\/obstsch\u00fcttler-hydraulischer-hochstammschuettler-fsi3-3-1200x900.jpg 1200w, https:\/\/feucht-obsttechnik.de\/wp-content\/uploads\/obstsch\u00fcttler-hydraulischer-hochstammschuettler-fsi3-3.jpg 1600w\" sizes=\"(max-width: 835px) 100vw, 400px\" \/><\/a><\/span><\/div><\/div><div class=\"fusion-clearfix\"><\/div><\/div><\/div><div class=\"fusion-layout-column fusion_builder_column fusion-builder-column-55 fusion_builder_column_1_4 1_4 fusion-one-fourth\" style=\"--awb-bg-color:#ffffff;--awb-bg-color-hover:#ffffff;--awb-bg-size:cover;--awb-margin-bottom:40px;width:22%; margin-right: 4%;\"><div class=\"fusion-column-wrapper fusion-flex-column-wrapper-legacy\"><div class=\"fusion-image-element fusion-image-align-center in-legacy-container\" style=\"text-align:center;--awb-caption-title-font-family:var(--h2_typography-font-family);--awb-caption-title-font-weight:var(--h2_typography-font-weight);--awb-caption-title-font-style:var(--h2_typography-font-style);--awb-caption-title-size:var(--h2_typography-font-size);--awb-caption-title-transform:var(--h2_typography-text-transform);--awb-caption-title-line-height:var(--h2_typography-line-height);--awb-caption-title-letter-spacing:var(--h2_typography-letter-spacing);\"><div class=\"imageframe-align-center\"><span class=\" fusion-imageframe imageframe-none imageframe-18 hover-type-zoomin\"><a href=\"https:\/\/feucht-obsttechnik.de\/wp-content\/uploads\/obstsch\u00fcttler-hydraulischer-hochstammschuettler-fsi3-2.jpg\" class=\"fusion-lightbox\" data-rel=\"iLightbox[fsi3]\" data-title=\"FS3 hidraulikus far\u00e1z\u00f3 a Feucht Obsttechnik v\u00e1llalatt\u00f3l\" title=\"FS3 hidraulikus far\u00e1z\u00f3 a Feucht Obsttechnik v\u00e1llalatt\u00f3l\"><img decoding=\"async\" width=\"1600\" height=\"1200\" src=\"https:\/\/feucht-obsttechnik.de\/wp-content\/uploads\/obstsch\u00fcttler-hydraulischer-hochstammschuettler-fsi3-2.jpg\" alt class=\"img-responsive wp-image-10597\" srcset=\"https:\/\/feucht-obsttechnik.de\/wp-content\/uploads\/obstsch\u00fcttler-hydraulischer-hochstammschuettler-fsi3-2-200x150.jpg 200w, https:\/\/feucht-obsttechnik.de\/wp-content\/uploads\/obstsch\u00fcttler-hydraulischer-hochstammschuettler-fsi3-2-400x300.jpg 400w, https:\/\/feucht-obsttechnik.de\/wp-content\/uploads\/obstsch\u00fcttler-hydraulischer-hochstammschuettler-fsi3-2-600x450.jpg 600w, https:\/\/feucht-obsttechnik.de\/wp-content\/uploads\/obstsch\u00fcttler-hydraulischer-hochstammschuettler-fsi3-2-800x600.jpg 800w, https:\/\/feucht-obsttechnik.de\/wp-content\/uploads\/obstsch\u00fcttler-hydraulischer-hochstammschuettler-fsi3-2-1200x900.jpg 1200w, https:\/\/feucht-obsttechnik.de\/wp-content\/uploads\/obstsch\u00fcttler-hydraulischer-hochstammschuettler-fsi3-2.jpg 1600w\" sizes=\"(max-width: 835px) 100vw, 400px\" \/><\/a><\/span><\/div><\/div><div class=\"fusion-clearfix\"><\/div><\/div><\/div><div class=\"fusion-layout-column fusion_builder_column fusion-builder-column-56 fusion_builder_column_1_4 1_4 fusion-one-fourth fusion-column-last\" style=\"--awb-bg-color:#ffffff;--awb-bg-color-hover:#ffffff;--awb-bg-size:cover;--awb-margin-bottom:40px;width:22%;\"><div class=\"fusion-column-wrapper fusion-flex-column-wrapper-legacy\"><div class=\"fusion-image-element fusion-image-align-center in-legacy-container\" style=\"text-align:center;--awb-caption-title-font-family:var(--h2_typography-font-family);--awb-caption-title-font-weight:var(--h2_typography-font-weight);--awb-caption-title-font-style:var(--h2_typography-font-style);--awb-caption-title-size:var(--h2_typography-font-size);--awb-caption-title-transform:var(--h2_typography-text-transform);--awb-caption-title-line-height:var(--h2_typography-line-height);--awb-caption-title-letter-spacing:var(--h2_typography-letter-spacing);\"><div class=\"imageframe-align-center\"><span class=\" fusion-imageframe imageframe-none imageframe-19 hover-type-zoomin\"><a href=\"https:\/\/feucht-obsttechnik.de\/wp-content\/uploads\/obstsch\u00fcttler-hydraulischer-hochstammschuettler-fsi3-1.jpg\" class=\"fusion-lightbox\" data-rel=\"iLightbox[fsi3]\" data-title=\"FS3 hidraulikus far\u00e1z\u00f3 a Feucht Obsttechnik v\u00e1llalatt\u00f3l\" title=\"FS3 hidraulikus far\u00e1z\u00f3 a Feucht Obsttechnik v\u00e1llalatt\u00f3l\"><img decoding=\"async\" width=\"1600\" height=\"1200\" src=\"https:\/\/feucht-obsttechnik.de\/wp-content\/uploads\/obstsch\u00fcttler-hydraulischer-hochstammschuettler-fsi3-1.jpg\" alt class=\"img-responsive wp-image-10600\" srcset=\"https:\/\/feucht-obsttechnik.de\/wp-content\/uploads\/obstsch\u00fcttler-hydraulischer-hochstammschuettler-fsi3-1-200x150.jpg 200w, https:\/\/feucht-obsttechnik.de\/wp-content\/uploads\/obstsch\u00fcttler-hydraulischer-hochstammschuettler-fsi3-1-400x300.jpg 400w, https:\/\/feucht-obsttechnik.de\/wp-content\/uploads\/obstsch\u00fcttler-hydraulischer-hochstammschuettler-fsi3-1-600x450.jpg 600w, https:\/\/feucht-obsttechnik.de\/wp-content\/uploads\/obstsch\u00fcttler-hydraulischer-hochstammschuettler-fsi3-1-800x600.jpg 800w, https:\/\/feucht-obsttechnik.de\/wp-content\/uploads\/obstsch\u00fcttler-hydraulischer-hochstammschuettler-fsi3-1-1200x900.jpg 1200w, https:\/\/feucht-obsttechnik.de\/wp-content\/uploads\/obstsch\u00fcttler-hydraulischer-hochstammschuettler-fsi3-1.jpg 1600w\" sizes=\"(max-width: 835px) 100vw, 400px\" \/><\/a><\/span><\/div><\/div><div class=\"fusion-clearfix\"><\/div><\/div><\/div><\/div><\/div><div class=\"fusion-fullwidth fullwidth-box fusion-builder-row-28 nonhundred-percent-fullwidth non-hundred-percent-height-scrolling fusion-equal-height-columns\" style=\"--awb-border-radius-top-left:0px;--awb-border-radius-top-right:0px;--awb-border-radius-bottom-right:0px;--awb-border-radius-bottom-left:0px;--awb-padding-bottom:100px;--awb-background-color:#f2f2f2;--awb-flex-wrap:wrap;\" ><div class=\"fusion-builder-row fusion-row\"><div class=\"fusion-layout-column fusion_builder_column fusion-builder-column-57 fusion_builder_column_1_2 1_2 fusion-one-half fusion-column-first\" style=\"--awb-bg-color:#ffffff;--awb-bg-color-hover:#ffffff;--awb-bg-size:cover;--awb-margin-bottom:40px;width:48%; margin-right: 4%;\"><div class=\"fusion-column-wrapper fusion-flex-column-wrapper-legacy\"><div class=\"fusion-text fusion-text-19\"><div style=\"padding: 25px\">\n<h2>El\u0151ny\u00f6k<\/h2>\n<ul>\n<li>nagyon sokoldal\u00fa \u00e9s rugalmas felhaszn\u00e1l\u00e1s a magas t\u00f6rzs\u0171 gy\u00fcm\u00f6lcs\u00f6s\u00f6kben \u00e9s \u00fcltetv\u00e9nyeken<\/li>\n<li>az FS13 far\u00e1z\u00f3nak saj\u00e1t olajell\u00e1t\u00e1sa van<\/li>\n<li>a r\u00e1z\u00f3nak saj\u00e1t vez\u00e9rl\u0151eszk\u00f6ze van; opci\u00f3k\u00e9nt kaphat\u00f3 botkorm\u00e1ny<\/li>\n<li>jobbra \u00e9s h\u00e1tra 90\u00b0-ban elford\u00edthat\u00f3 r\u00e1z\u00f3fej<\/li>\n<li>ak\u00e1r 50 cm t\u00f6rzs\u00e1tm\u00e9r\u0151j\u0171 f\u00e1k megr\u00e1z\u00e1sa<\/li>\n<li>jelent\u0151s n\u00f6veked\u00e9s a betakar\u00edt\u00e1s j\u00f6vedelmez\u0151s\u00e9g\u00e9ben; \u00f3r\u00e1nk\u00e9nt ak\u00e1r 75 magas t\u00f6rzs\u0171 fa \u00e9s intenz\u00edv \u00fcltetv\u00e9nyeken ak\u00e1r kb. 200 fa betakar\u00edt\u00e1sa lehets\u00e9ges <\/li>\n<li>a hossz\u00fa teleszk\u00f3pos kar (3 x 1 m) ak\u00e1r 5,50 m maxim\u00e1lis t\u00e1vols\u00e1got tesz lehet\u0151v\u00e9 a fat\u00f6rzs \u00e9s a fedez\u00e9k sz\u00e9le k\u00f6z\u00f6tt<\/li>\n<li>a r\u00e1z\u00f3fej r\u00f6gz\u00edthet\u0151, ami lehet\u0151v\u00e9 teszi a f\u00e1k megr\u00e1z\u00e1s\u00e1t egyetlen kezel\u0151vel, aki a traktoron \u00fcl<\/li>\n<li>a r\u00e1z\u00f3fej kiakaszthat\u00f3; ez lehet\u0151v\u00e9 teszi k\u00e9t ember k\u00f6z\u00f6s munk\u00e1j\u00e1t: egy ember a traktoron \u00fcl, egy ember pedig a r\u00e1z\u00f3fejet a f\u00e1kra akasztja <\/li>\n<\/ul>\n<\/div>\n<\/div><div class=\"fusion-clearfix\"><\/div><\/div><\/div><div class=\"fusion-layout-column fusion_builder_column fusion-builder-column-58 fusion_builder_column_1_2 1_2 fusion-one-half fusion-column-last\" style=\"--awb-bg-color:#ffffff;--awb-bg-color-hover:#ffffff;--awb-bg-size:cover;width:48%;\"><div class=\"fusion-column-wrapper fusion-flex-column-wrapper-legacy\"><div class=\"fusion-text fusion-text-20\"><div style=\"padding: 25px\">\n<h2>M\u0171szaki adatok<\/h2>\n<\/div>\n<\/div>\n<div class=\"table-2\">\n<table width=\"100%\">\n<tbody>\n<tr>\n<td align=\"left\">Hossz\u00fas\u00e1g:<\/td>\n<td align=\"left\">220 cm<\/td>\n<\/tr>\n<tr>\n<td align=\"left\">Sz\u00e9less\u00e9g:<\/td>\n<td align=\"left\">220 cm<\/td>\n<\/tr>\n<tr>\n<td align=\"left\">Magass\u00e1g:<\/td>\n<td align=\"left\">180 cm<\/td>\n<\/tr>\n<tr>\n<td align=\"left\">Helysz\u00edn t\u00edpusa:<\/td>\n<td align=\"left\">Magas t\u00f6rzs\u0171 f\u00e1k \u00e9s intenz\u00edv gazd\u00e1lkod\u00e1s\u00fa \u00fcltetv\u00e9nyek<\/td>\n<\/tr>\n<tr>\n<td align=\"left\">Max. r\u00f6gz\u00edt\u00e9si ter\u00fclet <\/td>\n<td align=\"left\">50 cm<\/td>\n<\/tr>\n<tr>\n<td align=\"left\">R\u00e1z\u00e1si teljes\u00edtm\u00e9ny:<\/td>\n<td align=\"left\">ak\u00e1r 75 fa\/h (magas t\u00f6rzs)<br \/>\nak\u00e1r 150\u2013200 fa\/h (intenz\u00edv)<\/td>\n<\/tr>\n<tr>\n<td align=\"left\">S\u00faly:<\/td>\n<td align=\"left\">820 kg<\/td>\n<\/tr>\n<tr>\n<td align=\"left\">teleszk\u00f3p:<\/td>\n<td align=\"left\">3 x 1 m h\u00e1trafel\u00e9 kiny\u00fajthat\u00f3, max. 5,5 m (magas t\u00f6rzs)<br \/>\nOldals\u00f3 nyomvonal sz\u00e9less\u00e9ge + 0,5 m, 3 x 1 m h\u00e1trafel\u00e9 kiny\u00fajthat\u00f3, max. 3,50 m oldalra (gy\u00fcm\u00f6lcs\u00f6s\u00f6k) <\/td>\n<\/tr>\n<tr>\n<td align=\"left\">traktor min. teljes\u00edtm\u00e9nye:<\/td>\n<td align=\"left\">80 LE<\/td>\n<\/tr>\n<tr>\n<td align=\"left\">Szivatty\u00fateljes\u00edtm\u00e9ny:<\/td>\n<td align=\"left\">kb. 40 l\/perc<\/td>\n<\/tr>\n<tr>\n<td rowspan=\"3\">Saj\u00e1toss\u00e1gok:<\/td>\n<td align=\"left\">Egyemberes munka (r\u00f6gz\u00edtett r\u00e1z\u00f3fej) vagy k\u00e9temberes munka (kiakasztott r\u00e1z\u00f3fej)<\/td>\n<\/tr>\n<tr>\n<td align=\"left\">Hossz\u00fa teleszk\u00f3pos kar (3 x 1 m)<\/td>\n<\/tr>\n<tr>\n<td align=\"left\">Saj\u00e1t olajell\u00e1t\u00e1s \u00e9s vez\u00e9rl\u0151eszk\u00f6z<\/td>\n<\/tr>\n<tr>\n<td>Opcion\u00e1lisan:<\/td>\n<td align=\"left\">Botkorm\u00e1ny<\/td>\n<\/tr>\n<\/tbody>\n<\/table>\n<\/div>\n<div class=\"fusion-clearfix\"><\/div><\/div><\/div><\/div><\/div><div class=\"fusion-fullwidth fullwidth-box fusion-builder-row-29 nonhundred-percent-fullwidth non-hundred-percent-height-scrolling\" style=\"--awb-border-radius-top-left:0px;--awb-border-radius-top-right:0px;--awb-border-radius-bottom-right:0px;--awb-border-radius-bottom-left:0px;--awb-flex-wrap:wrap;\" ><div class=\"fusion-builder-row fusion-row\"><div class=\"fusion-layout-column fusion_builder_column fusion-builder-column-59 fusion_builder_column_1_1 1_1 fusion-one-full fusion-column-first fusion-column-last\" style=\"--awb-padding-top:0px;--awb-padding-right:0px;--awb-padding-bottom:0px;--awb-padding-left:0px;--awb-bg-size:cover;--awb-margin-bottom:0px;\"><div class=\"fusion-column-wrapper fusion-column-has-shadow fusion-flex-column-wrapper-legacy\"><div class=\"fusion-menu-anchor\" id=\"stammschuettler-hydraulisch-vhd\"><\/div><div class=\"fusion-clearfix\"><\/div><\/div><\/div><\/div><\/div><div class=\"fusion-fullwidth fullwidth-box fusion-builder-row-30 fusion-parallax-none nonhundred-percent-fullwidth non-hundred-percent-height-scrolling\" style=\"--awb-border-radius-top-left:0px;--awb-border-radius-top-right:0px;--awb-border-radius-bottom-right:0px;--awb-border-radius-bottom-left:0px;--awb-padding-top:200px;--awb-background-image:url(&quot;https:\/\/feucht-obsttechnik.de\/wp-content\/uploads\/obstsch\u00fcttler-divider-hydraulischer-stammschuettler-vhd.jpg&quot;);--awb-background-size:cover;--awb-flex-wrap:wrap;\" ><div class=\"fusion-builder-row fusion-row\"><div class=\"fusion-layout-column fusion_builder_column fusion-builder-column-60 fusion_builder_column_1_6 1_6 fusion-one-sixth fusion-column-first\" style=\"--awb-bg-size:cover;width:16.666666666667%;width:calc(16.666666666667% - ( ( 4% + 4% ) * 0.16666666666667 ) );margin-right: 4%;\"><div class=\"fusion-column-wrapper fusion-flex-column-wrapper-legacy\"><div class=\"fusion-clearfix\"><\/div><\/div><\/div><div class=\"fusion-layout-column fusion_builder_column fusion-builder-column-61 fusion_builder_column_2_3 2_3 fusion-two-third\" style=\"--awb-padding-top:50px;--awb-padding-right:50px;--awb-padding-bottom:50px;--awb-padding-left:50px;--awb-bg-color:rgba(255,255,255,0.9);--awb-bg-color-hover:rgba(255,255,255,0.9);--awb-bg-size:cover;--awb-margin-bottom:-100px;width:66.666666666667%;width:calc(66.666666666667% - ( ( 4% + 4% ) * 0.66666666666667 ) );margin-right: 4%;\"><div class=\"fusion-column-wrapper fusion-column-has-shadow fusion-flex-column-wrapper-legacy\"><div class=\"fusion-text fusion-text-21\"><h2 style=\"text-align: center\">VHD \/ B \/ E \u2013 Far\u00e1z\u00f3<\/h2>\n<p style=\"text-align: center\"><strong>10\u201360 cm t\u00f6rzs\u00e1tm\u00e9r\u0151kh\u00f6z.<\/strong><\/p>\n<p style=\"text-align: center\">A far\u00e1z\u00f3k vez\u00e9rl\u00e9s\u00fck m\u00f3dj\u00e1ban t\u00e9rnek el. Ez vagy a traktor vez\u00e9rl\u0151eszk\u00f6z\u00e9vel, vagy a r\u00e1z\u00f3kba beszerelt hidraulikus (mechanikus \/ elektromos) vez\u00e9rl\u0151eszk\u00f6z\u00f6kkel t\u00f6rt\u00e9nik. <\/p>\n<p style=\"text-align: center\">A VHB far\u00e1z\u00f3 lesz\u00e1ll\u00edt\u00e1sa hidraulikus vez\u00e9rl\u0151eszk\u00f6z n\u00e9lk\u00fcl t\u00f6rt\u00e9nik. A VHD far\u00e1z\u00f3 mechanikus vez\u00e9rl\u0151eszk\u00f6zzel van felszerelve. A VHE far\u00e1z\u00f3 elektromos vez\u00e9rl\u0151eszk\u00f6zzel rendelkezik. A far\u00e1z\u00f3k l\u00e9nyegi fel\u00e9p\u00edt\u00e9se egy\u00e9bk\u00e9nt azonos.   <\/p>\n<\/div><div class=\"fusion-clearfix\"><\/div><\/div><\/div><div class=\"fusion-layout-column fusion_builder_column fusion-builder-column-62 fusion_builder_column_1_6 1_6 fusion-one-sixth fusion-column-last\" style=\"--awb-bg-size:cover;width:16.666666666667%;width:calc(16.666666666667% - ( ( 4% + 4% ) * 0.16666666666667 ) );\"><div class=\"fusion-column-wrapper fusion-flex-column-wrapper-legacy\"><div class=\"fusion-clearfix\"><\/div><\/div><\/div><\/div><\/div><div class=\"fusion-fullwidth fullwidth-box fusion-builder-row-31 nonhundred-percent-fullwidth non-hundred-percent-height-scrolling fusion-equal-height-columns\" style=\"--awb-border-radius-top-left:0px;--awb-border-radius-top-right:0px;--awb-border-radius-bottom-right:0px;--awb-border-radius-bottom-left:0px;--awb-padding-top:200px;--awb-background-color:#f2f2f2;--awb-flex-wrap:wrap;\" ><div class=\"fusion-builder-row fusion-row\"><div class=\"fusion-layout-column fusion_builder_column fusion-builder-column-63 fusion_builder_column_1_1 1_1 fusion-one-full fusion-column-first fusion-column-last\" style=\"--awb-bg-size:cover;\"><div class=\"fusion-column-wrapper fusion-flex-column-wrapper-legacy\"><div class=\"fusion-title title fusion-title-6 fusion-sep-none fusion-title-text fusion-title-size-one\" style=\"--awb-margin-top-small:0px;--awb-margin-right-small:0px;--awb-margin-bottom-small:20px;--awb-margin-left-small:0px;\"><h1 class=\"fusion-title-heading title-heading-left fusion-responsive-typography-calculated\" style=\"margin:0;--fontSize:38;line-height:1.33;\">A VHD \/ B \/ E \u2013 Far\u00e1z\u00f3 r\u00e9szletei<\/h1><\/div><div class=\"fusion-clearfix\"><\/div><\/div><\/div><\/div><\/div><div class=\"fusion-fullwidth fullwidth-box fusion-builder-row-32 nonhundred-percent-fullwidth non-hundred-percent-height-scrolling fusion-equal-height-columns\" style=\"--awb-border-radius-top-left:0px;--awb-border-radius-top-right:0px;--awb-border-radius-bottom-right:0px;--awb-border-radius-bottom-left:0px;--awb-padding-bottom:100px;--awb-background-color:#f2f2f2;--awb-flex-wrap:wrap;\" ><div class=\"fusion-builder-row fusion-row\"><div class=\"fusion-layout-column fusion_builder_column fusion-builder-column-64 fusion_builder_column_1_3 1_3 fusion-one-third fusion-column-first\" style=\"--awb-bg-color:#ffffff;--awb-bg-color-hover:#ffffff;--awb-bg-size:cover;--awb-margin-bottom:40px;width:30.6666%; margin-right: 4%;\"><div class=\"fusion-column-wrapper fusion-flex-column-wrapper-legacy\"><div class=\"fusion-image-element fusion-image-align-center in-legacy-container\" style=\"text-align:center;--awb-caption-title-font-family:var(--h2_typography-font-family);--awb-caption-title-font-weight:var(--h2_typography-font-weight);--awb-caption-title-font-style:var(--h2_typography-font-style);--awb-caption-title-size:var(--h2_typography-font-size);--awb-caption-title-transform:var(--h2_typography-text-transform);--awb-caption-title-line-height:var(--h2_typography-line-height);--awb-caption-title-letter-spacing:var(--h2_typography-letter-spacing);\"><div class=\"imageframe-align-center\"><span class=\" fusion-imageframe imageframe-none imageframe-20 hover-type-zoomin\"><a href=\"https:\/\/feucht-obsttechnik.de\/wp-content\/uploads\/obstsch\u00fcttler-hydraulischer-stammschuettler-vhd-1.jpg\" class=\"fusion-lightbox\" data-rel=\"iLightbox[vhd\/b\/e]\" data-title=\"VHD \/ B \/E hidraulikus far\u00e1z\u00f3 a Feucht Obsttechnik v\u00e1llalatt\u00f3l\" title=\"VHD \/ B \/E hidraulikus far\u00e1z\u00f3 a Feucht Obsttechnik v\u00e1llalatt\u00f3l\"><img decoding=\"async\" width=\"1600\" height=\"1200\" src=\"https:\/\/feucht-obsttechnik.de\/wp-content\/uploads\/obstsch\u00fcttler-hydraulischer-stammschuettler-vhd-1.jpg\" alt class=\"img-responsive wp-image-10561\" srcset=\"https:\/\/feucht-obsttechnik.de\/wp-content\/uploads\/obstsch\u00fcttler-hydraulischer-stammschuettler-vhd-1-200x150.jpg 200w, https:\/\/feucht-obsttechnik.de\/wp-content\/uploads\/obstsch\u00fcttler-hydraulischer-stammschuettler-vhd-1-400x300.jpg 400w, https:\/\/feucht-obsttechnik.de\/wp-content\/uploads\/obstsch\u00fcttler-hydraulischer-stammschuettler-vhd-1-600x450.jpg 600w, https:\/\/feucht-obsttechnik.de\/wp-content\/uploads\/obstsch\u00fcttler-hydraulischer-stammschuettler-vhd-1-800x600.jpg 800w, https:\/\/feucht-obsttechnik.de\/wp-content\/uploads\/obstsch\u00fcttler-hydraulischer-stammschuettler-vhd-1-1200x900.jpg 1200w, https:\/\/feucht-obsttechnik.de\/wp-content\/uploads\/obstsch\u00fcttler-hydraulischer-stammschuettler-vhd-1.jpg 1600w\" sizes=\"(max-width: 835px) 100vw, 400px\" \/><\/a><\/span><\/div><\/div><div class=\"fusion-clearfix\"><\/div><\/div><\/div><div class=\"fusion-layout-column fusion_builder_column fusion-builder-column-65 fusion_builder_column_1_3 1_3 fusion-one-third\" style=\"--awb-bg-color:#ffffff;--awb-bg-color-hover:#ffffff;--awb-bg-size:cover;width:30.6666%; margin-right: 4%;\"><div class=\"fusion-column-wrapper fusion-flex-column-wrapper-legacy\"><div class=\"fusion-image-element fusion-image-align-center in-legacy-container\" style=\"text-align:center;--awb-caption-title-font-family:var(--h2_typography-font-family);--awb-caption-title-font-weight:var(--h2_typography-font-weight);--awb-caption-title-font-style:var(--h2_typography-font-style);--awb-caption-title-size:var(--h2_typography-font-size);--awb-caption-title-transform:var(--h2_typography-text-transform);--awb-caption-title-line-height:var(--h2_typography-line-height);--awb-caption-title-letter-spacing:var(--h2_typography-letter-spacing);\"><div class=\"imageframe-align-center\"><span class=\" fusion-imageframe imageframe-none imageframe-21 hover-type-zoomin\"><a href=\"https:\/\/feucht-obsttechnik.de\/wp-content\/uploads\/obstsch\u00fcttler-hydraulischer-stammschuettler-vhd-2.jpg\" class=\"fusion-lightbox\" data-rel=\"iLightbox[vhd\/b\/e]\" data-title=\"VHD \/ B \/E hidraulikus far\u00e1z\u00f3 a Feucht Obsttechnik v\u00e1llalatt\u00f3l\" title=\"VHD \/ B \/E hidraulikus far\u00e1z\u00f3 a Feucht Obsttechnik v\u00e1llalatt\u00f3l\"><img decoding=\"async\" width=\"1600\" height=\"1200\" src=\"https:\/\/feucht-obsttechnik.de\/wp-content\/uploads\/obstsch\u00fcttler-hydraulischer-stammschuettler-vhd-2.jpg\" alt class=\"img-responsive wp-image-10564\" srcset=\"https:\/\/feucht-obsttechnik.de\/wp-content\/uploads\/obstsch\u00fcttler-hydraulischer-stammschuettler-vhd-2-200x150.jpg 200w, https:\/\/feucht-obsttechnik.de\/wp-content\/uploads\/obstsch\u00fcttler-hydraulischer-stammschuettler-vhd-2-400x300.jpg 400w, https:\/\/feucht-obsttechnik.de\/wp-content\/uploads\/obstsch\u00fcttler-hydraulischer-stammschuettler-vhd-2-600x450.jpg 600w, https:\/\/feucht-obsttechnik.de\/wp-content\/uploads\/obstsch\u00fcttler-hydraulischer-stammschuettler-vhd-2-800x600.jpg 800w, https:\/\/feucht-obsttechnik.de\/wp-content\/uploads\/obstsch\u00fcttler-hydraulischer-stammschuettler-vhd-2-1200x900.jpg 1200w, https:\/\/feucht-obsttechnik.de\/wp-content\/uploads\/obstsch\u00fcttler-hydraulischer-stammschuettler-vhd-2.jpg 1600w\" sizes=\"(max-width: 835px) 100vw, 400px\" \/><\/a><\/span><\/div><\/div><div class=\"fusion-clearfix\"><\/div><\/div><\/div><div class=\"fusion-layout-column fusion_builder_column fusion-builder-column-66 fusion_builder_column_1_3 1_3 fusion-one-third fusion-column-last\" style=\"--awb-bg-color:#ffffff;--awb-bg-color-hover:#ffffff;--awb-bg-size:cover;width:30.6666%;\"><div class=\"fusion-column-wrapper fusion-flex-column-wrapper-legacy\"><div class=\"fusion-image-element fusion-image-align-center in-legacy-container\" style=\"text-align:center;--awb-caption-title-font-family:var(--h2_typography-font-family);--awb-caption-title-font-weight:var(--h2_typography-font-weight);--awb-caption-title-font-style:var(--h2_typography-font-style);--awb-caption-title-size:var(--h2_typography-font-size);--awb-caption-title-transform:var(--h2_typography-text-transform);--awb-caption-title-line-height:var(--h2_typography-line-height);--awb-caption-title-letter-spacing:var(--h2_typography-letter-spacing);\"><div class=\"imageframe-align-center\"><span class=\" fusion-imageframe imageframe-none imageframe-22 hover-type-zoomin\"><a href=\"https:\/\/feucht-obsttechnik.de\/wp-content\/uploads\/obstsch\u00fcttler-hydraulischer-stammschuettler-vhd-3.jpg\" class=\"fusion-lightbox\" data-rel=\"iLightbox[vhd\/b\/e]\" data-title=\"VHD \/ B \/E hidraulikus far\u00e1z\u00f3 a Feucht Obsttechnik v\u00e1llalatt\u00f3l\" title=\"VHD \/ B \/E hidraulikus far\u00e1z\u00f3 a Feucht Obsttechnik v\u00e1llalatt\u00f3l\"><img decoding=\"async\" width=\"1600\" height=\"1200\" src=\"https:\/\/feucht-obsttechnik.de\/wp-content\/uploads\/obstsch\u00fcttler-hydraulischer-stammschuettler-vhd-3.jpg\" alt class=\"img-responsive wp-image-10568\" srcset=\"https:\/\/feucht-obsttechnik.de\/wp-content\/uploads\/obstsch\u00fcttler-hydraulischer-stammschuettler-vhd-3-200x150.jpg 200w, https:\/\/feucht-obsttechnik.de\/wp-content\/uploads\/obstsch\u00fcttler-hydraulischer-stammschuettler-vhd-3-400x300.jpg 400w, https:\/\/feucht-obsttechnik.de\/wp-content\/uploads\/obstsch\u00fcttler-hydraulischer-stammschuettler-vhd-3-600x450.jpg 600w, https:\/\/feucht-obsttechnik.de\/wp-content\/uploads\/obstsch\u00fcttler-hydraulischer-stammschuettler-vhd-3-800x600.jpg 800w, https:\/\/feucht-obsttechnik.de\/wp-content\/uploads\/obstsch\u00fcttler-hydraulischer-stammschuettler-vhd-3-1200x900.jpg 1200w, https:\/\/feucht-obsttechnik.de\/wp-content\/uploads\/obstsch\u00fcttler-hydraulischer-stammschuettler-vhd-3.jpg 1600w\" sizes=\"(max-width: 835px) 100vw, 400px\" \/><\/a><\/span><\/div><\/div><div class=\"fusion-clearfix\"><\/div><\/div><\/div><\/div><\/div><div class=\"fusion-fullwidth fullwidth-box fusion-builder-row-33 nonhundred-percent-fullwidth non-hundred-percent-height-scrolling fusion-equal-height-columns\" style=\"--awb-border-radius-top-left:0px;--awb-border-radius-top-right:0px;--awb-border-radius-bottom-right:0px;--awb-border-radius-bottom-left:0px;--awb-padding-bottom:100px;--awb-background-color:#f2f2f2;--awb-flex-wrap:wrap;\" ><div class=\"fusion-builder-row fusion-row\"><div class=\"fusion-layout-column fusion_builder_column fusion-builder-column-67 fusion_builder_column_1_2 1_2 fusion-one-half fusion-column-first\" style=\"--awb-bg-color:#ffffff;--awb-bg-color-hover:#ffffff;--awb-bg-size:cover;--awb-margin-bottom:40px;width:48%; margin-right: 4%;\"><div class=\"fusion-column-wrapper fusion-flex-column-wrapper-legacy\"><div class=\"fusion-text fusion-text-22\"><div style=\"padding: 25px\">\n<h2>El\u0151ny\u00f6k<\/h2>\n<ul>\n<li>egyszer\u0171 m\u0171k\u00f6d\u00e9s<\/li>\n<li>fa- \u00e9s gy\u00f6k\u00e9rbar\u00e1t r\u00e1z\u00e1s<\/li>\n<li>fiatal \u00e9s id\u0151s f\u00e1khoz is alkalmas<\/li>\n<li>1\u201320 m\u00e9ter famagass\u00e1gokhoz alkalmas<\/li>\n<li>dinamikus ind\u00edt\u00e1s a hidraulikus hajt\u00e1snak k\u00f6sz\u00f6nhet\u0151en<\/li>\n<li class=\"last\">a v\u00e1zt\u00f3l f\u00fcggetlen, l\u00e1ncokra f\u00fcggesztett r\u00e1z\u00f3fej<\/li>\n<\/ul>\n<\/div>\n<\/div><div class=\"fusion-clearfix\"><\/div><\/div><\/div><div class=\"fusion-layout-column fusion_builder_column fusion-builder-column-68 fusion_builder_column_1_2 1_2 fusion-one-half fusion-column-last\" style=\"--awb-bg-color:#ffffff;--awb-bg-color-hover:#ffffff;--awb-bg-size:cover;width:48%;\"><div class=\"fusion-column-wrapper fusion-flex-column-wrapper-legacy\"><div class=\"fusion-text fusion-text-23\"><div style=\"padding: 25px\">\n<h2>M\u0171szaki adatok<\/h2>\n<\/div>\n<\/div>\n<div class=\"table-2\">\n<table width=\"100%\">\n<tbody>\n<tr>\n<td align=\"left\">Hossz\u00fas\u00e1g:<\/td>\n<td align=\"left\">300 cm<\/td>\n<\/tr>\n<tr>\n<td align=\"left\">Sz\u00e9less\u00e9g:<\/td>\n<td align=\"left\">170 cm<\/td>\n<\/tr>\n<tr>\n<td align=\"left\">Magass\u00e1g:<\/td>\n<td align=\"left\">115 cm<\/td>\n<\/tr>\n<tr>\n<td align=\"left\">Helysz\u00edn t\u00edpusa:<\/td>\n<td align=\"left\">Magas t\u00f6rzs<\/td>\n<\/tr>\n<tr>\n<td align=\"left\">Max. r\u00f6gz\u00edt\u00e9si ter\u00fclet: <\/td>\n<td align=\"left\">60 cm<\/td>\n<\/tr>\n<tr>\n<td align=\"left\">R\u00e1z\u00e1si teljes\u00edtm\u00e9ny:<\/td>\n<td align=\"left\">ak\u00e1r 75 fa\/h<\/td>\n<\/tr>\n<tr>\n<td align=\"left\">S\u00faly:<\/td>\n<td align=\"left\">660 kg<\/td>\n<\/tr>\n<tr>\n<td align=\"left\">traktor min. teljes\u00edtm\u00e9nye:<\/td>\n<td align=\"left\">80 LE<\/td>\n<\/tr>\n<tr>\n<td align=\"left\">Hidraulikaolaj-tart\u00e1ly:<\/td>\n<td align=\"left\">30 l<\/td>\n<\/tr>\n<tr>\n<td rowspan=\"3\">Saj\u00e1toss\u00e1gok:<\/td>\n<td align=\"left\">A hidraulikus ind\u00edt\u00e1s dinamikus hajt\u00e1st tesz lehet\u0151v\u00e9<\/td>\n<\/tr>\n<tr>\n<td align=\"left\">A VHD-t k\u00e9t fed\u00e9lzeti mechanikus vez\u00e9rl\u0151egys\u00e9g nyitja<\/td>\n<\/tr>\n<tr>\n<td align=\"left\">A VHE eset\u00e9ben a r\u00e1z\u00f3fej nyit\u00e1sa, z\u00e1r\u00e1sa \u00e9s rezget\u00e9se a vezet\u0151f\u00fclk\u00e9ben l\u00e9v\u0151 botkorm\u00e1nnyal \u00e9s fed\u00e9lzeti elektromos vez\u00e9rl\u0151egys\u00e9gekkel t\u00f6rt\u00e9nik<\/td>\n<\/tr>\n<\/tbody>\n<\/table>\n<\/div>\n<div class=\"fusion-clearfix\"><\/div><\/div><\/div><\/div><\/div><div class=\"fusion-fullwidth fullwidth-box fusion-builder-row-34 nonhundred-percent-fullwidth non-hundred-percent-height-scrolling\" style=\"--awb-border-radius-top-left:0px;--awb-border-radius-top-right:0px;--awb-border-radius-bottom-right:0px;--awb-border-radius-bottom-left:0px;--awb-flex-wrap:wrap;\" ><div class=\"fusion-builder-row fusion-row\"><div class=\"fusion-layout-column fusion_builder_column fusion-builder-column-69 fusion_builder_column_1_1 1_1 fusion-one-full fusion-column-first fusion-column-last\" style=\"--awb-padding-top:0px;--awb-padding-right:0px;--awb-padding-bottom:0px;--awb-padding-left:0px;--awb-bg-size:cover;--awb-margin-bottom:0px;\"><div class=\"fusion-column-wrapper fusion-column-has-shadow fusion-flex-column-wrapper-legacy\"><div class=\"fusion-menu-anchor\" id=\"stammschuettler-hydraulisch-vhy\"><\/div><div class=\"fusion-clearfix\"><\/div><\/div><\/div><\/div><\/div><div class=\"fusion-fullwidth fullwidth-box fusion-builder-row-35 fusion-parallax-none nonhundred-percent-fullwidth non-hundred-percent-height-scrolling\" style=\"--awb-border-radius-top-left:0px;--awb-border-radius-top-right:0px;--awb-border-radius-bottom-right:0px;--awb-border-radius-bottom-left:0px;--awb-padding-top:200px;--awb-background-image:url(&quot;https:\/\/feucht-obsttechnik.de\/wp-content\/uploads\/obstsch\u00fcttler-divider-hydraulischer-stammschuettler-vhy.jpg&quot;);--awb-background-size:cover;--awb-flex-wrap:wrap;\" ><div class=\"fusion-builder-row fusion-row\"><div class=\"fusion-layout-column fusion_builder_column fusion-builder-column-70 fusion_builder_column_1_6 1_6 fusion-one-sixth fusion-column-first\" style=\"--awb-bg-size:cover;width:16.666666666667%;width:calc(16.666666666667% - ( ( 4% + 4% ) * 0.16666666666667 ) );margin-right: 4%;\"><div class=\"fusion-column-wrapper fusion-flex-column-wrapper-legacy\"><div class=\"fusion-clearfix\"><\/div><\/div><\/div><div class=\"fusion-layout-column fusion_builder_column fusion-builder-column-71 fusion_builder_column_2_3 2_3 fusion-two-third\" style=\"--awb-padding-top:50px;--awb-padding-right:50px;--awb-padding-bottom:50px;--awb-padding-left:50px;--awb-bg-color:rgba(255,255,255,0.9);--awb-bg-color-hover:rgba(255,255,255,0.9);--awb-bg-size:cover;--awb-margin-bottom:-100px;width:66.666666666667%;width:calc(66.666666666667% - ( ( 4% + 4% ) * 0.66666666666667 ) );margin-right: 4%;\"><div class=\"fusion-column-wrapper fusion-column-has-shadow fusion-flex-column-wrapper-legacy\"><div class=\"fusion-text fusion-text-24\"><h2 style=\"text-align: center\">VHY \u2013 Far\u00e1z\u00f3<\/h2>\n<p style=\"text-align: center\"><strong>R\u00e1zzon meg \u00f3r\u00e1nk\u00e9nt ak\u00e1r 75 f\u00e1t maximum 60 cm \u00e1tm\u00e9r\u0151vel a VHY far\u00e1z\u00f3val.<\/strong><\/p>\n<p style=\"text-align: center\">A VHY far\u00e1z\u00f3 \u00f3r\u00e1nk\u00e9nt ak\u00e1r 75 fa r\u00e1z\u00e1s\u00e1ra k\u00e9pes forgathat\u00f3 r\u00e1z\u00f3fej\u00e9nek k\u00f6sz\u00f6nhet\u0151en. A hidraulikus r\u00e1z\u00f3fej ir\u00e1nya megk\u00f6nny\u00edti a kezel\u0151 munk\u00e1j\u00e1t \u00e9s n\u00f6veli a far\u00e1z\u00f3 hat\u00e9konys\u00e1g\u00e1t. <\/p>\n<p style=\"text-align: center\">A teljes\u00edt\u0151k\u00e9pes far\u00e1z\u00f3 cs\u00f6kkenti tov\u00e1bb\u00e1 a f\u00e1kon l\u00e9v\u0151 nyom\u00e1spontokat. A r\u00e1z\u00f3 elektromos vez\u00e9rl\u0151vel \u00e9s olajh\u0171t\u0151vel van felszerelve. <\/p>\n<\/div><div class=\"fusion-clearfix\"><\/div><\/div><\/div><div class=\"fusion-layout-column fusion_builder_column fusion-builder-column-72 fusion_builder_column_1_6 1_6 fusion-one-sixth fusion-column-last\" style=\"--awb-bg-size:cover;width:16.666666666667%;width:calc(16.666666666667% - ( ( 4% + 4% ) * 0.16666666666667 ) );\"><div class=\"fusion-column-wrapper fusion-flex-column-wrapper-legacy\"><div class=\"fusion-clearfix\"><\/div><\/div><\/div><\/div><\/div><div class=\"fusion-fullwidth fullwidth-box fusion-builder-row-36 nonhundred-percent-fullwidth non-hundred-percent-height-scrolling fusion-equal-height-columns\" style=\"--awb-border-radius-top-left:0px;--awb-border-radius-top-right:0px;--awb-border-radius-bottom-right:0px;--awb-border-radius-bottom-left:0px;--awb-padding-top:200px;--awb-background-color:#f2f2f2;--awb-flex-wrap:wrap;\" ><div class=\"fusion-builder-row fusion-row\"><div class=\"fusion-layout-column fusion_builder_column fusion-builder-column-73 fusion_builder_column_1_1 1_1 fusion-one-full fusion-column-first fusion-column-last\" style=\"--awb-bg-size:cover;\"><div class=\"fusion-column-wrapper fusion-flex-column-wrapper-legacy\"><div class=\"fusion-title title fusion-title-7 fusion-sep-none fusion-title-text fusion-title-size-one\" style=\"--awb-margin-top-small:0px;--awb-margin-right-small:0px;--awb-margin-bottom-small:20px;--awb-margin-left-small:0px;\"><h1 class=\"fusion-title-heading title-heading-left fusion-responsive-typography-calculated\" style=\"margin:0;--fontSize:38;line-height:1.33;\">A VHY \u2013 Far\u00e1z\u00f3 r\u00e9szletei<\/h1><\/div><div class=\"fusion-clearfix\"><\/div><\/div><\/div><\/div><\/div><div class=\"fusion-fullwidth fullwidth-box fusion-builder-row-37 nonhundred-percent-fullwidth non-hundred-percent-height-scrolling fusion-equal-height-columns\" style=\"--awb-border-radius-top-left:0px;--awb-border-radius-top-right:0px;--awb-border-radius-bottom-right:0px;--awb-border-radius-bottom-left:0px;--awb-padding-bottom:100px;--awb-background-color:#f2f2f2;--awb-flex-wrap:wrap;\" ><div class=\"fusion-builder-row fusion-row\"><div class=\"fusion-layout-column fusion_builder_column fusion-builder-column-74 fusion_builder_column_1_4 1_4 fusion-one-fourth fusion-column-first\" style=\"--awb-bg-color:#ffffff;--awb-bg-color-hover:#ffffff;--awb-bg-size:cover;--awb-margin-bottom:40px;width:22%; margin-right: 4%;\"><div class=\"fusion-column-wrapper fusion-flex-column-wrapper-legacy\"><div class=\"fusion-image-element fusion-image-align-center in-legacy-container\" style=\"text-align:center;--awb-caption-title-font-family:var(--h2_typography-font-family);--awb-caption-title-font-weight:var(--h2_typography-font-weight);--awb-caption-title-font-style:var(--h2_typography-font-style);--awb-caption-title-size:var(--h2_typography-font-size);--awb-caption-title-transform:var(--h2_typography-text-transform);--awb-caption-title-line-height:var(--h2_typography-line-height);--awb-caption-title-letter-spacing:var(--h2_typography-letter-spacing);\"><div class=\"imageframe-align-center\"><span class=\" fusion-imageframe imageframe-none imageframe-23 hover-type-zoomin\"><a href=\"https:\/\/feucht-obsttechnik.de\/wp-content\/uploads\/obstsch\u00fcttler-hydraulischer-stammschuettler-vhy-1.jpg\" class=\"fusion-lightbox\" data-rel=\"iLightbox[vhy]\" data-title=\"VHY hidraulikus far\u00e1z\u00f3 a Feucht Obsttechnik v\u00e1llalatt\u00f3l\" title=\"VHY hidraulikus far\u00e1z\u00f3 a Feucht Obsttechnik v\u00e1llalatt\u00f3l\"><img decoding=\"async\" width=\"1600\" height=\"1200\" src=\"https:\/\/feucht-obsttechnik.de\/wp-content\/uploads\/obstsch\u00fcttler-hydraulischer-stammschuettler-vhy-1.jpg\" alt class=\"img-responsive wp-image-10573\" srcset=\"https:\/\/feucht-obsttechnik.de\/wp-content\/uploads\/obstsch\u00fcttler-hydraulischer-stammschuettler-vhy-1-200x150.jpg 200w, https:\/\/feucht-obsttechnik.de\/wp-content\/uploads\/obstsch\u00fcttler-hydraulischer-stammschuettler-vhy-1-400x300.jpg 400w, https:\/\/feucht-obsttechnik.de\/wp-content\/uploads\/obstsch\u00fcttler-hydraulischer-stammschuettler-vhy-1-600x450.jpg 600w, https:\/\/feucht-obsttechnik.de\/wp-content\/uploads\/obstsch\u00fcttler-hydraulischer-stammschuettler-vhy-1-800x600.jpg 800w, https:\/\/feucht-obsttechnik.de\/wp-content\/uploads\/obstsch\u00fcttler-hydraulischer-stammschuettler-vhy-1-1200x900.jpg 1200w, https:\/\/feucht-obsttechnik.de\/wp-content\/uploads\/obstsch\u00fcttler-hydraulischer-stammschuettler-vhy-1.jpg 1600w\" sizes=\"(max-width: 835px) 100vw, 400px\" \/><\/a><\/span><\/div><\/div><div class=\"fusion-clearfix\"><\/div><\/div><\/div><div class=\"fusion-layout-column fusion_builder_column fusion-builder-column-75 fusion_builder_column_1_4 1_4 fusion-one-fourth\" style=\"--awb-bg-color:#ffffff;--awb-bg-color-hover:#ffffff;--awb-bg-size:cover;--awb-margin-bottom:40px;width:22%; margin-right: 4%;\"><div class=\"fusion-column-wrapper fusion-flex-column-wrapper-legacy\"><div class=\"fusion-image-element fusion-image-align-center in-legacy-container\" style=\"text-align:center;--awb-caption-title-font-family:var(--h2_typography-font-family);--awb-caption-title-font-weight:var(--h2_typography-font-weight);--awb-caption-title-font-style:var(--h2_typography-font-style);--awb-caption-title-size:var(--h2_typography-font-size);--awb-caption-title-transform:var(--h2_typography-text-transform);--awb-caption-title-line-height:var(--h2_typography-line-height);--awb-caption-title-letter-spacing:var(--h2_typography-letter-spacing);\"><div class=\"imageframe-align-center\"><span class=\" fusion-imageframe imageframe-none imageframe-24 hover-type-zoomin\"><a href=\"https:\/\/feucht-obsttechnik.de\/wp-content\/uploads\/obstsch\u00fcttler-hydraulischer-stammschuettler-vhy-2.jpg\" class=\"fusion-lightbox\" data-rel=\"iLightbox[vhy]\" data-title=\"VHY hidraulikus far\u00e1z\u00f3 a Feucht Obsttechnik v\u00e1llalatt\u00f3l\" title=\"VHY hidraulikus far\u00e1z\u00f3 a Feucht Obsttechnik v\u00e1llalatt\u00f3l\"><img decoding=\"async\" width=\"1600\" height=\"1200\" src=\"https:\/\/feucht-obsttechnik.de\/wp-content\/uploads\/obstsch\u00fcttler-hydraulischer-stammschuettler-vhy-2.jpg\" alt class=\"img-responsive wp-image-10577\" srcset=\"https:\/\/feucht-obsttechnik.de\/wp-content\/uploads\/obstsch\u00fcttler-hydraulischer-stammschuettler-vhy-2-200x150.jpg 200w, https:\/\/feucht-obsttechnik.de\/wp-content\/uploads\/obstsch\u00fcttler-hydraulischer-stammschuettler-vhy-2-400x300.jpg 400w, https:\/\/feucht-obsttechnik.de\/wp-content\/uploads\/obstsch\u00fcttler-hydraulischer-stammschuettler-vhy-2-600x450.jpg 600w, https:\/\/feucht-obsttechnik.de\/wp-content\/uploads\/obstsch\u00fcttler-hydraulischer-stammschuettler-vhy-2-800x600.jpg 800w, https:\/\/feucht-obsttechnik.de\/wp-content\/uploads\/obstsch\u00fcttler-hydraulischer-stammschuettler-vhy-2-1200x900.jpg 1200w, https:\/\/feucht-obsttechnik.de\/wp-content\/uploads\/obstsch\u00fcttler-hydraulischer-stammschuettler-vhy-2.jpg 1600w\" sizes=\"(max-width: 835px) 100vw, 400px\" \/><\/a><\/span><\/div><\/div><div class=\"fusion-clearfix\"><\/div><\/div><\/div><div class=\"fusion-layout-column fusion_builder_column fusion-builder-column-76 fusion_builder_column_1_4 1_4 fusion-one-fourth\" style=\"--awb-bg-color:#ffffff;--awb-bg-color-hover:#ffffff;--awb-bg-size:cover;width:22%; margin-right: 4%;\"><div class=\"fusion-column-wrapper fusion-flex-column-wrapper-legacy\"><div class=\"fusion-image-element fusion-image-align-center in-legacy-container\" style=\"text-align:center;--awb-caption-title-font-family:var(--h2_typography-font-family);--awb-caption-title-font-weight:var(--h2_typography-font-weight);--awb-caption-title-font-style:var(--h2_typography-font-style);--awb-caption-title-size:var(--h2_typography-font-size);--awb-caption-title-transform:var(--h2_typography-text-transform);--awb-caption-title-line-height:var(--h2_typography-line-height);--awb-caption-title-letter-spacing:var(--h2_typography-letter-spacing);\"><div class=\"imageframe-align-center\"><span class=\" fusion-imageframe imageframe-none imageframe-25 hover-type-zoomin\"><a href=\"https:\/\/feucht-obsttechnik.de\/wp-content\/uploads\/obstsch\u00fcttler-hydraulischer-stammschuettler-vhy-3.jpg\" class=\"fusion-lightbox\" data-rel=\"iLightbox[vhy]\" data-title=\"VHY hidraulikus far\u00e1z\u00f3 a Feucht Obsttechnik v\u00e1llalatt\u00f3l\" title=\"VHY hidraulikus far\u00e1z\u00f3 a Feucht Obsttechnik v\u00e1llalatt\u00f3l\"><img decoding=\"async\" width=\"1600\" height=\"1200\" src=\"https:\/\/feucht-obsttechnik.de\/wp-content\/uploads\/obstsch\u00fcttler-hydraulischer-stammschuettler-vhy-3.jpg\" alt class=\"img-responsive wp-image-10580\" srcset=\"https:\/\/feucht-obsttechnik.de\/wp-content\/uploads\/obstsch\u00fcttler-hydraulischer-stammschuettler-vhy-3-200x150.jpg 200w, https:\/\/feucht-obsttechnik.de\/wp-content\/uploads\/obstsch\u00fcttler-hydraulischer-stammschuettler-vhy-3-400x300.jpg 400w, https:\/\/feucht-obsttechnik.de\/wp-content\/uploads\/obstsch\u00fcttler-hydraulischer-stammschuettler-vhy-3-600x450.jpg 600w, https:\/\/feucht-obsttechnik.de\/wp-content\/uploads\/obstsch\u00fcttler-hydraulischer-stammschuettler-vhy-3-800x600.jpg 800w, https:\/\/feucht-obsttechnik.de\/wp-content\/uploads\/obstsch\u00fcttler-hydraulischer-stammschuettler-vhy-3-1200x900.jpg 1200w, https:\/\/feucht-obsttechnik.de\/wp-content\/uploads\/obstsch\u00fcttler-hydraulischer-stammschuettler-vhy-3.jpg 1600w\" sizes=\"(max-width: 835px) 100vw, 400px\" \/><\/a><\/span><\/div><\/div><div class=\"fusion-clearfix\"><\/div><\/div><\/div><div class=\"fusion-layout-column fusion_builder_column fusion-builder-column-77 fusion_builder_column_1_4 1_4 fusion-one-fourth fusion-column-last\" style=\"--awb-bg-color:#ffffff;--awb-bg-color-hover:#ffffff;--awb-bg-size:cover;width:22%;\"><div class=\"fusion-column-wrapper fusion-flex-column-wrapper-legacy\"><div class=\"fusion-image-element fusion-image-align-center in-legacy-container\" style=\"text-align:center;--awb-caption-title-font-family:var(--h2_typography-font-family);--awb-caption-title-font-weight:var(--h2_typography-font-weight);--awb-caption-title-font-style:var(--h2_typography-font-style);--awb-caption-title-size:var(--h2_typography-font-size);--awb-caption-title-transform:var(--h2_typography-text-transform);--awb-caption-title-line-height:var(--h2_typography-line-height);--awb-caption-title-letter-spacing:var(--h2_typography-letter-spacing);\"><div class=\"imageframe-align-center\"><span class=\" fusion-imageframe imageframe-none imageframe-26 hover-type-zoomin\"><a href=\"https:\/\/feucht-obsttechnik.de\/wp-content\/uploads\/obstsch\u00fcttler-hydraulischer-stammschuettler-vhy-4.jpg\" class=\"fusion-lightbox\" data-rel=\"iLightbox[vhy]\" data-title=\"VHY hidraulikus far\u00e1z\u00f3 a Feucht Obsttechnik v\u00e1llalatt\u00f3l\" title=\"VHY hidraulikus far\u00e1z\u00f3 a Feucht Obsttechnik v\u00e1llalatt\u00f3l\"><img decoding=\"async\" width=\"1600\" height=\"1200\" src=\"https:\/\/feucht-obsttechnik.de\/wp-content\/uploads\/obstsch\u00fcttler-hydraulischer-stammschuettler-vhy-4.jpg\" alt class=\"img-responsive wp-image-10583\" srcset=\"https:\/\/feucht-obsttechnik.de\/wp-content\/uploads\/obstsch\u00fcttler-hydraulischer-stammschuettler-vhy-4-200x150.jpg 200w, https:\/\/feucht-obsttechnik.de\/wp-content\/uploads\/obstsch\u00fcttler-hydraulischer-stammschuettler-vhy-4-400x300.jpg 400w, https:\/\/feucht-obsttechnik.de\/wp-content\/uploads\/obstsch\u00fcttler-hydraulischer-stammschuettler-vhy-4-600x450.jpg 600w, https:\/\/feucht-obsttechnik.de\/wp-content\/uploads\/obstsch\u00fcttler-hydraulischer-stammschuettler-vhy-4-800x600.jpg 800w, https:\/\/feucht-obsttechnik.de\/wp-content\/uploads\/obstsch\u00fcttler-hydraulischer-stammschuettler-vhy-4-1200x900.jpg 1200w, https:\/\/feucht-obsttechnik.de\/wp-content\/uploads\/obstsch\u00fcttler-hydraulischer-stammschuettler-vhy-4.jpg 1600w\" sizes=\"(max-width: 835px) 100vw, 400px\" \/><\/a><\/span><\/div><\/div><div class=\"fusion-clearfix\"><\/div><\/div><\/div><\/div><\/div><div class=\"fusion-fullwidth fullwidth-box fusion-builder-row-38 nonhundred-percent-fullwidth non-hundred-percent-height-scrolling fusion-equal-height-columns\" style=\"--awb-border-radius-top-left:0px;--awb-border-radius-top-right:0px;--awb-border-radius-bottom-right:0px;--awb-border-radius-bottom-left:0px;--awb-padding-bottom:100px;--awb-background-color:#f2f2f2;--awb-flex-wrap:wrap;\" ><div class=\"fusion-builder-row fusion-row\"><div class=\"fusion-layout-column fusion_builder_column fusion-builder-column-78 fusion_builder_column_1_2 1_2 fusion-one-half fusion-column-first\" style=\"--awb-bg-color:#ffffff;--awb-bg-color-hover:#ffffff;--awb-bg-size:cover;--awb-margin-bottom:40px;width:48%; margin-right: 4%;\"><div class=\"fusion-column-wrapper fusion-flex-column-wrapper-legacy\"><div class=\"fusion-text fusion-text-25\"><div style=\"padding: 25px\">\n<h2>El\u0151ny\u00f6k<\/h2>\n<ul>\n<li>dinamikus ind\u00edt\u00e1s a hidraulikus hajt\u00e1snak k\u00f6sz\u00f6nhet\u0151en<\/li>\n<li>minden mozg\u00e1s hidraulikusan hajtott<\/li>\n<li>a r\u00f6gz\u00edt\u0151 nyit\u00e1sa \u00e9s z\u00e1r\u00e1sa, valamint rezg\u00e9se is (a r\u00e1z\u00f3ra szerelt) botkorm\u00e1nnyal vez\u00e9relt<\/li>\n<li>elektromos vez\u00e9rl\u0151t \u00e9s olajh\u0171t\u0151t foglal mag\u00e1ban<\/li>\n<\/ul>\n<\/div>\n<\/div><div class=\"fusion-clearfix\"><\/div><\/div><\/div><div class=\"fusion-layout-column fusion_builder_column fusion-builder-column-79 fusion_builder_column_1_2 1_2 fusion-one-half fusion-column-last\" style=\"--awb-bg-color:#ffffff;--awb-bg-color-hover:#ffffff;--awb-bg-size:cover;width:48%;\"><div class=\"fusion-column-wrapper fusion-flex-column-wrapper-legacy\"><div class=\"fusion-text fusion-text-26\"><div style=\"padding: 25px\">\n<h2>M\u0171szaki adatok<\/h2>\n<\/div>\n<\/div>\n<div class=\"table-2\">\n<table width=\"100%\">\n<tbody>\n<tr>\n<td align=\"left\">Hossz\u00fas\u00e1g:<\/td>\n<td align=\"left\">300 cm<\/td>\n<\/tr>\n<tr>\n<td align=\"left\">Sz\u00e9less\u00e9g:<\/td>\n<td align=\"left\">117 cm<\/td>\n<\/tr>\n<tr>\n<td align=\"left\">Magass\u00e1g:<\/td>\n<td align=\"left\">120 cm<\/td>\n<\/tr>\n<tr>\n<td align=\"left\">Helysz\u00edn t\u00edpusa:<\/td>\n<td align=\"left\">Magas t\u00f6rzs<\/td>\n<\/tr>\n<tr>\n<td align=\"left\">Max. r\u00f6gz\u00edt\u00e9si ter\u00fclet: <\/td>\n<td align=\"left\">60 cm<\/td>\n<\/tr>\n<tr>\n<td align=\"left\">R\u00e1z\u00e1si teljes\u00edtm\u00e9ny:<\/td>\n<td align=\"left\">ak\u00e1r 75 fa\/h<\/td>\n<\/tr>\n<tr>\n<td align=\"left\">S\u00faly:<\/td>\n<td align=\"left\">975 kg<\/td>\n<\/tr>\n<tr>\n<td align=\"left\">traktor min. teljes\u00edtm\u00e9nye:<\/td>\n<td align=\"left\">80 LE<\/td>\n<\/tr>\n<tr>\n<td align=\"left\">Hidraulikaolaj-tart\u00e1ly:<\/td>\n<td align=\"left\">140 l<\/td>\n<\/tr>\n<tr>\n<td rowspan=\"2\">Saj\u00e1toss\u00e1gok:<\/td>\n<td align=\"left\">Mechanikusan hegesztett v\u00e1zkialak\u00edt\u00e1s \u00e1ll\u00edthat\u00f3 karokkal<\/td>\n<\/tr>\n<tr>\n<td align=\"left\">A v\u00e1zt\u00f3l f\u00fcggetlen, 2 l\u00e1nccal felf\u00fcggesztett r\u00e1z\u00f3fej<\/td>\n<\/tr>\n<tr>\n<td rowspan=\"3\">Opcion\u00e1lisan:<\/td>\n<td align=\"left\">A fej sorba igaz\u00edt\u00e1s\u00e1nak hidraulikus be\u00e1ll\u00edt\u00e1sa<\/td>\n<\/tr>\n<tr>\n<td align=\"left\">Hidraulikus motoros hajt\u00e1s<\/td>\n<\/tr>\n<tr>\n<td align=\"left\">Botkorm\u00e1ny vez\u00e9rl\u0151eszk\u00f6z\u00f6kkel<\/td>\n<\/tr>\n<\/tbody>\n<\/table>\n<\/div>\n<div class=\"fusion-clearfix\"><\/div><\/div><\/div><\/div><\/div><div class=\"fusion-fullwidth fullwidth-box fusion-builder-row-39 nonhundred-percent-fullwidth non-hundred-percent-height-scrolling fusion-equal-height-columns fusion-no-small-visibility schlagwoerter\" style=\"--awb-background-position:center top;--awb-border-sizes-top:0px;--awb-border-sizes-bottom:0px;--awb-border-sizes-left:0px;--awb-border-sizes-right:0px;--awb-border-radius-top-left:0px;--awb-border-radius-top-right:0px;--awb-border-radius-bottom-right:0px;--awb-border-radius-bottom-left:0px;--awb-padding-top:0px;--awb-padding-right:15%;--awb-padding-bottom:0px;--awb-padding-left:15%;--awb-background-color:#a0ce4e;--awb-flex-wrap:wrap;\" ><div class=\"fusion-builder-row fusion-row\"><div class=\"fusion-layout-column fusion_builder_column fusion-builder-column-80 fusion_builder_column_1_5 1_5 fusion-one-fifth fusion-column-first\" style=\"--awb-padding-top:10px;--awb-padding-bottom:10px;--awb-bg-size:cover;--awb-margin-top:10px;--awb-margin-bottom:0px;width:20%;width:calc(20% - ( ( 4% ) * 0.2 ) );margin-right: 4%;\"><div class=\"fusion-column-wrapper fusion-column-has-shadow fusion-flex-column-wrapper-legacy\"><div class=\"fusion-column-content-centered\"><div class=\"fusion-column-content\"><div class=\"fusion-title title fusion-title-8 fusion-sep-none fusion-title-text fusion-title-size-two\" style=\"--awb-text-color:#ffffff;--awb-margin-bottom:0px;--awb-margin-right-small:0px;--awb-margin-bottom-small:0px;--awb-margin-left-small:0px;\"><h2 class=\"fusion-title-heading title-heading-left fusion-responsive-typography-calculated\" style=\"margin:0;--fontSize:26;--minFontSize:26;line-height:1.25;\">Kulcsszavak:<\/h2><\/div><\/div><\/div><div class=\"fusion-clearfix\"><\/div><\/div><\/div><div class=\"fusion-layout-column fusion_builder_column fusion-builder-column-81 fusion_builder_column_4_5 4_5 fusion-four-fifth fusion-column-last fusion-column-no-min-height\" style=\"--awb-padding-top:10px;--awb-padding-bottom:10px;--awb-bg-size:cover;--awb-margin-top:20px;--awb-margin-bottom:0px;width:80%;width:calc(80% - ( ( 4% ) * 0.8 ) );\"><div class=\"fusion-column-wrapper fusion-column-has-shadow fusion-flex-column-wrapper-legacy\"><div class=\"fusion-text fusion-text-27\"><p><span style=\"color: #ffffff\"> <a href=\"https:\/\/feucht-obsttechnik.de\/de\/obsterntetechnik\/schuettelgeraete\/\">Gy\u00fcm\u00f6lcsr\u00e1z\u00f3k<\/a>, <a href=\"https:\/\/feucht-obsttechnik.de\/de\/obsterntetechnik\/\">Gy\u00fcm\u00f6lcsbetakar\u00edt\u00e1si technol\u00f3gia<\/a>, <a href=\"https:\/\/feucht-obsttechnik.de\/de\/obsterntetechnik\/\">Gy\u00fcm\u00f6lcsbetakar\u00edt\u00f3 eszk\u00f6z\u00f6k<\/a> <\/span><\/p>\n<\/div><div class=\"fusion-clearfix\"><\/div><\/div><\/div><\/div><\/div><\/p>\n","protected":false},"excerpt":{"rendered":"","protected":false},"author":4,"featured_media":0,"parent":10502,"menu_order":0,"comment_status":"closed","ping_status":"closed","template":"100-width.php","meta":{"footnotes":"","_wp_rev_ctl_limit":""},"class_list":["post-10542","page","type-page","status-publish","hentry"],"yoast_head":"<!-- This site is optimized with the Yoast SEO plugin v27.2 - https:\/\/yoast.com\/product\/yoast-seo-wordpress\/ -->\n<title>Hidraulikus far\u00e1z\u00f3 - Feucht Obsttechnik<\/title>\n<meta name=\"description\" content=\"A k\u00fcl\u00f6nb\u00f6z\u0151 ig\u00e9nyekhez hidraulikus far\u00e1z\u00f3k sz\u00e9les v\u00e1laszt\u00e9k\u00e1t k\u00edn\u00e1ljuk. Tov\u00e1bbi inform\u00e1ci\u00f3k a funkci\u00f3r\u00f3l, tulajdons\u00e1gokr\u00f3l \u00e9s felhaszn\u00e1lhat\u00f3s\u00e1gr\u00f3l!\" \/>\n<meta name=\"robots\" content=\"index, follow, max-snippet:-1, max-image-preview:large, max-video-preview:-1\" \/>\n<link rel=\"canonical\" href=\"https:\/\/feucht-obsttechnik.de\/hu\/gyuemoelcsbetakaritasi-technologia\/gyuemoelcsrazok\/hidraulikus-farazo\/\" \/>\n<meta property=\"og:locale\" content=\"hu_HU\" \/>\n<meta property=\"og:type\" content=\"article\" \/>\n<meta property=\"og:title\" content=\"Hidraulikus far\u00e1z\u00f3 - Feucht Obsttechnik\" \/>\n<meta property=\"og:description\" content=\"A k\u00fcl\u00f6nb\u00f6z\u0151 ig\u00e9nyekhez hidraulikus far\u00e1z\u00f3k sz\u00e9les v\u00e1laszt\u00e9k\u00e1t k\u00edn\u00e1ljuk. Tov\u00e1bbi inform\u00e1ci\u00f3k a funkci\u00f3r\u00f3l, tulajdons\u00e1gokr\u00f3l \u00e9s felhaszn\u00e1lhat\u00f3s\u00e1gr\u00f3l!\" \/>\n<meta property=\"og:url\" content=\"https:\/\/feucht-obsttechnik.de\/hu\/gyuemoelcsbetakaritasi-technologia\/gyuemoelcsrazok\/hidraulikus-farazo\/\" \/>\n<meta property=\"og:site_name\" content=\"Feucht Obsttechnik\" \/>\n<meta property=\"article:modified_time\" content=\"2021-04-06T12:42:23+00:00\" \/>\n<meta name=\"twitter:card\" content=\"summary_large_image\" \/>\n<meta name=\"twitter:label1\" content=\"Becs\u00fclt olvas\u00e1si id\u0151\" \/>\n\t<meta name=\"twitter:data1\" content=\"97 perc\" \/>\n<script type=\"application\/ld+json\" class=\"yoast-schema-graph\">{\"@context\":\"https:\/\/schema.org\",\"@graph\":[{\"@type\":\"WebPage\",\"@id\":\"https:\/\/feucht-obsttechnik.de\/hu\/gyuemoelcsbetakaritasi-technologia\/gyuemoelcsrazok\/hidraulikus-farazo\/\",\"url\":\"https:\/\/feucht-obsttechnik.de\/hu\/gyuemoelcsbetakaritasi-technologia\/gyuemoelcsrazok\/hidraulikus-farazo\/\",\"name\":\"Hidraulikus far\u00e1z\u00f3 - Feucht Obsttechnik\",\"isPartOf\":{\"@id\":\"https:\/\/feucht-obsttechnik.de\/hu\/#website\"},\"datePublished\":\"2021-04-06T12:42:16+00:00\",\"dateModified\":\"2021-04-06T12:42:23+00:00\",\"description\":\"A k\u00fcl\u00f6nb\u00f6z\u0151 ig\u00e9nyekhez hidraulikus far\u00e1z\u00f3k sz\u00e9les v\u00e1laszt\u00e9k\u00e1t k\u00edn\u00e1ljuk. Tov\u00e1bbi inform\u00e1ci\u00f3k a funkci\u00f3r\u00f3l, tulajdons\u00e1gokr\u00f3l \u00e9s felhaszn\u00e1lhat\u00f3s\u00e1gr\u00f3l!\",\"breadcrumb\":{\"@id\":\"https:\/\/feucht-obsttechnik.de\/hu\/gyuemoelcsbetakaritasi-technologia\/gyuemoelcsrazok\/hidraulikus-farazo\/#breadcrumb\"},\"inLanguage\":\"hu\",\"potentialAction\":[{\"@type\":\"ReadAction\",\"target\":[\"https:\/\/feucht-obsttechnik.de\/hu\/gyuemoelcsbetakaritasi-technologia\/gyuemoelcsrazok\/hidraulikus-farazo\/\"]}]},{\"@type\":\"BreadcrumbList\",\"@id\":\"https:\/\/feucht-obsttechnik.de\/hu\/gyuemoelcsbetakaritasi-technologia\/gyuemoelcsrazok\/hidraulikus-farazo\/#breadcrumb\",\"itemListElement\":[{\"@type\":\"ListItem\",\"position\":1,\"name\":\"Startseite\",\"item\":\"https:\/\/feucht-obsttechnik.de\/hu\/\"},{\"@type\":\"ListItem\",\"position\":2,\"name\":\"Gy\u00fcm\u00f6lcsbetakar\u00edt\u00e1si technol\u00f3gia\",\"item\":\"https:\/\/feucht-obsttechnik.de\/hu\/gyuemoelcsbetakaritasi-technologia\/\"},{\"@type\":\"ListItem\",\"position\":3,\"name\":\"Gy\u00fcm\u00f6lcsr\u00e1z\u00f3k\",\"item\":\"https:\/\/feucht-obsttechnik.de\/hu\/gyuemoelcsbetakaritasi-technologia\/gyuemoelcsrazok\/\"},{\"@type\":\"ListItem\",\"position\":4,\"name\":\"Hidraulikus far\u00e1z\u00f3\"}]},{\"@type\":\"WebSite\",\"@id\":\"https:\/\/feucht-obsttechnik.de\/hu\/#website\",\"url\":\"https:\/\/feucht-obsttechnik.de\/hu\/\",\"name\":\"Feucht Obsttechnik\",\"description\":\"\",\"publisher\":{\"@id\":\"https:\/\/feucht-obsttechnik.de\/hu\/#organization\"},\"potentialAction\":[{\"@type\":\"SearchAction\",\"target\":{\"@type\":\"EntryPoint\",\"urlTemplate\":\"https:\/\/feucht-obsttechnik.de\/hu\/?s={search_term_string}\"},\"query-input\":{\"@type\":\"PropertyValueSpecification\",\"valueRequired\":true,\"valueName\":\"search_term_string\"}}],\"inLanguage\":\"hu\"},{\"@type\":\"Organization\",\"@id\":\"https:\/\/feucht-obsttechnik.de\/hu\/#organization\",\"name\":\"Feucht Obsttechnik GmbH\",\"url\":\"https:\/\/feucht-obsttechnik.de\/hu\/\",\"logo\":{\"@type\":\"ImageObject\",\"inLanguage\":\"hu\",\"@id\":\"https:\/\/feucht-obsttechnik.de\/hu\/#\/schema\/logo\/image\/\",\"url\":\"https:\/\/feucht-obsttechnik.de\/wp-content\/uploads\/logo-feucht@2x-1.png\",\"contentUrl\":\"https:\/\/feucht-obsttechnik.de\/wp-content\/uploads\/logo-feucht@2x-1.png\",\"width\":640,\"height\":123,\"caption\":\"Feucht Obsttechnik GmbH\"},\"image\":{\"@id\":\"https:\/\/feucht-obsttechnik.de\/hu\/#\/schema\/logo\/image\/\"}}]}<\/script>\n<!-- \/ Yoast SEO plugin. -->","yoast_head_json":{"title":"Hidraulikus far\u00e1z\u00f3 - Feucht Obsttechnik","description":"A k\u00fcl\u00f6nb\u00f6z\u0151 ig\u00e9nyekhez hidraulikus far\u00e1z\u00f3k sz\u00e9les v\u00e1laszt\u00e9k\u00e1t k\u00edn\u00e1ljuk. Tov\u00e1bbi inform\u00e1ci\u00f3k a funkci\u00f3r\u00f3l, tulajdons\u00e1gokr\u00f3l \u00e9s felhaszn\u00e1lhat\u00f3s\u00e1gr\u00f3l!","robots":{"index":"index","follow":"follow","max-snippet":"max-snippet:-1","max-image-preview":"max-image-preview:large","max-video-preview":"max-video-preview:-1"},"canonical":"https:\/\/feucht-obsttechnik.de\/hu\/gyuemoelcsbetakaritasi-technologia\/gyuemoelcsrazok\/hidraulikus-farazo\/","og_locale":"hu_HU","og_type":"article","og_title":"Hidraulikus far\u00e1z\u00f3 - Feucht Obsttechnik","og_description":"A k\u00fcl\u00f6nb\u00f6z\u0151 ig\u00e9nyekhez hidraulikus far\u00e1z\u00f3k sz\u00e9les v\u00e1laszt\u00e9k\u00e1t k\u00edn\u00e1ljuk. Tov\u00e1bbi inform\u00e1ci\u00f3k a funkci\u00f3r\u00f3l, tulajdons\u00e1gokr\u00f3l \u00e9s felhaszn\u00e1lhat\u00f3s\u00e1gr\u00f3l!","og_url":"https:\/\/feucht-obsttechnik.de\/hu\/gyuemoelcsbetakaritasi-technologia\/gyuemoelcsrazok\/hidraulikus-farazo\/","og_site_name":"Feucht Obsttechnik","article_modified_time":"2021-04-06T12:42:23+00:00","twitter_card":"summary_large_image","twitter_misc":{"Becs\u00fclt olvas\u00e1si id\u0151":"97 perc"},"schema":{"@context":"https:\/\/schema.org","@graph":[{"@type":"WebPage","@id":"https:\/\/feucht-obsttechnik.de\/hu\/gyuemoelcsbetakaritasi-technologia\/gyuemoelcsrazok\/hidraulikus-farazo\/","url":"https:\/\/feucht-obsttechnik.de\/hu\/gyuemoelcsbetakaritasi-technologia\/gyuemoelcsrazok\/hidraulikus-farazo\/","name":"Hidraulikus far\u00e1z\u00f3 - Feucht Obsttechnik","isPartOf":{"@id":"https:\/\/feucht-obsttechnik.de\/hu\/#website"},"datePublished":"2021-04-06T12:42:16+00:00","dateModified":"2021-04-06T12:42:23+00:00","description":"A k\u00fcl\u00f6nb\u00f6z\u0151 ig\u00e9nyekhez hidraulikus far\u00e1z\u00f3k sz\u00e9les v\u00e1laszt\u00e9k\u00e1t k\u00edn\u00e1ljuk. Tov\u00e1bbi inform\u00e1ci\u00f3k a funkci\u00f3r\u00f3l, tulajdons\u00e1gokr\u00f3l \u00e9s felhaszn\u00e1lhat\u00f3s\u00e1gr\u00f3l!","breadcrumb":{"@id":"https:\/\/feucht-obsttechnik.de\/hu\/gyuemoelcsbetakaritasi-technologia\/gyuemoelcsrazok\/hidraulikus-farazo\/#breadcrumb"},"inLanguage":"hu","potentialAction":[{"@type":"ReadAction","target":["https:\/\/feucht-obsttechnik.de\/hu\/gyuemoelcsbetakaritasi-technologia\/gyuemoelcsrazok\/hidraulikus-farazo\/"]}]},{"@type":"BreadcrumbList","@id":"https:\/\/feucht-obsttechnik.de\/hu\/gyuemoelcsbetakaritasi-technologia\/gyuemoelcsrazok\/hidraulikus-farazo\/#breadcrumb","itemListElement":[{"@type":"ListItem","position":1,"name":"Startseite","item":"https:\/\/feucht-obsttechnik.de\/hu\/"},{"@type":"ListItem","position":2,"name":"Gy\u00fcm\u00f6lcsbetakar\u00edt\u00e1si technol\u00f3gia","item":"https:\/\/feucht-obsttechnik.de\/hu\/gyuemoelcsbetakaritasi-technologia\/"},{"@type":"ListItem","position":3,"name":"Gy\u00fcm\u00f6lcsr\u00e1z\u00f3k","item":"https:\/\/feucht-obsttechnik.de\/hu\/gyuemoelcsbetakaritasi-technologia\/gyuemoelcsrazok\/"},{"@type":"ListItem","position":4,"name":"Hidraulikus far\u00e1z\u00f3"}]},{"@type":"WebSite","@id":"https:\/\/feucht-obsttechnik.de\/hu\/#website","url":"https:\/\/feucht-obsttechnik.de\/hu\/","name":"Feucht Obsttechnik","description":"","publisher":{"@id":"https:\/\/feucht-obsttechnik.de\/hu\/#organization"},"potentialAction":[{"@type":"SearchAction","target":{"@type":"EntryPoint","urlTemplate":"https:\/\/feucht-obsttechnik.de\/hu\/?s={search_term_string}"},"query-input":{"@type":"PropertyValueSpecification","valueRequired":true,"valueName":"search_term_string"}}],"inLanguage":"hu"},{"@type":"Organization","@id":"https:\/\/feucht-obsttechnik.de\/hu\/#organization","name":"Feucht Obsttechnik GmbH","url":"https:\/\/feucht-obsttechnik.de\/hu\/","logo":{"@type":"ImageObject","inLanguage":"hu","@id":"https:\/\/feucht-obsttechnik.de\/hu\/#\/schema\/logo\/image\/","url":"https:\/\/feucht-obsttechnik.de\/wp-content\/uploads\/logo-feucht@2x-1.png","contentUrl":"https:\/\/feucht-obsttechnik.de\/wp-content\/uploads\/logo-feucht@2x-1.png","width":640,"height":123,"caption":"Feucht Obsttechnik GmbH"},"image":{"@id":"https:\/\/feucht-obsttechnik.de\/hu\/#\/schema\/logo\/image\/"}}]}},"_links":{"self":[{"href":"https:\/\/feucht-obsttechnik.de\/hu\/wp-json\/wp\/v2\/pages\/10542","targetHints":{"allow":["GET"]}}],"collection":[{"href":"https:\/\/feucht-obsttechnik.de\/hu\/wp-json\/wp\/v2\/pages"}],"about":[{"href":"https:\/\/feucht-obsttechnik.de\/hu\/wp-json\/wp\/v2\/types\/page"}],"author":[{"embeddable":true,"href":"https:\/\/feucht-obsttechnik.de\/hu\/wp-json\/wp\/v2\/users\/4"}],"replies":[{"embeddable":true,"href":"https:\/\/feucht-obsttechnik.de\/hu\/wp-json\/wp\/v2\/comments?post=10542"}],"version-history":[{"count":0,"href":"https:\/\/feucht-obsttechnik.de\/hu\/wp-json\/wp\/v2\/pages\/10542\/revisions"}],"up":[{"embeddable":true,"href":"https:\/\/feucht-obsttechnik.de\/hu\/wp-json\/wp\/v2\/pages\/10502"}],"wp:attachment":[{"href":"https:\/\/feucht-obsttechnik.de\/hu\/wp-json\/wp\/v2\/media?parent=10542"}],"curies":[{"name":"wp","href":"https:\/\/api.w.org\/{rel}","templated":true}]}}