{"id":10447,"date":"2021-04-06T12:16:16","date_gmt":"2021-04-06T10:16:16","guid":{"rendered":"http:\/\/neu2020.feucht-obsttechnik.de\/gyuemoelcsbetakaritasi-technologia\/gyuemoelcsszedo-gepek\/ob-80-r\/"},"modified":"2021-04-06T12:16:24","modified_gmt":"2021-04-06T10:16:24","slug":"ob-80-r","status":"publish","type":"page","link":"https:\/\/feucht-obsttechnik.de\/hu\/gyuemoelcsbetakaritasi-technologia\/gyuemoelcsszedo-gepek\/ob-80-r\/","title":{"rendered":"OB 80 R"},"content":{"rendered":"<p><div class=\"fusion-bg-parallax\" data-bg-align=\"left center\" data-direction=\"up\" data-mute=\"false\" data-opacity=\"100\" data-velocity=\"-0.3\" data-mobile-enabled=\"false\" data-break_parents=\"0\" data-bg-image=\"https:\/\/feucht-obsttechnik.de\/wp-content\/uploads\/bg-header-obsterntetechnik-collage.jpg\" data-bg-repeat=\"false\" ><\/div><div class=\"fusion-fullwidth fullwidth-box fusion-builder-row-1 fusion-parallax-up nonhundred-percent-fullwidth non-hundred-percent-height-scrolling\" style=\"--awb-background-position:left center;--awb-border-sizes-top:0px;--awb-border-sizes-bottom:0px;--awb-border-sizes-left:0px;--awb-border-sizes-right:0px;--awb-border-radius-top-left:0px;--awb-border-radius-top-right:0px;--awb-border-radius-bottom-right:0px;--awb-border-radius-bottom-left:0px;--awb-padding-top:130px;--awb-padding-bottom:120px;--awb-background-image:url(&quot;https:\/\/feucht-obsttechnik.de\/wp-content\/uploads\/bg-header-obsterntetechnik-collage.jpg&quot;);--awb-background-size:cover;--awb-flex-wrap:wrap;\" ><div class=\"fusion-builder-row fusion-row\"><div class=\"fusion-layout-column fusion_builder_column fusion-builder-column-0 fusion_builder_column_1_2 1_2 fusion-one-half fusion-column-first\" style=\"--awb-bg-size:cover;width:48%; margin-right: 4%;\"><div class=\"fusion-column-wrapper fusion-flex-column-wrapper-legacy\"><div class=\"fusion-text fusion-text-1\"><h1><span style=\"color: #ffffff;\">OB 80 R (R\u00e1\u00fcl\u0151s)<\/span><\/h1>\n<p><span style=\"color: #ffffff;\">Ezekkel a betakar\u00edt\u00f3 eszk\u00f6z\u00f6kkel jelent\u0151s javul\u00e1st lehet el\u00e9rni a termel\u00e9kenys\u00e9g ter\u00e9n a r\u00f6vid l\u00e9gy\u00fcm\u00f6lcs-betakar\u00edt\u00e1si id\u00e9nyben, m\u00edg a j\u00f6vedelmez\u0151s\u00e9g ugyanakkor n\u00f6vekszik.<\/span><\/p>\n<\/div><div class=\"fusion-clearfix\"><\/div><\/div><\/div><div class=\"fusion-layout-column fusion_builder_column fusion-builder-column-1 fusion_builder_column_1_2 1_2 fusion-one-half fusion-column-last\" style=\"--awb-bg-size:cover;width:48%;\"><div class=\"fusion-column-wrapper fusion-flex-column-wrapper-legacy\"><div class=\"fusion-clearfix\"><\/div><\/div><\/div><\/div><\/div><div class=\"fusion-fullwidth fullwidth-box fusion-builder-row-2 nonhundred-percent-fullwidth non-hundred-percent-height-scrolling\" style=\"--awb-background-position:left top;--awb-border-sizes-top:0px;--awb-border-sizes-bottom:0px;--awb-border-sizes-left:0px;--awb-border-sizes-right:0px;--awb-border-radius-top-left:0px;--awb-border-radius-top-right:0px;--awb-border-radius-bottom-right:0px;--awb-border-radius-bottom-left:0px;--awb-padding-top:130px;--awb-padding-bottom:30px;--awb-flex-wrap:wrap;\" ><div class=\"fusion-builder-row fusion-row\"><div class=\"fusion-layout-column fusion_builder_column fusion-builder-column-2 fusion_builder_column_1_1 1_1 fusion-one-full fusion-column-first fusion-column-last\" style=\"--awb-bg-size:cover;\"><div class=\"fusion-column-wrapper fusion-column-has-shadow fusion-flex-column-wrapper-legacy\"><div class=\"fusion-text fusion-text-2\"><h2>OB 80 R gy\u00fcm\u00f6lcsszed\u0151 g\u00e9p, illetve gy\u00fcm\u00f6lcs\u00f6sszeszed\u0151 g\u00e9p (R\u00e1\u00fcl\u0151s)<\/h2>\n<\/div><div class=\"fusion-text fusion-text-3\"><h3><span class=\"\">Az OB 80 R \u00f6nj\u00e1r\u00f3 gy\u00fcm\u00f6lcsszed\u0151 g\u00e9p egy\u00e9ni gazdas\u00e1gok, k\u00f6z\u00f6ss\u00e9gek, v\u00e1llalkoz\u00f3k, mez\u0151gazdas\u00e1gig\u00e9p-sz\u00f6vetkezetek \u00e9s egyes\u00fcletek sz\u00e1m\u00e1ra.<\/span><\/h3>\n<\/div><div class=\"fusion-clearfix\"><\/div><\/div><\/div><div class=\"fusion-layout-column fusion_builder_column fusion-builder-column-3 fusion_builder_column_1_2 1_2 fusion-one-half fusion-column-first\" style=\"--awb-bg-size:cover;width:48%; margin-right: 4%;\"><div class=\"fusion-column-wrapper fusion-flex-column-wrapper-legacy\"><div class=\"fusion-text fusion-text-4\"><p>18 LE teljes\u00edtm\u00e9ny\u0171 eszk\u00f6z 80 cm munkasz\u00e9less\u00e9ggel (ez tov\u00e1bbi \u00fcltetv\u00e9nyre val\u00f3 rotorral a megfelel\u0151 m\u00e9rt\u00e9kben t\u00f6bb). 230 l-es tart\u00e1llyal van felszerelve, melynek t\u00falt\u00f6lt\u00e9si magass\u00e1ga 2,50 m. Ez az eszk\u00f6z kaphat\u00f3 \u00f6sszker\u00e9k-meghajt\u00e1ssal.  <\/p>\n<p>A <strong>gy\u00fcm\u00f6lcsszed\u0151 g\u00e9p vagy gy\u00fcm\u00f6lcs\u00f6sszeszed\u0151 g\u00e9p<\/strong> oldalra ir\u00e1ny\u00edtott 18 LE teljes\u00edtm\u00e9ny\u0171 4 \u00fctem\u0171 motorral rendelkezik. Ez hajtja egyr\u00e9szt a hajt\u00e1s \u00e1ll\u00edthat\u00f3 szivatty\u00faj\u00e1t, m\u00e1sr\u00e9szt a 2 V-sz\u00edjat haszn\u00e1l\u00f3 szed\u0151- \u00e9s tiszt\u00edt\u00f3hengert. A g\u00e9pet el\u00fcl tart\u00f3- \/ korm\u00e1nyz\u00f3ker\u00e9k ir\u00e1ny\u00edtja, melynek magass\u00e1ga mechanikusan \u00e1ll\u00edthat\u00f3.  <\/p>\n<p>K\u00fcl\u00f6n\u00f6sen z\u00f6kken\u0151mentesen fut\u00f3, teljesen hidraulikus korm\u00e1nyz\u00e1si rendszer biztos\u00edtja a maxim\u00e1lis k\u00e9nyelmet az \u00fczemeltet\u00e9s sor\u00e1n, \u00e9s lehet\u0151v\u00e9 teszi a f\u00e1rads\u00e1gt\u00f3l mentes betakar\u00edt\u00e1st. Az \u00fczemeltet\u00e9s sor\u00e1n a gy\u00fcm\u00f6lcs\u00f6ket a szed\u0151henger gumi lamell\u00e1ival dobja v\u00e9gig a dob\u00f3fed\u00e9len, \u00edgy sz\u00e1ll\u00edtva azokat felfel\u00e9. Ut\u00e1na pedig a szitar\u00e1cson kereszt\u00fcl a tart\u00e1lyba rep\u00fclnek.<\/p>\n<\/div><div class=\"fusion-clearfix\"><\/div><\/div><\/div><div class=\"fusion-layout-column fusion_builder_column fusion-builder-column-4 fusion_builder_column_1_2 1_2 fusion-one-half fusion-column-last\" style=\"--awb-bg-size:cover;width:48%;\"><div class=\"fusion-column-wrapper fusion-flex-column-wrapper-legacy\"><div class=\"fusion-image-element in-legacy-container\" style=\"--awb-caption-title-font-family:var(--h2_typography-font-family);--awb-caption-title-font-weight:var(--h2_typography-font-weight);--awb-caption-title-font-style:var(--h2_typography-font-style);--awb-caption-title-size:var(--h2_typography-font-size);--awb-caption-title-transform:var(--h2_typography-text-transform);--awb-caption-title-line-height:var(--h2_typography-line-height);--awb-caption-title-letter-spacing:var(--h2_typography-letter-spacing);\"><span class=\" fusion-imageframe imageframe-none imageframe-1 hover-type-zoomin fusion-animated\" data-animationType=\"fadeInDown\" data-animationDuration=\"1.0\" data-animationOffset=\"bottom-in-view\"><a href=\"https:\/\/feucht-obsttechnik.de\/wp-content\/uploads\/obstauflesemaschine-ob-80r-1.jpg\" class=\"fusion-lightbox\" data-rel=\"iLightbox[ob80r]\" data-title=\"Az OB 80 R \u00f6nj\u00e1r\u00f3 gy\u00fcm\u00f6lcsszed\u0151 g\u00e9p\" title=\"Az OB 80 R \u00f6nj\u00e1r\u00f3 gy\u00fcm\u00f6lcsszed\u0151 g\u00e9p\"><img decoding=\"async\" width=\"1600\" height=\"1200\" src=\"https:\/\/feucht-obsttechnik.de\/wp-content\/uploads\/obstauflesemaschine-ob-80r-1.jpg\" alt class=\"img-responsive wp-image-10453\" srcset=\"https:\/\/feucht-obsttechnik.de\/wp-content\/uploads\/obstauflesemaschine-ob-80r-1-200x150.jpg 200w, https:\/\/feucht-obsttechnik.de\/wp-content\/uploads\/obstauflesemaschine-ob-80r-1-400x300.jpg 400w, https:\/\/feucht-obsttechnik.de\/wp-content\/uploads\/obstauflesemaschine-ob-80r-1-600x450.jpg 600w, https:\/\/feucht-obsttechnik.de\/wp-content\/uploads\/obstauflesemaschine-ob-80r-1-800x600.jpg 800w, https:\/\/feucht-obsttechnik.de\/wp-content\/uploads\/obstauflesemaschine-ob-80r-1-1200x900.jpg 1200w, https:\/\/feucht-obsttechnik.de\/wp-content\/uploads\/obstauflesemaschine-ob-80r-1.jpg 1600w\" sizes=\"(max-width: 835px) 100vw, 600px\" \/><\/a><\/span><\/div><div class=\"fusion-clearfix\"><\/div><\/div><\/div><\/div><\/div><div class=\"fusion-fullwidth fullwidth-box fusion-builder-row-3 nonhundred-percent-fullwidth non-hundred-percent-height-scrolling\" style=\"--awb-background-position:left top;--awb-border-sizes-top:0px;--awb-border-sizes-bottom:0px;--awb-border-sizes-left:0px;--awb-border-sizes-right:0px;--awb-border-radius-top-left:0px;--awb-border-radius-top-right:0px;--awb-border-radius-bottom-right:0px;--awb-border-radius-bottom-left:0px;--awb-padding-top:1px;--awb-padding-bottom:0px;--awb-background-color:#cc0000;--awb-flex-wrap:wrap;\" ><div class=\"fusion-builder-row fusion-row\"><div class=\"fusion-layout-column fusion_builder_column fusion-builder-column-5 fusion_builder_column_1_1 1_1 fusion-one-full fusion-column-first fusion-column-last\" style=\"--awb-padding-top:50px;--awb-padding-bottom:50px;--awb-padding-left:0px;--awb-bg-size:cover;--awb-margin-bottom:0px;\"><div class=\"fusion-column-wrapper fusion-column-has-shadow fusion-flex-column-wrapper-legacy\"><div class=\"fusion-column-content-centered\"><div class=\"fusion-column-content\"><div class=\"fusion-text fusion-text-5\"><h2 style=\"text-align: center; margin-bottom: 0px;\"><span style=\"color: #ffffff;\">OB 80 R a Feucht Obsttechnik v\u00e1llalatt\u00f3l<\/span><\/h2>\n<\/div><\/div><\/div><div class=\"fusion-clearfix\"><\/div><\/div><\/div><\/div><\/div><div class=\"fusion-fullwidth fullwidth-box fusion-builder-row-4 nonhundred-percent-fullwidth non-hundred-percent-height-scrolling\" style=\"--awb-border-radius-top-left:0px;--awb-border-radius-top-right:0px;--awb-border-radius-bottom-right:0px;--awb-border-radius-bottom-left:0px;--awb-flex-wrap:wrap;\" ><div class=\"fusion-builder-row fusion-row\"><div class=\"fusion-layout-column fusion_builder_column fusion-builder-column-6 fusion_builder_column_1_1 1_1 fusion-one-full fusion-column-first fusion-column-last\" style=\"--awb-padding-top:0px;--awb-padding-right:0px;--awb-padding-bottom:0px;--awb-padding-left:0px;--awb-bg-size:cover;--awb-margin-bottom:0px;\"><div class=\"fusion-column-wrapper fusion-column-has-shadow fusion-flex-column-wrapper-legacy\"><div class=\"fusion-menu-anchor\" id=\"OB 80 R\"><\/div><div class=\"fusion-clearfix\"><\/div><\/div><\/div><\/div><\/div><div class=\"fusion-fullwidth fullwidth-box fusion-builder-row-5 fusion-parallax-none nonhundred-percent-fullwidth non-hundred-percent-height-scrolling\" style=\"--awb-border-radius-top-left:0px;--awb-border-radius-top-right:0px;--awb-border-radius-bottom-right:0px;--awb-border-radius-bottom-left:0px;--awb-padding-top:200px;--awb-margin-top:-1px;--awb-background-image:url(&quot;https:\/\/feucht-obsttechnik.de\/wp-content\/uploads\/obstauflesemaschine-divider-ob-80r.jpg&quot;);--awb-background-size:cover;--awb-flex-wrap:wrap;\" ><div class=\"fusion-builder-row fusion-row\"><div class=\"fusion-layout-column fusion_builder_column fusion-builder-column-7 fusion_builder_column_1_6 1_6 fusion-one-sixth fusion-column-first\" style=\"--awb-bg-size:cover;width:16.666666666667%;width:calc(16.666666666667% - ( ( 4% + 4% ) * 0.16666666666667 ) );margin-right: 4%;\"><div class=\"fusion-column-wrapper fusion-flex-column-wrapper-legacy\"><div class=\"fusion-clearfix\"><\/div><\/div><\/div><div class=\"fusion-layout-column fusion_builder_column fusion-builder-column-8 fusion_builder_column_2_3 2_3 fusion-two-third\" style=\"--awb-padding-top:50px;--awb-padding-right:50px;--awb-padding-bottom:50px;--awb-padding-left:50px;--awb-bg-color:rgba(255,255,255,0.9);--awb-bg-color-hover:rgba(255,255,255,0.9);--awb-bg-size:cover;--awb-margin-bottom:-100px;width:66.666666666667%;width:calc(66.666666666667% - ( ( 4% + 4% ) * 0.66666666666667 ) );margin-right: 4%;\"><div class=\"fusion-column-wrapper fusion-column-has-shadow fusion-flex-column-wrapper-legacy\"><div class=\"fusion-text fusion-text-6\"><h2 style=\"text-align: center;\">OB 80 R<\/h2>\n<p style=\"text-align: center;\"><strong>Az \u00f6nj\u00e1r\u00f3 g\u00e9p 80 cm munkasz\u00e9less\u00e9ggel.<\/strong><\/p>\n<p style=\"text-align: center;\">Egy\u00e9ni gazdas\u00e1goknak, k\u00f6z\u00f6ss\u00e9geknek, v\u00e1llalkoz\u00f3knak, mez\u0151gazdas\u00e1gig\u00e9p-sz\u00f6vetkezeteknek \u00e9s egyes\u00fcleteknek k\u00edn\u00e1ljuk OB 80 R \u00f6nj\u00e1r\u00f3 gy\u00fcm\u00f6lcsszed\u0151, illetve gy\u00fcm\u00f6lcs\u00f6sszeszed\u0151 g\u00e9p\u00fcnket. Az OB 80 R magas \u00fcr\u00edt\u00e9ssel rendelkezik, \u00e9s sz\u00e1mos tartoz\u00e9kkal felszerelhet\u0151. <\/p>\n<\/div><div class=\"fusion-clearfix\"><\/div><\/div><\/div><div class=\"fusion-layout-column fusion_builder_column fusion-builder-column-9 fusion_builder_column_1_6 1_6 fusion-one-sixth fusion-column-last\" style=\"--awb-bg-size:cover;width:16.666666666667%;width:calc(16.666666666667% - ( ( 4% + 4% ) * 0.16666666666667 ) );\"><div class=\"fusion-column-wrapper fusion-flex-column-wrapper-legacy\"><div class=\"fusion-clearfix\"><\/div><\/div><\/div><\/div><\/div><div class=\"fusion-fullwidth fullwidth-box fusion-builder-row-6 nonhundred-percent-fullwidth non-hundred-percent-height-scrolling fusion-equal-height-columns\" style=\"--awb-border-radius-top-left:0px;--awb-border-radius-top-right:0px;--awb-border-radius-bottom-right:0px;--awb-border-radius-bottom-left:0px;--awb-padding-top:200px;--awb-background-color:#f2f2f2;--awb-flex-wrap:wrap;\" ><div class=\"fusion-builder-row fusion-row\"><div class=\"fusion-layout-column fusion_builder_column fusion-builder-column-10 fusion_builder_column_1_1 1_1 fusion-one-full fusion-column-first fusion-column-last\" style=\"--awb-bg-size:cover;\"><div class=\"fusion-column-wrapper fusion-flex-column-wrapper-legacy\"><div class=\"fusion-title title fusion-title-1 fusion-sep-none fusion-title-text fusion-title-size-one\" style=\"--awb-margin-top-small:0px;--awb-margin-right-small:0px;--awb-margin-bottom-small:20px;--awb-margin-left-small:0px;\"><h1 class=\"fusion-title-heading title-heading-left fusion-responsive-typography-calculated\" style=\"margin:0;--fontSize:38;line-height:1.33;\">Az OB 80 R r\u00e9szletei<\/h1><\/div><div class=\"fusion-clearfix\"><\/div><\/div><\/div><\/div><\/div><div class=\"fusion-fullwidth fullwidth-box fusion-builder-row-7 nonhundred-percent-fullwidth non-hundred-percent-height-scrolling fusion-equal-height-columns\" style=\"--awb-border-radius-top-left:0px;--awb-border-radius-top-right:0px;--awb-border-radius-bottom-right:0px;--awb-border-radius-bottom-left:0px;--awb-padding-bottom:100px;--awb-background-color:#f2f2f2;--awb-flex-wrap:wrap;\" ><div class=\"fusion-builder-row fusion-row\"><div class=\"fusion-layout-column fusion_builder_column fusion-builder-column-11 fusion_builder_column_1_4 1_4 fusion-one-fourth fusion-column-first\" style=\"--awb-bg-color:#ffffff;--awb-bg-color-hover:#ffffff;--awb-bg-size:cover;--awb-margin-bottom:40px;width:22%; margin-right: 4%;\"><div class=\"fusion-column-wrapper fusion-flex-column-wrapper-legacy\"><div class=\"fusion-image-element fusion-image-align-center in-legacy-container\" style=\"text-align:center;--awb-caption-title-font-family:var(--h2_typography-font-family);--awb-caption-title-font-weight:var(--h2_typography-font-weight);--awb-caption-title-font-style:var(--h2_typography-font-style);--awb-caption-title-size:var(--h2_typography-font-size);--awb-caption-title-transform:var(--h2_typography-text-transform);--awb-caption-title-line-height:var(--h2_typography-line-height);--awb-caption-title-letter-spacing:var(--h2_typography-letter-spacing);\"><div class=\"imageframe-align-center\"><span class=\" fusion-imageframe imageframe-none imageframe-2 hover-type-zoomin\"><a href=\"https:\/\/feucht-obsttechnik.de\/wp-content\/uploads\/obstauflesemaschine-ob-80r-2.jpg\" class=\"fusion-lightbox\" data-rel=\"iLightbox[ob80r]\" data-title=\"Az OB 80 R \u00f6nj\u00e1r\u00f3 gy\u00fcm\u00f6lcsszed\u0151 g\u00e9p\" title=\"Az OB 80 R \u00f6nj\u00e1r\u00f3 gy\u00fcm\u00f6lcsszed\u0151 g\u00e9p\"><img decoding=\"async\" width=\"1600\" height=\"1200\" src=\"https:\/\/feucht-obsttechnik.de\/wp-content\/uploads\/obstauflesemaschine-ob-80r-2.jpg\" alt class=\"img-responsive wp-image-10452\" srcset=\"https:\/\/feucht-obsttechnik.de\/wp-content\/uploads\/obstauflesemaschine-ob-80r-2-200x150.jpg 200w, https:\/\/feucht-obsttechnik.de\/wp-content\/uploads\/obstauflesemaschine-ob-80r-2-400x300.jpg 400w, https:\/\/feucht-obsttechnik.de\/wp-content\/uploads\/obstauflesemaschine-ob-80r-2-600x450.jpg 600w, https:\/\/feucht-obsttechnik.de\/wp-content\/uploads\/obstauflesemaschine-ob-80r-2-800x600.jpg 800w, https:\/\/feucht-obsttechnik.de\/wp-content\/uploads\/obstauflesemaschine-ob-80r-2-1200x900.jpg 1200w, https:\/\/feucht-obsttechnik.de\/wp-content\/uploads\/obstauflesemaschine-ob-80r-2.jpg 1600w\" sizes=\"(max-width: 835px) 100vw, 400px\" \/><\/a><\/span><\/div><\/div><div class=\"fusion-clearfix\"><\/div><\/div><\/div><div class=\"fusion-layout-column fusion_builder_column fusion-builder-column-12 fusion_builder_column_1_4 1_4 fusion-one-fourth\" style=\"--awb-bg-color:#ffffff;--awb-bg-color-hover:#ffffff;--awb-bg-size:cover;width:22%; margin-right: 4%;\"><div class=\"fusion-column-wrapper fusion-flex-column-wrapper-legacy\"><div class=\"fusion-image-element fusion-image-align-center in-legacy-container\" style=\"text-align:center;--awb-caption-title-font-family:var(--h2_typography-font-family);--awb-caption-title-font-weight:var(--h2_typography-font-weight);--awb-caption-title-font-style:var(--h2_typography-font-style);--awb-caption-title-size:var(--h2_typography-font-size);--awb-caption-title-transform:var(--h2_typography-text-transform);--awb-caption-title-line-height:var(--h2_typography-line-height);--awb-caption-title-letter-spacing:var(--h2_typography-letter-spacing);\"><div class=\"imageframe-align-center\"><span class=\" fusion-imageframe imageframe-none imageframe-3 hover-type-zoomin\"><a href=\"https:\/\/feucht-obsttechnik.de\/wp-content\/uploads\/obstauflesemaschine-ob-80r-4.jpg\" class=\"fusion-lightbox\" data-rel=\"iLightbox[ob80r]\" data-title=\"Az OB 80 R \u00f6nj\u00e1r\u00f3 gy\u00fcm\u00f6lcsszed\u0151 g\u00e9p\" title=\"Az OB 80 R \u00f6nj\u00e1r\u00f3 gy\u00fcm\u00f6lcsszed\u0151 g\u00e9p\"><img decoding=\"async\" width=\"1600\" height=\"1200\" src=\"https:\/\/feucht-obsttechnik.de\/wp-content\/uploads\/obstauflesemaschine-ob-80r-4.jpg\" alt class=\"img-responsive wp-image-10450\" srcset=\"https:\/\/feucht-obsttechnik.de\/wp-content\/uploads\/obstauflesemaschine-ob-80r-4-200x150.jpg 200w, https:\/\/feucht-obsttechnik.de\/wp-content\/uploads\/obstauflesemaschine-ob-80r-4-400x300.jpg 400w, https:\/\/feucht-obsttechnik.de\/wp-content\/uploads\/obstauflesemaschine-ob-80r-4-600x450.jpg 600w, https:\/\/feucht-obsttechnik.de\/wp-content\/uploads\/obstauflesemaschine-ob-80r-4-800x600.jpg 800w, https:\/\/feucht-obsttechnik.de\/wp-content\/uploads\/obstauflesemaschine-ob-80r-4-1200x900.jpg 1200w, https:\/\/feucht-obsttechnik.de\/wp-content\/uploads\/obstauflesemaschine-ob-80r-4.jpg 1600w\" sizes=\"(max-width: 835px) 100vw, 400px\" \/><\/a><\/span><\/div><\/div><div class=\"fusion-clearfix\"><\/div><\/div><\/div><div class=\"fusion-layout-column fusion_builder_column fusion-builder-column-13 fusion_builder_column_1_4 1_4 fusion-one-fourth\" style=\"--awb-bg-color:#ffffff;--awb-bg-color-hover:#ffffff;--awb-bg-size:cover;width:22%; margin-right: 4%;\"><div class=\"fusion-column-wrapper fusion-flex-column-wrapper-legacy\"><div class=\"fusion-image-element fusion-image-align-center in-legacy-container\" style=\"text-align:center;--awb-caption-title-font-family:var(--h2_typography-font-family);--awb-caption-title-font-weight:var(--h2_typography-font-weight);--awb-caption-title-font-style:var(--h2_typography-font-style);--awb-caption-title-size:var(--h2_typography-font-size);--awb-caption-title-transform:var(--h2_typography-text-transform);--awb-caption-title-line-height:var(--h2_typography-line-height);--awb-caption-title-letter-spacing:var(--h2_typography-letter-spacing);\"><div class=\"imageframe-align-center\"><span class=\" fusion-imageframe imageframe-none imageframe-4 hover-type-zoomin\"><a href=\"https:\/\/feucht-obsttechnik.de\/wp-content\/uploads\/obstauflesemaschine-ob-80r-3.jpg\" class=\"fusion-lightbox\" data-rel=\"iLightbox[ob80r]\" data-title=\"Az OB 80 R \u00f6nj\u00e1r\u00f3 gy\u00fcm\u00f6lcsszed\u0151 g\u00e9p\" title=\"Az OB 80 R \u00f6nj\u00e1r\u00f3 gy\u00fcm\u00f6lcsszed\u0151 g\u00e9p\"><img decoding=\"async\" width=\"1600\" height=\"1200\" src=\"https:\/\/feucht-obsttechnik.de\/wp-content\/uploads\/obstauflesemaschine-ob-80r-3.jpg\" alt class=\"img-responsive wp-image-10451\" srcset=\"https:\/\/feucht-obsttechnik.de\/wp-content\/uploads\/obstauflesemaschine-ob-80r-3-200x150.jpg 200w, https:\/\/feucht-obsttechnik.de\/wp-content\/uploads\/obstauflesemaschine-ob-80r-3-400x300.jpg 400w, https:\/\/feucht-obsttechnik.de\/wp-content\/uploads\/obstauflesemaschine-ob-80r-3-600x450.jpg 600w, https:\/\/feucht-obsttechnik.de\/wp-content\/uploads\/obstauflesemaschine-ob-80r-3-800x600.jpg 800w, https:\/\/feucht-obsttechnik.de\/wp-content\/uploads\/obstauflesemaschine-ob-80r-3-1200x900.jpg 1200w, https:\/\/feucht-obsttechnik.de\/wp-content\/uploads\/obstauflesemaschine-ob-80r-3.jpg 1600w\" sizes=\"(max-width: 835px) 100vw, 400px\" \/><\/a><\/span><\/div><\/div><div class=\"fusion-clearfix\"><\/div><\/div><\/div><div class=\"fusion-layout-column fusion_builder_column fusion-builder-column-14 fusion_builder_column_1_4 1_4 fusion-one-fourth fusion-column-last\" style=\"--awb-bg-color:#ffffff;--awb-bg-color-hover:#ffffff;--awb-bg-size:cover;width:22%;\"><div class=\"fusion-column-wrapper fusion-flex-column-wrapper-legacy\"><div class=\"fusion-image-element fusion-image-align-center in-legacy-container\" style=\"text-align:center;--awb-caption-title-font-family:var(--h2_typography-font-family);--awb-caption-title-font-weight:var(--h2_typography-font-weight);--awb-caption-title-font-style:var(--h2_typography-font-style);--awb-caption-title-size:var(--h2_typography-font-size);--awb-caption-title-transform:var(--h2_typography-text-transform);--awb-caption-title-line-height:var(--h2_typography-line-height);--awb-caption-title-letter-spacing:var(--h2_typography-letter-spacing);\"><div class=\"imageframe-align-center\"><span class=\" fusion-imageframe imageframe-none imageframe-5 hover-type-zoomin\"><a href=\"https:\/\/feucht-obsttechnik.de\/wp-content\/uploads\/obstauflesemaschine-ob-80r-5.jpg\" class=\"fusion-lightbox\" data-rel=\"iLightbox[ob80r]\" data-title=\"Az OB 80 R \u00f6nj\u00e1r\u00f3 gy\u00fcm\u00f6lcsszed\u0151 g\u00e9p\" title=\"Az OB 80 R \u00f6nj\u00e1r\u00f3 gy\u00fcm\u00f6lcsszed\u0151 g\u00e9p\"><img decoding=\"async\" width=\"1600\" height=\"1200\" src=\"https:\/\/feucht-obsttechnik.de\/wp-content\/uploads\/obstauflesemaschine-ob-80r-5.jpg\" alt class=\"img-responsive wp-image-10449\" srcset=\"https:\/\/feucht-obsttechnik.de\/wp-content\/uploads\/obstauflesemaschine-ob-80r-5-200x150.jpg 200w, https:\/\/feucht-obsttechnik.de\/wp-content\/uploads\/obstauflesemaschine-ob-80r-5-400x300.jpg 400w, https:\/\/feucht-obsttechnik.de\/wp-content\/uploads\/obstauflesemaschine-ob-80r-5-600x450.jpg 600w, https:\/\/feucht-obsttechnik.de\/wp-content\/uploads\/obstauflesemaschine-ob-80r-5-800x600.jpg 800w, https:\/\/feucht-obsttechnik.de\/wp-content\/uploads\/obstauflesemaschine-ob-80r-5-1200x900.jpg 1200w, https:\/\/feucht-obsttechnik.de\/wp-content\/uploads\/obstauflesemaschine-ob-80r-5.jpg 1600w\" sizes=\"(max-width: 835px) 100vw, 400px\" \/><\/a><\/span><\/div><\/div><div class=\"fusion-clearfix\"><\/div><\/div><\/div><\/div><\/div><div class=\"fusion-fullwidth fullwidth-box fusion-builder-row-8 nonhundred-percent-fullwidth non-hundred-percent-height-scrolling fusion-equal-height-columns\" style=\"--awb-border-radius-top-left:0px;--awb-border-radius-top-right:0px;--awb-border-radius-bottom-right:0px;--awb-border-radius-bottom-left:0px;--awb-padding-bottom:100px;--awb-background-color:#f2f2f2;--awb-flex-wrap:wrap;\" ><div class=\"fusion-builder-row fusion-row\"><div class=\"fusion-layout-column fusion_builder_column fusion-builder-column-15 fusion_builder_column_1_2 1_2 fusion-one-half fusion-column-first\" style=\"--awb-bg-color:#ffffff;--awb-bg-color-hover:#ffffff;--awb-bg-size:cover;--awb-margin-bottom:40px;width:48%; margin-right: 4%;\"><div class=\"fusion-column-wrapper fusion-flex-column-wrapper-legacy\"><div class=\"fusion-text fusion-text-7\"><div style=\"padding: 25px;\">\n<h2>El\u0151ny\u00f6k<\/h2>\n<ul>\n<li>m\u00e9g lejt\u0151k\u00f6n is lehets\u00e9ges a gy\u00fcm\u00f6lcs\u00f6k felv\u00e9tele<\/li>\n<li>standard hidraulikus differenci\u00e1lz\u00e1r <\/li>\n<li>nagyon j\u00f3l man\u0151verezhet\u0151 \u00e9s egy\u00e9rtelm\u0171 elrendez\u00e9s\u0171 a r\u00f6vid, kompakt kivitelnek k\u00f6sz\u00f6nhet\u0151en<\/li>\n<li>gy\u00fcm\u00f6lcs\u00f6s\u00f6kben \u00e9s \u00fcltetv\u00e9nyeken haszn\u00e1lhat\u00f3<\/li>\n<li>a gy\u00fcm\u00f6lcs nagyon j\u00f3 megtiszt\u00edt\u00e1sa a levelekt\u0151l \u00e9s a f\u0171t\u0151l<\/li>\n<li>ergonomikus \u00fcl\u0151helyzet a d\u00f6nt\u00f6tt \u00fcl\u00e9ssel, a gy\u00fcm\u00f6lcstart\u00e1ly \u00e9s a szed\u0151egys\u00e9g 100%-os l\u00e1that\u00f3s\u00e1g\u00e1val<\/li>\n<li>teljesen hidraulikus minikorm\u00e1nyz\u00e1s a lehet\u0151 legkisebb er\u0151vel<\/li>\n<li>az ac\u00e9lr\u00e9szeket m\u0171anyag bor\u00edtja; a hagyom\u00e1nyos bevonatokhoz k\u00e9pest sokkal jobb mechanikai stabilit\u00e1st \u00e9s UV-\u00e1ll\u00f3s\u00e1got ny\u00fajt <\/li>\n<li>a betakar\u00edt\u00f3fed\u00e9l k\u00f6zponti be\u00e1ll\u00edt\u00e1sa nagy \u00e9s kis gy\u00fcm\u00f6lcsh\u00f6z<\/li>\n<li>hajt\u00f3ped\u00e1lok az el\u0151re- \u00e9s h\u00e1tramenethez, ir\u00e1nykijelz\u00e9ssel<\/li>\n<li>professzion\u00e1lis \u00fcres \u00e1ll\u00e1s a hidraulikus hajt\u00e1shoz<\/li>\n<li>a gy\u00fcm\u00f6lcstart\u00e1ly 100%-os felt\u00f6lt\u00e9se<\/li>\n<li>a tart\u00e1ly \u00fcr\u00edt\u00e9se a tart\u00e1ly 90\u00b0-os elforgathat\u00f3s\u00e1g\u00e1nak k\u00f6sz\u00f6nhet\u0151en b\u00e1rmely magass\u00e1gon lehets\u00e9ges<\/li>\n<li>az optim\u00e1lis f\u0171magass\u00e1g 15\u201325 cm<\/li>\n<li>g\u00e9peink a legmagasabb szed\u00e9si ar\u00e1nyt \u00e9rik el (szinte 100%-ot) an\u00e9lk\u00fcl, hogy a gy\u00fcm\u00f6lcs k\u00e1rosodna, mivel a gumi nyelvek minim\u00e1lis \u00e9s maxim\u00e1lis gy\u00fcm\u00f6lcss\u0171r\u0171s\u00e9g eset\u00e9n is a lehet\u0151 leggyeng\u00e9debb felszed\u00e9st biztos\u00edtj\u00e1k<\/li>\n<li>a szed\u00e9si vagy \u00f6sszeszed\u00e9si folyamat sor\u00e1n a gy\u00fcm\u00f6lcs\u00f6t \u00fagy tiszt\u00edtja meg a levelekt\u0151l \u00e9s a f\u0171t\u0151l, mintha k\u00e9zzel tiszt\u00edtan\u00e1k meg<\/li>\n<li>haszn\u00e1lhat\u00f3 er\u0151sen nyirkos talajviszonyok eset\u00e9n is alacsony s\u00faly\u00e1nak \u00e9s terepabroncsainak k\u00f6sz\u00f6nhet\u0151en<\/li>\n<li>strapab\u00edr\u00f3 ipari motor<\/li>\n<li>az eszk\u00f6z nagyon k\u00f6nnyen \u00fczemeltethet\u0151<\/li>\n<\/ul>\n<\/div>\n<\/div><div class=\"fusion-clearfix\"><\/div><\/div><\/div><div class=\"fusion-layout-column fusion_builder_column fusion-builder-column-16 fusion_builder_column_1_2 1_2 fusion-one-half fusion-column-last\" style=\"--awb-bg-color:#ffffff;--awb-bg-color-hover:#ffffff;--awb-bg-size:cover;width:48%;\"><div class=\"fusion-column-wrapper fusion-flex-column-wrapper-legacy\"><div class=\"fusion-text fusion-text-8\"><div style=\"padding: 25px;\">\n<h2>M\u0171szaki adatok<\/h2>\n<\/div>\n<\/div>\n<div class=\"table-2\">\n<table width=\"100%\">\n<tbody>\n<tr>\n<td align=\"left\">Munkasz\u00e9less\u00e9g:<\/td>\n<td align=\"left\">80 cm<\/td>\n<\/tr>\n<tr>\n<td align=\"left\">Munkasz\u00e9less\u00e9g a rotorral:<\/td>\n<td align=\"left\">1 rotor: 197 cm-t\u0151l 242 cm-ig<br \/>\n2 rotor: 250 cm-t\u0151l 335 cm-ig<\/td>\n<\/tr>\n<tr>\n<td align=\"left\">Motor:<\/td>\n<td align=\"left\">18 LE Briggs &amp; Stratton Vanguard 2 hengeres, elektronikus gy\u00fajt\u00e1ssal<\/td>\n<\/tr>\n<tr>\n<td align=\"left\">Hajt\u00e1s:<\/td>\n<td align=\"left\">Fokozatmentesen \u00e1ll\u00edthat\u00f3 hidrosztatikus hajt\u00e1s differenci\u00e1lz\u00e1rral<\/td>\n<\/tr>\n<tr>\n<td align=\"left\">Hajt\u00e1s:<\/td>\n<td align=\"left\">Sz\u00edjhajt\u00e1s rug\u00f3-\u00f6sszenyom\u00f3val a hajt\u00e1shoz \u00e9s a szed\u0151hengerhez<\/td>\n<\/tr>\n<tr>\n<td align=\"left\">Gy\u00fcm\u00f6lcstart\u00e1ly t\u00e9rfogata:<\/td>\n<td align=\"left\">250 l<\/td>\n<\/tr>\n<tr>\n<td align=\"left\">Kirakod\u00e1si magass\u00e1g:<\/td>\n<td align=\"left\">245 cm<\/td>\n<\/tr>\n<tr>\n<td align=\"left\">T\u00falt\u00f6lt\u00e9si m\u00e9lys\u00e9g:<\/td>\n<td align=\"left\">90 cm<\/td>\n<\/tr>\n<tr>\n<td align=\"left\">Hossz\u00fas\u00e1g:<\/td>\n<td align=\"left\">321 cm<\/td>\n<\/tr>\n<tr>\n<td align=\"left\">Sz\u00e9less\u00e9g:<\/td>\n<td align=\"left\">139 cm<\/td>\n<\/tr>\n<tr>\n<td align=\"left\">Magass\u00e1g:<\/td>\n<td align=\"left\">141 cm<\/td>\n<\/tr>\n<tr>\n<td align=\"left\">Magass\u00e1gbe\u00e1ll\u00edt\u00e1s:<\/td>\n<td align=\"left\">Els\u0151 ker\u00e9ken, mechanikus be\u00e1ll\u00edt\u00e1ssal<\/td>\n<\/tr>\n<tr>\n<td align=\"left\">Gy\u00fcm\u00f6lcsszed\u00e9si teljes\u00edtm\u00e9ny:<\/td>\n<td align=\"left\">\u00d3r\u00e1nk\u00e9nt ak\u00e1r 4 tonna, a gy\u00fcm\u00f6lcsmennyis\u00e9gt\u0151l f\u00fcgg\u0151en<\/td>\n<\/tr>\n<tr>\n<td align=\"left\">S\u00faly:<\/td>\n<td align=\"left\">665 kg<\/td>\n<\/tr>\n<tr>\n<td align=\"left\">Gy\u00fcm\u00f6lcst\u00edpusok:<\/td>\n<td align=\"left\">Alma, k\u00f6rte, citrusf\u00e9l\u00e9k, di\u00f3, mogyor\u00f3, gesztenye stb.<\/td>\n<\/tr>\n<tr>\n<td align=\"left\">Gumiabroncsok:<\/td>\n<td align=\"left\">H\u00e1tul: 20 x 10,00-8, El\u00f6l: 18 x 8,50-10<\/td>\n<\/tr>\n<tr>\n<td rowspan=\"10\">Opcion\u00e1lisan:<\/td>\n<td align=\"left\">\u00dczem\u00f3ra-sz\u00e1ml\u00e1l\u00f3<\/td>\n<\/tr>\n<tr>\n<td align=\"left\">Fokozatmentesen \u00e1ll\u00edthat\u00f3 hajt\u00e1s\u00fa \u00fcltetv\u00e9nyre val\u00f3 rotor<\/td>\n<\/tr>\n<tr>\n<td align=\"left\">\u00dcltetv\u00e9nyre val\u00f3 rotor, jobb<\/td>\n<\/tr>\n<tr>\n<td align=\"left\">\u00dcltetv\u00e9nyre val\u00f3 rotor, bal<\/td>\n<\/tr>\n<tr>\n<td align=\"left\">Hidraulikus magass\u00e1gbe\u00e1ll\u00edt\u00e1s<\/td>\n<\/tr>\n<tr>\n<td align=\"left\">Nagyzs\u00e1k-tart\u00f3<\/td>\n<\/tr>\n<tr>\n<td align=\"left\">Munkavil\u00e1g\u00edt\u00e1s<\/td>\n<\/tr>\n<tr>\n<td align=\"left\">Forg\u00f3 jelz\u0151l\u00e1mpa<\/td>\n<\/tr>\n<tr>\n<td align=\"left\">Di\u00f3f\u00e9l\u00e9khez val\u00f3 k\u00e9szlet (pl. di\u00f3 vagy mogyor\u00f3)<\/td>\n<\/tr>\n<tr>\n<td align=\"left\">Opcion\u00e1lisan nagym\u00e9ret\u0171 l\u00e1d\u00e1t sz\u00e1ll\u00edt\u00f3 kocsi is kaphat\u00f3 (2 vagy 5 l\u00e1da)<\/td>\n<\/tr>\n<\/tbody>\n<\/table>\n<\/div>\n<div class=\"fusion-clearfix\"><\/div><\/div><\/div><\/div><\/div><div class=\"fusion-fullwidth fullwidth-box fusion-builder-row-9 nonhundred-percent-fullwidth non-hundred-percent-height-scrolling fusion-equal-height-columns fusion-no-small-visibility schlagwoerter\" style=\"--awb-background-position:center top;--awb-border-sizes-top:0px;--awb-border-sizes-bottom:0px;--awb-border-sizes-left:0px;--awb-border-sizes-right:0px;--awb-border-radius-top-left:0px;--awb-border-radius-top-right:0px;--awb-border-radius-bottom-right:0px;--awb-border-radius-bottom-left:0px;--awb-padding-top:0px;--awb-padding-right:15%;--awb-padding-bottom:0px;--awb-padding-left:15%;--awb-background-color:#a0ce4e;--awb-flex-wrap:wrap;\" ><div class=\"fusion-builder-row fusion-row\"><div class=\"fusion-layout-column fusion_builder_column fusion-builder-column-17 fusion_builder_column_1_5 1_5 fusion-one-fifth fusion-column-first\" style=\"--awb-padding-top:10px;--awb-padding-bottom:10px;--awb-bg-size:cover;--awb-margin-top:10px;--awb-margin-bottom:0px;width:20%;width:calc(20% - ( ( 4% ) * 0.2 ) );margin-right: 4%;\"><div class=\"fusion-column-wrapper fusion-column-has-shadow fusion-flex-column-wrapper-legacy\"><div class=\"fusion-column-content-centered\"><div class=\"fusion-column-content\"><div class=\"fusion-title title fusion-title-2 fusion-sep-none fusion-title-text fusion-title-size-two\" style=\"--awb-text-color:#ffffff;--awb-margin-bottom:0px;--awb-margin-right-small:0px;--awb-margin-bottom-small:0px;--awb-margin-left-small:0px;\"><h2 class=\"fusion-title-heading title-heading-left fusion-responsive-typography-calculated\" style=\"margin:0;--fontSize:26;--minFontSize:26;line-height:1.25;\">Kulcsszavak:<\/h2><\/div><\/div><\/div><div class=\"fusion-clearfix\"><\/div><\/div><\/div><div class=\"fusion-layout-column fusion_builder_column fusion-builder-column-18 fusion_builder_column_4_5 4_5 fusion-four-fifth fusion-column-last fusion-column-no-min-height\" style=\"--awb-padding-top:10px;--awb-padding-bottom:10px;--awb-bg-size:cover;--awb-margin-top:20px;--awb-margin-bottom:0px;width:80%;width:calc(80% - ( ( 4% ) * 0.8 ) );\"><div class=\"fusion-column-wrapper fusion-column-has-shadow fusion-flex-column-wrapper-legacy\"><div class=\"fusion-text fusion-text-9\"><p><span style=\"color: #ffffff;\"><a href=\"https:\/\/feucht-obsttechnik.de\/de\/obsterntetechnik\/obstauflesemaschinen\/\">Almabetakar\u00edt\u00f3 g\u00e9pek<\/a>, <a href=\"https:\/\/feucht-obsttechnik.de\/de\/obsterntetechnik\/obstauflesemaschinen\/\">Gy\u00fcm\u00f6lcsszed\u0151 g\u00e9pek<\/a>, <a href=\"https:\/\/feucht-obsttechnik.de\/de\/obstauflesen-obstauflesemaschinen\/\">Gy\u00fcm\u00f6lcs\u00f6sszeszed\u0151 g\u00e9pek<\/a>, <a href=\"https:\/\/feucht-obsttechnik.de\/de\/obsterntetechnik\/\">Gy\u00fcm\u00f6lcsbetakar\u00edt\u00e1si technol\u00f3gia<\/a>, <a href=\"https:\/\/feucht-obsttechnik.de\/de\/obsterntetechnik\/\">Gy\u00fcm\u00f6lcsbetakar\u00edt\u00f3 eszk\u00f6z\u00f6k<\/a> <\/span><\/p>\n<\/div><div class=\"fusion-clearfix\"><\/div><\/div><\/div><\/div><\/div><\/p>\n","protected":false},"excerpt":{"rendered":"","protected":false},"author":4,"featured_media":0,"parent":10350,"menu_order":0,"comment_status":"closed","ping_status":"closed","template":"100-width.php","meta":{"footnotes":"","_wp_rev_ctl_limit":""},"class_list":["post-10447","page","type-page","status-publish","hentry"],"yoast_head":"<!-- This site is optimized with the Yoast SEO plugin v27.5 - https:\/\/yoast.com\/product\/yoast-seo-wordpress\/ -->\n<title>OB 80 R (R\u00e1\u00fcl\u0151s) - Feucht Obsttechnik<\/title>\n<meta name=\"description\" content=\"Az OB 80 R gy\u00fcm\u00f6lcsszed\u0151 g\u00e9p \u00f6nj\u00e1r\u00f3 gy\u00fcm\u00f6lcsszed\u0151 g\u00e9p egy\u00e9ni gazdas\u00e1gok, k\u00f6z\u00f6ss\u00e9gek, v\u00e1llalkoz\u00f3k, mez\u0151gazdas\u00e1gig\u00e9p-sz\u00f6vetkezetek \u00e9s egyes\u00fcletek sz\u00e1m\u00e1ra.\" \/>\n<meta name=\"robots\" content=\"index, follow, max-snippet:-1, max-image-preview:large, max-video-preview:-1\" \/>\n<link rel=\"canonical\" href=\"https:\/\/feucht-obsttechnik.de\/hu\/gyuemoelcsbetakaritasi-technologia\/gyuemoelcsszedo-gepek\/ob-80-r\/\" \/>\n<meta property=\"og:locale\" content=\"hu_HU\" \/>\n<meta property=\"og:type\" content=\"article\" \/>\n<meta property=\"og:title\" content=\"OB 80 R (R\u00e1\u00fcl\u0151s) - Feucht Obsttechnik\" \/>\n<meta property=\"og:description\" content=\"Az OB 80 R gy\u00fcm\u00f6lcsszed\u0151 g\u00e9p \u00f6nj\u00e1r\u00f3 gy\u00fcm\u00f6lcsszed\u0151 g\u00e9p egy\u00e9ni gazdas\u00e1gok, k\u00f6z\u00f6ss\u00e9gek, v\u00e1llalkoz\u00f3k, mez\u0151gazdas\u00e1gig\u00e9p-sz\u00f6vetkezetek \u00e9s egyes\u00fcletek sz\u00e1m\u00e1ra.\" \/>\n<meta property=\"og:url\" content=\"https:\/\/feucht-obsttechnik.de\/hu\/gyuemoelcsbetakaritasi-technologia\/gyuemoelcsszedo-gepek\/ob-80-r\/\" \/>\n<meta property=\"og:site_name\" content=\"Feucht Obsttechnik\" \/>\n<meta property=\"article:modified_time\" content=\"2021-04-06T10:16:24+00:00\" \/>\n<meta name=\"twitter:card\" content=\"summary_large_image\" \/>\n<meta name=\"twitter:label1\" content=\"Becs\u00fclt olvas\u00e1si id\u0151\" \/>\n\t<meta name=\"twitter:data1\" content=\"24 perc\" \/>\n<script type=\"application\/ld+json\" class=\"yoast-schema-graph\">{\"@context\":\"https:\\\/\\\/schema.org\",\"@graph\":[{\"@type\":\"WebPage\",\"@id\":\"https:\\\/\\\/feucht-obsttechnik.de\\\/hu\\\/gyuemoelcsbetakaritasi-technologia\\\/gyuemoelcsszedo-gepek\\\/ob-80-r\\\/\",\"url\":\"https:\\\/\\\/feucht-obsttechnik.de\\\/hu\\\/gyuemoelcsbetakaritasi-technologia\\\/gyuemoelcsszedo-gepek\\\/ob-80-r\\\/\",\"name\":\"OB 80 R (R\u00e1\u00fcl\u0151s) - Feucht Obsttechnik\",\"isPartOf\":{\"@id\":\"https:\\\/\\\/feucht-obsttechnik.de\\\/hu\\\/#website\"},\"datePublished\":\"2021-04-06T10:16:16+00:00\",\"dateModified\":\"2021-04-06T10:16:24+00:00\",\"description\":\"Az OB 80 R gy\u00fcm\u00f6lcsszed\u0151 g\u00e9p \u00f6nj\u00e1r\u00f3 gy\u00fcm\u00f6lcsszed\u0151 g\u00e9p egy\u00e9ni gazdas\u00e1gok, k\u00f6z\u00f6ss\u00e9gek, v\u00e1llalkoz\u00f3k, mez\u0151gazdas\u00e1gig\u00e9p-sz\u00f6vetkezetek \u00e9s egyes\u00fcletek sz\u00e1m\u00e1ra.\",\"breadcrumb\":{\"@id\":\"https:\\\/\\\/feucht-obsttechnik.de\\\/hu\\\/gyuemoelcsbetakaritasi-technologia\\\/gyuemoelcsszedo-gepek\\\/ob-80-r\\\/#breadcrumb\"},\"inLanguage\":\"hu\",\"potentialAction\":[{\"@type\":\"ReadAction\",\"target\":[\"https:\\\/\\\/feucht-obsttechnik.de\\\/hu\\\/gyuemoelcsbetakaritasi-technologia\\\/gyuemoelcsszedo-gepek\\\/ob-80-r\\\/\"]}]},{\"@type\":\"BreadcrumbList\",\"@id\":\"https:\\\/\\\/feucht-obsttechnik.de\\\/hu\\\/gyuemoelcsbetakaritasi-technologia\\\/gyuemoelcsszedo-gepek\\\/ob-80-r\\\/#breadcrumb\",\"itemListElement\":[{\"@type\":\"ListItem\",\"position\":1,\"name\":\"Startseite\",\"item\":\"https:\\\/\\\/feucht-obsttechnik.de\\\/hu\\\/\"},{\"@type\":\"ListItem\",\"position\":2,\"name\":\"Gy\u00fcm\u00f6lcsbetakar\u00edt\u00e1si technol\u00f3gia\",\"item\":\"https:\\\/\\\/feucht-obsttechnik.de\\\/hu\\\/gyuemoelcsbetakaritasi-technologia\\\/\"},{\"@type\":\"ListItem\",\"position\":3,\"name\":\"Gy\u00fcm\u00f6lcsszed\u0151 g\u00e9pek\",\"item\":\"https:\\\/\\\/feucht-obsttechnik.de\\\/hu\\\/gyuemoelcsbetakaritasi-technologia\\\/gyuemoelcsszedo-gepek\\\/\"},{\"@type\":\"ListItem\",\"position\":4,\"name\":\"OB 80 R\"}]},{\"@type\":\"WebSite\",\"@id\":\"https:\\\/\\\/feucht-obsttechnik.de\\\/hu\\\/#website\",\"url\":\"https:\\\/\\\/feucht-obsttechnik.de\\\/hu\\\/\",\"name\":\"Feucht Obsttechnik\",\"description\":\"\",\"publisher\":{\"@id\":\"https:\\\/\\\/feucht-obsttechnik.de\\\/hu\\\/#organization\"},\"potentialAction\":[{\"@type\":\"SearchAction\",\"target\":{\"@type\":\"EntryPoint\",\"urlTemplate\":\"https:\\\/\\\/feucht-obsttechnik.de\\\/hu\\\/?s={search_term_string}\"},\"query-input\":{\"@type\":\"PropertyValueSpecification\",\"valueRequired\":true,\"valueName\":\"search_term_string\"}}],\"inLanguage\":\"hu\"},{\"@type\":\"Organization\",\"@id\":\"https:\\\/\\\/feucht-obsttechnik.de\\\/hu\\\/#organization\",\"name\":\"Feucht Obsttechnik GmbH\",\"url\":\"https:\\\/\\\/feucht-obsttechnik.de\\\/hu\\\/\",\"logo\":{\"@type\":\"ImageObject\",\"inLanguage\":\"hu\",\"@id\":\"https:\\\/\\\/feucht-obsttechnik.de\\\/hu\\\/#\\\/schema\\\/logo\\\/image\\\/\",\"url\":\"https:\\\/\\\/feucht-obsttechnik.de\\\/wp-content\\\/uploads\\\/logo-feucht@2x-1.png\",\"contentUrl\":\"https:\\\/\\\/feucht-obsttechnik.de\\\/wp-content\\\/uploads\\\/logo-feucht@2x-1.png\",\"width\":640,\"height\":123,\"caption\":\"Feucht Obsttechnik GmbH\"},\"image\":{\"@id\":\"https:\\\/\\\/feucht-obsttechnik.de\\\/hu\\\/#\\\/schema\\\/logo\\\/image\\\/\"}}]}<\/script>\n<!-- \/ Yoast SEO plugin. -->","yoast_head_json":{"title":"OB 80 R (R\u00e1\u00fcl\u0151s) - Feucht Obsttechnik","description":"Az OB 80 R gy\u00fcm\u00f6lcsszed\u0151 g\u00e9p \u00f6nj\u00e1r\u00f3 gy\u00fcm\u00f6lcsszed\u0151 g\u00e9p egy\u00e9ni gazdas\u00e1gok, k\u00f6z\u00f6ss\u00e9gek, v\u00e1llalkoz\u00f3k, mez\u0151gazdas\u00e1gig\u00e9p-sz\u00f6vetkezetek \u00e9s egyes\u00fcletek sz\u00e1m\u00e1ra.","robots":{"index":"index","follow":"follow","max-snippet":"max-snippet:-1","max-image-preview":"max-image-preview:large","max-video-preview":"max-video-preview:-1"},"canonical":"https:\/\/feucht-obsttechnik.de\/hu\/gyuemoelcsbetakaritasi-technologia\/gyuemoelcsszedo-gepek\/ob-80-r\/","og_locale":"hu_HU","og_type":"article","og_title":"OB 80 R (R\u00e1\u00fcl\u0151s) - Feucht Obsttechnik","og_description":"Az OB 80 R gy\u00fcm\u00f6lcsszed\u0151 g\u00e9p \u00f6nj\u00e1r\u00f3 gy\u00fcm\u00f6lcsszed\u0151 g\u00e9p egy\u00e9ni gazdas\u00e1gok, k\u00f6z\u00f6ss\u00e9gek, v\u00e1llalkoz\u00f3k, mez\u0151gazdas\u00e1gig\u00e9p-sz\u00f6vetkezetek \u00e9s egyes\u00fcletek sz\u00e1m\u00e1ra.","og_url":"https:\/\/feucht-obsttechnik.de\/hu\/gyuemoelcsbetakaritasi-technologia\/gyuemoelcsszedo-gepek\/ob-80-r\/","og_site_name":"Feucht Obsttechnik","article_modified_time":"2021-04-06T10:16:24+00:00","twitter_card":"summary_large_image","twitter_misc":{"Becs\u00fclt olvas\u00e1si id\u0151":"24 perc"},"schema":{"@context":"https:\/\/schema.org","@graph":[{"@type":"WebPage","@id":"https:\/\/feucht-obsttechnik.de\/hu\/gyuemoelcsbetakaritasi-technologia\/gyuemoelcsszedo-gepek\/ob-80-r\/","url":"https:\/\/feucht-obsttechnik.de\/hu\/gyuemoelcsbetakaritasi-technologia\/gyuemoelcsszedo-gepek\/ob-80-r\/","name":"OB 80 R (R\u00e1\u00fcl\u0151s) - Feucht Obsttechnik","isPartOf":{"@id":"https:\/\/feucht-obsttechnik.de\/hu\/#website"},"datePublished":"2021-04-06T10:16:16+00:00","dateModified":"2021-04-06T10:16:24+00:00","description":"Az OB 80 R gy\u00fcm\u00f6lcsszed\u0151 g\u00e9p \u00f6nj\u00e1r\u00f3 gy\u00fcm\u00f6lcsszed\u0151 g\u00e9p egy\u00e9ni gazdas\u00e1gok, k\u00f6z\u00f6ss\u00e9gek, v\u00e1llalkoz\u00f3k, mez\u0151gazdas\u00e1gig\u00e9p-sz\u00f6vetkezetek \u00e9s egyes\u00fcletek sz\u00e1m\u00e1ra.","breadcrumb":{"@id":"https:\/\/feucht-obsttechnik.de\/hu\/gyuemoelcsbetakaritasi-technologia\/gyuemoelcsszedo-gepek\/ob-80-r\/#breadcrumb"},"inLanguage":"hu","potentialAction":[{"@type":"ReadAction","target":["https:\/\/feucht-obsttechnik.de\/hu\/gyuemoelcsbetakaritasi-technologia\/gyuemoelcsszedo-gepek\/ob-80-r\/"]}]},{"@type":"BreadcrumbList","@id":"https:\/\/feucht-obsttechnik.de\/hu\/gyuemoelcsbetakaritasi-technologia\/gyuemoelcsszedo-gepek\/ob-80-r\/#breadcrumb","itemListElement":[{"@type":"ListItem","position":1,"name":"Startseite","item":"https:\/\/feucht-obsttechnik.de\/hu\/"},{"@type":"ListItem","position":2,"name":"Gy\u00fcm\u00f6lcsbetakar\u00edt\u00e1si technol\u00f3gia","item":"https:\/\/feucht-obsttechnik.de\/hu\/gyuemoelcsbetakaritasi-technologia\/"},{"@type":"ListItem","position":3,"name":"Gy\u00fcm\u00f6lcsszed\u0151 g\u00e9pek","item":"https:\/\/feucht-obsttechnik.de\/hu\/gyuemoelcsbetakaritasi-technologia\/gyuemoelcsszedo-gepek\/"},{"@type":"ListItem","position":4,"name":"OB 80 R"}]},{"@type":"WebSite","@id":"https:\/\/feucht-obsttechnik.de\/hu\/#website","url":"https:\/\/feucht-obsttechnik.de\/hu\/","name":"Feucht Obsttechnik","description":"","publisher":{"@id":"https:\/\/feucht-obsttechnik.de\/hu\/#organization"},"potentialAction":[{"@type":"SearchAction","target":{"@type":"EntryPoint","urlTemplate":"https:\/\/feucht-obsttechnik.de\/hu\/?s={search_term_string}"},"query-input":{"@type":"PropertyValueSpecification","valueRequired":true,"valueName":"search_term_string"}}],"inLanguage":"hu"},{"@type":"Organization","@id":"https:\/\/feucht-obsttechnik.de\/hu\/#organization","name":"Feucht Obsttechnik GmbH","url":"https:\/\/feucht-obsttechnik.de\/hu\/","logo":{"@type":"ImageObject","inLanguage":"hu","@id":"https:\/\/feucht-obsttechnik.de\/hu\/#\/schema\/logo\/image\/","url":"https:\/\/feucht-obsttechnik.de\/wp-content\/uploads\/logo-feucht@2x-1.png","contentUrl":"https:\/\/feucht-obsttechnik.de\/wp-content\/uploads\/logo-feucht@2x-1.png","width":640,"height":123,"caption":"Feucht Obsttechnik GmbH"},"image":{"@id":"https:\/\/feucht-obsttechnik.de\/hu\/#\/schema\/logo\/image\/"}}]}},"_links":{"self":[{"href":"https:\/\/feucht-obsttechnik.de\/hu\/wp-json\/wp\/v2\/pages\/10447","targetHints":{"allow":["GET"]}}],"collection":[{"href":"https:\/\/feucht-obsttechnik.de\/hu\/wp-json\/wp\/v2\/pages"}],"about":[{"href":"https:\/\/feucht-obsttechnik.de\/hu\/wp-json\/wp\/v2\/types\/page"}],"author":[{"embeddable":true,"href":"https:\/\/feucht-obsttechnik.de\/hu\/wp-json\/wp\/v2\/users\/4"}],"replies":[{"embeddable":true,"href":"https:\/\/feucht-obsttechnik.de\/hu\/wp-json\/wp\/v2\/comments?post=10447"}],"version-history":[{"count":0,"href":"https:\/\/feucht-obsttechnik.de\/hu\/wp-json\/wp\/v2\/pages\/10447\/revisions"}],"up":[{"embeddable":true,"href":"https:\/\/feucht-obsttechnik.de\/hu\/wp-json\/wp\/v2\/pages\/10350"}],"wp:attachment":[{"href":"https:\/\/feucht-obsttechnik.de\/hu\/wp-json\/wp\/v2\/media?parent=10447"}],"curies":[{"name":"wp","href":"https:\/\/api.w.org\/{rel}","templated":true}]}}