{"id":10372,"date":"2021-04-06T10:09:16","date_gmt":"2021-04-06T08:09:16","guid":{"rendered":"http:\/\/neu2020.feucht-obsttechnik.de\/gyuemoelcsbetakaritasi-technologia\/gyuemoelcsszedo-gepek\/ob-40\/"},"modified":"2021-04-06T10:09:20","modified_gmt":"2021-04-06T08:09:20","slug":"ob-40","status":"publish","type":"page","link":"https:\/\/feucht-obsttechnik.de\/hu\/gyuemoelcsbetakaritasi-technologia\/gyuemoelcsszedo-gepek\/ob-40\/","title":{"rendered":"OB 40"},"content":{"rendered":"<p><div class=\"fusion-bg-parallax\" data-bg-align=\"left center\" data-direction=\"up\" data-mute=\"false\" data-opacity=\"100\" data-velocity=\"-0.3\" data-mobile-enabled=\"false\" data-break_parents=\"0\" data-bg-image=\"https:\/\/feucht-obsttechnik.de\/wp-content\/uploads\/bg-header-obsterntetechnik-collage.jpg\" data-bg-repeat=\"false\" ><\/div><div class=\"fusion-fullwidth fullwidth-box fusion-builder-row-1 fusion-parallax-up nonhundred-percent-fullwidth non-hundred-percent-height-scrolling\" style=\"--awb-background-position:left center;--awb-border-sizes-top:0px;--awb-border-sizes-bottom:0px;--awb-border-sizes-left:0px;--awb-border-sizes-right:0px;--awb-border-radius-top-left:0px;--awb-border-radius-top-right:0px;--awb-border-radius-bottom-right:0px;--awb-border-radius-bottom-left:0px;--awb-padding-top:130px;--awb-padding-bottom:120px;--awb-background-image:url(&quot;https:\/\/feucht-obsttechnik.de\/wp-content\/uploads\/bg-header-obsterntetechnik-collage.jpg&quot;);--awb-background-size:cover;--awb-flex-wrap:wrap;\" ><div class=\"fusion-builder-row fusion-row\"><div class=\"fusion-layout-column fusion_builder_column fusion-builder-column-0 fusion_builder_column_1_2 1_2 fusion-one-half fusion-column-first\" style=\"--awb-bg-size:cover;width:48%; margin-right: 4%;\"><div class=\"fusion-column-wrapper fusion-flex-column-wrapper-legacy\"><div class=\"fusion-text fusion-text-1\"><h1><span style=\"color: #ffffff\">Elektromos Obstblitz OB 40<\/span><\/h1>\n<p><span style=\"color: #ffffff\">Ezekkel a betakar\u00edt\u00f3 eszk\u00f6z\u00f6kkel jelent\u0151s javul\u00e1st lehet el\u00e9rni a termel\u00e9kenys\u00e9g ter\u00e9n a r\u00f6vid l\u00e9gy\u00fcm\u00f6lcs-betakar\u00edt\u00e1si id\u00e9nyben, m\u00edg a j\u00f6vedelmez\u0151s\u00e9g ugyanakkor n\u00f6vekszik.<\/span><\/p>\n<\/div><div class=\"fusion-clearfix\"><\/div><\/div><\/div><div class=\"fusion-layout-column fusion_builder_column fusion-builder-column-1 fusion_builder_column_1_2 1_2 fusion-one-half fusion-column-last\" style=\"--awb-bg-size:cover;width:48%;\"><div class=\"fusion-column-wrapper fusion-flex-column-wrapper-legacy\"><div class=\"fusion-clearfix\"><\/div><\/div><\/div><\/div><\/div><div class=\"fusion-fullwidth fullwidth-box fusion-builder-row-2 nonhundred-percent-fullwidth non-hundred-percent-height-scrolling\" style=\"--awb-background-position:left top;--awb-border-sizes-top:0px;--awb-border-sizes-bottom:0px;--awb-border-sizes-left:0px;--awb-border-sizes-right:0px;--awb-border-radius-top-left:0px;--awb-border-radius-top-right:0px;--awb-border-radius-bottom-right:0px;--awb-border-radius-bottom-left:0px;--awb-padding-top:130px;--awb-padding-bottom:30px;--awb-flex-wrap:wrap;\" ><div class=\"fusion-builder-row fusion-row\"><div class=\"fusion-layout-column fusion_builder_column fusion-builder-column-2 fusion_builder_column_1_1 1_1 fusion-one-full fusion-column-first fusion-column-last\" style=\"--awb-bg-size:cover;\"><div class=\"fusion-column-wrapper fusion-column-has-shadow fusion-flex-column-wrapper-legacy\"><div class=\"fusion-text fusion-text-2\"><h2>OB 40 gy\u00fcm\u00f6lcsszed\u0151 g\u00e9p, illetve gy\u00fcm\u00f6lcs\u00f6sszeszed\u0151 g\u00e9p<\/h2>\n<\/div><div class=\"fusion-text fusion-text-3\"><h3><span class=\"\">Az OB 40 a legkisebb elektromos hajt\u00e1s\u00fa gy\u00fcm\u00f6lcsszed\u0151 g\u00e9p \/ gy\u00fcm\u00f6lcs\u00f6sszeszed\u0151 g\u00e9p.<\/span><\/h3>\n<\/div><div class=\"fusion-clearfix\"><\/div><\/div><\/div><div class=\"fusion-layout-column fusion_builder_column fusion-builder-column-3 fusion_builder_column_1_2 1_2 fusion-one-half fusion-column-first\" style=\"--awb-bg-size:cover;width:48%; margin-right: 4%;\"><div class=\"fusion-column-wrapper fusion-flex-column-wrapper-legacy\"><div class=\"fusion-text fusion-text-4\"><p>A sz\u00e9tsz\u00f3rt gy\u00fcm\u00f6lcs\u00f6t gyakran otthagyj\u00e1k a gy\u00fcm\u00f6lcs\u00f6s\u00f6kben, \u00e9s kis m\u00e9rete vagy helye miatt csak k\u00e9zzel takar\u00edthat\u00f3 be. Pontosan itt l\u00e9p k\u00f6zbe az Obstblitz OB 40. <\/p>\n<p>Az OB 40 a <strong>legkisebb gy\u00fcm\u00f6lcsbetakar\u00edt\u00f3 g\u00e9p<\/strong> elektromos hajt\u00e1ssal \u00e9s tiszt\u00edt\u00e1ssal. Ezzel az OB 40 a kisebb gy\u00fcm\u00f6lcs\u00f6s\u00f6k gy\u00fcm\u00f6lcsf\u00e1in\u00e1l a k\u00e9zi gy\u00fcm\u00f6lcsszed\u00e9s ide\u00e1lis mechanikus alternat\u00edv\u00e1ja. \u00cdgy a kisebb, kb. 5\u201310 tonna mennyis\u00e9g kibocs\u00e1t\u00e1smentesen \u00e9s kev\u00e9s zajjal kezelhet\u0151.<\/p>\n<\/div><div class=\"fusion-clearfix\"><\/div><\/div><\/div><div class=\"fusion-layout-column fusion_builder_column fusion-builder-column-4 fusion_builder_column_1_2 1_2 fusion-one-half fusion-column-last\" style=\"--awb-bg-size:cover;width:48%;\"><div class=\"fusion-column-wrapper fusion-flex-column-wrapper-legacy\"><div class=\"fusion-image-element in-legacy-container\" style=\"--awb-caption-title-font-family:var(--h2_typography-font-family);--awb-caption-title-font-weight:var(--h2_typography-font-weight);--awb-caption-title-font-style:var(--h2_typography-font-style);--awb-caption-title-size:var(--h2_typography-font-size);--awb-caption-title-transform:var(--h2_typography-text-transform);--awb-caption-title-line-height:var(--h2_typography-line-height);--awb-caption-title-letter-spacing:var(--h2_typography-letter-spacing);\"><span class=\" fusion-imageframe imageframe-none imageframe-1 hover-type-zoomin fusion-animated\" data-animationType=\"fadeInDown\" data-animationDuration=\"1.0\" data-animationOffset=\"bottom-in-view\"><a href=\"https:\/\/feucht-obsttechnik.de\/wp-content\/uploads\/obstauflesemaschine-ob-40-3.jpg\" class=\"fusion-lightbox\" data-rel=\"iLightbox[ob40]\" data-title=\"Obstblitz OB 40 a Feucht Obsttechnik v\u00e1llalatt\u00f3l\" title=\"Obstblitz OB 40 a Feucht Obsttechnik v\u00e1llalatt\u00f3l\"><img decoding=\"async\" width=\"1600\" height=\"1200\" src=\"https:\/\/feucht-obsttechnik.de\/wp-content\/uploads\/obstauflesemaschine-ob-40-3.jpg\" alt class=\"img-responsive wp-image-10375\" srcset=\"https:\/\/feucht-obsttechnik.de\/wp-content\/uploads\/obstauflesemaschine-ob-40-3-200x150.jpg 200w, https:\/\/feucht-obsttechnik.de\/wp-content\/uploads\/obstauflesemaschine-ob-40-3-400x300.jpg 400w, https:\/\/feucht-obsttechnik.de\/wp-content\/uploads\/obstauflesemaschine-ob-40-3-600x450.jpg 600w, https:\/\/feucht-obsttechnik.de\/wp-content\/uploads\/obstauflesemaschine-ob-40-3-800x600.jpg 800w, https:\/\/feucht-obsttechnik.de\/wp-content\/uploads\/obstauflesemaschine-ob-40-3-1200x900.jpg 1200w, https:\/\/feucht-obsttechnik.de\/wp-content\/uploads\/obstauflesemaschine-ob-40-3.jpg 1600w\" sizes=\"(max-width: 835px) 100vw, 600px\" \/><\/a><\/span><\/div><div class=\"fusion-clearfix\"><\/div><\/div><\/div><\/div><\/div><div class=\"fusion-fullwidth fullwidth-box fusion-builder-row-3 nonhundred-percent-fullwidth non-hundred-percent-height-scrolling\" style=\"--awb-background-position:left top;--awb-border-sizes-top:0px;--awb-border-sizes-bottom:0px;--awb-border-sizes-left:0px;--awb-border-sizes-right:0px;--awb-border-radius-top-left:0px;--awb-border-radius-top-right:0px;--awb-border-radius-bottom-right:0px;--awb-border-radius-bottom-left:0px;--awb-padding-top:1px;--awb-padding-bottom:0px;--awb-background-color:#cc0000;--awb-flex-wrap:wrap;\" ><div class=\"fusion-builder-row fusion-row\"><div class=\"fusion-layout-column fusion_builder_column fusion-builder-column-5 fusion_builder_column_1_1 1_1 fusion-one-full fusion-column-first fusion-column-last\" style=\"--awb-padding-top:50px;--awb-padding-bottom:50px;--awb-padding-left:0px;--awb-bg-size:cover;--awb-margin-bottom:0px;\"><div class=\"fusion-column-wrapper fusion-column-has-shadow fusion-flex-column-wrapper-legacy\"><div class=\"fusion-column-content-centered\"><div class=\"fusion-column-content\"><div class=\"fusion-text fusion-text-5\"><h2 style=\"text-align: center;margin-bottom: 0px\"><span style=\"color: #ffffff\"> Obstblitz OB 40 a Feucht Obsttechnik v\u00e1llalatt\u00f3l<\/span><\/h2>\n<\/div><\/div><\/div><div class=\"fusion-clearfix\"><\/div><\/div><\/div><\/div><\/div><div class=\"fusion-fullwidth fullwidth-box fusion-builder-row-4 nonhundred-percent-fullwidth non-hundred-percent-height-scrolling\" style=\"--awb-border-radius-top-left:0px;--awb-border-radius-top-right:0px;--awb-border-radius-bottom-right:0px;--awb-border-radius-bottom-left:0px;--awb-flex-wrap:wrap;\" ><div class=\"fusion-builder-row fusion-row\"><div class=\"fusion-layout-column fusion_builder_column fusion-builder-column-6 fusion_builder_column_1_1 1_1 fusion-one-full fusion-column-first fusion-column-last\" style=\"--awb-padding-top:0px;--awb-padding-right:0px;--awb-padding-bottom:0px;--awb-padding-left:0px;--awb-bg-size:cover;--awb-margin-bottom:0px;\"><div class=\"fusion-column-wrapper fusion-column-has-shadow fusion-flex-column-wrapper-legacy\"><div class=\"fusion-menu-anchor\" id=\"OB 40\"><\/div><div class=\"fusion-clearfix\"><\/div><\/div><\/div><\/div><\/div><div class=\"fusion-fullwidth fullwidth-box fusion-builder-row-5 fusion-parallax-none nonhundred-percent-fullwidth non-hundred-percent-height-scrolling\" style=\"--awb-border-radius-top-left:0px;--awb-border-radius-top-right:0px;--awb-border-radius-bottom-right:0px;--awb-border-radius-bottom-left:0px;--awb-padding-top:200px;--awb-margin-top:-1px;--awb-background-image:url(&quot;https:\/\/feucht-obsttechnik.de\/wp-content\/uploads\/obstauflesemaschine-divider-ob-40.jpg&quot;);--awb-background-size:cover;--awb-flex-wrap:wrap;\" ><div class=\"fusion-builder-row fusion-row\"><div class=\"fusion-layout-column fusion_builder_column fusion-builder-column-7 fusion_builder_column_1_6 1_6 fusion-one-sixth fusion-column-first\" style=\"--awb-bg-size:cover;width:16.666666666667%;width:calc(16.666666666667% - ( ( 4% + 4% ) * 0.16666666666667 ) );margin-right: 4%;\"><div class=\"fusion-column-wrapper fusion-flex-column-wrapper-legacy\"><div class=\"fusion-clearfix\"><\/div><\/div><\/div><div class=\"fusion-layout-column fusion_builder_column fusion-builder-column-8 fusion_builder_column_2_3 2_3 fusion-two-third\" style=\"--awb-padding-top:50px;--awb-padding-right:50px;--awb-padding-bottom:50px;--awb-padding-left:50px;--awb-bg-color:rgba(255,255,255,0.9);--awb-bg-color-hover:rgba(255,255,255,0.9);--awb-bg-size:cover;--awb-margin-bottom:-100px;width:66.666666666667%;width:calc(66.666666666667% - ( ( 4% + 4% ) * 0.66666666666667 ) );margin-right: 4%;\"><div class=\"fusion-column-wrapper fusion-column-has-shadow fusion-flex-column-wrapper-legacy\"><div class=\"fusion-text fusion-text-6\"><h2 style=\"text-align: center\">Obstblitz OB 40<\/h2>\n<p style=\"text-align: center\"><strong>Kev\u00e9s zajjal j\u00e1r\u00f3 \u00e9s kibocs\u00e1t\u00e1smentes munkav\u00e9gz\u00e9s az elektromos OB 40 g\u00e9ppel<\/strong><\/p>\n<p style=\"text-align: center\">Ezt a gy\u00fcm\u00f6lcsszed\u0151 g\u00e9pet, illetve gy\u00fcm\u00f6lcs\u00f6sszeszed\u0151 g\u00e9pet k\u00fcl\u00f6n\u00f6sen \u00e9rdemes kisebb gy\u00fcm\u00f6lcs\u00f6s\u00f6kbe megv\u00e1s\u00e1rolni. A f\u00f6ld\u00f6n hever\u0151 gy\u00fcm\u00f6lcs mennyis\u00e9g\u00e9t\u0151l f\u00fcgg\u0151en \u00f3r\u00e1nk\u00e9nt 700\u20131500 kg gy\u00fcm\u00f6lcs \u00e9s z\u00f6lds\u00e9g szedhet\u0151 fel a 40 cm-es munkasz\u00e9less\u00e9ggel. A di\u00f3f\u00e9l\u00e9khez val\u00f3 opcion\u00e1lis k\u00e9szlettel di\u00f3f\u00e9l\u00e9k, p\u00e9ld\u00e1ul di\u00f3 is felszedhet\u0151. Az Obstblitz k\u00e9t 24 voltos akkumul\u00e1torral m\u0171k\u00f6dik. Ez azt jelenti, hogy az elektromos hajt\u00e1s\u00fa Obstblitz OB 40 t\u00f6k\u00e9letes g\u00e9p mindazok sz\u00e1m\u00e1ra, akik kisebb mennyis\u00e9get k\u00edv\u00e1nnak kibocs\u00e1t\u00e1smentesen \u00e9s alacsony zajszinten kezelni.    <\/p>\n<\/div><div class=\"fusion-clearfix\"><\/div><\/div><\/div><div class=\"fusion-layout-column fusion_builder_column fusion-builder-column-9 fusion_builder_column_1_6 1_6 fusion-one-sixth fusion-column-last\" style=\"--awb-bg-size:cover;width:16.666666666667%;width:calc(16.666666666667% - ( ( 4% + 4% ) * 0.16666666666667 ) );\"><div class=\"fusion-column-wrapper fusion-flex-column-wrapper-legacy\"><div class=\"fusion-clearfix\"><\/div><\/div><\/div><\/div><\/div><div class=\"fusion-fullwidth fullwidth-box fusion-builder-row-6 nonhundred-percent-fullwidth non-hundred-percent-height-scrolling fusion-equal-height-columns\" style=\"--awb-border-radius-top-left:0px;--awb-border-radius-top-right:0px;--awb-border-radius-bottom-right:0px;--awb-border-radius-bottom-left:0px;--awb-padding-top:200px;--awb-background-color:#f2f2f2;--awb-flex-wrap:wrap;\" ><div class=\"fusion-builder-row fusion-row\"><div class=\"fusion-layout-column fusion_builder_column fusion-builder-column-10 fusion_builder_column_1_1 1_1 fusion-one-full fusion-column-first fusion-column-last\" style=\"--awb-bg-size:cover;\"><div class=\"fusion-column-wrapper fusion-flex-column-wrapper-legacy\"><div class=\"fusion-title title fusion-title-1 fusion-sep-none fusion-title-text fusion-title-size-one\" style=\"--awb-margin-top-small:0px;--awb-margin-right-small:0px;--awb-margin-bottom-small:20px;--awb-margin-left-small:0px;\"><h1 class=\"fusion-title-heading title-heading-left fusion-responsive-typography-calculated\" style=\"margin:0;--fontSize:38;line-height:1.33;\">Az OB 40 r\u00e9szletei<\/h1><\/div><div class=\"fusion-clearfix\"><\/div><\/div><\/div><\/div><\/div><div class=\"fusion-fullwidth fullwidth-box fusion-builder-row-7 nonhundred-percent-fullwidth non-hundred-percent-height-scrolling fusion-equal-height-columns\" style=\"--awb-border-radius-top-left:0px;--awb-border-radius-top-right:0px;--awb-border-radius-bottom-right:0px;--awb-border-radius-bottom-left:0px;--awb-padding-bottom:100px;--awb-background-color:#f2f2f2;--awb-flex-wrap:wrap;\" ><div class=\"fusion-builder-row fusion-row\"><div class=\"fusion-layout-column fusion_builder_column fusion-builder-column-11 fusion_builder_column_1_4 1_4 fusion-one-fourth fusion-column-first\" style=\"--awb-bg-color:#ffffff;--awb-bg-color-hover:#ffffff;--awb-bg-size:cover;--awb-margin-bottom:40px;width:22%; margin-right: 4%;\"><div class=\"fusion-column-wrapper fusion-column-has-shadow fusion-flex-column-wrapper-legacy\"><div class=\"fusion-image-element fusion-image-align-center in-legacy-container\" style=\"text-align:center;--awb-caption-title-font-family:var(--h2_typography-font-family);--awb-caption-title-font-weight:var(--h2_typography-font-weight);--awb-caption-title-font-style:var(--h2_typography-font-style);--awb-caption-title-size:var(--h2_typography-font-size);--awb-caption-title-transform:var(--h2_typography-text-transform);--awb-caption-title-line-height:var(--h2_typography-line-height);--awb-caption-title-letter-spacing:var(--h2_typography-letter-spacing);\"><div class=\"imageframe-align-center\"><span class=\" fusion-imageframe imageframe-none imageframe-2 hover-type-zoomin\"><a href=\"https:\/\/feucht-obsttechnik.de\/wp-content\/uploads\/obstauflesemaschine-ob-40-2.jpg\" class=\"fusion-lightbox\" data-rel=\"iLightbox[ob40]\" data-title=\"Obstblitz OB 40 a Feucht Obsttechnik v\u00e1llalatt\u00f3l\" title=\"Obstblitz OB 40 a Feucht Obsttechnik v\u00e1llalatt\u00f3l\"><img decoding=\"async\" width=\"1600\" height=\"1200\" src=\"https:\/\/feucht-obsttechnik.de\/wp-content\/uploads\/obstauflesemaschine-ob-40-2.jpg\" alt class=\"img-responsive wp-image-10376\" srcset=\"https:\/\/feucht-obsttechnik.de\/wp-content\/uploads\/obstauflesemaschine-ob-40-2-200x150.jpg 200w, https:\/\/feucht-obsttechnik.de\/wp-content\/uploads\/obstauflesemaschine-ob-40-2-400x300.jpg 400w, https:\/\/feucht-obsttechnik.de\/wp-content\/uploads\/obstauflesemaschine-ob-40-2-600x450.jpg 600w, https:\/\/feucht-obsttechnik.de\/wp-content\/uploads\/obstauflesemaschine-ob-40-2-800x600.jpg 800w, https:\/\/feucht-obsttechnik.de\/wp-content\/uploads\/obstauflesemaschine-ob-40-2-1200x900.jpg 1200w, https:\/\/feucht-obsttechnik.de\/wp-content\/uploads\/obstauflesemaschine-ob-40-2.jpg 1600w\" sizes=\"(max-width: 835px) 100vw, 400px\" \/><\/a><\/span><\/div><\/div><div class=\"fusion-clearfix\"><\/div><\/div><\/div><div class=\"fusion-layout-column fusion_builder_column fusion-builder-column-12 fusion_builder_column_1_4 1_4 fusion-one-fourth\" style=\"--awb-bg-color:#ffffff;--awb-bg-color-hover:#ffffff;--awb-bg-size:cover;width:22%; margin-right: 4%;\"><div class=\"fusion-column-wrapper fusion-flex-column-wrapper-legacy\"><div class=\"fusion-image-element fusion-image-align-center in-legacy-container\" style=\"text-align:center;--awb-caption-title-font-family:var(--h2_typography-font-family);--awb-caption-title-font-weight:var(--h2_typography-font-weight);--awb-caption-title-font-style:var(--h2_typography-font-style);--awb-caption-title-size:var(--h2_typography-font-size);--awb-caption-title-transform:var(--h2_typography-text-transform);--awb-caption-title-line-height:var(--h2_typography-line-height);--awb-caption-title-letter-spacing:var(--h2_typography-letter-spacing);\"><div class=\"imageframe-align-center\"><span class=\" fusion-imageframe imageframe-none imageframe-3 hover-type-zoomin\"><a href=\"https:\/\/feucht-obsttechnik.de\/wp-content\/uploads\/obstauflesemaschine-ob-40-3.jpg\" class=\"fusion-lightbox\" data-rel=\"iLightbox[ob40]\" data-title=\"Obstblitz OB 40 a Feucht Obsttechnik v\u00e1llalatt\u00f3l\" title=\"Obstblitz OB 40 a Feucht Obsttechnik v\u00e1llalatt\u00f3l\"><img decoding=\"async\" width=\"1600\" height=\"1200\" src=\"https:\/\/feucht-obsttechnik.de\/wp-content\/uploads\/obstauflesemaschine-ob-40-3.jpg\" alt class=\"img-responsive wp-image-10375\" srcset=\"https:\/\/feucht-obsttechnik.de\/wp-content\/uploads\/obstauflesemaschine-ob-40-3-200x150.jpg 200w, https:\/\/feucht-obsttechnik.de\/wp-content\/uploads\/obstauflesemaschine-ob-40-3-400x300.jpg 400w, https:\/\/feucht-obsttechnik.de\/wp-content\/uploads\/obstauflesemaschine-ob-40-3-600x450.jpg 600w, https:\/\/feucht-obsttechnik.de\/wp-content\/uploads\/obstauflesemaschine-ob-40-3-800x600.jpg 800w, https:\/\/feucht-obsttechnik.de\/wp-content\/uploads\/obstauflesemaschine-ob-40-3-1200x900.jpg 1200w, https:\/\/feucht-obsttechnik.de\/wp-content\/uploads\/obstauflesemaschine-ob-40-3.jpg 1600w\" sizes=\"(max-width: 835px) 100vw, 400px\" \/><\/a><\/span><\/div><\/div><div class=\"fusion-clearfix\"><\/div><\/div><\/div><div class=\"fusion-layout-column fusion_builder_column fusion-builder-column-13 fusion_builder_column_1_4 1_4 fusion-one-fourth\" style=\"--awb-bg-color:#ffffff;--awb-bg-color-hover:#ffffff;--awb-bg-size:cover;width:22%; margin-right: 4%;\"><div class=\"fusion-column-wrapper fusion-flex-column-wrapper-legacy\"><div class=\"fusion-image-element fusion-image-align-center in-legacy-container\" style=\"text-align:center;--awb-caption-title-font-family:var(--h2_typography-font-family);--awb-caption-title-font-weight:var(--h2_typography-font-weight);--awb-caption-title-font-style:var(--h2_typography-font-style);--awb-caption-title-size:var(--h2_typography-font-size);--awb-caption-title-transform:var(--h2_typography-text-transform);--awb-caption-title-line-height:var(--h2_typography-line-height);--awb-caption-title-letter-spacing:var(--h2_typography-letter-spacing);\"><div class=\"imageframe-align-center\"><span class=\" fusion-imageframe imageframe-none imageframe-4 hover-type-zoomin\"><a href=\"https:\/\/feucht-obsttechnik.de\/wp-content\/uploads\/obstauflesemaschine-ob-40-4.jpg\" class=\"fusion-lightbox\" data-rel=\"iLightbox[ob40]\" data-title=\"Obstblitz OB 40 a Feucht Obsttechnik v\u00e1llalatt\u00f3l\" title=\"Obstblitz OB 40 a Feucht Obsttechnik v\u00e1llalatt\u00f3l\"><img decoding=\"async\" width=\"1600\" height=\"1200\" src=\"https:\/\/feucht-obsttechnik.de\/wp-content\/uploads\/obstauflesemaschine-ob-40-4.jpg\" alt class=\"img-responsive wp-image-10374\" srcset=\"https:\/\/feucht-obsttechnik.de\/wp-content\/uploads\/obstauflesemaschine-ob-40-4-200x150.jpg 200w, https:\/\/feucht-obsttechnik.de\/wp-content\/uploads\/obstauflesemaschine-ob-40-4-400x300.jpg 400w, https:\/\/feucht-obsttechnik.de\/wp-content\/uploads\/obstauflesemaschine-ob-40-4-600x450.jpg 600w, https:\/\/feucht-obsttechnik.de\/wp-content\/uploads\/obstauflesemaschine-ob-40-4-800x600.jpg 800w, https:\/\/feucht-obsttechnik.de\/wp-content\/uploads\/obstauflesemaschine-ob-40-4-1200x900.jpg 1200w, https:\/\/feucht-obsttechnik.de\/wp-content\/uploads\/obstauflesemaschine-ob-40-4.jpg 1600w\" sizes=\"(max-width: 835px) 100vw, 400px\" \/><\/a><\/span><\/div><\/div><div class=\"fusion-clearfix\"><\/div><\/div><\/div><div class=\"fusion-layout-column fusion_builder_column fusion-builder-column-14 fusion_builder_column_1_4 1_4 fusion-one-fourth fusion-column-last\" style=\"--awb-bg-color:#ffffff;--awb-bg-color-hover:#ffffff;--awb-bg-size:cover;width:22%;\"><div class=\"fusion-column-wrapper fusion-flex-column-wrapper-legacy\"><div class=\"fusion-image-element fusion-image-align-center in-legacy-container\" style=\"text-align:center;--awb-caption-title-font-family:var(--h2_typography-font-family);--awb-caption-title-font-weight:var(--h2_typography-font-weight);--awb-caption-title-font-style:var(--h2_typography-font-style);--awb-caption-title-size:var(--h2_typography-font-size);--awb-caption-title-transform:var(--h2_typography-text-transform);--awb-caption-title-line-height:var(--h2_typography-line-height);--awb-caption-title-letter-spacing:var(--h2_typography-letter-spacing);\"><div class=\"imageframe-align-center\"><span class=\" fusion-imageframe imageframe-none imageframe-5 hover-type-zoomin\"><a href=\"https:\/\/feucht-obsttechnik.de\/wp-content\/uploads\/obstauflesemaschine-ob-40-5.jpg\" class=\"fusion-lightbox\" data-rel=\"iLightbox[ob40]\" data-title=\"Obstblitz OB 40 a Feucht Obsttechnik v\u00e1llalatt\u00f3l\" title=\"Obstblitz OB 40 a Feucht Obsttechnik v\u00e1llalatt\u00f3l\"><img decoding=\"async\" width=\"1600\" height=\"1200\" src=\"https:\/\/feucht-obsttechnik.de\/wp-content\/uploads\/obstauflesemaschine-ob-40-5.jpg\" alt class=\"img-responsive wp-image-10373\" srcset=\"https:\/\/feucht-obsttechnik.de\/wp-content\/uploads\/obstauflesemaschine-ob-40-5-200x150.jpg 200w, https:\/\/feucht-obsttechnik.de\/wp-content\/uploads\/obstauflesemaschine-ob-40-5-400x300.jpg 400w, https:\/\/feucht-obsttechnik.de\/wp-content\/uploads\/obstauflesemaschine-ob-40-5-600x450.jpg 600w, https:\/\/feucht-obsttechnik.de\/wp-content\/uploads\/obstauflesemaschine-ob-40-5-800x600.jpg 800w, https:\/\/feucht-obsttechnik.de\/wp-content\/uploads\/obstauflesemaschine-ob-40-5-1200x900.jpg 1200w, https:\/\/feucht-obsttechnik.de\/wp-content\/uploads\/obstauflesemaschine-ob-40-5.jpg 1600w\" sizes=\"(max-width: 835px) 100vw, 400px\" \/><\/a><\/span><\/div><\/div><div class=\"fusion-clearfix\"><\/div><\/div><\/div><\/div><\/div><div class=\"fusion-fullwidth fullwidth-box fusion-builder-row-8 nonhundred-percent-fullwidth non-hundred-percent-height-scrolling fusion-equal-height-columns\" style=\"--awb-border-radius-top-left:0px;--awb-border-radius-top-right:0px;--awb-border-radius-bottom-right:0px;--awb-border-radius-bottom-left:0px;--awb-padding-bottom:100px;--awb-background-color:#f2f2f2;--awb-flex-wrap:wrap;\" ><div class=\"fusion-builder-row fusion-row\"><div class=\"fusion-layout-column fusion_builder_column fusion-builder-column-15 fusion_builder_column_1_2 1_2 fusion-one-half fusion-column-first\" style=\"--awb-bg-color:#ffffff;--awb-bg-color-hover:#ffffff;--awb-bg-size:cover;--awb-margin-bottom:40px;width:48%; margin-right: 4%;\"><div class=\"fusion-column-wrapper fusion-flex-column-wrapper-legacy\"><div class=\"fusion-text fusion-text-7\"><div style=\"padding: 25px\">\n<h2>El\u0151ny\u00f6k<\/h2>\n<ul>\n<li>ide\u00e1lis kisebb gy\u00fcm\u00f6lcsmennyis\u00e9gekhez<\/li>\n<li>kibocs\u00e1t\u00e1smentes<\/li>\n<li>kis zajjal j\u00e1r<\/li>\n<li>hossz\u00fa akkumul\u00e1tor \u00fczemid\u0151<\/li>\n<li>elektromos hajt\u00e1s<\/li>\n<li>tiszta szed\u00e9si teljes\u00edtm\u00e9ny, lev\u00e9l- \u00e9s f\u0171maradv\u00e1nyok n\u00e9lk\u00fcl<\/li>\n<li>nagyon egyszer\u0171 \u00fczemeltet\u00e9s \u00e9s karbantart\u00e1s<\/li>\n<li>opcion\u00e1lis di\u00f3f\u00e9l\u00e9khez val\u00f3 k\u00e9szlet di\u00f3f\u00e9l\u00e9k betakar\u00edt\u00e1s\u00e1hoz<\/li>\n<li>\u00e1ll\u00edthat\u00f3 magass\u00e1g\u00fa markolat<\/li>\n<li>vez\u00e9rl\u0151 a v\u00e1ltoztathat\u00f3 sebess\u00e9ghez, illetve el\u0151re \u00e9s h\u00e1tra mozg\u00e1shoz<\/li>\n<li>opcion\u00e1lis tov\u00e1bbi kos\u00e1r<\/li>\n<li>m\u0171anyag bor\u00edt\u00e1ssal<\/li>\n<li>\u00e1ll\u00edthat\u00f3 szed\u00e9si sebess\u00e9g k\u00fcl\u00f6n motorral<\/li>\n<li>a gy\u00fcm\u00f6lcsfelv\u00e9tel magass\u00e1g\u00e1nak egyszer\u0171 be\u00e1ll\u00edt\u00e1sa<\/li>\n<\/ul>\n<\/div>\n<\/div><div class=\"fusion-clearfix\"><\/div><\/div><\/div><div class=\"fusion-layout-column fusion_builder_column fusion-builder-column-16 fusion_builder_column_1_2 1_2 fusion-one-half fusion-column-last\" style=\"--awb-bg-color:#ffffff;--awb-bg-color-hover:#ffffff;--awb-bg-size:cover;width:48%;\"><div class=\"fusion-column-wrapper fusion-flex-column-wrapper-legacy\"><div class=\"fusion-text fusion-text-8\"><div style=\"padding: 25px\">\n<h2>M\u0171szaki adatok<\/h2>\n<\/div>\n<\/div>\n<div class=\"table-2\">\n<table width=\"100%\">\n<tbody>\n<tr>\n<td align=\"left\">Munkasz\u00e9less\u00e9g:<\/td>\n<td align=\"left\">40 cm<\/td>\n<\/tr>\n<tr>\n<td align=\"left\">Elektromos motor:<\/td>\n<td align=\"left\">250 W, 24 V (\u00fczemid\u0151 kb. 3\u20135 h t\u00f6lt\u00e9senk\u00e9nt)<\/td>\n<\/tr>\n<tr>\n<td align=\"left\">Hajt\u00e1s:<\/td>\n<td align=\"left\">\u00c1ll\u00edthat\u00f3 szed\u00e9si \u00e9s hajt\u00e1si sebess\u00e9g, el\u0151re- \u00e9s h\u00e1trameneti fokozattal<\/td>\n<\/tr>\n<tr>\n<td align=\"left\">T\u00f6lt\u00e9si t\u00e9rfogat:<\/td>\n<td align=\"left\">40 literes gy\u00fcm\u00f6lcsl\u00e1da (opcion\u00e1lisan 85 cm sz\u00e9les kos\u00e1rtart\u00f3val)<\/td>\n<\/tr>\n<tr>\n<td align=\"left\">Hossz\u00fas\u00e1g:<\/td>\n<td align=\"left\">150 cm<\/td>\n<\/tr>\n<tr>\n<td align=\"left\">Sz\u00e9less\u00e9g:<\/td>\n<td align=\"left\">72 cm<\/td>\n<\/tr>\n<tr>\n<td align=\"left\">Magass\u00e1g:<\/td>\n<td align=\"left\">120 cm, a kezel\u0151h\u00f6z igaz\u00edthat\u00f3 markolat<\/td>\n<\/tr>\n<tr>\n<td align=\"left\">S\u00faly:<\/td>\n<td align=\"left\">kb. 80 kg<\/td>\n<\/tr>\n<tr>\n<td align=\"left\">Magass\u00e1gbe\u00e1ll\u00edt\u00e1s:<\/td>\n<td align=\"left\">Az els\u0151 ker\u00e9ken, mechanikus be\u00e1ll\u00edt\u00e1ssal<\/td>\n<\/tr>\n<tr>\n<td align=\"left\">Gy\u00fcm\u00f6lcsszed\u00e9si teljes\u00edtm\u00e9ny:<\/td>\n<td align=\"left\">\u00d3r\u00e1nk\u00e9nt ak\u00e1r 1,5 tonna, a gy\u00fcm\u00f6lcsmennyis\u00e9gt\u0151l f\u00fcgg\u0151en<\/td>\n<\/tr>\n<tr>\n<td align=\"left\">Gy\u00fcm\u00f6lcst\u00edpusok:<\/td>\n<td align=\"left\">Alma, k\u00f6rte, di\u00f3 stb.<\/td>\n<\/tr>\n<tr>\n<td align=\"left\">Gumiabroncsok:<\/td>\n<td align=\"left\">H\u00e1tul: 4,00-4, El\u00f6l: 3,50-4<\/td>\n<\/tr>\n<tr>\n<td align=\"left\">Opcion\u00e1lisan:<\/td>\n<td align=\"left\">\n<ul>\n<li>Di\u00f3f\u00e9l\u00e9khez val\u00f3 k\u00e9szlet di\u00f3f\u00e9l\u00e9k betakar\u00edt\u00e1s\u00e1hoz<\/li>\n<li>\u00dczem\u00f3ra-sz\u00e1ml\u00e1l\u00f3<\/li>\n<li>Kos\u00e1rtart\u00f3 tov\u00e1bbi kos\u00e1rnak<\/li>\n<\/ul>\n<\/td>\n<\/tr>\n<\/tbody>\n<\/table>\n<\/div>\n<div class=\"fusion-clearfix\"><\/div><\/div><\/div><\/div><\/div><div class=\"fusion-fullwidth fullwidth-box fusion-builder-row-9 nonhundred-percent-fullwidth non-hundred-percent-height-scrolling fusion-equal-height-columns fusion-no-small-visibility schlagwoerter\" style=\"--awb-background-position:center top;--awb-border-sizes-top:0px;--awb-border-sizes-bottom:0px;--awb-border-sizes-left:0px;--awb-border-sizes-right:0px;--awb-border-radius-top-left:0px;--awb-border-radius-top-right:0px;--awb-border-radius-bottom-right:0px;--awb-border-radius-bottom-left:0px;--awb-padding-top:0px;--awb-padding-right:15%;--awb-padding-bottom:0px;--awb-padding-left:15%;--awb-background-color:#a0ce4e;--awb-flex-wrap:wrap;\" ><div class=\"fusion-builder-row fusion-row\"><div class=\"fusion-layout-column fusion_builder_column fusion-builder-column-17 fusion_builder_column_1_5 1_5 fusion-one-fifth fusion-column-first\" style=\"--awb-padding-top:10px;--awb-padding-bottom:10px;--awb-bg-size:cover;--awb-margin-top:10px;--awb-margin-bottom:0px;width:20%;width:calc(20% - ( ( 4% ) * 0.2 ) );margin-right: 4%;\"><div class=\"fusion-column-wrapper fusion-column-has-shadow fusion-flex-column-wrapper-legacy\"><div class=\"fusion-column-content-centered\"><div class=\"fusion-column-content\"><div class=\"fusion-title title fusion-title-2 fusion-sep-none fusion-title-text fusion-title-size-two\" style=\"--awb-text-color:#ffffff;--awb-margin-bottom:0px;--awb-margin-right-small:0px;--awb-margin-bottom-small:0px;--awb-margin-left-small:0px;\"><h2 class=\"fusion-title-heading title-heading-left fusion-responsive-typography-calculated\" style=\"margin:0;--fontSize:26;--minFontSize:26;line-height:1.25;\">Kulcsszavak:<\/h2><\/div><\/div><\/div><div class=\"fusion-clearfix\"><\/div><\/div><\/div><div class=\"fusion-layout-column fusion_builder_column fusion-builder-column-18 fusion_builder_column_4_5 4_5 fusion-four-fifth fusion-column-last fusion-column-no-min-height\" style=\"--awb-padding-top:10px;--awb-padding-bottom:10px;--awb-bg-size:cover;--awb-margin-top:20px;--awb-margin-bottom:0px;width:80%;width:calc(80% - ( ( 4% ) * 0.8 ) );\"><div class=\"fusion-column-wrapper fusion-column-has-shadow fusion-flex-column-wrapper-legacy\"><div class=\"fusion-text fusion-text-9\"><p><span style=\"color: #ffffff\"><a href=\"https:\/\/feucht-obsttechnik.de\/de\/obsterntetechnik\/obstauflesemaschinen\/\">Almabetakar\u00edt\u00f3 g\u00e9pek<\/a>, <a href=\"https:\/\/feucht-obsttechnik.de\/de\/obsterntetechnik\/obstauflesemaschinen\/\">Gy\u00fcm\u00f6lcsszed\u0151 g\u00e9pek<\/a>, <a href=\"https:\/\/feucht-obsttechnik.de\/de\/obstauflesen-obstauflesemaschinen\/\">Gy\u00fcm\u00f6lcs\u00f6sszeszed\u0151 g\u00e9pek<\/a>, <a href=\"https:\/\/feucht-obsttechnik.de\/de\/obsterntetechnik\/\">Gy\u00fcm\u00f6lcsbetakar\u00edt\u00e1si technol\u00f3gia<\/a>, <a href=\"https:\/\/feucht-obsttechnik.de\/de\/obsterntetechnik\/\">Gy\u00fcm\u00f6lcsbetakar\u00edt\u00f3 eszk\u00f6z\u00f6k<\/a> <\/span><\/p>\n<\/div><div class=\"fusion-clearfix\"><\/div><\/div><\/div><\/div><\/div><\/p>\n","protected":false},"excerpt":{"rendered":"","protected":false},"author":4,"featured_media":0,"parent":10350,"menu_order":0,"comment_status":"closed","ping_status":"closed","template":"100-width.php","meta":{"footnotes":"","_wp_rev_ctl_limit":""},"class_list":["post-10372","page","type-page","status-publish","hentry"],"yoast_head":"<!-- This site is optimized with the Yoast SEO plugin v27.5 - https:\/\/yoast.com\/product\/yoast-seo-wordpress\/ -->\n<title>OB 40 - Feucht Obsttechnik<\/title>\n<meta name=\"description\" content=\"Az OB 40 a legkisebb elektromos hajt\u00e1s\u00fa gy\u00fcm\u00f6lcsszed\u0151 g\u00e9p \/ gy\u00fcm\u00f6lcs\u00f6sszeszed\u0151 g\u00e9p. Tov\u00e1bbi inform\u00e1ci\u00f3k az innovat\u00edv Feucht gy\u00fcm\u00f6lcsszed\u0151 g\u00e9pekr\u0151l.\" \/>\n<meta name=\"robots\" content=\"index, follow, max-snippet:-1, max-image-preview:large, max-video-preview:-1\" \/>\n<link rel=\"canonical\" href=\"https:\/\/feucht-obsttechnik.de\/hu\/gyuemoelcsbetakaritasi-technologia\/gyuemoelcsszedo-gepek\/ob-40\/\" \/>\n<meta property=\"og:locale\" content=\"hu_HU\" \/>\n<meta property=\"og:type\" content=\"article\" \/>\n<meta property=\"og:title\" content=\"OB 40 - Feucht Obsttechnik\" \/>\n<meta property=\"og:description\" content=\"Az OB 40 a legkisebb elektromos hajt\u00e1s\u00fa gy\u00fcm\u00f6lcsszed\u0151 g\u00e9p \/ gy\u00fcm\u00f6lcs\u00f6sszeszed\u0151 g\u00e9p. Tov\u00e1bbi inform\u00e1ci\u00f3k az innovat\u00edv Feucht gy\u00fcm\u00f6lcsszed\u0151 g\u00e9pekr\u0151l.\" \/>\n<meta property=\"og:url\" content=\"https:\/\/feucht-obsttechnik.de\/hu\/gyuemoelcsbetakaritasi-technologia\/gyuemoelcsszedo-gepek\/ob-40\/\" \/>\n<meta property=\"og:site_name\" content=\"Feucht Obsttechnik\" \/>\n<meta property=\"article:modified_time\" content=\"2021-04-06T08:09:20+00:00\" \/>\n<meta name=\"twitter:card\" content=\"summary_large_image\" \/>\n<meta name=\"twitter:label1\" content=\"Becs\u00fclt olvas\u00e1si id\u0151\" \/>\n\t<meta name=\"twitter:data1\" content=\"22 perc\" \/>\n<script type=\"application\/ld+json\" class=\"yoast-schema-graph\">{\"@context\":\"https:\\\/\\\/schema.org\",\"@graph\":[{\"@type\":\"WebPage\",\"@id\":\"https:\\\/\\\/feucht-obsttechnik.de\\\/hu\\\/gyuemoelcsbetakaritasi-technologia\\\/gyuemoelcsszedo-gepek\\\/ob-40\\\/\",\"url\":\"https:\\\/\\\/feucht-obsttechnik.de\\\/hu\\\/gyuemoelcsbetakaritasi-technologia\\\/gyuemoelcsszedo-gepek\\\/ob-40\\\/\",\"name\":\"OB 40 - Feucht Obsttechnik\",\"isPartOf\":{\"@id\":\"https:\\\/\\\/feucht-obsttechnik.de\\\/hu\\\/#website\"},\"datePublished\":\"2021-04-06T08:09:16+00:00\",\"dateModified\":\"2021-04-06T08:09:20+00:00\",\"description\":\"Az OB 40 a legkisebb elektromos hajt\u00e1s\u00fa gy\u00fcm\u00f6lcsszed\u0151 g\u00e9p \\\/ gy\u00fcm\u00f6lcs\u00f6sszeszed\u0151 g\u00e9p. Tov\u00e1bbi inform\u00e1ci\u00f3k az innovat\u00edv Feucht gy\u00fcm\u00f6lcsszed\u0151 g\u00e9pekr\u0151l.\",\"breadcrumb\":{\"@id\":\"https:\\\/\\\/feucht-obsttechnik.de\\\/hu\\\/gyuemoelcsbetakaritasi-technologia\\\/gyuemoelcsszedo-gepek\\\/ob-40\\\/#breadcrumb\"},\"inLanguage\":\"hu\",\"potentialAction\":[{\"@type\":\"ReadAction\",\"target\":[\"https:\\\/\\\/feucht-obsttechnik.de\\\/hu\\\/gyuemoelcsbetakaritasi-technologia\\\/gyuemoelcsszedo-gepek\\\/ob-40\\\/\"]}]},{\"@type\":\"BreadcrumbList\",\"@id\":\"https:\\\/\\\/feucht-obsttechnik.de\\\/hu\\\/gyuemoelcsbetakaritasi-technologia\\\/gyuemoelcsszedo-gepek\\\/ob-40\\\/#breadcrumb\",\"itemListElement\":[{\"@type\":\"ListItem\",\"position\":1,\"name\":\"Startseite\",\"item\":\"https:\\\/\\\/feucht-obsttechnik.de\\\/hu\\\/\"},{\"@type\":\"ListItem\",\"position\":2,\"name\":\"Gy\u00fcm\u00f6lcsbetakar\u00edt\u00e1si technol\u00f3gia\",\"item\":\"https:\\\/\\\/feucht-obsttechnik.de\\\/hu\\\/gyuemoelcsbetakaritasi-technologia\\\/\"},{\"@type\":\"ListItem\",\"position\":3,\"name\":\"Gy\u00fcm\u00f6lcsszed\u0151 g\u00e9pek\",\"item\":\"https:\\\/\\\/feucht-obsttechnik.de\\\/hu\\\/gyuemoelcsbetakaritasi-technologia\\\/gyuemoelcsszedo-gepek\\\/\"},{\"@type\":\"ListItem\",\"position\":4,\"name\":\"OB 40\"}]},{\"@type\":\"WebSite\",\"@id\":\"https:\\\/\\\/feucht-obsttechnik.de\\\/hu\\\/#website\",\"url\":\"https:\\\/\\\/feucht-obsttechnik.de\\\/hu\\\/\",\"name\":\"Feucht Obsttechnik\",\"description\":\"\",\"publisher\":{\"@id\":\"https:\\\/\\\/feucht-obsttechnik.de\\\/hu\\\/#organization\"},\"potentialAction\":[{\"@type\":\"SearchAction\",\"target\":{\"@type\":\"EntryPoint\",\"urlTemplate\":\"https:\\\/\\\/feucht-obsttechnik.de\\\/hu\\\/?s={search_term_string}\"},\"query-input\":{\"@type\":\"PropertyValueSpecification\",\"valueRequired\":true,\"valueName\":\"search_term_string\"}}],\"inLanguage\":\"hu\"},{\"@type\":\"Organization\",\"@id\":\"https:\\\/\\\/feucht-obsttechnik.de\\\/hu\\\/#organization\",\"name\":\"Feucht Obsttechnik GmbH\",\"url\":\"https:\\\/\\\/feucht-obsttechnik.de\\\/hu\\\/\",\"logo\":{\"@type\":\"ImageObject\",\"inLanguage\":\"hu\",\"@id\":\"https:\\\/\\\/feucht-obsttechnik.de\\\/hu\\\/#\\\/schema\\\/logo\\\/image\\\/\",\"url\":\"https:\\\/\\\/feucht-obsttechnik.de\\\/wp-content\\\/uploads\\\/logo-feucht@2x-1.png\",\"contentUrl\":\"https:\\\/\\\/feucht-obsttechnik.de\\\/wp-content\\\/uploads\\\/logo-feucht@2x-1.png\",\"width\":640,\"height\":123,\"caption\":\"Feucht Obsttechnik GmbH\"},\"image\":{\"@id\":\"https:\\\/\\\/feucht-obsttechnik.de\\\/hu\\\/#\\\/schema\\\/logo\\\/image\\\/\"}}]}<\/script>\n<!-- \/ Yoast SEO plugin. -->","yoast_head_json":{"title":"OB 40 - Feucht Obsttechnik","description":"Az OB 40 a legkisebb elektromos hajt\u00e1s\u00fa gy\u00fcm\u00f6lcsszed\u0151 g\u00e9p \/ gy\u00fcm\u00f6lcs\u00f6sszeszed\u0151 g\u00e9p. Tov\u00e1bbi inform\u00e1ci\u00f3k az innovat\u00edv Feucht gy\u00fcm\u00f6lcsszed\u0151 g\u00e9pekr\u0151l.","robots":{"index":"index","follow":"follow","max-snippet":"max-snippet:-1","max-image-preview":"max-image-preview:large","max-video-preview":"max-video-preview:-1"},"canonical":"https:\/\/feucht-obsttechnik.de\/hu\/gyuemoelcsbetakaritasi-technologia\/gyuemoelcsszedo-gepek\/ob-40\/","og_locale":"hu_HU","og_type":"article","og_title":"OB 40 - Feucht Obsttechnik","og_description":"Az OB 40 a legkisebb elektromos hajt\u00e1s\u00fa gy\u00fcm\u00f6lcsszed\u0151 g\u00e9p \/ gy\u00fcm\u00f6lcs\u00f6sszeszed\u0151 g\u00e9p. Tov\u00e1bbi inform\u00e1ci\u00f3k az innovat\u00edv Feucht gy\u00fcm\u00f6lcsszed\u0151 g\u00e9pekr\u0151l.","og_url":"https:\/\/feucht-obsttechnik.de\/hu\/gyuemoelcsbetakaritasi-technologia\/gyuemoelcsszedo-gepek\/ob-40\/","og_site_name":"Feucht Obsttechnik","article_modified_time":"2021-04-06T08:09:20+00:00","twitter_card":"summary_large_image","twitter_misc":{"Becs\u00fclt olvas\u00e1si id\u0151":"22 perc"},"schema":{"@context":"https:\/\/schema.org","@graph":[{"@type":"WebPage","@id":"https:\/\/feucht-obsttechnik.de\/hu\/gyuemoelcsbetakaritasi-technologia\/gyuemoelcsszedo-gepek\/ob-40\/","url":"https:\/\/feucht-obsttechnik.de\/hu\/gyuemoelcsbetakaritasi-technologia\/gyuemoelcsszedo-gepek\/ob-40\/","name":"OB 40 - Feucht Obsttechnik","isPartOf":{"@id":"https:\/\/feucht-obsttechnik.de\/hu\/#website"},"datePublished":"2021-04-06T08:09:16+00:00","dateModified":"2021-04-06T08:09:20+00:00","description":"Az OB 40 a legkisebb elektromos hajt\u00e1s\u00fa gy\u00fcm\u00f6lcsszed\u0151 g\u00e9p \/ gy\u00fcm\u00f6lcs\u00f6sszeszed\u0151 g\u00e9p. Tov\u00e1bbi inform\u00e1ci\u00f3k az innovat\u00edv Feucht gy\u00fcm\u00f6lcsszed\u0151 g\u00e9pekr\u0151l.","breadcrumb":{"@id":"https:\/\/feucht-obsttechnik.de\/hu\/gyuemoelcsbetakaritasi-technologia\/gyuemoelcsszedo-gepek\/ob-40\/#breadcrumb"},"inLanguage":"hu","potentialAction":[{"@type":"ReadAction","target":["https:\/\/feucht-obsttechnik.de\/hu\/gyuemoelcsbetakaritasi-technologia\/gyuemoelcsszedo-gepek\/ob-40\/"]}]},{"@type":"BreadcrumbList","@id":"https:\/\/feucht-obsttechnik.de\/hu\/gyuemoelcsbetakaritasi-technologia\/gyuemoelcsszedo-gepek\/ob-40\/#breadcrumb","itemListElement":[{"@type":"ListItem","position":1,"name":"Startseite","item":"https:\/\/feucht-obsttechnik.de\/hu\/"},{"@type":"ListItem","position":2,"name":"Gy\u00fcm\u00f6lcsbetakar\u00edt\u00e1si technol\u00f3gia","item":"https:\/\/feucht-obsttechnik.de\/hu\/gyuemoelcsbetakaritasi-technologia\/"},{"@type":"ListItem","position":3,"name":"Gy\u00fcm\u00f6lcsszed\u0151 g\u00e9pek","item":"https:\/\/feucht-obsttechnik.de\/hu\/gyuemoelcsbetakaritasi-technologia\/gyuemoelcsszedo-gepek\/"},{"@type":"ListItem","position":4,"name":"OB 40"}]},{"@type":"WebSite","@id":"https:\/\/feucht-obsttechnik.de\/hu\/#website","url":"https:\/\/feucht-obsttechnik.de\/hu\/","name":"Feucht Obsttechnik","description":"","publisher":{"@id":"https:\/\/feucht-obsttechnik.de\/hu\/#organization"},"potentialAction":[{"@type":"SearchAction","target":{"@type":"EntryPoint","urlTemplate":"https:\/\/feucht-obsttechnik.de\/hu\/?s={search_term_string}"},"query-input":{"@type":"PropertyValueSpecification","valueRequired":true,"valueName":"search_term_string"}}],"inLanguage":"hu"},{"@type":"Organization","@id":"https:\/\/feucht-obsttechnik.de\/hu\/#organization","name":"Feucht Obsttechnik GmbH","url":"https:\/\/feucht-obsttechnik.de\/hu\/","logo":{"@type":"ImageObject","inLanguage":"hu","@id":"https:\/\/feucht-obsttechnik.de\/hu\/#\/schema\/logo\/image\/","url":"https:\/\/feucht-obsttechnik.de\/wp-content\/uploads\/logo-feucht@2x-1.png","contentUrl":"https:\/\/feucht-obsttechnik.de\/wp-content\/uploads\/logo-feucht@2x-1.png","width":640,"height":123,"caption":"Feucht Obsttechnik GmbH"},"image":{"@id":"https:\/\/feucht-obsttechnik.de\/hu\/#\/schema\/logo\/image\/"}}]}},"_links":{"self":[{"href":"https:\/\/feucht-obsttechnik.de\/hu\/wp-json\/wp\/v2\/pages\/10372","targetHints":{"allow":["GET"]}}],"collection":[{"href":"https:\/\/feucht-obsttechnik.de\/hu\/wp-json\/wp\/v2\/pages"}],"about":[{"href":"https:\/\/feucht-obsttechnik.de\/hu\/wp-json\/wp\/v2\/types\/page"}],"author":[{"embeddable":true,"href":"https:\/\/feucht-obsttechnik.de\/hu\/wp-json\/wp\/v2\/users\/4"}],"replies":[{"embeddable":true,"href":"https:\/\/feucht-obsttechnik.de\/hu\/wp-json\/wp\/v2\/comments?post=10372"}],"version-history":[{"count":0,"href":"https:\/\/feucht-obsttechnik.de\/hu\/wp-json\/wp\/v2\/pages\/10372\/revisions"}],"up":[{"embeddable":true,"href":"https:\/\/feucht-obsttechnik.de\/hu\/wp-json\/wp\/v2\/pages\/10350"}],"wp:attachment":[{"href":"https:\/\/feucht-obsttechnik.de\/hu\/wp-json\/wp\/v2\/media?parent=10372"}],"curies":[{"name":"wp","href":"https:\/\/api.w.org\/{rel}","templated":true}]}}