{"id":10253,"date":"2021-04-01T13:04:53","date_gmt":"2021-04-01T11:04:53","guid":{"rendered":"http:\/\/neu2020.feucht-obsttechnik.de\/gyuemoelcsbetakaritasi-technologia\/"},"modified":"2021-04-12T14:58:20","modified_gmt":"2021-04-12T12:58:20","slug":"gyuemoelcsbetakaritasi-technologia","status":"publish","type":"page","link":"https:\/\/feucht-obsttechnik.de\/hu\/gyuemoelcsbetakaritasi-technologia\/","title":{"rendered":"Gy\u00fcm\u00f6lcsbetakar\u00edt\u00e1si technol\u00f3gia"},"content":{"rendered":"<p><div class=\"fusion-bg-parallax\" data-bg-align=\"left center\" data-direction=\"up\" data-mute=\"false\" data-opacity=\"100\" data-velocity=\"-0.3\" data-mobile-enabled=\"false\" data-break_parents=\"0\" data-bg-image=\"https:\/\/feucht-obsttechnik.de\/wp-content\/uploads\/bg-header-obsterntetechnik-collage.jpg\" data-bg-repeat=\"false\" ><\/div><div class=\"fusion-fullwidth fullwidth-box fusion-builder-row-1 fusion-parallax-up nonhundred-percent-fullwidth non-hundred-percent-height-scrolling\" style=\"--awb-background-position:left center;--awb-border-sizes-top:0px;--awb-border-sizes-bottom:0px;--awb-border-sizes-left:0px;--awb-border-sizes-right:0px;--awb-border-radius-top-left:0px;--awb-border-radius-top-right:0px;--awb-border-radius-bottom-right:0px;--awb-border-radius-bottom-left:0px;--awb-padding-top:130px;--awb-padding-bottom:120px;--awb-background-image:url(&quot;https:\/\/feucht-obsttechnik.de\/wp-content\/uploads\/bg-header-obsterntetechnik-collage.jpg&quot;);--awb-background-size:cover;--awb-flex-wrap:wrap;\" ><div class=\"fusion-builder-row fusion-row\"><div class=\"fusion-layout-column fusion_builder_column fusion-builder-column-0 fusion_builder_column_1_2 1_2 fusion-one-half fusion-column-first\" style=\"--awb-bg-size:cover;width:48%; margin-right: 4%;\"><div class=\"fusion-column-wrapper fusion-flex-column-wrapper-legacy\"><div class=\"fusion-text fusion-text-1\"><h1><span style=\"color: #ffffff;\">Gy\u00fcm\u00f6lcsbetakar\u00edt\u00e1si technol\u00f3gia<\/span><\/h1>\n<p><span style=\"color: #ffffff;\">\u00c9rjen el min\u0151s\u00e9gi eredm\u00e9nyt a gy\u00fcm\u00f6lcsbetakar\u00edt\u00e1sban, \u00e9s cs\u00f6kkentse a betakar\u00edt\u00e1s k\u00f6lts\u00e9geit.<\/span><\/p>\n<\/div><div class=\"fusion-clearfix\"><\/div><\/div><\/div><div class=\"fusion-layout-column fusion_builder_column fusion-builder-column-1 fusion_builder_column_1_2 1_2 fusion-one-half fusion-column-last\" style=\"--awb-bg-size:cover;width:48%;\"><div class=\"fusion-column-wrapper fusion-flex-column-wrapper-legacy\"><div class=\"fusion-clearfix\"><\/div><\/div><\/div><\/div><\/div><div class=\"fusion-fullwidth fullwidth-box fusion-builder-row-2 nonhundred-percent-fullwidth non-hundred-percent-height-scrolling\" style=\"--awb-background-position:left top;--awb-border-sizes-top:0px;--awb-border-sizes-bottom:0px;--awb-border-sizes-left:0px;--awb-border-sizes-right:0px;--awb-border-radius-top-left:0px;--awb-border-radius-top-right:0px;--awb-border-radius-bottom-right:0px;--awb-border-radius-bottom-left:0px;--awb-padding-top:130px;--awb-padding-bottom:30px;--awb-flex-wrap:wrap;\" ><div class=\"fusion-builder-row fusion-row\"><div class=\"fusion-layout-column fusion_builder_column fusion-builder-column-2 fusion_builder_column_1_1 1_1 fusion-one-full fusion-column-first fusion-column-last\" style=\"--awb-bg-size:cover;\"><div class=\"fusion-column-wrapper fusion-column-has-shadow fusion-flex-column-wrapper-legacy\"><div class=\"fusion-text fusion-text-2\"><h2>Gy\u00fcm\u00f6lcsbetakar\u00edt\u00e1si technol\u00f3gi\u00e1nkkal n\u00f6velje termel\u00e9kenys\u00e9g\u00e9t \u00e9s j\u00f6vedelmez\u0151s\u00e9g\u00e9t<\/h2>\n<\/div><div class=\"fusion-text fusion-text-3\"><h3><span class=\"\">A mez\u0151gazdas\u00e1got sem k\u00edm\u00e9li a munkaig\u00e9nyes \u00e9s ez\u00e9rt dr\u00e1ga munkafolyamatok g\u00e9pes\u00edt\u00e9se.<\/span><\/h3>\n<\/div><div class=\"fusion-clearfix\"><\/div><\/div><\/div><div class=\"fusion-layout-column fusion_builder_column fusion-builder-column-3 fusion_builder_column_1_2 1_2 fusion-one-half fusion-column-first\" style=\"--awb-bg-size:cover;width:48%; margin-right: 4%;\"><div class=\"fusion-column-wrapper fusion-flex-column-wrapper-legacy\"><div class=\"fusion-text fusion-text-4\"><h2><\/h2>\n<p>A mostani id\u0151szakban, amikor a gy\u00fcm\u00f6lcslevek egyre n\u00e9pszer\u0171bbek, a gazdas\u00e1gosan gondolkod\u00f3 gy\u00fcm\u00f6lcstermeszt\u0151knek egyre ink\u00e1bb a <strong>gy\u00fcm\u00f6lcsbetakar\u00edt\u00e1s automatiz\u00e1l\u00e1s\u00e1ra<\/strong> f\u00f3kusz\u00e1lnak.<\/p>\n<p>Az \u00fagynevezett alacsony b\u00e9rekkel dolgoz\u00f3 orsz\u00e1gok keltette n\u00f6vekv\u0151 versenyt tekintve mag\u00e1t\u00f3l \u00e9rtet\u0151d\u0151 elk\u00e9pzel\u00e9s a gy\u00fcm\u00f6lcsszed\u0151 eszk\u00f6z (gy\u00fcm\u00f6lcs\u00f6sszeszed\u0151 g\u00e9p) beszerz\u00e9se a l\u00e9gy\u00fcm\u00f6lcs\u00f6k gazdas\u00e1gos \u00e9s j\u00f6vedelmez\u0151 betakar\u00edt\u00e1s\u00e1hoz a hazai gy\u00fcm\u00f6lcs\u00f6s\u00f6kben. T\u00f6bb mint 30 \u00e9v lett az a k\u00fcldet\u00e9s\u00fcnk, hogy ezeknek a speci\u00e1lis ig\u00e9nyeknek megfelelj\u00fcnk. <\/p>\n<p>Az Erbstettenb\u0151l indult, W\u00fcrttenberg v\u00e9dett gy\u00fcm\u00f6lcs\u00f6seinek k\u00f6zep\u00e9n elhelyezked\u0151 csal\u00e1di v\u00e1llalkoz\u00e1s eur\u00f3pai <strong>piacvezet\u0151v\u00e9 v\u00e1lt az alma, k\u00f6rte, szilva \u00e9s di\u00f3 gy\u00fcm\u00f6lcsbetakar\u00edt\u00e1si technol\u00f3gi\u00e1ja ter\u00e9n<\/strong>. A g\u00e9peink mellett sz\u00f3l\u00f3 \u00e9rt\u00e9kes\u00edt\u00e9si \u00e9rv a gy\u00fcm\u00f6lcsbetakar\u00edt\u00e1si folyamat \u00e1ramvonalas\u00edt\u00e1sa a betakar\u00edtott gy\u00fcm\u00f6lcs\u00f6t illet\u0151 legmagasabb min\u0151s\u00e9gi k\u00f6vetelm\u00e9nyek teljes\u00edt\u00e9s\u00e9vel a tisztas\u00e1g, \u00e9ps\u00e9g \u00e9s a gy\u00fcm\u00f6lcsszed\u00e9s sebess\u00e9ge ter\u00e9n.<\/p>\n<\/div><div class=\"fusion-clearfix\"><\/div><\/div><\/div><div class=\"fusion-layout-column fusion_builder_column fusion-builder-column-4 fusion_builder_column_1_2 1_2 fusion-one-half fusion-column-last\" style=\"--awb-bg-size:cover;width:48%;\"><div class=\"fusion-column-wrapper fusion-flex-column-wrapper-legacy\"><div class=\"fusion-image-element in-legacy-container\" style=\"--awb-caption-title-font-family:var(--h2_typography-font-family);--awb-caption-title-font-weight:var(--h2_typography-font-weight);--awb-caption-title-font-style:var(--h2_typography-font-style);--awb-caption-title-size:var(--h2_typography-font-size);--awb-caption-title-transform:var(--h2_typography-text-transform);--awb-caption-title-line-height:var(--h2_typography-line-height);--awb-caption-title-letter-spacing:var(--h2_typography-letter-spacing);\"><span class=\" fusion-imageframe imageframe-none imageframe-1 hover-type-zoomin fusion-animated\" data-animationType=\"fadeInDown\" data-animationDuration=\"1.0\" data-animationOffset=\"bottom-in-view\"><a href=\"https:\/\/feucht-obsttechnik.de\/wp-content\/uploads\/obstauflesemaschine-ob-100-a-2.jpg\" class=\"fusion-lightbox\" data-rel=\"iLightbox[57f55d27fde6161a6ba]\" data-title=\"Az OB 100 A \u00f6nj\u00e1r\u00f3 r\u00e1\u00fcl\u0151s gy\u00fcm\u00f6lcsszed\u0151 g\u00e9p\" title=\"Az OB 100 A \u00f6nj\u00e1r\u00f3 r\u00e1\u00fcl\u0151s gy\u00fcm\u00f6lcsszed\u0151 g\u00e9p\"><img decoding=\"async\" width=\"1600\" height=\"1200\" src=\"https:\/\/feucht-obsttechnik.de\/wp-content\/uploads\/obstauflesemaschine-ob-100-a-2.jpg\" alt class=\"img-responsive wp-image-10470\" srcset=\"https:\/\/feucht-obsttechnik.de\/wp-content\/uploads\/obstauflesemaschine-ob-100-a-2-200x150.jpg 200w, https:\/\/feucht-obsttechnik.de\/wp-content\/uploads\/obstauflesemaschine-ob-100-a-2-400x300.jpg 400w, https:\/\/feucht-obsttechnik.de\/wp-content\/uploads\/obstauflesemaschine-ob-100-a-2-600x450.jpg 600w, https:\/\/feucht-obsttechnik.de\/wp-content\/uploads\/obstauflesemaschine-ob-100-a-2-800x600.jpg 800w, https:\/\/feucht-obsttechnik.de\/wp-content\/uploads\/obstauflesemaschine-ob-100-a-2-1200x900.jpg 1200w, https:\/\/feucht-obsttechnik.de\/wp-content\/uploads\/obstauflesemaschine-ob-100-a-2.jpg 1600w\" sizes=\"(max-width: 835px) 100vw, 600px\" \/><\/a><\/span><\/div><div class=\"fusion-sep-clear\"><\/div><div class=\"fusion-separator fusion-full-width-sep\" style=\"margin-left: auto;margin-right: auto;margin-bottom:30px;width:100%;\"><\/div><div class=\"fusion-sep-clear\"><\/div><div class=\"fusion-image-element in-legacy-container\" style=\"--awb-caption-title-font-family:var(--h2_typography-font-family);--awb-caption-title-font-weight:var(--h2_typography-font-weight);--awb-caption-title-font-style:var(--h2_typography-font-style);--awb-caption-title-size:var(--h2_typography-font-size);--awb-caption-title-transform:var(--h2_typography-text-transform);--awb-caption-title-line-height:var(--h2_typography-line-height);--awb-caption-title-letter-spacing:var(--h2_typography-letter-spacing);\"><span class=\" fusion-imageframe imageframe-none imageframe-2 hover-type-zoomin fusion-animated\" data-animationType=\"fadeInDown\" data-animationDuration=\"1.0\" data-animationOffset=\"bottom-in-view\"><a href=\"https:\/\/feucht-obsttechnik.de\/wp-content\/uploads\/obstsch\u00fcttler-os-seilschuettler-3.jpg\" class=\"fusion-lightbox\" data-rel=\"iLightbox[b1ce4d385c8b38dc22e]\" data-title=\"Az OS gy\u00fcm\u00f6lcsr\u00e1z\u00f3 3 pontos k\u00f6teles gy\u00fcm\u00f6lcsr\u00e1z\u00f3\" title=\"Az OS gy\u00fcm\u00f6lcsr\u00e1z\u00f3 3 pontos k\u00f6teles gy\u00fcm\u00f6lcsr\u00e1z\u00f3\"><img decoding=\"async\" width=\"1600\" height=\"1200\" src=\"https:\/\/feucht-obsttechnik.de\/wp-content\/uploads\/obstsch\u00fcttler-os-seilschuettler-3.jpg\" alt class=\"img-responsive wp-image-10324\" srcset=\"https:\/\/feucht-obsttechnik.de\/wp-content\/uploads\/obstsch\u00fcttler-os-seilschuettler-3-200x150.jpg 200w, https:\/\/feucht-obsttechnik.de\/wp-content\/uploads\/obstsch\u00fcttler-os-seilschuettler-3-400x300.jpg 400w, https:\/\/feucht-obsttechnik.de\/wp-content\/uploads\/obstsch\u00fcttler-os-seilschuettler-3-600x450.jpg 600w, https:\/\/feucht-obsttechnik.de\/wp-content\/uploads\/obstsch\u00fcttler-os-seilschuettler-3-800x600.jpg 800w, https:\/\/feucht-obsttechnik.de\/wp-content\/uploads\/obstsch\u00fcttler-os-seilschuettler-3-1200x900.jpg 1200w, https:\/\/feucht-obsttechnik.de\/wp-content\/uploads\/obstsch\u00fcttler-os-seilschuettler-3.jpg 1600w\" sizes=\"(max-width: 835px) 100vw, 600px\" \/><\/a><\/span><\/div><div class=\"fusion-clearfix\"><\/div><\/div><\/div><\/div><\/div><div class=\"fusion-fullwidth fullwidth-box fusion-builder-row-3 nonhundred-percent-fullwidth non-hundred-percent-height-scrolling\" style=\"--awb-background-position:left top;--awb-border-sizes-top:0px;--awb-border-sizes-bottom:0px;--awb-border-sizes-left:0px;--awb-border-sizes-right:0px;--awb-border-radius-top-left:0px;--awb-border-radius-top-right:0px;--awb-border-radius-bottom-right:0px;--awb-border-radius-bottom-left:0px;--awb-padding-top:1px;--awb-padding-bottom:0px;--awb-margin-bottom:70px;--awb-background-color:#cc0000;--awb-flex-wrap:wrap;\" ><div class=\"fusion-builder-row fusion-row\"><div class=\"fusion-layout-column fusion_builder_column fusion-builder-column-5 fusion_builder_column_1_1 1_1 fusion-one-full fusion-column-first fusion-column-last\" style=\"--awb-padding-top:50px;--awb-padding-bottom:50px;--awb-padding-left:0px;--awb-bg-size:cover;--awb-margin-bottom:0px;\"><div class=\"fusion-column-wrapper fusion-column-has-shadow fusion-flex-column-wrapper-legacy\"><div class=\"fusion-column-content-centered\"><div class=\"fusion-column-content\"><div class=\"fusion-text fusion-text-5\"><h2 style=\"text-align: center; margin-bottom: 0px;\"><span style=\"color: #ffffff;\">Gy\u00fcm\u00f6lcsr\u00e1z\u00f3k | Gy\u00fcm\u00f6lcsszed\u0151 g\u00e9pek | Gy\u00fcm\u00f6lcsf\u00fajtat\u00f3k <\/span><\/h2>\n<\/div><\/div><\/div><div class=\"fusion-clearfix\"><\/div><\/div><\/div><\/div><\/div><div class=\"fusion-fullwidth fullwidth-box fusion-builder-row-4 nonhundred-percent-fullwidth non-hundred-percent-height-scrolling fusion-equal-height-columns\" style=\"--awb-border-radius-top-left:0px;--awb-border-radius-top-right:0px;--awb-border-radius-bottom-right:0px;--awb-border-radius-bottom-left:0px;--awb-padding-top:0px;--awb-flex-wrap:wrap;\" ><div class=\"fusion-builder-row fusion-row\"><div class=\"fusion-layout-column fusion_builder_column fusion-builder-column-6 fusion_builder_column_1_1 1_1 fusion-one-full fusion-column-first fusion-column-last\" style=\"--awb-bg-color:#f8f8f8;--awb-bg-color-hover:#f8f8f8;--awb-bg-size:cover;\"><div class=\"fusion-column-wrapper fusion-column-has-shadow fusion-flex-column-wrapper-legacy\"><div class=\"fusion-builder-row fusion-builder-row-inner fusion-row\"><div class=\"fusion-layout-column fusion_builder_column_inner fusion-builder-nested-column-0 fusion_builder_column_inner_1_2 1_2 fusion-one-half fusion-column-first fusion-column-inner-bg-wrapper\" style=\"--awb-inner-bg-image:url(&#039;https:\/\/feucht-obsttechnik.de\/wp-content\/uploads\/obstauflesemaschine-ob-80r-5.jpg&#039;);--awb-inner-bg-position:center center;--awb-inner-bg-size:cover;--awb-margin-bottom:0px;width:50%;width:calc(50% - ( ( 0px ) * 0.5 ) );margin-right: 0px;\"><span class=\"fusion-column-inner-bg hover-type-zoomin\"><a class=\"fusion-column-anchor\" href=\"https:\/\/feucht-obsttechnik.de\/hu\/gyuemoelcsbetakaritasi-technologia\/gyuemoelcsszedo-gepek\/\"><span class=\"fusion-column-inner-bg-image\"><\/span><\/a><\/span><div class=\"fusion-column-wrapper fusion-column-has-shadow fusion-flex-column-wrapper-legacy fusion-column-has-bg-image\" data-bg-url=\"https:\/\/feucht-obsttechnik.de\/wp-content\/uploads\/obstauflesemaschine-ob-80r-5.jpg\"><div class=\"fusion-column-content-centered\"><div class=\"fusion-column-content\"><div class=\"fusion-image-element fusion-image-align-center fusion-no-large-visibility in-legacy-container\" style=\"text-align:center;--awb-caption-title-font-family:var(--h2_typography-font-family);--awb-caption-title-font-weight:var(--h2_typography-font-weight);--awb-caption-title-font-style:var(--h2_typography-font-style);--awb-caption-title-size:var(--h2_typography-font-size);--awb-caption-title-transform:var(--h2_typography-text-transform);--awb-caption-title-line-height:var(--h2_typography-line-height);--awb-caption-title-letter-spacing:var(--h2_typography-letter-spacing);\"><div class=\"imageframe-align-center\"><span class=\" fusion-imageframe imageframe-none imageframe-3 hover-type-zoomin\"><a href=\"https:\/\/feucht-obsttechnik.de\/wp-content\/uploads\/obstauflesemaschine-ob-80r-5.jpg\" class=\"fusion-lightbox\" data-rel=\"iLightbox[eefa68fcbdd856f3eb8]\" data-title=\"Az OB 80 R \u00f6nj\u00e1r\u00f3 gy\u00fcm\u00f6lcsszed\u0151 g\u00e9p\" title=\"Az OB 80 R \u00f6nj\u00e1r\u00f3 gy\u00fcm\u00f6lcsszed\u0151 g\u00e9p\"><img decoding=\"async\" width=\"1600\" height=\"1200\" src=\"https:\/\/feucht-obsttechnik.de\/wp-content\/uploads\/obstauflesemaschine-ob-80r-5.jpg\" alt class=\"img-responsive wp-image-10449\" srcset=\"https:\/\/feucht-obsttechnik.de\/wp-content\/uploads\/obstauflesemaschine-ob-80r-5-200x150.jpg 200w, https:\/\/feucht-obsttechnik.de\/wp-content\/uploads\/obstauflesemaschine-ob-80r-5-400x300.jpg 400w, https:\/\/feucht-obsttechnik.de\/wp-content\/uploads\/obstauflesemaschine-ob-80r-5-600x450.jpg 600w, https:\/\/feucht-obsttechnik.de\/wp-content\/uploads\/obstauflesemaschine-ob-80r-5-800x600.jpg 800w, https:\/\/feucht-obsttechnik.de\/wp-content\/uploads\/obstauflesemaschine-ob-80r-5-1200x900.jpg 1200w, https:\/\/feucht-obsttechnik.de\/wp-content\/uploads\/obstauflesemaschine-ob-80r-5.jpg 1600w\" sizes=\"(max-width: 835px) 100vw, 600px\" \/><\/a><\/span><\/div><\/div><\/div><\/div><div class=\"fusion-clearfix\"><\/div><\/div><\/div><div class=\"fusion-layout-column fusion_builder_column_inner fusion-builder-nested-column-1 fusion_builder_column_inner_1_2 1_2 fusion-one-half fusion-column-last\" style=\"--awb-bg-size:cover;--awb-margin-bottom:0px;width:50%;width:calc(50% - ( ( 0px ) * 0.5 ) );\"><div class=\"fusion-column-wrapper fusion-column-has-shadow fusion-flex-column-wrapper-legacy\"><div class=\"fusion-text fusion-text-6\"><div style=\"padding: 25px;\">\n<h3>Gy\u00fcm\u00f6lcsszed\u0151 g\u00e9pek<\/h3>\n<p>A <strong>gy\u00fcm\u00f6lcsszed\u0151 \u00e9s -\u00f6sszeszed\u0151 g\u00e9pekkel<\/strong> m\u00e9g a legextr\u00e9mebb k\u00f6r\u00fclm\u00e9nyek k\u00f6z\u00f6tt is, p\u00e9ld\u00e1ul nedves ter\u00fcleten, f\u0171nyesed\u00e9kben, magas f\u0171ben \u00e9s levelek k\u00f6z\u00fcl is lehets\u00e9ges az alma-, k\u00f6rte- vagy di\u00f3szed\u00e9s. A g\u00e9pek kiv\u00e1l\u00f3an teljes\u00edtett\u00e9k a gyakorlati teszteket t\u00e9rdig \u00e9r\u0151, levelekkel teli \u00e9s nyirkos \u0151szi f\u0171ben. <\/p>\n<p>Kifinomult hajt\u00e1stechnol\u00f3gi\u00e1juknak k\u00f6sz\u00f6nhet\u0151en ak\u00e1r a 35\u00b0 d\u0151l\u00e9ssz\u00f6g\u0171 (differenci\u00e1lz\u00e1rral ak\u00e1r 45\u00b0-os) lejt\u0151 sem jelent t\u00f6bb\u00e9 \u00e1th\u00e1ghatatlan akad\u00e1lyt. Az \u00fczemeltet\u00e9si k\u00f6r\u00fclm\u00e9nyekt\u0151l \u00e9s a gy\u00fcm\u00f6lcs s\u0171r\u0171s\u00e9g\u00e9t\u0151l f\u00fcgg\u0151en \u00f3r\u00e1nk\u00e9nt 1\u20138 tonna gy\u00fcm\u00f6lcs\u00f6t sz\u00e1ll\u00edtanak az \u00f6nj\u00e1r\u00f3 gy\u00fcm\u00f6lcsbetakar\u00edt\u00f3 eszk\u00f6z\u00f6k a gy\u0171jt\u0151ed\u00e9nyekbe. <\/p>\n<\/div>\n<\/div><div class=\"fusion-button-wrapper fusion-aligncenter\"><a class=\"fusion-button button-flat fusion-button-default-size button-custom fusion-button-default button-1 fusion-button-default-span fusion-button-default-type\" style=\"--button_accent_color:#ffffff;--button_border_color:#ffffff;--button_accent_hover_color:#ffffff;--button_border_hover_color:#ffffff;--button_gradient_top_color:#cc0000;--button_gradient_bottom_color:#cc0000;--button_gradient_top_color_hover:#ef0000;--button_gradient_bottom_color_hover:#ef0000;\" target=\"_self\" title=\"GY\u00dcM\u00d6LCSSZED\u0150 G\u00c9PEK\" aria-label=\"GY\u00dcM\u00d6LCSSZED\u0150 G\u00c9PEK\" href=\"https:\/\/feucht-obsttechnik.de\/hu\/gyuemoelcsbetakaritasi-technologia\/gyuemoelcsszedo-gepek\/\"><span class=\"fusion-button-text awb-button__text awb-button__text--default\">Gy\u00fcm\u00f6lcsszed\u0151 g\u00e9pek<\/span><\/a><\/div><div class=\"fusion-sep-clear\"><\/div><div class=\"fusion-separator fusion-full-width-sep\" style=\"margin-left: auto;margin-right: auto;margin-bottom:30px;width:100%;\"><\/div><div class=\"fusion-sep-clear\"><\/div><div class=\"fusion-clearfix\"><\/div><\/div><\/div><\/div><div class=\"fusion-clearfix\"><\/div><\/div><\/div><\/div><\/div><div class=\"fusion-fullwidth fullwidth-box fusion-builder-row-5 nonhundred-percent-fullwidth non-hundred-percent-height-scrolling fusion-equal-height-columns\" style=\"--awb-background-position:left top;--awb-border-sizes-top:0px;--awb-border-sizes-bottom:0px;--awb-border-sizes-left:0px;--awb-border-sizes-right:0px;--awb-border-radius-top-left:0px;--awb-border-radius-top-right:0px;--awb-border-radius-bottom-right:0px;--awb-border-radius-bottom-left:0px;--awb-padding-top:45px;--awb-padding-bottom:5px;--awb-flex-wrap:wrap;\" ><div class=\"fusion-builder-row fusion-row\"><div class=\"fusion-layout-column fusion_builder_column fusion-builder-column-7 fusion_builder_column_1_2 1_2 fusion-one-half fusion-column-first\" style=\"--awb-bg-color:#f8f8f8;--awb-bg-color-hover:#f8f8f8;--awb-bg-size:cover;--awb-margin-bottom:40px;width:48%; margin-right: 4%;\"><div class=\"fusion-column-wrapper fusion-flex-column-wrapper-legacy\"><div class=\"fusion-image-element fusion-image-align-center in-legacy-container\" style=\"text-align:center;--awb-caption-title-font-family:var(--h2_typography-font-family);--awb-caption-title-font-weight:var(--h2_typography-font-weight);--awb-caption-title-font-style:var(--h2_typography-font-style);--awb-caption-title-size:var(--h2_typography-font-size);--awb-caption-title-transform:var(--h2_typography-text-transform);--awb-caption-title-line-height:var(--h2_typography-line-height);--awb-caption-title-letter-spacing:var(--h2_typography-letter-spacing);\"><div class=\"imageframe-align-center\"><span class=\" fusion-imageframe imageframe-none imageframe-4 hover-type-zoomin\"><a class=\"fusion-no-lightbox\" href=\"https:\/\/feucht-obsttechnik.de\/hu\/gyuemoelcsbetakaritasi-technologia\/gyuemoelcsrazok\/\" target=\"_self\" aria-label=\"A VHM far\u00e1z\u00f3 a legjobb \u00e1r\u00fa v\u00e1ltozat kisebb gy\u00fcm\u00f6lcs\u00f6s\u00f6kbe\"><img decoding=\"async\" width=\"1600\" height=\"1200\" src=\"https:\/\/feucht-obsttechnik.de\/wp-content\/uploads\/obstsch\u00fcttler-mechanischer-stammschuettler-vhm-5.jpg\" alt class=\"img-responsive wp-image-10342\" srcset=\"https:\/\/feucht-obsttechnik.de\/wp-content\/uploads\/obstsch\u00fcttler-mechanischer-stammschuettler-vhm-5-200x150.jpg 200w, https:\/\/feucht-obsttechnik.de\/wp-content\/uploads\/obstsch\u00fcttler-mechanischer-stammschuettler-vhm-5-400x300.jpg 400w, https:\/\/feucht-obsttechnik.de\/wp-content\/uploads\/obstsch\u00fcttler-mechanischer-stammschuettler-vhm-5-600x450.jpg 600w, https:\/\/feucht-obsttechnik.de\/wp-content\/uploads\/obstsch\u00fcttler-mechanischer-stammschuettler-vhm-5-800x600.jpg 800w, https:\/\/feucht-obsttechnik.de\/wp-content\/uploads\/obstsch\u00fcttler-mechanischer-stammschuettler-vhm-5-1200x900.jpg 1200w, https:\/\/feucht-obsttechnik.de\/wp-content\/uploads\/obstsch\u00fcttler-mechanischer-stammschuettler-vhm-5.jpg 1600w\" sizes=\"(max-width: 835px) 100vw, 600px\" \/><\/a><\/span><\/div><\/div><div class=\"fusion-text fusion-text-7\"><div style=\"padding: 25px;\">\n<h3>Gy\u00fcm\u00f6lcsr\u00e1z\u00f3k<\/h3>\n<p>A l\u00e9gy\u00fcm\u00f6lcs\u00f6t a gy\u00fcm\u00f6lcsszed\u0151 g\u00e9ppel vagy gy\u00fcm\u00f6lcs\u00f6sszeszed\u0151 g\u00e9ppel val\u00f3 felszed\u00e9s\u00e9hez le kell r\u00e1zni. Ez a tev\u00e9kenys\u00e9g k\u00fcl\u00f6n\u00f6sen id\u0151rabl\u00f3 \u00e9s kimer\u00edt\u0151, ha k\u00e9zzel kell v\u00e9gezni. Annak \u00e9rdek\u00e9ben, hogy a far\u00e1z\u00e1s a gy\u00fcm\u00f6lcsszed\u0151 g\u00e9pek \/ gy\u00fcm\u00f6lcs\u00f6sszeszed\u0151 g\u00e9pek betakar\u00edt\u00e1si teljes\u00edtm\u00e9ny\u00e9hez igazodjon, k\u00fcl\u00f6nf\u00e9le <g id=\"gid_0\">gym\u00f6lcsr\u00e1z\u00f3 rendszereket \/ gy\u00fcm\u00f6lcsr\u00e1z\u00f3ka<\/g>t k\u00edn\u00e1lunk.  <\/p>\n<\/div>\n<\/div><div class=\"fusion-button-wrapper fusion-aligncenter\"><a class=\"fusion-button button-flat fusion-button-default-size button-custom fusion-button-default button-2 fusion-button-default-span fusion-button-default-type\" style=\"--button_accent_color:#ffffff;--button_border_color:#ffffff;--button_accent_hover_color:#ffffff;--button_border_hover_color:#ffffff;--button_gradient_top_color:#cc0000;--button_gradient_bottom_color:#cc0000;--button_gradient_top_color_hover:#ef0000;--button_gradient_bottom_color_hover:#ef0000;\" target=\"_self\" title=\"B\u0151vebben a Gy\u00fcm\u00f6lcsr\u00e1z\u00f3k\" aria-label=\"B\u0151vebben a Gy\u00fcm\u00f6lcsr\u00e1z\u00f3k\" href=\"https:\/\/feucht-obsttechnik.de\/hu\/gyuemoelcsbetakaritasi-technologia\/gyuemoelcsrazok\/\"><span class=\"fusion-button-text awb-button__text awb-button__text--default\">Gy\u00fcm\u00f6lcsr\u00e1z\u00f3k<\/span><\/a><\/div><div class=\"fusion-sep-clear\"><\/div><div class=\"fusion-separator fusion-full-width-sep\" style=\"margin-left: auto;margin-right: auto;margin-bottom:30px;width:100%;\"><\/div><div class=\"fusion-sep-clear\"><\/div><div class=\"fusion-clearfix\"><\/div><\/div><\/div><div class=\"fusion-layout-column fusion_builder_column fusion-builder-column-8 fusion_builder_column_1_2 1_2 fusion-one-half fusion-column-last\" style=\"--awb-bg-color:#f8f8f8;--awb-bg-color-hover:#f8f8f8;--awb-bg-size:cover;width:48%;\"><div class=\"fusion-column-wrapper fusion-flex-column-wrapper-legacy\"><div class=\"fusion-image-element fusion-image-align-center in-legacy-container\" style=\"text-align:center;--awb-caption-title-font-family:var(--h2_typography-font-family);--awb-caption-title-font-weight:var(--h2_typography-font-weight);--awb-caption-title-font-style:var(--h2_typography-font-style);--awb-caption-title-size:var(--h2_typography-font-size);--awb-caption-title-transform:var(--h2_typography-text-transform);--awb-caption-title-line-height:var(--h2_typography-line-height);--awb-caption-title-letter-spacing:var(--h2_typography-letter-spacing);\"><div class=\"imageframe-align-center\"><span class=\" fusion-imageframe imageframe-none imageframe-5 hover-type-zoomin\"><a class=\"fusion-no-lightbox\" href=\"https:\/\/feucht-obsttechnik.de\/hu\/gyuemoelcsbetakaritasi-technologia\/gyuemoelcssepro-gyuemoelcsfujtato\/\" target=\"_self\" aria-label=\"A professzion\u00e1lis el\u00fcls\u0151 gy\u00fcm\u00f6lcssepr\u0151 traktortartoz\u00e9k\"><img decoding=\"async\" width=\"1600\" height=\"1200\" src=\"https:\/\/feucht-obsttechnik.de\/wp-content\/uploads\/frontr\u00e4umer-professional-1.jpg\" alt class=\"img-responsive wp-image-10663\" srcset=\"https:\/\/feucht-obsttechnik.de\/wp-content\/uploads\/frontr\u00e4umer-professional-1-200x150.jpg 200w, https:\/\/feucht-obsttechnik.de\/wp-content\/uploads\/frontr\u00e4umer-professional-1-400x300.jpg 400w, https:\/\/feucht-obsttechnik.de\/wp-content\/uploads\/frontr\u00e4umer-professional-1-600x450.jpg 600w, https:\/\/feucht-obsttechnik.de\/wp-content\/uploads\/frontr\u00e4umer-professional-1-800x600.jpg 800w, https:\/\/feucht-obsttechnik.de\/wp-content\/uploads\/frontr\u00e4umer-professional-1-1200x900.jpg 1200w, https:\/\/feucht-obsttechnik.de\/wp-content\/uploads\/frontr\u00e4umer-professional-1.jpg 1600w\" sizes=\"(max-width: 835px) 100vw, 600px\" \/><\/a><\/span><\/div><\/div><div class=\"fusion-text fusion-text-8\"><div style=\"padding: 25px;\">\n<h3>Gy\u00fcm\u00f6lcssepr\u0151 \/ Gy\u00fcm\u00f6lcsf\u00fajtat\u00f3<\/h3>\n<p>2 m\u00f3don lehet az \u00fatr\u00f3l eltakar\u00edtani a f\u00e1r\u00f3l ler\u00e1zott gy\u00fcm\u00f6lcs\u00f6t. Az <g id=\"gid_0\">el\u00fcls\u0151 felszed\u0151kkel<\/g>balra \u00e9s jobbra elgerebly\u00e9zheti a gy\u00fcm\u00f6lcs\u00f6t. Ez arra haszn\u00e1latos, hogy megtiszt\u00edtsa az utat m\u00e1s j\u00e1rm\u0171vek (gy\u00fcm\u00f6lcsbetakar\u00edt\u00f3 g\u00e9pek) el\u0151tt.<br \/>\nA <strong>gy\u00fcm\u00f6lcsf\u00fajtat\u00f3<\/strong> a gy\u00fcm\u00f6lcs elf\u00faj\u00e1s\u00e1ra haszn\u00e1latos a fasorok k\u00f6z\u00e9. Az er\u0151s leveg\u0151\u00e1raml\u00e1snak k\u00f6sz\u00f6nhet\u0151en m\u00e9g nagy mennyis\u00e9g\u0171 gy\u00fcm\u00f6lcs\u00f6t is gyorsan \u00e9s k\u00f6nnyen el lehet f\u00fajni. <\/p>\n<\/div>\n<\/div><div class=\"fusion-button-wrapper fusion-aligncenter\"><a class=\"fusion-button button-flat fusion-button-default-size button-custom fusion-button-default button-3 fusion-button-default-span fusion-button-default-type\" style=\"--button_accent_color:#ffffff;--button_border_color:#ffffff;--button_accent_hover_color:#ffffff;--button_border_hover_color:#ffffff;--button_gradient_top_color:#cc0000;--button_gradient_bottom_color:#cc0000;--button_gradient_top_color_hover:#ef0000;--button_gradient_bottom_color_hover:#ef0000;\" target=\"_self\" title=\"B\u0151vebben a Gy\u00fcm\u00f6lcssepr\u0151 \/ Gy\u00fcm\u00f6lcsf\u00fajtat\u00f3\" aria-label=\"B\u0151vebben a Gy\u00fcm\u00f6lcssepr\u0151 \/ Gy\u00fcm\u00f6lcsf\u00fajtat\u00f3\" href=\"https:\/\/feucht-obsttechnik.de\/hu\/gyuemoelcsbetakaritasi-technologia\/gyuemoelcssepro-gyuemoelcsfujtato\/\"><span class=\"fusion-button-text awb-button__text awb-button__text--default\">Gy\u00fcm\u00f6lcssepr\u0151 \/ Gy\u00fcm\u00f6lcsf\u00fajtat\u00f3<\/span><\/a><\/div><div class=\"fusion-sep-clear\"><\/div><div class=\"fusion-separator fusion-full-width-sep\" style=\"margin-left: auto;margin-right: auto;margin-bottom:30px;width:100%;\"><\/div><div class=\"fusion-sep-clear\"><\/div><div class=\"fusion-clearfix\"><\/div><\/div><\/div><\/div><\/div><div class=\"fusion-fullwidth fullwidth-box fusion-builder-row-6 nonhundred-percent-fullwidth non-hundred-percent-height-scrolling fusion-equal-height-columns fusion-no-small-visibility schlagwoerter\" style=\"--awb-background-position:center top;--awb-border-sizes-top:0px;--awb-border-sizes-bottom:0px;--awb-border-sizes-left:0px;--awb-border-sizes-right:0px;--awb-border-radius-top-left:0px;--awb-border-radius-top-right:0px;--awb-border-radius-bottom-right:0px;--awb-border-radius-bottom-left:0px;--awb-padding-top:0px;--awb-padding-right:15%;--awb-padding-bottom:0px;--awb-padding-left:15%;--awb-background-color:#a0ce4e;--awb-flex-wrap:wrap;\" ><div class=\"fusion-builder-row fusion-row\"><div class=\"fusion-layout-column fusion_builder_column fusion-builder-column-9 fusion_builder_column_1_5 1_5 fusion-one-fifth fusion-column-first\" style=\"--awb-padding-top:10px;--awb-padding-bottom:10px;--awb-bg-size:cover;--awb-margin-top:10px;--awb-margin-bottom:0px;width:20%;width:calc(20% - ( ( 4% ) * 0.2 ) );margin-right: 4%;\"><div class=\"fusion-column-wrapper fusion-column-has-shadow fusion-flex-column-wrapper-legacy\"><div class=\"fusion-column-content-centered\"><div class=\"fusion-column-content\"><div class=\"fusion-title title fusion-title-1 fusion-sep-none fusion-title-text fusion-title-size-two\" style=\"--awb-text-color:#ffffff;--awb-margin-bottom:0px;--awb-margin-right-small:0px;--awb-margin-bottom-small:0px;--awb-margin-left-small:0px;\"><h2 class=\"fusion-title-heading title-heading-left fusion-responsive-typography-calculated\" style=\"margin:0;--fontSize:26;--minFontSize:26;line-height:1.25;\">Kulcsszavak:<\/h2><\/div><\/div><\/div><div class=\"fusion-clearfix\"><\/div><\/div><\/div><div class=\"fusion-layout-column fusion_builder_column fusion-builder-column-10 fusion_builder_column_4_5 4_5 fusion-four-fifth fusion-column-last fusion-column-no-min-height\" style=\"--awb-padding-top:10px;--awb-padding-bottom:10px;--awb-bg-size:cover;--awb-margin-top:20px;--awb-margin-bottom:0px;width:80%;width:calc(80% - ( ( 4% ) * 0.8 ) );\"><div class=\"fusion-column-wrapper fusion-column-has-shadow fusion-flex-column-wrapper-legacy\"><div class=\"fusion-text fusion-text-9\"><p><span style=\"color: #ffffff;\"><a href=\"https:\/\/feucht-obsttechnik.de\/hu\/gyuemoelcsbetakaritasi-technologia\/gyuemoelcsszedo-gepek\/\">Almabetakar\u00edt\u00f3 g\u00e9pek<\/a>, <a href=\"https:\/\/feucht-obsttechnik.de\/hu\/gyuemoelcsbetakaritasi-technologia\/gyuemoelcsszedo-gepek\/\">Gy\u00fcm\u00f6lcsszed\u0151 g\u00e9pek<\/a>, <a href=\"https:\/\/feucht-obsttechnik.de\/de\/obsterntetechnik\/obstauflesemaschinen\/\">Gy\u00fcm\u00f6lcs\u00f6sszeszed\u0151 g\u00e9pek<\/a>, <a href=\"https:\/\/feucht-obsttechnik.de\/hu\/gyuemoelcsbetakaritasi-technologia\/gyuemoelcsrazok\/\">Gy\u00fcm\u00f6lcsr\u00e1z\u00f3k<\/a>, <a href=\"https:\/\/feucht-obsttechnik.de\/hu\/gyuemoelcsbetakaritasi-technologia\/gyuemoelcssepro-gyuemoelcsfujtato\/\">Gy\u00fcm\u00f6lcsf\u00fajtat\u00f3k<\/a> <\/span><\/p>\n<\/div><div class=\"fusion-clearfix\"><\/div><\/div><\/div><\/div><\/div><\/p>\n","protected":false},"excerpt":{"rendered":"","protected":false},"author":4,"featured_media":0,"parent":0,"menu_order":0,"comment_status":"closed","ping_status":"closed","template":"100-width.php","meta":{"footnotes":"","_wp_rev_ctl_limit":""},"class_list":["post-10253","page","type-page","status-publish","hentry"],"yoast_head":"<!-- This site is optimized with the Yoast SEO plugin v27.5 - https:\/\/yoast.com\/product\/yoast-seo-wordpress\/ -->\n<title>Gy\u00fcm\u00f6lcsbetakar\u00edt\u00e1si technol\u00f3gia - Feucht Obsttechnik<\/title>\n<meta name=\"description\" content=\"Gy\u00fcm\u00f6lcs vagy di\u00f3f\u00e9l\u00e9k gazdas\u00e1gos betakar\u00edt\u00e1s\u00e1hoz \u00e9s j\u00f6vedelmez\u0151 forgalmaz\u00e1s\u00e1hoz innovat\u00edv gy\u00fcm\u00f6lcsr\u00e1z\u00f3kat, gy\u00fcm\u00f6lcsszed\u0151 g\u00e9peket \u00e9s gy\u00fcm\u00f6lcsf\u00fajtat\u00f3kat k\u00edn\u00e1lunk.\" \/>\n<meta name=\"robots\" content=\"index, follow, max-snippet:-1, max-image-preview:large, max-video-preview:-1\" \/>\n<link rel=\"canonical\" href=\"https:\/\/feucht-obsttechnik.de\/hu\/gyuemoelcsbetakaritasi-technologia\/\" \/>\n<meta property=\"og:locale\" content=\"hu_HU\" \/>\n<meta property=\"og:type\" content=\"article\" \/>\n<meta property=\"og:title\" content=\"Gy\u00fcm\u00f6lcsbetakar\u00edt\u00e1si technol\u00f3gia - Feucht Obsttechnik\" \/>\n<meta property=\"og:description\" content=\"Gy\u00fcm\u00f6lcs vagy di\u00f3f\u00e9l\u00e9k gazdas\u00e1gos betakar\u00edt\u00e1s\u00e1hoz \u00e9s j\u00f6vedelmez\u0151 forgalmaz\u00e1s\u00e1hoz innovat\u00edv gy\u00fcm\u00f6lcsr\u00e1z\u00f3kat, gy\u00fcm\u00f6lcsszed\u0151 g\u00e9peket \u00e9s gy\u00fcm\u00f6lcsf\u00fajtat\u00f3kat k\u00edn\u00e1lunk.\" \/>\n<meta property=\"og:url\" content=\"https:\/\/feucht-obsttechnik.de\/hu\/gyuemoelcsbetakaritasi-technologia\/\" \/>\n<meta property=\"og:site_name\" content=\"Feucht Obsttechnik\" \/>\n<meta property=\"article:modified_time\" content=\"2021-04-12T12:58:20+00:00\" \/>\n<meta name=\"twitter:card\" content=\"summary_large_image\" \/>\n<meta name=\"twitter:label1\" content=\"Becs\u00fclt olvas\u00e1si id\u0151\" \/>\n\t<meta name=\"twitter:data1\" content=\"20 perc\" \/>\n<script type=\"application\/ld+json\" class=\"yoast-schema-graph\">{\"@context\":\"https:\\\/\\\/schema.org\",\"@graph\":[{\"@type\":\"WebPage\",\"@id\":\"https:\\\/\\\/feucht-obsttechnik.de\\\/hu\\\/gyuemoelcsbetakaritasi-technologia\\\/\",\"url\":\"https:\\\/\\\/feucht-obsttechnik.de\\\/hu\\\/gyuemoelcsbetakaritasi-technologia\\\/\",\"name\":\"Gy\u00fcm\u00f6lcsbetakar\u00edt\u00e1si technol\u00f3gia - Feucht Obsttechnik\",\"isPartOf\":{\"@id\":\"https:\\\/\\\/feucht-obsttechnik.de\\\/hu\\\/#website\"},\"datePublished\":\"2021-04-01T11:04:53+00:00\",\"dateModified\":\"2021-04-12T12:58:20+00:00\",\"description\":\"Gy\u00fcm\u00f6lcs vagy di\u00f3f\u00e9l\u00e9k gazdas\u00e1gos betakar\u00edt\u00e1s\u00e1hoz \u00e9s j\u00f6vedelmez\u0151 forgalmaz\u00e1s\u00e1hoz innovat\u00edv gy\u00fcm\u00f6lcsr\u00e1z\u00f3kat, gy\u00fcm\u00f6lcsszed\u0151 g\u00e9peket \u00e9s gy\u00fcm\u00f6lcsf\u00fajtat\u00f3kat k\u00edn\u00e1lunk.\",\"breadcrumb\":{\"@id\":\"https:\\\/\\\/feucht-obsttechnik.de\\\/hu\\\/gyuemoelcsbetakaritasi-technologia\\\/#breadcrumb\"},\"inLanguage\":\"hu\",\"potentialAction\":[{\"@type\":\"ReadAction\",\"target\":[\"https:\\\/\\\/feucht-obsttechnik.de\\\/hu\\\/gyuemoelcsbetakaritasi-technologia\\\/\"]}]},{\"@type\":\"BreadcrumbList\",\"@id\":\"https:\\\/\\\/feucht-obsttechnik.de\\\/hu\\\/gyuemoelcsbetakaritasi-technologia\\\/#breadcrumb\",\"itemListElement\":[{\"@type\":\"ListItem\",\"position\":1,\"name\":\"Startseite\",\"item\":\"https:\\\/\\\/feucht-obsttechnik.de\\\/hu\\\/\"},{\"@type\":\"ListItem\",\"position\":2,\"name\":\"Gy\u00fcm\u00f6lcsbetakar\u00edt\u00e1si technol\u00f3gia\"}]},{\"@type\":\"WebSite\",\"@id\":\"https:\\\/\\\/feucht-obsttechnik.de\\\/hu\\\/#website\",\"url\":\"https:\\\/\\\/feucht-obsttechnik.de\\\/hu\\\/\",\"name\":\"Feucht Obsttechnik\",\"description\":\"\",\"publisher\":{\"@id\":\"https:\\\/\\\/feucht-obsttechnik.de\\\/hu\\\/#organization\"},\"potentialAction\":[{\"@type\":\"SearchAction\",\"target\":{\"@type\":\"EntryPoint\",\"urlTemplate\":\"https:\\\/\\\/feucht-obsttechnik.de\\\/hu\\\/?s={search_term_string}\"},\"query-input\":{\"@type\":\"PropertyValueSpecification\",\"valueRequired\":true,\"valueName\":\"search_term_string\"}}],\"inLanguage\":\"hu\"},{\"@type\":\"Organization\",\"@id\":\"https:\\\/\\\/feucht-obsttechnik.de\\\/hu\\\/#organization\",\"name\":\"Feucht Obsttechnik GmbH\",\"url\":\"https:\\\/\\\/feucht-obsttechnik.de\\\/hu\\\/\",\"logo\":{\"@type\":\"ImageObject\",\"inLanguage\":\"hu\",\"@id\":\"https:\\\/\\\/feucht-obsttechnik.de\\\/hu\\\/#\\\/schema\\\/logo\\\/image\\\/\",\"url\":\"https:\\\/\\\/feucht-obsttechnik.de\\\/wp-content\\\/uploads\\\/logo-feucht@2x-1.png\",\"contentUrl\":\"https:\\\/\\\/feucht-obsttechnik.de\\\/wp-content\\\/uploads\\\/logo-feucht@2x-1.png\",\"width\":640,\"height\":123,\"caption\":\"Feucht Obsttechnik GmbH\"},\"image\":{\"@id\":\"https:\\\/\\\/feucht-obsttechnik.de\\\/hu\\\/#\\\/schema\\\/logo\\\/image\\\/\"}}]}<\/script>\n<!-- \/ Yoast SEO plugin. -->","yoast_head_json":{"title":"Gy\u00fcm\u00f6lcsbetakar\u00edt\u00e1si technol\u00f3gia - Feucht Obsttechnik","description":"Gy\u00fcm\u00f6lcs vagy di\u00f3f\u00e9l\u00e9k gazdas\u00e1gos betakar\u00edt\u00e1s\u00e1hoz \u00e9s j\u00f6vedelmez\u0151 forgalmaz\u00e1s\u00e1hoz innovat\u00edv gy\u00fcm\u00f6lcsr\u00e1z\u00f3kat, gy\u00fcm\u00f6lcsszed\u0151 g\u00e9peket \u00e9s gy\u00fcm\u00f6lcsf\u00fajtat\u00f3kat k\u00edn\u00e1lunk.","robots":{"index":"index","follow":"follow","max-snippet":"max-snippet:-1","max-image-preview":"max-image-preview:large","max-video-preview":"max-video-preview:-1"},"canonical":"https:\/\/feucht-obsttechnik.de\/hu\/gyuemoelcsbetakaritasi-technologia\/","og_locale":"hu_HU","og_type":"article","og_title":"Gy\u00fcm\u00f6lcsbetakar\u00edt\u00e1si technol\u00f3gia - Feucht Obsttechnik","og_description":"Gy\u00fcm\u00f6lcs vagy di\u00f3f\u00e9l\u00e9k gazdas\u00e1gos betakar\u00edt\u00e1s\u00e1hoz \u00e9s j\u00f6vedelmez\u0151 forgalmaz\u00e1s\u00e1hoz innovat\u00edv gy\u00fcm\u00f6lcsr\u00e1z\u00f3kat, gy\u00fcm\u00f6lcsszed\u0151 g\u00e9peket \u00e9s gy\u00fcm\u00f6lcsf\u00fajtat\u00f3kat k\u00edn\u00e1lunk.","og_url":"https:\/\/feucht-obsttechnik.de\/hu\/gyuemoelcsbetakaritasi-technologia\/","og_site_name":"Feucht Obsttechnik","article_modified_time":"2021-04-12T12:58:20+00:00","twitter_card":"summary_large_image","twitter_misc":{"Becs\u00fclt olvas\u00e1si id\u0151":"20 perc"},"schema":{"@context":"https:\/\/schema.org","@graph":[{"@type":"WebPage","@id":"https:\/\/feucht-obsttechnik.de\/hu\/gyuemoelcsbetakaritasi-technologia\/","url":"https:\/\/feucht-obsttechnik.de\/hu\/gyuemoelcsbetakaritasi-technologia\/","name":"Gy\u00fcm\u00f6lcsbetakar\u00edt\u00e1si technol\u00f3gia - Feucht Obsttechnik","isPartOf":{"@id":"https:\/\/feucht-obsttechnik.de\/hu\/#website"},"datePublished":"2021-04-01T11:04:53+00:00","dateModified":"2021-04-12T12:58:20+00:00","description":"Gy\u00fcm\u00f6lcs vagy di\u00f3f\u00e9l\u00e9k gazdas\u00e1gos betakar\u00edt\u00e1s\u00e1hoz \u00e9s j\u00f6vedelmez\u0151 forgalmaz\u00e1s\u00e1hoz innovat\u00edv gy\u00fcm\u00f6lcsr\u00e1z\u00f3kat, gy\u00fcm\u00f6lcsszed\u0151 g\u00e9peket \u00e9s gy\u00fcm\u00f6lcsf\u00fajtat\u00f3kat k\u00edn\u00e1lunk.","breadcrumb":{"@id":"https:\/\/feucht-obsttechnik.de\/hu\/gyuemoelcsbetakaritasi-technologia\/#breadcrumb"},"inLanguage":"hu","potentialAction":[{"@type":"ReadAction","target":["https:\/\/feucht-obsttechnik.de\/hu\/gyuemoelcsbetakaritasi-technologia\/"]}]},{"@type":"BreadcrumbList","@id":"https:\/\/feucht-obsttechnik.de\/hu\/gyuemoelcsbetakaritasi-technologia\/#breadcrumb","itemListElement":[{"@type":"ListItem","position":1,"name":"Startseite","item":"https:\/\/feucht-obsttechnik.de\/hu\/"},{"@type":"ListItem","position":2,"name":"Gy\u00fcm\u00f6lcsbetakar\u00edt\u00e1si technol\u00f3gia"}]},{"@type":"WebSite","@id":"https:\/\/feucht-obsttechnik.de\/hu\/#website","url":"https:\/\/feucht-obsttechnik.de\/hu\/","name":"Feucht Obsttechnik","description":"","publisher":{"@id":"https:\/\/feucht-obsttechnik.de\/hu\/#organization"},"potentialAction":[{"@type":"SearchAction","target":{"@type":"EntryPoint","urlTemplate":"https:\/\/feucht-obsttechnik.de\/hu\/?s={search_term_string}"},"query-input":{"@type":"PropertyValueSpecification","valueRequired":true,"valueName":"search_term_string"}}],"inLanguage":"hu"},{"@type":"Organization","@id":"https:\/\/feucht-obsttechnik.de\/hu\/#organization","name":"Feucht Obsttechnik GmbH","url":"https:\/\/feucht-obsttechnik.de\/hu\/","logo":{"@type":"ImageObject","inLanguage":"hu","@id":"https:\/\/feucht-obsttechnik.de\/hu\/#\/schema\/logo\/image\/","url":"https:\/\/feucht-obsttechnik.de\/wp-content\/uploads\/logo-feucht@2x-1.png","contentUrl":"https:\/\/feucht-obsttechnik.de\/wp-content\/uploads\/logo-feucht@2x-1.png","width":640,"height":123,"caption":"Feucht Obsttechnik GmbH"},"image":{"@id":"https:\/\/feucht-obsttechnik.de\/hu\/#\/schema\/logo\/image\/"}}]}},"_links":{"self":[{"href":"https:\/\/feucht-obsttechnik.de\/hu\/wp-json\/wp\/v2\/pages\/10253","targetHints":{"allow":["GET"]}}],"collection":[{"href":"https:\/\/feucht-obsttechnik.de\/hu\/wp-json\/wp\/v2\/pages"}],"about":[{"href":"https:\/\/feucht-obsttechnik.de\/hu\/wp-json\/wp\/v2\/types\/page"}],"author":[{"embeddable":true,"href":"https:\/\/feucht-obsttechnik.de\/hu\/wp-json\/wp\/v2\/users\/4"}],"replies":[{"embeddable":true,"href":"https:\/\/feucht-obsttechnik.de\/hu\/wp-json\/wp\/v2\/comments?post=10253"}],"version-history":[{"count":0,"href":"https:\/\/feucht-obsttechnik.de\/hu\/wp-json\/wp\/v2\/pages\/10253\/revisions"}],"wp:attachment":[{"href":"https:\/\/feucht-obsttechnik.de\/hu\/wp-json\/wp\/v2\/media?parent=10253"}],"curies":[{"name":"wp","href":"https:\/\/api.w.org\/{rel}","templated":true}]}}