{"id":20550,"date":"2021-04-15T14:53:06","date_gmt":"2021-04-15T12:53:06","guid":{"rendered":"http:\/\/neu2020.feucht-obsttechnik.de\/traitement-des-fruits-secs\/recolter-des-noix-en-petite-quantite\/lavage-des-fruits-secs\/"},"modified":"2021-04-25T12:47:50","modified_gmt":"2021-04-25T10:47:50","slug":"lavage-des-fruits-secs","status":"publish","type":"page","link":"https:\/\/feucht-obsttechnik.de\/fr\/traitement-des-fruits-secs\/recolter-des-noix-en-petite-quantite\/lavage-des-fruits-secs\/","title":{"rendered":"Lavage des fruits secs"},"content":{"rendered":"<p><div class=\"fusion-bg-parallax\" data-bg-align=\"left center\" data-direction=\"up\" data-mute=\"false\" data-opacity=\"100\" data-velocity=\"-0.3\" data-mobile-enabled=\"false\" data-break_parents=\"0\" data-bg-image=\"https:\/\/feucht-obsttechnik.de\/wp-content\/uploads\/bg-header-nussernte-klein.jpg\" data-bg-repeat=\"false\" ><\/div><div class=\"fusion-fullwidth fullwidth-box fusion-builder-row-1 fusion-parallax-up nonhundred-percent-fullwidth non-hundred-percent-height-scrolling\" style=\"--awb-background-position:left center;--awb-border-sizes-top:0px;--awb-border-sizes-bottom:0px;--awb-border-sizes-left:0px;--awb-border-sizes-right:0px;--awb-border-radius-top-left:0px;--awb-border-radius-top-right:0px;--awb-border-radius-bottom-right:0px;--awb-border-radius-bottom-left:0px;--awb-padding-top:130px;--awb-padding-bottom:120px;--awb-background-image:url(&quot;https:\/\/feucht-obsttechnik.de\/wp-content\/uploads\/bg-header-nussernte-klein.jpg&quot;);--awb-background-size:cover;--awb-flex-wrap:wrap;\" ><div class=\"fusion-builder-row fusion-row\"><div class=\"fusion-layout-column fusion_builder_column fusion-builder-column-0 fusion_builder_column_1_2 1_2 fusion-one-half fusion-column-first\" style=\"--awb-bg-size:cover;width:48%; margin-right: 4%;\"><div class=\"fusion-column-wrapper fusion-flex-column-wrapper-legacy\"><div class=\"fusion-text fusion-text-1\"><h1><span style=\"color: #ffffff;\">Lavage des fruits secs<\/span><\/h1>\n<p><span style=\"color: #ffffff;\">B\u00e9n\u00e9ficiez de notre savoir-faire relatif au traitement des fruits pour augmenter la productivit\u00e9 dans tous les traitements fruitiers.<\/span><\/p>\n<\/div><div class=\"fusion-clearfix\"><\/div><\/div><\/div><div class=\"fusion-layout-column fusion_builder_column fusion-builder-column-1 fusion_builder_column_1_2 1_2 fusion-one-half fusion-column-last\" style=\"--awb-bg-size:cover;width:48%;\"><div class=\"fusion-column-wrapper fusion-flex-column-wrapper-legacy\"><div class=\"fusion-clearfix\"><\/div><\/div><\/div><\/div><\/div><div class=\"fusion-fullwidth fullwidth-box fusion-builder-row-2 nonhundred-percent-fullwidth non-hundred-percent-height-scrolling\" style=\"--awb-background-position:left top;--awb-border-sizes-top:0px;--awb-border-sizes-bottom:0px;--awb-border-sizes-left:0px;--awb-border-sizes-right:0px;--awb-border-radius-top-left:0px;--awb-border-radius-top-right:0px;--awb-border-radius-bottom-right:0px;--awb-border-radius-bottom-left:0px;--awb-padding-top:130px;--awb-padding-bottom:30px;--awb-flex-wrap:wrap;\" ><div class=\"fusion-builder-row fusion-row\"><div class=\"fusion-layout-column fusion_builder_column fusion-builder-column-2 fusion_builder_column_1_1 1_1 fusion-one-full fusion-column-first fusion-column-last\" style=\"--awb-bg-size:cover;\"><div class=\"fusion-column-wrapper fusion-column-has-shadow fusion-flex-column-wrapper-legacy\"><div class=\"fusion-text fusion-text-2\"><h2>Nettoyer les noix de leurs salet\u00e9s.<\/h2>\n<\/div><div class=\"fusion-text fusion-text-3\"><h3><span class=\"\">Le lavage permet d\u2019enlever les couches de salet\u00e9s sur les noix.<\/span><\/h3>\n<\/div><div class=\"fusion-clearfix\"><\/div><\/div><\/div><div class=\"fusion-layout-column fusion_builder_column fusion-builder-column-3 fusion_builder_column_1_2 1_2 fusion-one-half fusion-column-first\" style=\"--awb-bg-size:cover;width:48%; margin-right: 4%;\"><div class=\"fusion-column-wrapper fusion-flex-column-wrapper-legacy\"><div class=\"fusion-text fusion-text-4\"><p>Pour pouvoir s\u00e9cher les noix, elles doivent d\u2019abord \u00eatre nettoy\u00e9es pour enlever les salet\u00e9s. Gr\u00e2ce au lavage, la couche de salet\u00e9s est enlev\u00e9e des fruits secs.<\/p>\n<p>De petites quantit\u00e9s peuvent \u00eatre nettoy\u00e9es gr\u00e2ce \u00e0 nos cuves de l<strong>avage avec tamis<\/strong>. Pour y parvenir, les noix doivent d\u2019abord \u00eatre s\u00e9par\u00e9es de leurs coquilles brutes. Pour une quantit\u00e9 sup\u00e9rieure, nous fournissons des machines de lavage et de calibrage. Ces machines sont des dispositifs multit\u00e2che pour laver, calibrer et s\u00e9parer les fruits de leurs coquilles brutes.<\/p>\n<\/div><div class=\"fusion-clearfix\"><\/div><\/div><\/div><div class=\"fusion-layout-column fusion_builder_column fusion-builder-column-4 fusion_builder_column_1_2 1_2 fusion-one-half fusion-column-last\" style=\"--awb-bg-size:cover;width:48%;\"><div class=\"fusion-column-wrapper fusion-flex-column-wrapper-legacy\"><div class=\"fusion-image-element in-legacy-container\" style=\"--awb-caption-title-font-family:var(--h2_typography-font-family);--awb-caption-title-font-weight:var(--h2_typography-font-weight);--awb-caption-title-font-style:var(--h2_typography-font-style);--awb-caption-title-size:var(--h2_typography-font-size);--awb-caption-title-transform:var(--h2_typography-text-transform);--awb-caption-title-line-height:var(--h2_typography-line-height);--awb-caption-title-letter-spacing:var(--h2_typography-letter-spacing);\"><span class=\" fusion-imageframe imageframe-none imageframe-1 hover-type-zoomin fusion-animated\" data-animationType=\"fadeInDown\" data-animationDuration=\"1.0\" data-animationOffset=\"bottom-in-view\"><a href=\"https:\/\/feucht-obsttechnik.de\/wp-content\/uploads\/nussverarbeitung-gro\u00df-waschen-wasch-und-kalibriermaschine-4-2.jpg\" class=\"fusion-lightbox\" data-rel=\"iLightbox[ad7fba2a47085126df8]\" data-title=\"Nettoyer et calibrer des noisettes et s\u00e9parer les coquilles avec la machine de lavage et de calibrage\" title=\"Nettoyer et calibrer des noisettes et s\u00e9parer les coquilles avec la machine de lavage et de calibrage\"><img decoding=\"async\" width=\"1600\" height=\"1200\" src=\"https:\/\/feucht-obsttechnik.de\/wp-content\/uploads\/nussverarbeitung-gro\u00df-waschen-wasch-und-kalibriermaschine-4-2.jpg\" alt class=\"img-responsive wp-image-20556\" srcset=\"https:\/\/feucht-obsttechnik.de\/wp-content\/uploads\/nussverarbeitung-gro\u00df-waschen-wasch-und-kalibriermaschine-4-2-200x150.jpg 200w, https:\/\/feucht-obsttechnik.de\/wp-content\/uploads\/nussverarbeitung-gro\u00df-waschen-wasch-und-kalibriermaschine-4-2-400x300.jpg 400w, https:\/\/feucht-obsttechnik.de\/wp-content\/uploads\/nussverarbeitung-gro\u00df-waschen-wasch-und-kalibriermaschine-4-2-600x450.jpg 600w, https:\/\/feucht-obsttechnik.de\/wp-content\/uploads\/nussverarbeitung-gro\u00df-waschen-wasch-und-kalibriermaschine-4-2-800x600.jpg 800w, https:\/\/feucht-obsttechnik.de\/wp-content\/uploads\/nussverarbeitung-gro\u00df-waschen-wasch-und-kalibriermaschine-4-2-1200x900.jpg 1200w, https:\/\/feucht-obsttechnik.de\/wp-content\/uploads\/nussverarbeitung-gro\u00df-waschen-wasch-und-kalibriermaschine-4-2.jpg 1600w\" sizes=\"(max-width: 835px) 100vw, 600px\" \/><\/a><\/span><\/div><div class=\"fusion-clearfix\"><\/div><\/div><\/div><\/div><\/div><div class=\"fusion-fullwidth fullwidth-box fusion-builder-row-3 nonhundred-percent-fullwidth non-hundred-percent-height-scrolling\" style=\"--awb-background-position:left top;--awb-border-sizes-top:0px;--awb-border-sizes-bottom:0px;--awb-border-sizes-left:0px;--awb-border-sizes-right:0px;--awb-border-radius-top-left:0px;--awb-border-radius-top-right:0px;--awb-border-radius-bottom-right:0px;--awb-border-radius-bottom-left:0px;--awb-padding-top:1px;--awb-padding-bottom:0px;--awb-background-color:#cc0000;--awb-flex-wrap:wrap;\" ><div class=\"fusion-builder-row fusion-row\"><div class=\"fusion-layout-column fusion_builder_column fusion-builder-column-5 fusion_builder_column_1_1 1_1 fusion-one-full fusion-column-first fusion-column-last\" style=\"--awb-padding-top:50px;--awb-padding-bottom:50px;--awb-padding-left:0px;--awb-bg-size:cover;--awb-margin-bottom:0px;\"><div class=\"fusion-column-wrapper fusion-column-has-shadow fusion-flex-column-wrapper-legacy\"><div class=\"fusion-column-content-centered\"><div class=\"fusion-column-content\"><div class=\"fusion-text fusion-text-5\"><h2 style=\"text-align: center; margin-bottom: 0px;\"><span style=\"color: #ffffff;\">Machines pour laver les fruits secs, sign\u00e9es Feucht Obsttechnik<\/span><\/h2>\n<\/div><\/div><\/div><div class=\"fusion-clearfix\"><\/div><\/div><\/div><\/div><\/div><div class=\"fusion-fullwidth fullwidth-box fusion-builder-row-4 nonhundred-percent-fullwidth non-hundred-percent-height-scrolling\" style=\"--awb-border-radius-top-left:0px;--awb-border-radius-top-right:0px;--awb-border-radius-bottom-right:0px;--awb-border-radius-bottom-left:0px;--awb-flex-wrap:wrap;\" ><div class=\"fusion-builder-row fusion-row\"><div class=\"fusion-layout-column fusion_builder_column fusion-builder-column-6 fusion_builder_column_1_1 1_1 fusion-one-full fusion-column-first fusion-column-last\" style=\"--awb-padding-top:0px;--awb-padding-right:0px;--awb-padding-bottom:0px;--awb-padding-left:0px;--awb-bg-size:cover;--awb-margin-bottom:0px;\"><div class=\"fusion-column-wrapper fusion-column-has-shadow fusion-flex-column-wrapper-legacy\"><div class=\"fusion-menu-anchor\" id=\"waschkiste\"><\/div><div class=\"fusion-clearfix\"><\/div><\/div><\/div><\/div><\/div><div class=\"fusion-fullwidth fullwidth-box fusion-builder-row-5 fusion-parallax-none nonhundred-percent-fullwidth non-hundred-percent-height-scrolling\" style=\"--awb-border-radius-top-left:0px;--awb-border-radius-top-right:0px;--awb-border-radius-bottom-right:0px;--awb-border-radius-bottom-left:0px;--awb-padding-top:200px;--awb-margin-top:-1px;--awb-background-image:url(&quot;https:\/\/feucht-obsttechnik.de\/wp-content\/uploads\/nussverarbeitung-klein-waschen-divider-waschkiste.jpg&quot;);--awb-background-size:cover;--awb-flex-wrap:wrap;\" ><div class=\"fusion-builder-row fusion-row\"><div class=\"fusion-layout-column fusion_builder_column fusion-builder-column-7 fusion_builder_column_1_6 1_6 fusion-one-sixth fusion-column-first\" style=\"--awb-bg-size:cover;width:16.666666666667%;width:calc(16.666666666667% - ( ( 4% + 4% ) * 0.16666666666667 ) );margin-right: 4%;\"><div class=\"fusion-column-wrapper fusion-flex-column-wrapper-legacy\"><div class=\"fusion-clearfix\"><\/div><\/div><\/div><div class=\"fusion-layout-column fusion_builder_column fusion-builder-column-8 fusion_builder_column_2_3 2_3 fusion-two-third\" style=\"--awb-padding-top:50px;--awb-padding-right:50px;--awb-padding-bottom:50px;--awb-padding-left:50px;--awb-bg-color:rgba(255,255,255,0.9);--awb-bg-color-hover:rgba(255,255,255,0.9);--awb-bg-size:cover;--awb-margin-bottom:-100px;width:66.666666666667%;width:calc(66.666666666667% - ( ( 4% + 4% ) * 0.66666666666667 ) );margin-right: 4%;\"><div class=\"fusion-column-wrapper fusion-column-has-shadow fusion-flex-column-wrapper-legacy\"><div class=\"fusion-text fusion-text-6\"><h2 style=\"text-align: center;\">Cuves de lavage<\/h2>\n<p style=\"text-align: center;\"><strong>Nettoyer facilement et simplement vos fruits secs avec la grille de lavage.<\/strong><\/p>\n<p style=\"text-align: center;\">Les petites quantit\u00e9s de noix peuvent \u00eatre nettoy\u00e9es tr\u00e8s simplement dans une cuve de lavage. Une grille de lavage est associ\u00e9e \u00e0 un panier de fruits pour ensuite recouvrir les noix. Puis, l\u2019accessoire de type tamis permet d\u2019asperger les fruits d\u2019un nettoyant \u00e0 haute pression ou produit similaire. Les fruits doivent alors \u00eatre rapidement nettoy\u00e9s, puis plac\u00e9s dans un conteneur sec.<\/p>\n<\/div><div class=\"fusion-button-wrapper fusion-aligncenter\"><a class=\"fusion-button button-flat fusion-button-default-size button-custom fusion-button-default button-1 fusion-button-default-span fusion-button-default-type\" style=\"--button_accent_color:#ffffff;--button_border_color:#ffffff;--button_accent_hover_color:#ffffff;--button_border_hover_color:#ffffff;--button_gradient_top_color:#cc0000;--button_gradient_bottom_color:#cc0000;--button_gradient_top_color_hover:#ef0000;--button_gradient_bottom_color_hover:#ef0000;\" target=\"_self\" title=\"Acheter d\u00e8s \u00e0 pr\u00e9sent la cuve de lavage\" aria-label=\"Acheter d\u00e8s \u00e0 pr\u00e9sent la cuve de lavage\" href=\"https:\/\/shop.rollblitz.eu\/en\/nut-processing\/washing\/\"><span class=\"fusion-button-text awb-button__text awb-button__text--default\">ACHETER CUVE DE LAVAGE<\/span><\/a><\/div><div class=\"fusion-clearfix\"><\/div><\/div><\/div><div class=\"fusion-layout-column fusion_builder_column fusion-builder-column-9 fusion_builder_column_1_6 1_6 fusion-one-sixth fusion-column-last\" style=\"--awb-bg-size:cover;width:16.666666666667%;width:calc(16.666666666667% - ( ( 4% + 4% ) * 0.16666666666667 ) );\"><div class=\"fusion-column-wrapper fusion-flex-column-wrapper-legacy\"><div class=\"fusion-clearfix\"><\/div><\/div><\/div><\/div><\/div><div class=\"fusion-fullwidth fullwidth-box fusion-builder-row-6 nonhundred-percent-fullwidth non-hundred-percent-height-scrolling fusion-equal-height-columns\" style=\"--awb-border-radius-top-left:0px;--awb-border-radius-top-right:0px;--awb-border-radius-bottom-right:0px;--awb-border-radius-bottom-left:0px;--awb-padding-top:200px;--awb-background-color:#f2f2f2;--awb-flex-wrap:wrap;\" ><div class=\"fusion-builder-row fusion-row\"><div class=\"fusion-layout-column fusion_builder_column fusion-builder-column-10 fusion_builder_column_1_1 1_1 fusion-one-full fusion-column-first fusion-column-last\" style=\"--awb-bg-size:cover;\"><div class=\"fusion-column-wrapper fusion-flex-column-wrapper-legacy\"><div class=\"fusion-title title fusion-title-1 fusion-sep-none fusion-title-text fusion-title-size-one\" style=\"--awb-margin-top-small:0px;--awb-margin-right-small:0px;--awb-margin-bottom-small:20px;--awb-margin-left-small:0px;\"><h1 class=\"fusion-title-heading title-heading-left fusion-responsive-typography-calculated\" style=\"margin:0;--fontSize:38;line-height:1.33;\">Caract\u00e9ristiques des cuves de lavage<\/h1><\/div><div class=\"fusion-clearfix\"><\/div><\/div><\/div><\/div><\/div><div class=\"fusion-fullwidth fullwidth-box fusion-builder-row-7 nonhundred-percent-fullwidth non-hundred-percent-height-scrolling fusion-equal-height-columns\" style=\"--awb-border-radius-top-left:0px;--awb-border-radius-top-right:0px;--awb-border-radius-bottom-right:0px;--awb-border-radius-bottom-left:0px;--awb-padding-bottom:100px;--awb-background-color:#f2f2f2;--awb-flex-wrap:wrap;\" ><div class=\"fusion-builder-row fusion-row\"><div class=\"fusion-layout-column fusion_builder_column fusion-builder-column-11 fusion_builder_column_1_3 1_3 fusion-one-third fusion-column-first\" style=\"--awb-bg-color:#ffffff;--awb-bg-color-hover:#ffffff;--awb-bg-size:cover;--awb-margin-bottom:40px;width:30.6666%; margin-right: 4%;\"><div class=\"fusion-column-wrapper fusion-flex-column-wrapper-legacy\"><div class=\"fusion-image-element fusion-image-align-center in-legacy-container\" style=\"text-align:center;--awb-caption-title-font-family:var(--h2_typography-font-family);--awb-caption-title-font-weight:var(--h2_typography-font-weight);--awb-caption-title-font-style:var(--h2_typography-font-style);--awb-caption-title-size:var(--h2_typography-font-size);--awb-caption-title-transform:var(--h2_typography-text-transform);--awb-caption-title-line-height:var(--h2_typography-line-height);--awb-caption-title-letter-spacing:var(--h2_typography-letter-spacing);\"><div class=\"imageframe-align-center\"><span class=\" fusion-imageframe imageframe-none imageframe-2 hover-type-zoomin\"><a href=\"https:\/\/feucht-obsttechnik.de\/wp-content\/uploads\/nussverarbeitung-klein-waschen-waschkiste-3.jpg\" class=\"fusion-lightbox\" data-rel=\"iLightbox[Cuves de lavage]\" data-title=\"Nettoyer facilement et simplement vos fruits secs avec le panier de lavage\" title=\"Nettoyer facilement et simplement vos fruits secs avec le panier de lavage\"><img decoding=\"async\" width=\"1600\" height=\"1200\" src=\"https:\/\/feucht-obsttechnik.de\/wp-content\/uploads\/nussverarbeitung-klein-waschen-waschkiste-3.jpg\" alt class=\"img-responsive wp-image-20552\" srcset=\"https:\/\/feucht-obsttechnik.de\/wp-content\/uploads\/nussverarbeitung-klein-waschen-waschkiste-3-200x150.jpg 200w, https:\/\/feucht-obsttechnik.de\/wp-content\/uploads\/nussverarbeitung-klein-waschen-waschkiste-3-400x300.jpg 400w, https:\/\/feucht-obsttechnik.de\/wp-content\/uploads\/nussverarbeitung-klein-waschen-waschkiste-3-600x450.jpg 600w, https:\/\/feucht-obsttechnik.de\/wp-content\/uploads\/nussverarbeitung-klein-waschen-waschkiste-3-800x600.jpg 800w, https:\/\/feucht-obsttechnik.de\/wp-content\/uploads\/nussverarbeitung-klein-waschen-waschkiste-3-1200x900.jpg 1200w, https:\/\/feucht-obsttechnik.de\/wp-content\/uploads\/nussverarbeitung-klein-waschen-waschkiste-3.jpg 1600w\" sizes=\"(max-width: 835px) 100vw, 400px\" \/><\/a><\/span><\/div><\/div><div class=\"fusion-clearfix\"><\/div><\/div><\/div><div class=\"fusion-layout-column fusion_builder_column fusion-builder-column-12 fusion_builder_column_1_3 1_3 fusion-one-third\" style=\"--awb-bg-color:#ffffff;--awb-bg-color-hover:#ffffff;--awb-bg-size:cover;--awb-margin-bottom:40px;width:30.6666%; margin-right: 4%;\"><div class=\"fusion-column-wrapper fusion-flex-column-wrapper-legacy\"><div class=\"fusion-image-element fusion-image-align-center in-legacy-container\" style=\"text-align:center;--awb-caption-title-font-family:var(--h2_typography-font-family);--awb-caption-title-font-weight:var(--h2_typography-font-weight);--awb-caption-title-font-style:var(--h2_typography-font-style);--awb-caption-title-size:var(--h2_typography-font-size);--awb-caption-title-transform:var(--h2_typography-text-transform);--awb-caption-title-line-height:var(--h2_typography-line-height);--awb-caption-title-letter-spacing:var(--h2_typography-letter-spacing);\"><div class=\"imageframe-align-center\"><span class=\" fusion-imageframe imageframe-none imageframe-3 hover-type-zoomin\"><a href=\"https:\/\/feucht-obsttechnik.de\/wp-content\/uploads\/nussverarbeitung-klein-waschen-waschkiste-2.jpg\" class=\"fusion-lightbox\" data-rel=\"iLightbox[Cuves de lavage]\" data-title=\"Nettoyer facilement et simplement vos fruits secs avec le panier de lavage\" title=\"Nettoyer facilement et simplement vos fruits secs avec le panier de lavage\"><img decoding=\"async\" width=\"1600\" height=\"1200\" src=\"https:\/\/feucht-obsttechnik.de\/wp-content\/uploads\/nussverarbeitung-klein-waschen-waschkiste-2.jpg\" alt class=\"img-responsive wp-image-20553\" srcset=\"https:\/\/feucht-obsttechnik.de\/wp-content\/uploads\/nussverarbeitung-klein-waschen-waschkiste-2-200x150.jpg 200w, https:\/\/feucht-obsttechnik.de\/wp-content\/uploads\/nussverarbeitung-klein-waschen-waschkiste-2-400x300.jpg 400w, https:\/\/feucht-obsttechnik.de\/wp-content\/uploads\/nussverarbeitung-klein-waschen-waschkiste-2-600x450.jpg 600w, https:\/\/feucht-obsttechnik.de\/wp-content\/uploads\/nussverarbeitung-klein-waschen-waschkiste-2-800x600.jpg 800w, https:\/\/feucht-obsttechnik.de\/wp-content\/uploads\/nussverarbeitung-klein-waschen-waschkiste-2-1200x900.jpg 1200w, https:\/\/feucht-obsttechnik.de\/wp-content\/uploads\/nussverarbeitung-klein-waschen-waschkiste-2.jpg 1600w\" sizes=\"(max-width: 835px) 100vw, 400px\" \/><\/a><\/span><\/div><\/div><div class=\"fusion-clearfix\"><\/div><\/div><\/div><div class=\"fusion-layout-column fusion_builder_column fusion-builder-column-13 fusion_builder_column_1_3 1_3 fusion-one-third fusion-column-last\" style=\"--awb-bg-color:#ffffff;--awb-bg-color-hover:#ffffff;--awb-bg-size:cover;--awb-margin-bottom:40px;width:30.6666%;\"><div class=\"fusion-column-wrapper fusion-flex-column-wrapper-legacy\"><div class=\"fusion-image-element fusion-image-align-center in-legacy-container\" style=\"text-align:center;--awb-caption-title-font-family:var(--h2_typography-font-family);--awb-caption-title-font-weight:var(--h2_typography-font-weight);--awb-caption-title-font-style:var(--h2_typography-font-style);--awb-caption-title-size:var(--h2_typography-font-size);--awb-caption-title-transform:var(--h2_typography-text-transform);--awb-caption-title-line-height:var(--h2_typography-line-height);--awb-caption-title-letter-spacing:var(--h2_typography-letter-spacing);\"><div class=\"imageframe-align-center\"><span class=\" fusion-imageframe imageframe-none imageframe-4 hover-type-zoomin\"><a href=\"https:\/\/feucht-obsttechnik.de\/wp-content\/uploads\/nussverarbeitung-klein-waschen-waschkiste-1.jpg\" class=\"fusion-lightbox\" data-rel=\"iLightbox[Cuves de lavage]\" data-title=\"Nettoyer facilement et simplement vos fruits secs avec le panier de lavage\" title=\"Nettoyer facilement et simplement vos fruits secs avec le panier de lavage\"><img decoding=\"async\" width=\"1600\" height=\"1200\" src=\"https:\/\/feucht-obsttechnik.de\/wp-content\/uploads\/nussverarbeitung-klein-waschen-waschkiste-1.jpg\" alt class=\"img-responsive wp-image-20554\" srcset=\"https:\/\/feucht-obsttechnik.de\/wp-content\/uploads\/nussverarbeitung-klein-waschen-waschkiste-1-200x150.jpg 200w, https:\/\/feucht-obsttechnik.de\/wp-content\/uploads\/nussverarbeitung-klein-waschen-waschkiste-1-400x300.jpg 400w, https:\/\/feucht-obsttechnik.de\/wp-content\/uploads\/nussverarbeitung-klein-waschen-waschkiste-1-600x450.jpg 600w, https:\/\/feucht-obsttechnik.de\/wp-content\/uploads\/nussverarbeitung-klein-waschen-waschkiste-1-800x600.jpg 800w, https:\/\/feucht-obsttechnik.de\/wp-content\/uploads\/nussverarbeitung-klein-waschen-waschkiste-1-1200x900.jpg 1200w, https:\/\/feucht-obsttechnik.de\/wp-content\/uploads\/nussverarbeitung-klein-waschen-waschkiste-1.jpg 1600w\" sizes=\"(max-width: 835px) 100vw, 400px\" \/><\/a><\/span><\/div><\/div><div class=\"fusion-clearfix\"><\/div><\/div><\/div><\/div><\/div><div class=\"fusion-fullwidth fullwidth-box fusion-builder-row-8 nonhundred-percent-fullwidth non-hundred-percent-height-scrolling fusion-equal-height-columns\" style=\"--awb-border-radius-top-left:0px;--awb-border-radius-top-right:0px;--awb-border-radius-bottom-right:0px;--awb-border-radius-bottom-left:0px;--awb-padding-bottom:100px;--awb-background-color:#f2f2f2;--awb-flex-wrap:wrap;\" ><div class=\"fusion-builder-row fusion-row\"><div class=\"fusion-layout-column fusion_builder_column fusion-builder-column-14 fusion_builder_column_1_2 1_2 fusion-one-half fusion-column-first\" style=\"--awb-bg-color:#ffffff;--awb-bg-color-hover:#ffffff;--awb-bg-size:cover;--awb-margin-bottom:40px;width:48%; margin-right: 4%;\"><div class=\"fusion-column-wrapper fusion-flex-column-wrapper-legacy\"><div class=\"fusion-text fusion-text-7\"><div style=\"padding: 25px;\">\n<h2>Atouts<\/h2>\n<ul>\n<li>peu co\u00fbteux et efficace<\/li>\n<li>facile \u00e0 transporter<\/li>\n<li>simple \u00e0 manipuler<\/li>\n<li>peu de fruits prennent l\u2019humidit\u00e9<\/li>\n<li>utilisable \u00e9galement avec d\u2019autres fruits secs<\/li>\n<\/ul>\n<\/div>\n<\/div><div class=\"fusion-clearfix\"><\/div><\/div><\/div><div class=\"fusion-layout-column fusion_builder_column fusion-builder-column-15 fusion_builder_column_1_2 1_2 fusion-one-half fusion-column-last\" style=\"--awb-bg-color:#ffffff;--awb-bg-color-hover:#ffffff;--awb-bg-size:cover;width:48%;\"><div class=\"fusion-column-wrapper fusion-flex-column-wrapper-legacy\"><div class=\"fusion-text fusion-text-8\"><div style=\"padding: 25px;\">\n<h2>Caract\u00e9ristiques techniques<\/h2>\n<\/div>\n<\/div>\n<div class=\"table-2\">\n<table width=\"100%\">\n<tbody>\n<tr>\n<td align=\"left\">Longueur :<\/td>\n<td align=\"left\">40 cm<\/td>\n<\/tr>\n<tr>\n<td align=\"left\">Largeur :<\/td>\n<td align=\"left\">50 cm<\/td>\n<\/tr>\n<tr>\n<td align=\"left\">Hauteur :<\/td>\n<td align=\"left\">30 cm<\/td>\n<\/tr>\n<tr>\n<td align=\"left\">Poids :<\/td>\n<td align=\"left\">2,5 kg<\/td>\n<\/tr>\n<tr>\n<td align=\"left\">Contenu de la livraison :<\/td>\n<td align=\"left\">1 x cuve 40 l et 1x grille de lavage<\/td>\n<\/tr>\n<\/tbody>\n<\/table>\n<\/div>\n<div class=\"fusion-clearfix\"><\/div><\/div><\/div><\/div><\/div><div class=\"fusion-fullwidth fullwidth-box fusion-builder-row-9 nonhundred-percent-fullwidth non-hundred-percent-height-scrolling\" style=\"--awb-border-radius-top-left:0px;--awb-border-radius-top-right:0px;--awb-border-radius-bottom-right:0px;--awb-border-radius-bottom-left:0px;--awb-flex-wrap:wrap;\" ><div class=\"fusion-builder-row fusion-row\"><div class=\"fusion-layout-column fusion_builder_column fusion-builder-column-16 fusion_builder_column_1_1 1_1 fusion-one-full fusion-column-first fusion-column-last\" style=\"--awb-padding-top:0px;--awb-padding-right:0px;--awb-padding-bottom:0px;--awb-padding-left:0px;--awb-bg-size:cover;--awb-margin-bottom:0px;\"><div class=\"fusion-column-wrapper fusion-column-has-shadow fusion-flex-column-wrapper-legacy\"><div class=\"fusion-menu-anchor\" id=\"wasch-und-kalibriermaschine\"><\/div><div class=\"fusion-clearfix\"><\/div><\/div><\/div><\/div><\/div><div class=\"fusion-fullwidth fullwidth-box fusion-builder-row-10 fusion-parallax-none nonhundred-percent-fullwidth non-hundred-percent-height-scrolling\" style=\"--awb-border-radius-top-left:0px;--awb-border-radius-top-right:0px;--awb-border-radius-bottom-right:0px;--awb-border-radius-bottom-left:0px;--awb-padding-top:200px;--awb-background-image:url(&quot;https:\/\/feucht-obsttechnik.de\/wp-content\/uploads\/nussverarbeitung-gro\u00df-divider-waschen-wasch-und-kalibriermaschine-2.jpg&quot;);--awb-background-size:cover;--awb-flex-wrap:wrap;\" ><div class=\"fusion-builder-row fusion-row\"><div class=\"fusion-layout-column fusion_builder_column fusion-builder-column-17 fusion_builder_column_1_6 1_6 fusion-one-sixth fusion-column-first\" style=\"--awb-bg-size:cover;width:16.666666666667%;width:calc(16.666666666667% - ( ( 4% + 4% ) * 0.16666666666667 ) );margin-right: 4%;\"><div class=\"fusion-column-wrapper fusion-flex-column-wrapper-legacy\"><div class=\"fusion-clearfix\"><\/div><\/div><\/div><div class=\"fusion-layout-column fusion_builder_column fusion-builder-column-18 fusion_builder_column_2_3 2_3 fusion-two-third\" style=\"--awb-padding-top:50px;--awb-padding-right:50px;--awb-padding-bottom:50px;--awb-padding-left:50px;--awb-bg-color:rgba(255,255,255,0.9);--awb-bg-color-hover:rgba(255,255,255,0.9);--awb-bg-size:cover;--awb-margin-bottom:-100px;width:66.666666666667%;width:calc(66.666666666667% - ( ( 4% + 4% ) * 0.66666666666667 ) );margin-right: 4%;\"><div class=\"fusion-column-wrapper fusion-column-has-shadow fusion-flex-column-wrapper-legacy\"><div class=\"fusion-text fusion-text-9\"><h2 style=\"text-align: center;\">Lavage et calibration de la machine<\/h2>\n<p style=\"text-align: center;\"><strong>Nettoyage, calibrage et s\u00e9paration des coquilles de noix.<\/strong><\/p>\n<p style=\"text-align: center;\">Ce <strong>machine de lavage<\/strong>nettoie et calibre les fruits, puis s\u00e9pare les noisettes de leurs coquilles brutes. Cela permet ainsi \u00e0 la machine de retirer jusqu\u2019\u00e0 95 % des coquilles brutes. On utilise un tambour sp\u00e9cial (design ovale) pour nettoyer les fruits secs. Pour le calibrage des fruits, le rouleau\/tambour est remplac\u00e9 par un tamis \u00e0 trous ronds.<\/p>\n<p style=\"text-align: center;\">Vous avez le choix entre deux tailles de calibrage. La machine de lavage et de calibrage est actionn\u00e9e par un foret standard. Alimentation optionnelle ou moteur \u00e9lectrique de 230 V.<\/p>\n<\/div><div class=\"fusion-clearfix\"><\/div><\/div><\/div><div class=\"fusion-layout-column fusion_builder_column fusion-builder-column-19 fusion_builder_column_1_6 1_6 fusion-one-sixth fusion-column-last\" style=\"--awb-bg-size:cover;width:16.666666666667%;width:calc(16.666666666667% - ( ( 4% + 4% ) * 0.16666666666667 ) );\"><div class=\"fusion-column-wrapper fusion-flex-column-wrapper-legacy\"><div class=\"fusion-clearfix\"><\/div><\/div><\/div><\/div><\/div><div class=\"fusion-fullwidth fullwidth-box fusion-builder-row-11 nonhundred-percent-fullwidth non-hundred-percent-height-scrolling fusion-equal-height-columns\" style=\"--awb-border-radius-top-left:0px;--awb-border-radius-top-right:0px;--awb-border-radius-bottom-right:0px;--awb-border-radius-bottom-left:0px;--awb-padding-top:200px;--awb-background-color:#f2f2f2;--awb-flex-wrap:wrap;\" ><div class=\"fusion-builder-row fusion-row\"><div class=\"fusion-layout-column fusion_builder_column fusion-builder-column-20 fusion_builder_column_1_1 1_1 fusion-one-full fusion-column-first fusion-column-last\" style=\"--awb-bg-size:cover;\"><div class=\"fusion-column-wrapper fusion-flex-column-wrapper-legacy\"><div class=\"fusion-title title fusion-title-2 fusion-sep-none fusion-title-text fusion-title-size-one\" style=\"--awb-margin-top-small:0px;--awb-margin-right-small:0px;--awb-margin-bottom-small:20px;--awb-margin-left-small:0px;\"><h1 class=\"fusion-title-heading title-heading-left fusion-responsive-typography-calculated\" style=\"margin:0;--fontSize:38;line-height:1.33;\">Caract\u00e9ristiques de la machine de lavage et de calibrage<\/h1><\/div><div class=\"fusion-clearfix\"><\/div><\/div><\/div><\/div><\/div><div class=\"fusion-fullwidth fullwidth-box fusion-builder-row-12 nonhundred-percent-fullwidth non-hundred-percent-height-scrolling fusion-equal-height-columns\" style=\"--awb-border-radius-top-left:0px;--awb-border-radius-top-right:0px;--awb-border-radius-bottom-right:0px;--awb-border-radius-bottom-left:0px;--awb-padding-bottom:100px;--awb-background-color:#f2f2f2;--awb-flex-wrap:wrap;\" ><div class=\"fusion-builder-row fusion-row\"><div class=\"fusion-layout-column fusion_builder_column fusion-builder-column-21 fusion_builder_column_1_3 1_3 fusion-one-third fusion-column-first\" style=\"--awb-bg-color:#ffffff;--awb-bg-color-hover:#ffffff;--awb-bg-size:cover;--awb-margin-bottom:40px;width:30.6666%; margin-right: 4%;\"><div class=\"fusion-column-wrapper fusion-flex-column-wrapper-legacy\"><div class=\"fusion-image-element fusion-image-align-center in-legacy-container\" style=\"text-align:center;--awb-caption-title-font-family:var(--h2_typography-font-family);--awb-caption-title-font-weight:var(--h2_typography-font-weight);--awb-caption-title-font-style:var(--h2_typography-font-style);--awb-caption-title-size:var(--h2_typography-font-size);--awb-caption-title-transform:var(--h2_typography-text-transform);--awb-caption-title-line-height:var(--h2_typography-line-height);--awb-caption-title-letter-spacing:var(--h2_typography-letter-spacing);\"><div class=\"imageframe-align-center\"><span class=\" fusion-imageframe imageframe-none imageframe-5 hover-type-zoomin\"><a href=\"https:\/\/feucht-obsttechnik.de\/wp-content\/uploads\/nussverarbeitung-gro\u00df-waschen-wasch-und-kalibriermaschine-3-2.jpg\" class=\"fusion-lightbox\" data-rel=\"iLightbox[Lavage et calibration de la machine]\" data-title=\"Nettoyer et calibrer des noisettes et s\u00e9parer les coquilles avec la machine de lavage et de calibrage\" title=\"Nettoyer et calibrer des noisettes et s\u00e9parer les coquilles avec la machine de lavage et de calibrage\"><img decoding=\"async\" width=\"1600\" height=\"1200\" src=\"https:\/\/feucht-obsttechnik.de\/wp-content\/uploads\/nussverarbeitung-gro\u00df-waschen-wasch-und-kalibriermaschine-3-2.jpg\" alt class=\"img-responsive wp-image-20557\" srcset=\"https:\/\/feucht-obsttechnik.de\/wp-content\/uploads\/nussverarbeitung-gro\u00df-waschen-wasch-und-kalibriermaschine-3-2-200x150.jpg 200w, https:\/\/feucht-obsttechnik.de\/wp-content\/uploads\/nussverarbeitung-gro\u00df-waschen-wasch-und-kalibriermaschine-3-2-400x300.jpg 400w, https:\/\/feucht-obsttechnik.de\/wp-content\/uploads\/nussverarbeitung-gro\u00df-waschen-wasch-und-kalibriermaschine-3-2-600x450.jpg 600w, https:\/\/feucht-obsttechnik.de\/wp-content\/uploads\/nussverarbeitung-gro\u00df-waschen-wasch-und-kalibriermaschine-3-2-800x600.jpg 800w, https:\/\/feucht-obsttechnik.de\/wp-content\/uploads\/nussverarbeitung-gro\u00df-waschen-wasch-und-kalibriermaschine-3-2-1200x900.jpg 1200w, https:\/\/feucht-obsttechnik.de\/wp-content\/uploads\/nussverarbeitung-gro\u00df-waschen-wasch-und-kalibriermaschine-3-2.jpg 1600w\" sizes=\"(max-width: 835px) 100vw, 400px\" \/><\/a><\/span><\/div><\/div><div class=\"fusion-clearfix\"><\/div><\/div><\/div><div class=\"fusion-layout-column fusion_builder_column fusion-builder-column-22 fusion_builder_column_1_3 1_3 fusion-one-third\" style=\"--awb-bg-color:#ffffff;--awb-bg-color-hover:#ffffff;--awb-bg-size:cover;width:30.6666%; margin-right: 4%;\"><div class=\"fusion-column-wrapper fusion-flex-column-wrapper-legacy\"><div class=\"fusion-image-element fusion-image-align-center in-legacy-container\" style=\"text-align:center;--awb-caption-title-font-family:var(--h2_typography-font-family);--awb-caption-title-font-weight:var(--h2_typography-font-weight);--awb-caption-title-font-style:var(--h2_typography-font-style);--awb-caption-title-size:var(--h2_typography-font-size);--awb-caption-title-transform:var(--h2_typography-text-transform);--awb-caption-title-line-height:var(--h2_typography-line-height);--awb-caption-title-letter-spacing:var(--h2_typography-letter-spacing);\"><div class=\"imageframe-align-center\"><span class=\" fusion-imageframe imageframe-none imageframe-6 hover-type-zoomin\"><a href=\"https:\/\/feucht-obsttechnik.de\/wp-content\/uploads\/nussverarbeitung-gro\u00df-waschen-wasch-und-kalibriermaschine-2-2.jpg\" class=\"fusion-lightbox\" data-rel=\"iLightbox[Lavage et calibration de la machine]\" data-title=\"Nettoyer et calibrer des noisettes et s\u00e9parer les coquilles avec la machine de lavage et de calibrage\" title=\"Nettoyer et calibrer des noisettes et s\u00e9parer les coquilles avec la machine de lavage et de calibrage\"><img decoding=\"async\" width=\"1600\" height=\"1200\" src=\"https:\/\/feucht-obsttechnik.de\/wp-content\/uploads\/nussverarbeitung-gro\u00df-waschen-wasch-und-kalibriermaschine-2-2.jpg\" alt class=\"img-responsive wp-image-20558\" srcset=\"https:\/\/feucht-obsttechnik.de\/wp-content\/uploads\/nussverarbeitung-gro\u00df-waschen-wasch-und-kalibriermaschine-2-2-200x150.jpg 200w, https:\/\/feucht-obsttechnik.de\/wp-content\/uploads\/nussverarbeitung-gro\u00df-waschen-wasch-und-kalibriermaschine-2-2-400x300.jpg 400w, https:\/\/feucht-obsttechnik.de\/wp-content\/uploads\/nussverarbeitung-gro\u00df-waschen-wasch-und-kalibriermaschine-2-2-600x450.jpg 600w, https:\/\/feucht-obsttechnik.de\/wp-content\/uploads\/nussverarbeitung-gro\u00df-waschen-wasch-und-kalibriermaschine-2-2-800x600.jpg 800w, https:\/\/feucht-obsttechnik.de\/wp-content\/uploads\/nussverarbeitung-gro\u00df-waschen-wasch-und-kalibriermaschine-2-2-1200x900.jpg 1200w, https:\/\/feucht-obsttechnik.de\/wp-content\/uploads\/nussverarbeitung-gro\u00df-waschen-wasch-und-kalibriermaschine-2-2.jpg 1600w\" sizes=\"(max-width: 835px) 100vw, 400px\" \/><\/a><\/span><\/div><\/div><div class=\"fusion-clearfix\"><\/div><\/div><\/div><div class=\"fusion-layout-column fusion_builder_column fusion-builder-column-23 fusion_builder_column_1_3 1_3 fusion-one-third fusion-column-last\" style=\"--awb-bg-color:#ffffff;--awb-bg-color-hover:#ffffff;--awb-bg-size:cover;width:30.6666%;\"><div class=\"fusion-column-wrapper fusion-flex-column-wrapper-legacy\"><div class=\"fusion-image-element fusion-image-align-center in-legacy-container\" style=\"text-align:center;--awb-caption-title-font-family:var(--h2_typography-font-family);--awb-caption-title-font-weight:var(--h2_typography-font-weight);--awb-caption-title-font-style:var(--h2_typography-font-style);--awb-caption-title-size:var(--h2_typography-font-size);--awb-caption-title-transform:var(--h2_typography-text-transform);--awb-caption-title-line-height:var(--h2_typography-line-height);--awb-caption-title-letter-spacing:var(--h2_typography-letter-spacing);\"><div class=\"imageframe-align-center\"><span class=\" fusion-imageframe imageframe-none imageframe-7 hover-type-zoomin\"><a href=\"https:\/\/feucht-obsttechnik.de\/wp-content\/uploads\/nussverarbeitung-gro\u00df-waschen-wasch-und-kalibriermaschine-1-2.jpg\" class=\"fusion-lightbox\" data-rel=\"iLightbox[Lavage et calibration de la machine]\" data-title=\"Nettoyer et calibrer des noisettes et s\u00e9parer les coquilles avec la machine de lavage et de calibrage\" title=\"Nettoyer et calibrer des noisettes et s\u00e9parer les coquilles avec la machine de lavage et de calibrage\"><img decoding=\"async\" width=\"1600\" height=\"1200\" src=\"https:\/\/feucht-obsttechnik.de\/wp-content\/uploads\/nussverarbeitung-gro\u00df-waschen-wasch-und-kalibriermaschine-1-2.jpg\" alt class=\"img-responsive wp-image-20559\" srcset=\"https:\/\/feucht-obsttechnik.de\/wp-content\/uploads\/nussverarbeitung-gro\u00df-waschen-wasch-und-kalibriermaschine-1-2-200x150.jpg 200w, https:\/\/feucht-obsttechnik.de\/wp-content\/uploads\/nussverarbeitung-gro\u00df-waschen-wasch-und-kalibriermaschine-1-2-400x300.jpg 400w, https:\/\/feucht-obsttechnik.de\/wp-content\/uploads\/nussverarbeitung-gro\u00df-waschen-wasch-und-kalibriermaschine-1-2-600x450.jpg 600w, https:\/\/feucht-obsttechnik.de\/wp-content\/uploads\/nussverarbeitung-gro\u00df-waschen-wasch-und-kalibriermaschine-1-2-800x600.jpg 800w, https:\/\/feucht-obsttechnik.de\/wp-content\/uploads\/nussverarbeitung-gro\u00df-waschen-wasch-und-kalibriermaschine-1-2-1200x900.jpg 1200w, https:\/\/feucht-obsttechnik.de\/wp-content\/uploads\/nussverarbeitung-gro\u00df-waschen-wasch-und-kalibriermaschine-1-2.jpg 1600w\" sizes=\"(max-width: 835px) 100vw, 400px\" \/><\/a><\/span><\/div><\/div><div class=\"fusion-clearfix\"><\/div><\/div><\/div><\/div><\/div><div class=\"fusion-fullwidth fullwidth-box fusion-builder-row-13 nonhundred-percent-fullwidth non-hundred-percent-height-scrolling fusion-equal-height-columns\" style=\"--awb-border-radius-top-left:0px;--awb-border-radius-top-right:0px;--awb-border-radius-bottom-right:0px;--awb-border-radius-bottom-left:0px;--awb-padding-bottom:100px;--awb-background-color:#f2f2f2;--awb-flex-wrap:wrap;\" ><div class=\"fusion-builder-row fusion-row\"><div class=\"fusion-layout-column fusion_builder_column fusion-builder-column-24 fusion_builder_column_1_2 1_2 fusion-one-half fusion-column-first\" style=\"--awb-bg-color:#ffffff;--awb-bg-color-hover:#ffffff;--awb-bg-size:cover;--awb-margin-bottom:40px;width:48%; margin-right: 4%;\"><div class=\"fusion-column-wrapper fusion-flex-column-wrapper-legacy\"><div class=\"fusion-text fusion-text-10\"><div style=\"padding: 25px;\">\n<h2>Atouts<\/h2>\n<ul>\n<li>Appareil multit\u00e2che pour laver, calibrer et s\u00e9parer<\/li>\n<li>facile \u00e0 transporter gr\u00e2ce \u00e0 un poids l\u00e9ger<\/li>\n<li>disponible pour plusieurs tailles de calibrage<\/li>\n<li>Tailles de calibrage sp\u00e9ciales disponibles sur demande<\/li>\n<li>En option : Alimentation ou moteur \u00e9lectrique de 230 V<\/li>\n<\/ul>\n<\/div>\n<\/div><div class=\"fusion-clearfix\"><\/div><\/div><\/div><div class=\"fusion-layout-column fusion_builder_column fusion-builder-column-25 fusion_builder_column_1_2 1_2 fusion-one-half fusion-column-last\" style=\"--awb-bg-color:#ffffff;--awb-bg-color-hover:#ffffff;--awb-bg-size:cover;width:48%;\"><div class=\"fusion-column-wrapper fusion-flex-column-wrapper-legacy\"><div class=\"fusion-text fusion-text-11\"><div style=\"padding: 25px;\">\n<h2>Caract\u00e9ristiques techniques<\/h2>\n<\/div>\n<\/div>\n<div class=\"table-2\">\n<table width=\"100%\">\n<tbody>\n<tr>\n<td align=\"left\">Longueur :<\/td>\n<td align=\"left\">160 cm<\/td>\n<\/tr>\n<tr>\n<td align=\"left\">Largeur :<\/td>\n<td align=\"left\">65 cm<\/td>\n<\/tr>\n<tr>\n<td align=\"left\">Hauteur :<\/td>\n<td align=\"left\">105 cm<\/td>\n<\/tr>\n<tr>\n<td align=\"left\">Poids :<\/td>\n<td align=\"left\">65 kg<\/td>\n<\/tr>\n<tr>\n<td align=\"left\">Performance :<\/td>\n<td align=\"left\">Lavage &#8211; environ 100 &#8211; 120 kg\/h (20 kg\/tambour toutes les dix minutes) Calibrage &#8211; environ 150 kg\/h (en deux tailles)<\/td>\n<\/tr>\n<tr>\n<td rowspan=\"6\">Contenu de la livraison :<\/td>\n<td align=\"left\">1x machine de lavage et de calibrage<\/td>\n<\/tr>\n<tr>\n<td align=\"left\">1 x tambour<\/td>\n<\/tr>\n<tr>\n<td align=\"left\">1 x tamis de calibrage (diam\u00e8tre &#8211; 28\/30)<\/td>\n<\/tr>\n<tr>\n<td align=\"left\">1 x tamis de calibrage (diam\u00e8tre &#8211; 30\/32)<\/td>\n<\/tr>\n<tr>\n<td align=\"left\">D\u2019autres tailles de tamis sont disponibles sur demande, par exemple; 14\/16 ou 18\/20<\/td>\n<\/tr>\n<tr>\n<td align=\"left\">Le foret n\u2019est pas inclus dans la livraison<\/td>\n<\/tr>\n<\/tbody>\n<\/table>\n<\/div>\n<div class=\"fusion-clearfix\"><\/div><\/div><\/div><\/div><\/div><div class=\"fusion-fullwidth fullwidth-box fusion-builder-row-14 nonhundred-percent-fullwidth non-hundred-percent-height-scrolling fusion-equal-height-columns fusion-no-small-visibility schlagwoerter\" style=\"--awb-background-position:center top;--awb-border-sizes-top:0px;--awb-border-sizes-bottom:0px;--awb-border-sizes-left:0px;--awb-border-sizes-right:0px;--awb-border-radius-top-left:0px;--awb-border-radius-top-right:0px;--awb-border-radius-bottom-right:0px;--awb-border-radius-bottom-left:0px;--awb-padding-top:0px;--awb-padding-right:15%;--awb-padding-bottom:0px;--awb-padding-left:15%;--awb-background-color:#a0ce4e;--awb-flex-wrap:wrap;\" ><div class=\"fusion-builder-row fusion-row\"><div class=\"fusion-layout-column fusion_builder_column fusion-builder-column-26 fusion_builder_column_1_5 1_5 fusion-one-fifth fusion-column-first\" style=\"--awb-padding-top:10px;--awb-padding-bottom:10px;--awb-bg-size:cover;--awb-margin-top:10px;--awb-margin-bottom:0px;width:20%;width:calc(20% - ( ( 4% ) * 0.2 ) );margin-right: 4%;\"><div class=\"fusion-column-wrapper fusion-column-has-shadow fusion-flex-column-wrapper-legacy\"><div class=\"fusion-column-content-centered\"><div class=\"fusion-column-content\"><div class=\"fusion-title title fusion-title-3 fusion-sep-none fusion-title-text fusion-title-size-two\" style=\"--awb-text-color:#ffffff;--awb-margin-bottom:0px;--awb-margin-right-small:0px;--awb-margin-bottom-small:0px;--awb-margin-left-small:0px;\"><h2 class=\"fusion-title-heading title-heading-left fusion-responsive-typography-calculated\" style=\"margin:0;--fontSize:26;--minFontSize:26;line-height:1.25;\">Mots-cl\u00e9s:<\/h2><\/div><\/div><\/div><div class=\"fusion-clearfix\"><\/div><\/div><\/div><div class=\"fusion-layout-column fusion_builder_column fusion-builder-column-27 fusion_builder_column_4_5 4_5 fusion-four-fifth fusion-column-last fusion-column-no-min-height\" style=\"--awb-padding-top:10px;--awb-padding-bottom:10px;--awb-bg-size:cover;--awb-margin-top:20px;--awb-margin-bottom:0px;width:80%;width:calc(80% - ( ( 4% ) * 0.8 ) );\"><div class=\"fusion-column-wrapper fusion-column-has-shadow fusion-flex-column-wrapper-legacy\"><div class=\"fusion-text fusion-text-12\"><p><span style=\"color: #ffffff;\"><a href=\"https:\/\/feucht-obsttechnik.de\/fr\/traitement-des-fruits-secs\/recolter-des-noix-en-petite-quantite\/\">Traitement des fruits secs<\/a>, <a href=\"https:\/\/feucht-obsttechnik.de\/fr\/traitement-des-fruits-secs\/recolter-des-noix-en-petite-quantite\/sechage-des-noix\/\">S\u00e9chage des fruits secs<\/a>, <a href=\"https:\/\/feucht-obsttechnik.de\/fr\/traitement-des-fruits-secs\/recolter-des-noix-en-petite-quantite\/calibrage-des-fruits-secs\/\">Calibrage des fruits secs<\/a>, <a href=\"https:\/\/feucht-obsttechnik.de\/fr\/traitement-des-fruits-secs\/recolter-des-noix-en-petite-quantite\/cassage-des-fruits-secs\/\">Cassage des fruits secs<\/a>, <a href=\"https:\/\/feucht-obsttechnik.de\/fr\/traitement-des-fruits-secs\/recolter-des-noix-en-petite-quantite\/cassage-des-fruits-secs\/\">Extraction des coquilles de fruits<\/a><\/span><\/p>\n<\/div><div class=\"fusion-clearfix\"><\/div><\/div><\/div><\/div><\/div><\/p>\n","protected":false},"excerpt":{"rendered":"","protected":false},"author":4,"featured_media":0,"parent":20503,"menu_order":0,"comment_status":"closed","ping_status":"closed","template":"100-width.php","meta":{"footnotes":"","_wp_rev_ctl_limit":""},"class_list":["post-20550","page","type-page","status-publish","hentry"],"yoast_head":"<!-- This site is optimized with the Yoast SEO plugin v27.5 - https:\/\/yoast.com\/product\/yoast-seo-wordpress\/ -->\n<title>Lavage des fruits secs - Feucht Obsttechnik<\/title>\n<meta name=\"description\" content=\"Avant le s\u00e9chage, la couche de salet\u00e9s des fruits est \u00e9limin\u00e9e gr\u00e2ce \u00e0 nos caisses de lavage, qui incluent un tamis de lavage, ou une machine de lavage et de calibrage. Permalink:\" \/>\n<meta name=\"robots\" content=\"index, follow, max-snippet:-1, max-image-preview:large, max-video-preview:-1\" \/>\n<link rel=\"canonical\" href=\"https:\/\/feucht-obsttechnik.de\/fr\/traitement-des-fruits-secs\/recolter-des-noix-en-petite-quantite\/lavage-des-fruits-secs\/\" \/>\n<meta property=\"og:locale\" content=\"fr_FR\" \/>\n<meta property=\"og:type\" content=\"article\" \/>\n<meta property=\"og:title\" content=\"Lavage des fruits secs - Feucht Obsttechnik\" \/>\n<meta property=\"og:description\" content=\"Avant le s\u00e9chage, la couche de salet\u00e9s des fruits est \u00e9limin\u00e9e gr\u00e2ce \u00e0 nos caisses de lavage, qui incluent un tamis de lavage, ou une machine de lavage et de calibrage. Permalink:\" \/>\n<meta property=\"og:url\" content=\"https:\/\/feucht-obsttechnik.de\/fr\/traitement-des-fruits-secs\/recolter-des-noix-en-petite-quantite\/lavage-des-fruits-secs\/\" \/>\n<meta property=\"og:site_name\" content=\"Feucht Obsttechnik\" \/>\n<meta property=\"article:modified_time\" content=\"2021-04-25T10:47:50+00:00\" \/>\n<meta name=\"twitter:card\" content=\"summary_large_image\" \/>\n<meta name=\"twitter:label1\" content=\"Dur\u00e9e de lecture estim\u00e9e\" \/>\n\t<meta name=\"twitter:data1\" content=\"32 minutes\" \/>\n<script type=\"application\/ld+json\" class=\"yoast-schema-graph\">{\"@context\":\"https:\\\/\\\/schema.org\",\"@graph\":[{\"@type\":\"WebPage\",\"@id\":\"https:\\\/\\\/feucht-obsttechnik.de\\\/fr\\\/traitement-des-fruits-secs\\\/recolter-des-noix-en-petite-quantite\\\/lavage-des-fruits-secs\\\/\",\"url\":\"https:\\\/\\\/feucht-obsttechnik.de\\\/fr\\\/traitement-des-fruits-secs\\\/recolter-des-noix-en-petite-quantite\\\/lavage-des-fruits-secs\\\/\",\"name\":\"Lavage des fruits secs - Feucht Obsttechnik\",\"isPartOf\":{\"@id\":\"https:\\\/\\\/feucht-obsttechnik.de\\\/fr\\\/#website\"},\"datePublished\":\"2021-04-15T12:53:06+00:00\",\"dateModified\":\"2021-04-25T10:47:50+00:00\",\"description\":\"Avant le s\u00e9chage, la couche de salet\u00e9s des fruits est \u00e9limin\u00e9e gr\u00e2ce \u00e0 nos caisses de lavage, qui incluent un tamis de lavage, ou une machine de lavage et de calibrage. Permalink:\",\"breadcrumb\":{\"@id\":\"https:\\\/\\\/feucht-obsttechnik.de\\\/fr\\\/traitement-des-fruits-secs\\\/recolter-des-noix-en-petite-quantite\\\/lavage-des-fruits-secs\\\/#breadcrumb\"},\"inLanguage\":\"fr-FR\",\"potentialAction\":[{\"@type\":\"ReadAction\",\"target\":[\"https:\\\/\\\/feucht-obsttechnik.de\\\/fr\\\/traitement-des-fruits-secs\\\/recolter-des-noix-en-petite-quantite\\\/lavage-des-fruits-secs\\\/\"]}]},{\"@type\":\"BreadcrumbList\",\"@id\":\"https:\\\/\\\/feucht-obsttechnik.de\\\/fr\\\/traitement-des-fruits-secs\\\/recolter-des-noix-en-petite-quantite\\\/lavage-des-fruits-secs\\\/#breadcrumb\",\"itemListElement\":[{\"@type\":\"ListItem\",\"position\":1,\"name\":\"Startseite\",\"item\":\"https:\\\/\\\/feucht-obsttechnik.de\\\/fr\\\/\"},{\"@type\":\"ListItem\",\"position\":2,\"name\":\"Traitement des fruits secs\",\"item\":\"https:\\\/\\\/feucht-obsttechnik.de\\\/fr\\\/traitement-des-fruits-secs\\\/\"},{\"@type\":\"ListItem\",\"position\":3,\"name\":\"R\u00e9colter des noix en petite quantit\u00e9\",\"item\":\"https:\\\/\\\/feucht-obsttechnik.de\\\/fr\\\/traitement-des-fruits-secs\\\/recolter-des-noix-en-petite-quantite\\\/\"},{\"@type\":\"ListItem\",\"position\":4,\"name\":\"Lavage des fruits secs\"}]},{\"@type\":\"WebSite\",\"@id\":\"https:\\\/\\\/feucht-obsttechnik.de\\\/fr\\\/#website\",\"url\":\"https:\\\/\\\/feucht-obsttechnik.de\\\/fr\\\/\",\"name\":\"Feucht Obsttechnik\",\"description\":\"\",\"publisher\":{\"@id\":\"https:\\\/\\\/feucht-obsttechnik.de\\\/fr\\\/#organization\"},\"potentialAction\":[{\"@type\":\"SearchAction\",\"target\":{\"@type\":\"EntryPoint\",\"urlTemplate\":\"https:\\\/\\\/feucht-obsttechnik.de\\\/fr\\\/?s={search_term_string}\"},\"query-input\":{\"@type\":\"PropertyValueSpecification\",\"valueRequired\":true,\"valueName\":\"search_term_string\"}}],\"inLanguage\":\"fr-FR\"},{\"@type\":\"Organization\",\"@id\":\"https:\\\/\\\/feucht-obsttechnik.de\\\/fr\\\/#organization\",\"name\":\"Feucht Obsttechnik GmbH\",\"url\":\"https:\\\/\\\/feucht-obsttechnik.de\\\/fr\\\/\",\"logo\":{\"@type\":\"ImageObject\",\"inLanguage\":\"fr-FR\",\"@id\":\"https:\\\/\\\/feucht-obsttechnik.de\\\/fr\\\/#\\\/schema\\\/logo\\\/image\\\/\",\"url\":\"https:\\\/\\\/feucht-obsttechnik.de\\\/wp-content\\\/uploads\\\/logo-feucht@2x-1.png\",\"contentUrl\":\"https:\\\/\\\/feucht-obsttechnik.de\\\/wp-content\\\/uploads\\\/logo-feucht@2x-1.png\",\"width\":640,\"height\":123,\"caption\":\"Feucht Obsttechnik GmbH\"},\"image\":{\"@id\":\"https:\\\/\\\/feucht-obsttechnik.de\\\/fr\\\/#\\\/schema\\\/logo\\\/image\\\/\"}}]}<\/script>\n<!-- \/ Yoast SEO plugin. -->","yoast_head_json":{"title":"Lavage des fruits secs - Feucht Obsttechnik","description":"Avant le s\u00e9chage, la couche de salet\u00e9s des fruits est \u00e9limin\u00e9e gr\u00e2ce \u00e0 nos caisses de lavage, qui incluent un tamis de lavage, ou une machine de lavage et de calibrage. Permalink:","robots":{"index":"index","follow":"follow","max-snippet":"max-snippet:-1","max-image-preview":"max-image-preview:large","max-video-preview":"max-video-preview:-1"},"canonical":"https:\/\/feucht-obsttechnik.de\/fr\/traitement-des-fruits-secs\/recolter-des-noix-en-petite-quantite\/lavage-des-fruits-secs\/","og_locale":"fr_FR","og_type":"article","og_title":"Lavage des fruits secs - Feucht Obsttechnik","og_description":"Avant le s\u00e9chage, la couche de salet\u00e9s des fruits est \u00e9limin\u00e9e gr\u00e2ce \u00e0 nos caisses de lavage, qui incluent un tamis de lavage, ou une machine de lavage et de calibrage. Permalink:","og_url":"https:\/\/feucht-obsttechnik.de\/fr\/traitement-des-fruits-secs\/recolter-des-noix-en-petite-quantite\/lavage-des-fruits-secs\/","og_site_name":"Feucht Obsttechnik","article_modified_time":"2021-04-25T10:47:50+00:00","twitter_card":"summary_large_image","twitter_misc":{"Dur\u00e9e de lecture estim\u00e9e":"32 minutes"},"schema":{"@context":"https:\/\/schema.org","@graph":[{"@type":"WebPage","@id":"https:\/\/feucht-obsttechnik.de\/fr\/traitement-des-fruits-secs\/recolter-des-noix-en-petite-quantite\/lavage-des-fruits-secs\/","url":"https:\/\/feucht-obsttechnik.de\/fr\/traitement-des-fruits-secs\/recolter-des-noix-en-petite-quantite\/lavage-des-fruits-secs\/","name":"Lavage des fruits secs - Feucht Obsttechnik","isPartOf":{"@id":"https:\/\/feucht-obsttechnik.de\/fr\/#website"},"datePublished":"2021-04-15T12:53:06+00:00","dateModified":"2021-04-25T10:47:50+00:00","description":"Avant le s\u00e9chage, la couche de salet\u00e9s des fruits est \u00e9limin\u00e9e gr\u00e2ce \u00e0 nos caisses de lavage, qui incluent un tamis de lavage, ou une machine de lavage et de calibrage. Permalink:","breadcrumb":{"@id":"https:\/\/feucht-obsttechnik.de\/fr\/traitement-des-fruits-secs\/recolter-des-noix-en-petite-quantite\/lavage-des-fruits-secs\/#breadcrumb"},"inLanguage":"fr-FR","potentialAction":[{"@type":"ReadAction","target":["https:\/\/feucht-obsttechnik.de\/fr\/traitement-des-fruits-secs\/recolter-des-noix-en-petite-quantite\/lavage-des-fruits-secs\/"]}]},{"@type":"BreadcrumbList","@id":"https:\/\/feucht-obsttechnik.de\/fr\/traitement-des-fruits-secs\/recolter-des-noix-en-petite-quantite\/lavage-des-fruits-secs\/#breadcrumb","itemListElement":[{"@type":"ListItem","position":1,"name":"Startseite","item":"https:\/\/feucht-obsttechnik.de\/fr\/"},{"@type":"ListItem","position":2,"name":"Traitement des fruits secs","item":"https:\/\/feucht-obsttechnik.de\/fr\/traitement-des-fruits-secs\/"},{"@type":"ListItem","position":3,"name":"R\u00e9colter des noix en petite quantit\u00e9","item":"https:\/\/feucht-obsttechnik.de\/fr\/traitement-des-fruits-secs\/recolter-des-noix-en-petite-quantite\/"},{"@type":"ListItem","position":4,"name":"Lavage des fruits secs"}]},{"@type":"WebSite","@id":"https:\/\/feucht-obsttechnik.de\/fr\/#website","url":"https:\/\/feucht-obsttechnik.de\/fr\/","name":"Feucht Obsttechnik","description":"","publisher":{"@id":"https:\/\/feucht-obsttechnik.de\/fr\/#organization"},"potentialAction":[{"@type":"SearchAction","target":{"@type":"EntryPoint","urlTemplate":"https:\/\/feucht-obsttechnik.de\/fr\/?s={search_term_string}"},"query-input":{"@type":"PropertyValueSpecification","valueRequired":true,"valueName":"search_term_string"}}],"inLanguage":"fr-FR"},{"@type":"Organization","@id":"https:\/\/feucht-obsttechnik.de\/fr\/#organization","name":"Feucht Obsttechnik GmbH","url":"https:\/\/feucht-obsttechnik.de\/fr\/","logo":{"@type":"ImageObject","inLanguage":"fr-FR","@id":"https:\/\/feucht-obsttechnik.de\/fr\/#\/schema\/logo\/image\/","url":"https:\/\/feucht-obsttechnik.de\/wp-content\/uploads\/logo-feucht@2x-1.png","contentUrl":"https:\/\/feucht-obsttechnik.de\/wp-content\/uploads\/logo-feucht@2x-1.png","width":640,"height":123,"caption":"Feucht Obsttechnik GmbH"},"image":{"@id":"https:\/\/feucht-obsttechnik.de\/fr\/#\/schema\/logo\/image\/"}}]}},"_links":{"self":[{"href":"https:\/\/feucht-obsttechnik.de\/fr\/wp-json\/wp\/v2\/pages\/20550","targetHints":{"allow":["GET"]}}],"collection":[{"href":"https:\/\/feucht-obsttechnik.de\/fr\/wp-json\/wp\/v2\/pages"}],"about":[{"href":"https:\/\/feucht-obsttechnik.de\/fr\/wp-json\/wp\/v2\/types\/page"}],"author":[{"embeddable":true,"href":"https:\/\/feucht-obsttechnik.de\/fr\/wp-json\/wp\/v2\/users\/4"}],"replies":[{"embeddable":true,"href":"https:\/\/feucht-obsttechnik.de\/fr\/wp-json\/wp\/v2\/comments?post=20550"}],"version-history":[{"count":0,"href":"https:\/\/feucht-obsttechnik.de\/fr\/wp-json\/wp\/v2\/pages\/20550\/revisions"}],"up":[{"embeddable":true,"href":"https:\/\/feucht-obsttechnik.de\/fr\/wp-json\/wp\/v2\/pages\/20503"}],"wp:attachment":[{"href":"https:\/\/feucht-obsttechnik.de\/fr\/wp-json\/wp\/v2\/media?parent=20550"}],"curies":[{"name":"wp","href":"https:\/\/api.w.org\/{rel}","templated":true}]}}