{"id":20503,"date":"2021-04-15T14:25:39","date_gmt":"2021-04-15T12:25:39","guid":{"rendered":"http:\/\/neu2020.feucht-obsttechnik.de\/traitement-des-fruits-secs\/recolter-des-noix-en-petite-quantite\/"},"modified":"2021-04-16T16:07:31","modified_gmt":"2021-04-16T14:07:31","slug":"recolter-des-noix-en-petite-quantite","status":"publish","type":"page","link":"https:\/\/feucht-obsttechnik.de\/fr\/traitement-des-fruits-secs\/recolter-des-noix-en-petite-quantite\/","title":{"rendered":"R\u00e9colter des noix en petite quantit\u00e9"},"content":{"rendered":"<p><div class=\"fusion-fullwidth fullwidth-box fusion-builder-row-1 fusion-parallax-none nonhundred-percent-fullwidth non-hundred-percent-height-scrolling\" style=\"--awb-background-blend-mode:overlay;--awb-border-sizes-top:0px;--awb-border-sizes-bottom:0px;--awb-border-sizes-left:0px;--awb-border-sizes-right:0px;--awb-border-radius-top-left:0px;--awb-border-radius-top-right:0px;--awb-border-radius-bottom-right:0px;--awb-border-radius-bottom-left:0px;--awb-padding-top:72px;--awb-padding-bottom:0px;--awb-margin-bottom:20px;--awb-background-color:rgba(10,19,35,0.15);--awb-background-image:url(&quot;https:\/\/feucht-obsttechnik.de\/wp-content\/uploads\/bg-header-nussernte-klein.jpg&quot;);--awb-background-size:cover;--awb-flex-wrap:wrap;\" ><div class=\"fusion-builder-row fusion-row\"><div class=\"fusion-layout-column fusion_builder_column fusion-builder-column-0 fusion_builder_column_1_1 1_1 fusion-one-full fusion-column-first fusion-column-last fusion-column-no-min-height\" style=\"--awb-bg-blend:overlay;--awb-bg-size:cover;--awb-margin-bottom:0px;\"><div class=\"fusion-column-wrapper fusion-flex-column-wrapper-legacy\"><div class=\"fusion-sep-clear\"><\/div><div class=\"fusion-separator fusion-no-small-visibility fusion-no-medium-visibility fusion-full-width-sep\" style=\"margin-left: auto;margin-right: auto;margin-top:120px;width:100%;\"><\/div><div class=\"fusion-sep-clear\"><\/div><div class=\"fusion-title title fusion-title-1 fusion-sep-none fusion-title-center fusion-title-text fusion-title-size-one\" style=\"--awb-text-color:#ffffff;--awb-margin-top-small:0px;--awb-margin-right-small:0px;--awb-margin-bottom-small:20px;--awb-margin-left-small:0px;\"><h1 class=\"fusion-title-heading title-heading-center fusion-responsive-typography-calculated\" style=\"margin:0;--fontSize:38;line-height:1.33;\">Traitement des fruits secs (\u2264 5 t)<\/h1><\/div><div class=\"fusion-text fusion-text-1\"><p class=\"title-category\">Fournisseur int\u00e9gral pour le traitement des fruits secs (en petite quantit\u00e9<\/p>\n<\/div><div class=\"fusion-sep-clear\"><\/div><div class=\"fusion-separator fusion-full-width-sep\" style=\"margin-left: auto;margin-right: auto;margin-top:15px;width:100%;\"><\/div><div class=\"fusion-sep-clear\"><\/div><div class=\"fusion-sep-clear\"><\/div><div class=\"fusion-separator fusion-no-medium-visibility fusion-no-large-visibility fusion-full-width-sep\" style=\"margin-left: auto;margin-right: auto;margin-top:40px;width:100%;\"><\/div><div class=\"fusion-sep-clear\"><\/div><div class=\"fusion-section-separator section-separator waves-opacity fusion-section-separator-1\" style=\"--awb-spacer-padding-top:21.09375%;--awb-svg-margin-left:0;--awb-svg-margin-right:0;--awb-sep-font-size:0;--awb-sep-line-height:0;\"><div class=\"fusion-section-separator-svg\"><svg class=\"fusion-waves-opacity-candy\" xmlns=\"http:\/\/www.w3.org\/2000\/svg\" version=\"1.1\" width=\"100%\" viewBox=\"0 0 1024 216\" preserveAspectRatio=\"none\" fill=\"rgba(255,255,255,1)\"><path class=\"st0\" d=\"M0 216.068h1024l.1-105.2c-14.6-3.2-30.2-5.8-47.1-7.6-178.6-19.6-279.5 56.8-464.3 41.3-206.5-17.2-248.4-128.8-455-143.8-19-1.3-38.3-.2-57.7.3v215z\"\/>\n\t\t\t\t\t\t\t\t\t\t<path class=\"st1\" d=\"M0 20.068v196.144h1024v-79.744c-22.7-6.4-47.9-11.4-76.2-14.6-178.6-19.8-272.2 53.9-457.1 38.4-206.6-17.2-197.3-124.7-403.9-139.8-27.2-2-56.6-2-86.8-.4z\"\/>\n\t\t\t\t\t\t\t\t\t\t<path class=\"st2\" d=\"M0 216.212h1024v-35.744c-45.1-15.4-95.2-27.7-150-33.7-178.6-19.8-220.6 46.8-405.4 31.3-206.6-17.2-197.8-114.7-404.4-129.7-20.4-1.5-42-2-64.2-1.7v169.544z\"\/>\n\t\t\t\t\t\t\t\t\t\t<path class=\"st3\" d=\"M0 216.312h1024v-3.044c-50.8-17.1-108.7-30.7-172.7-37.9-178.6-19.8-220 36.8-404.9 21.3-206.6-17.2-228-126.5-434.5-141.6-3.9-.3-7.9-.5-11.9-.7v161.944z\"\/>\n\t\t\t\t\t\t\t\t\t<\/svg><\/div><div class=\"fusion-section-separator-spacer\"><div class=\"fusion-section-separator-spacer-height\"><\/div><\/div><\/div><div class=\"fusion-clearfix\"><\/div><\/div><\/div><\/div><\/div><div class=\"fusion-fullwidth fullwidth-box fusion-builder-row-2 nonhundred-percent-fullwidth non-hundred-percent-height-scrolling\" style=\"--awb-background-position:left top;--awb-border-sizes-top:0px;--awb-border-sizes-bottom:0px;--awb-border-sizes-left:0px;--awb-border-sizes-right:0px;--awb-border-radius-top-left:0px;--awb-border-radius-top-right:0px;--awb-border-radius-bottom-right:0px;--awb-border-radius-bottom-left:0px;--awb-padding-top:60px;--awb-padding-bottom:30px;--awb-background-color:#ffffff;--awb-flex-wrap:wrap;\" ><div class=\"fusion-builder-row fusion-row\"><div class=\"fusion-layout-column fusion_builder_column fusion-builder-column-1 fusion_builder_column_1_6 1_6 fusion-one-sixth fusion-column-first fusion-no-small-visibility\" style=\"--awb-bg-size:cover;width:16.666666666667%;width:calc(16.666666666667% - ( ( 4% + 4% ) * 0.16666666666667 ) );margin-right: 4%;\"><div class=\"fusion-column-wrapper fusion-column-has-shadow fusion-flex-column-wrapper-legacy\"><div class=\"fusion-clearfix\"><\/div><\/div><\/div><div class=\"fusion-layout-column fusion_builder_column fusion-builder-column-2 fusion_builder_column_2_3 2_3 fusion-two-third fusion-column-no-min-height\" style=\"--awb-padding-bottom:20px;--awb-bg-size:cover;width:66.666666666667%;width:calc(66.666666666667% - ( ( 4% + 4% ) * 0.66666666666667 ) );margin-right: 4%;\"><div class=\"fusion-column-wrapper fusion-flex-column-wrapper-legacy\"><div class=\"fusion-title title fusion-title-2 fusion-sep-none fusion-title-center fusion-title-text fusion-title-size-two\" style=\"--awb-margin-top-small:0px;--awb-margin-right-small:0px;--awb-margin-bottom-small:20px;--awb-margin-left-small:0px;\"><h2 class=\"fusion-title-heading title-heading-center fusion-responsive-typography-calculated\" style=\"margin:0;--fontSize:26;--minFontSize:26;line-height:1.25;\">Nous sommes votre interlocuteur pour le traitement des fruits secs en petite quantit\u00e9.<\/h2><\/div><div class=\"fusion-text fusion-text-2\"><p style=\"text-align: center;\" align=\"center\">Le traitement des noix m\u00eame en petite quantit\u00e9 demande beaucoup de temps et de travail. Nous offrons des solutions m\u00e9canis\u00e9es pour les produits de noix; pour rendre le traitement des fruits en petite quantit\u00e9 aussi \u00e9conomique et efficace que possible. Nos produits englobent chaque \u00e9tape de traitement des fruits et conviennent aux noyers dont la quantit\u00e9 de r\u00e9colte est inf\u00e9rieure \u00e0 5 tonnes par an.  <\/p>\n<\/div><div class=\"fusion-sep-clear\"><\/div><div class=\"fusion-separator fusion-full-width-sep\" style=\"margin-left: auto;margin-right: auto;margin-top:15px;width:100%;\"><\/div><div class=\"fusion-sep-clear\"><\/div><div class=\"fusion-clearfix\"><\/div><\/div><\/div><div class=\"fusion-layout-column fusion_builder_column fusion-builder-column-3 fusion_builder_column_1_6 1_6 fusion-one-sixth fusion-column-last fusion-no-small-visibility\" style=\"--awb-bg-size:cover;width:16.666666666667%;width:calc(16.666666666667% - ( ( 4% + 4% ) * 0.16666666666667 ) );\"><div class=\"fusion-column-wrapper fusion-column-has-shadow fusion-flex-column-wrapper-legacy\"><div class=\"fusion-clearfix\"><\/div><\/div><\/div><\/div><\/div><div class=\"fusion-fullwidth fullwidth-box fusion-builder-row-3 hundred-percent-fullwidth non-hundred-percent-height-scrolling fusion-equal-height-columns fusion-no-small-visibility fusion-no-medium-visibility\" style=\"--awb-background-position:left top;--awb-border-sizes-top:0px;--awb-border-sizes-bottom:0px;--awb-border-sizes-left:0px;--awb-border-sizes-right:0px;--awb-border-radius-top-left:0px;--awb-border-radius-top-right:0px;--awb-border-radius-bottom-right:0px;--awb-border-radius-bottom-left:0px;--awb-padding-top:0px;--awb-padding-right:0px;--awb-padding-bottom:0px;--awb-padding-left:0px;--awb-background-color:#f9f9f9;--awb-flex-wrap:wrap;\" ><div class=\"fusion-builder-row fusion-row\"><div class=\"fusion-layout-column fusion_builder_column fusion-builder-column-4 fusion_builder_column_1_2 1_2 fusion-one-half fusion-column-first\" style=\"--awb-padding-top:17%;--awb-padding-right:17%;--awb-padding-bottom:17%;--awb-padding-left:17%;--awb-bg-size:cover;--awb-margin-bottom:0px;\"><div class=\"fusion-column-wrapper fusion-flex-column-wrapper-legacy\"><div class=\"fusion-column-content-centered\"><div class=\"fusion-column-content\"><div class=\"fusion-title title fusion-title-3 fusion-sep-none fusion-title-text fusion-title-size-six\" style=\"--awb-margin-bottom:15px;--awb-margin-top-small:0px;--awb-margin-right-small:0px;--awb-margin-bottom-small:20px;--awb-margin-left-small:0px;\"><h6 class=\"fusion-title-heading title-heading-left fusion-responsive-typography-calculated\" style=\"margin:0;--fontSize:13;--minFontSize:13;line-height:1.55;\"><span class=\"subtitle-accent\">R\u00e9colter des noix rapidement et avec soin<\/span><\/h6><\/div><div class=\"fusion-title title fusion-title-4 fusion-sep-none fusion-title-text fusion-title-size-two\" style=\"--awb-margin-top-small:0px;--awb-margin-right-small:0px;--awb-margin-bottom-small:20px;--awb-margin-left-small:0px;\"><h2 class=\"fusion-title-heading title-heading-left fusion-responsive-typography-calculated\" style=\"margin:0;--fontSize:26;--minFontSize:26;line-height:1.25;\">R\u00e9colte<\/h2><\/div><div class=\"fusion-text fusion-text-3\"><p>La cueillette des noix d\u00e9bute g\u00e9n\u00e9ralement fin septembre. La r\u00e9colte d\u00e9bute d\u00e8s que les fruits m\u00fbrs tombent de l\u2019arbre. Les fruits doivent \u00eatre rapidement cueillis afin qu\u2019ils ne soient pas expos\u00e9s \u00e0 l\u2019humidit\u00e9. La petite machine de ramassage des fruits OB 40 ou le Rollblitz manuel est id\u00e9al pour des petites quantit\u00e9s.<\/p>\n<\/div><div class=\"fusion-button-wrapper\"><a class=\"fusion-button button-flat fusion-button-default-size button-custom fusion-button-default button-1 fusion-button-default-span fusion-button-default-type\" style=\"--button_accent_color:#ffffff;--button_border_color:#ffffff;--button_accent_hover_color:#ffffff;--button_border_hover_color:#ffffff;--button_gradient_top_color:#cc0000;--button_gradient_bottom_color:#cc0000;--button_gradient_top_color_hover:#ef0000;--button_gradient_bottom_color_hover:#ef0000;\" target=\"_self\" title=\"Pour en savoir plus sur la r\u00e9colte de fruits secs\" aria-label=\"Pour en savoir plus sur la r\u00e9colte de fruits secs\" href=\"https:\/\/feucht-obsttechnik.de\/fr\/traitement-des-fruits-secs\/recolter-des-noix-en-petite-quantite\/recolte-des-fruits-secs\/\"><span class=\"fusion-button-text awb-button__text awb-button__text--default\">R\u00c9COLTE DES FRUITS SECS<\/span><\/a><\/div><\/div><\/div><div class=\"fusion-clearfix\"><\/div><\/div><\/div><div class=\"fusion-layout-column fusion_builder_column fusion-builder-column-5 fusion_builder_column_1_2 1_2 fusion-one-half fusion-column-last fusion-column-inner-bg-wrapper fusion-animated\" style=\"--awb-inner-bg-color:#1a1a1a;--awb-inner-bg-color-hover:#1a1a1a;--awb-inner-bg-image:url(&#039;https:\/\/feucht-obsttechnik.de\/wp-content\/uploads\/obstauflesemaschine-ob-40-5-1.jpg&#039;);--awb-inner-bg-position:center top;--awb-inner-bg-size:cover;--awb-margin-bottom:0px;\" data-animationType=\"fadeInRight\" data-animationDuration=\"0.5\" data-animationOffset=\"bottom-in-view\"><span class=\"fusion-column-inner-bg hover-type-zoomin\"><a class=\"fusion-column-anchor\" href=\"https:\/\/feucht-obsttechnik.de\/fr\/traitement-des-fruits-secs\/recolter-des-noix-en-petite-quantite\/recolte-des-fruits-secs\/\"><span class=\"fusion-column-inner-bg-image\"><\/span><\/a><\/span><div class=\"fusion-column-wrapper fusion-column-has-shadow fusion-flex-column-wrapper-legacy fusion-empty-column-bg-image fusion-column-has-bg-image\" data-bg-url=\"https:\/\/feucht-obsttechnik.de\/wp-content\/uploads\/obstauflesemaschine-ob-40-5-1.jpg\"><img decoding=\"async\" class=\"fusion-empty-dims-img-placeholder fusion-no-large-visibility\" aria-label=\"L\u2019OB 40 pour r\u00e9colter des fruits secs\" src=\"data:image\/svg+xml,%3Csvg%20xmlns%3D%27http%3A%2F%2Fwww.w3.org%2F2000%2Fsvg%27%20width%3D%271600%27%20height%3D%271200%27%20viewBox%3D%270%200%201600%201200%27%3E%3Crect%20width%3D%271600%27%20height%3D%271200%27%20fill-opacity%3D%220%22%2F%3E%3C%2Fsvg%3E\"><div class=\"fusion-clearfix\"><\/div><\/div><\/div><\/div><\/div><div class=\"fusion-fullwidth fullwidth-box fusion-builder-row-4 hundred-percent-fullwidth non-hundred-percent-height-scrolling fusion-equal-height-columns fusion-no-large-visibility\" style=\"--awb-background-position:left top;--awb-border-sizes-top:1px;--awb-border-sizes-bottom:1px;--awb-border-sizes-left:0px;--awb-border-sizes-right:0px;--awb-border-color:#cc0000;--awb-border-radius-top-left:0px;--awb-border-radius-top-right:0px;--awb-border-radius-bottom-right:0px;--awb-border-radius-bottom-left:0px;--awb-padding-top:0px;--awb-padding-right:0px;--awb-padding-bottom:0px;--awb-padding-left:0px;--awb-flex-wrap:wrap;\" ><div class=\"fusion-builder-row fusion-row\"><div class=\"fusion-layout-column fusion_builder_column fusion-builder-column-6 fusion_builder_column_1_2 1_2 fusion-one-half fusion-column-first\" style=\"--awb-padding-top:17%;--awb-padding-right:17%;--awb-padding-bottom:17%;--awb-padding-left:17%;--awb-bg-size:cover;--awb-margin-bottom:0px;\"><div class=\"fusion-column-wrapper fusion-flex-column-wrapper-legacy\"><div class=\"fusion-column-content-centered\"><div class=\"fusion-column-content\"><div class=\"fusion-title title fusion-title-5 fusion-sep-none fusion-title-text fusion-title-size-six\" style=\"--awb-margin-bottom:15px;--awb-margin-top-small:0px;--awb-margin-right-small:0px;--awb-margin-bottom-small:20px;--awb-margin-left-small:0px;\"><h6 class=\"fusion-title-heading title-heading-left fusion-responsive-typography-calculated\" style=\"margin:0;--fontSize:13;--minFontSize:13;line-height:1.55;\"><span class=\"subtitle-accent\">R\u00e9colter des noix rapidement et avec soin<\/span><\/h6><\/div><div class=\"fusion-title title fusion-title-6 fusion-sep-none fusion-title-text fusion-title-size-two\" style=\"--awb-margin-top-small:0px;--awb-margin-right-small:0px;--awb-margin-bottom-small:20px;--awb-margin-left-small:0px;\"><h2 class=\"fusion-title-heading title-heading-left fusion-responsive-typography-calculated\" style=\"margin:0;--fontSize:26;--minFontSize:26;line-height:1.25;\">R\u00e9colte<\/h2><\/div><div class=\"fusion-text fusion-text-4\"><p>La cueillette des noix d\u00e9bute g\u00e9n\u00e9ralement fin septembre. La r\u00e9colte d\u00e9bute d\u00e8s que les fruits m\u00fbrs tombent de l\u2019arbre. Les fruits doivent \u00eatre rapidement cueillis afin qu\u2019ils ne soient pas expos\u00e9s \u00e0 l\u2019humidit\u00e9. La petite machine de ramassage des fruits OB 40 ou le Rollblitz manuel est id\u00e9al pour des petites quantit\u00e9s.<\/p>\n<\/div><div class=\"fusion-button-wrapper\"><a class=\"fusion-button button-flat fusion-button-default-size button-custom fusion-button-default button-2 fusion-button-default-span fusion-button-default-type\" style=\"--button_accent_color:#ffffff;--button_border_color:#ffffff;--button_accent_hover_color:#ffffff;--button_border_hover_color:#ffffff;--button_gradient_top_color:#cc0000;--button_gradient_bottom_color:#cc0000;--button_gradient_top_color_hover:#ef0000;--button_gradient_bottom_color_hover:#ef0000;\" target=\"_self\" title=\"Pour en savoir plus sur la r\u00e9colte de fruits secs\" aria-label=\"Pour en savoir plus sur la r\u00e9colte de fruits secs\" href=\"https:\/\/feucht-obsttechnik.de\/fr\/traitement-des-fruits-secs\/recolter-des-noix-en-petite-quantite\/recolte-des-fruits-secs\/\"><span class=\"fusion-button-text awb-button__text awb-button__text--default\">R\u00c9COLTE DES FRUITS SECS<\/span><\/a><\/div><\/div><\/div><div class=\"fusion-clearfix\"><\/div><\/div><\/div><div class=\"fusion-layout-column fusion_builder_column fusion-builder-column-7 fusion_builder_column_1_2 1_2 fusion-one-half fusion-column-last fusion-column-inner-bg-wrapper fusion-animated\" style=\"--awb-inner-bg-color:#1a1a1a;--awb-inner-bg-color-hover:#1a1a1a;--awb-inner-bg-image:url(&#039;https:\/\/feucht-obsttechnik.de\/wp-content\/uploads\/obstauflesemaschine-ob-40-5-1.jpg&#039;);--awb-inner-bg-position:center top;--awb-inner-bg-size:cover;--awb-margin-bottom:0px;\" data-animationType=\"fadeInRight\" data-animationDuration=\"0.5\" data-animationOffset=\"bottom-in-view\"><span class=\"fusion-column-inner-bg hover-type-zoomin\"><a class=\"fusion-column-anchor\" href=\"https:\/\/feucht-obsttechnik.de\/fr\/traitement-des-fruits-secs\/recolter-des-noix-en-petite-quantite\/recolte-des-fruits-secs\/\"><span class=\"fusion-column-inner-bg-image\"><\/span><\/a><\/span><div class=\"fusion-column-wrapper fusion-column-has-shadow fusion-flex-column-wrapper-legacy fusion-empty-column-bg-image fusion-column-has-bg-image\" data-bg-url=\"https:\/\/feucht-obsttechnik.de\/wp-content\/uploads\/obstauflesemaschine-ob-40-5-1.jpg\"><img decoding=\"async\" class=\"fusion-empty-dims-img-placeholder fusion-no-large-visibility\" aria-label=\"L\u2019OB 40 pour r\u00e9colter des fruits secs\" src=\"data:image\/svg+xml,%3Csvg%20xmlns%3D%27http%3A%2F%2Fwww.w3.org%2F2000%2Fsvg%27%20width%3D%271600%27%20height%3D%271200%27%20viewBox%3D%270%200%201600%201200%27%3E%3Crect%20width%3D%271600%27%20height%3D%271200%27%20fill-opacity%3D%220%22%2F%3E%3C%2Fsvg%3E\"><div class=\"fusion-clearfix\"><\/div><\/div><\/div><\/div><\/div><div class=\"fusion-fullwidth fullwidth-box fusion-builder-row-5 hundred-percent-fullwidth non-hundred-percent-height-scrolling fusion-equal-height-columns fusion-no-small-visibility fusion-no-medium-visibility\" style=\"--awb-background-position:left top;--awb-border-sizes-top:0px;--awb-border-sizes-bottom:0px;--awb-border-sizes-left:0px;--awb-border-sizes-right:0px;--awb-border-radius-top-left:0px;--awb-border-radius-top-right:0px;--awb-border-radius-bottom-right:0px;--awb-border-radius-bottom-left:0px;--awb-padding-top:0px;--awb-padding-right:0px;--awb-padding-bottom:0px;--awb-padding-left:0px;--awb-background-color:#f9f9f9;--awb-flex-wrap:wrap;\" ><div class=\"fusion-builder-row fusion-row\"><div class=\"fusion-layout-column fusion_builder_column fusion-builder-column-8 fusion_builder_column_1_2 1_2 fusion-one-half fusion-column-first fusion-column-inner-bg-wrapper fusion-animated\" style=\"--awb-inner-bg-color:#1a1a1a;--awb-inner-bg-color-hover:#1a1a1a;--awb-inner-bg-image:url(&#039;https:\/\/feucht-obsttechnik.de\/wp-content\/uploads\/nussverarbeitung-gro\u00df-waschen-wasch-und-kalibriermaschine-4-2.jpg&#039;);--awb-inner-bg-position:center top;--awb-inner-bg-size:cover;--awb-margin-bottom:0px;\" data-animationType=\"fadeInRight\" data-animationDuration=\"0.5\" data-animationOffset=\"bottom-in-view\"><span class=\"fusion-column-inner-bg hover-type-zoomin\"><a class=\"fusion-column-anchor\" href=\"https:\/\/feucht-obsttechnik.de\/fr\/traitement-des-fruits-secs\/recolter-des-noix-en-petite-quantite\/lavage-des-fruits-secs\/\"><span class=\"fusion-column-inner-bg-image\"><\/span><\/a><\/span><div class=\"fusion-column-wrapper fusion-column-has-shadow fusion-flex-column-wrapper-legacy fusion-empty-column-bg-image fusion-column-has-bg-image\" data-bg-url=\"https:\/\/feucht-obsttechnik.de\/wp-content\/uploads\/nussverarbeitung-gro\u00df-waschen-wasch-und-kalibriermaschine-4-2.jpg\"><img decoding=\"async\" class=\"fusion-empty-dims-img-placeholder fusion-no-large-visibility\" aria-label=\"Nettoyer et calibrer des noisettes et s\u00e9parer les coquilles avec la machine de lavage et de calibrage\" src=\"data:image\/svg+xml,%3Csvg%20xmlns%3D%27http%3A%2F%2Fwww.w3.org%2F2000%2Fsvg%27%20width%3D%271600%27%20height%3D%271200%27%20viewBox%3D%270%200%201600%201200%27%3E%3Crect%20width%3D%271600%27%20height%3D%271200%27%20fill-opacity%3D%220%22%2F%3E%3C%2Fsvg%3E\"><div class=\"fusion-clearfix\"><\/div><\/div><\/div><div class=\"fusion-layout-column fusion_builder_column fusion-builder-column-9 fusion_builder_column_1_2 1_2 fusion-one-half fusion-column-last\" style=\"--awb-padding-top:17%;--awb-padding-right:17%;--awb-padding-bottom:17%;--awb-padding-left:17%;--awb-bg-size:cover;--awb-margin-bottom:0px;\"><div class=\"fusion-column-wrapper fusion-flex-column-wrapper-legacy\"><div class=\"fusion-column-content-centered\"><div class=\"fusion-column-content\"><div class=\"fusion-title title fusion-title-7 fusion-sep-none fusion-title-text fusion-title-size-six\" style=\"--awb-margin-bottom:15px;--awb-margin-top-small:0px;--awb-margin-right-small:0px;--awb-margin-bottom-small:20px;--awb-margin-left-small:0px;\"><h6 class=\"fusion-title-heading title-heading-left fusion-responsive-typography-calculated\" style=\"margin:0;--fontSize:13;--minFontSize:13;line-height:1.55;\"><span class=\"subtitle-accent\">Pour des fruits propres et exempts de salet\u00e9s<\/span><\/h6><\/div><div class=\"fusion-title title fusion-title-8 fusion-sep-none fusion-title-text fusion-title-size-two\" style=\"--awb-margin-top-small:0px;--awb-margin-right-small:0px;--awb-margin-bottom-small:20px;--awb-margin-left-small:0px;\"><h2 class=\"fusion-title-heading title-heading-left fusion-responsive-typography-calculated\" style=\"margin:0;--fontSize:26;--minFontSize:26;line-height:1.25;\">Lavage<\/h2><\/div><div class=\"fusion-text fusion-text-5\"><p>Il est important de nettoyer les fruits avant qu\u2019ils ne soient secs. Gr\u00e2ce au lavage, la couche de salet\u00e9s est enlev\u00e9e des noix. Avant de les laver ou de les nettoyer, la coque ext\u00e9rieure du fruit doit \u00eatre extraite. Pour laver de plus petit volume de fruits, les cuvettes avec accessoire de tamis ou appareils combin\u00e9s plus petits sont ad\u00e9quats, tout comme nos machines de calibrage et de lavage.<\/p>\n<\/div><div class=\"fusion-button-wrapper\"><a class=\"fusion-button button-flat fusion-button-default-size button-custom fusion-button-default button-3 fusion-button-default-span fusion-button-default-type\" style=\"--button_accent_color:#ffffff;--button_border_color:#ffffff;--button_accent_hover_color:#ffffff;--button_border_hover_color:#ffffff;--button_gradient_top_color:#cc0000;--button_gradient_bottom_color:#cc0000;--button_gradient_top_color_hover:#ef0000;--button_gradient_bottom_color_hover:#ef0000;\" target=\"_self\" title=\"Pour en savoir plus sur lavage des noix\" aria-label=\"Pour en savoir plus sur lavage des noix\" href=\"https:\/\/feucht-obsttechnik.de\/fr\/traitement-des-fruits-secs\/recolter-des-noix-en-petite-quantite\/lavage-des-fruits-secs\/\"><span class=\"fusion-button-text awb-button__text awb-button__text--default\">Lavage des fruits secs<\/span><\/a><\/div><\/div><\/div><div class=\"fusion-clearfix\"><\/div><\/div><\/div><\/div><\/div><div class=\"fusion-fullwidth fullwidth-box fusion-builder-row-6 hundred-percent-fullwidth non-hundred-percent-height-scrolling fusion-equal-height-columns fusion-no-large-visibility\" style=\"--awb-background-position:left top;--awb-border-sizes-top:1px;--awb-border-sizes-bottom:1px;--awb-border-sizes-left:0px;--awb-border-sizes-right:0px;--awb-border-color:#cc0000;--awb-border-radius-top-left:0px;--awb-border-radius-top-right:0px;--awb-border-radius-bottom-right:0px;--awb-border-radius-bottom-left:0px;--awb-padding-top:0px;--awb-padding-right:0px;--awb-padding-bottom:0px;--awb-padding-left:0px;--awb-flex-wrap:wrap;\" ><div class=\"fusion-builder-row fusion-row\"><div class=\"fusion-layout-column fusion_builder_column fusion-builder-column-10 fusion_builder_column_1_2 1_2 fusion-one-half fusion-column-first\" style=\"--awb-padding-top:17%;--awb-padding-right:17%;--awb-padding-bottom:17%;--awb-padding-left:17%;--awb-bg-size:cover;--awb-margin-bottom:0px;\"><div class=\"fusion-column-wrapper fusion-flex-column-wrapper-legacy\"><div class=\"fusion-column-content-centered\"><div class=\"fusion-column-content\"><div class=\"fusion-title title fusion-title-9 fusion-sep-none fusion-title-text fusion-title-size-six\" style=\"--awb-margin-bottom:15px;--awb-margin-top-small:0px;--awb-margin-right-small:0px;--awb-margin-bottom-small:20px;--awb-margin-left-small:0px;\"><h6 class=\"fusion-title-heading title-heading-left fusion-responsive-typography-calculated\" style=\"margin:0;--fontSize:13;--minFontSize:13;line-height:1.55;\"><span class=\"subtitle-accent\">Pour des fruits propres et exempts de salet\u00e9s<\/span><\/h6><\/div><div class=\"fusion-title title fusion-title-10 fusion-sep-none fusion-title-text fusion-title-size-two\" style=\"--awb-margin-top-small:0px;--awb-margin-right-small:0px;--awb-margin-bottom-small:20px;--awb-margin-left-small:0px;\"><h2 class=\"fusion-title-heading title-heading-left fusion-responsive-typography-calculated\" style=\"margin:0;--fontSize:26;--minFontSize:26;line-height:1.25;\">Lavage<\/h2><\/div><div class=\"fusion-text fusion-text-6\"><p>Il est important de nettoyer les fruits avant qu\u2019ils ne soient secs. Gr\u00e2ce au lavage, la couche de salet\u00e9s est enlev\u00e9e des noix. Avant de les laver ou de les nettoyer, la coque ext\u00e9rieure du fruit doit \u00eatre extraite. Pour laver de plus petit volume de fruits, les cuvettes avec accessoire de tamis ou appareils combin\u00e9s plus petits sont ad\u00e9quats, tout comme nos machines de calibrage et de lavage.<\/p>\n<\/div><div class=\"fusion-button-wrapper\"><a class=\"fusion-button button-flat fusion-button-default-size button-custom fusion-button-default button-4 fusion-button-default-span fusion-button-default-type\" style=\"--button_accent_color:#ffffff;--button_border_color:#ffffff;--button_accent_hover_color:#ffffff;--button_border_hover_color:#ffffff;--button_gradient_top_color:#cc0000;--button_gradient_bottom_color:#cc0000;--button_gradient_top_color_hover:#ef0000;--button_gradient_bottom_color_hover:#ef0000;\" target=\"_self\" title=\"Pour en savoir plus sur lavage des noix\" aria-label=\"Pour en savoir plus sur lavage des noix\" href=\"https:\/\/feucht-obsttechnik.de\/fr\/traitement-des-fruits-secs\/recolter-des-noix-en-petite-quantite\/lavage-des-fruits-secs\/\"><span class=\"fusion-button-text awb-button__text awb-button__text--default\">Lavage des fruits secs<\/span><\/a><\/div><\/div><\/div><div class=\"fusion-clearfix\"><\/div><\/div><\/div><div class=\"fusion-layout-column fusion_builder_column fusion-builder-column-11 fusion_builder_column_1_2 1_2 fusion-one-half fusion-column-last fusion-column-inner-bg-wrapper fusion-animated\" style=\"--awb-inner-bg-color:#1a1a1a;--awb-inner-bg-color-hover:#1a1a1a;--awb-inner-bg-image:url(&#039;https:\/\/feucht-obsttechnik.de\/wp-content\/uploads\/nussverarbeitung-gro\u00df-waschen-wasch-und-kalibriermaschine-4-2.jpg&#039;);--awb-inner-bg-position:center top;--awb-inner-bg-size:cover;--awb-margin-bottom:0px;\" data-animationType=\"fadeInRight\" data-animationDuration=\"0.5\" data-animationOffset=\"bottom-in-view\"><span class=\"fusion-column-inner-bg hover-type-zoomin\"><a class=\"fusion-column-anchor\" href=\"https:\/\/feucht-obsttechnik.de\/fr\/traitement-des-fruits-secs\/recolter-des-noix-en-petite-quantite\/lavage-des-fruits-secs\/\"><span class=\"fusion-column-inner-bg-image\"><\/span><\/a><\/span><div class=\"fusion-column-wrapper fusion-column-has-shadow fusion-flex-column-wrapper-legacy fusion-empty-column-bg-image fusion-column-has-bg-image\" data-bg-url=\"https:\/\/feucht-obsttechnik.de\/wp-content\/uploads\/nussverarbeitung-gro\u00df-waschen-wasch-und-kalibriermaschine-4-2.jpg\"><img decoding=\"async\" class=\"fusion-empty-dims-img-placeholder fusion-no-large-visibility\" aria-label=\"Nettoyer et calibrer des noisettes et s\u00e9parer les coquilles avec la machine de lavage et de calibrage\" src=\"data:image\/svg+xml,%3Csvg%20xmlns%3D%27http%3A%2F%2Fwww.w3.org%2F2000%2Fsvg%27%20width%3D%271600%27%20height%3D%271200%27%20viewBox%3D%270%200%201600%201200%27%3E%3Crect%20width%3D%271600%27%20height%3D%271200%27%20fill-opacity%3D%220%22%2F%3E%3C%2Fsvg%3E\"><div class=\"fusion-clearfix\"><\/div><\/div><\/div><\/div><\/div><div class=\"fusion-fullwidth fullwidth-box fusion-builder-row-7 hundred-percent-fullwidth non-hundred-percent-height-scrolling fusion-equal-height-columns fusion-no-small-visibility fusion-no-medium-visibility\" style=\"--awb-background-position:left top;--awb-border-sizes-top:0px;--awb-border-sizes-bottom:0px;--awb-border-sizes-left:0px;--awb-border-sizes-right:0px;--awb-border-radius-top-left:0px;--awb-border-radius-top-right:0px;--awb-border-radius-bottom-right:0px;--awb-border-radius-bottom-left:0px;--awb-padding-top:0px;--awb-padding-right:0px;--awb-padding-bottom:0px;--awb-padding-left:0px;--awb-background-color:#f9f9f9;--awb-flex-wrap:wrap;\" ><div class=\"fusion-builder-row fusion-row\"><div class=\"fusion-layout-column fusion_builder_column fusion-builder-column-12 fusion_builder_column_1_2 1_2 fusion-one-half fusion-column-first\" style=\"--awb-padding-top:17%;--awb-padding-right:17%;--awb-padding-bottom:17%;--awb-padding-left:17%;--awb-bg-size:cover;--awb-margin-bottom:0px;\"><div class=\"fusion-column-wrapper fusion-flex-column-wrapper-legacy\"><div class=\"fusion-column-content-centered\"><div class=\"fusion-column-content\"><div class=\"fusion-title title fusion-title-11 fusion-sep-none fusion-title-text fusion-title-size-six\" style=\"--awb-margin-bottom:15px;--awb-margin-top-small:0px;--awb-margin-right-small:0px;--awb-margin-bottom-small:20px;--awb-margin-left-small:0px;\"><h6 class=\"fusion-title-heading title-heading-left fusion-responsive-typography-calculated\" style=\"margin:0;--fontSize:13;--minFontSize:13;line-height:1.55;\"><span class=\"subtitle-accent\">Conserver des noix par s\u00e9chage<\/span><\/h6><\/div><div class=\"fusion-title title fusion-title-12 fusion-sep-none fusion-title-text fusion-title-size-two\" style=\"--awb-margin-top-small:0px;--awb-margin-right-small:0px;--awb-margin-bottom-small:20px;--awb-margin-left-small:0px;\"><h2 class=\"fusion-title-heading title-heading-left fusion-responsive-typography-calculated\" style=\"margin:0;--fontSize:26;--minFontSize:26;line-height:1.25;\">S\u00e9chage<\/h2><\/div><div class=\"fusion-text fusion-text-7\"><p>Une fois que les noix ont \u00e9t\u00e9 r\u00e9colt\u00e9es et lav\u00e9es, il est temps de les s\u00e9cher. Il est important de conserver les noix par s\u00e9chage m\u00eame pour d\u2019une petite quantit\u00e9. Le s\u00e9chage permet d\u2019\u00e9viter aux fruits d\u2019\u00eatre jet\u00e9s \u00e0 cause de moisissure ou d\u2019humidit\u00e9. Le temps de s\u00e9chage d\u00e9pend de la temp\u00e9rature ambiante et du taux d\u2019humidit\u00e9 de fruit. Pour s\u00e9cher de petit volume, nous vous proposons des r\u00e9servoirs de s\u00e9chage r\u00e9frig\u00e9r\u00e9s par air, en diff\u00e9rentes tailles.<\/p>\n<\/div><div class=\"fusion-button-wrapper\"><a class=\"fusion-button button-flat fusion-button-default-size button-custom fusion-button-default button-5 fusion-button-default-span fusion-button-default-type\" style=\"--button_accent_color:#ffffff;--button_border_color:#ffffff;--button_accent_hover_color:#ffffff;--button_border_hover_color:#ffffff;--button_gradient_top_color:#cc0000;--button_gradient_bottom_color:#cc0000;--button_gradient_top_color_hover:#ef0000;--button_gradient_bottom_color_hover:#ef0000;\" target=\"_self\" title=\"Pour en savoir plus sur le s\u00e9chage des fruits secs\" aria-label=\"Pour en savoir plus sur le s\u00e9chage des fruits secs\" href=\"https:\/\/feucht-obsttechnik.de\/fr\/traitement-des-fruits-secs\/recolter-des-noix-en-petite-quantite\/sechage-des-noix\/\"><span class=\"fusion-button-text awb-button__text awb-button__text--default\">S\u00c9CHAGE DES FRUITS<\/span><\/a><\/div><\/div><\/div><div class=\"fusion-clearfix\"><\/div><\/div><\/div><div class=\"fusion-layout-column fusion_builder_column fusion-builder-column-13 fusion_builder_column_1_2 1_2 fusion-one-half fusion-column-last fusion-column-inner-bg-wrapper fusion-animated\" style=\"--awb-inner-bg-color:#1a1a1a;--awb-inner-bg-color-hover:#1a1a1a;--awb-inner-bg-image:url(&#039;https:\/\/feucht-obsttechnik.de\/wp-content\/uploads\/nussverarbeitung-klein-trocknen-trockner-mini-1.jpg&#039;);--awb-inner-bg-position:center top;--awb-inner-bg-size:cover;--awb-margin-bottom:0px;\" data-animationType=\"fadeInLeft\" data-animationDuration=\"0.5\" data-animationOffset=\"bottom-in-view\"><span class=\"fusion-column-inner-bg hover-type-zoomin\"><a class=\"fusion-column-anchor\" href=\"https:\/\/feucht-obsttechnik.de\/fr\/traitement-des-fruits-secs\/recolter-des-noix-en-petite-quantite\/sechage-des-noix\/\"><span class=\"fusion-column-inner-bg-image\"><\/span><\/a><\/span><div class=\"fusion-column-wrapper fusion-column-has-shadow fusion-flex-column-wrapper-legacy fusion-empty-column-bg-image fusion-column-has-bg-image\" data-bg-url=\"https:\/\/feucht-obsttechnik.de\/wp-content\/uploads\/nussverarbeitung-klein-trocknen-trockner-mini-1.jpg\"><img decoding=\"async\" class=\"fusion-empty-dims-img-placeholder fusion-no-large-visibility\" aria-label=\"S\u00e9chage des fruits secs avec le d\u00e9shydrateur mini\" src=\"data:image\/svg+xml,%3Csvg%20xmlns%3D%27http%3A%2F%2Fwww.w3.org%2F2000%2Fsvg%27%20width%3D%271600%27%20height%3D%271200%27%20viewBox%3D%270%200%201600%201200%27%3E%3Crect%20width%3D%271600%27%20height%3D%271200%27%20fill-opacity%3D%220%22%2F%3E%3C%2Fsvg%3E\"><div class=\"fusion-clearfix\"><\/div><\/div><\/div><\/div><\/div><div class=\"fusion-fullwidth fullwidth-box fusion-builder-row-8 hundred-percent-fullwidth non-hundred-percent-height-scrolling fusion-equal-height-columns fusion-no-large-visibility\" style=\"--awb-background-position:left top;--awb-border-sizes-top:1px;--awb-border-sizes-bottom:1px;--awb-border-sizes-left:0px;--awb-border-sizes-right:0px;--awb-border-color:#cc0000;--awb-border-radius-top-left:0px;--awb-border-radius-top-right:0px;--awb-border-radius-bottom-right:0px;--awb-border-radius-bottom-left:0px;--awb-padding-top:0px;--awb-padding-right:0px;--awb-padding-bottom:0px;--awb-padding-left:0px;--awb-flex-wrap:wrap;\" ><div class=\"fusion-builder-row fusion-row\"><div class=\"fusion-layout-column fusion_builder_column fusion-builder-column-14 fusion_builder_column_1_2 1_2 fusion-one-half fusion-column-first\" style=\"--awb-padding-top:17%;--awb-padding-right:17%;--awb-padding-bottom:17%;--awb-padding-left:17%;--awb-bg-size:cover;--awb-margin-bottom:0px;\"><div class=\"fusion-column-wrapper fusion-flex-column-wrapper-legacy\"><div class=\"fusion-column-content-centered\"><div class=\"fusion-column-content\"><div class=\"fusion-title title fusion-title-13 fusion-sep-none fusion-title-text fusion-title-size-six\" style=\"--awb-margin-bottom:15px;--awb-margin-top-small:0px;--awb-margin-right-small:0px;--awb-margin-bottom-small:20px;--awb-margin-left-small:0px;\"><h6 class=\"fusion-title-heading title-heading-left fusion-responsive-typography-calculated\" style=\"margin:0;--fontSize:13;--minFontSize:13;line-height:1.55;\"><span class=\"subtitle-accent\">Conserver des noix par s\u00e9chage<\/span><\/h6><\/div><div class=\"fusion-title title fusion-title-14 fusion-sep-none fusion-title-text fusion-title-size-two\" style=\"--awb-margin-top-small:0px;--awb-margin-right-small:0px;--awb-margin-bottom-small:20px;--awb-margin-left-small:0px;\"><h2 class=\"fusion-title-heading title-heading-left fusion-responsive-typography-calculated\" style=\"margin:0;--fontSize:26;--minFontSize:26;line-height:1.25;\">S\u00e9chage<\/h2><\/div><div class=\"fusion-text fusion-text-8\"><p>Une fois que les noix ont \u00e9t\u00e9 r\u00e9colt\u00e9es et lav\u00e9es, il est temps de les s\u00e9cher. Il est important de conserver les noix par s\u00e9chage m\u00eame pour d\u2019une petite quantit\u00e9. Le s\u00e9chage permet d\u2019\u00e9viter aux fruits d\u2019\u00eatre jet\u00e9s \u00e0 cause de moisissure ou d\u2019humidit\u00e9. Le temps de s\u00e9chage d\u00e9pend de la temp\u00e9rature ambiante et du taux d\u2019humidit\u00e9 de fruit. Pour s\u00e9cher de petit volume, nous vous proposons des r\u00e9servoirs de s\u00e9chage r\u00e9frig\u00e9r\u00e9s par air, en diff\u00e9rentes tailles.<\/p>\n<\/div><div class=\"fusion-button-wrapper\"><a class=\"fusion-button button-flat fusion-button-default-size button-custom fusion-button-default button-6 fusion-button-default-span fusion-button-default-type\" style=\"--button_accent_color:#ffffff;--button_border_color:#ffffff;--button_accent_hover_color:#ffffff;--button_border_hover_color:#ffffff;--button_gradient_top_color:#cc0000;--button_gradient_bottom_color:#cc0000;--button_gradient_top_color_hover:#ef0000;--button_gradient_bottom_color_hover:#ef0000;\" target=\"_self\" title=\"Pour en savoir plus sur le s\u00e9chage des fruits secs\" aria-label=\"Pour en savoir plus sur le s\u00e9chage des fruits secs\" href=\"https:\/\/feucht-obsttechnik.de\/fr\/traitement-des-fruits-secs\/recolter-des-noix-en-petite-quantite\/sechage-des-noix\/\"><span class=\"fusion-button-text awb-button__text awb-button__text--default\">S\u00c9CHAGE DES FRUITS<\/span><\/a><\/div><\/div><\/div><div class=\"fusion-clearfix\"><\/div><\/div><\/div><div class=\"fusion-layout-column fusion_builder_column fusion-builder-column-15 fusion_builder_column_1_2 1_2 fusion-one-half fusion-column-last fusion-column-inner-bg-wrapper fusion-animated\" style=\"--awb-inner-bg-color:#1a1a1a;--awb-inner-bg-color-hover:#1a1a1a;--awb-inner-bg-image:url(&#039;https:\/\/feucht-obsttechnik.de\/wp-content\/uploads\/nussverarbeitung-klein-trocknen-trockner-mini-1.jpg&#039;);--awb-inner-bg-position:center top;--awb-inner-bg-size:cover;--awb-margin-bottom:0px;\" data-animationType=\"fadeInLeft\" data-animationDuration=\"0.5\" data-animationOffset=\"bottom-in-view\"><span class=\"fusion-column-inner-bg hover-type-zoomin\"><a class=\"fusion-column-anchor\" href=\"https:\/\/feucht-obsttechnik.de\/fr\/traitement-des-fruits-secs\/recolter-des-noix-en-petite-quantite\/sechage-des-noix\/\"><span class=\"fusion-column-inner-bg-image\"><\/span><\/a><\/span><div class=\"fusion-column-wrapper fusion-column-has-shadow fusion-flex-column-wrapper-legacy fusion-empty-column-bg-image fusion-column-has-bg-image\" data-bg-url=\"https:\/\/feucht-obsttechnik.de\/wp-content\/uploads\/nussverarbeitung-klein-trocknen-trockner-mini-1.jpg\"><img decoding=\"async\" class=\"fusion-empty-dims-img-placeholder fusion-no-large-visibility\" aria-label=\"S\u00e9chage des fruits secs avec le d\u00e9shydrateur mini\" src=\"data:image\/svg+xml,%3Csvg%20xmlns%3D%27http%3A%2F%2Fwww.w3.org%2F2000%2Fsvg%27%20width%3D%271600%27%20height%3D%271200%27%20viewBox%3D%270%200%201600%201200%27%3E%3Crect%20width%3D%271600%27%20height%3D%271200%27%20fill-opacity%3D%220%22%2F%3E%3C%2Fsvg%3E\"><div class=\"fusion-clearfix\"><\/div><\/div><\/div><\/div><\/div><div class=\"fusion-fullwidth fullwidth-box fusion-builder-row-9 hundred-percent-fullwidth non-hundred-percent-height-scrolling fusion-equal-height-columns fusion-no-small-visibility fusion-no-medium-visibility\" style=\"--awb-background-position:left top;--awb-border-sizes-top:0px;--awb-border-sizes-bottom:0px;--awb-border-sizes-left:0px;--awb-border-sizes-right:0px;--awb-border-radius-top-left:0px;--awb-border-radius-top-right:0px;--awb-border-radius-bottom-right:0px;--awb-border-radius-bottom-left:0px;--awb-padding-top:0px;--awb-padding-right:0px;--awb-padding-bottom:0px;--awb-padding-left:0px;--awb-background-color:#f9f9f9;--awb-flex-wrap:wrap;\" ><div class=\"fusion-builder-row fusion-row\"><div class=\"fusion-layout-column fusion_builder_column fusion-builder-column-16 fusion_builder_column_1_2 1_2 fusion-one-half fusion-column-first fusion-column-inner-bg-wrapper fusion-animated\" style=\"--awb-inner-bg-color:#1a1a1a;--awb-inner-bg-color-hover:#1a1a1a;--awb-inner-bg-image:url(&#039;https:\/\/feucht-obsttechnik.de\/wp-content\/uploads\/nussverarbeitung-gro\u00df-feuchtigkeit-messen-feuchtigkeitsmessger\u00e4t-1.jpg&#039;);--awb-inner-bg-position:center top;--awb-inner-bg-size:cover;--awb-margin-bottom:0px;\" data-animationType=\"fadeInLeft\" data-animationDuration=\"0.5\" data-animationOffset=\"bottom-in-view\"><span class=\"fusion-column-inner-bg hover-type-zoomin\"><a class=\"fusion-column-anchor\" href=\"https:\/\/feucht-obsttechnik.de\/fr\/traitement-des-fruits-secs\/traitement-des-fruits-secs-en-grande-quantite\/mesurer-lhumidite\/\"><span class=\"fusion-column-inner-bg-image\"><\/span><\/a><\/span><div class=\"fusion-column-wrapper fusion-column-has-shadow fusion-flex-column-wrapper-legacy fusion-empty-column-bg-image fusion-column-has-bg-image\" data-bg-url=\"https:\/\/feucht-obsttechnik.de\/wp-content\/uploads\/nussverarbeitung-gro\u00df-feuchtigkeit-messen-feuchtigkeitsmessger\u00e4t-1.jpg\"><img decoding=\"async\" class=\"fusion-empty-dims-img-placeholder fusion-no-large-visibility\" aria-label=\"Mesurer le taux d\u2019humidit\u00e9 des fruits secs avec l\u2019humidim\u00e8tre\" src=\"data:image\/svg+xml,%3Csvg%20xmlns%3D%27http%3A%2F%2Fwww.w3.org%2F2000%2Fsvg%27%20width%3D%271600%27%20height%3D%271200%27%20viewBox%3D%270%200%201600%201200%27%3E%3Crect%20width%3D%271600%27%20height%3D%271200%27%20fill-opacity%3D%220%22%2F%3E%3C%2Fsvg%3E\"><div class=\"fusion-clearfix\"><\/div><\/div><\/div><div class=\"fusion-layout-column fusion_builder_column fusion-builder-column-17 fusion_builder_column_1_2 1_2 fusion-one-half fusion-column-last\" style=\"--awb-padding-top:17%;--awb-padding-right:17%;--awb-padding-bottom:17%;--awb-padding-left:17%;--awb-bg-size:cover;--awb-margin-bottom:0px;\"><div class=\"fusion-column-wrapper fusion-flex-column-wrapper-legacy\"><div class=\"fusion-column-content-centered\"><div class=\"fusion-column-content\"><div class=\"fusion-title title fusion-title-15 fusion-sep-none fusion-title-text fusion-title-size-six\" style=\"--awb-margin-bottom:15px;--awb-margin-top-small:0px;--awb-margin-right-small:0px;--awb-margin-bottom-small:20px;--awb-margin-left-small:0px;\"><h6 class=\"fusion-title-heading title-heading-left fusion-responsive-typography-calculated\" style=\"margin:0;--fontSize:13;--minFontSize:13;line-height:1.55;\"><span class=\"subtitle-accent\">D\u00e9terminer la dur\u00e9e optimale de s\u00e9chage <\/span><\/h6><\/div><div class=\"fusion-title title fusion-title-16 fusion-sep-none fusion-title-text fusion-title-size-two\" style=\"--awb-margin-top-small:0px;--awb-margin-right-small:0px;--awb-margin-bottom-small:20px;--awb-margin-left-small:0px;\"><h2 class=\"fusion-title-heading title-heading-left fusion-responsive-typography-calculated\" style=\"margin:0;--fontSize:26;--minFontSize:26;line-height:1.25;\">Mesurer l\u2019humidit\u00e9<\/h2><\/div><div class=\"fusion-text fusion-text-9\"><p>La dur\u00e9e id\u00e9ale de s\u00e9chage est d\u00e9termin\u00e9e gr\u00e2ce au taux d\u2019humidit\u00e9 des fruits secs. Une fois qu\u2019ils ont fini d\u2019\u00eatre s\u00e9ch\u00e9s, ils doivent g\u00e9n\u00e9ralement avoir une humidit\u00e9 r\u00e9siduelle d\u2019environ 6 \u00e0 12 %. L\u2019humidit\u00e9 des fruits est d\u00e9termin\u00e9e \u00e0 l\u2019aide d\u2019un humidim\u00e8tre. Ce dispositif sert \u00e0 mesurer l\u2019humidit\u00e9 r\u00e9siduelle de c\u0153ur des fruits ; il est donc particuli\u00e8rement important pour la dur\u00e9e restante de s\u00e9chage.<\/p>\n<\/div><div class=\"fusion-button-wrapper\"><a class=\"fusion-button button-flat fusion-button-default-size button-custom fusion-button-default button-7 fusion-button-default-span fusion-button-default-type\" style=\"--button_accent_color:#ffffff;--button_border_color:#ffffff;--button_accent_hover_color:#ffffff;--button_border_hover_color:#ffffff;--button_gradient_top_color:#cc0000;--button_gradient_bottom_color:#cc0000;--button_gradient_top_color_hover:#ef0000;--button_gradient_bottom_color_hover:#ef0000;\" target=\"_self\" title=\"Pour en savoir plus sur les mesures d\u2019humidit\u00e9 des fruits\" aria-label=\"Pour en savoir plus sur les mesures d\u2019humidit\u00e9 des fruits\" href=\"https:\/\/feucht-obsttechnik.de\/fr\/traitement-des-fruits-secs\/traitement-des-fruits-secs-en-grande-quantite\/mesurer-lhumidite\/\"><span class=\"fusion-button-text awb-button__text awb-button__text--default\">Mesurer l\u2019humidit\u00e9<\/span><\/a><\/div><\/div><\/div><div class=\"fusion-clearfix\"><\/div><\/div><\/div><\/div><\/div><div class=\"fusion-fullwidth fullwidth-box fusion-builder-row-10 hundred-percent-fullwidth non-hundred-percent-height-scrolling fusion-equal-height-columns fusion-no-large-visibility\" style=\"--awb-background-position:left top;--awb-border-sizes-top:1px;--awb-border-sizes-bottom:1px;--awb-border-sizes-left:0px;--awb-border-sizes-right:0px;--awb-border-color:#cc0000;--awb-border-radius-top-left:0px;--awb-border-radius-top-right:0px;--awb-border-radius-bottom-right:0px;--awb-border-radius-bottom-left:0px;--awb-padding-top:0px;--awb-padding-right:0px;--awb-padding-bottom:0px;--awb-padding-left:0px;--awb-flex-wrap:wrap;\" ><div class=\"fusion-builder-row fusion-row\"><div class=\"fusion-layout-column fusion_builder_column fusion-builder-column-18 fusion_builder_column_1_2 1_2 fusion-one-half fusion-column-first\" style=\"--awb-padding-top:17%;--awb-padding-right:17%;--awb-padding-bottom:17%;--awb-padding-left:17%;--awb-bg-size:cover;--awb-margin-bottom:0px;\"><div class=\"fusion-column-wrapper fusion-column-has-shadow fusion-flex-column-wrapper-legacy\"><div class=\"fusion-column-content-centered\"><div class=\"fusion-column-content\"><div class=\"fusion-title title fusion-title-17 fusion-sep-none fusion-title-text fusion-title-size-six\" style=\"--awb-margin-bottom:15px;--awb-margin-top-small:0px;--awb-margin-right-small:0px;--awb-margin-bottom-small:20px;--awb-margin-left-small:0px;\"><h6 class=\"fusion-title-heading title-heading-left fusion-responsive-typography-calculated\" style=\"margin:0;--fontSize:13;--minFontSize:13;line-height:1.55;\"><span class=\"subtitle-accent\">D\u00e9terminer la dur\u00e9e optimale de s\u00e9chage <\/span><\/h6><\/div><div class=\"fusion-title title fusion-title-18 fusion-sep-none fusion-title-text fusion-title-size-two\" style=\"--awb-margin-top-small:0px;--awb-margin-right-small:0px;--awb-margin-bottom-small:20px;--awb-margin-left-small:0px;\"><h2 class=\"fusion-title-heading title-heading-left fusion-responsive-typography-calculated\" style=\"margin:0;--fontSize:26;--minFontSize:26;line-height:1.25;\">Mesurer l\u2019humidit\u00e9<\/h2><\/div><div class=\"fusion-text fusion-text-10\"><p>La dur\u00e9e id\u00e9ale de s\u00e9chage est d\u00e9termin\u00e9e gr\u00e2ce au taux d\u2019humidit\u00e9 des fruits secs. Une fois qu\u2019ils ont fini d\u2019\u00eatre s\u00e9ch\u00e9s, ils doivent g\u00e9n\u00e9ralement avoir une humidit\u00e9 r\u00e9siduelle d\u2019environ 6 \u00e0 12 %. L\u2019humidit\u00e9 des fruits est d\u00e9termin\u00e9e \u00e0 l\u2019aide d\u2019un humidim\u00e8tre. Ce dispositif sert \u00e0 mesurer l\u2019humidit\u00e9 r\u00e9siduelle de c\u0153ur des fruits ; il est donc particuli\u00e8rement important pour la dur\u00e9e restante de s\u00e9chage.<\/p>\n<\/div><div class=\"fusion-button-wrapper\"><a class=\"fusion-button button-flat fusion-button-default-size button-custom fusion-button-default button-8 fusion-button-default-span fusion-button-default-type\" style=\"--button_accent_color:#ffffff;--button_border_color:#ffffff;--button_accent_hover_color:#ffffff;--button_border_hover_color:#ffffff;--button_gradient_top_color:#cc0000;--button_gradient_bottom_color:#cc0000;--button_gradient_top_color_hover:#ef0000;--button_gradient_bottom_color_hover:#ef0000;\" target=\"_self\" title=\"Pour en savoir plus sur les mesures d\u2019humidit\u00e9 des fruits\" aria-label=\"Pour en savoir plus sur les mesures d\u2019humidit\u00e9 des fruits\" href=\"https:\/\/feucht-obsttechnik.de\/fr\/traitement-des-fruits-secs\/traitement-des-fruits-secs-en-grande-quantite\/mesurer-lhumidite\/\"><span class=\"fusion-button-text awb-button__text awb-button__text--default\">Mesurer l\u2019humidit\u00e9<\/span><\/a><\/div><\/div><\/div><div class=\"fusion-clearfix\"><\/div><\/div><\/div><div class=\"fusion-layout-column fusion_builder_column fusion-builder-column-19 fusion_builder_column_1_2 1_2 fusion-one-half fusion-column-last fusion-column-inner-bg-wrapper fusion-animated\" style=\"--awb-inner-bg-color:#1a1a1a;--awb-inner-bg-color-hover:#1a1a1a;--awb-inner-bg-image:url(&#039;https:\/\/feucht-obsttechnik.de\/wp-content\/uploads\/nussverarbeitung-gro\u00df-feuchtigkeit-messen-feuchtigkeitsmessger\u00e4t-1.jpg&#039;);--awb-inner-bg-position:center top;--awb-inner-bg-size:cover;--awb-margin-bottom:0px;\" data-animationType=\"fadeInLeft\" data-animationDuration=\"0.5\" data-animationOffset=\"bottom-in-view\"><span class=\"fusion-column-inner-bg hover-type-zoomin\"><a class=\"fusion-column-anchor\" href=\"https:\/\/feucht-obsttechnik.de\/fr\/traitement-des-fruits-secs\/traitement-des-fruits-secs-en-grande-quantite\/mesurer-lhumidite\/\"><span class=\"fusion-column-inner-bg-image\"><\/span><\/a><\/span><div class=\"fusion-column-wrapper fusion-column-has-shadow fusion-flex-column-wrapper-legacy fusion-empty-column-bg-image fusion-column-has-bg-image\" data-bg-url=\"https:\/\/feucht-obsttechnik.de\/wp-content\/uploads\/nussverarbeitung-gro\u00df-feuchtigkeit-messen-feuchtigkeitsmessger\u00e4t-1.jpg\"><img decoding=\"async\" class=\"fusion-empty-dims-img-placeholder fusion-no-large-visibility\" aria-label=\"Mesurer le taux d\u2019humidit\u00e9 des fruits secs avec l\u2019humidim\u00e8tre\" src=\"data:image\/svg+xml,%3Csvg%20xmlns%3D%27http%3A%2F%2Fwww.w3.org%2F2000%2Fsvg%27%20width%3D%271600%27%20height%3D%271200%27%20viewBox%3D%270%200%201600%201200%27%3E%3Crect%20width%3D%271600%27%20height%3D%271200%27%20fill-opacity%3D%220%22%2F%3E%3C%2Fsvg%3E\"><div class=\"fusion-clearfix\"><\/div><\/div><\/div><\/div><\/div><div class=\"fusion-fullwidth fullwidth-box fusion-builder-row-11 hundred-percent-fullwidth non-hundred-percent-height-scrolling fusion-equal-height-columns fusion-no-small-visibility fusion-no-medium-visibility\" style=\"--awb-background-position:left top;--awb-border-sizes-top:0px;--awb-border-sizes-bottom:0px;--awb-border-sizes-left:0px;--awb-border-sizes-right:0px;--awb-border-radius-top-left:0px;--awb-border-radius-top-right:0px;--awb-border-radius-bottom-right:0px;--awb-border-radius-bottom-left:0px;--awb-padding-top:0px;--awb-padding-right:0px;--awb-padding-bottom:0px;--awb-padding-left:0px;--awb-background-color:#f9f9f9;--awb-flex-wrap:wrap;\" ><div class=\"fusion-builder-row fusion-row\"><div class=\"fusion-layout-column fusion_builder_column fusion-builder-column-20 fusion_builder_column_1_2 1_2 fusion-one-half fusion-column-first\" style=\"--awb-padding-top:17%;--awb-padding-right:17%;--awb-padding-bottom:17%;--awb-padding-left:17%;--awb-bg-size:cover;--awb-margin-bottom:0px;\"><div class=\"fusion-column-wrapper fusion-flex-column-wrapper-legacy\"><div class=\"fusion-column-content-centered\"><div class=\"fusion-column-content\"><div class=\"fusion-title title fusion-title-19 fusion-sep-none fusion-title-text fusion-title-size-six\" style=\"--awb-margin-bottom:15px;--awb-margin-top-small:0px;--awb-margin-right-small:0px;--awb-margin-bottom-small:20px;--awb-margin-left-small:0px;\"><h6 class=\"fusion-title-heading title-heading-left fusion-responsive-typography-calculated\" style=\"margin:0;--fontSize:13;--minFontSize:13;line-height:1.55;\"><span class=\"subtitle-accent\">S\u00e9parer les fruits secs en fonction de leur taille<\/span><\/h6><\/div><div class=\"fusion-title title fusion-title-20 fusion-sep-none fusion-title-text fusion-title-size-two\" style=\"--awb-margin-top-small:0px;--awb-margin-right-small:0px;--awb-margin-bottom-small:20px;--awb-margin-left-small:0px;\"><h2 class=\"fusion-title-heading title-heading-left fusion-responsive-typography-calculated\" style=\"margin:0;--fontSize:26;--minFontSize:26;line-height:1.25;\">Calibrage<\/h2><\/div><div class=\"fusion-text fusion-text-11\"><p>Apr\u00e8s le s\u00e9chage, les noix sont tri\u00e9es par leur taille. Il est possible d\u2019utiliser des machines de calibrage m\u00e9canis\u00e9es, ou d\u2019utiliser, pour de plus petite quantit\u00e9 de fruits secs, un tamis de calibrage. Les noix peuvent ainsi \u00eatre calibr\u00e9es en diff\u00e9rentes tailles.<\/p>\n<\/div><div class=\"fusion-button-wrapper\"><a class=\"fusion-button button-flat fusion-button-default-size button-custom fusion-button-default button-9 fusion-button-default-span fusion-button-default-type\" style=\"--button_accent_color:#ffffff;--button_border_color:#ffffff;--button_accent_hover_color:#ffffff;--button_border_hover_color:#ffffff;--button_gradient_top_color:#cc0000;--button_gradient_bottom_color:#cc0000;--button_gradient_top_color_hover:#ef0000;--button_gradient_bottom_color_hover:#ef0000;\" target=\"_self\" title=\"Pour en savoir plus sur le calibrage des fruits secs\" aria-label=\"Pour en savoir plus sur le calibrage des fruits secs\" href=\"https:\/\/feucht-obsttechnik.de\/fr\/traitement-des-fruits-secs\/recolter-des-noix-en-petite-quantite\/calibrage-des-fruits-secs\/\"><span class=\"fusion-button-text awb-button__text awb-button__text--default\">Calibrage des fruits secs<\/span><\/a><\/div><\/div><\/div><div class=\"fusion-clearfix\"><\/div><\/div><\/div><div class=\"fusion-layout-column fusion_builder_column fusion-builder-column-21 fusion_builder_column_1_2 1_2 fusion-one-half fusion-column-last fusion-column-inner-bg-wrapper fusion-animated\" style=\"--awb-inner-bg-color:#1a1a1a;--awb-inner-bg-color-hover:#1a1a1a;--awb-inner-bg-image:url(&#039;https:\/\/feucht-obsttechnik.de\/wp-content\/uploads\/nussverarbeitung-gro\u00df-waschen-wasch-und-kalibriermaschine-1-1.jpg&#039;);--awb-inner-bg-position:center top;--awb-inner-bg-size:cover;--awb-margin-bottom:0px;\" data-animationType=\"fadeInRight\" data-animationDuration=\"0.5\" data-animationOffset=\"bottom-in-view\"><span class=\"fusion-column-inner-bg hover-type-zoomin\"><a class=\"fusion-column-anchor\" href=\"https:\/\/feucht-obsttechnik.de\/fr\/traitement-des-fruits-secs\/recolter-des-noix-en-petite-quantite\/calibrage-des-fruits-secs\/\"><span class=\"fusion-column-inner-bg-image\"><\/span><\/a><\/span><div class=\"fusion-column-wrapper fusion-column-has-shadow fusion-flex-column-wrapper-legacy fusion-empty-column-bg-image fusion-column-has-bg-image\" data-bg-url=\"https:\/\/feucht-obsttechnik.de\/wp-content\/uploads\/nussverarbeitung-gro\u00df-waschen-wasch-und-kalibriermaschine-1-1.jpg\"><img decoding=\"async\" class=\"fusion-empty-dims-img-placeholder fusion-no-large-visibility\" aria-label=\"La machine de lavage et de calibrage nettoie et trie les fruits \u00e0 coques\" src=\"data:image\/svg+xml,%3Csvg%20xmlns%3D%27http%3A%2F%2Fwww.w3.org%2F2000%2Fsvg%27%20width%3D%271600%27%20height%3D%271200%27%20viewBox%3D%270%200%201600%201200%27%3E%3Crect%20width%3D%271600%27%20height%3D%271200%27%20fill-opacity%3D%220%22%2F%3E%3C%2Fsvg%3E\"><div class=\"fusion-clearfix\"><\/div><\/div><\/div><\/div><\/div><div class=\"fusion-fullwidth fullwidth-box fusion-builder-row-12 hundred-percent-fullwidth non-hundred-percent-height-scrolling fusion-equal-height-columns fusion-no-large-visibility\" style=\"--awb-background-position:left top;--awb-border-sizes-top:1px;--awb-border-sizes-bottom:1px;--awb-border-sizes-left:0px;--awb-border-sizes-right:0px;--awb-border-color:#cc0000;--awb-border-radius-top-left:0px;--awb-border-radius-top-right:0px;--awb-border-radius-bottom-right:0px;--awb-border-radius-bottom-left:0px;--awb-padding-top:0px;--awb-padding-right:0px;--awb-padding-bottom:0px;--awb-padding-left:0px;--awb-flex-wrap:wrap;\" ><div class=\"fusion-builder-row fusion-row\"><div class=\"fusion-layout-column fusion_builder_column fusion-builder-column-22 fusion_builder_column_1_2 1_2 fusion-one-half fusion-column-first\" style=\"--awb-padding-top:17%;--awb-padding-right:17%;--awb-padding-bottom:17%;--awb-padding-left:17%;--awb-bg-size:cover;--awb-margin-bottom:0px;\"><div class=\"fusion-column-wrapper fusion-flex-column-wrapper-legacy\"><div class=\"fusion-column-content-centered\"><div class=\"fusion-column-content\"><div class=\"fusion-title title fusion-title-21 fusion-sep-none fusion-title-text fusion-title-size-six\" style=\"--awb-margin-bottom:15px;--awb-margin-top-small:0px;--awb-margin-right-small:0px;--awb-margin-bottom-small:20px;--awb-margin-left-small:0px;\"><h6 class=\"fusion-title-heading title-heading-left fusion-responsive-typography-calculated\" style=\"margin:0;--fontSize:13;--minFontSize:13;line-height:1.55;\"><span class=\"subtitle-accent\">S\u00e9parer les fruits secs en fonction de leur taille<\/span><\/h6><\/div><div class=\"fusion-title title fusion-title-22 fusion-sep-none fusion-title-text fusion-title-size-two\" style=\"--awb-margin-top-small:0px;--awb-margin-right-small:0px;--awb-margin-bottom-small:20px;--awb-margin-left-small:0px;\"><h2 class=\"fusion-title-heading title-heading-left fusion-responsive-typography-calculated\" style=\"margin:0;--fontSize:26;--minFontSize:26;line-height:1.25;\">Calibrage<\/h2><\/div><div class=\"fusion-text fusion-text-12\"><p>Apr\u00e8s le s\u00e9chage, les noix sont tri\u00e9es par leur taille. Il est possible d\u2019utiliser des machines de calibrage m\u00e9canis\u00e9es, ou d\u2019utiliser, pour de plus petite quantit\u00e9 de fruits secs, un tamis de calibrage. Les noix peuvent ainsi \u00eatre calibr\u00e9es en diff\u00e9rentes tailles.<\/p>\n<\/div><div class=\"fusion-button-wrapper\"><a class=\"fusion-button button-flat fusion-button-default-size button-custom fusion-button-default button-10 fusion-button-default-span fusion-button-default-type\" style=\"--button_accent_color:#ffffff;--button_border_color:#ffffff;--button_accent_hover_color:#ffffff;--button_border_hover_color:#ffffff;--button_gradient_top_color:#cc0000;--button_gradient_bottom_color:#cc0000;--button_gradient_top_color_hover:#ef0000;--button_gradient_bottom_color_hover:#ef0000;\" target=\"_self\" title=\"Pour en savoir plus sur le calibrage des fruits secs\" aria-label=\"Pour en savoir plus sur le calibrage des fruits secs\" href=\"https:\/\/feucht-obsttechnik.de\/fr\/traitement-des-fruits-secs\/recolter-des-noix-en-petite-quantite\/calibrage-des-fruits-secs\/\"><span class=\"fusion-button-text awb-button__text awb-button__text--default\">Calibrage des fruits secs<\/span><\/a><\/div><\/div><\/div><div class=\"fusion-clearfix\"><\/div><\/div><\/div><div class=\"fusion-layout-column fusion_builder_column fusion-builder-column-23 fusion_builder_column_1_2 1_2 fusion-one-half fusion-column-last fusion-column-inner-bg-wrapper fusion-animated\" style=\"--awb-inner-bg-color:#1a1a1a;--awb-inner-bg-color-hover:#1a1a1a;--awb-inner-bg-image:url(&#039;https:\/\/feucht-obsttechnik.de\/wp-content\/uploads\/nussverarbeitung-gro\u00df-waschen-wasch-und-kalibriermaschine-1-1.jpg&#039;);--awb-inner-bg-position:center top;--awb-inner-bg-size:cover;--awb-margin-bottom:0px;\" data-animationType=\"fadeInRight\" data-animationDuration=\"0.5\" data-animationOffset=\"bottom-in-view\"><span class=\"fusion-column-inner-bg hover-type-zoomin\"><a class=\"fusion-column-anchor\" href=\"https:\/\/feucht-obsttechnik.de\/fr\/traitement-des-fruits-secs\/recolter-des-noix-en-petite-quantite\/calibrage-des-fruits-secs\/\"><span class=\"fusion-column-inner-bg-image\"><\/span><\/a><\/span><div class=\"fusion-column-wrapper fusion-column-has-shadow fusion-flex-column-wrapper-legacy fusion-empty-column-bg-image fusion-column-has-bg-image\" data-bg-url=\"https:\/\/feucht-obsttechnik.de\/wp-content\/uploads\/nussverarbeitung-gro\u00df-waschen-wasch-und-kalibriermaschine-1-1.jpg\"><img decoding=\"async\" class=\"fusion-empty-dims-img-placeholder fusion-no-large-visibility\" aria-label=\"La machine de lavage et de calibrage nettoie et trie les fruits \u00e0 coques\" src=\"data:image\/svg+xml,%3Csvg%20xmlns%3D%27http%3A%2F%2Fwww.w3.org%2F2000%2Fsvg%27%20width%3D%271600%27%20height%3D%271200%27%20viewBox%3D%270%200%201600%201200%27%3E%3Crect%20width%3D%271600%27%20height%3D%271200%27%20fill-opacity%3D%220%22%2F%3E%3C%2Fsvg%3E\"><div class=\"fusion-clearfix\"><\/div><\/div><\/div><\/div><\/div><div class=\"fusion-fullwidth fullwidth-box fusion-builder-row-13 hundred-percent-fullwidth non-hundred-percent-height-scrolling fusion-equal-height-columns fusion-no-small-visibility fusion-no-medium-visibility\" style=\"--awb-background-position:left top;--awb-border-sizes-top:0px;--awb-border-sizes-bottom:0px;--awb-border-sizes-left:0px;--awb-border-sizes-right:0px;--awb-border-radius-top-left:0px;--awb-border-radius-top-right:0px;--awb-border-radius-bottom-right:0px;--awb-border-radius-bottom-left:0px;--awb-padding-top:0px;--awb-padding-right:0px;--awb-padding-bottom:0px;--awb-padding-left:0px;--awb-background-color:#f9f9f9;--awb-flex-wrap:wrap;\" ><div class=\"fusion-builder-row fusion-row\"><div class=\"fusion-layout-column fusion_builder_column fusion-builder-column-24 fusion_builder_column_1_2 1_2 fusion-one-half fusion-column-first fusion-column-inner-bg-wrapper fusion-animated\" style=\"--awb-inner-bg-color:#1a1a1a;--awb-inner-bg-color-hover:#1a1a1a;--awb-inner-bg-image:url(&#039;https:\/\/feucht-obsttechnik.de\/wp-content\/uploads\/handknacker-wal-man-1-1.jpg&#039;);--awb-inner-bg-position:center top;--awb-inner-bg-size:cover;--awb-margin-bottom:0px;\" data-animationType=\"fadeInRight\" data-animationDuration=\"0.5\" data-animationOffset=\"bottom-in-view\"><span class=\"fusion-column-inner-bg hover-type-zoomin\"><a class=\"fusion-column-anchor\" href=\"https:\/\/feucht-obsttechnik.de\/fr\/traitement-des-fruits-secs\/recolter-des-noix-en-petite-quantite\/cassage-des-fruits-secs\/\"><span class=\"fusion-column-inner-bg-image\"><\/span><\/a><\/span><div class=\"fusion-column-wrapper fusion-column-has-shadow fusion-flex-column-wrapper-legacy fusion-empty-column-bg-image fusion-column-has-bg-image\" data-bg-url=\"https:\/\/feucht-obsttechnik.de\/wp-content\/uploads\/handknacker-wal-man-1-1.jpg\"><img decoding=\"async\" class=\"fusion-empty-dims-img-placeholder fusion-no-large-visibility\" aria-label=\"Craquage des fruits secs avec le WAL MAN\" src=\"data:image\/svg+xml,%3Csvg%20xmlns%3D%27http%3A%2F%2Fwww.w3.org%2F2000%2Fsvg%27%20width%3D%271600%27%20height%3D%271200%27%20viewBox%3D%270%200%201600%201200%27%3E%3Crect%20width%3D%271600%27%20height%3D%271200%27%20fill-opacity%3D%220%22%2F%3E%3C%2Fsvg%3E\"><div class=\"fusion-clearfix\"><\/div><\/div><\/div><div class=\"fusion-layout-column fusion_builder_column fusion-builder-column-25 fusion_builder_column_1_2 1_2 fusion-one-half fusion-column-last\" style=\"--awb-padding-top:17%;--awb-padding-right:17%;--awb-padding-bottom:17%;--awb-padding-left:17%;--awb-bg-size:cover;--awb-margin-bottom:0px;\"><div class=\"fusion-column-wrapper fusion-flex-column-wrapper-legacy\"><div class=\"fusion-column-content-centered\"><div class=\"fusion-column-content\"><div class=\"fusion-title title fusion-title-23 fusion-sep-none fusion-title-text fusion-title-size-six\" style=\"--awb-margin-bottom:15px;--awb-margin-top-small:0px;--awb-margin-right-small:0px;--awb-margin-bottom-small:20px;--awb-margin-left-small:0px;\"><h6 class=\"fusion-title-heading title-heading-left fusion-responsive-typography-calculated\" style=\"margin:0;--fontSize:13;--minFontSize:13;line-height:1.55;\"><span class=\"subtitle-accent\">Casser les fruits secs et s\u00e9parer les coquilles<\/span><\/h6><\/div><div class=\"fusion-title title fusion-title-24 fusion-sep-none fusion-title-text fusion-title-size-two\" style=\"--awb-margin-top-small:0px;--awb-margin-right-small:0px;--awb-margin-bottom-small:20px;--awb-margin-left-small:0px;\"><h2 class=\"fusion-title-heading title-heading-left fusion-responsive-typography-calculated\" style=\"margin:0;--fontSize:26;--minFontSize:26;line-height:1.25;\">Casser et extraire les coques<\/h2><\/div><div class=\"fusion-text fusion-text-13\"><p>Casser des fruits secs \u00e0 la main en petite quantit\u00e9 peut s\u2019av\u00e9rer amusant ; cependant, cela devient vite difficile avec des quantit\u00e9s importantes ou des d\u00e9lais restreints. C\u2019est l\u00e0 qu\u2019entrent en sc\u00e8ne nos casse-noix automatiques et manuels pour vous aider. Nos casse-noix WAL MAN et WAL MAN SMALL sont des outils pratiques pour tous les amoureux de fruits secs ou de jardinage. La casseuse WAL MAN peut \u00e9galement \u00eatre accompagn\u00e9e d\u2019une \u00e9noiseuse, en option. Cela permet de casser et de s\u00e9parer \u00e0 la fois les fruits de leur pr\u00e9cieux c\u0153ur de coquille.<\/p>\n<\/div><div class=\"fusion-button-wrapper\"><a class=\"fusion-button button-flat fusion-button-default-size button-custom fusion-button-default button-11 fusion-button-default-span fusion-button-default-type\" style=\"--button_accent_color:#ffffff;--button_border_color:#ffffff;--button_accent_hover_color:#ffffff;--button_border_hover_color:#ffffff;--button_gradient_top_color:#cc0000;--button_gradient_bottom_color:#cc0000;--button_gradient_top_color_hover:#ef0000;--button_gradient_bottom_color_hover:#ef0000;\" target=\"_self\" title=\"Pour en savoir plus sur casser et extraire les coques\" aria-label=\"Pour en savoir plus sur casser et extraire les coques\" href=\"https:\/\/feucht-obsttechnik.de\/fr\/traitement-des-fruits-secs\/recolter-des-noix-en-petite-quantite\/cassage-des-fruits-secs\/\"><span class=\"fusion-button-text awb-button__text awb-button__text--default\">CASSAGE ET EXTRACTION DE COQUES<\/span><\/a><\/div><\/div><\/div><div class=\"fusion-clearfix\"><\/div><\/div><\/div><\/div><\/div><div class=\"fusion-fullwidth fullwidth-box fusion-builder-row-14 hundred-percent-fullwidth non-hundred-percent-height-scrolling fusion-equal-height-columns fusion-no-large-visibility\" style=\"--awb-background-position:left top;--awb-border-sizes-top:1px;--awb-border-sizes-bottom:1px;--awb-border-sizes-left:0px;--awb-border-sizes-right:0px;--awb-border-color:#cc0000;--awb-border-radius-top-left:0px;--awb-border-radius-top-right:0px;--awb-border-radius-bottom-right:0px;--awb-border-radius-bottom-left:0px;--awb-padding-top:0px;--awb-padding-right:0px;--awb-padding-bottom:0px;--awb-padding-left:0px;--awb-flex-wrap:wrap;\" ><div class=\"fusion-builder-row fusion-row\"><div class=\"fusion-layout-column fusion_builder_column fusion-builder-column-26 fusion_builder_column_1_2 1_2 fusion-one-half fusion-column-first\" style=\"--awb-padding-top:17%;--awb-padding-right:17%;--awb-padding-bottom:17%;--awb-padding-left:17%;--awb-bg-size:cover;--awb-margin-bottom:0px;\"><div class=\"fusion-column-wrapper fusion-flex-column-wrapper-legacy\"><div class=\"fusion-column-content-centered\"><div class=\"fusion-column-content\"><div class=\"fusion-title title fusion-title-25 fusion-sep-none fusion-title-text fusion-title-size-six\" style=\"--awb-margin-bottom:15px;--awb-margin-top-small:0px;--awb-margin-right-small:0px;--awb-margin-bottom-small:20px;--awb-margin-left-small:0px;\"><h6 class=\"fusion-title-heading title-heading-left fusion-responsive-typography-calculated\" style=\"margin:0;--fontSize:13;--minFontSize:13;line-height:1.55;\"><span class=\"subtitle-accent\">Casser les fruits secs et s\u00e9parer les coquilles<\/span><\/h6><\/div><div class=\"fusion-title title fusion-title-26 fusion-sep-none fusion-title-text fusion-title-size-two\" style=\"--awb-margin-top-small:0px;--awb-margin-right-small:0px;--awb-margin-bottom-small:20px;--awb-margin-left-small:0px;\"><h2 class=\"fusion-title-heading title-heading-left fusion-responsive-typography-calculated\" style=\"margin:0;--fontSize:26;--minFontSize:26;line-height:1.25;\">Casser et extraire les coques<\/h2><\/div><div class=\"fusion-text fusion-text-14\"><p>Casser des fruits secs \u00e0 la main en petite quantit\u00e9 peut s\u2019av\u00e9rer amusant ; cependant, cela devient vite difficile avec des quantit\u00e9s importantes ou des d\u00e9lais restreints. C\u2019est l\u00e0 qu\u2019entrent en sc\u00e8ne nos casse-noix automatiques et manuels pour vous aider. Nos casse-noix WAL MAN et WAL MAN SMALL sont des outils pratiques pour tous les amoureux de fruits secs ou de jardinage. La casseuse WAL MAN peut \u00e9galement \u00eatre accompagn\u00e9e d\u2019une \u00e9noiseuse, en option. Cela permet de casser et de s\u00e9parer \u00e0 la fois les fruits de leur pr\u00e9cieux c\u0153ur de coquille.<\/p>\n<\/div><div class=\"fusion-button-wrapper\"><a class=\"fusion-button button-flat fusion-button-default-size button-custom fusion-button-default button-12 fusion-button-default-span fusion-button-default-type\" style=\"--button_accent_color:#ffffff;--button_border_color:#ffffff;--button_accent_hover_color:#ffffff;--button_border_hover_color:#ffffff;--button_gradient_top_color:#cc0000;--button_gradient_bottom_color:#cc0000;--button_gradient_top_color_hover:#ef0000;--button_gradient_bottom_color_hover:#ef0000;\" target=\"_self\" title=\"Pour en savoir plus sur casser et extraire les coques\" aria-label=\"Pour en savoir plus sur casser et extraire les coques\" href=\"https:\/\/feucht-obsttechnik.de\/fr\/traitement-des-fruits-secs\/recolter-des-noix-en-petite-quantite\/cassage-des-fruits-secs\/\"><span class=\"fusion-button-text awb-button__text awb-button__text--default\">CASSAGE ET EXTRACTION DE COQUES<\/span><\/a><\/div><\/div><\/div><div class=\"fusion-clearfix\"><\/div><\/div><\/div><div class=\"fusion-layout-column fusion_builder_column fusion-builder-column-27 fusion_builder_column_1_2 1_2 fusion-one-half fusion-column-last fusion-column-inner-bg-wrapper fusion-animated\" style=\"--awb-inner-bg-color:#1a1a1a;--awb-inner-bg-color-hover:#1a1a1a;--awb-inner-bg-image:url(&#039;https:\/\/feucht-obsttechnik.de\/wp-content\/uploads\/handknacker-wal-man-1-1.jpg&#039;);--awb-inner-bg-position:center top;--awb-inner-bg-size:cover;--awb-margin-bottom:0px;\" data-animationType=\"fadeInRight\" data-animationDuration=\"0.5\" data-animationOffset=\"bottom-in-view\"><span class=\"fusion-column-inner-bg hover-type-zoomin\"><a class=\"fusion-column-anchor\" href=\"https:\/\/feucht-obsttechnik.de\/fr\/traitement-des-fruits-secs\/recolter-des-noix-en-petite-quantite\/cassage-des-fruits-secs\/\"><span class=\"fusion-column-inner-bg-image\"><\/span><\/a><\/span><div class=\"fusion-column-wrapper fusion-column-has-shadow fusion-flex-column-wrapper-legacy fusion-empty-column-bg-image fusion-column-has-bg-image\" data-bg-url=\"https:\/\/feucht-obsttechnik.de\/wp-content\/uploads\/handknacker-wal-man-1-1.jpg\"><img decoding=\"async\" class=\"fusion-empty-dims-img-placeholder fusion-no-large-visibility\" aria-label=\"Craquage des fruits secs avec le WAL MAN\" src=\"data:image\/svg+xml,%3Csvg%20xmlns%3D%27http%3A%2F%2Fwww.w3.org%2F2000%2Fsvg%27%20width%3D%271600%27%20height%3D%271200%27%20viewBox%3D%270%200%201600%201200%27%3E%3Crect%20width%3D%271600%27%20height%3D%271200%27%20fill-opacity%3D%220%22%2F%3E%3C%2Fsvg%3E\"><div class=\"fusion-clearfix\"><\/div><\/div><\/div><\/div><\/div><div class=\"fusion-fullwidth fullwidth-box fusion-builder-row-15 nonhundred-percent-fullwidth non-hundred-percent-height-scrolling fusion-equal-height-columns fusion-no-small-visibility schlagwoerter\" style=\"--awb-background-position:center top;--awb-border-sizes-top:0px;--awb-border-sizes-bottom:0px;--awb-border-sizes-left:0px;--awb-border-sizes-right:0px;--awb-border-radius-top-left:0px;--awb-border-radius-top-right:0px;--awb-border-radius-bottom-right:0px;--awb-border-radius-bottom-left:0px;--awb-padding-top:0px;--awb-padding-right:15%;--awb-padding-bottom:0px;--awb-padding-left:15%;--awb-background-color:#a0ce4e;--awb-flex-wrap:wrap;\" ><div class=\"fusion-builder-row fusion-row\"><div class=\"fusion-layout-column fusion_builder_column fusion-builder-column-28 fusion_builder_column_1_5 1_5 fusion-one-fifth fusion-column-first\" style=\"--awb-padding-top:10px;--awb-padding-bottom:10px;--awb-bg-size:cover;--awb-margin-top:10px;--awb-margin-bottom:0px;width:20%;width:calc(20% - ( ( 4% ) * 0.2 ) );margin-right: 4%;\"><div class=\"fusion-column-wrapper fusion-column-has-shadow fusion-flex-column-wrapper-legacy\"><div class=\"fusion-column-content-centered\"><div class=\"fusion-column-content\"><div class=\"fusion-title title fusion-title-27 fusion-sep-none fusion-title-text fusion-title-size-two\" style=\"--awb-text-color:#ffffff;--awb-margin-bottom:0px;--awb-margin-right-small:0px;--awb-margin-bottom-small:0px;--awb-margin-left-small:0px;\"><h2 class=\"fusion-title-heading title-heading-left fusion-responsive-typography-calculated\" style=\"margin:0;--fontSize:26;--minFontSize:26;line-height:1.25;\">Mots-cl\u00e9s:<\/h2><\/div><\/div><\/div><div class=\"fusion-clearfix\"><\/div><\/div><\/div><div class=\"fusion-layout-column fusion_builder_column fusion-builder-column-29 fusion_builder_column_4_5 4_5 fusion-four-fifth fusion-column-last fusion-column-no-min-height\" style=\"--awb-padding-top:10px;--awb-padding-bottom:10px;--awb-bg-size:cover;--awb-margin-top:20px;--awb-margin-bottom:0px;width:80%;width:calc(80% - ( ( 4% ) * 0.8 ) );\"><div class=\"fusion-column-wrapper fusion-column-has-shadow fusion-flex-column-wrapper-legacy\"><div class=\"fusion-text fusion-text-15\"><p><span style=\"color: #ffffff;\"><a href=\"https:\/\/feucht-obsttechnik.de\/fr\/traitement-des-fruits-secs\/recolter-des-noix-en-petite-quantite\/cassage-des-fruits-secs\/\">Lavage des fruits secs,<\/a> <a href=\"https:\/\/feucht-obsttechnik.de\/fr\/traitement-des-fruits-secs\/recolter-des-noix-en-petite-quantite\/sechage-des-noix\/\">S\u00e9chage des fruits secs,<\/a> <a href=\"https:\/\/feucht-obsttechnik.de\/fr\/traitement-des-fruits-secs\/recolter-des-noix-en-petite-quantite\/calibrage-des-fruits-secs\/\">Calibrage des fruits secs<\/a>, <a href=\"https:\/\/feucht-obsttechnik.de\/fr\/traitement-des-fruits-secs\/recolter-des-noix-en-petite-quantite\/cassage-des-fruits-secs\/\">Cassage des fruits secs,<\/a> <a href=\"https:\/\/feucht-obsttechnik.de\/fr\/traitement-des-fruits-secs\/recolter-des-noix-en-petite-quantite\/cassage-des-fruits-secs\/\">Extraction des coquilles de fruits<\/a><\/span><\/p>\n<\/div><div class=\"fusion-clearfix\"><\/div><\/div><\/div><\/div><\/div><\/p>\n","protected":false},"excerpt":{"rendered":"","protected":false},"author":4,"featured_media":0,"parent":13684,"menu_order":0,"comment_status":"closed","ping_status":"closed","template":"100-width.php","meta":{"footnotes":"","_wp_rev_ctl_limit":""},"class_list":["post-20503","page","type-page","status-publish","hentry"],"yoast_head":"<!-- This site is optimized with the Yoast SEO plugin v27.5 - https:\/\/yoast.com\/product\/yoast-seo-wordpress\/ -->\n<title>R\u00e9colter des noix en petite quantit\u00e9 - Feucht Obsttechnik<\/title>\n<meta name=\"description\" content=\"R\u00e9colter des noix en petite quantit\u00e9, de fa\u00e7on efficace et avec soin, gr\u00e2ce \u00e0 la machine pour r\u00e9colte de Feucht Obsttechnik. Pour en savoir plus sur la r\u00e9colte de fruits secs en un minimum de temps.\" \/>\n<meta name=\"robots\" content=\"index, follow, max-snippet:-1, max-image-preview:large, max-video-preview:-1\" \/>\n<link rel=\"canonical\" href=\"https:\/\/feucht-obsttechnik.de\/fr\/traitement-des-fruits-secs\/recolter-des-noix-en-petite-quantite\/\" \/>\n<meta property=\"og:locale\" content=\"fr_FR\" \/>\n<meta property=\"og:type\" content=\"article\" \/>\n<meta property=\"og:title\" content=\"R\u00e9colter des noix en petite quantit\u00e9 - Feucht Obsttechnik\" \/>\n<meta property=\"og:description\" content=\"R\u00e9colter des noix en petite quantit\u00e9, de fa\u00e7on efficace et avec soin, gr\u00e2ce \u00e0 la machine pour r\u00e9colte de Feucht Obsttechnik. Pour en savoir plus sur la r\u00e9colte de fruits secs en un minimum de temps.\" \/>\n<meta property=\"og:url\" content=\"https:\/\/feucht-obsttechnik.de\/fr\/traitement-des-fruits-secs\/recolter-des-noix-en-petite-quantite\/\" \/>\n<meta property=\"og:site_name\" content=\"Feucht Obsttechnik\" \/>\n<meta property=\"article:modified_time\" content=\"2021-04-16T14:07:31+00:00\" \/>\n<meta name=\"twitter:card\" content=\"summary_large_image\" \/>\n<meta name=\"twitter:label1\" content=\"Dur\u00e9e de lecture estim\u00e9e\" \/>\n\t<meta name=\"twitter:data1\" content=\"50 minutes\" \/>\n<script type=\"application\/ld+json\" class=\"yoast-schema-graph\">{\"@context\":\"https:\\\/\\\/schema.org\",\"@graph\":[{\"@type\":\"WebPage\",\"@id\":\"https:\\\/\\\/feucht-obsttechnik.de\\\/fr\\\/traitement-des-fruits-secs\\\/recolter-des-noix-en-petite-quantite\\\/\",\"url\":\"https:\\\/\\\/feucht-obsttechnik.de\\\/fr\\\/traitement-des-fruits-secs\\\/recolter-des-noix-en-petite-quantite\\\/\",\"name\":\"R\u00e9colter des noix en petite quantit\u00e9 - Feucht Obsttechnik\",\"isPartOf\":{\"@id\":\"https:\\\/\\\/feucht-obsttechnik.de\\\/fr\\\/#website\"},\"datePublished\":\"2021-04-15T12:25:39+00:00\",\"dateModified\":\"2021-04-16T14:07:31+00:00\",\"description\":\"R\u00e9colter des noix en petite quantit\u00e9, de fa\u00e7on efficace et avec soin, gr\u00e2ce \u00e0 la machine pour r\u00e9colte de Feucht Obsttechnik. Pour en savoir plus sur la r\u00e9colte de fruits secs en un minimum de temps.\",\"breadcrumb\":{\"@id\":\"https:\\\/\\\/feucht-obsttechnik.de\\\/fr\\\/traitement-des-fruits-secs\\\/recolter-des-noix-en-petite-quantite\\\/#breadcrumb\"},\"inLanguage\":\"fr-FR\",\"potentialAction\":[{\"@type\":\"ReadAction\",\"target\":[\"https:\\\/\\\/feucht-obsttechnik.de\\\/fr\\\/traitement-des-fruits-secs\\\/recolter-des-noix-en-petite-quantite\\\/\"]}]},{\"@type\":\"BreadcrumbList\",\"@id\":\"https:\\\/\\\/feucht-obsttechnik.de\\\/fr\\\/traitement-des-fruits-secs\\\/recolter-des-noix-en-petite-quantite\\\/#breadcrumb\",\"itemListElement\":[{\"@type\":\"ListItem\",\"position\":1,\"name\":\"Startseite\",\"item\":\"https:\\\/\\\/feucht-obsttechnik.de\\\/fr\\\/\"},{\"@type\":\"ListItem\",\"position\":2,\"name\":\"Traitement des fruits secs\",\"item\":\"https:\\\/\\\/feucht-obsttechnik.de\\\/fr\\\/traitement-des-fruits-secs\\\/\"},{\"@type\":\"ListItem\",\"position\":3,\"name\":\"R\u00e9colter des noix en petite quantit\u00e9\"}]},{\"@type\":\"WebSite\",\"@id\":\"https:\\\/\\\/feucht-obsttechnik.de\\\/fr\\\/#website\",\"url\":\"https:\\\/\\\/feucht-obsttechnik.de\\\/fr\\\/\",\"name\":\"Feucht Obsttechnik\",\"description\":\"\",\"publisher\":{\"@id\":\"https:\\\/\\\/feucht-obsttechnik.de\\\/fr\\\/#organization\"},\"potentialAction\":[{\"@type\":\"SearchAction\",\"target\":{\"@type\":\"EntryPoint\",\"urlTemplate\":\"https:\\\/\\\/feucht-obsttechnik.de\\\/fr\\\/?s={search_term_string}\"},\"query-input\":{\"@type\":\"PropertyValueSpecification\",\"valueRequired\":true,\"valueName\":\"search_term_string\"}}],\"inLanguage\":\"fr-FR\"},{\"@type\":\"Organization\",\"@id\":\"https:\\\/\\\/feucht-obsttechnik.de\\\/fr\\\/#organization\",\"name\":\"Feucht Obsttechnik GmbH\",\"url\":\"https:\\\/\\\/feucht-obsttechnik.de\\\/fr\\\/\",\"logo\":{\"@type\":\"ImageObject\",\"inLanguage\":\"fr-FR\",\"@id\":\"https:\\\/\\\/feucht-obsttechnik.de\\\/fr\\\/#\\\/schema\\\/logo\\\/image\\\/\",\"url\":\"https:\\\/\\\/feucht-obsttechnik.de\\\/wp-content\\\/uploads\\\/logo-feucht@2x-1.png\",\"contentUrl\":\"https:\\\/\\\/feucht-obsttechnik.de\\\/wp-content\\\/uploads\\\/logo-feucht@2x-1.png\",\"width\":640,\"height\":123,\"caption\":\"Feucht Obsttechnik GmbH\"},\"image\":{\"@id\":\"https:\\\/\\\/feucht-obsttechnik.de\\\/fr\\\/#\\\/schema\\\/logo\\\/image\\\/\"}}]}<\/script>\n<!-- \/ Yoast SEO plugin. -->","yoast_head_json":{"title":"R\u00e9colter des noix en petite quantit\u00e9 - Feucht Obsttechnik","description":"R\u00e9colter des noix en petite quantit\u00e9, de fa\u00e7on efficace et avec soin, gr\u00e2ce \u00e0 la machine pour r\u00e9colte de Feucht Obsttechnik. Pour en savoir plus sur la r\u00e9colte de fruits secs en un minimum de temps.","robots":{"index":"index","follow":"follow","max-snippet":"max-snippet:-1","max-image-preview":"max-image-preview:large","max-video-preview":"max-video-preview:-1"},"canonical":"https:\/\/feucht-obsttechnik.de\/fr\/traitement-des-fruits-secs\/recolter-des-noix-en-petite-quantite\/","og_locale":"fr_FR","og_type":"article","og_title":"R\u00e9colter des noix en petite quantit\u00e9 - Feucht Obsttechnik","og_description":"R\u00e9colter des noix en petite quantit\u00e9, de fa\u00e7on efficace et avec soin, gr\u00e2ce \u00e0 la machine pour r\u00e9colte de Feucht Obsttechnik. Pour en savoir plus sur la r\u00e9colte de fruits secs en un minimum de temps.","og_url":"https:\/\/feucht-obsttechnik.de\/fr\/traitement-des-fruits-secs\/recolter-des-noix-en-petite-quantite\/","og_site_name":"Feucht Obsttechnik","article_modified_time":"2021-04-16T14:07:31+00:00","twitter_card":"summary_large_image","twitter_misc":{"Dur\u00e9e de lecture estim\u00e9e":"50 minutes"},"schema":{"@context":"https:\/\/schema.org","@graph":[{"@type":"WebPage","@id":"https:\/\/feucht-obsttechnik.de\/fr\/traitement-des-fruits-secs\/recolter-des-noix-en-petite-quantite\/","url":"https:\/\/feucht-obsttechnik.de\/fr\/traitement-des-fruits-secs\/recolter-des-noix-en-petite-quantite\/","name":"R\u00e9colter des noix en petite quantit\u00e9 - Feucht Obsttechnik","isPartOf":{"@id":"https:\/\/feucht-obsttechnik.de\/fr\/#website"},"datePublished":"2021-04-15T12:25:39+00:00","dateModified":"2021-04-16T14:07:31+00:00","description":"R\u00e9colter des noix en petite quantit\u00e9, de fa\u00e7on efficace et avec soin, gr\u00e2ce \u00e0 la machine pour r\u00e9colte de Feucht Obsttechnik. Pour en savoir plus sur la r\u00e9colte de fruits secs en un minimum de temps.","breadcrumb":{"@id":"https:\/\/feucht-obsttechnik.de\/fr\/traitement-des-fruits-secs\/recolter-des-noix-en-petite-quantite\/#breadcrumb"},"inLanguage":"fr-FR","potentialAction":[{"@type":"ReadAction","target":["https:\/\/feucht-obsttechnik.de\/fr\/traitement-des-fruits-secs\/recolter-des-noix-en-petite-quantite\/"]}]},{"@type":"BreadcrumbList","@id":"https:\/\/feucht-obsttechnik.de\/fr\/traitement-des-fruits-secs\/recolter-des-noix-en-petite-quantite\/#breadcrumb","itemListElement":[{"@type":"ListItem","position":1,"name":"Startseite","item":"https:\/\/feucht-obsttechnik.de\/fr\/"},{"@type":"ListItem","position":2,"name":"Traitement des fruits secs","item":"https:\/\/feucht-obsttechnik.de\/fr\/traitement-des-fruits-secs\/"},{"@type":"ListItem","position":3,"name":"R\u00e9colter des noix en petite quantit\u00e9"}]},{"@type":"WebSite","@id":"https:\/\/feucht-obsttechnik.de\/fr\/#website","url":"https:\/\/feucht-obsttechnik.de\/fr\/","name":"Feucht Obsttechnik","description":"","publisher":{"@id":"https:\/\/feucht-obsttechnik.de\/fr\/#organization"},"potentialAction":[{"@type":"SearchAction","target":{"@type":"EntryPoint","urlTemplate":"https:\/\/feucht-obsttechnik.de\/fr\/?s={search_term_string}"},"query-input":{"@type":"PropertyValueSpecification","valueRequired":true,"valueName":"search_term_string"}}],"inLanguage":"fr-FR"},{"@type":"Organization","@id":"https:\/\/feucht-obsttechnik.de\/fr\/#organization","name":"Feucht Obsttechnik GmbH","url":"https:\/\/feucht-obsttechnik.de\/fr\/","logo":{"@type":"ImageObject","inLanguage":"fr-FR","@id":"https:\/\/feucht-obsttechnik.de\/fr\/#\/schema\/logo\/image\/","url":"https:\/\/feucht-obsttechnik.de\/wp-content\/uploads\/logo-feucht@2x-1.png","contentUrl":"https:\/\/feucht-obsttechnik.de\/wp-content\/uploads\/logo-feucht@2x-1.png","width":640,"height":123,"caption":"Feucht Obsttechnik GmbH"},"image":{"@id":"https:\/\/feucht-obsttechnik.de\/fr\/#\/schema\/logo\/image\/"}}]}},"_links":{"self":[{"href":"https:\/\/feucht-obsttechnik.de\/fr\/wp-json\/wp\/v2\/pages\/20503","targetHints":{"allow":["GET"]}}],"collection":[{"href":"https:\/\/feucht-obsttechnik.de\/fr\/wp-json\/wp\/v2\/pages"}],"about":[{"href":"https:\/\/feucht-obsttechnik.de\/fr\/wp-json\/wp\/v2\/types\/page"}],"author":[{"embeddable":true,"href":"https:\/\/feucht-obsttechnik.de\/fr\/wp-json\/wp\/v2\/users\/4"}],"replies":[{"embeddable":true,"href":"https:\/\/feucht-obsttechnik.de\/fr\/wp-json\/wp\/v2\/comments?post=20503"}],"version-history":[{"count":0,"href":"https:\/\/feucht-obsttechnik.de\/fr\/wp-json\/wp\/v2\/pages\/20503\/revisions"}],"up":[{"embeddable":true,"href":"https:\/\/feucht-obsttechnik.de\/fr\/wp-json\/wp\/v2\/pages\/13684"}],"wp:attachment":[{"href":"https:\/\/feucht-obsttechnik.de\/fr\/wp-json\/wp\/v2\/media?parent=20503"}],"curies":[{"name":"wp","href":"https:\/\/api.w.org\/{rel}","templated":true}]}}