{"id":18242,"date":"2021-04-14T14:44:49","date_gmt":"2021-04-14T12:44:49","guid":{"rendered":"http:\/\/neu2020.feucht-obsttechnik.de\/technologie-de-recolte-des-fruits\/agitateurs\/perche-telescopique\/"},"modified":"2021-04-16T16:19:06","modified_gmt":"2021-04-16T14:19:06","slug":"perche-telescopique","status":"publish","type":"page","link":"https:\/\/feucht-obsttechnik.de\/fr\/technologie-de-recolte-des-fruits\/agitateurs\/perche-telescopique\/","title":{"rendered":"Perche t\u00e9lescopique"},"content":{"rendered":"<p><div class=\"fusion-bg-parallax\" data-bg-align=\"left center\" data-direction=\"up\" data-mute=\"false\" data-opacity=\"100\" data-velocity=\"-0.3\" data-mobile-enabled=\"false\" data-break_parents=\"0\" data-bg-image=\"https:\/\/feucht-obsttechnik.de\/wp-content\/uploads\/bg-header-obsterntetechnik.jpg\" data-bg-repeat=\"false\" ><\/div><div class=\"fusion-fullwidth fullwidth-box fusion-builder-row-1 fusion-parallax-up nonhundred-percent-fullwidth non-hundred-percent-height-scrolling\" style=\"--awb-background-position:left center;--awb-border-sizes-top:0px;--awb-border-sizes-bottom:0px;--awb-border-sizes-left:0px;--awb-border-sizes-right:0px;--awb-border-radius-top-left:0px;--awb-border-radius-top-right:0px;--awb-border-radius-bottom-right:0px;--awb-border-radius-bottom-left:0px;--awb-padding-top:130px;--awb-padding-bottom:120px;--awb-background-image:url(&quot;https:\/\/feucht-obsttechnik.de\/wp-content\/uploads\/bg-header-obsterntetechnik.jpg&quot;);--awb-background-size:cover;--awb-flex-wrap:wrap;\" ><div class=\"fusion-builder-row fusion-row\"><div class=\"fusion-layout-column fusion_builder_column fusion-builder-column-0 fusion_builder_column_1_2 1_2 fusion-one-half fusion-column-first\" style=\"--awb-bg-size:cover;width:48%; margin-right: 4%;\"><div class=\"fusion-column-wrapper fusion-flex-column-wrapper-legacy\"><div class=\"fusion-text fusion-text-1\"><h1><span style=\"color: #ffffff;\"> Perche t\u00e9lescopique TS <\/span><\/h1>\n<p><span style=\"color: #ffffff;\">En utilisant ces machines, on obtient une augmentation consid\u00e9rable de rendement d\u2019agitation, et cela implique une r\u00e9duction significative des co\u00fbts de r\u00e9colte.<\/span><\/p>\n<\/div><div class=\"fusion-clearfix\"><\/div><\/div><\/div><div class=\"fusion-layout-column fusion_builder_column fusion-builder-column-1 fusion_builder_column_1_2 1_2 fusion-one-half fusion-column-last\" style=\"--awb-bg-size:cover;width:48%;\"><div class=\"fusion-column-wrapper fusion-flex-column-wrapper-legacy\"><div class=\"fusion-clearfix\"><\/div><\/div><\/div><\/div><\/div><div class=\"fusion-fullwidth fullwidth-box fusion-builder-row-2 nonhundred-percent-fullwidth non-hundred-percent-height-scrolling\" style=\"--awb-background-position:left top;--awb-border-sizes-top:0px;--awb-border-sizes-bottom:0px;--awb-border-sizes-left:0px;--awb-border-sizes-right:0px;--awb-border-radius-top-left:0px;--awb-border-radius-top-right:0px;--awb-border-radius-bottom-right:0px;--awb-border-radius-bottom-left:0px;--awb-padding-top:130px;--awb-padding-bottom:30px;--awb-flex-wrap:wrap;\" ><div class=\"fusion-builder-row fusion-row\"><div class=\"fusion-layout-column fusion_builder_column fusion-builder-column-2 fusion_builder_column_1_1 1_1 fusion-one-full fusion-column-first fusion-column-last\" style=\"--awb-bg-size:cover;\"><div class=\"fusion-column-wrapper fusion-column-has-shadow fusion-flex-column-wrapper-legacy\"><div class=\"fusion-text fusion-text-2\"><h2>Avec la perche t\u00e9lescopique, consacrez 50 % de temps en moins lors du placement de la sangle de fruits.<\/h2>\n<\/div><div class=\"fusion-text fusion-text-3\"><h3><span class=\"\">L\u2019outil brevet\u00e9 pour attacher la courroie de l\u2019agitateur, sans utiliser d\u2019\u00e9chelle.<\/span><\/h3>\n<\/div><div class=\"fusion-clearfix\"><\/div><\/div><\/div><div class=\"fusion-layout-column fusion_builder_column fusion-builder-column-3 fusion_builder_column_1_2 1_2 fusion-one-half fusion-column-first\" style=\"--awb-bg-size:cover;width:48%; margin-right: 4%;\"><div class=\"fusion-column-wrapper fusion-flex-column-wrapper-legacy\"><div class=\"fusion-text fusion-text-4\"><p>Chez Feucht, nous nous effor\u00e7ons toujours d\u2019offrir \u00e0 nos clients le meilleur ratio efficacit\u00e9 \/ \u00e9conomie et s\u00e9curit\u00e9 pour utiliser nos machines. Traditionnellement, les gens \u00e9taient oblig\u00e9s de se servir d&rsquo;une \u00e9chelle pour attacher le c\u00e2ble en acier aux branches. Cette op\u00e9ration lente et souvent dangereuse appartient d\u00e9sormais au pass\u00e9 gr\u00e2ce \u00e0 la <g id=\"gid_0\">perche t\u00e9lescopique brevet\u00e9e.<\/g> En utilisant la technologie du crochet-\u0153illet, l\u2019op\u00e9rateur peut fixer ce c\u00e2ble aux branches depuis le sol, puis le retirer \u00e0 la fin de l\u2019op\u00e9ration.<\/p>\n<\/div><div class=\"fusion-clearfix\"><\/div><\/div><\/div><div class=\"fusion-layout-column fusion_builder_column fusion-builder-column-4 fusion_builder_column_1_2 1_2 fusion-one-half fusion-column-last\" style=\"--awb-bg-size:cover;width:48%;\"><div class=\"fusion-column-wrapper fusion-flex-column-wrapper-legacy\"><div class=\"fusion-image-element in-legacy-container\" style=\"--awb-caption-title-font-family:var(--h2_typography-font-family);--awb-caption-title-font-weight:var(--h2_typography-font-weight);--awb-caption-title-font-style:var(--h2_typography-font-style);--awb-caption-title-size:var(--h2_typography-font-size);--awb-caption-title-transform:var(--h2_typography-text-transform);--awb-caption-title-line-height:var(--h2_typography-line-height);--awb-caption-title-letter-spacing:var(--h2_typography-letter-spacing);\"><span class=\" fusion-imageframe imageframe-none imageframe-1 hover-type-zoomin fusion-animated\" data-animationType=\"fadeInDown\" data-animationDuration=\"1.0\" data-animationOffset=\"bottom-in-view\"><a href=\"https:\/\/feucht-obsttechnik.de\/wp-content\/uploads\/obstsch\u00fcttler-teleskopstab-4.jpg\" class=\"fusion-lightbox\" data-rel=\"iLightbox[Perche t\u00e9lescopique]\" data-title=\"Avec la perche t\u00e9lescopique, consacrez 50 % de temps en moins lors du placement de la sangle de fruits.\" title=\"Avec la perche t\u00e9lescopique, consacrez 50 % de temps en moins lors du placement de la sangle de fruits.\"><img decoding=\"async\" width=\"1600\" height=\"1200\" src=\"https:\/\/feucht-obsttechnik.de\/wp-content\/uploads\/obstsch\u00fcttler-teleskopstab-4.jpg\" alt class=\"img-responsive wp-image-8708\" srcset=\"https:\/\/feucht-obsttechnik.de\/wp-content\/uploads\/obstsch\u00fcttler-teleskopstab-4-200x150.jpg 200w, https:\/\/feucht-obsttechnik.de\/wp-content\/uploads\/obstsch\u00fcttler-teleskopstab-4-400x300.jpg 400w, https:\/\/feucht-obsttechnik.de\/wp-content\/uploads\/obstsch\u00fcttler-teleskopstab-4-600x450.jpg 600w, https:\/\/feucht-obsttechnik.de\/wp-content\/uploads\/obstsch\u00fcttler-teleskopstab-4-800x600.jpg 800w, https:\/\/feucht-obsttechnik.de\/wp-content\/uploads\/obstsch\u00fcttler-teleskopstab-4-1200x900.jpg 1200w, https:\/\/feucht-obsttechnik.de\/wp-content\/uploads\/obstsch\u00fcttler-teleskopstab-4.jpg 1600w\" sizes=\"(max-width: 835px) 100vw, 600px\" \/><\/a><\/span><\/div><div class=\"fusion-clearfix\"><\/div><\/div><\/div><\/div><\/div><div class=\"fusion-fullwidth fullwidth-box fusion-builder-row-3 nonhundred-percent-fullwidth non-hundred-percent-height-scrolling\" style=\"--awb-background-position:left top;--awb-border-sizes-top:0px;--awb-border-sizes-bottom:0px;--awb-border-sizes-left:0px;--awb-border-sizes-right:0px;--awb-border-radius-top-left:0px;--awb-border-radius-top-right:0px;--awb-border-radius-bottom-right:0px;--awb-border-radius-bottom-left:0px;--awb-padding-top:1px;--awb-padding-bottom:0px;--awb-background-color:#cc0000;--awb-flex-wrap:wrap;\" ><div class=\"fusion-builder-row fusion-row\"><div class=\"fusion-layout-column fusion_builder_column fusion-builder-column-5 fusion_builder_column_1_1 1_1 fusion-one-full fusion-column-first fusion-column-last\" style=\"--awb-padding-top:50px;--awb-padding-bottom:50px;--awb-padding-left:0px;--awb-bg-size:cover;--awb-margin-bottom:0px;\"><div class=\"fusion-column-wrapper fusion-column-has-shadow fusion-flex-column-wrapper-legacy\"><div class=\"fusion-column-content-centered\"><div class=\"fusion-column-content\"><div class=\"fusion-text fusion-text-5\"><h2 style=\"text-align: center; margin-bottom: 0px;\"><span style=\"color: #ffffff;\"> Perche t\u00e9lescopique de Feucht Obsttechnik<\/span><\/h2>\n<\/div><\/div><\/div><div class=\"fusion-clearfix\"><\/div><\/div><\/div><\/div><\/div><div class=\"fusion-fullwidth fullwidth-box fusion-builder-row-4 nonhundred-percent-fullwidth non-hundred-percent-height-scrolling\" style=\"--awb-border-radius-top-left:0px;--awb-border-radius-top-right:0px;--awb-border-radius-bottom-right:0px;--awb-border-radius-bottom-left:0px;--awb-flex-wrap:wrap;\" ><div class=\"fusion-builder-row fusion-row\"><div class=\"fusion-layout-column fusion_builder_column fusion-builder-column-6 fusion_builder_column_1_1 1_1 fusion-one-full fusion-column-first fusion-column-last\" style=\"--awb-padding-top:0px;--awb-padding-right:0px;--awb-padding-bottom:0px;--awb-padding-left:0px;--awb-bg-size:cover;--awb-margin-bottom:0px;\"><div class=\"fusion-column-wrapper fusion-column-has-shadow fusion-flex-column-wrapper-legacy\"><div class=\"fusion-menu-anchor\" id=\"Teleskopstab\"><\/div><div class=\"fusion-clearfix\"><\/div><\/div><\/div><\/div><\/div><div class=\"fusion-fullwidth fullwidth-box fusion-builder-row-5 fusion-parallax-none nonhundred-percent-fullwidth non-hundred-percent-height-scrolling\" style=\"--awb-border-radius-top-left:0px;--awb-border-radius-top-right:0px;--awb-border-radius-bottom-right:0px;--awb-border-radius-bottom-left:0px;--awb-padding-top:200px;--awb-margin-top:-1px;--awb-background-image:url(&quot;https:\/\/feucht-obsttechnik.de\/wp-content\/uploads\/obstsch\u00fcttler-divider-teleskopstab.jpg&quot;);--awb-background-size:cover;--awb-flex-wrap:wrap;\" ><div class=\"fusion-builder-row fusion-row\"><div class=\"fusion-layout-column fusion_builder_column fusion-builder-column-7 fusion_builder_column_1_6 1_6 fusion-one-sixth fusion-column-first\" style=\"--awb-bg-size:cover;width:16.666666666667%;width:calc(16.666666666667% - ( ( 4% + 4% ) * 0.16666666666667 ) );margin-right: 4%;\"><div class=\"fusion-column-wrapper fusion-flex-column-wrapper-legacy\"><div class=\"fusion-clearfix\"><\/div><\/div><\/div><div class=\"fusion-layout-column fusion_builder_column fusion-builder-column-8 fusion_builder_column_2_3 2_3 fusion-two-third\" style=\"--awb-padding-top:50px;--awb-padding-right:50px;--awb-padding-bottom:50px;--awb-padding-left:50px;--awb-bg-color:rgba(255,255,255,0.9);--awb-bg-color-hover:rgba(255,255,255,0.9);--awb-bg-size:cover;--awb-margin-bottom:-100px;width:66.666666666667%;width:calc(66.666666666667% - ( ( 4% + 4% ) * 0.66666666666667 ) );margin-right: 4%;\"><div class=\"fusion-column-wrapper fusion-column-has-shadow fusion-flex-column-wrapper-legacy\"><div class=\"fusion-text fusion-text-6\"><h2 style=\"text-align: center;\">Perche t\u00e9lescopique<\/h2>\n<p style=\"text-align: center;\"><strong> M\u00e9thode de travail <\/strong><\/p>\n<p style=\"text-align: center;\">La sangle fix\u00e9e au c\u00e2ble est plac\u00e9e sur la branche \u00e0 l\u2019aide du crochet de la perche t\u00e9lescopique. En utilisant le crochet de la perche t\u00e9lescopique, l\u2019\u0153illet de la sangle est accroch\u00e9 au crochet du c\u00e2ble. Ensuite, l\u2019arbre est secou\u00e9 par le vibreur de fruits OS et l\u2019\u0153illet de la sangle est d\u00e9croch\u00e9 \u00e0 l\u2019aide du crochet de la perche t\u00e9lescopique. Avec le crochet de la perche t\u00e9lescopique, l\u2019\u0153illet de la sangle et le c\u00e2ble sont plac\u00e9s au sol.   <\/p>\n<\/div><div class=\"fusion-clearfix\"><\/div><\/div><\/div><div class=\"fusion-layout-column fusion_builder_column fusion-builder-column-9 fusion_builder_column_1_6 1_6 fusion-one-sixth fusion-column-last\" style=\"--awb-bg-size:cover;width:16.666666666667%;width:calc(16.666666666667% - ( ( 4% + 4% ) * 0.16666666666667 ) );\"><div class=\"fusion-column-wrapper fusion-flex-column-wrapper-legacy\"><div class=\"fusion-clearfix\"><\/div><\/div><\/div><\/div><\/div><div class=\"fusion-fullwidth fullwidth-box fusion-builder-row-6 nonhundred-percent-fullwidth non-hundred-percent-height-scrolling fusion-equal-height-columns\" style=\"--awb-border-radius-top-left:0px;--awb-border-radius-top-right:0px;--awb-border-radius-bottom-right:0px;--awb-border-radius-bottom-left:0px;--awb-padding-top:200px;--awb-background-color:#f2f2f2;--awb-flex-wrap:wrap;\" ><div class=\"fusion-builder-row fusion-row\"><div class=\"fusion-layout-column fusion_builder_column fusion-builder-column-10 fusion_builder_column_1_1 1_1 fusion-one-full fusion-column-first fusion-column-last\" style=\"--awb-bg-size:cover;\"><div class=\"fusion-column-wrapper fusion-flex-column-wrapper-legacy\"><div class=\"fusion-title title fusion-title-1 fusion-sep-none fusion-title-text fusion-title-size-one\" style=\"--awb-margin-top-small:0px;--awb-margin-right-small:0px;--awb-margin-bottom-small:20px;--awb-margin-left-small:0px;\"><h1 class=\"fusion-title-heading title-heading-left fusion-responsive-typography-calculated\" style=\"margin:0;--fontSize:38;line-height:1.33;\">Caract\u00e9ristiques techniques<\/h1><\/div><div class=\"fusion-clearfix\"><\/div><\/div><\/div><\/div><\/div><div class=\"fusion-fullwidth fullwidth-box fusion-builder-row-7 nonhundred-percent-fullwidth non-hundred-percent-height-scrolling fusion-equal-height-columns\" style=\"--awb-border-radius-top-left:0px;--awb-border-radius-top-right:0px;--awb-border-radius-bottom-right:0px;--awb-border-radius-bottom-left:0px;--awb-padding-bottom:100px;--awb-background-color:#f2f2f2;--awb-flex-wrap:wrap;\" ><div class=\"fusion-builder-row fusion-row\"><div class=\"fusion-layout-column fusion_builder_column fusion-builder-column-11 fusion_builder_column_1_4 1_4 fusion-one-fourth fusion-column-first\" style=\"--awb-bg-color:#ffffff;--awb-bg-color-hover:#ffffff;--awb-bg-size:cover;--awb-margin-bottom:40px;width:22%; margin-right: 4%;\"><div class=\"fusion-column-wrapper fusion-flex-column-wrapper-legacy\"><div class=\"fusion-image-element fusion-image-align-center in-legacy-container\" style=\"text-align:center;--awb-caption-title-font-family:var(--h2_typography-font-family);--awb-caption-title-font-weight:var(--h2_typography-font-weight);--awb-caption-title-font-style:var(--h2_typography-font-style);--awb-caption-title-size:var(--h2_typography-font-size);--awb-caption-title-transform:var(--h2_typography-text-transform);--awb-caption-title-line-height:var(--h2_typography-line-height);--awb-caption-title-letter-spacing:var(--h2_typography-letter-spacing);\"><div class=\"imageframe-align-center\"><span class=\" fusion-imageframe imageframe-none imageframe-2 hover-type-zoomin\"><a href=\"https:\/\/feucht-obsttechnik.de\/wp-content\/uploads\/obstsch\u00fcttler-teleskopstab-1-1.jpg\" class=\"fusion-lightbox\" data-rel=\"iLightbox[Perche t\u00e9lescopique]\" data-title=\"Avec la perche t\u00e9lescopique, consacrez 50 % de temps en moins lors du placement de la sangle de fruits.\" title=\"Avec la perche t\u00e9lescopique, consacrez 50 % de temps en moins lors du placement de la sangle de fruits.\"><img decoding=\"async\" width=\"1600\" height=\"1200\" src=\"https:\/\/feucht-obsttechnik.de\/wp-content\/uploads\/obstsch\u00fcttler-teleskopstab-1-1.jpg\" alt class=\"img-responsive wp-image-8712\" srcset=\"https:\/\/feucht-obsttechnik.de\/wp-content\/uploads\/obstsch\u00fcttler-teleskopstab-1-1-200x150.jpg 200w, https:\/\/feucht-obsttechnik.de\/wp-content\/uploads\/obstsch\u00fcttler-teleskopstab-1-1-400x300.jpg 400w, https:\/\/feucht-obsttechnik.de\/wp-content\/uploads\/obstsch\u00fcttler-teleskopstab-1-1-600x450.jpg 600w, https:\/\/feucht-obsttechnik.de\/wp-content\/uploads\/obstsch\u00fcttler-teleskopstab-1-1-800x600.jpg 800w, https:\/\/feucht-obsttechnik.de\/wp-content\/uploads\/obstsch\u00fcttler-teleskopstab-1-1-1200x900.jpg 1200w, https:\/\/feucht-obsttechnik.de\/wp-content\/uploads\/obstsch\u00fcttler-teleskopstab-1-1.jpg 1600w\" sizes=\"(max-width: 835px) 100vw, 400px\" \/><\/a><\/span><\/div><\/div><div class=\"fusion-clearfix\"><\/div><\/div><\/div><div class=\"fusion-layout-column fusion_builder_column fusion-builder-column-12 fusion_builder_column_1_4 1_4 fusion-one-fourth\" style=\"--awb-bg-color:#ffffff;--awb-bg-color-hover:#ffffff;--awb-bg-size:cover;width:22%; margin-right: 4%;\"><div class=\"fusion-column-wrapper fusion-flex-column-wrapper-legacy\"><div class=\"fusion-image-element fusion-image-align-center in-legacy-container\" style=\"text-align:center;--awb-caption-title-font-family:var(--h2_typography-font-family);--awb-caption-title-font-weight:var(--h2_typography-font-weight);--awb-caption-title-font-style:var(--h2_typography-font-style);--awb-caption-title-size:var(--h2_typography-font-size);--awb-caption-title-transform:var(--h2_typography-text-transform);--awb-caption-title-line-height:var(--h2_typography-line-height);--awb-caption-title-letter-spacing:var(--h2_typography-letter-spacing);\"><div class=\"imageframe-align-center\"><span class=\" fusion-imageframe imageframe-none imageframe-3 hover-type-zoomin\"><a href=\"https:\/\/feucht-obsttechnik.de\/wp-content\/uploads\/obstsch\u00fcttler-teleskopstab-2.jpg\" class=\"fusion-lightbox\" data-rel=\"iLightbox[Perche t\u00e9lescopique]\" data-title=\"Avec la perche t\u00e9lescopique, consacrez 50 % de temps en moins lors du placement de la sangle de fruits.\" title=\"Avec la perche t\u00e9lescopique, consacrez 50 % de temps en moins lors du placement de la sangle de fruits.\"><img decoding=\"async\" width=\"1600\" height=\"1200\" src=\"https:\/\/feucht-obsttechnik.de\/wp-content\/uploads\/obstsch\u00fcttler-teleskopstab-2.jpg\" alt class=\"img-responsive wp-image-8716\" srcset=\"https:\/\/feucht-obsttechnik.de\/wp-content\/uploads\/obstsch\u00fcttler-teleskopstab-2-200x150.jpg 200w, https:\/\/feucht-obsttechnik.de\/wp-content\/uploads\/obstsch\u00fcttler-teleskopstab-2-400x300.jpg 400w, https:\/\/feucht-obsttechnik.de\/wp-content\/uploads\/obstsch\u00fcttler-teleskopstab-2-600x450.jpg 600w, https:\/\/feucht-obsttechnik.de\/wp-content\/uploads\/obstsch\u00fcttler-teleskopstab-2-800x600.jpg 800w, https:\/\/feucht-obsttechnik.de\/wp-content\/uploads\/obstsch\u00fcttler-teleskopstab-2-1200x900.jpg 1200w, https:\/\/feucht-obsttechnik.de\/wp-content\/uploads\/obstsch\u00fcttler-teleskopstab-2.jpg 1600w\" sizes=\"(max-width: 835px) 100vw, 400px\" \/><\/a><\/span><\/div><\/div><div class=\"fusion-clearfix\"><\/div><\/div><\/div><div class=\"fusion-layout-column fusion_builder_column fusion-builder-column-13 fusion_builder_column_1_4 1_4 fusion-one-fourth\" style=\"--awb-bg-color:#ffffff;--awb-bg-color-hover:#ffffff;--awb-bg-size:cover;width:22%; margin-right: 4%;\"><div class=\"fusion-column-wrapper fusion-flex-column-wrapper-legacy\"><div class=\"fusion-image-element fusion-image-align-center in-legacy-container\" style=\"text-align:center;--awb-caption-title-font-family:var(--h2_typography-font-family);--awb-caption-title-font-weight:var(--h2_typography-font-weight);--awb-caption-title-font-style:var(--h2_typography-font-style);--awb-caption-title-size:var(--h2_typography-font-size);--awb-caption-title-transform:var(--h2_typography-text-transform);--awb-caption-title-line-height:var(--h2_typography-line-height);--awb-caption-title-letter-spacing:var(--h2_typography-letter-spacing);\"><div class=\"imageframe-align-center\"><span class=\" fusion-imageframe imageframe-none imageframe-4 hover-type-zoomin\"><a href=\"https:\/\/feucht-obsttechnik.de\/wp-content\/uploads\/obstsch\u00fcttler-teleskopstab-3.jpg\" class=\"fusion-lightbox\" data-rel=\"iLightbox[Perche t\u00e9lescopique]\" data-title=\"Avec la perche t\u00e9lescopique, consacrez 50 % de temps en moins lors du placement de la sangle de fruits.\" title=\"Avec la perche t\u00e9lescopique, consacrez 50 % de temps en moins lors du placement de la sangle de fruits.\"><img decoding=\"async\" width=\"1600\" height=\"1200\" src=\"https:\/\/feucht-obsttechnik.de\/wp-content\/uploads\/obstsch\u00fcttler-teleskopstab-3.jpg\" alt class=\"img-responsive wp-image-8720\" srcset=\"https:\/\/feucht-obsttechnik.de\/wp-content\/uploads\/obstsch\u00fcttler-teleskopstab-3-200x150.jpg 200w, https:\/\/feucht-obsttechnik.de\/wp-content\/uploads\/obstsch\u00fcttler-teleskopstab-3-400x300.jpg 400w, https:\/\/feucht-obsttechnik.de\/wp-content\/uploads\/obstsch\u00fcttler-teleskopstab-3-600x450.jpg 600w, https:\/\/feucht-obsttechnik.de\/wp-content\/uploads\/obstsch\u00fcttler-teleskopstab-3-800x600.jpg 800w, https:\/\/feucht-obsttechnik.de\/wp-content\/uploads\/obstsch\u00fcttler-teleskopstab-3-1200x900.jpg 1200w, https:\/\/feucht-obsttechnik.de\/wp-content\/uploads\/obstsch\u00fcttler-teleskopstab-3.jpg 1600w\" sizes=\"(max-width: 835px) 100vw, 400px\" \/><\/a><\/span><\/div><\/div><div class=\"fusion-clearfix\"><\/div><\/div><\/div><div class=\"fusion-layout-column fusion_builder_column fusion-builder-column-14 fusion_builder_column_1_4 1_4 fusion-one-fourth fusion-column-last\" style=\"--awb-bg-color:#ffffff;--awb-bg-color-hover:#ffffff;--awb-bg-size:cover;width:22%;\"><div class=\"fusion-column-wrapper fusion-flex-column-wrapper-legacy\"><div class=\"fusion-image-element fusion-image-align-center in-legacy-container\" style=\"text-align:center;--awb-caption-title-font-family:var(--h2_typography-font-family);--awb-caption-title-font-weight:var(--h2_typography-font-weight);--awb-caption-title-font-style:var(--h2_typography-font-style);--awb-caption-title-size:var(--h2_typography-font-size);--awb-caption-title-transform:var(--h2_typography-text-transform);--awb-caption-title-line-height:var(--h2_typography-line-height);--awb-caption-title-letter-spacing:var(--h2_typography-letter-spacing);\"><div class=\"imageframe-align-center\"><span class=\" fusion-imageframe imageframe-none imageframe-5 hover-type-zoomin\"><a href=\"https:\/\/feucht-obsttechnik.de\/wp-content\/uploads\/obstsch\u00fcttler-teleskopstab-5.jpg\" class=\"fusion-lightbox\" data-rel=\"iLightbox[Perche t\u00e9lescopique]\" data-title=\"Avec la perche t\u00e9lescopique, consacrez 50 % de temps en moins lors du placement de la sangle de fruits.\" title=\"Avec la perche t\u00e9lescopique, consacrez 50 % de temps en moins lors du placement de la sangle de fruits.\"><img decoding=\"async\" width=\"1600\" height=\"1200\" src=\"https:\/\/feucht-obsttechnik.de\/wp-content\/uploads\/obstsch\u00fcttler-teleskopstab-5.jpg\" alt class=\"img-responsive wp-image-8724\" srcset=\"https:\/\/feucht-obsttechnik.de\/wp-content\/uploads\/obstsch\u00fcttler-teleskopstab-5-200x150.jpg 200w, https:\/\/feucht-obsttechnik.de\/wp-content\/uploads\/obstsch\u00fcttler-teleskopstab-5-400x300.jpg 400w, https:\/\/feucht-obsttechnik.de\/wp-content\/uploads\/obstsch\u00fcttler-teleskopstab-5-600x450.jpg 600w, https:\/\/feucht-obsttechnik.de\/wp-content\/uploads\/obstsch\u00fcttler-teleskopstab-5-800x600.jpg 800w, https:\/\/feucht-obsttechnik.de\/wp-content\/uploads\/obstsch\u00fcttler-teleskopstab-5-1200x900.jpg 1200w, https:\/\/feucht-obsttechnik.de\/wp-content\/uploads\/obstsch\u00fcttler-teleskopstab-5.jpg 1600w\" sizes=\"(max-width: 835px) 100vw, 400px\" \/><\/a><\/span><\/div><\/div><div class=\"fusion-clearfix\"><\/div><\/div><\/div><\/div><\/div><div class=\"fusion-fullwidth fullwidth-box fusion-builder-row-8 nonhundred-percent-fullwidth non-hundred-percent-height-scrolling fusion-equal-height-columns\" style=\"--awb-border-radius-top-left:0px;--awb-border-radius-top-right:0px;--awb-border-radius-bottom-right:0px;--awb-border-radius-bottom-left:0px;--awb-padding-bottom:100px;--awb-background-color:#f2f2f2;--awb-flex-wrap:wrap;\" ><div class=\"fusion-builder-row fusion-row\"><div class=\"fusion-layout-column fusion_builder_column fusion-builder-column-15 fusion_builder_column_1_2 1_2 fusion-one-half fusion-column-first\" style=\"--awb-bg-color:#ffffff;--awb-bg-color-hover:#ffffff;--awb-bg-size:cover;--awb-margin-bottom:40px;width:48%; margin-right: 4%;\"><div class=\"fusion-column-wrapper fusion-flex-column-wrapper-legacy\"><div class=\"fusion-text fusion-text-7\"><div style=\"padding: 25px;\">\n<h2>Atouts<\/h2>\n<ul>\n<li>gain de temps d\u2019au moins 50 % gr\u00e2ce \u00e0 une plus rapide fixation de la sangle du vibreur<\/li>\n<li>kaucun risque d\u2019accident lors de la fixation de la sangle aux branches ou \u00e0 l\u2019arbre, gr\u00e2ce aux branches ou parties de l\u2019arbre qui se cassent, ou bien, des \u00e9chelles mal s\u00e9curis\u00e9es ou cass\u00e9es<\/li>\n<li>aucune \u00e9chelle n\u2019est requise pour fixer la perche<\/li>\n<li>adaptation individuelle de la longueur selon la situation<\/li>\n<li>elle est compos\u00e9e d\u2019aluminium, ce qui la rend particuli\u00e8rement l\u00e9g\u00e8re<\/li>\n<\/ul>\n<\/div>\n<\/div><div class=\"fusion-clearfix\"><\/div><\/div><\/div><div class=\"fusion-layout-column fusion_builder_column fusion-builder-column-16 fusion_builder_column_1_2 1_2 fusion-one-half fusion-column-last\" style=\"--awb-bg-color:#ffffff;--awb-bg-color-hover:#ffffff;--awb-bg-size:cover;width:48%;\"><div class=\"fusion-column-wrapper fusion-flex-column-wrapper-legacy\"><div class=\"fusion-text fusion-text-8\"><div style=\"padding: 25px;\">\n<h2>Caract\u00e9ristiques techniques<\/h2>\n<\/div>\n<\/div>\n<div class=\"table-2\">\n<table width=\"100%\">\n<tbody>\n<tr>\n<td align=\"left\">Hauteur de travail :<\/td>\n<td align=\"left\">Jusqu\u2019\u00e0 650 cm dans l\u2019arbre (perche t\u00e9lescopique \u00e0 rallonge de 210 cm &#8211; 600 cm)<\/td>\n<\/tr>\n<tr>\n<td align=\"left\">Contenu de la livraison :<\/td>\n<td align=\"left\">Perche t\u00e9lescopique \u00e0 crochet<\/td>\n<\/tr>\n<tr>\n<td rowspan=\"3\">Accessoires :<\/td>\n<td align=\"left\">Scie \u00e0 \u00e9laguer avec d\u00e9fonceuse \u00e0 disques en haut et en bas<\/td>\n<\/tr>\n<tr>\n<td align=\"left\">Cisailles<\/td>\n<\/tr>\n<tr>\n<td align=\"left\">Crochet de secousse pour vibreurs de fruits<\/td>\n<\/tr>\n<\/tbody>\n<\/table>\n<\/div>\n<div class=\"fusion-clearfix\"><\/div><\/div><\/div><\/div><\/div><div class=\"fusion-fullwidth fullwidth-box fusion-builder-row-9 nonhundred-percent-fullwidth non-hundred-percent-height-scrolling fusion-equal-height-columns fusion-no-small-visibility schlagwoerter\" style=\"--awb-background-position:center top;--awb-border-sizes-top:0px;--awb-border-sizes-bottom:0px;--awb-border-sizes-left:0px;--awb-border-sizes-right:0px;--awb-border-radius-top-left:0px;--awb-border-radius-top-right:0px;--awb-border-radius-bottom-right:0px;--awb-border-radius-bottom-left:0px;--awb-padding-top:0px;--awb-padding-right:15%;--awb-padding-bottom:0px;--awb-padding-left:15%;--awb-background-color:#a0ce4e;--awb-flex-wrap:wrap;\" ><div class=\"fusion-builder-row fusion-row\"><div class=\"fusion-layout-column fusion_builder_column fusion-builder-column-17 fusion_builder_column_1_5 1_5 fusion-one-fifth fusion-column-first\" style=\"--awb-padding-top:10px;--awb-padding-bottom:10px;--awb-bg-size:cover;--awb-margin-top:10px;--awb-margin-bottom:0px;width:20%;width:calc(20% - ( ( 4% ) * 0.2 ) );margin-right: 4%;\"><div class=\"fusion-column-wrapper fusion-column-has-shadow fusion-flex-column-wrapper-legacy\"><div class=\"fusion-column-content-centered\"><div class=\"fusion-column-content\"><div class=\"fusion-title title fusion-title-2 fusion-sep-none fusion-title-text fusion-title-size-two\" style=\"--awb-text-color:#ffffff;--awb-margin-bottom:0px;--awb-margin-right-small:0px;--awb-margin-bottom-small:0px;--awb-margin-left-small:0px;\"><h2 class=\"fusion-title-heading title-heading-left fusion-responsive-typography-calculated\" style=\"margin:0;--fontSize:26;--minFontSize:26;line-height:1.25;\">Mots-cl\u00e9s:<\/h2><\/div><\/div><\/div><div class=\"fusion-clearfix\"><\/div><\/div><\/div><div class=\"fusion-layout-column fusion_builder_column fusion-builder-column-18 fusion_builder_column_4_5 4_5 fusion-four-fifth fusion-column-last fusion-column-no-min-height\" style=\"--awb-padding-top:10px;--awb-padding-bottom:10px;--awb-bg-size:cover;--awb-margin-top:20px;--awb-margin-bottom:0px;width:80%;width:calc(80% - ( ( 4% ) * 0.8 ) );\"><div class=\"fusion-column-wrapper fusion-column-has-shadow fusion-flex-column-wrapper-legacy\"><div class=\"fusion-text fusion-text-9\"><p><span style=\"color: #ffffff;\"> <a href=\"https:\/\/feucht-obsttechnik.de\/fr\/technologie-de-recolte-des-fruits\/agitateurs\/\">Vibreurs<\/a>, <a href=\"https:\/\/feucht-obsttechnik.de\/fr\/technologie-de-recolte-des-fruits\/\">Technologie de r\u00e9colte des fruits<\/a>, <a href=\"https:\/\/feucht-obsttechnik.de\/fr\/technologie-de-recolte-des-fruits\/\">Dispositifs de r\u00e9colte de fruits<\/a> <\/span><\/p>\n<\/div><div class=\"fusion-clearfix\"><\/div><\/div><\/div><\/div><\/div><\/p>\n","protected":false},"excerpt":{"rendered":"","protected":false},"author":4,"featured_media":0,"parent":15603,"menu_order":0,"comment_status":"closed","ping_status":"closed","template":"100-width.php","meta":{"footnotes":"","_wp_rev_ctl_limit":""},"class_list":["post-18242","page","type-page","status-publish","hentry"],"yoast_head":"<!-- This site is optimized with the Yoast SEO plugin v27.5 - https:\/\/yoast.com\/product\/yoast-seo-wordpress\/ -->\n<title>Perche t\u00e9lescopique - Feucht Obsttechnik<\/title>\n<meta name=\"description\" content=\"En utilisant la perche t\u00e9lescopique TS, les arbres sont secou\u00e9s et la proc\u00e9dure de fixation de la sangle du vibreur \u00e0 c\u00e2ble est simplifi\u00e9e.\" \/>\n<meta name=\"robots\" content=\"index, follow, max-snippet:-1, max-image-preview:large, max-video-preview:-1\" \/>\n<link rel=\"canonical\" href=\"https:\/\/feucht-obsttechnik.de\/fr\/technologie-de-recolte-des-fruits\/agitateurs\/perche-telescopique\/\" \/>\n<meta property=\"og:locale\" content=\"fr_FR\" \/>\n<meta property=\"og:type\" content=\"article\" \/>\n<meta property=\"og:title\" content=\"Perche t\u00e9lescopique - Feucht Obsttechnik\" \/>\n<meta property=\"og:description\" content=\"En utilisant la perche t\u00e9lescopique TS, les arbres sont secou\u00e9s et la proc\u00e9dure de fixation de la sangle du vibreur \u00e0 c\u00e2ble est simplifi\u00e9e.\" \/>\n<meta property=\"og:url\" content=\"https:\/\/feucht-obsttechnik.de\/fr\/technologie-de-recolte-des-fruits\/agitateurs\/perche-telescopique\/\" \/>\n<meta property=\"og:site_name\" content=\"Feucht Obsttechnik\" \/>\n<meta property=\"article:modified_time\" content=\"2021-04-16T14:19:06+00:00\" \/>\n<meta name=\"twitter:card\" content=\"summary_large_image\" \/>\n<meta name=\"twitter:label1\" content=\"Dur\u00e9e de lecture estim\u00e9e\" \/>\n\t<meta name=\"twitter:data1\" content=\"21 minutes\" \/>\n<script type=\"application\/ld+json\" class=\"yoast-schema-graph\">{\"@context\":\"https:\\\/\\\/schema.org\",\"@graph\":[{\"@type\":\"WebPage\",\"@id\":\"https:\\\/\\\/feucht-obsttechnik.de\\\/fr\\\/technologie-de-recolte-des-fruits\\\/agitateurs\\\/perche-telescopique\\\/\",\"url\":\"https:\\\/\\\/feucht-obsttechnik.de\\\/fr\\\/technologie-de-recolte-des-fruits\\\/agitateurs\\\/perche-telescopique\\\/\",\"name\":\"Perche t\u00e9lescopique - Feucht Obsttechnik\",\"isPartOf\":{\"@id\":\"https:\\\/\\\/feucht-obsttechnik.de\\\/fr\\\/#website\"},\"datePublished\":\"2021-04-14T12:44:49+00:00\",\"dateModified\":\"2021-04-16T14:19:06+00:00\",\"description\":\"En utilisant la perche t\u00e9lescopique TS, les arbres sont secou\u00e9s et la proc\u00e9dure de fixation de la sangle du vibreur \u00e0 c\u00e2ble est simplifi\u00e9e.\",\"breadcrumb\":{\"@id\":\"https:\\\/\\\/feucht-obsttechnik.de\\\/fr\\\/technologie-de-recolte-des-fruits\\\/agitateurs\\\/perche-telescopique\\\/#breadcrumb\"},\"inLanguage\":\"fr-FR\",\"potentialAction\":[{\"@type\":\"ReadAction\",\"target\":[\"https:\\\/\\\/feucht-obsttechnik.de\\\/fr\\\/technologie-de-recolte-des-fruits\\\/agitateurs\\\/perche-telescopique\\\/\"]}]},{\"@type\":\"BreadcrumbList\",\"@id\":\"https:\\\/\\\/feucht-obsttechnik.de\\\/fr\\\/technologie-de-recolte-des-fruits\\\/agitateurs\\\/perche-telescopique\\\/#breadcrumb\",\"itemListElement\":[{\"@type\":\"ListItem\",\"position\":1,\"name\":\"Startseite\",\"item\":\"https:\\\/\\\/feucht-obsttechnik.de\\\/fr\\\/\"},{\"@type\":\"ListItem\",\"position\":2,\"name\":\"Technologie de r\u00e9colte des fruits\",\"item\":\"https:\\\/\\\/feucht-obsttechnik.de\\\/fr\\\/technologie-de-recolte-des-fruits\\\/\"},{\"@type\":\"ListItem\",\"position\":3,\"name\":\"Agitateurs\",\"item\":\"https:\\\/\\\/feucht-obsttechnik.de\\\/fr\\\/technologie-de-recolte-des-fruits\\\/agitateurs\\\/\"},{\"@type\":\"ListItem\",\"position\":4,\"name\":\"Perche t\u00e9lescopique\"}]},{\"@type\":\"WebSite\",\"@id\":\"https:\\\/\\\/feucht-obsttechnik.de\\\/fr\\\/#website\",\"url\":\"https:\\\/\\\/feucht-obsttechnik.de\\\/fr\\\/\",\"name\":\"Feucht Obsttechnik\",\"description\":\"\",\"publisher\":{\"@id\":\"https:\\\/\\\/feucht-obsttechnik.de\\\/fr\\\/#organization\"},\"potentialAction\":[{\"@type\":\"SearchAction\",\"target\":{\"@type\":\"EntryPoint\",\"urlTemplate\":\"https:\\\/\\\/feucht-obsttechnik.de\\\/fr\\\/?s={search_term_string}\"},\"query-input\":{\"@type\":\"PropertyValueSpecification\",\"valueRequired\":true,\"valueName\":\"search_term_string\"}}],\"inLanguage\":\"fr-FR\"},{\"@type\":\"Organization\",\"@id\":\"https:\\\/\\\/feucht-obsttechnik.de\\\/fr\\\/#organization\",\"name\":\"Feucht Obsttechnik GmbH\",\"url\":\"https:\\\/\\\/feucht-obsttechnik.de\\\/fr\\\/\",\"logo\":{\"@type\":\"ImageObject\",\"inLanguage\":\"fr-FR\",\"@id\":\"https:\\\/\\\/feucht-obsttechnik.de\\\/fr\\\/#\\\/schema\\\/logo\\\/image\\\/\",\"url\":\"https:\\\/\\\/feucht-obsttechnik.de\\\/wp-content\\\/uploads\\\/logo-feucht@2x-1.png\",\"contentUrl\":\"https:\\\/\\\/feucht-obsttechnik.de\\\/wp-content\\\/uploads\\\/logo-feucht@2x-1.png\",\"width\":640,\"height\":123,\"caption\":\"Feucht Obsttechnik GmbH\"},\"image\":{\"@id\":\"https:\\\/\\\/feucht-obsttechnik.de\\\/fr\\\/#\\\/schema\\\/logo\\\/image\\\/\"}}]}<\/script>\n<!-- \/ Yoast SEO plugin. -->","yoast_head_json":{"title":"Perche t\u00e9lescopique - Feucht Obsttechnik","description":"En utilisant la perche t\u00e9lescopique TS, les arbres sont secou\u00e9s et la proc\u00e9dure de fixation de la sangle du vibreur \u00e0 c\u00e2ble est simplifi\u00e9e.","robots":{"index":"index","follow":"follow","max-snippet":"max-snippet:-1","max-image-preview":"max-image-preview:large","max-video-preview":"max-video-preview:-1"},"canonical":"https:\/\/feucht-obsttechnik.de\/fr\/technologie-de-recolte-des-fruits\/agitateurs\/perche-telescopique\/","og_locale":"fr_FR","og_type":"article","og_title":"Perche t\u00e9lescopique - Feucht Obsttechnik","og_description":"En utilisant la perche t\u00e9lescopique TS, les arbres sont secou\u00e9s et la proc\u00e9dure de fixation de la sangle du vibreur \u00e0 c\u00e2ble est simplifi\u00e9e.","og_url":"https:\/\/feucht-obsttechnik.de\/fr\/technologie-de-recolte-des-fruits\/agitateurs\/perche-telescopique\/","og_site_name":"Feucht Obsttechnik","article_modified_time":"2021-04-16T14:19:06+00:00","twitter_card":"summary_large_image","twitter_misc":{"Dur\u00e9e de lecture estim\u00e9e":"21 minutes"},"schema":{"@context":"https:\/\/schema.org","@graph":[{"@type":"WebPage","@id":"https:\/\/feucht-obsttechnik.de\/fr\/technologie-de-recolte-des-fruits\/agitateurs\/perche-telescopique\/","url":"https:\/\/feucht-obsttechnik.de\/fr\/technologie-de-recolte-des-fruits\/agitateurs\/perche-telescopique\/","name":"Perche t\u00e9lescopique - Feucht Obsttechnik","isPartOf":{"@id":"https:\/\/feucht-obsttechnik.de\/fr\/#website"},"datePublished":"2021-04-14T12:44:49+00:00","dateModified":"2021-04-16T14:19:06+00:00","description":"En utilisant la perche t\u00e9lescopique TS, les arbres sont secou\u00e9s et la proc\u00e9dure de fixation de la sangle du vibreur \u00e0 c\u00e2ble est simplifi\u00e9e.","breadcrumb":{"@id":"https:\/\/feucht-obsttechnik.de\/fr\/technologie-de-recolte-des-fruits\/agitateurs\/perche-telescopique\/#breadcrumb"},"inLanguage":"fr-FR","potentialAction":[{"@type":"ReadAction","target":["https:\/\/feucht-obsttechnik.de\/fr\/technologie-de-recolte-des-fruits\/agitateurs\/perche-telescopique\/"]}]},{"@type":"BreadcrumbList","@id":"https:\/\/feucht-obsttechnik.de\/fr\/technologie-de-recolte-des-fruits\/agitateurs\/perche-telescopique\/#breadcrumb","itemListElement":[{"@type":"ListItem","position":1,"name":"Startseite","item":"https:\/\/feucht-obsttechnik.de\/fr\/"},{"@type":"ListItem","position":2,"name":"Technologie de r\u00e9colte des fruits","item":"https:\/\/feucht-obsttechnik.de\/fr\/technologie-de-recolte-des-fruits\/"},{"@type":"ListItem","position":3,"name":"Agitateurs","item":"https:\/\/feucht-obsttechnik.de\/fr\/technologie-de-recolte-des-fruits\/agitateurs\/"},{"@type":"ListItem","position":4,"name":"Perche t\u00e9lescopique"}]},{"@type":"WebSite","@id":"https:\/\/feucht-obsttechnik.de\/fr\/#website","url":"https:\/\/feucht-obsttechnik.de\/fr\/","name":"Feucht Obsttechnik","description":"","publisher":{"@id":"https:\/\/feucht-obsttechnik.de\/fr\/#organization"},"potentialAction":[{"@type":"SearchAction","target":{"@type":"EntryPoint","urlTemplate":"https:\/\/feucht-obsttechnik.de\/fr\/?s={search_term_string}"},"query-input":{"@type":"PropertyValueSpecification","valueRequired":true,"valueName":"search_term_string"}}],"inLanguage":"fr-FR"},{"@type":"Organization","@id":"https:\/\/feucht-obsttechnik.de\/fr\/#organization","name":"Feucht Obsttechnik GmbH","url":"https:\/\/feucht-obsttechnik.de\/fr\/","logo":{"@type":"ImageObject","inLanguage":"fr-FR","@id":"https:\/\/feucht-obsttechnik.de\/fr\/#\/schema\/logo\/image\/","url":"https:\/\/feucht-obsttechnik.de\/wp-content\/uploads\/logo-feucht@2x-1.png","contentUrl":"https:\/\/feucht-obsttechnik.de\/wp-content\/uploads\/logo-feucht@2x-1.png","width":640,"height":123,"caption":"Feucht Obsttechnik GmbH"},"image":{"@id":"https:\/\/feucht-obsttechnik.de\/fr\/#\/schema\/logo\/image\/"}}]}},"_links":{"self":[{"href":"https:\/\/feucht-obsttechnik.de\/fr\/wp-json\/wp\/v2\/pages\/18242","targetHints":{"allow":["GET"]}}],"collection":[{"href":"https:\/\/feucht-obsttechnik.de\/fr\/wp-json\/wp\/v2\/pages"}],"about":[{"href":"https:\/\/feucht-obsttechnik.de\/fr\/wp-json\/wp\/v2\/types\/page"}],"author":[{"embeddable":true,"href":"https:\/\/feucht-obsttechnik.de\/fr\/wp-json\/wp\/v2\/users\/4"}],"replies":[{"embeddable":true,"href":"https:\/\/feucht-obsttechnik.de\/fr\/wp-json\/wp\/v2\/comments?post=18242"}],"version-history":[{"count":0,"href":"https:\/\/feucht-obsttechnik.de\/fr\/wp-json\/wp\/v2\/pages\/18242\/revisions"}],"up":[{"embeddable":true,"href":"https:\/\/feucht-obsttechnik.de\/fr\/wp-json\/wp\/v2\/pages\/15603"}],"wp:attachment":[{"href":"https:\/\/feucht-obsttechnik.de\/fr\/wp-json\/wp\/v2\/media?parent=18242"}],"curies":[{"name":"wp","href":"https:\/\/api.w.org\/{rel}","templated":true}]}}