{"id":13684,"date":"2021-04-09T15:35:24","date_gmt":"2021-04-09T13:35:24","guid":{"rendered":"http:\/\/neu2020.feucht-obsttechnik.de\/traitement-des-fruits-secs\/"},"modified":"2021-04-16T15:32:46","modified_gmt":"2021-04-16T13:32:46","slug":"traitement-des-fruits-secs","status":"publish","type":"page","link":"https:\/\/feucht-obsttechnik.de\/fr\/traitement-des-fruits-secs\/","title":{"rendered":"Traitement des fruits secs"},"content":{"rendered":"<p><div class=\"fusion-bg-parallax\" data-bg-align=\"left center\" data-direction=\"up\" data-mute=\"false\" data-opacity=\"100\" data-velocity=\"-0.3\" data-mobile-enabled=\"false\" data-break_parents=\"0\" data-bg-image=\"https:\/\/feucht-obsttechnik.de\/wp-content\/uploads\/bg-header-nussverarbeitung.jpg\" data-bg-repeat=\"false\" ><\/div><div class=\"fusion-fullwidth fullwidth-box fusion-builder-row-1 fusion-parallax-up nonhundred-percent-fullwidth non-hundred-percent-height-scrolling\" style=\"--awb-background-position:left center;--awb-border-sizes-top:0px;--awb-border-sizes-bottom:0px;--awb-border-sizes-left:0px;--awb-border-sizes-right:0px;--awb-border-radius-top-left:0px;--awb-border-radius-top-right:0px;--awb-border-radius-bottom-right:0px;--awb-border-radius-bottom-left:0px;--awb-padding-top:130px;--awb-padding-bottom:120px;--awb-background-image:url(&quot;https:\/\/feucht-obsttechnik.de\/wp-content\/uploads\/bg-header-nussverarbeitung.jpg&quot;);--awb-background-size:cover;--awb-flex-wrap:wrap;\" ><div class=\"fusion-builder-row fusion-row\"><div class=\"fusion-layout-column fusion_builder_column fusion-builder-column-0 fusion_builder_column_1_2 1_2 fusion-one-half fusion-column-first\" style=\"--awb-bg-size:cover;width:48%; margin-right: 4%;\"><div class=\"fusion-column-wrapper fusion-flex-column-wrapper-legacy\"><div class=\"fusion-text fusion-text-1\"><h1><span style=\"color: #ffffff\">Traitement des fruits secs<\/span><\/h1>\n<p><span style=\"color: #ffffff\">B\u00e9n\u00e9ficiez de notre savoir-faire relatif au traitement des fruits pour augmenter la productivit\u00e9 dans tous les traitements fruitiers.<\/span><\/p>\n<\/div><div class=\"fusion-clearfix\"><\/div><\/div><\/div><div class=\"fusion-layout-column fusion_builder_column fusion-builder-column-1 fusion_builder_column_1_2 1_2 fusion-one-half fusion-column-last\" style=\"--awb-bg-size:cover;width:48%;\"><div class=\"fusion-column-wrapper fusion-flex-column-wrapper-legacy\"><div class=\"fusion-clearfix\"><\/div><\/div><\/div><\/div><\/div><div class=\"fusion-fullwidth fullwidth-box fusion-builder-row-2 nonhundred-percent-fullwidth non-hundred-percent-height-scrolling\" style=\"--awb-background-position:left top;--awb-border-sizes-top:0px;--awb-border-sizes-bottom:0px;--awb-border-sizes-left:0px;--awb-border-sizes-right:0px;--awb-border-radius-top-left:0px;--awb-border-radius-top-right:0px;--awb-border-radius-bottom-right:0px;--awb-border-radius-bottom-left:0px;--awb-padding-top:130px;--awb-padding-bottom:30px;--awb-flex-wrap:wrap;\" ><div class=\"fusion-builder-row fusion-row\"><div class=\"fusion-layout-column fusion_builder_column fusion-builder-column-2 fusion_builder_column_1_1 1_1 fusion-one-full fusion-column-first fusion-column-last\" style=\"--awb-bg-size:cover;\"><div class=\"fusion-column-wrapper fusion-column-has-shadow fusion-flex-column-wrapper-legacy\"><div class=\"fusion-text fusion-text-2\"><h2>Servez-vous de notre exp\u00e9rience dans toutes les \u00e9tapes de traitement des fruits secs.<\/h2>\n<\/div><div class=\"fusion-text fusion-text-3\"><h3><span class=\"\">Syst\u00e8mes complets de traitement des fruits secs qui comprennent les \u00e9tapes de : lavage, s\u00e9chage et calibrage, voire m\u00eame cassage et triage. Efficace dans chaque \u00e9tape de production.<\/span><\/h3>\n<\/div><div class=\"fusion-clearfix\"><\/div><\/div><\/div><div class=\"fusion-layout-column fusion_builder_column fusion-builder-column-3 fusion_builder_column_1_2 1_2 fusion-one-half fusion-column-first\" style=\"--awb-bg-size:cover;width:48%; margin-right: 4%;\"><div class=\"fusion-column-wrapper fusion-flex-column-wrapper-legacy\"><div class=\"fusion-text fusion-text-4\"><h2><\/h2>\n<p>Les connaissances en mati\u00e8re de sant\u00e9 progressent partout dans le monde, et les fruits \u00e0 coque jouent un r\u00f4le toujours plus importants dans les r\u00e9gimes. L\u2019automatisation des \u00e9tapes de traitement des fruits secs, comprenant le respect de standards de qualit\u00e9 sup\u00e9rieure pour r\u00e9colter les fruits, est de plus en plus importante. <\/p>\n<p>Le <strong>traitement des fruits secs<\/strong> comporte plusieurs phases : de la <strong>r\u00e9colte<\/strong> du fruit, au <strong>lavage<\/strong> et <strong>s\u00e9chage<\/strong>, en passant au <strong>craquage<\/strong> de la r\u00e9colte. Pour y parvenir, nous vous proposons des solutions compl\u00e8tes automatis\u00e9es et prouv\u00e9es, ou bien, des machines individuelles pour chaque \u00e9tape de traitement. Gr\u00e2ce \u00e0 notre savoir-faire de fournisseur int\u00e9gral en mati\u00e8re de traitement des fruits secs, nous sommes capables de cr\u00e9er des lignes de cassage pour chaque quantit\u00e9 r\u00e9colt\u00e9e.  <\/p>\n<p>Nos machines traitent les fruits avec soin et pr\u00e9caution extr\u00eame. Du lavage, au calibrage en passant au s\u00e9chagedes fruits, nous offrons des m\u00e9thodes de traitement minutieuses. Le r\u00e9sultat donne une excellente qualit\u00e9 de fruits trait\u00e9s, en respectant les standards de qualit\u00e9 sup\u00e9rieure en mati\u00e8re de s\u00e9curit\u00e9, d\u2019hygi\u00e8ne et d\u2019efficacit\u00e9.<\/p>\n<\/div><div class=\"fusion-clearfix\"><\/div><\/div><\/div><div class=\"fusion-layout-column fusion_builder_column fusion-builder-column-4 fusion_builder_column_1_2 1_2 fusion-one-half fusion-column-last\" style=\"--awb-bg-size:cover;width:48%;\"><div class=\"fusion-column-wrapper fusion-flex-column-wrapper-legacy\"><div class=\"fusion-image-element in-legacy-container\" style=\"--awb-caption-title-font-family:var(--h2_typography-font-family);--awb-caption-title-font-weight:var(--h2_typography-font-weight);--awb-caption-title-font-style:var(--h2_typography-font-style);--awb-caption-title-size:var(--h2_typography-font-size);--awb-caption-title-transform:var(--h2_typography-text-transform);--awb-caption-title-line-height:var(--h2_typography-line-height);--awb-caption-title-letter-spacing:var(--h2_typography-letter-spacing);\"><span class=\" fusion-imageframe imageframe-none imageframe-1 hover-type-zoomin fusion-animated\" data-animationType=\"fadeInDown\" data-animationDuration=\"1.0\" data-animationOffset=\"bottom-in-view\"><a class=\"fusion-no-lightbox\" href=\"https:\/\/feucht-obsttechnik.de\/fr\/traitement-des-fruits-secs\/recolter-des-noix-en-petite-quantite\/calibrage-des-fruits-secs\/\" target=\"_self\" aria-label=\"S\u00e9chage des fruits secs avec le d\u00e9shydrateur mini\"><img decoding=\"async\" width=\"1600\" height=\"1200\" src=\"https:\/\/feucht-obsttechnik.de\/wp-content\/uploads\/nussverarbeitung-klein-trocknen-trockner-mini-3.jpg\" alt class=\"img-responsive wp-image-14405\" srcset=\"https:\/\/feucht-obsttechnik.de\/wp-content\/uploads\/nussverarbeitung-klein-trocknen-trockner-mini-3-200x150.jpg 200w, https:\/\/feucht-obsttechnik.de\/wp-content\/uploads\/nussverarbeitung-klein-trocknen-trockner-mini-3-400x300.jpg 400w, https:\/\/feucht-obsttechnik.de\/wp-content\/uploads\/nussverarbeitung-klein-trocknen-trockner-mini-3-600x450.jpg 600w, https:\/\/feucht-obsttechnik.de\/wp-content\/uploads\/nussverarbeitung-klein-trocknen-trockner-mini-3-800x600.jpg 800w, https:\/\/feucht-obsttechnik.de\/wp-content\/uploads\/nussverarbeitung-klein-trocknen-trockner-mini-3-1200x900.jpg 1200w, https:\/\/feucht-obsttechnik.de\/wp-content\/uploads\/nussverarbeitung-klein-trocknen-trockner-mini-3.jpg 1600w\" sizes=\"(max-width: 835px) 100vw, 600px\" \/><\/a><\/span><\/div><div class=\"fusion-sep-clear\"><\/div><div class=\"fusion-separator fusion-full-width-sep\" style=\"margin-left: auto;margin-right: auto;margin-bottom:30px;width:100%;\"><\/div><div class=\"fusion-sep-clear\"><\/div><div class=\"fusion-image-element in-legacy-container\" style=\"--awb-caption-title-font-family:var(--h2_typography-font-family);--awb-caption-title-font-weight:var(--h2_typography-font-weight);--awb-caption-title-font-style:var(--h2_typography-font-style);--awb-caption-title-size:var(--h2_typography-font-size);--awb-caption-title-transform:var(--h2_typography-text-transform);--awb-caption-title-line-height:var(--h2_typography-line-height);--awb-caption-title-letter-spacing:var(--h2_typography-letter-spacing);\"><span class=\" fusion-imageframe imageframe-none imageframe-2 hover-type-zoomin fusion-animated\" data-animationType=\"fadeInDown\" data-animationDuration=\"1.0\" data-animationOffset=\"bottom-in-view\"><a class=\"fusion-no-lightbox\" href=\"https:\/\/feucht-obsttechnik.de\/fr\/wal-man\/\" target=\"_self\" aria-label=\"Craquage des fruits secs avec le WAL MAN\"><img decoding=\"async\" width=\"1600\" height=\"1200\" src=\"https:\/\/feucht-obsttechnik.de\/wp-content\/uploads\/handknacker-wal-man-klein-2-1.jpg\" alt class=\"img-responsive wp-image-7729\" srcset=\"https:\/\/feucht-obsttechnik.de\/wp-content\/uploads\/handknacker-wal-man-klein-2-1-200x150.jpg 200w, https:\/\/feucht-obsttechnik.de\/wp-content\/uploads\/handknacker-wal-man-klein-2-1-400x300.jpg 400w, https:\/\/feucht-obsttechnik.de\/wp-content\/uploads\/handknacker-wal-man-klein-2-1-600x450.jpg 600w, https:\/\/feucht-obsttechnik.de\/wp-content\/uploads\/handknacker-wal-man-klein-2-1-800x600.jpg 800w, https:\/\/feucht-obsttechnik.de\/wp-content\/uploads\/handknacker-wal-man-klein-2-1-1200x900.jpg 1200w, https:\/\/feucht-obsttechnik.de\/wp-content\/uploads\/handknacker-wal-man-klein-2-1.jpg 1600w\" sizes=\"(max-width: 835px) 100vw, 600px\" \/><\/a><\/span><\/div><div class=\"fusion-clearfix\"><\/div><\/div><\/div><\/div><\/div><div class=\"fusion-fullwidth fullwidth-box fusion-builder-row-3 nonhundred-percent-fullwidth non-hundred-percent-height-scrolling\" style=\"--awb-background-position:left top;--awb-border-sizes-top:0px;--awb-border-sizes-bottom:0px;--awb-border-sizes-left:0px;--awb-border-sizes-right:0px;--awb-border-radius-top-left:0px;--awb-border-radius-top-right:0px;--awb-border-radius-bottom-right:0px;--awb-border-radius-bottom-left:0px;--awb-padding-top:1px;--awb-padding-bottom:0px;--awb-background-color:#cc0000;--awb-flex-wrap:wrap;\" ><div class=\"fusion-builder-row fusion-row\"><div class=\"fusion-layout-column fusion_builder_column fusion-builder-column-5 fusion_builder_column_1_1 1_1 fusion-one-full fusion-column-first fusion-column-last\" style=\"--awb-padding-top:50px;--awb-padding-bottom:50px;--awb-padding-left:0px;--awb-bg-size:cover;--awb-margin-bottom:0px;\"><div class=\"fusion-column-wrapper fusion-column-has-shadow fusion-flex-column-wrapper-legacy\"><div class=\"fusion-column-content-centered\"><div class=\"fusion-column-content\"><div class=\"fusion-text fusion-text-5\"><h2 style=\"text-align: center;margin-bottom: 0px\"><span style=\"color: #ffffff\">Traitement des fruits secs (\u2265 5 t) | Traitement des fruits secs (\u2264 5 t) I R\u00e9colte et traitement des noisettes<\/span><\/h2>\n<\/div><\/div><\/div><div class=\"fusion-clearfix\"><\/div><\/div><\/div><\/div><\/div><div class=\"fusion-fullwidth fullwidth-box fusion-builder-row-4 nonhundred-percent-fullwidth non-hundred-percent-height-scrolling fusion-equal-height-columns\" style=\"--awb-background-position:left top;--awb-border-sizes-top:0px;--awb-border-sizes-bottom:0px;--awb-border-sizes-left:0px;--awb-border-sizes-right:0px;--awb-border-radius-top-left:0px;--awb-border-radius-top-right:0px;--awb-border-radius-bottom-right:0px;--awb-border-radius-bottom-left:0px;--awb-padding-top:45px;--awb-padding-bottom:5px;--awb-flex-wrap:wrap;\" ><div class=\"fusion-builder-row fusion-row\"><div class=\"fusion-layout-column fusion_builder_column fusion-builder-column-6 fusion_builder_column_1_2 1_2 fusion-one-half fusion-column-first\" style=\"--awb-bg-color:#f8f8f8;--awb-bg-color-hover:#f8f8f8;--awb-bg-size:cover;--awb-margin-bottom:40px;width:48%; margin-right: 4%;\"><div class=\"fusion-column-wrapper fusion-flex-column-wrapper-legacy\"><div class=\"fusion-image-element fusion-image-align-center in-legacy-container\" style=\"text-align:center;--awb-caption-title-font-family:var(--h2_typography-font-family);--awb-caption-title-font-weight:var(--h2_typography-font-weight);--awb-caption-title-font-style:var(--h2_typography-font-style);--awb-caption-title-size:var(--h2_typography-font-size);--awb-caption-title-transform:var(--h2_typography-text-transform);--awb-caption-title-line-height:var(--h2_typography-line-height);--awb-caption-title-letter-spacing:var(--h2_typography-letter-spacing);\"><div class=\"imageframe-align-center\"><span class=\" fusion-imageframe imageframe-none imageframe-3 hover-type-zoomin\"><a class=\"fusion-no-lightbox\" href=\"https:\/\/feucht-obsttechnik.de\/fr\/traitement-des-fruits-secs\/traitement-des-fruits-secs-en-grande-quantite\/\" target=\"_self\" aria-label=\"Traitement des noix &#8211; Machines pour le traitement des noix\"><img decoding=\"async\" width=\"2048\" height=\"956\" src=\"https:\/\/feucht-obsttechnik.de\/wp-content\/uploads\/bg-header-nussernte-gross.jpg\" alt class=\"img-responsive wp-image-14150\" srcset=\"https:\/\/feucht-obsttechnik.de\/wp-content\/uploads\/bg-header-nussernte-gross-200x93.jpg 200w, https:\/\/feucht-obsttechnik.de\/wp-content\/uploads\/bg-header-nussernte-gross-400x187.jpg 400w, https:\/\/feucht-obsttechnik.de\/wp-content\/uploads\/bg-header-nussernte-gross-600x280.jpg 600w, https:\/\/feucht-obsttechnik.de\/wp-content\/uploads\/bg-header-nussernte-gross-800x373.jpg 800w, https:\/\/feucht-obsttechnik.de\/wp-content\/uploads\/bg-header-nussernte-gross-1200x560.jpg 1200w, https:\/\/feucht-obsttechnik.de\/wp-content\/uploads\/bg-header-nussernte-gross.jpg 2048w\" sizes=\"(max-width: 835px) 100vw, 600px\" \/><\/a><\/span><\/div><\/div><div class=\"fusion-text fusion-text-6\"><div style=\"padding: 25px\">\n<h3>Traitement des fruits secs (\u2265 5 t)<\/h3>\n<p>La proc\u00e9dure de traitement de fruits issus d\u2019une r\u00e9colte importante peut s\u2019av\u00e9rer particuli\u00e8rement chronophage et co\u00fbteux.<\/p>\n<p>Avec nos machines pour r\u00e9colter un volume important de noix (jusqu\u2019\u00e0 5 tonnes par an), nous vous offrons des syst\u00e8mes sp\u00e9ciaux permettant des \u00e9conomies de produit et d\u2019argent destin\u00e9s au traitement des noix. De cette mani\u00e8re, nos lignes de craquage englobent toutes les \u00e9tapes de traitement de noix. <\/p>\n<\/div>\n<\/div><div class=\"fusion-button-wrapper fusion-aligncenter\"><a class=\"fusion-button button-flat fusion-button-default-size button-custom fusion-button-default button-1 fusion-button-default-span fusion-button-default-type\" style=\"--button_accent_color:#ffffff;--button_border_color:#ffffff;--button_accent_hover_color:#ffffff;--button_border_hover_color:#ffffff;--button_gradient_top_color:#cc0000;--button_gradient_bottom_color:#cc0000;--button_gradient_top_color_hover:#ef0000;--button_gradient_bottom_color_hover:#ef0000;\" target=\"_self\" title=\"Plus sur le traitement des fruits secs (\u2265 5 t)\" aria-label=\"Plus sur le traitement des fruits secs (\u2265 5 t)\" href=\"https:\/\/feucht-obsttechnik.de\/fr\/traitement-des-fruits-secs\/traitement-des-fruits-secs-en-grande-quantite\/\"><span class=\"fusion-button-text awb-button__text awb-button__text--default\">Traitement des fruits secs (\u2265 5 t)<\/span><\/a><\/div><div class=\"fusion-clearfix\"><\/div><\/div><\/div><div class=\"fusion-layout-column fusion_builder_column fusion-builder-column-7 fusion_builder_column_1_2 1_2 fusion-one-half fusion-column-last\" style=\"--awb-bg-color:#f8f8f8;--awb-bg-color-hover:#f8f8f8;--awb-bg-size:cover;width:48%;\"><div class=\"fusion-column-wrapper fusion-flex-column-wrapper-legacy\"><div class=\"fusion-image-element fusion-image-align-center in-legacy-container\" style=\"text-align:center;--awb-caption-title-font-family:var(--h2_typography-font-family);--awb-caption-title-font-weight:var(--h2_typography-font-weight);--awb-caption-title-font-style:var(--h2_typography-font-style);--awb-caption-title-size:var(--h2_typography-font-size);--awb-caption-title-transform:var(--h2_typography-text-transform);--awb-caption-title-line-height:var(--h2_typography-line-height);--awb-caption-title-letter-spacing:var(--h2_typography-letter-spacing);\"><div class=\"imageframe-align-center\"><span class=\" fusion-imageframe imageframe-none imageframe-4 hover-type-zoomin\"><a class=\"fusion-no-lightbox\" href=\"https:\/\/feucht-obsttechnik.de\/fr\/traitement-des-fruits-secs\/recolter-des-noix-en-petite-quantite\/\" target=\"_self\" aria-label=\"Traitement des noix (petites) &#8211; machines pour le traitement des noix d&rsquo;une quantit\u00e9 &lt; 5 tonnes\"><img decoding=\"async\" width=\"2048\" height=\"956\" src=\"https:\/\/feucht-obsttechnik.de\/wp-content\/uploads\/bg-header-nussernte-klein.jpg\" alt class=\"img-responsive wp-image-13685\" srcset=\"https:\/\/feucht-obsttechnik.de\/wp-content\/uploads\/bg-header-nussernte-klein-200x93.jpg 200w, https:\/\/feucht-obsttechnik.de\/wp-content\/uploads\/bg-header-nussernte-klein-400x187.jpg 400w, https:\/\/feucht-obsttechnik.de\/wp-content\/uploads\/bg-header-nussernte-klein-600x280.jpg 600w, https:\/\/feucht-obsttechnik.de\/wp-content\/uploads\/bg-header-nussernte-klein-800x373.jpg 800w, https:\/\/feucht-obsttechnik.de\/wp-content\/uploads\/bg-header-nussernte-klein-1200x560.jpg 1200w, https:\/\/feucht-obsttechnik.de\/wp-content\/uploads\/bg-header-nussernte-klein.jpg 2048w\" sizes=\"(max-width: 835px) 100vw, 600px\" \/><\/a><\/span><\/div><\/div><div class=\"fusion-text fusion-text-7\"><div style=\"padding: 25px\">\n<h3>Traitement des fruits secs (\u2264 5 t)<\/h3>\n<p>La production des noix, m\u00eame en petite quantit\u00e9, exige beaucoup d\u2019efforts et patience lors du travail \u00e0 la main.<\/p>\n<p>Pour que le traitement des fruits soit aussi efficace que minutieux, nous vous proposons des solutions combin\u00e9es et des machines pour chaque \u00e9tape de la cha\u00eene de production. Ces lignes et machines de craquage conviennent tout particuli\u00e8rement au petite r\u00e9colte, inf\u00e9rieure \u00e0 5 tonnes par an. <\/p>\n<\/div>\n<\/div><div class=\"fusion-button-wrapper fusion-aligncenter\"><a class=\"fusion-button button-flat fusion-button-default-size button-custom fusion-button-default button-2 fusion-button-default-span fusion-button-default-type\" style=\"--button_accent_color:#ffffff;--button_border_color:#ffffff;--button_accent_hover_color:#ffffff;--button_border_hover_color:#ffffff;--button_gradient_top_color:#cc0000;--button_gradient_bottom_color:#cc0000;--button_gradient_top_color_hover:#ef0000;--button_gradient_bottom_color_hover:#ef0000;\" target=\"_self\" title=\"Plus sur le traitement des fruits secs (\u2264 5 t)\" aria-label=\"Plus sur le traitement des fruits secs (\u2264 5 t)\" href=\"https:\/\/feucht-obsttechnik.de\/fr\/traitement-des-fruits-secs\/recolter-des-noix-en-petite-quantite\/\"><span class=\"fusion-button-text awb-button__text awb-button__text--default\">Traitement des fruits secs (\u2264 5 t)<\/span><\/a><\/div><div class=\"fusion-clearfix\"><\/div><\/div><\/div><div class=\"fusion-layout-column fusion_builder_column fusion-builder-column-8 fusion_builder_column_1_1 1_1 fusion-one-full fusion-column-first fusion-column-last\" style=\"--awb-bg-color:#f8f8f8;--awb-bg-color-hover:#f8f8f8;--awb-bg-size:cover;\"><div class=\"fusion-column-wrapper fusion-flex-column-wrapper-legacy\"><div class=\"fusion-image-element fusion-image-align-center in-legacy-container\" style=\"text-align:center;--awb-caption-title-font-family:var(--h2_typography-font-family);--awb-caption-title-font-weight:var(--h2_typography-font-weight);--awb-caption-title-font-style:var(--h2_typography-font-style);--awb-caption-title-size:var(--h2_typography-font-size);--awb-caption-title-transform:var(--h2_typography-text-transform);--awb-caption-title-line-height:var(--h2_typography-line-height);--awb-caption-title-letter-spacing:var(--h2_typography-letter-spacing);\"><div class=\"imageframe-align-center\"><span class=\" fusion-imageframe imageframe-none imageframe-5 hover-type-zoomin\"><a class=\"fusion-no-lightbox\" href=\"https:\/\/feucht-obsttechnik.de\/fr\/traitement-des-fruits-secs\/noisette\/\" target=\"_self\" aria-label=\"R\u00e9colte des noisettes &#8211; Machines \u00e0 r\u00e9colter les noisettes\"><img decoding=\"async\" width=\"2048\" height=\"956\" src=\"https:\/\/feucht-obsttechnik.de\/wp-content\/uploads\/bg-header-haselnussernte.jpg\" alt class=\"img-responsive wp-image-13691\" srcset=\"https:\/\/feucht-obsttechnik.de\/wp-content\/uploads\/bg-header-haselnussernte-200x93.jpg 200w, https:\/\/feucht-obsttechnik.de\/wp-content\/uploads\/bg-header-haselnussernte-400x187.jpg 400w, https:\/\/feucht-obsttechnik.de\/wp-content\/uploads\/bg-header-haselnussernte-600x280.jpg 600w, https:\/\/feucht-obsttechnik.de\/wp-content\/uploads\/bg-header-haselnussernte-800x373.jpg 800w, https:\/\/feucht-obsttechnik.de\/wp-content\/uploads\/bg-header-haselnussernte-1200x560.jpg 1200w, https:\/\/feucht-obsttechnik.de\/wp-content\/uploads\/bg-header-haselnussernte.jpg 2048w\" sizes=\"(max-width: 835px) 100vw, 1200px\" \/><\/a><\/span><\/div><\/div><div class=\"fusion-text fusion-text-8\"><div style=\"padding: 25px\">\n<h3>R\u00e9colte de noisettes et traitement des noisettes<\/h3>\n<p>Cultiver des noisettes s\u2019av\u00e8re tr\u00e8s int\u00e9ressant, et constitue une alternative horticole et \u00e9conomique aux plantations de noisettes. Cependant, la r\u00e9colte et le traitement de ce fruit impose certaines exigences \u00e0 l\u2019agriculteur. <\/p>\n<p>De l\u2019emplacement, \u00e0 la gestion des stocks en passant par la m\u00e9canisation des r\u00e9coltes et de la pr\u00e9paration ult\u00e9rieure de moisson, tout doit \u00eatre parfait. Nos technologies innovantes de r\u00e9colte pour noisettes symbolisent notre r\u00e9ussite, en mati\u00e8re de r\u00e9colte et de traitement des noisettes. <\/p>\n<\/div>\n<\/div><div class=\"fusion-button-wrapper fusion-aligncenter\"><a class=\"fusion-button button-flat fusion-button-default-size button-custom fusion-button-default button-3 fusion-button-default-span fusion-button-default-type\" style=\"--button_accent_color:#ffffff;--button_border_color:#ffffff;--button_accent_hover_color:#ffffff;--button_border_hover_color:#ffffff;--button_gradient_top_color:#cc0000;--button_gradient_bottom_color:#cc0000;--button_gradient_top_color_hover:#ef0000;--button_gradient_bottom_color_hover:#ef0000;\" target=\"_self\" title=\"Plus sur la r\u00e9colte de noisettes et traitement des noisettes\" aria-label=\"Plus sur la r\u00e9colte de noisettes et traitement des noisettes\" href=\"https:\/\/feucht-obsttechnik.de\/fr\/traitement-des-fruits-secs\/noisette\/\"><span class=\"fusion-button-text awb-button__text awb-button__text--default\">R\u00e9colte de noisettes et traitement des noisettes<\/span><\/a><\/div><div class=\"fusion-sep-clear\"><\/div><div class=\"fusion-separator fusion-full-width-sep\" style=\"margin-left: auto;margin-right: auto;margin-bottom:30px;width:100%;\"><\/div><div class=\"fusion-sep-clear\"><\/div><div class=\"fusion-clearfix\"><\/div><\/div><\/div><\/div><\/div><div class=\"fusion-fullwidth fullwidth-box fusion-builder-row-5 nonhundred-percent-fullwidth non-hundred-percent-height-scrolling fusion-equal-height-columns fusion-no-small-visibility schlagwoerter\" style=\"--awb-background-position:center top;--awb-border-sizes-top:0px;--awb-border-sizes-bottom:0px;--awb-border-sizes-left:0px;--awb-border-sizes-right:0px;--awb-border-radius-top-left:0px;--awb-border-radius-top-right:0px;--awb-border-radius-bottom-right:0px;--awb-border-radius-bottom-left:0px;--awb-padding-top:0px;--awb-padding-right:15%;--awb-padding-bottom:0px;--awb-padding-left:15%;--awb-background-color:#a0ce4e;--awb-flex-wrap:wrap;\" ><div class=\"fusion-builder-row fusion-row\"><div class=\"fusion-layout-column fusion_builder_column fusion-builder-column-9 fusion_builder_column_1_5 1_5 fusion-one-fifth fusion-column-first\" style=\"--awb-padding-top:10px;--awb-padding-bottom:10px;--awb-bg-size:cover;--awb-margin-top:10px;--awb-margin-bottom:0px;width:20%;width:calc(20% - ( ( 4% ) * 0.2 ) );margin-right: 4%;\"><div class=\"fusion-column-wrapper fusion-column-has-shadow fusion-flex-column-wrapper-legacy\"><div class=\"fusion-column-content-centered\"><div class=\"fusion-column-content\"><div class=\"fusion-title title fusion-title-1 fusion-sep-none fusion-title-text fusion-title-size-two\" style=\"--awb-text-color:#ffffff;--awb-margin-bottom:0px;--awb-margin-right-small:0px;--awb-margin-bottom-small:0px;--awb-margin-left-small:0px;\"><h2 class=\"fusion-title-heading title-heading-left fusion-responsive-typography-calculated\" style=\"margin:0;--fontSize:26;--minFontSize:26;line-height:1.25;\">Mots-cl\u00e9s:<\/h2><\/div><\/div><\/div><div class=\"fusion-clearfix\"><\/div><\/div><\/div><div class=\"fusion-layout-column fusion_builder_column fusion-builder-column-10 fusion_builder_column_4_5 4_5 fusion-four-fifth fusion-column-last fusion-column-no-min-height\" style=\"--awb-padding-top:10px;--awb-padding-bottom:10px;--awb-bg-size:cover;--awb-margin-top:20px;--awb-margin-bottom:0px;width:80%;width:calc(80% - ( ( 4% ) * 0.8 ) );\"><div class=\"fusion-column-wrapper fusion-column-has-shadow fusion-flex-column-wrapper-legacy\"><div class=\"fusion-text fusion-text-9\"><p><span style=\"color: #ffffff\"> <a href=\"https:\/\/feucht-obsttechnik.de\/fr\/traitement-des-fruits-secs\/traitement-des-fruits-secs-en-grande-quantite\/\">Traitement des fruits secs (\u2265 5 t)<\/a>, <a href=\"https:\/\/feucht-obsttechnik.de\/fr\/traitement-des-fruits-secs\/recolter-des-noix-en-petite-quantite\/\">Traitement des fruits secs (\u2264 )<\/a>,<a href=\"https:\/\/feucht-obsttechnik.de\/fr\/traitement-des-fruits-secs\/noisette\/recolte-des-noisettes\/\">R\u00e9colte de noisettes et traitement des noisettes<\/a><\/span><\/p>\n<\/div><div class=\"fusion-clearfix\"><\/div><\/div><\/div><\/div><\/div><\/p>\n","protected":false},"excerpt":{"rendered":"","protected":false},"author":4,"featured_media":0,"parent":0,"menu_order":0,"comment_status":"closed","ping_status":"closed","template":"100-width.php","meta":{"footnotes":"","_wp_rev_ctl_limit":""},"class_list":["post-13684","page","type-page","status-publish","hentry"],"yoast_head":"<!-- This site is optimized with the Yoast SEO plugin v27.5 - https:\/\/yoast.com\/product\/yoast-seo-wordpress\/ -->\n<title>Traitement des fruits secs - Feucht Obsttechnik<\/title>\n<meta name=\"description\" content=\"B\u00e9n\u00e9ficiez de notre expertise relative au traitement des noisettes pour augmenter la productivit\u00e9 du traitement, de la r\u00e9colte au craquage des fruits secs.\" \/>\n<meta name=\"robots\" content=\"index, follow, max-snippet:-1, max-image-preview:large, max-video-preview:-1\" \/>\n<link rel=\"canonical\" href=\"https:\/\/feucht-obsttechnik.de\/fr\/traitement-des-fruits-secs\/\" \/>\n<meta property=\"og:locale\" content=\"fr_FR\" \/>\n<meta property=\"og:type\" content=\"article\" \/>\n<meta property=\"og:title\" content=\"Traitement des fruits secs - Feucht Obsttechnik\" \/>\n<meta property=\"og:description\" content=\"B\u00e9n\u00e9ficiez de notre expertise relative au traitement des noisettes pour augmenter la productivit\u00e9 du traitement, de la r\u00e9colte au craquage des fruits secs.\" \/>\n<meta property=\"og:url\" content=\"https:\/\/feucht-obsttechnik.de\/fr\/traitement-des-fruits-secs\/\" \/>\n<meta property=\"og:site_name\" content=\"Feucht Obsttechnik\" \/>\n<meta property=\"article:modified_time\" content=\"2021-04-16T13:32:46+00:00\" \/>\n<meta name=\"twitter:card\" content=\"summary_large_image\" \/>\n<meta name=\"twitter:label1\" content=\"Dur\u00e9e de lecture estim\u00e9e\" \/>\n\t<meta name=\"twitter:data1\" content=\"16 minutes\" \/>\n<script type=\"application\/ld+json\" class=\"yoast-schema-graph\">{\"@context\":\"https:\\\/\\\/schema.org\",\"@graph\":[{\"@type\":\"WebPage\",\"@id\":\"https:\\\/\\\/feucht-obsttechnik.de\\\/fr\\\/traitement-des-fruits-secs\\\/\",\"url\":\"https:\\\/\\\/feucht-obsttechnik.de\\\/fr\\\/traitement-des-fruits-secs\\\/\",\"name\":\"Traitement des fruits secs - Feucht Obsttechnik\",\"isPartOf\":{\"@id\":\"https:\\\/\\\/feucht-obsttechnik.de\\\/fr\\\/#website\"},\"datePublished\":\"2021-04-09T13:35:24+00:00\",\"dateModified\":\"2021-04-16T13:32:46+00:00\",\"description\":\"B\u00e9n\u00e9ficiez de notre expertise relative au traitement des noisettes pour augmenter la productivit\u00e9 du traitement, de la r\u00e9colte au craquage des fruits secs.\",\"breadcrumb\":{\"@id\":\"https:\\\/\\\/feucht-obsttechnik.de\\\/fr\\\/traitement-des-fruits-secs\\\/#breadcrumb\"},\"inLanguage\":\"fr-FR\",\"potentialAction\":[{\"@type\":\"ReadAction\",\"target\":[\"https:\\\/\\\/feucht-obsttechnik.de\\\/fr\\\/traitement-des-fruits-secs\\\/\"]}]},{\"@type\":\"BreadcrumbList\",\"@id\":\"https:\\\/\\\/feucht-obsttechnik.de\\\/fr\\\/traitement-des-fruits-secs\\\/#breadcrumb\",\"itemListElement\":[{\"@type\":\"ListItem\",\"position\":1,\"name\":\"Startseite\",\"item\":\"https:\\\/\\\/feucht-obsttechnik.de\\\/fr\\\/\"},{\"@type\":\"ListItem\",\"position\":2,\"name\":\"Traitement des fruits secs\"}]},{\"@type\":\"WebSite\",\"@id\":\"https:\\\/\\\/feucht-obsttechnik.de\\\/fr\\\/#website\",\"url\":\"https:\\\/\\\/feucht-obsttechnik.de\\\/fr\\\/\",\"name\":\"Feucht Obsttechnik\",\"description\":\"\",\"publisher\":{\"@id\":\"https:\\\/\\\/feucht-obsttechnik.de\\\/fr\\\/#organization\"},\"potentialAction\":[{\"@type\":\"SearchAction\",\"target\":{\"@type\":\"EntryPoint\",\"urlTemplate\":\"https:\\\/\\\/feucht-obsttechnik.de\\\/fr\\\/?s={search_term_string}\"},\"query-input\":{\"@type\":\"PropertyValueSpecification\",\"valueRequired\":true,\"valueName\":\"search_term_string\"}}],\"inLanguage\":\"fr-FR\"},{\"@type\":\"Organization\",\"@id\":\"https:\\\/\\\/feucht-obsttechnik.de\\\/fr\\\/#organization\",\"name\":\"Feucht Obsttechnik GmbH\",\"url\":\"https:\\\/\\\/feucht-obsttechnik.de\\\/fr\\\/\",\"logo\":{\"@type\":\"ImageObject\",\"inLanguage\":\"fr-FR\",\"@id\":\"https:\\\/\\\/feucht-obsttechnik.de\\\/fr\\\/#\\\/schema\\\/logo\\\/image\\\/\",\"url\":\"https:\\\/\\\/feucht-obsttechnik.de\\\/wp-content\\\/uploads\\\/logo-feucht@2x-1.png\",\"contentUrl\":\"https:\\\/\\\/feucht-obsttechnik.de\\\/wp-content\\\/uploads\\\/logo-feucht@2x-1.png\",\"width\":640,\"height\":123,\"caption\":\"Feucht Obsttechnik GmbH\"},\"image\":{\"@id\":\"https:\\\/\\\/feucht-obsttechnik.de\\\/fr\\\/#\\\/schema\\\/logo\\\/image\\\/\"}}]}<\/script>\n<!-- \/ Yoast SEO plugin. -->","yoast_head_json":{"title":"Traitement des fruits secs - Feucht Obsttechnik","description":"B\u00e9n\u00e9ficiez de notre expertise relative au traitement des noisettes pour augmenter la productivit\u00e9 du traitement, de la r\u00e9colte au craquage des fruits secs.","robots":{"index":"index","follow":"follow","max-snippet":"max-snippet:-1","max-image-preview":"max-image-preview:large","max-video-preview":"max-video-preview:-1"},"canonical":"https:\/\/feucht-obsttechnik.de\/fr\/traitement-des-fruits-secs\/","og_locale":"fr_FR","og_type":"article","og_title":"Traitement des fruits secs - Feucht Obsttechnik","og_description":"B\u00e9n\u00e9ficiez de notre expertise relative au traitement des noisettes pour augmenter la productivit\u00e9 du traitement, de la r\u00e9colte au craquage des fruits secs.","og_url":"https:\/\/feucht-obsttechnik.de\/fr\/traitement-des-fruits-secs\/","og_site_name":"Feucht Obsttechnik","article_modified_time":"2021-04-16T13:32:46+00:00","twitter_card":"summary_large_image","twitter_misc":{"Dur\u00e9e de lecture estim\u00e9e":"16 minutes"},"schema":{"@context":"https:\/\/schema.org","@graph":[{"@type":"WebPage","@id":"https:\/\/feucht-obsttechnik.de\/fr\/traitement-des-fruits-secs\/","url":"https:\/\/feucht-obsttechnik.de\/fr\/traitement-des-fruits-secs\/","name":"Traitement des fruits secs - Feucht Obsttechnik","isPartOf":{"@id":"https:\/\/feucht-obsttechnik.de\/fr\/#website"},"datePublished":"2021-04-09T13:35:24+00:00","dateModified":"2021-04-16T13:32:46+00:00","description":"B\u00e9n\u00e9ficiez de notre expertise relative au traitement des noisettes pour augmenter la productivit\u00e9 du traitement, de la r\u00e9colte au craquage des fruits secs.","breadcrumb":{"@id":"https:\/\/feucht-obsttechnik.de\/fr\/traitement-des-fruits-secs\/#breadcrumb"},"inLanguage":"fr-FR","potentialAction":[{"@type":"ReadAction","target":["https:\/\/feucht-obsttechnik.de\/fr\/traitement-des-fruits-secs\/"]}]},{"@type":"BreadcrumbList","@id":"https:\/\/feucht-obsttechnik.de\/fr\/traitement-des-fruits-secs\/#breadcrumb","itemListElement":[{"@type":"ListItem","position":1,"name":"Startseite","item":"https:\/\/feucht-obsttechnik.de\/fr\/"},{"@type":"ListItem","position":2,"name":"Traitement des fruits secs"}]},{"@type":"WebSite","@id":"https:\/\/feucht-obsttechnik.de\/fr\/#website","url":"https:\/\/feucht-obsttechnik.de\/fr\/","name":"Feucht Obsttechnik","description":"","publisher":{"@id":"https:\/\/feucht-obsttechnik.de\/fr\/#organization"},"potentialAction":[{"@type":"SearchAction","target":{"@type":"EntryPoint","urlTemplate":"https:\/\/feucht-obsttechnik.de\/fr\/?s={search_term_string}"},"query-input":{"@type":"PropertyValueSpecification","valueRequired":true,"valueName":"search_term_string"}}],"inLanguage":"fr-FR"},{"@type":"Organization","@id":"https:\/\/feucht-obsttechnik.de\/fr\/#organization","name":"Feucht Obsttechnik GmbH","url":"https:\/\/feucht-obsttechnik.de\/fr\/","logo":{"@type":"ImageObject","inLanguage":"fr-FR","@id":"https:\/\/feucht-obsttechnik.de\/fr\/#\/schema\/logo\/image\/","url":"https:\/\/feucht-obsttechnik.de\/wp-content\/uploads\/logo-feucht@2x-1.png","contentUrl":"https:\/\/feucht-obsttechnik.de\/wp-content\/uploads\/logo-feucht@2x-1.png","width":640,"height":123,"caption":"Feucht Obsttechnik GmbH"},"image":{"@id":"https:\/\/feucht-obsttechnik.de\/fr\/#\/schema\/logo\/image\/"}}]}},"_links":{"self":[{"href":"https:\/\/feucht-obsttechnik.de\/fr\/wp-json\/wp\/v2\/pages\/13684","targetHints":{"allow":["GET"]}}],"collection":[{"href":"https:\/\/feucht-obsttechnik.de\/fr\/wp-json\/wp\/v2\/pages"}],"about":[{"href":"https:\/\/feucht-obsttechnik.de\/fr\/wp-json\/wp\/v2\/types\/page"}],"author":[{"embeddable":true,"href":"https:\/\/feucht-obsttechnik.de\/fr\/wp-json\/wp\/v2\/users\/4"}],"replies":[{"embeddable":true,"href":"https:\/\/feucht-obsttechnik.de\/fr\/wp-json\/wp\/v2\/comments?post=13684"}],"version-history":[{"count":0,"href":"https:\/\/feucht-obsttechnik.de\/fr\/wp-json\/wp\/v2\/pages\/13684\/revisions"}],"wp:attachment":[{"href":"https:\/\/feucht-obsttechnik.de\/fr\/wp-json\/wp\/v2\/media?parent=13684"}],"curies":[{"name":"wp","href":"https:\/\/api.w.org\/{rel}","templated":true}]}}