{"id":13305,"date":"2021-04-09T13:52:47","date_gmt":"2021-04-09T11:52:47","guid":{"rendered":"https:\/\/neu2020.feucht-obsttechnik.de\/lp-seilschuettler\/"},"modified":"2021-04-16T14:58:41","modified_gmt":"2021-04-16T12:58:41","slug":"lp-seilschuettler","status":"publish","type":"page","link":"https:\/\/feucht-obsttechnik.de\/fr\/lp-seilschuettler\/","title":{"rendered":"LP Seilsch\u00fcttler"},"content":{"rendered":"<p><div class=\"fusion-bg-parallax\" data-bg-align=\"left center\" data-direction=\"up\" data-mute=\"false\" data-opacity=\"100\" data-velocity=\"-0.3\" data-mobile-enabled=\"false\" data-break_parents=\"0\" data-bg-image=\"https:\/\/feucht-obsttechnik.de\/wp-content\/uploads\/bg-header-obsterntetechnik.jpg\" data-bg-repeat=\"false\" ><\/div><div class=\"fusion-fullwidth fullwidth-box fusion-builder-row-1 fusion-parallax-up nonhundred-percent-fullwidth non-hundred-percent-height-scrolling\" style=\"--awb-background-position:left center;--awb-border-sizes-top:0px;--awb-border-sizes-bottom:0px;--awb-border-sizes-left:0px;--awb-border-sizes-right:0px;--awb-border-radius-top-left:0px;--awb-border-radius-top-right:0px;--awb-border-radius-bottom-right:0px;--awb-border-radius-bottom-left:0px;--awb-padding-top:130px;--awb-padding-bottom:120px;--awb-background-image:url(&quot;https:\/\/feucht-obsttechnik.de\/wp-content\/uploads\/bg-header-obsterntetechnik.jpg&quot;);--awb-background-size:cover;--awb-flex-wrap:wrap;\" ><div class=\"fusion-builder-row fusion-row\"><div class=\"fusion-layout-column fusion_builder_column fusion-builder-column-0 fusion_builder_column_1_2 1_2 fusion-one-half fusion-column-first\" style=\"--awb-bg-size:cover;width:48%; margin-right: 4%;\"><div class=\"fusion-column-wrapper fusion-flex-column-wrapper-legacy\"><div class=\"fusion-text fusion-text-1\"><h1><span style=\"color: #ffffff;\"> Vibreur agricole \u00e0 c\u00e2ble<\/span><\/h1>\n<p><span style=\"color: #ffffff;\">Notre vibreur agricole \u00e0 c\u00e2ble permet une augmentation consid\u00e9rable de rendement d\u2019agitation, et cela implique une r\u00e9duction significative des co\u00fbts de r\u00e9colte.<\/span><\/p>\n<\/div><div class=\"fusion-clearfix\"><\/div><\/div><\/div><div class=\"fusion-layout-column fusion_builder_column fusion-builder-column-1 fusion_builder_column_1_2 1_2 fusion-one-half fusion-column-last\" style=\"--awb-bg-size:cover;width:48%;\"><div class=\"fusion-column-wrapper fusion-flex-column-wrapper-legacy\"><div class=\"fusion-clearfix\"><\/div><\/div><\/div><\/div><\/div><div class=\"fusion-fullwidth fullwidth-box fusion-builder-row-2 nonhundred-percent-fullwidth non-hundred-percent-height-scrolling\" style=\"--awb-background-position:left top;--awb-border-sizes-top:0px;--awb-border-sizes-bottom:0px;--awb-border-sizes-left:0px;--awb-border-sizes-right:0px;--awb-border-radius-top-left:0px;--awb-border-radius-top-right:0px;--awb-border-radius-bottom-right:0px;--awb-border-radius-bottom-left:0px;--awb-padding-top:130px;--awb-padding-bottom:30px;--awb-flex-wrap:wrap;\" ><div class=\"fusion-builder-row fusion-row\"><div class=\"fusion-layout-column fusion_builder_column fusion-builder-column-2 fusion_builder_column_1_1 1_1 fusion-one-full fusion-column-first fusion-column-last\" style=\"--awb-bg-size:cover;\"><div class=\"fusion-column-wrapper fusion-column-has-shadow fusion-flex-column-wrapper-legacy\"><div class=\"fusion-text fusion-text-2\"><h2>Vibreur agricole \u00e0 c\u00e2ble \/ vibreur de fruits de Feucht Obsttechnik<\/h2>\n<\/div><div class=\"fusion-text fusion-text-3\"><h3><span class=\"\">Le vibreur \u00e0 c\u00e2ble \/ vibreur de fruits vous permet de r\u00e9duire de 30 % le temps requis pour secouer les arbres.<\/span><\/h3>\n<\/div><div class=\"fusion-clearfix\"><\/div><\/div><\/div><div class=\"fusion-layout-column fusion_builder_column fusion-builder-column-3 fusion_builder_column_1_2 1_2 fusion-one-half fusion-column-first\" style=\"--awb-bg-size:cover;width:48%; margin-right: 4%;\"><div class=\"fusion-column-wrapper fusion-flex-column-wrapper-legacy\"><div class=\"fusion-text fusion-text-4\"><p>Pour pouvoir ramasser des fruits \u00e0 jus avec une machine de ramassage, il faut secouer les arbres fruitiers. Cette activit\u00e9 demande notamment beaucoup de temps et elle s\u2019av\u00e8re \u00e9puisante lorsqu\u2019elle est r\u00e9alis\u00e9e \u00e0 la main. Pour adapter la secousse des arbres au rendement de r\u00e9colte des machines de ramassage, on peut secouer rapidement et sans peiner les pommes, les poires, les prunes, les cerises, les noix et autres fruits tomb\u00e9s de l\u2019arbre gr\u00e2ce \u00e0 notre vibreur agricole \u00e0 c\u00e2ble. L\u2019achat de cet agitateur \u00e0 c\u00e2ble bon march\u00e9 et solide constitue vraisemblablement une aubaine pour les fermiers ne disposant que d\u2019un ou deux arbres fruitiers. Le vibreur agricole \u00e0 c\u00e2ble est disponible sur le march\u00e9 depuis plus de vingt ans, et, \u00e0 ce jour, 5 500 exemplaires ont \u00e9t\u00e9 vendus.    <\/p>\n<p>Le vibreur de fruits OS est un secoueur \u00e0 c\u00e2ble avec 3 points. Il se fixe \u00e0 l\u2019avant ou \u00e0 l\u2019arri\u00e8re du traceur et est actionn\u00e9 par un arbre de prise de force (PTO). Le vibreur \u00e0 c\u00e2ble de 54 kg est habituellement \u00e9quip\u00e9 d\u2019un c\u00e2ble en acier de 10 m, qui est fix\u00e9 aux branches principales de la cime des arbres. Ensuite, le c\u00e2ble est tendu pour permettre de commencer le processus d\u2019agitation avec ledit vibreur. La manipulation du vibreur agricole \u00e0 c\u00e2ble est simple \u00e0 apprendre.<\/p>\n<\/div><div class=\"fusion-clearfix\"><\/div><\/div><\/div><div class=\"fusion-layout-column fusion_builder_column fusion-builder-column-4 fusion_builder_column_1_2 1_2 fusion-one-half fusion-column-last\" style=\"--awb-bg-size:cover;width:48%;\"><div class=\"fusion-column-wrapper fusion-flex-column-wrapper-legacy\"><div class=\"fusion-image-element in-legacy-container\" style=\"--awb-caption-title-font-family:var(--h2_typography-font-family);--awb-caption-title-font-weight:var(--h2_typography-font-weight);--awb-caption-title-font-style:var(--h2_typography-font-style);--awb-caption-title-size:var(--h2_typography-font-size);--awb-caption-title-transform:var(--h2_typography-text-transform);--awb-caption-title-line-height:var(--h2_typography-line-height);--awb-caption-title-letter-spacing:var(--h2_typography-letter-spacing);\"><span class=\" fusion-imageframe imageframe-none imageframe-1 hover-type-zoomin fusion-animated\" data-animationType=\"fadeInDown\" data-animationDuration=\"1.0\" data-animationOffset=\"bottom-in-view\"><a href=\"https:\/\/feucht-obsttechnik.de\/wp-content\/uploads\/obstsch\u00fcttler-os-seilschuettler-3.jpg\" class=\"fusion-lightbox\" data-rel=\"iLightbox[Vibreur-agricole-\u00e0-c\u00e2ble]\" data-title=\"Le vibreur de fruits OS est un secoueur \u00e0 c\u00e2ble avec 3 points\" title=\"Le vibreur de fruits OS est un secoueur \u00e0 c\u00e2ble avec 3 points\"><img decoding=\"async\" width=\"1600\" height=\"1200\" src=\"https:\/\/feucht-obsttechnik.de\/wp-content\/uploads\/obstsch\u00fcttler-os-seilschuettler-3.jpg\" alt class=\"img-responsive wp-image-8371\" srcset=\"https:\/\/feucht-obsttechnik.de\/wp-content\/uploads\/obstsch\u00fcttler-os-seilschuettler-3-200x150.jpg 200w, https:\/\/feucht-obsttechnik.de\/wp-content\/uploads\/obstsch\u00fcttler-os-seilschuettler-3-400x300.jpg 400w, https:\/\/feucht-obsttechnik.de\/wp-content\/uploads\/obstsch\u00fcttler-os-seilschuettler-3-600x450.jpg 600w, https:\/\/feucht-obsttechnik.de\/wp-content\/uploads\/obstsch\u00fcttler-os-seilschuettler-3-800x600.jpg 800w, https:\/\/feucht-obsttechnik.de\/wp-content\/uploads\/obstsch\u00fcttler-os-seilschuettler-3-1200x900.jpg 1200w, https:\/\/feucht-obsttechnik.de\/wp-content\/uploads\/obstsch\u00fcttler-os-seilschuettler-3.jpg 1600w\" sizes=\"(max-width: 835px) 100vw, 600px\" \/><\/a><\/span><\/div><div class=\"fusion-clearfix\"><\/div><\/div><\/div><\/div><\/div><div class=\"fusion-fullwidth fullwidth-box fusion-builder-row-3 nonhundred-percent-fullwidth non-hundred-percent-height-scrolling\" style=\"--awb-background-position:left top;--awb-border-sizes-top:0px;--awb-border-sizes-bottom:0px;--awb-border-sizes-left:0px;--awb-border-sizes-right:0px;--awb-border-radius-top-left:0px;--awb-border-radius-top-right:0px;--awb-border-radius-bottom-right:0px;--awb-border-radius-bottom-left:0px;--awb-padding-top:1px;--awb-padding-bottom:0px;--awb-background-color:#cc0000;--awb-flex-wrap:wrap;\" ><div class=\"fusion-builder-row fusion-row\"><div class=\"fusion-layout-column fusion_builder_column fusion-builder-column-5 fusion_builder_column_1_1 1_1 fusion-one-full fusion-column-first fusion-column-last\" style=\"--awb-padding-top:50px;--awb-padding-bottom:50px;--awb-padding-left:0px;--awb-bg-size:cover;--awb-margin-bottom:0px;\"><div class=\"fusion-column-wrapper fusion-column-has-shadow fusion-flex-column-wrapper-legacy\"><div class=\"fusion-column-content-centered\"><div class=\"fusion-column-content\"><div class=\"fusion-text fusion-text-5\"><h2 style=\"text-align: center; margin-bottom: 0px;\"><span style=\"color: #ffffff;\"> Vibreur agricole \u00e0 c\u00e2ble \/ vibreur de fruits de Feucht Obsttechnik<\/span><\/h2>\n<\/div><\/div><\/div><div class=\"fusion-clearfix\"><\/div><\/div><\/div><\/div><\/div><div class=\"fusion-fullwidth fullwidth-box fusion-builder-row-4 nonhundred-percent-fullwidth non-hundred-percent-height-scrolling\" style=\"--awb-border-radius-top-left:0px;--awb-border-radius-top-right:0px;--awb-border-radius-bottom-right:0px;--awb-border-radius-bottom-left:0px;--awb-padding-top:100px;--awb-padding-bottom:50px;--awb-background-color:#f2f2f2;--awb-flex-wrap:wrap;\" ><div class=\"fusion-builder-row fusion-row\"><div class=\"fusion-layout-column fusion_builder_column fusion-builder-column-6 fusion_builder_column_1_1 1_1 fusion-one-full fusion-column-first fusion-column-last\" style=\"--awb-bg-color:#ffffff;--awb-bg-color-hover:#ffffff;--awb-bg-size:cover;\"><div class=\"fusion-column-wrapper fusion-flex-column-wrapper-legacy\"><div class=\"fusion-text fusion-text-6\"><div style=\"padding: 25px;\">\n<h2>Notre vibreur \u00e0 c\u00e2ble \/ vibreur de fruits :<\/h2>\n<\/div>\n<\/div>\n<div class=\"table-2\">\n<table width=\"100%\">\n<tbody>\n<tr>\n<td align=\"left\"><strong>Vibreur \u00e0 c\u00e2ble pour troncs d\u2019arbres \u00e9lev\u00e9es (fruit shaker)<\/strong><br \/>\n<span class=\"table_description\"> Vibreur \u00e0 c\u00e2ble <\/span><\/td>\n<td align=\"left\">Vibreur \u00e0 c\u00e2ble pour troncs d\u2019arbres \u00e9lev\u00e9es (fruit shaker) Vibreur \u00e0 c\u00e2ble L\u2019utilisation simple, la variabilit\u00e9 et le rapport qualit\u00e9-prix sont r\u00e9unis. Le vibreur de fruits OS ne se contente pas de faire vibrer efficacement l\u2019arbre par le mouvement de traction du c\u00e2ble, mais il est aussi tr\u00e8s agr\u00e9able sur le tronc gr\u00e2ce \u00e0 sa sangle de fixation. Il est possible de secouer les branches jusqu\u2019\u00e0 6 m gr\u00e2ce \u00e0 la perche t\u00e9lescopique (en option) qui, autrement, ne sont atteignables qu\u2019avec une \u00e9chelle. La poulie du c\u00e2ble optionnelle permet de secouer simultan\u00e9ment jusqu\u2019\u00e0 2 arbres dans des vergers de fruits \u00e0 jus. Le tracteur doit \u00eatre d\u2019au moins 15 ch.    <\/td>\n<\/tr>\n<\/tbody>\n<\/table>\n<\/div>\n<div class=\"fusion-clearfix\"><\/div><\/div><\/div><div class=\"fusion-layout-column fusion_builder_column fusion-builder-column-7 fusion_builder_column_1_1 1_1 fusion-one-full fusion-column-first fusion-column-last\" style=\"--awb-bg-size:cover;--awb-margin-bottom:0px;\"><div class=\"fusion-column-wrapper fusion-column-has-shadow fusion-flex-column-wrapper-legacy\"><div class=\"fusion-column-content-centered\"><div class=\"fusion-column-content\"><div class=\"fusion-button-wrapper\"><a class=\"fusion-button button-flat fusion-button-default-size button-custom fusion-button-default button-1 fusion-button-default-span fusion-button-default-type\" style=\"--button_accent_color:#ffffff;--button_border_color:#ffffff;--button_accent_hover_color:#ffffff;--button_border_hover_color:#ffffff;--button_gradient_top_color:#cc0000;--button_gradient_bottom_color:#cc0000;--button_gradient_top_color_hover:#ef0000;--button_gradient_bottom_color_hover:#ef0000;\" target=\"_self\" title=\"PLUS SUR NOTRE VIBREUR AGRICOLE A C\u00c2BLE\" aria-label=\"PLUS SUR NOTRE VIBREUR AGRICOLE A C\u00c2BLE\" href=\"https:\/\/feucht-obsttechnik.de\/fr\/lp-seilschuettler\/\"><span class=\"fusion-button-text awb-button__text awb-button__text--default\">POUR EN SAVOIR PLUS SUR NOTRE VIBREUR AGRICOLE A C\u00c2BLE<\/span><\/a><\/div><\/div><\/div><div class=\"fusion-clearfix\"><\/div><\/div><\/div><\/div><\/div><div class=\"fusion-fullwidth fullwidth-box fusion-builder-row-5 nonhundred-percent-fullwidth non-hundred-percent-height-scrolling fusion-equal-height-columns fusion-no-small-visibility schlagwoerter\" style=\"--awb-background-position:center top;--awb-border-sizes-top:0px;--awb-border-sizes-bottom:0px;--awb-border-sizes-left:0px;--awb-border-sizes-right:0px;--awb-border-radius-top-left:0px;--awb-border-radius-top-right:0px;--awb-border-radius-bottom-right:0px;--awb-border-radius-bottom-left:0px;--awb-padding-top:0px;--awb-padding-right:15%;--awb-padding-bottom:0px;--awb-padding-left:15%;--awb-background-color:#a0ce4e;--awb-flex-wrap:wrap;\" ><div class=\"fusion-builder-row fusion-row\"><div class=\"fusion-layout-column fusion_builder_column fusion-builder-column-8 fusion_builder_column_1_5 1_5 fusion-one-fifth fusion-column-first\" style=\"--awb-padding-top:10px;--awb-padding-bottom:10px;--awb-bg-size:cover;--awb-margin-top:10px;--awb-margin-bottom:0px;width:20%;width:calc(20% - ( ( 4% ) * 0.2 ) );margin-right: 4%;\"><div class=\"fusion-column-wrapper fusion-column-has-shadow fusion-flex-column-wrapper-legacy\"><div class=\"fusion-column-content-centered\"><div class=\"fusion-column-content\"><div class=\"fusion-title title fusion-title-1 fusion-sep-none fusion-title-text fusion-title-size-two\" style=\"--awb-text-color:#ffffff;--awb-margin-bottom:0px;--awb-margin-right-small:0px;--awb-margin-bottom-small:0px;--awb-margin-left-small:0px;\"><h2 class=\"fusion-title-heading title-heading-left fusion-responsive-typography-calculated\" style=\"margin:0;--fontSize:26;--minFontSize:26;line-height:1.25;\">Mots-cl\u00e9s:<\/h2><\/div><\/div><\/div><div class=\"fusion-clearfix\"><\/div><\/div><\/div><div class=\"fusion-layout-column fusion_builder_column fusion-builder-column-9 fusion_builder_column_4_5 4_5 fusion-four-fifth fusion-column-last fusion-column-no-min-height\" style=\"--awb-padding-top:10px;--awb-padding-bottom:10px;--awb-bg-size:cover;--awb-margin-top:20px;--awb-margin-bottom:0px;width:80%;width:calc(80% - ( ( 4% ) * 0.8 ) );\"><div class=\"fusion-column-wrapper fusion-column-has-shadow fusion-flex-column-wrapper-legacy\"><div class=\"fusion-text fusion-text-7\"><p><span style=\"color: #ffffff;\"><a href=\"https:\/\/feucht-obsttechnik.de\/fr\/technologie-de-recolte-des-fruits\/agitateurs\/\">Vibreurs<\/a>, <a href=\"https:\/\/feucht-obsttechnik.de\/fr\/technologie-de-recolte-des-fruits\/agitateurs\/vibreur-de-fruits-os\/\">Vibreur de fruits<\/a>, <a href=\"https:\/\/feucht-obsttechnik.de\/fr\/technologie-de-recolte-des-fruits\/agitateurs\/perche-telescopique\/\">Perche t\u00e9l\u00e9scopique<\/a>, <a href=\"https:\/\/feucht-obsttechnik.de\/fr\/technologie-de-recolte-des-fruits\/agitateurs\/vibreur-mecanique-de-troncs\/\">Vibreur m\u00e9canique de troncs<\/a>, <a href=\"https:\/\/feucht-obsttechnik.de\/fr\/technologie-de-recolte-des-fruits\/agitateurs\/agitateur-vibreur-hydraulique-de-troncs\/\">Vibreur hydraulique de troncs<\/a>,<a href=\"https:\/\/feucht-obsttechnik.de\/fr\/technologie-de-recolte-des-fruits\/\">Technologie de r\u00e9colte des fruits<\/a>, <a href=\"https:\/\/feucht-obsttechnik.de\/fr\/technologie-de-recolte-des-fruits\/\">Dispositifs de r\u00e9colte de fruits<\/a>, <a href=\"https:\/\/feucht-obsttechnik.de\/fr\/technologie-de-recolte-des-fruits\/agitateurs\/agitateur-vibreur-hydraulique-de-troncs\/\">Vibreur de troncs<\/a>, <a href=\"https:\/\/feucht-obsttechnik.de\/fr\/technologie-de-recolte-des-fruits\/agitateurs\/vibreur-de-fruits-os\/\">Vibreur agricole \u00e0 c\u00e2ble<\/a><\/span><\/p>\n<\/div><div class=\"fusion-clearfix\"><\/div><\/div><\/div><\/div><\/div><\/p>\n","protected":false},"excerpt":{"rendered":"","protected":false},"author":4,"featured_media":0,"parent":0,"menu_order":0,"comment_status":"closed","ping_status":"closed","template":"100-width.php","meta":{"footnotes":"","_wp_rev_ctl_limit":""},"class_list":["post-13305","page","type-page","status-publish","hentry"],"yoast_head":"<!-- This site is optimized with the Yoast SEO plugin v27.5 - https:\/\/yoast.com\/product\/yoast-seo-wordpress\/ -->\n<title>Vibreur agricole \u00e0 c\u00e2ble \/ vibreur de fruits<\/title>\n<meta name=\"description\" content=\"Les vibreurs agricoles \u00e0 c\u00e2ble de Feucht Obsttechnik diminuent les frais de r\u00e9colte et augmentent le rendement d\u2019agitation. En savoir plus sur notre vibreur \u00e0 c\u00e2ble populaire.\" \/>\n<meta name=\"robots\" content=\"index, follow, max-snippet:-1, max-image-preview:large, max-video-preview:-1\" \/>\n<link rel=\"canonical\" href=\"https:\/\/feucht-obsttechnik.de\/fr\/lp-seilschuettler\/\" \/>\n<meta property=\"og:locale\" content=\"fr_FR\" \/>\n<meta property=\"og:type\" content=\"article\" \/>\n<meta property=\"og:title\" content=\"Vibreur agricole \u00e0 c\u00e2ble \/ vibreur de fruits\" \/>\n<meta property=\"og:description\" content=\"Les vibreurs agricoles \u00e0 c\u00e2ble de Feucht Obsttechnik diminuent les frais de r\u00e9colte et augmentent le rendement d\u2019agitation. En savoir plus sur notre vibreur \u00e0 c\u00e2ble populaire.\" \/>\n<meta property=\"og:url\" content=\"https:\/\/feucht-obsttechnik.de\/fr\/lp-seilschuettler\/\" \/>\n<meta property=\"og:site_name\" content=\"Feucht Obsttechnik\" \/>\n<meta property=\"article:modified_time\" content=\"2021-04-16T12:58:41+00:00\" \/>\n<meta name=\"twitter:card\" content=\"summary_large_image\" \/>\n<meta name=\"twitter:label1\" content=\"Dur\u00e9e de lecture estim\u00e9e\" \/>\n\t<meta name=\"twitter:data1\" content=\"13 minutes\" \/>\n<script type=\"application\/ld+json\" class=\"yoast-schema-graph\">{\"@context\":\"https:\\\/\\\/schema.org\",\"@graph\":[{\"@type\":\"WebPage\",\"@id\":\"https:\\\/\\\/feucht-obsttechnik.de\\\/fr\\\/lp-seilschuettler\\\/\",\"url\":\"https:\\\/\\\/feucht-obsttechnik.de\\\/fr\\\/lp-seilschuettler\\\/\",\"name\":\"Vibreur agricole \u00e0 c\u00e2ble \\\/ vibreur de fruits\",\"isPartOf\":{\"@id\":\"https:\\\/\\\/feucht-obsttechnik.de\\\/fr\\\/#website\"},\"datePublished\":\"2021-04-09T11:52:47+00:00\",\"dateModified\":\"2021-04-16T12:58:41+00:00\",\"description\":\"Les vibreurs agricoles \u00e0 c\u00e2ble de Feucht Obsttechnik diminuent les frais de r\u00e9colte et augmentent le rendement d\u2019agitation. En savoir plus sur notre vibreur \u00e0 c\u00e2ble populaire.\",\"breadcrumb\":{\"@id\":\"https:\\\/\\\/feucht-obsttechnik.de\\\/fr\\\/lp-seilschuettler\\\/#breadcrumb\"},\"inLanguage\":\"fr-FR\",\"potentialAction\":[{\"@type\":\"ReadAction\",\"target\":[\"https:\\\/\\\/feucht-obsttechnik.de\\\/fr\\\/lp-seilschuettler\\\/\"]}]},{\"@type\":\"BreadcrumbList\",\"@id\":\"https:\\\/\\\/feucht-obsttechnik.de\\\/fr\\\/lp-seilschuettler\\\/#breadcrumb\",\"itemListElement\":[{\"@type\":\"ListItem\",\"position\":1,\"name\":\"Startseite\",\"item\":\"https:\\\/\\\/feucht-obsttechnik.de\\\/fr\\\/\"},{\"@type\":\"ListItem\",\"position\":2,\"name\":\"LP Seilsch\u00fcttler\"}]},{\"@type\":\"WebSite\",\"@id\":\"https:\\\/\\\/feucht-obsttechnik.de\\\/fr\\\/#website\",\"url\":\"https:\\\/\\\/feucht-obsttechnik.de\\\/fr\\\/\",\"name\":\"Feucht Obsttechnik\",\"description\":\"\",\"publisher\":{\"@id\":\"https:\\\/\\\/feucht-obsttechnik.de\\\/fr\\\/#organization\"},\"potentialAction\":[{\"@type\":\"SearchAction\",\"target\":{\"@type\":\"EntryPoint\",\"urlTemplate\":\"https:\\\/\\\/feucht-obsttechnik.de\\\/fr\\\/?s={search_term_string}\"},\"query-input\":{\"@type\":\"PropertyValueSpecification\",\"valueRequired\":true,\"valueName\":\"search_term_string\"}}],\"inLanguage\":\"fr-FR\"},{\"@type\":\"Organization\",\"@id\":\"https:\\\/\\\/feucht-obsttechnik.de\\\/fr\\\/#organization\",\"name\":\"Feucht Obsttechnik GmbH\",\"url\":\"https:\\\/\\\/feucht-obsttechnik.de\\\/fr\\\/\",\"logo\":{\"@type\":\"ImageObject\",\"inLanguage\":\"fr-FR\",\"@id\":\"https:\\\/\\\/feucht-obsttechnik.de\\\/fr\\\/#\\\/schema\\\/logo\\\/image\\\/\",\"url\":\"https:\\\/\\\/feucht-obsttechnik.de\\\/wp-content\\\/uploads\\\/logo-feucht@2x-1.png\",\"contentUrl\":\"https:\\\/\\\/feucht-obsttechnik.de\\\/wp-content\\\/uploads\\\/logo-feucht@2x-1.png\",\"width\":640,\"height\":123,\"caption\":\"Feucht Obsttechnik GmbH\"},\"image\":{\"@id\":\"https:\\\/\\\/feucht-obsttechnik.de\\\/fr\\\/#\\\/schema\\\/logo\\\/image\\\/\"}}]}<\/script>\n<!-- \/ Yoast SEO plugin. -->","yoast_head_json":{"title":"Vibreur agricole \u00e0 c\u00e2ble \/ vibreur de fruits","description":"Les vibreurs agricoles \u00e0 c\u00e2ble de Feucht Obsttechnik diminuent les frais de r\u00e9colte et augmentent le rendement d\u2019agitation. En savoir plus sur notre vibreur \u00e0 c\u00e2ble populaire.","robots":{"index":"index","follow":"follow","max-snippet":"max-snippet:-1","max-image-preview":"max-image-preview:large","max-video-preview":"max-video-preview:-1"},"canonical":"https:\/\/feucht-obsttechnik.de\/fr\/lp-seilschuettler\/","og_locale":"fr_FR","og_type":"article","og_title":"Vibreur agricole \u00e0 c\u00e2ble \/ vibreur de fruits","og_description":"Les vibreurs agricoles \u00e0 c\u00e2ble de Feucht Obsttechnik diminuent les frais de r\u00e9colte et augmentent le rendement d\u2019agitation. En savoir plus sur notre vibreur \u00e0 c\u00e2ble populaire.","og_url":"https:\/\/feucht-obsttechnik.de\/fr\/lp-seilschuettler\/","og_site_name":"Feucht Obsttechnik","article_modified_time":"2021-04-16T12:58:41+00:00","twitter_card":"summary_large_image","twitter_misc":{"Dur\u00e9e de lecture estim\u00e9e":"13 minutes"},"schema":{"@context":"https:\/\/schema.org","@graph":[{"@type":"WebPage","@id":"https:\/\/feucht-obsttechnik.de\/fr\/lp-seilschuettler\/","url":"https:\/\/feucht-obsttechnik.de\/fr\/lp-seilschuettler\/","name":"Vibreur agricole \u00e0 c\u00e2ble \/ vibreur de fruits","isPartOf":{"@id":"https:\/\/feucht-obsttechnik.de\/fr\/#website"},"datePublished":"2021-04-09T11:52:47+00:00","dateModified":"2021-04-16T12:58:41+00:00","description":"Les vibreurs agricoles \u00e0 c\u00e2ble de Feucht Obsttechnik diminuent les frais de r\u00e9colte et augmentent le rendement d\u2019agitation. En savoir plus sur notre vibreur \u00e0 c\u00e2ble populaire.","breadcrumb":{"@id":"https:\/\/feucht-obsttechnik.de\/fr\/lp-seilschuettler\/#breadcrumb"},"inLanguage":"fr-FR","potentialAction":[{"@type":"ReadAction","target":["https:\/\/feucht-obsttechnik.de\/fr\/lp-seilschuettler\/"]}]},{"@type":"BreadcrumbList","@id":"https:\/\/feucht-obsttechnik.de\/fr\/lp-seilschuettler\/#breadcrumb","itemListElement":[{"@type":"ListItem","position":1,"name":"Startseite","item":"https:\/\/feucht-obsttechnik.de\/fr\/"},{"@type":"ListItem","position":2,"name":"LP Seilsch\u00fcttler"}]},{"@type":"WebSite","@id":"https:\/\/feucht-obsttechnik.de\/fr\/#website","url":"https:\/\/feucht-obsttechnik.de\/fr\/","name":"Feucht Obsttechnik","description":"","publisher":{"@id":"https:\/\/feucht-obsttechnik.de\/fr\/#organization"},"potentialAction":[{"@type":"SearchAction","target":{"@type":"EntryPoint","urlTemplate":"https:\/\/feucht-obsttechnik.de\/fr\/?s={search_term_string}"},"query-input":{"@type":"PropertyValueSpecification","valueRequired":true,"valueName":"search_term_string"}}],"inLanguage":"fr-FR"},{"@type":"Organization","@id":"https:\/\/feucht-obsttechnik.de\/fr\/#organization","name":"Feucht Obsttechnik GmbH","url":"https:\/\/feucht-obsttechnik.de\/fr\/","logo":{"@type":"ImageObject","inLanguage":"fr-FR","@id":"https:\/\/feucht-obsttechnik.de\/fr\/#\/schema\/logo\/image\/","url":"https:\/\/feucht-obsttechnik.de\/wp-content\/uploads\/logo-feucht@2x-1.png","contentUrl":"https:\/\/feucht-obsttechnik.de\/wp-content\/uploads\/logo-feucht@2x-1.png","width":640,"height":123,"caption":"Feucht Obsttechnik GmbH"},"image":{"@id":"https:\/\/feucht-obsttechnik.de\/fr\/#\/schema\/logo\/image\/"}}]}},"_links":{"self":[{"href":"https:\/\/feucht-obsttechnik.de\/fr\/wp-json\/wp\/v2\/pages\/13305","targetHints":{"allow":["GET"]}}],"collection":[{"href":"https:\/\/feucht-obsttechnik.de\/fr\/wp-json\/wp\/v2\/pages"}],"about":[{"href":"https:\/\/feucht-obsttechnik.de\/fr\/wp-json\/wp\/v2\/types\/page"}],"author":[{"embeddable":true,"href":"https:\/\/feucht-obsttechnik.de\/fr\/wp-json\/wp\/v2\/users\/4"}],"replies":[{"embeddable":true,"href":"https:\/\/feucht-obsttechnik.de\/fr\/wp-json\/wp\/v2\/comments?post=13305"}],"version-history":[{"count":0,"href":"https:\/\/feucht-obsttechnik.de\/fr\/wp-json\/wp\/v2\/pages\/13305\/revisions"}],"wp:attachment":[{"href":"https:\/\/feucht-obsttechnik.de\/fr\/wp-json\/wp\/v2\/media?parent=13305"}],"curies":[{"name":"wp","href":"https:\/\/api.w.org\/{rel}","templated":true}]}}