{"id":9768,"date":"2021-03-24T15:19:30","date_gmt":"2021-03-24T14:19:30","guid":{"rendered":"http:\/\/neu2020.feucht-obsttechnik.de\/procesamiento-de-frutos-secos\/avellana\/secado-de-avellanas\/"},"modified":"2021-04-22T21:39:35","modified_gmt":"2021-04-22T19:39:35","slug":"secado-de-avellanas","status":"publish","type":"page","link":"https:\/\/feucht-obsttechnik.de\/es\/procesamiento-de-frutos-secos\/avellana\/secado-de-avellanas\/","title":{"rendered":"Secado de avellanas"},"content":{"rendered":"<p><div class=\"fusion-bg-parallax\" data-bg-align=\"left center\" data-direction=\"up\" data-mute=\"false\" data-opacity=\"100\" data-velocity=\"-0.3\" data-mobile-enabled=\"false\" data-break_parents=\"0\" data-bg-image=\"https:\/\/feucht-obsttechnik.de\/wp-content\/uploads\/bg-header-haselnussernte.jpg\" data-bg-repeat=\"false\" ><\/div><div class=\"fusion-fullwidth fullwidth-box fusion-builder-row-1 fusion-parallax-up nonhundred-percent-fullwidth non-hundred-percent-height-scrolling\" style=\"--awb-background-position:left center;--awb-border-sizes-top:0px;--awb-border-sizes-bottom:0px;--awb-border-sizes-left:0px;--awb-border-sizes-right:0px;--awb-border-radius-top-left:0px;--awb-border-radius-top-right:0px;--awb-border-radius-bottom-right:0px;--awb-border-radius-bottom-left:0px;--awb-padding-top:130px;--awb-padding-bottom:120px;--awb-background-image:url(&quot;https:\/\/feucht-obsttechnik.de\/wp-content\/uploads\/bg-header-haselnussernte.jpg&quot;);--awb-background-size:cover;--awb-flex-wrap:wrap;\" ><div class=\"fusion-builder-row fusion-row\"><div class=\"fusion-layout-column fusion_builder_column fusion-builder-column-0 fusion_builder_column_1_2 1_2 fusion-one-half fusion-column-first\" style=\"--awb-bg-size:cover;width:48%; margin-right: 4%;\"><div class=\"fusion-column-wrapper fusion-flex-column-wrapper-legacy\"><div class=\"fusion-text fusion-text-1\"><h1><span style=\"color: #ffffff\">Secado de avellanas<\/span><\/h1>\n<p><span style=\"color: #ffffff\">Benef\u00edciese de nuestro saber hacer en el procesamiento de frutos secos e incremente su productividad en todos los procesos.<\/span><\/p>\n<\/div><div class=\"fusion-clearfix\"><\/div><\/div><\/div><div class=\"fusion-layout-column fusion_builder_column fusion-builder-column-1 fusion_builder_column_1_2 1_2 fusion-one-half fusion-column-last\" style=\"--awb-bg-size:cover;width:48%;\"><div class=\"fusion-column-wrapper fusion-flex-column-wrapper-legacy\"><div class=\"fusion-clearfix\"><\/div><\/div><\/div><\/div><\/div><div class=\"fusion-fullwidth fullwidth-box fusion-builder-row-2 nonhundred-percent-fullwidth non-hundred-percent-height-scrolling\" style=\"--awb-background-position:left top;--awb-border-sizes-top:0px;--awb-border-sizes-bottom:0px;--awb-border-sizes-left:0px;--awb-border-sizes-right:0px;--awb-border-radius-top-left:0px;--awb-border-radius-top-right:0px;--awb-border-radius-bottom-right:0px;--awb-border-radius-bottom-left:0px;--awb-padding-top:130px;--awb-padding-bottom:30px;--awb-flex-wrap:wrap;\" ><div class=\"fusion-builder-row fusion-row\"><div class=\"fusion-layout-column fusion_builder_column fusion-builder-column-2 fusion_builder_column_1_1 1_1 fusion-one-full fusion-column-first fusion-column-last\" style=\"--awb-bg-size:cover;\"><div class=\"fusion-column-wrapper fusion-column-has-shadow fusion-flex-column-wrapper-legacy\"><div class=\"fusion-text fusion-text-2\"><h2>Secado de avellanas.<\/h2>\n<\/div><div class=\"fusion-text fusion-text-3\"><h3><span class=\"\">Use dispositivos de secado para conservar y almacenar nueces.<\/span><\/h3>\n<\/div><div class=\"fusion-clearfix\"><\/div><\/div><\/div><div class=\"fusion-layout-column fusion_builder_column fusion-builder-column-3 fusion_builder_column_1_2 1_2 fusion-one-half fusion-column-first\" style=\"--awb-bg-size:cover;width:48%; margin-right: 4%;\"><div class=\"fusion-column-wrapper fusion-flex-column-wrapper-legacy\"><div class=\"fusion-text fusion-text-4\"><p>Despu\u00e9s de limpiar las avellanas, deben secarse hasta alcanzar un 6-12% de humedad en el n\u00facleo. Esto asegura que los frutos se conserven durante mucho tiempo y evita que se pongan mohosos o negros. Para secar las avellanas, se usan <strong>dispositivos de secado<\/strong> especiales o<strong>dep\u00f3sitos de secado<\/strong>. Nuestro secador de avellanas funciona de manera extremadamente suave y eficiente utilizando un cilindro de flujo de aire.<\/p>\n<\/div><div class=\"fusion-clearfix\"><\/div><\/div><\/div><div class=\"fusion-layout-column fusion_builder_column fusion-builder-column-4 fusion_builder_column_1_2 1_2 fusion-one-half fusion-column-last\" style=\"--awb-bg-size:cover;width:48%;\"><div class=\"fusion-column-wrapper fusion-flex-column-wrapper-legacy\"><div class=\"fusion-image-element in-legacy-container\" style=\"--awb-caption-title-font-family:var(--h2_typography-font-family);--awb-caption-title-font-weight:var(--h2_typography-font-weight);--awb-caption-title-font-style:var(--h2_typography-font-style);--awb-caption-title-size:var(--h2_typography-font-size);--awb-caption-title-transform:var(--h2_typography-text-transform);--awb-caption-title-line-height:var(--h2_typography-line-height);--awb-caption-title-letter-spacing:var(--h2_typography-letter-spacing);\"><span class=\" fusion-imageframe imageframe-none imageframe-1 hover-type-zoomin fusion-animated\" data-animationType=\"fadeInDown\" data-animationDuration=\"1.0\" data-animationOffset=\"bottom-in-view\"><a href=\"https:\/\/feucht-obsttechnik.de\/wp-content\/uploads\/nussverarbeitung-haselnuss-trocknen-haselnusstrockner-1.jpg\" class=\"fusion-lightbox\" data-rel=\"iLightbox[Secador de avellanas ]\" data-title=\"Conservar los frutos para almacenarlas con el secador de avellanas\" title=\"Conservar los frutos para almacenarlas con el secador de avellanas\"><img decoding=\"async\" width=\"1600\" height=\"1200\" src=\"https:\/\/feucht-obsttechnik.de\/wp-content\/uploads\/nussverarbeitung-haselnuss-trocknen-haselnusstrockner-1.jpg\" alt class=\"img-responsive wp-image-7951\" srcset=\"https:\/\/feucht-obsttechnik.de\/wp-content\/uploads\/nussverarbeitung-haselnuss-trocknen-haselnusstrockner-1-200x150.jpg 200w, https:\/\/feucht-obsttechnik.de\/wp-content\/uploads\/nussverarbeitung-haselnuss-trocknen-haselnusstrockner-1-400x300.jpg 400w, https:\/\/feucht-obsttechnik.de\/wp-content\/uploads\/nussverarbeitung-haselnuss-trocknen-haselnusstrockner-1-600x450.jpg 600w, https:\/\/feucht-obsttechnik.de\/wp-content\/uploads\/nussverarbeitung-haselnuss-trocknen-haselnusstrockner-1-800x600.jpg 800w, https:\/\/feucht-obsttechnik.de\/wp-content\/uploads\/nussverarbeitung-haselnuss-trocknen-haselnusstrockner-1-1200x900.jpg 1200w, https:\/\/feucht-obsttechnik.de\/wp-content\/uploads\/nussverarbeitung-haselnuss-trocknen-haselnusstrockner-1.jpg 1600w\" sizes=\"(max-width: 835px) 100vw, 600px\" \/><\/a><\/span><\/div><div class=\"fusion-clearfix\"><\/div><\/div><\/div><\/div><\/div><div class=\"fusion-fullwidth fullwidth-box fusion-builder-row-3 nonhundred-percent-fullwidth non-hundred-percent-height-scrolling\" style=\"--awb-background-position:left top;--awb-border-sizes-top:0px;--awb-border-sizes-bottom:0px;--awb-border-sizes-left:0px;--awb-border-sizes-right:0px;--awb-border-radius-top-left:0px;--awb-border-radius-top-right:0px;--awb-border-radius-bottom-right:0px;--awb-border-radius-bottom-left:0px;--awb-padding-top:1px;--awb-padding-bottom:0px;--awb-background-color:#cc0000;--awb-flex-wrap:wrap;\" ><div class=\"fusion-builder-row fusion-row\"><div class=\"fusion-layout-column fusion_builder_column fusion-builder-column-5 fusion_builder_column_1_1 1_1 fusion-one-full fusion-column-first fusion-column-last\" style=\"--awb-padding-top:50px;--awb-padding-bottom:50px;--awb-padding-left:0px;--awb-bg-size:cover;--awb-margin-bottom:0px;\"><div class=\"fusion-column-wrapper fusion-column-has-shadow fusion-flex-column-wrapper-legacy\"><div class=\"fusion-column-content-centered\"><div class=\"fusion-column-content\"><div class=\"fusion-text fusion-text-5\"><h2 style=\"text-align: center;margin-bottom: 0px\"><span style=\"color: #ffffff\">M\u00e1quinas para secar avellanas de Feucht Obsttechnik<\/span><\/h2>\n<\/div><\/div><\/div><div class=\"fusion-clearfix\"><\/div><\/div><\/div><\/div><\/div><div class=\"fusion-fullwidth fullwidth-box fusion-builder-row-4 nonhundred-percent-fullwidth non-hundred-percent-height-scrolling\" style=\"--awb-border-radius-top-left:0px;--awb-border-radius-top-right:0px;--awb-border-radius-bottom-right:0px;--awb-border-radius-bottom-left:0px;--awb-flex-wrap:wrap;\" ><div class=\"fusion-builder-row fusion-row\"><div class=\"fusion-layout-column fusion_builder_column fusion-builder-column-6 fusion_builder_column_1_1 1_1 fusion-one-full fusion-column-first fusion-column-last\" style=\"--awb-padding-top:0px;--awb-padding-right:0px;--awb-padding-bottom:0px;--awb-padding-left:0px;--awb-bg-size:cover;--awb-margin-bottom:0px;\"><div class=\"fusion-column-wrapper fusion-column-has-shadow fusion-flex-column-wrapper-legacy\"><div class=\"fusion-menu-anchor\" id=\"haselnusstrocknung\"><\/div><div class=\"fusion-clearfix\"><\/div><\/div><\/div><\/div><\/div><div class=\"fusion-fullwidth fullwidth-box fusion-builder-row-5 fusion-parallax-none nonhundred-percent-fullwidth non-hundred-percent-height-scrolling\" style=\"--awb-border-radius-top-left:0px;--awb-border-radius-top-right:0px;--awb-border-radius-bottom-right:0px;--awb-border-radius-bottom-left:0px;--awb-padding-top:200px;--awb-margin-top:-1px;--awb-background-image:url(&quot;https:\/\/feucht-obsttechnik.de\/wp-content\/uploads\/nussverarbeitung-haselnuss-trocknen-divider-haselnusstrockner.jpg&quot;);--awb-background-size:cover;--awb-flex-wrap:wrap;\" ><div class=\"fusion-builder-row fusion-row\"><div class=\"fusion-layout-column fusion_builder_column fusion-builder-column-7 fusion_builder_column_1_6 1_6 fusion-one-sixth fusion-column-first\" style=\"--awb-bg-size:cover;width:16.666666666667%;width:calc(16.666666666667% - ( ( 4% + 4% ) * 0.16666666666667 ) );margin-right: 4%;\"><div class=\"fusion-column-wrapper fusion-flex-column-wrapper-legacy\"><div class=\"fusion-clearfix\"><\/div><\/div><\/div><div class=\"fusion-layout-column fusion_builder_column fusion-builder-column-8 fusion_builder_column_2_3 2_3 fusion-two-third\" style=\"--awb-padding-top:50px;--awb-padding-right:50px;--awb-padding-bottom:50px;--awb-padding-left:50px;--awb-bg-color:rgba(255,255,255,0.9);--awb-bg-color-hover:rgba(255,255,255,0.9);--awb-bg-size:cover;--awb-margin-bottom:-100px;width:66.666666666667%;width:calc(66.666666666667% - ( ( 4% + 4% ) * 0.66666666666667 ) );margin-right: 4%;\"><div class=\"fusion-column-wrapper fusion-column-has-shadow fusion-flex-column-wrapper-legacy\"><div class=\"fusion-text fusion-text-6\"><h2 style=\"text-align: center\">Secador de avellanas<\/h2>\n<p style=\"text-align: center\"><strong>Secar los frutos secos de una manera eficiente y econ\u00f3mica.<\/strong><\/p>\n<p style=\"text-align: center\">El <strong>dispositivo de secado<\/strong> es especialmente adecuado para secar nueces y avellanas. El secado de los frutos secos se realiza mediante un cilindro de doble pared con flujo de aire. Despu\u00e9s de llenar la secadora, la temperatura se establece en funci\u00f3n del fruto seco (tipo y contenido de humedad).  <\/p>\n<p style=\"text-align: center\">El secado cuidadoso y r\u00e1pido de los frutos garantiza una alta eficiencia energ\u00e9tica. Gracias a su peque\u00f1o tama\u00f1o y baja altura, la secadora tambi\u00e9n se puede usar en espacios particularmente estrechos y peque\u00f1os. El secador de avellanas se puede llenar con una cinta transportadora o un ventilador transportador. El dep\u00f3sito de secado est\u00e1 disponible en varios tama\u00f1os.   <\/p>\n<\/div><div class=\"fusion-clearfix\"><\/div><\/div><\/div><div class=\"fusion-layout-column fusion_builder_column fusion-builder-column-9 fusion_builder_column_1_6 1_6 fusion-one-sixth fusion-column-last\" style=\"--awb-bg-size:cover;width:16.666666666667%;width:calc(16.666666666667% - ( ( 4% + 4% ) * 0.16666666666667 ) );\"><div class=\"fusion-column-wrapper fusion-flex-column-wrapper-legacy\"><div class=\"fusion-clearfix\"><\/div><\/div><\/div><\/div><\/div><div class=\"fusion-fullwidth fullwidth-box fusion-builder-row-6 nonhundred-percent-fullwidth non-hundred-percent-height-scrolling fusion-equal-height-columns\" style=\"--awb-border-radius-top-left:0px;--awb-border-radius-top-right:0px;--awb-border-radius-bottom-right:0px;--awb-border-radius-bottom-left:0px;--awb-padding-top:200px;--awb-background-color:#f2f2f2;--awb-flex-wrap:wrap;\" ><div class=\"fusion-builder-row fusion-row\"><div class=\"fusion-layout-column fusion_builder_column fusion-builder-column-10 fusion_builder_column_1_1 1_1 fusion-one-full fusion-column-first fusion-column-last\" style=\"--awb-bg-size:cover;\"><div class=\"fusion-column-wrapper fusion-flex-column-wrapper-legacy\"><div class=\"fusion-title title fusion-title-1 fusion-sep-none fusion-title-text fusion-title-size-one\" style=\"--awb-margin-top-small:0px;--awb-margin-right-small:0px;--awb-margin-bottom-small:20px;--awb-margin-left-small:0px;\"><h1 class=\"fusion-title-heading title-heading-left fusion-responsive-typography-calculated\" style=\"margin:0;--fontSize:38;line-height:1.33;\">Detalles del secador de avellanas<\/h1><\/div><div class=\"fusion-clearfix\"><\/div><\/div><\/div><\/div><\/div><div class=\"fusion-fullwidth fullwidth-box fusion-builder-row-7 nonhundred-percent-fullwidth non-hundred-percent-height-scrolling fusion-equal-height-columns\" style=\"--awb-border-radius-top-left:0px;--awb-border-radius-top-right:0px;--awb-border-radius-bottom-right:0px;--awb-border-radius-bottom-left:0px;--awb-padding-bottom:100px;--awb-background-color:#f2f2f2;--awb-flex-wrap:wrap;\" ><div class=\"fusion-builder-row fusion-row\"><div class=\"fusion-layout-column fusion_builder_column fusion-builder-column-11 fusion_builder_column_1_2 1_2 fusion-one-half fusion-column-first\" style=\"--awb-bg-color:#ffffff;--awb-bg-color-hover:#ffffff;--awb-bg-size:cover;--awb-margin-bottom:40px;width:48%; margin-right: 4%;\"><div class=\"fusion-column-wrapper fusion-flex-column-wrapper-legacy\"><div class=\"fusion-image-element fusion-image-align-center in-legacy-container\" style=\"text-align:center;--awb-caption-title-font-family:var(--h2_typography-font-family);--awb-caption-title-font-weight:var(--h2_typography-font-weight);--awb-caption-title-font-style:var(--h2_typography-font-style);--awb-caption-title-size:var(--h2_typography-font-size);--awb-caption-title-transform:var(--h2_typography-text-transform);--awb-caption-title-line-height:var(--h2_typography-line-height);--awb-caption-title-letter-spacing:var(--h2_typography-letter-spacing);\"><div class=\"imageframe-align-center\"><span class=\" fusion-imageframe imageframe-none imageframe-2 hover-type-zoomin\"><a href=\"https:\/\/feucht-obsttechnik.de\/wp-content\/uploads\/nussverarbeitung-haselnuss-trocknen-haselnusstrockner-3.jpg\" class=\"fusion-lightbox\" data-rel=\"iLightbox[Secador de avellanas ]\" data-title=\"Conservar los frutos para almacenarlas con el secador de avellanas\" title=\"Conservar los frutos para almacenarlas con el secador de avellanas\"><img decoding=\"async\" width=\"1600\" height=\"1200\" src=\"https:\/\/feucht-obsttechnik.de\/wp-content\/uploads\/nussverarbeitung-haselnuss-trocknen-haselnusstrockner-3.jpg\" alt class=\"img-responsive wp-image-7956\" srcset=\"https:\/\/feucht-obsttechnik.de\/wp-content\/uploads\/nussverarbeitung-haselnuss-trocknen-haselnusstrockner-3-200x150.jpg 200w, https:\/\/feucht-obsttechnik.de\/wp-content\/uploads\/nussverarbeitung-haselnuss-trocknen-haselnusstrockner-3-400x300.jpg 400w, https:\/\/feucht-obsttechnik.de\/wp-content\/uploads\/nussverarbeitung-haselnuss-trocknen-haselnusstrockner-3-600x450.jpg 600w, https:\/\/feucht-obsttechnik.de\/wp-content\/uploads\/nussverarbeitung-haselnuss-trocknen-haselnusstrockner-3-800x600.jpg 800w, https:\/\/feucht-obsttechnik.de\/wp-content\/uploads\/nussverarbeitung-haselnuss-trocknen-haselnusstrockner-3-1200x900.jpg 1200w, https:\/\/feucht-obsttechnik.de\/wp-content\/uploads\/nussverarbeitung-haselnuss-trocknen-haselnusstrockner-3.jpg 1600w\" sizes=\"(max-width: 835px) 100vw, 600px\" \/><\/a><\/span><\/div><\/div><div class=\"fusion-clearfix\"><\/div><\/div><\/div><div class=\"fusion-layout-column fusion_builder_column fusion-builder-column-12 fusion_builder_column_1_2 1_2 fusion-one-half fusion-column-last\" style=\"--awb-bg-color:#ffffff;--awb-bg-color-hover:#ffffff;--awb-bg-size:cover;width:48%;\"><div class=\"fusion-column-wrapper fusion-flex-column-wrapper-legacy\"><div class=\"fusion-image-element fusion-image-align-center in-legacy-container\" style=\"text-align:center;--awb-caption-title-font-family:var(--h2_typography-font-family);--awb-caption-title-font-weight:var(--h2_typography-font-weight);--awb-caption-title-font-style:var(--h2_typography-font-style);--awb-caption-title-size:var(--h2_typography-font-size);--awb-caption-title-transform:var(--h2_typography-text-transform);--awb-caption-title-line-height:var(--h2_typography-line-height);--awb-caption-title-letter-spacing:var(--h2_typography-letter-spacing);\"><div class=\"imageframe-align-center\"><span class=\" fusion-imageframe imageframe-none imageframe-3 hover-type-zoomin\"><a href=\"https:\/\/feucht-obsttechnik.de\/wp-content\/uploads\/nussverarbeitung-haselnuss-trocknen-haselnusstrockner-2.jpg\" class=\"fusion-lightbox\" data-rel=\"iLightbox[Secador de avellanas ]\" data-title=\"Conservar los frutos para almacenarlas con el secador de avellanas\" title=\"Conservar los frutos para almacenarlas con el secador de avellanas\"><img decoding=\"async\" width=\"1600\" height=\"1200\" src=\"https:\/\/feucht-obsttechnik.de\/wp-content\/uploads\/nussverarbeitung-haselnuss-trocknen-haselnusstrockner-2.jpg\" alt class=\"img-responsive wp-image-7961\" srcset=\"https:\/\/feucht-obsttechnik.de\/wp-content\/uploads\/nussverarbeitung-haselnuss-trocknen-haselnusstrockner-2-200x150.jpg 200w, https:\/\/feucht-obsttechnik.de\/wp-content\/uploads\/nussverarbeitung-haselnuss-trocknen-haselnusstrockner-2-400x300.jpg 400w, https:\/\/feucht-obsttechnik.de\/wp-content\/uploads\/nussverarbeitung-haselnuss-trocknen-haselnusstrockner-2-600x450.jpg 600w, https:\/\/feucht-obsttechnik.de\/wp-content\/uploads\/nussverarbeitung-haselnuss-trocknen-haselnusstrockner-2-800x600.jpg 800w, https:\/\/feucht-obsttechnik.de\/wp-content\/uploads\/nussverarbeitung-haselnuss-trocknen-haselnusstrockner-2-1200x900.jpg 1200w, https:\/\/feucht-obsttechnik.de\/wp-content\/uploads\/nussverarbeitung-haselnuss-trocknen-haselnusstrockner-2.jpg 1600w\" sizes=\"(max-width: 835px) 100vw, 600px\" \/><\/a><\/span><\/div><\/div><div class=\"fusion-clearfix\"><\/div><\/div><\/div><\/div><\/div><div class=\"fusion-fullwidth fullwidth-box fusion-builder-row-8 nonhundred-percent-fullwidth non-hundred-percent-height-scrolling fusion-equal-height-columns\" style=\"--awb-border-radius-top-left:0px;--awb-border-radius-top-right:0px;--awb-border-radius-bottom-right:0px;--awb-border-radius-bottom-left:0px;--awb-padding-bottom:100px;--awb-background-color:#f2f2f2;--awb-flex-wrap:wrap;\" ><div class=\"fusion-builder-row fusion-row\"><div class=\"fusion-layout-column fusion_builder_column fusion-builder-column-13 fusion_builder_column_1_2 1_2 fusion-one-half fusion-column-first\" style=\"--awb-bg-color:#ffffff;--awb-bg-color-hover:#ffffff;--awb-bg-size:cover;--awb-margin-bottom:40px;width:48%; margin-right: 4%;\"><div class=\"fusion-column-wrapper fusion-flex-column-wrapper-legacy\"><div class=\"fusion-text fusion-text-7\"><div style=\"padding: 25px\">\n<h2>Ventajas<\/h2>\n<ul>\n<li>ideal para avellanas y nueces<\/li>\n<li>disponible en varias capacidades<\/li>\n<li>incluso peque\u00f1as cantidades se pueden secar sin problemas<\/li>\n<li>se puede usar para granos org\u00e1nicos (con una conversi\u00f3n r\u00e1pida)<\/li>\n<li>alta eficiencia energ\u00e9tica<\/li>\n<li>llenado con cinta o ventilador transportadores<\/li>\n<li>secado simult\u00e1neo gracias al cilindro de doble pared con buena circulaci\u00f3n de aire caliente<\/li>\n<li>temperatura regulable<\/li>\n<\/ul>\n<\/div>\n<\/div><div class=\"fusion-clearfix\"><\/div><\/div><\/div><div class=\"fusion-layout-column fusion_builder_column fusion-builder-column-14 fusion_builder_column_1_2 1_2 fusion-one-half fusion-column-last\" style=\"--awb-bg-color:#ffffff;--awb-bg-color-hover:#ffffff;--awb-bg-size:cover;width:48%;\"><div class=\"fusion-column-wrapper fusion-flex-column-wrapper-legacy\"><div class=\"fusion-text fusion-text-8\"><div style=\"padding: 25px\">\n<h2>Datos t\u00e9cnicos<\/h2>\n<p>* seg\u00fan el modelo y la humedad<\/p>\n<\/div>\n<\/div>\n<div class=\"table-2\">\n<table width=\"100%\">\n<tbody>\n<tr>\n<td align=\"left\">Largo:<\/td>\n<td align=\"left\">160 cm &#8211; 330 cm *<\/td>\n<\/tr>\n<tr>\n<td align=\"left\">Altura:<\/td>\n<td align=\"left\">220 cm &#8211; 400 cm *<\/td>\n<\/tr>\n<tr>\n<td align=\"left\">Peso:<\/td>\n<td align=\"left\">350 &#8211; 860 kg aproximadamente *<\/td>\n<\/tr>\n<tr>\n<td align=\"left\">Voltaje:<\/td>\n<td align=\"left\">220 V (versiones m\u00e1s peque\u00f1as); 380 V (versi\u00f3n grande)<\/td>\n<\/tr>\n<tr>\n<td align=\"left\">kW necesarios:<\/td>\n<td align=\"left\">3 &#8211; 5 kW *<\/td>\n<\/tr>\n<tr>\n<td align=\"left\">Caudal:<\/td>\n<td align=\"left\">1000 \u2013 2000 \u2013 3000 \u2013 4000 kg * por d\u00eda<\/td>\n<\/tr>\n<tr>\n<td align=\"left\">Tipos de fruta:<\/td>\n<td align=\"left\">Nueces, avellanas<\/td>\n<\/tr>\n<\/tbody>\n<\/table>\n<\/div>\n<div class=\"fusion-clearfix\"><\/div><\/div><\/div><\/div><\/div><div class=\"fusion-fullwidth fullwidth-box fusion-builder-row-9 nonhundred-percent-fullwidth non-hundred-percent-height-scrolling fusion-equal-height-columns fusion-no-small-visibility schlagwoerter\" style=\"--awb-background-position:center top;--awb-border-sizes-top:0px;--awb-border-sizes-bottom:0px;--awb-border-sizes-left:0px;--awb-border-sizes-right:0px;--awb-border-radius-top-left:0px;--awb-border-radius-top-right:0px;--awb-border-radius-bottom-right:0px;--awb-border-radius-bottom-left:0px;--awb-padding-top:0px;--awb-padding-right:15%;--awb-padding-bottom:0px;--awb-padding-left:15%;--awb-background-color:#a0ce4e;--awb-flex-wrap:wrap;\" ><div class=\"fusion-builder-row fusion-row\"><div class=\"fusion-layout-column fusion_builder_column fusion-builder-column-15 fusion_builder_column_1_5 1_5 fusion-one-fifth fusion-column-first\" style=\"--awb-padding-top:10px;--awb-padding-bottom:10px;--awb-bg-size:cover;--awb-margin-top:10px;--awb-margin-bottom:0px;width:20%;width:calc(20% - ( ( 4% ) * 0.2 ) );margin-right: 4%;\"><div class=\"fusion-column-wrapper fusion-column-has-shadow fusion-flex-column-wrapper-legacy\"><div class=\"fusion-column-content-centered\"><div class=\"fusion-column-content\"><div class=\"fusion-title title fusion-title-2 fusion-sep-none fusion-title-text fusion-title-size-two\" style=\"--awb-text-color:#ffffff;--awb-margin-bottom:0px;--awb-margin-right-small:0px;--awb-margin-bottom-small:0px;--awb-margin-left-small:0px;\"><h2 class=\"fusion-title-heading title-heading-left fusion-responsive-typography-calculated\" style=\"margin:0;--fontSize:26;--minFontSize:26;line-height:1.25;\">Palabras clave:<\/h2><\/div><\/div><\/div><div class=\"fusion-clearfix\"><\/div><\/div><\/div><div class=\"fusion-layout-column fusion_builder_column fusion-builder-column-16 fusion_builder_column_4_5 4_5 fusion-four-fifth fusion-column-last fusion-column-no-min-height\" style=\"--awb-padding-top:10px;--awb-padding-bottom:10px;--awb-bg-size:cover;--awb-margin-top:20px;--awb-margin-bottom:0px;width:80%;width:calc(80% - ( ( 4% ) * 0.8 ) );\"><div class=\"fusion-column-wrapper fusion-column-has-shadow fusion-flex-column-wrapper-legacy\"><div class=\"fusion-text fusion-text-9\"><p><span style=\"color: #ffffff\"><a href=\"https:\/\/feucht-obsttechnik.de\/es\/procesamiento-de-frutos-secos\/avellana\/recoleccion-de-avellanas\/\">Recolecci\u00f3n de avellanas<\/a>, <a href=\"https:\/\/feucht-obsttechnik.de\/es\/procesamiento-de-frutos-secos\/avellana\/limpieza-de-avellanas\/\">Lavado de frutos secos<\/a>, <a href=\"https:\/\/feucht-obsttechnik.de\/es\/procesamiento-de-frutos-secos\/avellana\/secado-de-avellanas\/\">Secado de frutos secos<\/a>, <a href=\"https:\/\/feucht-obsttechnik.de\/es\/procesamiento-de-frutos-secos\/avellana\/calibracion-y-craqueo-de-avellanas\/\">Calibraci\u00f3n de frutos secos<\/a>, <a href=\"https:\/\/feucht-obsttechnik.de\/es\/procesamiento-de-frutos-secos\/avellana\/calibracion-y-craqueo-de-avellanas\/\">Craqueo de frutos secos<\/a><\/span><\/p>\n<\/div><div class=\"fusion-clearfix\"><\/div><\/div><\/div><\/div><\/div><\/p>\n","protected":false},"excerpt":{"rendered":"","protected":false},"author":4,"featured_media":0,"parent":9719,"menu_order":0,"comment_status":"closed","ping_status":"closed","template":"100-width.php","meta":{"footnotes":"","_wp_rev_ctl_limit":""},"class_list":["post-9768","page","type-page","status-publish","hentry"],"yoast_head":"<!-- This site is optimized with the Yoast SEO plugin v27.5 - https:\/\/yoast.com\/product\/yoast-seo-wordpress\/ -->\n<title>Secado de avellanas - Feucht Obsttechnik<\/title>\n<meta name=\"description\" content=\"Se usan dispositivos de secado o instalaciones de dep\u00f3sitos de secado para conservar y almacenar las avellanas. M\u00e1s informaci\u00f3n sobre las soluciones de secado de Feucht Obsttechnik.\" \/>\n<meta name=\"robots\" content=\"index, follow, max-snippet:-1, max-image-preview:large, max-video-preview:-1\" \/>\n<link rel=\"canonical\" href=\"https:\/\/feucht-obsttechnik.de\/es\/procesamiento-de-frutos-secos\/avellana\/secado-de-avellanas\/\" \/>\n<meta property=\"og:locale\" content=\"es_ES\" \/>\n<meta property=\"og:type\" content=\"article\" \/>\n<meta property=\"og:title\" content=\"Secado de avellanas - Feucht Obsttechnik\" \/>\n<meta property=\"og:description\" content=\"Se usan dispositivos de secado o instalaciones de dep\u00f3sitos de secado para conservar y almacenar las avellanas. M\u00e1s informaci\u00f3n sobre las soluciones de secado de Feucht Obsttechnik.\" \/>\n<meta property=\"og:url\" content=\"https:\/\/feucht-obsttechnik.de\/es\/procesamiento-de-frutos-secos\/avellana\/secado-de-avellanas\/\" \/>\n<meta property=\"og:site_name\" content=\"Feucht Obsttechnik\" \/>\n<meta property=\"article:modified_time\" content=\"2021-04-22T19:39:35+00:00\" \/>\n<meta name=\"twitter:card\" content=\"summary_large_image\" \/>\n<meta name=\"twitter:label1\" content=\"Tiempo de lectura\" \/>\n\t<meta name=\"twitter:data1\" content=\"20 minutos\" \/>\n<script type=\"application\/ld+json\" class=\"yoast-schema-graph\">{\"@context\":\"https:\\\/\\\/schema.org\",\"@graph\":[{\"@type\":\"WebPage\",\"@id\":\"https:\\\/\\\/feucht-obsttechnik.de\\\/es\\\/procesamiento-de-frutos-secos\\\/avellana\\\/secado-de-avellanas\\\/\",\"url\":\"https:\\\/\\\/feucht-obsttechnik.de\\\/es\\\/procesamiento-de-frutos-secos\\\/avellana\\\/secado-de-avellanas\\\/\",\"name\":\"Secado de avellanas - Feucht Obsttechnik\",\"isPartOf\":{\"@id\":\"https:\\\/\\\/feucht-obsttechnik.de\\\/es\\\/#website\"},\"datePublished\":\"2021-03-24T14:19:30+00:00\",\"dateModified\":\"2021-04-22T19:39:35+00:00\",\"description\":\"Se usan dispositivos de secado o instalaciones de dep\u00f3sitos de secado para conservar y almacenar las avellanas. M\u00e1s informaci\u00f3n sobre las soluciones de secado de Feucht Obsttechnik.\",\"breadcrumb\":{\"@id\":\"https:\\\/\\\/feucht-obsttechnik.de\\\/es\\\/procesamiento-de-frutos-secos\\\/avellana\\\/secado-de-avellanas\\\/#breadcrumb\"},\"inLanguage\":\"es\",\"potentialAction\":[{\"@type\":\"ReadAction\",\"target\":[\"https:\\\/\\\/feucht-obsttechnik.de\\\/es\\\/procesamiento-de-frutos-secos\\\/avellana\\\/secado-de-avellanas\\\/\"]}]},{\"@type\":\"BreadcrumbList\",\"@id\":\"https:\\\/\\\/feucht-obsttechnik.de\\\/es\\\/procesamiento-de-frutos-secos\\\/avellana\\\/secado-de-avellanas\\\/#breadcrumb\",\"itemListElement\":[{\"@type\":\"ListItem\",\"position\":1,\"name\":\"Startseite\",\"item\":\"https:\\\/\\\/feucht-obsttechnik.de\\\/es\\\/\"},{\"@type\":\"ListItem\",\"position\":2,\"name\":\"Procesamiento de frutos secos\",\"item\":\"https:\\\/\\\/feucht-obsttechnik.de\\\/es\\\/procesamiento-de-frutos-secos\\\/\"},{\"@type\":\"ListItem\",\"position\":3,\"name\":\"Avellana\",\"item\":\"https:\\\/\\\/feucht-obsttechnik.de\\\/es\\\/procesamiento-de-frutos-secos\\\/avellana\\\/\"},{\"@type\":\"ListItem\",\"position\":4,\"name\":\"Secado de avellanas\"}]},{\"@type\":\"WebSite\",\"@id\":\"https:\\\/\\\/feucht-obsttechnik.de\\\/es\\\/#website\",\"url\":\"https:\\\/\\\/feucht-obsttechnik.de\\\/es\\\/\",\"name\":\"Feucht Obsttechnik\",\"description\":\"\",\"publisher\":{\"@id\":\"https:\\\/\\\/feucht-obsttechnik.de\\\/es\\\/#organization\"},\"potentialAction\":[{\"@type\":\"SearchAction\",\"target\":{\"@type\":\"EntryPoint\",\"urlTemplate\":\"https:\\\/\\\/feucht-obsttechnik.de\\\/es\\\/?s={search_term_string}\"},\"query-input\":{\"@type\":\"PropertyValueSpecification\",\"valueRequired\":true,\"valueName\":\"search_term_string\"}}],\"inLanguage\":\"es\"},{\"@type\":\"Organization\",\"@id\":\"https:\\\/\\\/feucht-obsttechnik.de\\\/es\\\/#organization\",\"name\":\"Feucht Obsttechnik GmbH\",\"url\":\"https:\\\/\\\/feucht-obsttechnik.de\\\/es\\\/\",\"logo\":{\"@type\":\"ImageObject\",\"inLanguage\":\"es\",\"@id\":\"https:\\\/\\\/feucht-obsttechnik.de\\\/es\\\/#\\\/schema\\\/logo\\\/image\\\/\",\"url\":\"https:\\\/\\\/feucht-obsttechnik.de\\\/wp-content\\\/uploads\\\/logo-feucht@2x-1.png\",\"contentUrl\":\"https:\\\/\\\/feucht-obsttechnik.de\\\/wp-content\\\/uploads\\\/logo-feucht@2x-1.png\",\"width\":640,\"height\":123,\"caption\":\"Feucht Obsttechnik GmbH\"},\"image\":{\"@id\":\"https:\\\/\\\/feucht-obsttechnik.de\\\/es\\\/#\\\/schema\\\/logo\\\/image\\\/\"}}]}<\/script>\n<!-- \/ Yoast SEO plugin. -->","yoast_head_json":{"title":"Secado de avellanas - Feucht Obsttechnik","description":"Se usan dispositivos de secado o instalaciones de dep\u00f3sitos de secado para conservar y almacenar las avellanas. M\u00e1s informaci\u00f3n sobre las soluciones de secado de Feucht Obsttechnik.","robots":{"index":"index","follow":"follow","max-snippet":"max-snippet:-1","max-image-preview":"max-image-preview:large","max-video-preview":"max-video-preview:-1"},"canonical":"https:\/\/feucht-obsttechnik.de\/es\/procesamiento-de-frutos-secos\/avellana\/secado-de-avellanas\/","og_locale":"es_ES","og_type":"article","og_title":"Secado de avellanas - Feucht Obsttechnik","og_description":"Se usan dispositivos de secado o instalaciones de dep\u00f3sitos de secado para conservar y almacenar las avellanas. M\u00e1s informaci\u00f3n sobre las soluciones de secado de Feucht Obsttechnik.","og_url":"https:\/\/feucht-obsttechnik.de\/es\/procesamiento-de-frutos-secos\/avellana\/secado-de-avellanas\/","og_site_name":"Feucht Obsttechnik","article_modified_time":"2021-04-22T19:39:35+00:00","twitter_card":"summary_large_image","twitter_misc":{"Tiempo de lectura":"20 minutos"},"schema":{"@context":"https:\/\/schema.org","@graph":[{"@type":"WebPage","@id":"https:\/\/feucht-obsttechnik.de\/es\/procesamiento-de-frutos-secos\/avellana\/secado-de-avellanas\/","url":"https:\/\/feucht-obsttechnik.de\/es\/procesamiento-de-frutos-secos\/avellana\/secado-de-avellanas\/","name":"Secado de avellanas - Feucht Obsttechnik","isPartOf":{"@id":"https:\/\/feucht-obsttechnik.de\/es\/#website"},"datePublished":"2021-03-24T14:19:30+00:00","dateModified":"2021-04-22T19:39:35+00:00","description":"Se usan dispositivos de secado o instalaciones de dep\u00f3sitos de secado para conservar y almacenar las avellanas. M\u00e1s informaci\u00f3n sobre las soluciones de secado de Feucht Obsttechnik.","breadcrumb":{"@id":"https:\/\/feucht-obsttechnik.de\/es\/procesamiento-de-frutos-secos\/avellana\/secado-de-avellanas\/#breadcrumb"},"inLanguage":"es","potentialAction":[{"@type":"ReadAction","target":["https:\/\/feucht-obsttechnik.de\/es\/procesamiento-de-frutos-secos\/avellana\/secado-de-avellanas\/"]}]},{"@type":"BreadcrumbList","@id":"https:\/\/feucht-obsttechnik.de\/es\/procesamiento-de-frutos-secos\/avellana\/secado-de-avellanas\/#breadcrumb","itemListElement":[{"@type":"ListItem","position":1,"name":"Startseite","item":"https:\/\/feucht-obsttechnik.de\/es\/"},{"@type":"ListItem","position":2,"name":"Procesamiento de frutos secos","item":"https:\/\/feucht-obsttechnik.de\/es\/procesamiento-de-frutos-secos\/"},{"@type":"ListItem","position":3,"name":"Avellana","item":"https:\/\/feucht-obsttechnik.de\/es\/procesamiento-de-frutos-secos\/avellana\/"},{"@type":"ListItem","position":4,"name":"Secado de avellanas"}]},{"@type":"WebSite","@id":"https:\/\/feucht-obsttechnik.de\/es\/#website","url":"https:\/\/feucht-obsttechnik.de\/es\/","name":"Feucht Obsttechnik","description":"","publisher":{"@id":"https:\/\/feucht-obsttechnik.de\/es\/#organization"},"potentialAction":[{"@type":"SearchAction","target":{"@type":"EntryPoint","urlTemplate":"https:\/\/feucht-obsttechnik.de\/es\/?s={search_term_string}"},"query-input":{"@type":"PropertyValueSpecification","valueRequired":true,"valueName":"search_term_string"}}],"inLanguage":"es"},{"@type":"Organization","@id":"https:\/\/feucht-obsttechnik.de\/es\/#organization","name":"Feucht Obsttechnik GmbH","url":"https:\/\/feucht-obsttechnik.de\/es\/","logo":{"@type":"ImageObject","inLanguage":"es","@id":"https:\/\/feucht-obsttechnik.de\/es\/#\/schema\/logo\/image\/","url":"https:\/\/feucht-obsttechnik.de\/wp-content\/uploads\/logo-feucht@2x-1.png","contentUrl":"https:\/\/feucht-obsttechnik.de\/wp-content\/uploads\/logo-feucht@2x-1.png","width":640,"height":123,"caption":"Feucht Obsttechnik GmbH"},"image":{"@id":"https:\/\/feucht-obsttechnik.de\/es\/#\/schema\/logo\/image\/"}}]}},"_links":{"self":[{"href":"https:\/\/feucht-obsttechnik.de\/es\/wp-json\/wp\/v2\/pages\/9768","targetHints":{"allow":["GET"]}}],"collection":[{"href":"https:\/\/feucht-obsttechnik.de\/es\/wp-json\/wp\/v2\/pages"}],"about":[{"href":"https:\/\/feucht-obsttechnik.de\/es\/wp-json\/wp\/v2\/types\/page"}],"author":[{"embeddable":true,"href":"https:\/\/feucht-obsttechnik.de\/es\/wp-json\/wp\/v2\/users\/4"}],"replies":[{"embeddable":true,"href":"https:\/\/feucht-obsttechnik.de\/es\/wp-json\/wp\/v2\/comments?post=9768"}],"version-history":[{"count":0,"href":"https:\/\/feucht-obsttechnik.de\/es\/wp-json\/wp\/v2\/pages\/9768\/revisions"}],"up":[{"embeddable":true,"href":"https:\/\/feucht-obsttechnik.de\/es\/wp-json\/wp\/v2\/pages\/9719"}],"wp:attachment":[{"href":"https:\/\/feucht-obsttechnik.de\/es\/wp-json\/wp\/v2\/media?parent=9768"}],"curies":[{"name":"wp","href":"https:\/\/api.w.org\/{rel}","templated":true}]}}