{"id":13107,"date":"2021-04-09T12:20:06","date_gmt":"2021-04-09T10:20:06","guid":{"rendered":"http:\/\/neu2020.feucht-obsttechnik.de\/lp-recoleccion-de-avellanas\/"},"modified":"2021-04-09T12:20:08","modified_gmt":"2021-04-09T10:20:08","slug":"lp-recoleccion-de-avellanas","status":"publish","type":"page","link":"https:\/\/feucht-obsttechnik.de\/es\/lp-recoleccion-de-avellanas\/","title":{"rendered":"LP Recolecci\u00f3n de avellanas"},"content":{"rendered":"<p><div class=\"fusion-bg-parallax\" data-bg-align=\"left center\" data-direction=\"up\" data-mute=\"false\" data-opacity=\"100\" data-velocity=\"-0.3\" data-mobile-enabled=\"false\" data-break_parents=\"0\" data-bg-image=\"https:\/\/feucht-obsttechnik.de\/wp-content\/uploads\/bg-header-nussernte-gross.jpg\" data-bg-repeat=\"false\" ><\/div><div class=\"fusion-fullwidth fullwidth-box fusion-builder-row-1 fusion-parallax-up nonhundred-percent-fullwidth non-hundred-percent-height-scrolling\" style=\"--awb-background-position:left center;--awb-border-sizes-top:0px;--awb-border-sizes-bottom:0px;--awb-border-sizes-left:0px;--awb-border-sizes-right:0px;--awb-border-radius-top-left:0px;--awb-border-radius-top-right:0px;--awb-border-radius-bottom-right:0px;--awb-border-radius-bottom-left:0px;--awb-padding-top:130px;--awb-padding-bottom:120px;--awb-background-image:url(&quot;https:\/\/feucht-obsttechnik.de\/wp-content\/uploads\/bg-header-nussernte-gross.jpg&quot;);--awb-background-size:cover;--awb-flex-wrap:wrap;\" ><div class=\"fusion-builder-row fusion-row\"><div class=\"fusion-layout-column fusion_builder_column fusion-builder-column-0 fusion_builder_column_1_2 1_2 fusion-one-half fusion-column-first\" style=\"--awb-bg-size:cover;width:48%; margin-right: 4%;\"><div class=\"fusion-column-wrapper fusion-flex-column-wrapper-legacy\"><div class=\"fusion-text fusion-text-1\"><h1><span style=\"color: #ffffff\"> Recolecci\u00f3n de avellanas <\/span><\/h1>\n<p><span style=\"color: #ffffff\">Optimice su producci\u00f3n de frutos secos mediante una tecnolog\u00eda innovadora: Nuestras m\u00e1quinas para la recolecci\u00f3n de nueces cubren de manera \u00f3ptima todo el proceso de tratamiento de nueces.<\/span><\/p>\n<\/div><div class=\"fusion-clearfix\"><\/div><\/div><\/div><div class=\"fusion-layout-column fusion_builder_column fusion-builder-column-1 fusion_builder_column_1_2 1_2 fusion-one-half fusion-column-last\" style=\"--awb-bg-size:cover;width:48%;\"><div class=\"fusion-column-wrapper fusion-flex-column-wrapper-legacy\"><div class=\"fusion-clearfix\"><\/div><\/div><\/div><\/div><\/div><div class=\"fusion-fullwidth fullwidth-box fusion-builder-row-2 nonhundred-percent-fullwidth non-hundred-percent-height-scrolling\" style=\"--awb-background-position:left top;--awb-border-sizes-top:0px;--awb-border-sizes-bottom:0px;--awb-border-sizes-left:0px;--awb-border-sizes-right:0px;--awb-border-radius-top-left:0px;--awb-border-radius-top-right:0px;--awb-border-radius-bottom-right:0px;--awb-border-radius-bottom-left:0px;--awb-padding-top:130px;--awb-padding-bottom:30px;--awb-flex-wrap:wrap;\" ><div class=\"fusion-builder-row fusion-row\"><div class=\"fusion-layout-column fusion_builder_column fusion-builder-column-2 fusion_builder_column_1_1 1_1 fusion-one-full fusion-column-first fusion-column-last\" style=\"--awb-bg-size:cover;\"><div class=\"fusion-column-wrapper fusion-column-has-shadow fusion-flex-column-wrapper-legacy\"><div class=\"fusion-text fusion-text-2\"><h2>Recolecta de nueces de Feucht Obsttechnik<\/h2>\n<\/div><div class=\"fusion-text fusion-text-3\"><h3><span class=\"\">Benef\u00edciese de nuestro saber hacer en el procesamiento de frutos secos e incremente su productividad en todos los procesos.<\/span><\/h3>\n<\/div><div class=\"fusion-clearfix\"><\/div><\/div><\/div><div class=\"fusion-layout-column fusion_builder_column fusion-builder-column-3 fusion_builder_column_1_2 1_2 fusion-one-half fusion-column-first\" style=\"--awb-bg-size:cover;width:48%; margin-right: 4%;\"><div class=\"fusion-column-wrapper fusion-flex-column-wrapper-legacy\"><div class=\"fusion-text fusion-text-4\"><p>Las nueces siempre han sido conocidas por sus beneficios para la salud y son un enriquecimiento indispensable para el mundo culinario. Con nuestras m\u00e1quinas para la recolecci\u00f3n de nueces ofrecemos sistemas especiales de ahorro de productos y costos para las empresas de refinamiento de nueces, con el fin de preservar estos valiosos ingredientes, de la mejor manera posible. Descubra soluciones innovadoras para el tratamiento de nueces con nuestra tecnolog\u00eda de recolecci\u00f3n de nueces.  <\/p>\n<p>Durante varias generaciones hemos estado activos en el campo de la tecnolog\u00eda de recolecci\u00f3n de frutas y tambi\u00e9n somos un socio competente para nuestros clientes en el campo de la tecnolog\u00eda de tratamiento de frutos secos y de siega. A trav\u00e9s del desarrollo de productos constantemente innovadores, nos hemos convertido en el l\u00edder del mercado europeo en cuanto a tecnolog\u00eda de recolecci\u00f3n de fruta, de corte y de tratamiento de frutos secos. <\/p>\n<p>Adem\u00e1s de nuestros productos para el tratamiento y recolecci\u00f3n de nueces, ofrecemos numerosas m\u00e1quinas adaptadas a los requisitos espec\u00edficos de nuestros clientes.<\/p>\n<\/div><div class=\"fusion-clearfix\"><\/div><\/div><\/div><div class=\"fusion-layout-column fusion_builder_column fusion-builder-column-4 fusion_builder_column_1_2 1_2 fusion-one-half fusion-column-last\" style=\"--awb-bg-size:cover;width:48%;\"><div class=\"fusion-column-wrapper fusion-flex-column-wrapper-legacy\"><div class=\"fusion-image-element in-legacy-container\" style=\"--awb-caption-title-font-family:var(--h2_typography-font-family);--awb-caption-title-font-weight:var(--h2_typography-font-weight);--awb-caption-title-font-style:var(--h2_typography-font-style);--awb-caption-title-size:var(--h2_typography-font-size);--awb-caption-title-transform:var(--h2_typography-text-transform);--awb-caption-title-line-height:var(--h2_typography-line-height);--awb-caption-title-letter-spacing:var(--h2_typography-letter-spacing);\"><span class=\" fusion-imageframe imageframe-none imageframe-1 hover-type-zoomin fusion-animated\" data-animationType=\"fadeInDown\" data-animationDuration=\"1.0\" data-animationOffset=\"bottom-in-view\"><a href=\"https:\/\/feucht-obsttechnik.de\/wp-content\/uploads\/nussverarbeitung-gro\u00df-knacken-walnuss-nachknackmaschine-2.jpg\" class=\"fusion-lightbox\" data-rel=\"iLightbox[0027bf1750822e4241f]\" data-title=\"M\u00e1quina de craqueo posterior de frutos secos para un resultado \u00f3ptimo sin necesidad de volver a repetir la labor\" title=\"M\u00e1quina de craqueo posterior de frutos secos para un resultado \u00f3ptimo sin necesidad de volver a repetir la labor\"><img decoding=\"async\" width=\"1600\" height=\"1200\" src=\"https:\/\/feucht-obsttechnik.de\/wp-content\/uploads\/nussverarbeitung-gro\u00df-knacken-walnuss-nachknackmaschine-2.jpg\" alt class=\"img-responsive wp-image-9582\" srcset=\"https:\/\/feucht-obsttechnik.de\/wp-content\/uploads\/nussverarbeitung-gro\u00df-knacken-walnuss-nachknackmaschine-2-200x150.jpg 200w, https:\/\/feucht-obsttechnik.de\/wp-content\/uploads\/nussverarbeitung-gro\u00df-knacken-walnuss-nachknackmaschine-2-400x300.jpg 400w, https:\/\/feucht-obsttechnik.de\/wp-content\/uploads\/nussverarbeitung-gro\u00df-knacken-walnuss-nachknackmaschine-2-600x450.jpg 600w, https:\/\/feucht-obsttechnik.de\/wp-content\/uploads\/nussverarbeitung-gro\u00df-knacken-walnuss-nachknackmaschine-2-800x600.jpg 800w, https:\/\/feucht-obsttechnik.de\/wp-content\/uploads\/nussverarbeitung-gro\u00df-knacken-walnuss-nachknackmaschine-2-1200x900.jpg 1200w, https:\/\/feucht-obsttechnik.de\/wp-content\/uploads\/nussverarbeitung-gro\u00df-knacken-walnuss-nachknackmaschine-2.jpg 1600w\" sizes=\"(max-width: 835px) 100vw, 600px\" \/><\/a><\/span><\/div><div class=\"fusion-clearfix\"><\/div><\/div><\/div><\/div><\/div><div class=\"fusion-fullwidth fullwidth-box fusion-builder-row-3 nonhundred-percent-fullwidth non-hundred-percent-height-scrolling\" style=\"--awb-background-position:left top;--awb-border-sizes-top:0px;--awb-border-sizes-bottom:0px;--awb-border-sizes-left:0px;--awb-border-sizes-right:0px;--awb-border-radius-top-left:0px;--awb-border-radius-top-right:0px;--awb-border-radius-bottom-right:0px;--awb-border-radius-bottom-left:0px;--awb-padding-top:1px;--awb-padding-bottom:0px;--awb-background-color:#cc0000;--awb-flex-wrap:wrap;\" ><div class=\"fusion-builder-row fusion-row\"><div class=\"fusion-layout-column fusion_builder_column fusion-builder-column-5 fusion_builder_column_1_1 1_1 fusion-one-full fusion-column-first fusion-column-last\" style=\"--awb-padding-top:50px;--awb-padding-bottom:50px;--awb-padding-left:0px;--awb-bg-size:cover;--awb-margin-bottom:0px;\"><div class=\"fusion-column-wrapper fusion-column-has-shadow fusion-flex-column-wrapper-legacy\"><div class=\"fusion-column-content-centered\"><div class=\"fusion-column-content\"><div class=\"fusion-text fusion-text-5\"><h2 style=\"text-align: center;margin-bottom: 0px\"><span style=\"color: #ffffff\"> Recolecta de nueces de Feucht Obsttechnik<\/span><\/h2>\n<\/div><\/div><\/div><div class=\"fusion-clearfix\"><\/div><\/div><\/div><\/div><\/div><div class=\"fusion-fullwidth fullwidth-box fusion-builder-row-4 nonhundred-percent-fullwidth non-hundred-percent-height-scrolling\" style=\"--awb-border-radius-top-left:0px;--awb-border-radius-top-right:0px;--awb-border-radius-bottom-right:0px;--awb-border-radius-bottom-left:0px;--awb-padding-top:100px;--awb-padding-bottom:50px;--awb-background-color:#f2f2f2;--awb-flex-wrap:wrap;\" ><div class=\"fusion-builder-row fusion-row\"><div class=\"fusion-layout-column fusion_builder_column fusion-builder-column-6 fusion_builder_column_1_1 1_1 fusion-one-full fusion-column-first fusion-column-last\" style=\"--awb-bg-color:#ffffff;--awb-bg-color-hover:#ffffff;--awb-bg-size:cover;\"><div class=\"fusion-column-wrapper fusion-flex-column-wrapper-legacy\"><div class=\"fusion-text fusion-text-6\"><div style=\"padding: 25px\">\n<h2>La gama de nuestras m\u00e1quinas para la recolecci\u00f3n de nueces incluye:<\/h2>\n<\/div>\n<\/div>\n<div class=\"table-2\">\n<table width=\"100%\">\n<tbody>\n<tr>\n<td align=\"left\"><strong> Recolecci\u00f3n de nueces<\/strong><br \/>\n<span class=\"table_description\">M\u00e1quinas recolectoras de frutas para recolectar frutos secos<\/span><\/td>\n<td align=\"left\">Las m\u00e1quinas recolectoras de frutas fabricadas por Feucht Obsttechnik son adecuadas para recolectar nueces en grandes cantidades de las plantaciones de frutos secos.<\/td>\n<\/tr>\n<tr>\n<td align=\"left\"><strong> Transporte de frutos secos<\/strong><br \/>\n<span class=\"table_description\">Sistemas de transporte para frutos secos<\/span><\/td>\n<td align=\"left\">Los sistemas de transporte est\u00e1n dise\u00f1ados para el transporte de frutos secos. Las cintas transportadoras pueden transportar frutos secos en distintas etapas del proceso, incluida la recolecci\u00f3n, antes o despu\u00e9s del lavado o la clasificaci\u00f3n. <\/td>\n<\/tr>\n<tr>\n<td align=\"left\"><strong>Lavar y remover las c\u00e1scaras crudas<\/strong><br \/>\n<span class=\"table_description\">M\u00e1quinas para limpiar frutos secos <\/span><\/td>\n<td align=\"left\">Despu\u00e9s de la recolecci\u00f3n, los frutos deben lavarse para eliminar las c\u00e1scaras, hojas, ramas y cosas similares con la ayuda de las lavadoras de frutos secos. Las nueces pasan por un tambor rotatorio con chorros de agua, lo que posibilita una limpieza eficaz. Ofrecemos varios modelos seg\u00fan el tama\u00f1o de sus campos y la cantidad de su cosecha de nueces.  <\/td>\n<\/tr>\n<tr>\n<td align=\"left\"><strong>Dividir y separar los frutos secos<\/strong><br \/>\n<span class=\"table_description\"> M\u00e1quinas para separar frutos secos<\/span><\/td>\n<td align=\"left\">Durante la divisi\u00f3n y separaci\u00f3n, el n\u00facleo del fruto seco se separa de las c\u00e1scaras exteriores o bien, los frutos vac\u00edos se separan de los frutos llenos mediante un soplador. Seg\u00fan el tama\u00f1o de la plantaci\u00f3n de frutos secos y la recolecci\u00f3n de nueces, ofrecemos varios sopladores para dividir y separar. <\/td>\n<\/tr>\n<tr>\n<td align=\"left\"><strong>Selecci\u00f3n de frutos secos<\/strong><br \/>\n<span class=\"table_description\">M\u00e1quinas para separar frutos secos<\/span><\/td>\n<td align=\"left\">Se pueden usar tablas de selecci\u00f3n o clasificaci\u00f3n para separar los frutos secos rotos o con gusanos de los de alta calidad. Adem\u00e1s, las c\u00e1scaras de los n\u00facleos de los frutos secos se pueden separar, al igual que las mitades de los mismos y aquellos que no est\u00e9n rotos. Nuestras cintas de clasificaci\u00f3n son ajustables de modo constante y, por lo tanto, garantizan excelentes condiciones de trabajo con el mejor rendimiento de cosecha posible.  <\/td>\n<\/tr>\n<tr>\n<td align=\"left\"><strong>Secado de frutos secos<\/strong><br \/>\n<span class=\"table_description\"> Almacenamiento de los frutos secos en un secador o un dep\u00f3sito <\/span><\/td>\n<td align=\"left\">El secado de frutos secos es un paso importante en el tratamiento de nueces. El secado r\u00e1pido evita que los n\u00facleos de los frutos secos se vuelvan mohosos o negros. Los frutos deben secarse en un flujo de aire tibio y seco. La duraci\u00f3n \u00f3ptima del secado depende del tama\u00f1o y el contenido de humedad del fruto seco. Para secar frutos secos, ofrecemos dispositivos especiales de calentamiento, as\u00ed como el dep\u00f3sito de secado de m\u00faltiples etapas.    <\/td>\n<\/tr>\n<tr>\n<td align=\"left\"><strong>Medir el contenido de humedad de los frutos secos<\/strong><br \/>\n<span class=\"table_description\"> Medir el contenido de humedad de los frutos secos <\/span><\/td>\n<td align=\"left\">Los frutos secos, un vez finalizado el tratamiento, deben tener una humedad residual de entre un 6 a un 12%. Para determinar si los frutos secos est\u00e1n completamente secos, la humedad residual de los mismos debe medirse con un medidor de humedad. Usando el grado de humedad, se determina el tiempo de secado ideal.  <\/td>\n<\/tr>\n<tr>\n<td align=\"left\"><strong> Calibraci\u00f3n de frutos secos<\/strong><br \/>\n<span class=\"table_description\"> M\u00e1quinas para clasificar los frutos secos seg\u00fan el tama\u00f1o <\/span><\/td>\n<td align=\"left\">Durante la calibraci\u00f3n, los frutos secos se clasifican seg\u00fan su tama\u00f1o. Para ello, los frutos secos pasan por un tambor giratorio o un tamiz de orificio redondo. El tama\u00f1o de calibraci\u00f3n y la clasificaci\u00f3n se pueden ajustar de forma individual. Una calibraci\u00f3n contribuye a un buen resultado de craqueo, es decir, el mayor n\u00famero de frutos secos completamente craqueados como sea posible.   <\/td>\n<\/tr>\n<tr>\n<td align=\"left\"><strong>Romper los frutos secos<\/strong><br \/>\n<span class=\"table_description\"> Separar los frutos de las c\u00e1scaras <\/span><\/td>\n<td align=\"left\">M\u00e1quinas profesionales rompenueces separan el n\u00facleo del fruto seco de la c\u00e1scara. Como complemento a esto, se pueden usar m\u00e1quinas de post-craqueo y sopladores para extraer las c\u00e1scaras. De esta manera, se puede lograr una reducci\u00f3n significativa de trabajos repetidos en el procesamiento de frutos secos. A trav\u00e9s de estos procesos, se pueden lograr entre 40% y 80% de medios n\u00facleos.   <\/td>\n<\/tr>\n<\/tbody>\n<\/table>\n<\/div>\n<div class=\"fusion-clearfix\"><\/div><\/div><\/div><div class=\"fusion-layout-column fusion_builder_column fusion-builder-column-7 fusion_builder_column_1_1 1_1 fusion-one-full fusion-column-first fusion-column-last\" style=\"--awb-bg-size:cover;--awb-margin-bottom:0px;\"><div class=\"fusion-column-wrapper fusion-column-has-shadow fusion-flex-column-wrapper-legacy\"><div class=\"fusion-column-content-centered\"><div class=\"fusion-column-content\"><div class=\"fusion-button-wrapper\"><a class=\"fusion-button button-flat fusion-button-default-size button-custom fusion-button-default button-1 fusion-button-default-span fusion-button-default-type\" style=\"--button_accent_color:#ffffff;--button_border_color:#ffffff;--button_accent_hover_color:#ffffff;--button_border_hover_color:#ffffff;--button_gradient_top_color:#cc0000;--button_gradient_bottom_color:#cc0000;--button_gradient_top_color_hover:#ef0000;--button_gradient_bottom_color_hover:#ef0000;\" target=\"_self\" title=\"M\u00e1s informaci\u00f3n sobre la recolecci\u00f3n de nueces\" aria-label=\"M\u00e1s informaci\u00f3n sobre la recolecci\u00f3n de nueces\" href=\"https:\/\/feucht-obsttechnik.de\/es\/procesamiento-de-frutos-secos\/procesamiento-de-nueces-grande\/\"><span class=\"fusion-button-text awb-button__text awb-button__text--default\">M\u00c1S INFORMACI\u00d3N SOBRE LA RECOLECCI\u00d3N DE NUECES<\/span><\/a><\/div><\/div><\/div><div class=\"fusion-clearfix\"><\/div><\/div><\/div><\/div><\/div><div class=\"fusion-fullwidth fullwidth-box fusion-builder-row-5 nonhundred-percent-fullwidth non-hundred-percent-height-scrolling fusion-equal-height-columns fusion-no-small-visibility schlagwoerter\" style=\"--awb-background-position:center top;--awb-border-sizes-top:0px;--awb-border-sizes-bottom:0px;--awb-border-sizes-left:0px;--awb-border-sizes-right:0px;--awb-border-radius-top-left:0px;--awb-border-radius-top-right:0px;--awb-border-radius-bottom-right:0px;--awb-border-radius-bottom-left:0px;--awb-padding-top:0px;--awb-padding-right:15%;--awb-padding-bottom:0px;--awb-padding-left:15%;--awb-background-color:#a0ce4e;--awb-flex-wrap:wrap;\" ><div class=\"fusion-builder-row fusion-row\"><div class=\"fusion-layout-column fusion_builder_column fusion-builder-column-8 fusion_builder_column_1_5 1_5 fusion-one-fifth fusion-column-first\" style=\"--awb-padding-top:10px;--awb-padding-bottom:10px;--awb-bg-size:cover;--awb-margin-top:10px;--awb-margin-bottom:0px;width:20%;width:calc(20% - ( ( 4% ) * 0.2 ) );margin-right: 4%;\"><div class=\"fusion-column-wrapper fusion-column-has-shadow fusion-flex-column-wrapper-legacy\"><div class=\"fusion-column-content-centered\"><div class=\"fusion-column-content\"><div class=\"fusion-title title fusion-title-1 fusion-sep-none fusion-title-text fusion-title-size-two\" style=\"--awb-text-color:#ffffff;--awb-margin-bottom:0px;--awb-margin-right-small:0px;--awb-margin-bottom-small:0px;--awb-margin-left-small:0px;\"><h2 class=\"fusion-title-heading title-heading-left fusion-responsive-typography-calculated\" style=\"margin:0;--fontSize:26;--minFontSize:26;line-height:1.25;\">Palabras clave:<\/h2><\/div><\/div><\/div><div class=\"fusion-clearfix\"><\/div><\/div><\/div><div class=\"fusion-layout-column fusion_builder_column fusion-builder-column-9 fusion_builder_column_4_5 4_5 fusion-four-fifth fusion-column-last fusion-column-no-min-height\" style=\"--awb-padding-top:10px;--awb-padding-bottom:10px;--awb-bg-size:cover;--awb-margin-top:20px;--awb-margin-bottom:0px;width:80%;width:calc(80% - ( ( 4% ) * 0.8 ) );\"><div class=\"fusion-column-wrapper fusion-column-has-shadow fusion-flex-column-wrapper-legacy\"><div class=\"fusion-text fusion-text-7\"><p><span style=\"color: #ffffff\"><a href=\"https:\/\/feucht-obsttechnik.de\/es\/procesamiento-de-frutos-secos\/procesamiento-de-nueces-grande\/cascar-frutos-secos\/\">Extractor de c\u00e1scaras de nuez<\/a>, <a href=\"https:\/\/feucht-obsttechnik.de\/es\/procesamiento-de-frutos-secos\/procesamiento-de-nueces-grande\/lavado-de-frutos-secos\/#steinseparator\">Separador de piedras<\/a>,<a href=\"https:\/\/feucht-obsttechnik.de\/es\/procesamiento-de-frutos-secos\/procesamiento-de-nueces-grande\/lavado-de-frutos-secos\/#Walnusswaschmaschine\">Lavadora de frutos secos<\/a>, <a href=\"https:\/\/feucht-obsttechnik.de\/es\/procesamiento-de-frutos-secos\/procesamiento-de-nueces-grande\/transporte-de-frutos-secos\/\">Cinta transportadora<\/a>, <a href=\"https:\/\/feucht-obsttechnik.de\/es\/procesamiento-de-frutos-secos\/procesamiento-de-nueces-grande\/seleccion-de-frutos-secos\/\">Cinta clasificadora<\/a>, <a href=\"https:\/\/feucht-obsttechnik.de\/es\/procesamiento-de-frutos-secos\/procesamiento-de-nueces-grande\/secado-de-frutos-secos\/\">Almacenamiento y secado de frutos secos<\/a>, <a href=\"https:\/\/feucht-obsttechnik.de\/es\/procesamiento-de-frutos-secos\/procesamiento-de-nueces-grande\/secado-de-frutos-secos\/#zentrifugal-geblaese\">Dispositivos de calentamiento para secar<\/a>, <a href=\"https:\/\/feucht-obsttechnik.de\/es\/procesamiento-de-frutos-secos\/procesamiento-de-nueces-grande\/calibracion-de-frutos-secos\/#handschablone\">Plantilla manual<\/a>, <a href=\"https:\/\/feucht-obsttechnik.de\/es\/procesamiento-de-frutos-secos\/procesamiento-de-nueces-grande\/calibracion-de-frutos-secos\/#nusskalibriermaschine\">M\u00e1quina de calibraci\u00f3n de frutos secos<\/a>, <a href=\"https:\/\/feucht-obsttechnik.de\/es\/procesamiento-de-frutos-secos\/procesamiento-de-nueces-grande\/cascar-frutos-secos\/\">Rompenueces<\/a>, <a href=\"https:\/\/feucht-obsttechnik.de\/es\/procesamiento-de-frutos-secos\/procesamiento-de-nueces-grande\/dividir-y-separar-los-frutos-secos\/\">Soplador de frutos secos<\/a>, <a href=\"https:\/\/feucht-obsttechnik.de\/es\/procesamiento-de-frutos-secos\/procesamiento-de-nueces-grande\/cascar-frutos-secos\/#vibrationssieb\">Tamiz vibratorio para mitades de nueces<\/a><\/span><\/p>\n<\/div><div class=\"fusion-clearfix\"><\/div><\/div><\/div><\/div><\/div><\/p>\n","protected":false},"excerpt":{"rendered":"","protected":false},"author":4,"featured_media":0,"parent":0,"menu_order":0,"comment_status":"closed","ping_status":"closed","template":"100-width.php","meta":{"footnotes":"","_wp_rev_ctl_limit":""},"class_list":["post-13107","page","type-page","status-publish","hentry"],"yoast_head":"<!-- This site is optimized with the Yoast SEO plugin v27.5 - https:\/\/yoast.com\/product\/yoast-seo-wordpress\/ -->\n<title>Cosecha de nueces\/recolecci\u00f3n de frutos secos - Feucht Obsttechnik<\/title>\n<meta name=\"description\" content=\"Optimice su producci\u00f3n de frutos secos mediante una tecnolog\u00eda innovadora: Nuestras m\u00e1quinas para la recolecci\u00f3n de nueces cubren de manera \u00f3ptima todo el proceso de tratamiento de nueces.\" \/>\n<meta name=\"robots\" content=\"index, follow, max-snippet:-1, max-image-preview:large, max-video-preview:-1\" \/>\n<link rel=\"canonical\" href=\"https:\/\/feucht-obsttechnik.de\/es\/lp-recoleccion-de-avellanas\/\" \/>\n<meta property=\"og:locale\" content=\"es_ES\" \/>\n<meta property=\"og:type\" content=\"article\" \/>\n<meta property=\"og:title\" content=\"Cosecha de nueces\/recolecci\u00f3n de frutos secos - Feucht Obsttechnik\" \/>\n<meta property=\"og:description\" content=\"Optimice su producci\u00f3n de frutos secos mediante una tecnolog\u00eda innovadora: Nuestras m\u00e1quinas para la recolecci\u00f3n de nueces cubren de manera \u00f3ptima todo el proceso de tratamiento de nueces.\" \/>\n<meta property=\"og:url\" content=\"https:\/\/feucht-obsttechnik.de\/es\/lp-recoleccion-de-avellanas\/\" \/>\n<meta property=\"og:site_name\" content=\"Feucht Obsttechnik\" \/>\n<meta property=\"article:modified_time\" content=\"2021-04-09T10:20:08+00:00\" \/>\n<meta name=\"twitter:card\" content=\"summary_large_image\" \/>\n<meta name=\"twitter:label1\" content=\"Tiempo de lectura\" \/>\n\t<meta name=\"twitter:data1\" content=\"15 minutos\" \/>\n<script type=\"application\/ld+json\" class=\"yoast-schema-graph\">{\"@context\":\"https:\\\/\\\/schema.org\",\"@graph\":[{\"@type\":\"WebPage\",\"@id\":\"https:\\\/\\\/feucht-obsttechnik.de\\\/es\\\/lp-recoleccion-de-avellanas\\\/\",\"url\":\"https:\\\/\\\/feucht-obsttechnik.de\\\/es\\\/lp-recoleccion-de-avellanas\\\/\",\"name\":\"Cosecha de nueces\\\/recolecci\u00f3n de frutos secos - Feucht Obsttechnik\",\"isPartOf\":{\"@id\":\"https:\\\/\\\/feucht-obsttechnik.de\\\/es\\\/#website\"},\"datePublished\":\"2021-04-09T10:20:06+00:00\",\"dateModified\":\"2021-04-09T10:20:08+00:00\",\"description\":\"Optimice su producci\u00f3n de frutos secos mediante una tecnolog\u00eda innovadora: Nuestras m\u00e1quinas para la recolecci\u00f3n de nueces cubren de manera \u00f3ptima todo el proceso de tratamiento de nueces.\",\"breadcrumb\":{\"@id\":\"https:\\\/\\\/feucht-obsttechnik.de\\\/es\\\/lp-recoleccion-de-avellanas\\\/#breadcrumb\"},\"inLanguage\":\"es\",\"potentialAction\":[{\"@type\":\"ReadAction\",\"target\":[\"https:\\\/\\\/feucht-obsttechnik.de\\\/es\\\/lp-recoleccion-de-avellanas\\\/\"]}]},{\"@type\":\"BreadcrumbList\",\"@id\":\"https:\\\/\\\/feucht-obsttechnik.de\\\/es\\\/lp-recoleccion-de-avellanas\\\/#breadcrumb\",\"itemListElement\":[{\"@type\":\"ListItem\",\"position\":1,\"name\":\"Startseite\",\"item\":\"https:\\\/\\\/feucht-obsttechnik.de\\\/es\\\/\"},{\"@type\":\"ListItem\",\"position\":2,\"name\":\"LP Recolecci\u00f3n de avellanas\"}]},{\"@type\":\"WebSite\",\"@id\":\"https:\\\/\\\/feucht-obsttechnik.de\\\/es\\\/#website\",\"url\":\"https:\\\/\\\/feucht-obsttechnik.de\\\/es\\\/\",\"name\":\"Feucht Obsttechnik\",\"description\":\"\",\"publisher\":{\"@id\":\"https:\\\/\\\/feucht-obsttechnik.de\\\/es\\\/#organization\"},\"potentialAction\":[{\"@type\":\"SearchAction\",\"target\":{\"@type\":\"EntryPoint\",\"urlTemplate\":\"https:\\\/\\\/feucht-obsttechnik.de\\\/es\\\/?s={search_term_string}\"},\"query-input\":{\"@type\":\"PropertyValueSpecification\",\"valueRequired\":true,\"valueName\":\"search_term_string\"}}],\"inLanguage\":\"es\"},{\"@type\":\"Organization\",\"@id\":\"https:\\\/\\\/feucht-obsttechnik.de\\\/es\\\/#organization\",\"name\":\"Feucht Obsttechnik GmbH\",\"url\":\"https:\\\/\\\/feucht-obsttechnik.de\\\/es\\\/\",\"logo\":{\"@type\":\"ImageObject\",\"inLanguage\":\"es\",\"@id\":\"https:\\\/\\\/feucht-obsttechnik.de\\\/es\\\/#\\\/schema\\\/logo\\\/image\\\/\",\"url\":\"https:\\\/\\\/feucht-obsttechnik.de\\\/wp-content\\\/uploads\\\/logo-feucht@2x-1.png\",\"contentUrl\":\"https:\\\/\\\/feucht-obsttechnik.de\\\/wp-content\\\/uploads\\\/logo-feucht@2x-1.png\",\"width\":640,\"height\":123,\"caption\":\"Feucht Obsttechnik GmbH\"},\"image\":{\"@id\":\"https:\\\/\\\/feucht-obsttechnik.de\\\/es\\\/#\\\/schema\\\/logo\\\/image\\\/\"}}]}<\/script>\n<!-- \/ Yoast SEO plugin. -->","yoast_head_json":{"title":"Cosecha de nueces\/recolecci\u00f3n de frutos secos - Feucht Obsttechnik","description":"Optimice su producci\u00f3n de frutos secos mediante una tecnolog\u00eda innovadora: Nuestras m\u00e1quinas para la recolecci\u00f3n de nueces cubren de manera \u00f3ptima todo el proceso de tratamiento de nueces.","robots":{"index":"index","follow":"follow","max-snippet":"max-snippet:-1","max-image-preview":"max-image-preview:large","max-video-preview":"max-video-preview:-1"},"canonical":"https:\/\/feucht-obsttechnik.de\/es\/lp-recoleccion-de-avellanas\/","og_locale":"es_ES","og_type":"article","og_title":"Cosecha de nueces\/recolecci\u00f3n de frutos secos - Feucht Obsttechnik","og_description":"Optimice su producci\u00f3n de frutos secos mediante una tecnolog\u00eda innovadora: Nuestras m\u00e1quinas para la recolecci\u00f3n de nueces cubren de manera \u00f3ptima todo el proceso de tratamiento de nueces.","og_url":"https:\/\/feucht-obsttechnik.de\/es\/lp-recoleccion-de-avellanas\/","og_site_name":"Feucht Obsttechnik","article_modified_time":"2021-04-09T10:20:08+00:00","twitter_card":"summary_large_image","twitter_misc":{"Tiempo de lectura":"15 minutos"},"schema":{"@context":"https:\/\/schema.org","@graph":[{"@type":"WebPage","@id":"https:\/\/feucht-obsttechnik.de\/es\/lp-recoleccion-de-avellanas\/","url":"https:\/\/feucht-obsttechnik.de\/es\/lp-recoleccion-de-avellanas\/","name":"Cosecha de nueces\/recolecci\u00f3n de frutos secos - Feucht Obsttechnik","isPartOf":{"@id":"https:\/\/feucht-obsttechnik.de\/es\/#website"},"datePublished":"2021-04-09T10:20:06+00:00","dateModified":"2021-04-09T10:20:08+00:00","description":"Optimice su producci\u00f3n de frutos secos mediante una tecnolog\u00eda innovadora: Nuestras m\u00e1quinas para la recolecci\u00f3n de nueces cubren de manera \u00f3ptima todo el proceso de tratamiento de nueces.","breadcrumb":{"@id":"https:\/\/feucht-obsttechnik.de\/es\/lp-recoleccion-de-avellanas\/#breadcrumb"},"inLanguage":"es","potentialAction":[{"@type":"ReadAction","target":["https:\/\/feucht-obsttechnik.de\/es\/lp-recoleccion-de-avellanas\/"]}]},{"@type":"BreadcrumbList","@id":"https:\/\/feucht-obsttechnik.de\/es\/lp-recoleccion-de-avellanas\/#breadcrumb","itemListElement":[{"@type":"ListItem","position":1,"name":"Startseite","item":"https:\/\/feucht-obsttechnik.de\/es\/"},{"@type":"ListItem","position":2,"name":"LP Recolecci\u00f3n de avellanas"}]},{"@type":"WebSite","@id":"https:\/\/feucht-obsttechnik.de\/es\/#website","url":"https:\/\/feucht-obsttechnik.de\/es\/","name":"Feucht Obsttechnik","description":"","publisher":{"@id":"https:\/\/feucht-obsttechnik.de\/es\/#organization"},"potentialAction":[{"@type":"SearchAction","target":{"@type":"EntryPoint","urlTemplate":"https:\/\/feucht-obsttechnik.de\/es\/?s={search_term_string}"},"query-input":{"@type":"PropertyValueSpecification","valueRequired":true,"valueName":"search_term_string"}}],"inLanguage":"es"},{"@type":"Organization","@id":"https:\/\/feucht-obsttechnik.de\/es\/#organization","name":"Feucht Obsttechnik GmbH","url":"https:\/\/feucht-obsttechnik.de\/es\/","logo":{"@type":"ImageObject","inLanguage":"es","@id":"https:\/\/feucht-obsttechnik.de\/es\/#\/schema\/logo\/image\/","url":"https:\/\/feucht-obsttechnik.de\/wp-content\/uploads\/logo-feucht@2x-1.png","contentUrl":"https:\/\/feucht-obsttechnik.de\/wp-content\/uploads\/logo-feucht@2x-1.png","width":640,"height":123,"caption":"Feucht Obsttechnik GmbH"},"image":{"@id":"https:\/\/feucht-obsttechnik.de\/es\/#\/schema\/logo\/image\/"}}]}},"_links":{"self":[{"href":"https:\/\/feucht-obsttechnik.de\/es\/wp-json\/wp\/v2\/pages\/13107","targetHints":{"allow":["GET"]}}],"collection":[{"href":"https:\/\/feucht-obsttechnik.de\/es\/wp-json\/wp\/v2\/pages"}],"about":[{"href":"https:\/\/feucht-obsttechnik.de\/es\/wp-json\/wp\/v2\/types\/page"}],"author":[{"embeddable":true,"href":"https:\/\/feucht-obsttechnik.de\/es\/wp-json\/wp\/v2\/users\/4"}],"replies":[{"embeddable":true,"href":"https:\/\/feucht-obsttechnik.de\/es\/wp-json\/wp\/v2\/comments?post=13107"}],"version-history":[{"count":0,"href":"https:\/\/feucht-obsttechnik.de\/es\/wp-json\/wp\/v2\/pages\/13107\/revisions"}],"wp:attachment":[{"href":"https:\/\/feucht-obsttechnik.de\/es\/wp-json\/wp\/v2\/media?parent=13107"}],"curies":[{"name":"wp","href":"https:\/\/api.w.org\/{rel}","templated":true}]}}