{"id":12431,"date":"2021-04-08T15:51:26","date_gmt":"2021-04-08T13:51:26","guid":{"rendered":"http:\/\/neu2020.feucht-obsttechnik.de\/lp-secador-de-frutos-secos\/"},"modified":"2021-04-08T15:51:30","modified_gmt":"2021-04-08T13:51:30","slug":"lp-secador-de-frutos-secos","status":"publish","type":"page","link":"https:\/\/feucht-obsttechnik.de\/es\/lp-secador-de-frutos-secos\/","title":{"rendered":"LP Secador de frutos secos"},"content":{"rendered":"<p><div class=\"fusion-bg-parallax\" data-bg-align=\"left center\" data-direction=\"up\" data-mute=\"false\" data-opacity=\"100\" data-velocity=\"-0.3\" data-mobile-enabled=\"false\" data-break_parents=\"0\" data-bg-image=\"https:\/\/feucht-obsttechnik.de\/wp-content\/uploads\/bg-header-nussverarbeitung-1.jpg\" data-bg-repeat=\"false\" ><\/div><div class=\"fusion-fullwidth fullwidth-box fusion-builder-row-1 fusion-parallax-up nonhundred-percent-fullwidth non-hundred-percent-height-scrolling\" style=\"--awb-background-position:left center;--awb-border-sizes-top:0px;--awb-border-sizes-bottom:0px;--awb-border-sizes-left:0px;--awb-border-sizes-right:0px;--awb-border-radius-top-left:0px;--awb-border-radius-top-right:0px;--awb-border-radius-bottom-right:0px;--awb-border-radius-bottom-left:0px;--awb-padding-top:130px;--awb-padding-bottom:120px;--awb-background-image:url(&quot;https:\/\/feucht-obsttechnik.de\/wp-content\/uploads\/bg-header-nussverarbeitung-1.jpg&quot;);--awb-background-size:cover;--awb-flex-wrap:wrap;\" ><div class=\"fusion-builder-row fusion-row\"><div class=\"fusion-layout-column fusion_builder_column fusion-builder-column-0 fusion_builder_column_1_2 1_2 fusion-one-half fusion-column-first\" style=\"--awb-bg-size:cover;width:48%; margin-right: 4%;\"><div class=\"fusion-column-wrapper fusion-flex-column-wrapper-legacy\"><div class=\"fusion-text fusion-text-1\"><h1><span style=\"color: #ffffff;\"> Secador de frutos secos <\/span><\/h1>\n<p><span style=\"color: #ffffff;\">Optimizaci\u00f3n del procesamiento de frutos secos mediante tecnolog\u00eda pionera: Al utilizar nuestro dep\u00f3sito de secado o secadores de frutos secos, es posible un secado econ\u00f3mico en el menor tiempo posible.<\/span><\/p>\n<\/div><div class=\"fusion-clearfix\"><\/div><\/div><\/div><div class=\"fusion-layout-column fusion_builder_column fusion-builder-column-1 fusion_builder_column_1_2 1_2 fusion-one-half fusion-column-last\" style=\"--awb-bg-size:cover;width:48%;\"><div class=\"fusion-column-wrapper fusion-flex-column-wrapper-legacy\"><div class=\"fusion-clearfix\"><\/div><\/div><\/div><\/div><\/div><div class=\"fusion-fullwidth fullwidth-box fusion-builder-row-2 nonhundred-percent-fullwidth non-hundred-percent-height-scrolling\" style=\"--awb-background-position:left top;--awb-border-sizes-top:0px;--awb-border-sizes-bottom:0px;--awb-border-sizes-left:0px;--awb-border-sizes-right:0px;--awb-border-radius-top-left:0px;--awb-border-radius-top-right:0px;--awb-border-radius-bottom-right:0px;--awb-border-radius-bottom-left:0px;--awb-padding-top:130px;--awb-padding-bottom:30px;--awb-flex-wrap:wrap;\" ><div class=\"fusion-builder-row fusion-row\"><div class=\"fusion-layout-column fusion_builder_column fusion-builder-column-2 fusion_builder_column_1_1 1_1 fusion-one-full fusion-column-first fusion-column-last\" style=\"--awb-bg-size:cover;\"><div class=\"fusion-column-wrapper fusion-column-has-shadow fusion-flex-column-wrapper-legacy\"><div class=\"fusion-text fusion-text-2\"><h2>Secador de frutos secos de Feucht Obsttechnik<\/h2>\n<\/div><div class=\"fusion-text fusion-text-3\"><h3><span class=\"\">Conservar los frutos con un dep\u00f3sito de secado o dispositivos de calentamiento.<\/span><\/h3>\n<\/div><div class=\"fusion-clearfix\"><\/div><\/div><\/div><div class=\"fusion-layout-column fusion_builder_column fusion-builder-column-3 fusion_builder_column_1_2 1_2 fusion-one-half fusion-column-first\" style=\"--awb-bg-size:cover;width:48%; margin-right: 4%;\"><div class=\"fusion-column-wrapper fusion-flex-column-wrapper-legacy\"><div class=\"fusion-text fusion-text-4\"><p>El efecto de promoci\u00f3n de la salud de las nueces se conoce desde hace mucho tiempo. Los paquetes energ\u00e9ticos saludables se distinguen especialmente por el hecho de que pueden integrarse pr\u00e1cticamente en cualquier comida o tomarse como aperitivo. Con nuestro secador de frutos secos, las nueces y las avellanas se pueden secar uniformemente despu\u00e9s de la cosecha.  Despu\u00e9s del lavado, los frutos secos deben secarse r\u00e1pidamente. El secado no solo garantiza una alta calidad de los preciados n\u00facleos de los frutos al evitar el moho, sino tambi\u00e9n una larga duraci\u00f3n de los mismos. Los frutos frescos se secan en una corriente de aire caliente y seca con una temperatura entre 20\u00b0 y 36\u00b0C, hasta una humedad residual de aprox. entre el 5 y el 12%. Sin embargo, el control de la temperatura depende del tama\u00f1o y el contenido de humedad del fruto seco. Para secar frutos secos, ofrecemos dispositivos especiales de calentamiento, as\u00ed como el dep\u00f3sito de secado de m\u00faltiples etapas.<\/p>\n<p>Adem\u00e1s de nuestra gama de secadoras o sistemas de almacenamiento de frutos secos, tambi\u00e9n somos un proveedor completo en todos los \u00e1mbitos del tratamiento de frutos secos: lavado, secado, calibrado y craqueo (pre-craqueo, eliminaci\u00f3n de c\u00e1scaras, post-craqueo, clasificaci\u00f3n y calibraci\u00f3n del n\u00facleo).<\/p>\n<\/div><div class=\"fusion-clearfix\"><\/div><\/div><\/div><div class=\"fusion-layout-column fusion_builder_column fusion-builder-column-4 fusion_builder_column_1_2 1_2 fusion-one-half fusion-column-last\" style=\"--awb-bg-size:cover;width:48%;\"><div class=\"fusion-column-wrapper fusion-flex-column-wrapper-legacy\"><div class=\"fusion-image-element in-legacy-container\" style=\"--awb-caption-title-font-family:var(--h2_typography-font-family);--awb-caption-title-font-weight:var(--h2_typography-font-weight);--awb-caption-title-font-style:var(--h2_typography-font-style);--awb-caption-title-size:var(--h2_typography-font-size);--awb-caption-title-transform:var(--h2_typography-text-transform);--awb-caption-title-line-height:var(--h2_typography-line-height);--awb-caption-title-letter-spacing:var(--h2_typography-letter-spacing);\"><span class=\" fusion-imageframe imageframe-none imageframe-1 hover-type-zoomin fusion-animated\" data-animationType=\"fadeInDown\" data-animationDuration=\"1.0\" data-animationOffset=\"bottom-in-view\"><a href=\"https:\/\/feucht-obsttechnik.de\/wp-content\/uploads\/nussverarbeitung-klein-trocknen-trockner-maxi-2.jpg\" class=\"fusion-lightbox\" data-rel=\"iLightbox[8605f486f08a75b7096]\" data-title=\"Secado de frutos secos con el secador Maxi\" title=\"Secado de frutos secos con el secador Maxi\"><img decoding=\"async\" width=\"1600\" height=\"1200\" src=\"https:\/\/feucht-obsttechnik.de\/wp-content\/uploads\/nussverarbeitung-klein-trocknen-trockner-maxi-2.jpg\" alt class=\"img-responsive wp-image-9484\" srcset=\"https:\/\/feucht-obsttechnik.de\/wp-content\/uploads\/nussverarbeitung-klein-trocknen-trockner-maxi-2-200x150.jpg 200w, https:\/\/feucht-obsttechnik.de\/wp-content\/uploads\/nussverarbeitung-klein-trocknen-trockner-maxi-2-400x300.jpg 400w, https:\/\/feucht-obsttechnik.de\/wp-content\/uploads\/nussverarbeitung-klein-trocknen-trockner-maxi-2-600x450.jpg 600w, https:\/\/feucht-obsttechnik.de\/wp-content\/uploads\/nussverarbeitung-klein-trocknen-trockner-maxi-2-800x600.jpg 800w, https:\/\/feucht-obsttechnik.de\/wp-content\/uploads\/nussverarbeitung-klein-trocknen-trockner-maxi-2-1200x900.jpg 1200w, https:\/\/feucht-obsttechnik.de\/wp-content\/uploads\/nussverarbeitung-klein-trocknen-trockner-maxi-2.jpg 1600w\" sizes=\"(max-width: 835px) 100vw, 600px\" \/><\/a><\/span><\/div><div class=\"fusion-sep-clear\"><\/div><div class=\"fusion-separator fusion-full-width-sep\" style=\"margin-left: auto;margin-right: auto;margin-bottom:30px;width:100%;\"><\/div><div class=\"fusion-sep-clear\"><\/div><div class=\"fusion-image-element in-legacy-container\" style=\"--awb-caption-title-font-family:var(--h2_typography-font-family);--awb-caption-title-font-weight:var(--h2_typography-font-weight);--awb-caption-title-font-style:var(--h2_typography-font-style);--awb-caption-title-size:var(--h2_typography-font-size);--awb-caption-title-transform:var(--h2_typography-text-transform);--awb-caption-title-line-height:var(--h2_typography-line-height);--awb-caption-title-letter-spacing:var(--h2_typography-letter-spacing);\"><span class=\" fusion-imageframe imageframe-none imageframe-2 hover-type-zoomin fusion-animated\" data-animationType=\"fadeInDown\" data-animationDuration=\"1.0\" data-animationOffset=\"bottom-in-view\"><a href=\"https:\/\/feucht-obsttechnik.de\/wp-content\/uploads\/nussverarbeitung-gro\u00df-trocknen-heizger\u00e4t-schleuder-2.jpg\" class=\"fusion-lightbox\" data-rel=\"iLightbox[273d79fa778d3793583]\" data-title=\"Secar las nueces con el generador de aire caliente Helicoil\" title=\"Secar las nueces con el generador de aire caliente Helicoil\"><img decoding=\"async\" width=\"1600\" height=\"1200\" src=\"https:\/\/feucht-obsttechnik.de\/wp-content\/uploads\/nussverarbeitung-gro\u00df-trocknen-heizger\u00e4t-schleuder-2.jpg\" alt class=\"img-responsive wp-image-9479\" srcset=\"https:\/\/feucht-obsttechnik.de\/wp-content\/uploads\/nussverarbeitung-gro\u00df-trocknen-heizger\u00e4t-schleuder-2-200x150.jpg 200w, https:\/\/feucht-obsttechnik.de\/wp-content\/uploads\/nussverarbeitung-gro\u00df-trocknen-heizger\u00e4t-schleuder-2-400x300.jpg 400w, https:\/\/feucht-obsttechnik.de\/wp-content\/uploads\/nussverarbeitung-gro\u00df-trocknen-heizger\u00e4t-schleuder-2-600x450.jpg 600w, https:\/\/feucht-obsttechnik.de\/wp-content\/uploads\/nussverarbeitung-gro\u00df-trocknen-heizger\u00e4t-schleuder-2-800x600.jpg 800w, https:\/\/feucht-obsttechnik.de\/wp-content\/uploads\/nussverarbeitung-gro\u00df-trocknen-heizger\u00e4t-schleuder-2-1200x900.jpg 1200w, https:\/\/feucht-obsttechnik.de\/wp-content\/uploads\/nussverarbeitung-gro\u00df-trocknen-heizger\u00e4t-schleuder-2.jpg 1600w\" sizes=\"(max-width: 835px) 100vw, 600px\" \/><\/a><\/span><\/div><div class=\"fusion-clearfix\"><\/div><\/div><\/div><\/div><\/div><div class=\"fusion-fullwidth fullwidth-box fusion-builder-row-3 nonhundred-percent-fullwidth non-hundred-percent-height-scrolling\" style=\"--awb-background-position:left top;--awb-border-sizes-top:0px;--awb-border-sizes-bottom:0px;--awb-border-sizes-left:0px;--awb-border-sizes-right:0px;--awb-border-radius-top-left:0px;--awb-border-radius-top-right:0px;--awb-border-radius-bottom-right:0px;--awb-border-radius-bottom-left:0px;--awb-padding-top:1px;--awb-padding-bottom:0px;--awb-background-color:#cc0000;--awb-flex-wrap:wrap;\" ><div class=\"fusion-builder-row fusion-row\"><div class=\"fusion-layout-column fusion_builder_column fusion-builder-column-5 fusion_builder_column_1_1 1_1 fusion-one-full fusion-column-first fusion-column-last\" style=\"--awb-padding-top:50px;--awb-padding-bottom:50px;--awb-padding-left:0px;--awb-bg-size:cover;--awb-margin-bottom:0px;\"><div class=\"fusion-column-wrapper fusion-column-has-shadow fusion-flex-column-wrapper-legacy\"><div class=\"fusion-column-content-centered\"><div class=\"fusion-column-content\"><div class=\"fusion-text fusion-text-5\"><h2 style=\"text-align: center; margin-bottom: 0px;\"><span style=\"color: #ffffff;\"> Secador de frutos secos de Feucht Obsttechnik<\/span><\/h2>\n<\/div><\/div><\/div><div class=\"fusion-clearfix\"><\/div><\/div><\/div><\/div><\/div><div class=\"fusion-fullwidth fullwidth-box fusion-builder-row-4 nonhundred-percent-fullwidth non-hundred-percent-height-scrolling\" style=\"--awb-border-radius-top-left:0px;--awb-border-radius-top-right:0px;--awb-border-radius-bottom-right:0px;--awb-border-radius-bottom-left:0px;--awb-padding-top:100px;--awb-padding-bottom:50px;--awb-background-color:#f2f2f2;--awb-flex-wrap:wrap;\" ><div class=\"fusion-builder-row fusion-row\"><div class=\"fusion-layout-column fusion_builder_column fusion-builder-column-6 fusion_builder_column_1_1 1_1 fusion-one-full fusion-column-first fusion-column-last\" style=\"--awb-bg-color:#ffffff;--awb-bg-color-hover:#ffffff;--awb-bg-size:cover;\"><div class=\"fusion-column-wrapper fusion-flex-column-wrapper-legacy\"><div class=\"fusion-text fusion-text-6\"><div style=\"padding: 25px;\">\n<h2>Ofrecemos varios secadores de nueces o dep\u00f3sitos de secado:<\/h2>\n<\/div>\n<\/div>\n<div class=\"table-2\">\n<table width=\"100%\">\n<tbody>\n<tr>\n<td align=\"left\"><strong>Dep\u00f3sito de secado con m\u00faltiples niveles<\/strong><br \/>\n<span class=\"table_description\">Seque los frutos secos de una manera eficiente y econ\u00f3mica<\/span><\/td>\n<td align=\"left\">El dep\u00f3sito de secado de niveles m\u00faltiples permite que los frutos secos se sequen uniformemente mediante un movimiento constante. Se hace un secado inicial de los frutos en los niveles superiores y luego se acaban de secar en los niveles inferiores. La capacidad de secado se puede ampliar a\u00f1adiendo secciones. El dep\u00f3sito de secado de niveles m\u00faltiples para frutos secos est\u00e1 equipado con varias puertas batientes y una abertura central. Adem\u00e1s, el dep\u00f3sito de secado est\u00e1 disponible con calentamiento helicoidal o centr\u00edfugo y diferente rendimiento t\u00e9rmico seg\u00fan el tama\u00f1o del dep\u00f3sito.    <\/td>\n<\/tr>\n<tr>\n<td align=\"left\"><strong>Secador Maxi<\/strong><br \/>\n<span class=\"table_description\">Dep\u00f3sito de secado para grandes cantidades<\/span><\/td>\n<td align=\"left\">Gracias al secador Maxi, se pueden secar grandes cantidades de frutos secos en poco tiempo y con una calidad excelente. Aproximadamente, cada 1,000 horas se pueden generar hasta 24 litros de frutos secos. En el proceso de secado, los frutos secos se almacenan en 3 niveles de altura diferentes. El nivel inferior es la salida utilizada para vaciar los frutos secos. Luego, ambas plataformas superiores se abren para que los frutos caigan un nivel. El nivel superior se puede rellenar con frutos frescos. El flujo de aire se genera con un calentador de gas y un soplador en la parte posterior del dep\u00f3sito de secado.      <\/td>\n<\/tr>\n<tr>\n<td align=\"left\"><strong>Secador Mini<\/strong><br \/>\n<span class=\"table_description\">El dep\u00f3sito de secado con capacidad ampliable<\/span><\/td>\n<td align=\"left\">Con el secador Mini se pueden secar hasta 40 litros de nueces. Un calentador de ventilador ajustable produce una corriente de aire caliente y uniforme (36\u00baC). El calefactor est\u00e1 conectado directamente al dep\u00f3sito de secado. Una solapa permite controlar la humedad de los frutos secos durante todo el proceso. Esto significa que el secador Mini se puede usar para lograr un excelente resultado de secado. A continuaci\u00f3n, los frutos secos se evac\u00faan a trav\u00e9s de una gran abertura. El secador Mini tiene 2 niveles. La capacidad del dep\u00f3sito de secado se puede incrementar con una ampliaci\u00f3n (contiene 2 niveles).       <\/td>\n<\/tr>\n<tr>\n<td align=\"left\"><strong>Soplador centr\u00edfugo con calefacci\u00f3n de gas<\/strong><br \/>\n<span class=\"table_description\">El dispositivo de calefacci\u00f3n con generador de aire caliente<\/span><\/td>\n<td align=\"left\">El centrifugador es un potente generador de aire caliente para el procesamiento de frutos secos. Este dispositivo de calentamiento se puede usar para secar frutos secos a un cierto nivel de humedad, en un tiempo determinado. Ofrecemos una amplia gama de dispositivos de secado centr\u00edfugo con diferentes capacidades de calentamiento, adaptados al volumen del dep\u00f3sito de secado.  <\/td>\n<\/tr>\n<tr>\n<td align=\"left\"><strong>Soplador helicoidal con calentamiento de gas <\/strong><br \/>\n<span class=\"table_description\">El generador de aire caliente Helicoil<\/span><\/td>\n<td align=\"left\">Los calentadores de aire de encendido indirecto, como el soplador Helicoil, son soluciones \u00f3ptimas para el suministro de cantidades de aire limpio y seco para el calentamiento del dep\u00f3sito de secado. El secador Helicoil est\u00e1 montado en un soporte que permite una f\u00e1cil reubicaci\u00f3n y un uso vers\u00e1til. La centrifugadora est\u00e1 disponible con diferentes capacidades de calentamiento seg\u00fan el alcance del dep\u00f3sito de secado.  <\/td>\n<\/tr>\n<\/tbody>\n<\/table>\n<\/div>\n<div class=\"fusion-clearfix\"><\/div><\/div><\/div><div class=\"fusion-layout-column fusion_builder_column fusion-builder-column-7 fusion_builder_column_1_1 1_1 fusion-one-full fusion-column-first fusion-column-last\" style=\"--awb-bg-size:cover;--awb-margin-bottom:0px;\"><div class=\"fusion-column-wrapper fusion-column-has-shadow fusion-flex-column-wrapper-legacy\"><div class=\"fusion-column-content-centered\"><div class=\"fusion-column-content\"><div class=\"fusion-button-wrapper\"><a class=\"fusion-button button-flat fusion-button-default-size button-custom fusion-button-default button-1 fusion-button-default-span fusion-button-default-type\" style=\"--button_accent_color:#ffffff;--button_border_color:#ffffff;--button_accent_hover_color:#ffffff;--button_border_hover_color:#ffffff;--button_gradient_top_color:#cc0000;--button_gradient_bottom_color:#cc0000;--button_gradient_top_color_hover:#ef0000;--button_gradient_bottom_color_hover:#ef0000;\" target=\"_self\" title=\"M\u00e1s informaci\u00f3n sobre la secadora y el tratamiento de frutos secos \" aria-label=\"M\u00e1s informaci\u00f3n sobre la secadora y el tratamiento de frutos secos \" href=\"https:\/\/feucht-obsttechnik.de\/es\/procesamiento-de-frutos-secos\/\"><span class=\"fusion-button-text awb-button__text awb-button__text--default\">M\u00c1S INFORMACI\u00d3N SOBRE LA SECADORA Y EL TRATAMIENTO DE FRUTOS SECOS <\/span><\/a><\/div><\/div><\/div><div class=\"fusion-clearfix\"><\/div><\/div><\/div><\/div><\/div><div class=\"fusion-fullwidth fullwidth-box fusion-builder-row-5 nonhundred-percent-fullwidth non-hundred-percent-height-scrolling fusion-equal-height-columns fusion-no-small-visibility schlagwoerter\" style=\"--awb-background-position:center top;--awb-border-sizes-top:0px;--awb-border-sizes-bottom:0px;--awb-border-sizes-left:0px;--awb-border-sizes-right:0px;--awb-border-radius-top-left:0px;--awb-border-radius-top-right:0px;--awb-border-radius-bottom-right:0px;--awb-border-radius-bottom-left:0px;--awb-padding-top:0px;--awb-padding-right:15%;--awb-padding-bottom:0px;--awb-padding-left:15%;--awb-background-color:#a0ce4e;--awb-flex-wrap:wrap;\" ><div class=\"fusion-builder-row fusion-row\"><div class=\"fusion-layout-column fusion_builder_column fusion-builder-column-8 fusion_builder_column_1_5 1_5 fusion-one-fifth fusion-column-first\" style=\"--awb-padding-top:10px;--awb-padding-bottom:10px;--awb-bg-size:cover;--awb-margin-top:10px;--awb-margin-bottom:0px;width:20%;width:calc(20% - ( ( 4% ) * 0.2 ) );margin-right: 4%;\"><div class=\"fusion-column-wrapper fusion-column-has-shadow fusion-flex-column-wrapper-legacy\"><div class=\"fusion-column-content-centered\"><div class=\"fusion-column-content\"><div class=\"fusion-title title fusion-title-1 fusion-sep-none fusion-title-text fusion-title-size-two\" style=\"--awb-text-color:#ffffff;--awb-margin-bottom:0px;--awb-margin-right-small:0px;--awb-margin-bottom-small:0px;--awb-margin-left-small:0px;\"><h2 class=\"fusion-title-heading title-heading-left fusion-responsive-typography-calculated\" style=\"margin:0;--fontSize:26;--minFontSize:26;line-height:1.25;\">Palabras clave:<\/h2><\/div><\/div><\/div><div class=\"fusion-clearfix\"><\/div><\/div><\/div><div class=\"fusion-layout-column fusion_builder_column fusion-builder-column-9 fusion_builder_column_4_5 4_5 fusion-four-fifth fusion-column-last fusion-column-no-min-height\" style=\"--awb-padding-top:10px;--awb-padding-bottom:10px;--awb-bg-size:cover;--awb-margin-top:20px;--awb-margin-bottom:0px;width:80%;width:calc(80% - ( ( 4% ) * 0.8 ) );\"><div class=\"fusion-column-wrapper fusion-column-has-shadow fusion-flex-column-wrapper-legacy\"><div class=\"fusion-text fusion-text-7\"><p><span style=\"color: #ffffff;\"><a href=\"https:\/\/feucht-obsttechnik.de\/es\/procesamiento-de-frutos-secos\/procesamiento-de-frutos-secos-pequeno\/romper-los-frutos-secos\/\">Cascanueces manual de avellanas<\/a>,<a href=\"https:\/\/feucht-obsttechnik.de\/es\/procesamiento-de-frutos-secos\/procesamiento-de-nueces-grande\/cascar-frutos-secos\/#micro\">Cascanueces Micro<\/a>, <a href=\"https:\/\/feucht-obsttechnik.de\/es\/procesamiento-de-frutos-secos\/procesamiento-de-nueces-grande\/cascar-frutos-secos\/#Junior\">Cascanueces Junior<\/a>, <a href=\"https:\/\/feucht-obsttechnik.de\/es\/procesamiento-de-frutos-secos\/\">Tecnolog\u00eda de tratamiento de frutos secos<\/a><\/span><\/p>\n<\/div><div class=\"fusion-clearfix\"><\/div><\/div><\/div><\/div><\/div><\/p>\n","protected":false},"excerpt":{"rendered":"","protected":false},"author":4,"featured_media":0,"parent":0,"menu_order":0,"comment_status":"closed","ping_status":"closed","template":"100-width.php","meta":{"footnotes":"","_wp_rev_ctl_limit":""},"class_list":["post-12431","page","type-page","status-publish","hentry"],"yoast_head":"<!-- This site is optimized with the Yoast SEO plugin v27.5 - https:\/\/yoast.com\/product\/yoast-seo-wordpress\/ -->\n<title>Secador de frutos secos - Feucht Obsttechnik<\/title>\n<meta name=\"description\" content=\"El secador de frutos secos de Feucht Obsttechnik permite secar frutos de una manera econ\u00f3mica, en el menor tiempo posible. Conozca nuestros secadores de frutos secos.\" \/>\n<meta name=\"robots\" content=\"index, follow, max-snippet:-1, max-image-preview:large, max-video-preview:-1\" \/>\n<link rel=\"canonical\" href=\"https:\/\/feucht-obsttechnik.de\/es\/lp-secador-de-frutos-secos\/\" \/>\n<meta property=\"og:locale\" content=\"es_ES\" \/>\n<meta property=\"og:type\" content=\"article\" \/>\n<meta property=\"og:title\" content=\"Secador de frutos secos - Feucht Obsttechnik\" \/>\n<meta property=\"og:description\" content=\"El secador de frutos secos de Feucht Obsttechnik permite secar frutos de una manera econ\u00f3mica, en el menor tiempo posible. Conozca nuestros secadores de frutos secos.\" \/>\n<meta property=\"og:url\" content=\"https:\/\/feucht-obsttechnik.de\/es\/lp-secador-de-frutos-secos\/\" \/>\n<meta property=\"og:site_name\" content=\"Feucht Obsttechnik\" \/>\n<meta property=\"article:modified_time\" content=\"2021-04-08T13:51:30+00:00\" \/>\n<meta name=\"twitter:card\" content=\"summary_large_image\" \/>\n<meta name=\"twitter:label1\" content=\"Tiempo de lectura\" \/>\n\t<meta name=\"twitter:data1\" content=\"15 minutos\" \/>\n<script type=\"application\/ld+json\" class=\"yoast-schema-graph\">{\"@context\":\"https:\\\/\\\/schema.org\",\"@graph\":[{\"@type\":\"WebPage\",\"@id\":\"https:\\\/\\\/feucht-obsttechnik.de\\\/es\\\/lp-secador-de-frutos-secos\\\/\",\"url\":\"https:\\\/\\\/feucht-obsttechnik.de\\\/es\\\/lp-secador-de-frutos-secos\\\/\",\"name\":\"Secador de frutos secos - Feucht Obsttechnik\",\"isPartOf\":{\"@id\":\"https:\\\/\\\/feucht-obsttechnik.de\\\/es\\\/#website\"},\"datePublished\":\"2021-04-08T13:51:26+00:00\",\"dateModified\":\"2021-04-08T13:51:30+00:00\",\"description\":\"El secador de frutos secos de Feucht Obsttechnik permite secar frutos de una manera econ\u00f3mica, en el menor tiempo posible. Conozca nuestros secadores de frutos secos.\",\"breadcrumb\":{\"@id\":\"https:\\\/\\\/feucht-obsttechnik.de\\\/es\\\/lp-secador-de-frutos-secos\\\/#breadcrumb\"},\"inLanguage\":\"es\",\"potentialAction\":[{\"@type\":\"ReadAction\",\"target\":[\"https:\\\/\\\/feucht-obsttechnik.de\\\/es\\\/lp-secador-de-frutos-secos\\\/\"]}]},{\"@type\":\"BreadcrumbList\",\"@id\":\"https:\\\/\\\/feucht-obsttechnik.de\\\/es\\\/lp-secador-de-frutos-secos\\\/#breadcrumb\",\"itemListElement\":[{\"@type\":\"ListItem\",\"position\":1,\"name\":\"Startseite\",\"item\":\"https:\\\/\\\/feucht-obsttechnik.de\\\/es\\\/\"},{\"@type\":\"ListItem\",\"position\":2,\"name\":\"LP Secador de frutos secos\"}]},{\"@type\":\"WebSite\",\"@id\":\"https:\\\/\\\/feucht-obsttechnik.de\\\/es\\\/#website\",\"url\":\"https:\\\/\\\/feucht-obsttechnik.de\\\/es\\\/\",\"name\":\"Feucht Obsttechnik\",\"description\":\"\",\"publisher\":{\"@id\":\"https:\\\/\\\/feucht-obsttechnik.de\\\/es\\\/#organization\"},\"potentialAction\":[{\"@type\":\"SearchAction\",\"target\":{\"@type\":\"EntryPoint\",\"urlTemplate\":\"https:\\\/\\\/feucht-obsttechnik.de\\\/es\\\/?s={search_term_string}\"},\"query-input\":{\"@type\":\"PropertyValueSpecification\",\"valueRequired\":true,\"valueName\":\"search_term_string\"}}],\"inLanguage\":\"es\"},{\"@type\":\"Organization\",\"@id\":\"https:\\\/\\\/feucht-obsttechnik.de\\\/es\\\/#organization\",\"name\":\"Feucht Obsttechnik GmbH\",\"url\":\"https:\\\/\\\/feucht-obsttechnik.de\\\/es\\\/\",\"logo\":{\"@type\":\"ImageObject\",\"inLanguage\":\"es\",\"@id\":\"https:\\\/\\\/feucht-obsttechnik.de\\\/es\\\/#\\\/schema\\\/logo\\\/image\\\/\",\"url\":\"https:\\\/\\\/feucht-obsttechnik.de\\\/wp-content\\\/uploads\\\/logo-feucht@2x-1.png\",\"contentUrl\":\"https:\\\/\\\/feucht-obsttechnik.de\\\/wp-content\\\/uploads\\\/logo-feucht@2x-1.png\",\"width\":640,\"height\":123,\"caption\":\"Feucht Obsttechnik GmbH\"},\"image\":{\"@id\":\"https:\\\/\\\/feucht-obsttechnik.de\\\/es\\\/#\\\/schema\\\/logo\\\/image\\\/\"}}]}<\/script>\n<!-- \/ Yoast SEO plugin. -->","yoast_head_json":{"title":"Secador de frutos secos - Feucht Obsttechnik","description":"El secador de frutos secos de Feucht Obsttechnik permite secar frutos de una manera econ\u00f3mica, en el menor tiempo posible. Conozca nuestros secadores de frutos secos.","robots":{"index":"index","follow":"follow","max-snippet":"max-snippet:-1","max-image-preview":"max-image-preview:large","max-video-preview":"max-video-preview:-1"},"canonical":"https:\/\/feucht-obsttechnik.de\/es\/lp-secador-de-frutos-secos\/","og_locale":"es_ES","og_type":"article","og_title":"Secador de frutos secos - Feucht Obsttechnik","og_description":"El secador de frutos secos de Feucht Obsttechnik permite secar frutos de una manera econ\u00f3mica, en el menor tiempo posible. Conozca nuestros secadores de frutos secos.","og_url":"https:\/\/feucht-obsttechnik.de\/es\/lp-secador-de-frutos-secos\/","og_site_name":"Feucht Obsttechnik","article_modified_time":"2021-04-08T13:51:30+00:00","twitter_card":"summary_large_image","twitter_misc":{"Tiempo de lectura":"15 minutos"},"schema":{"@context":"https:\/\/schema.org","@graph":[{"@type":"WebPage","@id":"https:\/\/feucht-obsttechnik.de\/es\/lp-secador-de-frutos-secos\/","url":"https:\/\/feucht-obsttechnik.de\/es\/lp-secador-de-frutos-secos\/","name":"Secador de frutos secos - Feucht Obsttechnik","isPartOf":{"@id":"https:\/\/feucht-obsttechnik.de\/es\/#website"},"datePublished":"2021-04-08T13:51:26+00:00","dateModified":"2021-04-08T13:51:30+00:00","description":"El secador de frutos secos de Feucht Obsttechnik permite secar frutos de una manera econ\u00f3mica, en el menor tiempo posible. Conozca nuestros secadores de frutos secos.","breadcrumb":{"@id":"https:\/\/feucht-obsttechnik.de\/es\/lp-secador-de-frutos-secos\/#breadcrumb"},"inLanguage":"es","potentialAction":[{"@type":"ReadAction","target":["https:\/\/feucht-obsttechnik.de\/es\/lp-secador-de-frutos-secos\/"]}]},{"@type":"BreadcrumbList","@id":"https:\/\/feucht-obsttechnik.de\/es\/lp-secador-de-frutos-secos\/#breadcrumb","itemListElement":[{"@type":"ListItem","position":1,"name":"Startseite","item":"https:\/\/feucht-obsttechnik.de\/es\/"},{"@type":"ListItem","position":2,"name":"LP Secador de frutos secos"}]},{"@type":"WebSite","@id":"https:\/\/feucht-obsttechnik.de\/es\/#website","url":"https:\/\/feucht-obsttechnik.de\/es\/","name":"Feucht Obsttechnik","description":"","publisher":{"@id":"https:\/\/feucht-obsttechnik.de\/es\/#organization"},"potentialAction":[{"@type":"SearchAction","target":{"@type":"EntryPoint","urlTemplate":"https:\/\/feucht-obsttechnik.de\/es\/?s={search_term_string}"},"query-input":{"@type":"PropertyValueSpecification","valueRequired":true,"valueName":"search_term_string"}}],"inLanguage":"es"},{"@type":"Organization","@id":"https:\/\/feucht-obsttechnik.de\/es\/#organization","name":"Feucht Obsttechnik GmbH","url":"https:\/\/feucht-obsttechnik.de\/es\/","logo":{"@type":"ImageObject","inLanguage":"es","@id":"https:\/\/feucht-obsttechnik.de\/es\/#\/schema\/logo\/image\/","url":"https:\/\/feucht-obsttechnik.de\/wp-content\/uploads\/logo-feucht@2x-1.png","contentUrl":"https:\/\/feucht-obsttechnik.de\/wp-content\/uploads\/logo-feucht@2x-1.png","width":640,"height":123,"caption":"Feucht Obsttechnik GmbH"},"image":{"@id":"https:\/\/feucht-obsttechnik.de\/es\/#\/schema\/logo\/image\/"}}]}},"_links":{"self":[{"href":"https:\/\/feucht-obsttechnik.de\/es\/wp-json\/wp\/v2\/pages\/12431","targetHints":{"allow":["GET"]}}],"collection":[{"href":"https:\/\/feucht-obsttechnik.de\/es\/wp-json\/wp\/v2\/pages"}],"about":[{"href":"https:\/\/feucht-obsttechnik.de\/es\/wp-json\/wp\/v2\/types\/page"}],"author":[{"embeddable":true,"href":"https:\/\/feucht-obsttechnik.de\/es\/wp-json\/wp\/v2\/users\/4"}],"replies":[{"embeddable":true,"href":"https:\/\/feucht-obsttechnik.de\/es\/wp-json\/wp\/v2\/comments?post=12431"}],"version-history":[{"count":0,"href":"https:\/\/feucht-obsttechnik.de\/es\/wp-json\/wp\/v2\/pages\/12431\/revisions"}],"wp:attachment":[{"href":"https:\/\/feucht-obsttechnik.de\/es\/wp-json\/wp\/v2\/media?parent=12431"}],"curies":[{"name":"wp","href":"https:\/\/api.w.org\/{rel}","templated":true}]}}