{"id":10628,"date":"2021-04-06T15:01:39","date_gmt":"2021-04-06T13:01:39","guid":{"rendered":"http:\/\/neu2020.feucht-obsttechnik.de\/contacto\/"},"modified":"2021-04-22T21:59:22","modified_gmt":"2021-04-22T19:59:22","slug":"contacto","status":"publish","type":"page","link":"https:\/\/feucht-obsttechnik.de\/es\/contacto\/","title":{"rendered":"Contacto"},"content":{"rendered":"<p><div class=\"fusion-fullwidth fullwidth-box fusion-builder-row-1 fusion-parallax-none nonhundred-percent-fullwidth non-hundred-percent-height-scrolling\" style=\"--awb-background-blend-mode:overlay;--awb-border-sizes-top:0px;--awb-border-sizes-bottom:0px;--awb-border-sizes-left:0px;--awb-border-sizes-right:0px;--awb-border-radius-top-left:0px;--awb-border-radius-top-right:0px;--awb-border-radius-bottom-right:0px;--awb-border-radius-bottom-left:0px;--awb-padding-top:72px;--awb-padding-bottom:0px;--awb-margin-bottom:20px;--awb-background-color:rgba(10,19,35,0.15);--awb-background-image:url(&quot;https:\/\/feucht-obsttechnik.de\/wp-content\/uploads\/bg-header-obsterntetechnik.jpg&quot;);--awb-background-size:cover;--awb-flex-wrap:wrap;\" ><div class=\"fusion-builder-row fusion-row\"><div class=\"fusion-layout-column fusion_builder_column fusion-builder-column-0 fusion_builder_column_1_1 1_1 fusion-one-full fusion-column-first fusion-column-last fusion-column-no-min-height\" style=\"--awb-bg-blend:overlay;--awb-bg-size:cover;--awb-margin-bottom:0px;\"><div class=\"fusion-column-wrapper fusion-flex-column-wrapper-legacy\"><div class=\"fusion-sep-clear\"><\/div><div class=\"fusion-separator fusion-no-small-visibility fusion-no-medium-visibility fusion-full-width-sep\" style=\"margin-left: auto;margin-right: auto;margin-top:120px;width:100%;\"><\/div><div class=\"fusion-sep-clear\"><\/div><div class=\"fusion-title title fusion-title-1 fusion-sep-none fusion-title-center fusion-title-text fusion-title-size-one\" style=\"--awb-text-color:#ffffff;--awb-margin-top-small:0px;--awb-margin-right-small:0px;--awb-margin-bottom-small:20px;--awb-margin-left-small:0px;\"><h1 class=\"fusion-title-heading title-heading-center fusion-responsive-typography-calculated\" style=\"margin:0;--fontSize:38;line-height:1.33;\">Contacto<\/h1><\/div><div class=\"fusion-text fusion-text-1\"><p class=\"title-category\"><span data-fusion-font=\"true\">P\u00f3ngase en contacto con nostros<\/span><\/p>\n<\/div><div class=\"fusion-sep-clear\"><\/div><div class=\"fusion-separator fusion-full-width-sep\" style=\"margin-left: auto;margin-right: auto;margin-top:15px;width:100%;\"><\/div><div class=\"fusion-sep-clear\"><\/div><div class=\"fusion-sep-clear\"><\/div><div class=\"fusion-separator fusion-no-medium-visibility fusion-no-large-visibility fusion-full-width-sep\" style=\"margin-left: auto;margin-right: auto;margin-top:40px;width:100%;\"><\/div><div class=\"fusion-sep-clear\"><\/div><div class=\"fusion-section-separator section-separator waves-opacity fusion-section-separator-1\" style=\"--awb-spacer-padding-top:21.09375%;--awb-svg-margin-left:0;--awb-svg-margin-right:0;--awb-sep-font-size:0;--awb-sep-line-height:0;\"><div class=\"fusion-section-separator-svg\"><svg class=\"fusion-waves-opacity-candy\" xmlns=\"http:\/\/www.w3.org\/2000\/svg\" version=\"1.1\" width=\"100%\" viewBox=\"0 0 1024 216\" preserveAspectRatio=\"none\" fill=\"rgba(255,255,255,1)\"><path class=\"st0\" d=\"M0 216.068h1024l.1-105.2c-14.6-3.2-30.2-5.8-47.1-7.6-178.6-19.6-279.5 56.8-464.3 41.3-206.5-17.2-248.4-128.8-455-143.8-19-1.3-38.3-.2-57.7.3v215z\"\/>\n\t\t\t\t\t\t\t\t\t\t<path class=\"st1\" d=\"M0 20.068v196.144h1024v-79.744c-22.7-6.4-47.9-11.4-76.2-14.6-178.6-19.8-272.2 53.9-457.1 38.4-206.6-17.2-197.3-124.7-403.9-139.8-27.2-2-56.6-2-86.8-.4z\"\/>\n\t\t\t\t\t\t\t\t\t\t<path class=\"st2\" d=\"M0 216.212h1024v-35.744c-45.1-15.4-95.2-27.7-150-33.7-178.6-19.8-220.6 46.8-405.4 31.3-206.6-17.2-197.8-114.7-404.4-129.7-20.4-1.5-42-2-64.2-1.7v169.544z\"\/>\n\t\t\t\t\t\t\t\t\t\t<path class=\"st3\" d=\"M0 216.312h1024v-3.044c-50.8-17.1-108.7-30.7-172.7-37.9-178.6-19.8-220 36.8-404.9 21.3-206.6-17.2-228-126.5-434.5-141.6-3.9-.3-7.9-.5-11.9-.7v161.944z\"\/>\n\t\t\t\t\t\t\t\t\t<\/svg><\/div><div class=\"fusion-section-separator-spacer\"><div class=\"fusion-section-separator-spacer-height\"><\/div><\/div><\/div><div class=\"fusion-clearfix\"><\/div><\/div><\/div><\/div><\/div><div class=\"fusion-fullwidth fullwidth-box fusion-builder-row-2 nonhundred-percent-fullwidth non-hundred-percent-height-scrolling\" style=\"--awb-background-position:left top;--awb-border-sizes-top:0px;--awb-border-sizes-bottom:0px;--awb-border-sizes-left:0px;--awb-border-sizes-right:0px;--awb-border-radius-top-left:0px;--awb-border-radius-top-right:0px;--awb-border-radius-bottom-right:0px;--awb-border-radius-bottom-left:0px;--awb-padding-top:60px;--awb-padding-bottom:30px;--awb-background-color:#ffffff;--awb-flex-wrap:wrap;\" ><div class=\"fusion-builder-row fusion-row\"><div class=\"fusion-layout-column fusion_builder_column fusion-builder-column-1 fusion_builder_column_1_6 1_6 fusion-one-sixth fusion-column-first fusion-no-small-visibility\" style=\"--awb-bg-size:cover;width:16.666666666667%;width:calc(16.666666666667% - ( ( 4% + 4% ) * 0.16666666666667 ) );margin-right: 4%;\"><div class=\"fusion-column-wrapper fusion-column-has-shadow fusion-flex-column-wrapper-legacy\"><div class=\"fusion-clearfix\"><\/div><\/div><\/div><div class=\"fusion-layout-column fusion_builder_column fusion-builder-column-2 fusion_builder_column_2_3 2_3 fusion-two-third fusion-column-no-min-height\" style=\"--awb-padding-bottom:20px;--awb-bg-size:cover;width:66.666666666667%;width:calc(66.666666666667% - ( ( 4% + 4% ) * 0.66666666666667 ) );margin-right: 4%;\"><div class=\"fusion-column-wrapper fusion-flex-column-wrapper-legacy\"><div class=\"fusion-title title fusion-title-2 fusion-sep-none fusion-title-center fusion-title-text fusion-title-size-two\" style=\"--awb-margin-top-small:0px;--awb-margin-right-small:0px;--awb-margin-bottom-small:20px;--awb-margin-left-small:0px;\"><h2 class=\"fusion-title-heading title-heading-center fusion-responsive-typography-calculated\" style=\"margin:0;--fontSize:26;--minFontSize:26;line-height:1.25;\">\u00a1Esperamos poder hablar con usted!<\/h2><\/div><div class=\"fusion-text fusion-text-2\"><p style=\"text-align: center;\">A veces, no es f\u00e1cil encontrar la m\u00e1quina adecuada para las necesidades que uno tiene. Por lo tanto, le apoyaremos con nuestro saber hacer en la recolecci\u00f3n de frutas. De esta manera, puede encontrar la m\u00e1quina ideal para sus necesidades para reducir costos y mejorar la calidad.  <\/p>\n<\/div><div class=\"fusion-sep-clear\"><\/div><div class=\"fusion-separator fusion-full-width-sep\" style=\"margin-left: auto;margin-right: auto;margin-top:15px;width:100%;\"><\/div><div class=\"fusion-sep-clear\"><\/div><div class=\"fusion-clearfix\"><\/div><\/div><\/div><div class=\"fusion-layout-column fusion_builder_column fusion-builder-column-3 fusion_builder_column_1_6 1_6 fusion-one-sixth fusion-column-last fusion-no-small-visibility\" style=\"--awb-bg-size:cover;width:16.666666666667%;width:calc(16.666666666667% - ( ( 4% + 4% ) * 0.16666666666667 ) );\"><div class=\"fusion-column-wrapper fusion-column-has-shadow fusion-flex-column-wrapper-legacy\"><div class=\"fusion-clearfix\"><\/div><\/div><\/div><\/div><\/div><div class=\"fusion-fullwidth fullwidth-box fusion-builder-row-3 nonhundred-percent-fullwidth non-hundred-percent-height-scrolling fusion-equal-height-columns fusion-no-small-visibility schlagwoerter\" style=\"--awb-background-position:center top;--awb-border-sizes-top:0px;--awb-border-sizes-bottom:0px;--awb-border-sizes-left:0px;--awb-border-sizes-right:0px;--awb-border-radius-top-left:0px;--awb-border-radius-top-right:0px;--awb-border-radius-bottom-right:0px;--awb-border-radius-bottom-left:0px;--awb-padding-top:0px;--awb-padding-right:15%;--awb-padding-bottom:0px;--awb-padding-left:15%;--awb-background-color:#a0ce4e;--awb-flex-wrap:wrap;\" ><div class=\"fusion-builder-row fusion-row\"><div class=\"fusion-layout-column fusion_builder_column fusion-builder-column-4 fusion_builder_column_1_5 1_5 fusion-one-fifth fusion-column-first\" style=\"--awb-padding-top:10px;--awb-padding-bottom:10px;--awb-bg-size:cover;--awb-margin-top:10px;--awb-margin-bottom:0px;width:20%;width:calc(20% - ( ( 4% ) * 0.2 ) );margin-right: 4%;\"><div class=\"fusion-column-wrapper fusion-column-has-shadow fusion-flex-column-wrapper-legacy\"><div class=\"fusion-column-content-centered\"><div class=\"fusion-column-content\"><div class=\"fusion-title title fusion-title-3 fusion-sep-none fusion-title-text fusion-title-size-two\" style=\"--awb-text-color:#ffffff;--awb-margin-bottom:0px;--awb-margin-right-small:0px;--awb-margin-bottom-small:0px;--awb-margin-left-small:0px;\"><h2 class=\"fusion-title-heading title-heading-left fusion-responsive-typography-calculated\" style=\"margin:0;--fontSize:26;--minFontSize:26;line-height:1.25;\">Palabras clave:<\/h2><\/div><\/div><\/div><div class=\"fusion-clearfix\"><\/div><\/div><\/div><div class=\"fusion-layout-column fusion_builder_column fusion-builder-column-5 fusion_builder_column_4_5 4_5 fusion-four-fifth fusion-column-last fusion-column-no-min-height\" style=\"--awb-padding-top:10px;--awb-padding-bottom:10px;--awb-bg-size:cover;--awb-margin-top:20px;--awb-margin-bottom:0px;width:80%;width:calc(80% - ( ( 4% ) * 0.8 ) );\"><div class=\"fusion-column-wrapper fusion-column-has-shadow fusion-flex-column-wrapper-legacy\"><div class=\"fusion-text fusion-text-3\"><p><span style=\"color: #ffffff;\"> <a href=\"https:\/\/feucht-obsttechnik.de\/es\/procesamiento-de-frutos-secos\/\">Procesamiento de frutos secos<\/a>, <a href=\"https:\/\/feucht-obsttechnik.de\/es\/tecnologia-de-recoleccion-de-frutas\/\">Tecnolog\u00eda de recolecci\u00f3n de frutas<\/a>, <a href=\"https:\/\/feucht-obsttechnik.de\/es\/tecnologia-de-recoleccion-de-frutas\/\">Dispositivos de recolecci\u00f3n de fruta<\/a>, <a href=\"https:\/\/feucht-obsttechnik.de\/es\/clasificacion-de-frutas\/\">Clasificaci\u00f3n de fruta<\/a> <\/span><\/p>\n<\/div><div class=\"fusion-clearfix\"><\/div><\/div><\/div><\/div><\/div><\/p>\n","protected":false},"excerpt":{"rendered":"","protected":false},"author":4,"featured_media":0,"parent":0,"menu_order":0,"comment_status":"closed","ping_status":"closed","template":"100-width.php","meta":{"footnotes":"","_wp_rev_ctl_limit":""},"class_list":["post-10628","page","type-page","status-publish","hentry"],"yoast_head":"<!-- This site is optimized with the Yoast SEO plugin v27.5 - https:\/\/yoast.com\/product\/yoast-seo-wordpress\/ -->\n<title>Contacto - Feucht Obsttechnik<\/title>\n<meta name=\"description\" content=\"Estaremos encantados de asesorarle en el \u00e1rea de la tecnolog\u00eda de frutos secos, siega o fruta y as\u00ed sacarle provecho a los m\u00e1s de 40 a\u00f1os de experiencia en la recolecci\u00f3n de frutas. \u00a1P\u00f3ngase en contacto con nosotros!Wir beraten Sie gerne im Bereich Nuss-, M\u00e4h- oder Obsttechnik und greifen dabei auf \u00fcber 40 Jahre Erfahrung in der Obsternte zur\u00fcck. Kontaktieren Sie uns!\" \/>\n<meta name=\"robots\" content=\"index, follow, max-snippet:-1, max-image-preview:large, max-video-preview:-1\" \/>\n<link rel=\"canonical\" href=\"https:\/\/feucht-obsttechnik.de\/es\/contacto\/\" \/>\n<meta property=\"og:locale\" content=\"es_ES\" \/>\n<meta property=\"og:type\" content=\"article\" \/>\n<meta property=\"og:title\" content=\"Contacto - Feucht Obsttechnik\" \/>\n<meta property=\"og:description\" content=\"Estaremos encantados de asesorarle en el \u00e1rea de la tecnolog\u00eda de frutos secos, siega o fruta y as\u00ed sacarle provecho a los m\u00e1s de 40 a\u00f1os de experiencia en la recolecci\u00f3n de frutas. \u00a1P\u00f3ngase en contacto con nosotros!Wir beraten Sie gerne im Bereich Nuss-, M\u00e4h- oder Obsttechnik und greifen dabei auf \u00fcber 40 Jahre Erfahrung in der Obsternte zur\u00fcck. Kontaktieren Sie uns!\" \/>\n<meta property=\"og:url\" content=\"https:\/\/feucht-obsttechnik.de\/es\/contacto\/\" \/>\n<meta property=\"og:site_name\" content=\"Feucht Obsttechnik\" \/>\n<meta property=\"article:modified_time\" content=\"2021-04-22T19:59:22+00:00\" \/>\n<meta name=\"twitter:card\" content=\"summary_large_image\" \/>\n<meta name=\"twitter:label1\" content=\"Tiempo de lectura\" \/>\n\t<meta name=\"twitter:data1\" content=\"7 minutos\" \/>\n<script type=\"application\/ld+json\" class=\"yoast-schema-graph\">{\"@context\":\"https:\\\/\\\/schema.org\",\"@graph\":[{\"@type\":\"WebPage\",\"@id\":\"https:\\\/\\\/feucht-obsttechnik.de\\\/es\\\/contacto\\\/\",\"url\":\"https:\\\/\\\/feucht-obsttechnik.de\\\/es\\\/contacto\\\/\",\"name\":\"Contacto - Feucht Obsttechnik\",\"isPartOf\":{\"@id\":\"https:\\\/\\\/feucht-obsttechnik.de\\\/es\\\/#website\"},\"datePublished\":\"2021-04-06T13:01:39+00:00\",\"dateModified\":\"2021-04-22T19:59:22+00:00\",\"description\":\"Estaremos encantados de asesorarle en el \u00e1rea de la tecnolog\u00eda de frutos secos, siega o fruta y as\u00ed sacarle provecho a los m\u00e1s de 40 a\u00f1os de experiencia en la recolecci\u00f3n de frutas. \u00a1P\u00f3ngase en contacto con nosotros!Wir beraten Sie gerne im Bereich Nuss-, M\u00e4h- oder Obsttechnik und greifen dabei auf \u00fcber 40 Jahre Erfahrung in der Obsternte zur\u00fcck. Kontaktieren Sie uns!\",\"breadcrumb\":{\"@id\":\"https:\\\/\\\/feucht-obsttechnik.de\\\/es\\\/contacto\\\/#breadcrumb\"},\"inLanguage\":\"es\",\"potentialAction\":[{\"@type\":\"ReadAction\",\"target\":[\"https:\\\/\\\/feucht-obsttechnik.de\\\/es\\\/contacto\\\/\"]}]},{\"@type\":\"BreadcrumbList\",\"@id\":\"https:\\\/\\\/feucht-obsttechnik.de\\\/es\\\/contacto\\\/#breadcrumb\",\"itemListElement\":[{\"@type\":\"ListItem\",\"position\":1,\"name\":\"Startseite\",\"item\":\"https:\\\/\\\/feucht-obsttechnik.de\\\/es\\\/\"},{\"@type\":\"ListItem\",\"position\":2,\"name\":\"Contacto\"}]},{\"@type\":\"WebSite\",\"@id\":\"https:\\\/\\\/feucht-obsttechnik.de\\\/es\\\/#website\",\"url\":\"https:\\\/\\\/feucht-obsttechnik.de\\\/es\\\/\",\"name\":\"Feucht Obsttechnik\",\"description\":\"\",\"publisher\":{\"@id\":\"https:\\\/\\\/feucht-obsttechnik.de\\\/es\\\/#organization\"},\"potentialAction\":[{\"@type\":\"SearchAction\",\"target\":{\"@type\":\"EntryPoint\",\"urlTemplate\":\"https:\\\/\\\/feucht-obsttechnik.de\\\/es\\\/?s={search_term_string}\"},\"query-input\":{\"@type\":\"PropertyValueSpecification\",\"valueRequired\":true,\"valueName\":\"search_term_string\"}}],\"inLanguage\":\"es\"},{\"@type\":\"Organization\",\"@id\":\"https:\\\/\\\/feucht-obsttechnik.de\\\/es\\\/#organization\",\"name\":\"Feucht Obsttechnik GmbH\",\"url\":\"https:\\\/\\\/feucht-obsttechnik.de\\\/es\\\/\",\"logo\":{\"@type\":\"ImageObject\",\"inLanguage\":\"es\",\"@id\":\"https:\\\/\\\/feucht-obsttechnik.de\\\/es\\\/#\\\/schema\\\/logo\\\/image\\\/\",\"url\":\"https:\\\/\\\/feucht-obsttechnik.de\\\/wp-content\\\/uploads\\\/logo-feucht@2x-1.png\",\"contentUrl\":\"https:\\\/\\\/feucht-obsttechnik.de\\\/wp-content\\\/uploads\\\/logo-feucht@2x-1.png\",\"width\":640,\"height\":123,\"caption\":\"Feucht Obsttechnik GmbH\"},\"image\":{\"@id\":\"https:\\\/\\\/feucht-obsttechnik.de\\\/es\\\/#\\\/schema\\\/logo\\\/image\\\/\"}}]}<\/script>\n<!-- \/ Yoast SEO plugin. -->","yoast_head_json":{"title":"Contacto - Feucht Obsttechnik","description":"Estaremos encantados de asesorarle en el \u00e1rea de la tecnolog\u00eda de frutos secos, siega o fruta y as\u00ed sacarle provecho a los m\u00e1s de 40 a\u00f1os de experiencia en la recolecci\u00f3n de frutas. \u00a1P\u00f3ngase en contacto con nosotros!Wir beraten Sie gerne im Bereich Nuss-, M\u00e4h- oder Obsttechnik und greifen dabei auf \u00fcber 40 Jahre Erfahrung in der Obsternte zur\u00fcck. Kontaktieren Sie uns!","robots":{"index":"index","follow":"follow","max-snippet":"max-snippet:-1","max-image-preview":"max-image-preview:large","max-video-preview":"max-video-preview:-1"},"canonical":"https:\/\/feucht-obsttechnik.de\/es\/contacto\/","og_locale":"es_ES","og_type":"article","og_title":"Contacto - Feucht Obsttechnik","og_description":"Estaremos encantados de asesorarle en el \u00e1rea de la tecnolog\u00eda de frutos secos, siega o fruta y as\u00ed sacarle provecho a los m\u00e1s de 40 a\u00f1os de experiencia en la recolecci\u00f3n de frutas. \u00a1P\u00f3ngase en contacto con nosotros!Wir beraten Sie gerne im Bereich Nuss-, M\u00e4h- oder Obsttechnik und greifen dabei auf \u00fcber 40 Jahre Erfahrung in der Obsternte zur\u00fcck. Kontaktieren Sie uns!","og_url":"https:\/\/feucht-obsttechnik.de\/es\/contacto\/","og_site_name":"Feucht Obsttechnik","article_modified_time":"2021-04-22T19:59:22+00:00","twitter_card":"summary_large_image","twitter_misc":{"Tiempo de lectura":"7 minutos"},"schema":{"@context":"https:\/\/schema.org","@graph":[{"@type":"WebPage","@id":"https:\/\/feucht-obsttechnik.de\/es\/contacto\/","url":"https:\/\/feucht-obsttechnik.de\/es\/contacto\/","name":"Contacto - Feucht Obsttechnik","isPartOf":{"@id":"https:\/\/feucht-obsttechnik.de\/es\/#website"},"datePublished":"2021-04-06T13:01:39+00:00","dateModified":"2021-04-22T19:59:22+00:00","description":"Estaremos encantados de asesorarle en el \u00e1rea de la tecnolog\u00eda de frutos secos, siega o fruta y as\u00ed sacarle provecho a los m\u00e1s de 40 a\u00f1os de experiencia en la recolecci\u00f3n de frutas. \u00a1P\u00f3ngase en contacto con nosotros!Wir beraten Sie gerne im Bereich Nuss-, M\u00e4h- oder Obsttechnik und greifen dabei auf \u00fcber 40 Jahre Erfahrung in der Obsternte zur\u00fcck. Kontaktieren Sie uns!","breadcrumb":{"@id":"https:\/\/feucht-obsttechnik.de\/es\/contacto\/#breadcrumb"},"inLanguage":"es","potentialAction":[{"@type":"ReadAction","target":["https:\/\/feucht-obsttechnik.de\/es\/contacto\/"]}]},{"@type":"BreadcrumbList","@id":"https:\/\/feucht-obsttechnik.de\/es\/contacto\/#breadcrumb","itemListElement":[{"@type":"ListItem","position":1,"name":"Startseite","item":"https:\/\/feucht-obsttechnik.de\/es\/"},{"@type":"ListItem","position":2,"name":"Contacto"}]},{"@type":"WebSite","@id":"https:\/\/feucht-obsttechnik.de\/es\/#website","url":"https:\/\/feucht-obsttechnik.de\/es\/","name":"Feucht Obsttechnik","description":"","publisher":{"@id":"https:\/\/feucht-obsttechnik.de\/es\/#organization"},"potentialAction":[{"@type":"SearchAction","target":{"@type":"EntryPoint","urlTemplate":"https:\/\/feucht-obsttechnik.de\/es\/?s={search_term_string}"},"query-input":{"@type":"PropertyValueSpecification","valueRequired":true,"valueName":"search_term_string"}}],"inLanguage":"es"},{"@type":"Organization","@id":"https:\/\/feucht-obsttechnik.de\/es\/#organization","name":"Feucht Obsttechnik GmbH","url":"https:\/\/feucht-obsttechnik.de\/es\/","logo":{"@type":"ImageObject","inLanguage":"es","@id":"https:\/\/feucht-obsttechnik.de\/es\/#\/schema\/logo\/image\/","url":"https:\/\/feucht-obsttechnik.de\/wp-content\/uploads\/logo-feucht@2x-1.png","contentUrl":"https:\/\/feucht-obsttechnik.de\/wp-content\/uploads\/logo-feucht@2x-1.png","width":640,"height":123,"caption":"Feucht Obsttechnik GmbH"},"image":{"@id":"https:\/\/feucht-obsttechnik.de\/es\/#\/schema\/logo\/image\/"}}]}},"_links":{"self":[{"href":"https:\/\/feucht-obsttechnik.de\/es\/wp-json\/wp\/v2\/pages\/10628","targetHints":{"allow":["GET"]}}],"collection":[{"href":"https:\/\/feucht-obsttechnik.de\/es\/wp-json\/wp\/v2\/pages"}],"about":[{"href":"https:\/\/feucht-obsttechnik.de\/es\/wp-json\/wp\/v2\/types\/page"}],"author":[{"embeddable":true,"href":"https:\/\/feucht-obsttechnik.de\/es\/wp-json\/wp\/v2\/users\/4"}],"replies":[{"embeddable":true,"href":"https:\/\/feucht-obsttechnik.de\/es\/wp-json\/wp\/v2\/comments?post=10628"}],"version-history":[{"count":0,"href":"https:\/\/feucht-obsttechnik.de\/es\/wp-json\/wp\/v2\/pages\/10628\/revisions"}],"wp:attachment":[{"href":"https:\/\/feucht-obsttechnik.de\/es\/wp-json\/wp\/v2\/media?parent=10628"}],"curies":[{"name":"wp","href":"https:\/\/api.w.org\/{rel}","templated":true}]}}