{"id":4041,"date":"2019-12-03T11:04:38","date_gmt":"2019-12-03T10:04:38","guid":{"rendered":"http:\/\/neu2020.feucht-obsttechnik.de\/?page_id=4041"},"modified":"2025-07-21T14:42:26","modified_gmt":"2025-07-21T12:42:26","slug":"nusskalibrierung","status":"publish","type":"page","link":"https:\/\/feucht-obsttechnik.de\/de\/nussverarbeitung\/nussverarbeitung-klein\/nusskalibrierung\/","title":{"rendered":"Nusskalibrierung"},"content":{"rendered":"<p><div class=\"fusion-bg-parallax\" data-bg-align=\"left center\" data-direction=\"up\" data-mute=\"false\" data-opacity=\"100\" data-velocity=\"-0.3\" data-mobile-enabled=\"false\" data-break_parents=\"0\" data-bg-image=\"https:\/\/feucht-obsttechnik.de\/wp-content\/uploads\/bg-header-nussernte-klein.jpg\" data-bg-repeat=\"false\" ><\/div><div class=\"fusion-fullwidth fullwidth-box fusion-builder-row-1 fusion-parallax-up nonhundred-percent-fullwidth non-hundred-percent-height-scrolling\" style=\"--awb-background-position:left center;--awb-border-sizes-top:0px;--awb-border-sizes-bottom:0px;--awb-border-sizes-left:0px;--awb-border-sizes-right:0px;--awb-border-radius-top-left:0px;--awb-border-radius-top-right:0px;--awb-border-radius-bottom-right:0px;--awb-border-radius-bottom-left:0px;--awb-padding-top:130px;--awb-padding-bottom:120px;--awb-background-image:url(&quot;https:\/\/feucht-obsttechnik.de\/wp-content\/uploads\/bg-header-nussernte-klein.jpg&quot;);--awb-background-size:cover;--awb-flex-wrap:wrap;\" ><div class=\"fusion-builder-row fusion-row\"><div class=\"fusion-layout-column fusion_builder_column fusion-builder-column-0 fusion_builder_column_1_2 1_2 fusion-one-half fusion-column-first\" style=\"--awb-bg-size:cover;width:48%; margin-right: 4%;\"><div class=\"fusion-column-wrapper fusion-flex-column-wrapper-legacy\"><div class=\"fusion-text fusion-text-1\"><h1><span style=\"color: #ffffff;\"> Nusskalibrierung <\/span><\/h1>\n<p><span style=\"color: #ffffff;\">Profitieren Sie von unserem Know-How in der Nussverarbeitung und steigern Sie Ihre Produktivit\u00e4t in allen Prozessen.<\/span><\/p>\n<\/div><div class=\"fusion-clearfix\"><\/div><\/div><\/div><div class=\"fusion-layout-column fusion_builder_column fusion-builder-column-1 fusion_builder_column_1_2 1_2 fusion-one-half fusion-column-last\" style=\"--awb-bg-size:cover;width:48%;\"><div class=\"fusion-column-wrapper fusion-flex-column-wrapper-legacy\"><div class=\"fusion-clearfix\"><\/div><\/div><\/div><\/div><\/div><div class=\"fusion-fullwidth fullwidth-box fusion-builder-row-2 nonhundred-percent-fullwidth non-hundred-percent-height-scrolling\" style=\"--awb-background-position:left top;--awb-border-sizes-top:0px;--awb-border-sizes-bottom:0px;--awb-border-sizes-left:0px;--awb-border-sizes-right:0px;--awb-border-radius-top-left:0px;--awb-border-radius-top-right:0px;--awb-border-radius-bottom-right:0px;--awb-border-radius-bottom-left:0px;--awb-padding-top:130px;--awb-padding-bottom:30px;--awb-flex-wrap:wrap;\" ><div class=\"fusion-builder-row fusion-row\"><div class=\"fusion-layout-column fusion_builder_column fusion-builder-column-2 fusion_builder_column_1_1 1_1 fusion-one-full fusion-column-first fusion-column-last\" style=\"--awb-bg-size:cover;\"><div class=\"fusion-column-wrapper fusion-column-has-shadow fusion-flex-column-wrapper-legacy\"><div class=\"fusion-text fusion-text-2\"><h2>N\u00fcsse in verschiedene Gr\u00f6\u00dfen sortieren.<\/h2>\n<\/div><div class=\"fusion-text fusion-text-3\"><h3><span class=\"\">Kleinere Nussmengen nach Gr\u00f6\u00dfe kalibrieren.<\/span><\/h3>\n<\/div><div class=\"fusion-clearfix\"><\/div><\/div><\/div><div class=\"fusion-layout-column fusion_builder_column fusion-builder-column-3 fusion_builder_column_1_2 1_2 fusion-one-half fusion-column-first\" style=\"--awb-bg-size:cover;width:48%; margin-right: 4%;\"><div class=\"fusion-column-wrapper fusion-flex-column-wrapper-legacy\"><div class=\"fusion-text fusion-text-4\"><p>Die trockenen N\u00fcsse werden bei der <strong>Kalibrierung<\/strong> in verschiedene Gr\u00f6\u00dfenklassen sortiert. Das erleichtert nicht nur das darauffolgende Knacken der N\u00fcsse, sondern auch den Verkauf.<\/p>\n<p>F\u00fcr kleinere Mengen an Waln\u00fcssen eignet sich das <strong>Kalibriersieb<\/strong>. Hierbei k\u00f6nnen die Waln\u00fcsse mit Hilfe eines siebartigen Aufsatzes in 3 Gr\u00f6\u00dfen sortiert werden. F\u00fcr gr\u00f6\u00dfere Nussmengen kann die multifunktionale <strong>Wasch- und Kalibriermaschine<\/strong> eingesetzt werden. Diese Kalibriermaschine verf\u00fcgt \u00fcber auswechselbare Trommelwalzen, so dass getrocknet, kalibriert und separiert werden kann.<\/p>\n<\/div><div class=\"fusion-clearfix\"><\/div><\/div><\/div><div class=\"fusion-layout-column fusion_builder_column fusion-builder-column-4 fusion_builder_column_1_2 1_2 fusion-one-half fusion-column-last\" style=\"--awb-bg-size:cover;width:48%;\"><div class=\"fusion-column-wrapper fusion-flex-column-wrapper-legacy\"><div class=\"fusion-image-element in-legacy-container\" style=\"--awb-caption-title-font-family:var(--h2_typography-font-family);--awb-caption-title-font-weight:var(--h2_typography-font-weight);--awb-caption-title-font-style:var(--h2_typography-font-style);--awb-caption-title-size:var(--h2_typography-font-size);--awb-caption-title-transform:var(--h2_typography-text-transform);--awb-caption-title-line-height:var(--h2_typography-line-height);--awb-caption-title-letter-spacing:var(--h2_typography-letter-spacing);\"><span class=\" fusion-imageframe imageframe-none imageframe-1 hover-type-zoomin fusion-animated\" data-animationType=\"fadeInDown\" data-animationDuration=\"1.0\" data-animationOffset=\"bottom-in-view\"><a href=\"https:\/\/feucht-obsttechnik.de\/wp-content\/uploads\/nussverarbeitung-gro\u00df-waschen-wasch-und-kalibriermaschine-1.jpg\" class=\"fusion-lightbox\" data-rel=\"iLightbox[3c7d6e180874c69e2fe]\" data-title=\"Die Wasch- und Kalibriermaschine reinigt und kalibriert die N\u00fcsse nach ihrer Gr\u00f6\u00dfe\" title=\"Die Wasch- und Kalibriermaschine reinigt und kalibriert die N\u00fcsse nach ihrer Gr\u00f6\u00dfe\"><img decoding=\"async\" width=\"1600\" height=\"1200\" src=\"https:\/\/feucht-obsttechnik.de\/wp-content\/uploads\/nussverarbeitung-gro\u00df-waschen-wasch-und-kalibriermaschine-1.jpg\" alt class=\"img-responsive wp-image-6445\" srcset=\"https:\/\/feucht-obsttechnik.de\/wp-content\/uploads\/nussverarbeitung-gro\u00df-waschen-wasch-und-kalibriermaschine-1-200x150.jpg 200w, https:\/\/feucht-obsttechnik.de\/wp-content\/uploads\/nussverarbeitung-gro\u00df-waschen-wasch-und-kalibriermaschine-1-400x300.jpg 400w, https:\/\/feucht-obsttechnik.de\/wp-content\/uploads\/nussverarbeitung-gro\u00df-waschen-wasch-und-kalibriermaschine-1-600x450.jpg 600w, https:\/\/feucht-obsttechnik.de\/wp-content\/uploads\/nussverarbeitung-gro\u00df-waschen-wasch-und-kalibriermaschine-1-800x600.jpg 800w, https:\/\/feucht-obsttechnik.de\/wp-content\/uploads\/nussverarbeitung-gro\u00df-waschen-wasch-und-kalibriermaschine-1-1200x900.jpg 1200w, https:\/\/feucht-obsttechnik.de\/wp-content\/uploads\/nussverarbeitung-gro\u00df-waschen-wasch-und-kalibriermaschine-1.jpg 1600w\" sizes=\"(max-width: 835px) 100vw, 600px\" \/><\/a><\/span><\/div><div class=\"fusion-clearfix\"><\/div><\/div><\/div><\/div><\/div><div class=\"fusion-fullwidth fullwidth-box fusion-builder-row-3 nonhundred-percent-fullwidth non-hundred-percent-height-scrolling\" style=\"--awb-background-position:left top;--awb-border-sizes-top:0px;--awb-border-sizes-bottom:0px;--awb-border-sizes-left:0px;--awb-border-sizes-right:0px;--awb-border-radius-top-left:0px;--awb-border-radius-top-right:0px;--awb-border-radius-bottom-right:0px;--awb-border-radius-bottom-left:0px;--awb-padding-top:1px;--awb-padding-bottom:0px;--awb-background-color:#cc0000;--awb-flex-wrap:wrap;\" ><div class=\"fusion-builder-row fusion-row\"><div class=\"fusion-layout-column fusion_builder_column fusion-builder-column-5 fusion_builder_column_1_1 1_1 fusion-one-full fusion-column-first fusion-column-last\" style=\"--awb-padding-top:50px;--awb-padding-bottom:50px;--awb-padding-left:0px;--awb-bg-size:cover;--awb-margin-bottom:0px;\"><div class=\"fusion-column-wrapper fusion-column-has-shadow fusion-flex-column-wrapper-legacy\"><div class=\"fusion-column-content-centered\"><div class=\"fusion-column-content\"><div class=\"fusion-text fusion-text-5\"><h2 style=\"text-align: center; margin-bottom: 0px;\"><span style=\"color: #ffffff;\">Maschinen zum N\u00fcsse kalibrieren von Feucht Obsttechnik<\/span><\/h2>\n<\/div><\/div><\/div><div class=\"fusion-clearfix\"><\/div><\/div><\/div><\/div><\/div><div class=\"fusion-fullwidth fullwidth-box fusion-builder-row-4 nonhundred-percent-fullwidth non-hundred-percent-height-scrolling\" style=\"--awb-border-radius-top-left:0px;--awb-border-radius-top-right:0px;--awb-border-radius-bottom-right:0px;--awb-border-radius-bottom-left:0px;--awb-flex-wrap:wrap;\" ><div class=\"fusion-builder-row fusion-row\"><div class=\"fusion-layout-column fusion_builder_column fusion-builder-column-6 fusion_builder_column_1_1 1_1 fusion-one-full fusion-column-first fusion-column-last\" style=\"--awb-padding-top:0px;--awb-padding-right:0px;--awb-padding-bottom:0px;--awb-padding-left:0px;--awb-bg-size:cover;--awb-margin-bottom:0px;\"><div class=\"fusion-column-wrapper fusion-column-has-shadow fusion-flex-column-wrapper-legacy\"><div class=\"fusion-menu-anchor\" id=\"kalibriersieb\"><\/div><div class=\"fusion-clearfix\"><\/div><\/div><\/div><\/div><\/div><div class=\"fusion-fullwidth fullwidth-box fusion-builder-row-5 fusion-parallax-none nonhundred-percent-fullwidth non-hundred-percent-height-scrolling\" style=\"--awb-border-radius-top-left:0px;--awb-border-radius-top-right:0px;--awb-border-radius-bottom-right:0px;--awb-border-radius-bottom-left:0px;--awb-padding-top:200px;--awb-margin-top:-1px;--awb-background-image:url(&quot;https:\/\/feucht-obsttechnik.de\/wp-content\/uploads\/nussverarbeitung-klein-kalibireren-divider-kalibriersieb-walnuss.jpg&quot;);--awb-background-size:cover;--awb-flex-wrap:wrap;\" ><div class=\"fusion-builder-row fusion-row\"><div class=\"fusion-layout-column fusion_builder_column fusion-builder-column-7 fusion_builder_column_1_6 1_6 fusion-one-sixth fusion-column-first\" style=\"--awb-bg-size:cover;width:16.666666666667%;width:calc(16.666666666667% - ( ( 4% + 4% ) * 0.16666666666667 ) );margin-right: 4%;\"><div class=\"fusion-column-wrapper fusion-flex-column-wrapper-legacy\"><div class=\"fusion-clearfix\"><\/div><\/div><\/div><div class=\"fusion-layout-column fusion_builder_column fusion-builder-column-8 fusion_builder_column_2_3 2_3 fusion-two-third\" style=\"--awb-padding-top:50px;--awb-padding-right:50px;--awb-padding-bottom:50px;--awb-padding-left:50px;--awb-bg-color:rgba(255,255,255,0.9);--awb-bg-color-hover:rgba(255,255,255,0.9);--awb-bg-size:cover;--awb-margin-bottom:-100px;width:66.666666666667%;width:calc(66.666666666667% - ( ( 4% + 4% ) * 0.66666666666667 ) );margin-right: 4%;\"><div class=\"fusion-column-wrapper fusion-column-has-shadow fusion-flex-column-wrapper-legacy\"><div class=\"fusion-text fusion-text-6\"><h2 style=\"text-align: center;\">Kalibriersieb<\/h2>\n<p style=\"text-align: center;\"><strong>N\u00fcsse nach drei Gr\u00f6\u00dfen trennen.<\/strong><\/p>\n<p style=\"text-align: center;\">Das <strong>Kalibriersieb<\/strong> wird verwendet, um N\u00fcsse in 3 verschiedene Gr\u00f6\u00dfen zu sortieren. Das Kalibriersieb wird daf\u00fcr \u00fcber 3 Obstkisten gelegt. Die \u00d6ffnungen des Siebs, das hei\u00dft, die Kalibriergr\u00f6\u00dfe, wird von links nach rechts gr\u00f6\u00dfer.<\/p>\n<p style=\"text-align: center;\">Zur Kalibrierung platzieren Sie die Waln\u00fcsse auf der linken Seite und schieben Sie diese von links nach rechts \u00fcber das Kalibriersieb. Das Kalibriersieb ist auch f\u00fcr Haseln\u00fcsse erh\u00e4ltlich. Beim Kalibriersieb f\u00fcr Haseln\u00fcsse sind die Kalibriergr\u00f6\u00dfen deutlich kleiner und somit angepasst an Haseln\u00fcsse.<\/p>\n<\/div><div class=\"fusion-button-wrapper fusion-aligncenter\"><a class=\"fusion-button button-flat fusion-button-default-size button-custom fusion-button-default button-1 fusion-button-default-span fusion-button-default-type\" style=\"--button_accent_color:#ffffff;--button_border_color:#ffffff;--button_accent_hover_color:#ffffff;--button_border_hover_color:#ffffff;--button_gradient_top_color:#cc0000;--button_gradient_bottom_color:#cc0000;--button_gradient_top_color_hover:#ef0000;--button_gradient_bottom_color_hover:#ef0000;\" target=\"_self\" title=\"Jetzt Kalibriersieb kaufen\" aria-label=\"Jetzt Kalibriersieb kaufen\" href=\"https:\/\/shop.rollblitz.eu\/de\/nussprozesstechnik\/kalibrieren\/\"><span class=\"fusion-button-text awb-button__text awb-button__text--default\">KALIBRIERSIEB KAUFEN<\/span><\/a><\/div><div class=\"fusion-clearfix\"><\/div><\/div><\/div><div class=\"fusion-layout-column fusion_builder_column fusion-builder-column-9 fusion_builder_column_1_6 1_6 fusion-one-sixth fusion-column-last\" style=\"--awb-bg-size:cover;width:16.666666666667%;width:calc(16.666666666667% - ( ( 4% + 4% ) * 0.16666666666667 ) );\"><div class=\"fusion-column-wrapper fusion-flex-column-wrapper-legacy\"><div class=\"fusion-clearfix\"><\/div><\/div><\/div><\/div><\/div><div class=\"fusion-fullwidth fullwidth-box fusion-builder-row-6 nonhundred-percent-fullwidth non-hundred-percent-height-scrolling fusion-equal-height-columns\" style=\"--awb-border-radius-top-left:0px;--awb-border-radius-top-right:0px;--awb-border-radius-bottom-right:0px;--awb-border-radius-bottom-left:0px;--awb-padding-top:200px;--awb-background-color:#f2f2f2;--awb-flex-wrap:wrap;\" ><div class=\"fusion-builder-row fusion-row\"><div class=\"fusion-layout-column fusion_builder_column fusion-builder-column-10 fusion_builder_column_1_1 1_1 fusion-one-full fusion-column-first fusion-column-last\" style=\"--awb-bg-size:cover;\"><div class=\"fusion-column-wrapper fusion-flex-column-wrapper-legacy\"><div class=\"fusion-title title fusion-title-1 fusion-sep-none fusion-title-text fusion-title-size-one\" style=\"--awb-margin-top-small:0px;--awb-margin-right-small:0px;--awb-margin-bottom-small:20px;--awb-margin-left-small:0px;\"><h1 class=\"fusion-title-heading title-heading-left fusion-responsive-typography-calculated\" style=\"margin:0;--fontSize:38;line-height:1.33;\">Details zum Kalibriersieb<\/h1><\/div><div class=\"fusion-clearfix\"><\/div><\/div><\/div><\/div><\/div><div class=\"fusion-fullwidth fullwidth-box fusion-builder-row-7 nonhundred-percent-fullwidth non-hundred-percent-height-scrolling fusion-equal-height-columns\" style=\"--awb-border-radius-top-left:0px;--awb-border-radius-top-right:0px;--awb-border-radius-bottom-right:0px;--awb-border-radius-bottom-left:0px;--awb-padding-bottom:100px;--awb-background-color:#f2f2f2;--awb-flex-wrap:wrap;\" ><div class=\"fusion-builder-row fusion-row\"><div class=\"fusion-layout-column fusion_builder_column fusion-builder-column-11 fusion_builder_column_1_2 1_2 fusion-one-half fusion-column-first\" style=\"--awb-bg-color:#ffffff;--awb-bg-color-hover:#ffffff;--awb-bg-size:cover;--awb-margin-bottom:40px;width:48%; margin-right: 4%;\"><div class=\"fusion-column-wrapper fusion-flex-column-wrapper-legacy\"><div class=\"fusion-image-element fusion-image-align-center in-legacy-container\" style=\"text-align:center;--awb-caption-title-font-family:var(--h2_typography-font-family);--awb-caption-title-font-weight:var(--h2_typography-font-weight);--awb-caption-title-font-style:var(--h2_typography-font-style);--awb-caption-title-size:var(--h2_typography-font-size);--awb-caption-title-transform:var(--h2_typography-text-transform);--awb-caption-title-line-height:var(--h2_typography-line-height);--awb-caption-title-letter-spacing:var(--h2_typography-letter-spacing);\"><div class=\"imageframe-align-center\"><span class=\" fusion-imageframe imageframe-none imageframe-2 hover-type-zoomin\"><a href=\"https:\/\/feucht-obsttechnik.de\/wp-content\/uploads\/nussverarbeitung-klein-kalibireren-kalibriersieb-walnuss-2.jpg\" class=\"fusion-lightbox\" data-rel=\"iLightbox[Kalibriersieb ]\" data-title=\"Mit dem Kalibriersieb N\u00fcsse in 3 verschiedene Gr\u00f6\u00dfen sortieren\" title=\"Mit dem Kalibriersieb N\u00fcsse in 3 verschiedene Gr\u00f6\u00dfen sortieren\"><img decoding=\"async\" width=\"1600\" height=\"1200\" src=\"https:\/\/feucht-obsttechnik.de\/wp-content\/uploads\/nussverarbeitung-klein-kalibireren-kalibriersieb-walnuss-2.jpg\" alt class=\"img-responsive wp-image-6764\" srcset=\"https:\/\/feucht-obsttechnik.de\/wp-content\/uploads\/nussverarbeitung-klein-kalibireren-kalibriersieb-walnuss-2-200x150.jpg 200w, https:\/\/feucht-obsttechnik.de\/wp-content\/uploads\/nussverarbeitung-klein-kalibireren-kalibriersieb-walnuss-2-400x300.jpg 400w, https:\/\/feucht-obsttechnik.de\/wp-content\/uploads\/nussverarbeitung-klein-kalibireren-kalibriersieb-walnuss-2-600x450.jpg 600w, https:\/\/feucht-obsttechnik.de\/wp-content\/uploads\/nussverarbeitung-klein-kalibireren-kalibriersieb-walnuss-2-800x600.jpg 800w, https:\/\/feucht-obsttechnik.de\/wp-content\/uploads\/nussverarbeitung-klein-kalibireren-kalibriersieb-walnuss-2-1200x900.jpg 1200w, https:\/\/feucht-obsttechnik.de\/wp-content\/uploads\/nussverarbeitung-klein-kalibireren-kalibriersieb-walnuss-2.jpg 1600w\" sizes=\"(max-width: 835px) 100vw, 600px\" \/><\/a><\/span><\/div><\/div><div class=\"fusion-clearfix\"><\/div><\/div><\/div><div class=\"fusion-layout-column fusion_builder_column fusion-builder-column-12 fusion_builder_column_1_2 1_2 fusion-one-half fusion-column-last\" style=\"--awb-bg-color:#ffffff;--awb-bg-color-hover:#ffffff;--awb-bg-size:cover;--awb-margin-bottom:40px;width:48%;\"><div class=\"fusion-column-wrapper fusion-flex-column-wrapper-legacy\"><div class=\"fusion-image-element fusion-image-align-center in-legacy-container\" style=\"text-align:center;--awb-caption-title-font-family:var(--h2_typography-font-family);--awb-caption-title-font-weight:var(--h2_typography-font-weight);--awb-caption-title-font-style:var(--h2_typography-font-style);--awb-caption-title-size:var(--h2_typography-font-size);--awb-caption-title-transform:var(--h2_typography-text-transform);--awb-caption-title-line-height:var(--h2_typography-line-height);--awb-caption-title-letter-spacing:var(--h2_typography-letter-spacing);\"><div class=\"imageframe-align-center\"><span class=\" fusion-imageframe imageframe-none imageframe-3 hover-type-zoomin\"><a href=\"https:\/\/feucht-obsttechnik.de\/wp-content\/uploads\/nussverarbeitung-klein-kalibireren-kalibriersieb-haselnuss-1.jpg\" class=\"fusion-lightbox\" data-rel=\"iLightbox[Kalibriersieb ]\" data-title=\"Mit dem Kalibriersieb N\u00fcsse in 3 verschiedene Gr\u00f6\u00dfen sortieren\" title=\"Mit dem Kalibriersieb N\u00fcsse in 3 verschiedene Gr\u00f6\u00dfen sortieren\"><img decoding=\"async\" width=\"1600\" height=\"1200\" src=\"https:\/\/feucht-obsttechnik.de\/wp-content\/uploads\/nussverarbeitung-klein-kalibireren-kalibriersieb-haselnuss-1.jpg\" alt class=\"img-responsive wp-image-6760\" srcset=\"https:\/\/feucht-obsttechnik.de\/wp-content\/uploads\/nussverarbeitung-klein-kalibireren-kalibriersieb-haselnuss-1-200x150.jpg 200w, https:\/\/feucht-obsttechnik.de\/wp-content\/uploads\/nussverarbeitung-klein-kalibireren-kalibriersieb-haselnuss-1-400x300.jpg 400w, https:\/\/feucht-obsttechnik.de\/wp-content\/uploads\/nussverarbeitung-klein-kalibireren-kalibriersieb-haselnuss-1-600x450.jpg 600w, https:\/\/feucht-obsttechnik.de\/wp-content\/uploads\/nussverarbeitung-klein-kalibireren-kalibriersieb-haselnuss-1-800x600.jpg 800w, https:\/\/feucht-obsttechnik.de\/wp-content\/uploads\/nussverarbeitung-klein-kalibireren-kalibriersieb-haselnuss-1-1200x900.jpg 1200w, https:\/\/feucht-obsttechnik.de\/wp-content\/uploads\/nussverarbeitung-klein-kalibireren-kalibriersieb-haselnuss-1.jpg 1600w\" sizes=\"(max-width: 835px) 100vw, 600px\" \/><\/a><\/span><\/div><\/div><div class=\"fusion-clearfix\"><\/div><\/div><\/div><\/div><\/div><div class=\"fusion-fullwidth fullwidth-box fusion-builder-row-8 nonhundred-percent-fullwidth non-hundred-percent-height-scrolling fusion-equal-height-columns\" style=\"--awb-border-radius-top-left:0px;--awb-border-radius-top-right:0px;--awb-border-radius-bottom-right:0px;--awb-border-radius-bottom-left:0px;--awb-padding-bottom:100px;--awb-background-color:#f2f2f2;--awb-flex-wrap:wrap;\" ><div class=\"fusion-builder-row fusion-row\"><div class=\"fusion-layout-column fusion_builder_column fusion-builder-column-13 fusion_builder_column_1_2 1_2 fusion-one-half fusion-column-first\" style=\"--awb-bg-color:#ffffff;--awb-bg-color-hover:#ffffff;--awb-bg-size:cover;--awb-margin-bottom:40px;width:48%; margin-right: 4%;\"><div class=\"fusion-column-wrapper fusion-flex-column-wrapper-legacy\"><div class=\"fusion-text fusion-text-7\"><div style=\"padding: 25px;\">\n<h2>Vorteile<\/h2>\n<ul>\n<li>sehr einfache Handhabung<\/li>\n<li>schnelle Kalibrierung der N\u00fcsse<\/li>\n<li>einfacher Transport durch geringes Gewicht<\/li>\n<li>andere Kalibriergr\u00f6\u00dfen auf Anfrage m\u00f6glich<\/li>\n<\/ul>\n<\/div>\n<\/div><div class=\"fusion-clearfix\"><\/div><\/div><\/div><div class=\"fusion-layout-column fusion_builder_column fusion-builder-column-14 fusion_builder_column_1_2 1_2 fusion-one-half fusion-column-last\" style=\"--awb-bg-color:#ffffff;--awb-bg-color-hover:#ffffff;--awb-bg-size:cover;width:48%;\"><div class=\"fusion-column-wrapper fusion-flex-column-wrapper-legacy\"><div class=\"fusion-text fusion-text-8\"><div style=\"padding: 25px;\">\n<h2>Technische Daten<\/h2>\n<\/div>\n<\/div>\n<div class=\"table-2\">\n<table width=\"100%\">\n<tbody>\n<tr>\n<td align=\"left\">L\u00e4nge:<\/td>\n<td align=\"left\">26 cm<\/td>\n<\/tr>\n<tr>\n<td align=\"left\">Breite:<\/td>\n<td align=\"left\">100 cm<\/td>\n<\/tr>\n<tr>\n<td align=\"left\">H\u00f6he:<\/td>\n<td align=\"left\">7 cm<\/td>\n<\/tr>\n<tr>\n<td align=\"left\">Gewicht:<\/td>\n<td align=\"left\">8 kg<\/td>\n<\/tr>\n<tr>\n<td align=\"left\">Kalibriergr\u00f6\u00dfe:<\/td>\n<td align=\"left\">28 mm, 30 mm, 32 mm (Walnuss)<br \/>\n14 mm, 16 mm, 18 mm (Haselnuss)<br \/>\nAndere Gr\u00f6\u00dfen sind auf Anfrage m\u00f6glich<\/td>\n<\/tr>\n<tr>\n<td align=\"left\">Lieferumfang:<\/td>\n<td align=\"left\">1 x Sieb (Walnuss oder Haselnuss)<\/td>\n<\/tr>\n<\/tbody>\n<\/table>\n<\/div>\n<div class=\"fusion-clearfix\"><\/div><\/div><\/div><div class=\"fusion-layout-column fusion_builder_column fusion-builder-column-15 fusion_builder_column_1_1 1_1 fusion-one-full fusion-column-first fusion-column-last fusion-column-no-min-height\" style=\"--awb-bg-size:cover;\"><div class=\"fusion-column-wrapper fusion-column-has-shadow fusion-flex-column-wrapper-legacy\"><div class=\"fusion-column-content-centered\"><div class=\"fusion-column-content\"><\/div><\/div><div class=\"fusion-clearfix\"><\/div><\/div><\/div><\/div><\/div><div class=\"fusion-fullwidth fullwidth-box fusion-builder-row-9 nonhundred-percent-fullwidth non-hundred-percent-height-scrolling\" style=\"--awb-border-radius-top-left:0px;--awb-border-radius-top-right:0px;--awb-border-radius-bottom-right:0px;--awb-border-radius-bottom-left:0px;--awb-flex-wrap:wrap;\" ><div class=\"fusion-builder-row fusion-row\"><div class=\"fusion-layout-column fusion_builder_column fusion-builder-column-16 fusion_builder_column_1_1 1_1 fusion-one-full fusion-column-first fusion-column-last\" style=\"--awb-padding-top:0px;--awb-padding-right:0px;--awb-padding-bottom:0px;--awb-padding-left:0px;--awb-bg-size:cover;--awb-margin-bottom:0px;\"><div class=\"fusion-column-wrapper fusion-column-has-shadow fusion-flex-column-wrapper-legacy\"><div class=\"fusion-menu-anchor\" id=\"wasch-und-kalibriermaschine\"><\/div><div class=\"fusion-clearfix\"><\/div><\/div><\/div><\/div><\/div><div class=\"fusion-fullwidth fullwidth-box fusion-builder-row-10 fusion-parallax-none nonhundred-percent-fullwidth non-hundred-percent-height-scrolling\" style=\"--awb-border-radius-top-left:0px;--awb-border-radius-top-right:0px;--awb-border-radius-bottom-right:0px;--awb-border-radius-bottom-left:0px;--awb-padding-top:200px;--awb-background-image:url(&quot;https:\/\/feucht-obsttechnik.de\/wp-content\/uploads\/nussverarbeitung-gro\u00df-divider-waschen-wasch-und-kalibriermaschine.jpg&quot;);--awb-background-size:cover;--awb-flex-wrap:wrap;\" ><div class=\"fusion-builder-row fusion-row\"><div class=\"fusion-layout-column fusion_builder_column fusion-builder-column-17 fusion_builder_column_1_6 1_6 fusion-one-sixth fusion-column-first\" style=\"--awb-bg-size:cover;width:16.666666666667%;width:calc(16.666666666667% - ( ( 4% + 4% ) * 0.16666666666667 ) );margin-right: 4%;\"><div class=\"fusion-column-wrapper fusion-flex-column-wrapper-legacy\"><div class=\"fusion-clearfix\"><\/div><\/div><\/div><div class=\"fusion-layout-column fusion_builder_column fusion-builder-column-18 fusion_builder_column_2_3 2_3 fusion-two-third\" style=\"--awb-padding-top:50px;--awb-padding-right:50px;--awb-padding-bottom:50px;--awb-padding-left:50px;--awb-bg-color:rgba(255,255,255,0.9);--awb-bg-color-hover:rgba(255,255,255,0.9);--awb-bg-size:cover;--awb-margin-bottom:-100px;width:66.666666666667%;width:calc(66.666666666667% - ( ( 4% + 4% ) * 0.66666666666667 ) );margin-right: 4%;\"><div class=\"fusion-column-wrapper fusion-column-has-shadow fusion-flex-column-wrapper-legacy\"><div class=\"fusion-text fusion-text-9\"><h2 style=\"text-align: center;\">Wasch- und Kalibriermaschine<\/h2>\n<p style=\"text-align: center;\"><strong>Waln\u00fcsse reinigen, kalibrieren und Schalen trennen.<\/strong><\/p>\n<p style=\"text-align: center;\">Diese <strong>Waschmaschine<\/strong> reinigt und kalibriert die N\u00fcsse und trennt die gr\u00fcnen Schalen von den N\u00fcssen. Hierbei entfernt die Maschine bis zu 95 % der gr\u00fcnen Schalen. Zum Reinigen der N\u00fcsse wird eine spezielle Waschtrommel verwendet (ovales Muster). F\u00fcr die <strong>Kalibrierung<\/strong> der N\u00fcsse wird die Walze \/ Trommel ausgetauscht und mit einem Rundlochsieb ersetzt.<\/p>\n<p style=\"text-align: center;\">Dabei kann zwischen zwei Kalibriergr\u00f6\u00dfen gew\u00e4hlt werden. Die Wasch- und Kalibriermaschine wird mit einer handels\u00fcblichen Bohrmaschine angetrieben. Option mit Zuf\u00fchrung der N\u00fcsse und E-Motor mit 230V.<\/p>\n<\/div><div class=\"fusion-clearfix\"><\/div><\/div><\/div><div class=\"fusion-layout-column fusion_builder_column fusion-builder-column-19 fusion_builder_column_1_6 1_6 fusion-one-sixth fusion-column-last\" style=\"--awb-bg-size:cover;width:16.666666666667%;width:calc(16.666666666667% - ( ( 4% + 4% ) * 0.16666666666667 ) );\"><div class=\"fusion-column-wrapper fusion-flex-column-wrapper-legacy\"><div class=\"fusion-clearfix\"><\/div><\/div><\/div><\/div><\/div><div class=\"fusion-fullwidth fullwidth-box fusion-builder-row-11 nonhundred-percent-fullwidth non-hundred-percent-height-scrolling fusion-equal-height-columns\" style=\"--awb-border-radius-top-left:0px;--awb-border-radius-top-right:0px;--awb-border-radius-bottom-right:0px;--awb-border-radius-bottom-left:0px;--awb-padding-top:200px;--awb-background-color:#f2f2f2;--awb-flex-wrap:wrap;\" ><div class=\"fusion-builder-row fusion-row\"><div class=\"fusion-layout-column fusion_builder_column fusion-builder-column-20 fusion_builder_column_1_1 1_1 fusion-one-full fusion-column-first fusion-column-last\" style=\"--awb-bg-size:cover;\"><div class=\"fusion-column-wrapper fusion-flex-column-wrapper-legacy\"><div class=\"fusion-title title fusion-title-2 fusion-sep-none fusion-title-text fusion-title-size-one\" style=\"--awb-margin-top-small:0px;--awb-margin-right-small:0px;--awb-margin-bottom-small:20px;--awb-margin-left-small:0px;\"><h1 class=\"fusion-title-heading title-heading-left fusion-responsive-typography-calculated\" style=\"margin:0;--fontSize:38;line-height:1.33;\">Details zur Wasch- und Kalibriermaschine<\/h1><\/div><div class=\"fusion-clearfix\"><\/div><\/div><\/div><\/div><\/div><div class=\"fusion-fullwidth fullwidth-box fusion-builder-row-12 nonhundred-percent-fullwidth non-hundred-percent-height-scrolling fusion-equal-height-columns\" style=\"--awb-border-radius-top-left:0px;--awb-border-radius-top-right:0px;--awb-border-radius-bottom-right:0px;--awb-border-radius-bottom-left:0px;--awb-padding-bottom:100px;--awb-background-color:#f2f2f2;--awb-flex-wrap:wrap;\" ><div class=\"fusion-builder-row fusion-row\"><div class=\"fusion-layout-column fusion_builder_column fusion-builder-column-21 fusion_builder_column_1_3 1_3 fusion-one-third fusion-column-first\" style=\"--awb-bg-color:#ffffff;--awb-bg-color-hover:#ffffff;--awb-bg-size:cover;--awb-margin-bottom:40px;width:30.6666%; margin-right: 4%;\"><div class=\"fusion-column-wrapper fusion-flex-column-wrapper-legacy\"><div class=\"fusion-image-element fusion-image-align-center in-legacy-container\" style=\"text-align:center;--awb-caption-title-font-family:var(--h2_typography-font-family);--awb-caption-title-font-weight:var(--h2_typography-font-weight);--awb-caption-title-font-style:var(--h2_typography-font-style);--awb-caption-title-size:var(--h2_typography-font-size);--awb-caption-title-transform:var(--h2_typography-text-transform);--awb-caption-title-line-height:var(--h2_typography-line-height);--awb-caption-title-letter-spacing:var(--h2_typography-letter-spacing);\"><div class=\"imageframe-align-center\"><span class=\" fusion-imageframe imageframe-none imageframe-4 hover-type-zoomin\"><a href=\"https:\/\/feucht-obsttechnik.de\/wp-content\/uploads\/IMG_9216-300x225.jpg\" class=\"fusion-lightbox\" data-rel=\"iLightbox[Wasch- und Kalibriermaschine]\" data-title=\"IMG_9216\" title=\"IMG_9216\"><img decoding=\"async\" width=\"300\" height=\"225\" src=\"https:\/\/feucht-obsttechnik.de\/wp-content\/uploads\/IMG_9216-300x225.jpg\" alt class=\"img-responsive wp-image-53562\" srcset=\"https:\/\/feucht-obsttechnik.de\/wp-content\/uploads\/IMG_9216-200x150.jpg 200w, https:\/\/feucht-obsttechnik.de\/wp-content\/uploads\/IMG_9216-400x300.jpg 400w, https:\/\/feucht-obsttechnik.de\/wp-content\/uploads\/IMG_9216-600x450.jpg 600w, https:\/\/feucht-obsttechnik.de\/wp-content\/uploads\/IMG_9216-800x600.jpg 800w, https:\/\/feucht-obsttechnik.de\/wp-content\/uploads\/IMG_9216-1200x900.jpg 1200w\" sizes=\"(max-width: 835px) 100vw, 400px\" \/><\/a><\/span><\/div><\/div><div class=\"fusion-clearfix\"><\/div><\/div><\/div><div class=\"fusion-layout-column fusion_builder_column fusion-builder-column-22 fusion_builder_column_1_3 1_3 fusion-one-third\" style=\"--awb-bg-color:#ffffff;--awb-bg-color-hover:#ffffff;--awb-bg-size:cover;width:30.6666%; margin-right: 4%;\"><div class=\"fusion-column-wrapper fusion-flex-column-wrapper-legacy\"><div class=\"fusion-image-element fusion-image-align-center in-legacy-container\" style=\"text-align:center;--awb-caption-title-font-family:var(--h2_typography-font-family);--awb-caption-title-font-weight:var(--h2_typography-font-weight);--awb-caption-title-font-style:var(--h2_typography-font-style);--awb-caption-title-size:var(--h2_typography-font-size);--awb-caption-title-transform:var(--h2_typography-text-transform);--awb-caption-title-line-height:var(--h2_typography-line-height);--awb-caption-title-letter-spacing:var(--h2_typography-letter-spacing);\"><div class=\"imageframe-align-center\"><span class=\" fusion-imageframe imageframe-none imageframe-5 hover-type-zoomin\"><a href=\"https:\/\/feucht-obsttechnik.de\/wp-content\/uploads\/nussverarbeitung-gro\u00df-waschen-wasch-und-kalibriermaschine-1-1.jpg\" class=\"fusion-lightbox\" data-rel=\"iLightbox[Wasch- und Kalibriermaschine]\" data-title=\"Die Wasch- und Kalibriermaschine s\u00e4ubert und sortiert die N\u00fcsse\" title=\"Die Wasch- und Kalibriermaschine s\u00e4ubert und sortiert die N\u00fcsse\"><img decoding=\"async\" width=\"1600\" height=\"1200\" src=\"https:\/\/feucht-obsttechnik.de\/wp-content\/uploads\/nussverarbeitung-gro\u00df-waschen-wasch-und-kalibriermaschine-1-1.jpg\" alt class=\"img-responsive wp-image-6615\" srcset=\"https:\/\/feucht-obsttechnik.de\/wp-content\/uploads\/nussverarbeitung-gro\u00df-waschen-wasch-und-kalibriermaschine-1-1-200x150.jpg 200w, https:\/\/feucht-obsttechnik.de\/wp-content\/uploads\/nussverarbeitung-gro\u00df-waschen-wasch-und-kalibriermaschine-1-1-400x300.jpg 400w, https:\/\/feucht-obsttechnik.de\/wp-content\/uploads\/nussverarbeitung-gro\u00df-waschen-wasch-und-kalibriermaschine-1-1-600x450.jpg 600w, https:\/\/feucht-obsttechnik.de\/wp-content\/uploads\/nussverarbeitung-gro\u00df-waschen-wasch-und-kalibriermaschine-1-1-800x600.jpg 800w, https:\/\/feucht-obsttechnik.de\/wp-content\/uploads\/nussverarbeitung-gro\u00df-waschen-wasch-und-kalibriermaschine-1-1-1200x900.jpg 1200w, https:\/\/feucht-obsttechnik.de\/wp-content\/uploads\/nussverarbeitung-gro\u00df-waschen-wasch-und-kalibriermaschine-1-1.jpg 1600w\" sizes=\"(max-width: 835px) 100vw, 400px\" \/><\/a><\/span><\/div><\/div><div class=\"fusion-clearfix\"><\/div><\/div><\/div><div class=\"fusion-layout-column fusion_builder_column fusion-builder-column-23 fusion_builder_column_1_3 1_3 fusion-one-third fusion-column-last\" style=\"--awb-bg-color:#ffffff;--awb-bg-color-hover:#ffffff;--awb-bg-size:cover;width:30.6666%;\"><div class=\"fusion-column-wrapper fusion-flex-column-wrapper-legacy\"><div class=\"fusion-image-element fusion-image-align-center in-legacy-container\" style=\"text-align:center;--awb-caption-title-font-family:var(--h2_typography-font-family);--awb-caption-title-font-weight:var(--h2_typography-font-weight);--awb-caption-title-font-style:var(--h2_typography-font-style);--awb-caption-title-size:var(--h2_typography-font-size);--awb-caption-title-transform:var(--h2_typography-text-transform);--awb-caption-title-line-height:var(--h2_typography-line-height);--awb-caption-title-letter-spacing:var(--h2_typography-letter-spacing);\"><div class=\"imageframe-align-center\"><span class=\" fusion-imageframe imageframe-none imageframe-6 hover-type-zoomin\"><a href=\"https:\/\/feucht-obsttechnik.de\/wp-content\/uploads\/nussverarbeitung-gro\u00df-waschen-wasch-und-kalibriermaschine-3-1.jpg\" class=\"fusion-lightbox\" data-rel=\"iLightbox[Wasch- und Kalibriermaschine]\" data-title=\"Die Wasch- und Kalibriermaschine s\u00e4ubert und sortiert die N\u00fcsse\" title=\"Die Wasch- und Kalibriermaschine s\u00e4ubert und sortiert die N\u00fcsse\"><img decoding=\"async\" width=\"1600\" height=\"1200\" src=\"https:\/\/feucht-obsttechnik.de\/wp-content\/uploads\/nussverarbeitung-gro\u00df-waschen-wasch-und-kalibriermaschine-3-1.jpg\" alt class=\"img-responsive wp-image-6611\" srcset=\"https:\/\/feucht-obsttechnik.de\/wp-content\/uploads\/nussverarbeitung-gro\u00df-waschen-wasch-und-kalibriermaschine-3-1-200x150.jpg 200w, https:\/\/feucht-obsttechnik.de\/wp-content\/uploads\/nussverarbeitung-gro\u00df-waschen-wasch-und-kalibriermaschine-3-1-400x300.jpg 400w, https:\/\/feucht-obsttechnik.de\/wp-content\/uploads\/nussverarbeitung-gro\u00df-waschen-wasch-und-kalibriermaschine-3-1-600x450.jpg 600w, https:\/\/feucht-obsttechnik.de\/wp-content\/uploads\/nussverarbeitung-gro\u00df-waschen-wasch-und-kalibriermaschine-3-1-800x600.jpg 800w, https:\/\/feucht-obsttechnik.de\/wp-content\/uploads\/nussverarbeitung-gro\u00df-waschen-wasch-und-kalibriermaschine-3-1-1200x900.jpg 1200w, https:\/\/feucht-obsttechnik.de\/wp-content\/uploads\/nussverarbeitung-gro\u00df-waschen-wasch-und-kalibriermaschine-3-1.jpg 1600w\" sizes=\"(max-width: 835px) 100vw, 400px\" \/><\/a><\/span><\/div><\/div><div class=\"fusion-clearfix\"><\/div><\/div><\/div><\/div><\/div><div class=\"fusion-fullwidth fullwidth-box fusion-builder-row-13 nonhundred-percent-fullwidth non-hundred-percent-height-scrolling fusion-equal-height-columns\" style=\"--awb-border-radius-top-left:0px;--awb-border-radius-top-right:0px;--awb-border-radius-bottom-right:0px;--awb-border-radius-bottom-left:0px;--awb-padding-bottom:100px;--awb-background-color:#f2f2f2;--awb-flex-wrap:wrap;\" ><div class=\"fusion-builder-row fusion-row\"><div class=\"fusion-layout-column fusion_builder_column fusion-builder-column-24 fusion_builder_column_1_2 1_2 fusion-one-half fusion-column-first\" style=\"--awb-bg-color:#ffffff;--awb-bg-color-hover:#ffffff;--awb-bg-size:cover;--awb-margin-bottom:40px;width:48%; margin-right: 4%;\"><div class=\"fusion-column-wrapper fusion-flex-column-wrapper-legacy\"><div class=\"fusion-text fusion-text-10\"><div style=\"padding: 25px;\">\n<h2>Vorteile<\/h2>\n<ul>\n<li>multifunktionales Kombiger\u00e4t f\u00fcr Waschen, Kalibrieren und Separieren<\/li>\n<li>einfacher Transport durch leichtes Gewicht<\/li>\n<li>verschiedene Kalibriergr\u00f6\u00dfen m\u00f6glich<\/li>\n<li>abweichende Kalibriergr\u00f6\u00dfen auf Anfrage m\u00f6glich<\/li>\n<li>Optional: Zuf\u00fchrung der N\u00fcsse oder E-Motor mit 230V<\/li>\n<\/ul>\n<\/div>\n<\/div><div class=\"fusion-clearfix\"><\/div><\/div><\/div><div class=\"fusion-layout-column fusion_builder_column fusion-builder-column-25 fusion_builder_column_1_2 1_2 fusion-one-half fusion-column-last\" style=\"--awb-bg-color:#ffffff;--awb-bg-color-hover:#ffffff;--awb-bg-size:cover;width:48%;\"><div class=\"fusion-column-wrapper fusion-flex-column-wrapper-legacy\"><div class=\"fusion-text fusion-text-11\"><div style=\"padding: 25px;\">\n<h2>Technische Daten<\/h2>\n<\/div>\n<\/div>\n<div class=\"table-2\">\n<table width=\"100%\">\n<tbody>\n<tr>\n<td align=\"left\">L\u00e4nge:<\/td>\n<td align=\"left\">160 cm<\/td>\n<\/tr>\n<tr>\n<td align=\"left\">Breite:<\/td>\n<td align=\"left\">65 cm<\/td>\n<\/tr>\n<tr>\n<td align=\"left\">H\u00f6he:<\/td>\n<td align=\"left\">105 cm<\/td>\n<\/tr>\n<tr>\n<td align=\"left\">Gewicht:<\/td>\n<td align=\"left\">65 kg<\/td>\n<\/tr>\n<tr>\n<td align=\"left\">Leistung:<\/td>\n<td align=\"left\">Waschen &#8211; ca. 100-120 kg\/h (20kg\/Trommel alle 10 Minuten)<br \/>\nKalibrieren &#8211; ca. 150 kg\/h (auf zwei Gr\u00f6\u00dfen)<\/td>\n<\/tr>\n<tr>\n<td rowspan=\"6\">Lieferumfang:<\/td>\n<td align=\"left\">1x Wasch- und Kalibriermaschine<\/td>\n<\/tr>\n<tr>\n<td align=\"left\">1x Waschtrommel<\/td>\n<\/tr>\n<tr>\n<td align=\"left\">1x Kalibriersieb (Durchmesser = 28\/30)<\/td>\n<\/tr>\n<tr>\n<td align=\"left\">1x Kalibriersieb (Durchmesser = 30\/32)<\/td>\n<\/tr>\n<tr>\n<td align=\"left\">Auf Anfrage sind auch andere Siebgr\u00f6\u00dfen m\u00f6glich z.B. 14\/16 oder 18\/20<\/td>\n<\/tr>\n<tr>\n<td align=\"left\">Die Bohrmaschine ist nicht im Lieferumfang enthalten<\/td>\n<\/tr>\n<\/tbody>\n<\/table>\n<\/div>\n<div class=\"fusion-clearfix\"><\/div><\/div><\/div><\/div><\/div><\/p>\n","protected":false},"excerpt":{"rendered":"","protected":false},"author":4,"featured_media":0,"parent":3509,"menu_order":0,"comment_status":"closed","ping_status":"closed","template":"100-width.php","meta":{"footnotes":"","_wp_rev_ctl_limit":""},"class_list":["post-4041","page","type-page","status-publish","hentry"],"yoast_head":"<!-- This site is optimized with the Yoast SEO plugin v27.5 - https:\/\/yoast.com\/product\/yoast-seo-wordpress\/ -->\n<title>Nusskalibrierung - Feucht Obsttechnik<\/title>\n<meta name=\"description\" content=\"Die trockenen N\u00fcsse werden bei der Kalibrierung der Gr\u00f6\u00dfe nach sortiert. Dabei werden die N\u00fcsse mit einem Kalibriersieb \/ einer Kalibriermaschine separiert.\" \/>\n<meta name=\"robots\" content=\"index, follow, max-snippet:-1, max-image-preview:large, max-video-preview:-1\" \/>\n<link rel=\"canonical\" href=\"https:\/\/feucht-obsttechnik.de\/de\/nussverarbeitung\/nussverarbeitung-klein\/nusskalibrierung\/\" \/>\n<meta property=\"og:locale\" content=\"de_DE\" \/>\n<meta property=\"og:type\" content=\"article\" \/>\n<meta property=\"og:title\" content=\"Nusskalibrierung - Feucht Obsttechnik\" \/>\n<meta property=\"og:description\" content=\"Die trockenen N\u00fcsse werden bei der Kalibrierung der Gr\u00f6\u00dfe nach sortiert. Dabei werden die N\u00fcsse mit einem Kalibriersieb \/ einer Kalibriermaschine separiert.\" \/>\n<meta property=\"og:url\" content=\"https:\/\/feucht-obsttechnik.de\/de\/nussverarbeitung\/nussverarbeitung-klein\/nusskalibrierung\/\" \/>\n<meta property=\"og:site_name\" content=\"Feucht Obsttechnik\" \/>\n<meta property=\"article:modified_time\" content=\"2025-07-21T12:42:26+00:00\" \/>\n<meta name=\"twitter:card\" content=\"summary_large_image\" \/>\n<meta name=\"twitter:label1\" content=\"Gesch\u00e4tzte Lesezeit\" \/>\n\t<meta name=\"twitter:data1\" content=\"21\u00a0Minuten\" \/>\n<script type=\"application\/ld+json\" class=\"yoast-schema-graph\">{\"@context\":\"https:\\\/\\\/schema.org\",\"@graph\":[{\"@type\":\"WebPage\",\"@id\":\"https:\\\/\\\/feucht-obsttechnik.de\\\/de\\\/nussverarbeitung\\\/nussverarbeitung-klein\\\/nusskalibrierung\\\/\",\"url\":\"https:\\\/\\\/feucht-obsttechnik.de\\\/de\\\/nussverarbeitung\\\/nussverarbeitung-klein\\\/nusskalibrierung\\\/\",\"name\":\"Nusskalibrierung - Feucht Obsttechnik\",\"isPartOf\":{\"@id\":\"https:\\\/\\\/feucht-obsttechnik.de\\\/de\\\/#website\"},\"datePublished\":\"2019-12-03T10:04:38+00:00\",\"dateModified\":\"2025-07-21T12:42:26+00:00\",\"description\":\"Die trockenen N\u00fcsse werden bei der Kalibrierung der Gr\u00f6\u00dfe nach sortiert. Dabei werden die N\u00fcsse mit einem Kalibriersieb \\\/ einer Kalibriermaschine separiert.\",\"breadcrumb\":{\"@id\":\"https:\\\/\\\/feucht-obsttechnik.de\\\/de\\\/nussverarbeitung\\\/nussverarbeitung-klein\\\/nusskalibrierung\\\/#breadcrumb\"},\"inLanguage\":\"de\",\"potentialAction\":[{\"@type\":\"ReadAction\",\"target\":[\"https:\\\/\\\/feucht-obsttechnik.de\\\/de\\\/nussverarbeitung\\\/nussverarbeitung-klein\\\/nusskalibrierung\\\/\"]}]},{\"@type\":\"BreadcrumbList\",\"@id\":\"https:\\\/\\\/feucht-obsttechnik.de\\\/de\\\/nussverarbeitung\\\/nussverarbeitung-klein\\\/nusskalibrierung\\\/#breadcrumb\",\"itemListElement\":[{\"@type\":\"ListItem\",\"position\":1,\"name\":\"Startseite\",\"item\":\"https:\\\/\\\/feucht-obsttechnik.de\\\/de\\\/\"},{\"@type\":\"ListItem\",\"position\":2,\"name\":\"Nussverarbeitung\",\"item\":\"https:\\\/\\\/feucht-obsttechnik.de\\\/de\\\/nussverarbeitung\\\/\"},{\"@type\":\"ListItem\",\"position\":3,\"name\":\"NV f\u00fcr kleine Mengen\",\"item\":\"https:\\\/\\\/feucht-obsttechnik.de\\\/de\\\/nussverarbeitung\\\/nussverarbeitung-klein\\\/\"},{\"@type\":\"ListItem\",\"position\":4,\"name\":\"Nusskalibrierung\"}]},{\"@type\":\"WebSite\",\"@id\":\"https:\\\/\\\/feucht-obsttechnik.de\\\/de\\\/#website\",\"url\":\"https:\\\/\\\/feucht-obsttechnik.de\\\/de\\\/\",\"name\":\"Feucht Obsttechnik\",\"description\":\"\",\"publisher\":{\"@id\":\"https:\\\/\\\/feucht-obsttechnik.de\\\/de\\\/#organization\"},\"potentialAction\":[{\"@type\":\"SearchAction\",\"target\":{\"@type\":\"EntryPoint\",\"urlTemplate\":\"https:\\\/\\\/feucht-obsttechnik.de\\\/de\\\/?s={search_term_string}\"},\"query-input\":{\"@type\":\"PropertyValueSpecification\",\"valueRequired\":true,\"valueName\":\"search_term_string\"}}],\"inLanguage\":\"de\"},{\"@type\":\"Organization\",\"@id\":\"https:\\\/\\\/feucht-obsttechnik.de\\\/de\\\/#organization\",\"name\":\"Feucht Obsttechnik GmbH\",\"url\":\"https:\\\/\\\/feucht-obsttechnik.de\\\/de\\\/\",\"logo\":{\"@type\":\"ImageObject\",\"inLanguage\":\"de\",\"@id\":\"https:\\\/\\\/feucht-obsttechnik.de\\\/de\\\/#\\\/schema\\\/logo\\\/image\\\/\",\"url\":\"https:\\\/\\\/feucht-obsttechnik.de\\\/wp-content\\\/uploads\\\/logo-feucht@2x-1.png\",\"contentUrl\":\"https:\\\/\\\/feucht-obsttechnik.de\\\/wp-content\\\/uploads\\\/logo-feucht@2x-1.png\",\"width\":640,\"height\":123,\"caption\":\"Feucht Obsttechnik GmbH\"},\"image\":{\"@id\":\"https:\\\/\\\/feucht-obsttechnik.de\\\/de\\\/#\\\/schema\\\/logo\\\/image\\\/\"}}]}<\/script>\n<!-- \/ Yoast SEO plugin. -->","yoast_head_json":{"title":"Nusskalibrierung - Feucht Obsttechnik","description":"Die trockenen N\u00fcsse werden bei der Kalibrierung der Gr\u00f6\u00dfe nach sortiert. Dabei werden die N\u00fcsse mit einem Kalibriersieb \/ einer Kalibriermaschine separiert.","robots":{"index":"index","follow":"follow","max-snippet":"max-snippet:-1","max-image-preview":"max-image-preview:large","max-video-preview":"max-video-preview:-1"},"canonical":"https:\/\/feucht-obsttechnik.de\/de\/nussverarbeitung\/nussverarbeitung-klein\/nusskalibrierung\/","og_locale":"de_DE","og_type":"article","og_title":"Nusskalibrierung - Feucht Obsttechnik","og_description":"Die trockenen N\u00fcsse werden bei der Kalibrierung der Gr\u00f6\u00dfe nach sortiert. Dabei werden die N\u00fcsse mit einem Kalibriersieb \/ einer Kalibriermaschine separiert.","og_url":"https:\/\/feucht-obsttechnik.de\/de\/nussverarbeitung\/nussverarbeitung-klein\/nusskalibrierung\/","og_site_name":"Feucht Obsttechnik","article_modified_time":"2025-07-21T12:42:26+00:00","twitter_card":"summary_large_image","twitter_misc":{"Gesch\u00e4tzte Lesezeit":"21\u00a0Minuten"},"schema":{"@context":"https:\/\/schema.org","@graph":[{"@type":"WebPage","@id":"https:\/\/feucht-obsttechnik.de\/de\/nussverarbeitung\/nussverarbeitung-klein\/nusskalibrierung\/","url":"https:\/\/feucht-obsttechnik.de\/de\/nussverarbeitung\/nussverarbeitung-klein\/nusskalibrierung\/","name":"Nusskalibrierung - Feucht Obsttechnik","isPartOf":{"@id":"https:\/\/feucht-obsttechnik.de\/de\/#website"},"datePublished":"2019-12-03T10:04:38+00:00","dateModified":"2025-07-21T12:42:26+00:00","description":"Die trockenen N\u00fcsse werden bei der Kalibrierung der Gr\u00f6\u00dfe nach sortiert. Dabei werden die N\u00fcsse mit einem Kalibriersieb \/ einer Kalibriermaschine separiert.","breadcrumb":{"@id":"https:\/\/feucht-obsttechnik.de\/de\/nussverarbeitung\/nussverarbeitung-klein\/nusskalibrierung\/#breadcrumb"},"inLanguage":"de","potentialAction":[{"@type":"ReadAction","target":["https:\/\/feucht-obsttechnik.de\/de\/nussverarbeitung\/nussverarbeitung-klein\/nusskalibrierung\/"]}]},{"@type":"BreadcrumbList","@id":"https:\/\/feucht-obsttechnik.de\/de\/nussverarbeitung\/nussverarbeitung-klein\/nusskalibrierung\/#breadcrumb","itemListElement":[{"@type":"ListItem","position":1,"name":"Startseite","item":"https:\/\/feucht-obsttechnik.de\/de\/"},{"@type":"ListItem","position":2,"name":"Nussverarbeitung","item":"https:\/\/feucht-obsttechnik.de\/de\/nussverarbeitung\/"},{"@type":"ListItem","position":3,"name":"NV f\u00fcr kleine Mengen","item":"https:\/\/feucht-obsttechnik.de\/de\/nussverarbeitung\/nussverarbeitung-klein\/"},{"@type":"ListItem","position":4,"name":"Nusskalibrierung"}]},{"@type":"WebSite","@id":"https:\/\/feucht-obsttechnik.de\/de\/#website","url":"https:\/\/feucht-obsttechnik.de\/de\/","name":"Feucht Obsttechnik","description":"","publisher":{"@id":"https:\/\/feucht-obsttechnik.de\/de\/#organization"},"potentialAction":[{"@type":"SearchAction","target":{"@type":"EntryPoint","urlTemplate":"https:\/\/feucht-obsttechnik.de\/de\/?s={search_term_string}"},"query-input":{"@type":"PropertyValueSpecification","valueRequired":true,"valueName":"search_term_string"}}],"inLanguage":"de"},{"@type":"Organization","@id":"https:\/\/feucht-obsttechnik.de\/de\/#organization","name":"Feucht Obsttechnik GmbH","url":"https:\/\/feucht-obsttechnik.de\/de\/","logo":{"@type":"ImageObject","inLanguage":"de","@id":"https:\/\/feucht-obsttechnik.de\/de\/#\/schema\/logo\/image\/","url":"https:\/\/feucht-obsttechnik.de\/wp-content\/uploads\/logo-feucht@2x-1.png","contentUrl":"https:\/\/feucht-obsttechnik.de\/wp-content\/uploads\/logo-feucht@2x-1.png","width":640,"height":123,"caption":"Feucht Obsttechnik GmbH"},"image":{"@id":"https:\/\/feucht-obsttechnik.de\/de\/#\/schema\/logo\/image\/"}}]}},"_links":{"self":[{"href":"https:\/\/feucht-obsttechnik.de\/de\/wp-json\/wp\/v2\/pages\/4041","targetHints":{"allow":["GET"]}}],"collection":[{"href":"https:\/\/feucht-obsttechnik.de\/de\/wp-json\/wp\/v2\/pages"}],"about":[{"href":"https:\/\/feucht-obsttechnik.de\/de\/wp-json\/wp\/v2\/types\/page"}],"author":[{"embeddable":true,"href":"https:\/\/feucht-obsttechnik.de\/de\/wp-json\/wp\/v2\/users\/4"}],"replies":[{"embeddable":true,"href":"https:\/\/feucht-obsttechnik.de\/de\/wp-json\/wp\/v2\/comments?post=4041"}],"version-history":[{"count":1,"href":"https:\/\/feucht-obsttechnik.de\/de\/wp-json\/wp\/v2\/pages\/4041\/revisions"}],"predecessor-version":[{"id":53571,"href":"https:\/\/feucht-obsttechnik.de\/de\/wp-json\/wp\/v2\/pages\/4041\/revisions\/53571"}],"up":[{"embeddable":true,"href":"https:\/\/feucht-obsttechnik.de\/de\/wp-json\/wp\/v2\/pages\/3509"}],"wp:attachment":[{"href":"https:\/\/feucht-obsttechnik.de\/de\/wp-json\/wp\/v2\/media?parent=4041"}],"curies":[{"name":"wp","href":"https:\/\/api.w.org\/{rel}","templated":true}]}}