{"id":4028,"date":"2019-12-03T10:19:36","date_gmt":"2019-12-03T09:19:36","guid":{"rendered":"http:\/\/neu2020.feucht-obsttechnik.de\/?page_id=4028"},"modified":"2025-07-21T14:40:04","modified_gmt":"2025-07-21T12:40:04","slug":"nusstrocknung","status":"publish","type":"page","link":"https:\/\/feucht-obsttechnik.de\/de\/nussverarbeitung\/nussverarbeitung-klein\/nusstrocknung\/","title":{"rendered":"Nusstrocknung"},"content":{"rendered":"<p><div class=\"fusion-bg-parallax\" data-bg-align=\"left center\" data-direction=\"up\" data-mute=\"false\" data-opacity=\"100\" data-velocity=\"-0.3\" data-mobile-enabled=\"false\" data-break_parents=\"0\" data-bg-image=\"https:\/\/feucht-obsttechnik.de\/wp-content\/uploads\/bg-header-nussernte-klein.jpg\" data-bg-repeat=\"false\" ><\/div><div class=\"fusion-fullwidth fullwidth-box fusion-builder-row-1 fusion-parallax-up nonhundred-percent-fullwidth non-hundred-percent-height-scrolling\" style=\"--awb-background-position:left center;--awb-border-sizes-top:0px;--awb-border-sizes-bottom:0px;--awb-border-sizes-left:0px;--awb-border-sizes-right:0px;--awb-border-radius-top-left:0px;--awb-border-radius-top-right:0px;--awb-border-radius-bottom-right:0px;--awb-border-radius-bottom-left:0px;--awb-padding-top:130px;--awb-padding-bottom:120px;--awb-background-image:url(&quot;https:\/\/feucht-obsttechnik.de\/wp-content\/uploads\/bg-header-nussernte-klein.jpg&quot;);--awb-background-size:cover;--awb-flex-wrap:wrap;\" ><div class=\"fusion-builder-row fusion-row\"><div class=\"fusion-layout-column fusion_builder_column fusion-builder-column-0 fusion_builder_column_1_2 1_2 fusion-one-half fusion-column-first\" style=\"--awb-bg-size:cover;width:48%; margin-right: 4%;\"><div class=\"fusion-column-wrapper fusion-flex-column-wrapper-legacy\"><div class=\"fusion-text fusion-text-1\"><h1><span style=\"color: #ffffff;\"> Nusstrocknung <\/span><\/h1>\n<p><span style=\"color: #ffffff;\">Profitieren Sie von unserem Know-How in der Nussverarbeitung und steigern Sie Ihre Produktivit\u00e4t in allen Prozessen.<\/span><\/p>\n<\/div><div class=\"fusion-clearfix\"><\/div><\/div><\/div><div class=\"fusion-layout-column fusion_builder_column fusion-builder-column-1 fusion_builder_column_1_2 1_2 fusion-one-half fusion-column-last\" style=\"--awb-bg-size:cover;width:48%;\"><div class=\"fusion-column-wrapper fusion-flex-column-wrapper-legacy\"><div class=\"fusion-clearfix\"><\/div><\/div><\/div><\/div><\/div><div class=\"fusion-fullwidth fullwidth-box fusion-builder-row-2 nonhundred-percent-fullwidth non-hundred-percent-height-scrolling\" style=\"--awb-background-position:left top;--awb-border-sizes-top:0px;--awb-border-sizes-bottom:0px;--awb-border-sizes-left:0px;--awb-border-sizes-right:0px;--awb-border-radius-top-left:0px;--awb-border-radius-top-right:0px;--awb-border-radius-bottom-right:0px;--awb-border-radius-bottom-left:0px;--awb-padding-top:130px;--awb-padding-bottom:30px;--awb-flex-wrap:wrap;\" ><div class=\"fusion-builder-row fusion-row\"><div class=\"fusion-layout-column fusion_builder_column fusion-builder-column-2 fusion_builder_column_1_1 1_1 fusion-one-full fusion-column-first fusion-column-last\" style=\"--awb-bg-size:cover;\"><div class=\"fusion-column-wrapper fusion-column-has-shadow fusion-flex-column-wrapper-legacy\"><div class=\"fusion-text fusion-text-2\"><h2>N\u00fcsse schonend trocknen.<\/h2>\n<\/div><div class=\"fusion-text fusion-text-3\"><h3><span class=\"\">Mit Trocknungsger\u00e4ten Waln\u00fcsse haltbar machen.<\/span><\/h3>\n<\/div><div class=\"fusion-clearfix\"><\/div><\/div><\/div><div class=\"fusion-layout-column fusion_builder_column fusion-builder-column-3 fusion_builder_column_1_2 1_2 fusion-one-half fusion-column-first\" style=\"--awb-bg-size:cover;width:48%; margin-right: 4%;\"><div class=\"fusion-column-wrapper fusion-flex-column-wrapper-legacy\"><div class=\"fusion-text fusion-text-4\"><p>Das Trocknen ist ein wichtiger Vorgang und muss sehr pr\u00e4zise ausgef\u00fchrt werden. Der <strong>Trocknungsprozess<\/strong> legt fest, wie lange die Waln\u00fcsse gelagert werden k\u00f6nnen. Dabei verhindert ein z\u00fcgiges Trocknen, dass die N\u00fcsse schwarz werden oder gar schimmeln. Beim Trocknen werden die N\u00fcsse in Trockenlagern im warmen, trockenen Luftstrom haltbar gemacht.<\/p>\n<p>F\u00fcr den Trocknungsprozess bieten wir verschiedene Trocknungslager an, je nach Umfang der Nussernte. Dabei werden die N\u00fcsse schonend und schnell getrocknet.<\/p>\n<\/div><div class=\"fusion-clearfix\"><\/div><\/div><\/div><div class=\"fusion-layout-column fusion_builder_column fusion-builder-column-4 fusion_builder_column_1_2 1_2 fusion-one-half fusion-column-last\" style=\"--awb-bg-size:cover;width:48%;\"><div class=\"fusion-column-wrapper fusion-flex-column-wrapper-legacy\"><div class=\"fusion-image-element in-legacy-container\" style=\"--awb-caption-title-font-family:var(--h2_typography-font-family);--awb-caption-title-font-weight:var(--h2_typography-font-weight);--awb-caption-title-font-style:var(--h2_typography-font-style);--awb-caption-title-size:var(--h2_typography-font-size);--awb-caption-title-transform:var(--h2_typography-text-transform);--awb-caption-title-line-height:var(--h2_typography-line-height);--awb-caption-title-letter-spacing:var(--h2_typography-letter-spacing);\"><span class=\" fusion-imageframe imageframe-none imageframe-1 hover-type-zoomin fusion-animated\" data-animationType=\"fadeInDown\" data-animationDuration=\"1.0\" data-animationOffset=\"bottom-in-view\"><a href=\"https:\/\/feucht-obsttechnik.de\/wp-content\/uploads\/IMG_6136-300x225.jpg\" class=\"fusion-lightbox\" data-rel=\"iLightbox[929e098d2bb8a21a326]\" data-title=\"IMG_6136\" title=\"IMG_6136\"><img decoding=\"async\" width=\"300\" height=\"225\" src=\"https:\/\/feucht-obsttechnik.de\/wp-content\/uploads\/IMG_6136-300x225.jpg\" alt class=\"img-responsive wp-image-53423\" srcset=\"https:\/\/feucht-obsttechnik.de\/wp-content\/uploads\/IMG_6136-200x150.jpg 200w, https:\/\/feucht-obsttechnik.de\/wp-content\/uploads\/IMG_6136-400x300.jpg 400w, https:\/\/feucht-obsttechnik.de\/wp-content\/uploads\/IMG_6136-600x450.jpg 600w, https:\/\/feucht-obsttechnik.de\/wp-content\/uploads\/IMG_6136-800x600.jpg 800w, https:\/\/feucht-obsttechnik.de\/wp-content\/uploads\/IMG_6136-1200x900.jpg 1200w\" sizes=\"(max-width: 835px) 100vw, 600px\" \/><\/a><\/span><\/div><div class=\"fusion-clearfix\"><\/div><\/div><\/div><\/div><\/div><div class=\"fusion-fullwidth fullwidth-box fusion-builder-row-3 nonhundred-percent-fullwidth non-hundred-percent-height-scrolling\" style=\"--awb-background-position:left top;--awb-border-sizes-top:0px;--awb-border-sizes-bottom:0px;--awb-border-sizes-left:0px;--awb-border-sizes-right:0px;--awb-border-radius-top-left:0px;--awb-border-radius-top-right:0px;--awb-border-radius-bottom-right:0px;--awb-border-radius-bottom-left:0px;--awb-padding-top:1px;--awb-padding-bottom:0px;--awb-background-color:#cc0000;--awb-flex-wrap:wrap;\" ><div class=\"fusion-builder-row fusion-row\"><div class=\"fusion-layout-column fusion_builder_column fusion-builder-column-5 fusion_builder_column_1_1 1_1 fusion-one-full fusion-column-first fusion-column-last\" style=\"--awb-padding-top:50px;--awb-padding-bottom:50px;--awb-padding-left:0px;--awb-bg-size:cover;--awb-margin-bottom:0px;\"><div class=\"fusion-column-wrapper fusion-column-has-shadow fusion-flex-column-wrapper-legacy\"><div class=\"fusion-column-content-centered\"><div class=\"fusion-column-content\"><div class=\"fusion-text fusion-text-5\"><h2 style=\"text-align: center; margin-bottom: 0px;\"><span style=\"color: #ffffff;\">Maschinen zum N\u00fcsse trocknen von Feucht Obsttechnik<\/span><\/h2>\n<\/div><\/div><\/div><div class=\"fusion-clearfix\"><\/div><\/div><\/div><\/div><\/div><div class=\"fusion-fullwidth fullwidth-box fusion-builder-row-4 nonhundred-percent-fullwidth non-hundred-percent-height-scrolling\" style=\"--awb-border-radius-top-left:0px;--awb-border-radius-top-right:0px;--awb-border-radius-bottom-right:0px;--awb-border-radius-bottom-left:0px;--awb-flex-wrap:wrap;\" ><div class=\"fusion-builder-row fusion-row\"><div class=\"fusion-layout-column fusion_builder_column fusion-builder-column-6 fusion_builder_column_1_1 1_1 fusion-one-full fusion-column-first fusion-column-last\" style=\"--awb-padding-top:0px;--awb-padding-right:0px;--awb-padding-bottom:0px;--awb-padding-left:0px;--awb-bg-size:cover;--awb-margin-bottom:0px;\"><div class=\"fusion-column-wrapper fusion-column-has-shadow fusion-flex-column-wrapper-legacy\"><div class=\"fusion-menu-anchor\" id=\"nusstrockner-mini\"><\/div><div class=\"fusion-clearfix\"><\/div><\/div><\/div><\/div><\/div><div class=\"fusion-fullwidth fullwidth-box fusion-builder-row-5 fusion-parallax-none nonhundred-percent-fullwidth non-hundred-percent-height-scrolling\" style=\"--awb-border-radius-top-left:0px;--awb-border-radius-top-right:0px;--awb-border-radius-bottom-right:0px;--awb-border-radius-bottom-left:0px;--awb-padding-top:200px;--awb-margin-top:-1px;--awb-background-image:url(&quot;https:\/\/feucht-obsttechnik.de\/wp-content\/uploads\/nussverarbeitung-klein-trocknen-divider-trockner-mini-neu.jpg&quot;);--awb-background-size:cover;--awb-flex-wrap:wrap;\" ><div class=\"fusion-builder-row fusion-row\"><div class=\"fusion-layout-column fusion_builder_column fusion-builder-column-7 fusion_builder_column_1_6 1_6 fusion-one-sixth fusion-column-first\" style=\"--awb-bg-size:cover;width:16.666666666667%;width:calc(16.666666666667% - ( ( 4% + 4% ) * 0.16666666666667 ) );margin-right: 4%;\"><div class=\"fusion-column-wrapper fusion-flex-column-wrapper-legacy\"><div class=\"fusion-clearfix\"><\/div><\/div><\/div><div class=\"fusion-layout-column fusion_builder_column fusion-builder-column-8 fusion_builder_column_2_3 2_3 fusion-two-third\" style=\"--awb-padding-top:50px;--awb-padding-right:50px;--awb-padding-bottom:50px;--awb-padding-left:50px;--awb-bg-color:rgba(255,255,255,0.9);--awb-bg-color-hover:rgba(255,255,255,0.9);--awb-bg-size:cover;--awb-margin-bottom:-100px;width:66.666666666667%;width:calc(66.666666666667% - ( ( 4% + 4% ) * 0.66666666666667 ) );margin-right: 4%;\"><div class=\"fusion-column-wrapper fusion-column-has-shadow fusion-flex-column-wrapper-legacy\"><div class=\"fusion-text fusion-text-6\"><h2 style=\"text-align: center;\">Trockner Mini<\/h2>\n<p style=\"text-align: center;\"><strong>Das schonende Trocknungslager mit erweiterbarer Kapazit\u00e4t.<\/strong><\/p>\n<p style=\"text-align: center;\">Mit dem Trockner Mini k\u00f6nnen bis zu 40 Liter N\u00fcsse getrocknet werden. Hierbei erzeugt ein einstellbarer Heizl\u00fcfter einen warmen, gleichm\u00e4\u00dfigen Luftstrom (36\u00b0). Der <strong>Heizl\u00fcfter<\/strong> wird direkt an das Trocknungslager angeschlossen. Durch eine Klappe kann die Feuchtigkeit der N\u00fcsse w\u00e4hrend des ganzen Prozesses kontrolliert werden. Dadurch kann mit dem Trockner Mini ein sehr gutes Trocknungsergebnis erzielt werden.<\/p>\n<p style=\"text-align: center;\">Die trockenen N\u00fcsse werden dann durch einen gro\u00dfen Auslass entleert. Der Trockner Mini verf\u00fcgt \u00fcber 2 Etagen. Die Kapazit\u00e4t des Trocknungslagers kann mit einer Erweiterung (enth\u00e4lt 2 Ebenen) erh\u00f6ht werden.<\/p>\n<\/div><div class=\"fusion-clearfix\"><\/div><\/div><\/div><div class=\"fusion-layout-column fusion_builder_column fusion-builder-column-9 fusion_builder_column_1_6 1_6 fusion-one-sixth fusion-column-last\" style=\"--awb-bg-size:cover;width:16.666666666667%;width:calc(16.666666666667% - ( ( 4% + 4% ) * 0.16666666666667 ) );\"><div class=\"fusion-column-wrapper fusion-flex-column-wrapper-legacy\"><div class=\"fusion-clearfix\"><\/div><\/div><\/div><\/div><\/div><div class=\"fusion-fullwidth fullwidth-box fusion-builder-row-6 nonhundred-percent-fullwidth non-hundred-percent-height-scrolling fusion-equal-height-columns\" style=\"--awb-border-radius-top-left:0px;--awb-border-radius-top-right:0px;--awb-border-radius-bottom-right:0px;--awb-border-radius-bottom-left:0px;--awb-padding-top:200px;--awb-background-color:#f2f2f2;--awb-flex-wrap:wrap;\" ><div class=\"fusion-builder-row fusion-row\"><div class=\"fusion-layout-column fusion_builder_column fusion-builder-column-10 fusion_builder_column_1_1 1_1 fusion-one-full fusion-column-first fusion-column-last\" style=\"--awb-bg-size:cover;\"><div class=\"fusion-column-wrapper fusion-flex-column-wrapper-legacy\"><div class=\"fusion-title title fusion-title-1 fusion-sep-none fusion-title-text fusion-title-size-one\" style=\"--awb-margin-top-small:0px;--awb-margin-right-small:0px;--awb-margin-bottom-small:20px;--awb-margin-left-small:0px;\"><h1 class=\"fusion-title-heading title-heading-left fusion-responsive-typography-calculated\" style=\"margin:0;--fontSize:38;line-height:1.33;\">Details zum Trockner Mini<\/h1><\/div><div class=\"fusion-clearfix\"><\/div><\/div><\/div><\/div><\/div><div class=\"fusion-fullwidth fullwidth-box fusion-builder-row-7 nonhundred-percent-fullwidth non-hundred-percent-height-scrolling fusion-equal-height-columns\" style=\"--awb-border-radius-top-left:0px;--awb-border-radius-top-right:0px;--awb-border-radius-bottom-right:0px;--awb-border-radius-bottom-left:0px;--awb-padding-bottom:100px;--awb-background-color:#f2f2f2;--awb-flex-wrap:wrap;\" ><div class=\"fusion-builder-row fusion-row\"><div class=\"fusion-layout-column fusion_builder_column fusion-builder-column-11 fusion_builder_column_1_3 1_3 fusion-one-third fusion-column-first\" style=\"--awb-bg-color:#ffffff;--awb-bg-color-hover:#ffffff;--awb-bg-size:cover;--awb-margin-bottom:40px;width:30.6666%; margin-right: 4%;\"><div class=\"fusion-column-wrapper fusion-flex-column-wrapper-legacy\"><div class=\"fusion-image-element fusion-image-align-center in-legacy-container\" style=\"text-align:center;--awb-caption-title-font-family:var(--h2_typography-font-family);--awb-caption-title-font-weight:var(--h2_typography-font-weight);--awb-caption-title-font-style:var(--h2_typography-font-style);--awb-caption-title-size:var(--h2_typography-font-size);--awb-caption-title-transform:var(--h2_typography-text-transform);--awb-caption-title-line-height:var(--h2_typography-line-height);--awb-caption-title-letter-spacing:var(--h2_typography-letter-spacing);\"><div class=\"imageframe-align-center\"><span class=\" fusion-imageframe imageframe-none imageframe-2 hover-type-zoomin\"><a href=\"https:\/\/feucht-obsttechnik.de\/wp-content\/uploads\/IMG_6136-300x225.jpg\" class=\"fusion-lightbox\" data-rel=\"iLightbox[Trockner Mini]\" data-title=\"IMG_6136\" title=\"IMG_6136\"><img decoding=\"async\" width=\"300\" height=\"225\" src=\"https:\/\/feucht-obsttechnik.de\/wp-content\/uploads\/IMG_6136-300x225.jpg\" alt class=\"img-responsive wp-image-53423\" srcset=\"https:\/\/feucht-obsttechnik.de\/wp-content\/uploads\/IMG_6136-200x150.jpg 200w, https:\/\/feucht-obsttechnik.de\/wp-content\/uploads\/IMG_6136-400x300.jpg 400w, https:\/\/feucht-obsttechnik.de\/wp-content\/uploads\/IMG_6136-600x450.jpg 600w, https:\/\/feucht-obsttechnik.de\/wp-content\/uploads\/IMG_6136-800x600.jpg 800w, https:\/\/feucht-obsttechnik.de\/wp-content\/uploads\/IMG_6136-1200x900.jpg 1200w\" sizes=\"(max-width: 835px) 100vw, 400px\" \/><\/a><\/span><\/div><\/div><div class=\"fusion-clearfix\"><\/div><\/div><\/div><div class=\"fusion-layout-column fusion_builder_column fusion-builder-column-12 fusion_builder_column_1_3 1_3 fusion-one-third\" style=\"--awb-bg-color:#ffffff;--awb-bg-color-hover:#ffffff;--awb-bg-size:cover;--awb-margin-bottom:40px;width:30.6666%; margin-right: 4%;\"><div class=\"fusion-column-wrapper fusion-flex-column-wrapper-legacy\"><div class=\"fusion-image-element fusion-image-align-center in-legacy-container\" style=\"text-align:center;--awb-caption-title-font-family:var(--h2_typography-font-family);--awb-caption-title-font-weight:var(--h2_typography-font-weight);--awb-caption-title-font-style:var(--h2_typography-font-style);--awb-caption-title-size:var(--h2_typography-font-size);--awb-caption-title-transform:var(--h2_typography-text-transform);--awb-caption-title-line-height:var(--h2_typography-line-height);--awb-caption-title-letter-spacing:var(--h2_typography-letter-spacing);\"><div class=\"imageframe-align-center\"><span class=\" fusion-imageframe imageframe-none imageframe-3 hover-type-zoomin\"><a href=\"https:\/\/feucht-obsttechnik.de\/wp-content\/uploads\/IMG_6137-300x225.jpg\" class=\"fusion-lightbox\" data-rel=\"iLightbox[Trockner Mini]\" data-title=\"IMG_6137\" title=\"IMG_6137\"><img decoding=\"async\" width=\"300\" height=\"225\" src=\"https:\/\/feucht-obsttechnik.de\/wp-content\/uploads\/IMG_6137-300x225.jpg\" alt class=\"img-responsive wp-image-53432\" srcset=\"https:\/\/feucht-obsttechnik.de\/wp-content\/uploads\/IMG_6137-200x150.jpg 200w, https:\/\/feucht-obsttechnik.de\/wp-content\/uploads\/IMG_6137-400x300.jpg 400w, https:\/\/feucht-obsttechnik.de\/wp-content\/uploads\/IMG_6137-600x450.jpg 600w, https:\/\/feucht-obsttechnik.de\/wp-content\/uploads\/IMG_6137-800x600.jpg 800w, https:\/\/feucht-obsttechnik.de\/wp-content\/uploads\/IMG_6137-1200x900.jpg 1200w\" sizes=\"(max-width: 835px) 100vw, 400px\" \/><\/a><\/span><\/div><\/div><div class=\"fusion-clearfix\"><\/div><\/div><\/div><div class=\"fusion-layout-column fusion_builder_column fusion-builder-column-13 fusion_builder_column_1_3 1_3 fusion-one-third fusion-column-last\" style=\"--awb-bg-color:#ffffff;--awb-bg-color-hover:#ffffff;--awb-bg-size:cover;--awb-margin-bottom:40px;width:30.6666%;\"><div class=\"fusion-column-wrapper fusion-flex-column-wrapper-legacy\"><div class=\"fusion-image-element fusion-image-align-center in-legacy-container\" style=\"text-align:center;--awb-caption-title-font-family:var(--h2_typography-font-family);--awb-caption-title-font-weight:var(--h2_typography-font-weight);--awb-caption-title-font-style:var(--h2_typography-font-style);--awb-caption-title-size:var(--h2_typography-font-size);--awb-caption-title-transform:var(--h2_typography-text-transform);--awb-caption-title-line-height:var(--h2_typography-line-height);--awb-caption-title-letter-spacing:var(--h2_typography-letter-spacing);\"><div class=\"imageframe-align-center\"><span class=\" fusion-imageframe imageframe-none imageframe-4 hover-type-zoomin\"><a href=\"https:\/\/feucht-obsttechnik.de\/wp-content\/uploads\/IMG_6134-300x225.jpg\" class=\"fusion-lightbox\" data-rel=\"iLightbox[Trockner Mini]\" data-title=\"IMG_6134\" title=\"IMG_6134\"><img decoding=\"async\" width=\"300\" height=\"225\" src=\"https:\/\/feucht-obsttechnik.de\/wp-content\/uploads\/IMG_6134-300x225.jpg\" alt class=\"img-responsive wp-image-53414\" srcset=\"https:\/\/feucht-obsttechnik.de\/wp-content\/uploads\/IMG_6134-200x150.jpg 200w, https:\/\/feucht-obsttechnik.de\/wp-content\/uploads\/IMG_6134-400x300.jpg 400w, https:\/\/feucht-obsttechnik.de\/wp-content\/uploads\/IMG_6134-600x450.jpg 600w, https:\/\/feucht-obsttechnik.de\/wp-content\/uploads\/IMG_6134-800x600.jpg 800w, https:\/\/feucht-obsttechnik.de\/wp-content\/uploads\/IMG_6134-1200x900.jpg 1200w\" sizes=\"(max-width: 835px) 100vw, 400px\" \/><\/a><\/span><\/div><\/div><div class=\"fusion-clearfix\"><\/div><\/div><\/div><\/div><\/div><div class=\"fusion-fullwidth fullwidth-box fusion-builder-row-8 nonhundred-percent-fullwidth non-hundred-percent-height-scrolling fusion-equal-height-columns\" style=\"--awb-border-radius-top-left:0px;--awb-border-radius-top-right:0px;--awb-border-radius-bottom-right:0px;--awb-border-radius-bottom-left:0px;--awb-padding-bottom:100px;--awb-background-color:#f2f2f2;--awb-flex-wrap:wrap;\" ><div class=\"fusion-builder-row fusion-row\"><div class=\"fusion-layout-column fusion_builder_column fusion-builder-column-14 fusion_builder_column_1_2 1_2 fusion-one-half fusion-column-first\" style=\"--awb-bg-color:#ffffff;--awb-bg-color-hover:#ffffff;--awb-bg-size:cover;--awb-margin-bottom:40px;width:48%; margin-right: 4%;\"><div class=\"fusion-column-wrapper fusion-flex-column-wrapper-legacy\"><div class=\"fusion-text fusion-text-7\"><div style=\"padding: 25px;\">\n<h2>Vorteile<\/h2>\n<ul>\n<li>einstellbare Temperatur<\/li>\n<li>konstante Feuchtigkeitskontrolle m\u00f6glich<\/li>\n<li>bis zu 40 l getrocknete N\u00fcsse alle 24 Stunden<\/li>\n<li>erweiterbare Trocknungskapazit\u00e4t (zus\u00e4tzlich um 80 l\/24h erweiterbar mit Aufsatz)<\/li>\n<li>einfache Bedienung<\/li>\n<li>sehr leichter Transport durch geringes Gewicht<\/li>\n<\/ul>\n<\/div>\n<\/div><div class=\"fusion-clearfix\"><\/div><\/div><\/div><div class=\"fusion-layout-column fusion_builder_column fusion-builder-column-15 fusion_builder_column_1_2 1_2 fusion-one-half fusion-column-last\" style=\"--awb-bg-color:#ffffff;--awb-bg-color-hover:#ffffff;--awb-bg-size:cover;width:48%;\"><div class=\"fusion-column-wrapper fusion-flex-column-wrapper-legacy\"><div class=\"fusion-text fusion-text-8\"><div style=\"padding: 25px;\">\n<h2>Technische Daten<\/h2>\n<\/div>\n<\/div>\n<div class=\"table-2\">\n<table width=\"100%\">\n<tbody>\n<tr>\n<td align=\"left\" width=\"30%\"><\/td>\n<td align=\"left\" width=\"30%\">Trockner Mini<\/td>\n<td align=\"left\" width=\"40%\">Erweiterung f\u00fcr Trockner Mini<\/td>\n<\/tr>\n<tr>\n<td style=\"text-align: left;\" align=\"left\">L\u00e4nge:<\/td>\n<td style=\"text-align: left;\" align=\"left\">45 cm<\/td>\n<td style=\"text-align: left;\" align=\"left\">45 cm<\/td>\n<\/tr>\n<tr>\n<td style=\"text-align: left;\" align=\"left\">Breite:<\/td>\n<td style=\"text-align: left;\" align=\"left\">48 cm<\/td>\n<td style=\"text-align: left;\" align=\"left\">48 cm<\/td>\n<\/tr>\n<tr>\n<td style=\"text-align: left;\" align=\"left\">H\u00f6he:<\/td>\n<td style=\"text-align: left;\" align=\"left\">110 cm<\/td>\n<td style=\"text-align: left;\" align=\"left\">70 cm<\/td>\n<\/tr>\n<tr>\n<td style=\"text-align: left;\" align=\"left\">Gewicht:<\/td>\n<td style=\"text-align: left;\" align=\"left\">28,5 kg<\/td>\n<td style=\"text-align: left;\" align=\"left\">20 kg<\/td>\n<\/tr>\n<tr>\n<td style=\"text-align: left;\" align=\"left\">Leistung:<\/td>\n<td style=\"text-align: left;\" align=\"left\">&gt;1 kW \/ 2,5 kW<\/td>\n<td style=\"text-align: left;\" align=\"left\">&gt;1 kW \/ 2,5 kW<\/td>\n<\/tr>\n<tr>\n<td style=\"text-align: left;\" align=\"left\">Kapazit\u00e4t:<\/td>\n<td style=\"text-align: left;\" align=\"left\">1x 40 l\/24h<\/td>\n<td style=\"text-align: left;\" align=\"left\">2x 40 l\/24h<\/td>\n<\/tr>\n<tr>\n<td style=\"text-align: left;\" align=\"left\">Durchfluss:<\/td>\n<td style=\"text-align: left;\" align=\"left\">40 l\/24h<\/td>\n<td style=\"text-align: left;\" align=\"left\">80 l\/24h<\/td>\n<\/tr>\n<tr>\n<td style=\"text-align: left;\" align=\"left\">Lieferumfang:<\/td>\n<td style=\"text-align: left;\" align=\"left\">1x Trockner (Bausatz)<br \/>\n1x Heizl\u00fcfter<br \/>\n1x Kiste 40 ltr.<\/td>\n<td style=\"text-align: left;\" align=\"left\">Lieferung als Bausatz<\/td>\n<\/tr>\n<\/tbody>\n<\/table>\n<\/div>\n<div class=\"fusion-clearfix\"><\/div><\/div><\/div><\/div><\/div><div class=\"fusion-fullwidth fullwidth-box fusion-builder-row-9 nonhundred-percent-fullwidth non-hundred-percent-height-scrolling\" style=\"--awb-border-radius-top-left:0px;--awb-border-radius-top-right:0px;--awb-border-radius-bottom-right:0px;--awb-border-radius-bottom-left:0px;--awb-flex-wrap:wrap;\" ><div class=\"fusion-builder-row fusion-row\"><div class=\"fusion-layout-column fusion_builder_column fusion-builder-column-16 fusion_builder_column_1_1 1_1 fusion-one-full fusion-column-first fusion-column-last\" style=\"--awb-padding-top:0px;--awb-padding-right:0px;--awb-padding-bottom:0px;--awb-padding-left:0px;--awb-bg-size:cover;--awb-margin-bottom:0px;\"><div class=\"fusion-column-wrapper fusion-column-has-shadow fusion-flex-column-wrapper-legacy\"><div class=\"fusion-menu-anchor\" id=\"nusstrockner-maxi\"><\/div><div class=\"fusion-clearfix\"><\/div><\/div><\/div><\/div><\/div><div class=\"fusion-fullwidth fullwidth-box fusion-builder-row-10 fusion-parallax-none nonhundred-percent-fullwidth non-hundred-percent-height-scrolling\" style=\"--awb-border-radius-top-left:0px;--awb-border-radius-top-right:0px;--awb-border-radius-bottom-right:0px;--awb-border-radius-bottom-left:0px;--awb-padding-top:200px;--awb-background-image:url(&quot;https:\/\/feucht-obsttechnik.de\/wp-content\/uploads\/nussverarbeitung-klein-trocknen-divider-trockner-maxi.jpg&quot;);--awb-background-size:cover;--awb-flex-wrap:wrap;\" ><div class=\"fusion-builder-row fusion-row\"><div class=\"fusion-layout-column fusion_builder_column fusion-builder-column-17 fusion_builder_column_1_6 1_6 fusion-one-sixth fusion-column-first\" style=\"--awb-bg-size:cover;width:16.666666666667%;width:calc(16.666666666667% - ( ( 4% + 4% ) * 0.16666666666667 ) );margin-right: 4%;\"><div class=\"fusion-column-wrapper fusion-flex-column-wrapper-legacy\"><div class=\"fusion-clearfix\"><\/div><\/div><\/div><div class=\"fusion-layout-column fusion_builder_column fusion-builder-column-18 fusion_builder_column_2_3 2_3 fusion-two-third\" style=\"--awb-padding-top:50px;--awb-padding-right:50px;--awb-padding-bottom:50px;--awb-padding-left:50px;--awb-bg-color:rgba(255,255,255,0.9);--awb-bg-color-hover:rgba(255,255,255,0.9);--awb-bg-size:cover;--awb-margin-bottom:-100px;width:66.666666666667%;width:calc(66.666666666667% - ( ( 4% + 4% ) * 0.66666666666667 ) );margin-right: 4%;\"><div class=\"fusion-column-wrapper fusion-column-has-shadow fusion-flex-column-wrapper-legacy\"><div class=\"fusion-text fusion-text-9\"><h2 style=\"text-align: center;\">Trockner Maxi<\/h2>\n<p style=\"text-align: center;\"><strong>Das leistungsstarke und automatisierte Trocknungslager.<\/strong><\/p>\n<p style=\"text-align: center;\">Durch den Trockner Maxi k\u00f6nnen Gro\u00dfmengen an N\u00fcssen in kurzer Zeit und mit sehr guter Qualit\u00e4t getrocknet werden. Es k\u00f6nnen ca. alle 24 Stunden bis zu 1.000 Liter getrocknete N\u00fcsse erzeugt werden. Beim <strong>Trocknungsvorgang<\/strong> werden die N\u00fcsse auf 3 verschiedenen H\u00f6henebenen gelagert.<\/p>\n<p style=\"text-align: center;\">An der unteren Ebene ist der Auslass, mit dem die trockenen N\u00fcsse entleert werden. Danach werden die beiden oberen Etagen ge\u00f6ffnet, so dass die N\u00fcsse jeweils eine Ebene tiefer fallen. Die oberste Etage kann nun mit frischen N\u00fcssen nachgef\u00fcllt werden. Der Luftstrom wird mit einem Gasheizer und einem Gebl\u00e4se an der R\u00fcckseite des Trocknungslagers erzeugt. Die Feuchtigkeit der Nuss kann mittels unserem zus\u00e4tzlich erh\u00e4ltlichen <a href=\"https:\/\/feucht-obsttechnik.de\/de\/nussverarbeitung\/nussverarbeitung-gross\/nuesse-feuchtigkeit-messen\/\"><strong>Feuchtigkeitsmessers<\/strong><\/a> kontrolliert werden.<\/p>\n<\/div><div class=\"fusion-clearfix\"><\/div><\/div><\/div><div class=\"fusion-layout-column fusion_builder_column fusion-builder-column-19 fusion_builder_column_1_6 1_6 fusion-one-sixth fusion-column-last\" style=\"--awb-bg-size:cover;width:16.666666666667%;width:calc(16.666666666667% - ( ( 4% + 4% ) * 0.16666666666667 ) );\"><div class=\"fusion-column-wrapper fusion-flex-column-wrapper-legacy\"><div class=\"fusion-clearfix\"><\/div><\/div><\/div><\/div><\/div><div class=\"fusion-fullwidth fullwidth-box fusion-builder-row-11 nonhundred-percent-fullwidth non-hundred-percent-height-scrolling fusion-equal-height-columns\" style=\"--awb-border-radius-top-left:0px;--awb-border-radius-top-right:0px;--awb-border-radius-bottom-right:0px;--awb-border-radius-bottom-left:0px;--awb-padding-top:200px;--awb-background-color:#f2f2f2;--awb-flex-wrap:wrap;\" ><div class=\"fusion-builder-row fusion-row\"><div class=\"fusion-layout-column fusion_builder_column fusion-builder-column-20 fusion_builder_column_1_1 1_1 fusion-one-full fusion-column-first fusion-column-last\" style=\"--awb-bg-size:cover;\"><div class=\"fusion-column-wrapper fusion-flex-column-wrapper-legacy\"><div class=\"fusion-title title fusion-title-2 fusion-sep-none fusion-title-text fusion-title-size-one\" style=\"--awb-margin-top-small:0px;--awb-margin-right-small:0px;--awb-margin-bottom-small:20px;--awb-margin-left-small:0px;\"><h1 class=\"fusion-title-heading title-heading-left fusion-responsive-typography-calculated\" style=\"margin:0;--fontSize:38;line-height:1.33;\">Details zum Trockner Maxi<\/h1><\/div><div class=\"fusion-clearfix\"><\/div><\/div><\/div><\/div><\/div><div class=\"fusion-fullwidth fullwidth-box fusion-builder-row-12 nonhundred-percent-fullwidth non-hundred-percent-height-scrolling fusion-equal-height-columns\" style=\"--awb-border-radius-top-left:0px;--awb-border-radius-top-right:0px;--awb-border-radius-bottom-right:0px;--awb-border-radius-bottom-left:0px;--awb-padding-bottom:100px;--awb-background-color:#f2f2f2;--awb-flex-wrap:wrap;\" ><div class=\"fusion-builder-row fusion-row\"><div class=\"fusion-layout-column fusion_builder_column fusion-builder-column-21 fusion_builder_column_1_3 1_3 fusion-one-third fusion-column-first\" style=\"--awb-bg-color:#ffffff;--awb-bg-color-hover:#ffffff;--awb-bg-size:cover;--awb-margin-bottom:40px;width:30.6666%; margin-right: 4%;\"><div class=\"fusion-column-wrapper fusion-flex-column-wrapper-legacy\"><div class=\"fusion-image-element fusion-image-align-center in-legacy-container\" style=\"text-align:center;--awb-caption-title-font-family:var(--h2_typography-font-family);--awb-caption-title-font-weight:var(--h2_typography-font-weight);--awb-caption-title-font-style:var(--h2_typography-font-style);--awb-caption-title-size:var(--h2_typography-font-size);--awb-caption-title-transform:var(--h2_typography-text-transform);--awb-caption-title-line-height:var(--h2_typography-line-height);--awb-caption-title-letter-spacing:var(--h2_typography-letter-spacing);\"><div class=\"imageframe-align-center\"><span class=\" fusion-imageframe imageframe-none imageframe-5 hover-type-zoomin\"><a href=\"https:\/\/feucht-obsttechnik.de\/wp-content\/uploads\/BLGS8295-2-225x300.jpg\" class=\"fusion-lightbox\" data-rel=\"iLightbox[Trockner Maxi]\" data-title=\"BLGS8295 2\" title=\"BLGS8295 2\"><img decoding=\"async\" width=\"225\" height=\"300\" src=\"https:\/\/feucht-obsttechnik.de\/wp-content\/uploads\/BLGS8295-2-225x300.jpg\" alt class=\"img-responsive wp-image-53497\" srcset=\"https:\/\/feucht-obsttechnik.de\/wp-content\/uploads\/BLGS8295-2-200x267.jpg 200w, https:\/\/feucht-obsttechnik.de\/wp-content\/uploads\/BLGS8295-2-400x533.jpg 400w, https:\/\/feucht-obsttechnik.de\/wp-content\/uploads\/BLGS8295-2-600x800.jpg 600w, https:\/\/feucht-obsttechnik.de\/wp-content\/uploads\/BLGS8295-2-800x1067.jpg 800w, https:\/\/feucht-obsttechnik.de\/wp-content\/uploads\/BLGS8295-2-1200x1600.jpg 1200w, https:\/\/feucht-obsttechnik.de\/wp-content\/uploads\/BLGS8295-2.jpg 1536w\" sizes=\"(max-width: 835px) 100vw, 400px\" \/><\/a><\/span><\/div><\/div><div class=\"fusion-clearfix\"><\/div><\/div><\/div><div class=\"fusion-layout-column fusion_builder_column fusion-builder-column-22 fusion_builder_column_1_3 1_3 fusion-one-third\" style=\"--awb-bg-color:#ffffff;--awb-bg-color-hover:#ffffff;--awb-bg-size:cover;--awb-margin-bottom:40px;width:30.6666%; margin-right: 4%;\"><div class=\"fusion-column-wrapper fusion-flex-column-wrapper-legacy\"><div class=\"fusion-image-element fusion-image-align-center in-legacy-container\" style=\"text-align:center;--awb-caption-title-font-family:var(--h2_typography-font-family);--awb-caption-title-font-weight:var(--h2_typography-font-weight);--awb-caption-title-font-style:var(--h2_typography-font-style);--awb-caption-title-size:var(--h2_typography-font-size);--awb-caption-title-transform:var(--h2_typography-text-transform);--awb-caption-title-line-height:var(--h2_typography-line-height);--awb-caption-title-letter-spacing:var(--h2_typography-letter-spacing);\"><div class=\"imageframe-align-center\"><span class=\" fusion-imageframe imageframe-none imageframe-6 hover-type-zoomin\"><a href=\"https:\/\/feucht-obsttechnik.de\/wp-content\/uploads\/nussverarbeitung-klein-trocknen-trockner-maxi-3.jpg\" class=\"fusion-lightbox\" data-rel=\"iLightbox[Trockner Maxi]\" data-title=\"Nusstrocknung mit dem Trockner Maxi\" title=\"Nusstrocknung mit dem Trockner Maxi\"><img decoding=\"async\" width=\"1600\" height=\"1200\" src=\"https:\/\/feucht-obsttechnik.de\/wp-content\/uploads\/nussverarbeitung-klein-trocknen-trockner-maxi-3.jpg\" alt class=\"img-responsive wp-image-6511\" srcset=\"https:\/\/feucht-obsttechnik.de\/wp-content\/uploads\/nussverarbeitung-klein-trocknen-trockner-maxi-3-200x150.jpg 200w, https:\/\/feucht-obsttechnik.de\/wp-content\/uploads\/nussverarbeitung-klein-trocknen-trockner-maxi-3-400x300.jpg 400w, https:\/\/feucht-obsttechnik.de\/wp-content\/uploads\/nussverarbeitung-klein-trocknen-trockner-maxi-3-600x450.jpg 600w, https:\/\/feucht-obsttechnik.de\/wp-content\/uploads\/nussverarbeitung-klein-trocknen-trockner-maxi-3-800x600.jpg 800w, https:\/\/feucht-obsttechnik.de\/wp-content\/uploads\/nussverarbeitung-klein-trocknen-trockner-maxi-3-1200x900.jpg 1200w, https:\/\/feucht-obsttechnik.de\/wp-content\/uploads\/nussverarbeitung-klein-trocknen-trockner-maxi-3.jpg 1600w\" sizes=\"(max-width: 835px) 100vw, 400px\" \/><\/a><\/span><\/div><\/div><div class=\"fusion-clearfix\"><\/div><\/div><\/div><div class=\"fusion-layout-column fusion_builder_column fusion-builder-column-23 fusion_builder_column_1_3 1_3 fusion-one-third fusion-column-last\" style=\"--awb-bg-color:#ffffff;--awb-bg-color-hover:#ffffff;--awb-bg-size:cover;--awb-margin-bottom:40px;width:30.6666%;\"><div class=\"fusion-column-wrapper fusion-flex-column-wrapper-legacy\"><div class=\"fusion-image-element fusion-image-align-center in-legacy-container\" style=\"text-align:center;--awb-aspect-ratio:3 \/ 2;--awb-caption-title-font-family:var(--h2_typography-font-family);--awb-caption-title-font-weight:var(--h2_typography-font-weight);--awb-caption-title-font-style:var(--h2_typography-font-style);--awb-caption-title-size:var(--h2_typography-font-size);--awb-caption-title-transform:var(--h2_typography-text-transform);--awb-caption-title-line-height:var(--h2_typography-line-height);--awb-caption-title-letter-spacing:var(--h2_typography-letter-spacing);\"><div class=\"imageframe-align-center\"><span class=\" fusion-imageframe imageframe-none imageframe-7 hover-type-zoomin has-aspect-ratio\"><a href=\"https:\/\/feucht-obsttechnik.de\/wp-content\/uploads\/Trockner-Maxi-Vifte-20200513_143554-300x146.jpg\" class=\"fusion-lightbox\" data-rel=\"iLightbox[Trockner Maxi]\" data-title=\"Trockner Maxi Vifte 20200513_143554\" title=\"Trockner Maxi Vifte 20200513_143554\"><img decoding=\"async\" width=\"300\" height=\"146\" src=\"https:\/\/feucht-obsttechnik.de\/wp-content\/uploads\/Trockner-Maxi-Vifte-20200513_143554-300x146.jpg\" class=\"img-responsive wp-image-53551 img-with-aspect-ratio\" data-parent-fit=\"cover\" data-parent-container=\".fusion-image-element\" alt srcset=\"https:\/\/feucht-obsttechnik.de\/wp-content\/uploads\/Trockner-Maxi-Vifte-20200513_143554-200x97.jpg 200w, https:\/\/feucht-obsttechnik.de\/wp-content\/uploads\/Trockner-Maxi-Vifte-20200513_143554-400x194.jpg 400w, https:\/\/feucht-obsttechnik.de\/wp-content\/uploads\/Trockner-Maxi-Vifte-20200513_143554-600x292.jpg 600w, https:\/\/feucht-obsttechnik.de\/wp-content\/uploads\/Trockner-Maxi-Vifte-20200513_143554-800x389.jpg 800w, https:\/\/feucht-obsttechnik.de\/wp-content\/uploads\/Trockner-Maxi-Vifte-20200513_143554-1200x583.jpg 1200w\" sizes=\"(max-width: 835px) 100vw, 400px\" \/><\/a><\/span><\/div><\/div><div class=\"fusion-clearfix\"><\/div><\/div><\/div><\/div><\/div><div class=\"fusion-fullwidth fullwidth-box fusion-builder-row-13 nonhundred-percent-fullwidth non-hundred-percent-height-scrolling fusion-equal-height-columns\" style=\"--awb-border-radius-top-left:0px;--awb-border-radius-top-right:0px;--awb-border-radius-bottom-right:0px;--awb-border-radius-bottom-left:0px;--awb-padding-bottom:100px;--awb-background-color:#f2f2f2;--awb-flex-wrap:wrap;\" ><div class=\"fusion-builder-row fusion-row\"><div class=\"fusion-layout-column fusion_builder_column fusion-builder-column-24 fusion_builder_column_1_2 1_2 fusion-one-half fusion-column-first\" style=\"--awb-bg-color:#ffffff;--awb-bg-color-hover:#ffffff;--awb-bg-size:cover;--awb-margin-bottom:40px;width:48%; margin-right: 4%;\"><div class=\"fusion-column-wrapper fusion-flex-column-wrapper-legacy\"><div class=\"fusion-text fusion-text-10\"><div style=\"padding: 25px;\">\n<h2>Vorteile<\/h2>\n<ul>\n<li>gleichm\u00e4\u00dfige Trocknung durch verschiedene Etagen<\/li>\n<li>Thermostat f\u00fcr automatische Abschaltung des Gasheizers<\/li>\n<li>Temperaturkontrolle<\/li>\n<li>gleichm\u00e4\u00dfige Bel\u00fcftung<\/li>\n<li>gro\u00dfe Kapazit\u00e4t<\/li>\n<li>leistungsstarker Propangasheizer<\/li>\n<\/ul>\n<\/div>\n<\/div><div class=\"fusion-clearfix\"><\/div><\/div><\/div><div class=\"fusion-layout-column fusion_builder_column fusion-builder-column-25 fusion_builder_column_1_2 1_2 fusion-one-half fusion-column-last\" style=\"--awb-bg-color:#ffffff;--awb-bg-color-hover:#ffffff;--awb-bg-size:cover;width:48%;\"><div class=\"fusion-column-wrapper fusion-flex-column-wrapper-legacy\"><div class=\"fusion-text fusion-text-11\"><div style=\"padding: 25px;\">\n<h2>Technische Daten<\/h2>\n<\/div>\n<\/div>\n<div class=\"table-2\">\n<table width=\"100%\">\n<tbody>\n<tr>\n<td align=\"left\">L\u00e4nge:<\/td>\n<td align=\"left\">120 cm<\/td>\n<\/tr>\n<tr>\n<td align=\"left\">Breite:<\/td>\n<td align=\"left\">120 cm<\/td>\n<\/tr>\n<tr>\n<td align=\"left\">H\u00f6he:<\/td>\n<td align=\"left\">272 cm<\/td>\n<\/tr>\n<tr>\n<td align=\"left\">Gewicht:<\/td>\n<td align=\"left\">200 kg<\/td>\n<\/tr>\n<tr>\n<td align=\"left\">Leistung:<\/td>\n<td align=\"left\">15-30 kW mit Propangasheizer<\/td>\n<\/tr>\n<tr>\n<td align=\"left\">Kapazit\u00e4t:<\/td>\n<td align=\"left\">2.100 l<\/td>\n<\/tr>\n<tr>\n<td align=\"left\">Durchfluss:<\/td>\n<td align=\"left\">Bis 1000 l\/24h<\/td>\n<\/tr>\n<tr>\n<td align=\"left\">Lieferumfang:<\/td>\n<td align=\"left\">1x Trockner als Bausatz<br \/>\n1x Propangasheizer<\/td>\n<\/tr>\n<tr>\n<td align=\"left\">Optional:<\/td>\n<td align=\"left\"><a href=\"https:\/\/feucht-obsttechnik.de\/de\/nussverarbeitung\/nussverarbeitung-gross\/nuesse-feuchtigkeit-messen\/\"><strong>Nuss-Feuchtigkeitsmesser<\/strong><\/a><\/td>\n<\/tr>\n<\/tbody>\n<\/table>\n<\/div>\n<div class=\"fusion-clearfix\"><\/div><\/div><\/div><\/div><\/div><\/p>\n","protected":false},"excerpt":{"rendered":"","protected":false},"author":4,"featured_media":0,"parent":3509,"menu_order":0,"comment_status":"closed","ping_status":"closed","template":"100-width.php","meta":{"footnotes":"","_wp_rev_ctl_limit":""},"class_list":["post-4028","page","type-page","status-publish","hentry"],"yoast_head":"<!-- This site is optimized with the Yoast SEO plugin v27.5 - https:\/\/yoast.com\/product\/yoast-seo-wordpress\/ -->\n<title>Nusstrocknung - Feucht Obsttechnik<\/title>\n<meta name=\"description\" content=\"Ein optimaler und z\u00fcgiger Trocknungsprozess im Trocknungslager verhindert, dass die N\u00fcsse schimmeln. Erfahren Sie mehr \u00fcber Trocknungslager von Feucht.\" \/>\n<meta name=\"robots\" content=\"index, follow, max-snippet:-1, max-image-preview:large, max-video-preview:-1\" \/>\n<link rel=\"canonical\" href=\"https:\/\/feucht-obsttechnik.de\/de\/nussverarbeitung\/nussverarbeitung-klein\/nusstrocknung\/\" \/>\n<meta property=\"og:locale\" content=\"de_DE\" \/>\n<meta property=\"og:type\" content=\"article\" \/>\n<meta property=\"og:title\" content=\"Nusstrocknung - Feucht Obsttechnik\" \/>\n<meta property=\"og:description\" content=\"Ein optimaler und z\u00fcgiger Trocknungsprozess im Trocknungslager verhindert, dass die N\u00fcsse schimmeln. Erfahren Sie mehr \u00fcber Trocknungslager von Feucht.\" \/>\n<meta property=\"og:url\" content=\"https:\/\/feucht-obsttechnik.de\/de\/nussverarbeitung\/nussverarbeitung-klein\/nusstrocknung\/\" \/>\n<meta property=\"og:site_name\" content=\"Feucht Obsttechnik\" \/>\n<meta property=\"article:modified_time\" content=\"2025-07-21T12:40:04+00:00\" \/>\n<meta name=\"twitter:card\" content=\"summary_large_image\" \/>\n<meta name=\"twitter:label1\" content=\"Gesch\u00e4tzte Lesezeit\" \/>\n\t<meta name=\"twitter:data1\" content=\"21\u00a0Minuten\" \/>\n<script type=\"application\/ld+json\" class=\"yoast-schema-graph\">{\"@context\":\"https:\\\/\\\/schema.org\",\"@graph\":[{\"@type\":\"WebPage\",\"@id\":\"https:\\\/\\\/feucht-obsttechnik.de\\\/de\\\/nussverarbeitung\\\/nussverarbeitung-klein\\\/nusstrocknung\\\/\",\"url\":\"https:\\\/\\\/feucht-obsttechnik.de\\\/de\\\/nussverarbeitung\\\/nussverarbeitung-klein\\\/nusstrocknung\\\/\",\"name\":\"Nusstrocknung - Feucht Obsttechnik\",\"isPartOf\":{\"@id\":\"https:\\\/\\\/feucht-obsttechnik.de\\\/de\\\/#website\"},\"datePublished\":\"2019-12-03T09:19:36+00:00\",\"dateModified\":\"2025-07-21T12:40:04+00:00\",\"description\":\"Ein optimaler und z\u00fcgiger Trocknungsprozess im Trocknungslager verhindert, dass die N\u00fcsse schimmeln. Erfahren Sie mehr \u00fcber Trocknungslager von Feucht.\",\"breadcrumb\":{\"@id\":\"https:\\\/\\\/feucht-obsttechnik.de\\\/de\\\/nussverarbeitung\\\/nussverarbeitung-klein\\\/nusstrocknung\\\/#breadcrumb\"},\"inLanguage\":\"de\",\"potentialAction\":[{\"@type\":\"ReadAction\",\"target\":[\"https:\\\/\\\/feucht-obsttechnik.de\\\/de\\\/nussverarbeitung\\\/nussverarbeitung-klein\\\/nusstrocknung\\\/\"]}]},{\"@type\":\"BreadcrumbList\",\"@id\":\"https:\\\/\\\/feucht-obsttechnik.de\\\/de\\\/nussverarbeitung\\\/nussverarbeitung-klein\\\/nusstrocknung\\\/#breadcrumb\",\"itemListElement\":[{\"@type\":\"ListItem\",\"position\":1,\"name\":\"Startseite\",\"item\":\"https:\\\/\\\/feucht-obsttechnik.de\\\/de\\\/\"},{\"@type\":\"ListItem\",\"position\":2,\"name\":\"Nussverarbeitung\",\"item\":\"https:\\\/\\\/feucht-obsttechnik.de\\\/de\\\/nussverarbeitung\\\/\"},{\"@type\":\"ListItem\",\"position\":3,\"name\":\"NV f\u00fcr kleine Mengen\",\"item\":\"https:\\\/\\\/feucht-obsttechnik.de\\\/de\\\/nussverarbeitung\\\/nussverarbeitung-klein\\\/\"},{\"@type\":\"ListItem\",\"position\":4,\"name\":\"Nusstrocknung\"}]},{\"@type\":\"WebSite\",\"@id\":\"https:\\\/\\\/feucht-obsttechnik.de\\\/de\\\/#website\",\"url\":\"https:\\\/\\\/feucht-obsttechnik.de\\\/de\\\/\",\"name\":\"Feucht Obsttechnik\",\"description\":\"\",\"publisher\":{\"@id\":\"https:\\\/\\\/feucht-obsttechnik.de\\\/de\\\/#organization\"},\"potentialAction\":[{\"@type\":\"SearchAction\",\"target\":{\"@type\":\"EntryPoint\",\"urlTemplate\":\"https:\\\/\\\/feucht-obsttechnik.de\\\/de\\\/?s={search_term_string}\"},\"query-input\":{\"@type\":\"PropertyValueSpecification\",\"valueRequired\":true,\"valueName\":\"search_term_string\"}}],\"inLanguage\":\"de\"},{\"@type\":\"Organization\",\"@id\":\"https:\\\/\\\/feucht-obsttechnik.de\\\/de\\\/#organization\",\"name\":\"Feucht Obsttechnik GmbH\",\"url\":\"https:\\\/\\\/feucht-obsttechnik.de\\\/de\\\/\",\"logo\":{\"@type\":\"ImageObject\",\"inLanguage\":\"de\",\"@id\":\"https:\\\/\\\/feucht-obsttechnik.de\\\/de\\\/#\\\/schema\\\/logo\\\/image\\\/\",\"url\":\"https:\\\/\\\/feucht-obsttechnik.de\\\/wp-content\\\/uploads\\\/logo-feucht@2x-1.png\",\"contentUrl\":\"https:\\\/\\\/feucht-obsttechnik.de\\\/wp-content\\\/uploads\\\/logo-feucht@2x-1.png\",\"width\":640,\"height\":123,\"caption\":\"Feucht Obsttechnik GmbH\"},\"image\":{\"@id\":\"https:\\\/\\\/feucht-obsttechnik.de\\\/de\\\/#\\\/schema\\\/logo\\\/image\\\/\"}}]}<\/script>\n<!-- \/ Yoast SEO plugin. -->","yoast_head_json":{"title":"Nusstrocknung - Feucht Obsttechnik","description":"Ein optimaler und z\u00fcgiger Trocknungsprozess im Trocknungslager verhindert, dass die N\u00fcsse schimmeln. Erfahren Sie mehr \u00fcber Trocknungslager von Feucht.","robots":{"index":"index","follow":"follow","max-snippet":"max-snippet:-1","max-image-preview":"max-image-preview:large","max-video-preview":"max-video-preview:-1"},"canonical":"https:\/\/feucht-obsttechnik.de\/de\/nussverarbeitung\/nussverarbeitung-klein\/nusstrocknung\/","og_locale":"de_DE","og_type":"article","og_title":"Nusstrocknung - Feucht Obsttechnik","og_description":"Ein optimaler und z\u00fcgiger Trocknungsprozess im Trocknungslager verhindert, dass die N\u00fcsse schimmeln. Erfahren Sie mehr \u00fcber Trocknungslager von Feucht.","og_url":"https:\/\/feucht-obsttechnik.de\/de\/nussverarbeitung\/nussverarbeitung-klein\/nusstrocknung\/","og_site_name":"Feucht Obsttechnik","article_modified_time":"2025-07-21T12:40:04+00:00","twitter_card":"summary_large_image","twitter_misc":{"Gesch\u00e4tzte Lesezeit":"21\u00a0Minuten"},"schema":{"@context":"https:\/\/schema.org","@graph":[{"@type":"WebPage","@id":"https:\/\/feucht-obsttechnik.de\/de\/nussverarbeitung\/nussverarbeitung-klein\/nusstrocknung\/","url":"https:\/\/feucht-obsttechnik.de\/de\/nussverarbeitung\/nussverarbeitung-klein\/nusstrocknung\/","name":"Nusstrocknung - Feucht Obsttechnik","isPartOf":{"@id":"https:\/\/feucht-obsttechnik.de\/de\/#website"},"datePublished":"2019-12-03T09:19:36+00:00","dateModified":"2025-07-21T12:40:04+00:00","description":"Ein optimaler und z\u00fcgiger Trocknungsprozess im Trocknungslager verhindert, dass die N\u00fcsse schimmeln. Erfahren Sie mehr \u00fcber Trocknungslager von Feucht.","breadcrumb":{"@id":"https:\/\/feucht-obsttechnik.de\/de\/nussverarbeitung\/nussverarbeitung-klein\/nusstrocknung\/#breadcrumb"},"inLanguage":"de","potentialAction":[{"@type":"ReadAction","target":["https:\/\/feucht-obsttechnik.de\/de\/nussverarbeitung\/nussverarbeitung-klein\/nusstrocknung\/"]}]},{"@type":"BreadcrumbList","@id":"https:\/\/feucht-obsttechnik.de\/de\/nussverarbeitung\/nussverarbeitung-klein\/nusstrocknung\/#breadcrumb","itemListElement":[{"@type":"ListItem","position":1,"name":"Startseite","item":"https:\/\/feucht-obsttechnik.de\/de\/"},{"@type":"ListItem","position":2,"name":"Nussverarbeitung","item":"https:\/\/feucht-obsttechnik.de\/de\/nussverarbeitung\/"},{"@type":"ListItem","position":3,"name":"NV f\u00fcr kleine Mengen","item":"https:\/\/feucht-obsttechnik.de\/de\/nussverarbeitung\/nussverarbeitung-klein\/"},{"@type":"ListItem","position":4,"name":"Nusstrocknung"}]},{"@type":"WebSite","@id":"https:\/\/feucht-obsttechnik.de\/de\/#website","url":"https:\/\/feucht-obsttechnik.de\/de\/","name":"Feucht Obsttechnik","description":"","publisher":{"@id":"https:\/\/feucht-obsttechnik.de\/de\/#organization"},"potentialAction":[{"@type":"SearchAction","target":{"@type":"EntryPoint","urlTemplate":"https:\/\/feucht-obsttechnik.de\/de\/?s={search_term_string}"},"query-input":{"@type":"PropertyValueSpecification","valueRequired":true,"valueName":"search_term_string"}}],"inLanguage":"de"},{"@type":"Organization","@id":"https:\/\/feucht-obsttechnik.de\/de\/#organization","name":"Feucht Obsttechnik GmbH","url":"https:\/\/feucht-obsttechnik.de\/de\/","logo":{"@type":"ImageObject","inLanguage":"de","@id":"https:\/\/feucht-obsttechnik.de\/de\/#\/schema\/logo\/image\/","url":"https:\/\/feucht-obsttechnik.de\/wp-content\/uploads\/logo-feucht@2x-1.png","contentUrl":"https:\/\/feucht-obsttechnik.de\/wp-content\/uploads\/logo-feucht@2x-1.png","width":640,"height":123,"caption":"Feucht Obsttechnik GmbH"},"image":{"@id":"https:\/\/feucht-obsttechnik.de\/de\/#\/schema\/logo\/image\/"}}]}},"_links":{"self":[{"href":"https:\/\/feucht-obsttechnik.de\/de\/wp-json\/wp\/v2\/pages\/4028","targetHints":{"allow":["GET"]}}],"collection":[{"href":"https:\/\/feucht-obsttechnik.de\/de\/wp-json\/wp\/v2\/pages"}],"about":[{"href":"https:\/\/feucht-obsttechnik.de\/de\/wp-json\/wp\/v2\/types\/page"}],"author":[{"embeddable":true,"href":"https:\/\/feucht-obsttechnik.de\/de\/wp-json\/wp\/v2\/users\/4"}],"replies":[{"embeddable":true,"href":"https:\/\/feucht-obsttechnik.de\/de\/wp-json\/wp\/v2\/comments?post=4028"}],"version-history":[{"count":4,"href":"https:\/\/feucht-obsttechnik.de\/de\/wp-json\/wp\/v2\/pages\/4028\/revisions"}],"predecessor-version":[{"id":53561,"href":"https:\/\/feucht-obsttechnik.de\/de\/wp-json\/wp\/v2\/pages\/4028\/revisions\/53561"}],"up":[{"embeddable":true,"href":"https:\/\/feucht-obsttechnik.de\/de\/wp-json\/wp\/v2\/pages\/3509"}],"wp:attachment":[{"href":"https:\/\/feucht-obsttechnik.de\/de\/wp-json\/wp\/v2\/media?parent=4028"}],"curies":[{"name":"wp","href":"https:\/\/api.w.org\/{rel}","templated":true}]}}