{"id":3501,"date":"2019-10-22T11:06:28","date_gmt":"2019-10-22T09:06:28","guid":{"rendered":"http:\/\/neu2020.feucht-obsttechnik.de\/?page_id=3501"},"modified":"2023-06-01T20:18:40","modified_gmt":"2023-06-01T18:18:40","slug":"obstraeumer-obstgeblaese","status":"publish","type":"page","link":"https:\/\/feucht-obsttechnik.de\/de\/obsterntetechnik\/obstraeumer-obstgeblaese\/","title":{"rendered":"Obstr\u00e4umer \/ Obstgebl\u00e4se"},"content":{"rendered":"<p><div class=\"fusion-fullwidth fullwidth-box fusion-builder-row-1 fusion-parallax-none nonhundred-percent-fullwidth non-hundred-percent-height-scrolling\" style=\"--awb-background-blend-mode:overlay;--awb-border-sizes-top:0px;--awb-border-sizes-bottom:0px;--awb-border-sizes-left:0px;--awb-border-sizes-right:0px;--awb-border-radius-top-left:0px;--awb-border-radius-top-right:0px;--awb-border-radius-bottom-right:0px;--awb-border-radius-bottom-left:0px;--awb-padding-top:72px;--awb-padding-bottom:0px;--awb-margin-bottom:20px;--awb-background-color:rgba(10,19,35,0.15);--awb-background-image:url(&quot;https:\/\/feucht-obsttechnik.de\/wp-content\/uploads\/bg-header-obsterntetechnik.jpg&quot;);--awb-background-size:cover;--awb-flex-wrap:wrap;\" ><div class=\"fusion-builder-row fusion-row\"><div class=\"fusion-layout-column fusion_builder_column fusion-builder-column-0 fusion_builder_column_1_1 1_1 fusion-one-full fusion-column-first fusion-column-last fusion-column-no-min-height\" style=\"--awb-bg-blend:overlay;--awb-bg-size:cover;--awb-margin-bottom:0px;\"><div class=\"fusion-column-wrapper fusion-flex-column-wrapper-legacy\"><div class=\"fusion-sep-clear\"><\/div><div class=\"fusion-separator fusion-no-small-visibility fusion-no-medium-visibility fusion-full-width-sep\" style=\"margin-left: auto;margin-right: auto;margin-top:120px;width:100%;\"><\/div><div class=\"fusion-sep-clear\"><\/div><div class=\"fusion-title title fusion-title-1 fusion-sep-none fusion-title-center fusion-title-text fusion-title-size-one\" style=\"--awb-text-color:#ffffff;--awb-margin-top-small:0px;--awb-margin-right-small:0px;--awb-margin-bottom-small:20px;--awb-margin-left-small:0px;\"><h1 class=\"fusion-title-heading title-heading-center fusion-responsive-typography-calculated\" style=\"margin:0;--fontSize:38;line-height:1.33;\">Obstr\u00e4umer \/ Obstgebl\u00e4se<\/h1><\/div><div class=\"fusion-text fusion-text-1\"><p class=\"title-category\"><span data-fusion-font=\"true\">Fahrgassen frei r\u00e4umen und die Ernteproduktivit\u00e4t\u00a0steigern.<\/span><\/p>\n<\/div><div class=\"fusion-sep-clear\"><\/div><div class=\"fusion-separator fusion-full-width-sep\" style=\"margin-left: auto;margin-right: auto;margin-top:15px;width:100%;\"><\/div><div class=\"fusion-sep-clear\"><\/div><div class=\"fusion-sep-clear\"><\/div><div class=\"fusion-separator fusion-no-medium-visibility fusion-no-large-visibility fusion-full-width-sep\" style=\"margin-left: auto;margin-right: auto;margin-top:40px;width:100%;\"><\/div><div class=\"fusion-sep-clear\"><\/div><div class=\"fusion-section-separator section-separator waves-opacity fusion-section-separator-1\" style=\"--awb-spacer-padding-top:21.09375%;--awb-svg-margin-left:0;--awb-svg-margin-right:0;--awb-sep-font-size:0;--awb-sep-line-height:0;\"><div class=\"fusion-section-separator-svg\"><svg class=\"fusion-waves-opacity-candy\" xmlns=\"http:\/\/www.w3.org\/2000\/svg\" version=\"1.1\" width=\"100%\" viewBox=\"0 0 1024 216\" preserveAspectRatio=\"none\" fill=\"rgba(255,255,255,1)\"><path class=\"st0\" d=\"M0 216.068h1024l.1-105.2c-14.6-3.2-30.2-5.8-47.1-7.6-178.6-19.6-279.5 56.8-464.3 41.3-206.5-17.2-248.4-128.8-455-143.8-19-1.3-38.3-.2-57.7.3v215z\"\/>\n\t\t\t\t\t\t\t\t\t\t<path class=\"st1\" d=\"M0 20.068v196.144h1024v-79.744c-22.7-6.4-47.9-11.4-76.2-14.6-178.6-19.8-272.2 53.9-457.1 38.4-206.6-17.2-197.3-124.7-403.9-139.8-27.2-2-56.6-2-86.8-.4z\"\/>\n\t\t\t\t\t\t\t\t\t\t<path class=\"st2\" d=\"M0 216.212h1024v-35.744c-45.1-15.4-95.2-27.7-150-33.7-178.6-19.8-220.6 46.8-405.4 31.3-206.6-17.2-197.8-114.7-404.4-129.7-20.4-1.5-42-2-64.2-1.7v169.544z\"\/>\n\t\t\t\t\t\t\t\t\t\t<path class=\"st3\" d=\"M0 216.312h1024v-3.044c-50.8-17.1-108.7-30.7-172.7-37.9-178.6-19.8-220 36.8-404.9 21.3-206.6-17.2-228-126.5-434.5-141.6-3.9-.3-7.9-.5-11.9-.7v161.944z\"\/>\n\t\t\t\t\t\t\t\t\t<\/svg><\/div><div class=\"fusion-section-separator-spacer\"><div class=\"fusion-section-separator-spacer-height\"><\/div><\/div><\/div><div class=\"fusion-clearfix\"><\/div><\/div><\/div><\/div><\/div><div class=\"fusion-fullwidth fullwidth-box fusion-builder-row-2 nonhundred-percent-fullwidth non-hundred-percent-height-scrolling\" style=\"--awb-background-position:left top;--awb-border-sizes-top:0px;--awb-border-sizes-bottom:0px;--awb-border-sizes-left:0px;--awb-border-sizes-right:0px;--awb-border-radius-top-left:0px;--awb-border-radius-top-right:0px;--awb-border-radius-bottom-right:0px;--awb-border-radius-bottom-left:0px;--awb-padding-top:60px;--awb-padding-bottom:30px;--awb-background-color:#ffffff;--awb-flex-wrap:wrap;\" ><div class=\"fusion-builder-row fusion-row\"><div class=\"fusion-layout-column fusion_builder_column fusion-builder-column-1 fusion_builder_column_1_6 1_6 fusion-one-sixth fusion-column-first fusion-no-small-visibility\" style=\"--awb-bg-size:cover;width:16.666666666667%;width:calc(16.666666666667% - ( ( 4% + 4% ) * 0.16666666666667 ) );margin-right: 4%;\"><div class=\"fusion-column-wrapper fusion-column-has-shadow fusion-flex-column-wrapper-legacy\"><div class=\"fusion-clearfix\"><\/div><\/div><\/div><div class=\"fusion-layout-column fusion_builder_column fusion-builder-column-2 fusion_builder_column_2_3 2_3 fusion-two-third fusion-column-no-min-height\" style=\"--awb-padding-bottom:20px;--awb-bg-size:cover;width:66.666666666667%;width:calc(66.666666666667% - ( ( 4% + 4% ) * 0.66666666666667 ) );margin-right: 4%;\"><div class=\"fusion-column-wrapper fusion-flex-column-wrapper-legacy\"><div class=\"fusion-title title fusion-title-2 fusion-sep-none fusion-title-center fusion-title-text fusion-title-size-two\" style=\"--awb-margin-top-small:0px;--awb-margin-right-small:0px;--awb-margin-bottom-small:20px;--awb-margin-left-small:0px;\"><h2 class=\"fusion-title-heading title-heading-center fusion-responsive-typography-calculated\" style=\"margin:0;--fontSize:26;--minFontSize:26;line-height:1.25;\">Mit Obstgebl\u00e4sen und Frontr\u00e4umern zwischen den Baumzeilen Obst r\u00e4umen.<\/h2><\/div><div class=\"fusion-text fusion-text-2\"><p style=\"text-align: center;\">Um das am Boden liegende oder abgesch\u00fcttelte Obst aus den Fahrgassen zu r\u00e4umen, kann mit einem Obstr\u00e4umer oder Obstgebl\u00e4se gearbeitet werden.<\/p>\n<p style=\"text-align: center;\">Mit dem <strong>leistungsstarken Obstgebl\u00e4se<\/strong> kann Obst zwischen den Baumzeilen weggeblasen werden. Durch den starken Luftstrom k\u00f6nnen auch gr\u00f6\u00dfere Mengen an Fr\u00fcchten weggeblasen werden. Das Obstgebl\u00e4se wird hierbei am Heck des Traktors an die Gelenkwelle angeschlossen.<\/p>\n<p style=\"text-align: center;\">Mit dem <strong>Frontr\u00e4umer<\/strong> Professional k\u00f6nnen in Intensivobstanlagen Fr\u00fcchte von der Fahrgasse vor dem Traktor ger\u00e4umt werden. Hierbei wird das Obst durch die Rotoren nach rechts oder links geschwadet. Der Obstr\u00e4umer kann mit einem Stammsch\u00fcttler oder einem Anh\u00e4nger eingesetzt werden.<\/p>\n<\/div><div class=\"fusion-sep-clear\"><\/div><div class=\"fusion-separator fusion-full-width-sep\" style=\"margin-left: auto;margin-right: auto;margin-top:15px;width:100%;\"><\/div><div class=\"fusion-sep-clear\"><\/div><div class=\"fusion-clearfix\"><\/div><\/div><\/div><div class=\"fusion-layout-column fusion_builder_column fusion-builder-column-3 fusion_builder_column_1_6 1_6 fusion-one-sixth fusion-column-last fusion-no-small-visibility\" style=\"--awb-bg-size:cover;width:16.666666666667%;width:calc(16.666666666667% - ( ( 4% + 4% ) * 0.16666666666667 ) );\"><div class=\"fusion-column-wrapper fusion-column-has-shadow fusion-flex-column-wrapper-legacy\"><div class=\"fusion-clearfix\"><\/div><\/div><\/div><\/div><\/div><div class=\"fusion-fullwidth fullwidth-box fusion-builder-row-3 nonhundred-percent-fullwidth non-hundred-percent-height-scrolling\" style=\"--awb-background-position:left top;--awb-border-sizes-top:0px;--awb-border-sizes-bottom:0px;--awb-border-sizes-left:0px;--awb-border-sizes-right:0px;--awb-border-radius-top-left:0px;--awb-border-radius-top-right:0px;--awb-border-radius-bottom-right:0px;--awb-border-radius-bottom-left:0px;--awb-padding-top:1px;--awb-padding-bottom:0px;--awb-background-color:#cc0000;--awb-flex-wrap:wrap;\" ><div class=\"fusion-builder-row fusion-row\"><div class=\"fusion-layout-column fusion_builder_column fusion-builder-column-4 fusion_builder_column_1_1 1_1 fusion-one-full fusion-column-first fusion-column-last\" style=\"--awb-padding-top:50px;--awb-padding-bottom:50px;--awb-padding-left:0px;--awb-bg-size:cover;--awb-margin-bottom:0px;\"><div class=\"fusion-column-wrapper fusion-column-has-shadow fusion-flex-column-wrapper-legacy\"><div class=\"fusion-column-content-centered\"><div class=\"fusion-column-content\"><div class=\"fusion-text fusion-text-3\"><h2 style=\"text-align: center; margin-bottom: 0px;\"><span style=\"color: #ffffff;\">Obstr\u00e4umer | Obstgebl\u00e4se<\/span><\/h2>\n<\/div><\/div><\/div><div class=\"fusion-clearfix\"><\/div><\/div><\/div><\/div><\/div><div class=\"fusion-fullwidth fullwidth-box fusion-builder-row-4 nonhundred-percent-fullwidth non-hundred-percent-height-scrolling\" style=\"--awb-border-radius-top-left:0px;--awb-border-radius-top-right:0px;--awb-border-radius-bottom-right:0px;--awb-border-radius-bottom-left:0px;--awb-flex-wrap:wrap;\" ><div class=\"fusion-builder-row fusion-row\"><div class=\"fusion-layout-column fusion_builder_column fusion-builder-column-5 fusion_builder_column_1_1 1_1 fusion-one-full fusion-column-first fusion-column-last\" style=\"--awb-padding-top:0px;--awb-padding-right:0px;--awb-padding-bottom:0px;--awb-padding-left:0px;--awb-bg-size:cover;--awb-margin-bottom:0px;\"><div class=\"fusion-column-wrapper fusion-column-has-shadow fusion-flex-column-wrapper-legacy\"><div class=\"fusion-menu-anchor\" id=\"obstgeblaese-1201\"><\/div><div class=\"fusion-clearfix\"><\/div><\/div><\/div><\/div><\/div><div class=\"fusion-fullwidth fullwidth-box fusion-builder-row-5 fusion-parallax-none nonhundred-percent-fullwidth non-hundred-percent-height-scrolling\" style=\"--awb-border-radius-top-left:0px;--awb-border-radius-top-right:0px;--awb-border-radius-bottom-right:0px;--awb-border-radius-bottom-left:0px;--awb-padding-top:200px;--awb-margin-top:-1px;--awb-background-image:url(&quot;https:\/\/feucht-obsttechnik.de\/wp-content\/uploads\/obstgebl\u00e4se-divider-1201.jpg&quot;);--awb-background-size:cover;--awb-flex-wrap:wrap;\" ><div class=\"fusion-builder-row fusion-row\"><div class=\"fusion-layout-column fusion_builder_column fusion-builder-column-6 fusion_builder_column_1_6 1_6 fusion-one-sixth fusion-column-first\" style=\"--awb-bg-size:cover;width:16.666666666667%;width:calc(16.666666666667% - ( ( 4% + 4% ) * 0.16666666666667 ) );margin-right: 4%;\"><div class=\"fusion-column-wrapper fusion-flex-column-wrapper-legacy\"><div class=\"fusion-clearfix\"><\/div><\/div><\/div><div class=\"fusion-layout-column fusion_builder_column fusion-builder-column-7 fusion_builder_column_2_3 2_3 fusion-two-third\" style=\"--awb-padding-top:50px;--awb-padding-right:50px;--awb-padding-bottom:50px;--awb-padding-left:50px;--awb-bg-color:rgba(255,255,255,0.9);--awb-bg-color-hover:rgba(255,255,255,0.9);--awb-bg-size:cover;--awb-margin-bottom:-100px;width:66.666666666667%;width:calc(66.666666666667% - ( ( 4% + 4% ) * 0.66666666666667 ) );margin-right: 4%;\"><div class=\"fusion-column-wrapper fusion-column-has-shadow fusion-flex-column-wrapper-legacy\"><div class=\"fusion-text fusion-text-4\"><h2 style=\"text-align: center;\">Obstgebl\u00e4se 1201<\/h2>\n<p style=\"text-align: center;\"><strong>Zwischen den Baumzeilen Obst r\u00e4umen.<\/strong><\/p>\n<p style=\"text-align: center;\">Das Obstgebl\u00e4se wird vorwiegend in Intensivmostobstanlagen eingesetzt und am Heck des Traktors an die Gelenkwelle angeschlossen. Mit dem Gebl\u00e4se wird Obst zwischen den Baumreihen weggeblasen und in die Fahrgassen zum Ernten geblasen. Das Gebl\u00e4se verf\u00fcgt \u00fcber einen sehr starken Luftstrom und kann daher leistungsstark viele Fr\u00fcchte wegblasen. Das Obstgebl\u00e4se 1201 ist in zwei Varianten verf\u00fcgbar: mit <strong>Gebl\u00e4seausgang<\/strong> rechts oder links. Die <strong>Blasd\u00fcse<\/strong> kann verl\u00e4ngert werden, um die Reichweite zu erh\u00f6hen.<\/p>\n<\/div><div class=\"fusion-clearfix\"><\/div><\/div><\/div><div class=\"fusion-layout-column fusion_builder_column fusion-builder-column-8 fusion_builder_column_1_6 1_6 fusion-one-sixth fusion-column-last\" style=\"--awb-bg-size:cover;width:16.666666666667%;width:calc(16.666666666667% - ( ( 4% + 4% ) * 0.16666666666667 ) );\"><div class=\"fusion-column-wrapper fusion-flex-column-wrapper-legacy\"><div class=\"fusion-clearfix\"><\/div><\/div><\/div><\/div><\/div><div class=\"fusion-fullwidth fullwidth-box fusion-builder-row-6 nonhundred-percent-fullwidth non-hundred-percent-height-scrolling fusion-equal-height-columns\" style=\"--awb-border-radius-top-left:0px;--awb-border-radius-top-right:0px;--awb-border-radius-bottom-right:0px;--awb-border-radius-bottom-left:0px;--awb-padding-top:200px;--awb-background-color:#f2f2f2;--awb-flex-wrap:wrap;\" ><div class=\"fusion-builder-row fusion-row\"><div class=\"fusion-layout-column fusion_builder_column fusion-builder-column-9 fusion_builder_column_1_1 1_1 fusion-one-full fusion-column-first fusion-column-last\" style=\"--awb-bg-size:cover;\"><div class=\"fusion-column-wrapper fusion-flex-column-wrapper-legacy\"><div class=\"fusion-title title fusion-title-3 fusion-sep-none fusion-title-text fusion-title-size-one\" style=\"--awb-margin-top-small:0px;--awb-margin-right-small:0px;--awb-margin-bottom-small:20px;--awb-margin-left-small:0px;\"><h1 class=\"fusion-title-heading title-heading-left fusion-responsive-typography-calculated\" style=\"margin:0;--fontSize:38;line-height:1.33;\">Details zum Obstgebl\u00e4se 1201<\/h1><\/div><div class=\"fusion-clearfix\"><\/div><\/div><\/div><\/div><\/div><div class=\"fusion-fullwidth fullwidth-box fusion-builder-row-7 nonhundred-percent-fullwidth non-hundred-percent-height-scrolling fusion-equal-height-columns\" style=\"--awb-border-radius-top-left:0px;--awb-border-radius-top-right:0px;--awb-border-radius-bottom-right:0px;--awb-border-radius-bottom-left:0px;--awb-padding-bottom:100px;--awb-background-color:#f2f2f2;--awb-flex-wrap:wrap;\" ><div class=\"fusion-builder-row fusion-row\"><div class=\"fusion-layout-column fusion_builder_column fusion-builder-column-10 fusion_builder_column_1_4 1_4 fusion-one-fourth fusion-column-first\" style=\"--awb-bg-color:#ffffff;--awb-bg-color-hover:#ffffff;--awb-bg-size:cover;--awb-margin-bottom:40px;width:22%; margin-right: 4%;\"><div class=\"fusion-column-wrapper fusion-flex-column-wrapper-legacy\"><div class=\"fusion-image-element fusion-image-align-center in-legacy-container\" style=\"text-align:center;--awb-caption-title-font-family:var(--h2_typography-font-family);--awb-caption-title-font-weight:var(--h2_typography-font-weight);--awb-caption-title-font-style:var(--h2_typography-font-style);--awb-caption-title-size:var(--h2_typography-font-size);--awb-caption-title-transform:var(--h2_typography-text-transform);--awb-caption-title-line-height:var(--h2_typography-line-height);--awb-caption-title-letter-spacing:var(--h2_typography-letter-spacing);\"><div class=\"imageframe-align-center\"><span class=\" fusion-imageframe imageframe-none imageframe-1 hover-type-zoomin\"><a href=\"https:\/\/feucht-obsttechnik.de\/wp-content\/uploads\/obstgebl\u00e4se-1201-2.jpg\" class=\"fusion-lightbox\" data-rel=\"iLightbox[obstgebl\u00e4se-1201]\" data-title=\"Das Obstgebl\u00e4se 1201 wird vorwiegend in Intensivmostobstanlagen eingesetzt\" title=\"Das Obstgebl\u00e4se 1201 wird vorwiegend in Intensivmostobstanlagen eingesetzt\"><img decoding=\"async\" width=\"1600\" height=\"1200\" src=\"https:\/\/feucht-obsttechnik.de\/wp-content\/uploads\/obstgebl\u00e4se-1201-2.jpg\" alt class=\"img-responsive wp-image-6233\" srcset=\"https:\/\/feucht-obsttechnik.de\/wp-content\/uploads\/obstgebl\u00e4se-1201-2-200x150.jpg 200w, https:\/\/feucht-obsttechnik.de\/wp-content\/uploads\/obstgebl\u00e4se-1201-2-400x300.jpg 400w, https:\/\/feucht-obsttechnik.de\/wp-content\/uploads\/obstgebl\u00e4se-1201-2-600x450.jpg 600w, https:\/\/feucht-obsttechnik.de\/wp-content\/uploads\/obstgebl\u00e4se-1201-2-800x600.jpg 800w, https:\/\/feucht-obsttechnik.de\/wp-content\/uploads\/obstgebl\u00e4se-1201-2-1200x900.jpg 1200w, https:\/\/feucht-obsttechnik.de\/wp-content\/uploads\/obstgebl\u00e4se-1201-2.jpg 1600w\" sizes=\"(max-width: 835px) 100vw, 400px\" \/><\/a><\/span><\/div><\/div><div class=\"fusion-clearfix\"><\/div><\/div><\/div><div class=\"fusion-layout-column fusion_builder_column fusion-builder-column-11 fusion_builder_column_1_4 1_4 fusion-one-fourth\" style=\"--awb-bg-color:#ffffff;--awb-bg-color-hover:#ffffff;--awb-bg-size:cover;--awb-margin-bottom:40px;width:22%; margin-right: 4%;\"><div class=\"fusion-column-wrapper fusion-flex-column-wrapper-legacy\"><div class=\"fusion-image-element fusion-image-align-center in-legacy-container\" style=\"text-align:center;--awb-caption-title-font-family:var(--h2_typography-font-family);--awb-caption-title-font-weight:var(--h2_typography-font-weight);--awb-caption-title-font-style:var(--h2_typography-font-style);--awb-caption-title-size:var(--h2_typography-font-size);--awb-caption-title-transform:var(--h2_typography-text-transform);--awb-caption-title-line-height:var(--h2_typography-line-height);--awb-caption-title-letter-spacing:var(--h2_typography-letter-spacing);\"><div class=\"imageframe-align-center\"><span class=\" fusion-imageframe imageframe-none imageframe-2 hover-type-zoomin\"><a href=\"https:\/\/feucht-obsttechnik.de\/wp-content\/uploads\/obstgebl\u00e4se-1201-3.jpg\" class=\"fusion-lightbox\" data-rel=\"iLightbox[obstgebl\u00e4se-1201]\" data-title=\"Das Obstgebl\u00e4se 1201 wird vorwiegend in Intensivmostobstanlagen eingesetzt\" title=\"Das Obstgebl\u00e4se 1201 wird vorwiegend in Intensivmostobstanlagen eingesetzt\"><img decoding=\"async\" width=\"1600\" height=\"1200\" src=\"https:\/\/feucht-obsttechnik.de\/wp-content\/uploads\/obstgebl\u00e4se-1201-3.jpg\" alt class=\"img-responsive wp-image-6235\" srcset=\"https:\/\/feucht-obsttechnik.de\/wp-content\/uploads\/obstgebl\u00e4se-1201-3-200x150.jpg 200w, https:\/\/feucht-obsttechnik.de\/wp-content\/uploads\/obstgebl\u00e4se-1201-3-400x300.jpg 400w, https:\/\/feucht-obsttechnik.de\/wp-content\/uploads\/obstgebl\u00e4se-1201-3-600x450.jpg 600w, https:\/\/feucht-obsttechnik.de\/wp-content\/uploads\/obstgebl\u00e4se-1201-3-800x600.jpg 800w, https:\/\/feucht-obsttechnik.de\/wp-content\/uploads\/obstgebl\u00e4se-1201-3-1200x900.jpg 1200w, https:\/\/feucht-obsttechnik.de\/wp-content\/uploads\/obstgebl\u00e4se-1201-3.jpg 1600w\" sizes=\"(max-width: 835px) 100vw, 400px\" \/><\/a><\/span><\/div><\/div><div class=\"fusion-clearfix\"><\/div><\/div><\/div><div class=\"fusion-layout-column fusion_builder_column fusion-builder-column-12 fusion_builder_column_1_4 1_4 fusion-one-fourth\" style=\"--awb-bg-color:#ffffff;--awb-bg-color-hover:#ffffff;--awb-bg-size:cover;width:22%; margin-right: 4%;\"><div class=\"fusion-column-wrapper fusion-flex-column-wrapper-legacy\"><div class=\"fusion-image-element fusion-image-align-center in-legacy-container\" style=\"text-align:center;--awb-caption-title-font-family:var(--h2_typography-font-family);--awb-caption-title-font-weight:var(--h2_typography-font-weight);--awb-caption-title-font-style:var(--h2_typography-font-style);--awb-caption-title-size:var(--h2_typography-font-size);--awb-caption-title-transform:var(--h2_typography-text-transform);--awb-caption-title-line-height:var(--h2_typography-line-height);--awb-caption-title-letter-spacing:var(--h2_typography-letter-spacing);\"><div class=\"imageframe-align-center\"><span class=\" fusion-imageframe imageframe-none imageframe-3 hover-type-zoomin\"><a href=\"https:\/\/feucht-obsttechnik.de\/wp-content\/uploads\/obstgebl\u00e4se-1201-4.jpg\" class=\"fusion-lightbox\" data-rel=\"iLightbox[obstgebl\u00e4se-1201]\" data-title=\"Das Obstgebl\u00e4se 1201 wird vorwiegend in Intensivmostobstanlagen eingesetzt\" title=\"Das Obstgebl\u00e4se 1201 wird vorwiegend in Intensivmostobstanlagen eingesetzt\"><img decoding=\"async\" width=\"1600\" height=\"1200\" src=\"https:\/\/feucht-obsttechnik.de\/wp-content\/uploads\/obstgebl\u00e4se-1201-4.jpg\" alt class=\"img-responsive wp-image-6237\" srcset=\"https:\/\/feucht-obsttechnik.de\/wp-content\/uploads\/obstgebl\u00e4se-1201-4-200x150.jpg 200w, https:\/\/feucht-obsttechnik.de\/wp-content\/uploads\/obstgebl\u00e4se-1201-4-400x300.jpg 400w, https:\/\/feucht-obsttechnik.de\/wp-content\/uploads\/obstgebl\u00e4se-1201-4-600x450.jpg 600w, https:\/\/feucht-obsttechnik.de\/wp-content\/uploads\/obstgebl\u00e4se-1201-4-800x600.jpg 800w, https:\/\/feucht-obsttechnik.de\/wp-content\/uploads\/obstgebl\u00e4se-1201-4-1200x900.jpg 1200w, https:\/\/feucht-obsttechnik.de\/wp-content\/uploads\/obstgebl\u00e4se-1201-4.jpg 1600w\" sizes=\"(max-width: 835px) 100vw, 400px\" \/><\/a><\/span><\/div><\/div><div class=\"fusion-clearfix\"><\/div><\/div><\/div><div class=\"fusion-layout-column fusion_builder_column fusion-builder-column-13 fusion_builder_column_1_4 1_4 fusion-one-fourth fusion-column-last\" style=\"--awb-bg-color:#ffffff;--awb-bg-color-hover:#ffffff;--awb-bg-size:cover;width:22%;\"><div class=\"fusion-column-wrapper fusion-flex-column-wrapper-legacy\"><div class=\"fusion-image-element fusion-image-align-center in-legacy-container\" style=\"text-align:center;--awb-caption-title-font-family:var(--h2_typography-font-family);--awb-caption-title-font-weight:var(--h2_typography-font-weight);--awb-caption-title-font-style:var(--h2_typography-font-style);--awb-caption-title-size:var(--h2_typography-font-size);--awb-caption-title-transform:var(--h2_typography-text-transform);--awb-caption-title-line-height:var(--h2_typography-line-height);--awb-caption-title-letter-spacing:var(--h2_typography-letter-spacing);\"><div class=\"imageframe-align-center\"><span class=\" fusion-imageframe imageframe-none imageframe-4 hover-type-zoomin\"><a href=\"https:\/\/feucht-obsttechnik.de\/wp-content\/uploads\/obstgebl\u00e4se-1201-5.jpg\" class=\"fusion-lightbox\" data-rel=\"iLightbox[obstgebl\u00e4se-1201]\" data-title=\"Das Obstgebl\u00e4se 1201 wird vorwiegend in Intensivmostobstanlagen eingesetzt\" title=\"Das Obstgebl\u00e4se 1201 wird vorwiegend in Intensivmostobstanlagen eingesetzt\"><img decoding=\"async\" width=\"1600\" height=\"1200\" src=\"https:\/\/feucht-obsttechnik.de\/wp-content\/uploads\/obstgebl\u00e4se-1201-5.jpg\" alt class=\"img-responsive wp-image-6239\" srcset=\"https:\/\/feucht-obsttechnik.de\/wp-content\/uploads\/obstgebl\u00e4se-1201-5-200x150.jpg 200w, https:\/\/feucht-obsttechnik.de\/wp-content\/uploads\/obstgebl\u00e4se-1201-5-400x300.jpg 400w, https:\/\/feucht-obsttechnik.de\/wp-content\/uploads\/obstgebl\u00e4se-1201-5-600x450.jpg 600w, https:\/\/feucht-obsttechnik.de\/wp-content\/uploads\/obstgebl\u00e4se-1201-5-800x600.jpg 800w, https:\/\/feucht-obsttechnik.de\/wp-content\/uploads\/obstgebl\u00e4se-1201-5-1200x900.jpg 1200w, https:\/\/feucht-obsttechnik.de\/wp-content\/uploads\/obstgebl\u00e4se-1201-5.jpg 1600w\" sizes=\"(max-width: 835px) 100vw, 400px\" \/><\/a><\/span><\/div><\/div><div class=\"fusion-clearfix\"><\/div><\/div><\/div><\/div><\/div><div class=\"fusion-fullwidth fullwidth-box fusion-builder-row-8 nonhundred-percent-fullwidth non-hundred-percent-height-scrolling fusion-equal-height-columns\" style=\"--awb-border-radius-top-left:0px;--awb-border-radius-top-right:0px;--awb-border-radius-bottom-right:0px;--awb-border-radius-bottom-left:0px;--awb-padding-bottom:100px;--awb-background-color:#f2f2f2;--awb-flex-wrap:wrap;\" ><div class=\"fusion-builder-row fusion-row\"><div class=\"fusion-layout-column fusion_builder_column fusion-builder-column-14 fusion_builder_column_1_2 1_2 fusion-one-half fusion-column-first\" style=\"--awb-bg-color:#ffffff;--awb-bg-color-hover:#ffffff;--awb-bg-size:cover;--awb-margin-bottom:40px;width:48%; margin-right: 4%;\"><div class=\"fusion-column-wrapper fusion-flex-column-wrapper-legacy\"><div class=\"fusion-text fusion-text-5\"><div style=\"padding: 25px;\">\n<h2>Vorteile<\/h2>\n<ul>\n<li>Steigerung der Ernteproduktivit\u00e4t<\/li>\n<li>ideal f\u00fcr Intensivmostobstanlagen<\/li>\n<li>Freir\u00e4umen der Fahrgassen<\/li>\n<li>leistungsstarker Luftstrom<\/li>\n<li>wahlweise mit Gebl\u00e4seausgang rechts oder links<\/li>\n<li>Blasd\u00fcse optional verl\u00e4ngerbar oder k\u00fcrzer erh\u00e4ltlich<\/li>\n<li>auf Anfrage hydraulische Aushebung der Blasd\u00fcse<\/li>\n<\/ul>\n<\/div>\n<\/div><div class=\"fusion-clearfix\"><\/div><\/div><\/div><div class=\"fusion-layout-column fusion_builder_column fusion-builder-column-15 fusion_builder_column_1_2 1_2 fusion-one-half fusion-column-last\" style=\"--awb-bg-color:#ffffff;--awb-bg-color-hover:#ffffff;--awb-bg-size:cover;width:48%;\"><div class=\"fusion-column-wrapper fusion-flex-column-wrapper-legacy\"><div class=\"fusion-text fusion-text-6\"><div style=\"padding: 25px;\">\n<h2>Technische Daten<\/h2>\n<\/div>\n<\/div>\n<div class=\"table-2\">\n<table width=\"100%\">\n<tbody>\n<tr>\n<td align=\"left\">L\u00e4nge:<\/td>\n<td align=\"left\">150 cm<\/td>\n<\/tr>\n<tr>\n<td align=\"left\">Reichweite Luftstrom:<\/td>\n<td align=\"left\">140 &#8211; 200 cm<\/td>\n<\/tr>\n<tr>\n<td align=\"left\">Gewicht:<\/td>\n<td align=\"left\">1280 kg<\/td>\n<\/tr>\n<tr>\n<td align=\"left\">Mindestleistung des Traktors:<\/td>\n<td align=\"left\">70 PS<\/td>\n<\/tr>\n<tr>\n<td align=\"left\">Optional:<\/td>\n<td align=\"left\">\n<ul>\n<li>verl\u00e4ngerbare \/ k\u00fcrzere Blasd\u00fcse<\/li>\n<li>hydraulische Aushebung der Blasd\u00fcse<\/li>\n<\/ul>\n<\/td>\n<\/tr>\n<\/tbody>\n<\/table>\n<\/div>\n<div class=\"fusion-clearfix\"><\/div><\/div><\/div><\/div><\/div><div class=\"fusion-fullwidth fullwidth-box fusion-builder-row-9 nonhundred-percent-fullwidth non-hundred-percent-height-scrolling\" style=\"--awb-border-radius-top-left:0px;--awb-border-radius-top-right:0px;--awb-border-radius-bottom-right:0px;--awb-border-radius-bottom-left:0px;--awb-flex-wrap:wrap;\" ><div class=\"fusion-builder-row fusion-row\"><div class=\"fusion-layout-column fusion_builder_column fusion-builder-column-16 fusion_builder_column_1_1 1_1 fusion-one-full fusion-column-first fusion-column-last\" style=\"--awb-padding-top:0px;--awb-padding-right:0px;--awb-padding-bottom:0px;--awb-padding-left:0px;--awb-bg-size:cover;--awb-margin-bottom:0px;\"><div class=\"fusion-column-wrapper fusion-column-has-shadow fusion-flex-column-wrapper-legacy\"><div class=\"fusion-menu-anchor\" id=\"frontraeumer-professional\"><\/div><div class=\"fusion-clearfix\"><\/div><\/div><\/div><\/div><\/div><div class=\"fusion-fullwidth fullwidth-box fusion-builder-row-10 fusion-parallax-none nonhundred-percent-fullwidth non-hundred-percent-height-scrolling\" style=\"--awb-border-radius-top-left:0px;--awb-border-radius-top-right:0px;--awb-border-radius-bottom-right:0px;--awb-border-radius-bottom-left:0px;--awb-padding-top:200px;--awb-margin-top:-1px;--awb-background-image:url(&quot;https:\/\/feucht-obsttechnik.de\/wp-content\/uploads\/frontr\u00e4umer-divider-professional.jpg&quot;);--awb-background-size:cover;--awb-flex-wrap:wrap;\" ><div class=\"fusion-builder-row fusion-row\"><div class=\"fusion-layout-column fusion_builder_column fusion-builder-column-17 fusion_builder_column_1_6 1_6 fusion-one-sixth fusion-column-first\" style=\"--awb-bg-size:cover;width:16.666666666667%;width:calc(16.666666666667% - ( ( 4% + 4% ) * 0.16666666666667 ) );margin-right: 4%;\"><div class=\"fusion-column-wrapper fusion-flex-column-wrapper-legacy\"><div class=\"fusion-clearfix\"><\/div><\/div><\/div><div class=\"fusion-layout-column fusion_builder_column fusion-builder-column-18 fusion_builder_column_2_3 2_3 fusion-two-third\" style=\"--awb-padding-top:50px;--awb-padding-right:50px;--awb-padding-bottom:50px;--awb-padding-left:50px;--awb-bg-color:rgba(255,255,255,0.9);--awb-bg-color-hover:rgba(255,255,255,0.9);--awb-bg-size:cover;--awb-margin-bottom:-100px;width:66.666666666667%;width:calc(66.666666666667% - ( ( 4% + 4% ) * 0.66666666666667 ) );margin-right: 4%;\"><div class=\"fusion-column-wrapper fusion-column-has-shadow fusion-flex-column-wrapper-legacy\"><div class=\"fusion-text fusion-text-7\"><h2 style=\"text-align: center;\">Frontr\u00e4umer Professional<\/h2>\n<p style=\"text-align: center;\"><strong>Fahrgassen von Obst r\u00e4umen.<\/strong><\/p>\n<p style=\"text-align: center;\">Der <strong>Frontr\u00e4umer Professional<\/strong> ist ein <strong>Traktoranbau<\/strong> mit dem Fahrgassen frei ger\u00e4umt werden k\u00f6nnen. Dabei werden die Fr\u00fcchte nach links und rechts weg geschwadet. Danach k\u00f6nnen andere Erntehilfen wie z.B. Stammsch\u00fcttler zum Absch\u00fctteln der Fr\u00fcchte oder Traktoren mit Anh\u00e4nger eingesetzt werden, um die abgeernteten Fr\u00fcchte abzuholen.<\/p>\n<\/div><div class=\"fusion-clearfix\"><\/div><\/div><\/div><div class=\"fusion-layout-column fusion_builder_column fusion-builder-column-19 fusion_builder_column_1_6 1_6 fusion-one-sixth fusion-column-last\" style=\"--awb-bg-size:cover;width:16.666666666667%;width:calc(16.666666666667% - ( ( 4% + 4% ) * 0.16666666666667 ) );\"><div class=\"fusion-column-wrapper fusion-flex-column-wrapper-legacy\"><div class=\"fusion-clearfix\"><\/div><\/div><\/div><\/div><\/div><div class=\"fusion-fullwidth fullwidth-box fusion-builder-row-11 nonhundred-percent-fullwidth non-hundred-percent-height-scrolling fusion-equal-height-columns\" style=\"--awb-border-radius-top-left:0px;--awb-border-radius-top-right:0px;--awb-border-radius-bottom-right:0px;--awb-border-radius-bottom-left:0px;--awb-padding-top:200px;--awb-background-color:#f2f2f2;--awb-flex-wrap:wrap;\" ><div class=\"fusion-builder-row fusion-row\"><div class=\"fusion-layout-column fusion_builder_column fusion-builder-column-20 fusion_builder_column_1_1 1_1 fusion-one-full fusion-column-first fusion-column-last\" style=\"--awb-bg-size:cover;\"><div class=\"fusion-column-wrapper fusion-flex-column-wrapper-legacy\"><div class=\"fusion-title title fusion-title-4 fusion-sep-none fusion-title-text fusion-title-size-one\" style=\"--awb-margin-top-small:0px;--awb-margin-right-small:0px;--awb-margin-bottom-small:20px;--awb-margin-left-small:0px;\"><h1 class=\"fusion-title-heading title-heading-left fusion-responsive-typography-calculated\" style=\"margin:0;--fontSize:38;line-height:1.33;\">Details zum Frontr\u00e4umer Professional<\/h1><\/div><div class=\"fusion-clearfix\"><\/div><\/div><\/div><\/div><\/div><div class=\"fusion-fullwidth fullwidth-box fusion-builder-row-12 nonhundred-percent-fullwidth non-hundred-percent-height-scrolling fusion-equal-height-columns\" style=\"--awb-border-radius-top-left:0px;--awb-border-radius-top-right:0px;--awb-border-radius-bottom-right:0px;--awb-border-radius-bottom-left:0px;--awb-padding-bottom:100px;--awb-background-color:#f2f2f2;--awb-flex-wrap:wrap;\" ><div class=\"fusion-builder-row fusion-row\"><div class=\"fusion-layout-column fusion_builder_column fusion-builder-column-21 fusion_builder_column_1_4 1_4 fusion-one-fourth fusion-column-first\" style=\"--awb-bg-color:#ffffff;--awb-bg-color-hover:#ffffff;--awb-bg-size:cover;--awb-margin-bottom:40px;width:22%; margin-right: 4%;\"><div class=\"fusion-column-wrapper fusion-flex-column-wrapper-legacy\"><div class=\"fusion-image-element fusion-image-align-center in-legacy-container\" style=\"text-align:center;--awb-caption-title-font-family:var(--h2_typography-font-family);--awb-caption-title-font-weight:var(--h2_typography-font-weight);--awb-caption-title-font-style:var(--h2_typography-font-style);--awb-caption-title-size:var(--h2_typography-font-size);--awb-caption-title-transform:var(--h2_typography-text-transform);--awb-caption-title-line-height:var(--h2_typography-line-height);--awb-caption-title-letter-spacing:var(--h2_typography-letter-spacing);\"><div class=\"imageframe-align-center\"><span class=\" fusion-imageframe imageframe-none imageframe-5 hover-type-zoomin\"><a href=\"https:\/\/feucht-obsttechnik.de\/wp-content\/uploads\/frontr\u00e4umer-professional-1.jpg\" class=\"fusion-lightbox\" data-rel=\"iLightbox[frontr\u00e4umer-professional]\" data-title=\"Der Frontr\u00e4umer Professional ist ein Traktoranbau\" title=\"Der Frontr\u00e4umer Professional ist ein Traktoranbau\"><img decoding=\"async\" width=\"1600\" height=\"1200\" src=\"https:\/\/feucht-obsttechnik.de\/wp-content\/uploads\/frontr\u00e4umer-professional-1.jpg\" alt class=\"img-responsive wp-image-6246\" srcset=\"https:\/\/feucht-obsttechnik.de\/wp-content\/uploads\/frontr\u00e4umer-professional-1-200x150.jpg 200w, https:\/\/feucht-obsttechnik.de\/wp-content\/uploads\/frontr\u00e4umer-professional-1-400x300.jpg 400w, https:\/\/feucht-obsttechnik.de\/wp-content\/uploads\/frontr\u00e4umer-professional-1-600x450.jpg 600w, https:\/\/feucht-obsttechnik.de\/wp-content\/uploads\/frontr\u00e4umer-professional-1-800x600.jpg 800w, https:\/\/feucht-obsttechnik.de\/wp-content\/uploads\/frontr\u00e4umer-professional-1-1200x900.jpg 1200w, https:\/\/feucht-obsttechnik.de\/wp-content\/uploads\/frontr\u00e4umer-professional-1.jpg 1600w\" sizes=\"(max-width: 835px) 100vw, 400px\" \/><\/a><\/span><\/div><\/div><div class=\"fusion-clearfix\"><\/div><\/div><\/div><div class=\"fusion-layout-column fusion_builder_column fusion-builder-column-22 fusion_builder_column_1_4 1_4 fusion-one-fourth\" style=\"--awb-bg-color:#ffffff;--awb-bg-color-hover:#ffffff;--awb-bg-size:cover;--awb-margin-bottom:40px;width:22%; margin-right: 4%;\"><div class=\"fusion-column-wrapper fusion-flex-column-wrapper-legacy\"><div class=\"fusion-image-element fusion-image-align-center in-legacy-container\" style=\"text-align:center;--awb-caption-title-font-family:var(--h2_typography-font-family);--awb-caption-title-font-weight:var(--h2_typography-font-weight);--awb-caption-title-font-style:var(--h2_typography-font-style);--awb-caption-title-size:var(--h2_typography-font-size);--awb-caption-title-transform:var(--h2_typography-text-transform);--awb-caption-title-line-height:var(--h2_typography-line-height);--awb-caption-title-letter-spacing:var(--h2_typography-letter-spacing);\"><div class=\"imageframe-align-center\"><span class=\" fusion-imageframe imageframe-none imageframe-6 hover-type-zoomin\"><a href=\"https:\/\/feucht-obsttechnik.de\/wp-content\/uploads\/frontr\u00e4umer-professional-2.jpg\" class=\"fusion-lightbox\" data-rel=\"iLightbox[frontr\u00e4umer-professional]\" data-title=\"Der Frontr\u00e4umer Professional ist ein Traktoranbau\" title=\"Der Frontr\u00e4umer Professional ist ein Traktoranbau\"><img decoding=\"async\" width=\"1600\" height=\"1200\" src=\"https:\/\/feucht-obsttechnik.de\/wp-content\/uploads\/frontr\u00e4umer-professional-2.jpg\" alt class=\"img-responsive wp-image-6248\" srcset=\"https:\/\/feucht-obsttechnik.de\/wp-content\/uploads\/frontr\u00e4umer-professional-2-200x150.jpg 200w, https:\/\/feucht-obsttechnik.de\/wp-content\/uploads\/frontr\u00e4umer-professional-2-400x300.jpg 400w, https:\/\/feucht-obsttechnik.de\/wp-content\/uploads\/frontr\u00e4umer-professional-2-600x450.jpg 600w, https:\/\/feucht-obsttechnik.de\/wp-content\/uploads\/frontr\u00e4umer-professional-2-800x600.jpg 800w, https:\/\/feucht-obsttechnik.de\/wp-content\/uploads\/frontr\u00e4umer-professional-2-1200x900.jpg 1200w, https:\/\/feucht-obsttechnik.de\/wp-content\/uploads\/frontr\u00e4umer-professional-2.jpg 1600w\" sizes=\"(max-width: 835px) 100vw, 400px\" \/><\/a><\/span><\/div><\/div><div class=\"fusion-clearfix\"><\/div><\/div><\/div><div class=\"fusion-layout-column fusion_builder_column fusion-builder-column-23 fusion_builder_column_1_4 1_4 fusion-one-fourth\" style=\"--awb-bg-color:#ffffff;--awb-bg-color-hover:#ffffff;--awb-bg-size:cover;width:22%; margin-right: 4%;\"><div class=\"fusion-column-wrapper fusion-flex-column-wrapper-legacy\"><div class=\"fusion-image-element fusion-image-align-center in-legacy-container\" style=\"text-align:center;--awb-caption-title-font-family:var(--h2_typography-font-family);--awb-caption-title-font-weight:var(--h2_typography-font-weight);--awb-caption-title-font-style:var(--h2_typography-font-style);--awb-caption-title-size:var(--h2_typography-font-size);--awb-caption-title-transform:var(--h2_typography-text-transform);--awb-caption-title-line-height:var(--h2_typography-line-height);--awb-caption-title-letter-spacing:var(--h2_typography-letter-spacing);\"><div class=\"imageframe-align-center\"><span class=\" fusion-imageframe imageframe-none imageframe-7 hover-type-zoomin\"><a href=\"https:\/\/feucht-obsttechnik.de\/wp-content\/uploads\/frontr\u00e4umer-professional-3.jpg\" class=\"fusion-lightbox\" data-rel=\"iLightbox[frontr\u00e4umer-professional]\" data-title=\"Der Frontr\u00e4umer Professional ist ein Traktoranbau\" title=\"Der Frontr\u00e4umer Professional ist ein Traktoranbau\"><img decoding=\"async\" width=\"1600\" height=\"1200\" src=\"https:\/\/feucht-obsttechnik.de\/wp-content\/uploads\/frontr\u00e4umer-professional-3.jpg\" alt class=\"img-responsive wp-image-6250\" srcset=\"https:\/\/feucht-obsttechnik.de\/wp-content\/uploads\/frontr\u00e4umer-professional-3-200x150.jpg 200w, https:\/\/feucht-obsttechnik.de\/wp-content\/uploads\/frontr\u00e4umer-professional-3-400x300.jpg 400w, https:\/\/feucht-obsttechnik.de\/wp-content\/uploads\/frontr\u00e4umer-professional-3-600x450.jpg 600w, https:\/\/feucht-obsttechnik.de\/wp-content\/uploads\/frontr\u00e4umer-professional-3-800x600.jpg 800w, https:\/\/feucht-obsttechnik.de\/wp-content\/uploads\/frontr\u00e4umer-professional-3-1200x900.jpg 1200w, https:\/\/feucht-obsttechnik.de\/wp-content\/uploads\/frontr\u00e4umer-professional-3.jpg 1600w\" sizes=\"(max-width: 835px) 100vw, 400px\" \/><\/a><\/span><\/div><\/div><div class=\"fusion-clearfix\"><\/div><\/div><\/div><div class=\"fusion-layout-column fusion_builder_column fusion-builder-column-24 fusion_builder_column_1_4 1_4 fusion-one-fourth fusion-column-last\" style=\"--awb-bg-color:#ffffff;--awb-bg-color-hover:#ffffff;--awb-bg-size:cover;width:22%;\"><div class=\"fusion-column-wrapper fusion-flex-column-wrapper-legacy\"><div class=\"fusion-image-element fusion-image-align-center in-legacy-container\" style=\"text-align:center;--awb-caption-title-font-family:var(--h2_typography-font-family);--awb-caption-title-font-weight:var(--h2_typography-font-weight);--awb-caption-title-font-style:var(--h2_typography-font-style);--awb-caption-title-size:var(--h2_typography-font-size);--awb-caption-title-transform:var(--h2_typography-text-transform);--awb-caption-title-line-height:var(--h2_typography-line-height);--awb-caption-title-letter-spacing:var(--h2_typography-letter-spacing);\"><div class=\"imageframe-align-center\"><span class=\" fusion-imageframe imageframe-none imageframe-8 hover-type-zoomin\"><a href=\"https:\/\/feucht-obsttechnik.de\/wp-content\/uploads\/frontr\u00e4umer-professional-4.jpg\" class=\"fusion-lightbox\" data-rel=\"iLightbox[frontr\u00e4umer-professional]\" data-title=\"Der Frontr\u00e4umer Professional ist ein Traktoranbau\" title=\"Der Frontr\u00e4umer Professional ist ein Traktoranbau\"><img decoding=\"async\" width=\"1600\" height=\"1200\" src=\"https:\/\/feucht-obsttechnik.de\/wp-content\/uploads\/frontr\u00e4umer-professional-4.jpg\" alt class=\"img-responsive wp-image-6252\" srcset=\"https:\/\/feucht-obsttechnik.de\/wp-content\/uploads\/frontr\u00e4umer-professional-4-200x150.jpg 200w, https:\/\/feucht-obsttechnik.de\/wp-content\/uploads\/frontr\u00e4umer-professional-4-400x300.jpg 400w, https:\/\/feucht-obsttechnik.de\/wp-content\/uploads\/frontr\u00e4umer-professional-4-600x450.jpg 600w, https:\/\/feucht-obsttechnik.de\/wp-content\/uploads\/frontr\u00e4umer-professional-4-800x600.jpg 800w, https:\/\/feucht-obsttechnik.de\/wp-content\/uploads\/frontr\u00e4umer-professional-4-1200x900.jpg 1200w, https:\/\/feucht-obsttechnik.de\/wp-content\/uploads\/frontr\u00e4umer-professional-4.jpg 1600w\" sizes=\"(max-width: 835px) 100vw, 400px\" \/><\/a><\/span><\/div><\/div><div class=\"fusion-clearfix\"><\/div><\/div><\/div><\/div><\/div><div class=\"fusion-fullwidth fullwidth-box fusion-builder-row-13 nonhundred-percent-fullwidth non-hundred-percent-height-scrolling fusion-equal-height-columns\" style=\"--awb-border-radius-top-left:0px;--awb-border-radius-top-right:0px;--awb-border-radius-bottom-right:0px;--awb-border-radius-bottom-left:0px;--awb-padding-bottom:100px;--awb-background-color:#f2f2f2;--awb-flex-wrap:wrap;\" ><div class=\"fusion-builder-row fusion-row\"><div class=\"fusion-layout-column fusion_builder_column fusion-builder-column-25 fusion_builder_column_1_2 1_2 fusion-one-half fusion-column-first\" style=\"--awb-bg-color:#ffffff;--awb-bg-color-hover:#ffffff;--awb-bg-size:cover;--awb-margin-bottom:40px;width:48%; margin-right: 4%;\"><div class=\"fusion-column-wrapper fusion-flex-column-wrapper-legacy\"><div class=\"fusion-text fusion-text-8\"><div style=\"padding: 25px;\">\n<h2>Vorteile<\/h2>\n<ul>\n<li>saubere Fahrgassen<\/li>\n<li>vielseitig einsetzbar z.B. mit Stammsch\u00fcttler, Transportanh\u00e4nger<\/li>\n<li>geringe Mindesttraktorleistung notwendig<\/li>\n<li>Steigerung der Ernteproduktivit\u00e4t<\/li>\n<li>gr\u00f6\u00dfere Erntemenge<\/li>\n<li>geeignet f\u00fcr Intensivmostobstanlagen<\/li>\n<\/ul>\n<\/div>\n<\/div><div class=\"fusion-clearfix\"><\/div><\/div><\/div><div class=\"fusion-layout-column fusion_builder_column fusion-builder-column-26 fusion_builder_column_1_2 1_2 fusion-one-half fusion-column-last\" style=\"--awb-bg-color:#ffffff;--awb-bg-color-hover:#ffffff;--awb-bg-size:cover;width:48%;\"><div class=\"fusion-column-wrapper fusion-flex-column-wrapper-legacy\"><div class=\"fusion-text fusion-text-9\"><div style=\"padding: 25px;\">\n<h2>Technische Daten<\/h2>\n<\/div>\n<\/div>\n<div class=\"table-2\">\n<table width=\"100%\">\n<tbody>\n<tr>\n<td align=\"left\">Aufnahmebreite:<\/td>\n<td align=\"left\">230 &#8211; 300 cm<\/td>\n<\/tr>\n<tr>\n<td align=\"left\">Gewicht:<\/td>\n<td align=\"left\">ca. 450 kg<\/td>\n<\/tr>\n<tr>\n<td align=\"left\">Traktorleistung:<\/td>\n<td align=\"left\">30 PS<\/td>\n<\/tr>\n<tr>\n<td align=\"left\">\u00d6lmenge:<\/td>\n<td align=\"left\">18 &#8211; 80 l<\/td>\n<\/tr>\n<tr>\n<td align=\"left\">Obstsorten:<\/td>\n<td align=\"left\">\u00c4pfel, Waln\u00fcsse, Haseln\u00fcsse, Birnen, Zitrusfr\u00fcchte, usw.<\/td>\n<\/tr>\n<tr>\n<td style=\"text-align: center;\" colspan=\"2\" align=\"left\"><strong>Standard f\u00fcr KAT 1 oder 2 an der Fronthydraulik<\/strong><\/td>\n<\/tr>\n<\/tbody>\n<\/table>\n<\/div>\n<div class=\"fusion-clearfix\"><\/div><\/div><\/div><\/div><\/div><\/p>\n","protected":false},"excerpt":{"rendered":"","protected":false},"author":4,"featured_media":0,"parent":641,"menu_order":0,"comment_status":"closed","ping_status":"closed","template":"100-width.php","meta":{"footnotes":"","_wp_rev_ctl_limit":""},"class_list":["post-3501","page","type-page","status-publish","hentry"],"yoast_head":"<!-- This site is optimized with the Yoast SEO plugin v27.2 - https:\/\/yoast.com\/product\/yoast-seo-wordpress\/ -->\n<title>Obstr\u00e4umer \/ Obstgebl\u00e4se - Feucht Obsttechnik<\/title>\n<meta name=\"description\" content=\"Um zwischen den Baumzeilen Obst zu r\u00e4umen, kann ein Obstgebl\u00e4se oder Frontr\u00e4umer am Traktor verwendet werden. Erfahren Sie mehr \u00fcber Funktion und Einsatz!\" \/>\n<meta name=\"robots\" content=\"index, follow, max-snippet:-1, max-image-preview:large, max-video-preview:-1\" \/>\n<link rel=\"canonical\" href=\"https:\/\/feucht-obsttechnik.de\/de\/obsterntetechnik\/obstraeumer-obstgeblaese\/\" \/>\n<meta property=\"og:locale\" content=\"de_DE\" \/>\n<meta property=\"og:type\" content=\"article\" \/>\n<meta property=\"og:title\" content=\"Obstr\u00e4umer \/ Obstgebl\u00e4se - Feucht Obsttechnik\" \/>\n<meta property=\"og:description\" content=\"Um zwischen den Baumzeilen Obst zu r\u00e4umen, kann ein Obstgebl\u00e4se oder Frontr\u00e4umer am Traktor verwendet werden. Erfahren Sie mehr \u00fcber Funktion und Einsatz!\" \/>\n<meta property=\"og:url\" content=\"https:\/\/feucht-obsttechnik.de\/de\/obsterntetechnik\/obstraeumer-obstgeblaese\/\" \/>\n<meta property=\"og:site_name\" content=\"Feucht Obsttechnik\" \/>\n<meta property=\"article:modified_time\" content=\"2023-06-01T18:18:40+00:00\" \/>\n<meta name=\"twitter:card\" content=\"summary_large_image\" \/>\n<meta name=\"twitter:label1\" content=\"Gesch\u00e4tzte Lesezeit\" \/>\n\t<meta name=\"twitter:data1\" content=\"31\u00a0Minuten\" \/>\n<script type=\"application\/ld+json\" class=\"yoast-schema-graph\">{\"@context\":\"https:\/\/schema.org\",\"@graph\":[{\"@type\":\"WebPage\",\"@id\":\"https:\/\/feucht-obsttechnik.de\/de\/obsterntetechnik\/obstraeumer-obstgeblaese\/\",\"url\":\"https:\/\/feucht-obsttechnik.de\/de\/obsterntetechnik\/obstraeumer-obstgeblaese\/\",\"name\":\"Obstr\u00e4umer \/ Obstgebl\u00e4se - Feucht Obsttechnik\",\"isPartOf\":{\"@id\":\"https:\/\/feucht-obsttechnik.de\/de\/#website\"},\"datePublished\":\"2019-10-22T09:06:28+00:00\",\"dateModified\":\"2023-06-01T18:18:40+00:00\",\"description\":\"Um zwischen den Baumzeilen Obst zu r\u00e4umen, kann ein Obstgebl\u00e4se oder Frontr\u00e4umer am Traktor verwendet werden. Erfahren Sie mehr \u00fcber Funktion und Einsatz!\",\"breadcrumb\":{\"@id\":\"https:\/\/feucht-obsttechnik.de\/de\/obsterntetechnik\/obstraeumer-obstgeblaese\/#breadcrumb\"},\"inLanguage\":\"de\",\"potentialAction\":[{\"@type\":\"ReadAction\",\"target\":[\"https:\/\/feucht-obsttechnik.de\/de\/obsterntetechnik\/obstraeumer-obstgeblaese\/\"]}]},{\"@type\":\"BreadcrumbList\",\"@id\":\"https:\/\/feucht-obsttechnik.de\/de\/obsterntetechnik\/obstraeumer-obstgeblaese\/#breadcrumb\",\"itemListElement\":[{\"@type\":\"ListItem\",\"position\":1,\"name\":\"Startseite\",\"item\":\"https:\/\/feucht-obsttechnik.de\/de\/\"},{\"@type\":\"ListItem\",\"position\":2,\"name\":\"Obsterntetechnik\",\"item\":\"https:\/\/feucht-obsttechnik.de\/de\/obsterntetechnik\/\"},{\"@type\":\"ListItem\",\"position\":3,\"name\":\"Obstr\u00e4umer \/ Obstgebl\u00e4se\"}]},{\"@type\":\"WebSite\",\"@id\":\"https:\/\/feucht-obsttechnik.de\/de\/#website\",\"url\":\"https:\/\/feucht-obsttechnik.de\/de\/\",\"name\":\"Feucht Obsttechnik\",\"description\":\"\",\"publisher\":{\"@id\":\"https:\/\/feucht-obsttechnik.de\/de\/#organization\"},\"potentialAction\":[{\"@type\":\"SearchAction\",\"target\":{\"@type\":\"EntryPoint\",\"urlTemplate\":\"https:\/\/feucht-obsttechnik.de\/de\/?s={search_term_string}\"},\"query-input\":{\"@type\":\"PropertyValueSpecification\",\"valueRequired\":true,\"valueName\":\"search_term_string\"}}],\"inLanguage\":\"de\"},{\"@type\":\"Organization\",\"@id\":\"https:\/\/feucht-obsttechnik.de\/de\/#organization\",\"name\":\"Feucht Obsttechnik GmbH\",\"url\":\"https:\/\/feucht-obsttechnik.de\/de\/\",\"logo\":{\"@type\":\"ImageObject\",\"inLanguage\":\"de\",\"@id\":\"https:\/\/feucht-obsttechnik.de\/de\/#\/schema\/logo\/image\/\",\"url\":\"https:\/\/feucht-obsttechnik.de\/wp-content\/uploads\/logo-feucht@2x-1.png\",\"contentUrl\":\"https:\/\/feucht-obsttechnik.de\/wp-content\/uploads\/logo-feucht@2x-1.png\",\"width\":640,\"height\":123,\"caption\":\"Feucht Obsttechnik GmbH\"},\"image\":{\"@id\":\"https:\/\/feucht-obsttechnik.de\/de\/#\/schema\/logo\/image\/\"}}]}<\/script>\n<!-- \/ Yoast SEO plugin. -->","yoast_head_json":{"title":"Obstr\u00e4umer \/ Obstgebl\u00e4se - Feucht Obsttechnik","description":"Um zwischen den Baumzeilen Obst zu r\u00e4umen, kann ein Obstgebl\u00e4se oder Frontr\u00e4umer am Traktor verwendet werden. Erfahren Sie mehr \u00fcber Funktion und Einsatz!","robots":{"index":"index","follow":"follow","max-snippet":"max-snippet:-1","max-image-preview":"max-image-preview:large","max-video-preview":"max-video-preview:-1"},"canonical":"https:\/\/feucht-obsttechnik.de\/de\/obsterntetechnik\/obstraeumer-obstgeblaese\/","og_locale":"de_DE","og_type":"article","og_title":"Obstr\u00e4umer \/ Obstgebl\u00e4se - Feucht Obsttechnik","og_description":"Um zwischen den Baumzeilen Obst zu r\u00e4umen, kann ein Obstgebl\u00e4se oder Frontr\u00e4umer am Traktor verwendet werden. Erfahren Sie mehr \u00fcber Funktion und Einsatz!","og_url":"https:\/\/feucht-obsttechnik.de\/de\/obsterntetechnik\/obstraeumer-obstgeblaese\/","og_site_name":"Feucht Obsttechnik","article_modified_time":"2023-06-01T18:18:40+00:00","twitter_card":"summary_large_image","twitter_misc":{"Gesch\u00e4tzte Lesezeit":"31\u00a0Minuten"},"schema":{"@context":"https:\/\/schema.org","@graph":[{"@type":"WebPage","@id":"https:\/\/feucht-obsttechnik.de\/de\/obsterntetechnik\/obstraeumer-obstgeblaese\/","url":"https:\/\/feucht-obsttechnik.de\/de\/obsterntetechnik\/obstraeumer-obstgeblaese\/","name":"Obstr\u00e4umer \/ Obstgebl\u00e4se - Feucht Obsttechnik","isPartOf":{"@id":"https:\/\/feucht-obsttechnik.de\/de\/#website"},"datePublished":"2019-10-22T09:06:28+00:00","dateModified":"2023-06-01T18:18:40+00:00","description":"Um zwischen den Baumzeilen Obst zu r\u00e4umen, kann ein Obstgebl\u00e4se oder Frontr\u00e4umer am Traktor verwendet werden. Erfahren Sie mehr \u00fcber Funktion und Einsatz!","breadcrumb":{"@id":"https:\/\/feucht-obsttechnik.de\/de\/obsterntetechnik\/obstraeumer-obstgeblaese\/#breadcrumb"},"inLanguage":"de","potentialAction":[{"@type":"ReadAction","target":["https:\/\/feucht-obsttechnik.de\/de\/obsterntetechnik\/obstraeumer-obstgeblaese\/"]}]},{"@type":"BreadcrumbList","@id":"https:\/\/feucht-obsttechnik.de\/de\/obsterntetechnik\/obstraeumer-obstgeblaese\/#breadcrumb","itemListElement":[{"@type":"ListItem","position":1,"name":"Startseite","item":"https:\/\/feucht-obsttechnik.de\/de\/"},{"@type":"ListItem","position":2,"name":"Obsterntetechnik","item":"https:\/\/feucht-obsttechnik.de\/de\/obsterntetechnik\/"},{"@type":"ListItem","position":3,"name":"Obstr\u00e4umer \/ Obstgebl\u00e4se"}]},{"@type":"WebSite","@id":"https:\/\/feucht-obsttechnik.de\/de\/#website","url":"https:\/\/feucht-obsttechnik.de\/de\/","name":"Feucht Obsttechnik","description":"","publisher":{"@id":"https:\/\/feucht-obsttechnik.de\/de\/#organization"},"potentialAction":[{"@type":"SearchAction","target":{"@type":"EntryPoint","urlTemplate":"https:\/\/feucht-obsttechnik.de\/de\/?s={search_term_string}"},"query-input":{"@type":"PropertyValueSpecification","valueRequired":true,"valueName":"search_term_string"}}],"inLanguage":"de"},{"@type":"Organization","@id":"https:\/\/feucht-obsttechnik.de\/de\/#organization","name":"Feucht Obsttechnik GmbH","url":"https:\/\/feucht-obsttechnik.de\/de\/","logo":{"@type":"ImageObject","inLanguage":"de","@id":"https:\/\/feucht-obsttechnik.de\/de\/#\/schema\/logo\/image\/","url":"https:\/\/feucht-obsttechnik.de\/wp-content\/uploads\/logo-feucht@2x-1.png","contentUrl":"https:\/\/feucht-obsttechnik.de\/wp-content\/uploads\/logo-feucht@2x-1.png","width":640,"height":123,"caption":"Feucht Obsttechnik GmbH"},"image":{"@id":"https:\/\/feucht-obsttechnik.de\/de\/#\/schema\/logo\/image\/"}}]}},"_links":{"self":[{"href":"https:\/\/feucht-obsttechnik.de\/de\/wp-json\/wp\/v2\/pages\/3501","targetHints":{"allow":["GET"]}}],"collection":[{"href":"https:\/\/feucht-obsttechnik.de\/de\/wp-json\/wp\/v2\/pages"}],"about":[{"href":"https:\/\/feucht-obsttechnik.de\/de\/wp-json\/wp\/v2\/types\/page"}],"author":[{"embeddable":true,"href":"https:\/\/feucht-obsttechnik.de\/de\/wp-json\/wp\/v2\/users\/4"}],"replies":[{"embeddable":true,"href":"https:\/\/feucht-obsttechnik.de\/de\/wp-json\/wp\/v2\/comments?post=3501"}],"version-history":[{"count":0,"href":"https:\/\/feucht-obsttechnik.de\/de\/wp-json\/wp\/v2\/pages\/3501\/revisions"}],"up":[{"embeddable":true,"href":"https:\/\/feucht-obsttechnik.de\/de\/wp-json\/wp\/v2\/pages\/641"}],"wp:attachment":[{"href":"https:\/\/feucht-obsttechnik.de\/de\/wp-json\/wp\/v2\/media?parent=3501"}],"curies":[{"name":"wp","href":"https:\/\/api.w.org\/{rel}","templated":true}]}}