{"id":1799,"date":"2016-03-01T02:21:41","date_gmt":"2016-03-01T01:21:41","guid":{"rendered":"https:\/\/avada.theme-fusion.com\/classic\/?page_id=1799"},"modified":"2020-10-28T15:01:27","modified_gmt":"2020-10-28T14:01:27","slug":"aktuelles","status":"publish","type":"page","link":"https:\/\/feucht-obsttechnik.de\/de\/aktuelles\/","title":{"rendered":"Aktuelles"},"content":{"rendered":"<p><div class=\"fusion-fullwidth fullwidth-box fusion-builder-row-1 fusion-parallax-none nonhundred-percent-fullwidth non-hundred-percent-height-scrolling\" style=\"--awb-border-radius-top-left:0px;--awb-border-radius-top-right:0px;--awb-border-radius-bottom-right:0px;--awb-border-radius-bottom-left:0px;--awb-padding-top:11%;--awb-padding-right:8%;--awb-padding-bottom:10%;--awb-padding-left:8%;--awb-background-image:url(&quot;https:\/\/feucht-obsttechnik.de\/wp-content\/uploads\/bg-header-obsterntetechnik.jpg&quot;);--awb-background-size:cover;--awb-border-sizes-top:0px;--awb-border-sizes-bottom:0px;--awb-flex-wrap:wrap;\" ><div class=\"fusion-builder-row fusion-row\"><div class=\"fusion-layout-column fusion_builder_column fusion-builder-column-0 fusion_builder_column_3_5 3_5 fusion-three-fifth fusion-column-first\" style=\"--awb-padding-right:15px;--awb-padding-left:15px;--awb-bg-size:cover;--awb-margin-top:20px;width:58.4%; margin-right: 4%;\"><div class=\"fusion-column-wrapper fusion-flex-column-wrapper-legacy\"><div class=\"fusion-text fusion-text-1\"><p style=\"letter-spacing: 3px;\"><span style=\"color: #a0ce4e;\">Aktuelles<\/span><\/p>\n<\/div><div class=\"fusion-title title fusion-title-1 fusion-sep-none fusion-title-text fusion-title-size-two\" style=\"--awb-text-color:#ffffff;--awb-margin-top-small:0px;--awb-margin-right-small:0px;--awb-margin-bottom-small:20px;--awb-margin-left-small:0px;\"><h2 class=\"fusion-title-heading title-heading-left fusion-responsive-typography-calculated\" style=\"margin:0;--fontSize:26;--minFontSize:26;line-height:1.25;\">Hier bleiben Sie auf dem Laufenden im Bereich Obsttechnik &amp; Feucht Obsttechnik.<\/h2><\/div><div class=\"fusion-text fusion-text-2\"><p><span style=\"color: #ffffff;\">In unserem News-Zentrum erfahren Sie Aktuelles aus dem Bereich der Obsttechnik. Au\u00dferdem informieren wir Sie hier regelm\u00e4\u00dfig \u00fcber Neuigkeiten unserer Produkte und Leistungen bei Feucht Obsttechnik.<\/span><\/p>\n<\/div><div class=\"fusion-clearfix\"><\/div><\/div><\/div><div class=\"fusion-layout-column fusion_builder_column fusion-builder-column-1 fusion_builder_column_2_5 2_5 fusion-two-fifth fusion-column-last fusion-no-small-visibility\" style=\"--awb-bg-size:cover;width:37.6%;\"><div class=\"fusion-column-wrapper fusion-flex-column-wrapper-legacy\"><div class=\"fusion-clearfix\"><\/div><\/div><\/div><\/div><\/div><div class=\"fusion-fullwidth fullwidth-box fusion-builder-row-2 nonhundred-percent-fullwidth non-hundred-percent-height-scrolling\" style=\"--awb-background-position:left top;--awb-border-radius-top-left:0px;--awb-border-radius-top-right:0px;--awb-border-radius-bottom-right:0px;--awb-border-radius-bottom-left:0px;--awb-padding-top:40px;--awb-padding-bottom:0px;--awb-border-sizes-top:0px;--awb-border-sizes-bottom:0px;--awb-flex-wrap:wrap;\" ><div class=\"fusion-builder-row fusion-row\"><div class=\"fusion-layout-column fusion_builder_column fusion-builder-column-2 fusion_builder_column_1_1 1_1 fusion-one-full fusion-column-first fusion-column-last fusion-column-no-min-height\" style=\"--awb-bg-size:cover;--awb-margin-bottom:0px;\"><div class=\"fusion-column-wrapper fusion-flex-column-wrapper-legacy\"><div class=\"fusion-blog-shortcode fusion-blog-shortcode-1 fusion-blog-archive fusion-blog-layout-grid-wrapper fusion-blog-no\"><style type=\"text\/css\">.fusion-blog-shortcode-1 .fusion-blog-layout-grid .fusion-post-grid{padding:20px;}.fusion-blog-shortcode-1 .fusion-posts-container{margin-left: -20px !important; margin-right:-20px !important;}<\/style><div class=\"fusion-posts-container fusion-posts-container-no fusion-blog-rollover fusion-blog-layout-grid fusion-blog-layout-grid-3 isotope\" data-pages=\"0\" data-grid-col-space=\"40\" style=\"margin: -20px -20px 0;min-height:500px;\"><article id=\"blog-1-post-1\" class=\"fusion-post-grid post-1 post type-post status-publish format-standard has-post-thumbnail hentry category-unkategorisiert\">\n<div class=\"fusion-post-wrapper\" style=\"background-color:rgba(255,255,255,0);border:1px solid #ebeaea;border-bottom-width:3px;\">\n\n\t\t\t<div class=\"fusion-flexslider flexslider fusion-flexslider-loading fusion-post-slideshow\" style=\"border-color:#ebeaea;\">\n\t\t<ul class=\"slides\">\n\t\t\t\n\t\t\t\t\t\t\t\t\t\t\t\t\t\t<li><div  class=\"fusion-image-wrapper\" aria-haspopup=\"true\">\n\t\t\t\t<img decoding=\"async\" width=\"1600\" height=\"1200\" src=\"https:\/\/feucht-obsttechnik.de\/wp-content\/uploads\/hochgrasm\u00e4htechnik-m\u00e4hroboterzubeh\u00f6r-robobox-1.jpg\" class=\"attachment-full size-full wp-post-image\" alt=\"\" srcset=\"https:\/\/feucht-obsttechnik.de\/wp-content\/uploads\/hochgrasm\u00e4htechnik-m\u00e4hroboterzubeh\u00f6r-robobox-1-200x150.jpg 200w, https:\/\/feucht-obsttechnik.de\/wp-content\/uploads\/hochgrasm\u00e4htechnik-m\u00e4hroboterzubeh\u00f6r-robobox-1-400x300.jpg 400w, https:\/\/feucht-obsttechnik.de\/wp-content\/uploads\/hochgrasm\u00e4htechnik-m\u00e4hroboterzubeh\u00f6r-robobox-1-600x450.jpg 600w, https:\/\/feucht-obsttechnik.de\/wp-content\/uploads\/hochgrasm\u00e4htechnik-m\u00e4hroboterzubeh\u00f6r-robobox-1-800x600.jpg 800w, https:\/\/feucht-obsttechnik.de\/wp-content\/uploads\/hochgrasm\u00e4htechnik-m\u00e4hroboterzubeh\u00f6r-robobox-1-1200x900.jpg 1200w, https:\/\/feucht-obsttechnik.de\/wp-content\/uploads\/hochgrasm\u00e4htechnik-m\u00e4hroboterzubeh\u00f6r-robobox-1.jpg 1600w\" sizes=\"(min-width: 2200px) 100vw, (min-width: 824px) 363px, (min-width: 732px) 545px, (min-width: 640px) 732px, \" \/><div class=\"fusion-rollover\">\n\t<div class=\"fusion-rollover-content\">\n\n\t\t\t\t\n\t\t\n\t\t\t\t\t\t\t\t\t\t\t\t<h4 class=\"fusion-rollover-title\">\n\t\t\t\t\t<a class=\"fusion-rollover-title-link\" href=\"https:\/\/feucht-obsttechnik.de\/de\/robo-box\/\">\n\t\t\t\t\t\tROBO-BOX\t\t\t\t\t<\/a>\n\t\t\t\t<\/h4>\n\t\t\t\n\t\t\t\t\t\t\t\t\n\t\t\n\t\t\t\t\t\t<a class=\"fusion-link-wrapper\" href=\"https:\/\/feucht-obsttechnik.de\/de\/robo-box\/\" aria-label=\"ROBO-BOX\"><\/a>\n\t<\/div>\n<\/div>\n<\/div>\n<\/li>\n\t\t\t\n\t\t\t\n\t\t\t\t\t\t\t\t\t\t\t\t\t\t\t\t\t\t\t\t\t\t\t\t\t\t\t\t\t\t\t\t\t\t\t\t\t\t\t\t\t\t\t\t\t\t\t\t\t\t\t\t\t\t\t\t\t\t\t\t\t\t\t\t\t\t\t\t<\/ul>\n\t<\/div>\n\t<div class=\"fusion-post-content-wrapper\" style=\"padding:30px 25px 20px 25px;\"><div class=\"fusion-post-content post-content\"><h2 class=\"blog-shortcode-post-title entry-title\"><a href=\"https:\/\/feucht-obsttechnik.de\/de\/robo-box\/\">ROBO-BOX<\/a><\/h2><p class=\"fusion-single-line-meta\"><span class=\"vcard\" style=\"display: none;\"><span class=\"fn\"><a href=\"https:\/\/feucht-obsttechnik.de\/de\/author\/feucht-marketing\/\" title=\"Beitr\u00e4ge von feucht-marketing\" rel=\"author\">feucht-marketing<\/a><\/span><\/span><span class=\"updated\" style=\"display:none;\">2020-10-20T10:39:03+02:00<\/span><span>20.10.2020<\/span><span class=\"fusion-inline-sep\">|<\/span><\/p><div class=\"fusion-content-sep sep-double sep-solid\"><\/div><div class=\"fusion-post-content-container\"><p> Unsere neue ROBO-BOX: Damit der Rasenroboter nach der Arbeit aufgeladen und sicher verstaut werden kann, gibt es die ROBO-BOX. Die ROBO-BOX bietet rundum Schutz vor Umwelteinfl\u00fcssen wie Sonne, Regen oder Hagel. Die Garage verf\u00fcgt \u00fcber eine elektrische Zeitschaltuhr und einen sich nach oben \u00f6ffnenden Deckel mit elektrischem Hubmotor. Dadurch ist ein einwandfreies Ein- und [...]<\/p><\/div><\/div><\/div><div class=\"fusion-clearfix\"><\/div><\/div>\n<\/article>\n<article id=\"blog-1-post-703\" class=\"fusion-post-grid post-703 post type-post status-publish format-standard hentry category-unkategorisiert\">\n<div class=\"fusion-post-wrapper\" style=\"background-color:rgba(255,255,255,0);border:1px solid #ebeaea;border-bottom-width:3px;\">\n\n<div class=\"fusion-post-content-wrapper\" style=\"padding:30px 25px 20px 25px;\"><div class=\"fusion-post-content post-content\"><h2 class=\"blog-shortcode-post-title entry-title\"><a href=\"https:\/\/feucht-obsttechnik.de\/de\/fsi3-hochstamm-und-plantagenschuettler\/\">FSI3 \u2013 Hochstamm- und Plantagensch\u00fcttler<\/a><\/h2><p class=\"fusion-single-line-meta\"><span class=\"vcard\" style=\"display: none;\"><span class=\"fn\"><a href=\"https:\/\/feucht-obsttechnik.de\/de\/author\/feucht-marketing\/\" title=\"Beitr\u00e4ge von feucht-marketing\" rel=\"author\">feucht-marketing<\/a><\/span><\/span><span class=\"updated\" style=\"display:none;\">2020-10-20T10:57:02+02:00<\/span><span>20.10.2020<\/span><span class=\"fusion-inline-sep\">|<\/span><\/p><div class=\"fusion-content-sep sep-double sep-solid\"><\/div><div class=\"fusion-post-content-container\"><p>Unsere hydraulischen Stammsch\u00fcttler haben Verst\u00e4rkung bekommen: Der Sch\u00fcttler FSI3 ist einzigartig indem, dass er sowohl in Hochstamm- als auch Intensivplantagen eingesetzt werden kann. Mit dem FSI3 k\u00f6nnen B\u00e4ume mit Stammdurchmesser bis 50 cm wie z.B. Kirschen, Mirabellen, N\u00fcsse, Pflaumen oder \u00c4pfel direkt am Stamm gesch\u00fcttelt werden. Durch den langen Teleskoparm (3 x 100 cm) kann [...]<\/p><\/div><\/div><\/div><div class=\"fusion-clearfix\"><\/div><\/div>\n<\/article>\n<article id=\"blog-1-post-701\" class=\"fusion-post-grid post-701 post type-post status-publish format-standard has-post-thumbnail hentry category-aktuelles category-informationen category-innovationen\">\n<div class=\"fusion-post-wrapper\" style=\"background-color:rgba(255,255,255,0);border:1px solid #ebeaea;border-bottom-width:3px;\">\n\n\t\t\t<div class=\"fusion-flexslider flexslider fusion-flexslider-loading fusion-post-slideshow\" style=\"border-color:#ebeaea;\">\n\t\t<ul class=\"slides\">\n\t\t\t\n\t\t\t\t\t\t\t\t\t\t\t\t\t\t<li><div  class=\"fusion-image-wrapper\" aria-haspopup=\"true\">\n\t\t\t\t<img decoding=\"async\" width=\"1600\" height=\"1200\" src=\"https:\/\/feucht-obsttechnik.de\/wp-content\/uploads\/obstauflesemaschine-ob-80r-4.jpg\" class=\"attachment-full size-full wp-post-image\" alt=\"\" srcset=\"https:\/\/feucht-obsttechnik.de\/wp-content\/uploads\/obstauflesemaschine-ob-80r-4-200x150.jpg 200w, https:\/\/feucht-obsttechnik.de\/wp-content\/uploads\/obstauflesemaschine-ob-80r-4-400x300.jpg 400w, https:\/\/feucht-obsttechnik.de\/wp-content\/uploads\/obstauflesemaschine-ob-80r-4-600x450.jpg 600w, https:\/\/feucht-obsttechnik.de\/wp-content\/uploads\/obstauflesemaschine-ob-80r-4-800x600.jpg 800w, https:\/\/feucht-obsttechnik.de\/wp-content\/uploads\/obstauflesemaschine-ob-80r-4-1200x900.jpg 1200w, https:\/\/feucht-obsttechnik.de\/wp-content\/uploads\/obstauflesemaschine-ob-80r-4.jpg 1600w\" sizes=\"(min-width: 2200px) 100vw, (min-width: 824px) 363px, (min-width: 732px) 545px, (min-width: 640px) 732px, \" \/><div class=\"fusion-rollover\">\n\t<div class=\"fusion-rollover-content\">\n\n\t\t\t\t\n\t\t\n\t\t\t\t\t\t\t\t\t\t\t\t<h4 class=\"fusion-rollover-title\">\n\t\t\t\t\t<a class=\"fusion-rollover-title-link\" href=\"https:\/\/feucht-obsttechnik.de\/de\/apfelernte-beginnt\/\">\n\t\t\t\t\t\tFallobst schonend geerntet\t\t\t\t\t<\/a>\n\t\t\t\t<\/h4>\n\t\t\t\n\t\t\t\t\t\t\t\t\n\t\t\n\t\t\t\t\t\t<a class=\"fusion-link-wrapper\" href=\"https:\/\/feucht-obsttechnik.de\/de\/apfelernte-beginnt\/\" aria-label=\"Fallobst schonend geerntet\"><\/a>\n\t<\/div>\n<\/div>\n<\/div>\n<\/li>\n\t\t\t\n\t\t\t\n\t\t\t\t\t\t\t\t\t\t\t\t\t\t\t\t\t\t\t\t\t\t\t\t\t\t\t\t\t\t\t\t\t\t\t\t\t\t\t\t\t\t\t\t\t\t\t\t\t\t\t\t\t\t\t\t\t\t\t\t\t\t\t\t\t\t\t\t<\/ul>\n\t<\/div>\n\t<div class=\"fusion-post-content-wrapper\" style=\"padding:30px 25px 20px 25px;\"><div class=\"fusion-post-content post-content\"><h2 class=\"blog-shortcode-post-title entry-title\"><a href=\"https:\/\/feucht-obsttechnik.de\/de\/apfelernte-beginnt\/\">Fallobst schonend geerntet<\/a><\/h2><p class=\"fusion-single-line-meta\"><span class=\"vcard\" style=\"display: none;\"><span class=\"fn\"><a href=\"https:\/\/feucht-obsttechnik.de\/de\/author\/feucht-marketing\/\" title=\"Beitr\u00e4ge von feucht-marketing\" rel=\"author\">feucht-marketing<\/a><\/span><\/span><span class=\"updated\" style=\"display:none;\">2020-10-20T10:21:29+02:00<\/span><span>01.10.2020<\/span><span class=\"fusion-inline-sep\">|<\/span><\/p><div class=\"fusion-content-sep sep-double sep-solid\"><\/div><div class=\"fusion-post-content-container\"><p> Obstauflesemaschine f\u00fcr Intensivobstanlagen. F\u00fcr Besitzer von Obstplantagen beginnen j\u00e4hrlich im September besonders arbeitsreiche Wochen. Allein das gesch\u00e4tzte Volumen der bundesweiten Apfelernte liegt abh\u00e4ngig von den Witterungsbedingungen bei bis zu einer Million Tonnen im Jahr. Damit wird in Deutschland jeder zehnte Apfel der gesamten EU-Erzeugung geerntet. Eine besondere Herausforderung stellt vor allem die Bergung des [...]<\/p><\/div><\/div><\/div><div class=\"fusion-clearfix\"><\/div><\/div>\n<\/article>\n<article id=\"blog-1-post-699\" class=\"fusion-post-grid post-699 post type-post status-publish format-standard hentry category-unkategorisiert\">\n<div class=\"fusion-post-wrapper\" style=\"background-color:rgba(255,255,255,0);border:1px solid #ebeaea;border-bottom-width:3px;\">\n\n<div class=\"fusion-post-content-wrapper\" style=\"padding:30px 25px 20px 25px;\"><div class=\"fusion-post-content post-content\"><h2 class=\"blog-shortcode-post-title entry-title\"><a href=\"https:\/\/feucht-obsttechnik.de\/de\/nussverarbeitung-aktuelles\/\">Nussverarbeitung Aktuelles<\/a><\/h2><p class=\"fusion-single-line-meta\"><span class=\"vcard\" style=\"display: none;\"><span class=\"fn\"><a href=\"https:\/\/feucht-obsttechnik.de\/de\/author\/feucht-marketing\/\" title=\"Beitr\u00e4ge von feucht-marketing\" rel=\"author\">feucht-marketing<\/a><\/span><\/span><span class=\"updated\" style=\"display:none;\">2020-10-20T11:15:37+02:00<\/span><span>12.12.2019<\/span><span class=\"fusion-inline-sep\">|<\/span><\/p><div class=\"fusion-content-sep sep-double sep-solid\"><\/div><div class=\"fusion-post-content-container\"><p>Lorem ipsum dolor sit amet, consectetur adipiscing elit. Mauris quis orci quis metus euismod vulputate vitae vitae nunc. Aliquam erat volutpat. Mauris in eros dapibus, pellentesque justo sed, posuere urna. Etiam risus justo, porttitor ac odio ut, consequat interdum odio. Mauris tristique at risus eget facilisis. Vivamus mattis metus sit amet tortor eleifend euismod. Integer [...]<\/p><\/div><\/div><\/div><div class=\"fusion-clearfix\"><\/div><\/div>\n<\/article>\n<article id=\"blog-1-post-702\" class=\"fusion-post-grid post-702 post type-post status-publish format-standard hentry category-unkategorisiert\">\n<div class=\"fusion-post-wrapper\" style=\"background-color:rgba(255,255,255,0);border:1px solid #ebeaea;border-bottom-width:3px;\">\n\n<div class=\"fusion-post-content-wrapper\" style=\"padding:30px 25px 20px 25px;\"><div class=\"fusion-post-content post-content\"><h2 class=\"blog-shortcode-post-title entry-title\"><a href=\"https:\/\/feucht-obsttechnik.de\/de\/ueber-feucht-obsttechnik\/\">\u00dcber Feucht Obsttechnik<\/a><\/h2><p class=\"fusion-single-line-meta\"><span class=\"vcard\" style=\"display: none;\"><span class=\"fn\"><a href=\"https:\/\/feucht-obsttechnik.de\/de\/author\/feucht-marketing\/\" title=\"Beitr\u00e4ge von feucht-marketing\" rel=\"author\">feucht-marketing<\/a><\/span><\/span><span class=\"updated\" style=\"display:none;\">2020-10-20T11:12:51+02:00<\/span><span>07.12.2019<\/span><span class=\"fusion-inline-sep\">|<\/span><\/p><div class=\"fusion-content-sep sep-double sep-solid\"><\/div><div class=\"fusion-post-content-container\"><p>Lorem ipsum dolor sit amet, consectetur adipiscing elit. Mauris quis orci quis metus euismod vulputate vitae vitae nunc. Aliquam erat volutpat. Mauris in eros dapibus, pellentesque justo sed, posuere urna. Etiam risus justo, porttitor ac odio ut, consequat interdum odio. Mauris tristique at risus eget facilisis. Vivamus mattis metus sit amet tortor eleifend euismod. Integer [...]<\/p><\/div><\/div><\/div><div class=\"fusion-clearfix\"><\/div><\/div>\n<\/article>\n<article id=\"blog-1-post-700\" class=\"fusion-post-grid post-700 post type-post status-publish format-standard has-post-thumbnail hentry category-unkategorisiert\">\n<div class=\"fusion-post-wrapper\" style=\"background-color:rgba(255,255,255,0);border:1px solid #ebeaea;border-bottom-width:3px;\">\n\n\t\t\t<div class=\"fusion-flexslider flexslider fusion-flexslider-loading fusion-post-slideshow\" style=\"border-color:#ebeaea;\">\n\t\t<ul class=\"slides\">\n\t\t\t\n\t\t\t\t\t\t\t\t\t\t\t\t\t\t<li><div  class=\"fusion-image-wrapper\" aria-haspopup=\"true\">\n\t\t\t\t<img decoding=\"async\" width=\"1600\" height=\"1200\" src=\"https:\/\/feucht-obsttechnik.de\/wp-content\/uploads\/handknacker-wal-man-walnuss-2.jpg\" class=\"attachment-full size-full wp-post-image\" alt=\"\" srcset=\"https:\/\/feucht-obsttechnik.de\/wp-content\/uploads\/handknacker-wal-man-walnuss-2-200x150.jpg 200w, https:\/\/feucht-obsttechnik.de\/wp-content\/uploads\/handknacker-wal-man-walnuss-2-400x300.jpg 400w, https:\/\/feucht-obsttechnik.de\/wp-content\/uploads\/handknacker-wal-man-walnuss-2-600x450.jpg 600w, https:\/\/feucht-obsttechnik.de\/wp-content\/uploads\/handknacker-wal-man-walnuss-2-800x600.jpg 800w, https:\/\/feucht-obsttechnik.de\/wp-content\/uploads\/handknacker-wal-man-walnuss-2-1200x900.jpg 1200w, https:\/\/feucht-obsttechnik.de\/wp-content\/uploads\/handknacker-wal-man-walnuss-2.jpg 1600w\" sizes=\"(min-width: 2200px) 100vw, (min-width: 824px) 363px, (min-width: 732px) 545px, (min-width: 640px) 732px, \" \/><div class=\"fusion-rollover\">\n\t<div class=\"fusion-rollover-content\">\n\n\t\t\t\t\n\t\t\n\t\t\t\t\t\t\t\t\t\t\t\t<h4 class=\"fusion-rollover-title\">\n\t\t\t\t\t<a class=\"fusion-rollover-title-link\" href=\"https:\/\/feucht-obsttechnik.de\/de\/wal-man-news\/\">\n\t\t\t\t\t\tWAL MAN News\t\t\t\t\t<\/a>\n\t\t\t\t<\/h4>\n\t\t\t\n\t\t\t\t\t\t\t\t\n\t\t\n\t\t\t\t\t\t<a class=\"fusion-link-wrapper\" href=\"https:\/\/feucht-obsttechnik.de\/de\/wal-man-news\/\" aria-label=\"WAL MAN News\"><\/a>\n\t<\/div>\n<\/div>\n<\/div>\n<\/li>\n\t\t\t\n\t\t\t\n\t\t\t\t\t\t\t\t\t\t\t\t\t\t\t\t\t\t\t\t\t\t\t\t\t\t\t\t\t\t\t\t\t\t\t\t\t\t\t\t\t\t\t\t\t\t\t\t\t\t\t\t\t\t\t\t\t\t\t\t\t\t\t\t\t\t\t\t<\/ul>\n\t<\/div>\n\t<div class=\"fusion-post-content-wrapper\" style=\"padding:30px 25px 20px 25px;\"><div class=\"fusion-post-content post-content\"><h2 class=\"blog-shortcode-post-title entry-title\"><a href=\"https:\/\/feucht-obsttechnik.de\/de\/wal-man-news\/\">WAL MAN News<\/a><\/h2><p class=\"fusion-single-line-meta\"><span class=\"vcard\" style=\"display: none;\"><span class=\"fn\"><a href=\"https:\/\/feucht-obsttechnik.de\/de\/author\/feucht-marketing\/\" title=\"Beitr\u00e4ge von feucht-marketing\" rel=\"author\">feucht-marketing<\/a><\/span><\/span><span class=\"updated\" style=\"display:none;\">2020-10-20T11:10:17+02:00<\/span><span>07.12.2019<\/span><span class=\"fusion-inline-sep\">|<\/span><\/p><div class=\"fusion-content-sep sep-double sep-solid\"><\/div><div class=\"fusion-post-content-container\"><p>Lorem ipsum dolor sit amet, consectetur adipiscing elit. Mauris quis orci quis metus euismod vulputate vitae vitae nunc. Aliquam erat volutpat. Mauris in eros dapibus, pellentesque justo sed, posuere urna. Etiam risus justo, porttitor ac odio ut, consequat interdum odio. Mauris tristique at risus eget facilisis. Vivamus mattis metus sit amet tortor eleifend euismod. Integer [...]<\/p><\/div><\/div><\/div><div class=\"fusion-clearfix\"><\/div><\/div>\n<\/article>\n<article id=\"blog-1-post-698\" class=\"fusion-post-grid post-698 post type-post status-publish format-standard has-post-thumbnail hentry category-unkategorisiert\">\n<div class=\"fusion-post-wrapper\" style=\"background-color:rgba(255,255,255,0);border:1px solid #ebeaea;border-bottom-width:3px;\">\n\n\t\t\t<div class=\"fusion-flexslider flexslider fusion-flexslider-loading fusion-post-slideshow\" style=\"border-color:#ebeaea;\">\n\t\t<ul class=\"slides\">\n\t\t\t\n\t\t\t\t\t\t\t\t\t\t\t\t\t\t<li><div  class=\"fusion-image-wrapper\" aria-haspopup=\"true\">\n\t\t\t\t<img decoding=\"async\" width=\"1600\" height=\"1200\" src=\"https:\/\/feucht-obsttechnik.de\/wp-content\/uploads\/rollblitz-gross-3.jpg\" class=\"attachment-full size-full wp-post-image\" alt=\"\" srcset=\"https:\/\/feucht-obsttechnik.de\/wp-content\/uploads\/rollblitz-gross-3-200x150.jpg 200w, https:\/\/feucht-obsttechnik.de\/wp-content\/uploads\/rollblitz-gross-3-400x300.jpg 400w, https:\/\/feucht-obsttechnik.de\/wp-content\/uploads\/rollblitz-gross-3-600x450.jpg 600w, https:\/\/feucht-obsttechnik.de\/wp-content\/uploads\/rollblitz-gross-3-800x600.jpg 800w, https:\/\/feucht-obsttechnik.de\/wp-content\/uploads\/rollblitz-gross-3-1200x900.jpg 1200w, https:\/\/feucht-obsttechnik.de\/wp-content\/uploads\/rollblitz-gross-3.jpg 1600w\" sizes=\"(min-width: 2200px) 100vw, (min-width: 824px) 363px, (min-width: 732px) 545px, (min-width: 640px) 732px, \" \/><div class=\"fusion-rollover\">\n\t<div class=\"fusion-rollover-content\">\n\n\t\t\t\t\n\t\t\n\t\t\t\t\t\t\t\t\t\t\t\t<h4 class=\"fusion-rollover-title\">\n\t\t\t\t\t<a class=\"fusion-rollover-title-link\" href=\"https:\/\/feucht-obsttechnik.de\/de\/rollblitz-news\/\">\n\t\t\t\t\t\tRollblitz News\t\t\t\t\t<\/a>\n\t\t\t\t<\/h4>\n\t\t\t\n\t\t\t\t\t\t\t\t\n\t\t\n\t\t\t\t\t\t<a class=\"fusion-link-wrapper\" href=\"https:\/\/feucht-obsttechnik.de\/de\/rollblitz-news\/\" aria-label=\"Rollblitz News\"><\/a>\n\t<\/div>\n<\/div>\n<\/div>\n<\/li>\n\t\t\t\n\t\t\t\n\t\t\t\t\t\t\t\t\t\t\t\t\t\t\t\t\t\t\t\t\t\t\t\t\t\t\t\t\t\t\t\t\t\t\t\t\t\t\t\t\t\t\t\t\t\t\t\t\t\t\t\t\t\t\t\t\t\t\t\t\t\t\t\t\t\t\t\t<\/ul>\n\t<\/div>\n\t<div class=\"fusion-post-content-wrapper\" style=\"padding:30px 25px 20px 25px;\"><div class=\"fusion-post-content post-content\"><h2 class=\"blog-shortcode-post-title entry-title\"><a href=\"https:\/\/feucht-obsttechnik.de\/de\/rollblitz-news\/\">Rollblitz News<\/a><\/h2><p class=\"fusion-single-line-meta\"><span class=\"vcard\" style=\"display: none;\"><span class=\"fn\"><a href=\"https:\/\/feucht-obsttechnik.de\/de\/author\/feucht-marketing\/\" title=\"Beitr\u00e4ge von feucht-marketing\" rel=\"author\">feucht-marketing<\/a><\/span><\/span><span class=\"updated\" style=\"display:none;\">2020-10-20T11:11:05+02:00<\/span><span>06.12.2019<\/span><span class=\"fusion-inline-sep\">|<\/span><\/p><div class=\"fusion-content-sep sep-double sep-solid\"><\/div><div class=\"fusion-post-content-container\"><p>Lorem ipsum dolor sit amet, consectetur adipiscing elit. Mauris quis orci quis metus euismod vulputate vitae vitae nunc. Aliquam erat volutpat. Mauris in eros dapibus, pellentesque justo sed, posuere urna. Etiam risus justo, porttitor ac odio ut, consequat interdum odio. Mauris tristique at risus eget facilisis. Vivamus mattis metus sit amet tortor eleifend euismod. Integer [...]<\/p><\/div><\/div><\/div><div class=\"fusion-clearfix\"><\/div><\/div>\n<\/article>\n<div class=\"fusion-clearfix\"><\/div><\/div><\/div><div class=\"fusion-clearfix\"><\/div><\/div><\/div><\/div><\/div><\/p>\n","protected":false},"excerpt":{"rendered":"","protected":false},"author":4,"featured_media":0,"parent":0,"menu_order":0,"comment_status":"closed","ping_status":"closed","template":"","meta":{"footnotes":"","_wp_rev_ctl_limit":""},"class_list":["post-1799","page","type-page","status-publish","hentry"],"yoast_head":"<!-- This site is optimized with the Yoast SEO plugin v27.5 - https:\/\/yoast.com\/product\/yoast-seo-wordpress\/ -->\n<title>Aktuelles - Feucht Obsttechnik<\/title>\n<meta name=\"description\" content=\"Aktuelles \u00fcber Feucht Obsttechnik. Bleiben Sie auf dem Laufenden mit unseren News &amp; Blog \u00fcber Obsttechnik und mehr.\" \/>\n<meta name=\"robots\" content=\"index, follow, max-snippet:-1, max-image-preview:large, max-video-preview:-1\" \/>\n<link rel=\"canonical\" href=\"https:\/\/feucht-obsttechnik.de\/de\/aktuelles\/\" \/>\n<meta property=\"og:locale\" content=\"de_DE\" \/>\n<meta property=\"og:type\" content=\"article\" \/>\n<meta property=\"og:title\" content=\"Aktuelles - Feucht Obsttechnik\" \/>\n<meta property=\"og:description\" content=\"Aktuelles \u00fcber Feucht Obsttechnik. Bleiben Sie auf dem Laufenden mit unseren News &amp; Blog \u00fcber Obsttechnik und mehr.\" \/>\n<meta property=\"og:url\" content=\"https:\/\/feucht-obsttechnik.de\/de\/aktuelles\/\" \/>\n<meta property=\"og:site_name\" content=\"Feucht Obsttechnik\" \/>\n<meta property=\"article:modified_time\" content=\"2020-10-28T14:01:27+00:00\" \/>\n<meta name=\"twitter:card\" content=\"summary_large_image\" \/>\n<meta name=\"twitter:label1\" content=\"Gesch\u00e4tzte Lesezeit\" \/>\n\t<meta name=\"twitter:data1\" content=\"3\u00a0Minuten\" \/>\n<script type=\"application\/ld+json\" class=\"yoast-schema-graph\">{\"@context\":\"https:\\\/\\\/schema.org\",\"@graph\":[{\"@type\":\"WebPage\",\"@id\":\"https:\\\/\\\/feucht-obsttechnik.de\\\/de\\\/aktuelles\\\/\",\"url\":\"https:\\\/\\\/feucht-obsttechnik.de\\\/de\\\/aktuelles\\\/\",\"name\":\"Aktuelles - Feucht Obsttechnik\",\"isPartOf\":{\"@id\":\"https:\\\/\\\/feucht-obsttechnik.de\\\/de\\\/#website\"},\"datePublished\":\"2016-03-01T01:21:41+00:00\",\"dateModified\":\"2020-10-28T14:01:27+00:00\",\"description\":\"Aktuelles \u00fcber Feucht Obsttechnik. Bleiben Sie auf dem Laufenden mit unseren News & Blog \u00fcber Obsttechnik und mehr.\",\"breadcrumb\":{\"@id\":\"https:\\\/\\\/feucht-obsttechnik.de\\\/de\\\/aktuelles\\\/#breadcrumb\"},\"inLanguage\":\"de\",\"potentialAction\":[{\"@type\":\"ReadAction\",\"target\":[\"https:\\\/\\\/feucht-obsttechnik.de\\\/de\\\/aktuelles\\\/\"]}]},{\"@type\":\"BreadcrumbList\",\"@id\":\"https:\\\/\\\/feucht-obsttechnik.de\\\/de\\\/aktuelles\\\/#breadcrumb\",\"itemListElement\":[{\"@type\":\"ListItem\",\"position\":1,\"name\":\"Startseite\",\"item\":\"https:\\\/\\\/feucht-obsttechnik.de\\\/de\\\/\"},{\"@type\":\"ListItem\",\"position\":2,\"name\":\"Aktuelles\"}]},{\"@type\":\"WebSite\",\"@id\":\"https:\\\/\\\/feucht-obsttechnik.de\\\/de\\\/#website\",\"url\":\"https:\\\/\\\/feucht-obsttechnik.de\\\/de\\\/\",\"name\":\"Feucht Obsttechnik\",\"description\":\"\",\"publisher\":{\"@id\":\"https:\\\/\\\/feucht-obsttechnik.de\\\/de\\\/#organization\"},\"potentialAction\":[{\"@type\":\"SearchAction\",\"target\":{\"@type\":\"EntryPoint\",\"urlTemplate\":\"https:\\\/\\\/feucht-obsttechnik.de\\\/de\\\/?s={search_term_string}\"},\"query-input\":{\"@type\":\"PropertyValueSpecification\",\"valueRequired\":true,\"valueName\":\"search_term_string\"}}],\"inLanguage\":\"de\"},{\"@type\":\"Organization\",\"@id\":\"https:\\\/\\\/feucht-obsttechnik.de\\\/de\\\/#organization\",\"name\":\"Feucht Obsttechnik GmbH\",\"url\":\"https:\\\/\\\/feucht-obsttechnik.de\\\/de\\\/\",\"logo\":{\"@type\":\"ImageObject\",\"inLanguage\":\"de\",\"@id\":\"https:\\\/\\\/feucht-obsttechnik.de\\\/de\\\/#\\\/schema\\\/logo\\\/image\\\/\",\"url\":\"https:\\\/\\\/feucht-obsttechnik.de\\\/wp-content\\\/uploads\\\/logo-feucht@2x-1.png\",\"contentUrl\":\"https:\\\/\\\/feucht-obsttechnik.de\\\/wp-content\\\/uploads\\\/logo-feucht@2x-1.png\",\"width\":640,\"height\":123,\"caption\":\"Feucht Obsttechnik GmbH\"},\"image\":{\"@id\":\"https:\\\/\\\/feucht-obsttechnik.de\\\/de\\\/#\\\/schema\\\/logo\\\/image\\\/\"}}]}<\/script>\n<!-- \/ Yoast SEO plugin. -->","yoast_head_json":{"title":"Aktuelles - Feucht Obsttechnik","description":"Aktuelles \u00fcber Feucht Obsttechnik. Bleiben Sie auf dem Laufenden mit unseren News & Blog \u00fcber Obsttechnik und mehr.","robots":{"index":"index","follow":"follow","max-snippet":"max-snippet:-1","max-image-preview":"max-image-preview:large","max-video-preview":"max-video-preview:-1"},"canonical":"https:\/\/feucht-obsttechnik.de\/de\/aktuelles\/","og_locale":"de_DE","og_type":"article","og_title":"Aktuelles - Feucht Obsttechnik","og_description":"Aktuelles \u00fcber Feucht Obsttechnik. Bleiben Sie auf dem Laufenden mit unseren News & Blog \u00fcber Obsttechnik und mehr.","og_url":"https:\/\/feucht-obsttechnik.de\/de\/aktuelles\/","og_site_name":"Feucht Obsttechnik","article_modified_time":"2020-10-28T14:01:27+00:00","twitter_card":"summary_large_image","twitter_misc":{"Gesch\u00e4tzte Lesezeit":"3\u00a0Minuten"},"schema":{"@context":"https:\/\/schema.org","@graph":[{"@type":"WebPage","@id":"https:\/\/feucht-obsttechnik.de\/de\/aktuelles\/","url":"https:\/\/feucht-obsttechnik.de\/de\/aktuelles\/","name":"Aktuelles - Feucht Obsttechnik","isPartOf":{"@id":"https:\/\/feucht-obsttechnik.de\/de\/#website"},"datePublished":"2016-03-01T01:21:41+00:00","dateModified":"2020-10-28T14:01:27+00:00","description":"Aktuelles \u00fcber Feucht Obsttechnik. Bleiben Sie auf dem Laufenden mit unseren News & Blog \u00fcber Obsttechnik und mehr.","breadcrumb":{"@id":"https:\/\/feucht-obsttechnik.de\/de\/aktuelles\/#breadcrumb"},"inLanguage":"de","potentialAction":[{"@type":"ReadAction","target":["https:\/\/feucht-obsttechnik.de\/de\/aktuelles\/"]}]},{"@type":"BreadcrumbList","@id":"https:\/\/feucht-obsttechnik.de\/de\/aktuelles\/#breadcrumb","itemListElement":[{"@type":"ListItem","position":1,"name":"Startseite","item":"https:\/\/feucht-obsttechnik.de\/de\/"},{"@type":"ListItem","position":2,"name":"Aktuelles"}]},{"@type":"WebSite","@id":"https:\/\/feucht-obsttechnik.de\/de\/#website","url":"https:\/\/feucht-obsttechnik.de\/de\/","name":"Feucht Obsttechnik","description":"","publisher":{"@id":"https:\/\/feucht-obsttechnik.de\/de\/#organization"},"potentialAction":[{"@type":"SearchAction","target":{"@type":"EntryPoint","urlTemplate":"https:\/\/feucht-obsttechnik.de\/de\/?s={search_term_string}"},"query-input":{"@type":"PropertyValueSpecification","valueRequired":true,"valueName":"search_term_string"}}],"inLanguage":"de"},{"@type":"Organization","@id":"https:\/\/feucht-obsttechnik.de\/de\/#organization","name":"Feucht Obsttechnik GmbH","url":"https:\/\/feucht-obsttechnik.de\/de\/","logo":{"@type":"ImageObject","inLanguage":"de","@id":"https:\/\/feucht-obsttechnik.de\/de\/#\/schema\/logo\/image\/","url":"https:\/\/feucht-obsttechnik.de\/wp-content\/uploads\/logo-feucht@2x-1.png","contentUrl":"https:\/\/feucht-obsttechnik.de\/wp-content\/uploads\/logo-feucht@2x-1.png","width":640,"height":123,"caption":"Feucht Obsttechnik GmbH"},"image":{"@id":"https:\/\/feucht-obsttechnik.de\/de\/#\/schema\/logo\/image\/"}}]}},"_links":{"self":[{"href":"https:\/\/feucht-obsttechnik.de\/de\/wp-json\/wp\/v2\/pages\/1799","targetHints":{"allow":["GET"]}}],"collection":[{"href":"https:\/\/feucht-obsttechnik.de\/de\/wp-json\/wp\/v2\/pages"}],"about":[{"href":"https:\/\/feucht-obsttechnik.de\/de\/wp-json\/wp\/v2\/types\/page"}],"author":[{"embeddable":true,"href":"https:\/\/feucht-obsttechnik.de\/de\/wp-json\/wp\/v2\/users\/4"}],"replies":[{"embeddable":true,"href":"https:\/\/feucht-obsttechnik.de\/de\/wp-json\/wp\/v2\/comments?post=1799"}],"version-history":[{"count":0,"href":"https:\/\/feucht-obsttechnik.de\/de\/wp-json\/wp\/v2\/pages\/1799\/revisions"}],"wp:attachment":[{"href":"https:\/\/feucht-obsttechnik.de\/de\/wp-json\/wp\/v2\/media?parent=1799"}],"curies":[{"name":"wp","href":"https:\/\/api.w.org\/{rel}","templated":true}]}}