{"id":10434,"date":"2021-04-06T12:03:16","date_gmt":"2021-04-06T10:03:16","guid":{"rendered":"http:\/\/neu2020.feucht-obsttechnik.de\/maehtechnik\/tecnologia-de-corte-de-hierba-alta\/hierba-alta-entre-ejes-de-la-plataforma-segadora\/"},"modified":"2021-04-06T12:03:16","modified_gmt":"2021-04-06T10:03:16","slug":"hierba-alta-entre-ejes-de-la-plataforma-segadora","status":"publish","type":"page","link":"https:\/\/feucht-obsttechnik.de\/de\/tecnologia-de-siega\/tecnologia-de-corte-de-hierba-alta\/hierba-alta-entre-ejes-de-la-plataforma-segadora\/","title":{"rendered":"Hierba alta entre ejes de la plataforma segadora"},"content":{"rendered":"","protected":false},"excerpt":{"rendered":"","protected":false},"author":4,"featured_media":0,"parent":9816,"menu_order":0,"comment_status":"closed","ping_status":"closed","template":"100-width.php","meta":{"footnotes":"","_wp_rev_ctl_limit":""},"class_list":["post-10434","page","type-page","status-publish","hentry"],"yoast_head":"<!-- This site is optimized with the Yoast SEO plugin v27.5 - https:\/\/yoast.com\/product\/yoast-seo-wordpress\/ -->\n<title>Hierba alta entre ejes de la plataforma segadora - Feucht Obsttechnik<\/title>\n<meta name=\"description\" content=\"Esta segadora de hierba alta se fija entre los ejes de los tractores cortac\u00e9sped John Deere. Esto significa que el tractor cortac\u00e9sped transporta la segadora. M\u00e1s informaci\u00f3n sobre las segadoras.\" \/>\n<meta name=\"robots\" content=\"index, follow, max-snippet:-1, max-image-preview:large, max-video-preview:-1\" \/>\n<link rel=\"canonical\" href=\"https:\/\/feucht-obsttechnik.de\/de\/tecnologia-de-siega\/tecnologia-de-corte-de-hierba-alta\/hierba-alta-entre-ejes-de-la-plataforma-segadora\/\" \/>\n<meta property=\"og:locale\" content=\"de_DE\" \/>\n<meta property=\"og:type\" content=\"article\" \/>\n<meta property=\"og:title\" content=\"Hierba alta entre ejes de la plataforma segadora - Feucht Obsttechnik\" \/>\n<meta property=\"og:description\" content=\"Esta segadora de hierba alta se fija entre los ejes de los tractores cortac\u00e9sped John Deere. Esto significa que el tractor cortac\u00e9sped transporta la segadora. M\u00e1s informaci\u00f3n sobre las segadoras.\" \/>\n<meta property=\"og:url\" content=\"https:\/\/feucht-obsttechnik.de\/de\/tecnologia-de-siega\/tecnologia-de-corte-de-hierba-alta\/hierba-alta-entre-ejes-de-la-plataforma-segadora\/\" \/>\n<meta property=\"og:site_name\" content=\"Feucht Obsttechnik\" \/>\n<meta name=\"twitter:card\" content=\"summary_large_image\" \/>\n<script type=\"application\/ld+json\" class=\"yoast-schema-graph\">{\"@context\":\"https:\\\/\\\/schema.org\",\"@graph\":[{\"@type\":\"WebPage\",\"@id\":\"https:\\\/\\\/feucht-obsttechnik.de\\\/de\\\/tecnologia-de-siega\\\/tecnologia-de-corte-de-hierba-alta\\\/hierba-alta-entre-ejes-de-la-plataforma-segadora\\\/\",\"url\":\"https:\\\/\\\/feucht-obsttechnik.de\\\/de\\\/tecnologia-de-siega\\\/tecnologia-de-corte-de-hierba-alta\\\/hierba-alta-entre-ejes-de-la-plataforma-segadora\\\/\",\"name\":\"Hierba alta entre ejes de la plataforma segadora - Feucht Obsttechnik\",\"isPartOf\":{\"@id\":\"https:\\\/\\\/feucht-obsttechnik.de\\\/de\\\/#website\"},\"datePublished\":\"2021-04-06T10:03:16+00:00\",\"description\":\"Esta segadora de hierba alta se fija entre los ejes de los tractores cortac\u00e9sped John Deere. Esto significa que el tractor cortac\u00e9sped transporta la segadora. M\u00e1s informaci\u00f3n sobre las segadoras.\",\"breadcrumb\":{\"@id\":\"https:\\\/\\\/feucht-obsttechnik.de\\\/de\\\/tecnologia-de-siega\\\/tecnologia-de-corte-de-hierba-alta\\\/hierba-alta-entre-ejes-de-la-plataforma-segadora\\\/#breadcrumb\"},\"inLanguage\":\"de\",\"potentialAction\":[{\"@type\":\"ReadAction\",\"target\":[\"https:\\\/\\\/feucht-obsttechnik.de\\\/de\\\/tecnologia-de-siega\\\/tecnologia-de-corte-de-hierba-alta\\\/hierba-alta-entre-ejes-de-la-plataforma-segadora\\\/\"]}]},{\"@type\":\"BreadcrumbList\",\"@id\":\"https:\\\/\\\/feucht-obsttechnik.de\\\/de\\\/tecnologia-de-siega\\\/tecnologia-de-corte-de-hierba-alta\\\/hierba-alta-entre-ejes-de-la-plataforma-segadora\\\/#breadcrumb\",\"itemListElement\":[{\"@type\":\"ListItem\",\"position\":1,\"name\":\"Startseite\",\"item\":\"https:\\\/\\\/feucht-obsttechnik.de\\\/de\\\/\"},{\"@type\":\"ListItem\",\"position\":2,\"name\":\"Tecnolog\u00eda de siega\",\"item\":\"https:\\\/\\\/feucht-obsttechnik.de\\\/de\\\/tecnologia-de-siega\\\/\"},{\"@type\":\"ListItem\",\"position\":3,\"name\":\"Tecnolog\u00eda de corte de hierba alta\",\"item\":\"https:\\\/\\\/feucht-obsttechnik.de\\\/de\\\/tecnologia-de-siega\\\/tecnologia-de-corte-de-hierba-alta\\\/\"},{\"@type\":\"ListItem\",\"position\":4,\"name\":\"Hierba alta entre ejes de la plataforma segadora\"}]},{\"@type\":\"WebSite\",\"@id\":\"https:\\\/\\\/feucht-obsttechnik.de\\\/de\\\/#website\",\"url\":\"https:\\\/\\\/feucht-obsttechnik.de\\\/de\\\/\",\"name\":\"Feucht Obsttechnik\",\"description\":\"\",\"publisher\":{\"@id\":\"https:\\\/\\\/feucht-obsttechnik.de\\\/de\\\/#organization\"},\"potentialAction\":[{\"@type\":\"SearchAction\",\"target\":{\"@type\":\"EntryPoint\",\"urlTemplate\":\"https:\\\/\\\/feucht-obsttechnik.de\\\/de\\\/?s={search_term_string}\"},\"query-input\":{\"@type\":\"PropertyValueSpecification\",\"valueRequired\":true,\"valueName\":\"search_term_string\"}}],\"inLanguage\":\"de\"},{\"@type\":\"Organization\",\"@id\":\"https:\\\/\\\/feucht-obsttechnik.de\\\/de\\\/#organization\",\"name\":\"Feucht Obsttechnik GmbH\",\"url\":\"https:\\\/\\\/feucht-obsttechnik.de\\\/de\\\/\",\"logo\":{\"@type\":\"ImageObject\",\"inLanguage\":\"de\",\"@id\":\"https:\\\/\\\/feucht-obsttechnik.de\\\/de\\\/#\\\/schema\\\/logo\\\/image\\\/\",\"url\":\"https:\\\/\\\/feucht-obsttechnik.de\\\/wp-content\\\/uploads\\\/logo-feucht@2x-1.png\",\"contentUrl\":\"https:\\\/\\\/feucht-obsttechnik.de\\\/wp-content\\\/uploads\\\/logo-feucht@2x-1.png\",\"width\":640,\"height\":123,\"caption\":\"Feucht Obsttechnik GmbH\"},\"image\":{\"@id\":\"https:\\\/\\\/feucht-obsttechnik.de\\\/de\\\/#\\\/schema\\\/logo\\\/image\\\/\"}}]}<\/script>\n<!-- \/ Yoast SEO plugin. -->","yoast_head_json":{"title":"Hierba alta entre ejes de la plataforma segadora - Feucht Obsttechnik","description":"Esta segadora de hierba alta se fija entre los ejes de los tractores cortac\u00e9sped John Deere. Esto significa que el tractor cortac\u00e9sped transporta la segadora. M\u00e1s informaci\u00f3n sobre las segadoras.","robots":{"index":"index","follow":"follow","max-snippet":"max-snippet:-1","max-image-preview":"max-image-preview:large","max-video-preview":"max-video-preview:-1"},"canonical":"https:\/\/feucht-obsttechnik.de\/de\/tecnologia-de-siega\/tecnologia-de-corte-de-hierba-alta\/hierba-alta-entre-ejes-de-la-plataforma-segadora\/","og_locale":"de_DE","og_type":"article","og_title":"Hierba alta entre ejes de la plataforma segadora - Feucht Obsttechnik","og_description":"Esta segadora de hierba alta se fija entre los ejes de los tractores cortac\u00e9sped John Deere. Esto significa que el tractor cortac\u00e9sped transporta la segadora. M\u00e1s informaci\u00f3n sobre las segadoras.","og_url":"https:\/\/feucht-obsttechnik.de\/de\/tecnologia-de-siega\/tecnologia-de-corte-de-hierba-alta\/hierba-alta-entre-ejes-de-la-plataforma-segadora\/","og_site_name":"Feucht Obsttechnik","twitter_card":"summary_large_image","schema":{"@context":"https:\/\/schema.org","@graph":[{"@type":"WebPage","@id":"https:\/\/feucht-obsttechnik.de\/de\/tecnologia-de-siega\/tecnologia-de-corte-de-hierba-alta\/hierba-alta-entre-ejes-de-la-plataforma-segadora\/","url":"https:\/\/feucht-obsttechnik.de\/de\/tecnologia-de-siega\/tecnologia-de-corte-de-hierba-alta\/hierba-alta-entre-ejes-de-la-plataforma-segadora\/","name":"Hierba alta entre ejes de la plataforma segadora - Feucht Obsttechnik","isPartOf":{"@id":"https:\/\/feucht-obsttechnik.de\/de\/#website"},"datePublished":"2021-04-06T10:03:16+00:00","description":"Esta segadora de hierba alta se fija entre los ejes de los tractores cortac\u00e9sped John Deere. Esto significa que el tractor cortac\u00e9sped transporta la segadora. M\u00e1s informaci\u00f3n sobre las segadoras.","breadcrumb":{"@id":"https:\/\/feucht-obsttechnik.de\/de\/tecnologia-de-siega\/tecnologia-de-corte-de-hierba-alta\/hierba-alta-entre-ejes-de-la-plataforma-segadora\/#breadcrumb"},"inLanguage":"de","potentialAction":[{"@type":"ReadAction","target":["https:\/\/feucht-obsttechnik.de\/de\/tecnologia-de-siega\/tecnologia-de-corte-de-hierba-alta\/hierba-alta-entre-ejes-de-la-plataforma-segadora\/"]}]},{"@type":"BreadcrumbList","@id":"https:\/\/feucht-obsttechnik.de\/de\/tecnologia-de-siega\/tecnologia-de-corte-de-hierba-alta\/hierba-alta-entre-ejes-de-la-plataforma-segadora\/#breadcrumb","itemListElement":[{"@type":"ListItem","position":1,"name":"Startseite","item":"https:\/\/feucht-obsttechnik.de\/de\/"},{"@type":"ListItem","position":2,"name":"Tecnolog\u00eda de siega","item":"https:\/\/feucht-obsttechnik.de\/de\/tecnologia-de-siega\/"},{"@type":"ListItem","position":3,"name":"Tecnolog\u00eda de corte de hierba alta","item":"https:\/\/feucht-obsttechnik.de\/de\/tecnologia-de-siega\/tecnologia-de-corte-de-hierba-alta\/"},{"@type":"ListItem","position":4,"name":"Hierba alta entre ejes de la plataforma segadora"}]},{"@type":"WebSite","@id":"https:\/\/feucht-obsttechnik.de\/de\/#website","url":"https:\/\/feucht-obsttechnik.de\/de\/","name":"Feucht Obsttechnik","description":"","publisher":{"@id":"https:\/\/feucht-obsttechnik.de\/de\/#organization"},"potentialAction":[{"@type":"SearchAction","target":{"@type":"EntryPoint","urlTemplate":"https:\/\/feucht-obsttechnik.de\/de\/?s={search_term_string}"},"query-input":{"@type":"PropertyValueSpecification","valueRequired":true,"valueName":"search_term_string"}}],"inLanguage":"de"},{"@type":"Organization","@id":"https:\/\/feucht-obsttechnik.de\/de\/#organization","name":"Feucht Obsttechnik GmbH","url":"https:\/\/feucht-obsttechnik.de\/de\/","logo":{"@type":"ImageObject","inLanguage":"de","@id":"https:\/\/feucht-obsttechnik.de\/de\/#\/schema\/logo\/image\/","url":"https:\/\/feucht-obsttechnik.de\/wp-content\/uploads\/logo-feucht@2x-1.png","contentUrl":"https:\/\/feucht-obsttechnik.de\/wp-content\/uploads\/logo-feucht@2x-1.png","width":640,"height":123,"caption":"Feucht Obsttechnik GmbH"},"image":{"@id":"https:\/\/feucht-obsttechnik.de\/de\/#\/schema\/logo\/image\/"}}]}},"_links":{"self":[{"href":"https:\/\/feucht-obsttechnik.de\/de\/wp-json\/wp\/v2\/pages\/10434","targetHints":{"allow":["GET"]}}],"collection":[{"href":"https:\/\/feucht-obsttechnik.de\/de\/wp-json\/wp\/v2\/pages"}],"about":[{"href":"https:\/\/feucht-obsttechnik.de\/de\/wp-json\/wp\/v2\/types\/page"}],"author":[{"embeddable":true,"href":"https:\/\/feucht-obsttechnik.de\/de\/wp-json\/wp\/v2\/users\/4"}],"replies":[{"embeddable":true,"href":"https:\/\/feucht-obsttechnik.de\/de\/wp-json\/wp\/v2\/comments?post=10434"}],"version-history":[{"count":0,"href":"https:\/\/feucht-obsttechnik.de\/de\/wp-json\/wp\/v2\/pages\/10434\/revisions"}],"up":[{"embeddable":true,"href":"https:\/\/feucht-obsttechnik.de\/de\/wp-json\/wp\/v2\/pages\/9816"}],"wp:attachment":[{"href":"https:\/\/feucht-obsttechnik.de\/de\/wp-json\/wp\/v2\/media?parent=10434"}],"curies":[{"name":"wp","href":"https:\/\/api.w.org\/{rel}","templated":true}]}}